{"id":47660,"date":"2021-05-29T21:31:05","date_gmt":"2021-05-29T19:31:05","guid":{"rendered":"https:\/\/balticwind.eu\/projects\/"},"modified":"2026-07-26T17:54:48","modified_gmt":"2026-07-26T15:54:48","slug":"projekte","status":"publish","type":"page","link":"https:\/\/balticwind.eu\/de\/projekte\/","title":{"rendered":"Projekte"},"content":{"rendered":"<p><div class=\"fusion-fullwidth fullwidth-box fusion-builder-row-1 fusion-flex-container klaska nonhundred-percent-fullwidth non-hundred-percent-height-scrolling fusion-no-small-visibility fusion-no-medium-visibility\" style=\"background-color: rgba(255,255,255,0);background-position: center center;background-repeat: no-repeat;border-width: 0px 0px 0px 0px;border-color:#eaeaea;border-style:solid;\" ><div class=\"fusion-builder-row fusion-row fusion-flex-align-items-flex-start\" style=\"max-width:1289.6px;margin-left: calc(-4% \/ 2 );margin-right: calc(-4% \/ 2 );\"><div class=\"fusion-layout-column fusion_builder_column fusion-builder-column-0 fusion_builder_column_1_1 1_1 fusion-flex-column\"><div class=\"fusion-column-wrapper fusion-flex-justify-content-flex-start fusion-content-layout-column\" style=\"background-position:left top;background-repeat:no-repeat;-webkit-background-size:cover;-moz-background-size:cover;-o-background-size:cover;background-size:cover;padding: -20px 0px 0px 0px;\"><style type=\"text\/css\">@media only screen and (max-width:1024px) {.fusion-title.fusion-title-1{margin-top:20px!important; margin-right:0px!important;margin-bottom:20px!important;margin-left:0px!important;}}@media only screen and (max-width:640px) {.fusion-title.fusion-title-1{margin-top:0px!important; margin-right:0px!important;margin-bottom:20px!important; margin-left:0px!important;}}<\/style><div class=\"fusion-title title fusion-title-1 fusion-title-center fusion-title-text fusion-title-size-one\" style=\"font-size:30px;margin-top:20px;margin-right:0px;margin-bottom:20px;margin-left:0px;\"><div class=\"title-sep-container title-sep-container-left\"><div class=\"title-sep sep-\" style=\"border-color:#eaeaea;\"><\/div><\/div><h1 class=\"title-heading-center fusion-responsive-typography-calculated\" style=\"margin:0;font-size:1em;letter-spacing:5px;--fontSize:30;line-height:1.2;\">PROJEKTE<\/h1><div class=\"title-sep-container title-sep-container-right\"><div class=\"title-sep sep-\" style=\"border-color:#eaeaea;\"><\/div><\/div><\/div><\/div><style type=\"text\/css\">.fusion-body .fusion-builder-column-0{width:100% !important;margin-top : -20px;margin-bottom : 0px;}.fusion-builder-column-0 > .fusion-column-wrapper {padding-top : -20px !important;padding-right : 0px !important;margin-right : 1.92%;padding-bottom : 0px !important;padding-left : 0px !important;margin-left : 1.92%;}@media only screen and (max-width:1024px) {.fusion-body .fusion-builder-column-0{width:100% !important;order : 0;}.fusion-builder-column-0 > .fusion-column-wrapper {margin-right : 1.92%;margin-left : 1.92%;}}@media only screen and (max-width:640px) {.fusion-body .fusion-builder-column-0{width:100% !important;order : 0;}.fusion-builder-column-0 > .fusion-column-wrapper {margin-right : 1.92%;margin-left : 1.92%;}}<\/style><\/div><\/div><style type=\"text\/css\">.fusion-body .fusion-flex-container.fusion-builder-row-1{ padding-top : 0px;margin-top : -30px;padding-right : 0px;padding-bottom : 0px;margin-bottom : 0px;padding-left : 0px;}<\/style><\/div><div class=\"fusion-fullwidth fullwidth-box fusion-builder-row-2 fusion-flex-container klaska nonhundred-percent-fullwidth non-hundred-percent-height-scrolling fusion-no-large-visibility\" style=\"background-color: rgba(255,255,255,0);background-position: center center;background-repeat: no-repeat;border-width: 0px 0px 0px 0px;border-color:#eaeaea;border-style:solid;\" ><div class=\"fusion-builder-row fusion-row fusion-flex-align-items-flex-start\" style=\"max-width:1289.6px;margin-left: calc(-4% \/ 2 );margin-right: calc(-4% \/ 2 );\"><div class=\"fusion-layout-column fusion_builder_column fusion-builder-column-1 fusion_builder_column_1_1 1_1 fusion-flex-column\"><div class=\"fusion-column-wrapper fusion-flex-justify-content-flex-start fusion-content-layout-column\" style=\"background-position:left top;background-repeat:no-repeat;-webkit-background-size:cover;-moz-background-size:cover;-o-background-size:cover;background-size:cover;padding: 0px 0px 0px 0px;\"><div class=\"fusion-separator fusion-full-width-sep\" style=\"align-self: center;margin-left: auto;margin-right: auto;margin-bottom:10px;width:100%;max-width:100%;\"><div class=\"fusion-separator-border sep-single sep-solid\" style=\"border-color:#1f2a3b;border-top-width:12px;\"><\/div><\/div><style type=\"text\/css\">@media only screen and (max-width:1024px) {.fusion-title.fusion-title-2{margin-top:20px!important; margin-right:0px!important;margin-bottom:20px!important;margin-left:0px!important;}}@media only screen and (max-width:640px) {.fusion-title.fusion-title-2{margin-top:0px!important; margin-right:0px!important;margin-bottom:20px!important; margin-left:0px!important;}}<\/style><div class=\"fusion-title title fusion-title-2 fusion-title-center fusion-title-text fusion-title-size-two\" style=\"font-size:22px;margin-top:20px;margin-right:0px;margin-bottom:20px;margin-left:0px;\"><div class=\"title-sep-container title-sep-container-left\"><div class=\"title-sep sep-\" style=\"border-color:#eaeaea;\"><\/div><\/div><h2 class=\"title-heading-center fusion-responsive-typography-calculated\" style=\"margin:0;font-size:1em;letter-spacing:5px;--fontSize:22;line-height:1.00;\">PROJEKTE<\/h2><div class=\"title-sep-container title-sep-container-right\"><div class=\"title-sep sep-\" style=\"border-color:#eaeaea;\"><\/div><\/div><\/div><\/div><style type=\"text\/css\">.fusion-body .fusion-builder-column-1{width:100% !important;margin-top : 0px;margin-bottom : 0px;}.fusion-builder-column-1 > .fusion-column-wrapper {padding-top : 0px !important;padding-right : 0px !important;margin-right : 1.92%;padding-bottom : 0px !important;padding-left : 0px !important;margin-left : 1.92%;}@media only screen and (max-width:1024px) {.fusion-body .fusion-builder-column-1{width:100% !important;order : 0;}.fusion-builder-column-1 > .fusion-column-wrapper {margin-right : 1.92%;margin-left : 1.92%;}}@media only screen and (max-width:640px) {.fusion-body .fusion-builder-column-1{width:100% !important;order : 0;}.fusion-builder-column-1 > .fusion-column-wrapper {margin-right : 1.92%;margin-left : 1.92%;}}<\/style><\/div><\/div><style type=\"text\/css\">.fusion-body .fusion-flex-container.fusion-builder-row-2{ padding-top : 20px;margin-top : 5px;padding-right : 0px;padding-bottom : 0px;margin-bottom : 0px;padding-left : 0px;}<\/style><\/div><div class=\"fusion-fullwidth fullwidth-box fusion-builder-row-3 fusion-flex-container nonhundred-percent-fullwidth non-hundred-percent-height-scrolling fusion-no-small-visibility fusion-no-medium-visibility\" style=\"background-color: #ffffff;background-position: left top;background-repeat: no-repeat;border-width: 0px 0px 0px 0px;border-color:#eaeaea;border-style:solid;\" ><div class=\"fusion-builder-row fusion-row fusion-flex-align-items-center fusion-flex-align-content-center fusion-flex-justify-content-center\" style=\"max-width:1289.6px;margin-left: calc(-4% \/ 2 );margin-right: calc(-4% \/ 2 );\"><div class=\"fusion-layout-column fusion_builder_column fusion-builder-column-2 fusion_builder_column_4_5 4_5 fusion-flex-column fusion-animated\" data-animationType=\"fadeInLeft\" data-animationDuration=\"0.6\" data-animationOffset=\"100%\"><div class=\"fusion-column-wrapper fusion-flex-justify-content-flex-start fusion-content-layout-column\" style=\"background-position:center center;background-repeat:no-repeat;-webkit-background-size:cover;-moz-background-size:cover;-o-background-size:cover;background-size:cover;border-width: 12px 0px 0px 0px;border-color:#1f2a3b;border-style:solid;padding: 2% 0% 0% 0%;\"><style type=\"text\/css\">@media only screen and (max-width:1024px) {.fusion-title.fusion-title-3{margin-top:-25px!important; margin-right:0px!important;margin-bottom:10px!important;margin-left:0px!important;}}@media only screen and (max-width:640px) {.fusion-title.fusion-title-3{margin-top:0px!important; margin-right:0px!important;margin-bottom:20px!important; margin-left:0px!important;}}<\/style><div class=\"fusion-title title fusion-title-3 fusion-title-text fusion-title-size-five\" style=\"margin-top:-25px;margin-right:0px;margin-bottom:10px;margin-left:0px;\"><div class=\"title-sep-container title-sep-container-left fusion-no-large-visibility fusion-no-medium-visibility fusion-no-small-visibility\"><div class=\"title-sep sep-\" style=\"border-color:#eaeaea;\"><\/div><\/div><h5 class=\"title-heading-left fusion-responsive-typography-calculated\" style=\"margin:0;--fontSize:17;line-height:1.76;\"><h5 style=\"text-align: left;\">PROJEKTE<\/h5><\/h5><div class=\"title-sep-container title-sep-container-right\"><div class=\"title-sep sep-\" style=\"border-color:#eaeaea;\"><\/div><\/div><\/div><div class=\"fusion-blog-shortcode fusion-blog-shortcode-1 fusion-blog-archive fusion-blog-layout-large-alternate fusion-blog-no klasa\"><div class=\"fusion-posts-container fusion-posts-container-no\" data-pages=\"77\"><article id=\"blog-1-post-48160\" class=\"fusion-post-large-alternate post-48160 post type-post status-publish format-standard has-post-thumbnail hentry category-litauen category-projekte category-technologie\">\n\t<style type=\"text\/css\">\n\t\t\n\t\t\n\t\t\n\t\t\n\t\t\t<\/style>\n\n\n\t\t\t<div class=\"fusion-flexslider flexslider fusion-flexslider-loading fusion-post-slideshow\" style=\"\">\n\t\t<ul class=\"slides\">\n\t\t\t\n\t\t\t\t\t\t\t\t\t\t\t\t\t\t<li>\n\n<div  class=\"fusion-image-wrapper\" aria-haspopup=\"true\">\n\t\n\t\n\t\t\t\n\t\t\t\t<a href=\"https:\/\/balticwind.eu\/de\/hafen-klaipeda-entwirft-bunkerschiff-fuer-gruenes-methanol\/\" aria-label=\"Hafen Klaip\u0117da entwirft Bunkerschiff f\u00fcr gr\u00fcnes Methanol\">\n\t\t\n\t\t\n\t\t\t\t\t<img decoding=\"async\" width=\"1600\" height=\"900\" src=\"https:\/\/balticwind.eu\/wp-content\/uploads\/2026\/09\/port-of-klaipeda-green-methanol-bunkering-vessel.jpg\" class=\"attachment-full size-full lazyload wp-post-image\" alt=\"\" srcset=\"data:image\/svg+xml,%3Csvg%20xmlns%3D%27http%3A%2F%2Fwww.w3.org%2F2000%2Fsvg%27%20width%3D%271600%27%20height%3D%27900%27%20viewBox%3D%270%200%201600%20900%27%3E%3Crect%20width%3D%271600%27%20height%3D%27900%27%20fill-opacity%3D%220%22%2F%3E%3C%2Fsvg%3E\" data-orig-src=\"https:\/\/balticwind.eu\/wp-content\/uploads\/2026\/09\/port-of-klaipeda-green-methanol-bunkering-vessel.jpg\" data-srcset=\"https:\/\/balticwind.eu\/wp-content\/uploads\/2026\/09\/port-of-klaipeda-green-methanol-bunkering-vessel-200x113.jpg 200w, https:\/\/balticwind.eu\/wp-content\/uploads\/2026\/09\/port-of-klaipeda-green-methanol-bunkering-vessel-400x225.jpg 400w, https:\/\/balticwind.eu\/wp-content\/uploads\/2026\/09\/port-of-klaipeda-green-methanol-bunkering-vessel-600x338.jpg 600w, https:\/\/balticwind.eu\/wp-content\/uploads\/2026\/09\/port-of-klaipeda-green-methanol-bunkering-vessel-800x450.jpg 800w, https:\/\/balticwind.eu\/wp-content\/uploads\/2026\/09\/port-of-klaipeda-green-methanol-bunkering-vessel-1200x675.jpg 1200w, https:\/\/balticwind.eu\/wp-content\/uploads\/2026\/09\/port-of-klaipeda-green-methanol-bunkering-vessel.jpg 1600w\" data-sizes=\"auto\" \/>\n\t\n\n\n\t\t\t\t<\/a>\n\t\t\n\t\n<\/div>\n<\/li>\n\t\t\t\n\t\t\t\n\t\t\t\t\t\t\t\t\t\t\t\t\t\t\t\t\t\t\t\t\t\t\t\t\t\t\t\t\t\t\t\t\t\t\t\t\t\t\t\t\t\t\t\t\t\t\t\t\t\t\t\t\t\t\t\t\t\t\t\t\t\t\t\t\t\t\t\t<\/ul>\n\t<\/div>\n\t<div class=\"fusion-date-and-formats\"><div class=\"fusion-date-box updated\"><span class=\"fusion-date\">1<\/span><span class=\"fusion-month-year\">09, 2026<\/span><\/div><div class=\"fusion-format-box\"><i class=\"fusion-icon-pen\" aria-hidden=\"true\"><\/i><\/div><\/div><div class=\"fusion-post-content post-content\"><h2 class=\"blog-shortcode-post-title entry-title\"><a href=\"https:\/\/balticwind.eu\/de\/hafen-klaipeda-entwirft-bunkerschiff-fuer-gruenes-methanol\/\">Hafen Klaip\u0117da entwirft Bunkerschiff f\u00fcr gr\u00fcnes Methanol<\/a><\/h2><p class=\"fusion-single-line-meta\"><a href=\"https:\/\/balticwind.eu\/de\/category\/litauen\/\" rel=\"category tag\">Litauen<\/a>, <a href=\"https:\/\/balticwind.eu\/de\/category\/projekte\/\" rel=\"category tag\">Projekte<\/a>, <a href=\"https:\/\/balticwind.eu\/de\/category\/technologie\/\" rel=\"category tag\">Technologie<\/a><span class=\"fusion-inline-sep\">|<\/span><\/p><\/div><div class=\"fusion-clearfix\"><\/div><\/article>\n<\/div><\/div><\/div><style type=\"text\/css\">.fusion-body .fusion-builder-column-2{width:80% !important;margin-top : 0px;margin-bottom : 20px;}.fusion-builder-column-2 > .fusion-column-wrapper {padding-top : 2% !important;padding-right : 0% !important;margin-right : 2.4%;padding-bottom : 0% !important;padding-left : 0% !important;margin-left : 2.4%;}@media only screen and (max-width:1024px) {.fusion-body .fusion-builder-column-2{width:100% !important;order : 0;}.fusion-builder-column-2 > .fusion-column-wrapper {margin-right : 1.92%;margin-left : 1.92%;}}@media only screen and (max-width:640px) {.fusion-body .fusion-builder-column-2{width:100% !important;order : 0;}.fusion-builder-column-2 > .fusion-column-wrapper {margin-right : 1.92%;margin-left : 1.92%;}}<\/style><\/div><\/div><style type=\"text\/css\">.fusion-body .fusion-flex-container.fusion-builder-row-3{ padding-top : 20px;margin-top : 0px;padding-right : 0px;padding-bottom : 0px;margin-bottom : 0px;padding-left : 0px;}@media only screen and (max-width:1024px) {.fusion-body .fusion-flex-container.fusion-builder-row-3{ padding-top : 80px;}}<\/style><\/div><div class=\"fusion-fullwidth fullwidth-box fusion-builder-row-4 fusion-flex-container nonhundred-percent-fullwidth non-hundred-percent-height-scrolling fusion-no-large-visibility\" style=\"background-color: #ffffff;background-position: left top;background-repeat: no-repeat;border-width: 0px 0px 0px 0px;border-color:#eaeaea;border-style:solid;\" ><div class=\"fusion-builder-row fusion-row fusion-flex-align-items-center fusion-flex-align-content-center fusion-flex-justify-content-center\" style=\"max-width:1289.6px;margin-left: calc(-4% \/ 2 );margin-right: calc(-4% \/ 2 );\"><div class=\"fusion-layout-column fusion_builder_column fusion-builder-column-3 fusion_builder_column_1_1 1_1 fusion-flex-column fusion-animated\" data-animationType=\"fadeInLeft\" data-animationDuration=\"0.6\" data-animationOffset=\"100%\"><div class=\"fusion-column-wrapper fusion-flex-justify-content-flex-start fusion-content-layout-column\" style=\"background-position:center center;background-repeat:no-repeat;-webkit-background-size:cover;-moz-background-size:cover;-o-background-size:cover;background-size:cover;border-width: 1px 1px 1px 1px;border-color:#b6babe;border-style:solid;padding: 4% 4% 0% 4%;\"><div class=\"fusion-blog-shortcode fusion-blog-shortcode-2 fusion-blog-archive fusion-blog-layout-large fusion-blog-no klasa\"><div class=\"fusion-posts-container fusion-posts-container-no\" data-pages=\"77\"><article id=\"blog-2-post-48160\" class=\"fusion-post-large post-48160 post type-post status-publish format-standard has-post-thumbnail hentry category-litauen category-projekte category-technologie\">\n\t<style type=\"text\/css\">\n\t\t\n\t\t\n\t\t\n\t\t\n\t\t\t<\/style>\n\n\n\t\t\t<div class=\"fusion-flexslider flexslider fusion-flexslider-loading fusion-post-slideshow\" style=\"\">\n\t\t<ul class=\"slides\">\n\t\t\t\n\t\t\t\t\t\t\t\t\t\t\t\t\t\t<li>\n\n<div  class=\"fusion-image-wrapper\" aria-haspopup=\"true\">\n\t\n\t\n\t\t\t\n\t\t\t\t<a href=\"https:\/\/balticwind.eu\/de\/hafen-klaipeda-entwirft-bunkerschiff-fuer-gruenes-methanol\/\" aria-label=\"Hafen Klaip\u0117da entwirft Bunkerschiff f\u00fcr gr\u00fcnes Methanol\">\n\t\t\n\t\t\n\t\t\t\t\t<img decoding=\"async\" width=\"1600\" height=\"900\" src=\"https:\/\/balticwind.eu\/wp-content\/uploads\/2026\/09\/port-of-klaipeda-green-methanol-bunkering-vessel.jpg\" class=\"attachment-full size-full lazyload wp-post-image\" alt=\"\" srcset=\"data:image\/svg+xml,%3Csvg%20xmlns%3D%27http%3A%2F%2Fwww.w3.org%2F2000%2Fsvg%27%20width%3D%271600%27%20height%3D%27900%27%20viewBox%3D%270%200%201600%20900%27%3E%3Crect%20width%3D%271600%27%20height%3D%27900%27%20fill-opacity%3D%220%22%2F%3E%3C%2Fsvg%3E\" data-orig-src=\"https:\/\/balticwind.eu\/wp-content\/uploads\/2026\/09\/port-of-klaipeda-green-methanol-bunkering-vessel.jpg\" data-srcset=\"https:\/\/balticwind.eu\/wp-content\/uploads\/2026\/09\/port-of-klaipeda-green-methanol-bunkering-vessel-200x113.jpg 200w, https:\/\/balticwind.eu\/wp-content\/uploads\/2026\/09\/port-of-klaipeda-green-methanol-bunkering-vessel-400x225.jpg 400w, https:\/\/balticwind.eu\/wp-content\/uploads\/2026\/09\/port-of-klaipeda-green-methanol-bunkering-vessel-600x338.jpg 600w, https:\/\/balticwind.eu\/wp-content\/uploads\/2026\/09\/port-of-klaipeda-green-methanol-bunkering-vessel-800x450.jpg 800w, https:\/\/balticwind.eu\/wp-content\/uploads\/2026\/09\/port-of-klaipeda-green-methanol-bunkering-vessel-1200x675.jpg 1200w, https:\/\/balticwind.eu\/wp-content\/uploads\/2026\/09\/port-of-klaipeda-green-methanol-bunkering-vessel.jpg 1600w\" data-sizes=\"auto\" \/>\n\t\n\n\n\t\t\t\t<\/a>\n\t\t\n\t\n<\/div>\n<\/li>\n\t\t\t\n\t\t\t\n\t\t\t\t\t\t\t\t\t\t\t\t\t\t\t\t\t\t\t\t\t\t\t\t\t\t\t\t\t\t\t\t\t\t\t\t\t\t\t\t\t\t\t\t\t\t\t\t\t\t\t\t\t\t\t\t\t\t\t\t\t\t\t\t\t\t\t\t<\/ul>\n\t<\/div>\n\t<div class=\"fusion-post-content post-content\"><h2 class=\"blog-shortcode-post-title entry-title\"><a href=\"https:\/\/balticwind.eu\/de\/hafen-klaipeda-entwirft-bunkerschiff-fuer-gruenes-methanol\/\">Hafen Klaip\u0117da entwirft Bunkerschiff f\u00fcr gr\u00fcnes Methanol<\/a><\/h2><\/div><div class=\"fusion-clearfix\"><\/div><div class=\"fusion-meta-info\"><div class=\"fusion-alignleft\"><a href=\"https:\/\/balticwind.eu\/de\/category\/litauen\/\" rel=\"category tag\">Litauen<\/a>, <a href=\"https:\/\/balticwind.eu\/de\/category\/projekte\/\" rel=\"category tag\">Projekte<\/a>, <a href=\"https:\/\/balticwind.eu\/de\/category\/technologie\/\" rel=\"category tag\">Technologie<\/a><span class=\"fusion-inline-sep\">|<\/span><\/div><\/div><\/article>\n<\/div><\/div><\/div><style type=\"text\/css\">.fusion-body .fusion-builder-column-3{width:100% !important;margin-top : 0px;margin-bottom : 20px;}.fusion-builder-column-3 > .fusion-column-wrapper {padding-top : 4% !important;padding-right : 4% !important;margin-right : 1.92%;padding-bottom : 0% !important;padding-left : 4% !important;margin-left : 1.92%;}@media only screen and (max-width:1024px) {.fusion-body .fusion-builder-column-3{width:100% !important;order : 0;}.fusion-builder-column-3 > .fusion-column-wrapper {margin-right : 1.92%;margin-left : 1.92%;}}@media only screen and (max-width:640px) {.fusion-body .fusion-builder-column-3{width:100% !important;order : 0;}.fusion-builder-column-3 > .fusion-column-wrapper {margin-right : 1.92%;margin-left : 1.92%;}}<\/style><\/div><\/div><style type=\"text\/css\">.fusion-body .fusion-flex-container.fusion-builder-row-4{ padding-top : 0px;margin-top : 0px;padding-right : 0px;padding-bottom : 0px;margin-bottom : 0px;padding-left : 0px;}@media only screen and (max-width:1024px) {.fusion-body .fusion-flex-container.fusion-builder-row-4{ padding-top : 80px;}}<\/style><\/div><div class=\"fusion-fullwidth fullwidth-box fusion-builder-row-5 fusion-flex-container nonhundred-percent-fullwidth non-hundred-percent-height-scrolling fusion-no-large-visibility\" style=\"background-color: rgba(255,255,255,0);background-position: center center;background-repeat: no-repeat;border-width: 0px 0px 0px 0px;border-color:#eaeaea;border-style:solid;\" ><div class=\"fusion-builder-row fusion-row fusion-flex-align-items-flex-start\" style=\"max-width:1289.6px;margin-left: calc(-4% \/ 2 );margin-right: calc(-4% \/ 2 );\"><div class=\"fusion-layout-column fusion_builder_column fusion-builder-column-4 fusion_builder_column_1_1 1_1 fusion-flex-column\"><div class=\"fusion-column-wrapper fusion-flex-justify-content-flex-start fusion-content-layout-column\" style=\"background-position:left top;background-repeat:no-repeat;-webkit-background-size:cover;-moz-background-size:cover;-o-background-size:cover;background-size:cover;padding: 0px 0px 0px 0px;\"><div class=\"fusion-recent-posts fusion-recent-posts-1 avada-container layout-thumbnails-on-side layout-columns-1 klasa\"><section class=\"fusion-columns columns fusion-columns-1 columns-1\"><article class=\"post fusion-column column col col-lg-12 col-md-12 col-sm-12 fusion-animated\" data-animationType=\"fadeInDown\" data-animationDuration=\"0.6\" data-animationOffset=\"100%\"><div class=\"fusion-flexslider fusion-flexslider-loading flexslider floated-slideshow flexslider-hover-type-zoomout\"><ul class=\"slides\"><li><a href=\"https:\/\/balticwind.eu\/de\/hafen-klaipeda-startet-bauphase-seiner-groessten-erweiterung\/\" aria-label=\"Hafen Klaip\u0117da startet Bauphase seiner gr\u00f6\u00dften Erweiterung\" class=\"hover-type-zoomout\"><img decoding=\"async\" width=\"177\" height=\"142\" src=\"data:image\/svg+xml,%3Csvg%20xmlns%3D%27http%3A%2F%2Fwww.w3.org%2F2000%2Fsvg%27%20width%3D%27177%27%20height%3D%27142%27%20viewBox%3D%270%200%20177%20142%27%3E%3Crect%20width%3D%27177%27%20height%3D%27142%27%20fill-opacity%3D%220%22%2F%3E%3C%2Fsvg%3E\" data-orig-src=\"https:\/\/balticwind.eu\/wp-content\/uploads\/2026\/08\/klaipeda-port-southern-expansion-baltic-sea-177x142.jpg\" class=\"lazyload attachment-portfolio-five size-portfolio-five\" alt=\"\" \/><\/a><\/li><\/ul><\/div><div class=\"recent-posts-content\"><h4 class=\"entry-title\"><a style=\"color: #1f2a3b !important;\" href=\"https:\/\/balticwind.eu\/de\/hafen-klaipeda-startet-bauphase-seiner-groessten-erweiterung\/\">Hafen Klaip\u0117da startet Bauphase seiner gr\u00f6\u00dften Erweiterung<\/a><\/h4><p class=\"meta\"><a href=\"https:\/\/balticwind.eu\/de\/category\/litauen\/\" rel=\"category tag\">Litauen<\/a>, <a href=\"https:\/\/balticwind.eu\/de\/category\/projekte\/\" rel=\"category tag\">Projekte<\/a>, <a href=\"https:\/\/balticwind.eu\/de\/category\/top-news-de\/\" rel=\"category tag\">Top News<\/a><span class=\"fusion-inline-sep\">|<\/span><\/p><\/div><\/article><article class=\"post fusion-column column col col-lg-12 col-md-12 col-sm-12 fusion-animated\" data-animationType=\"fadeInDown\" data-animationDuration=\"0.6\" data-animationOffset=\"100%\"><div class=\"fusion-flexslider fusion-flexslider-loading flexslider floated-slideshow flexslider-hover-type-zoomout\"><ul class=\"slides\"><li><a href=\"https:\/\/balticwind.eu\/de\/perigus-energy-uebernimmt-genehmigtes-21-mw-windprojekt-olpe-rehringhausen-von-abo-energy\/\" aria-label=\"Perigus Energy \u00fcbernimmt genehmigtes 21-MW-Windprojekt Olpe-Rehringhausen von ABO Energy\" class=\"hover-type-zoomout\"><img decoding=\"async\" width=\"177\" height=\"142\" src=\"data:image\/svg+xml,%3Csvg%20xmlns%3D%27http%3A%2F%2Fwww.w3.org%2F2000%2Fsvg%27%20width%3D%27177%27%20height%3D%27142%27%20viewBox%3D%270%200%20177%20142%27%3E%3Crect%20width%3D%27177%27%20height%3D%27142%27%20fill-opacity%3D%220%22%2F%3E%3C%2Fsvg%3E\" data-orig-src=\"https:\/\/balticwind.eu\/wp-content\/uploads\/2026\/08\/perigus-energy-wind-turbine-olpe-rehringhausen-177x142.jpg\" class=\"lazyload attachment-portfolio-five size-portfolio-five\" alt=\"\" \/><\/a><\/li><\/ul><\/div><div class=\"recent-posts-content\"><h4 class=\"entry-title\"><a style=\"color: #1f2a3b !important;\" href=\"https:\/\/balticwind.eu\/de\/perigus-energy-uebernimmt-genehmigtes-21-mw-windprojekt-olpe-rehringhausen-von-abo-energy\/\">Perigus Energy \u00fcbernimmt genehmigtes 21-MW-Windprojekt Olpe-Rehringhausen von ABO Energy<\/a><\/h4><p class=\"meta\"><a href=\"https:\/\/balticwind.eu\/de\/category\/deutschland\/\" rel=\"category tag\">Deutschland<\/a>, <a href=\"https:\/\/balticwind.eu\/de\/category\/onshore-wind-aktuell\/\" rel=\"category tag\">Onshore-Wind Aktuell<\/a>, <a href=\"https:\/\/balticwind.eu\/de\/category\/projekte\/\" rel=\"category tag\">Projekte<\/a><span class=\"fusion-inline-sep\">|<\/span><\/p><\/div><\/article><article class=\"post fusion-column column col col-lg-12 col-md-12 col-sm-12 fusion-animated\" data-animationType=\"fadeInDown\" data-animationDuration=\"0.6\" data-animationOffset=\"100%\"><div class=\"fusion-flexslider fusion-flexslider-loading flexslider floated-slideshow flexslider-hover-type-zoomout\"><ul class=\"slides\"><li><a href=\"https:\/\/balticwind.eu\/de\/capcora-fuehrt-verkauf-des-32-gw-projektportfolios-von-sowitec\/\" aria-label=\"Capcora f\u00fchrt Verkauf des 32-GW-Projektportfolios von SOWITEC\" class=\"hover-type-zoomout\"><img decoding=\"async\" width=\"177\" height=\"142\" src=\"data:image\/svg+xml,%3Csvg%20xmlns%3D%27http%3A%2F%2Fwww.w3.org%2F2000%2Fsvg%27%20width%3D%27177%27%20height%3D%27142%27%20viewBox%3D%270%200%20177%20142%27%3E%3Crect%20width%3D%27177%27%20height%3D%27142%27%20fill-opacity%3D%220%22%2F%3E%3C%2Fsvg%3E\" data-orig-src=\"https:\/\/balticwind.eu\/wp-content\/uploads\/2026\/08\/capcora-mandated-sale-sowitec-wind-project-portfolio-177x142.jpg\" class=\"lazyload attachment-portfolio-five size-portfolio-five\" alt=\"\" \/><\/a><\/li><\/ul><\/div><div class=\"recent-posts-content\"><h4 class=\"entry-title\"><a style=\"color: #1f2a3b !important;\" href=\"https:\/\/balticwind.eu\/de\/capcora-fuehrt-verkauf-des-32-gw-projektportfolios-von-sowitec\/\">Capcora f\u00fchrt Verkauf des 32-GW-Projektportfolios von SOWITEC<\/a><\/h4><p class=\"meta\"><a href=\"https:\/\/balticwind.eu\/de\/category\/deutschland\/\" rel=\"category tag\">Deutschland<\/a>, <a href=\"https:\/\/balticwind.eu\/de\/category\/onshore-wind-aktuell\/\" rel=\"category tag\">Onshore-Wind Aktuell<\/a>, <a href=\"https:\/\/balticwind.eu\/de\/category\/projekte\/\" rel=\"category tag\">Projekte<\/a><span class=\"fusion-inline-sep\">|<\/span><\/p><\/div><\/article><article class=\"post fusion-column column col col-lg-12 col-md-12 col-sm-12 fusion-animated\" data-animationType=\"fadeInDown\" data-animationDuration=\"0.6\" data-animationOffset=\"100%\"><div class=\"fusion-flexslider fusion-flexslider-loading flexslider floated-slideshow flexslider-hover-type-zoomout\"><ul class=\"slides\"><li><a href=\"https:\/\/balticwind.eu\/de\/swinoujscie-und-szczecin-wie-westpommern-zur-industriebasis-der-polnischen-offshore-windkraft-wurde\/\" aria-label=\"\u015awinouj\u015bcie und Szczecin: Wie Westpommern zur Industriebasis der polnischen Offshore-Windkraft wurde\" class=\"hover-type-zoomout\"><img decoding=\"async\" width=\"177\" height=\"142\" src=\"data:image\/svg+xml,%3Csvg%20xmlns%3D%27http%3A%2F%2Fwww.w3.org%2F2000%2Fsvg%27%20width%3D%27177%27%20height%3D%27142%27%20viewBox%3D%270%200%20177%20142%27%3E%3Crect%20width%3D%27177%27%20height%3D%27142%27%20fill-opacity%3D%220%22%2F%3E%3C%2Fsvg%3E\" data-orig-src=\"https:\/\/balticwind.eu\/wp-content\/uploads\/2026\/08\/west-pomerania-poland-offshore-wind-industrial-base-177x142.jpg\" class=\"lazyload attachment-portfolio-five size-portfolio-five\" alt=\"\" \/><\/a><\/li><\/ul><\/div><div class=\"recent-posts-content\"><h4 class=\"entry-title\"><a style=\"color: #1f2a3b !important;\" href=\"https:\/\/balticwind.eu\/de\/swinoujscie-und-szczecin-wie-westpommern-zur-industriebasis-der-polnischen-offshore-windkraft-wurde\/\">\u015awinouj\u015bcie und Szczecin: Wie Westpommern zur Industriebasis der polnischen Offshore-Windkraft wurde<\/a><\/h4><p class=\"meta\"><a href=\"https:\/\/balticwind.eu\/de\/category\/editors-choice-de\/\" rel=\"category tag\">Auswahl der Redaktion<\/a>, <a href=\"https:\/\/balticwind.eu\/de\/category\/offshore-wind-aktuell\/\" rel=\"category tag\">Offshore-Wind Aktuell<\/a>, <a href=\"https:\/\/balticwind.eu\/de\/category\/polen\/\" rel=\"category tag\">Polen<\/a>, <a href=\"https:\/\/balticwind.eu\/de\/category\/projekte\/\" rel=\"category tag\">Projekte<\/a><span class=\"fusion-inline-sep\">|<\/span><\/p><\/div><\/article><article class=\"post fusion-column column col col-lg-12 col-md-12 col-sm-12 fusion-animated\" data-animationType=\"fadeInDown\" data-animationDuration=\"0.6\" data-animationOffset=\"100%\"><div class=\"fusion-flexslider fusion-flexslider-loading flexslider floated-slideshow flexslider-hover-type-zoomout\"><ul class=\"slides\"><li><a href=\"https:\/\/balticwind.eu\/de\/von-der-baustelle-zur-daueraufgabe-was-die-betriebsphase-von-baltic-power-fuer-leba-bedeutet\/\" aria-label=\"Von der Baustelle zur Daueraufgabe: Was die Betriebsphase von Baltic Power f\u00fcr \u0141eba bedeutet\" class=\"hover-type-zoomout\"><img decoding=\"async\" width=\"177\" height=\"142\" src=\"data:image\/svg+xml,%3Csvg%20xmlns%3D%27http%3A%2F%2Fwww.w3.org%2F2000%2Fsvg%27%20width%3D%27177%27%20height%3D%27142%27%20viewBox%3D%270%200%20177%20142%27%3E%3Crect%20width%3D%27177%27%20height%3D%27142%27%20fill-opacity%3D%220%22%2F%3E%3C%2Fsvg%3E\" data-orig-src=\"https:\/\/balticwind.eu\/wp-content\/uploads\/2026\/08\/baltic-power-offshore-wind-service-vessel-leba-177x142.jpg\" class=\"lazyload attachment-portfolio-five size-portfolio-five\" alt=\"\" \/><\/a><\/li><\/ul><\/div><div class=\"recent-posts-content\"><h4 class=\"entry-title\"><a style=\"color: #1f2a3b !important;\" href=\"https:\/\/balticwind.eu\/de\/von-der-baustelle-zur-daueraufgabe-was-die-betriebsphase-von-baltic-power-fuer-leba-bedeutet\/\">Von der Baustelle zur Daueraufgabe: Was die Betriebsphase von Baltic Power f\u00fcr \u0141eba bedeutet<\/a><\/h4><p class=\"meta\"><a href=\"https:\/\/balticwind.eu\/de\/category\/editors-choice-de\/\" rel=\"category tag\">Auswahl der Redaktion<\/a>, <a href=\"https:\/\/balticwind.eu\/de\/category\/offshore-wind-aktuell\/\" rel=\"category tag\">Offshore-Wind Aktuell<\/a>, <a href=\"https:\/\/balticwind.eu\/de\/category\/polen\/\" rel=\"category tag\">Polen<\/a>, <a href=\"https:\/\/balticwind.eu\/de\/category\/projekte\/\" rel=\"category tag\">Projekte<\/a><span class=\"fusion-inline-sep\">|<\/span><\/p><\/div><\/article><article class=\"post fusion-column column col col-lg-12 col-md-12 col-sm-12 fusion-animated\" data-animationType=\"fadeInDown\" data-animationDuration=\"0.6\" data-animationOffset=\"100%\"><div class=\"fusion-flexslider fusion-flexslider-loading flexslider floated-slideshow flexslider-hover-type-zoomout\"><ul class=\"slides\"><li><a href=\"https:\/\/balticwind.eu\/de\/scatec-steigt-in-rumaeniens-onshore-windkraft-ein-erzeugung-plus-21-prozent\/\" aria-label=\"Scatec steigt in Rum\u00e4niens Onshore-Windkraft ein \u2013 Erzeugung plus 21 Prozent\" class=\"hover-type-zoomout\"><img decoding=\"async\" width=\"177\" height=\"142\" src=\"data:image\/svg+xml,%3Csvg%20xmlns%3D%27http%3A%2F%2Fwww.w3.org%2F2000%2Fsvg%27%20width%3D%27177%27%20height%3D%27142%27%20viewBox%3D%270%200%20177%20142%27%3E%3Crect%20width%3D%27177%27%20height%3D%27142%27%20fill-opacity%3D%220%22%2F%3E%3C%2Fsvg%3E\" data-orig-src=\"https:\/\/balticwind.eu\/wp-content\/uploads\/2026\/08\/scatec-enters-romanian-onshore-wind-q2-output-up-21-percent-177x142.jpg\" class=\"lazyload attachment-portfolio-five size-portfolio-five\" alt=\"\" \/><\/a><\/li><\/ul><\/div><div class=\"recent-posts-content\"><h4 class=\"entry-title\"><a style=\"color: #1f2a3b !important;\" href=\"https:\/\/balticwind.eu\/de\/scatec-steigt-in-rumaeniens-onshore-windkraft-ein-erzeugung-plus-21-prozent\/\">Scatec steigt in Rum\u00e4niens Onshore-Windkraft ein \u2013 Erzeugung plus 21 Prozent<\/a><\/h4><p class=\"meta\"><a href=\"https:\/\/balticwind.eu\/de\/category\/onshore-wind-aktuell\/\" rel=\"category tag\">Onshore-Wind Aktuell<\/a>, <a href=\"https:\/\/balticwind.eu\/de\/category\/projekte\/\" rel=\"category tag\">Projekte<\/a><span class=\"fusion-inline-sep\">|<\/span><\/p><\/div><\/article><\/section><\/div><\/div><style type=\"text\/css\">.fusion-body .fusion-builder-column-4{width:100% !important;margin-top : 0px;margin-bottom : 20px;}.fusion-builder-column-4 > .fusion-column-wrapper {padding-top : 0px !important;padding-right : 0px !important;margin-right : 1.92%;padding-bottom : 0px !important;padding-left : 0px !important;margin-left : 1.92%;}@media only screen and (max-width:1024px) {.fusion-body .fusion-builder-column-4{width:100% !important;order : 0;}.fusion-builder-column-4 > .fusion-column-wrapper {margin-right : 1.92%;margin-left : 1.92%;}}@media only screen and (max-width:640px) {.fusion-body .fusion-builder-column-4{width:100% !important;order : 0;}.fusion-builder-column-4 > .fusion-column-wrapper {margin-right : 1.92%;margin-left : 1.92%;}}<\/style><\/div><\/div><style type=\"text\/css\">.fusion-body .fusion-flex-container.fusion-builder-row-5{ padding-top : 0px;margin-top : 0px;padding-right : 0px;padding-bottom : 0px;margin-bottom : 0px;padding-left : 0px;}<\/style><\/div><div class=\"fusion-fullwidth fullwidth-box fusion-builder-row-6 fusion-flex-container nonhundred-percent-fullwidth non-hundred-percent-height-scrolling fusion-no-small-visibility fusion-no-medium-visibility\" style=\"background-color: #ffffff;background-position: center center;background-repeat: no-repeat;border-width: 0px 0px 0px 0px;border-color:#eaeaea;border-style:solid;\" ><div class=\"fusion-builder-row fusion-row fusion-flex-align-items-flex-start\" style=\"max-width:1289.6px;margin-left: calc(-4% \/ 2 );margin-right: calc(-4% \/ 2 );\"><div class=\"fusion-layout-column fusion_builder_column fusion-builder-column-5 fusion_builder_column_1_1 1_1 fusion-flex-column\"><div class=\"fusion-column-wrapper fusion-flex-justify-content-flex-start fusion-content-layout-column\" style=\"background-position:left top;background-repeat:no-repeat;-webkit-background-size:cover;-moz-background-size:cover;-o-background-size:cover;background-size:cover;padding: 0px 0px 0px 0px;\"><div class=\"fusion-builder-row fusion-builder-row-inner fusion-row fusion-flex-align-items-flex-start\" style=\"width:104% !important;max-width:104% !important;margin-left: calc(-4% \/ 2 );margin-right: calc(-4% \/ 2 );\"><div class=\"fusion-layout-column fusion_builder_column_inner fusion-builder-nested-column-0 fusion_builder_column_inner_2_3 2_3 fusion-flex-column\"><div class=\"fusion-column-wrapper fusion-flex-justify-content-flex-start fusion-content-layout-column\" style=\"background-position:left top;background-repeat:no-repeat;-webkit-background-size:cover;-moz-background-size:cover;-o-background-size:cover;background-size:cover;padding: 0px 0px 0px 0px;\"><div class=\"fusion-separator fusion-full-width-sep\" style=\"align-self: center;margin-left: auto;margin-right: auto;margin-bottom:10px;width:100%;max-width:100%;\"><div class=\"fusion-separator-border sep-single sep-solid\" style=\"border-color:#1f2a3b;border-top-width:12px;\"><\/div><\/div><style type=\"text\/css\">@media only screen and (max-width:1024px) {.fusion-title.fusion-title-4{margin-top:-15px!important; margin-right:0px!important;margin-bottom:20px!important;margin-left:0px!important;}}@media only screen and (max-width:640px) {.fusion-title.fusion-title-4{margin-top:0px!important; margin-right:0px!important;margin-bottom:20px!important; margin-left:0px!important;}}<\/style><div class=\"fusion-title title fusion-title-4 fusion-title-text fusion-title-size-five\" style=\"margin-top:-15px;margin-right:0px;margin-bottom:20px;margin-left:0px;\"><div class=\"title-sep-container title-sep-container-left fusion-no-large-visibility fusion-no-medium-visibility fusion-no-small-visibility\"><div class=\"title-sep sep-\" style=\"border-color:#eaeaea;\"><\/div><\/div><h5 class=\"title-heading-left fusion-responsive-typography-calculated\" style=\"margin:0;--fontSize:17;line-height:1.76;\"><h5 style=\"text-align: left;\">LATEST ARTICLES<\/h5><\/h5><div class=\"title-sep-container title-sep-container-right\"><div class=\"title-sep sep-\" style=\"border-color:#eaeaea;\"><\/div><\/div><\/div><div class=\"fusion-blog-shortcode fusion-blog-shortcode-3 fusion-blog-archive fusion-blog-layout-medium-alternate fusion-blog-infinite\"><div class=\"fusion-posts-container fusion-posts-container-infinite fusion-posts-container-load-more\" data-pages=\"6\"><article id=\"blog-3-post-48139\" class=\"fusion-post-medium-alternate post-48139 post type-post status-publish format-standard has-post-thumbnail hentry category-litauen category-projekte category-top-news-de\">\n<div class=\"fusion-date-and-formats\"><div class=\"fusion-date-box updated\"><span class=\"fusion-date\">29<\/span><span class=\"fusion-month-year\">08, 2026<\/span><\/div><div class=\"fusion-format-box\"><i class=\"fusion-icon-pen\" aria-hidden=\"true\"><\/i><\/div><\/div>\t<style type=\"text\/css\">\n\t\t\n\t\t\n\t\t\n\t\t\n\t\t\t<\/style>\n\n\n\t\t\t<div class=\"fusion-flexslider flexslider fusion-flexslider-loading fusion-post-slideshow\" style=\"\">\n\t\t<ul class=\"slides\">\n\t\t\t\n\t\t\t\t\t\t\t\t\t\t\t\t\t\t<li>\n\n<div  class=\"fusion-image-wrapper fusion-image-size-fixed\" aria-haspopup=\"true\">\n\t\n\t\n\t\t\t\n\t\t\t\t<a href=\"https:\/\/balticwind.eu\/de\/hafen-klaipeda-startet-bauphase-seiner-groessten-erweiterung\/\" aria-label=\"Hafen Klaip\u0117da startet Bauphase seiner gr\u00f6\u00dften Erweiterung\">\n\t\t\n\t\t\n\t\t\t\t\t<img decoding=\"async\" width=\"320\" height=\"202\" src=\"https:\/\/balticwind.eu\/wp-content\/uploads\/2026\/08\/klaipeda-port-southern-expansion-baltic-sea-320x202.jpg\" class=\"attachment-blog-medium size-blog-medium lazyload wp-post-image\" alt=\"\" srcset=\"data:image\/svg+xml,%3Csvg%20xmlns%3D%27http%3A%2F%2Fwww.w3.org%2F2000%2Fsvg%27%20width%3D%271600%27%20height%3D%27900%27%20viewBox%3D%270%200%201600%20900%27%3E%3Crect%20width%3D%271600%27%20height%3D%27900%27%20fill-opacity%3D%220%22%2F%3E%3C%2Fsvg%3E\" data-orig-src=\"https:\/\/balticwind.eu\/wp-content\/uploads\/2026\/08\/klaipeda-port-southern-expansion-baltic-sea-320x202.jpg\" data-srcset=\"https:\/\/balticwind.eu\/wp-content\/uploads\/2026\/08\/klaipeda-port-southern-expansion-baltic-sea-320x202.jpg 320w, https:\/\/balticwind.eu\/wp-content\/uploads\/2026\/08\/klaipeda-port-southern-expansion-baltic-sea-700x441.jpg 700w\" data-sizes=\"auto\" \/>\n\t\n\n\n\t\t\t\t<\/a>\n\t\t\n\t\n<\/div>\n<\/li>\n\t\t\t\n\t\t\t\n\t\t\t\t\t\t\t\t\t\t\t\t\t\t\t\t\t\t\t\t\t\t\t\t\t\t\t\t\t\t\t\t\t\t\t\t\t\t\t\t\t\t\t\t\t\t\t\t\t\t\t\t\t\t\t\t\t\t\t\t\t\t\t\t\t\t\t\t<\/ul>\n\t<\/div>\n\t<div class=\"fusion-post-content post-content\"><h2 class=\"blog-shortcode-post-title entry-title\"><a href=\"https:\/\/balticwind.eu\/de\/hafen-klaipeda-startet-bauphase-seiner-groessten-erweiterung\/\">Hafen Klaip\u0117da startet Bauphase seiner gr\u00f6\u00dften Erweiterung<\/a><\/h2><p class=\"fusion-single-line-meta\"><a href=\"https:\/\/balticwind.eu\/de\/category\/litauen\/\" rel=\"category tag\">Litauen<\/a>, <a href=\"https:\/\/balticwind.eu\/de\/category\/projekte\/\" rel=\"category tag\">Projekte<\/a>, <a href=\"https:\/\/balticwind.eu\/de\/category\/top-news-de\/\" rel=\"category tag\">Top News<\/a><span class=\"fusion-inline-sep\">|<\/span><\/p><div class=\"fusion-post-content-container\"><p>Im s\u00fcdlichen Teil des Hafens Klaip\u0117da haben die Vorbereitungsarbeiten begonnen. Im Herbst folgt der Bau der Wellenbrecher auf Basis eines Vertrags mit Tilsta \u00fcber 24,5 Millionen Euro.<\/p><\/div><\/div><div class=\"fusion-clearfix\"><\/div><\/article>\n<article id=\"blog-3-post-48121\" class=\"fusion-post-medium-alternate post-48121 post type-post status-publish format-standard has-post-thumbnail hentry category-deutschland category-onshore-wind-aktuell category-projekte\">\n<div class=\"fusion-date-and-formats\"><div class=\"fusion-date-box updated\"><span class=\"fusion-date\">28<\/span><span class=\"fusion-month-year\">08, 2026<\/span><\/div><div class=\"fusion-format-box\"><i class=\"fusion-icon-pen\" aria-hidden=\"true\"><\/i><\/div><\/div>\t<style type=\"text\/css\">\n\t\t\n\t\t\n\t\t\n\t\t\n\t\t\t<\/style>\n\n\n\t\t\t<div class=\"fusion-flexslider flexslider fusion-flexslider-loading fusion-post-slideshow\" style=\"\">\n\t\t<ul class=\"slides\">\n\t\t\t\n\t\t\t\t\t\t\t\t\t\t\t\t\t\t<li>\n\n<div  class=\"fusion-image-wrapper fusion-image-size-fixed\" aria-haspopup=\"true\">\n\t\n\t\n\t\t\t\n\t\t\t\t<a href=\"https:\/\/balticwind.eu\/de\/perigus-energy-uebernimmt-genehmigtes-21-mw-windprojekt-olpe-rehringhausen-von-abo-energy\/\" aria-label=\"Perigus Energy \u00fcbernimmt genehmigtes 21-MW-Windprojekt Olpe-Rehringhausen von ABO Energy\">\n\t\t\n\t\t\n\t\t\t\t\t<img decoding=\"async\" width=\"320\" height=\"202\" src=\"https:\/\/balticwind.eu\/wp-content\/uploads\/2026\/08\/perigus-energy-wind-turbine-olpe-rehringhausen-320x202.jpg\" class=\"attachment-blog-medium size-blog-medium lazyload wp-post-image\" alt=\"\" srcset=\"data:image\/svg+xml,%3Csvg%20xmlns%3D%27http%3A%2F%2Fwww.w3.org%2F2000%2Fsvg%27%20width%3D%272048%27%20height%3D%271364%27%20viewBox%3D%270%200%202048%201364%27%3E%3Crect%20width%3D%272048%27%20height%3D%271364%27%20fill-opacity%3D%220%22%2F%3E%3C%2Fsvg%3E\" data-orig-src=\"https:\/\/balticwind.eu\/wp-content\/uploads\/2026\/08\/perigus-energy-wind-turbine-olpe-rehringhausen-320x202.jpg\" data-srcset=\"https:\/\/balticwind.eu\/wp-content\/uploads\/2026\/08\/perigus-energy-wind-turbine-olpe-rehringhausen-320x202.jpg 320w, https:\/\/balticwind.eu\/wp-content\/uploads\/2026\/08\/perigus-energy-wind-turbine-olpe-rehringhausen-700x441.jpg 700w\" data-sizes=\"auto\" \/>\n\t\n\n\n\t\t\t\t<\/a>\n\t\t\n\t\n<\/div>\n<\/li>\n\t\t\t\n\t\t\t\n\t\t\t\t\t\t\t\t\t\t\t\t\t\t\t\t\t\t\t\t\t\t\t\t\t\t\t\t\t\t\t\t\t\t\t\t\t\t\t\t\t\t\t\t\t\t\t\t\t\t\t\t\t\t\t\t\t\t\t\t\t\t\t\t\t\t\t\t<\/ul>\n\t<\/div>\n\t<div class=\"fusion-post-content post-content\"><h2 class=\"blog-shortcode-post-title entry-title\"><a href=\"https:\/\/balticwind.eu\/de\/perigus-energy-uebernimmt-genehmigtes-21-mw-windprojekt-olpe-rehringhausen-von-abo-energy\/\">Perigus Energy \u00fcbernimmt genehmigtes 21-MW-Windprojekt Olpe-Rehringhausen von ABO Energy<\/a><\/h2><p class=\"fusion-single-line-meta\"><a href=\"https:\/\/balticwind.eu\/de\/category\/deutschland\/\" rel=\"category tag\">Deutschland<\/a>, <a href=\"https:\/\/balticwind.eu\/de\/category\/onshore-wind-aktuell\/\" rel=\"category tag\">Onshore-Wind Aktuell<\/a>, <a href=\"https:\/\/balticwind.eu\/de\/category\/projekte\/\" rel=\"category tag\">Projekte<\/a><span class=\"fusion-inline-sep\">|<\/span><\/p><div class=\"fusion-post-content-container\"><p>Perigus Energy hat die Rechte am 21-MW-Windpark Olpe-Rehringhausen von ABO Energy erworben. Das Projekt mit drei Anlagen wurde im M\u00e4rz 2026 genehmigt.<\/p><\/div><\/div><div class=\"fusion-clearfix\"><\/div><\/article>\n<article id=\"blog-3-post-48103\" class=\"fusion-post-medium-alternate post-48103 post type-post status-publish format-standard has-post-thumbnail hentry category-deutschland category-onshore-wind-aktuell category-projekte\">\n<div class=\"fusion-date-and-formats\"><div class=\"fusion-date-box updated\"><span class=\"fusion-date\">27<\/span><span class=\"fusion-month-year\">08, 2026<\/span><\/div><div class=\"fusion-format-box\"><i class=\"fusion-icon-pen\" aria-hidden=\"true\"><\/i><\/div><\/div>\t<style type=\"text\/css\">\n\t\t\n\t\t\n\t\t\n\t\t\n\t\t\t<\/style>\n\n\n\t\t\t<div class=\"fusion-flexslider flexslider fusion-flexslider-loading fusion-post-slideshow\" style=\"\">\n\t\t<ul class=\"slides\">\n\t\t\t\n\t\t\t\t\t\t\t\t\t\t\t\t\t\t<li>\n\n<div  class=\"fusion-image-wrapper fusion-image-size-fixed\" aria-haspopup=\"true\">\n\t\n\t\n\t\t\t\n\t\t\t\t<a href=\"https:\/\/balticwind.eu\/de\/capcora-fuehrt-verkauf-des-32-gw-projektportfolios-von-sowitec\/\" aria-label=\"Capcora f\u00fchrt Verkauf des 32-GW-Projektportfolios von SOWITEC\">\n\t\t\n\t\t\n\t\t\t\t\t<img decoding=\"async\" width=\"320\" height=\"202\" src=\"https:\/\/balticwind.eu\/wp-content\/uploads\/2026\/08\/capcora-mandated-sale-sowitec-wind-project-portfolio-320x202.jpg\" class=\"attachment-blog-medium size-blog-medium lazyload wp-post-image\" alt=\"\" srcset=\"data:image\/svg+xml,%3Csvg%20xmlns%3D%27http%3A%2F%2Fwww.w3.org%2F2000%2Fsvg%27%20width%3D%272048%27%20height%3D%272048%27%20viewBox%3D%270%200%202048%202048%27%3E%3Crect%20width%3D%272048%27%20height%3D%272048%27%20fill-opacity%3D%220%22%2F%3E%3C%2Fsvg%3E\" data-orig-src=\"https:\/\/balticwind.eu\/wp-content\/uploads\/2026\/08\/capcora-mandated-sale-sowitec-wind-project-portfolio-320x202.jpg\" data-srcset=\"https:\/\/balticwind.eu\/wp-content\/uploads\/2026\/08\/capcora-mandated-sale-sowitec-wind-project-portfolio-320x202.jpg 320w, https:\/\/balticwind.eu\/wp-content\/uploads\/2026\/08\/capcora-mandated-sale-sowitec-wind-project-portfolio-700x441.jpg 700w\" data-sizes=\"auto\" \/>\n\t\n\n\n\t\t\t\t<\/a>\n\t\t\n\t\n<\/div>\n<\/li>\n\t\t\t\n\t\t\t\n\t\t\t\t\t\t\t\t\t\t\t\t\t\t\t\t\t\t\t\t\t\t\t\t\t\t\t\t\t\t\t\t\t\t\t\t\t\t\t\t\t\t\t\t\t\t\t\t\t\t\t\t\t\t\t\t\t\t\t\t\t\t\t\t\t\t\t\t<\/ul>\n\t<\/div>\n\t<div class=\"fusion-post-content post-content\"><h2 class=\"blog-shortcode-post-title entry-title\"><a href=\"https:\/\/balticwind.eu\/de\/capcora-fuehrt-verkauf-des-32-gw-projektportfolios-von-sowitec\/\">Capcora f\u00fchrt Verkauf des 32-GW-Projektportfolios von SOWITEC<\/a><\/h2><p class=\"fusion-single-line-meta\"><a href=\"https:\/\/balticwind.eu\/de\/category\/deutschland\/\" rel=\"category tag\">Deutschland<\/a>, <a href=\"https:\/\/balticwind.eu\/de\/category\/onshore-wind-aktuell\/\" rel=\"category tag\">Onshore-Wind Aktuell<\/a>, <a href=\"https:\/\/balticwind.eu\/de\/category\/projekte\/\" rel=\"category tag\">Projekte<\/a><span class=\"fusion-inline-sep\">|<\/span><\/p><div class=\"fusion-post-content-container\"><p>Die Frankfurter Beratung Capcora steuert den Verkauf von Windprojektrechten der insolventen SOWITEC Gruppe mit rund 32 GW Gesamtleistung, davon etwa 330 MW in Deutschland.<\/p><\/div><\/div><div class=\"fusion-clearfix\"><\/div><\/article>\n<article id=\"blog-3-post-48097\" class=\"fusion-post-medium-alternate post-48097 post type-post status-publish format-standard has-post-thumbnail hentry category-editors-choice-de category-offshore-wind-aktuell category-polen category-projekte\">\n<div class=\"fusion-date-and-formats\"><div class=\"fusion-date-box updated\"><span class=\"fusion-date\">26<\/span><span class=\"fusion-month-year\">08, 2026<\/span><\/div><div class=\"fusion-format-box\"><i class=\"fusion-icon-pen\" aria-hidden=\"true\"><\/i><\/div><\/div>\t<style type=\"text\/css\">\n\t\t\n\t\t\n\t\t\n\t\t\n\t\t\t<\/style>\n\n\n\t\t\t<div class=\"fusion-flexslider flexslider fusion-flexslider-loading fusion-post-slideshow\" style=\"\">\n\t\t<ul class=\"slides\">\n\t\t\t\n\t\t\t\t\t\t\t\t\t\t\t\t\t\t<li>\n\n<div  class=\"fusion-image-wrapper fusion-image-size-fixed\" aria-haspopup=\"true\">\n\t\n\t\n\t\t\t\n\t\t\t\t<a href=\"https:\/\/balticwind.eu\/de\/swinoujscie-und-szczecin-wie-westpommern-zur-industriebasis-der-polnischen-offshore-windkraft-wurde\/\" aria-label=\"\u015awinouj\u015bcie und Szczecin: Wie Westpommern zur Industriebasis der polnischen Offshore-Windkraft wurde\">\n\t\t\n\t\t\n\t\t\t\t\t<img decoding=\"async\" width=\"320\" height=\"202\" src=\"https:\/\/balticwind.eu\/wp-content\/uploads\/2026\/08\/west-pomerania-poland-offshore-wind-industrial-base-320x202.jpg\" class=\"attachment-blog-medium size-blog-medium lazyload wp-post-image\" alt=\"\" srcset=\"data:image\/svg+xml,%3Csvg%20xmlns%3D%27http%3A%2F%2Fwww.w3.org%2F2000%2Fsvg%27%20width%3D%271600%27%20height%3D%27900%27%20viewBox%3D%270%200%201600%20900%27%3E%3Crect%20width%3D%271600%27%20height%3D%27900%27%20fill-opacity%3D%220%22%2F%3E%3C%2Fsvg%3E\" data-orig-src=\"https:\/\/balticwind.eu\/wp-content\/uploads\/2026\/08\/west-pomerania-poland-offshore-wind-industrial-base-320x202.jpg\" data-srcset=\"https:\/\/balticwind.eu\/wp-content\/uploads\/2026\/08\/west-pomerania-poland-offshore-wind-industrial-base-320x202.jpg 320w, https:\/\/balticwind.eu\/wp-content\/uploads\/2026\/08\/west-pomerania-poland-offshore-wind-industrial-base-700x441.jpg 700w\" data-sizes=\"auto\" \/>\n\t\n\n\n\t\t\t\t<\/a>\n\t\t\n\t\n<\/div>\n<\/li>\n\t\t\t\n\t\t\t\n\t\t\t\t\t\t\t\t\t\t\t\t\t\t\t\t\t\t\t\t\t\t\t\t\t\t\t\t\t\t\t\t\t\t\t\t\t\t\t\t\t\t\t\t\t\t\t\t\t\t\t\t\t\t\t\t\t\t\t\t\t\t\t\t\t\t\t\t<\/ul>\n\t<\/div>\n\t<div class=\"fusion-post-content post-content\"><h2 class=\"blog-shortcode-post-title entry-title\"><a href=\"https:\/\/balticwind.eu\/de\/swinoujscie-und-szczecin-wie-westpommern-zur-industriebasis-der-polnischen-offshore-windkraft-wurde\/\">\u015awinouj\u015bcie und Szczecin: Wie Westpommern zur Industriebasis der polnischen Offshore-Windkraft wurde<\/a><\/h2><p class=\"fusion-single-line-meta\"><a href=\"https:\/\/balticwind.eu\/de\/category\/editors-choice-de\/\" rel=\"category tag\">Auswahl der Redaktion<\/a>, <a href=\"https:\/\/balticwind.eu\/de\/category\/offshore-wind-aktuell\/\" rel=\"category tag\">Offshore-Wind Aktuell<\/a>, <a href=\"https:\/\/balticwind.eu\/de\/category\/polen\/\" rel=\"category tag\">Polen<\/a>, <a href=\"https:\/\/balticwind.eu\/de\/category\/projekte\/\" rel=\"category tag\">Projekte<\/a><span class=\"fusion-inline-sep\">|<\/span><\/p><div class=\"fusion-post-content-container\"><p>2,6 GW installierte Leistung, Polens erster Offshore-Installationshafen und \u00fcber 6 GW Projektpipeline in der Ostsee: Westpommern hat die Infrastruktur. Ob daraus eine Industriebasis wird, entscheidet der Local Content.<\/p><\/div><\/div><div class=\"fusion-clearfix\"><\/div><\/article>\n<article id=\"blog-3-post-48073\" class=\"fusion-post-medium-alternate post-48073 post type-post status-publish format-standard has-post-thumbnail hentry category-editors-choice-de category-offshore-wind-aktuell category-polen category-projekte\">\n<div class=\"fusion-date-and-formats\"><div class=\"fusion-date-box updated\"><span class=\"fusion-date\">26<\/span><span class=\"fusion-month-year\">08, 2026<\/span><\/div><div class=\"fusion-format-box\"><i class=\"fusion-icon-pen\" aria-hidden=\"true\"><\/i><\/div><\/div>\t<style type=\"text\/css\">\n\t\t\n\t\t\n\t\t\n\t\t\n\t\t\t<\/style>\n\n\n\t\t\t<div class=\"fusion-flexslider flexslider fusion-flexslider-loading fusion-post-slideshow\" style=\"\">\n\t\t<ul class=\"slides\">\n\t\t\t\n\t\t\t\t\t\t\t\t\t\t\t\t\t\t<li>\n\n<div  class=\"fusion-image-wrapper fusion-image-size-fixed\" aria-haspopup=\"true\">\n\t\n\t\n\t\t\t\n\t\t\t\t<a href=\"https:\/\/balticwind.eu\/de\/von-der-baustelle-zur-daueraufgabe-was-die-betriebsphase-von-baltic-power-fuer-leba-bedeutet\/\" aria-label=\"Von der Baustelle zur Daueraufgabe: Was die Betriebsphase von Baltic Power f\u00fcr \u0141eba bedeutet\">\n\t\t\n\t\t\n\t\t\t\t\t<img decoding=\"async\" width=\"320\" height=\"202\" src=\"https:\/\/balticwind.eu\/wp-content\/uploads\/2026\/08\/baltic-power-offshore-wind-service-vessel-leba-320x202.jpg\" class=\"attachment-blog-medium size-blog-medium lazyload wp-post-image\" alt=\"\" srcset=\"data:image\/svg+xml,%3Csvg%20xmlns%3D%27http%3A%2F%2Fwww.w3.org%2F2000%2Fsvg%27%20width%3D%271600%27%20height%3D%27900%27%20viewBox%3D%270%200%201600%20900%27%3E%3Crect%20width%3D%271600%27%20height%3D%27900%27%20fill-opacity%3D%220%22%2F%3E%3C%2Fsvg%3E\" data-orig-src=\"https:\/\/balticwind.eu\/wp-content\/uploads\/2026\/08\/baltic-power-offshore-wind-service-vessel-leba-320x202.jpg\" data-srcset=\"https:\/\/balticwind.eu\/wp-content\/uploads\/2026\/08\/baltic-power-offshore-wind-service-vessel-leba-320x202.jpg 320w, https:\/\/balticwind.eu\/wp-content\/uploads\/2026\/08\/baltic-power-offshore-wind-service-vessel-leba-700x441.jpg 700w\" data-sizes=\"auto\" \/>\n\t\n\n\n\t\t\t\t<\/a>\n\t\t\n\t\n<\/div>\n<\/li>\n\t\t\t\n\t\t\t\n\t\t\t\t\t\t\t\t\t\t\t\t\t\t\t\t\t\t\t\t\t\t\t\t\t\t\t\t\t\t\t\t\t\t\t\t\t\t\t\t\t\t\t\t\t\t\t\t\t\t\t\t\t\t\t\t\t\t\t\t\t\t\t\t\t\t\t\t<\/ul>\n\t<\/div>\n\t<div class=\"fusion-post-content post-content\"><h2 class=\"blog-shortcode-post-title entry-title\"><a href=\"https:\/\/balticwind.eu\/de\/von-der-baustelle-zur-daueraufgabe-was-die-betriebsphase-von-baltic-power-fuer-leba-bedeutet\/\">Von der Baustelle zur Daueraufgabe: Was die Betriebsphase von Baltic Power f\u00fcr \u0141eba bedeutet<\/a><\/h2><p class=\"fusion-single-line-meta\"><a href=\"https:\/\/balticwind.eu\/de\/category\/editors-choice-de\/\" rel=\"category tag\">Auswahl der Redaktion<\/a>, <a href=\"https:\/\/balticwind.eu\/de\/category\/offshore-wind-aktuell\/\" rel=\"category tag\">Offshore-Wind Aktuell<\/a>, <a href=\"https:\/\/balticwind.eu\/de\/category\/polen\/\" rel=\"category tag\">Polen<\/a>, <a href=\"https:\/\/balticwind.eu\/de\/category\/projekte\/\" rel=\"category tag\">Projekte<\/a><span class=\"fusion-inline-sep\">|<\/span><\/p><div class=\"fusion-post-content-container\"><p>Der Bau von Baltic Power endet in der zweiten H\u00e4lfte 2026, die Basis \u0141eba stellt auf rund 30 Jahre Betrieb um. Offen ist, ob sie Servicebasis eines Parks bleibt oder Ankerpunkt eines baltischen O&amp;M-Clusters wird.<\/p><\/div><\/div><div class=\"fusion-clearfix\"><\/div><\/article>\n<article id=\"blog-3-post-48043\" class=\"fusion-post-medium-alternate post-48043 post type-post status-publish format-standard has-post-thumbnail hentry category-onshore-wind-aktuell category-projekte\">\n<div class=\"fusion-date-and-formats\"><div class=\"fusion-date-box updated\"><span class=\"fusion-date\">24<\/span><span class=\"fusion-month-year\">08, 2026<\/span><\/div><div class=\"fusion-format-box\"><i class=\"fusion-icon-pen\" aria-hidden=\"true\"><\/i><\/div><\/div>\t<style type=\"text\/css\">\n\t\t\n\t\t\n\t\t\n\t\t\n\t\t\t<\/style>\n\n\n\t\t\t<div class=\"fusion-flexslider flexslider fusion-flexslider-loading fusion-post-slideshow\" style=\"\">\n\t\t<ul class=\"slides\">\n\t\t\t\n\t\t\t\t\t\t\t\t\t\t\t\t\t\t<li>\n\n<div  class=\"fusion-image-wrapper fusion-image-size-fixed\" aria-haspopup=\"true\">\n\t\n\t\n\t\t\t\n\t\t\t\t<a href=\"https:\/\/balticwind.eu\/de\/scatec-steigt-in-rumaeniens-onshore-windkraft-ein-erzeugung-plus-21-prozent\/\" aria-label=\"Scatec steigt in Rum\u00e4niens Onshore-Windkraft ein \u2013 Erzeugung plus 21 Prozent\">\n\t\t\n\t\t\n\t\t\t\t\t<img decoding=\"async\" width=\"320\" height=\"202\" src=\"https:\/\/balticwind.eu\/wp-content\/uploads\/2026\/08\/scatec-enters-romanian-onshore-wind-q2-output-up-21-percent-320x202.jpg\" class=\"attachment-blog-medium size-blog-medium lazyload wp-post-image\" alt=\"\" srcset=\"data:image\/svg+xml,%3Csvg%20xmlns%3D%27http%3A%2F%2Fwww.w3.org%2F2000%2Fsvg%27%20width%3D%271600%27%20height%3D%27900%27%20viewBox%3D%270%200%201600%20900%27%3E%3Crect%20width%3D%271600%27%20height%3D%27900%27%20fill-opacity%3D%220%22%2F%3E%3C%2Fsvg%3E\" data-orig-src=\"https:\/\/balticwind.eu\/wp-content\/uploads\/2026\/08\/scatec-enters-romanian-onshore-wind-q2-output-up-21-percent-320x202.jpg\" data-srcset=\"https:\/\/balticwind.eu\/wp-content\/uploads\/2026\/08\/scatec-enters-romanian-onshore-wind-q2-output-up-21-percent-320x202.jpg 320w, https:\/\/balticwind.eu\/wp-content\/uploads\/2026\/08\/scatec-enters-romanian-onshore-wind-q2-output-up-21-percent-700x441.jpg 700w\" data-sizes=\"auto\" \/>\n\t\n\n\n\t\t\t\t<\/a>\n\t\t\n\t\n<\/div>\n<\/li>\n\t\t\t\n\t\t\t\n\t\t\t\t\t\t\t\t\t\t\t\t\t\t\t\t\t\t\t\t\t\t\t\t\t\t\t\t\t\t\t\t\t\t\t\t\t\t\t\t\t\t\t\t\t\t\t\t\t\t\t\t\t\t\t\t\t\t\t\t\t\t\t\t\t\t\t\t<\/ul>\n\t<\/div>\n\t<div class=\"fusion-post-content post-content\"><h2 class=\"blog-shortcode-post-title entry-title\"><a href=\"https:\/\/balticwind.eu\/de\/scatec-steigt-in-rumaeniens-onshore-windkraft-ein-erzeugung-plus-21-prozent\/\">Scatec steigt in Rum\u00e4niens Onshore-Windkraft ein \u2013 Erzeugung plus 21 Prozent<\/a><\/h2><p class=\"fusion-single-line-meta\"><a href=\"https:\/\/balticwind.eu\/de\/category\/onshore-wind-aktuell\/\" rel=\"category tag\">Onshore-Wind Aktuell<\/a>, <a href=\"https:\/\/balticwind.eu\/de\/category\/projekte\/\" rel=\"category tag\">Projekte<\/a><span class=\"fusion-inline-sep\">|<\/span><\/p><div class=\"fusion-post-content-container\"><p>Scatec steigt in Rum\u00e4niens Onshore-Wind ein, erweitert sein solargepr\u00e4gtes Portfolio und meldet eine um 21 Prozent gestiegene Quartalserzeugung.<\/p><\/div><\/div><div class=\"fusion-clearfix\"><\/div><\/article>\n<article id=\"blog-3-post-47995\" class=\"fusion-post-medium-alternate post-47995 post type-post status-publish format-standard has-post-thumbnail hentry category-deutschland category-offshore-wind-aktuell category-projekte\">\n<div class=\"fusion-date-and-formats\"><div class=\"fusion-date-box updated\"><span class=\"fusion-date\">24<\/span><span class=\"fusion-month-year\">08, 2026<\/span><\/div><div class=\"fusion-format-box\"><i class=\"fusion-icon-pen\" aria-hidden=\"true\"><\/i><\/div><\/div>\t<style type=\"text\/css\">\n\t\t\n\t\t\n\t\t\n\t\t\n\t\t\t<\/style>\n\n\n\t\t\t<div class=\"fusion-flexslider flexslider fusion-flexslider-loading fusion-post-slideshow\" style=\"\">\n\t\t<ul class=\"slides\">\n\t\t\t\n\t\t\t\t\t\t\t\t\t\t\t\t\t\t<li>\n\n<div  class=\"fusion-image-wrapper fusion-image-size-fixed\" aria-haspopup=\"true\">\n\t\n\t\n\t\t\t\n\t\t\t\t<a href=\"https:\/\/balticwind.eu\/de\/enbw-schliesst-turbineninstallation-im-groessten-deutschen-offshore-windpark-ab\/\" aria-label=\"EnBW schlie\u00dft Turbineninstallation im gr\u00f6\u00dften deutschen Offshore-Windpark ab\">\n\t\t\n\t\t\n\t\t\t\t\t<img decoding=\"async\" width=\"320\" height=\"202\" src=\"https:\/\/balticwind.eu\/wp-content\/uploads\/2026\/08\/enbw-he-dreiht-all-64-turbines-installed-germany-largest-offshore-320x202.jpg\" class=\"attachment-blog-medium size-blog-medium lazyload wp-post-image\" alt=\"\" srcset=\"data:image\/svg+xml,%3Csvg%20xmlns%3D%27http%3A%2F%2Fwww.w3.org%2F2000%2Fsvg%27%20width%3D%271600%27%20height%3D%27900%27%20viewBox%3D%270%200%201600%20900%27%3E%3Crect%20width%3D%271600%27%20height%3D%27900%27%20fill-opacity%3D%220%22%2F%3E%3C%2Fsvg%3E\" data-orig-src=\"https:\/\/balticwind.eu\/wp-content\/uploads\/2026\/08\/enbw-he-dreiht-all-64-turbines-installed-germany-largest-offshore-320x202.jpg\" data-srcset=\"https:\/\/balticwind.eu\/wp-content\/uploads\/2026\/08\/enbw-he-dreiht-all-64-turbines-installed-germany-largest-offshore-320x202.jpg 320w, https:\/\/balticwind.eu\/wp-content\/uploads\/2026\/08\/enbw-he-dreiht-all-64-turbines-installed-germany-largest-offshore-700x441.jpg 700w\" data-sizes=\"auto\" \/>\n\t\n\n\n\t\t\t\t<\/a>\n\t\t\n\t\n<\/div>\n<\/li>\n\t\t\t\n\t\t\t\n\t\t\t\t\t\t\t\t\t\t\t\t\t\t\t\t\t\t\t\t\t\t\t\t\t\t\t\t\t\t\t\t\t\t\t\t\t\t\t\t\t\t\t\t\t\t\t\t\t\t\t\t\t\t\t\t\t\t\t\t\t\t\t\t\t\t\t\t<\/ul>\n\t<\/div>\n\t<div class=\"fusion-post-content post-content\"><h2 class=\"blog-shortcode-post-title entry-title\"><a href=\"https:\/\/balticwind.eu\/de\/enbw-schliesst-turbineninstallation-im-groessten-deutschen-offshore-windpark-ab\/\">EnBW schlie\u00dft Turbineninstallation im gr\u00f6\u00dften deutschen Offshore-Windpark ab<\/a><\/h2><p class=\"fusion-single-line-meta\"><a href=\"https:\/\/balticwind.eu\/de\/category\/deutschland\/\" rel=\"category tag\">Deutschland<\/a>, <a href=\"https:\/\/balticwind.eu\/de\/category\/offshore-wind-aktuell\/\" rel=\"category tag\">Offshore-Wind Aktuell<\/a>, <a href=\"https:\/\/balticwind.eu\/de\/category\/projekte\/\" rel=\"category tag\">Projekte<\/a><span class=\"fusion-inline-sep\">|<\/span><\/p><div class=\"fusion-post-content-container\"><p>Alle 64 Vestas-15-MW-Anlagen im 960-MW-Park He Dreiht sind installiert \u2014 Deutschlands gr\u00f6\u00dfter Offshore-Windpark, f\u00f6rderfrei und \u00fcber Unternehmens-PPAs abgesichert.<\/p><\/div><\/div><div class=\"fusion-clearfix\"><\/div><\/article>\n<article id=\"blog-3-post-47983\" class=\"fusion-post-medium-alternate post-47983 post type-post status-publish format-standard has-post-thumbnail hentry category-offshore-wind-aktuell category-polen category-projekte\">\n<div class=\"fusion-date-and-formats\"><div class=\"fusion-date-box updated\"><span class=\"fusion-date\">24<\/span><span class=\"fusion-month-year\">08, 2026<\/span><\/div><div class=\"fusion-format-box\"><i class=\"fusion-icon-pen\" aria-hidden=\"true\"><\/i><\/div><\/div>\t<style type=\"text\/css\">\n\t\t\n\t\t\n\t\t\n\t\t\n\t\t\t<\/style>\n\n\n\t\t\t<div class=\"fusion-flexslider flexslider fusion-flexslider-loading fusion-post-slideshow\" style=\"\">\n\t\t<ul class=\"slides\">\n\t\t\t\n\t\t\t\t\t\t\t\t\t\t\t\t\t\t<li>\n\n<div  class=\"fusion-image-wrapper fusion-image-size-fixed\" aria-haspopup=\"true\">\n\t\n\t\n\t\t\t\n\t\t\t\t<a href=\"https:\/\/balticwind.eu\/de\/baltica-2-wendet-sich-dem-sekundaerstahl-zu-ueber-400-bauteile-folgen-den-fundamenten\/\" aria-label=\"Baltica 2 wendet sich dem Sekund\u00e4rstahl zu: \u00dcber 400 Bauteile folgen den Fundamenten\">\n\t\t\n\t\t\n\t\t\t\t\t<img decoding=\"async\" width=\"320\" height=\"202\" src=\"https:\/\/balticwind.eu\/wp-content\/uploads\/2026\/08\/baltica-2-secondary-steel-400-components-polish-manufacturing-320x202.jpg\" class=\"attachment-blog-medium size-blog-medium lazyload wp-post-image\" alt=\"\" srcset=\"data:image\/svg+xml,%3Csvg%20xmlns%3D%27http%3A%2F%2Fwww.w3.org%2F2000%2Fsvg%27%20width%3D%272560%27%20height%3D%271681%27%20viewBox%3D%270%200%202560%201681%27%3E%3Crect%20width%3D%272560%27%20height%3D%271681%27%20fill-opacity%3D%220%22%2F%3E%3C%2Fsvg%3E\" data-orig-src=\"https:\/\/balticwind.eu\/wp-content\/uploads\/2026\/08\/baltica-2-secondary-steel-400-components-polish-manufacturing-320x202.jpg\" data-srcset=\"https:\/\/balticwind.eu\/wp-content\/uploads\/2026\/08\/baltica-2-secondary-steel-400-components-polish-manufacturing-320x202.jpg 320w, https:\/\/balticwind.eu\/wp-content\/uploads\/2026\/08\/baltica-2-secondary-steel-400-components-polish-manufacturing-700x441.jpg 700w\" data-sizes=\"auto\" \/>\n\t\n\n\n\t\t\t\t<\/a>\n\t\t\n\t\n<\/div>\n<\/li>\n\t\t\t\n\t\t\t\n\t\t\t\t\t\t\t\t\t\t\t\t\t\t\t\t\t\t\t\t\t\t\t\t\t\t\t\t\t\t\t\t\t\t\t\t\t\t\t\t\t\t\t\t\t\t\t\t\t\t\t\t\t\t\t\t\t\t\t\t\t\t\t\t\t\t\t\t<\/ul>\n\t<\/div>\n\t<div class=\"fusion-post-content post-content\"><h2 class=\"blog-shortcode-post-title entry-title\"><a href=\"https:\/\/balticwind.eu\/de\/baltica-2-wendet-sich-dem-sekundaerstahl-zu-ueber-400-bauteile-folgen-den-fundamenten\/\">Baltica 2 wendet sich dem Sekund\u00e4rstahl zu: \u00dcber 400 Bauteile folgen den Fundamenten<\/a><\/h2><p class=\"fusion-single-line-meta\"><a href=\"https:\/\/balticwind.eu\/de\/category\/offshore-wind-aktuell\/\" rel=\"category tag\">Offshore-Wind Aktuell<\/a>, <a href=\"https:\/\/balticwind.eu\/de\/category\/polen\/\" rel=\"category tag\">Polen<\/a>, <a href=\"https:\/\/balticwind.eu\/de\/category\/projekte\/\" rel=\"category tag\">Projekte<\/a><span class=\"fusion-inline-sep\">|<\/span><\/p><div class=\"fusion-post-content-container\"><p>Nach 111 Fundamenten bei Baltica 2 folgen \u00fcber 400 Sekund\u00e4rstahlbauteile \u2014 rund 75 Prozent aus polnischer Fertigung \u2014 in Arbeiten bis Ende 2026.<\/p><\/div><\/div><div class=\"fusion-clearfix\"><\/div><\/article>\n<article id=\"blog-3-post-47947\" class=\"fusion-post-medium-alternate post-47947 post type-post status-publish format-standard has-post-thumbnail hentry category-deutschland category-onshore-wind-aktuell category-projekte\">\n<div class=\"fusion-date-and-formats\"><div class=\"fusion-date-box updated\"><span class=\"fusion-date\">24<\/span><span class=\"fusion-month-year\">08, 2026<\/span><\/div><div class=\"fusion-format-box\"><i class=\"fusion-icon-pen\" aria-hidden=\"true\"><\/i><\/div><\/div>\t<style type=\"text\/css\">\n\t\t\n\t\t\n\t\t\n\t\t\n\t\t\t<\/style>\n\n\n\t\t\t<div class=\"fusion-flexslider flexslider fusion-flexslider-loading fusion-post-slideshow\" style=\"\">\n\t\t<ul class=\"slides\">\n\t\t\t\n\t\t\t\t\t\t\t\t\t\t\t\t\t\t<li>\n\n<div  class=\"fusion-image-wrapper fusion-image-size-fixed\" aria-haspopup=\"true\">\n\t\n\t\n\t\t\t\n\t\t\t\t<a href=\"https:\/\/balticwind.eu\/de\/eurowind-energy-erwirbt-zwei-genehmigte-windparks-mit-867-mw-in-deutschland\/\" aria-label=\"Eurowind Energy erwirbt zwei genehmigte Windparks mit 86,7 MW in Deutschland\">\n\t\t\n\t\t\n\t\t\t\t\t<img decoding=\"async\" width=\"320\" height=\"202\" src=\"https:\/\/balticwind.eu\/wp-content\/uploads\/2026\/08\/eurowind-energy-acquires-86-7-mw-permitted-german-wind-farms-320x202.jpg\" class=\"attachment-blog-medium size-blog-medium lazyload wp-post-image\" alt=\"\" srcset=\"data:image\/svg+xml,%3Csvg%20xmlns%3D%27http%3A%2F%2Fwww.w3.org%2F2000%2Fsvg%27%20width%3D%271600%27%20height%3D%271200%27%20viewBox%3D%270%200%201600%201200%27%3E%3Crect%20width%3D%271600%27%20height%3D%271200%27%20fill-opacity%3D%220%22%2F%3E%3C%2Fsvg%3E\" data-orig-src=\"https:\/\/balticwind.eu\/wp-content\/uploads\/2026\/08\/eurowind-energy-acquires-86-7-mw-permitted-german-wind-farms-320x202.jpg\" data-srcset=\"https:\/\/balticwind.eu\/wp-content\/uploads\/2026\/08\/eurowind-energy-acquires-86-7-mw-permitted-german-wind-farms-320x202.jpg 320w, https:\/\/balticwind.eu\/wp-content\/uploads\/2026\/08\/eurowind-energy-acquires-86-7-mw-permitted-german-wind-farms-700x441.jpg 700w\" data-sizes=\"auto\" \/>\n\t\n\n\n\t\t\t\t<\/a>\n\t\t\n\t\n<\/div>\n<\/li>\n\t\t\t\n\t\t\t\n\t\t\t\t\t\t\t\t\t\t\t\t\t\t\t\t\t\t\t\t\t\t\t\t\t\t\t\t\t\t\t\t\t\t\t\t\t\t\t\t\t\t\t\t\t\t\t\t\t\t\t\t\t\t\t\t\t\t\t\t\t\t\t\t\t\t\t\t<\/ul>\n\t<\/div>\n\t<div class=\"fusion-post-content post-content\"><h2 class=\"blog-shortcode-post-title entry-title\"><a href=\"https:\/\/balticwind.eu\/de\/eurowind-energy-erwirbt-zwei-genehmigte-windparks-mit-867-mw-in-deutschland\/\">Eurowind Energy erwirbt zwei genehmigte Windparks mit 86,7 MW in Deutschland<\/a><\/h2><p class=\"fusion-single-line-meta\"><a href=\"https:\/\/balticwind.eu\/de\/category\/deutschland\/\" rel=\"category tag\">Deutschland<\/a>, <a href=\"https:\/\/balticwind.eu\/de\/category\/onshore-wind-aktuell\/\" rel=\"category tag\">Onshore-Wind Aktuell<\/a>, <a href=\"https:\/\/balticwind.eu\/de\/category\/projekte\/\" rel=\"category tag\">Projekte<\/a><span class=\"fusion-inline-sep\">|<\/span><\/p><div class=\"fusion-post-content-container\"><p>Eurowind Energy hat zwei genehmigte Onshore-Windprojekte in Brandenburg und Mecklenburg-Vorpommern mit zusammen 86,7 MW und dreizehn Anlagen erworben.<\/p><\/div><\/div><div class=\"fusion-clearfix\"><\/div><\/article>\n<article id=\"blog-3-post-47923\" class=\"fusion-post-medium-alternate post-47923 post type-post status-publish format-standard has-post-thumbnail hentry category-offshore-wind-aktuell category-polen category-projekte\">\n<div class=\"fusion-date-and-formats\"><div class=\"fusion-date-box updated\"><span class=\"fusion-date\">24<\/span><span class=\"fusion-month-year\">08, 2026<\/span><\/div><div class=\"fusion-format-box\"><i class=\"fusion-icon-pen\" aria-hidden=\"true\"><\/i><\/div><\/div>\t<style type=\"text\/css\">\n\t\t\n\t\t\n\t\t\n\t\t\n\t\t\t<\/style>\n\n\n\t\t\t<div class=\"fusion-flexslider flexslider fusion-flexslider-loading fusion-post-slideshow\" style=\"\">\n\t\t<ul class=\"slides\">\n\t\t\t\n\t\t\t\t\t\t\t\t\t\t\t\t\t\t<li>\n\n<div  class=\"fusion-image-wrapper fusion-image-size-fixed\" aria-haspopup=\"true\">\n\t\n\t\n\t\t\t\n\t\t\t\t<a href=\"https:\/\/balticwind.eu\/de\/baltica-2-monopile-kampagne-mit-allen-111-fundamenten-abgeschlossen\/\" aria-label=\"Baltica 2: Monopile-Kampagne mit allen 111 Fundamenten abgeschlossen\">\n\t\t\n\t\t\n\t\t\t\t\t<img decoding=\"async\" width=\"320\" height=\"202\" src=\"https:\/\/balticwind.eu\/wp-content\/uploads\/2026\/08\/baltica-2-monopile-campaign-complete-111-foundations-320x202.jpg\" class=\"attachment-blog-medium size-blog-medium lazyload wp-post-image\" alt=\"\" srcset=\"data:image\/svg+xml,%3Csvg%20xmlns%3D%27http%3A%2F%2Fwww.w3.org%2F2000%2Fsvg%27%20width%3D%271600%27%20height%3D%27900%27%20viewBox%3D%270%200%201600%20900%27%3E%3Crect%20width%3D%271600%27%20height%3D%27900%27%20fill-opacity%3D%220%22%2F%3E%3C%2Fsvg%3E\" data-orig-src=\"https:\/\/balticwind.eu\/wp-content\/uploads\/2026\/08\/baltica-2-monopile-campaign-complete-111-foundations-320x202.jpg\" data-srcset=\"https:\/\/balticwind.eu\/wp-content\/uploads\/2026\/08\/baltica-2-monopile-campaign-complete-111-foundations-320x202.jpg 320w, https:\/\/balticwind.eu\/wp-content\/uploads\/2026\/08\/baltica-2-monopile-campaign-complete-111-foundations-700x441.jpg 700w\" data-sizes=\"auto\" \/>\n\t\n\n\n\t\t\t\t<\/a>\n\t\t\n\t\n<\/div>\n<\/li>\n\t\t\t\n\t\t\t\n\t\t\t\t\t\t\t\t\t\t\t\t\t\t\t\t\t\t\t\t\t\t\t\t\t\t\t\t\t\t\t\t\t\t\t\t\t\t\t\t\t\t\t\t\t\t\t\t\t\t\t\t\t\t\t\t\t\t\t\t\t\t\t\t\t\t\t\t<\/ul>\n\t<\/div>\n\t<div class=\"fusion-post-content post-content\"><h2 class=\"blog-shortcode-post-title entry-title\"><a href=\"https:\/\/balticwind.eu\/de\/baltica-2-monopile-kampagne-mit-allen-111-fundamenten-abgeschlossen\/\">Baltica 2: Monopile-Kampagne mit allen 111 Fundamenten abgeschlossen<\/a><\/h2><p class=\"fusion-single-line-meta\"><a href=\"https:\/\/balticwind.eu\/de\/category\/offshore-wind-aktuell\/\" rel=\"category tag\">Offshore-Wind Aktuell<\/a>, <a href=\"https:\/\/balticwind.eu\/de\/category\/polen\/\" rel=\"category tag\">Polen<\/a>, <a href=\"https:\/\/balticwind.eu\/de\/category\/projekte\/\" rel=\"category tag\">Projekte<\/a><span class=\"fusion-inline-sep\">|<\/span><\/p><div class=\"fusion-post-content-container\"><p>PGE und \u00d8rsted haben alle 111 Monopile-Fundamente des 1,5-GW-Windparks Baltica 2 planm\u00e4\u00dfig installiert. Der Sekund\u00e4rstahl folgt bis Ende 2026, die Turbinen 2027.<\/p><\/div><\/div><div class=\"fusion-clearfix\"><\/div><\/article>\n<article id=\"blog-3-post-47911\" class=\"fusion-post-medium-alternate post-47911 post type-post status-publish format-standard has-post-thumbnail hentry category-offshore-wind-aktuell category-projekte\">\n<div class=\"fusion-date-and-formats\"><div class=\"fusion-date-box updated\"><span class=\"fusion-date\">24<\/span><span class=\"fusion-month-year\">08, 2026<\/span><\/div><div class=\"fusion-format-box\"><i class=\"fusion-icon-pen\" aria-hidden=\"true\"><\/i><\/div><\/div>\t<style type=\"text\/css\">\n\t\t\n\t\t\n\t\t\n\t\t\n\t\t\t<\/style>\n\n\n\t\t\t<div class=\"fusion-flexslider flexslider fusion-flexslider-loading fusion-post-slideshow\" style=\"\">\n\t\t<ul class=\"slides\">\n\t\t\t\n\t\t\t\t\t\t\t\t\t\t\t\t\t\t<li>\n\n<div  class=\"fusion-image-wrapper fusion-image-size-fixed\" aria-haspopup=\"true\">\n\t\n\t\n\t\t\t\n\t\t\t\t<a href=\"https:\/\/balticwind.eu\/de\/frankreich-stellt-58-millionen-euro-fuer-brest-als-montagedrehkreuz-fuer-schwimmende-windkraft-bereit\/\" aria-label=\"Frankreich stellt 58 Millionen Euro f\u00fcr Brest als Montagedrehkreuz f\u00fcr schwimmende Windkraft bereit\">\n\t\t\n\t\t\n\t\t\t\t\t<img decoding=\"async\" width=\"320\" height=\"202\" src=\"https:\/\/balticwind.eu\/wp-content\/uploads\/2026\/08\/france-58-million-brest-floating-wind-assembly-hub-320x202.jpg\" class=\"attachment-blog-medium size-blog-medium lazyload wp-post-image\" alt=\"\" srcset=\"data:image\/svg+xml,%3Csvg%20xmlns%3D%27http%3A%2F%2Fwww.w3.org%2F2000%2Fsvg%27%20width%3D%271600%27%20height%3D%27900%27%20viewBox%3D%270%200%201600%20900%27%3E%3Crect%20width%3D%271600%27%20height%3D%27900%27%20fill-opacity%3D%220%22%2F%3E%3C%2Fsvg%3E\" data-orig-src=\"https:\/\/balticwind.eu\/wp-content\/uploads\/2026\/08\/france-58-million-brest-floating-wind-assembly-hub-320x202.jpg\" data-srcset=\"https:\/\/balticwind.eu\/wp-content\/uploads\/2026\/08\/france-58-million-brest-floating-wind-assembly-hub-320x202.jpg 320w, https:\/\/balticwind.eu\/wp-content\/uploads\/2026\/08\/france-58-million-brest-floating-wind-assembly-hub-700x441.jpg 700w\" data-sizes=\"auto\" \/>\n\t\n\n\n\t\t\t\t<\/a>\n\t\t\n\t\n<\/div>\n<\/li>\n\t\t\t\n\t\t\t\n\t\t\t\t\t\t\t\t\t\t\t\t\t\t\t\t\t\t\t\t\t\t\t\t\t\t\t\t\t\t\t\t\t\t\t\t\t\t\t\t\t\t\t\t\t\t\t\t\t\t\t\t\t\t\t\t\t\t\t\t\t\t\t\t\t\t\t\t<\/ul>\n\t<\/div>\n\t<div class=\"fusion-post-content post-content\"><h2 class=\"blog-shortcode-post-title entry-title\"><a href=\"https:\/\/balticwind.eu\/de\/frankreich-stellt-58-millionen-euro-fuer-brest-als-montagedrehkreuz-fuer-schwimmende-windkraft-bereit\/\">Frankreich stellt 58 Millionen Euro f\u00fcr Brest als Montagedrehkreuz f\u00fcr schwimmende Windkraft bereit<\/a><\/h2><p class=\"fusion-single-line-meta\"><a href=\"https:\/\/balticwind.eu\/de\/category\/offshore-wind-aktuell\/\" rel=\"category tag\">Offshore-Wind Aktuell<\/a>, <a href=\"https:\/\/balticwind.eu\/de\/category\/projekte\/\" rel=\"category tag\">Projekte<\/a><span class=\"fusion-inline-sep\">|<\/span><\/p><div class=\"fusion-post-content-container\"><p>BrestPort erh\u00e4lt \u00fcber 58 Millionen Euro aus France 2030 f\u00fcr den Umbau seines Terminals zur Montage schwimmender Windkraftanlagen; Lorient \u00fcbernimmt Verankerungslogistik und Wartung.<\/p><\/div><\/div><div class=\"fusion-clearfix\"><\/div><\/article>\n<article id=\"blog-3-post-47905\" class=\"fusion-post-medium-alternate post-47905 post type-post status-publish format-standard has-post-thumbnail hentry category-offshore-wind-aktuell category-projekte\">\n<div class=\"fusion-date-and-formats\"><div class=\"fusion-date-box updated\"><span class=\"fusion-date\">24<\/span><span class=\"fusion-month-year\">08, 2026<\/span><\/div><div class=\"fusion-format-box\"><i class=\"fusion-icon-pen\" aria-hidden=\"true\"><\/i><\/div><\/div>\t<style type=\"text\/css\">\n\t\t\n\t\t\n\t\t\n\t\t\n\t\t\t<\/style>\n\n\n\t\t\t<div class=\"fusion-flexslider flexslider fusion-flexslider-loading fusion-post-slideshow\" style=\"\">\n\t\t<ul class=\"slides\">\n\t\t\t\n\t\t\t\t\t\t\t\t\t\t\t\t\t\t<li>\n\n<div  class=\"fusion-image-wrapper fusion-image-size-fixed\" aria-haspopup=\"true\">\n\t\n\t\n\t\t\t\n\t\t\t\t<a href=\"https:\/\/balticwind.eu\/de\/fundamentarbeiten-fuer-die-energieinsel-princess-elisabeth-abgeschlossen\/\" aria-label=\"Fundamentarbeiten f\u00fcr die Energieinsel Princess Elisabeth abgeschlossen\">\n\t\t\n\t\t\n\t\t\t\t\t<img decoding=\"async\" width=\"320\" height=\"202\" src=\"https:\/\/balticwind.eu\/wp-content\/uploads\/2026\/08\/princess-elisabeth-island-foundations-complete-final-caisson-320x202.jpg\" class=\"attachment-blog-medium size-blog-medium lazyload wp-post-image\" alt=\"\" srcset=\"data:image\/svg+xml,%3Csvg%20xmlns%3D%27http%3A%2F%2Fwww.w3.org%2F2000%2Fsvg%27%20width%3D%271600%27%20height%3D%27900%27%20viewBox%3D%270%200%201600%20900%27%3E%3Crect%20width%3D%271600%27%20height%3D%27900%27%20fill-opacity%3D%220%22%2F%3E%3C%2Fsvg%3E\" data-orig-src=\"https:\/\/balticwind.eu\/wp-content\/uploads\/2026\/08\/princess-elisabeth-island-foundations-complete-final-caisson-320x202.jpg\" data-srcset=\"https:\/\/balticwind.eu\/wp-content\/uploads\/2026\/08\/princess-elisabeth-island-foundations-complete-final-caisson-320x202.jpg 320w, https:\/\/balticwind.eu\/wp-content\/uploads\/2026\/08\/princess-elisabeth-island-foundations-complete-final-caisson-700x441.jpg 700w\" data-sizes=\"auto\" \/>\n\t\n\n\n\t\t\t\t<\/a>\n\t\t\n\t\n<\/div>\n<\/li>\n\t\t\t\n\t\t\t\n\t\t\t\t\t\t\t\t\t\t\t\t\t\t\t\t\t\t\t\t\t\t\t\t\t\t\t\t\t\t\t\t\t\t\t\t\t\t\t\t\t\t\t\t\t\t\t\t\t\t\t\t\t\t\t\t\t\t\t\t\t\t\t\t\t\t\t\t<\/ul>\n\t<\/div>\n\t<div class=\"fusion-post-content post-content\"><h2 class=\"blog-shortcode-post-title entry-title\"><a href=\"https:\/\/balticwind.eu\/de\/fundamentarbeiten-fuer-die-energieinsel-princess-elisabeth-abgeschlossen\/\">Fundamentarbeiten f\u00fcr die Energieinsel Princess Elisabeth abgeschlossen<\/a><\/h2><p class=\"fusion-single-line-meta\"><a href=\"https:\/\/balticwind.eu\/de\/category\/offshore-wind-aktuell\/\" rel=\"category tag\">Offshore-Wind Aktuell<\/a>, <a href=\"https:\/\/balticwind.eu\/de\/category\/projekte\/\" rel=\"category tag\">Projekte<\/a><span class=\"fusion-inline-sep\">|<\/span><\/p><div class=\"fusion-post-content-container\"><p>Das 23. und letzte Caisson der Energieinsel Princess Elisabeth vor Belgien ist gesetzt, die Fundamentarbeiten sind abgeschlossen. Kabelanbindungen folgen 2027\u20132028, die Fertigstellung 2031.<\/p><\/div><\/div><div class=\"fusion-clearfix\"><\/div><\/article>\n<article id=\"blog-3-post-47881\" class=\"fusion-post-medium-alternate post-47881 post type-post status-publish format-standard has-post-thumbnail hentry category-deutschland category-onshore-wind-aktuell category-projekte\">\n<div class=\"fusion-date-and-formats\"><div class=\"fusion-date-box updated\"><span class=\"fusion-date\">14<\/span><span class=\"fusion-month-year\">08, 2026<\/span><\/div><div class=\"fusion-format-box\"><i class=\"fusion-icon-pen\" aria-hidden=\"true\"><\/i><\/div><\/div>\t<style type=\"text\/css\">\n\t\t\n\t\t\n\t\t\n\t\t\n\t\t\t<\/style>\n\n\n\t\t\t<div class=\"fusion-flexslider flexslider fusion-flexslider-loading fusion-post-slideshow\" style=\"\">\n\t\t<ul class=\"slides\">\n\t\t\t\n\t\t\t\t\t\t\t\t\t\t\t\t\t\t<li>\n\n<div  class=\"fusion-image-wrapper fusion-image-size-fixed\" aria-haspopup=\"true\">\n\t\n\t\n\t\t\t\n\t\t\t\t<a href=\"https:\/\/balticwind.eu\/de\/nordex-liefert-82-mw-fuer-buergerwindprojekte-in-niedersachsen\/\" aria-label=\"Nordex liefert 82 MW f\u00fcr B\u00fcrgerwindprojekte in Niedersachsen\">\n\t\t\n\t\t\n\t\t\t\t\t<img decoding=\"async\" width=\"320\" height=\"202\" src=\"https:\/\/balticwind.eu\/wp-content\/uploads\/2026\/08\/nordex-82-mw-community-wind-orders-lower-saxony-320x202.jpg\" class=\"attachment-blog-medium size-blog-medium lazyload wp-post-image\" alt=\"\" srcset=\"data:image\/svg+xml,%3Csvg%20xmlns%3D%27http%3A%2F%2Fwww.w3.org%2F2000%2Fsvg%27%20width%3D%272560%27%20height%3D%271705%27%20viewBox%3D%270%200%202560%201705%27%3E%3Crect%20width%3D%272560%27%20height%3D%271705%27%20fill-opacity%3D%220%22%2F%3E%3C%2Fsvg%3E\" data-orig-src=\"https:\/\/balticwind.eu\/wp-content\/uploads\/2026\/08\/nordex-82-mw-community-wind-orders-lower-saxony-320x202.jpg\" data-srcset=\"https:\/\/balticwind.eu\/wp-content\/uploads\/2026\/08\/nordex-82-mw-community-wind-orders-lower-saxony-320x202.jpg 320w, https:\/\/balticwind.eu\/wp-content\/uploads\/2026\/08\/nordex-82-mw-community-wind-orders-lower-saxony-700x441.jpg 700w\" data-sizes=\"auto\" \/>\n\t\n\n\n\t\t\t\t<\/a>\n\t\t\n\t\n<\/div>\n<\/li>\n\t\t\t\n\t\t\t\n\t\t\t\t\t\t\t\t\t\t\t\t\t\t\t\t\t\t\t\t\t\t\t\t\t\t\t\t\t\t\t\t\t\t\t\t\t\t\t\t\t\t\t\t\t\t\t\t\t\t\t\t\t\t\t\t\t\t\t\t\t\t\t\t\t\t\t\t<\/ul>\n\t<\/div>\n\t<div class=\"fusion-post-content post-content\"><h2 class=\"blog-shortcode-post-title entry-title\"><a href=\"https:\/\/balticwind.eu\/de\/nordex-liefert-82-mw-fuer-buergerwindprojekte-in-niedersachsen\/\">Nordex liefert 82 MW f\u00fcr B\u00fcrgerwindprojekte in Niedersachsen<\/a><\/h2><p class=\"fusion-single-line-meta\"><a href=\"https:\/\/balticwind.eu\/de\/category\/deutschland\/\" rel=\"category tag\">Deutschland<\/a>, <a href=\"https:\/\/balticwind.eu\/de\/category\/onshore-wind-aktuell\/\" rel=\"category tag\">Onshore-Wind Aktuell<\/a>, <a href=\"https:\/\/balticwind.eu\/de\/category\/projekte\/\" rel=\"category tag\">Projekte<\/a><span class=\"fusion-inline-sep\">|<\/span><\/p><div class=\"fusion-post-content-container\"><p>Nordex liefert zw\u00f6lf Anlagen mit rund 82 MW f\u00fcr die B\u00fcrgerwindprojekte Erlte-Endel und das Cluster Bad Essen in Niedersachsen. Die Inbetriebnahme ist f\u00fcr Fr\u00fchjahr 2028 geplant.<\/p><\/div><\/div><div class=\"fusion-clearfix\"><\/div><\/article>\n<article id=\"blog-3-post-47851\" class=\"fusion-post-medium-alternate post-47851 post type-post status-publish format-standard has-post-thumbnail hentry category-editors-choice-de category-offshore-wind-aktuell category-polen category-projekte\">\n<div class=\"fusion-date-and-formats\"><div class=\"fusion-date-box updated\"><span class=\"fusion-date\">11<\/span><span class=\"fusion-month-year\">08, 2026<\/span><\/div><div class=\"fusion-format-box\"><i class=\"fusion-icon-pen\" aria-hidden=\"true\"><\/i><\/div><\/div>\t<style type=\"text\/css\">\n\t\t\n\t\t\n\t\t\n\t\t\n\t\t\t<\/style>\n\n\n\t\t\t<div class=\"fusion-flexslider flexslider fusion-flexslider-loading fusion-post-slideshow\" style=\"\">\n\t\t<ul class=\"slides\">\n\t\t\t\n\t\t\t\t\t\t\t\t\t\t\t\t\t\t<li>\n\n<div  class=\"fusion-image-wrapper fusion-image-size-fixed\" aria-haspopup=\"true\">\n\t\n\t\n\t\t\t\n\t\t\t\t<a href=\"https:\/\/balticwind.eu\/de\/was-erster-strom-ins-netz-wirklich-bedeutet-ein-blick-in-die-inbetriebnahme-von-offshore-windparks\/\" aria-label=\"Was \u201eerster Strom ins Netz\u201d wirklich bedeutet: ein Blick in die Inbetriebnahme von Offshore-Windparks\">\n\t\t\n\t\t\n\t\t\t\t\t<img decoding=\"async\" width=\"320\" height=\"202\" src=\"https:\/\/balticwind.eu\/wp-content\/uploads\/2026\/08\/what-first-power-to-the-grid-means-offshore-wind-commissioning-320x202.jpg\" class=\"attachment-blog-medium size-blog-medium lazyload wp-post-image\" alt=\"\" srcset=\"data:image\/svg+xml,%3Csvg%20xmlns%3D%27http%3A%2F%2Fwww.w3.org%2F2000%2Fsvg%27%20width%3D%271600%27%20height%3D%27900%27%20viewBox%3D%270%200%201600%20900%27%3E%3Crect%20width%3D%271600%27%20height%3D%27900%27%20fill-opacity%3D%220%22%2F%3E%3C%2Fsvg%3E\" data-orig-src=\"https:\/\/balticwind.eu\/wp-content\/uploads\/2026\/08\/what-first-power-to-the-grid-means-offshore-wind-commissioning-320x202.jpg\" data-srcset=\"https:\/\/balticwind.eu\/wp-content\/uploads\/2026\/08\/what-first-power-to-the-grid-means-offshore-wind-commissioning-320x202.jpg 320w, https:\/\/balticwind.eu\/wp-content\/uploads\/2026\/08\/what-first-power-to-the-grid-means-offshore-wind-commissioning-700x441.jpg 700w\" data-sizes=\"auto\" \/>\n\t\n\n\n\t\t\t\t<\/a>\n\t\t\n\t\n<\/div>\n<\/li>\n\t\t\t\n\t\t\t\n\t\t\t\t\t\t\t\t\t\t\t\t\t\t\t\t\t\t\t\t\t\t\t\t\t\t\t\t\t\t\t\t\t\t\t\t\t\t\t\t\t\t\t\t\t\t\t\t\t\t\t\t\t\t\t\t\t\t\t\t\t\t\t\t\t\t\t\t<\/ul>\n\t<\/div>\n\t<div class=\"fusion-post-content post-content\"><h2 class=\"blog-shortcode-post-title entry-title\"><a href=\"https:\/\/balticwind.eu\/de\/was-erster-strom-ins-netz-wirklich-bedeutet-ein-blick-in-die-inbetriebnahme-von-offshore-windparks\/\">Was \u201eerster Strom ins Netz\u201d wirklich bedeutet: ein Blick in die Inbetriebnahme von Offshore-Windparks<\/a><\/h2><p class=\"fusion-single-line-meta\"><a href=\"https:\/\/balticwind.eu\/de\/category\/editors-choice-de\/\" rel=\"category tag\">Auswahl der Redaktion<\/a>, <a href=\"https:\/\/balticwind.eu\/de\/category\/offshore-wind-aktuell\/\" rel=\"category tag\">Offshore-Wind Aktuell<\/a>, <a href=\"https:\/\/balticwind.eu\/de\/category\/polen\/\" rel=\"category tag\">Polen<\/a>, <a href=\"https:\/\/balticwind.eu\/de\/category\/projekte\/\" rel=\"category tag\">Projekte<\/a><span class=\"fusion-inline-sep\">|<\/span><\/p><div class=\"fusion-post-content-container\"><p>\u201eErster Strom ins Netz\u201d klingt nach dem Umlegen eines Schalters, ist aber die sichtbare Spitze der Offshore-Inbetriebnahme \u2014 von Bodenuntersuchungen und Kabelgr\u00e4ben bis zu Umspannwerkstests und Netzbetreiber-Konformit\u00e4t. Baltic Power und Baltica 2 zeigen, wie es funktioniert.<\/p><\/div><\/div><div class=\"fusion-clearfix\"><\/div><\/article>\n<article id=\"blog-3-post-47833\" class=\"fusion-post-medium-alternate post-47833 post type-post status-publish format-standard has-post-thumbnail hentry category-editors-choice-de category-offshore-wind-aktuell category-polen category-projekte\">\n<div class=\"fusion-date-and-formats\"><div class=\"fusion-date-box updated\"><span class=\"fusion-date\">7<\/span><span class=\"fusion-month-year\">08, 2026<\/span><\/div><div class=\"fusion-format-box\"><i class=\"fusion-icon-pen\" aria-hidden=\"true\"><\/i><\/div><\/div>\t<style type=\"text\/css\">\n\t\t\n\t\t\n\t\t\n\t\t\n\t\t\t<\/style>\n\n\n\t\t\t<div class=\"fusion-flexslider flexslider fusion-flexslider-loading fusion-post-slideshow\" style=\"\">\n\t\t<ul class=\"slides\">\n\t\t\t\n\t\t\t\t\t\t\t\t\t\t\t\t\t\t<li>\n\n<div  class=\"fusion-image-wrapper fusion-image-size-fixed\" aria-haspopup=\"true\">\n\t\n\t\n\t\t\t\n\t\t\t\t<a href=\"https:\/\/balticwind.eu\/de\/der-offshore-terminal-swinoujscie-wie-polens-erster-installationshafen-funktioniert\/\" aria-label=\"Der Offshore-Terminal \u015awinouj\u015bcie: wie Polens erster Installationshafen funktioniert\">\n\t\t\n\t\t\n\t\t\t\t\t<img decoding=\"async\" width=\"320\" height=\"202\" src=\"https:\/\/balticwind.eu\/wp-content\/uploads\/2026\/08\/swinoujscie-offshore-terminal-poland-installation-port-320x202.jpg\" class=\"attachment-blog-medium size-blog-medium lazyload wp-post-image\" alt=\"\" srcset=\"data:image\/svg+xml,%3Csvg%20xmlns%3D%27http%3A%2F%2Fwww.w3.org%2F2000%2Fsvg%27%20width%3D%271600%27%20height%3D%27900%27%20viewBox%3D%270%200%201600%20900%27%3E%3Crect%20width%3D%271600%27%20height%3D%27900%27%20fill-opacity%3D%220%22%2F%3E%3C%2Fsvg%3E\" data-orig-src=\"https:\/\/balticwind.eu\/wp-content\/uploads\/2026\/08\/swinoujscie-offshore-terminal-poland-installation-port-320x202.jpg\" data-srcset=\"https:\/\/balticwind.eu\/wp-content\/uploads\/2026\/08\/swinoujscie-offshore-terminal-poland-installation-port-320x202.jpg 320w, https:\/\/balticwind.eu\/wp-content\/uploads\/2026\/08\/swinoujscie-offshore-terminal-poland-installation-port-700x441.jpg 700w\" data-sizes=\"auto\" \/>\n\t\n\n\n\t\t\t\t<\/a>\n\t\t\n\t\n<\/div>\n<\/li>\n\t\t\t\n\t\t\t\n\t\t\t\t\t\t\t\t\t\t\t\t\t\t\t\t\t\t\t\t\t\t\t\t\t\t\t\t\t\t\t\t\t\t\t\t\t\t\t\t\t\t\t\t\t\t\t\t\t\t\t\t\t\t\t\t\t\t\t\t\t\t\t\t\t\t\t\t<\/ul>\n\t<\/div>\n\t<div class=\"fusion-post-content post-content\"><h2 class=\"blog-shortcode-post-title entry-title\"><a href=\"https:\/\/balticwind.eu\/de\/der-offshore-terminal-swinoujscie-wie-polens-erster-installationshafen-funktioniert\/\">Der Offshore-Terminal \u015awinouj\u015bcie: wie Polens erster Installationshafen funktioniert<\/a><\/h2><p class=\"fusion-single-line-meta\"><a href=\"https:\/\/balticwind.eu\/de\/category\/editors-choice-de\/\" rel=\"category tag\">Auswahl der Redaktion<\/a>, <a href=\"https:\/\/balticwind.eu\/de\/category\/offshore-wind-aktuell\/\" rel=\"category tag\">Offshore-Wind Aktuell<\/a>, <a href=\"https:\/\/balticwind.eu\/de\/category\/polen\/\" rel=\"category tag\">Polen<\/a>, <a href=\"https:\/\/balticwind.eu\/de\/category\/projekte\/\" rel=\"category tag\">Projekte<\/a><span class=\"fusion-inline-sep\">|<\/span><\/p><div class=\"fusion-post-content-container\"><p>Polens erster eigens gebauter Offshore-Installationshafen ankert eine Lieferkette an der westpommerschen K\u00fcste. Wie Installationsterminals funktionieren und warum sie das Ausbautempo bestimmen.<\/p><\/div><\/div><div class=\"fusion-clearfix\"><\/div><\/article>\n<\/div><div class=\"fusion-infinite-scroll-trigger\"><\/div><div class=\"pagination infinite-scroll clearfix\" style=\"display:none;\"><span class=\"current\">1<\/span><a href=\"https:\/\/balticwind.eu\/de\/wp-json\/wp\/v2\/pages\/47660\/page\/2\/\" class=\"inactive\">2<\/a><a class=\"pagination-next\" rel=\"next\" href=\"https:\/\/balticwind.eu\/de\/wp-json\/wp\/v2\/pages\/47660\/page\/2\/\"><span class=\"page-text\">Next<\/span><span class=\"page-next\"><\/span><\/a><\/div><div class=\"fusion-clearfix\"><\/div><button class=\"fusion-load-more-button fusion-blog-button fusion-clearfix\">Load More Posts<\/button><\/div><div class=\"fusion-separator fusion-full-width-sep\" style=\"align-self: center;margin-left: auto;margin-right: auto;margin-bottom:10px;width:100%;max-width:100%;\"><div class=\"fusion-separator-border sep-single sep-solid\" style=\"border-color:#1f2a3b;border-top-width:12px;\"><\/div><\/div><\/div><style type=\"text\/css\">.fusion-body .fusion-builder-nested-column-0{width:66.666666666667% !important;margin-top : 0px;margin-bottom : 20px;}.fusion-builder-nested-column-0 > .fusion-column-wrapper {padding-top : 0px !important;padding-right : 0px !important;margin-right : 2.88%;padding-bottom : 0px !important;padding-left : 0px !important;margin-left : 2.88%;}@media only screen and (max-width:1024px) {.fusion-body .fusion-builder-nested-column-0{width:100% !important;order : 0;}.fusion-builder-nested-column-0 > .fusion-column-wrapper {margin-right : 1.92%;margin-left : 1.92%;}}@media only screen and (max-width:640px) {.fusion-body .fusion-builder-nested-column-0{width:100% !important;order : 0;}.fusion-builder-nested-column-0 > .fusion-column-wrapper {margin-right : 1.92%;margin-left : 1.92%;}}<\/style><\/div><div class=\"fusion-layout-column fusion_builder_column_inner fusion-builder-nested-column-1 fusion_builder_column_inner_1_3 1_3 fusion-flex-column\"><div class=\"fusion-column-wrapper fusion-flex-justify-content-flex-start fusion-content-layout-column\" style=\"background-position:left top;background-repeat:no-repeat;-webkit-background-size:cover;-moz-background-size:cover;-o-background-size:cover;background-size:cover;padding: 0px 0px 0px 0px;\"><div class=\"fusion-separator\" style=\"align-self: center;margin-left: auto;margin-right: auto;margin-bottom:10px;width:100%;max-width:80%;\"><div class=\"fusion-separator-border sep-single sep-solid\" style=\"border-color:#1f2a3b;border-top-width:12px;\"><\/div><\/div><style type=\"text\/css\">@media only screen and (max-width:1024px) {.fusion-title.fusion-title-5{margin-top:20px!important; margin-right:0px!important;margin-bottom:20px!important;margin-left:0px!important;}}@media only screen and (max-width:640px) {.fusion-title.fusion-title-5{margin-top:0px!important; margin-right:0px!important;margin-bottom:20px!important; margin-left:0px!important;}}<\/style><div class=\"fusion-title title fusion-title-5 fusion-title-center fusion-title-text fusion-title-size-two\" style=\"font-size:28px;margin-top:20px;margin-right:0px;margin-bottom:20px;margin-left:0px;\"><div class=\"title-sep-container title-sep-container-left\"><div class=\"title-sep sep-\" style=\"border-color:#eaeaea;\"><\/div><\/div><h2 class=\"title-heading-center fusion-responsive-typography-calculated\" style=\"margin:0;font-size:1em;--fontSize:28;line-height:1.00;\">STRATEGISCHE PARTNER<\/h2><div class=\"title-sep-container title-sep-container-right\"><div class=\"title-sep sep-\" style=\"border-color:#eaeaea;\"><\/div><\/div><\/div><div style=\"text-align:center;\"><span class=\" fusion-imageframe imageframe-none imageframe-1 hover-type-none\" style=\"width:100%;max-width:60%;margin-bottom:20px;\"><a class=\"fusion-no-lightbox\" href=\"https:\/\/www.balticpower.pl\/en\/\" target=\"_blank\" aria-label=\"Logo_Baltic_Power+ORLEN+NP_NEW_rgb_mono-01\" rel=\"noopener noreferrer\"><img decoding=\"async\" width=\"396\" height=\"432\" src=\"data:image\/svg+xml,%3Csvg%20xmlns%3D%27http%3A%2F%2Fwww.w3.org%2F2000%2Fsvg%27%20width%3D%27396%27%20height%3D%27432%27%20viewBox%3D%270%200%20396%20432%27%3E%3Crect%20width%3D%27396%27%20height%3D%27432%27%20fill-opacity%3D%220%22%2F%3E%3C%2Fsvg%3E\" data-orig-src=\"https:\/\/balticwind.eu\/wp-content\/uploads\/2023\/01\/Logo_Baltic_PowerORLENNP_NEW_rgb_mono-01.svg\" class=\"lazyload img-responsive wp-image-34521\"\/><\/a><\/span><\/div><div style=\"text-align:center;\"><span class=\" fusion-imageframe imageframe-none imageframe-2 hover-type-none\" style=\"width:100%;max-width:60%;margin-top:10px;margin-bottom:20px;\"><a class=\"fusion-no-lightbox\" href=\"https:\/\/sensoria.com\" target=\"_blank\" aria-label=\"Sensoria Logo &#038; Secondary Green Tagline (Dark Blue) CMYK_FINAL\" rel=\"noopener noreferrer\"><img decoding=\"async\" width=\"444\" height=\"114\" src=\"data:image\/svg+xml,%3Csvg%20xmlns%3D%27http%3A%2F%2Fwww.w3.org%2F2000%2Fsvg%27%20width%3D%27444%27%20height%3D%27114%27%20viewBox%3D%270%200%20444%20114%27%3E%3Crect%20width%3D%27444%27%20height%3D%27114%27%20fill-opacity%3D%220%22%2F%3E%3C%2Fsvg%3E\" data-orig-src=\"https:\/\/balticwind.eu\/wp-content\/uploads\/2023\/01\/Sensoria-Logo-Secondary-Green-Tagline-Dark-Blue-CMYK_FINAL.svg\" class=\"lazyload img-responsive wp-image-34522\"\/><\/a><\/span><\/div><div style=\"text-align:center;\"><span class=\" fusion-imageframe imageframe-none imageframe-3 hover-type-none\" style=\"margin-top:10px;margin-right:40px;margin-bottom:20px;margin-left:40px;\"><a class=\"fusion-no-lightbox\" href=\"https:\/\/pgebaltica.pl\/en\/home\" target=\"_blank\" aria-label=\"logo-PGE-BALTICA-pion-RGB\" rel=\"noopener noreferrer\"><img decoding=\"async\" width=\"777\" height=\"574\" src=\"https:\/\/balticwind.eu\/wp-content\/uploads\/2025\/02\/logo-PGE-BALTICA-pion-RGB.jpg\" data-orig-src=\"https:\/\/balticwind.eu\/wp-content\/uploads\/2025\/02\/logo-PGE-BALTICA-pion-RGB.jpg\" class=\"lazyload img-responsive wp-image-41780\" srcset=\"data:image\/svg+xml,%3Csvg%20xmlns%3D%27http%3A%2F%2Fwww.w3.org%2F2000%2Fsvg%27%20width%3D%27777%27%20height%3D%27574%27%20viewBox%3D%270%200%20777%20574%27%3E%3Crect%20width%3D%27777%27%20height%3D%27574%27%20fill-opacity%3D%220%22%2F%3E%3C%2Fsvg%3E\" data-srcset=\"https:\/\/balticwind.eu\/wp-content\/uploads\/2025\/02\/logo-PGE-BALTICA-pion-RGB-200x148.jpg 200w, https:\/\/balticwind.eu\/wp-content\/uploads\/2025\/02\/logo-PGE-BALTICA-pion-RGB-400x295.jpg 400w, https:\/\/balticwind.eu\/wp-content\/uploads\/2025\/02\/logo-PGE-BALTICA-pion-RGB-600x443.jpg 600w, https:\/\/balticwind.eu\/wp-content\/uploads\/2025\/02\/logo-PGE-BALTICA-pion-RGB.jpg 777w\" data-sizes=\"auto\" data-orig-sizes=\"(max-width: 1024px) 100vw, (max-width: 640px) 100vw, 400px\" \/><\/a><\/span><style>.fusion-sticky-container.fusion-sticky-transition .imageframe-3{ max-width:60% !important; }<\/style><\/div><\/div><style type=\"text\/css\">.fusion-body .fusion-builder-nested-column-1{width:33.333333333333% !important;margin-top : 0px;margin-bottom : 20px;}.fusion-builder-nested-column-1 > .fusion-column-wrapper {padding-top : 0px !important;padding-right : 0px !important;margin-right : 5.76%;padding-bottom : 0px !important;padding-left : 0px !important;margin-left : 5.76%;}@media only screen and (max-width:1024px) {.fusion-body .fusion-builder-nested-column-1{width:100% !important;order : 0;}.fusion-builder-nested-column-1 > .fusion-column-wrapper {margin-right : 1.92%;margin-left : 1.92%;}}@media only screen and (max-width:640px) {.fusion-body .fusion-builder-nested-column-1{width:100% !important;order : 0;}.fusion-builder-nested-column-1 > .fusion-column-wrapper {margin-right : 1.92%;margin-left : 1.92%;}}<\/style><\/div><\/div><\/div><style type=\"text\/css\">.fusion-body .fusion-builder-column-5{width:100% !important;margin-top : 0px;margin-bottom : 20px;}.fusion-builder-column-5 > .fusion-column-wrapper {padding-top : 0px !important;padding-right : 0px !important;margin-right : 1.92%;padding-bottom : 0px !important;padding-left : 0px !important;margin-left : 1.92%;}@media only screen and (max-width:1024px) {.fusion-body .fusion-builder-column-5{width:100% !important;order : 0;}.fusion-builder-column-5 > .fusion-column-wrapper {margin-right : 1.92%;margin-left : 1.92%;}}@media only screen and (max-width:640px) {.fusion-body .fusion-builder-column-5{width:100% !important;order : 0;}.fusion-builder-column-5 > .fusion-column-wrapper {margin-right : 1.92%;margin-left : 1.92%;}}<\/style><\/div><\/div><style type=\"text\/css\">.fusion-body .fusion-flex-container.fusion-builder-row-6{ padding-top : 5px;margin-top : 0px;padding-right : 0px;padding-bottom : 0px;margin-bottom : 0px;padding-left : 0px;}<\/style><\/div><div class=\"fusion-fullwidth fullwidth-box fusion-builder-row-7 fusion-flex-container nonhundred-percent-fullwidth non-hundred-percent-height-scrolling fusion-no-large-visibility\" style=\"background-color: rgba(255,255,255,0);background-position: center center;background-repeat: no-repeat;border-width: 0px 0px 0px 0px;border-color:#eaeaea;border-style:solid;\" ><div class=\"fusion-builder-row fusion-row fusion-flex-align-items-flex-start fusion-flex-align-content-space-evenly\" style=\"max-width:1289.6px;margin-left: calc(-4% \/ 2 );margin-right: calc(-4% \/ 2 );\"><div class=\"fusion-layout-column fusion_builder_column fusion-builder-column-6 fusion_builder_column_1_1 1_1 fusion-flex-column fusion-flex-align-self-center\"><div class=\"fusion-column-wrapper fusion-flex-justify-content-center fusion-content-layout-column\" style=\"background-position:left top;background-repeat:no-repeat;-webkit-background-size:cover;-moz-background-size:cover;-o-background-size:cover;background-size:cover;padding: 20px 0px 50px 0px;\"><div class=\"fusion-separator\" style=\"align-self: center;margin-left: auto;margin-right: auto;margin-bottom:10px;width:100%;max-width:80%;\"><div class=\"fusion-separator-border sep-single sep-solid\" style=\"border-color:#1f2a3b;border-top-width:12px;\"><\/div><\/div><style type=\"text\/css\">@media only screen and (max-width:1024px) {.fusion-title.fusion-title-6{margin-top:20px!important; margin-right:0px!important;margin-bottom:20px!important;margin-left:0px!important;}}@media only screen and (max-width:640px) {.fusion-title.fusion-title-6{margin-top:0px!important; margin-right:0px!important;margin-bottom:20px!important; margin-left:0px!important;}}<\/style><div class=\"fusion-title title fusion-title-6 fusion-title-center fusion-title-text fusion-title-size-four\" style=\"margin-top:20px;margin-right:0px;margin-bottom:20px;margin-left:0px;\"><div class=\"title-sep-container title-sep-container-left\"><div class=\"title-sep sep-\" style=\"border-color:#eaeaea;\"><\/div><\/div><h4 class=\"title-heading-center fusion-responsive-typography-calculated\" style=\"margin:0;--fontSize:18;line-height:1.0;\">STRATEGIC PARTNERS<\/h4><div class=\"title-sep-container title-sep-container-right\"><div class=\"title-sep sep-\" style=\"border-color:#eaeaea;\"><\/div><\/div><\/div><div class=\"fusion-separator\" style=\"align-self: center;margin-left: auto;margin-right: auto;margin-bottom:10px;width:100%;max-width:80%;\"><\/div><div style=\"text-align:center;\"><span class=\" fusion-imageframe imageframe-none imageframe-4 hover-type-none\" style=\"width:100%;max-width:60%;margin-bottom:20px;\"><a class=\"fusion-no-lightbox\" href=\"https:\/\/www.balticpower.pl\/en\/\" target=\"_blank\" aria-label=\"Logo_Baltic_Power+ORLEN+NP_NEW_rgb_mono-01\" rel=\"noopener noreferrer\"><img decoding=\"async\" width=\"396\" height=\"432\" src=\"data:image\/svg+xml,%3Csvg%20xmlns%3D%27http%3A%2F%2Fwww.w3.org%2F2000%2Fsvg%27%20width%3D%27396%27%20height%3D%27432%27%20viewBox%3D%270%200%20396%20432%27%3E%3Crect%20width%3D%27396%27%20height%3D%27432%27%20fill-opacity%3D%220%22%2F%3E%3C%2Fsvg%3E\" data-orig-src=\"https:\/\/balticwind.eu\/wp-content\/uploads\/2023\/01\/Logo_Baltic_PowerORLENNP_NEW_rgb_mono-01.svg\" class=\"lazyload img-responsive wp-image-34521\"\/><\/a><\/span><\/div><div style=\"text-align:center;\"><span class=\" fusion-imageframe imageframe-none imageframe-5 hover-type-none\" style=\"width:100%;max-width:60%;margin-top:10px;margin-bottom:20px;\"><a class=\"fusion-no-lightbox\" href=\"https:\/\/sensoria.com\" target=\"_blank\" aria-label=\"Sensoria Logo &#038; Secondary Green Tagline (Dark Blue) CMYK_FINAL\" rel=\"noopener noreferrer\"><img decoding=\"async\" width=\"444\" height=\"114\" src=\"data:image\/svg+xml,%3Csvg%20xmlns%3D%27http%3A%2F%2Fwww.w3.org%2F2000%2Fsvg%27%20width%3D%27444%27%20height%3D%27114%27%20viewBox%3D%270%200%20444%20114%27%3E%3Crect%20width%3D%27444%27%20height%3D%27114%27%20fill-opacity%3D%220%22%2F%3E%3C%2Fsvg%3E\" data-orig-src=\"https:\/\/balticwind.eu\/wp-content\/uploads\/2023\/01\/Sensoria-Logo-Secondary-Green-Tagline-Dark-Blue-CMYK_FINAL.svg\" class=\"lazyload img-responsive wp-image-34522\"\/><\/a><\/span><\/div><div style=\"text-align:center;\"><span class=\" fusion-imageframe imageframe-none imageframe-6 hover-type-none\" style=\"margin-top:10px;margin-right:40px;margin-bottom:20px;margin-left:40px;\"><a class=\"fusion-no-lightbox\" href=\"https:\/\/pgebaltica.pl\/en\/home\" target=\"_blank\" aria-label=\"logo-PGE-BALTICA-pion-RGB\" rel=\"noopener noreferrer\"><img decoding=\"async\" width=\"777\" height=\"574\" src=\"https:\/\/balticwind.eu\/wp-content\/uploads\/2025\/02\/logo-PGE-BALTICA-pion-RGB.jpg\" data-orig-src=\"https:\/\/balticwind.eu\/wp-content\/uploads\/2025\/02\/logo-PGE-BALTICA-pion-RGB.jpg\" class=\"lazyload img-responsive wp-image-41780\" srcset=\"data:image\/svg+xml,%3Csvg%20xmlns%3D%27http%3A%2F%2Fwww.w3.org%2F2000%2Fsvg%27%20width%3D%27777%27%20height%3D%27574%27%20viewBox%3D%270%200%20777%20574%27%3E%3Crect%20width%3D%27777%27%20height%3D%27574%27%20fill-opacity%3D%220%22%2F%3E%3C%2Fsvg%3E\" data-srcset=\"https:\/\/balticwind.eu\/wp-content\/uploads\/2025\/02\/logo-PGE-BALTICA-pion-RGB-200x148.jpg 200w, https:\/\/balticwind.eu\/wp-content\/uploads\/2025\/02\/logo-PGE-BALTICA-pion-RGB-400x295.jpg 400w, https:\/\/balticwind.eu\/wp-content\/uploads\/2025\/02\/logo-PGE-BALTICA-pion-RGB-600x443.jpg 600w, https:\/\/balticwind.eu\/wp-content\/uploads\/2025\/02\/logo-PGE-BALTICA-pion-RGB.jpg 777w\" data-sizes=\"auto\" data-orig-sizes=\"(max-width: 1024px) 100vw, (max-width: 640px) 100vw, 777px\" \/><\/a><\/span><style>.fusion-sticky-container.fusion-sticky-transition .imageframe-6{ max-width:60% !important; }<\/style><\/div><\/div><style type=\"text\/css\">.fusion-body .fusion-builder-column-6{width:100% !important;margin-top : 0px;margin-bottom : 20px;}.fusion-builder-column-6 > .fusion-column-wrapper {padding-top : 20px !important;padding-right : 0px !important;margin-right : 1.92%;padding-bottom : 50px !important;padding-left : 0px !important;margin-left : 1.92%;}@media only screen and (max-width:1024px) {.fusion-body .fusion-builder-column-6{width:100% !important;order : 0;}.fusion-builder-column-6 > .fusion-column-wrapper {margin-right : 1.92%;margin-left : 1.92%;}}@media only screen and (max-width:640px) {.fusion-body .fusion-builder-column-6{width:100% !important;order : 0;}.fusion-builder-column-6 > .fusion-column-wrapper {margin-right : 1.92%;margin-left : 1.92%;}}<\/style><\/div><\/div><style type=\"text\/css\">.fusion-body .fusion-flex-container.fusion-builder-row-7{ padding-top : 0px;margin-top : -30px;padding-right : 0px;padding-bottom : 0px;margin-bottom : -30px;padding-left : 0px;}<\/style><\/div><div class=\"fusion-fullwidth fullwidth-box fusion-builder-row-8 fusion-flex-container nonhundred-percent-fullwidth non-hundred-percent-height-scrolling fusion-no-large-visibility\" style=\"background-color: rgba(255,255,255,0);background-position: center center;background-repeat: no-repeat;border-width: 0px 0px 0px 0px;border-color:#eaeaea;border-style:solid;\" ><div class=\"fusion-builder-row fusion-row fusion-flex-align-items-flex-start\" style=\"max-width:1289.6px;margin-left: calc(-4% \/ 2 );margin-right: calc(-4% \/ 2 );\"><div class=\"fusion-layout-column fusion_builder_column fusion-builder-column-7 fusion_builder_column_1_1 1_1 fusion-flex-column fusion-flex-align-self-center fusion-column-inner-bg-wrapper\"><div class=\"fusion-column-wrapper fusion-flex-justify-content-center fusion-content-layout-column\" style=\"padding: 20px 0px 50px 0px;\"><div style=\"text-align:center;\"><span class=\" fusion-imageframe imageframe-none imageframe-7 hover-type-none\"><a class=\"fusion-no-lightbox\" href=\"https:\/\/balticwind.eu\/jobs\/\" target=\"_self\" aria-label=\"jobs_Obszar-roboczy-3_SM-min\"><img decoding=\"async\" width=\"1500\" height=\"1500\" src=\"https:\/\/balticwind.eu\/wp-content\/uploads\/2023\/03\/jobs_Obszar-roboczy-3_SM-min.png\" data-orig-src=\"https:\/\/balticwind.eu\/wp-content\/uploads\/2023\/03\/jobs_Obszar-roboczy-3_SM-min.png\" class=\"lazyload img-responsive wp-image-34763\" srcset=\"data:image\/svg+xml,%3Csvg%20xmlns%3D%27http%3A%2F%2Fwww.w3.org%2F2000%2Fsvg%27%20width%3D%271500%27%20height%3D%271500%27%20viewBox%3D%270%200%201500%201500%27%3E%3Crect%20width%3D%271500%27%20height%3D%271500%27%20fill-opacity%3D%220%22%2F%3E%3C%2Fsvg%3E\" data-srcset=\"https:\/\/balticwind.eu\/wp-content\/uploads\/2023\/03\/jobs_Obszar-roboczy-3_SM-min-200x200.png 200w, https:\/\/balticwind.eu\/wp-content\/uploads\/2023\/03\/jobs_Obszar-roboczy-3_SM-min-400x400.png 400w, https:\/\/balticwind.eu\/wp-content\/uploads\/2023\/03\/jobs_Obszar-roboczy-3_SM-min-600x600.png 600w, https:\/\/balticwind.eu\/wp-content\/uploads\/2023\/03\/jobs_Obszar-roboczy-3_SM-min-800x800.png 800w, https:\/\/balticwind.eu\/wp-content\/uploads\/2023\/03\/jobs_Obszar-roboczy-3_SM-min-1200x1200.png 1200w, https:\/\/balticwind.eu\/wp-content\/uploads\/2023\/03\/jobs_Obszar-roboczy-3_SM-min.png 1500w\" data-sizes=\"auto\" data-orig-sizes=\"(max-width: 1024px) 100vw, (max-width: 640px) 100vw, 1500px\" \/><\/a><\/span><\/div><\/div><span class=\"fusion-column-inner-bg hover-type-none\"><a href=\"https:\/\/balticwind.eu\/offshore-jobs\/\"><span class=\"fusion-column-inner-bg-image\" style=\"background-position:left top;background-repeat:no-repeat;-webkit-background-size:cover;-moz-background-size:cover;-o-background-size:cover;background-size:cover;\"><\/span><\/a><\/span><style type=\"text\/css\">.fusion-body .fusion-builder-column-7{width:100% !important;margin-top : 0px;margin-bottom : 20px;}.fusion-builder-column-7 > .fusion-column-wrapper {padding-top : 20px !important;padding-right : 0px !important;margin-right : 1.92%;padding-bottom : 50px !important;padding-left : 0px !important;margin-left : 1.92%;}.fusion-flex-container .fusion-row .fusion-builder-column-7 > .fusion-column-inner-bg { margin-right:1.92%;margin-left:1.92%; }@media only screen and (max-width:1024px) {.fusion-body .fusion-builder-column-7{width:100% !important;order : 0;}.fusion-builder-column-7 > .fusion-column-wrapper {margin-right : 1.92%;margin-left : 1.92%;}.fusion-flex-container .fusion-row .fusion-builder-column-7 > .fusion-column-inner-bg { margin-right:1.92%;margin-left:1.92%; }}@media only screen and (max-width:640px) {.fusion-body .fusion-builder-column-7{width:100% !important;order : 0;}.fusion-builder-column-7 > .fusion-column-wrapper {margin-right : 1.92%;margin-left : 1.92%;}.fusion-flex-container .fusion-row .fusion-builder-column-7 > .fusion-column-inner-bg { margin-right:1.92%;margin-left:1.92%; }}<\/style><\/div><\/div><style type=\"text\/css\">.fusion-body .fusion-flex-container.fusion-builder-row-8{ padding-top : 0px;margin-top : 0px;padding-right : 0px;padding-bottom : 0px;margin-bottom : 0px;padding-left : 0px;}<\/style><\/div><div class=\"fusion-fullwidth fullwidth-box fusion-builder-row-9 fusion-flex-container nonhundred-percent-fullwidth non-hundred-percent-height-scrolling fusion-no-large-visibility\" style=\"background-color: rgba(255,255,255,0);background-position: center center;background-repeat: no-repeat;border-width: 0px 0px 0px 0px;border-color:#eaeaea;border-style:solid;\" ><div class=\"fusion-builder-row fusion-row fusion-flex-align-items-flex-start\" style=\"max-width:1289.6px;margin-left: calc(-4% \/ 2 );margin-right: calc(-4% \/ 2 );\"><div class=\"fusion-layout-column fusion_builder_column fusion-builder-column-8 fusion_builder_column_1_1 1_1 fusion-flex-column\"><div class=\"fusion-column-wrapper fusion-flex-justify-content-flex-start fusion-content-layout-column\" style=\"background-position:left top;background-repeat:no-repeat;-webkit-background-size:cover;-moz-background-size:cover;-o-background-size:cover;background-size:cover;padding: 0px 0px 0px 0px;\"><div class=\"fusion-recent-posts fusion-recent-posts-2 avada-container layout-thumbnails-on-side layout-columns-1 klasa\"><section class=\"fusion-columns columns fusion-columns-1 columns-1\"><article class=\"post fusion-column column col col-lg-12 col-md-12 col-sm-12 fusion-animated\" data-animationType=\"fadeInDown\" data-animationDuration=\"0.6\" data-animationOffset=\"100%\"><div class=\"fusion-flexslider fusion-flexslider-loading flexslider floated-slideshow flexslider-hover-type-zoomout\"><ul class=\"slides\"><li><a href=\"https:\/\/balticwind.eu\/de\/hafen-klaipeda-entwirft-bunkerschiff-fuer-gruenes-methanol\/\" aria-label=\"Hafen Klaip\u0117da entwirft Bunkerschiff f\u00fcr gr\u00fcnes Methanol\" class=\"hover-type-zoomout\"><img decoding=\"async\" width=\"177\" height=\"142\" src=\"data:image\/svg+xml,%3Csvg%20xmlns%3D%27http%3A%2F%2Fwww.w3.org%2F2000%2Fsvg%27%20width%3D%27177%27%20height%3D%27142%27%20viewBox%3D%270%200%20177%20142%27%3E%3Crect%20width%3D%27177%27%20height%3D%27142%27%20fill-opacity%3D%220%22%2F%3E%3C%2Fsvg%3E\" data-orig-src=\"https:\/\/balticwind.eu\/wp-content\/uploads\/2026\/09\/port-of-klaipeda-green-methanol-bunkering-vessel-177x142.jpg\" class=\"lazyload attachment-portfolio-five size-portfolio-five\" alt=\"\" \/><\/a><\/li><\/ul><\/div><div class=\"recent-posts-content\"><h4 class=\"entry-title\"><a style=\"color: #1f2a3b !important;\" href=\"https:\/\/balticwind.eu\/de\/hafen-klaipeda-entwirft-bunkerschiff-fuer-gruenes-methanol\/\">Hafen Klaip\u0117da entwirft Bunkerschiff f\u00fcr gr\u00fcnes Methanol<\/a><\/h4><p class=\"meta\"><a href=\"https:\/\/balticwind.eu\/de\/category\/litauen\/\" rel=\"category tag\">Litauen<\/a>, <a href=\"https:\/\/balticwind.eu\/de\/category\/projekte\/\" rel=\"category tag\">Projekte<\/a>, <a href=\"https:\/\/balticwind.eu\/de\/category\/technologie\/\" rel=\"category tag\">Technologie<\/a><span class=\"fusion-inline-sep\">|<\/span><\/p><\/div><\/article><article class=\"post fusion-column column col col-lg-12 col-md-12 col-sm-12 fusion-animated\" data-animationType=\"fadeInDown\" data-animationDuration=\"0.6\" data-animationOffset=\"100%\"><div class=\"fusion-flexslider fusion-flexslider-loading flexslider floated-slideshow flexslider-hover-type-zoomout\"><ul class=\"slides\"><li><a href=\"https:\/\/balticwind.eu\/de\/hafen-klaipeda-startet-bauphase-seiner-groessten-erweiterung\/\" aria-label=\"Hafen Klaip\u0117da startet Bauphase seiner gr\u00f6\u00dften Erweiterung\" class=\"hover-type-zoomout\"><img decoding=\"async\" width=\"177\" height=\"142\" src=\"data:image\/svg+xml,%3Csvg%20xmlns%3D%27http%3A%2F%2Fwww.w3.org%2F2000%2Fsvg%27%20width%3D%27177%27%20height%3D%27142%27%20viewBox%3D%270%200%20177%20142%27%3E%3Crect%20width%3D%27177%27%20height%3D%27142%27%20fill-opacity%3D%220%22%2F%3E%3C%2Fsvg%3E\" data-orig-src=\"https:\/\/balticwind.eu\/wp-content\/uploads\/2026\/08\/klaipeda-port-southern-expansion-baltic-sea-177x142.jpg\" class=\"lazyload attachment-portfolio-five size-portfolio-five\" alt=\"\" \/><\/a><\/li><\/ul><\/div><div class=\"recent-posts-content\"><h4 class=\"entry-title\"><a style=\"color: #1f2a3b !important;\" href=\"https:\/\/balticwind.eu\/de\/hafen-klaipeda-startet-bauphase-seiner-groessten-erweiterung\/\">Hafen Klaip\u0117da startet Bauphase seiner gr\u00f6\u00dften Erweiterung<\/a><\/h4><p class=\"meta\"><a href=\"https:\/\/balticwind.eu\/de\/category\/litauen\/\" rel=\"category tag\">Litauen<\/a>, <a href=\"https:\/\/balticwind.eu\/de\/category\/projekte\/\" rel=\"category tag\">Projekte<\/a>, <a href=\"https:\/\/balticwind.eu\/de\/category\/top-news-de\/\" rel=\"category tag\">Top News<\/a><span class=\"fusion-inline-sep\">|<\/span><\/p><\/div><\/article><article class=\"post fusion-column column col col-lg-12 col-md-12 col-sm-12 fusion-animated\" data-animationType=\"fadeInDown\" data-animationDuration=\"0.6\" data-animationOffset=\"100%\"><div class=\"fusion-flexslider fusion-flexslider-loading flexslider floated-slideshow flexslider-hover-type-zoomout\"><ul class=\"slides\"><li><a href=\"https:\/\/balticwind.eu\/de\/perigus-energy-uebernimmt-genehmigtes-21-mw-windprojekt-olpe-rehringhausen-von-abo-energy\/\" aria-label=\"Perigus Energy \u00fcbernimmt genehmigtes 21-MW-Windprojekt Olpe-Rehringhausen von ABO Energy\" class=\"hover-type-zoomout\"><img decoding=\"async\" width=\"177\" height=\"142\" src=\"data:image\/svg+xml,%3Csvg%20xmlns%3D%27http%3A%2F%2Fwww.w3.org%2F2000%2Fsvg%27%20width%3D%27177%27%20height%3D%27142%27%20viewBox%3D%270%200%20177%20142%27%3E%3Crect%20width%3D%27177%27%20height%3D%27142%27%20fill-opacity%3D%220%22%2F%3E%3C%2Fsvg%3E\" data-orig-src=\"https:\/\/balticwind.eu\/wp-content\/uploads\/2026\/08\/perigus-energy-wind-turbine-olpe-rehringhausen-177x142.jpg\" class=\"lazyload attachment-portfolio-five size-portfolio-five\" alt=\"\" \/><\/a><\/li><\/ul><\/div><div class=\"recent-posts-content\"><h4 class=\"entry-title\"><a style=\"color: #1f2a3b !important;\" href=\"https:\/\/balticwind.eu\/de\/perigus-energy-uebernimmt-genehmigtes-21-mw-windprojekt-olpe-rehringhausen-von-abo-energy\/\">Perigus Energy \u00fcbernimmt genehmigtes 21-MW-Windprojekt Olpe-Rehringhausen von ABO Energy<\/a><\/h4><p class=\"meta\"><a href=\"https:\/\/balticwind.eu\/de\/category\/deutschland\/\" rel=\"category tag\">Deutschland<\/a>, <a href=\"https:\/\/balticwind.eu\/de\/category\/onshore-wind-aktuell\/\" rel=\"category tag\">Onshore-Wind Aktuell<\/a>, <a href=\"https:\/\/balticwind.eu\/de\/category\/projekte\/\" rel=\"category tag\">Projekte<\/a><span class=\"fusion-inline-sep\">|<\/span><\/p><\/div><\/article><article class=\"post fusion-column column col col-lg-12 col-md-12 col-sm-12 fusion-animated\" data-animationType=\"fadeInDown\" data-animationDuration=\"0.6\" data-animationOffset=\"100%\"><div class=\"fusion-flexslider fusion-flexslider-loading flexslider floated-slideshow flexslider-hover-type-zoomout\"><ul class=\"slides\"><li><a href=\"https:\/\/balticwind.eu\/de\/capcora-fuehrt-verkauf-des-32-gw-projektportfolios-von-sowitec\/\" aria-label=\"Capcora f\u00fchrt Verkauf des 32-GW-Projektportfolios von SOWITEC\" class=\"hover-type-zoomout\"><img decoding=\"async\" width=\"177\" height=\"142\" src=\"data:image\/svg+xml,%3Csvg%20xmlns%3D%27http%3A%2F%2Fwww.w3.org%2F2000%2Fsvg%27%20width%3D%27177%27%20height%3D%27142%27%20viewBox%3D%270%200%20177%20142%27%3E%3Crect%20width%3D%27177%27%20height%3D%27142%27%20fill-opacity%3D%220%22%2F%3E%3C%2Fsvg%3E\" data-orig-src=\"https:\/\/balticwind.eu\/wp-content\/uploads\/2026\/08\/capcora-mandated-sale-sowitec-wind-project-portfolio-177x142.jpg\" class=\"lazyload attachment-portfolio-five size-portfolio-five\" alt=\"\" \/><\/a><\/li><\/ul><\/div><div class=\"recent-posts-content\"><h4 class=\"entry-title\"><a style=\"color: #1f2a3b !important;\" href=\"https:\/\/balticwind.eu\/de\/capcora-fuehrt-verkauf-des-32-gw-projektportfolios-von-sowitec\/\">Capcora f\u00fchrt Verkauf des 32-GW-Projektportfolios von SOWITEC<\/a><\/h4><p class=\"meta\"><a href=\"https:\/\/balticwind.eu\/de\/category\/deutschland\/\" rel=\"category tag\">Deutschland<\/a>, <a href=\"https:\/\/balticwind.eu\/de\/category\/onshore-wind-aktuell\/\" rel=\"category tag\">Onshore-Wind Aktuell<\/a>, <a href=\"https:\/\/balticwind.eu\/de\/category\/projekte\/\" rel=\"category tag\">Projekte<\/a><span class=\"fusion-inline-sep\">|<\/span><\/p><\/div><\/article><article class=\"post fusion-column column col col-lg-12 col-md-12 col-sm-12 fusion-animated\" data-animationType=\"fadeInDown\" data-animationDuration=\"0.6\" data-animationOffset=\"100%\"><div class=\"fusion-flexslider fusion-flexslider-loading flexslider floated-slideshow flexslider-hover-type-zoomout\"><ul class=\"slides\"><li><a href=\"https:\/\/balticwind.eu\/de\/swinoujscie-und-szczecin-wie-westpommern-zur-industriebasis-der-polnischen-offshore-windkraft-wurde\/\" aria-label=\"\u015awinouj\u015bcie und Szczecin: Wie Westpommern zur Industriebasis der polnischen Offshore-Windkraft wurde\" class=\"hover-type-zoomout\"><img decoding=\"async\" width=\"177\" height=\"142\" src=\"data:image\/svg+xml,%3Csvg%20xmlns%3D%27http%3A%2F%2Fwww.w3.org%2F2000%2Fsvg%27%20width%3D%27177%27%20height%3D%27142%27%20viewBox%3D%270%200%20177%20142%27%3E%3Crect%20width%3D%27177%27%20height%3D%27142%27%20fill-opacity%3D%220%22%2F%3E%3C%2Fsvg%3E\" data-orig-src=\"https:\/\/balticwind.eu\/wp-content\/uploads\/2026\/08\/west-pomerania-poland-offshore-wind-industrial-base-177x142.jpg\" class=\"lazyload attachment-portfolio-five size-portfolio-five\" alt=\"\" \/><\/a><\/li><\/ul><\/div><div class=\"recent-posts-content\"><h4 class=\"entry-title\"><a style=\"color: #1f2a3b !important;\" href=\"https:\/\/balticwind.eu\/de\/swinoujscie-und-szczecin-wie-westpommern-zur-industriebasis-der-polnischen-offshore-windkraft-wurde\/\">\u015awinouj\u015bcie und Szczecin: Wie Westpommern zur Industriebasis der polnischen Offshore-Windkraft wurde<\/a><\/h4><p class=\"meta\"><a href=\"https:\/\/balticwind.eu\/de\/category\/editors-choice-de\/\" rel=\"category tag\">Auswahl der Redaktion<\/a>, <a href=\"https:\/\/balticwind.eu\/de\/category\/offshore-wind-aktuell\/\" rel=\"category tag\">Offshore-Wind Aktuell<\/a>, <a href=\"https:\/\/balticwind.eu\/de\/category\/polen\/\" rel=\"category tag\">Polen<\/a>, <a href=\"https:\/\/balticwind.eu\/de\/category\/projekte\/\" rel=\"category tag\">Projekte<\/a><span class=\"fusion-inline-sep\">|<\/span><\/p><\/div><\/article><article class=\"post fusion-column column col col-lg-12 col-md-12 col-sm-12 fusion-animated\" data-animationType=\"fadeInDown\" data-animationDuration=\"0.6\" data-animationOffset=\"100%\"><div class=\"fusion-flexslider fusion-flexslider-loading flexslider floated-slideshow flexslider-hover-type-zoomout\"><ul class=\"slides\"><li><a href=\"https:\/\/balticwind.eu\/de\/von-der-baustelle-zur-daueraufgabe-was-die-betriebsphase-von-baltic-power-fuer-leba-bedeutet\/\" aria-label=\"Von der Baustelle zur Daueraufgabe: Was die Betriebsphase von Baltic Power f\u00fcr \u0141eba bedeutet\" class=\"hover-type-zoomout\"><img decoding=\"async\" width=\"177\" height=\"142\" src=\"data:image\/svg+xml,%3Csvg%20xmlns%3D%27http%3A%2F%2Fwww.w3.org%2F2000%2Fsvg%27%20width%3D%27177%27%20height%3D%27142%27%20viewBox%3D%270%200%20177%20142%27%3E%3Crect%20width%3D%27177%27%20height%3D%27142%27%20fill-opacity%3D%220%22%2F%3E%3C%2Fsvg%3E\" data-orig-src=\"https:\/\/balticwind.eu\/wp-content\/uploads\/2026\/08\/baltic-power-offshore-wind-service-vessel-leba-177x142.jpg\" class=\"lazyload attachment-portfolio-five size-portfolio-five\" alt=\"\" \/><\/a><\/li><\/ul><\/div><div class=\"recent-posts-content\"><h4 class=\"entry-title\"><a style=\"color: #1f2a3b !important;\" href=\"https:\/\/balticwind.eu\/de\/von-der-baustelle-zur-daueraufgabe-was-die-betriebsphase-von-baltic-power-fuer-leba-bedeutet\/\">Von der Baustelle zur Daueraufgabe: Was die Betriebsphase von Baltic Power f\u00fcr \u0141eba bedeutet<\/a><\/h4><p class=\"meta\"><a href=\"https:\/\/balticwind.eu\/de\/category\/editors-choice-de\/\" rel=\"category tag\">Auswahl der Redaktion<\/a>, <a href=\"https:\/\/balticwind.eu\/de\/category\/offshore-wind-aktuell\/\" rel=\"category tag\">Offshore-Wind Aktuell<\/a>, <a href=\"https:\/\/balticwind.eu\/de\/category\/polen\/\" rel=\"category tag\">Polen<\/a>, <a href=\"https:\/\/balticwind.eu\/de\/category\/projekte\/\" rel=\"category tag\">Projekte<\/a><span class=\"fusion-inline-sep\">|<\/span><\/p><\/div><\/article><article class=\"post fusion-column column col col-lg-12 col-md-12 col-sm-12 fusion-animated\" data-animationType=\"fadeInDown\" data-animationDuration=\"0.6\" data-animationOffset=\"100%\"><div class=\"fusion-flexslider fusion-flexslider-loading flexslider floated-slideshow flexslider-hover-type-zoomout\"><ul class=\"slides\"><li><a href=\"https:\/\/balticwind.eu\/de\/scatec-steigt-in-rumaeniens-onshore-windkraft-ein-erzeugung-plus-21-prozent\/\" aria-label=\"Scatec steigt in Rum\u00e4niens Onshore-Windkraft ein \u2013 Erzeugung plus 21 Prozent\" class=\"hover-type-zoomout\"><img decoding=\"async\" width=\"177\" height=\"142\" src=\"data:image\/svg+xml,%3Csvg%20xmlns%3D%27http%3A%2F%2Fwww.w3.org%2F2000%2Fsvg%27%20width%3D%27177%27%20height%3D%27142%27%20viewBox%3D%270%200%20177%20142%27%3E%3Crect%20width%3D%27177%27%20height%3D%27142%27%20fill-opacity%3D%220%22%2F%3E%3C%2Fsvg%3E\" data-orig-src=\"https:\/\/balticwind.eu\/wp-content\/uploads\/2026\/08\/scatec-enters-romanian-onshore-wind-q2-output-up-21-percent-177x142.jpg\" class=\"lazyload attachment-portfolio-five size-portfolio-five\" alt=\"\" \/><\/a><\/li><\/ul><\/div><div class=\"recent-posts-content\"><h4 class=\"entry-title\"><a style=\"color: #1f2a3b !important;\" href=\"https:\/\/balticwind.eu\/de\/scatec-steigt-in-rumaeniens-onshore-windkraft-ein-erzeugung-plus-21-prozent\/\">Scatec steigt in Rum\u00e4niens Onshore-Windkraft ein \u2013 Erzeugung plus 21 Prozent<\/a><\/h4><p class=\"meta\"><a href=\"https:\/\/balticwind.eu\/de\/category\/onshore-wind-aktuell\/\" rel=\"category tag\">Onshore-Wind Aktuell<\/a>, <a href=\"https:\/\/balticwind.eu\/de\/category\/projekte\/\" rel=\"category tag\">Projekte<\/a><span class=\"fusion-inline-sep\">|<\/span><\/p><\/div><\/article><article class=\"post fusion-column column col col-lg-12 col-md-12 col-sm-12 fusion-animated\" data-animationType=\"fadeInDown\" data-animationDuration=\"0.6\" data-animationOffset=\"100%\"><div class=\"fusion-flexslider fusion-flexslider-loading flexslider floated-slideshow flexslider-hover-type-zoomout\"><ul class=\"slides\"><li><a href=\"https:\/\/balticwind.eu\/de\/enbw-schliesst-turbineninstallation-im-groessten-deutschen-offshore-windpark-ab\/\" aria-label=\"EnBW schlie\u00dft Turbineninstallation im gr\u00f6\u00dften deutschen Offshore-Windpark ab\" class=\"hover-type-zoomout\"><img decoding=\"async\" width=\"177\" height=\"142\" src=\"data:image\/svg+xml,%3Csvg%20xmlns%3D%27http%3A%2F%2Fwww.w3.org%2F2000%2Fsvg%27%20width%3D%27177%27%20height%3D%27142%27%20viewBox%3D%270%200%20177%20142%27%3E%3Crect%20width%3D%27177%27%20height%3D%27142%27%20fill-opacity%3D%220%22%2F%3E%3C%2Fsvg%3E\" data-orig-src=\"https:\/\/balticwind.eu\/wp-content\/uploads\/2026\/08\/enbw-he-dreiht-all-64-turbines-installed-germany-largest-offshore-177x142.jpg\" class=\"lazyload attachment-portfolio-five size-portfolio-five\" alt=\"\" \/><\/a><\/li><\/ul><\/div><div class=\"recent-posts-content\"><h4 class=\"entry-title\"><a style=\"color: #1f2a3b !important;\" href=\"https:\/\/balticwind.eu\/de\/enbw-schliesst-turbineninstallation-im-groessten-deutschen-offshore-windpark-ab\/\">EnBW schlie\u00dft Turbineninstallation im gr\u00f6\u00dften deutschen Offshore-Windpark ab<\/a><\/h4><p class=\"meta\"><a href=\"https:\/\/balticwind.eu\/de\/category\/deutschland\/\" rel=\"category tag\">Deutschland<\/a>, <a href=\"https:\/\/balticwind.eu\/de\/category\/offshore-wind-aktuell\/\" rel=\"category tag\">Offshore-Wind Aktuell<\/a>, <a href=\"https:\/\/balticwind.eu\/de\/category\/projekte\/\" rel=\"category tag\">Projekte<\/a><span class=\"fusion-inline-sep\">|<\/span><\/p><\/div><\/article><article class=\"post fusion-column column col col-lg-12 col-md-12 col-sm-12 fusion-animated\" data-animationType=\"fadeInDown\" data-animationDuration=\"0.6\" data-animationOffset=\"100%\"><div class=\"fusion-flexslider fusion-flexslider-loading flexslider floated-slideshow flexslider-hover-type-zoomout\"><ul class=\"slides\"><li><a href=\"https:\/\/balticwind.eu\/de\/baltica-2-wendet-sich-dem-sekundaerstahl-zu-ueber-400-bauteile-folgen-den-fundamenten\/\" aria-label=\"Baltica 2 wendet sich dem Sekund\u00e4rstahl zu: \u00dcber 400 Bauteile folgen den Fundamenten\" class=\"hover-type-zoomout\"><img decoding=\"async\" width=\"177\" height=\"142\" src=\"data:image\/svg+xml,%3Csvg%20xmlns%3D%27http%3A%2F%2Fwww.w3.org%2F2000%2Fsvg%27%20width%3D%27177%27%20height%3D%27142%27%20viewBox%3D%270%200%20177%20142%27%3E%3Crect%20width%3D%27177%27%20height%3D%27142%27%20fill-opacity%3D%220%22%2F%3E%3C%2Fsvg%3E\" data-orig-src=\"https:\/\/balticwind.eu\/wp-content\/uploads\/2026\/08\/baltica-2-secondary-steel-400-components-polish-manufacturing-177x142.jpg\" class=\"lazyload attachment-portfolio-five size-portfolio-five\" alt=\"\" \/><\/a><\/li><\/ul><\/div><div class=\"recent-posts-content\"><h4 class=\"entry-title\"><a style=\"color: #1f2a3b !important;\" href=\"https:\/\/balticwind.eu\/de\/baltica-2-wendet-sich-dem-sekundaerstahl-zu-ueber-400-bauteile-folgen-den-fundamenten\/\">Baltica 2 wendet sich dem Sekund\u00e4rstahl zu: \u00dcber 400 Bauteile folgen den Fundamenten<\/a><\/h4><p class=\"meta\"><a href=\"https:\/\/balticwind.eu\/de\/category\/offshore-wind-aktuell\/\" rel=\"category tag\">Offshore-Wind Aktuell<\/a>, <a href=\"https:\/\/balticwind.eu\/de\/category\/polen\/\" rel=\"category tag\">Polen<\/a>, <a href=\"https:\/\/balticwind.eu\/de\/category\/projekte\/\" rel=\"category tag\">Projekte<\/a><span class=\"fusion-inline-sep\">|<\/span><\/p><\/div><\/article><article class=\"post fusion-column column col col-lg-12 col-md-12 col-sm-12 fusion-animated\" data-animationType=\"fadeInDown\" data-animationDuration=\"0.6\" data-animationOffset=\"100%\"><div class=\"fusion-flexslider fusion-flexslider-loading flexslider floated-slideshow flexslider-hover-type-zoomout\"><ul class=\"slides\"><li><a href=\"https:\/\/balticwind.eu\/de\/eurowind-energy-erwirbt-zwei-genehmigte-windparks-mit-867-mw-in-deutschland\/\" aria-label=\"Eurowind Energy erwirbt zwei genehmigte Windparks mit 86,7 MW in Deutschland\" class=\"hover-type-zoomout\"><img decoding=\"async\" width=\"177\" height=\"142\" src=\"data:image\/svg+xml,%3Csvg%20xmlns%3D%27http%3A%2F%2Fwww.w3.org%2F2000%2Fsvg%27%20width%3D%27177%27%20height%3D%27142%27%20viewBox%3D%270%200%20177%20142%27%3E%3Crect%20width%3D%27177%27%20height%3D%27142%27%20fill-opacity%3D%220%22%2F%3E%3C%2Fsvg%3E\" data-orig-src=\"https:\/\/balticwind.eu\/wp-content\/uploads\/2026\/08\/eurowind-energy-acquires-86-7-mw-permitted-german-wind-farms-177x142.jpg\" class=\"lazyload attachment-portfolio-five size-portfolio-five\" alt=\"\" \/><\/a><\/li><\/ul><\/div><div class=\"recent-posts-content\"><h4 class=\"entry-title\"><a style=\"color: #1f2a3b !important;\" href=\"https:\/\/balticwind.eu\/de\/eurowind-energy-erwirbt-zwei-genehmigte-windparks-mit-867-mw-in-deutschland\/\">Eurowind Energy erwirbt zwei genehmigte Windparks mit 86,7 MW in Deutschland<\/a><\/h4><p class=\"meta\"><a href=\"https:\/\/balticwind.eu\/de\/category\/deutschland\/\" rel=\"category tag\">Deutschland<\/a>, <a href=\"https:\/\/balticwind.eu\/de\/category\/onshore-wind-aktuell\/\" rel=\"category tag\">Onshore-Wind Aktuell<\/a>, <a href=\"https:\/\/balticwind.eu\/de\/category\/projekte\/\" rel=\"category tag\">Projekte<\/a><span class=\"fusion-inline-sep\">|<\/span><\/p><\/div><\/article><article class=\"post fusion-column column col col-lg-12 col-md-12 col-sm-12 fusion-animated\" data-animationType=\"fadeInDown\" data-animationDuration=\"0.6\" data-animationOffset=\"100%\"><div class=\"fusion-flexslider fusion-flexslider-loading flexslider floated-slideshow flexslider-hover-type-zoomout\"><ul class=\"slides\"><li><a href=\"https:\/\/balticwind.eu\/de\/baltica-2-monopile-kampagne-mit-allen-111-fundamenten-abgeschlossen\/\" aria-label=\"Baltica 2: Monopile-Kampagne mit allen 111 Fundamenten abgeschlossen\" class=\"hover-type-zoomout\"><img decoding=\"async\" width=\"177\" height=\"142\" src=\"data:image\/svg+xml,%3Csvg%20xmlns%3D%27http%3A%2F%2Fwww.w3.org%2F2000%2Fsvg%27%20width%3D%27177%27%20height%3D%27142%27%20viewBox%3D%270%200%20177%20142%27%3E%3Crect%20width%3D%27177%27%20height%3D%27142%27%20fill-opacity%3D%220%22%2F%3E%3C%2Fsvg%3E\" data-orig-src=\"https:\/\/balticwind.eu\/wp-content\/uploads\/2026\/08\/baltica-2-monopile-campaign-complete-111-foundations-177x142.jpg\" class=\"lazyload attachment-portfolio-five size-portfolio-five\" alt=\"\" \/><\/a><\/li><\/ul><\/div><div class=\"recent-posts-content\"><h4 class=\"entry-title\"><a style=\"color: #1f2a3b !important;\" href=\"https:\/\/balticwind.eu\/de\/baltica-2-monopile-kampagne-mit-allen-111-fundamenten-abgeschlossen\/\">Baltica 2: Monopile-Kampagne mit allen 111 Fundamenten abgeschlossen<\/a><\/h4><p class=\"meta\"><a href=\"https:\/\/balticwind.eu\/de\/category\/offshore-wind-aktuell\/\" rel=\"category tag\">Offshore-Wind Aktuell<\/a>, <a href=\"https:\/\/balticwind.eu\/de\/category\/polen\/\" rel=\"category tag\">Polen<\/a>, <a href=\"https:\/\/balticwind.eu\/de\/category\/projekte\/\" rel=\"category tag\">Projekte<\/a><span class=\"fusion-inline-sep\">|<\/span><\/p><\/div><\/article><article class=\"post fusion-column column col col-lg-12 col-md-12 col-sm-12 fusion-animated\" data-animationType=\"fadeInDown\" data-animationDuration=\"0.6\" data-animationOffset=\"100%\"><div class=\"fusion-flexslider fusion-flexslider-loading flexslider floated-slideshow flexslider-hover-type-zoomout\"><ul class=\"slides\"><li><a href=\"https:\/\/balticwind.eu\/de\/frankreich-stellt-58-millionen-euro-fuer-brest-als-montagedrehkreuz-fuer-schwimmende-windkraft-bereit\/\" aria-label=\"Frankreich stellt 58 Millionen Euro f\u00fcr Brest als Montagedrehkreuz f\u00fcr schwimmende Windkraft bereit\" class=\"hover-type-zoomout\"><img decoding=\"async\" width=\"177\" height=\"142\" src=\"data:image\/svg+xml,%3Csvg%20xmlns%3D%27http%3A%2F%2Fwww.w3.org%2F2000%2Fsvg%27%20width%3D%27177%27%20height%3D%27142%27%20viewBox%3D%270%200%20177%20142%27%3E%3Crect%20width%3D%27177%27%20height%3D%27142%27%20fill-opacity%3D%220%22%2F%3E%3C%2Fsvg%3E\" data-orig-src=\"https:\/\/balticwind.eu\/wp-content\/uploads\/2026\/08\/france-58-million-brest-floating-wind-assembly-hub-177x142.jpg\" class=\"lazyload attachment-portfolio-five size-portfolio-five\" alt=\"\" \/><\/a><\/li><\/ul><\/div><div class=\"recent-posts-content\"><h4 class=\"entry-title\"><a style=\"color: #1f2a3b !important;\" href=\"https:\/\/balticwind.eu\/de\/frankreich-stellt-58-millionen-euro-fuer-brest-als-montagedrehkreuz-fuer-schwimmende-windkraft-bereit\/\">Frankreich stellt 58 Millionen Euro f\u00fcr Brest als Montagedrehkreuz f\u00fcr schwimmende Windkraft bereit<\/a><\/h4><p class=\"meta\"><a href=\"https:\/\/balticwind.eu\/de\/category\/offshore-wind-aktuell\/\" rel=\"category tag\">Offshore-Wind Aktuell<\/a>, <a href=\"https:\/\/balticwind.eu\/de\/category\/projekte\/\" rel=\"category tag\">Projekte<\/a><span class=\"fusion-inline-sep\">|<\/span><\/p><\/div><\/article><article class=\"post fusion-column column col col-lg-12 col-md-12 col-sm-12 fusion-animated\" data-animationType=\"fadeInDown\" data-animationDuration=\"0.6\" data-animationOffset=\"100%\"><div class=\"fusion-flexslider fusion-flexslider-loading flexslider floated-slideshow flexslider-hover-type-zoomout\"><ul class=\"slides\"><li><a href=\"https:\/\/balticwind.eu\/de\/fundamentarbeiten-fuer-die-energieinsel-princess-elisabeth-abgeschlossen\/\" aria-label=\"Fundamentarbeiten f\u00fcr die Energieinsel Princess Elisabeth abgeschlossen\" class=\"hover-type-zoomout\"><img decoding=\"async\" width=\"177\" height=\"142\" src=\"data:image\/svg+xml,%3Csvg%20xmlns%3D%27http%3A%2F%2Fwww.w3.org%2F2000%2Fsvg%27%20width%3D%27177%27%20height%3D%27142%27%20viewBox%3D%270%200%20177%20142%27%3E%3Crect%20width%3D%27177%27%20height%3D%27142%27%20fill-opacity%3D%220%22%2F%3E%3C%2Fsvg%3E\" data-orig-src=\"https:\/\/balticwind.eu\/wp-content\/uploads\/2026\/08\/princess-elisabeth-island-foundations-complete-final-caisson-177x142.jpg\" class=\"lazyload attachment-portfolio-five size-portfolio-five\" alt=\"\" \/><\/a><\/li><\/ul><\/div><div class=\"recent-posts-content\"><h4 class=\"entry-title\"><a style=\"color: #1f2a3b !important;\" href=\"https:\/\/balticwind.eu\/de\/fundamentarbeiten-fuer-die-energieinsel-princess-elisabeth-abgeschlossen\/\">Fundamentarbeiten f\u00fcr die Energieinsel Princess Elisabeth abgeschlossen<\/a><\/h4><p class=\"meta\"><a href=\"https:\/\/balticwind.eu\/de\/category\/offshore-wind-aktuell\/\" rel=\"category tag\">Offshore-Wind Aktuell<\/a>, <a href=\"https:\/\/balticwind.eu\/de\/category\/projekte\/\" rel=\"category tag\">Projekte<\/a><span class=\"fusion-inline-sep\">|<\/span><\/p><\/div><\/article><article class=\"post fusion-column column col col-lg-12 col-md-12 col-sm-12 fusion-animated\" data-animationType=\"fadeInDown\" data-animationDuration=\"0.6\" data-animationOffset=\"100%\"><div class=\"fusion-flexslider fusion-flexslider-loading flexslider floated-slideshow flexslider-hover-type-zoomout\"><ul class=\"slides\"><li><a href=\"https:\/\/balticwind.eu\/de\/nordex-liefert-82-mw-fuer-buergerwindprojekte-in-niedersachsen\/\" aria-label=\"Nordex liefert 82 MW f\u00fcr B\u00fcrgerwindprojekte in Niedersachsen\" class=\"hover-type-zoomout\"><img decoding=\"async\" width=\"177\" height=\"142\" src=\"data:image\/svg+xml,%3Csvg%20xmlns%3D%27http%3A%2F%2Fwww.w3.org%2F2000%2Fsvg%27%20width%3D%27177%27%20height%3D%27142%27%20viewBox%3D%270%200%20177%20142%27%3E%3Crect%20width%3D%27177%27%20height%3D%27142%27%20fill-opacity%3D%220%22%2F%3E%3C%2Fsvg%3E\" data-orig-src=\"https:\/\/balticwind.eu\/wp-content\/uploads\/2026\/08\/nordex-82-mw-community-wind-orders-lower-saxony-177x142.jpg\" class=\"lazyload attachment-portfolio-five size-portfolio-five\" alt=\"\" \/><\/a><\/li><\/ul><\/div><div class=\"recent-posts-content\"><h4 class=\"entry-title\"><a style=\"color: #1f2a3b !important;\" href=\"https:\/\/balticwind.eu\/de\/nordex-liefert-82-mw-fuer-buergerwindprojekte-in-niedersachsen\/\">Nordex liefert 82 MW f\u00fcr B\u00fcrgerwindprojekte in Niedersachsen<\/a><\/h4><p class=\"meta\"><a href=\"https:\/\/balticwind.eu\/de\/category\/deutschland\/\" rel=\"category tag\">Deutschland<\/a>, <a href=\"https:\/\/balticwind.eu\/de\/category\/onshore-wind-aktuell\/\" rel=\"category tag\">Onshore-Wind Aktuell<\/a>, <a href=\"https:\/\/balticwind.eu\/de\/category\/projekte\/\" rel=\"category tag\">Projekte<\/a><span class=\"fusion-inline-sep\">|<\/span><\/p><\/div><\/article><article class=\"post fusion-column column col col-lg-12 col-md-12 col-sm-12 fusion-animated\" data-animationType=\"fadeInDown\" data-animationDuration=\"0.6\" data-animationOffset=\"100%\"><div class=\"fusion-flexslider fusion-flexslider-loading flexslider floated-slideshow flexslider-hover-type-zoomout\"><ul class=\"slides\"><li><a href=\"https:\/\/balticwind.eu\/de\/was-erster-strom-ins-netz-wirklich-bedeutet-ein-blick-in-die-inbetriebnahme-von-offshore-windparks\/\" aria-label=\"Was \u201eerster Strom ins Netz\u201d wirklich bedeutet: ein Blick in die Inbetriebnahme von Offshore-Windparks\" class=\"hover-type-zoomout\"><img decoding=\"async\" width=\"177\" height=\"142\" src=\"data:image\/svg+xml,%3Csvg%20xmlns%3D%27http%3A%2F%2Fwww.w3.org%2F2000%2Fsvg%27%20width%3D%27177%27%20height%3D%27142%27%20viewBox%3D%270%200%20177%20142%27%3E%3Crect%20width%3D%27177%27%20height%3D%27142%27%20fill-opacity%3D%220%22%2F%3E%3C%2Fsvg%3E\" data-orig-src=\"https:\/\/balticwind.eu\/wp-content\/uploads\/2026\/08\/what-first-power-to-the-grid-means-offshore-wind-commissioning-177x142.jpg\" class=\"lazyload attachment-portfolio-five size-portfolio-five\" alt=\"\" \/><\/a><\/li><\/ul><\/div><div class=\"recent-posts-content\"><h4 class=\"entry-title\"><a style=\"color: #1f2a3b !important;\" href=\"https:\/\/balticwind.eu\/de\/was-erster-strom-ins-netz-wirklich-bedeutet-ein-blick-in-die-inbetriebnahme-von-offshore-windparks\/\">Was \u201eerster Strom ins Netz\u201d wirklich bedeutet: ein Blick in die Inbetriebnahme von Offshore-Windparks<\/a><\/h4><p class=\"meta\"><a href=\"https:\/\/balticwind.eu\/de\/category\/editors-choice-de\/\" rel=\"category tag\">Auswahl der Redaktion<\/a>, <a href=\"https:\/\/balticwind.eu\/de\/category\/offshore-wind-aktuell\/\" rel=\"category tag\">Offshore-Wind Aktuell<\/a>, <a href=\"https:\/\/balticwind.eu\/de\/category\/polen\/\" rel=\"category tag\">Polen<\/a>, <a href=\"https:\/\/balticwind.eu\/de\/category\/projekte\/\" rel=\"category tag\">Projekte<\/a><span class=\"fusion-inline-sep\">|<\/span><\/p><\/div><\/article><article class=\"post fusion-column column col col-lg-12 col-md-12 col-sm-12 fusion-animated\" data-animationType=\"fadeInDown\" data-animationDuration=\"0.6\" data-animationOffset=\"100%\"><div class=\"fusion-flexslider fusion-flexslider-loading flexslider floated-slideshow flexslider-hover-type-zoomout\"><ul class=\"slides\"><li><a href=\"https:\/\/balticwind.eu\/de\/der-offshore-terminal-swinoujscie-wie-polens-erster-installationshafen-funktioniert\/\" aria-label=\"Der Offshore-Terminal \u015awinouj\u015bcie: wie Polens erster Installationshafen funktioniert\" class=\"hover-type-zoomout\"><img decoding=\"async\" width=\"177\" height=\"142\" src=\"data:image\/svg+xml,%3Csvg%20xmlns%3D%27http%3A%2F%2Fwww.w3.org%2F2000%2Fsvg%27%20width%3D%27177%27%20height%3D%27142%27%20viewBox%3D%270%200%20177%20142%27%3E%3Crect%20width%3D%27177%27%20height%3D%27142%27%20fill-opacity%3D%220%22%2F%3E%3C%2Fsvg%3E\" data-orig-src=\"https:\/\/balticwind.eu\/wp-content\/uploads\/2026\/08\/swinoujscie-offshore-terminal-poland-installation-port-177x142.jpg\" class=\"lazyload attachment-portfolio-five size-portfolio-five\" alt=\"\" \/><\/a><\/li><\/ul><\/div><div class=\"recent-posts-content\"><h4 class=\"entry-title\"><a style=\"color: #1f2a3b !important;\" href=\"https:\/\/balticwind.eu\/de\/der-offshore-terminal-swinoujscie-wie-polens-erster-installationshafen-funktioniert\/\">Der Offshore-Terminal \u015awinouj\u015bcie: wie Polens erster Installationshafen funktioniert<\/a><\/h4><p class=\"meta\"><a href=\"https:\/\/balticwind.eu\/de\/category\/editors-choice-de\/\" rel=\"category tag\">Auswahl der Redaktion<\/a>, <a href=\"https:\/\/balticwind.eu\/de\/category\/offshore-wind-aktuell\/\" rel=\"category tag\">Offshore-Wind Aktuell<\/a>, <a href=\"https:\/\/balticwind.eu\/de\/category\/polen\/\" rel=\"category tag\">Polen<\/a>, <a href=\"https:\/\/balticwind.eu\/de\/category\/projekte\/\" rel=\"category tag\">Projekte<\/a><span class=\"fusion-inline-sep\">|<\/span><\/p><\/div><\/article><article class=\"post fusion-column column col col-lg-12 col-md-12 col-sm-12 fusion-animated\" data-animationType=\"fadeInDown\" data-animationDuration=\"0.6\" data-animationOffset=\"100%\"><div class=\"fusion-flexslider fusion-flexslider-loading flexslider floated-slideshow flexslider-hover-type-zoomout\"><ul class=\"slides\"><li><a href=\"https:\/\/balticwind.eu\/de\/enova-schliesst-repowering-des-windparks-gehrde-in-niedersachsen-ab\/\" aria-label=\"ENOVA schlie\u00dft Repowering des Windparks Gehrde in Niedersachsen ab\" class=\"hover-type-zoomout\"><img decoding=\"async\" width=\"177\" height=\"142\" src=\"data:image\/svg+xml,%3Csvg%20xmlns%3D%27http%3A%2F%2Fwww.w3.org%2F2000%2Fsvg%27%20width%3D%27177%27%20height%3D%27142%27%20viewBox%3D%270%200%20177%20142%27%3E%3Crect%20width%3D%27177%27%20height%3D%27142%27%20fill-opacity%3D%220%22%2F%3E%3C%2Fsvg%3E\" data-orig-src=\"https:\/\/balticwind.eu\/wp-content\/uploads\/2026\/08\/enova-repowering-gehrde-wind-farm-177x142.jpg\" class=\"lazyload attachment-portfolio-five size-portfolio-five\" alt=\"\" \/><\/a><\/li><\/ul><\/div><div class=\"recent-posts-content\"><h4 class=\"entry-title\"><a style=\"color: #1f2a3b !important;\" href=\"https:\/\/balticwind.eu\/de\/enova-schliesst-repowering-des-windparks-gehrde-in-niedersachsen-ab\/\">ENOVA schlie\u00dft Repowering des Windparks Gehrde in Niedersachsen ab<\/a><\/h4><p class=\"meta\"><a href=\"https:\/\/balticwind.eu\/de\/category\/deutschland\/\" rel=\"category tag\">Deutschland<\/a>, <a href=\"https:\/\/balticwind.eu\/de\/category\/onshore-wind-aktuell\/\" rel=\"category tag\">Onshore-Wind Aktuell<\/a>, <a href=\"https:\/\/balticwind.eu\/de\/category\/projekte\/\" rel=\"category tag\">Projekte<\/a><span class=\"fusion-inline-sep\">|<\/span><\/p><\/div><\/article><article class=\"post fusion-column column col col-lg-12 col-md-12 col-sm-12 fusion-animated\" data-animationType=\"fadeInDown\" data-animationDuration=\"0.6\" data-animationOffset=\"100%\"><div class=\"fusion-flexslider fusion-flexslider-loading flexslider floated-slideshow flexslider-hover-type-zoomout\"><ul class=\"slides\"><li><a href=\"https:\/\/balticwind.eu\/de\/nordex-erhaelt-525-mw-auftrag-in-der-tuerkei-groesster-einzelauftrag-im-markt\/\" aria-label=\"Nordex erh\u00e4lt 525-MW-Auftrag in der T\u00fcrkei \u2013 gr\u00f6\u00dfter Einzelauftrag im Markt\" class=\"hover-type-zoomout\"><img decoding=\"async\" width=\"177\" height=\"142\" src=\"data:image\/svg+xml,%3Csvg%20xmlns%3D%27http%3A%2F%2Fwww.w3.org%2F2000%2Fsvg%27%20width%3D%27177%27%20height%3D%27142%27%20viewBox%3D%270%200%20177%20142%27%3E%3Crect%20width%3D%27177%27%20height%3D%27142%27%20fill-opacity%3D%220%22%2F%3E%3C%2Fsvg%3E\" data-orig-src=\"https:\/\/balticwind.eu\/wp-content\/uploads\/2026\/08\/nordex-525-mw-order-turkey-177x142.jpg\" class=\"lazyload attachment-portfolio-five size-portfolio-five\" alt=\"\" \/><\/a><\/li><\/ul><\/div><div class=\"recent-posts-content\"><h4 class=\"entry-title\"><a style=\"color: #1f2a3b !important;\" href=\"https:\/\/balticwind.eu\/de\/nordex-erhaelt-525-mw-auftrag-in-der-tuerkei-groesster-einzelauftrag-im-markt\/\">Nordex erh\u00e4lt 525-MW-Auftrag in der T\u00fcrkei \u2013 gr\u00f6\u00dfter Einzelauftrag im Markt<\/a><\/h4><p class=\"meta\"><a href=\"https:\/\/balticwind.eu\/de\/category\/onshore-wind-aktuell\/\" rel=\"category tag\">Onshore-Wind Aktuell<\/a>, <a href=\"https:\/\/balticwind.eu\/de\/category\/projekte\/\" rel=\"category tag\">Projekte<\/a><span class=\"fusion-inline-sep\">|<\/span><\/p><\/div><\/article><article class=\"post fusion-column column col col-lg-12 col-md-12 col-sm-12 fusion-animated\" data-animationType=\"fadeInDown\" data-animationDuration=\"0.6\" data-animationOffset=\"100%\"><div class=\"fusion-flexslider fusion-flexslider-loading flexslider floated-slideshow flexslider-hover-type-zoomout\"><ul class=\"slides\"><li><a href=\"https:\/\/balticwind.eu\/de\/nordex-liefert-77-mw-windpark-urleasca-in-rumaenien-fuer-ox2\/\" aria-label=\"Nordex liefert 77-MW-Windpark Urleasca in Rum\u00e4nien f\u00fcr OX2\" class=\"hover-type-zoomout\"><img decoding=\"async\" width=\"177\" height=\"142\" src=\"data:image\/svg+xml,%3Csvg%20xmlns%3D%27http%3A%2F%2Fwww.w3.org%2F2000%2Fsvg%27%20width%3D%27177%27%20height%3D%27142%27%20viewBox%3D%270%200%20177%20142%27%3E%3Crect%20width%3D%27177%27%20height%3D%27142%27%20fill-opacity%3D%220%22%2F%3E%3C%2Fsvg%3E\" data-orig-src=\"https:\/\/balticwind.eu\/wp-content\/uploads\/2026\/08\/nordex-77-mw-urleasca-romania-ox2-177x142.jpg\" class=\"lazyload attachment-portfolio-five size-portfolio-five\" alt=\"\" \/><\/a><\/li><\/ul><\/div><div class=\"recent-posts-content\"><h4 class=\"entry-title\"><a style=\"color: #1f2a3b !important;\" href=\"https:\/\/balticwind.eu\/de\/nordex-liefert-77-mw-windpark-urleasca-in-rumaenien-fuer-ox2\/\">Nordex liefert 77-MW-Windpark Urleasca in Rum\u00e4nien f\u00fcr OX2<\/a><\/h4><p class=\"meta\"><a href=\"https:\/\/balticwind.eu\/de\/category\/onshore-wind-aktuell\/\" rel=\"category tag\">Onshore-Wind Aktuell<\/a>, <a href=\"https:\/\/balticwind.eu\/de\/category\/projekte\/\" rel=\"category tag\">Projekte<\/a><span class=\"fusion-inline-sep\">|<\/span><\/p><\/div><\/article><article class=\"post fusion-column column col col-lg-12 col-md-12 col-sm-12 fusion-animated\" data-animationType=\"fadeInDown\" data-animationDuration=\"0.6\" data-animationOffset=\"100%\"><div class=\"fusion-flexslider fusion-flexslider-loading flexslider floated-slideshow flexslider-hover-type-zoomout\"><ul class=\"slides\"><li><a href=\"https:\/\/balticwind.eu\/de\/vsb-schliesst-erweiterung-des-windparks-vockenrod-in-hessen-ab-nun-285-mw\/\" aria-label=\"VSB schlie\u00dft Erweiterung des Windparks Vockenrod in Hessen ab \u2013 nun 28,5 MW\" class=\"hover-type-zoomout\"><img decoding=\"async\" width=\"177\" height=\"142\" src=\"data:image\/svg+xml,%3Csvg%20xmlns%3D%27http%3A%2F%2Fwww.w3.org%2F2000%2Fsvg%27%20width%3D%27177%27%20height%3D%27142%27%20viewBox%3D%270%200%20177%20142%27%3E%3Crect%20width%3D%27177%27%20height%3D%27142%27%20fill-opacity%3D%220%22%2F%3E%3C%2Fsvg%3E\" data-orig-src=\"https:\/\/balticwind.eu\/wp-content\/uploads\/2026\/08\/vsb-vockenrod-wind-farm-expansion-177x142.jpg\" class=\"lazyload attachment-portfolio-five size-portfolio-five\" alt=\"\" \/><\/a><\/li><\/ul><\/div><div class=\"recent-posts-content\"><h4 class=\"entry-title\"><a style=\"color: #1f2a3b !important;\" href=\"https:\/\/balticwind.eu\/de\/vsb-schliesst-erweiterung-des-windparks-vockenrod-in-hessen-ab-nun-285-mw\/\">VSB schlie\u00dft Erweiterung des Windparks Vockenrod in Hessen ab \u2013 nun 28,5 MW<\/a><\/h4><p class=\"meta\"><a href=\"https:\/\/balticwind.eu\/de\/category\/deutschland\/\" rel=\"category tag\">Deutschland<\/a>, <a href=\"https:\/\/balticwind.eu\/de\/category\/onshore-wind-aktuell\/\" rel=\"category tag\">Onshore-Wind Aktuell<\/a>, <a href=\"https:\/\/balticwind.eu\/de\/category\/projekte\/\" rel=\"category tag\">Projekte<\/a><span class=\"fusion-inline-sep\">|<\/span><\/p><\/div><\/article><article class=\"post fusion-column column col col-lg-12 col-md-12 col-sm-12 fusion-animated\" data-animationType=\"fadeInDown\" data-animationDuration=\"0.6\" data-animationOffset=\"100%\"><div class=\"fusion-flexslider fusion-flexslider-loading flexslider floated-slideshow flexslider-hover-type-zoomout\"><ul class=\"slides\"><li><a href=\"https:\/\/balticwind.eu\/de\/qualitas-energy-startet-bau-des-42-mw-repowerings-ingstetten-in-baden-wuerttemberg\/\" aria-label=\"Qualitas Energy startet Bau des 42-MW-Repowerings Ingstetten in Baden-W\u00fcrttemberg\" class=\"hover-type-zoomout\"><img decoding=\"async\" width=\"177\" height=\"142\" src=\"data:image\/svg+xml,%3Csvg%20xmlns%3D%27http%3A%2F%2Fwww.w3.org%2F2000%2Fsvg%27%20width%3D%27177%27%20height%3D%27142%27%20viewBox%3D%270%200%20177%20142%27%3E%3Crect%20width%3D%27177%27%20height%3D%27142%27%20fill-opacity%3D%220%22%2F%3E%3C%2Fsvg%3E\" data-orig-src=\"https:\/\/balticwind.eu\/wp-content\/uploads\/2026\/08\/qualitas-energy-ingstetten-42-mw-repowering-177x142.jpg\" class=\"lazyload attachment-portfolio-five size-portfolio-five\" alt=\"\" \/><\/a><\/li><\/ul><\/div><div class=\"recent-posts-content\"><h4 class=\"entry-title\"><a style=\"color: #1f2a3b !important;\" href=\"https:\/\/balticwind.eu\/de\/qualitas-energy-startet-bau-des-42-mw-repowerings-ingstetten-in-baden-wuerttemberg\/\">Qualitas Energy startet Bau des 42-MW-Repowerings Ingstetten in Baden-W\u00fcrttemberg<\/a><\/h4><p class=\"meta\"><a href=\"https:\/\/balticwind.eu\/de\/category\/deutschland\/\" rel=\"category tag\">Deutschland<\/a>, <a href=\"https:\/\/balticwind.eu\/de\/category\/onshore-wind-aktuell\/\" rel=\"category tag\">Onshore-Wind Aktuell<\/a>, <a href=\"https:\/\/balticwind.eu\/de\/category\/projekte\/\" rel=\"category tag\">Projekte<\/a><span class=\"fusion-inline-sep\">|<\/span><\/p><\/div><\/article><article class=\"post fusion-column column col col-lg-12 col-md-12 col-sm-12 fusion-animated\" data-animationType=\"fadeInDown\" data-animationDuration=\"0.6\" data-animationOffset=\"100%\"><div class=\"fusion-flexslider fusion-flexslider-loading flexslider floated-slideshow flexslider-hover-type-zoomout\"><ul class=\"slides\"><li><a href=\"https:\/\/balticwind.eu\/de\/qualitas-energy-startet-42-mw-repowering-des-windparks-ingstetten-in-baden-wuerttemberg\/\" aria-label=\"Qualitas Energy startet 42-MW-Repowering des Windparks Ingstetten in Baden-W\u00fcrttemberg\" class=\"hover-type-zoomout\"><img decoding=\"async\" width=\"177\" height=\"142\" src=\"data:image\/svg+xml,%3Csvg%20xmlns%3D%27http%3A%2F%2Fwww.w3.org%2F2000%2Fsvg%27%20width%3D%27177%27%20height%3D%27142%27%20viewBox%3D%270%200%20177%20142%27%3E%3Crect%20width%3D%27177%27%20height%3D%27142%27%20fill-opacity%3D%220%22%2F%3E%3C%2Fsvg%3E\" data-orig-src=\"https:\/\/balticwind.eu\/wp-content\/uploads\/2026\/08\/qualitas-energy-starts-42-mw-ingstetten-repowering-177x142.jpg\" class=\"lazyload attachment-portfolio-five size-portfolio-five\" alt=\"\" \/><\/a><\/li><\/ul><\/div><div class=\"recent-posts-content\"><h4 class=\"entry-title\"><a style=\"color: #1f2a3b !important;\" href=\"https:\/\/balticwind.eu\/de\/qualitas-energy-startet-42-mw-repowering-des-windparks-ingstetten-in-baden-wuerttemberg\/\">Qualitas Energy startet 42-MW-Repowering des Windparks Ingstetten in Baden-W\u00fcrttemberg<\/a><\/h4><p class=\"meta\"><a href=\"https:\/\/balticwind.eu\/de\/category\/deutschland\/\" rel=\"category tag\">Deutschland<\/a>, <a href=\"https:\/\/balticwind.eu\/de\/category\/onshore-wind-aktuell\/\" rel=\"category tag\">Onshore-Wind Aktuell<\/a>, <a href=\"https:\/\/balticwind.eu\/de\/category\/projekte\/\" rel=\"category tag\">Projekte<\/a><span class=\"fusion-inline-sep\">|<\/span><\/p><\/div><\/article><article class=\"post fusion-column column col col-lg-12 col-md-12 col-sm-12 fusion-animated\" data-animationType=\"fadeInDown\" data-animationDuration=\"0.6\" data-animationOffset=\"100%\"><div class=\"fusion-flexslider fusion-flexslider-loading flexslider floated-slideshow flexslider-hover-type-zoomout\"><ul class=\"slides\"><li><a href=\"https:\/\/balticwind.eu\/de\/vsb-schliesst-erweiterung-des-windparks-vockenrod-in-hessen-ab\/\" aria-label=\"VSB schlie\u00dft Erweiterung des Windparks Vockenrod in Hessen ab\" class=\"hover-type-zoomout\"><img decoding=\"async\" width=\"177\" height=\"142\" src=\"data:image\/svg+xml,%3Csvg%20xmlns%3D%27http%3A%2F%2Fwww.w3.org%2F2000%2Fsvg%27%20width%3D%27177%27%20height%3D%27142%27%20viewBox%3D%270%200%20177%20142%27%3E%3Crect%20width%3D%27177%27%20height%3D%27142%27%20fill-opacity%3D%220%22%2F%3E%3C%2Fsvg%3E\" data-orig-src=\"https:\/\/balticwind.eu\/wp-content\/uploads\/2026\/08\/vsb-completes-vockenrod-wind-farm-expansion-hesse-177x142.jpg\" class=\"lazyload attachment-portfolio-five size-portfolio-five\" alt=\"\" \/><\/a><\/li><\/ul><\/div><div class=\"recent-posts-content\"><h4 class=\"entry-title\"><a style=\"color: #1f2a3b !important;\" href=\"https:\/\/balticwind.eu\/de\/vsb-schliesst-erweiterung-des-windparks-vockenrod-in-hessen-ab\/\">VSB schlie\u00dft Erweiterung des Windparks Vockenrod in Hessen ab<\/a><\/h4><p class=\"meta\"><a href=\"https:\/\/balticwind.eu\/de\/category\/deutschland\/\" rel=\"category tag\">Deutschland<\/a>, <a href=\"https:\/\/balticwind.eu\/de\/category\/onshore-wind-aktuell\/\" rel=\"category tag\">Onshore-Wind Aktuell<\/a>, <a href=\"https:\/\/balticwind.eu\/de\/category\/projekte\/\" rel=\"category tag\">Projekte<\/a><span class=\"fusion-inline-sep\">|<\/span><\/p><\/div><\/article><article class=\"post fusion-column column col col-lg-12 col-md-12 col-sm-12 fusion-animated\" data-animationType=\"fadeInDown\" data-animationDuration=\"0.6\" data-animationOffset=\"100%\"><div class=\"fusion-flexslider fusion-flexslider-loading flexslider floated-slideshow flexslider-hover-type-zoomout\"><ul class=\"slides\"><li><a href=\"https:\/\/balticwind.eu\/de\/baltica-2-und-3-polens-naechste-offshore-giganten-nehmen-gestalt-an\/\" aria-label=\"Baltica 2 und 3: Polens n\u00e4chste Offshore-Giganten nehmen Gestalt an\" class=\"hover-type-zoomout\"><img decoding=\"async\" width=\"177\" height=\"142\" src=\"data:image\/svg+xml,%3Csvg%20xmlns%3D%27http%3A%2F%2Fwww.w3.org%2F2000%2Fsvg%27%20width%3D%27177%27%20height%3D%27142%27%20viewBox%3D%270%200%20177%20142%27%3E%3Crect%20width%3D%27177%27%20height%3D%27142%27%20fill-opacity%3D%220%22%2F%3E%3C%2Fsvg%3E\" data-orig-src=\"https:\/\/balticwind.eu\/wp-content\/uploads\/2026\/07\/baltica-2-and-3-poland-next-offshore-giants-take-shape-177x142.jpg\" class=\"lazyload attachment-portfolio-five size-portfolio-five\" alt=\"\" \/><\/a><\/li><\/ul><\/div><div class=\"recent-posts-content\"><h4 class=\"entry-title\"><a style=\"color: #1f2a3b !important;\" href=\"https:\/\/balticwind.eu\/de\/baltica-2-und-3-polens-naechste-offshore-giganten-nehmen-gestalt-an\/\">Baltica 2 und 3: Polens n\u00e4chste Offshore-Giganten nehmen Gestalt an<\/a><\/h4><p class=\"meta\"><a href=\"https:\/\/balticwind.eu\/de\/category\/editors-choice-de\/\" rel=\"category tag\">Auswahl der Redaktion<\/a>, <a href=\"https:\/\/balticwind.eu\/de\/category\/offshore-wind-aktuell\/\" rel=\"category tag\">Offshore-Wind Aktuell<\/a>, <a href=\"https:\/\/balticwind.eu\/de\/category\/polen\/\" rel=\"category tag\">Polen<\/a>, <a href=\"https:\/\/balticwind.eu\/de\/category\/projekte\/\" rel=\"category tag\">Projekte<\/a><span class=\"fusion-inline-sep\">|<\/span><\/p><\/div><\/article><article class=\"post fusion-column column col col-lg-12 col-md-12 col-sm-12 fusion-animated\" data-animationType=\"fadeInDown\" data-animationDuration=\"0.6\" data-animationOffset=\"100%\"><div class=\"fusion-flexslider fusion-flexslider-loading flexslider floated-slideshow flexslider-hover-type-zoomout\"><ul class=\"slides\"><li><a href=\"https:\/\/balticwind.eu\/de\/rwe-speist-ersten-strom-aus-nordseecluster-a-ins-deutsche-netz-ein\/\" aria-label=\"RWE speist ersten Strom aus Nordseecluster A ins deutsche Netz ein\" class=\"hover-type-zoomout\"><img decoding=\"async\" width=\"177\" height=\"142\" src=\"data:image\/svg+xml,%3Csvg%20xmlns%3D%27http%3A%2F%2Fwww.w3.org%2F2000%2Fsvg%27%20width%3D%27177%27%20height%3D%27142%27%20viewBox%3D%270%200%20177%20142%27%3E%3Crect%20width%3D%27177%27%20height%3D%27142%27%20fill-opacity%3D%220%22%2F%3E%3C%2Fsvg%3E\" data-orig-src=\"https:\/\/balticwind.eu\/wp-content\/uploads\/2026\/07\/rwe-nordseecluster-a-first-power-german-grid-177x142.jpg\" class=\"lazyload attachment-portfolio-five size-portfolio-five\" alt=\"\" \/><\/a><\/li><\/ul><\/div><div class=\"recent-posts-content\"><h4 class=\"entry-title\"><a style=\"color: #1f2a3b !important;\" href=\"https:\/\/balticwind.eu\/de\/rwe-speist-ersten-strom-aus-nordseecluster-a-ins-deutsche-netz-ein\/\">RWE speist ersten Strom aus Nordseecluster A ins deutsche Netz ein<\/a><\/h4><p class=\"meta\"><a href=\"https:\/\/balticwind.eu\/de\/category\/deutschland\/\" rel=\"category tag\">Deutschland<\/a>, <a href=\"https:\/\/balticwind.eu\/de\/category\/offshore-wind-aktuell\/\" rel=\"category tag\">Offshore-Wind Aktuell<\/a>, <a href=\"https:\/\/balticwind.eu\/de\/category\/projekte\/\" rel=\"category tag\">Projekte<\/a><span class=\"fusion-inline-sep\">|<\/span><\/p><\/div><\/article><article class=\"post fusion-column column col col-lg-12 col-md-12 col-sm-12 fusion-animated\" data-animationType=\"fadeInDown\" data-animationDuration=\"0.6\" data-animationOffset=\"100%\"><div class=\"fusion-flexslider fusion-flexslider-loading flexslider floated-slideshow flexslider-hover-type-zoomout\"><ul class=\"slides\"><li><a href=\"https:\/\/balticwind.eu\/de\/westpommern-wie-polens-westkueste-zum-tal-der-offshore-windenergie-wird\/\" aria-label=\"Westpommern: Wie Polens Westk\u00fcste zum Tal der Offshore-Windenergie wird\" class=\"hover-type-zoomout\"><img decoding=\"async\" width=\"177\" height=\"142\" src=\"data:image\/svg+xml,%3Csvg%20xmlns%3D%27http%3A%2F%2Fwww.w3.org%2F2000%2Fsvg%27%20width%3D%27177%27%20height%3D%27142%27%20viewBox%3D%270%200%20177%20142%27%3E%3Crect%20width%3D%27177%27%20height%3D%27142%27%20fill-opacity%3D%220%22%2F%3E%3C%2Fsvg%3E\" data-orig-src=\"https:\/\/balticwind.eu\/wp-content\/uploads\/2026\/07\/west-pomerania-offshore-wind-valley-177x142.jpg\" class=\"lazyload attachment-portfolio-five size-portfolio-five\" alt=\"\" \/><\/a><\/li><\/ul><\/div><div class=\"recent-posts-content\"><h4 class=\"entry-title\"><a style=\"color: #1f2a3b !important;\" href=\"https:\/\/balticwind.eu\/de\/westpommern-wie-polens-westkueste-zum-tal-der-offshore-windenergie-wird\/\">Westpommern: Wie Polens Westk\u00fcste zum Tal der Offshore-Windenergie wird<\/a><\/h4><p class=\"meta\"><a href=\"https:\/\/balticwind.eu\/de\/category\/editors-choice-de\/\" rel=\"category tag\">Auswahl der Redaktion<\/a>, <a href=\"https:\/\/balticwind.eu\/de\/category\/offshore-wind-aktuell\/\" rel=\"category tag\">Offshore-Wind Aktuell<\/a>, <a href=\"https:\/\/balticwind.eu\/de\/category\/polen\/\" rel=\"category tag\">Polen<\/a>, <a href=\"https:\/\/balticwind.eu\/de\/category\/projekte\/\" rel=\"category tag\">Projekte<\/a><span class=\"fusion-inline-sep\">|<\/span><\/p><\/div><\/article><article class=\"post fusion-column column col col-lg-12 col-md-12 col-sm-12 fusion-animated\" data-animationType=\"fadeInDown\" data-animationDuration=\"0.6\" data-animationOffset=\"100%\"><div class=\"fusion-flexslider fusion-flexslider-loading flexslider floated-slideshow flexslider-hover-type-zoomout\"><ul class=\"slides\"><li><a href=\"https:\/\/balticwind.eu\/de\/baltic-power-schritt-fuer-schritt-wie-polen-seinen-ersten-offshore-windpark-baute\/\" aria-label=\"Baltic Power Schritt f\u00fcr Schritt: Wie Polen seinen ersten Offshore-Windpark baute\" class=\"hover-type-zoomout\"><img decoding=\"async\" width=\"177\" height=\"142\" src=\"data:image\/svg+xml,%3Csvg%20xmlns%3D%27http%3A%2F%2Fwww.w3.org%2F2000%2Fsvg%27%20width%3D%27177%27%20height%3D%27142%27%20viewBox%3D%270%200%20177%20142%27%3E%3Crect%20width%3D%27177%27%20height%3D%27142%27%20fill-opacity%3D%220%22%2F%3E%3C%2Fsvg%3E\" data-orig-src=\"https:\/\/balticwind.eu\/wp-content\/uploads\/2026\/07\/baltic-power-offshore-wind-farm-poland-177x142.jpg\" class=\"lazyload attachment-portfolio-five size-portfolio-five\" alt=\"\" \/><\/a><\/li><\/ul><\/div><div class=\"recent-posts-content\"><h4 class=\"entry-title\"><a style=\"color: #1f2a3b !important;\" href=\"https:\/\/balticwind.eu\/de\/baltic-power-schritt-fuer-schritt-wie-polen-seinen-ersten-offshore-windpark-baute\/\">Baltic Power Schritt f\u00fcr Schritt: Wie Polen seinen ersten Offshore-Windpark baute<\/a><\/h4><p class=\"meta\"><a href=\"https:\/\/balticwind.eu\/de\/category\/editors-choice-de\/\" rel=\"category tag\">Auswahl der Redaktion<\/a>, <a href=\"https:\/\/balticwind.eu\/de\/category\/offshore-wind-aktuell\/\" rel=\"category tag\">Offshore-Wind Aktuell<\/a>, <a href=\"https:\/\/balticwind.eu\/de\/category\/polen\/\" rel=\"category tag\">Polen<\/a>, <a href=\"https:\/\/balticwind.eu\/de\/category\/projekte\/\" rel=\"category tag\">Projekte<\/a><span class=\"fusion-inline-sep\">|<\/span><\/p><\/div><\/article><article class=\"post fusion-column column col col-lg-12 col-md-12 col-sm-12 fusion-animated\" data-animationType=\"fadeInDown\" data-animationDuration=\"0.6\" data-animationOffset=\"100%\"><div class=\"fusion-flexslider fusion-flexslider-loading flexslider floated-slideshow flexslider-hover-type-zoomout\"><ul class=\"slides\"><li><a href=\"https:\/\/balticwind.eu\/de\/westpommern-festigt-seine-rolle-als-offshore-wind-drehkreuz-an-der-ostsee-um-swinoujscie\/\" aria-label=\"Westpommern festigt seine Rolle als Offshore-Wind-Drehkreuz an der Ostsee um \u015awinouj\u015bcie\" class=\"hover-type-zoomout\"><img decoding=\"async\" width=\"177\" height=\"142\" src=\"data:image\/svg+xml,%3Csvg%20xmlns%3D%27http%3A%2F%2Fwww.w3.org%2F2000%2Fsvg%27%20width%3D%27177%27%20height%3D%27142%27%20viewBox%3D%270%200%20177%20142%27%3E%3Crect%20width%3D%27177%27%20height%3D%27142%27%20fill-opacity%3D%220%22%2F%3E%3C%2Fsvg%3E\" data-orig-src=\"https:\/\/balticwind.eu\/wp-content\/uploads\/2026\/07\/west-pomerania-offshore-wind-hub-baltic-sea-177x142.jpg\" class=\"lazyload attachment-portfolio-five size-portfolio-five\" alt=\"\" \/><\/a><\/li><\/ul><\/div><div class=\"recent-posts-content\"><h4 class=\"entry-title\"><a style=\"color: #1f2a3b !important;\" href=\"https:\/\/balticwind.eu\/de\/westpommern-festigt-seine-rolle-als-offshore-wind-drehkreuz-an-der-ostsee-um-swinoujscie\/\">Westpommern festigt seine Rolle als Offshore-Wind-Drehkreuz an der Ostsee um \u015awinouj\u015bcie<\/a><\/h4><p class=\"meta\"><a href=\"https:\/\/balticwind.eu\/de\/category\/offshore-wind-aktuell\/\" rel=\"category tag\">Offshore-Wind Aktuell<\/a>, <a href=\"https:\/\/balticwind.eu\/de\/category\/polen\/\" rel=\"category tag\">Polen<\/a>, <a href=\"https:\/\/balticwind.eu\/de\/category\/projekte\/\" rel=\"category tag\">Projekte<\/a><span class=\"fusion-inline-sep\">|<\/span><\/p><\/div><\/article><article class=\"post fusion-column column col col-lg-12 col-md-12 col-sm-12 fusion-animated\" data-animationType=\"fadeInDown\" data-animationDuration=\"0.6\" data-animationOffset=\"100%\"><div class=\"fusion-flexslider fusion-flexslider-loading flexslider floated-slideshow flexslider-hover-type-zoomout\"><ul class=\"slides\"><li><a href=\"https:\/\/balticwind.eu\/de\/uka-gruppe-uebernimmt-im-ersten-halbjahr-2026-windprojekte-mit-rund-900-mw\/\" aria-label=\"UKA-Gruppe \u00fcbernimmt im ersten Halbjahr 2026 Windprojekte mit rund 900 MW\" class=\"hover-type-zoomout\"><img decoding=\"async\" width=\"177\" height=\"142\" src=\"data:image\/svg+xml,%3Csvg%20xmlns%3D%27http%3A%2F%2Fwww.w3.org%2F2000%2Fsvg%27%20width%3D%27177%27%20height%3D%27142%27%20viewBox%3D%270%200%20177%20142%27%3E%3Crect%20width%3D%27177%27%20height%3D%27142%27%20fill-opacity%3D%220%22%2F%3E%3C%2Fsvg%3E\" data-orig-src=\"https:\/\/balticwind.eu\/wp-content\/uploads\/2026\/07\/uka-wind-farm-mahlsdorf-construction-brandenburg-177x142.jpg\" class=\"lazyload attachment-portfolio-five size-portfolio-five\" alt=\"\" \/><\/a><\/li><\/ul><\/div><div class=\"recent-posts-content\"><h4 class=\"entry-title\"><a style=\"color: #1f2a3b !important;\" href=\"https:\/\/balticwind.eu\/de\/uka-gruppe-uebernimmt-im-ersten-halbjahr-2026-windprojekte-mit-rund-900-mw\/\">UKA-Gruppe \u00fcbernimmt im ersten Halbjahr 2026 Windprojekte mit rund 900 MW<\/a><\/h4><p class=\"meta\"><a href=\"https:\/\/balticwind.eu\/de\/category\/deutschland\/\" rel=\"category tag\">Deutschland<\/a>, <a href=\"https:\/\/balticwind.eu\/de\/category\/onshore-wind-aktuell\/\" rel=\"category tag\">Onshore-Wind Aktuell<\/a>, <a href=\"https:\/\/balticwind.eu\/de\/category\/projekte\/\" rel=\"category tag\">Projekte<\/a><span class=\"fusion-inline-sep\">|<\/span><\/p><\/div><\/article><article class=\"post fusion-column column col col-lg-12 col-md-12 col-sm-12 fusion-animated\" data-animationType=\"fadeInDown\" data-animationDuration=\"0.6\" data-animationOffset=\"100%\"><div class=\"fusion-flexslider fusion-flexslider-loading flexslider floated-slideshow flexslider-hover-type-zoomout\"><ul class=\"slides\"><li><a href=\"https:\/\/balticwind.eu\/de\/baltic-power-erreicht-50-installierte-turbinen-vor-entscheidender-testphase\/\" aria-label=\"Baltic Power erreicht 50 installierte Turbinen vor entscheidender Testphase\" class=\"hover-type-zoomout\"><img decoding=\"async\" width=\"177\" height=\"142\" src=\"data:image\/svg+xml,%3Csvg%20xmlns%3D%27http%3A%2F%2Fwww.w3.org%2F2000%2Fsvg%27%20width%3D%27177%27%20height%3D%27142%27%20viewBox%3D%270%200%20177%20142%27%3E%3Crect%20width%3D%27177%27%20height%3D%27142%27%20fill-opacity%3D%220%22%2F%3E%3C%2Fsvg%3E\" data-orig-src=\"https:\/\/balticwind.eu\/wp-content\/uploads\/2026\/07\/baltic-power-turbine-installation-baltic-sea-177x142.jpg\" class=\"lazyload attachment-portfolio-five size-portfolio-five\" alt=\"\" \/><\/a><\/li><\/ul><\/div><div class=\"recent-posts-content\"><h4 class=\"entry-title\"><a style=\"color: #1f2a3b !important;\" href=\"https:\/\/balticwind.eu\/de\/baltic-power-erreicht-50-installierte-turbinen-vor-entscheidender-testphase\/\">Baltic Power erreicht 50 installierte Turbinen vor entscheidender Testphase<\/a><\/h4><p class=\"meta\"><a href=\"https:\/\/balticwind.eu\/de\/category\/offshore-wind-aktuell\/\" rel=\"category tag\">Offshore-Wind Aktuell<\/a>, <a href=\"https:\/\/balticwind.eu\/de\/category\/polen\/\" rel=\"category tag\">Polen<\/a>, <a href=\"https:\/\/balticwind.eu\/de\/category\/projekte\/\" rel=\"category tag\">Projekte<\/a><span class=\"fusion-inline-sep\">|<\/span><\/p><\/div><\/article><article class=\"post fusion-column column col col-lg-12 col-md-12 col-sm-12 fusion-animated\" data-animationType=\"fadeInDown\" data-animationDuration=\"0.6\" data-animationOffset=\"100%\"><div class=\"fusion-flexslider fusion-flexslider-loading flexslider floated-slideshow flexslider-hover-type-zoomout\"><ul class=\"slides\"><li><a href=\"https:\/\/balticwind.eu\/de\/tion-renewables-uebernimmt-operativen-69-mwp-agri-pv-park-in-sachsen-anhalt\/\" aria-label=\"Tion Renewables \u00fcbernimmt operativen 69-MWp-Agri-PV-Park in Sachsen-Anhalt\" class=\"hover-type-zoomout\"><img decoding=\"async\" width=\"177\" height=\"142\" src=\"data:image\/svg+xml,%3Csvg%20xmlns%3D%27http%3A%2F%2Fwww.w3.org%2F2000%2Fsvg%27%20width%3D%27177%27%20height%3D%27142%27%20viewBox%3D%270%200%20177%20142%27%3E%3Crect%20width%3D%27177%27%20height%3D%27142%27%20fill-opacity%3D%220%22%2F%3E%3C%2Fsvg%3E\" data-orig-src=\"https:\/\/balticwind.eu\/wp-content\/uploads\/2026\/07\/tion-renewables-agri-pv-park-schwarzholz-saxony-anhalt-177x142.jpg\" class=\"lazyload attachment-portfolio-five size-portfolio-five\" alt=\"\" \/><\/a><\/li><\/ul><\/div><div class=\"recent-posts-content\"><h4 class=\"entry-title\"><a style=\"color: #1f2a3b !important;\" href=\"https:\/\/balticwind.eu\/de\/tion-renewables-uebernimmt-operativen-69-mwp-agri-pv-park-in-sachsen-anhalt\/\">Tion Renewables \u00fcbernimmt operativen 69-MWp-Agri-PV-Park in Sachsen-Anhalt<\/a><\/h4><p class=\"meta\"><a href=\"https:\/\/balticwind.eu\/de\/category\/deutschland\/\" rel=\"category tag\">Deutschland<\/a>, <a href=\"https:\/\/balticwind.eu\/de\/category\/projekte\/\" rel=\"category tag\">Projekte<\/a><span class=\"fusion-inline-sep\">|<\/span><\/p><\/div><\/article><article class=\"post fusion-column column col col-lg-12 col-md-12 col-sm-12 fusion-animated\" data-animationType=\"fadeInDown\" data-animationDuration=\"0.6\" data-animationOffset=\"100%\"><div class=\"fusion-flexslider fusion-flexslider-loading flexslider floated-slideshow flexslider-hover-type-zoomout\"><ul class=\"slides\"><li><a href=\"https:\/\/balticwind.eu\/de\/eurowind-energy-erhaelt-70-mw-in-deutscher-onshore-ausschreibung-und-plant-teamausbau\/\" aria-label=\"Eurowind Energy erh\u00e4lt 70 MW in deutscher Onshore-Ausschreibung und plant Teamausbau\" class=\"hover-type-zoomout\"><img decoding=\"async\" width=\"177\" height=\"142\" src=\"data:image\/svg+xml,%3Csvg%20xmlns%3D%27http%3A%2F%2Fwww.w3.org%2F2000%2Fsvg%27%20width%3D%27177%27%20height%3D%27142%27%20viewBox%3D%270%200%20177%20142%27%3E%3Crect%20width%3D%27177%27%20height%3D%27142%27%20fill-opacity%3D%220%22%2F%3E%3C%2Fsvg%3E\" data-orig-src=\"https:\/\/balticwind.eu\/wp-content\/uploads\/2026\/07\/eurowind-energy-70-mw-german-onshore-auction-177x142.jpg\" class=\"lazyload attachment-portfolio-five size-portfolio-five\" alt=\"\" \/><\/a><\/li><\/ul><\/div><div class=\"recent-posts-content\"><h4 class=\"entry-title\"><a style=\"color: #1f2a3b !important;\" href=\"https:\/\/balticwind.eu\/de\/eurowind-energy-erhaelt-70-mw-in-deutscher-onshore-ausschreibung-und-plant-teamausbau\/\">Eurowind Energy erh\u00e4lt 70 MW in deutscher Onshore-Ausschreibung und plant Teamausbau<\/a><\/h4><p class=\"meta\"><a href=\"https:\/\/balticwind.eu\/de\/category\/deutschland\/\" rel=\"category tag\">Deutschland<\/a>, <a href=\"https:\/\/balticwind.eu\/de\/category\/onshore-wind-aktuell\/\" rel=\"category tag\">Onshore-Wind Aktuell<\/a>, <a href=\"https:\/\/balticwind.eu\/de\/category\/projekte\/\" rel=\"category tag\">Projekte<\/a><span class=\"fusion-inline-sep\">|<\/span><\/p><\/div><\/article><article class=\"post fusion-column column col col-lg-12 col-md-12 col-sm-12 fusion-animated\" data-animationType=\"fadeInDown\" data-animationDuration=\"0.6\" data-animationOffset=\"100%\"><div class=\"fusion-flexslider fusion-flexslider-loading flexslider floated-slideshow flexslider-hover-type-zoomout\"><ul class=\"slides\"><li><a href=\"https:\/\/balticwind.eu\/de\/european-energy-erhaelt-genehmigungen-fuer-145-mw-onshore-wind-in-deutschland\/\" aria-label=\"European Energy erh\u00e4lt Genehmigungen f\u00fcr 145 MW Onshore-Wind in Deutschland\" class=\"hover-type-zoomout\"><img decoding=\"async\" width=\"177\" height=\"142\" src=\"data:image\/svg+xml,%3Csvg%20xmlns%3D%27http%3A%2F%2Fwww.w3.org%2F2000%2Fsvg%27%20width%3D%27177%27%20height%3D%27142%27%20viewBox%3D%270%200%20177%20142%27%3E%3Crect%20width%3D%27177%27%20height%3D%27142%27%20fill-opacity%3D%220%22%2F%3E%3C%2Fsvg%3E\" data-orig-src=\"https:\/\/balticwind.eu\/wp-content\/uploads\/2026\/07\/european-energy-145-mw-german-wind-permits-177x142.jpg\" class=\"lazyload attachment-portfolio-five size-portfolio-five\" alt=\"\" \/><\/a><\/li><\/ul><\/div><div class=\"recent-posts-content\"><h4 class=\"entry-title\"><a style=\"color: #1f2a3b !important;\" href=\"https:\/\/balticwind.eu\/de\/european-energy-erhaelt-genehmigungen-fuer-145-mw-onshore-wind-in-deutschland\/\">European Energy erh\u00e4lt Genehmigungen f\u00fcr 145 MW Onshore-Wind in Deutschland<\/a><\/h4><p class=\"meta\"><a href=\"https:\/\/balticwind.eu\/de\/category\/deutschland\/\" rel=\"category tag\">Deutschland<\/a>, <a href=\"https:\/\/balticwind.eu\/de\/category\/onshore-wind-aktuell\/\" rel=\"category tag\">Onshore-Wind Aktuell<\/a>, <a href=\"https:\/\/balticwind.eu\/de\/category\/projekte\/\" rel=\"category tag\">Projekte<\/a><span class=\"fusion-inline-sep\">|<\/span><\/p><\/div><\/article><article class=\"post fusion-column column col col-lg-12 col-md-12 col-sm-12 fusion-animated\" data-animationType=\"fadeInDown\" data-animationDuration=\"0.6\" data-animationOffset=\"100%\"><div class=\"fusion-flexslider fusion-flexslider-loading flexslider floated-slideshow flexslider-hover-type-zoomout\"><ul class=\"slides\"><li><a href=\"https:\/\/balticwind.eu\/de\/vattenfall-installiert-ersten-monopile-fuer-nordlicht-deutschlands-groesstes-offshore-windprojekt\/\" aria-label=\"Vattenfall installiert ersten Monopile f\u00fcr Nordlicht, Deutschlands gr\u00f6\u00dftes Offshore-Windprojekt\" class=\"hover-type-zoomout\"><img decoding=\"async\" width=\"177\" height=\"142\" src=\"data:image\/svg+xml,%3Csvg%20xmlns%3D%27http%3A%2F%2Fwww.w3.org%2F2000%2Fsvg%27%20width%3D%27177%27%20height%3D%27142%27%20viewBox%3D%270%200%20177%20142%27%3E%3Crect%20width%3D%27177%27%20height%3D%27142%27%20fill-opacity%3D%220%22%2F%3E%3C%2Fsvg%3E\" data-orig-src=\"https:\/\/balticwind.eu\/wp-content\/uploads\/2026\/07\/vattenfall-nordlicht-first-monopile-177x142.jpg\" class=\"lazyload attachment-portfolio-five size-portfolio-five\" alt=\"\" \/><\/a><\/li><\/ul><\/div><div class=\"recent-posts-content\"><h4 class=\"entry-title\"><a style=\"color: #1f2a3b !important;\" href=\"https:\/\/balticwind.eu\/de\/vattenfall-installiert-ersten-monopile-fuer-nordlicht-deutschlands-groesstes-offshore-windprojekt\/\">Vattenfall installiert ersten Monopile f\u00fcr Nordlicht, Deutschlands gr\u00f6\u00dftes Offshore-Windprojekt<\/a><\/h4><p class=\"meta\"><a href=\"https:\/\/balticwind.eu\/de\/category\/deutschland\/\" rel=\"category tag\">Deutschland<\/a>, <a href=\"https:\/\/balticwind.eu\/de\/category\/offshore-wind-aktuell\/\" rel=\"category tag\">Offshore-Wind Aktuell<\/a>, <a href=\"https:\/\/balticwind.eu\/de\/category\/projekte\/\" rel=\"category tag\">Projekte<\/a>, <a href=\"https:\/\/balticwind.eu\/de\/category\/top-news-de\/\" rel=\"category tag\">Top News<\/a><span class=\"fusion-inline-sep\">|<\/span><\/p><\/div><\/article><article class=\"post fusion-column column col col-lg-12 col-md-12 col-sm-12 fusion-animated\" data-animationType=\"fadeInDown\" data-animationDuration=\"0.6\" data-animationOffset=\"100%\"><div class=\"fusion-flexslider fusion-flexslider-loading flexslider floated-slideshow flexslider-hover-type-zoomout\"><ul class=\"slides\"><li><a href=\"https:\/\/balticwind.eu\/de\/nordex-liefert-700-mw-onshore-turbinen-fuer-uka-projekte-in-deutschland\/\" aria-label=\"Nordex liefert 700 MW Onshore-Turbinen f\u00fcr UKA-Projekte in Deutschland\" class=\"hover-type-zoomout\"><img decoding=\"async\" width=\"177\" height=\"142\" src=\"data:image\/svg+xml,%3Csvg%20xmlns%3D%27http%3A%2F%2Fwww.w3.org%2F2000%2Fsvg%27%20width%3D%27177%27%20height%3D%27142%27%20viewBox%3D%270%200%20177%20142%27%3E%3Crect%20width%3D%27177%27%20height%3D%27142%27%20fill-opacity%3D%220%22%2F%3E%3C%2Fsvg%3E\" data-orig-src=\"https:\/\/balticwind.eu\/wp-content\/uploads\/2026\/07\/nordex-uka-700-mw-germany-177x142.jpg\" class=\"lazyload attachment-portfolio-five size-portfolio-five\" alt=\"\" \/><\/a><\/li><\/ul><\/div><div class=\"recent-posts-content\"><h4 class=\"entry-title\"><a style=\"color: #1f2a3b !important;\" href=\"https:\/\/balticwind.eu\/de\/nordex-liefert-700-mw-onshore-turbinen-fuer-uka-projekte-in-deutschland\/\">Nordex liefert 700 MW Onshore-Turbinen f\u00fcr UKA-Projekte in Deutschland<\/a><\/h4><p class=\"meta\"><a href=\"https:\/\/balticwind.eu\/de\/category\/deutschland\/\" rel=\"category tag\">Deutschland<\/a>, <a href=\"https:\/\/balticwind.eu\/de\/category\/projekte\/\" rel=\"category tag\">Projekte<\/a><span class=\"fusion-inline-sep\">|<\/span><\/p><\/div><\/article><article class=\"post fusion-column column col col-lg-12 col-md-12 col-sm-12 fusion-animated\" data-animationType=\"fadeInDown\" data-animationDuration=\"0.6\" data-animationOffset=\"100%\"><div class=\"fusion-flexslider fusion-flexslider-loading flexslider floated-slideshow flexslider-hover-type-zoomout\"><ul class=\"slides\"><li><a href=\"https:\/\/balticwind.eu\/de\/qualitas-energy-nimmt-336-mw-windpark-nachtsheim-luxem-vollstaendig-in-betrieb\/\" aria-label=\"Qualitas Energy nimmt 33,6-MW-Windpark Nachtsheim-Luxem vollst\u00e4ndig in Betrieb\" class=\"hover-type-zoomout\"><img decoding=\"async\" width=\"177\" height=\"142\" src=\"data:image\/svg+xml,%3Csvg%20xmlns%3D%27http%3A%2F%2Fwww.w3.org%2F2000%2Fsvg%27%20width%3D%27177%27%20height%3D%27142%27%20viewBox%3D%270%200%20177%20142%27%3E%3Crect%20width%3D%27177%27%20height%3D%27142%27%20fill-opacity%3D%220%22%2F%3E%3C%2Fsvg%3E\" data-orig-src=\"https:\/\/balticwind.eu\/wp-content\/uploads\/2026\/07\/qualitas-energy-completes-nachtsheim-luxem-wind-farm-177x142.jpg\" class=\"lazyload attachment-portfolio-five size-portfolio-five\" alt=\"\" \/><\/a><\/li><\/ul><\/div><div class=\"recent-posts-content\"><h4 class=\"entry-title\"><a style=\"color: #1f2a3b !important;\" href=\"https:\/\/balticwind.eu\/de\/qualitas-energy-nimmt-336-mw-windpark-nachtsheim-luxem-vollstaendig-in-betrieb\/\">Qualitas Energy nimmt 33,6-MW-Windpark Nachtsheim-Luxem vollst\u00e4ndig in Betrieb<\/a><\/h4><p class=\"meta\"><a href=\"https:\/\/balticwind.eu\/de\/category\/deutschland\/\" rel=\"category tag\">Deutschland<\/a>, <a href=\"https:\/\/balticwind.eu\/de\/category\/onshore-wind-aktuell\/\" rel=\"category tag\">Onshore-Wind Aktuell<\/a>, <a href=\"https:\/\/balticwind.eu\/de\/category\/projekte\/\" rel=\"category tag\">Projekte<\/a><span class=\"fusion-inline-sep\">|<\/span><\/p><\/div><\/article><article class=\"post fusion-column column col col-lg-12 col-md-12 col-sm-12 fusion-animated\" data-animationType=\"fadeInDown\" data-animationDuration=\"0.6\" data-animationOffset=\"100%\"><div class=\"fusion-flexslider fusion-flexslider-loading flexslider floated-slideshow flexslider-hover-type-zoomout\"><ul class=\"slides\"><li><a href=\"https:\/\/balticwind.eu\/de\/vattenfall-installiert-erstes-monopile-fuer-nordlicht-i-deutschlands-groesstes-offshore-windprojekt\/\" aria-label=\"Vattenfall installiert erstes Monopile f\u00fcr Nordlicht I, Deutschlands gr\u00f6\u00dftes Offshore-Windprojekt\" class=\"hover-type-zoomout\"><img decoding=\"async\" width=\"177\" height=\"142\" src=\"data:image\/svg+xml,%3Csvg%20xmlns%3D%27http%3A%2F%2Fwww.w3.org%2F2000%2Fsvg%27%20width%3D%27177%27%20height%3D%27142%27%20viewBox%3D%270%200%20177%20142%27%3E%3Crect%20width%3D%27177%27%20height%3D%27142%27%20fill-opacity%3D%220%22%2F%3E%3C%2Fsvg%3E\" data-orig-src=\"https:\/\/balticwind.eu\/wp-content\/uploads\/2026\/07\/vattenfall-first-monopile-nordlicht-i-177x142.jpg\" class=\"lazyload attachment-portfolio-five size-portfolio-five\" alt=\"\" \/><\/a><\/li><\/ul><\/div><div class=\"recent-posts-content\"><h4 class=\"entry-title\"><a style=\"color: #1f2a3b !important;\" href=\"https:\/\/balticwind.eu\/de\/vattenfall-installiert-erstes-monopile-fuer-nordlicht-i-deutschlands-groesstes-offshore-windprojekt\/\">Vattenfall installiert erstes Monopile f\u00fcr Nordlicht I, Deutschlands gr\u00f6\u00dftes Offshore-Windprojekt<\/a><\/h4><p class=\"meta\"><a href=\"https:\/\/balticwind.eu\/de\/category\/deutschland\/\" rel=\"category tag\">Deutschland<\/a>, <a href=\"https:\/\/balticwind.eu\/de\/category\/offshore-wind-aktuell\/\" rel=\"category tag\">Offshore-Wind Aktuell<\/a>, <a href=\"https:\/\/balticwind.eu\/de\/category\/projekte\/\" rel=\"category tag\">Projekte<\/a>, <a href=\"https:\/\/balticwind.eu\/de\/category\/top-news-de\/\" rel=\"category tag\">Top News<\/a><span class=\"fusion-inline-sep\">|<\/span><\/p><\/div><\/article><article class=\"post fusion-column column col col-lg-12 col-md-12 col-sm-12 fusion-animated\" data-animationType=\"fadeInDown\" data-animationDuration=\"0.6\" data-animationOffset=\"100%\"><div class=\"fusion-flexslider fusion-flexslider-loading flexslider floated-slideshow flexslider-hover-type-zoomout\"><ul class=\"slides\"><li><a href=\"https:\/\/balticwind.eu\/de\/alterric-gewinnt-alle-sechs-projekte-mit-242-mw-in-deutscher-onshore-windausschreibung\/\" aria-label=\"Alterric gewinnt alle sechs Projekte mit 242 MW in deutscher Onshore-Windausschreibung\" class=\"hover-type-zoomout\"><img decoding=\"async\" width=\"177\" height=\"142\" src=\"data:image\/svg+xml,%3Csvg%20xmlns%3D%27http%3A%2F%2Fwww.w3.org%2F2000%2Fsvg%27%20width%3D%27177%27%20height%3D%27142%27%20viewBox%3D%270%200%20177%20142%27%3E%3Crect%20width%3D%27177%27%20height%3D%27142%27%20fill-opacity%3D%220%22%2F%3E%3C%2Fsvg%3E\" data-orig-src=\"https:\/\/balticwind.eu\/wp-content\/uploads\/2026\/07\/alterric-242-mw-onshore-wind-auction-177x142.jpg\" class=\"lazyload attachment-portfolio-five size-portfolio-five\" alt=\"\" \/><\/a><\/li><\/ul><\/div><div class=\"recent-posts-content\"><h4 class=\"entry-title\"><a style=\"color: #1f2a3b !important;\" href=\"https:\/\/balticwind.eu\/de\/alterric-gewinnt-alle-sechs-projekte-mit-242-mw-in-deutscher-onshore-windausschreibung\/\">Alterric gewinnt alle sechs Projekte mit 242 MW in deutscher Onshore-Windausschreibung<\/a><\/h4><p class=\"meta\"><a href=\"https:\/\/balticwind.eu\/de\/category\/deutschland\/\" rel=\"category tag\">Deutschland<\/a>, <a href=\"https:\/\/balticwind.eu\/de\/category\/onshore-wind-aktuell\/\" rel=\"category tag\">Onshore-Wind Aktuell<\/a>, <a href=\"https:\/\/balticwind.eu\/de\/category\/projekte\/\" rel=\"category tag\">Projekte<\/a><span class=\"fusion-inline-sep\">|<\/span><\/p><\/div><\/article><article class=\"post fusion-column column col col-lg-12 col-md-12 col-sm-12 fusion-animated\" data-animationType=\"fadeInDown\" data-animationDuration=\"0.6\" data-animationOffset=\"100%\"><div class=\"fusion-flexslider fusion-flexslider-loading flexslider floated-slideshow flexslider-hover-type-zoomout\"><ul class=\"slides\"><li><a href=\"https:\/\/balticwind.eu\/de\/nordex-erhaelt-auftraege-ueber-mehr-als-197-mw-onshore-wind-von-enova-und-bmr\/\" aria-label=\"Nordex erh\u00e4lt Auftr\u00e4ge \u00fcber mehr als 197 MW Onshore-Wind von ENOVA und BMR\" class=\"hover-type-zoomout\"><img decoding=\"async\" width=\"177\" height=\"142\" src=\"data:image\/svg+xml,%3Csvg%20xmlns%3D%27http%3A%2F%2Fwww.w3.org%2F2000%2Fsvg%27%20width%3D%27177%27%20height%3D%27142%27%20viewBox%3D%270%200%20177%20142%27%3E%3Crect%20width%3D%27177%27%20height%3D%27142%27%20fill-opacity%3D%220%22%2F%3E%3C%2Fsvg%3E\" data-orig-src=\"https:\/\/balticwind.eu\/wp-content\/uploads\/2026\/07\/nordex-197-mw-onshore-orders-enova-bmr-germany-177x142.jpg\" class=\"lazyload attachment-portfolio-five size-portfolio-five\" alt=\"\" \/><\/a><\/li><\/ul><\/div><div class=\"recent-posts-content\"><h4 class=\"entry-title\"><a style=\"color: #1f2a3b !important;\" href=\"https:\/\/balticwind.eu\/de\/nordex-erhaelt-auftraege-ueber-mehr-als-197-mw-onshore-wind-von-enova-und-bmr\/\">Nordex erh\u00e4lt Auftr\u00e4ge \u00fcber mehr als 197 MW Onshore-Wind von ENOVA und BMR<\/a><\/h4><p class=\"meta\"><a href=\"https:\/\/balticwind.eu\/de\/category\/deutschland\/\" rel=\"category tag\">Deutschland<\/a>, <a href=\"https:\/\/balticwind.eu\/de\/category\/onshore-wind-aktuell\/\" rel=\"category tag\">Onshore-Wind Aktuell<\/a>, <a href=\"https:\/\/balticwind.eu\/de\/category\/projekte\/\" rel=\"category tag\">Projekte<\/a><span class=\"fusion-inline-sep\">|<\/span><\/p><\/div><\/article><article class=\"post fusion-column column col col-lg-12 col-md-12 col-sm-12 fusion-animated\" data-animationType=\"fadeInDown\" data-animationDuration=\"0.6\" data-animationOffset=\"100%\"><div class=\"fusion-flexslider fusion-flexslider-loading flexslider floated-slideshow flexslider-hover-type-zoomout\"><ul class=\"slides\"><li><a href=\"https:\/\/balticwind.eu\/de\/continental-versorgt-reifenwerk-korbach-mit-20-mw-windpark-von-nordex\/\" aria-label=\"Continental versorgt Reifenwerk Korbach mit 20-MW-Windpark von Nordex\" class=\"hover-type-zoomout\"><img decoding=\"async\" width=\"177\" height=\"142\" src=\"data:image\/svg+xml,%3Csvg%20xmlns%3D%27http%3A%2F%2Fwww.w3.org%2F2000%2Fsvg%27%20width%3D%27177%27%20height%3D%27142%27%20viewBox%3D%270%200%20177%20142%27%3E%3Crect%20width%3D%27177%27%20height%3D%27142%27%20fill-opacity%3D%220%22%2F%3E%3C%2Fsvg%3E\" data-orig-src=\"https:\/\/balticwind.eu\/wp-content\/uploads\/2026\/07\/continental-nordex-20-mw-twistenberg-wind-farm-korbach-177x142.jpg\" class=\"lazyload attachment-portfolio-five size-portfolio-five\" alt=\"\" \/><\/a><\/li><\/ul><\/div><div class=\"recent-posts-content\"><h4 class=\"entry-title\"><a style=\"color: #1f2a3b !important;\" href=\"https:\/\/balticwind.eu\/de\/continental-versorgt-reifenwerk-korbach-mit-20-mw-windpark-von-nordex\/\">Continental versorgt Reifenwerk Korbach mit 20-MW-Windpark von Nordex<\/a><\/h4><p class=\"meta\"><a href=\"https:\/\/balticwind.eu\/de\/category\/deutschland\/\" rel=\"category tag\">Deutschland<\/a>, <a href=\"https:\/\/balticwind.eu\/de\/category\/onshore-wind-aktuell\/\" rel=\"category tag\">Onshore-Wind Aktuell<\/a>, <a href=\"https:\/\/balticwind.eu\/de\/category\/projekte\/\" rel=\"category tag\">Projekte<\/a><span class=\"fusion-inline-sep\">|<\/span><\/p><\/div><\/article><article class=\"post fusion-column column col col-lg-12 col-md-12 col-sm-12 fusion-animated\" data-animationType=\"fadeInDown\" data-animationDuration=\"0.6\" data-animationOffset=\"100%\"><div class=\"fusion-flexslider fusion-flexslider-loading flexslider floated-slideshow flexslider-hover-type-zoomout\"><ul class=\"slides\"><li><a href=\"https:\/\/balticwind.eu\/de\/foen-energy-services-erhaelt-servicevertrag-fuer-polnischen-offshore-windpark-baltic-power\/\" aria-label=\"F\u00f8n Energy Services erh\u00e4lt Servicevertrag f\u00fcr polnischen Offshore-Windpark Baltic Power\" class=\"hover-type-zoomout\"><img decoding=\"async\" width=\"177\" height=\"142\" src=\"data:image\/svg+xml,%3Csvg%20xmlns%3D%27http%3A%2F%2Fwww.w3.org%2F2000%2Fsvg%27%20width%3D%27177%27%20height%3D%27142%27%20viewBox%3D%270%200%20177%20142%27%3E%3Crect%20width%3D%27177%27%20height%3D%27142%27%20fill-opacity%3D%220%22%2F%3E%3C%2Fsvg%3E\" data-orig-src=\"https:\/\/balticwind.eu\/wp-content\/uploads\/2026\/07\/fon-energy-services-baltic-power-offshore-om-contract-177x142.jpg\" class=\"lazyload attachment-portfolio-five size-portfolio-five\" alt=\"\" \/><\/a><\/li><\/ul><\/div><div class=\"recent-posts-content\"><h4 class=\"entry-title\"><a style=\"color: #1f2a3b !important;\" href=\"https:\/\/balticwind.eu\/de\/foen-energy-services-erhaelt-servicevertrag-fuer-polnischen-offshore-windpark-baltic-power\/\">F\u00f8n Energy Services erh\u00e4lt Servicevertrag f\u00fcr polnischen Offshore-Windpark Baltic Power<\/a><\/h4><p class=\"meta\"><a href=\"https:\/\/balticwind.eu\/de\/category\/offshore-wind-aktuell\/\" rel=\"category tag\">Offshore-Wind Aktuell<\/a>, <a href=\"https:\/\/balticwind.eu\/de\/category\/polen\/\" rel=\"category tag\">Polen<\/a>, <a href=\"https:\/\/balticwind.eu\/de\/category\/projekte\/\" rel=\"category tag\">Projekte<\/a><span class=\"fusion-inline-sep\">|<\/span><\/p><\/div><\/article><article class=\"post fusion-column column col col-lg-12 col-md-12 col-sm-12 fusion-animated\" data-animationType=\"fadeInDown\" data-animationDuration=\"0.6\" data-animationOffset=\"100%\"><div class=\"fusion-flexslider fusion-flexslider-loading flexslider floated-slideshow flexslider-hover-type-zoomout\"><ul class=\"slides\"><li><a href=\"https:\/\/balticwind.eu\/de\/juwi-erreicht-gigawatt-marke-an-weltweiten-baustellen\/\" aria-label=\"JUWI erreicht Gigawatt-Marke an weltweiten Baustellen\" class=\"hover-type-zoomout\"><img decoding=\"async\" width=\"177\" height=\"142\" src=\"data:image\/svg+xml,%3Csvg%20xmlns%3D%27http%3A%2F%2Fwww.w3.org%2F2000%2Fsvg%27%20width%3D%27177%27%20height%3D%27142%27%20viewBox%3D%270%200%20177%20142%27%3E%3Crect%20width%3D%27177%27%20height%3D%27142%27%20fill-opacity%3D%220%22%2F%3E%3C%2Fsvg%3E\" data-orig-src=\"https:\/\/balticwind.eu\/wp-content\/uploads\/2026\/07\/juwi-one-gigawatt-global-construction-177x142.jpg\" class=\"lazyload attachment-portfolio-five size-portfolio-five\" alt=\"\" \/><\/a><\/li><\/ul><\/div><div class=\"recent-posts-content\"><h4 class=\"entry-title\"><a style=\"color: #1f2a3b !important;\" href=\"https:\/\/balticwind.eu\/de\/juwi-erreicht-gigawatt-marke-an-weltweiten-baustellen\/\">JUWI erreicht Gigawatt-Marke an weltweiten Baustellen<\/a><\/h4><p class=\"meta\"><a href=\"https:\/\/balticwind.eu\/de\/category\/onshore-wind-aktuell\/\" rel=\"category tag\">Onshore-Wind Aktuell<\/a>, <a href=\"https:\/\/balticwind.eu\/de\/category\/projekte\/\" rel=\"category tag\">Projekte<\/a><span class=\"fusion-inline-sep\">|<\/span><\/p><\/div><\/article><article class=\"post fusion-column column col col-lg-12 col-md-12 col-sm-12 fusion-animated\" data-animationType=\"fadeInDown\" data-animationDuration=\"0.6\" data-animationOffset=\"100%\"><div class=\"fusion-flexslider fusion-flexslider-loading flexslider floated-slideshow flexslider-hover-type-zoomout\"><ul class=\"slides\"><li><a href=\"https:\/\/balticwind.eu\/de\/niederlande-starten-ausschreibung-fuer-1-gw-offshore-windpark-ijmuiden-ver-gamma-a\/\" aria-label=\"Niederlande starten Ausschreibung f\u00fcr 1-GW-Offshore-Windpark IJmuiden Ver Gamma-A\" class=\"hover-type-zoomout\"><img decoding=\"async\" width=\"177\" height=\"142\" src=\"data:image\/svg+xml,%3Csvg%20xmlns%3D%27http%3A%2F%2Fwww.w3.org%2F2000%2Fsvg%27%20width%3D%27177%27%20height%3D%27142%27%20viewBox%3D%270%200%20177%20142%27%3E%3Crect%20width%3D%27177%27%20height%3D%27142%27%20fill-opacity%3D%220%22%2F%3E%3C%2Fsvg%3E\" data-orig-src=\"https:\/\/balticwind.eu\/wp-content\/uploads\/2026\/06\/netherlands-ijmuiden-ver-gamma-a-offshore-wind-tender-177x142.jpg\" class=\"lazyload attachment-portfolio-five size-portfolio-five\" alt=\"\" \/><\/a><\/li><\/ul><\/div><div class=\"recent-posts-content\"><h4 class=\"entry-title\"><a style=\"color: #1f2a3b !important;\" href=\"https:\/\/balticwind.eu\/de\/niederlande-starten-ausschreibung-fuer-1-gw-offshore-windpark-ijmuiden-ver-gamma-a\/\">Niederlande starten Ausschreibung f\u00fcr 1-GW-Offshore-Windpark IJmuiden Ver Gamma-A<\/a><\/h4><p class=\"meta\"><a href=\"https:\/\/balticwind.eu\/de\/category\/offshore-wind-aktuell\/\" rel=\"category tag\">Offshore-Wind Aktuell<\/a>, <a href=\"https:\/\/balticwind.eu\/de\/category\/projekte\/\" rel=\"category tag\">Projekte<\/a>, <a href=\"https:\/\/balticwind.eu\/de\/category\/regulierung\/\" rel=\"category tag\">Regulierung<\/a><span class=\"fusion-inline-sep\">|<\/span><\/p><\/div><\/article><article class=\"post fusion-column column col col-lg-12 col-md-12 col-sm-12 fusion-animated\" data-animationType=\"fadeInDown\" data-animationDuration=\"0.6\" data-animationOffset=\"100%\"><div class=\"fusion-flexslider fusion-flexslider-loading flexslider floated-slideshow flexslider-hover-type-zoomout\"><ul class=\"slides\"><li><a href=\"https:\/\/balticwind.eu\/de\/nordex-erhaelt-112-mw-auftrag-von-nextwind-fuer-windpark-altmark-in-sachsen-anhalt\/\" aria-label=\"Nordex erh\u00e4lt 112-MW-Auftrag von NeXtWind f\u00fcr Windpark Altmark in Sachsen-Anhalt\" class=\"hover-type-zoomout\"><img decoding=\"async\" width=\"177\" height=\"142\" src=\"data:image\/svg+xml,%3Csvg%20xmlns%3D%27http%3A%2F%2Fwww.w3.org%2F2000%2Fsvg%27%20width%3D%27177%27%20height%3D%27142%27%20viewBox%3D%270%200%20177%20142%27%3E%3Crect%20width%3D%27177%27%20height%3D%27142%27%20fill-opacity%3D%220%22%2F%3E%3C%2Fsvg%3E\" data-orig-src=\"https:\/\/balticwind.eu\/wp-content\/uploads\/2026\/06\/nordex-nextwind-112mw-altmark-saxony-anhalt-177x142.jpg\" class=\"lazyload attachment-portfolio-five size-portfolio-five\" alt=\"\" \/><\/a><\/li><\/ul><\/div><div class=\"recent-posts-content\"><h4 class=\"entry-title\"><a style=\"color: #1f2a3b !important;\" href=\"https:\/\/balticwind.eu\/de\/nordex-erhaelt-112-mw-auftrag-von-nextwind-fuer-windpark-altmark-in-sachsen-anhalt\/\">Nordex erh\u00e4lt 112-MW-Auftrag von NeXtWind f\u00fcr Windpark Altmark in Sachsen-Anhalt<\/a><\/h4><p class=\"meta\"><a href=\"https:\/\/balticwind.eu\/de\/category\/deutschland\/\" rel=\"category tag\">Deutschland<\/a>, <a href=\"https:\/\/balticwind.eu\/de\/category\/onshore-wind-aktuell\/\" rel=\"category tag\">Onshore-Wind Aktuell<\/a>, <a href=\"https:\/\/balticwind.eu\/de\/category\/projekte\/\" rel=\"category tag\">Projekte<\/a><span class=\"fusion-inline-sep\">|<\/span><\/p><\/div><\/article><article class=\"post fusion-column column col col-lg-12 col-md-12 col-sm-12 fusion-animated\" data-animationType=\"fadeInDown\" data-animationDuration=\"0.6\" data-animationOffset=\"100%\"><div class=\"fusion-flexslider fusion-flexslider-loading flexslider floated-slideshow flexslider-hover-type-zoomout\"><ul class=\"slides\"><li><a href=\"https:\/\/balticwind.eu\/de\/enertrag-nimmt-erste-baustufe-des-repowerings-buetow-ii-in-mecklenburg-vorpommern-in-betrieb\/\" aria-label=\"ENERTRAG nimmt erste Baustufe des Repowerings B\u00fctow II in Mecklenburg-Vorpommern in Betrieb\" class=\"hover-type-zoomout\"><img decoding=\"async\" width=\"177\" height=\"142\" src=\"data:image\/svg+xml,%3Csvg%20xmlns%3D%27http%3A%2F%2Fwww.w3.org%2F2000%2Fsvg%27%20width%3D%27177%27%20height%3D%27142%27%20viewBox%3D%270%200%20177%20142%27%3E%3Crect%20width%3D%27177%27%20height%3D%27142%27%20fill-opacity%3D%220%22%2F%3E%3C%2Fsvg%3E\" data-orig-src=\"https:\/\/balticwind.eu\/wp-content\/uploads\/2026\/06\/enertrag-butow-ii-repowering-mecklenburg-vorpommern-177x142.jpg\" class=\"lazyload attachment-portfolio-five size-portfolio-five\" alt=\"\" \/><\/a><\/li><\/ul><\/div><div class=\"recent-posts-content\"><h4 class=\"entry-title\"><a style=\"color: #1f2a3b !important;\" href=\"https:\/\/balticwind.eu\/de\/enertrag-nimmt-erste-baustufe-des-repowerings-buetow-ii-in-mecklenburg-vorpommern-in-betrieb\/\">ENERTRAG nimmt erste Baustufe des Repowerings B\u00fctow II in Mecklenburg-Vorpommern in Betrieb<\/a><\/h4><p class=\"meta\"><a href=\"https:\/\/balticwind.eu\/de\/category\/deutschland\/\" rel=\"category tag\">Deutschland<\/a>, <a href=\"https:\/\/balticwind.eu\/de\/category\/onshore-wind-aktuell\/\" rel=\"category tag\">Onshore-Wind Aktuell<\/a>, <a href=\"https:\/\/balticwind.eu\/de\/category\/projekte\/\" rel=\"category tag\">Projekte<\/a><span class=\"fusion-inline-sep\">|<\/span><\/p><\/div><\/article><article class=\"post fusion-column column col col-lg-12 col-md-12 col-sm-12 fusion-animated\" data-animationType=\"fadeInDown\" data-animationDuration=\"0.6\" data-animationOffset=\"100%\"><div class=\"fusion-flexslider fusion-flexslider-loading flexslider floated-slideshow flexslider-hover-type-zoomout\"><ul class=\"slides\"><li><a href=\"https:\/\/balticwind.eu\/de\/traeger-des-ostsee-wasserstoffkorridors-bringen-erzeuger-und-abnehmer-in-helsinki-zusammen\/\" aria-label=\"Tr\u00e4ger des Ostsee-Wasserstoffkorridors bringen Erzeuger und Abnehmer in Helsinki zusammen\" class=\"hover-type-zoomout\"><img decoding=\"async\" width=\"177\" height=\"142\" src=\"data:image\/svg+xml,%3Csvg%20xmlns%3D%27http%3A%2F%2Fwww.w3.org%2F2000%2Fsvg%27%20width%3D%27177%27%20height%3D%27142%27%20viewBox%3D%270%200%20177%20142%27%3E%3Crect%20width%3D%27177%27%20height%3D%27142%27%20fill-opacity%3D%220%22%2F%3E%3C%2Fsvg%3E\" data-orig-src=\"https:\/\/balticwind.eu\/wp-content\/uploads\/2026\/06\/baltic-sea-hydrogen-corridor-helsinki-networking-177x142.jpg\" class=\"lazyload attachment-portfolio-five size-portfolio-five\" alt=\"\" \/><\/a><\/li><\/ul><\/div><div class=\"recent-posts-content\"><h4 class=\"entry-title\"><a style=\"color: #1f2a3b !important;\" href=\"https:\/\/balticwind.eu\/de\/traeger-des-ostsee-wasserstoffkorridors-bringen-erzeuger-und-abnehmer-in-helsinki-zusammen\/\">Tr\u00e4ger des Ostsee-Wasserstoffkorridors bringen Erzeuger und Abnehmer in Helsinki zusammen<\/a><\/h4><p class=\"meta\"><a href=\"https:\/\/balticwind.eu\/de\/category\/finnland\/\" rel=\"category tag\">Finnland<\/a>, <a href=\"https:\/\/balticwind.eu\/de\/category\/projekte\/\" rel=\"category tag\">Projekte<\/a><span class=\"fusion-inline-sep\">|<\/span><\/p><\/div><\/article><article class=\"post fusion-column column col col-lg-12 col-md-12 col-sm-12 fusion-animated\" data-animationType=\"fadeInDown\" data-animationDuration=\"0.6\" data-animationOffset=\"100%\"><div class=\"fusion-flexslider fusion-flexslider-loading flexslider floated-slideshow flexslider-hover-type-zoomout\"><ul class=\"slides\"><li><a href=\"https:\/\/balticwind.eu\/de\/vsb-zeigt-auf-der-intersolar-europe-ein-polnisches-303-mwp-solarprojekt-mit-speicher\/\" aria-label=\"VSB zeigt auf der Intersolar Europe ein polnisches 303-MWp-Solarprojekt mit Speicher\" class=\"hover-type-zoomout\"><img decoding=\"async\" width=\"177\" height=\"142\" src=\"data:image\/svg+xml,%3Csvg%20xmlns%3D%27http%3A%2F%2Fwww.w3.org%2F2000%2Fsvg%27%20width%3D%27177%27%20height%3D%27142%27%20viewBox%3D%270%200%20177%20142%27%3E%3Crect%20width%3D%27177%27%20height%3D%27142%27%20fill-opacity%3D%220%22%2F%3E%3C%2Fsvg%3E\" data-orig-src=\"https:\/\/balticwind.eu\/wp-content\/uploads\/2026\/06\/vsb-poland-303-mwp-solar-storage-intersolar-177x142.jpg\" class=\"lazyload attachment-portfolio-five size-portfolio-five\" alt=\"\" \/><\/a><\/li><\/ul><\/div><div class=\"recent-posts-content\"><h4 class=\"entry-title\"><a style=\"color: #1f2a3b !important;\" href=\"https:\/\/balticwind.eu\/de\/vsb-zeigt-auf-der-intersolar-europe-ein-polnisches-303-mwp-solarprojekt-mit-speicher\/\">VSB zeigt auf der Intersolar Europe ein polnisches 303-MWp-Solarprojekt mit Speicher<\/a><\/h4><p class=\"meta\"><a href=\"https:\/\/balticwind.eu\/de\/category\/deutschland\/\" rel=\"category tag\">Deutschland<\/a>, <a href=\"https:\/\/balticwind.eu\/de\/category\/polen\/\" rel=\"category tag\">Polen<\/a>, <a href=\"https:\/\/balticwind.eu\/de\/category\/projekte\/\" rel=\"category tag\">Projekte<\/a>, <a href=\"https:\/\/balticwind.eu\/de\/category\/veranstaltungen\/\" rel=\"category tag\">Veranstaltungen<\/a><span class=\"fusion-inline-sep\">|<\/span><\/p><\/div><\/article><article class=\"post fusion-column column col col-lg-12 col-md-12 col-sm-12 fusion-animated\" data-animationType=\"fadeInDown\" data-animationDuration=\"0.6\" data-animationOffset=\"100%\"><div class=\"fusion-flexslider fusion-flexslider-loading flexslider floated-slideshow flexslider-hover-type-zoomout\"><ul class=\"slides\"><li><a href=\"https:\/\/balticwind.eu\/de\/ignitis-baut-291-mw-batteriespeicher-um-litauens-erneuerbare-zu-stuetzen\/\" aria-label=\"Ignitis baut 291 MW Batteriespeicher, um Litauens Erneuerbare zu st\u00fctzen\" class=\"hover-type-zoomout\"><img decoding=\"async\" width=\"177\" height=\"142\" src=\"data:image\/svg+xml,%3Csvg%20xmlns%3D%27http%3A%2F%2Fwww.w3.org%2F2000%2Fsvg%27%20width%3D%27177%27%20height%3D%27142%27%20viewBox%3D%270%200%20177%20142%27%3E%3Crect%20width%3D%27177%27%20height%3D%27142%27%20fill-opacity%3D%220%22%2F%3E%3C%2Fsvg%3E\" data-orig-src=\"https:\/\/balticwind.eu\/wp-content\/uploads\/2026\/06\/ignitis-lithuania-battery-storage-291-mw-177x142.jpg\" class=\"lazyload attachment-portfolio-five size-portfolio-five\" alt=\"\" \/><\/a><\/li><\/ul><\/div><div class=\"recent-posts-content\"><h4 class=\"entry-title\"><a style=\"color: #1f2a3b !important;\" href=\"https:\/\/balticwind.eu\/de\/ignitis-baut-291-mw-batteriespeicher-um-litauens-erneuerbare-zu-stuetzen\/\">Ignitis baut 291 MW Batteriespeicher, um Litauens Erneuerbare zu st\u00fctzen<\/a><\/h4><p class=\"meta\"><a href=\"https:\/\/balticwind.eu\/de\/category\/litauen\/\" rel=\"category tag\">Litauen<\/a>, <a href=\"https:\/\/balticwind.eu\/de\/category\/projekte\/\" rel=\"category tag\">Projekte<\/a>, <a href=\"https:\/\/balticwind.eu\/de\/category\/technologie\/\" rel=\"category tag\">Technologie<\/a><span class=\"fusion-inline-sep\">|<\/span><\/p><\/div><\/article><article class=\"post fusion-column column col col-lg-12 col-md-12 col-sm-12 fusion-animated\" data-animationType=\"fadeInDown\" data-animationDuration=\"0.6\" data-animationOffset=\"100%\"><div class=\"fusion-flexslider fusion-flexslider-loading flexslider floated-slideshow flexslider-hover-type-zoomout\"><ul class=\"slides\"><li><a href=\"https:\/\/balticwind.eu\/de\/amazon-unterzeichnet-deutschlands-groessten-stromabnahmevertrag-fuer-ostsee-windpark-gennaker\/\" aria-label=\"Amazon unterzeichnet Deutschlands gr\u00f6\u00dften Stromabnahmevertrag f\u00fcr Ostsee-Windpark Gennaker\" class=\"hover-type-zoomout\"><img decoding=\"async\" width=\"177\" height=\"142\" src=\"data:image\/svg+xml,%3Csvg%20xmlns%3D%27http%3A%2F%2Fwww.w3.org%2F2000%2Fsvg%27%20width%3D%27177%27%20height%3D%27142%27%20viewBox%3D%270%200%20177%20142%27%3E%3Crect%20width%3D%27177%27%20height%3D%27142%27%20fill-opacity%3D%220%22%2F%3E%3C%2Fsvg%3E\" data-orig-src=\"https:\/\/balticwind.eu\/wp-content\/uploads\/2026\/06\/amazon-krzysztof-177x142.jpg\" class=\"lazyload attachment-portfolio-five size-portfolio-five\" alt=\"Gennaker offshore wind farm in the German Baltic Sea\" \/><\/a><\/li><\/ul><\/div><div class=\"recent-posts-content\"><h4 class=\"entry-title\"><a style=\"color: #1f2a3b !important;\" href=\"https:\/\/balticwind.eu\/de\/amazon-unterzeichnet-deutschlands-groessten-stromabnahmevertrag-fuer-ostsee-windpark-gennaker\/\">Amazon unterzeichnet Deutschlands gr\u00f6\u00dften Stromabnahmevertrag f\u00fcr Ostsee-Windpark Gennaker<\/a><\/h4><p class=\"meta\"><a href=\"https:\/\/balticwind.eu\/de\/category\/deutschland\/\" rel=\"category tag\">Deutschland<\/a>, <a href=\"https:\/\/balticwind.eu\/de\/category\/offshore-wind-aktuell\/\" rel=\"category tag\">Offshore-Wind Aktuell<\/a>, <a href=\"https:\/\/balticwind.eu\/de\/category\/projekte\/\" rel=\"category tag\">Projekte<\/a><span class=\"fusion-inline-sep\">|<\/span><\/p><\/div><\/article><article class=\"post fusion-column column col col-lg-12 col-md-12 col-sm-12 fusion-animated\" data-animationType=\"fadeInDown\" data-animationDuration=\"0.6\" data-animationOffset=\"100%\"><div class=\"fusion-flexslider fusion-flexslider-loading flexslider floated-slideshow flexslider-hover-type-zoomout\"><ul class=\"slides\"><li><a href=\"https:\/\/balticwind.eu\/de\/ox2-schliesst-fundamentarbeiten-am-40-mw-windpark-annopol-in-ostpolen-ab\/\" aria-label=\"OX2 schlie\u00dft Fundamentarbeiten am 40-MW-Windpark Annopol in Ostpolen ab\" class=\"hover-type-zoomout\"><img decoding=\"async\" width=\"177\" height=\"142\" src=\"data:image\/svg+xml,%3Csvg%20xmlns%3D%27http%3A%2F%2Fwww.w3.org%2F2000%2Fsvg%27%20width%3D%27177%27%20height%3D%27142%27%20viewBox%3D%270%200%20177%20142%27%3E%3Crect%20width%3D%27177%27%20height%3D%27142%27%20fill-opacity%3D%220%22%2F%3E%3C%2Fsvg%3E\" data-orig-src=\"https:\/\/balticwind.eu\/wp-content\/uploads\/2026\/06\/ox2-annopol-wind-farm-foundations-complete-177x142.jpg\" class=\"lazyload attachment-portfolio-five size-portfolio-five\" alt=\"\" \/><\/a><\/li><\/ul><\/div><div class=\"recent-posts-content\"><h4 class=\"entry-title\"><a style=\"color: #1f2a3b !important;\" href=\"https:\/\/balticwind.eu\/de\/ox2-schliesst-fundamentarbeiten-am-40-mw-windpark-annopol-in-ostpolen-ab\/\">OX2 schlie\u00dft Fundamentarbeiten am 40-MW-Windpark Annopol in Ostpolen ab<\/a><\/h4><p class=\"meta\"><a href=\"https:\/\/balticwind.eu\/de\/category\/onshore-wind-aktuell\/\" rel=\"category tag\">Onshore-Wind Aktuell<\/a>, <a href=\"https:\/\/balticwind.eu\/de\/category\/polen\/\" rel=\"category tag\">Polen<\/a>, <a href=\"https:\/\/balticwind.eu\/de\/category\/projekte\/\" rel=\"category tag\">Projekte<\/a><span class=\"fusion-inline-sep\">|<\/span><\/p><\/div><\/article><article class=\"post fusion-column column col col-lg-12 col-md-12 col-sm-12 fusion-animated\" data-animationType=\"fadeInDown\" data-animationDuration=\"0.6\" data-animationOffset=\"100%\"><div class=\"fusion-flexslider fusion-flexslider-loading flexslider floated-slideshow flexslider-hover-type-zoomout\"><ul class=\"slides\"><li><a href=\"https:\/\/balticwind.eu\/de\/engie-und-european-energy-entwickeln-150-mw-wasserstoffprojekt-in-daenemark\/\" aria-label=\"ENGIE und European Energy entwickeln 150-MW-Wasserstoffprojekt in D\u00e4nemark\" class=\"hover-type-zoomout\"><img decoding=\"async\" width=\"177\" height=\"142\" src=\"data:image\/svg+xml,%3Csvg%20xmlns%3D%27http%3A%2F%2Fwww.w3.org%2F2000%2Fsvg%27%20width%3D%27177%27%20height%3D%27142%27%20viewBox%3D%270%200%20177%20142%27%3E%3Crect%20width%3D%27177%27%20height%3D%27142%27%20fill-opacity%3D%220%22%2F%3E%3C%2Fsvg%3E\" data-orig-src=\"https:\/\/balticwind.eu\/wp-content\/uploads\/2026\/06\/engie-european-energy-renewable-hydrogen-denmark-177x142.jpg\" class=\"lazyload attachment-portfolio-five size-portfolio-five\" alt=\"\" \/><\/a><\/li><\/ul><\/div><div class=\"recent-posts-content\"><h4 class=\"entry-title\"><a style=\"color: #1f2a3b !important;\" href=\"https:\/\/balticwind.eu\/de\/engie-und-european-energy-entwickeln-150-mw-wasserstoffprojekt-in-daenemark\/\">ENGIE und European Energy entwickeln 150-MW-Wasserstoffprojekt in D\u00e4nemark<\/a><\/h4><p class=\"meta\"><a href=\"https:\/\/balticwind.eu\/de\/category\/daenemark\/\" rel=\"category tag\">D\u00e4nemark<\/a>, <a href=\"https:\/\/balticwind.eu\/de\/category\/deutschland\/\" rel=\"category tag\">Deutschland<\/a>, <a href=\"https:\/\/balticwind.eu\/de\/category\/projekte\/\" rel=\"category tag\">Projekte<\/a>, <a href=\"https:\/\/balticwind.eu\/de\/category\/technologie\/\" rel=\"category tag\">Technologie<\/a><span class=\"fusion-inline-sep\">|<\/span><\/p><\/div><\/article><article class=\"post fusion-column column col col-lg-12 col-md-12 col-sm-12 fusion-animated\" data-animationType=\"fadeInDown\" data-animationDuration=\"0.6\" data-animationOffset=\"100%\"><div class=\"fusion-flexslider fusion-flexslider-loading flexslider floated-slideshow flexslider-hover-type-zoomout\"><ul class=\"slides\"><li><a href=\"https:\/\/balticwind.eu\/de\/rostock-baut-offshore-konverterplattform-25-milliarden-euro-schub-fuer-die-deutsche-lieferkette\/\" aria-label=\"Rostock baut Offshore-Konverterplattform: 2,5-Milliarden-Euro-Schub fuer die deutsche Lieferkette\" class=\"hover-type-zoomout\"><img decoding=\"async\" width=\"177\" height=\"142\" src=\"data:image\/svg+xml,%3Csvg%20xmlns%3D%27http%3A%2F%2Fwww.w3.org%2F2000%2Fsvg%27%20width%3D%27177%27%20height%3D%27142%27%20viewBox%3D%270%200%20177%20142%27%3E%3Crect%20width%3D%27177%27%20height%3D%27142%27%20fill-opacity%3D%220%22%2F%3E%3C%2Fsvg%3E\" data-orig-src=\"https:\/\/balticwind.eu\/wp-content\/uploads\/2026\/06\/rostock-offshore-converter-platform-50hertz-177x142.jpg\" class=\"lazyload attachment-portfolio-five size-portfolio-five\" alt=\"\" \/><\/a><\/li><\/ul><\/div><div class=\"recent-posts-content\"><h4 class=\"entry-title\"><a style=\"color: #1f2a3b !important;\" href=\"https:\/\/balticwind.eu\/de\/rostock-baut-offshore-konverterplattform-25-milliarden-euro-schub-fuer-die-deutsche-lieferkette\/\">Rostock baut Offshore-Konverterplattform: 2,5-Milliarden-Euro-Schub fuer die deutsche Lieferkette<\/a><\/h4><p class=\"meta\"><a href=\"https:\/\/balticwind.eu\/de\/category\/deutschland\/\" rel=\"category tag\">Deutschland<\/a>, <a href=\"https:\/\/balticwind.eu\/de\/category\/offshore-wind-aktuell\/\" rel=\"category tag\">Offshore-Wind Aktuell<\/a>, <a href=\"https:\/\/balticwind.eu\/de\/category\/projekte\/\" rel=\"category tag\">Projekte<\/a>, <a href=\"https:\/\/balticwind.eu\/de\/category\/top-news-de\/\" rel=\"category tag\">Top News<\/a><span class=\"fusion-inline-sep\">|<\/span><\/p><\/div><\/article><article class=\"post fusion-column column col col-lg-12 col-md-12 col-sm-12 fusion-animated\" data-animationType=\"fadeInDown\" data-animationDuration=\"0.6\" data-animationOffset=\"100%\"><div class=\"fusion-flexslider fusion-flexslider-loading flexslider floated-slideshow flexslider-hover-type-zoomout\"><ul class=\"slides\"><li><a href=\"https:\/\/balticwind.eu\/de\/wpd-nimmt-ersten-japanischen-onshore-windpark-unter-corporate-ppa-in-betrieb\/\" aria-label=\"wpd nimmt ersten japanischen Onshore-Windpark unter Corporate-PPA in Betrieb\" class=\"hover-type-zoomout\"><img decoding=\"async\" width=\"177\" height=\"142\" src=\"data:image\/svg+xml,%3Csvg%20xmlns%3D%27http%3A%2F%2Fwww.w3.org%2F2000%2Fsvg%27%20width%3D%27177%27%20height%3D%27142%27%20viewBox%3D%270%200%20177%20142%27%3E%3Crect%20width%3D%27177%27%20height%3D%27142%27%20fill-opacity%3D%220%22%2F%3E%3C%2Fsvg%3E\" data-orig-src=\"https:\/\/balticwind.eu\/wp-content\/uploads\/2026\/06\/wpd-first-japan-onshore-wind-higashi-izu-177x142.jpg\" class=\"lazyload attachment-portfolio-five size-portfolio-five\" alt=\"\" \/><\/a><\/li><\/ul><\/div><div class=\"recent-posts-content\"><h4 class=\"entry-title\"><a style=\"color: #1f2a3b !important;\" href=\"https:\/\/balticwind.eu\/de\/wpd-nimmt-ersten-japanischen-onshore-windpark-unter-corporate-ppa-in-betrieb\/\">wpd nimmt ersten japanischen Onshore-Windpark unter Corporate-PPA in Betrieb<\/a><\/h4><p class=\"meta\"><a href=\"https:\/\/balticwind.eu\/de\/category\/onshore-wind-aktuell\/\" rel=\"category tag\">Onshore-Wind Aktuell<\/a>, <a href=\"https:\/\/balticwind.eu\/de\/category\/projekte\/\" rel=\"category tag\">Projekte<\/a><span class=\"fusion-inline-sep\">|<\/span><\/p><\/div><\/article><article class=\"post fusion-column column col col-lg-12 col-md-12 col-sm-12 fusion-animated\" data-animationType=\"fadeInDown\" data-animationDuration=\"0.6\" data-animationOffset=\"100%\"><div class=\"fusion-flexslider fusion-flexslider-loading flexslider floated-slideshow flexslider-hover-type-zoomout\"><ul class=\"slides\"><li><a href=\"https:\/\/balticwind.eu\/de\/4energy-feiert-fuenf-jahre-und-steigt-mit-46-mw-neuen-mandaten-in-die-windkraft-ein\/\" aria-label=\"4:energy feiert fuenf Jahre und steigt mit 46 MW neuen Mandaten in die Windkraft ein\" class=\"hover-type-zoomout\"><img decoding=\"async\" width=\"177\" height=\"142\" src=\"data:image\/svg+xml,%3Csvg%20xmlns%3D%27http%3A%2F%2Fwww.w3.org%2F2000%2Fsvg%27%20width%3D%27177%27%20height%3D%27142%27%20viewBox%3D%270%200%20177%20142%27%3E%3Crect%20width%3D%27177%27%20height%3D%27142%27%20fill-opacity%3D%220%22%2F%3E%3C%2Fsvg%3E\" data-orig-src=\"https:\/\/balticwind.eu\/wp-content\/uploads\/2026\/06\/4energy-five-years-wind-expansion-177x142.jpg\" class=\"lazyload attachment-portfolio-five size-portfolio-five\" alt=\"\" \/><\/a><\/li><\/ul><\/div><div class=\"recent-posts-content\"><h4 class=\"entry-title\"><a style=\"color: #1f2a3b !important;\" href=\"https:\/\/balticwind.eu\/de\/4energy-feiert-fuenf-jahre-und-steigt-mit-46-mw-neuen-mandaten-in-die-windkraft-ein\/\">4:energy feiert fuenf Jahre und steigt mit 46 MW neuen Mandaten in die Windkraft ein<\/a><\/h4><p class=\"meta\"><a href=\"https:\/\/balticwind.eu\/de\/category\/deutschland\/\" rel=\"category tag\">Deutschland<\/a>, <a href=\"https:\/\/balticwind.eu\/de\/category\/onshore-wind-aktuell\/\" rel=\"category tag\">Onshore-Wind Aktuell<\/a>, <a href=\"https:\/\/balticwind.eu\/de\/category\/projekte\/\" rel=\"category tag\">Projekte<\/a><span class=\"fusion-inline-sep\">|<\/span><\/p><\/div><\/article><article class=\"post fusion-column column col col-lg-12 col-md-12 col-sm-12 fusion-animated\" data-animationType=\"fadeInDown\" data-animationDuration=\"0.6\" data-animationOffset=\"100%\"><div class=\"fusion-flexslider fusion-flexslider-loading flexslider floated-slideshow flexslider-hover-type-zoomout\"><ul class=\"slides\"><li><a href=\"https:\/\/balticwind.eu\/de\/iberdrola-anwohner-hoeren-den-fakten-ueber-windparks-erst-zu-wenn-sie-die-vorteile-kennen\/\" aria-label=\"Iberdrola: Anwohner hoeren den Fakten ueber Windparks erst zu, wenn sie die Vorteile kennen\" class=\"hover-type-zoomout\"><img decoding=\"async\" width=\"177\" height=\"142\" src=\"data:image\/svg+xml,%3Csvg%20xmlns%3D%27http%3A%2F%2Fwww.w3.org%2F2000%2Fsvg%27%20width%3D%27177%27%20height%3D%27142%27%20viewBox%3D%270%200%20177%20142%27%3E%3Crect%20width%3D%27177%27%20height%3D%27142%27%20fill-opacity%3D%220%22%2F%3E%3C%2Fsvg%3E\" data-orig-src=\"https:\/\/balticwind.eu\/wp-content\/uploads\/2026\/06\/agnieszka-pakula-iberdrola-renewables-polska-177x142.png\" class=\"lazyload attachment-portfolio-five size-portfolio-five\" alt=\"\" \/><\/a><\/li><\/ul><\/div><div class=\"recent-posts-content\"><h4 class=\"entry-title\"><a style=\"color: #1f2a3b !important;\" href=\"https:\/\/balticwind.eu\/de\/iberdrola-anwohner-hoeren-den-fakten-ueber-windparks-erst-zu-wenn-sie-die-vorteile-kennen\/\">Iberdrola: Anwohner hoeren den Fakten ueber Windparks erst zu, wenn sie die Vorteile kennen<\/a><\/h4><p class=\"meta\"><a href=\"https:\/\/balticwind.eu\/de\/category\/onshore-wind-aktuell\/\" rel=\"category tag\">Onshore-Wind Aktuell<\/a>, <a href=\"https:\/\/balticwind.eu\/de\/category\/polen\/\" rel=\"category tag\">Polen<\/a>, <a href=\"https:\/\/balticwind.eu\/de\/category\/projekte\/\" rel=\"category tag\">Projekte<\/a><span class=\"fusion-inline-sep\">|<\/span><\/p><\/div><\/article><article class=\"post fusion-column column col col-lg-12 col-md-12 col-sm-12 fusion-animated\" data-animationType=\"fadeInDown\" data-animationDuration=\"0.6\" data-animationOffset=\"100%\"><div class=\"fusion-flexslider fusion-flexslider-loading flexslider floated-slideshow flexslider-hover-type-zoomout\"><ul class=\"slides\"><li><a href=\"https:\/\/balticwind.eu\/de\/das-grajewo-modell-wie-ein-polnischer-gemeindevorsteher-windparks-in-greifbaren-nutzen-verwandelte\/\" aria-label=\"Das Grajewo-Modell: Wie ein polnischer Gemeindevorsteher Windparks in greifbaren Nutzen verwandelte\" class=\"hover-type-zoomout\"><img decoding=\"async\" width=\"177\" height=\"142\" src=\"data:image\/svg+xml,%3Csvg%20xmlns%3D%27http%3A%2F%2Fwww.w3.org%2F2000%2Fsvg%27%20width%3D%27177%27%20height%3D%27142%27%20viewBox%3D%270%200%20177%20142%27%3E%3Crect%20width%3D%27177%27%20height%3D%27142%27%20fill-opacity%3D%220%22%2F%3E%3C%2Fsvg%3E\" data-orig-src=\"https:\/\/balticwind.eu\/wp-content\/uploads\/2026\/06\/grzegorz-gorski-wojt-grajewo-177x142.png\" class=\"lazyload attachment-portfolio-five size-portfolio-five\" alt=\"\" \/><\/a><\/li><\/ul><\/div><div class=\"recent-posts-content\"><h4 class=\"entry-title\"><a style=\"color: #1f2a3b !important;\" href=\"https:\/\/balticwind.eu\/de\/das-grajewo-modell-wie-ein-polnischer-gemeindevorsteher-windparks-in-greifbaren-nutzen-verwandelte\/\">Das Grajewo-Modell: Wie ein polnischer Gemeindevorsteher Windparks in greifbaren Nutzen verwandelte<\/a><\/h4><p class=\"meta\"><a href=\"https:\/\/balticwind.eu\/de\/category\/onshore-wind-aktuell\/\" rel=\"category tag\">Onshore-Wind Aktuell<\/a>, <a href=\"https:\/\/balticwind.eu\/de\/category\/polen\/\" rel=\"category tag\">Polen<\/a>, <a href=\"https:\/\/balticwind.eu\/de\/category\/projekte\/\" rel=\"category tag\">Projekte<\/a><span class=\"fusion-inline-sep\">|<\/span><\/p><\/div><\/article><article class=\"post fusion-column column col col-lg-12 col-md-12 col-sm-12 fusion-animated\" data-animationType=\"fadeInDown\" data-animationDuration=\"0.6\" data-animationOffset=\"100%\"><div class=\"fusion-flexslider fusion-flexslider-loading flexslider floated-slideshow flexslider-hover-type-zoomout\"><ul class=\"slides\"><li><a href=\"https:\/\/balticwind.eu\/de\/ueber-400-stahlkonstruktionen-fuer-fundamente-von-baltica-2-unterwegs\/\" aria-label=\"\u00dcber 400 Stahlkonstruktionen f\u00fcr Fundamente von Baltica 2 unterwegs\" class=\"hover-type-zoomout\"><img decoding=\"async\" width=\"177\" height=\"142\" src=\"data:image\/svg+xml,%3Csvg%20xmlns%3D%27http%3A%2F%2Fwww.w3.org%2F2000%2Fsvg%27%20width%3D%27177%27%20height%3D%27142%27%20viewBox%3D%270%200%20177%20142%27%3E%3Crect%20width%3D%27177%27%20height%3D%27142%27%20fill-opacity%3D%220%22%2F%3E%3C%2Fsvg%3E\" data-orig-src=\"https:\/\/balticwind.eu\/wp-content\/uploads\/2026\/06\/baltica-2-secondary-steel-foundations-177x142.png\" class=\"lazyload attachment-portfolio-five size-portfolio-five\" alt=\"\" \/><\/a><\/li><\/ul><\/div><div class=\"recent-posts-content\"><h4 class=\"entry-title\"><a style=\"color: #1f2a3b !important;\" href=\"https:\/\/balticwind.eu\/de\/ueber-400-stahlkonstruktionen-fuer-fundamente-von-baltica-2-unterwegs\/\">\u00dcber 400 Stahlkonstruktionen f\u00fcr Fundamente von Baltica 2 unterwegs<\/a><\/h4><p class=\"meta\"><a href=\"https:\/\/balticwind.eu\/de\/category\/offshore-wind-aktuell\/\" rel=\"category tag\">Offshore-Wind Aktuell<\/a>, <a href=\"https:\/\/balticwind.eu\/de\/category\/polen\/\" rel=\"category tag\">Polen<\/a>, <a href=\"https:\/\/balticwind.eu\/de\/category\/projekte\/\" rel=\"category tag\">Projekte<\/a><span class=\"fusion-inline-sep\">|<\/span><\/p><\/div><\/article><article class=\"post fusion-column column col col-lg-12 col-md-12 col-sm-12 fusion-animated\" data-animationType=\"fadeInDown\" data-animationDuration=\"0.6\" data-animationOffset=\"100%\"><div class=\"fusion-flexslider fusion-flexslider-loading flexslider floated-slideshow flexslider-hover-type-zoomout\"><ul class=\"slides\"><li><a href=\"https:\/\/balticwind.eu\/de\/betreiber-pruefen-baltic-sea-hydrogen-collector-zur-anbindung-von-offshore-wind-an-einen-wasserstoffmarkt\/\" aria-label=\"Betreiber pr\u00fcfen Baltic Sea Hydrogen Collector zur Anbindung von Offshore-Wind an einen Wasserstoffmarkt\" class=\"hover-type-zoomout\"><img decoding=\"async\" width=\"177\" height=\"142\" src=\"data:image\/svg+xml,%3Csvg%20xmlns%3D%27http%3A%2F%2Fwww.w3.org%2F2000%2Fsvg%27%20width%3D%27177%27%20height%3D%27142%27%20viewBox%3D%270%200%20177%20142%27%3E%3Crect%20width%3D%27177%27%20height%3D%27142%27%20fill-opacity%3D%220%22%2F%3E%3C%2Fsvg%3E\" data-orig-src=\"https:\/\/balticwind.eu\/wp-content\/uploads\/2026\/06\/baltic-sea-hydrogen-collector-offshore-pipeline-177x142.jpg\" class=\"lazyload attachment-portfolio-five size-portfolio-five\" alt=\"\" \/><\/a><\/li><\/ul><\/div><div class=\"recent-posts-content\"><h4 class=\"entry-title\"><a style=\"color: #1f2a3b !important;\" href=\"https:\/\/balticwind.eu\/de\/betreiber-pruefen-baltic-sea-hydrogen-collector-zur-anbindung-von-offshore-wind-an-einen-wasserstoffmarkt\/\">Betreiber pr\u00fcfen Baltic Sea Hydrogen Collector zur Anbindung von Offshore-Wind an einen Wasserstoffmarkt<\/a><\/h4><p class=\"meta\"><a href=\"https:\/\/balticwind.eu\/de\/category\/daenemark\/\" rel=\"category tag\">D\u00e4nemark<\/a>, <a href=\"https:\/\/balticwind.eu\/de\/category\/deutschland\/\" rel=\"category tag\">Deutschland<\/a>, <a href=\"https:\/\/balticwind.eu\/de\/category\/finnland\/\" rel=\"category tag\">Finnland<\/a>, <a href=\"https:\/\/balticwind.eu\/de\/category\/offshore-wind-aktuell\/\" rel=\"category tag\">Offshore-Wind Aktuell<\/a>, <a href=\"https:\/\/balticwind.eu\/de\/category\/projekte\/\" rel=\"category tag\">Projekte<\/a>, <a href=\"https:\/\/balticwind.eu\/de\/category\/schweden\/\" rel=\"category tag\">Schweden<\/a>, <a href=\"https:\/\/balticwind.eu\/de\/category\/top-news-de\/\" rel=\"category tag\">Top News<\/a><span class=\"fusion-inline-sep\">|<\/span><\/p><\/div><\/article><article class=\"post fusion-column column col col-lg-12 col-md-12 col-sm-12 fusion-animated\" data-animationType=\"fadeInDown\" data-animationDuration=\"0.6\" data-animationOffset=\"100%\"><div class=\"fusion-flexslider fusion-flexslider-loading flexslider floated-slideshow flexslider-hover-type-zoomout\"><ul class=\"slides\"><li><a href=\"https:\/\/balticwind.eu\/de\/repowerter-windpark-scheid-in-der-eifel-mit-buergerbeteiligung-eroeffnet\/\" aria-label=\"Repowerter Windpark Scheid in der Eifel mit B\u00fcrgerbeteiligung er\u00f6ffnet\" class=\"hover-type-zoomout\"><img decoding=\"async\" width=\"177\" height=\"142\" src=\"data:image\/svg+xml,%3Csvg%20xmlns%3D%27http%3A%2F%2Fwww.w3.org%2F2000%2Fsvg%27%20width%3D%27177%27%20height%3D%27142%27%20viewBox%3D%270%200%20177%20142%27%3E%3Crect%20width%3D%27177%27%20height%3D%27142%27%20fill-opacity%3D%220%22%2F%3E%3C%2Fsvg%3E\" data-orig-src=\"https:\/\/balticwind.eu\/wp-content\/uploads\/2026\/06\/scheid-wind-farm-repowering-eifel-citizen-177x142.jpg\" class=\"lazyload attachment-portfolio-five size-portfolio-five\" alt=\"\" \/><\/a><\/li><\/ul><\/div><div class=\"recent-posts-content\"><h4 class=\"entry-title\"><a style=\"color: #1f2a3b !important;\" href=\"https:\/\/balticwind.eu\/de\/repowerter-windpark-scheid-in-der-eifel-mit-buergerbeteiligung-eroeffnet\/\">Repowerter Windpark Scheid in der Eifel mit B\u00fcrgerbeteiligung er\u00f6ffnet<\/a><\/h4><p class=\"meta\"><a href=\"https:\/\/balticwind.eu\/de\/category\/deutschland\/\" rel=\"category tag\">Deutschland<\/a>, <a href=\"https:\/\/balticwind.eu\/de\/category\/onshore-wind-aktuell\/\" rel=\"category tag\">Onshore-Wind Aktuell<\/a>, <a href=\"https:\/\/balticwind.eu\/de\/category\/projekte\/\" rel=\"category tag\">Projekte<\/a><span class=\"fusion-inline-sep\">|<\/span><\/p><\/div><\/article><article class=\"post fusion-column column col col-lg-12 col-md-12 col-sm-12 fusion-animated\" data-animationType=\"fadeInDown\" data-animationDuration=\"0.6\" data-animationOffset=\"100%\"><div class=\"fusion-flexslider fusion-flexslider-loading flexslider floated-slideshow flexslider-hover-type-zoomout\"><ul class=\"slides\"><li><a href=\"https:\/\/balticwind.eu\/de\/pge-baltica-waehlt-konsortium-fuer-die-landseitige-netzanbindung-von-baltica-9\/\" aria-label=\"PGE Baltica w\u00e4hlt Konsortium f\u00fcr die landseitige Netzanbindung von Baltica 9+\" class=\"hover-type-zoomout\"><img decoding=\"async\" width=\"177\" height=\"142\" src=\"data:image\/svg+xml,%3Csvg%20xmlns%3D%27http%3A%2F%2Fwww.w3.org%2F2000%2Fsvg%27%20width%3D%27177%27%20height%3D%27142%27%20viewBox%3D%270%200%20177%20142%27%3E%3Crect%20width%3D%27177%27%20height%3D%27142%27%20fill-opacity%3D%220%22%2F%3E%3C%2Fsvg%3E\" data-orig-src=\"https:\/\/balticwind.eu\/wp-content\/uploads\/2026\/06\/pge-baltica-baltica-9-onshore-connection-177x142.webp\" class=\"lazyload attachment-portfolio-five size-portfolio-five\" alt=\"\" \/><\/a><\/li><\/ul><\/div><div class=\"recent-posts-content\"><h4 class=\"entry-title\"><a style=\"color: #1f2a3b !important;\" href=\"https:\/\/balticwind.eu\/de\/pge-baltica-waehlt-konsortium-fuer-die-landseitige-netzanbindung-von-baltica-9\/\">PGE Baltica w\u00e4hlt Konsortium f\u00fcr die landseitige Netzanbindung von Baltica 9+<\/a><\/h4><p class=\"meta\"><a href=\"https:\/\/balticwind.eu\/de\/category\/offshore-wind-aktuell\/\" rel=\"category tag\">Offshore-Wind Aktuell<\/a>, <a href=\"https:\/\/balticwind.eu\/de\/category\/polen\/\" rel=\"category tag\">Polen<\/a>, <a href=\"https:\/\/balticwind.eu\/de\/category\/projekte\/\" rel=\"category tag\">Projekte<\/a><span class=\"fusion-inline-sep\">|<\/span><\/p><\/div><\/article><article class=\"post fusion-column column col col-lg-12 col-md-12 col-sm-12 fusion-animated\" data-animationType=\"fadeInDown\" data-animationDuration=\"0.6\" data-animationOffset=\"100%\"><div class=\"fusion-flexslider fusion-flexslider-loading flexslider floated-slideshow flexslider-hover-type-zoomout\"><ul class=\"slides\"><li><a href=\"https:\/\/balticwind.eu\/de\/orlen-und-die-haefen-szczecin-swinoujscie-starten-analysen-zum-ausbau-von-polens-erstem-offshore-installationsterminal\/\" aria-label=\"ORLEN und die H\u00e4fen Szczecin-\u015awinouj\u015bcie starten Analysen zum Ausbau von Polens erstem Offshore-Installationsterminal\" class=\"hover-type-zoomout\"><img decoding=\"async\" width=\"177\" height=\"142\" src=\"data:image\/svg+xml,%3Csvg%20xmlns%3D%27http%3A%2F%2Fwww.w3.org%2F2000%2Fsvg%27%20width%3D%27177%27%20height%3D%27142%27%20viewBox%3D%270%200%20177%20142%27%3E%3Crect%20width%3D%27177%27%20height%3D%27142%27%20fill-opacity%3D%220%22%2F%3E%3C%2Fsvg%3E\" data-orig-src=\"https:\/\/balticwind.eu\/wp-content\/uploads\/2026\/06\/swinoujscie-offshore-terminal-expansion-1-177x142.jpg\" class=\"lazyload attachment-portfolio-five size-portfolio-five\" alt=\"\" \/><\/a><\/li><\/ul><\/div><div class=\"recent-posts-content\"><h4 class=\"entry-title\"><a style=\"color: #1f2a3b !important;\" href=\"https:\/\/balticwind.eu\/de\/orlen-und-die-haefen-szczecin-swinoujscie-starten-analysen-zum-ausbau-von-polens-erstem-offshore-installationsterminal\/\">ORLEN und die H\u00e4fen Szczecin-\u015awinouj\u015bcie starten Analysen zum Ausbau von Polens erstem Offshore-Installationsterminal<\/a><\/h4><p class=\"meta\"><a href=\"https:\/\/balticwind.eu\/de\/category\/offshore-wind-aktuell\/\" rel=\"category tag\">Offshore-Wind Aktuell<\/a>, <a href=\"https:\/\/balticwind.eu\/de\/category\/polen\/\" rel=\"category tag\">Polen<\/a>, <a href=\"https:\/\/balticwind.eu\/de\/category\/projekte\/\" rel=\"category tag\">Projekte<\/a><span class=\"fusion-inline-sep\">|<\/span><\/p><\/div><\/article><article class=\"post fusion-column column col col-lg-12 col-md-12 col-sm-12 fusion-animated\" data-animationType=\"fadeInDown\" data-animationDuration=\"0.6\" data-animationOffset=\"100%\"><div class=\"fusion-flexslider fusion-flexslider-loading flexslider floated-slideshow flexslider-hover-type-zoomout\"><ul class=\"slides\"><li><a href=\"https:\/\/balticwind.eu\/de\/moewen-tracking-praegt-die-turbinenplanung-im-finnischen-offshore-projekt-ebba\/\" aria-label=\"M\u00f6wen-Tracking pr\u00e4gt die Turbinenplanung im finnischen Offshore-Projekt Ebba\" class=\"hover-type-zoomout\"><img decoding=\"async\" width=\"177\" height=\"142\" src=\"data:image\/svg+xml,%3Csvg%20xmlns%3D%27http%3A%2F%2Fwww.w3.org%2F2000%2Fsvg%27%20width%3D%27177%27%20height%3D%27142%27%20viewBox%3D%270%200%20177%20142%27%3E%3Crect%20width%3D%27177%27%20height%3D%27142%27%20fill-opacity%3D%220%22%2F%3E%3C%2Fsvg%3E\" data-orig-src=\"https:\/\/balticwind.eu\/wp-content\/uploads\/2026\/06\/gull-tracking-offshore-wind-finland-ebba-177x142.jpg\" class=\"lazyload attachment-portfolio-five size-portfolio-five\" alt=\"\" \/><\/a><\/li><\/ul><\/div><div class=\"recent-posts-content\"><h4 class=\"entry-title\"><a style=\"color: #1f2a3b !important;\" href=\"https:\/\/balticwind.eu\/de\/moewen-tracking-praegt-die-turbinenplanung-im-finnischen-offshore-projekt-ebba\/\">M\u00f6wen-Tracking pr\u00e4gt die Turbinenplanung im finnischen Offshore-Projekt Ebba<\/a><\/h4><p class=\"meta\"><a href=\"https:\/\/balticwind.eu\/de\/category\/finnland\/\" rel=\"category tag\">Finnland<\/a>, <a href=\"https:\/\/balticwind.eu\/de\/category\/offshore-wind-aktuell\/\" rel=\"category tag\">Offshore-Wind Aktuell<\/a>, <a href=\"https:\/\/balticwind.eu\/de\/category\/projekte\/\" rel=\"category tag\">Projekte<\/a><span class=\"fusion-inline-sep\">|<\/span><\/p><\/div><\/article><article class=\"post fusion-column column col col-lg-12 col-md-12 col-sm-12 fusion-animated\" data-animationType=\"fadeInDown\" data-animationDuration=\"0.6\" data-animationOffset=\"100%\"><div class=\"fusion-flexslider fusion-flexslider-loading flexslider floated-slideshow flexslider-hover-type-zoomout\"><ul class=\"slides\"><li><a href=\"https:\/\/balticwind.eu\/de\/orlen-neptun-plant-ausbau-des-offshore-terminals-in-swinoujscie\/\" aria-label=\"ORLEN Neptun plant Ausbau des Offshore-Terminals in \u015awinouj\u015bcie\" class=\"hover-type-zoomout\"><img decoding=\"async\" width=\"177\" height=\"142\" src=\"data:image\/svg+xml,%3Csvg%20xmlns%3D%27http%3A%2F%2Fwww.w3.org%2F2000%2Fsvg%27%20width%3D%27177%27%20height%3D%27142%27%20viewBox%3D%270%200%20177%20142%27%3E%3Crect%20width%3D%27177%27%20height%3D%27142%27%20fill-opacity%3D%220%22%2F%3E%3C%2Fsvg%3E\" data-orig-src=\"https:\/\/balticwind.eu\/wp-content\/uploads\/2026\/06\/orlen-neptun-swinoujscie-offshore-terminal-expansion-177x142.jpg\" class=\"lazyload attachment-portfolio-five size-portfolio-five\" alt=\"\" \/><\/a><\/li><\/ul><\/div><div class=\"recent-posts-content\"><h4 class=\"entry-title\"><a style=\"color: #1f2a3b !important;\" href=\"https:\/\/balticwind.eu\/de\/orlen-neptun-plant-ausbau-des-offshore-terminals-in-swinoujscie\/\">ORLEN Neptun plant Ausbau des Offshore-Terminals in \u015awinouj\u015bcie<\/a><\/h4><p class=\"meta\"><a href=\"https:\/\/balticwind.eu\/de\/category\/offshore-wind-aktuell\/\" rel=\"category tag\">Offshore-Wind Aktuell<\/a>, <a href=\"https:\/\/balticwind.eu\/de\/category\/polen\/\" rel=\"category tag\">Polen<\/a>, <a href=\"https:\/\/balticwind.eu\/de\/category\/projekte\/\" rel=\"category tag\">Projekte<\/a><span class=\"fusion-inline-sep\">|<\/span><\/p><\/div><\/article><article class=\"post fusion-column column col col-lg-12 col-md-12 col-sm-12 fusion-animated\" data-animationType=\"fadeInDown\" data-animationDuration=\"0.6\" data-animationOffset=\"100%\"><div class=\"fusion-flexslider fusion-flexslider-loading flexslider floated-slideshow flexslider-hover-type-zoomout\"><ul class=\"slides\"><li><a href=\"https:\/\/balticwind.eu\/de\/nordex-erhaelt-255-mw-an-auftraegen-aus-deutschland-mit-einem-buergerwindpark-im-kern\/\" aria-label=\"Nordex erh\u00e4lt 255 MW an Auftr\u00e4gen aus Deutschland \u2014 mit einem B\u00fcrgerwindpark im Kern\" class=\"hover-type-zoomout\"><img decoding=\"async\" width=\"177\" height=\"142\" src=\"data:image\/svg+xml,%3Csvg%20xmlns%3D%27http%3A%2F%2Fwww.w3.org%2F2000%2Fsvg%27%20width%3D%27177%27%20height%3D%27142%27%20viewBox%3D%270%200%20177%20142%27%3E%3Crect%20width%3D%27177%27%20height%3D%27142%27%20fill-opacity%3D%220%22%2F%3E%3C%2Fsvg%3E\" data-orig-src=\"https:\/\/balticwind.eu\/wp-content\/uploads\/2026\/06\/nordex-255-mw-german-orders-citizen-wind-177x142.jpg\" class=\"lazyload attachment-portfolio-five size-portfolio-five\" alt=\"\" \/><\/a><\/li><\/ul><\/div><div class=\"recent-posts-content\"><h4 class=\"entry-title\"><a style=\"color: #1f2a3b !important;\" href=\"https:\/\/balticwind.eu\/de\/nordex-erhaelt-255-mw-an-auftraegen-aus-deutschland-mit-einem-buergerwindpark-im-kern\/\">Nordex erh\u00e4lt 255 MW an Auftr\u00e4gen aus Deutschland \u2014 mit einem B\u00fcrgerwindpark im Kern<\/a><\/h4><p class=\"meta\"><a href=\"https:\/\/balticwind.eu\/de\/category\/deutschland\/\" rel=\"category tag\">Deutschland<\/a>, <a href=\"https:\/\/balticwind.eu\/de\/category\/onshore-wind-aktuell\/\" rel=\"category tag\">Onshore-Wind Aktuell<\/a>, <a href=\"https:\/\/balticwind.eu\/de\/category\/projekte\/\" rel=\"category tag\">Projekte<\/a><span class=\"fusion-inline-sep\">|<\/span><\/p><\/div><\/article><article class=\"post fusion-column column col col-lg-12 col-md-12 col-sm-12 fusion-animated\" data-animationType=\"fadeInDown\" data-animationDuration=\"0.6\" data-animationOffset=\"100%\"><div class=\"fusion-flexslider fusion-flexslider-loading flexslider floated-slideshow flexslider-hover-type-zoomout\"><ul class=\"slides\"><li><a href=\"https:\/\/balticwind.eu\/de\/mlk-gruppe-baut-finanzielle-buergerbeteiligung-an-windprojekten-aus\/\" aria-label=\"MLK Gruppe baut finanzielle B\u00fcrgerbeteiligung an Windprojekten aus\" class=\"hover-type-zoomout\"><img decoding=\"async\" width=\"177\" height=\"142\" src=\"data:image\/svg+xml,%3Csvg%20xmlns%3D%27http%3A%2F%2Fwww.w3.org%2F2000%2Fsvg%27%20width%3D%27177%27%20height%3D%27142%27%20viewBox%3D%270%200%20177%20142%27%3E%3Crect%20width%3D%27177%27%20height%3D%27142%27%20fill-opacity%3D%220%22%2F%3E%3C%2Fsvg%3E\" data-orig-src=\"https:\/\/balticwind.eu\/wp-content\/uploads\/2026\/06\/mlk-gruppe-citizen-participation-german-wind-177x142.jpg\" class=\"lazyload attachment-portfolio-five size-portfolio-five\" alt=\"\" \/><\/a><\/li><\/ul><\/div><div class=\"recent-posts-content\"><h4 class=\"entry-title\"><a style=\"color: #1f2a3b !important;\" href=\"https:\/\/balticwind.eu\/de\/mlk-gruppe-baut-finanzielle-buergerbeteiligung-an-windprojekten-aus\/\">MLK Gruppe baut finanzielle B\u00fcrgerbeteiligung an Windprojekten aus<\/a><\/h4><p class=\"meta\"><a href=\"https:\/\/balticwind.eu\/de\/category\/deutschland\/\" rel=\"category tag\">Deutschland<\/a>, <a href=\"https:\/\/balticwind.eu\/de\/category\/onshore-wind-aktuell\/\" rel=\"category tag\">Onshore-Wind Aktuell<\/a>, <a href=\"https:\/\/balticwind.eu\/de\/category\/projekte\/\" rel=\"category tag\">Projekte<\/a><span class=\"fusion-inline-sep\">|<\/span><\/p><\/div><\/article><article class=\"post fusion-column column col col-lg-12 col-md-12 col-sm-12 fusion-animated\" data-animationType=\"fadeInDown\" data-animationDuration=\"0.6\" data-animationOffset=\"100%\"><div class=\"fusion-flexslider fusion-flexslider-loading flexslider floated-slideshow flexslider-hover-type-zoomout\"><ul class=\"slides\"><li><a href=\"https:\/\/balticwind.eu\/de\/orlen-neptun-und-haefen-stettin-swinemuende-unterzeichnen-absichtserklaerung-zum-ausbau-des-offshore-terminals\/\" aria-label=\"ORLEN Neptun und H\u00e4fen Stettin-Swinem\u00fcnde unterzeichnen Absichtserkl\u00e4rung zum Ausbau des Offshore-Terminals\" class=\"hover-type-zoomout\"><img decoding=\"async\" width=\"177\" height=\"142\" src=\"data:image\/svg+xml,%3Csvg%20xmlns%3D%27http%3A%2F%2Fwww.w3.org%2F2000%2Fsvg%27%20width%3D%27177%27%20height%3D%27142%27%20viewBox%3D%270%200%20177%20142%27%3E%3Crect%20width%3D%27177%27%20height%3D%27142%27%20fill-opacity%3D%220%22%2F%3E%3C%2Fsvg%3E\" data-orig-src=\"https:\/\/balticwind.eu\/wp-content\/uploads\/2026\/06\/swinoujscie-offshore-terminal-expansion-orlen-neptun-177x142.jpg\" class=\"lazyload attachment-portfolio-five size-portfolio-five\" alt=\"Ministra Paulina Hennig-Kloska na konferencji terminala offshore w \u015awinouj\u015bciu\" \/><\/a><\/li><\/ul><\/div><div class=\"recent-posts-content\"><h4 class=\"entry-title\"><a style=\"color: #1f2a3b !important;\" href=\"https:\/\/balticwind.eu\/de\/orlen-neptun-und-haefen-stettin-swinemuende-unterzeichnen-absichtserklaerung-zum-ausbau-des-offshore-terminals\/\">ORLEN Neptun und H\u00e4fen Stettin-Swinem\u00fcnde unterzeichnen Absichtserkl\u00e4rung zum Ausbau des Offshore-Terminals<\/a><\/h4><p class=\"meta\"><a href=\"https:\/\/balticwind.eu\/de\/category\/offshore-wind-aktuell\/\" rel=\"category tag\">Offshore-Wind Aktuell<\/a>, <a href=\"https:\/\/balticwind.eu\/de\/category\/polen\/\" rel=\"category tag\">Polen<\/a>, <a href=\"https:\/\/balticwind.eu\/de\/category\/projekte\/\" rel=\"category tag\">Projekte<\/a><span class=\"fusion-inline-sep\">|<\/span><\/p><\/div><\/article><article class=\"post fusion-column column col col-lg-12 col-md-12 col-sm-12 fusion-animated\" data-animationType=\"fadeInDown\" data-animationDuration=\"0.6\" data-animationOffset=\"100%\"><div class=\"fusion-flexslider fusion-flexslider-loading flexslider floated-slideshow flexslider-hover-type-zoomout\"><ul class=\"slides\"><li><a href=\"https:\/\/balticwind.eu\/de\/capcora-beraet-chint-solar-bei-forward-cod-verkauf-eines-56-mw-speicherportfolios-in-deutschland\/\" aria-label=\"Capcora ber\u00e4t Chint Solar bei Forward-COD-Verkauf eines 56-MW-Speicherportfolios in Deutschland\" class=\"hover-type-zoomout\"><img decoding=\"async\" width=\"177\" height=\"142\" src=\"data:image\/svg+xml,%3Csvg%20xmlns%3D%27http%3A%2F%2Fwww.w3.org%2F2000%2Fsvg%27%20width%3D%27177%27%20height%3D%27142%27%20viewBox%3D%270%200%20177%20142%27%3E%3Crect%20width%3D%27177%27%20height%3D%27142%27%20fill-opacity%3D%220%22%2F%3E%3C%2Fsvg%3E\" data-orig-src=\"https:\/\/balticwind.eu\/wp-content\/uploads\/2026\/06\/wind-turbine-installation-vessel-crane-offshore-1-177x142.jpg\" class=\"lazyload attachment-portfolio-five size-portfolio-five\" alt=\"\" \/><\/a><\/li><\/ul><\/div><div class=\"recent-posts-content\"><h4 class=\"entry-title\"><a style=\"color: #1f2a3b !important;\" href=\"https:\/\/balticwind.eu\/de\/capcora-beraet-chint-solar-bei-forward-cod-verkauf-eines-56-mw-speicherportfolios-in-deutschland\/\">Capcora ber\u00e4t Chint Solar bei Forward-COD-Verkauf eines 56-MW-Speicherportfolios in Deutschland<\/a><\/h4><p class=\"meta\"><a href=\"https:\/\/balticwind.eu\/de\/category\/deutschland\/\" rel=\"category tag\">Deutschland<\/a>, <a href=\"https:\/\/balticwind.eu\/de\/category\/projekte\/\" rel=\"category tag\">Projekte<\/a>, <a href=\"https:\/\/balticwind.eu\/de\/category\/technologie\/\" rel=\"category tag\">Technologie<\/a><span class=\"fusion-inline-sep\">|<\/span><\/p><\/div><\/article><article class=\"post fusion-column column col col-lg-12 col-md-12 col-sm-12 fusion-animated\" data-animationType=\"fadeInDown\" data-animationDuration=\"0.6\" data-animationOffset=\"100%\"><div class=\"fusion-flexslider fusion-flexslider-loading flexslider floated-slideshow flexslider-hover-type-zoomout\"><ul class=\"slides\"><li><a href=\"https:\/\/balticwind.eu\/de\/open-sea-baut-neue-produktionshalle-in-swinoujscie-im-rahmen-eines-12-mio-euro-projekts\/\" aria-label=\"Open Sea baut neue Produktionshalle in Swinoujscie im Rahmen eines 12-Mio-Euro-Projekts\" class=\"hover-type-zoomout\"><img decoding=\"async\" width=\"177\" height=\"142\" src=\"data:image\/svg+xml,%3Csvg%20xmlns%3D%27http%3A%2F%2Fwww.w3.org%2F2000%2Fsvg%27%20width%3D%27177%27%20height%3D%27142%27%20viewBox%3D%270%200%20177%20142%27%3E%3Crect%20width%3D%27177%27%20height%3D%27142%27%20fill-opacity%3D%220%22%2F%3E%3C%2Fsvg%3E\" data-orig-src=\"https:\/\/balticwind.eu\/wp-content\/uploads\/2026\/06\/unsplash-xRX2w5eZ3RY-177x142.jpg\" class=\"lazyload attachment-portfolio-five size-portfolio-five\" alt=\"Photo by Peter Herrmann on Unsplash\" \/><\/a><\/li><\/ul><\/div><div class=\"recent-posts-content\"><h4 class=\"entry-title\"><a style=\"color: #1f2a3b !important;\" href=\"https:\/\/balticwind.eu\/de\/open-sea-baut-neue-produktionshalle-in-swinoujscie-im-rahmen-eines-12-mio-euro-projekts\/\">Open Sea baut neue Produktionshalle in Swinoujscie im Rahmen eines 12-Mio-Euro-Projekts<\/a><\/h4><p class=\"meta\"><a href=\"https:\/\/balticwind.eu\/de\/category\/polen\/\" rel=\"category tag\">Polen<\/a>, <a href=\"https:\/\/balticwind.eu\/de\/category\/projekte\/\" rel=\"category tag\">Projekte<\/a><span class=\"fusion-inline-sep\">|<\/span><\/p><\/div><\/article><article class=\"post fusion-column column col col-lg-12 col-md-12 col-sm-12 fusion-animated\" data-animationType=\"fadeInDown\" data-animationDuration=\"0.6\" data-animationOffset=\"100%\"><div class=\"fusion-flexslider fusion-flexslider-loading flexslider floated-slideshow flexslider-hover-type-zoomout\"><ul class=\"slides\"><li><a href=\"https:\/\/balticwind.eu\/de\/enova-nimmt-windpark-meppen-nach-groesstem-repowering-der-unternehmensgeschichte-in-betrieb\/\" aria-label=\"ENOVA nimmt Windpark Meppen nach gr\u00f6\u00dftem Repowering der Unternehmensgeschichte in Betrieb\" class=\"hover-type-zoomout\"><img decoding=\"async\" width=\"177\" height=\"142\" src=\"data:image\/svg+xml,%3Csvg%20xmlns%3D%27http%3A%2F%2Fwww.w3.org%2F2000%2Fsvg%27%20width%3D%27177%27%20height%3D%27142%27%20viewBox%3D%270%200%20177%20142%27%3E%3Crect%20width%3D%27177%27%20height%3D%27142%27%20fill-opacity%3D%220%22%2F%3E%3C%2Fsvg%3E\" data-orig-src=\"https:\/\/balticwind.eu\/wp-content\/uploads\/2026\/06\/enova-windpark-meppen-repowering-commissioned-177x142.jpg\" class=\"lazyload attachment-portfolio-five size-portfolio-five\" alt=\"\" \/><\/a><\/li><\/ul><\/div><div class=\"recent-posts-content\"><h4 class=\"entry-title\"><a style=\"color: #1f2a3b !important;\" href=\"https:\/\/balticwind.eu\/de\/enova-nimmt-windpark-meppen-nach-groesstem-repowering-der-unternehmensgeschichte-in-betrieb\/\">ENOVA nimmt Windpark Meppen nach gr\u00f6\u00dftem Repowering der Unternehmensgeschichte in Betrieb<\/a><\/h4><p class=\"meta\"><a href=\"https:\/\/balticwind.eu\/de\/category\/deutschland\/\" rel=\"category tag\">Deutschland<\/a>, <a href=\"https:\/\/balticwind.eu\/de\/category\/onshore-wind-aktuell\/\" rel=\"category tag\">Onshore-Wind Aktuell<\/a>, <a href=\"https:\/\/balticwind.eu\/de\/category\/projekte\/\" rel=\"category tag\">Projekte<\/a><span class=\"fusion-inline-sep\">|<\/span><\/p><\/div><\/article><article class=\"post fusion-column column col col-lg-12 col-md-12 col-sm-12 fusion-animated\" data-animationType=\"fadeInDown\" data-animationDuration=\"0.6\" data-animationOffset=\"100%\"><div class=\"fusion-flexslider fusion-flexslider-loading flexslider floated-slideshow flexslider-hover-type-zoomout\"><ul class=\"slides\"><li><a href=\"https:\/\/balticwind.eu\/de\/smulders-schliet-erste-verladung-von-baltica-2-innenplattformen-in-winoujcie-ab\/\" aria-label=\"Smulders schlie&#xDF;t erste Verladung von Baltica-2-Innenplattformen in &#346;winouj&#x15B;cie ab\" class=\"hover-type-zoomout\"><img decoding=\"async\" width=\"177\" height=\"142\" src=\"data:image\/svg+xml,%3Csvg%20xmlns%3D%27http%3A%2F%2Fwww.w3.org%2F2000%2Fsvg%27%20width%3D%27177%27%20height%3D%27142%27%20viewBox%3D%270%200%20177%20142%27%3E%3Crect%20width%3D%27177%27%20height%3D%27142%27%20fill-opacity%3D%220%22%2F%3E%3C%2Fsvg%3E\" data-orig-src=\"https:\/\/balticwind.eu\/wp-content\/uploads\/2026\/05\/baltica-2-offshore-wind-poland-177x142.jpg\" class=\"lazyload attachment-portfolio-five size-portfolio-five\" alt=\"\" \/><\/a><\/li><\/ul><\/div><div class=\"recent-posts-content\"><h4 class=\"entry-title\"><a style=\"color: #1f2a3b !important;\" href=\"https:\/\/balticwind.eu\/de\/smulders-schliet-erste-verladung-von-baltica-2-innenplattformen-in-winoujcie-ab\/\">Smulders schlie&#xDF;t erste Verladung von Baltica-2-Innenplattformen in &#346;winouj&#x15B;cie ab<\/a><\/h4><p class=\"meta\"><a href=\"https:\/\/balticwind.eu\/de\/category\/offshore-wind-aktuell\/\" rel=\"category tag\">Offshore-Wind Aktuell<\/a>, <a href=\"https:\/\/balticwind.eu\/de\/category\/polen\/\" rel=\"category tag\">Polen<\/a>, <a href=\"https:\/\/balticwind.eu\/de\/category\/projekte\/\" rel=\"category tag\">Projekte<\/a><span class=\"fusion-inline-sep\">|<\/span><\/p><\/div><\/article><article class=\"post fusion-column column col col-lg-12 col-md-12 col-sm-12 fusion-animated\" data-animationType=\"fadeInDown\" data-animationDuration=\"0.6\" data-animationOffset=\"100%\"><div class=\"fusion-flexslider fusion-flexslider-loading flexslider floated-slideshow flexslider-hover-type-zoomout\"><ul class=\"slides\"><li><a href=\"https:\/\/balticwind.eu\/de\/polenergia-installiert-erste-turbinenfundamente-bei-offshore-projekten-baltyk-2-und-3\/\" aria-label=\"Polenergia installiert erste Turbinenfundamente bei Offshore-Projekten Ba\u0142tyk 2 und 3\" class=\"hover-type-zoomout\"><img decoding=\"async\" width=\"177\" height=\"142\" src=\"data:image\/svg+xml,%3Csvg%20xmlns%3D%27http%3A%2F%2Fwww.w3.org%2F2000%2Fsvg%27%20width%3D%27177%27%20height%3D%27142%27%20viewBox%3D%270%200%20177%20142%27%3E%3Crect%20width%3D%27177%27%20height%3D%27142%27%20fill-opacity%3D%220%22%2F%3E%3C%2Fsvg%3E\" data-orig-src=\"https:\/\/balticwind.eu\/wp-content\/uploads\/2026\/05\/polenergia-baltyk-offshore-wind-foundation-baltic-sea-177x142.jpg\" class=\"lazyload attachment-portfolio-five size-portfolio-five\" alt=\"\" \/><\/a><\/li><\/ul><\/div><div class=\"recent-posts-content\"><h4 class=\"entry-title\"><a style=\"color: #1f2a3b !important;\" href=\"https:\/\/balticwind.eu\/de\/polenergia-installiert-erste-turbinenfundamente-bei-offshore-projekten-baltyk-2-und-3\/\">Polenergia installiert erste Turbinenfundamente bei Offshore-Projekten Ba\u0142tyk 2 und 3<\/a><\/h4><p class=\"meta\"><a href=\"https:\/\/balticwind.eu\/de\/category\/offshore-wind-aktuell\/\" rel=\"category tag\">Offshore-Wind Aktuell<\/a>, <a href=\"https:\/\/balticwind.eu\/de\/category\/polen\/\" rel=\"category tag\">Polen<\/a>, <a href=\"https:\/\/balticwind.eu\/de\/category\/projekte\/\" rel=\"category tag\">Projekte<\/a><span class=\"fusion-inline-sep\">|<\/span><\/p><\/div><\/article><article class=\"post fusion-column column col col-lg-12 col-md-12 col-sm-12 fusion-animated\" data-animationType=\"fadeInDown\" data-animationDuration=\"0.6\" data-animationOffset=\"100%\"><div class=\"fusion-flexslider fusion-flexslider-loading flexslider floated-slideshow flexslider-hover-type-zoomout\"><ul class=\"slides\"><li><a href=\"https:\/\/balticwind.eu\/de\/polen-baut-erstes-kabelverlegeschiff-fuer-die-offshore-windenergie-in-der-ostsee\/\" aria-label=\"Polen baut erstes Kabelverlegeschiff f\u00fcr die Offshore-Windenergie in der Ostsee\" class=\"hover-type-zoomout\"><img decoding=\"async\" width=\"177\" height=\"142\" src=\"data:image\/svg+xml,%3Csvg%20xmlns%3D%27http%3A%2F%2Fwww.w3.org%2F2000%2Fsvg%27%20width%3D%27177%27%20height%3D%27142%27%20viewBox%3D%270%200%20177%20142%27%3E%3Crect%20width%3D%27177%27%20height%3D%27142%27%20fill-opacity%3D%220%22%2F%3E%3C%2Fsvg%3E\" data-orig-src=\"https:\/\/balticwind.eu\/wp-content\/uploads\/2026\/05\/arp-tfk-pge-baltica-orlen-neptun-cable-laying-vessel-poland-offshore-wind-177x142.jpg\" class=\"lazyload attachment-portfolio-five size-portfolio-five\" alt=\"\" \/><\/a><\/li><\/ul><\/div><div class=\"recent-posts-content\"><h4 class=\"entry-title\"><a style=\"color: #1f2a3b !important;\" href=\"https:\/\/balticwind.eu\/de\/polen-baut-erstes-kabelverlegeschiff-fuer-die-offshore-windenergie-in-der-ostsee\/\">Polen baut erstes Kabelverlegeschiff f\u00fcr die Offshore-Windenergie in der Ostsee<\/a><\/h4><p class=\"meta\"><a href=\"https:\/\/balticwind.eu\/de\/category\/offshore-wind-aktuell\/\" rel=\"category tag\">Offshore-Wind Aktuell<\/a>, <a href=\"https:\/\/balticwind.eu\/de\/category\/polen\/\" rel=\"category tag\">Polen<\/a>, <a href=\"https:\/\/balticwind.eu\/de\/category\/projekte\/\" rel=\"category tag\">Projekte<\/a>, <a href=\"https:\/\/balticwind.eu\/de\/category\/top-news-de\/\" rel=\"category tag\">Top News<\/a><span class=\"fusion-inline-sep\">|<\/span><\/p><\/div><\/article><article class=\"post fusion-column column col col-lg-12 col-md-12 col-sm-12 fusion-animated\" data-animationType=\"fadeInDown\" data-animationDuration=\"0.6\" data-animationOffset=\"100%\"><div class=\"fusion-flexslider fusion-flexslider-loading flexslider floated-slideshow flexslider-hover-type-zoomout\"><ul class=\"slides\"><li><a href=\"https:\/\/balticwind.eu\/de\/uka-schliesst-dritten-windparkverkauf-2026-ab-80-mw-projekt-vietluebbe-in-mecklenburg\/\" aria-label=\"UKA schlie\u00dft dritten Windparkverkauf 2026 ab \u2013 80-MW-Projekt Vietl\u00fcbbe in Mecklenburg\" class=\"hover-type-zoomout\"><img decoding=\"async\" width=\"177\" height=\"142\" src=\"data:image\/svg+xml,%3Csvg%20xmlns%3D%27http%3A%2F%2Fwww.w3.org%2F2000%2Fsvg%27%20width%3D%27177%27%20height%3D%27142%27%20viewBox%3D%270%200%20177%20142%27%3E%3Crect%20width%3D%27177%27%20height%3D%27142%27%20fill-opacity%3D%220%22%2F%3E%3C%2Fsvg%3E\" data-orig-src=\"https:\/\/balticwind.eu\/wp-content\/uploads\/2026\/03\/2026-03-16-first-generation-at-thor-offshore-wind-farm-177x142.jpg\" class=\"lazyload attachment-portfolio-five size-portfolio-five\" alt=\"\" \/><\/a><\/li><\/ul><\/div><div class=\"recent-posts-content\"><h4 class=\"entry-title\"><a style=\"color: #1f2a3b !important;\" href=\"https:\/\/balticwind.eu\/de\/uka-schliesst-dritten-windparkverkauf-2026-ab-80-mw-projekt-vietluebbe-in-mecklenburg\/\">UKA schlie\u00dft dritten Windparkverkauf 2026 ab \u2013 80-MW-Projekt Vietl\u00fcbbe in Mecklenburg<\/a><\/h4><p class=\"meta\"><a href=\"https:\/\/balticwind.eu\/de\/category\/onshore-wind-aktuell\/\" rel=\"category tag\">Onshore-Wind Aktuell<\/a>, <a href=\"https:\/\/balticwind.eu\/de\/category\/projekte\/\" rel=\"category tag\">Projekte<\/a><span class=\"fusion-inline-sep\">|<\/span><\/p><\/div><\/article><article class=\"post fusion-column column col col-lg-12 col-md-12 col-sm-12 fusion-animated\" data-animationType=\"fadeInDown\" data-animationDuration=\"0.6\" data-animationOffset=\"100%\"><div class=\"recent-posts-content\"><h4 class=\"entry-title\"><a style=\"color: #1f2a3b !important;\" href=\"https:\/\/balticwind.eu\/de\/qualitas-energy-plant-bis-2029-mehr-als-10-milliarden-euro-in-erneuerbare-energien-zu-investieren\/\">Qualitas Energy plant bis 2029 mehr als 10 Milliarden Euro in erneuerbare Energien zu investieren<\/a><\/h4><p class=\"meta\"><a href=\"https:\/\/balticwind.eu\/de\/category\/onshore-wind-aktuell\/\" rel=\"category tag\">Onshore-Wind Aktuell<\/a>, <a href=\"https:\/\/balticwind.eu\/de\/category\/projekte\/\" rel=\"category tag\">Projekte<\/a><span class=\"fusion-inline-sep\">|<\/span><\/p><\/div><\/article><article class=\"post fusion-column column col col-lg-12 col-md-12 col-sm-12 fusion-animated\" data-animationType=\"fadeInDown\" data-animationDuration=\"0.6\" data-animationOffset=\"100%\"><div class=\"recent-posts-content\"><h4 class=\"entry-title\"><a style=\"color: #1f2a3b !important;\" href=\"https:\/\/balticwind.eu\/de\/latvenergo-erzielt-2025-rekordinvestitionen-von-792-millionen-euro-und-baut-erneuerbares-portfolio-im-baltikum-aus\/\">Latvenergo erzielt 2025 Rekordinvestitionen von 792 Millionen Euro und baut erneuerbares Portfolio im Baltikum aus<\/a><\/h4><p class=\"meta\"><a href=\"https:\/\/balticwind.eu\/de\/category\/offshore-wind-aktuell\/\" rel=\"category tag\">Offshore-Wind Aktuell<\/a>, <a href=\"https:\/\/balticwind.eu\/de\/category\/projekte\/\" rel=\"category tag\">Projekte<\/a><span class=\"fusion-inline-sep\">|<\/span><\/p><\/div><\/article><article class=\"post fusion-column column col col-lg-12 col-md-12 col-sm-12 fusion-animated\" data-animationType=\"fadeInDown\" data-animationDuration=\"0.6\" data-animationOffset=\"100%\"><div class=\"recent-posts-content\"><h4 class=\"entry-title\"><a style=\"color: #1f2a3b !important;\" href=\"https:\/\/balticwind.eu\/de\/enova-beginnt-bau-des-30-mw-repowerings-des-windparks-hiddels-in-niedersachsen\/\">ENOVA beginnt Bau des 30-MW-Repowerings des Windparks Hiddels in Niedersachsen<\/a><\/h4><p class=\"meta\"><a href=\"https:\/\/balticwind.eu\/de\/category\/onshore-wind-aktuell\/\" rel=\"category tag\">Onshore-Wind Aktuell<\/a>, <a href=\"https:\/\/balticwind.eu\/de\/category\/projekte\/\" rel=\"category tag\">Projekte<\/a><span class=\"fusion-inline-sep\">|<\/span><\/p><\/div><\/article><article class=\"post fusion-column column col col-lg-12 col-md-12 col-sm-12 fusion-animated\" data-animationType=\"fadeInDown\" data-animationDuration=\"0.6\" data-animationOffset=\"100%\"><div class=\"recent-posts-content\"><h4 class=\"entry-title\"><a style=\"color: #1f2a3b !important;\" href=\"https:\/\/balticwind.eu\/de\/cadeler-installiert-erstes-monopile-bei-hornsea-3-und-eroeffnet-vollstaendige-ti-kampagne\/\">Cadeler installiert erstes Monopile bei Hornsea 3 und er\u00f6ffnet vollst\u00e4ndige T&#038;I-Kampagne<\/a><\/h4><p class=\"meta\"><a href=\"https:\/\/balticwind.eu\/de\/category\/offshore-wind-aktuell\/\" rel=\"category tag\">Offshore-Wind Aktuell<\/a>, <a href=\"https:\/\/balticwind.eu\/de\/category\/projekte\/\" rel=\"category tag\">Projekte<\/a><span class=\"fusion-inline-sep\">|<\/span><\/p><\/div><\/article><\/section><\/div><\/div><style type=\"text\/css\">.fusion-body .fusion-builder-column-8{width:100% !important;margin-top : 0px;margin-bottom : 20px;}.fusion-builder-column-8 > .fusion-column-wrapper {padding-top : 0px !important;padding-right : 0px !important;margin-right : 1.92%;padding-bottom : 0px !important;padding-left : 0px !important;margin-left : 1.92%;}@media only screen and (max-width:1024px) {.fusion-body .fusion-builder-column-8{width:100% !important;order : 0;}.fusion-builder-column-8 > .fusion-column-wrapper {margin-right : 1.92%;margin-left : 1.92%;}}@media only screen and (max-width:640px) {.fusion-body .fusion-builder-column-8{width:100% !important;order : 0;}.fusion-builder-column-8 > .fusion-column-wrapper {margin-right : 1.92%;margin-left : 1.92%;}}<\/style><\/div><\/div><style type=\"text\/css\">.fusion-body .fusion-flex-container.fusion-builder-row-9{ padding-top : 0px;margin-top : 30px;padding-right : 0px;padding-bottom : 0px;margin-bottom : 0px;padding-left : 0px;}<\/style><\/div><div class=\"fusion-fullwidth fullwidth-box fusion-builder-row-10 fusion-flex-container nonhundred-percent-fullwidth non-hundred-percent-height-scrolling\" style=\"background-color: #d1ebfb;background-position: left top;background-repeat: no-repeat;border-width: 0px 0px 0px 0px;border-color:#eaeaea;border-style:solid;\" ><div class=\"fusion-builder-row fusion-row fusion-flex-align-items-flex-start\" style=\"max-width:1289.6px;margin-left: calc(-4% \/ 2 );margin-right: calc(-4% \/ 2 );\"><div class=\"fusion-layout-column fusion_builder_column fusion-builder-column-9 fusion_builder_column_1_6 1_6 fusion-flex-column\"><div class=\"fusion-column-wrapper fusion-flex-justify-content-flex-start fusion-content-layout-column\" style=\"background-position:left top;background-repeat:no-repeat;-webkit-background-size:cover;-moz-background-size:cover;-o-background-size:cover;background-size:cover;padding: 0px 0px 0px 0px;\"><\/div><style type=\"text\/css\">.fusion-body .fusion-builder-column-9{width:16.666666666667% !important;margin-top : 0px;margin-bottom : 20px;}.fusion-builder-column-9 > .fusion-column-wrapper {padding-top : 0px !important;padding-right : 0px !important;margin-right : 11.52%;padding-bottom : 0px !important;padding-left : 0px !important;margin-left : 11.52%;}@media only screen and (max-width:1024px) {.fusion-body .fusion-builder-column-9{width:100% !important;order : 0;}.fusion-builder-column-9 > .fusion-column-wrapper {margin-right : 1.92%;margin-left : 1.92%;}}@media only screen and (max-width:640px) {.fusion-body .fusion-builder-column-9{width:100% !important;order : 0;}.fusion-builder-column-9 > .fusion-column-wrapper {margin-right : 1.92%;margin-left : 1.92%;}}<\/style><\/div><div class=\"fusion-layout-column fusion_builder_column fusion-builder-column-10 fusion_builder_column_2_3 2_3 fusion-flex-column\"><div class=\"fusion-column-wrapper fusion-flex-justify-content-flex-start fusion-content-layout-column\" style=\"background-position:left top;background-repeat:no-repeat;-webkit-background-size:cover;-moz-background-size:cover;-o-background-size:cover;background-size:cover;padding: 40px 0px 0px 0px;\"><style type=\"text\/css\">@media only screen and (max-width:1024px) {.fusion-title.fusion-title-7{margin-top:20px!important; margin-right:0px!important;margin-bottom:20px!important;margin-left:0px!important;}}@media only screen and (max-width:640px) {.fusion-title.fusion-title-7{margin-top:0px!important; margin-right:0px!important;margin-bottom:20px!important; margin-left:0px!important;}}<\/style><div class=\"fusion-title title fusion-title-7 fusion-title-center fusion-title-text fusion-title-size-three\" style=\"font-size:30px;margin-top:20px;margin-right:0px;margin-bottom:20px;margin-left:0px;\"><div class=\"title-sep-container title-sep-container-left\"><div class=\"title-sep sep-\" style=\"border-color:#eaeaea;\"><\/div><\/div><h3 class=\"title-heading-center fusion-responsive-typography-calculated\" style=\"font-family:&quot;Fira Sans&quot;;font-weight:400;margin:0;font-size:1em;--fontSize:30;line-height:1.33;\">Subscribe to our newsletter<\/h3><div class=\"title-sep-container title-sep-container-right\"><div class=\"title-sep sep-\" style=\"border-color:#eaeaea;\"><\/div><\/div><\/div><div class=\"fusion-text fusion-text-1\"><script>(function() {\n\twindow.mc4wp = window.mc4wp || {\n\t\tlisteners: [],\n\t\tforms: {\n\t\t\ton: function(evt, cb) {\n\t\t\t\twindow.mc4wp.listeners.push(\n\t\t\t\t\t{\n\t\t\t\t\t\tevent   : evt,\n\t\t\t\t\t\tcallback: cb\n\t\t\t\t\t}\n\t\t\t\t);\n\t\t\t}\n\t\t}\n\t}\n})();\n<\/script><!-- Mailchimp for WordPress v4.9.11 - https:\/\/wordpress.org\/plugins\/mailchimp-for-wp\/ --><form id=\"mc4wp-form-1\" class=\"mc4wp-form mc4wp-form-3291\" method=\"post\" data-id=\"3291\" data-name=\"Newsletter\" ><div class=\"mc4wp-form-fields\"><div style=\"display: flex; justify-content: center; flex-direction: row; flex-wrap: wrap; min-height: 55px;\">\r\n<div class=\"flex-item-left\" style=\" display: flex;\r\n      align-items: center;\r\n      justify-content: center;\r\n      text-align: center;\r\n      flex: 1;\r\n      flex-direction: column; min-height: 55px;\">\r\n<p style=\"padding-right: 10px; width: 100%;\">\r\n\t<label> \r\n\t\t<input type=\"email\" name=\"EMAIL\" placeholder=\"Your email address\" required \/>\r\n<\/label>\r\n<\/p>\r\n  <\/div>\r\n<div class=\"flex-item-right\" style=\" display: flex;\r\n      align-items: center;\r\n      justify-content: center;\r\n      text-align: center;\r\n      flex: 1;\r\n      flex-direction: column;\">\r\n<p style=\"color: #000000; width: 100%;\">\r\n  <label>\r\n\t<input type=\"submit\" value=\"Sign up\" \/>\r\n    <\/label>\r\n<\/p>\r\n  <\/div>\r\n<\/div>\r\n<\/div><label style=\"display: none !important;\">Wenn du ein Mensch bist, lasse das Feld leer: <input type=\"text\" name=\"_mc4wp_honeypot\" value=\"\" tabindex=\"-1\" autocomplete=\"off\" \/><\/label><input type=\"hidden\" name=\"_mc4wp_timestamp\" value=\"1788322278\" \/><input type=\"hidden\" name=\"_mc4wp_form_id\" value=\"3291\" \/><input type=\"hidden\" name=\"_mc4wp_form_element_id\" value=\"mc4wp-form-1\" \/><div class=\"mc4wp-response\"><\/div><\/form><!-- \/ Mailchimp for WordPress Plugin -->\n<\/div><\/div><style type=\"text\/css\">.fusion-body .fusion-builder-column-10{width:66.666666666667% !important;margin-top : 0px;margin-bottom : 20px;}.fusion-builder-column-10 > .fusion-column-wrapper {padding-top : 40px !important;padding-right : 0px !important;margin-right : 2.88%;padding-bottom : 0px !important;padding-left : 0px !important;margin-left : 2.88%;}@media only screen and (max-width:1024px) {.fusion-body .fusion-builder-column-10{width:100% !important;order : 0;margin-bottom : 0px;}.fusion-builder-column-10 > .fusion-column-wrapper {margin-right : 1.92%;margin-left : 1.92%;}}@media only screen and (max-width:640px) {.fusion-body .fusion-builder-column-10{width:100% !important;order : 0;margin-bottom : 0px;}.fusion-builder-column-10 > .fusion-column-wrapper {margin-right : 1.92%;margin-left : 1.92%;}}<\/style><\/div><div class=\"fusion-layout-column fusion_builder_column fusion-builder-column-11 fusion_builder_column_1_6 1_6 fusion-flex-column\"><div class=\"fusion-column-wrapper fusion-flex-justify-content-flex-start fusion-content-layout-column\" style=\"background-position:left top;background-repeat:no-repeat;-webkit-background-size:cover;-moz-background-size:cover;-o-background-size:cover;background-size:cover;padding: 0px 0px 0px 0px;\"><\/div><style type=\"text\/css\">.fusion-body .fusion-builder-column-11{width:16.666666666667% !important;margin-top : 0px;margin-bottom : 20px;}.fusion-builder-column-11 > .fusion-column-wrapper {padding-top : 0px !important;padding-right : 0px !important;margin-right : 11.52%;padding-bottom : 0px !important;padding-left : 0px !important;margin-left : 3.84%;}@media only screen and (max-width:1024px) {.fusion-body .fusion-builder-column-11{width:100% !important;order : 0;}.fusion-builder-column-11 > .fusion-column-wrapper {margin-right : 1.92%;margin-left : 1.92%;}}@media only screen and (max-width:640px) {.fusion-body .fusion-builder-column-11{width:100% !important;order : 0;}.fusion-builder-column-11 > .fusion-column-wrapper {margin-right : 1.92%;margin-left : 1.92%;}}<\/style><\/div><\/div><style type=\"text\/css\">.fusion-body .fusion-flex-container.fusion-builder-row-10{ padding-top : 70px;margin-top : 0px;padding-right : 0px;padding-bottom : 55px;margin-bottom : 0px;padding-left : 0px;}<\/style><\/div>\n<div id=\"business\"><div class=\"fusion-fullwidth fullwidth-box fusion-builder-row-11 fusion-flex-container nonhundred-percent-fullwidth non-hundred-percent-height-scrolling\" style=\"background-color: rgba(255,255,255,0);background-position: center center;background-repeat: no-repeat;border-width: 0px 0px 0px 0px;border-color:#eaeaea;border-style:solid;\" ><div class=\"fusion-builder-row fusion-row fusion-flex-align-items-flex-start\" style=\"max-width:1289.6px;margin-left: calc(-4% \/ 2 );margin-right: calc(-4% \/ 2 );\"><div class=\"fusion-layout-column fusion_builder_column fusion-builder-column-12 fusion_builder_column_1_3 1_3 fusion-flex-column\"><div class=\"fusion-column-wrapper fusion-flex-justify-content-flex-start fusion-content-layout-column\" style=\"background-position:left top;background-repeat:no-repeat;-webkit-background-size:cover;-moz-background-size:cover;-o-background-size:cover;background-size:cover;padding: 0px 0px 0px 0px;\"><div class=\"fusion-separator fusion-full-width-sep\" style=\"align-self: center;margin-left: auto;margin-right: auto;margin-bottom:10px;width:100%;max-width:100%;\"><div class=\"fusion-separator-border sep-single sep-solid\" style=\"border-color:#1f2a3b;border-top-width:12px;\"><\/div><\/div><style type=\"text\/css\">@media only screen and (max-width:1024px) {.fusion-title.fusion-title-8{margin-top:-15px!important; margin-right:5px!important;margin-bottom:20px!important;margin-left:0px!important;}}@media only screen and (max-width:640px) {.fusion-title.fusion-title-8{margin-top:0px!important; margin-right:0px!important;margin-bottom:20px!important; margin-left:0px!important;}}<\/style><div class=\"fusion-title title fusion-title-8 fusion-title-text fusion-title-size-five\" style=\"margin-top:-15px;margin-right:5px;margin-bottom:20px;margin-left:0px;\"><div class=\"title-sep-container title-sep-container-left fusion-no-large-visibility fusion-no-medium-visibility fusion-no-small-visibility\"><div class=\"title-sep sep-\" style=\"border-color:#eaeaea;\"><\/div><\/div><h5 class=\"title-heading-left fusion-responsive-typography-calculated\" style=\"margin:0;--fontSize:17;line-height:1.76;\"><h5 style=\"text-align: left; text-transform: uppercase;\">D\u00e4nemark<\/h5><\/h5><div class=\"title-sep-container title-sep-container-right\"><div class=\"title-sep sep-\" style=\"border-color:#eaeaea;\"><\/div><\/div><\/div><div class=\"fusion-recent-posts fusion-recent-posts-3 avada-container layout-thumbnails-on-side layout-columns-1\"><section class=\"fusion-columns columns fusion-columns-1 columns-1\"><article class=\"post fusion-column column col col-lg-12 col-md-12 col-sm-12\"><div class=\"fusion-flexslider fusion-flexslider-loading flexslider floated-slideshow flexslider-hover-type-zoomout\"><ul class=\"slides\"><li><a href=\"https:\/\/balticwind.eu\/de\/esvagt-serviceschiff-erhaelt-bewegungsprognose-radar-fuer-sicherere-turbinenuebergaenge\/\" aria-label=\"ESVAGT-Serviceschiff erh\u00e4lt Bewegungsprognose-Radar f\u00fcr sicherere Turbinen\u00fcberg\u00e4nge\" class=\"hover-type-zoomout\"><img decoding=\"async\" width=\"177\" height=\"142\" src=\"data:image\/svg+xml,%3Csvg%20xmlns%3D%27http%3A%2F%2Fwww.w3.org%2F2000%2Fsvg%27%20width%3D%27177%27%20height%3D%27142%27%20viewBox%3D%270%200%20177%20142%27%3E%3Crect%20width%3D%27177%27%20height%3D%27142%27%20fill-opacity%3D%220%22%2F%3E%3C%2Fsvg%3E\" data-orig-src=\"https:\/\/balticwind.eu\/wp-content\/uploads\/2026\/08\/offshore-wind-service-vessel-turbines-north-sea-177x142.jpg\" class=\"lazyload attachment-portfolio-five size-portfolio-five\" alt=\"\" \/><\/a><\/li><\/ul><\/div><div class=\"recent-posts-content\"><h4 class=\"entry-title\"><a style=\"color: #1f2a3b !important;\" href=\"https:\/\/balticwind.eu\/de\/esvagt-serviceschiff-erhaelt-bewegungsprognose-radar-fuer-sicherere-turbinenuebergaenge\/\">ESVAGT-Serviceschiff erh\u00e4lt Bewegungsprognose-Radar f\u00fcr sicherere Turbinen\u00fcberg\u00e4nge<\/a><\/h4><p class=\"meta\"><a href=\"https:\/\/balticwind.eu\/de\/category\/daenemark\/\" rel=\"category tag\">D\u00e4nemark<\/a>, <a href=\"https:\/\/balticwind.eu\/de\/category\/offshore-wind-aktuell\/\" rel=\"category tag\">Offshore-Wind Aktuell<\/a>, <a href=\"https:\/\/balticwind.eu\/de\/category\/technologie\/\" rel=\"category tag\">Technologie<\/a><span class=\"fusion-inline-sep\">|<\/span><\/p><\/div><\/article><article class=\"post fusion-column column col col-lg-12 col-md-12 col-sm-12\"><div class=\"fusion-flexslider fusion-flexslider-loading flexslider floated-slideshow flexslider-hover-type-zoomout\"><ul class=\"slides\"><li><a href=\"https:\/\/balticwind.eu\/de\/oersted-kehrt-ab-2027-zur-dividende-zurueck-nach-kapitalerhoehung-und-verkaeufen\/\" aria-label=\"\u00d8rsted kehrt ab 2027 zur Dividende zur\u00fcck \u2013 nach Kapitalerh\u00f6hung und Verk\u00e4ufen\" class=\"hover-type-zoomout\"><img decoding=\"async\" width=\"177\" height=\"142\" src=\"data:image\/svg+xml,%3Csvg%20xmlns%3D%27http%3A%2F%2Fwww.w3.org%2F2000%2Fsvg%27%20width%3D%27177%27%20height%3D%27142%27%20viewBox%3D%270%200%20177%20142%27%3E%3Crect%20width%3D%27177%27%20height%3D%27142%27%20fill-opacity%3D%220%22%2F%3E%3C%2Fsvg%3E\" data-orig-src=\"https:\/\/balticwind.eu\/wp-content\/uploads\/2026\/08\/orsted-restores-dividend-2027-rights-issue-divestments-177x142.jpg\" class=\"lazyload attachment-portfolio-five size-portfolio-five\" alt=\"\" \/><\/a><\/li><\/ul><\/div><div class=\"recent-posts-content\"><h4 class=\"entry-title\"><a style=\"color: #1f2a3b !important;\" href=\"https:\/\/balticwind.eu\/de\/oersted-kehrt-ab-2027-zur-dividende-zurueck-nach-kapitalerhoehung-und-verkaeufen\/\">\u00d8rsted kehrt ab 2027 zur Dividende zur\u00fcck \u2013 nach Kapitalerh\u00f6hung und Verk\u00e4ufen<\/a><\/h4><p class=\"meta\"><a href=\"https:\/\/balticwind.eu\/de\/category\/daenemark\/\" rel=\"category tag\">D\u00e4nemark<\/a>, <a href=\"https:\/\/balticwind.eu\/de\/category\/offshore-wind-aktuell\/\" rel=\"category tag\">Offshore-Wind Aktuell<\/a><span class=\"fusion-inline-sep\">|<\/span><\/p><\/div><\/article><article class=\"post fusion-column column col col-lg-12 col-md-12 col-sm-12\"><div class=\"fusion-flexslider fusion-flexslider-loading flexslider floated-slideshow flexslider-hover-type-zoomout\"><ul class=\"slides\"><li><a href=\"https:\/\/balticwind.eu\/de\/stillstrom-automatisiert-kabelhandling-beim-laden-von-offshore-schiffen\/\" aria-label=\"Stillstrom automatisiert Kabelhandling beim Laden von Offshore-Schiffen\" class=\"hover-type-zoomout\"><img decoding=\"async\" width=\"177\" height=\"142\" src=\"data:image\/svg+xml,%3Csvg%20xmlns%3D%27http%3A%2F%2Fwww.w3.org%2F2000%2Fsvg%27%20width%3D%27177%27%20height%3D%27142%27%20viewBox%3D%270%200%20177%20142%27%3E%3Crect%20width%3D%27177%27%20height%3D%27142%27%20fill-opacity%3D%220%22%2F%3E%3C%2Fsvg%3E\" data-orig-src=\"https:\/\/balticwind.eu\/wp-content\/uploads\/2026\/08\/stillstrom-automated-cable-control-offshore-vessel-charging-177x142.jpg\" class=\"lazyload attachment-portfolio-five size-portfolio-five\" alt=\"\" \/><\/a><\/li><\/ul><\/div><div class=\"recent-posts-content\"><h4 class=\"entry-title\"><a style=\"color: #1f2a3b !important;\" href=\"https:\/\/balticwind.eu\/de\/stillstrom-automatisiert-kabelhandling-beim-laden-von-offshore-schiffen\/\">Stillstrom automatisiert Kabelhandling beim Laden von Offshore-Schiffen<\/a><\/h4><p class=\"meta\"><a href=\"https:\/\/balticwind.eu\/de\/category\/daenemark\/\" rel=\"category tag\">D\u00e4nemark<\/a>, <a href=\"https:\/\/balticwind.eu\/de\/category\/offshore-wind-aktuell\/\" rel=\"category tag\">Offshore-Wind Aktuell<\/a>, <a href=\"https:\/\/balticwind.eu\/de\/category\/technologie\/\" rel=\"category tag\">Technologie<\/a><span class=\"fusion-inline-sep\">|<\/span><\/p><\/div><\/article><\/section><\/div><\/div><style type=\"text\/css\">.fusion-body .fusion-builder-column-12{width:33.333333333333% !important;margin-top : 0px;margin-bottom : 20px;}.fusion-builder-column-12 > .fusion-column-wrapper {padding-top : 0px !important;padding-right : 0px !important;margin-right : 5.76%;padding-bottom : 0px !important;padding-left : 0px !important;margin-left : 5.76%;}@media only screen and (max-width:1024px) {.fusion-body .fusion-builder-column-12{width:100% !important;}.fusion-builder-column-12 > .fusion-column-wrapper {margin-right : 1.92%;margin-left : 1.92%;}}@media only screen and (max-width:640px) {.fusion-body .fusion-builder-column-12{width:100% !important;}.fusion-builder-column-12 > .fusion-column-wrapper {margin-right : 1.92%;margin-left : 1.92%;}}<\/style><\/div><div class=\"fusion-layout-column fusion_builder_column fusion-builder-column-13 fusion_builder_column_1_3 1_3 fusion-flex-column\"><div class=\"fusion-column-wrapper fusion-flex-justify-content-flex-start fusion-content-layout-column\" style=\"background-position:left top;background-repeat:no-repeat;-webkit-background-size:cover;-moz-background-size:cover;-o-background-size:cover;background-size:cover;padding: 0px 0px 0px 0px;\"><div class=\"fusion-separator fusion-full-width-sep\" style=\"align-self: center;margin-left: auto;margin-right: auto;margin-bottom:10px;width:100%;max-width:100%;\"><div class=\"fusion-separator-border sep-single sep-solid\" style=\"border-color:#1f2a3b;border-top-width:12px;\"><\/div><\/div><style type=\"text\/css\">@media only screen and (max-width:1024px) {.fusion-title.fusion-title-9{margin-top:-15px!important; margin-right:5px!important;margin-bottom:20px!important;margin-left:0px!important;}}@media only screen and (max-width:640px) {.fusion-title.fusion-title-9{margin-top:0px!important; margin-right:0px!important;margin-bottom:20px!important; margin-left:0px!important;}}<\/style><div class=\"fusion-title title fusion-title-9 fusion-title-text fusion-title-size-five\" style=\"margin-top:-15px;margin-right:5px;margin-bottom:20px;margin-left:0px;\"><div class=\"title-sep-container title-sep-container-left fusion-no-large-visibility fusion-no-medium-visibility fusion-no-small-visibility\"><div class=\"title-sep sep-\" style=\"border-color:#eaeaea;\"><\/div><\/div><h5 class=\"title-heading-left fusion-responsive-typography-calculated\" style=\"margin:0;--fontSize:17;line-height:1.76;\"><h5 style=\"text-align: left; text-transform: uppercase;\">Lettland<\/h5><\/h5><div class=\"title-sep-container title-sep-container-right\"><div class=\"title-sep sep-\" style=\"border-color:#eaeaea;\"><\/div><\/div><\/div><div class=\"fusion-recent-posts fusion-recent-posts-4 avada-container layout-thumbnails-on-side layout-columns-1\"><section class=\"fusion-columns columns fusion-columns-1 columns-1\"><article class=\"post fusion-column column col col-lg-12 col-md-12 col-sm-12\"><div class=\"fusion-flexslider fusion-flexslider-loading flexslider floated-slideshow flexslider-hover-type-zoomout\"><ul class=\"slides\"><li><a href=\"https:\/\/balticwind.eu\/de\/vom-meeresboden-bis-zum-luftraum-was-die-energieinfrastruktur-im-ostseeraum-tatsaechlich-schuetzt\/\" aria-label=\"Vom Meeresboden bis zum Luftraum: Was die Energieinfrastruktur im Ostseeraum tats\u00e4chlich sch\u00fctzt\" class=\"hover-type-zoomout\"><img decoding=\"async\" width=\"177\" height=\"142\" src=\"data:image\/svg+xml,%3Csvg%20xmlns%3D%27http%3A%2F%2Fwww.w3.org%2F2000%2Fsvg%27%20width%3D%27177%27%20height%3D%27142%27%20viewBox%3D%270%200%20177%20142%27%3E%3Crect%20width%3D%27177%27%20height%3D%27142%27%20fill-opacity%3D%220%22%2F%3E%3C%2Fsvg%3E\" data-orig-src=\"https:\/\/balticwind.eu\/wp-content\/uploads\/2026\/08\/naval-vessel-at-sea-baltic-energy-security-177x142.jpg\" class=\"lazyload attachment-portfolio-five size-portfolio-five\" alt=\"\" \/><\/a><\/li><\/ul><\/div><div class=\"recent-posts-content\"><h4 class=\"entry-title\"><a style=\"color: #1f2a3b !important;\" href=\"https:\/\/balticwind.eu\/de\/vom-meeresboden-bis-zum-luftraum-was-die-energieinfrastruktur-im-ostseeraum-tatsaechlich-schuetzt\/\">Vom Meeresboden bis zum Luftraum: Was die Energieinfrastruktur im Ostseeraum tats\u00e4chlich sch\u00fctzt<\/a><\/h4><p class=\"meta\"><a href=\"https:\/\/balticwind.eu\/de\/category\/editors-choice-de\/\" rel=\"category tag\">Auswahl der Redaktion<\/a>, <a href=\"https:\/\/balticwind.eu\/de\/category\/lettland\/\" rel=\"category tag\">Lettland<\/a>, <a href=\"https:\/\/balticwind.eu\/de\/category\/litauen\/\" rel=\"category tag\">Litauen<\/a>, <a href=\"https:\/\/balticwind.eu\/de\/category\/polen\/\" rel=\"category tag\">Polen<\/a>, <a href=\"https:\/\/balticwind.eu\/de\/category\/sicherheit\/\" rel=\"category tag\">Sicherheit<\/a><span class=\"fusion-inline-sep\">|<\/span><\/p><\/div><\/article><article class=\"post fusion-column column col col-lg-12 col-md-12 col-sm-12\"><div class=\"fusion-flexslider fusion-flexslider-loading flexslider floated-slideshow flexslider-hover-type-zoomout\"><ul class=\"slides\"><li><a href=\"https:\/\/balticwind.eu\/de\/speicher-werden-zur-zweiten-haelfte-des-windausbaus-in-deutschland-und-im-baltikum\/\" aria-label=\"Speicher werden zur zweiten H\u00e4lfte des Windausbaus in Deutschland und im Baltikum\" class=\"hover-type-zoomout\"><img decoding=\"async\" width=\"177\" height=\"142\" src=\"data:image\/svg+xml,%3Csvg%20xmlns%3D%27http%3A%2F%2Fwww.w3.org%2F2000%2Fsvg%27%20width%3D%27177%27%20height%3D%27142%27%20viewBox%3D%270%200%20177%20142%27%3E%3Crect%20width%3D%27177%27%20height%3D%27142%27%20fill-opacity%3D%220%22%2F%3E%3C%2Fsvg%3E\" data-orig-src=\"https:\/\/balticwind.eu\/wp-content\/uploads\/2026\/08\/electricity-substation-grid-flexibility-storage-177x142.jpg\" class=\"lazyload attachment-portfolio-five size-portfolio-five\" alt=\"\" \/><\/a><\/li><\/ul><\/div><div class=\"recent-posts-content\"><h4 class=\"entry-title\"><a style=\"color: #1f2a3b !important;\" href=\"https:\/\/balticwind.eu\/de\/speicher-werden-zur-zweiten-haelfte-des-windausbaus-in-deutschland-und-im-baltikum\/\">Speicher werden zur zweiten H\u00e4lfte des Windausbaus in Deutschland und im Baltikum<\/a><\/h4><p class=\"meta\"><a href=\"https:\/\/balticwind.eu\/de\/category\/editors-choice-de\/\" rel=\"category tag\">Auswahl der Redaktion<\/a>, <a href=\"https:\/\/balticwind.eu\/de\/category\/deutschland\/\" rel=\"category tag\">Deutschland<\/a>, <a href=\"https:\/\/balticwind.eu\/de\/category\/lettland\/\" rel=\"category tag\">Lettland<\/a>, <a href=\"https:\/\/balticwind.eu\/de\/category\/technologie\/\" rel=\"category tag\">Technologie<\/a><span class=\"fusion-inline-sep\">|<\/span><\/p><\/div><\/article><article class=\"post fusion-column column col col-lg-12 col-md-12 col-sm-12\"><div class=\"fusion-flexslider fusion-flexslider-loading flexslider floated-slideshow flexslider-hover-type-zoomout\"><ul class=\"slides\"><li><a href=\"https:\/\/balticwind.eu\/de\/riffmodule-fledermaussensoren-und-moewensender-wie-die-offshore-windkraft-ihre-biodiversitaetsdaten-aufbaut\/\" aria-label=\"Riffmodule, Fledermaussensoren und M\u00f6wensender: Wie die Offshore-Windkraft ihre Biodiversit\u00e4tsdaten aufbaut\" class=\"hover-type-zoomout\"><img decoding=\"async\" width=\"177\" height=\"142\" src=\"data:image\/svg+xml,%3Csvg%20xmlns%3D%27http%3A%2F%2Fwww.w3.org%2F2000%2Fsvg%27%20width%3D%27177%27%20height%3D%27142%27%20viewBox%3D%270%200%20177%20142%27%3E%3Crect%20width%3D%27177%27%20height%3D%27142%27%20fill-opacity%3D%220%22%2F%3E%3C%2Fsvg%3E\" data-orig-src=\"https:\/\/balticwind.eu\/wp-content\/uploads\/2026\/08\/offshore-wind-biodiversity-evidence-nature-inclusive-design-baltic-177x142.jpg\" class=\"lazyload attachment-portfolio-five size-portfolio-five\" alt=\"\" \/><\/a><\/li><\/ul><\/div><div class=\"recent-posts-content\"><h4 class=\"entry-title\"><a style=\"color: #1f2a3b !important;\" href=\"https:\/\/balticwind.eu\/de\/riffmodule-fledermaussensoren-und-moewensender-wie-die-offshore-windkraft-ihre-biodiversitaetsdaten-aufbaut\/\">Riffmodule, Fledermaussensoren und M\u00f6wensender: Wie die Offshore-Windkraft ihre Biodiversit\u00e4tsdaten aufbaut<\/a><\/h4><p class=\"meta\"><a href=\"https:\/\/balticwind.eu\/de\/category\/editors-choice-de\/\" rel=\"category tag\">Auswahl der Redaktion<\/a>, <a href=\"https:\/\/balticwind.eu\/de\/category\/finnland\/\" rel=\"category tag\">Finnland<\/a>, <a href=\"https:\/\/balticwind.eu\/de\/category\/lettland\/\" rel=\"category tag\">Lettland<\/a>, <a href=\"https:\/\/balticwind.eu\/de\/category\/offshore-wind-aktuell\/\" rel=\"category tag\">Offshore-Wind Aktuell<\/a>, <a href=\"https:\/\/balticwind.eu\/de\/category\/technologie\/\" rel=\"category tag\">Technologie<\/a><span class=\"fusion-inline-sep\">|<\/span><\/p><\/div><\/article><\/section><\/div><\/div><style type=\"text\/css\">.fusion-body .fusion-builder-column-13{width:33.333333333333% !important;margin-top : 0px;margin-bottom : 20px;}.fusion-builder-column-13 > .fusion-column-wrapper {padding-top : 0px !important;padding-right : 0px !important;margin-right : 5.76%;padding-bottom : 0px !important;padding-left : 0px !important;margin-left : 5.76%;}@media only screen and (max-width:1024px) {.fusion-body .fusion-builder-column-13{width:100% !important;}.fusion-builder-column-13 > .fusion-column-wrapper {margin-right : 1.92%;margin-left : 1.92%;}}@media only screen and (max-width:640px) {.fusion-body .fusion-builder-column-13{width:100% !important;}.fusion-builder-column-13 > .fusion-column-wrapper {margin-right : 1.92%;margin-left : 1.92%;}}<\/style><\/div><div class=\"fusion-layout-column fusion_builder_column fusion-builder-column-14 fusion_builder_column_1_3 1_3 fusion-flex-column\"><div class=\"fusion-column-wrapper fusion-flex-justify-content-flex-start fusion-content-layout-column\" style=\"background-position:left top;background-repeat:no-repeat;-webkit-background-size:cover;-moz-background-size:cover;-o-background-size:cover;background-size:cover;padding: 0px 0px 0px 0px;\"><div class=\"fusion-separator fusion-full-width-sep\" style=\"align-self: center;margin-left: auto;margin-right: auto;margin-bottom:10px;width:100%;max-width:100%;\"><div class=\"fusion-separator-border sep-single sep-solid\" style=\"border-color:#1f2a3b;border-top-width:12px;\"><\/div><\/div><style type=\"text\/css\">@media only screen and (max-width:1024px) {.fusion-title.fusion-title-10{margin-top:-15px!important; margin-right:5px!important;margin-bottom:20px!important;margin-left:0px!important;}}@media only screen and (max-width:640px) {.fusion-title.fusion-title-10{margin-top:0px!important; margin-right:0px!important;margin-bottom:20px!important; margin-left:0px!important;}}<\/style><div class=\"fusion-title title fusion-title-10 fusion-title-text fusion-title-size-five\" style=\"margin-top:-15px;margin-right:5px;margin-bottom:20px;margin-left:0px;\"><div class=\"title-sep-container title-sep-container-left fusion-no-large-visibility fusion-no-medium-visibility fusion-no-small-visibility\"><div class=\"title-sep sep-\" style=\"border-color:#eaeaea;\"><\/div><\/div><h5 class=\"title-heading-left fusion-responsive-typography-calculated\" style=\"margin:0;--fontSize:17;line-height:1.76;\"><h5 style=\"text-align: left; text-transform: uppercase;\">Deutschland<\/h5><\/h5><div class=\"title-sep-container title-sep-container-right\"><div class=\"title-sep sep-\" style=\"border-color:#eaeaea;\"><\/div><\/div><\/div><div class=\"fusion-recent-posts fusion-recent-posts-5 avada-container layout-thumbnails-on-side layout-columns-1\"><section class=\"fusion-columns columns fusion-columns-1 columns-1\"><article class=\"post fusion-column column col col-lg-12 col-md-12 col-sm-12\"><div class=\"fusion-flexslider fusion-flexslider-loading flexslider floated-slideshow flexslider-hover-type-zoomout\"><ul class=\"slides\"><li><a href=\"https:\/\/balticwind.eu\/de\/onshore-wind-kostet-82-cent-die-genehmigung-kostet-weiter-jahre\/\" aria-label=\"Onshore-Wind kostet 8,2 Cent. Die Genehmigung kostet weiter Jahre\" class=\"hover-type-zoomout\"><img decoding=\"async\" width=\"177\" height=\"142\" src=\"data:image\/svg+xml,%3Csvg%20xmlns%3D%27http%3A%2F%2Fwww.w3.org%2F2000%2Fsvg%27%20width%3D%27177%27%20height%3D%27142%27%20viewBox%3D%270%200%20177%20142%27%3E%3Crect%20width%3D%27177%27%20height%3D%27142%27%20fill-opacity%3D%220%22%2F%3E%3C%2Fsvg%3E\" data-orig-src=\"https:\/\/balticwind.eu\/wp-content\/uploads\/2026\/09\/onshore-wind-turbines-permitting-poland-germany-177x142.jpg\" class=\"lazyload attachment-portfolio-five size-portfolio-five\" alt=\"\" \/><\/a><\/li><\/ul><\/div><div class=\"recent-posts-content\"><h4 class=\"entry-title\"><a style=\"color: #1f2a3b !important;\" href=\"https:\/\/balticwind.eu\/de\/onshore-wind-kostet-82-cent-die-genehmigung-kostet-weiter-jahre\/\">Onshore-Wind kostet 8,2 Cent. Die Genehmigung kostet weiter Jahre<\/a><\/h4><p class=\"meta\"><a href=\"https:\/\/balticwind.eu\/de\/category\/editors-choice-de\/\" rel=\"category tag\">Auswahl der Redaktion<\/a>, <a href=\"https:\/\/balticwind.eu\/de\/category\/deutschland\/\" rel=\"category tag\">Deutschland<\/a>, <a href=\"https:\/\/balticwind.eu\/de\/category\/onshore-wind-aktuell\/\" rel=\"category tag\">Onshore-Wind Aktuell<\/a>, <a href=\"https:\/\/balticwind.eu\/de\/category\/polen\/\" rel=\"category tag\">Polen<\/a><span class=\"fusion-inline-sep\">|<\/span><\/p><\/div><\/article><article class=\"post fusion-column column col col-lg-12 col-md-12 col-sm-12\"><div class=\"fusion-flexslider fusion-flexslider-loading flexslider floated-slideshow flexslider-hover-type-zoomout\"><ul class=\"slides\"><li><a href=\"https:\/\/balticwind.eu\/de\/warum-die-naechsten-megawatt-der-onshore-windkraft-an-bereits-bestehenden-standorten-entstehen\/\" aria-label=\"Warum die n\u00e4chsten Megawatt der Onshore-Windkraft an bereits bestehenden Standorten entstehen\" class=\"hover-type-zoomout\"><img decoding=\"async\" width=\"177\" height=\"142\" src=\"data:image\/svg+xml,%3Csvg%20xmlns%3D%27http%3A%2F%2Fwww.w3.org%2F2000%2Fsvg%27%20width%3D%27177%27%20height%3D%27142%27%20viewBox%3D%270%200%20177%20142%27%3E%3Crect%20width%3D%27177%27%20height%3D%27142%27%20fill-opacity%3D%220%22%2F%3E%3C%2Fsvg%3E\" data-orig-src=\"https:\/\/balticwind.eu\/wp-content\/uploads\/2026\/08\/onshore-wind-farm-repowering-existing-site-177x142.jpg\" class=\"lazyload attachment-portfolio-five size-portfolio-five\" alt=\"\" \/><\/a><\/li><\/ul><\/div><div class=\"recent-posts-content\"><h4 class=\"entry-title\"><a style=\"color: #1f2a3b !important;\" href=\"https:\/\/balticwind.eu\/de\/warum-die-naechsten-megawatt-der-onshore-windkraft-an-bereits-bestehenden-standorten-entstehen\/\">Warum die n\u00e4chsten Megawatt der Onshore-Windkraft an bereits bestehenden Standorten entstehen<\/a><\/h4><p class=\"meta\"><a href=\"https:\/\/balticwind.eu\/de\/category\/editors-choice-de\/\" rel=\"category tag\">Auswahl der Redaktion<\/a>, <a href=\"https:\/\/balticwind.eu\/de\/category\/deutschland\/\" rel=\"category tag\">Deutschland<\/a>, <a href=\"https:\/\/balticwind.eu\/de\/category\/onshore-wind-aktuell\/\" rel=\"category tag\">Onshore-Wind Aktuell<\/a>, <a href=\"https:\/\/balticwind.eu\/de\/category\/polen\/\" rel=\"category tag\">Polen<\/a>, <a href=\"https:\/\/balticwind.eu\/de\/category\/schweden\/\" rel=\"category tag\">Schweden<\/a><span class=\"fusion-inline-sep\">|<\/span><\/p><\/div><\/article><article class=\"post fusion-column column col col-lg-12 col-md-12 col-sm-12\"><div class=\"fusion-flexslider fusion-flexslider-loading flexslider floated-slideshow flexslider-hover-type-zoomout\"><ul class=\"slides\"><li><a href=\"https:\/\/balticwind.eu\/de\/speicher-werden-zur-zweiten-haelfte-des-windausbaus-in-deutschland-und-im-baltikum\/\" aria-label=\"Speicher werden zur zweiten H\u00e4lfte des Windausbaus in Deutschland und im Baltikum\" class=\"hover-type-zoomout\"><img decoding=\"async\" width=\"177\" height=\"142\" src=\"data:image\/svg+xml,%3Csvg%20xmlns%3D%27http%3A%2F%2Fwww.w3.org%2F2000%2Fsvg%27%20width%3D%27177%27%20height%3D%27142%27%20viewBox%3D%270%200%20177%20142%27%3E%3Crect%20width%3D%27177%27%20height%3D%27142%27%20fill-opacity%3D%220%22%2F%3E%3C%2Fsvg%3E\" data-orig-src=\"https:\/\/balticwind.eu\/wp-content\/uploads\/2026\/08\/electricity-substation-grid-flexibility-storage-177x142.jpg\" class=\"lazyload attachment-portfolio-five size-portfolio-five\" alt=\"\" \/><\/a><\/li><\/ul><\/div><div class=\"recent-posts-content\"><h4 class=\"entry-title\"><a style=\"color: #1f2a3b !important;\" href=\"https:\/\/balticwind.eu\/de\/speicher-werden-zur-zweiten-haelfte-des-windausbaus-in-deutschland-und-im-baltikum\/\">Speicher werden zur zweiten H\u00e4lfte des Windausbaus in Deutschland und im Baltikum<\/a><\/h4><p class=\"meta\"><a href=\"https:\/\/balticwind.eu\/de\/category\/editors-choice-de\/\" rel=\"category tag\">Auswahl der Redaktion<\/a>, <a href=\"https:\/\/balticwind.eu\/de\/category\/deutschland\/\" rel=\"category tag\">Deutschland<\/a>, <a href=\"https:\/\/balticwind.eu\/de\/category\/lettland\/\" rel=\"category tag\">Lettland<\/a>, <a href=\"https:\/\/balticwind.eu\/de\/category\/technologie\/\" rel=\"category tag\">Technologie<\/a><span class=\"fusion-inline-sep\">|<\/span><\/p><\/div><\/article><\/section><\/div><\/div><style type=\"text\/css\">.fusion-body .fusion-builder-column-14{width:33.333333333333% !important;margin-top : 0px;margin-bottom : 20px;}.fusion-builder-column-14 > .fusion-column-wrapper {padding-top : 0px !important;padding-right : 0px !important;margin-right : 5.76%;padding-bottom : 0px !important;padding-left : 0px !important;margin-left : 5.76%;}@media only screen and (max-width:1024px) {.fusion-body .fusion-builder-column-14{width:100% !important;}.fusion-builder-column-14 > .fusion-column-wrapper {margin-right : 1.92%;margin-left : 1.92%;}}@media only screen and (max-width:640px) {.fusion-body .fusion-builder-column-14{width:100% !important;}.fusion-builder-column-14 > .fusion-column-wrapper {margin-right : 1.92%;margin-left : 1.92%;}}<\/style><\/div><div class=\"fusion-layout-column fusion_builder_column fusion-builder-column-15 fusion_builder_column_1_3 1_3 fusion-flex-column\"><div class=\"fusion-column-wrapper fusion-flex-justify-content-flex-start fusion-content-layout-column\" style=\"background-position:left top;background-repeat:no-repeat;-webkit-background-size:cover;-moz-background-size:cover;-o-background-size:cover;background-size:cover;padding: 0px 0px 0px 0px;\"><div class=\"fusion-separator fusion-full-width-sep\" style=\"align-self: center;margin-left: auto;margin-right: auto;margin-bottom:10px;width:100%;max-width:100%;\"><div class=\"fusion-separator-border sep-single sep-solid\" style=\"border-color:#1f2a3b;border-top-width:12px;\"><\/div><\/div><style type=\"text\/css\">@media only screen and (max-width:1024px) {.fusion-title.fusion-title-11{margin-top:-15px!important; margin-right:5px!important;margin-bottom:20px!important;margin-left:0px!important;}}@media only screen and (max-width:640px) {.fusion-title.fusion-title-11{margin-top:0px!important; margin-right:0px!important;margin-bottom:20px!important; margin-left:0px!important;}}<\/style><div class=\"fusion-title title fusion-title-11 fusion-title-text fusion-title-size-five\" style=\"margin-top:-15px;margin-right:5px;margin-bottom:20px;margin-left:0px;\"><div class=\"title-sep-container title-sep-container-left fusion-no-large-visibility fusion-no-medium-visibility fusion-no-small-visibility\"><div class=\"title-sep sep-\" style=\"border-color:#eaeaea;\"><\/div><\/div><h5 class=\"title-heading-left fusion-responsive-typography-calculated\" style=\"margin:0;--fontSize:17;line-height:1.76;\"><h5 style=\"text-align: left; text-transform: uppercase;\">Estland<\/h5><\/h5><div class=\"title-sep-container title-sep-container-right\"><div class=\"title-sep sep-\" style=\"border-color:#eaeaea;\"><\/div><\/div><\/div><div class=\"fusion-recent-posts fusion-recent-posts-6 avada-container layout-thumbnails-on-side layout-columns-1\"><section class=\"fusion-columns columns fusion-columns-1 columns-1\"><article class=\"post fusion-column column col col-lg-12 col-md-12 col-sm-12\"><div class=\"fusion-flexslider fusion-flexslider-loading flexslider floated-slideshow flexslider-hover-type-zoomout\"><ul class=\"slides\"><li><a href=\"https:\/\/balticwind.eu\/de\/estlands-parlament-verabschiedet-kernenergie-und-sicherheitsgesetz-und-ebnet-weg-fuer-erstes-kraftwerk\/\" aria-label=\"Estlands Parlament verabschiedet Kernenergie- und Sicherheitsgesetz und ebnet Weg f\u00fcr erstes Kraftwerk\" class=\"hover-type-zoomout\"><img decoding=\"async\" width=\"177\" height=\"142\" src=\"data:image\/svg+xml,%3Csvg%20xmlns%3D%27http%3A%2F%2Fwww.w3.org%2F2000%2Fsvg%27%20width%3D%27177%27%20height%3D%27142%27%20viewBox%3D%270%200%20177%20142%27%3E%3Crect%20width%3D%27177%27%20height%3D%27142%27%20fill-opacity%3D%220%22%2F%3E%3C%2Fsvg%3E\" data-orig-src=\"https:\/\/balticwind.eu\/wp-content\/uploads\/2026\/06\/estonia-nuclear-energy-safety-act-177x142.jpg\" class=\"lazyload attachment-portfolio-five size-portfolio-five\" alt=\"\" \/><\/a><\/li><\/ul><\/div><div class=\"recent-posts-content\"><h4 class=\"entry-title\"><a style=\"color: #1f2a3b !important;\" href=\"https:\/\/balticwind.eu\/de\/estlands-parlament-verabschiedet-kernenergie-und-sicherheitsgesetz-und-ebnet-weg-fuer-erstes-kraftwerk\/\">Estlands Parlament verabschiedet Kernenergie- und Sicherheitsgesetz und ebnet Weg f\u00fcr erstes Kraftwerk<\/a><\/h4><p class=\"meta\"><a href=\"https:\/\/balticwind.eu\/de\/category\/estland-de\/\" rel=\"category tag\">Estland<\/a>, <a href=\"https:\/\/balticwind.eu\/de\/category\/regulierung\/\" rel=\"category tag\">Regulierung<\/a><span class=\"fusion-inline-sep\">|<\/span><\/p><\/div><\/article><article class=\"post fusion-column column col col-lg-12 col-md-12 col-sm-12\"><div class=\"fusion-flexslider fusion-flexslider-loading flexslider floated-slideshow flexslider-hover-type-zoomout\"><ul class=\"slides\"><li><a href=\"https:\/\/balticwind.eu\/de\/aussenministerien-des-baltikums-der-nordischen-laender-und-der-usa-bekraeftigen-bei-e-pine-gespraechen-den-fokus-auf-transatlantische-sicherheit\/\" aria-label=\"Au\u00dfenministerien des Baltikums, der nordischen L\u00e4nder und der USA bekr\u00e4ftigen bei E-PINE-Gespr\u00e4chen den Fokus auf transatlantische Sicherheit\" class=\"hover-type-zoomout\"><img decoding=\"async\" width=\"177\" height=\"142\" src=\"data:image\/svg+xml,%3Csvg%20xmlns%3D%27http%3A%2F%2Fwww.w3.org%2F2000%2Fsvg%27%20width%3D%27177%27%20height%3D%27142%27%20viewBox%3D%270%200%20177%20142%27%3E%3Crect%20width%3D%27177%27%20height%3D%27142%27%20fill-opacity%3D%220%22%2F%3E%3C%2Fsvg%3E\" data-orig-src=\"https:\/\/balticwind.eu\/wp-content\/uploads\/2026\/06\/e-pine-baltic-nordic-us-transatlantic-security-177x142.jpg\" class=\"lazyload attachment-portfolio-five size-portfolio-five\" alt=\"\" \/><\/a><\/li><\/ul><\/div><div class=\"recent-posts-content\"><h4 class=\"entry-title\"><a style=\"color: #1f2a3b !important;\" href=\"https:\/\/balticwind.eu\/de\/aussenministerien-des-baltikums-der-nordischen-laender-und-der-usa-bekraeftigen-bei-e-pine-gespraechen-den-fokus-auf-transatlantische-sicherheit\/\">Au\u00dfenministerien des Baltikums, der nordischen L\u00e4nder und der USA bekr\u00e4ftigen bei E-PINE-Gespr\u00e4chen den Fokus auf transatlantische Sicherheit<\/a><\/h4><p class=\"meta\"><a href=\"https:\/\/balticwind.eu\/de\/category\/estland-de\/\" rel=\"category tag\">Estland<\/a>, <a href=\"https:\/\/balticwind.eu\/de\/category\/lettland\/\" rel=\"category tag\">Lettland<\/a>, <a href=\"https:\/\/balticwind.eu\/de\/category\/sicherheit\/\" rel=\"category tag\">Sicherheit<\/a><span class=\"fusion-inline-sep\">|<\/span><\/p><\/div><\/article><article class=\"post fusion-column column col col-lg-12 col-md-12 col-sm-12\"><div class=\"fusion-flexslider fusion-flexslider-loading flexslider floated-slideshow flexslider-hover-type-zoomout\"><ul class=\"slides\"><li><a href=\"https:\/\/balticwind.eu\/de\/estlands-emissionen-seit-1990-um-665-gesunken-erneuerbare-verdraengen-fossilen-strom\/\" aria-label=\"Estlands Emissionen seit 1990 um 66,5% gesunken \u2014 Erneuerbare verdr\u00e4ngen fossilen Strom\" class=\"hover-type-zoomout\"><img decoding=\"async\" width=\"177\" height=\"142\" src=\"data:image\/svg+xml,%3Csvg%20xmlns%3D%27http%3A%2F%2Fwww.w3.org%2F2000%2Fsvg%27%20width%3D%27177%27%20height%3D%27142%27%20viewBox%3D%270%200%20177%20142%27%3E%3Crect%20width%3D%27177%27%20height%3D%27142%27%20fill-opacity%3D%220%22%2F%3E%3C%2Fsvg%3E\" data-orig-src=\"https:\/\/balticwind.eu\/wp-content\/uploads\/2026\/06\/estonia-emissions-down-665-percent-renewables-177x142.jpg\" class=\"lazyload attachment-portfolio-five size-portfolio-five\" alt=\"\" \/><\/a><\/li><\/ul><\/div><div class=\"recent-posts-content\"><h4 class=\"entry-title\"><a style=\"color: #1f2a3b !important;\" href=\"https:\/\/balticwind.eu\/de\/estlands-emissionen-seit-1990-um-665-gesunken-erneuerbare-verdraengen-fossilen-strom\/\">Estlands Emissionen seit 1990 um 66,5% gesunken \u2014 Erneuerbare verdr\u00e4ngen fossilen Strom<\/a><\/h4><p class=\"meta\"><a href=\"https:\/\/balticwind.eu\/de\/category\/estland-de\/\" rel=\"category tag\">Estland<\/a>, <a href=\"https:\/\/balticwind.eu\/de\/category\/technologie\/\" rel=\"category tag\">Technologie<\/a><span class=\"fusion-inline-sep\">|<\/span><\/p><\/div><\/article><\/section><\/div><\/div><style type=\"text\/css\">.fusion-body .fusion-builder-column-15{width:33.333333333333% !important;margin-top : 0px;margin-bottom : 20px;}.fusion-builder-column-15 > .fusion-column-wrapper {padding-top : 0px !important;padding-right : 0px !important;margin-right : 5.76%;padding-bottom : 0px !important;padding-left : 0px !important;margin-left : 5.76%;}@media only screen and (max-width:1024px) {.fusion-body .fusion-builder-column-15{width:100% !important;}.fusion-builder-column-15 > .fusion-column-wrapper {margin-right : 1.92%;margin-left : 1.92%;}}@media only screen and (max-width:640px) {.fusion-body .fusion-builder-column-15{width:100% !important;}.fusion-builder-column-15 > .fusion-column-wrapper {margin-right : 1.92%;margin-left : 1.92%;}}<\/style><\/div><div class=\"fusion-layout-column fusion_builder_column fusion-builder-column-16 fusion_builder_column_1_3 1_3 fusion-flex-column\"><div class=\"fusion-column-wrapper fusion-flex-justify-content-flex-start fusion-content-layout-column\" style=\"background-position:left top;background-repeat:no-repeat;-webkit-background-size:cover;-moz-background-size:cover;-o-background-size:cover;background-size:cover;padding: 0px 0px 0px 0px;\"><div class=\"fusion-separator fusion-full-width-sep\" style=\"align-self: center;margin-left: auto;margin-right: auto;margin-bottom:10px;width:100%;max-width:100%;\"><div class=\"fusion-separator-border sep-single sep-solid\" style=\"border-color:#1f2a3b;border-top-width:12px;\"><\/div><\/div><style type=\"text\/css\">@media only screen and (max-width:1024px) {.fusion-title.fusion-title-12{margin-top:-15px!important; margin-right:5px!important;margin-bottom:20px!important;margin-left:0px!important;}}@media only screen and (max-width:640px) {.fusion-title.fusion-title-12{margin-top:0px!important; margin-right:0px!important;margin-bottom:20px!important; margin-left:0px!important;}}<\/style><div class=\"fusion-title title fusion-title-12 fusion-title-text fusion-title-size-five\" style=\"margin-top:-15px;margin-right:5px;margin-bottom:20px;margin-left:0px;\"><div class=\"title-sep-container title-sep-container-left fusion-no-large-visibility fusion-no-medium-visibility fusion-no-small-visibility\"><div class=\"title-sep sep-\" style=\"border-color:#eaeaea;\"><\/div><\/div><h5 class=\"title-heading-left fusion-responsive-typography-calculated\" style=\"margin:0;--fontSize:17;line-height:1.76;\"><h5 style=\"text-align: left; text-transform: uppercase;\">Polen<\/h5><\/h5><div class=\"title-sep-container title-sep-container-right\"><div class=\"title-sep sep-\" style=\"border-color:#eaeaea;\"><\/div><\/div><\/div><div class=\"fusion-recent-posts fusion-recent-posts-7 avada-container layout-thumbnails-on-side layout-columns-1\"><section class=\"fusion-columns columns fusion-columns-1 columns-1\"><article class=\"post fusion-column column col col-lg-12 col-md-12 col-sm-12\"><div class=\"fusion-flexslider fusion-flexslider-loading flexslider floated-slideshow flexslider-hover-type-zoomout\"><ul class=\"slides\"><li><a href=\"https:\/\/balticwind.eu\/de\/onshore-wind-kostet-82-cent-die-genehmigung-kostet-weiter-jahre\/\" aria-label=\"Onshore-Wind kostet 8,2 Cent. Die Genehmigung kostet weiter Jahre\" class=\"hover-type-zoomout\"><img decoding=\"async\" width=\"177\" height=\"142\" src=\"data:image\/svg+xml,%3Csvg%20xmlns%3D%27http%3A%2F%2Fwww.w3.org%2F2000%2Fsvg%27%20width%3D%27177%27%20height%3D%27142%27%20viewBox%3D%270%200%20177%20142%27%3E%3Crect%20width%3D%27177%27%20height%3D%27142%27%20fill-opacity%3D%220%22%2F%3E%3C%2Fsvg%3E\" data-orig-src=\"https:\/\/balticwind.eu\/wp-content\/uploads\/2026\/09\/onshore-wind-turbines-permitting-poland-germany-177x142.jpg\" class=\"lazyload attachment-portfolio-five size-portfolio-five\" alt=\"\" \/><\/a><\/li><\/ul><\/div><div class=\"recent-posts-content\"><h4 class=\"entry-title\"><a style=\"color: #1f2a3b !important;\" href=\"https:\/\/balticwind.eu\/de\/onshore-wind-kostet-82-cent-die-genehmigung-kostet-weiter-jahre\/\">Onshore-Wind kostet 8,2 Cent. Die Genehmigung kostet weiter Jahre<\/a><\/h4><p class=\"meta\"><a href=\"https:\/\/balticwind.eu\/de\/category\/editors-choice-de\/\" rel=\"category tag\">Auswahl der Redaktion<\/a>, <a href=\"https:\/\/balticwind.eu\/de\/category\/deutschland\/\" rel=\"category tag\">Deutschland<\/a>, <a href=\"https:\/\/balticwind.eu\/de\/category\/onshore-wind-aktuell\/\" rel=\"category tag\">Onshore-Wind Aktuell<\/a>, <a href=\"https:\/\/balticwind.eu\/de\/category\/polen\/\" rel=\"category tag\">Polen<\/a><span class=\"fusion-inline-sep\">|<\/span><\/p><\/div><\/article><article class=\"post fusion-column column col col-lg-12 col-md-12 col-sm-12\"><div class=\"fusion-flexslider fusion-flexslider-loading flexslider floated-slideshow flexslider-hover-type-zoomout\"><ul class=\"slides\"><li><a href=\"https:\/\/balticwind.eu\/de\/vom-meeresboden-bis-zum-luftraum-was-die-energieinfrastruktur-im-ostseeraum-tatsaechlich-schuetzt\/\" aria-label=\"Vom Meeresboden bis zum Luftraum: Was die Energieinfrastruktur im Ostseeraum tats\u00e4chlich sch\u00fctzt\" class=\"hover-type-zoomout\"><img decoding=\"async\" width=\"177\" height=\"142\" src=\"data:image\/svg+xml,%3Csvg%20xmlns%3D%27http%3A%2F%2Fwww.w3.org%2F2000%2Fsvg%27%20width%3D%27177%27%20height%3D%27142%27%20viewBox%3D%270%200%20177%20142%27%3E%3Crect%20width%3D%27177%27%20height%3D%27142%27%20fill-opacity%3D%220%22%2F%3E%3C%2Fsvg%3E\" data-orig-src=\"https:\/\/balticwind.eu\/wp-content\/uploads\/2026\/08\/naval-vessel-at-sea-baltic-energy-security-177x142.jpg\" class=\"lazyload attachment-portfolio-five size-portfolio-five\" alt=\"\" \/><\/a><\/li><\/ul><\/div><div class=\"recent-posts-content\"><h4 class=\"entry-title\"><a style=\"color: #1f2a3b !important;\" href=\"https:\/\/balticwind.eu\/de\/vom-meeresboden-bis-zum-luftraum-was-die-energieinfrastruktur-im-ostseeraum-tatsaechlich-schuetzt\/\">Vom Meeresboden bis zum Luftraum: Was die Energieinfrastruktur im Ostseeraum tats\u00e4chlich sch\u00fctzt<\/a><\/h4><p class=\"meta\"><a href=\"https:\/\/balticwind.eu\/de\/category\/editors-choice-de\/\" rel=\"category tag\">Auswahl der Redaktion<\/a>, <a href=\"https:\/\/balticwind.eu\/de\/category\/lettland\/\" rel=\"category tag\">Lettland<\/a>, <a href=\"https:\/\/balticwind.eu\/de\/category\/litauen\/\" rel=\"category tag\">Litauen<\/a>, <a href=\"https:\/\/balticwind.eu\/de\/category\/polen\/\" rel=\"category tag\">Polen<\/a>, <a href=\"https:\/\/balticwind.eu\/de\/category\/sicherheit\/\" rel=\"category tag\">Sicherheit<\/a><span class=\"fusion-inline-sep\">|<\/span><\/p><\/div><\/article><article class=\"post fusion-column column col col-lg-12 col-md-12 col-sm-12\"><div class=\"fusion-flexslider fusion-flexslider-loading flexslider floated-slideshow flexslider-hover-type-zoomout\"><ul class=\"slides\"><li><a href=\"https:\/\/balticwind.eu\/de\/warum-die-naechsten-megawatt-der-onshore-windkraft-an-bereits-bestehenden-standorten-entstehen\/\" aria-label=\"Warum die n\u00e4chsten Megawatt der Onshore-Windkraft an bereits bestehenden Standorten entstehen\" class=\"hover-type-zoomout\"><img decoding=\"async\" width=\"177\" height=\"142\" src=\"data:image\/svg+xml,%3Csvg%20xmlns%3D%27http%3A%2F%2Fwww.w3.org%2F2000%2Fsvg%27%20width%3D%27177%27%20height%3D%27142%27%20viewBox%3D%270%200%20177%20142%27%3E%3Crect%20width%3D%27177%27%20height%3D%27142%27%20fill-opacity%3D%220%22%2F%3E%3C%2Fsvg%3E\" data-orig-src=\"https:\/\/balticwind.eu\/wp-content\/uploads\/2026\/08\/onshore-wind-farm-repowering-existing-site-177x142.jpg\" class=\"lazyload attachment-portfolio-five size-portfolio-five\" alt=\"\" \/><\/a><\/li><\/ul><\/div><div class=\"recent-posts-content\"><h4 class=\"entry-title\"><a style=\"color: #1f2a3b !important;\" href=\"https:\/\/balticwind.eu\/de\/warum-die-naechsten-megawatt-der-onshore-windkraft-an-bereits-bestehenden-standorten-entstehen\/\">Warum die n\u00e4chsten Megawatt der Onshore-Windkraft an bereits bestehenden Standorten entstehen<\/a><\/h4><p class=\"meta\"><a href=\"https:\/\/balticwind.eu\/de\/category\/editors-choice-de\/\" rel=\"category tag\">Auswahl der Redaktion<\/a>, <a href=\"https:\/\/balticwind.eu\/de\/category\/deutschland\/\" rel=\"category tag\">Deutschland<\/a>, <a href=\"https:\/\/balticwind.eu\/de\/category\/onshore-wind-aktuell\/\" rel=\"category tag\">Onshore-Wind Aktuell<\/a>, <a href=\"https:\/\/balticwind.eu\/de\/category\/polen\/\" rel=\"category tag\">Polen<\/a>, <a href=\"https:\/\/balticwind.eu\/de\/category\/schweden\/\" rel=\"category tag\">Schweden<\/a><span class=\"fusion-inline-sep\">|<\/span><\/p><\/div><\/article><\/section><\/div><\/div><style type=\"text\/css\">.fusion-body .fusion-builder-column-16{width:33.333333333333% !important;margin-top : 0px;margin-bottom : 20px;}.fusion-builder-column-16 > .fusion-column-wrapper {padding-top : 0px !important;padding-right : 0px !important;margin-right : 5.76%;padding-bottom : 0px !important;padding-left : 0px !important;margin-left : 5.76%;}@media only screen and (max-width:1024px) {.fusion-body .fusion-builder-column-16{width:100% !important;}.fusion-builder-column-16 > .fusion-column-wrapper {margin-right : 1.92%;margin-left : 1.92%;}}@media only screen and (max-width:640px) {.fusion-body .fusion-builder-column-16{width:100% !important;}.fusion-builder-column-16 > .fusion-column-wrapper {margin-right : 1.92%;margin-left : 1.92%;}}<\/style><\/div><div class=\"fusion-layout-column fusion_builder_column fusion-builder-column-17 fusion_builder_column_1_3 1_3 fusion-flex-column\"><div class=\"fusion-column-wrapper fusion-flex-justify-content-flex-start fusion-content-layout-column\" style=\"background-position:left top;background-repeat:no-repeat;-webkit-background-size:cover;-moz-background-size:cover;-o-background-size:cover;background-size:cover;padding: 0px 0px 0px 0px;\"><div class=\"fusion-separator fusion-full-width-sep\" style=\"align-self: center;margin-left: auto;margin-right: auto;margin-bottom:10px;width:100%;max-width:100%;\"><div class=\"fusion-separator-border sep-single sep-solid\" style=\"border-color:#1f2a3b;border-top-width:12px;\"><\/div><\/div><style type=\"text\/css\">@media only screen and (max-width:1024px) {.fusion-title.fusion-title-13{margin-top:-15px!important; margin-right:5px!important;margin-bottom:20px!important;margin-left:0px!important;}}@media only screen and (max-width:640px) {.fusion-title.fusion-title-13{margin-top:0px!important; margin-right:0px!important;margin-bottom:20px!important; margin-left:0px!important;}}<\/style><div class=\"fusion-title title fusion-title-13 fusion-title-text fusion-title-size-five\" style=\"margin-top:-15px;margin-right:5px;margin-bottom:20px;margin-left:0px;\"><div class=\"title-sep-container title-sep-container-left fusion-no-large-visibility fusion-no-medium-visibility fusion-no-small-visibility\"><div class=\"title-sep sep-\" style=\"border-color:#eaeaea;\"><\/div><\/div><h5 class=\"title-heading-left fusion-responsive-typography-calculated\" style=\"margin:0;--fontSize:17;line-height:1.76;\"><h5 style=\"text-align: left; text-transform: uppercase;\">Finnland<\/h5><\/h5><div class=\"title-sep-container title-sep-container-right\"><div class=\"title-sep sep-\" style=\"border-color:#eaeaea;\"><\/div><\/div><\/div><div class=\"fusion-recent-posts fusion-recent-posts-8 avada-container layout-thumbnails-on-side layout-columns-1\"><section class=\"fusion-columns columns fusion-columns-1 columns-1\"><article class=\"post fusion-column column col col-lg-12 col-md-12 col-sm-12\"><div class=\"fusion-flexslider fusion-flexslider-loading flexslider floated-slideshow flexslider-hover-type-zoomout\"><ul class=\"slides\"><li><a href=\"https:\/\/balticwind.eu\/de\/riffmodule-fledermaussensoren-und-moewensender-wie-die-offshore-windkraft-ihre-biodiversitaetsdaten-aufbaut\/\" aria-label=\"Riffmodule, Fledermaussensoren und M\u00f6wensender: Wie die Offshore-Windkraft ihre Biodiversit\u00e4tsdaten aufbaut\" class=\"hover-type-zoomout\"><img decoding=\"async\" width=\"177\" height=\"142\" src=\"data:image\/svg+xml,%3Csvg%20xmlns%3D%27http%3A%2F%2Fwww.w3.org%2F2000%2Fsvg%27%20width%3D%27177%27%20height%3D%27142%27%20viewBox%3D%270%200%20177%20142%27%3E%3Crect%20width%3D%27177%27%20height%3D%27142%27%20fill-opacity%3D%220%22%2F%3E%3C%2Fsvg%3E\" data-orig-src=\"https:\/\/balticwind.eu\/wp-content\/uploads\/2026\/08\/offshore-wind-biodiversity-evidence-nature-inclusive-design-baltic-177x142.jpg\" class=\"lazyload attachment-portfolio-five size-portfolio-five\" alt=\"\" \/><\/a><\/li><\/ul><\/div><div class=\"recent-posts-content\"><h4 class=\"entry-title\"><a style=\"color: #1f2a3b !important;\" href=\"https:\/\/balticwind.eu\/de\/riffmodule-fledermaussensoren-und-moewensender-wie-die-offshore-windkraft-ihre-biodiversitaetsdaten-aufbaut\/\">Riffmodule, Fledermaussensoren und M\u00f6wensender: Wie die Offshore-Windkraft ihre Biodiversit\u00e4tsdaten aufbaut<\/a><\/h4><p class=\"meta\"><a href=\"https:\/\/balticwind.eu\/de\/category\/editors-choice-de\/\" rel=\"category tag\">Auswahl der Redaktion<\/a>, <a href=\"https:\/\/balticwind.eu\/de\/category\/finnland\/\" rel=\"category tag\">Finnland<\/a>, <a href=\"https:\/\/balticwind.eu\/de\/category\/lettland\/\" rel=\"category tag\">Lettland<\/a>, <a href=\"https:\/\/balticwind.eu\/de\/category\/offshore-wind-aktuell\/\" rel=\"category tag\">Offshore-Wind Aktuell<\/a>, <a href=\"https:\/\/balticwind.eu\/de\/category\/technologie\/\" rel=\"category tag\">Technologie<\/a><span class=\"fusion-inline-sep\">|<\/span><\/p><\/div><\/article><article class=\"post fusion-column column col col-lg-12 col-md-12 col-sm-12\"><div class=\"fusion-flexslider fusion-flexslider-loading flexslider floated-slideshow flexslider-hover-type-zoomout\"><ul class=\"slides\"><li><a href=\"https:\/\/balticwind.eu\/de\/elektrische-krane-machen-ueber-80-prozent-des-macgregor-auftragseingangs-im-ersten-halbjahr-2026-aus\/\" aria-label=\"Elektrische Krane machen \u00fcber 80 Prozent des MacGregor-Auftragseingangs im ersten Halbjahr 2026 aus\" class=\"hover-type-zoomout\"><img decoding=\"async\" width=\"177\" height=\"142\" src=\"data:image\/svg+xml,%3Csvg%20xmlns%3D%27http%3A%2F%2Fwww.w3.org%2F2000%2Fsvg%27%20width%3D%27177%27%20height%3D%27142%27%20viewBox%3D%270%200%20177%20142%27%3E%3Crect%20width%3D%27177%27%20height%3D%27142%27%20fill-opacity%3D%220%22%2F%3E%3C%2Fsvg%3E\" data-orig-src=\"https:\/\/balticwind.eu\/wp-content\/uploads\/2026\/08\/macgregor-electric-crane-177x142.jpg\" class=\"lazyload attachment-portfolio-five size-portfolio-five\" alt=\"\" \/><\/a><\/li><\/ul><\/div><div class=\"recent-posts-content\"><h4 class=\"entry-title\"><a style=\"color: #1f2a3b !important;\" href=\"https:\/\/balticwind.eu\/de\/elektrische-krane-machen-ueber-80-prozent-des-macgregor-auftragseingangs-im-ersten-halbjahr-2026-aus\/\">Elektrische Krane machen \u00fcber 80 Prozent des MacGregor-Auftragseingangs im ersten Halbjahr 2026 aus<\/a><\/h4><p class=\"meta\"><a href=\"https:\/\/balticwind.eu\/de\/category\/finnland\/\" rel=\"category tag\">Finnland<\/a>, <a href=\"https:\/\/balticwind.eu\/de\/category\/technologie\/\" rel=\"category tag\">Technologie<\/a><span class=\"fusion-inline-sep\">|<\/span><\/p><\/div><\/article><article class=\"post fusion-column column col col-lg-12 col-md-12 col-sm-12\"><div class=\"fusion-flexslider fusion-flexslider-loading flexslider floated-slideshow flexslider-hover-type-zoomout\"><ul class=\"slides\"><li><a href=\"https:\/\/balticwind.eu\/de\/finnland-gibt-behoerdenstellungnahme-zum-uvp-programm-fuer-smr-fernwaermeanlage-in-kuopio-ab\/\" aria-label=\"Finnland gibt Beh\u00f6rdenstellungnahme zum UVP-Programm f\u00fcr SMR-Fernw\u00e4rmeanlage in Kuopio ab\" class=\"hover-type-zoomout\"><img decoding=\"async\" width=\"177\" height=\"142\" src=\"data:image\/svg+xml,%3Csvg%20xmlns%3D%27http%3A%2F%2Fwww.w3.org%2F2000%2Fsvg%27%20width%3D%27177%27%20height%3D%27142%27%20viewBox%3D%270%200%20177%20142%27%3E%3Crect%20width%3D%27177%27%20height%3D%27142%27%20fill-opacity%3D%220%22%2F%3E%3C%2Fsvg%3E\" data-orig-src=\"https:\/\/balticwind.eu\/wp-content\/uploads\/2026\/07\/finland-eia-statement-kuopio-energia-smr-district-heating-177x142.jpg\" class=\"lazyload attachment-portfolio-five size-portfolio-five\" alt=\"\" \/><\/a><\/li><\/ul><\/div><div class=\"recent-posts-content\"><h4 class=\"entry-title\"><a style=\"color: #1f2a3b !important;\" href=\"https:\/\/balticwind.eu\/de\/finnland-gibt-behoerdenstellungnahme-zum-uvp-programm-fuer-smr-fernwaermeanlage-in-kuopio-ab\/\">Finnland gibt Beh\u00f6rdenstellungnahme zum UVP-Programm f\u00fcr SMR-Fernw\u00e4rmeanlage in Kuopio ab<\/a><\/h4><p class=\"meta\"><a href=\"https:\/\/balticwind.eu\/de\/category\/finnland\/\" rel=\"category tag\">Finnland<\/a>, <a href=\"https:\/\/balticwind.eu\/de\/category\/regulierung\/\" rel=\"category tag\">Regulierung<\/a>, <a href=\"https:\/\/balticwind.eu\/de\/category\/technologie\/\" rel=\"category tag\">Technologie<\/a><span class=\"fusion-inline-sep\">|<\/span><\/p><\/div><\/article><\/section><\/div><\/div><style type=\"text\/css\">.fusion-body .fusion-builder-column-17{width:33.333333333333% !important;margin-top : 0px;margin-bottom : 20px;}.fusion-builder-column-17 > .fusion-column-wrapper {padding-top : 0px !important;padding-right : 0px !important;margin-right : 5.76%;padding-bottom : 0px !important;padding-left : 0px !important;margin-left : 5.76%;}@media only screen and (max-width:1024px) {.fusion-body .fusion-builder-column-17{width:100% !important;}.fusion-builder-column-17 > .fusion-column-wrapper {margin-right : 1.92%;margin-left : 1.92%;}}@media only screen and (max-width:640px) {.fusion-body .fusion-builder-column-17{width:100% !important;}.fusion-builder-column-17 > .fusion-column-wrapper {margin-right : 1.92%;margin-left : 1.92%;}}<\/style><\/div><\/div><style type=\"text\/css\">.fusion-body .fusion-flex-container.fusion-builder-row-11{ padding-top : 30px;margin-top : 0px;padding-right : 0px;padding-bottom : 0px;margin-bottom : 0px;padding-left : 0px;}<\/style><\/div><\/div><\/p>\n","protected":false},"excerpt":{"rendered":"","protected":false},"author":1,"featured_media":0,"parent":0,"menu_order":0,"comment_status":"closed","ping_status":"closed","template":"100-width.php","meta":{"footnotes":""},"class_list":["post-47660","page","type-page","status-publish","hentry"],"acf":[],"_links":{"self":[{"href":"https:\/\/balticwind.eu\/de\/wp-json\/wp\/v2\/pages\/47660","targetHints":{"allow":["GET"]}}],"collection":[{"href":"https:\/\/balticwind.eu\/de\/wp-json\/wp\/v2\/pages"}],"about":[{"href":"https:\/\/balticwind.eu\/de\/wp-json\/wp\/v2\/types\/page"}],"author":[{"embeddable":true,"href":"https:\/\/balticwind.eu\/de\/wp-json\/wp\/v2\/users\/1"}],"replies":[{"embeddable":true,"href":"https:\/\/balticwind.eu\/de\/wp-json\/wp\/v2\/comments?post=47660"}],"version-history":[{"count":0,"href":"https:\/\/balticwind.eu\/de\/wp-json\/wp\/v2\/pages\/47660\/revisions"}],"wp:attachment":[{"href":"https:\/\/balticwind.eu\/de\/wp-json\/wp\/v2\/media?parent=47660"}],"curies":[{"name":"wp","href":"https:\/\/api.w.org\/{rel}","templated":true}]}}