{"id":47664,"date":"2026-06-16T13:21:21","date_gmt":"2026-06-16T11:21:21","guid":{"rendered":"https:\/\/balticwind.eu\/security\/"},"modified":"2026-07-26T17:57:11","modified_gmt":"2026-07-26T15:57:11","slug":"sicherheit","status":"publish","type":"page","link":"https:\/\/balticwind.eu\/de\/sicherheit\/","title":{"rendered":"Sicherheit"},"content":{"rendered":"<p><div class=\"fusion-fullwidth fullwidth-box fusion-builder-row-1 fusion-flex-container klaska nonhundred-percent-fullwidth non-hundred-percent-height-scrolling fusion-no-small-visibility fusion-no-medium-visibility\" style=\"background-color: rgba(255,255,255,0);background-position: center center;background-repeat: no-repeat;border-width: 0px 0px 0px 0px;border-color:#eaeaea;border-style:solid;\" ><div class=\"fusion-builder-row fusion-row fusion-flex-align-items-flex-start\" style=\"max-width:1289.6px;margin-left: calc(-4% \/ 2 );margin-right: calc(-4% \/ 2 );\"><div class=\"fusion-layout-column fusion_builder_column fusion-builder-column-0 fusion_builder_column_1_1 1_1 fusion-flex-column\"><div class=\"fusion-column-wrapper fusion-flex-justify-content-flex-start fusion-content-layout-column\" style=\"background-position:left top;background-repeat:no-repeat;-webkit-background-size:cover;-moz-background-size:cover;-o-background-size:cover;background-size:cover;padding: -20px 0px 0px 0px;\"><style type=\"text\/css\">@media only screen and (max-width:1024px) {.fusion-title.fusion-title-1{margin-top:20px!important; margin-right:0px!important;margin-bottom:20px!important;margin-left:0px!important;}}@media only screen and (max-width:640px) {.fusion-title.fusion-title-1{margin-top:0px!important; margin-right:0px!important;margin-bottom:20px!important; margin-left:0px!important;}}<\/style><div class=\"fusion-title title fusion-title-1 fusion-title-center fusion-title-text fusion-title-size-one\" style=\"font-size:30px;margin-top:20px;margin-right:0px;margin-bottom:20px;margin-left:0px;\"><div class=\"title-sep-container title-sep-container-left\"><div class=\"title-sep sep-\" style=\"border-color:#eaeaea;\"><\/div><\/div><h1 class=\"title-heading-center fusion-responsive-typography-calculated\" style=\"margin:0;font-size:1em;letter-spacing:5px;--fontSize:30;line-height:1.2;\">SICHERHEIT<\/h1><div class=\"title-sep-container title-sep-container-right\"><div class=\"title-sep sep-\" style=\"border-color:#eaeaea;\"><\/div><\/div><\/div><\/div><style type=\"text\/css\">.fusion-body .fusion-builder-column-0{width:100% !important;margin-top : -20px;margin-bottom : 0px;}.fusion-builder-column-0 > .fusion-column-wrapper {padding-top : -20px !important;padding-right : 0px !important;margin-right : 1.92%;padding-bottom : 0px !important;padding-left : 0px !important;margin-left : 1.92%;}@media only screen and (max-width:1024px) {.fusion-body .fusion-builder-column-0{width:100% !important;order : 0;}.fusion-builder-column-0 > .fusion-column-wrapper {margin-right : 1.92%;margin-left : 1.92%;}}@media only screen and (max-width:640px) {.fusion-body .fusion-builder-column-0{width:100% !important;order : 0;}.fusion-builder-column-0 > .fusion-column-wrapper {margin-right : 1.92%;margin-left : 1.92%;}}<\/style><\/div><\/div><style type=\"text\/css\">.fusion-body .fusion-flex-container.fusion-builder-row-1{ padding-top : 0px;margin-top : -30px;padding-right : 0px;padding-bottom : 0px;margin-bottom : 0px;padding-left : 0px;}<\/style><\/div><div class=\"fusion-fullwidth fullwidth-box fusion-builder-row-2 fusion-flex-container klaska nonhundred-percent-fullwidth non-hundred-percent-height-scrolling fusion-no-large-visibility\" style=\"background-color: rgba(255,255,255,0);background-position: center center;background-repeat: no-repeat;border-width: 0px 0px 0px 0px;border-color:#eaeaea;border-style:solid;\" ><div class=\"fusion-builder-row fusion-row fusion-flex-align-items-flex-start\" style=\"max-width:1289.6px;margin-left: calc(-4% \/ 2 );margin-right: calc(-4% \/ 2 );\"><div class=\"fusion-layout-column fusion_builder_column fusion-builder-column-1 fusion_builder_column_1_1 1_1 fusion-flex-column\"><div class=\"fusion-column-wrapper fusion-flex-justify-content-flex-start fusion-content-layout-column\" style=\"background-position:left top;background-repeat:no-repeat;-webkit-background-size:cover;-moz-background-size:cover;-o-background-size:cover;background-size:cover;padding: 0px 0px 0px 0px;\"><div class=\"fusion-separator\" style=\"align-self: center;margin-left: auto;margin-right: auto;margin-bottom:10px;width:100%;max-width:80%;\"><div class=\"fusion-separator-border sep-single sep-solid\" style=\"border-color:#1f2a3b;border-top-width:12px;\"><\/div><\/div><style type=\"text\/css\">@media only screen and (max-width:1024px) {.fusion-title.fusion-title-2{margin-top:20px!important; margin-right:0px!important;margin-bottom:20px!important;margin-left:0px!important;}}@media only screen and (max-width:640px) {.fusion-title.fusion-title-2{margin-top:0px!important; margin-right:0px!important;margin-bottom:20px!important; margin-left:0px!important;}}<\/style><div class=\"fusion-title title fusion-title-2 fusion-title-center fusion-title-text fusion-title-size-two\" style=\"font-size:22px;margin-top:20px;margin-right:0px;margin-bottom:20px;margin-left:0px;\"><div class=\"title-sep-container title-sep-container-left\"><div class=\"title-sep sep-\" style=\"border-color:#eaeaea;\"><\/div><\/div><h2 class=\"title-heading-center fusion-responsive-typography-calculated\" style=\"margin:0;font-size:1em;letter-spacing:5px;--fontSize:22;line-height:1.00;\">SICHERHEIT<\/h2><div class=\"title-sep-container title-sep-container-right\"><div class=\"title-sep sep-\" style=\"border-color:#eaeaea;\"><\/div><\/div><\/div><\/div><style type=\"text\/css\">.fusion-body .fusion-builder-column-1{width:100% !important;margin-top : 0px;margin-bottom : 0px;}.fusion-builder-column-1 > .fusion-column-wrapper {padding-top : 0px !important;padding-right : 0px !important;margin-right : 1.92%;padding-bottom : 0px !important;padding-left : 0px !important;margin-left : 1.92%;}@media only screen and (max-width:1024px) {.fusion-body .fusion-builder-column-1{width:100% !important;order : 0;}.fusion-builder-column-1 > .fusion-column-wrapper {margin-right : 1.92%;margin-left : 1.92%;}}@media only screen and (max-width:640px) {.fusion-body .fusion-builder-column-1{width:100% !important;order : 0;}.fusion-builder-column-1 > .fusion-column-wrapper {margin-right : 1.92%;margin-left : 1.92%;}}<\/style><\/div><\/div><style type=\"text\/css\">.fusion-body .fusion-flex-container.fusion-builder-row-2{ padding-top : 20px;margin-top : 5px;padding-right : 0px;padding-bottom : 0px;margin-bottom : 0px;padding-left : 0px;}<\/style><\/div><div class=\"fusion-fullwidth fullwidth-box fusion-builder-row-3 fusion-flex-container nonhundred-percent-fullwidth non-hundred-percent-height-scrolling fusion-no-small-visibility fusion-no-medium-visibility\" style=\"background-color: #ffffff;background-position: left top;background-repeat: no-repeat;border-width: 0px 0px 0px 0px;border-color:#eaeaea;border-style:solid;\" ><div class=\"fusion-builder-row fusion-row fusion-flex-align-items-center fusion-flex-align-content-center fusion-flex-justify-content-center\" style=\"max-width:1289.6px;margin-left: calc(-4% \/ 2 );margin-right: calc(-4% \/ 2 );\"><div class=\"fusion-layout-column fusion_builder_column fusion-builder-column-2 fusion_builder_column_4_5 4_5 fusion-flex-column fusion-animated\" data-animationType=\"fadeInLeft\" data-animationDuration=\"0.6\" data-animationOffset=\"100%\"><div class=\"fusion-column-wrapper fusion-flex-justify-content-flex-start fusion-content-layout-column\" style=\"background-position:center center;background-repeat:no-repeat;-webkit-background-size:cover;-moz-background-size:cover;-o-background-size:cover;background-size:cover;border-width: 12px 0px 0px 0px;border-color:#1f2a3b;border-style:solid;padding: 2% 0% 0% 0%;\"><style type=\"text\/css\">@media only screen and (max-width:1024px) {.fusion-title.fusion-title-3{margin-top:-25px!important; margin-right:0px!important;margin-bottom:10px!important;margin-left:0px!important;}}@media only screen and (max-width:640px) {.fusion-title.fusion-title-3{margin-top:0px!important; margin-right:0px!important;margin-bottom:20px!important; margin-left:0px!important;}}<\/style><div class=\"fusion-title title fusion-title-3 fusion-title-text fusion-title-size-five\" style=\"margin-top:-25px;margin-right:0px;margin-bottom:10px;margin-left:0px;\"><div class=\"title-sep-container title-sep-container-left fusion-no-large-visibility fusion-no-medium-visibility fusion-no-small-visibility\"><div class=\"title-sep sep-\" style=\"border-color:#eaeaea;\"><\/div><\/div><h5 class=\"title-heading-left fusion-responsive-typography-calculated\" style=\"margin:0;--fontSize:17;line-height:1.76;\"><h5 style=\"text-align: left;\">AUSWAHL DER REDAKTION<\/h5><\/h5><div class=\"title-sep-container title-sep-container-right\"><div class=\"title-sep sep-\" style=\"border-color:#eaeaea;\"><\/div><\/div><\/div><div class=\"fusion-blog-shortcode fusion-blog-shortcode-1 fusion-blog-archive fusion-blog-layout-large-alternate fusion-blog-no klasa\"><div class=\"fusion-posts-container fusion-posts-container-no\" data-pages=\"42\"><article id=\"blog-1-post-48154\" class=\"fusion-post-large-alternate post-48154 post type-post status-publish format-standard has-post-thumbnail hentry category-editors-choice-de category-lettland category-litauen category-polen category-sicherheit\">\n\t<style type=\"text\/css\">\n\t\t\n\t\t\n\t\t\n\t\t\n\t\t\t<\/style>\n\n\n\t\t\t<div class=\"fusion-flexslider flexslider fusion-flexslider-loading fusion-post-slideshow\" style=\"\">\n\t\t<ul class=\"slides\">\n\t\t\t\n\t\t\t\t\t\t\t\t\t\t\t\t\t\t<li>\n\n<div  class=\"fusion-image-wrapper\" aria-haspopup=\"true\">\n\t\n\t\n\t\t\t\n\t\t\t\t<a href=\"https:\/\/balticwind.eu\/de\/vom-meeresboden-bis-zum-luftraum-was-die-energieinfrastruktur-im-ostseeraum-tatsaechlich-schuetzt\/\" aria-label=\"Vom Meeresboden bis zum Luftraum: Was die Energieinfrastruktur im Ostseeraum tats\u00e4chlich sch\u00fctzt\">\n\t\t\n\t\t\n\t\t\t\t\t<img decoding=\"async\" width=\"1600\" height=\"900\" src=\"https:\/\/balticwind.eu\/wp-content\/uploads\/2026\/08\/naval-vessel-at-sea-baltic-energy-security.jpg\" class=\"attachment-full size-full lazyload wp-post-image\" alt=\"\" srcset=\"data:image\/svg+xml,%3Csvg%20xmlns%3D%27http%3A%2F%2Fwww.w3.org%2F2000%2Fsvg%27%20width%3D%271600%27%20height%3D%27900%27%20viewBox%3D%270%200%201600%20900%27%3E%3Crect%20width%3D%271600%27%20height%3D%27900%27%20fill-opacity%3D%220%22%2F%3E%3C%2Fsvg%3E\" data-orig-src=\"https:\/\/balticwind.eu\/wp-content\/uploads\/2026\/08\/naval-vessel-at-sea-baltic-energy-security.jpg\" data-srcset=\"https:\/\/balticwind.eu\/wp-content\/uploads\/2026\/08\/naval-vessel-at-sea-baltic-energy-security-200x113.jpg 200w, https:\/\/balticwind.eu\/wp-content\/uploads\/2026\/08\/naval-vessel-at-sea-baltic-energy-security-400x225.jpg 400w, https:\/\/balticwind.eu\/wp-content\/uploads\/2026\/08\/naval-vessel-at-sea-baltic-energy-security-600x338.jpg 600w, https:\/\/balticwind.eu\/wp-content\/uploads\/2026\/08\/naval-vessel-at-sea-baltic-energy-security-800x450.jpg 800w, https:\/\/balticwind.eu\/wp-content\/uploads\/2026\/08\/naval-vessel-at-sea-baltic-energy-security-1200x675.jpg 1200w, https:\/\/balticwind.eu\/wp-content\/uploads\/2026\/08\/naval-vessel-at-sea-baltic-energy-security.jpg 1600w\" data-sizes=\"auto\" \/>\n\t\n\n\n\t\t\t\t<\/a>\n\t\t\n\t\n<\/div>\n<\/li>\n\t\t\t\n\t\t\t\n\t\t\t\t\t\t\t\t\t\t\t\t\t\t\t\t\t\t\t\t\t\t\t\t\t\t\t\t\t\t\t\t\t\t\t\t\t\t\t\t\t\t\t\t\t\t\t\t\t\t\t\t\t\t\t\t\t\t\t\t\t\t\t\t\t\t\t\t<\/ul>\n\t<\/div>\n\t<div class=\"fusion-date-and-formats\"><div class=\"fusion-date-box updated\"><span class=\"fusion-date\">31<\/span><span class=\"fusion-month-year\">08, 2026<\/span><\/div><div class=\"fusion-format-box\"><i class=\"fusion-icon-pen\" aria-hidden=\"true\"><\/i><\/div><\/div><div class=\"fusion-post-content post-content\"><h2 class=\"blog-shortcode-post-title entry-title\"><a href=\"https:\/\/balticwind.eu\/de\/vom-meeresboden-bis-zum-luftraum-was-die-energieinfrastruktur-im-ostseeraum-tatsaechlich-schuetzt\/\">Vom Meeresboden bis zum Luftraum: Was die Energieinfrastruktur im Ostseeraum tats\u00e4chlich sch\u00fctzt<\/a><\/h2><p class=\"fusion-single-line-meta\"><a href=\"https:\/\/balticwind.eu\/de\/category\/editors-choice-de\/\" rel=\"category tag\">Auswahl der Redaktion<\/a>, <a href=\"https:\/\/balticwind.eu\/de\/category\/lettland\/\" rel=\"category tag\">Lettland<\/a>, <a href=\"https:\/\/balticwind.eu\/de\/category\/litauen\/\" rel=\"category tag\">Litauen<\/a>, <a href=\"https:\/\/balticwind.eu\/de\/category\/polen\/\" rel=\"category tag\">Polen<\/a>, <a href=\"https:\/\/balticwind.eu\/de\/category\/sicherheit\/\" rel=\"category tag\">Sicherheit<\/a><span class=\"fusion-inline-sep\">|<\/span><\/p><\/div><div class=\"fusion-clearfix\"><\/div><\/article>\n<\/div><\/div><\/div><style type=\"text\/css\">.fusion-body .fusion-builder-column-2{width:80% !important;margin-top : 0px;margin-bottom : 20px;}.fusion-builder-column-2 > .fusion-column-wrapper {padding-top : 2% !important;padding-right : 0% !important;margin-right : 2.4%;padding-bottom : 0% !important;padding-left : 0% !important;margin-left : 2.4%;}@media only screen and (max-width:1024px) {.fusion-body .fusion-builder-column-2{width:100% !important;order : 0;}.fusion-builder-column-2 > .fusion-column-wrapper {margin-right : 1.92%;margin-left : 1.92%;}}@media only screen and (max-width:640px) {.fusion-body .fusion-builder-column-2{width:100% !important;order : 0;}.fusion-builder-column-2 > .fusion-column-wrapper {margin-right : 1.92%;margin-left : 1.92%;}}<\/style><\/div><\/div><style type=\"text\/css\">.fusion-body .fusion-flex-container.fusion-builder-row-3{ padding-top : 20px;margin-top : 0px;padding-right : 0px;padding-bottom : 0px;margin-bottom : 0px;padding-left : 0px;}@media only screen and (max-width:1024px) {.fusion-body .fusion-flex-container.fusion-builder-row-3{ padding-top : 80px;}}<\/style><\/div><div class=\"fusion-fullwidth fullwidth-box fusion-builder-row-4 fusion-flex-container nonhundred-percent-fullwidth non-hundred-percent-height-scrolling fusion-no-large-visibility\" style=\"background-color: #ffffff;background-position: left top;background-repeat: no-repeat;border-width: 0px 0px 0px 0px;border-color:#eaeaea;border-style:solid;\" ><div class=\"fusion-builder-row fusion-row fusion-flex-align-items-center fusion-flex-align-content-center fusion-flex-justify-content-center\" style=\"max-width:1289.6px;margin-left: calc(-4% \/ 2 );margin-right: calc(-4% \/ 2 );\"><div class=\"fusion-layout-column fusion_builder_column fusion-builder-column-3 fusion_builder_column_1_1 1_1 fusion-flex-column fusion-animated\" data-animationType=\"fadeInLeft\" data-animationDuration=\"0.6\" data-animationOffset=\"100%\"><div class=\"fusion-column-wrapper fusion-flex-justify-content-flex-start fusion-content-layout-column\" style=\"background-position:center center;background-repeat:no-repeat;-webkit-background-size:cover;-moz-background-size:cover;-o-background-size:cover;background-size:cover;border-width: 1px 1px 1px 1px;border-color:#b6babe;border-style:solid;padding: 4% 4% 0% 4%;\"><div class=\"fusion-blog-shortcode fusion-blog-shortcode-2 fusion-blog-archive fusion-blog-layout-large fusion-blog-no klasa\"><div class=\"fusion-posts-container fusion-posts-container-no\" data-pages=\"42\"><article id=\"blog-2-post-48154\" class=\"fusion-post-large post-48154 post type-post status-publish format-standard has-post-thumbnail hentry category-editors-choice-de category-lettland category-litauen category-polen category-sicherheit\">\n\t<style type=\"text\/css\">\n\t\t\n\t\t\n\t\t\n\t\t\n\t\t\t<\/style>\n\n\n\t\t\t<div class=\"fusion-flexslider flexslider fusion-flexslider-loading fusion-post-slideshow\" style=\"\">\n\t\t<ul class=\"slides\">\n\t\t\t\n\t\t\t\t\t\t\t\t\t\t\t\t\t\t<li>\n\n<div  class=\"fusion-image-wrapper\" aria-haspopup=\"true\">\n\t\n\t\n\t\t\t\n\t\t\t\t<a href=\"https:\/\/balticwind.eu\/de\/vom-meeresboden-bis-zum-luftraum-was-die-energieinfrastruktur-im-ostseeraum-tatsaechlich-schuetzt\/\" aria-label=\"Vom Meeresboden bis zum Luftraum: Was die Energieinfrastruktur im Ostseeraum tats\u00e4chlich sch\u00fctzt\">\n\t\t\n\t\t\n\t\t\t\t\t<img decoding=\"async\" width=\"1600\" height=\"900\" src=\"https:\/\/balticwind.eu\/wp-content\/uploads\/2026\/08\/naval-vessel-at-sea-baltic-energy-security.jpg\" class=\"attachment-full size-full lazyload wp-post-image\" alt=\"\" srcset=\"data:image\/svg+xml,%3Csvg%20xmlns%3D%27http%3A%2F%2Fwww.w3.org%2F2000%2Fsvg%27%20width%3D%271600%27%20height%3D%27900%27%20viewBox%3D%270%200%201600%20900%27%3E%3Crect%20width%3D%271600%27%20height%3D%27900%27%20fill-opacity%3D%220%22%2F%3E%3C%2Fsvg%3E\" data-orig-src=\"https:\/\/balticwind.eu\/wp-content\/uploads\/2026\/08\/naval-vessel-at-sea-baltic-energy-security.jpg\" data-srcset=\"https:\/\/balticwind.eu\/wp-content\/uploads\/2026\/08\/naval-vessel-at-sea-baltic-energy-security-200x113.jpg 200w, https:\/\/balticwind.eu\/wp-content\/uploads\/2026\/08\/naval-vessel-at-sea-baltic-energy-security-400x225.jpg 400w, https:\/\/balticwind.eu\/wp-content\/uploads\/2026\/08\/naval-vessel-at-sea-baltic-energy-security-600x338.jpg 600w, https:\/\/balticwind.eu\/wp-content\/uploads\/2026\/08\/naval-vessel-at-sea-baltic-energy-security-800x450.jpg 800w, https:\/\/balticwind.eu\/wp-content\/uploads\/2026\/08\/naval-vessel-at-sea-baltic-energy-security-1200x675.jpg 1200w, https:\/\/balticwind.eu\/wp-content\/uploads\/2026\/08\/naval-vessel-at-sea-baltic-energy-security.jpg 1600w\" data-sizes=\"auto\" \/>\n\t\n\n\n\t\t\t\t<\/a>\n\t\t\n\t\n<\/div>\n<\/li>\n\t\t\t\n\t\t\t\n\t\t\t\t\t\t\t\t\t\t\t\t\t\t\t\t\t\t\t\t\t\t\t\t\t\t\t\t\t\t\t\t\t\t\t\t\t\t\t\t\t\t\t\t\t\t\t\t\t\t\t\t\t\t\t\t\t\t\t\t\t\t\t\t\t\t\t\t<\/ul>\n\t<\/div>\n\t<div class=\"fusion-post-content post-content\"><h2 class=\"blog-shortcode-post-title entry-title\"><a href=\"https:\/\/balticwind.eu\/de\/vom-meeresboden-bis-zum-luftraum-was-die-energieinfrastruktur-im-ostseeraum-tatsaechlich-schuetzt\/\">Vom Meeresboden bis zum Luftraum: Was die Energieinfrastruktur im Ostseeraum tats\u00e4chlich sch\u00fctzt<\/a><\/h2><\/div><div class=\"fusion-clearfix\"><\/div><div class=\"fusion-meta-info\"><div class=\"fusion-alignleft\"><a href=\"https:\/\/balticwind.eu\/de\/category\/editors-choice-de\/\" rel=\"category tag\">Auswahl der Redaktion<\/a>, <a href=\"https:\/\/balticwind.eu\/de\/category\/lettland\/\" rel=\"category tag\">Lettland<\/a>, <a href=\"https:\/\/balticwind.eu\/de\/category\/litauen\/\" rel=\"category tag\">Litauen<\/a>, <a href=\"https:\/\/balticwind.eu\/de\/category\/polen\/\" rel=\"category tag\">Polen<\/a>, <a href=\"https:\/\/balticwind.eu\/de\/category\/sicherheit\/\" rel=\"category tag\">Sicherheit<\/a><span class=\"fusion-inline-sep\">|<\/span><\/div><\/div><\/article>\n<\/div><\/div><\/div><style type=\"text\/css\">.fusion-body .fusion-builder-column-3{width:100% !important;margin-top : 0px;margin-bottom : 20px;}.fusion-builder-column-3 > .fusion-column-wrapper {padding-top : 4% !important;padding-right : 4% !important;margin-right : 1.92%;padding-bottom : 0% !important;padding-left : 4% !important;margin-left : 1.92%;}@media only screen and (max-width:1024px) {.fusion-body .fusion-builder-column-3{width:100% !important;order : 0;}.fusion-builder-column-3 > .fusion-column-wrapper {margin-right : 1.92%;margin-left : 1.92%;}}@media only screen and (max-width:640px) {.fusion-body .fusion-builder-column-3{width:100% !important;order : 0;}.fusion-builder-column-3 > .fusion-column-wrapper {margin-right : 1.92%;margin-left : 1.92%;}}<\/style><\/div><\/div><style type=\"text\/css\">.fusion-body .fusion-flex-container.fusion-builder-row-4{ padding-top : 0px;margin-top : 0px;padding-right : 0px;padding-bottom : 0px;margin-bottom : 0px;padding-left : 0px;}@media only screen and (max-width:1024px) {.fusion-body .fusion-flex-container.fusion-builder-row-4{ padding-top : 80px;}}<\/style><\/div><div class=\"fusion-fullwidth fullwidth-box fusion-builder-row-5 fusion-flex-container nonhundred-percent-fullwidth non-hundred-percent-height-scrolling fusion-no-large-visibility\" style=\"background-color: rgba(255,255,255,0);background-position: center center;background-repeat: no-repeat;border-width: 0px 0px 0px 0px;border-color:#eaeaea;border-style:solid;\" ><div class=\"fusion-builder-row fusion-row fusion-flex-align-items-flex-start\" style=\"max-width:1289.6px;margin-left: calc(-4% \/ 2 );margin-right: calc(-4% \/ 2 );\"><div class=\"fusion-layout-column fusion_builder_column fusion-builder-column-4 fusion_builder_column_1_1 1_1 fusion-flex-column\"><div class=\"fusion-column-wrapper fusion-flex-justify-content-flex-start fusion-content-layout-column\" style=\"background-position:left top;background-repeat:no-repeat;-webkit-background-size:cover;-moz-background-size:cover;-o-background-size:cover;background-size:cover;padding: 0px 0px 0px 0px;\"><div class=\"fusion-recent-posts fusion-recent-posts-1 avada-container layout-thumbnails-on-side layout-columns-1 fusion-recent-posts-infinite fusion-recent-posts-load-more klasa\" data-pages=\"2\"><section class=\"fusion-columns columns fusion-columns-1 columns-1\"><article class=\"post fusion-column column col col-lg-12 col-md-12 col-sm-12 fusion-animated\" data-animationType=\"fadeInDown\" data-animationDuration=\"0.6\" data-animationOffset=\"100%\"><div class=\"fusion-flexslider fusion-flexslider-loading flexslider floated-slideshow flexslider-hover-type-zoomout\"><ul class=\"slides\"><li><a href=\"https:\/\/balticwind.eu\/de\/security-by-design-wie-der-offshore-ausbau-in-der-ostsee-zur-verteidigungsfrage-wurde\/\" aria-label=\"Security by Design: Wie der Offshore-Ausbau in der Ostsee zur Verteidigungsfrage wurde\" class=\"hover-type-zoomout\"><img decoding=\"async\" width=\"177\" height=\"142\" src=\"data:image\/svg+xml,%3Csvg%20xmlns%3D%27http%3A%2F%2Fwww.w3.org%2F2000%2Fsvg%27%20width%3D%27177%27%20height%3D%27142%27%20viewBox%3D%270%200%20177%20142%27%3E%3Crect%20width%3D%27177%27%20height%3D%27142%27%20fill-opacity%3D%220%22%2F%3E%3C%2Fsvg%3E\" data-orig-src=\"https:\/\/balticwind.eu\/wp-content\/uploads\/2026\/08\/security-by-design-baltic-offshore-wind-defence-question-177x142.jpg\" class=\"lazyload attachment-portfolio-five size-portfolio-five\" alt=\"\" \/><\/a><\/li><\/ul><\/div><div class=\"recent-posts-content\"><h4 class=\"entry-title\"><a style=\"color: #1f2a3b !important;\" href=\"https:\/\/balticwind.eu\/de\/security-by-design-wie-der-offshore-ausbau-in-der-ostsee-zur-verteidigungsfrage-wurde\/\">Security by Design: Wie der Offshore-Ausbau in der Ostsee zur Verteidigungsfrage wurde<\/a><\/h4><p class=\"meta\"><a href=\"https:\/\/balticwind.eu\/de\/category\/editors-choice-de\/\" rel=\"category tag\">Auswahl der Redaktion<\/a>, <a href=\"https:\/\/balticwind.eu\/de\/category\/polen\/\" rel=\"category tag\">Polen<\/a>, <a href=\"https:\/\/balticwind.eu\/de\/category\/regulierung\/\" rel=\"category tag\">Regulierung<\/a>, <a href=\"https:\/\/balticwind.eu\/de\/category\/sicherheit\/\" rel=\"category tag\">Sicherheit<\/a><span class=\"fusion-inline-sep\">|<\/span><\/p><\/div><\/article><article class=\"post fusion-column column col col-lg-12 col-md-12 col-sm-12 fusion-animated\" data-animationType=\"fadeInDown\" data-animationDuration=\"0.6\" data-animationOffset=\"100%\"><div class=\"fusion-flexslider fusion-flexslider-loading flexslider floated-slideshow flexslider-hover-type-zoomout\"><ul class=\"slides\"><li><a href=\"https:\/\/balticwind.eu\/de\/hitze-und-niedrigwasser-setzen-europas-kernkraft-zu-rumaenien-erstmals-seit-2003-ohne-atomstrom\/\" aria-label=\"Hitze und Niedrigwasser setzen Europas Kernkraft zu \u2013 Rum\u00e4nien erstmals seit 2003 ohne Atomstrom\" class=\"hover-type-zoomout\"><img decoding=\"async\" width=\"177\" height=\"142\" src=\"data:image\/svg+xml,%3Csvg%20xmlns%3D%27http%3A%2F%2Fwww.w3.org%2F2000%2Fsvg%27%20width%3D%27177%27%20height%3D%27142%27%20viewBox%3D%270%200%20177%20142%27%3E%3Crect%20width%3D%27177%27%20height%3D%27142%27%20fill-opacity%3D%220%22%2F%3E%3C%2Fsvg%3E\" data-orig-src=\"https:\/\/balticwind.eu\/wp-content\/uploads\/2026\/08\/european-nuclear-heat-low-water-romania-offline-first-since-2003-177x142.jpg\" class=\"lazyload attachment-portfolio-five size-portfolio-five\" alt=\"\" \/><\/a><\/li><\/ul><\/div><div class=\"recent-posts-content\"><h4 class=\"entry-title\"><a style=\"color: #1f2a3b !important;\" href=\"https:\/\/balticwind.eu\/de\/hitze-und-niedrigwasser-setzen-europas-kernkraft-zu-rumaenien-erstmals-seit-2003-ohne-atomstrom\/\">Hitze und Niedrigwasser setzen Europas Kernkraft zu \u2013 Rum\u00e4nien erstmals seit 2003 ohne Atomstrom<\/a><\/h4><p class=\"meta\"><a href=\"https:\/\/balticwind.eu\/de\/category\/regulierung\/\" rel=\"category tag\">Regulierung<\/a>, <a href=\"https:\/\/balticwind.eu\/de\/category\/sicherheit\/\" rel=\"category tag\">Sicherheit<\/a><span class=\"fusion-inline-sep\">|<\/span><\/p><\/div><\/article><article class=\"post fusion-column column col col-lg-12 col-md-12 col-sm-12 fusion-animated\" data-animationType=\"fadeInDown\" data-animationDuration=\"0.6\" data-animationOffset=\"100%\"><div class=\"fusion-flexslider fusion-flexslider-loading flexslider floated-slideshow flexslider-hover-type-zoomout\"><ul class=\"slides\"><li><a href=\"https:\/\/balticwind.eu\/de\/schweden-lehnt-eolus-offshore-windprojekte-aus-verteidigungsgruenden-ab\/\" aria-label=\"Schweden lehnt Eolus-Offshore-Windprojekte aus Verteidigungsgr\u00fcnden ab\" class=\"hover-type-zoomout\"><img decoding=\"async\" width=\"177\" height=\"142\" src=\"data:image\/svg+xml,%3Csvg%20xmlns%3D%27http%3A%2F%2Fwww.w3.org%2F2000%2Fsvg%27%20width%3D%27177%27%20height%3D%27142%27%20viewBox%3D%270%200%20177%20142%27%3E%3Crect%20width%3D%27177%27%20height%3D%27142%27%20fill-opacity%3D%220%22%2F%3E%3C%2Fsvg%3E\" data-orig-src=\"https:\/\/balticwind.eu\/wp-content\/uploads\/2026\/07\/sweden-rejects-eolus-offshore-wind-defence-177x142.jpg\" class=\"lazyload attachment-portfolio-five size-portfolio-five\" alt=\"\" \/><\/a><\/li><\/ul><\/div><div class=\"recent-posts-content\"><h4 class=\"entry-title\"><a style=\"color: #1f2a3b !important;\" href=\"https:\/\/balticwind.eu\/de\/schweden-lehnt-eolus-offshore-windprojekte-aus-verteidigungsgruenden-ab\/\">Schweden lehnt Eolus-Offshore-Windprojekte aus Verteidigungsgr\u00fcnden ab<\/a><\/h4><p class=\"meta\"><a href=\"https:\/\/balticwind.eu\/de\/category\/offshore-wind-aktuell\/\" rel=\"category tag\">Offshore-Wind Aktuell<\/a>, <a href=\"https:\/\/balticwind.eu\/de\/category\/schweden\/\" rel=\"category tag\">Schweden<\/a>, <a href=\"https:\/\/balticwind.eu\/de\/category\/sicherheit\/\" rel=\"category tag\">Sicherheit<\/a>, <a href=\"https:\/\/balticwind.eu\/de\/category\/top-news-de\/\" rel=\"category tag\">Top News<\/a><span class=\"fusion-inline-sep\">|<\/span><\/p><\/div><\/article><article class=\"post fusion-column column col col-lg-12 col-md-12 col-sm-12 fusion-animated\" data-animationType=\"fadeInDown\" data-animationDuration=\"0.6\" data-animationOffset=\"100%\"><div class=\"fusion-flexslider fusion-flexslider-loading flexslider floated-slideshow flexslider-hover-type-zoomout\"><ul class=\"slides\"><li><a href=\"https:\/\/balticwind.eu\/de\/polens-desinformationskrieg-um-die-windkraft-behauptungen-und-was-die-forschung-zeigt\/\" aria-label=\"Polens Desinformationskrieg um die Windkraft: Behauptungen und was die Forschung zeigt\" class=\"hover-type-zoomout\"><img decoding=\"async\" width=\"177\" height=\"142\" src=\"data:image\/svg+xml,%3Csvg%20xmlns%3D%27http%3A%2F%2Fwww.w3.org%2F2000%2Fsvg%27%20width%3D%27177%27%20height%3D%27142%27%20viewBox%3D%270%200%20177%20142%27%3E%3Crect%20width%3D%27177%27%20height%3D%27142%27%20fill-opacity%3D%220%22%2F%3E%3C%2Fsvg%3E\" data-orig-src=\"https:\/\/balticwind.eu\/wp-content\/uploads\/2026\/07\/polands-wind-disinformation-war-the-claims-and-what-the-evidence-shows-177x142.jpg\" class=\"lazyload attachment-portfolio-five size-portfolio-five\" alt=\"\" \/><\/a><\/li><\/ul><\/div><div class=\"recent-posts-content\"><h4 class=\"entry-title\"><a style=\"color: #1f2a3b !important;\" href=\"https:\/\/balticwind.eu\/de\/polens-desinformationskrieg-um-die-windkraft-behauptungen-und-was-die-forschung-zeigt\/\">Polens Desinformationskrieg um die Windkraft: Behauptungen und was die Forschung zeigt<\/a><\/h4><p class=\"meta\"><a href=\"https:\/\/balticwind.eu\/de\/category\/editors-choice-de\/\" rel=\"category tag\">Auswahl der Redaktion<\/a>, <a href=\"https:\/\/balticwind.eu\/de\/category\/meinungen\/\" rel=\"category tag\">Meinungen<\/a>, <a href=\"https:\/\/balticwind.eu\/de\/category\/polen\/\" rel=\"category tag\">Polen<\/a>, <a href=\"https:\/\/balticwind.eu\/de\/category\/sicherheit\/\" rel=\"category tag\">Sicherheit<\/a><span class=\"fusion-inline-sep\">|<\/span><\/p><\/div><\/article><article class=\"post fusion-column column col col-lg-12 col-md-12 col-sm-12 fusion-animated\" data-animationType=\"fadeInDown\" data-animationDuration=\"0.6\" data-animationOffset=\"100%\"><div class=\"fusion-flexslider fusion-flexslider-loading flexslider floated-slideshow flexslider-hover-type-zoomout\"><ul class=\"slides\"><li><a href=\"https:\/\/balticwind.eu\/de\/iea-iwf-weltbank-und-wto-warnen-krieg-im-nahen-osten-belastet-die-globale-energieversorgung\/\" aria-label=\"IEA, IWF, Weltbank und WTO warnen: Krieg im Nahen Osten belastet die globale Energieversorgung\" class=\"hover-type-zoomout\"><img decoding=\"async\" width=\"177\" height=\"142\" src=\"data:image\/svg+xml,%3Csvg%20xmlns%3D%27http%3A%2F%2Fwww.w3.org%2F2000%2Fsvg%27%20width%3D%27177%27%20height%3D%27142%27%20viewBox%3D%270%200%20177%20142%27%3E%3Crect%20width%3D%27177%27%20height%3D%27142%27%20fill-opacity%3D%220%22%2F%3E%3C%2Fsvg%3E\" data-orig-src=\"https:\/\/balticwind.eu\/wp-content\/uploads\/2026\/07\/iea-imf-world-bank-wto-energy-supply-warning-177x142.jpg\" class=\"lazyload attachment-portfolio-five size-portfolio-five\" alt=\"\" \/><\/a><\/li><\/ul><\/div><div class=\"recent-posts-content\"><h4 class=\"entry-title\"><a style=\"color: #1f2a3b !important;\" href=\"https:\/\/balticwind.eu\/de\/iea-iwf-weltbank-und-wto-warnen-krieg-im-nahen-osten-belastet-die-globale-energieversorgung\/\">IEA, IWF, Weltbank und WTO warnen: Krieg im Nahen Osten belastet die globale Energieversorgung<\/a><\/h4><p class=\"meta\"><a href=\"https:\/\/balticwind.eu\/de\/category\/sicherheit\/\" rel=\"category tag\">Sicherheit<\/a><span class=\"fusion-inline-sep\">|<\/span><\/p><\/div><\/article><article class=\"post fusion-column column col col-lg-12 col-md-12 col-sm-12 fusion-animated\" data-animationType=\"fadeInDown\" data-animationDuration=\"0.6\" data-animationOffset=\"100%\"><div class=\"fusion-flexslider fusion-flexslider-loading flexslider floated-slideshow flexslider-hover-type-zoomout\"><ul class=\"slides\"><li><a href=\"https:\/\/balticwind.eu\/de\/windeurope-fordert-eu-auf-ets-einnahmen-in-industrielle-elektrifizierung-zu-lenken\/\" aria-label=\"WindEurope fordert EU auf, ETS-Einnahmen in industrielle Elektrifizierung zu lenken\" class=\"hover-type-zoomout\"><img decoding=\"async\" width=\"177\" height=\"142\" src=\"data:image\/svg+xml,%3Csvg%20xmlns%3D%27http%3A%2F%2Fwww.w3.org%2F2000%2Fsvg%27%20width%3D%27177%27%20height%3D%27142%27%20viewBox%3D%270%200%20177%20142%27%3E%3Crect%20width%3D%27177%27%20height%3D%27142%27%20fill-opacity%3D%220%22%2F%3E%3C%2Fsvg%3E\" data-orig-src=\"https:\/\/balticwind.eu\/wp-content\/uploads\/2026\/07\/windeurope-ets-industrial-electrification-177x142.jpg\" class=\"lazyload attachment-portfolio-five size-portfolio-five\" alt=\"\" \/><\/a><\/li><\/ul><\/div><div class=\"recent-posts-content\"><h4 class=\"entry-title\"><a style=\"color: #1f2a3b !important;\" href=\"https:\/\/balticwind.eu\/de\/windeurope-fordert-eu-auf-ets-einnahmen-in-industrielle-elektrifizierung-zu-lenken\/\">WindEurope fordert EU auf, ETS-Einnahmen in industrielle Elektrifizierung zu lenken<\/a><\/h4><p class=\"meta\"><a href=\"https:\/\/balticwind.eu\/de\/category\/regulierung\/\" rel=\"category tag\">Regulierung<\/a>, <a href=\"https:\/\/balticwind.eu\/de\/category\/sicherheit\/\" rel=\"category tag\">Sicherheit<\/a><span class=\"fusion-inline-sep\">|<\/span><\/p><\/div><\/article><article class=\"post fusion-column column col col-lg-12 col-md-12 col-sm-12 fusion-animated\" data-animationType=\"fadeInDown\" data-animationDuration=\"0.6\" data-animationOffset=\"100%\"><div class=\"fusion-flexslider fusion-flexslider-loading flexslider floated-slideshow flexslider-hover-type-zoomout\"><ul class=\"slides\"><li><a href=\"https:\/\/balticwind.eu\/de\/irregulaere-grenzuebertritte-in-die-eu-um-40-gesunken-neuer-migrationspakt-tritt-in-kraft\/\" aria-label=\"Irregul\u00e4re Grenz\u00fcbertritte in die EU um 40 % gesunken \u2013 neuer Migrationspakt tritt in Kraft\" class=\"hover-type-zoomout\"><img decoding=\"async\" width=\"177\" height=\"142\" src=\"data:image\/svg+xml,%3Csvg%20xmlns%3D%27http%3A%2F%2Fwww.w3.org%2F2000%2Fsvg%27%20width%3D%27177%27%20height%3D%27142%27%20viewBox%3D%270%200%20177%20142%27%3E%3Crect%20width%3D%27177%27%20height%3D%27142%27%20fill-opacity%3D%220%22%2F%3E%3C%2Fsvg%3E\" data-orig-src=\"https:\/\/balticwind.eu\/wp-content\/uploads\/2026\/07\/frontex-eu-irregular-crossings-down-40-percent-2026-177x142.jpg\" class=\"lazyload attachment-portfolio-five size-portfolio-five\" alt=\"\" \/><\/a><\/li><\/ul><\/div><div class=\"recent-posts-content\"><h4 class=\"entry-title\"><a style=\"color: #1f2a3b !important;\" href=\"https:\/\/balticwind.eu\/de\/irregulaere-grenzuebertritte-in-die-eu-um-40-gesunken-neuer-migrationspakt-tritt-in-kraft\/\">Irregul\u00e4re Grenz\u00fcbertritte in die EU um 40 % gesunken \u2013 neuer Migrationspakt tritt in Kraft<\/a><\/h4><p class=\"meta\"><a href=\"https:\/\/balticwind.eu\/de\/category\/sicherheit\/\" rel=\"category tag\">Sicherheit<\/a><span class=\"fusion-inline-sep\">|<\/span><\/p><\/div><\/article><article class=\"post fusion-column column col col-lg-12 col-md-12 col-sm-12 fusion-animated\" data-animationType=\"fadeInDown\" data-animationDuration=\"0.6\" data-animationOffset=\"100%\"><div class=\"fusion-flexslider fusion-flexslider-loading flexslider floated-slideshow flexslider-hover-type-zoomout\"><ul class=\"slides\"><li><a href=\"https:\/\/balticwind.eu\/de\/eu-einigt-sich-auf-paket-zur-verteidigungsbereitschaft-schnellere-genehmigungen-und-beschaffung\/\" aria-label=\"EU einigt sich auf Paket zur Verteidigungsbereitschaft: schnellere Genehmigungen und Beschaffung\" class=\"hover-type-zoomout\"><img decoding=\"async\" width=\"177\" height=\"142\" src=\"data:image\/svg+xml,%3Csvg%20xmlns%3D%27http%3A%2F%2Fwww.w3.org%2F2000%2Fsvg%27%20width%3D%27177%27%20height%3D%27142%27%20viewBox%3D%270%200%20177%20142%27%3E%3Crect%20width%3D%27177%27%20height%3D%27142%27%20fill-opacity%3D%220%22%2F%3E%3C%2Fsvg%3E\" data-orig-src=\"https:\/\/balticwind.eu\/wp-content\/uploads\/2026\/07\/eu-defence-readiness-package-permits-procurement-177x142.jpg\" class=\"lazyload attachment-portfolio-five size-portfolio-five\" alt=\"\" \/><\/a><\/li><\/ul><\/div><div class=\"recent-posts-content\"><h4 class=\"entry-title\"><a style=\"color: #1f2a3b !important;\" href=\"https:\/\/balticwind.eu\/de\/eu-einigt-sich-auf-paket-zur-verteidigungsbereitschaft-schnellere-genehmigungen-und-beschaffung\/\">EU einigt sich auf Paket zur Verteidigungsbereitschaft: schnellere Genehmigungen und Beschaffung<\/a><\/h4><p class=\"meta\"><a href=\"https:\/\/balticwind.eu\/de\/category\/sicherheit\/\" rel=\"category tag\">Sicherheit<\/a><span class=\"fusion-inline-sep\">|<\/span><\/p><\/div><\/article><article class=\"post fusion-column column col col-lg-12 col-md-12 col-sm-12 fusion-animated\" data-animationType=\"fadeInDown\" data-animationDuration=\"0.6\" data-animationOffset=\"100%\"><div class=\"fusion-flexslider fusion-flexslider-loading flexslider floated-slideshow flexslider-hover-type-zoomout\"><ul class=\"slides\"><li><a href=\"https:\/\/balticwind.eu\/de\/neuer-bericht-kartiert-ostsee-sicherheitskooperation-angesichts-anstehender-reform\/\" aria-label=\"Neuer Bericht kartiert Ostsee-Sicherheitskooperation angesichts anstehender Reform\" class=\"hover-type-zoomout\"><img decoding=\"async\" width=\"177\" height=\"142\" src=\"data:image\/svg+xml,%3Csvg%20xmlns%3D%27http%3A%2F%2Fwww.w3.org%2F2000%2Fsvg%27%20width%3D%27177%27%20height%3D%27142%27%20viewBox%3D%270%200%20177%20142%27%3E%3Crect%20width%3D%27177%27%20height%3D%27142%27%20fill-opacity%3D%220%22%2F%3E%3C%2Fsvg%3E\" data-orig-src=\"https:\/\/balticwind.eu\/wp-content\/uploads\/2026\/07\/report-maps-baltic-sea-security-cooperation-cbss-177x142.jpg\" class=\"lazyload attachment-portfolio-five size-portfolio-five\" alt=\"\" \/><\/a><\/li><\/ul><\/div><div class=\"recent-posts-content\"><h4 class=\"entry-title\"><a style=\"color: #1f2a3b !important;\" href=\"https:\/\/balticwind.eu\/de\/neuer-bericht-kartiert-ostsee-sicherheitskooperation-angesichts-anstehender-reform\/\">Neuer Bericht kartiert Ostsee-Sicherheitskooperation angesichts anstehender Reform<\/a><\/h4><p class=\"meta\"><a href=\"https:\/\/balticwind.eu\/de\/category\/polen\/\" rel=\"category tag\">Polen<\/a>, <a href=\"https:\/\/balticwind.eu\/de\/category\/sicherheit\/\" rel=\"category tag\">Sicherheit<\/a><span class=\"fusion-inline-sep\">|<\/span><\/p><\/div><\/article><article class=\"post fusion-column column col col-lg-12 col-md-12 col-sm-12 fusion-animated\" data-animationType=\"fadeInDown\" data-animationDuration=\"0.6\" data-animationOffset=\"100%\"><div class=\"fusion-flexslider fusion-flexslider-loading flexslider floated-slideshow flexslider-hover-type-zoomout\"><ul class=\"slides\"><li><a href=\"https:\/\/balticwind.eu\/de\/deutscher-aussenminister-nennt-ostsee-die-frontlinie-der-sicherheit-europas\/\" aria-label=\"Deutscher Au\u00dfenminister nennt Ostsee die Frontlinie der Sicherheit Europas\" class=\"hover-type-zoomout\"><img decoding=\"async\" width=\"177\" height=\"142\" src=\"data:image\/svg+xml,%3Csvg%20xmlns%3D%27http%3A%2F%2Fwww.w3.org%2F2000%2Fsvg%27%20width%3D%27177%27%20height%3D%27142%27%20viewBox%3D%270%200%20177%20142%27%3E%3Crect%20width%3D%27177%27%20height%3D%27142%27%20fill-opacity%3D%220%22%2F%3E%3C%2Fsvg%3E\" data-orig-src=\"https:\/\/balticwind.eu\/wp-content\/uploads\/2026\/07\/wadephul-baltic-sea-europe-security-frontline-177x142.jpg\" class=\"lazyload attachment-portfolio-five size-portfolio-five\" alt=\"\" \/><\/a><\/li><\/ul><\/div><div class=\"recent-posts-content\"><h4 class=\"entry-title\"><a style=\"color: #1f2a3b !important;\" href=\"https:\/\/balticwind.eu\/de\/deutscher-aussenminister-nennt-ostsee-die-frontlinie-der-sicherheit-europas\/\">Deutscher Au\u00dfenminister nennt Ostsee die Frontlinie der Sicherheit Europas<\/a><\/h4><p class=\"meta\"><a href=\"https:\/\/balticwind.eu\/de\/category\/deutschland\/\" rel=\"category tag\">Deutschland<\/a>, <a href=\"https:\/\/balticwind.eu\/de\/category\/sicherheit\/\" rel=\"category tag\">Sicherheit<\/a>, <a href=\"https:\/\/balticwind.eu\/de\/category\/top-news-de\/\" rel=\"category tag\">Top News<\/a><span class=\"fusion-inline-sep\">|<\/span><\/p><\/div><\/article><article class=\"post fusion-column column col col-lg-12 col-md-12 col-sm-12 fusion-animated\" data-animationType=\"fadeInDown\" data-animationDuration=\"0.6\" data-animationOffset=\"100%\"><div class=\"fusion-flexslider fusion-flexslider-loading flexslider floated-slideshow flexslider-hover-type-zoomout\"><ul class=\"slides\"><li><a href=\"https:\/\/balticwind.eu\/de\/eu-energieminister-streben-einigung-beim-netzpaket-an-mit-eu-mitteln-fuer-sabotierte-unterwasserkabel\/\" aria-label=\"EU-Energieminister streben Einigung beim Netzpaket an \u2013 mit EU-Mitteln f\u00fcr sabotierte Unterwasserkabel\" class=\"hover-type-zoomout\"><img decoding=\"async\" width=\"177\" height=\"142\" src=\"data:image\/svg+xml,%3Csvg%20xmlns%3D%27http%3A%2F%2Fwww.w3.org%2F2000%2Fsvg%27%20width%3D%27177%27%20height%3D%27142%27%20viewBox%3D%270%200%20177%20142%27%3E%3Crect%20width%3D%27177%27%20height%3D%27142%27%20fill-opacity%3D%220%22%2F%3E%3C%2Fsvg%3E\" data-orig-src=\"https:\/\/balticwind.eu\/wp-content\/uploads\/2026\/06\/eu-energy-ministers-grids-package-general-approach-177x142.jpg\" class=\"lazyload attachment-portfolio-five size-portfolio-five\" alt=\"\" \/><\/a><\/li><\/ul><\/div><div class=\"recent-posts-content\"><h4 class=\"entry-title\"><a style=\"color: #1f2a3b !important;\" href=\"https:\/\/balticwind.eu\/de\/eu-energieminister-streben-einigung-beim-netzpaket-an-mit-eu-mitteln-fuer-sabotierte-unterwasserkabel\/\">EU-Energieminister streben Einigung beim Netzpaket an \u2013 mit EU-Mitteln f\u00fcr sabotierte Unterwasserkabel<\/a><\/h4><p class=\"meta\"><a href=\"https:\/\/balticwind.eu\/de\/category\/finnland\/\" rel=\"category tag\">Finnland<\/a>, <a href=\"https:\/\/balticwind.eu\/de\/category\/regulierung\/\" rel=\"category tag\">Regulierung<\/a>, <a href=\"https:\/\/balticwind.eu\/de\/category\/sicherheit\/\" rel=\"category tag\">Sicherheit<\/a>, <a href=\"https:\/\/balticwind.eu\/de\/category\/top-news-de\/\" rel=\"category tag\">Top News<\/a><span class=\"fusion-inline-sep\">|<\/span><\/p><\/div><\/article><article class=\"post fusion-column column col col-lg-12 col-md-12 col-sm-12 fusion-animated\" data-animationType=\"fadeInDown\" data-animationDuration=\"0.6\" data-animationOffset=\"100%\"><div class=\"fusion-flexslider fusion-flexslider-loading flexslider floated-slideshow flexslider-hover-type-zoomout\"><ul class=\"slides\"><li><a href=\"https:\/\/balticwind.eu\/de\/polen-uebt-mit-blackout-2026-den-schutz-des-stromnetzes-vor-physischem-angriff\/\" aria-label=\"Polen \u00fcbt mit \u201eBlackout 2026\u201d den Schutz des Stromnetzes vor physischem Angriff\" class=\"hover-type-zoomout\"><img decoding=\"async\" width=\"177\" height=\"142\" src=\"data:image\/svg+xml,%3Csvg%20xmlns%3D%27http%3A%2F%2Fwww.w3.org%2F2000%2Fsvg%27%20width%3D%27177%27%20height%3D%27142%27%20viewBox%3D%270%200%20177%20142%27%3E%3Crect%20width%3D%27177%27%20height%3D%27142%27%20fill-opacity%3D%220%22%2F%3E%3C%2Fsvg%3E\" data-orig-src=\"https:\/\/balticwind.eu\/wp-content\/uploads\/2026\/06\/poland-pse-blackout-2026-grid-security-drill-177x142.jpg\" class=\"lazyload attachment-portfolio-five size-portfolio-five\" alt=\"\" \/><\/a><\/li><\/ul><\/div><div class=\"recent-posts-content\"><h4 class=\"entry-title\"><a style=\"color: #1f2a3b !important;\" href=\"https:\/\/balticwind.eu\/de\/polen-uebt-mit-blackout-2026-den-schutz-des-stromnetzes-vor-physischem-angriff\/\">Polen \u00fcbt mit \u201eBlackout 2026\u201d den Schutz des Stromnetzes vor physischem Angriff<\/a><\/h4><p class=\"meta\"><a href=\"https:\/\/balticwind.eu\/de\/category\/polen\/\" rel=\"category tag\">Polen<\/a>, <a href=\"https:\/\/balticwind.eu\/de\/category\/sicherheit\/\" rel=\"category tag\">Sicherheit<\/a><span class=\"fusion-inline-sep\">|<\/span><\/p><\/div><\/article><article class=\"post fusion-column column col col-lg-12 col-md-12 col-sm-12 fusion-animated\" data-animationType=\"fadeInDown\" data-animationDuration=\"0.6\" data-animationOffset=\"100%\"><div class=\"fusion-flexslider fusion-flexslider-loading flexslider floated-slideshow flexslider-hover-type-zoomout\"><ul class=\"slides\"><li><a href=\"https:\/\/balticwind.eu\/de\/orlen-erwirbt-20-prozent-anteil-am-norwegischen-oel-und-gasfeld-goliat\/\" aria-label=\"ORLEN erwirbt 20-Prozent-Anteil am norwegischen \u00d6l- und Gasfeld Goliat\" class=\"hover-type-zoomout\"><img decoding=\"async\" width=\"177\" height=\"142\" src=\"data:image\/svg+xml,%3Csvg%20xmlns%3D%27http%3A%2F%2Fwww.w3.org%2F2000%2Fsvg%27%20width%3D%27177%27%20height%3D%27142%27%20viewBox%3D%270%200%20177%20142%27%3E%3Crect%20width%3D%27177%27%20height%3D%27142%27%20fill-opacity%3D%220%22%2F%3E%3C%2Fsvg%3E\" data-orig-src=\"https:\/\/balticwind.eu\/wp-content\/uploads\/2026\/06\/orlen-goliat-norway-acquisition-177x142.jpg\" class=\"lazyload attachment-portfolio-five size-portfolio-five\" alt=\"\" \/><\/a><\/li><\/ul><\/div><div class=\"recent-posts-content\"><h4 class=\"entry-title\"><a style=\"color: #1f2a3b !important;\" href=\"https:\/\/balticwind.eu\/de\/orlen-erwirbt-20-prozent-anteil-am-norwegischen-oel-und-gasfeld-goliat\/\">ORLEN erwirbt 20-Prozent-Anteil am norwegischen \u00d6l- und Gasfeld Goliat<\/a><\/h4><p class=\"meta\"><a href=\"https:\/\/balticwind.eu\/de\/category\/polen\/\" rel=\"category tag\">Polen<\/a>, <a href=\"https:\/\/balticwind.eu\/de\/category\/sicherheit\/\" rel=\"category tag\">Sicherheit<\/a><span class=\"fusion-inline-sep\">|<\/span><\/p><\/div><\/article><article class=\"post fusion-column column col col-lg-12 col-md-12 col-sm-12 fusion-animated\" data-animationType=\"fadeInDown\" data-animationDuration=\"0.6\" data-animationOffset=\"100%\"><div class=\"fusion-flexslider fusion-flexslider-loading flexslider floated-slideshow flexslider-hover-type-zoomout\"><ul class=\"slides\"><li><a href=\"https:\/\/balticwind.eu\/de\/innenminister-der-ostseeanrainer-koordinieren-antwort-auf-drohnenbedrohungen\/\" aria-label=\"Innenminister der Ostseeanrainer koordinieren Antwort auf Drohnenbedrohungen\" class=\"hover-type-zoomout\"><img decoding=\"async\" width=\"177\" height=\"142\" src=\"data:image\/svg+xml,%3Csvg%20xmlns%3D%27http%3A%2F%2Fwww.w3.org%2F2000%2Fsvg%27%20width%3D%27177%27%20height%3D%27142%27%20viewBox%3D%270%200%20177%20142%27%3E%3Crect%20width%3D%27177%27%20height%3D%27142%27%20fill-opacity%3D%220%22%2F%3E%3C%2Fsvg%3E\" data-orig-src=\"https:\/\/balticwind.eu\/wp-content\/uploads\/2026\/06\/baltic-sea-security-ministers-helsinki-drones-177x142.jpg\" class=\"lazyload attachment-portfolio-five size-portfolio-five\" alt=\"\" \/><\/a><\/li><\/ul><\/div><div class=\"recent-posts-content\"><h4 class=\"entry-title\"><a style=\"color: #1f2a3b !important;\" href=\"https:\/\/balticwind.eu\/de\/innenminister-der-ostseeanrainer-koordinieren-antwort-auf-drohnenbedrohungen\/\">Innenminister der Ostseeanrainer koordinieren Antwort auf Drohnenbedrohungen<\/a><\/h4><p class=\"meta\"><a href=\"https:\/\/balticwind.eu\/de\/category\/finnland\/\" rel=\"category tag\">Finnland<\/a>, <a href=\"https:\/\/balticwind.eu\/de\/category\/sicherheit\/\" rel=\"category tag\">Sicherheit<\/a><span class=\"fusion-inline-sep\">|<\/span><\/p><\/div><\/article><article class=\"post fusion-column column col col-lg-12 col-md-12 col-sm-12 fusion-animated\" data-animationType=\"fadeInDown\" data-animationDuration=\"0.6\" data-animationOffset=\"100%\"><div class=\"fusion-flexslider fusion-flexslider-loading flexslider floated-slideshow flexslider-hover-type-zoomout\"><ul class=\"slides\"><li><a href=\"https:\/\/balticwind.eu\/de\/desinformation-ist-ein-symptom-nicht-die-krankheit-die-finnische-lektion-fuer-polens-energiedebatte\/\" aria-label=\"&#8216;Desinformation ist ein Symptom, nicht die Krankheit&#8217;: die finnische Lektion fuer Polens Energiedebatte\" class=\"hover-type-zoomout\"><img decoding=\"async\" width=\"177\" height=\"142\" src=\"data:image\/svg+xml,%3Csvg%20xmlns%3D%27http%3A%2F%2Fwww.w3.org%2F2000%2Fsvg%27%20width%3D%27177%27%20height%3D%27142%27%20viewBox%3D%270%200%20177%20142%27%3E%3Crect%20width%3D%27177%27%20height%3D%27142%27%20fill-opacity%3D%220%22%2F%3E%3C%2Fsvg%3E\" data-orig-src=\"https:\/\/balticwind.eu\/wp-content\/uploads\/2026\/06\/offshore-wind-turbines-calm-sea-1-177x142.jpg\" class=\"lazyload attachment-portfolio-five size-portfolio-five\" alt=\"\" \/><\/a><\/li><\/ul><\/div><div class=\"recent-posts-content\"><h4 class=\"entry-title\"><a style=\"color: #1f2a3b !important;\" href=\"https:\/\/balticwind.eu\/de\/desinformation-ist-ein-symptom-nicht-die-krankheit-die-finnische-lektion-fuer-polens-energiedebatte\/\">&#8216;Desinformation ist ein Symptom, nicht die Krankheit&#8217;: die finnische Lektion fuer Polens Energiedebatte<\/a><\/h4><p class=\"meta\"><a href=\"https:\/\/balticwind.eu\/de\/category\/finnland\/\" rel=\"category tag\">Finnland<\/a>, <a href=\"https:\/\/balticwind.eu\/de\/category\/meinungen\/\" rel=\"category tag\">Meinungen<\/a>, <a href=\"https:\/\/balticwind.eu\/de\/category\/polen\/\" rel=\"category tag\">Polen<\/a>, <a href=\"https:\/\/balticwind.eu\/de\/category\/sicherheit\/\" rel=\"category tag\">Sicherheit<\/a><span class=\"fusion-inline-sep\">|<\/span><\/p><\/div><\/article><article class=\"post fusion-column column col col-lg-12 col-md-12 col-sm-12 fusion-animated\" data-animationType=\"fadeInDown\" data-animationDuration=\"0.6\" data-animationOffset=\"100%\"><div class=\"fusion-flexslider fusion-flexslider-loading flexslider floated-slideshow flexslider-hover-type-zoomout\"><ul class=\"slides\"><li><a href=\"https:\/\/balticwind.eu\/de\/warum-gesundheitsaengste-vor-windkraftanlagen-verfangen-und-was-wirklich-dagegen-hilft\/\" aria-label=\"Warum Gesundheitsaengste vor Windkraftanlagen verfangen \u2014 und was wirklich dagegen hilft\" class=\"hover-type-zoomout\"><img decoding=\"async\" width=\"177\" height=\"142\" src=\"data:image\/svg+xml,%3Csvg%20xmlns%3D%27http%3A%2F%2Fwww.w3.org%2F2000%2Fsvg%27%20width%3D%27177%27%20height%3D%27142%27%20viewBox%3D%270%200%20177%20142%27%3E%3Crect%20width%3D%27177%27%20height%3D%27142%27%20fill-opacity%3D%220%22%2F%3E%3C%2Fsvg%3E\" data-orig-src=\"https:\/\/balticwind.eu\/wp-content\/uploads\/2026\/06\/filip-raciborski-medical-university-warsaw-177x142.png\" class=\"lazyload attachment-portfolio-five size-portfolio-five\" alt=\"\" \/><\/a><\/li><\/ul><\/div><div class=\"recent-posts-content\"><h4 class=\"entry-title\"><a style=\"color: #1f2a3b !important;\" href=\"https:\/\/balticwind.eu\/de\/warum-gesundheitsaengste-vor-windkraftanlagen-verfangen-und-was-wirklich-dagegen-hilft\/\">Warum Gesundheitsaengste vor Windkraftanlagen verfangen \u2014 und was wirklich dagegen hilft<\/a><\/h4><p class=\"meta\"><a href=\"https:\/\/balticwind.eu\/de\/category\/onshore-wind-aktuell\/\" rel=\"category tag\">Onshore-Wind Aktuell<\/a>, <a href=\"https:\/\/balticwind.eu\/de\/category\/polen\/\" rel=\"category tag\">Polen<\/a>, <a href=\"https:\/\/balticwind.eu\/de\/category\/sicherheit\/\" rel=\"category tag\">Sicherheit<\/a><span class=\"fusion-inline-sep\">|<\/span><\/p><\/div><\/article><article class=\"post fusion-column column col col-lg-12 col-md-12 col-sm-12 fusion-animated\" data-animationType=\"fadeInDown\" data-animationDuration=\"0.6\" data-animationOffset=\"100%\"><div class=\"fusion-flexslider fusion-flexslider-loading flexslider floated-slideshow flexslider-hover-type-zoomout\"><ul class=\"slides\"><li><a href=\"https:\/\/balticwind.eu\/de\/von-70-000-falschpublikationen-bis-zu-angriffen-auf-beschaeftigte-die-realen-kosten-der-windkraft-desinformation-in-polen\/\" aria-label=\"Von 70.000 Falschpublikationen bis zu Angriffen auf Beschaeftigte: die realen Kosten der Windkraft-Desinformation in Polen\" class=\"hover-type-zoomout\"><img decoding=\"async\" width=\"177\" height=\"142\" src=\"data:image\/svg+xml,%3Csvg%20xmlns%3D%27http%3A%2F%2Fwww.w3.org%2F2000%2Fsvg%27%20width%3D%27177%27%20height%3D%27142%27%20viewBox%3D%270%200%20177%20142%27%3E%3Crect%20width%3D%27177%27%20height%3D%27142%27%20fill-opacity%3D%220%22%2F%3E%3C%2Fsvg%3E\" data-orig-src=\"https:\/\/balticwind.eu\/wp-content\/uploads\/2026\/06\/offshore-wind-farm-turbines-sea-aerial-1-177x142.jpg\" class=\"lazyload attachment-portfolio-five size-portfolio-five\" alt=\"\" \/><\/a><\/li><\/ul><\/div><div class=\"recent-posts-content\"><h4 class=\"entry-title\"><a style=\"color: #1f2a3b !important;\" href=\"https:\/\/balticwind.eu\/de\/von-70-000-falschpublikationen-bis-zu-angriffen-auf-beschaeftigte-die-realen-kosten-der-windkraft-desinformation-in-polen\/\">Von 70.000 Falschpublikationen bis zu Angriffen auf Beschaeftigte: die realen Kosten der Windkraft-Desinformation in Polen<\/a><\/h4><p class=\"meta\"><a href=\"https:\/\/balticwind.eu\/de\/category\/onshore-wind-aktuell\/\" rel=\"category tag\">Onshore-Wind Aktuell<\/a>, <a href=\"https:\/\/balticwind.eu\/de\/category\/polen\/\" rel=\"category tag\">Polen<\/a>, <a href=\"https:\/\/balticwind.eu\/de\/category\/sicherheit\/\" rel=\"category tag\">Sicherheit<\/a><span class=\"fusion-inline-sep\">|<\/span><\/p><\/div><\/article><article class=\"post fusion-column column col col-lg-12 col-md-12 col-sm-12 fusion-animated\" data-animationType=\"fadeInDown\" data-animationDuration=\"0.6\" data-animationOffset=\"100%\"><div class=\"fusion-flexslider fusion-flexslider-loading flexslider floated-slideshow flexslider-hover-type-zoomout\"><ul class=\"slides\"><li><a href=\"https:\/\/balticwind.eu\/de\/nato-sichere-energieversorgung-ist-zentral-fuer-die-verteidigung-des-buendnisses\/\" aria-label=\"NATO: Sichere Energieversorgung ist zentral f\u00fcr die Verteidigung des B\u00fcndnisses\" class=\"hover-type-zoomout\"><img decoding=\"async\" width=\"177\" height=\"142\" src=\"data:image\/svg+xml,%3Csvg%20xmlns%3D%27http%3A%2F%2Fwww.w3.org%2F2000%2Fsvg%27%20width%3D%27177%27%20height%3D%27142%27%20viewBox%3D%270%200%20177%20142%27%3E%3Crect%20width%3D%27177%27%20height%3D%27142%27%20fill-opacity%3D%220%22%2F%3E%3C%2Fsvg%3E\" data-orig-src=\"https:\/\/balticwind.eu\/wp-content\/uploads\/2026\/06\/electricity-grid-transmission-lines-energy-177x142.jpg\" class=\"lazyload attachment-portfolio-five size-portfolio-five\" alt=\"\" \/><\/a><\/li><\/ul><\/div><div class=\"recent-posts-content\"><h4 class=\"entry-title\"><a style=\"color: #1f2a3b !important;\" href=\"https:\/\/balticwind.eu\/de\/nato-sichere-energieversorgung-ist-zentral-fuer-die-verteidigung-des-buendnisses\/\">NATO: Sichere Energieversorgung ist zentral f\u00fcr die Verteidigung des B\u00fcndnisses<\/a><\/h4><p class=\"meta\"><a href=\"https:\/\/balticwind.eu\/de\/category\/sicherheit\/\" rel=\"category tag\">Sicherheit<\/a><span class=\"fusion-inline-sep\">|<\/span><\/p><\/div><\/article><article class=\"post fusion-column column col col-lg-12 col-md-12 col-sm-12 fusion-animated\" data-animationType=\"fadeInDown\" data-animationDuration=\"0.6\" data-animationOffset=\"100%\"><div class=\"fusion-flexslider fusion-flexslider-loading flexslider floated-slideshow flexslider-hover-type-zoomout\"><ul class=\"slides\"><li><a href=\"https:\/\/balticwind.eu\/de\/eu-sanktionen-treffen-russlands-schattenflotte-und-energieeinnahmen\/\" aria-label=\"EU-Sanktionen treffen Russlands Schattenflotte und Energieeinnahmen\" class=\"hover-type-zoomout\"><img decoding=\"async\" width=\"177\" height=\"142\" src=\"data:image\/svg+xml,%3Csvg%20xmlns%3D%27http%3A%2F%2Fwww.w3.org%2F2000%2Fsvg%27%20width%3D%27177%27%20height%3D%27142%27%20viewBox%3D%270%200%20177%20142%27%3E%3Crect%20width%3D%27177%27%20height%3D%27142%27%20fill-opacity%3D%220%22%2F%3E%3C%2Fsvg%3E\" data-orig-src=\"https:\/\/balticwind.eu\/wp-content\/uploads\/2026\/06\/european-parliament-brussels-regulatory-policy-177x142.jpg\" class=\"lazyload attachment-portfolio-five size-portfolio-five\" alt=\"\" \/><\/a><\/li><\/ul><\/div><div class=\"recent-posts-content\"><h4 class=\"entry-title\"><a style=\"color: #1f2a3b !important;\" href=\"https:\/\/balticwind.eu\/de\/eu-sanktionen-treffen-russlands-schattenflotte-und-energieeinnahmen\/\">EU-Sanktionen treffen Russlands Schattenflotte und Energieeinnahmen<\/a><\/h4><p class=\"meta\"><a href=\"https:\/\/balticwind.eu\/de\/category\/regulierung\/\" rel=\"category tag\">Regulierung<\/a>, <a href=\"https:\/\/balticwind.eu\/de\/category\/sicherheit\/\" rel=\"category tag\">Sicherheit<\/a>, <a href=\"https:\/\/balticwind.eu\/de\/category\/top-news-de\/\" rel=\"category tag\">Top News<\/a><span class=\"fusion-inline-sep\">|<\/span><\/p><\/div><\/article><article class=\"post fusion-column column col col-lg-12 col-md-12 col-sm-12 fusion-animated\" data-animationType=\"fadeInDown\" data-animationDuration=\"0.6\" data-animationOffset=\"100%\"><div class=\"fusion-flexslider fusion-flexslider-loading flexslider floated-slideshow flexslider-hover-type-zoomout\"><ul class=\"slides\"><li><a href=\"https:\/\/balticwind.eu\/de\/marineuebung-baltops-2026-startet-nato-schiffe-verlassen-gdynia\/\" aria-label=\"Marine\u00fcbung BALTOPS 2026 startet \u2014 NATO-Schiffe verlassen Gdynia\" class=\"hover-type-zoomout\"><img decoding=\"async\" width=\"177\" height=\"142\" src=\"data:image\/svg+xml,%3Csvg%20xmlns%3D%27http%3A%2F%2Fwww.w3.org%2F2000%2Fsvg%27%20width%3D%27177%27%20height%3D%27142%27%20viewBox%3D%270%200%20177%20142%27%3E%3Crect%20width%3D%27177%27%20height%3D%27142%27%20fill-opacity%3D%220%22%2F%3E%3C%2Fsvg%3E\" data-orig-src=\"https:\/\/balticwind.eu\/wp-content\/uploads\/2026\/06\/port-harbour-logistics-offshore-supply-1-177x142.jpg\" class=\"lazyload attachment-portfolio-five size-portfolio-five\" alt=\"\" \/><\/a><\/li><\/ul><\/div><div class=\"recent-posts-content\"><h4 class=\"entry-title\"><a style=\"color: #1f2a3b !important;\" href=\"https:\/\/balticwind.eu\/de\/marineuebung-baltops-2026-startet-nato-schiffe-verlassen-gdynia\/\">Marine\u00fcbung BALTOPS 2026 startet \u2014 NATO-Schiffe verlassen Gdynia<\/a><\/h4><p class=\"meta\"><a href=\"https:\/\/balticwind.eu\/de\/category\/polen\/\" rel=\"category tag\">Polen<\/a>, <a href=\"https:\/\/balticwind.eu\/de\/category\/sicherheit\/\" rel=\"category tag\">Sicherheit<\/a><span class=\"fusion-inline-sep\">|<\/span><\/p><\/div><\/article><article class=\"post fusion-column column col col-lg-12 col-md-12 col-sm-12 fusion-animated\" data-animationType=\"fadeInDown\" data-animationDuration=\"0.6\" data-animationOffset=\"100%\"><div class=\"fusion-flexslider fusion-flexslider-loading flexslider floated-slideshow flexslider-hover-type-zoomout\"><ul class=\"slides\"><li><a href=\"https:\/\/balticwind.eu\/de\/russische-desinformation-gegen-windkraft-ist-eine-bedrohung-der-nationalen-sicherheit-warnen-polnische-experten\/\" aria-label=\"Russische Desinformation gegen Windkraft ist eine Bedrohung der nationalen Sicherheit, warnen polnische Experten\" class=\"hover-type-zoomout\"><img decoding=\"async\" width=\"177\" height=\"142\" src=\"data:image\/svg+xml,%3Csvg%20xmlns%3D%27http%3A%2F%2Fwww.w3.org%2F2000%2Fsvg%27%20width%3D%27177%27%20height%3D%27142%27%20viewBox%3D%270%200%20177%20142%27%3E%3Crect%20width%3D%27177%27%20height%3D%27142%27%20fill-opacity%3D%220%22%2F%3E%3C%2Fsvg%3E\" data-orig-src=\"https:\/\/balticwind.eu\/wp-content\/uploads\/2026\/06\/psew-debate-wind-energy-disinformation-177x142.png\" class=\"lazyload attachment-portfolio-five size-portfolio-five\" alt=\"\" \/><\/a><\/li><\/ul><\/div><div class=\"recent-posts-content\"><h4 class=\"entry-title\"><a style=\"color: #1f2a3b !important;\" href=\"https:\/\/balticwind.eu\/de\/russische-desinformation-gegen-windkraft-ist-eine-bedrohung-der-nationalen-sicherheit-warnen-polnische-experten\/\">Russische Desinformation gegen Windkraft ist eine Bedrohung der nationalen Sicherheit, warnen polnische Experten<\/a><\/h4><p class=\"meta\"><a href=\"https:\/\/balticwind.eu\/de\/category\/onshore-wind-aktuell\/\" rel=\"category tag\">Onshore-Wind Aktuell<\/a>, <a href=\"https:\/\/balticwind.eu\/de\/category\/polen\/\" rel=\"category tag\">Polen<\/a>, <a href=\"https:\/\/balticwind.eu\/de\/category\/sicherheit\/\" rel=\"category tag\">Sicherheit<\/a>, <a href=\"https:\/\/balticwind.eu\/de\/category\/top-news-de\/\" rel=\"category tag\">Top News<\/a><span class=\"fusion-inline-sep\">|<\/span><\/p><\/div><\/article><article class=\"post fusion-column column col col-lg-12 col-md-12 col-sm-12 fusion-animated\" data-animationType=\"fadeInDown\" data-animationDuration=\"0.6\" data-animationOffset=\"100%\"><div class=\"fusion-flexslider fusion-flexslider-loading flexslider floated-slideshow flexslider-hover-type-zoomout\"><ul class=\"slides\"><li><a href=\"https:\/\/balticwind.eu\/de\/fakten-gegen-mythen-experten-skizzieren-polens-kampf-gegen-windkraft-desinformation\/\" aria-label=\"Fakten gegen Mythen: Experten skizzieren Polens Kampf gegen Windkraft-Desinformation\" class=\"hover-type-zoomout\"><img decoding=\"async\" width=\"177\" height=\"142\" src=\"data:image\/svg+xml,%3Csvg%20xmlns%3D%27http%3A%2F%2Fwww.w3.org%2F2000%2Fsvg%27%20width%3D%27177%27%20height%3D%27142%27%20viewBox%3D%270%200%20177%20142%27%3E%3Crect%20width%3D%27177%27%20height%3D%27142%27%20fill-opacity%3D%220%22%2F%3E%3C%2Fsvg%3E\" data-orig-src=\"https:\/\/balticwind.eu\/wp-content\/uploads\/2026\/06\/psew-debate-wind-energy-disinformation-1-177x142.png\" class=\"lazyload attachment-portfolio-five size-portfolio-five\" alt=\"\" \/><\/a><\/li><\/ul><\/div><div class=\"recent-posts-content\"><h4 class=\"entry-title\"><a style=\"color: #1f2a3b !important;\" href=\"https:\/\/balticwind.eu\/de\/fakten-gegen-mythen-experten-skizzieren-polens-kampf-gegen-windkraft-desinformation\/\">Fakten gegen Mythen: Experten skizzieren Polens Kampf gegen Windkraft-Desinformation<\/a><\/h4><p class=\"meta\"><a href=\"https:\/\/balticwind.eu\/de\/category\/onshore-wind-aktuell\/\" rel=\"category tag\">Onshore-Wind Aktuell<\/a>, <a href=\"https:\/\/balticwind.eu\/de\/category\/polen\/\" rel=\"category tag\">Polen<\/a>, <a href=\"https:\/\/balticwind.eu\/de\/category\/sicherheit\/\" rel=\"category tag\">Sicherheit<\/a>, <a href=\"https:\/\/balticwind.eu\/de\/category\/veranstaltungen\/\" rel=\"category tag\">Veranstaltungen<\/a><span class=\"fusion-inline-sep\">|<\/span><\/p><\/div><\/article><article class=\"post fusion-column column col col-lg-12 col-md-12 col-sm-12 fusion-animated\" data-animationType=\"fadeInDown\" data-animationDuration=\"0.6\" data-animationOffset=\"100%\"><div class=\"fusion-flexslider fusion-flexslider-loading flexslider floated-slideshow flexslider-hover-type-zoomout\"><ul class=\"slides\"><li><a href=\"https:\/\/balticwind.eu\/de\/ein-langsames-eintroepfeln-von-gift-ministerin-zielinska-nennt-windkraft-desinformation-eine-bedrohung-der-staatssicherheit\/\" aria-label=\"&#8216;Ein langsames Eintroepfeln von Gift&#8217;: Ministerin Zielinska nennt Windkraft-Desinformation eine Bedrohung der Staatssicherheit\" class=\"hover-type-zoomout\"><img decoding=\"async\" width=\"177\" height=\"142\" src=\"data:image\/svg+xml,%3Csvg%20xmlns%3D%27http%3A%2F%2Fwww.w3.org%2F2000%2Fsvg%27%20width%3D%27177%27%20height%3D%27142%27%20viewBox%3D%270%200%20177%20142%27%3E%3Crect%20width%3D%27177%27%20height%3D%27142%27%20fill-opacity%3D%220%22%2F%3E%3C%2Fsvg%3E\" data-orig-src=\"https:\/\/balticwind.eu\/wp-content\/uploads\/2026\/06\/urszula-zielinska-ministry-climate-environment-177x142.png\" class=\"lazyload attachment-portfolio-five size-portfolio-five\" alt=\"\" \/><\/a><\/li><\/ul><\/div><div class=\"recent-posts-content\"><h4 class=\"entry-title\"><a style=\"color: #1f2a3b !important;\" href=\"https:\/\/balticwind.eu\/de\/ein-langsames-eintroepfeln-von-gift-ministerin-zielinska-nennt-windkraft-desinformation-eine-bedrohung-der-staatssicherheit\/\">&#8216;Ein langsames Eintroepfeln von Gift&#8217;: Ministerin Zielinska nennt Windkraft-Desinformation eine Bedrohung der Staatssicherheit<\/a><\/h4><p class=\"meta\"><a href=\"https:\/\/balticwind.eu\/de\/category\/onshore-wind-aktuell\/\" rel=\"category tag\">Onshore-Wind Aktuell<\/a>, <a href=\"https:\/\/balticwind.eu\/de\/category\/polen\/\" rel=\"category tag\">Polen<\/a>, <a href=\"https:\/\/balticwind.eu\/de\/category\/sicherheit\/\" rel=\"category tag\">Sicherheit<\/a><span class=\"fusion-inline-sep\">|<\/span><\/p><\/div><\/article><article class=\"post fusion-column column col col-lg-12 col-md-12 col-sm-12 fusion-animated\" data-animationType=\"fadeInDown\" data-animationDuration=\"0.6\" data-animationOffset=\"100%\"><div class=\"fusion-flexslider fusion-flexslider-loading flexslider floated-slideshow flexslider-hover-type-zoomout\"><ul class=\"slides\"><li><a href=\"https:\/\/balticwind.eu\/de\/aussenministerien-des-baltikums-der-nordischen-laender-und-der-usa-bekraeftigen-bei-e-pine-gespraechen-den-fokus-auf-transatlantische-sicherheit\/\" aria-label=\"Au\u00dfenministerien des Baltikums, der nordischen L\u00e4nder und der USA bekr\u00e4ftigen bei E-PINE-Gespr\u00e4chen den Fokus auf transatlantische Sicherheit\" class=\"hover-type-zoomout\"><img decoding=\"async\" width=\"177\" height=\"142\" src=\"data:image\/svg+xml,%3Csvg%20xmlns%3D%27http%3A%2F%2Fwww.w3.org%2F2000%2Fsvg%27%20width%3D%27177%27%20height%3D%27142%27%20viewBox%3D%270%200%20177%20142%27%3E%3Crect%20width%3D%27177%27%20height%3D%27142%27%20fill-opacity%3D%220%22%2F%3E%3C%2Fsvg%3E\" data-orig-src=\"https:\/\/balticwind.eu\/wp-content\/uploads\/2026\/06\/e-pine-baltic-nordic-us-transatlantic-security-177x142.jpg\" class=\"lazyload attachment-portfolio-five size-portfolio-five\" alt=\"\" \/><\/a><\/li><\/ul><\/div><div class=\"recent-posts-content\"><h4 class=\"entry-title\"><a style=\"color: #1f2a3b !important;\" href=\"https:\/\/balticwind.eu\/de\/aussenministerien-des-baltikums-der-nordischen-laender-und-der-usa-bekraeftigen-bei-e-pine-gespraechen-den-fokus-auf-transatlantische-sicherheit\/\">Au\u00dfenministerien des Baltikums, der nordischen L\u00e4nder und der USA bekr\u00e4ftigen bei E-PINE-Gespr\u00e4chen den Fokus auf transatlantische Sicherheit<\/a><\/h4><p class=\"meta\"><a href=\"https:\/\/balticwind.eu\/de\/category\/estland-de\/\" rel=\"category tag\">Estland<\/a>, <a href=\"https:\/\/balticwind.eu\/de\/category\/lettland\/\" rel=\"category tag\">Lettland<\/a>, <a href=\"https:\/\/balticwind.eu\/de\/category\/sicherheit\/\" rel=\"category tag\">Sicherheit<\/a><span class=\"fusion-inline-sep\">|<\/span><\/p><\/div><\/article><article class=\"post fusion-column column col col-lg-12 col-md-12 col-sm-12 fusion-animated\" data-animationType=\"fadeInDown\" data-animationDuration=\"0.6\" data-animationOffset=\"100%\"><div class=\"fusion-flexslider fusion-flexslider-loading flexslider floated-slideshow flexslider-hover-type-zoomout\"><ul class=\"slides\"><li><a href=\"https:\/\/balticwind.eu\/de\/norwegen-wird-vollmitglied-der-eu-strategie-fuer-den-ostseeraum\/\" aria-label=\"Norwegen wird Vollmitglied der EU-Strategie f\u00fcr den Ostseeraum\" class=\"hover-type-zoomout\"><img decoding=\"async\" width=\"177\" height=\"142\" src=\"data:image\/svg+xml,%3Csvg%20xmlns%3D%27http%3A%2F%2Fwww.w3.org%2F2000%2Fsvg%27%20width%3D%27177%27%20height%3D%27142%27%20viewBox%3D%270%200%20177%20142%27%3E%3Crect%20width%3D%27177%27%20height%3D%27142%27%20fill-opacity%3D%220%22%2F%3E%3C%2Fsvg%3E\" data-orig-src=\"https:\/\/balticwind.eu\/wp-content\/uploads\/2026\/06\/norway-full-member-eu-strategy-baltic-sea-region-177x142.jpg\" class=\"lazyload attachment-portfolio-five size-portfolio-five\" alt=\"\" \/><\/a><\/li><\/ul><\/div><div class=\"recent-posts-content\"><h4 class=\"entry-title\"><a style=\"color: #1f2a3b !important;\" href=\"https:\/\/balticwind.eu\/de\/norwegen-wird-vollmitglied-der-eu-strategie-fuer-den-ostseeraum\/\">Norwegen wird Vollmitglied der EU-Strategie f\u00fcr den Ostseeraum<\/a><\/h4><p class=\"meta\"><a href=\"https:\/\/balticwind.eu\/de\/category\/regulierung\/\" rel=\"category tag\">Regulierung<\/a>, <a href=\"https:\/\/balticwind.eu\/de\/category\/sicherheit\/\" rel=\"category tag\">Sicherheit<\/a><span class=\"fusion-inline-sep\">|<\/span><\/p><\/div><\/article><\/section><div class=\"fusion-infinite-scroll-trigger\"><\/div><div class=\"pagination infinite-scroll clearfix\" style=\"display:none;\"><span class=\"current\">1<\/span><a href=\"https:\/\/balticwind.eu\/de\/wp-json\/wp\/v2\/pages\/47664\/page\/2\/\" class=\"inactive\">2<\/a><a class=\"pagination-next\" rel=\"next\" href=\"https:\/\/balticwind.eu\/de\/wp-json\/wp\/v2\/pages\/47664\/page\/2\/\"><span class=\"page-text\">Next<\/span><span class=\"page-next\"><\/span><\/a><\/div><div class=\"fusion-clearfix\"><\/div><button class=\"fusion-load-more-button fusion-blog-button fusion-clearfix\">Load More Posts<\/button><\/div><\/div><style type=\"text\/css\">.fusion-body .fusion-builder-column-4{width:100% !important;margin-top : 0px;margin-bottom : 20px;}.fusion-builder-column-4 > .fusion-column-wrapper {padding-top : 0px !important;padding-right : 0px !important;margin-right : 1.92%;padding-bottom : 0px !important;padding-left : 0px !important;margin-left : 1.92%;}@media only screen and (max-width:1024px) {.fusion-body .fusion-builder-column-4{width:100% !important;order : 0;}.fusion-builder-column-4 > .fusion-column-wrapper {margin-right : 1.92%;margin-left : 1.92%;}}@media only screen and (max-width:640px) {.fusion-body .fusion-builder-column-4{width:100% !important;order : 0;}.fusion-builder-column-4 > .fusion-column-wrapper {margin-right : 1.92%;margin-left : 1.92%;}}<\/style><\/div><\/div><style type=\"text\/css\">.fusion-body .fusion-flex-container.fusion-builder-row-5{ padding-top : 0px;margin-top : 0px;padding-right : 0px;padding-bottom : 0px;margin-bottom : 0px;padding-left : 0px;}<\/style><\/div><div class=\"fusion-fullwidth fullwidth-box fusion-builder-row-6 fusion-flex-container nonhundred-percent-fullwidth non-hundred-percent-height-scrolling fusion-no-small-visibility fusion-no-medium-visibility\" style=\"background-color: #ffffff;background-position: center center;background-repeat: no-repeat;border-width: 0px 0px 0px 0px;border-color:#eaeaea;border-style:solid;\" ><div class=\"fusion-builder-row fusion-row fusion-flex-align-items-flex-start\" style=\"max-width:1289.6px;margin-left: calc(-4% \/ 2 );margin-right: calc(-4% \/ 2 );\"><div class=\"fusion-layout-column fusion_builder_column fusion-builder-column-5 fusion_builder_column_1_1 1_1 fusion-flex-column\"><div class=\"fusion-column-wrapper fusion-flex-justify-content-flex-start fusion-content-layout-column\" style=\"background-position:left top;background-repeat:no-repeat;-webkit-background-size:cover;-moz-background-size:cover;-o-background-size:cover;background-size:cover;padding: 0px 0px 0px 0px;\"><div class=\"fusion-builder-row fusion-builder-row-inner fusion-row fusion-flex-align-items-flex-start\" style=\"width:104% !important;max-width:104% !important;margin-left: calc(-4% \/ 2 );margin-right: calc(-4% \/ 2 );\"><div class=\"fusion-layout-column fusion_builder_column_inner fusion-builder-nested-column-0 fusion_builder_column_inner_2_3 2_3 fusion-flex-column\"><div class=\"fusion-column-wrapper fusion-flex-justify-content-flex-start fusion-content-layout-column\" style=\"background-position:left top;background-repeat:no-repeat;-webkit-background-size:cover;-moz-background-size:cover;-o-background-size:cover;background-size:cover;padding: 0px 0px 0px 0px;\"><div class=\"fusion-separator fusion-full-width-sep\" style=\"align-self: center;margin-left: auto;margin-right: auto;margin-bottom:10px;width:100%;max-width:100%;\"><div class=\"fusion-separator-border sep-single sep-solid\" style=\"border-color:#1f2a3b;border-top-width:12px;\"><\/div><\/div><style type=\"text\/css\">@media only screen and (max-width:1024px) {.fusion-title.fusion-title-4{margin-top:-15px!important; margin-right:0px!important;margin-bottom:20px!important;margin-left:0px!important;}}@media only screen and (max-width:640px) {.fusion-title.fusion-title-4{margin-top:0px!important; margin-right:0px!important;margin-bottom:20px!important; margin-left:0px!important;}}<\/style><div class=\"fusion-title title fusion-title-4 fusion-title-text fusion-title-size-five\" style=\"margin-top:-15px;margin-right:0px;margin-bottom:20px;margin-left:0px;\"><div class=\"title-sep-container title-sep-container-left fusion-no-large-visibility fusion-no-medium-visibility fusion-no-small-visibility\"><div class=\"title-sep sep-\" style=\"border-color:#eaeaea;\"><\/div><\/div><h5 class=\"title-heading-left fusion-responsive-typography-calculated\" style=\"margin:0;--fontSize:17;line-height:1.76;\"><h5 style=\"text-align: left;\">LATEST ARTICLES<\/h5><\/h5><div class=\"title-sep-container title-sep-container-right\"><div class=\"title-sep sep-\" style=\"border-color:#eaeaea;\"><\/div><\/div><\/div><div class=\"fusion-blog-shortcode fusion-blog-shortcode-3 fusion-blog-archive fusion-blog-layout-medium-alternate fusion-blog-infinite\"><div class=\"fusion-posts-container fusion-posts-container-infinite fusion-posts-container-load-more\" data-pages=\"2\"><article id=\"blog-3-post-48091\" class=\"fusion-post-medium-alternate post-48091 post type-post status-publish format-standard has-post-thumbnail hentry category-editors-choice-de category-polen category-regulierung category-sicherheit\">\n<div class=\"fusion-date-and-formats\"><div class=\"fusion-date-box updated\"><span class=\"fusion-date\">26<\/span><span class=\"fusion-month-year\">08, 2026<\/span><\/div><div class=\"fusion-format-box\"><i class=\"fusion-icon-pen\" aria-hidden=\"true\"><\/i><\/div><\/div>\t<style type=\"text\/css\">\n\t\t\n\t\t\n\t\t\n\t\t\n\t\t\t<\/style>\n\n\n\t\t\t<div class=\"fusion-flexslider flexslider fusion-flexslider-loading fusion-post-slideshow\" style=\"\">\n\t\t<ul class=\"slides\">\n\t\t\t\n\t\t\t\t\t\t\t\t\t\t\t\t\t\t<li>\n\n<div  class=\"fusion-image-wrapper fusion-image-size-fixed\" aria-haspopup=\"true\">\n\t\n\t\n\t\t\t\n\t\t\t\t<a href=\"https:\/\/balticwind.eu\/de\/security-by-design-wie-der-offshore-ausbau-in-der-ostsee-zur-verteidigungsfrage-wurde\/\" aria-label=\"Security by Design: Wie der Offshore-Ausbau in der Ostsee zur Verteidigungsfrage wurde\">\n\t\t\n\t\t\n\t\t\t\t\t<img decoding=\"async\" width=\"320\" height=\"202\" src=\"https:\/\/balticwind.eu\/wp-content\/uploads\/2026\/08\/security-by-design-baltic-offshore-wind-defence-question-320x202.jpg\" class=\"attachment-blog-medium size-blog-medium lazyload wp-post-image\" alt=\"\" srcset=\"data:image\/svg+xml,%3Csvg%20xmlns%3D%27http%3A%2F%2Fwww.w3.org%2F2000%2Fsvg%27%20width%3D%271600%27%20height%3D%27900%27%20viewBox%3D%270%200%201600%20900%27%3E%3Crect%20width%3D%271600%27%20height%3D%27900%27%20fill-opacity%3D%220%22%2F%3E%3C%2Fsvg%3E\" data-orig-src=\"https:\/\/balticwind.eu\/wp-content\/uploads\/2026\/08\/security-by-design-baltic-offshore-wind-defence-question-320x202.jpg\" data-srcset=\"https:\/\/balticwind.eu\/wp-content\/uploads\/2026\/08\/security-by-design-baltic-offshore-wind-defence-question-320x202.jpg 320w, https:\/\/balticwind.eu\/wp-content\/uploads\/2026\/08\/security-by-design-baltic-offshore-wind-defence-question-700x441.jpg 700w\" data-sizes=\"auto\" \/>\n\t\n\n\n\t\t\t\t<\/a>\n\t\t\n\t\n<\/div>\n<\/li>\n\t\t\t\n\t\t\t\n\t\t\t\t\t\t\t\t\t\t\t\t\t\t\t\t\t\t\t\t\t\t\t\t\t\t\t\t\t\t\t\t\t\t\t\t\t\t\t\t\t\t\t\t\t\t\t\t\t\t\t\t\t\t\t\t\t\t\t\t\t\t\t\t\t\t\t\t<\/ul>\n\t<\/div>\n\t<div class=\"fusion-post-content post-content\"><h2 class=\"blog-shortcode-post-title entry-title\"><a href=\"https:\/\/balticwind.eu\/de\/security-by-design-wie-der-offshore-ausbau-in-der-ostsee-zur-verteidigungsfrage-wurde\/\">Security by Design: Wie der Offshore-Ausbau in der Ostsee zur Verteidigungsfrage wurde<\/a><\/h2><p class=\"fusion-single-line-meta\"><a href=\"https:\/\/balticwind.eu\/de\/category\/editors-choice-de\/\" rel=\"category tag\">Auswahl der Redaktion<\/a>, <a href=\"https:\/\/balticwind.eu\/de\/category\/polen\/\" rel=\"category tag\">Polen<\/a>, <a href=\"https:\/\/balticwind.eu\/de\/category\/regulierung\/\" rel=\"category tag\">Regulierung<\/a>, <a href=\"https:\/\/balticwind.eu\/de\/category\/sicherheit\/\" rel=\"category tag\">Sicherheit<\/a><span class=\"fusion-inline-sep\">|<\/span><\/p><div class=\"fusion-post-content-container\"><p>Gipfelerkl\u00e4rungen, ein NATO-Finanzierungsvorschlag und ein finnisches Lagebild weisen in dieselbe Richtung: Offshore-Wind in der Ostsee gilt als kritische Infrastruktur. Polen zeigt, was das konkret bedeutet.<\/p><\/div><\/div><div class=\"fusion-clearfix\"><\/div><\/article>\n<article id=\"blog-3-post-48031\" class=\"fusion-post-medium-alternate post-48031 post type-post status-publish format-standard has-post-thumbnail hentry category-regulierung category-sicherheit\">\n<div class=\"fusion-date-and-formats\"><div class=\"fusion-date-box updated\"><span class=\"fusion-date\">24<\/span><span class=\"fusion-month-year\">08, 2026<\/span><\/div><div class=\"fusion-format-box\"><i class=\"fusion-icon-pen\" aria-hidden=\"true\"><\/i><\/div><\/div>\t<style type=\"text\/css\">\n\t\t\n\t\t\n\t\t\n\t\t\n\t\t\t<\/style>\n\n\n\t\t\t<div class=\"fusion-flexslider flexslider fusion-flexslider-loading fusion-post-slideshow\" style=\"\">\n\t\t<ul class=\"slides\">\n\t\t\t\n\t\t\t\t\t\t\t\t\t\t\t\t\t\t<li>\n\n<div  class=\"fusion-image-wrapper fusion-image-size-fixed\" aria-haspopup=\"true\">\n\t\n\t\n\t\t\t\n\t\t\t\t<a href=\"https:\/\/balticwind.eu\/de\/hitze-und-niedrigwasser-setzen-europas-kernkraft-zu-rumaenien-erstmals-seit-2003-ohne-atomstrom\/\" aria-label=\"Hitze und Niedrigwasser setzen Europas Kernkraft zu \u2013 Rum\u00e4nien erstmals seit 2003 ohne Atomstrom\">\n\t\t\n\t\t\n\t\t\t\t\t<img decoding=\"async\" width=\"320\" height=\"202\" src=\"https:\/\/balticwind.eu\/wp-content\/uploads\/2026\/08\/european-nuclear-heat-low-water-romania-offline-first-since-2003-320x202.jpg\" class=\"attachment-blog-medium size-blog-medium lazyload wp-post-image\" alt=\"\" srcset=\"data:image\/svg+xml,%3Csvg%20xmlns%3D%27http%3A%2F%2Fwww.w3.org%2F2000%2Fsvg%27%20width%3D%271600%27%20height%3D%27900%27%20viewBox%3D%270%200%201600%20900%27%3E%3Crect%20width%3D%271600%27%20height%3D%27900%27%20fill-opacity%3D%220%22%2F%3E%3C%2Fsvg%3E\" data-orig-src=\"https:\/\/balticwind.eu\/wp-content\/uploads\/2026\/08\/european-nuclear-heat-low-water-romania-offline-first-since-2003-320x202.jpg\" data-srcset=\"https:\/\/balticwind.eu\/wp-content\/uploads\/2026\/08\/european-nuclear-heat-low-water-romania-offline-first-since-2003-320x202.jpg 320w, https:\/\/balticwind.eu\/wp-content\/uploads\/2026\/08\/european-nuclear-heat-low-water-romania-offline-first-since-2003-700x441.jpg 700w\" data-sizes=\"auto\" \/>\n\t\n\n\n\t\t\t\t<\/a>\n\t\t\n\t\n<\/div>\n<\/li>\n\t\t\t\n\t\t\t\n\t\t\t\t\t\t\t\t\t\t\t\t\t\t\t\t\t\t\t\t\t\t\t\t\t\t\t\t\t\t\t\t\t\t\t\t\t\t\t\t\t\t\t\t\t\t\t\t\t\t\t\t\t\t\t\t\t\t\t\t\t\t\t\t\t\t\t\t<\/ul>\n\t<\/div>\n\t<div class=\"fusion-post-content post-content\"><h2 class=\"blog-shortcode-post-title entry-title\"><a href=\"https:\/\/balticwind.eu\/de\/hitze-und-niedrigwasser-setzen-europas-kernkraft-zu-rumaenien-erstmals-seit-2003-ohne-atomstrom\/\">Hitze und Niedrigwasser setzen Europas Kernkraft zu \u2013 Rum\u00e4nien erstmals seit 2003 ohne Atomstrom<\/a><\/h2><p class=\"fusion-single-line-meta\"><a href=\"https:\/\/balticwind.eu\/de\/category\/regulierung\/\" rel=\"category tag\">Regulierung<\/a>, <a href=\"https:\/\/balticwind.eu\/de\/category\/sicherheit\/\" rel=\"category tag\">Sicherheit<\/a><span class=\"fusion-inline-sep\">|<\/span><\/p><div class=\"fusion-post-content-container\"><p>Anhaltende Hitze und niedrige Flusspegel dr\u00fcckten Europas Kernstromerzeugung; Rum\u00e4nien war erstmals seit 2003 ohne Atomstrom.<\/p><\/div><\/div><div class=\"fusion-clearfix\"><\/div><\/article>\n<article id=\"blog-3-post-47722\" class=\"fusion-post-medium-alternate post-47722 post type-post status-publish format-standard has-post-thumbnail hentry category-offshore-wind-aktuell category-schweden category-sicherheit category-top-news-de\">\n<div class=\"fusion-date-and-formats\"><div class=\"fusion-date-box updated\"><span class=\"fusion-date\">27<\/span><span class=\"fusion-month-year\">07, 2026<\/span><\/div><div class=\"fusion-format-box\"><i class=\"fusion-icon-pen\" aria-hidden=\"true\"><\/i><\/div><\/div>\t<style type=\"text\/css\">\n\t\t\n\t\t\n\t\t\n\t\t\n\t\t\t<\/style>\n\n\n\t\t\t<div class=\"fusion-flexslider flexslider fusion-flexslider-loading fusion-post-slideshow\" style=\"\">\n\t\t<ul class=\"slides\">\n\t\t\t\n\t\t\t\t\t\t\t\t\t\t\t\t\t\t<li>\n\n<div  class=\"fusion-image-wrapper fusion-image-size-fixed\" aria-haspopup=\"true\">\n\t\n\t\n\t\t\t\n\t\t\t\t<a href=\"https:\/\/balticwind.eu\/de\/schweden-lehnt-eolus-offshore-windprojekte-aus-verteidigungsgruenden-ab\/\" aria-label=\"Schweden lehnt Eolus-Offshore-Windprojekte aus Verteidigungsgr\u00fcnden ab\">\n\t\t\n\t\t\n\t\t\t\t\t<img decoding=\"async\" width=\"320\" height=\"202\" src=\"https:\/\/balticwind.eu\/wp-content\/uploads\/2026\/07\/sweden-rejects-eolus-offshore-wind-defence-320x202.jpg\" class=\"attachment-blog-medium size-blog-medium lazyload wp-post-image\" alt=\"\" srcset=\"data:image\/svg+xml,%3Csvg%20xmlns%3D%27http%3A%2F%2Fwww.w3.org%2F2000%2Fsvg%27%20width%3D%271600%27%20height%3D%27900%27%20viewBox%3D%270%200%201600%20900%27%3E%3Crect%20width%3D%271600%27%20height%3D%27900%27%20fill-opacity%3D%220%22%2F%3E%3C%2Fsvg%3E\" data-orig-src=\"https:\/\/balticwind.eu\/wp-content\/uploads\/2026\/07\/sweden-rejects-eolus-offshore-wind-defence-320x202.jpg\" data-srcset=\"https:\/\/balticwind.eu\/wp-content\/uploads\/2026\/07\/sweden-rejects-eolus-offshore-wind-defence-320x202.jpg 320w, https:\/\/balticwind.eu\/wp-content\/uploads\/2026\/07\/sweden-rejects-eolus-offshore-wind-defence-700x441.jpg 700w\" data-sizes=\"auto\" \/>\n\t\n\n\n\t\t\t\t<\/a>\n\t\t\n\t\n<\/div>\n<\/li>\n\t\t\t\n\t\t\t\n\t\t\t\t\t\t\t\t\t\t\t\t\t\t\t\t\t\t\t\t\t\t\t\t\t\t\t\t\t\t\t\t\t\t\t\t\t\t\t\t\t\t\t\t\t\t\t\t\t\t\t\t\t\t\t\t\t\t\t\t\t\t\t\t\t\t\t\t<\/ul>\n\t<\/div>\n\t<div class=\"fusion-post-content post-content\"><h2 class=\"blog-shortcode-post-title entry-title\"><a href=\"https:\/\/balticwind.eu\/de\/schweden-lehnt-eolus-offshore-windprojekte-aus-verteidigungsgruenden-ab\/\">Schweden lehnt Eolus-Offshore-Windprojekte aus Verteidigungsgr\u00fcnden ab<\/a><\/h2><p class=\"fusion-single-line-meta\"><a href=\"https:\/\/balticwind.eu\/de\/category\/offshore-wind-aktuell\/\" rel=\"category tag\">Offshore-Wind Aktuell<\/a>, <a href=\"https:\/\/balticwind.eu\/de\/category\/schweden\/\" rel=\"category tag\">Schweden<\/a>, <a href=\"https:\/\/balticwind.eu\/de\/category\/sicherheit\/\" rel=\"category tag\">Sicherheit<\/a>, <a href=\"https:\/\/balticwind.eu\/de\/category\/top-news-de\/\" rel=\"category tag\">Top News<\/a><span class=\"fusion-inline-sep\">|<\/span><\/p><div class=\"fusion-post-content-container\"><p>Schweden lehnt die Eolus-Projekte Vaestvind und Najaderna aus Verteidigungsgr\u00fcnden ab - Teil einer Runde mit elf Absagen und dem Wechsel zu Ausschreibungen.<\/p><\/div><\/div><div class=\"fusion-clearfix\"><\/div><\/article>\n<article id=\"blog-3-post-47652\" class=\"fusion-post-medium-alternate post-47652 post type-post status-publish format-standard has-post-thumbnail hentry category-editors-choice-de category-meinungen category-polen category-sicherheit\">\n<div class=\"fusion-date-and-formats\"><div class=\"fusion-date-box updated\"><span class=\"fusion-date\">22<\/span><span class=\"fusion-month-year\">07, 2026<\/span><\/div><div class=\"fusion-format-box\"><i class=\"fusion-icon-pen\" aria-hidden=\"true\"><\/i><\/div><\/div>\t<style type=\"text\/css\">\n\t\t\n\t\t\n\t\t\n\t\t\n\t\t\t<\/style>\n\n\n\t\t\t<div class=\"fusion-flexslider flexslider fusion-flexslider-loading fusion-post-slideshow\" style=\"\">\n\t\t<ul class=\"slides\">\n\t\t\t\n\t\t\t\t\t\t\t\t\t\t\t\t\t\t<li>\n\n<div  class=\"fusion-image-wrapper fusion-image-size-fixed\" aria-haspopup=\"true\">\n\t\n\t\n\t\t\t\n\t\t\t\t<a href=\"https:\/\/balticwind.eu\/de\/polens-desinformationskrieg-um-die-windkraft-behauptungen-und-was-die-forschung-zeigt\/\" aria-label=\"Polens Desinformationskrieg um die Windkraft: Behauptungen und was die Forschung zeigt\">\n\t\t\n\t\t\n\t\t\t\t\t<img decoding=\"async\" width=\"320\" height=\"202\" src=\"https:\/\/balticwind.eu\/wp-content\/uploads\/2026\/07\/polands-wind-disinformation-war-the-claims-and-what-the-evidence-shows-320x202.jpg\" class=\"attachment-blog-medium size-blog-medium lazyload wp-post-image\" alt=\"\" srcset=\"data:image\/svg+xml,%3Csvg%20xmlns%3D%27http%3A%2F%2Fwww.w3.org%2F2000%2Fsvg%27%20width%3D%271600%27%20height%3D%27900%27%20viewBox%3D%270%200%201600%20900%27%3E%3Crect%20width%3D%271600%27%20height%3D%27900%27%20fill-opacity%3D%220%22%2F%3E%3C%2Fsvg%3E\" data-orig-src=\"https:\/\/balticwind.eu\/wp-content\/uploads\/2026\/07\/polands-wind-disinformation-war-the-claims-and-what-the-evidence-shows-320x202.jpg\" data-srcset=\"https:\/\/balticwind.eu\/wp-content\/uploads\/2026\/07\/polands-wind-disinformation-war-the-claims-and-what-the-evidence-shows-320x202.jpg 320w, https:\/\/balticwind.eu\/wp-content\/uploads\/2026\/07\/polands-wind-disinformation-war-the-claims-and-what-the-evidence-shows-700x441.jpg 700w\" data-sizes=\"auto\" \/>\n\t\n\n\n\t\t\t\t<\/a>\n\t\t\n\t\n<\/div>\n<\/li>\n\t\t\t\n\t\t\t\n\t\t\t\t\t\t\t\t\t\t\t\t\t\t\t\t\t\t\t\t\t\t\t\t\t\t\t\t\t\t\t\t\t\t\t\t\t\t\t\t\t\t\t\t\t\t\t\t\t\t\t\t\t\t\t\t\t\t\t\t\t\t\t\t\t\t\t\t<\/ul>\n\t<\/div>\n\t<div class=\"fusion-post-content post-content\"><h2 class=\"blog-shortcode-post-title entry-title\"><a href=\"https:\/\/balticwind.eu\/de\/polens-desinformationskrieg-um-die-windkraft-behauptungen-und-was-die-forschung-zeigt\/\">Polens Desinformationskrieg um die Windkraft: Behauptungen und was die Forschung zeigt<\/a><\/h2><p class=\"fusion-single-line-meta\"><a href=\"https:\/\/balticwind.eu\/de\/category\/editors-choice-de\/\" rel=\"category tag\">Auswahl der Redaktion<\/a>, <a href=\"https:\/\/balticwind.eu\/de\/category\/meinungen\/\" rel=\"category tag\">Meinungen<\/a>, <a href=\"https:\/\/balticwind.eu\/de\/category\/polen\/\" rel=\"category tag\">Polen<\/a>, <a href=\"https:\/\/balticwind.eu\/de\/category\/sicherheit\/\" rel=\"category tag\">Sicherheit<\/a><span class=\"fusion-inline-sep\">|<\/span><\/p><div class=\"fusion-post-content-container\"><p>Vertraute Behauptungen stellen die polnische Windkraft als ungesund, unzuverl\u00e4ssig und unwirtschaftlich dar. Immer mehr Studien zeigen, woher diese Narrative stammen, was sie kosten und warum Polens eigenes Grajewo-Modell die Antwort weist.<\/p><\/div><\/div><div class=\"fusion-clearfix\"><\/div><\/article>\n<article id=\"blog-3-post-47471\" class=\"fusion-post-medium-alternate post-47471 post type-post status-publish format-standard has-post-thumbnail hentry category-sicherheit\">\n<div class=\"fusion-date-and-formats\"><div class=\"fusion-date-box updated\"><span class=\"fusion-date\">8<\/span><span class=\"fusion-month-year\">07, 2026<\/span><\/div><div class=\"fusion-format-box\"><i class=\"fusion-icon-pen\" aria-hidden=\"true\"><\/i><\/div><\/div>\t<style type=\"text\/css\">\n\t\t\n\t\t\n\t\t\n\t\t\n\t\t\t<\/style>\n\n\n\t\t\t<div class=\"fusion-flexslider flexslider fusion-flexslider-loading fusion-post-slideshow\" style=\"\">\n\t\t<ul class=\"slides\">\n\t\t\t\n\t\t\t\t\t\t\t\t\t\t\t\t\t\t<li>\n\n<div  class=\"fusion-image-wrapper fusion-image-size-fixed\" aria-haspopup=\"true\">\n\t\n\t\n\t\t\t\n\t\t\t\t<a href=\"https:\/\/balticwind.eu\/de\/iea-iwf-weltbank-und-wto-warnen-krieg-im-nahen-osten-belastet-die-globale-energieversorgung\/\" aria-label=\"IEA, IWF, Weltbank und WTO warnen: Krieg im Nahen Osten belastet die globale Energieversorgung\">\n\t\t\n\t\t\n\t\t\t\t\t<img decoding=\"async\" width=\"320\" height=\"202\" src=\"https:\/\/balticwind.eu\/wp-content\/uploads\/2026\/07\/iea-imf-world-bank-wto-energy-supply-warning-320x202.jpg\" class=\"attachment-blog-medium size-blog-medium lazyload wp-post-image\" alt=\"\" srcset=\"data:image\/svg+xml,%3Csvg%20xmlns%3D%27http%3A%2F%2Fwww.w3.org%2F2000%2Fsvg%27%20width%3D%271920%27%20height%3D%272560%27%20viewBox%3D%270%200%201920%202560%27%3E%3Crect%20width%3D%271920%27%20height%3D%272560%27%20fill-opacity%3D%220%22%2F%3E%3C%2Fsvg%3E\" data-orig-src=\"https:\/\/balticwind.eu\/wp-content\/uploads\/2026\/07\/iea-imf-world-bank-wto-energy-supply-warning-320x202.jpg\" data-srcset=\"https:\/\/balticwind.eu\/wp-content\/uploads\/2026\/07\/iea-imf-world-bank-wto-energy-supply-warning-320x202.jpg 320w, https:\/\/balticwind.eu\/wp-content\/uploads\/2026\/07\/iea-imf-world-bank-wto-energy-supply-warning-700x441.jpg 700w\" data-sizes=\"auto\" \/>\n\t\n\n\n\t\t\t\t<\/a>\n\t\t\n\t\n<\/div>\n<\/li>\n\t\t\t\n\t\t\t\n\t\t\t\t\t\t\t\t\t\t\t\t\t\t\t\t\t\t\t\t\t\t\t\t\t\t\t\t\t\t\t\t\t\t\t\t\t\t\t\t\t\t\t\t\t\t\t\t\t\t\t\t\t\t\t\t\t\t\t\t\t\t\t\t\t\t\t\t<\/ul>\n\t<\/div>\n\t<div class=\"fusion-post-content post-content\"><h2 class=\"blog-shortcode-post-title entry-title\"><a href=\"https:\/\/balticwind.eu\/de\/iea-iwf-weltbank-und-wto-warnen-krieg-im-nahen-osten-belastet-die-globale-energieversorgung\/\">IEA, IWF, Weltbank und WTO warnen: Krieg im Nahen Osten belastet die globale Energieversorgung<\/a><\/h2><p class=\"fusion-single-line-meta\"><a href=\"https:\/\/balticwind.eu\/de\/category\/sicherheit\/\" rel=\"category tag\">Sicherheit<\/a><span class=\"fusion-inline-sep\">|<\/span><\/p><div class=\"fusion-post-content-container\"><p>IEA, IWF, Weltbank und WTO warnen gemeinsam, dass der Nahost-Krieg die globale Energieversorgung belastet \u2013 mit Rekord-Abbau der \u00d6lvorr\u00e4te \u00fcber die Stra\u00dfe von Hormus und h\u00f6heren Kraftstoff- und D\u00fcngemittelpreisen.<\/p><\/div><\/div><div class=\"fusion-clearfix\"><\/div><\/article>\n<article id=\"blog-3-post-47432\" class=\"fusion-post-medium-alternate post-47432 post type-post status-publish format-standard has-post-thumbnail hentry category-regulierung category-sicherheit\">\n<div class=\"fusion-date-and-formats\"><div class=\"fusion-date-box updated\"><span class=\"fusion-date\">5<\/span><span class=\"fusion-month-year\">07, 2026<\/span><\/div><div class=\"fusion-format-box\"><i class=\"fusion-icon-pen\" aria-hidden=\"true\"><\/i><\/div><\/div>\t<style type=\"text\/css\">\n\t\t\n\t\t\n\t\t\n\t\t\n\t\t\t<\/style>\n\n\n\t\t\t<div class=\"fusion-flexslider flexslider fusion-flexslider-loading fusion-post-slideshow\" style=\"\">\n\t\t<ul class=\"slides\">\n\t\t\t\n\t\t\t\t\t\t\t\t\t\t\t\t\t\t<li>\n\n<div  class=\"fusion-image-wrapper fusion-image-size-fixed\" aria-haspopup=\"true\">\n\t\n\t\n\t\t\t\n\t\t\t\t<a href=\"https:\/\/balticwind.eu\/de\/windeurope-fordert-eu-auf-ets-einnahmen-in-industrielle-elektrifizierung-zu-lenken\/\" aria-label=\"WindEurope fordert EU auf, ETS-Einnahmen in industrielle Elektrifizierung zu lenken\">\n\t\t\n\t\t\n\t\t\t\t\t<img decoding=\"async\" width=\"320\" height=\"202\" src=\"https:\/\/balticwind.eu\/wp-content\/uploads\/2026\/07\/windeurope-ets-industrial-electrification-320x202.jpg\" class=\"attachment-blog-medium size-blog-medium lazyload wp-post-image\" alt=\"\" srcset=\"data:image\/svg+xml,%3Csvg%20xmlns%3D%27http%3A%2F%2Fwww.w3.org%2F2000%2Fsvg%27%20width%3D%272560%27%20height%3D%271707%27%20viewBox%3D%270%200%202560%201707%27%3E%3Crect%20width%3D%272560%27%20height%3D%271707%27%20fill-opacity%3D%220%22%2F%3E%3C%2Fsvg%3E\" data-orig-src=\"https:\/\/balticwind.eu\/wp-content\/uploads\/2026\/07\/windeurope-ets-industrial-electrification-320x202.jpg\" data-srcset=\"https:\/\/balticwind.eu\/wp-content\/uploads\/2026\/07\/windeurope-ets-industrial-electrification-320x202.jpg 320w, https:\/\/balticwind.eu\/wp-content\/uploads\/2026\/07\/windeurope-ets-industrial-electrification-700x441.jpg 700w\" data-sizes=\"auto\" \/>\n\t\n\n\n\t\t\t\t<\/a>\n\t\t\n\t\n<\/div>\n<\/li>\n\t\t\t\n\t\t\t\n\t\t\t\t\t\t\t\t\t\t\t\t\t\t\t\t\t\t\t\t\t\t\t\t\t\t\t\t\t\t\t\t\t\t\t\t\t\t\t\t\t\t\t\t\t\t\t\t\t\t\t\t\t\t\t\t\t\t\t\t\t\t\t\t\t\t\t\t<\/ul>\n\t<\/div>\n\t<div class=\"fusion-post-content post-content\"><h2 class=\"blog-shortcode-post-title entry-title\"><a href=\"https:\/\/balticwind.eu\/de\/windeurope-fordert-eu-auf-ets-einnahmen-in-industrielle-elektrifizierung-zu-lenken\/\">WindEurope fordert EU auf, ETS-Einnahmen in industrielle Elektrifizierung zu lenken<\/a><\/h2><p class=\"fusion-single-line-meta\"><a href=\"https:\/\/balticwind.eu\/de\/category\/regulierung\/\" rel=\"category tag\">Regulierung<\/a>, <a href=\"https:\/\/balticwind.eu\/de\/category\/sicherheit\/\" rel=\"category tag\">Sicherheit<\/a><span class=\"fusion-inline-sep\">|<\/span><\/p><div class=\"fusion-post-content-container\"><p>Vor der ETS-\u00dcberpr\u00fcfung am 17. Juli fordert WindEurope, ein klares CO2-Preissignal zu erhalten und ETS-Einnahmen in die industrielle Elektrifizierung zu lenken.<\/p><\/div><\/div><div class=\"fusion-clearfix\"><\/div><\/article>\n<article id=\"blog-3-post-47408\" class=\"fusion-post-medium-alternate post-47408 post type-post status-publish format-standard has-post-thumbnail hentry category-sicherheit\">\n<div class=\"fusion-date-and-formats\"><div class=\"fusion-date-box updated\"><span class=\"fusion-date\">2<\/span><span class=\"fusion-month-year\">07, 2026<\/span><\/div><div class=\"fusion-format-box\"><i class=\"fusion-icon-pen\" aria-hidden=\"true\"><\/i><\/div><\/div>\t<style type=\"text\/css\">\n\t\t\n\t\t\n\t\t\n\t\t\n\t\t\t<\/style>\n\n\n\t\t\t<div class=\"fusion-flexslider flexslider fusion-flexslider-loading fusion-post-slideshow\" style=\"\">\n\t\t<ul class=\"slides\">\n\t\t\t\n\t\t\t\t\t\t\t\t\t\t\t\t\t\t<li>\n\n<div  class=\"fusion-image-wrapper fusion-image-size-fixed\" aria-haspopup=\"true\">\n\t\n\t\n\t\t\t\n\t\t\t\t<a href=\"https:\/\/balticwind.eu\/de\/irregulaere-grenzuebertritte-in-die-eu-um-40-gesunken-neuer-migrationspakt-tritt-in-kraft\/\" aria-label=\"Irregul\u00e4re Grenz\u00fcbertritte in die EU um 40 % gesunken \u2013 neuer Migrationspakt tritt in Kraft\">\n\t\t\n\t\t\n\t\t\t\t\t<img decoding=\"async\" width=\"320\" height=\"202\" src=\"https:\/\/balticwind.eu\/wp-content\/uploads\/2026\/07\/frontex-eu-irregular-crossings-down-40-percent-2026-320x202.jpg\" class=\"attachment-blog-medium size-blog-medium lazyload wp-post-image\" alt=\"\" srcset=\"data:image\/svg+xml,%3Csvg%20xmlns%3D%27http%3A%2F%2Fwww.w3.org%2F2000%2Fsvg%27%20width%3D%272560%27%20height%3D%271701%27%20viewBox%3D%270%200%202560%201701%27%3E%3Crect%20width%3D%272560%27%20height%3D%271701%27%20fill-opacity%3D%220%22%2F%3E%3C%2Fsvg%3E\" data-orig-src=\"https:\/\/balticwind.eu\/wp-content\/uploads\/2026\/07\/frontex-eu-irregular-crossings-down-40-percent-2026-320x202.jpg\" data-srcset=\"https:\/\/balticwind.eu\/wp-content\/uploads\/2026\/07\/frontex-eu-irregular-crossings-down-40-percent-2026-320x202.jpg 320w, https:\/\/balticwind.eu\/wp-content\/uploads\/2026\/07\/frontex-eu-irregular-crossings-down-40-percent-2026-700x441.jpg 700w\" data-sizes=\"auto\" \/>\n\t\n\n\n\t\t\t\t<\/a>\n\t\t\n\t\n<\/div>\n<\/li>\n\t\t\t\n\t\t\t\n\t\t\t\t\t\t\t\t\t\t\t\t\t\t\t\t\t\t\t\t\t\t\t\t\t\t\t\t\t\t\t\t\t\t\t\t\t\t\t\t\t\t\t\t\t\t\t\t\t\t\t\t\t\t\t\t\t\t\t\t\t\t\t\t\t\t\t\t<\/ul>\n\t<\/div>\n\t<div class=\"fusion-post-content post-content\"><h2 class=\"blog-shortcode-post-title entry-title\"><a href=\"https:\/\/balticwind.eu\/de\/irregulaere-grenzuebertritte-in-die-eu-um-40-gesunken-neuer-migrationspakt-tritt-in-kraft\/\">Irregul\u00e4re Grenz\u00fcbertritte in die EU um 40 % gesunken \u2013 neuer Migrationspakt tritt in Kraft<\/a><\/h2><p class=\"fusion-single-line-meta\"><a href=\"https:\/\/balticwind.eu\/de\/category\/sicherheit\/\" rel=\"category tag\">Sicherheit<\/a><span class=\"fusion-inline-sep\">|<\/span><\/p><div class=\"fusion-post-content-container\"><p>Irregul\u00e4re Grenz\u00fcbertritte in die EU sanken in den ersten f\u00fcnf Monaten 2026 um fast 40 % auf rund 39.000, so Frontex, w\u00e4hrend der EU-Migrationspakt ein einheitliches Screening einf\u00fchrt.<\/p><\/div><\/div><div class=\"fusion-clearfix\"><\/div><\/article>\n<article id=\"blog-3-post-47402\" class=\"fusion-post-medium-alternate post-47402 post type-post status-publish format-standard has-post-thumbnail hentry category-sicherheit\">\n<div class=\"fusion-date-and-formats\"><div class=\"fusion-date-box updated\"><span class=\"fusion-date\">2<\/span><span class=\"fusion-month-year\">07, 2026<\/span><\/div><div class=\"fusion-format-box\"><i class=\"fusion-icon-pen\" aria-hidden=\"true\"><\/i><\/div><\/div>\t<style type=\"text\/css\">\n\t\t\n\t\t\n\t\t\n\t\t\n\t\t\t<\/style>\n\n\n\t\t\t<div class=\"fusion-flexslider flexslider fusion-flexslider-loading fusion-post-slideshow\" style=\"\">\n\t\t<ul class=\"slides\">\n\t\t\t\n\t\t\t\t\t\t\t\t\t\t\t\t\t\t<li>\n\n<div  class=\"fusion-image-wrapper fusion-image-size-fixed\" aria-haspopup=\"true\">\n\t\n\t\n\t\t\t\n\t\t\t\t<a href=\"https:\/\/balticwind.eu\/de\/eu-einigt-sich-auf-paket-zur-verteidigungsbereitschaft-schnellere-genehmigungen-und-beschaffung\/\" aria-label=\"EU einigt sich auf Paket zur Verteidigungsbereitschaft: schnellere Genehmigungen und Beschaffung\">\n\t\t\n\t\t\n\t\t\t\t\t<img decoding=\"async\" width=\"320\" height=\"202\" src=\"https:\/\/balticwind.eu\/wp-content\/uploads\/2026\/07\/eu-defence-readiness-package-permits-procurement-320x202.jpg\" class=\"attachment-blog-medium size-blog-medium lazyload wp-post-image\" alt=\"\" srcset=\"data:image\/svg+xml,%3Csvg%20xmlns%3D%27http%3A%2F%2Fwww.w3.org%2F2000%2Fsvg%27%20width%3D%272560%27%20height%3D%271498%27%20viewBox%3D%270%200%202560%201498%27%3E%3Crect%20width%3D%272560%27%20height%3D%271498%27%20fill-opacity%3D%220%22%2F%3E%3C%2Fsvg%3E\" data-orig-src=\"https:\/\/balticwind.eu\/wp-content\/uploads\/2026\/07\/eu-defence-readiness-package-permits-procurement-320x202.jpg\" data-srcset=\"https:\/\/balticwind.eu\/wp-content\/uploads\/2026\/07\/eu-defence-readiness-package-permits-procurement-320x202.jpg 320w, https:\/\/balticwind.eu\/wp-content\/uploads\/2026\/07\/eu-defence-readiness-package-permits-procurement-700x441.jpg 700w\" data-sizes=\"auto\" \/>\n\t\n\n\n\t\t\t\t<\/a>\n\t\t\n\t\n<\/div>\n<\/li>\n\t\t\t\n\t\t\t\n\t\t\t\t\t\t\t\t\t\t\t\t\t\t\t\t\t\t\t\t\t\t\t\t\t\t\t\t\t\t\t\t\t\t\t\t\t\t\t\t\t\t\t\t\t\t\t\t\t\t\t\t\t\t\t\t\t\t\t\t\t\t\t\t\t\t\t\t<\/ul>\n\t<\/div>\n\t<div class=\"fusion-post-content post-content\"><h2 class=\"blog-shortcode-post-title entry-title\"><a href=\"https:\/\/balticwind.eu\/de\/eu-einigt-sich-auf-paket-zur-verteidigungsbereitschaft-schnellere-genehmigungen-und-beschaffung\/\">EU einigt sich auf Paket zur Verteidigungsbereitschaft: schnellere Genehmigungen und Beschaffung<\/a><\/h2><p class=\"fusion-single-line-meta\"><a href=\"https:\/\/balticwind.eu\/de\/category\/sicherheit\/\" rel=\"category tag\">Sicherheit<\/a><span class=\"fusion-inline-sep\">|<\/span><\/p><div class=\"fusion-post-content-container\"><p>Parlament und Rat haben ein Paket zur Verteidigungsbereitschaft vorl\u00e4ufig vereinbart: schnellere Genehmigungen und Beschaffung sowie bis zu 800 Mrd. Euro Investitionen unter Readiness 2030.<\/p><\/div><\/div><div class=\"fusion-clearfix\"><\/div><\/article>\n<article id=\"blog-3-post-47378\" class=\"fusion-post-medium-alternate post-47378 post type-post status-publish format-standard has-post-thumbnail hentry category-polen category-sicherheit\">\n<div class=\"fusion-date-and-formats\"><div class=\"fusion-date-box updated\"><span class=\"fusion-date\">1<\/span><span class=\"fusion-month-year\">07, 2026<\/span><\/div><div class=\"fusion-format-box\"><i class=\"fusion-icon-pen\" aria-hidden=\"true\"><\/i><\/div><\/div>\t<style type=\"text\/css\">\n\t\t\n\t\t\n\t\t\n\t\t\n\t\t\t<\/style>\n\n\n\t\t\t<div class=\"fusion-flexslider flexslider fusion-flexslider-loading fusion-post-slideshow\" style=\"\">\n\t\t<ul class=\"slides\">\n\t\t\t\n\t\t\t\t\t\t\t\t\t\t\t\t\t\t<li>\n\n<div  class=\"fusion-image-wrapper fusion-image-size-fixed\" aria-haspopup=\"true\">\n\t\n\t\n\t\t\t\n\t\t\t\t<a href=\"https:\/\/balticwind.eu\/de\/neuer-bericht-kartiert-ostsee-sicherheitskooperation-angesichts-anstehender-reform\/\" aria-label=\"Neuer Bericht kartiert Ostsee-Sicherheitskooperation angesichts anstehender Reform\">\n\t\t\n\t\t\n\t\t\t\t\t<img decoding=\"async\" width=\"320\" height=\"202\" src=\"https:\/\/balticwind.eu\/wp-content\/uploads\/2026\/07\/report-maps-baltic-sea-security-cooperation-cbss-320x202.jpg\" class=\"attachment-blog-medium size-blog-medium lazyload wp-post-image\" alt=\"\" srcset=\"data:image\/svg+xml,%3Csvg%20xmlns%3D%27http%3A%2F%2Fwww.w3.org%2F2000%2Fsvg%27%20width%3D%272560%27%20height%3D%271707%27%20viewBox%3D%270%200%202560%201707%27%3E%3Crect%20width%3D%272560%27%20height%3D%271707%27%20fill-opacity%3D%220%22%2F%3E%3C%2Fsvg%3E\" data-orig-src=\"https:\/\/balticwind.eu\/wp-content\/uploads\/2026\/07\/report-maps-baltic-sea-security-cooperation-cbss-320x202.jpg\" data-srcset=\"https:\/\/balticwind.eu\/wp-content\/uploads\/2026\/07\/report-maps-baltic-sea-security-cooperation-cbss-320x202.jpg 320w, https:\/\/balticwind.eu\/wp-content\/uploads\/2026\/07\/report-maps-baltic-sea-security-cooperation-cbss-700x441.jpg 700w\" data-sizes=\"auto\" \/>\n\t\n\n\n\t\t\t\t<\/a>\n\t\t\n\t\n<\/div>\n<\/li>\n\t\t\t\n\t\t\t\n\t\t\t\t\t\t\t\t\t\t\t\t\t\t\t\t\t\t\t\t\t\t\t\t\t\t\t\t\t\t\t\t\t\t\t\t\t\t\t\t\t\t\t\t\t\t\t\t\t\t\t\t\t\t\t\t\t\t\t\t\t\t\t\t\t\t\t\t<\/ul>\n\t<\/div>\n\t<div class=\"fusion-post-content post-content\"><h2 class=\"blog-shortcode-post-title entry-title\"><a href=\"https:\/\/balticwind.eu\/de\/neuer-bericht-kartiert-ostsee-sicherheitskooperation-angesichts-anstehender-reform\/\">Neuer Bericht kartiert Ostsee-Sicherheitskooperation angesichts anstehender Reform<\/a><\/h2><p class=\"fusion-single-line-meta\"><a href=\"https:\/\/balticwind.eu\/de\/category\/polen\/\" rel=\"category tag\">Polen<\/a>, <a href=\"https:\/\/balticwind.eu\/de\/category\/sicherheit\/\" rel=\"category tag\">Sicherheit<\/a><span class=\"fusion-inline-sep\">|<\/span><\/p><div class=\"fusion-post-content-container\"><p>Ein f\u00fcr die polnische CBSS-Pr\u00e4sidentschaft erstellter Bericht kartiert die Dutzenden Sicherheitskooperationsformate in der Ostseeregion, vom Schutz kritischer Infrastruktur bis zur Energiesicherheit.<\/p><\/div><\/div><div class=\"fusion-clearfix\"><\/div><\/article>\n<article id=\"blog-3-post-47372\" class=\"fusion-post-medium-alternate post-47372 post type-post status-publish format-standard has-post-thumbnail hentry category-deutschland category-sicherheit category-top-news-de\">\n<div class=\"fusion-date-and-formats\"><div class=\"fusion-date-box updated\"><span class=\"fusion-date\">1<\/span><span class=\"fusion-month-year\">07, 2026<\/span><\/div><div class=\"fusion-format-box\"><i class=\"fusion-icon-pen\" aria-hidden=\"true\"><\/i><\/div><\/div>\t<style type=\"text\/css\">\n\t\t\n\t\t\n\t\t\n\t\t\n\t\t\t<\/style>\n\n\n\t\t\t<div class=\"fusion-flexslider flexslider fusion-flexslider-loading fusion-post-slideshow\" style=\"\">\n\t\t<ul class=\"slides\">\n\t\t\t\n\t\t\t\t\t\t\t\t\t\t\t\t\t\t<li>\n\n<div  class=\"fusion-image-wrapper fusion-image-size-fixed\" aria-haspopup=\"true\">\n\t\n\t\n\t\t\t\n\t\t\t\t<a href=\"https:\/\/balticwind.eu\/de\/deutscher-aussenminister-nennt-ostsee-die-frontlinie-der-sicherheit-europas\/\" aria-label=\"Deutscher Au\u00dfenminister nennt Ostsee die Frontlinie der Sicherheit Europas\">\n\t\t\n\t\t\n\t\t\t\t\t<img decoding=\"async\" width=\"320\" height=\"202\" src=\"https:\/\/balticwind.eu\/wp-content\/uploads\/2026\/07\/wadephul-baltic-sea-europe-security-frontline-320x202.jpg\" class=\"attachment-blog-medium size-blog-medium lazyload wp-post-image\" alt=\"\" srcset=\"data:image\/svg+xml,%3Csvg%20xmlns%3D%27http%3A%2F%2Fwww.w3.org%2F2000%2Fsvg%27%20width%3D%272560%27%20height%3D%271707%27%20viewBox%3D%270%200%202560%201707%27%3E%3Crect%20width%3D%272560%27%20height%3D%271707%27%20fill-opacity%3D%220%22%2F%3E%3C%2Fsvg%3E\" data-orig-src=\"https:\/\/balticwind.eu\/wp-content\/uploads\/2026\/07\/wadephul-baltic-sea-europe-security-frontline-320x202.jpg\" data-srcset=\"https:\/\/balticwind.eu\/wp-content\/uploads\/2026\/07\/wadephul-baltic-sea-europe-security-frontline-320x202.jpg 320w, https:\/\/balticwind.eu\/wp-content\/uploads\/2026\/07\/wadephul-baltic-sea-europe-security-frontline-700x441.jpg 700w\" data-sizes=\"auto\" \/>\n\t\n\n\n\t\t\t\t<\/a>\n\t\t\n\t\n<\/div>\n<\/li>\n\t\t\t\n\t\t\t\n\t\t\t\t\t\t\t\t\t\t\t\t\t\t\t\t\t\t\t\t\t\t\t\t\t\t\t\t\t\t\t\t\t\t\t\t\t\t\t\t\t\t\t\t\t\t\t\t\t\t\t\t\t\t\t\t\t\t\t\t\t\t\t\t\t\t\t\t<\/ul>\n\t<\/div>\n\t<div class=\"fusion-post-content post-content\"><h2 class=\"blog-shortcode-post-title entry-title\"><a href=\"https:\/\/balticwind.eu\/de\/deutscher-aussenminister-nennt-ostsee-die-frontlinie-der-sicherheit-europas\/\">Deutscher Au\u00dfenminister nennt Ostsee die Frontlinie der Sicherheit Europas<\/a><\/h2><p class=\"fusion-single-line-meta\"><a href=\"https:\/\/balticwind.eu\/de\/category\/deutschland\/\" rel=\"category tag\">Deutschland<\/a>, <a href=\"https:\/\/balticwind.eu\/de\/category\/sicherheit\/\" rel=\"category tag\">Sicherheit<\/a>, <a href=\"https:\/\/balticwind.eu\/de\/category\/top-news-de\/\" rel=\"category tag\">Top News<\/a><span class=\"fusion-inline-sep\">|<\/span><\/p><div class=\"fusion-post-content-container\"><p>Auf der Kieler Sicherheitskonferenz bezeichnete Bundesau\u00dfenminister Johann Wadephul die Ostsee als offensichtlichstes Konfrontationsfeld mit Russland und verwies auf wiederholte Bedrohungen kritischer maritimer Infrastruktur.<\/p><\/div><\/div><div class=\"fusion-clearfix\"><\/div><\/article>\n<article id=\"blog-3-post-47324\" class=\"fusion-post-medium-alternate post-47324 post type-post status-publish format-standard has-post-thumbnail hentry category-finnland category-regulierung category-sicherheit category-top-news-de\">\n<div class=\"fusion-date-and-formats\"><div class=\"fusion-date-box updated\"><span class=\"fusion-date\">29<\/span><span class=\"fusion-month-year\">06, 2026<\/span><\/div><div class=\"fusion-format-box\"><i class=\"fusion-icon-pen\" aria-hidden=\"true\"><\/i><\/div><\/div>\t<style type=\"text\/css\">\n\t\t\n\t\t\n\t\t\n\t\t\n\t\t\t<\/style>\n\n\n\t\t\t<div class=\"fusion-flexslider flexslider fusion-flexslider-loading fusion-post-slideshow\" style=\"\">\n\t\t<ul class=\"slides\">\n\t\t\t\n\t\t\t\t\t\t\t\t\t\t\t\t\t\t<li>\n\n<div  class=\"fusion-image-wrapper fusion-image-size-fixed\" aria-haspopup=\"true\">\n\t\n\t\n\t\t\t\n\t\t\t\t<a href=\"https:\/\/balticwind.eu\/de\/eu-energieminister-streben-einigung-beim-netzpaket-an-mit-eu-mitteln-fuer-sabotierte-unterwasserkabel\/\" aria-label=\"EU-Energieminister streben Einigung beim Netzpaket an \u2013 mit EU-Mitteln f\u00fcr sabotierte Unterwasserkabel\">\n\t\t\n\t\t\n\t\t\t\t\t<img decoding=\"async\" width=\"320\" height=\"202\" src=\"https:\/\/balticwind.eu\/wp-content\/uploads\/2026\/06\/eu-energy-ministers-grids-package-general-approach-320x202.jpg\" class=\"attachment-blog-medium size-blog-medium lazyload wp-post-image\" alt=\"\" srcset=\"data:image\/svg+xml,%3Csvg%20xmlns%3D%27http%3A%2F%2Fwww.w3.org%2F2000%2Fsvg%27%20width%3D%272560%27%20height%3D%271707%27%20viewBox%3D%270%200%202560%201707%27%3E%3Crect%20width%3D%272560%27%20height%3D%271707%27%20fill-opacity%3D%220%22%2F%3E%3C%2Fsvg%3E\" data-orig-src=\"https:\/\/balticwind.eu\/wp-content\/uploads\/2026\/06\/eu-energy-ministers-grids-package-general-approach-320x202.jpg\" data-srcset=\"https:\/\/balticwind.eu\/wp-content\/uploads\/2026\/06\/eu-energy-ministers-grids-package-general-approach-320x202.jpg 320w, https:\/\/balticwind.eu\/wp-content\/uploads\/2026\/06\/eu-energy-ministers-grids-package-general-approach-700x441.jpg 700w\" data-sizes=\"auto\" \/>\n\t\n\n\n\t\t\t\t<\/a>\n\t\t\n\t\n<\/div>\n<\/li>\n\t\t\t\n\t\t\t\n\t\t\t\t\t\t\t\t\t\t\t\t\t\t\t\t\t\t\t\t\t\t\t\t\t\t\t\t\t\t\t\t\t\t\t\t\t\t\t\t\t\t\t\t\t\t\t\t\t\t\t\t\t\t\t\t\t\t\t\t\t\t\t\t\t\t\t\t<\/ul>\n\t<\/div>\n\t<div class=\"fusion-post-content post-content\"><h2 class=\"blog-shortcode-post-title entry-title\"><a href=\"https:\/\/balticwind.eu\/de\/eu-energieminister-streben-einigung-beim-netzpaket-an-mit-eu-mitteln-fuer-sabotierte-unterwasserkabel\/\">EU-Energieminister streben Einigung beim Netzpaket an \u2013 mit EU-Mitteln f\u00fcr sabotierte Unterwasserkabel<\/a><\/h2><p class=\"fusion-single-line-meta\"><a href=\"https:\/\/balticwind.eu\/de\/category\/finnland\/\" rel=\"category tag\">Finnland<\/a>, <a href=\"https:\/\/balticwind.eu\/de\/category\/regulierung\/\" rel=\"category tag\">Regulierung<\/a>, <a href=\"https:\/\/balticwind.eu\/de\/category\/sicherheit\/\" rel=\"category tag\">Sicherheit<\/a>, <a href=\"https:\/\/balticwind.eu\/de\/category\/top-news-de\/\" rel=\"category tag\">Top News<\/a><span class=\"fusion-inline-sep\">|<\/span><\/p><div class=\"fusion-post-content-container\"><p>Die EU-Energieminister kamen in Luxemburg zusammen, um eine allgemeine Ausrichtung zum Netzpaket zu erreichen \u2014 einschlie\u00dflich EU-Mitteln f\u00fcr die Reparatur durch Sabotage besch\u00e4digter Unterwasser-Energieinfrastruktur.<\/p><\/div><\/div><div class=\"fusion-clearfix\"><\/div><\/article>\n<article id=\"blog-3-post-47257\" class=\"fusion-post-medium-alternate post-47257 post type-post status-publish format-standard has-post-thumbnail hentry category-polen category-sicherheit\">\n<div class=\"fusion-date-and-formats\"><div class=\"fusion-date-box updated\"><span class=\"fusion-date\">24<\/span><span class=\"fusion-month-year\">06, 2026<\/span><\/div><div class=\"fusion-format-box\"><i class=\"fusion-icon-pen\" aria-hidden=\"true\"><\/i><\/div><\/div>\t<style type=\"text\/css\">\n\t\t\n\t\t\n\t\t\n\t\t\n\t\t\t<\/style>\n\n\n\t\t\t<div class=\"fusion-flexslider flexslider fusion-flexslider-loading fusion-post-slideshow\" style=\"\">\n\t\t<ul class=\"slides\">\n\t\t\t\n\t\t\t\t\t\t\t\t\t\t\t\t\t\t<li>\n\n<div  class=\"fusion-image-wrapper fusion-image-size-fixed\" aria-haspopup=\"true\">\n\t\n\t\n\t\t\t\n\t\t\t\t<a href=\"https:\/\/balticwind.eu\/de\/polen-uebt-mit-blackout-2026-den-schutz-des-stromnetzes-vor-physischem-angriff\/\" aria-label=\"Polen \u00fcbt mit \u201eBlackout 2026\u201d den Schutz des Stromnetzes vor physischem Angriff\">\n\t\t\n\t\t\n\t\t\t\t\t<img decoding=\"async\" width=\"320\" height=\"202\" src=\"https:\/\/balticwind.eu\/wp-content\/uploads\/2026\/06\/poland-pse-blackout-2026-grid-security-drill-320x202.jpg\" class=\"attachment-blog-medium size-blog-medium lazyload wp-post-image\" alt=\"\" srcset=\"data:image\/svg+xml,%3Csvg%20xmlns%3D%27http%3A%2F%2Fwww.w3.org%2F2000%2Fsvg%27%20width%3D%272560%27%20height%3D%271696%27%20viewBox%3D%270%200%202560%201696%27%3E%3Crect%20width%3D%272560%27%20height%3D%271696%27%20fill-opacity%3D%220%22%2F%3E%3C%2Fsvg%3E\" data-orig-src=\"https:\/\/balticwind.eu\/wp-content\/uploads\/2026\/06\/poland-pse-blackout-2026-grid-security-drill-320x202.jpg\" data-srcset=\"https:\/\/balticwind.eu\/wp-content\/uploads\/2026\/06\/poland-pse-blackout-2026-grid-security-drill-320x202.jpg 320w, https:\/\/balticwind.eu\/wp-content\/uploads\/2026\/06\/poland-pse-blackout-2026-grid-security-drill-700x441.jpg 700w\" data-sizes=\"auto\" \/>\n\t\n\n\n\t\t\t\t<\/a>\n\t\t\n\t\n<\/div>\n<\/li>\n\t\t\t\n\t\t\t\n\t\t\t\t\t\t\t\t\t\t\t\t\t\t\t\t\t\t\t\t\t\t\t\t\t\t\t\t\t\t\t\t\t\t\t\t\t\t\t\t\t\t\t\t\t\t\t\t\t\t\t\t\t\t\t\t\t\t\t\t\t\t\t\t\t\t\t\t<\/ul>\n\t<\/div>\n\t<div class=\"fusion-post-content post-content\"><h2 class=\"blog-shortcode-post-title entry-title\"><a href=\"https:\/\/balticwind.eu\/de\/polen-uebt-mit-blackout-2026-den-schutz-des-stromnetzes-vor-physischem-angriff\/\">Polen \u00fcbt mit \u201eBlackout 2026\u201d den Schutz des Stromnetzes vor physischem Angriff<\/a><\/h2><p class=\"fusion-single-line-meta\"><a href=\"https:\/\/balticwind.eu\/de\/category\/polen\/\" rel=\"category tag\">Polen<\/a>, <a href=\"https:\/\/balticwind.eu\/de\/category\/sicherheit\/\" rel=\"category tag\">Sicherheit<\/a><span class=\"fusion-inline-sep\">|<\/span><\/p><div class=\"fusion-post-content-container\"><p>Polens Netzbetreiber PSE f\u00fchrte bei Bia\u0142ystok eine \u00dcbung durch, die einen physischen Angriff auf ein H\u00f6chstspannungs-Umspannwerk simulierte \u2014 mit Krisendiensten, PGE, dem Geheimdienst ABW und Milit\u00e4reinheiten.<\/p><\/div><\/div><div class=\"fusion-clearfix\"><\/div><\/article>\n<article id=\"blog-3-post-47197\" class=\"fusion-post-medium-alternate post-47197 post type-post status-publish format-standard has-post-thumbnail hentry category-polen category-sicherheit\">\n<div class=\"fusion-date-and-formats\"><div class=\"fusion-date-box updated\"><span class=\"fusion-date\">23<\/span><span class=\"fusion-month-year\">06, 2026<\/span><\/div><div class=\"fusion-format-box\"><i class=\"fusion-icon-pen\" aria-hidden=\"true\"><\/i><\/div><\/div>\t<style type=\"text\/css\">\n\t\t\n\t\t\n\t\t\n\t\t\n\t\t\t<\/style>\n\n\n\t\t\t<div class=\"fusion-flexslider flexslider fusion-flexslider-loading fusion-post-slideshow\" style=\"\">\n\t\t<ul class=\"slides\">\n\t\t\t\n\t\t\t\t\t\t\t\t\t\t\t\t\t\t<li>\n\n<div  class=\"fusion-image-wrapper fusion-image-size-fixed\" aria-haspopup=\"true\">\n\t\n\t\n\t\t\t\n\t\t\t\t<a href=\"https:\/\/balticwind.eu\/de\/orlen-erwirbt-20-prozent-anteil-am-norwegischen-oel-und-gasfeld-goliat\/\" aria-label=\"ORLEN erwirbt 20-Prozent-Anteil am norwegischen \u00d6l- und Gasfeld Goliat\">\n\t\t\n\t\t\n\t\t\t\t\t<img decoding=\"async\" width=\"320\" height=\"202\" src=\"https:\/\/balticwind.eu\/wp-content\/uploads\/2026\/06\/orlen-goliat-norway-acquisition-320x202.jpg\" class=\"attachment-blog-medium size-blog-medium lazyload wp-post-image\" alt=\"\" srcset=\"data:image\/svg+xml,%3Csvg%20xmlns%3D%27http%3A%2F%2Fwww.w3.org%2F2000%2Fsvg%27%20width%3D%271600%27%20height%3D%271065%27%20viewBox%3D%270%200%201600%201065%27%3E%3Crect%20width%3D%271600%27%20height%3D%271065%27%20fill-opacity%3D%220%22%2F%3E%3C%2Fsvg%3E\" data-orig-src=\"https:\/\/balticwind.eu\/wp-content\/uploads\/2026\/06\/orlen-goliat-norway-acquisition-320x202.jpg\" data-srcset=\"https:\/\/balticwind.eu\/wp-content\/uploads\/2026\/06\/orlen-goliat-norway-acquisition-320x202.jpg 320w, https:\/\/balticwind.eu\/wp-content\/uploads\/2026\/06\/orlen-goliat-norway-acquisition-700x441.jpg 700w\" data-sizes=\"auto\" \/>\n\t\n\n\n\t\t\t\t<\/a>\n\t\t\n\t\n<\/div>\n<\/li>\n\t\t\t\n\t\t\t\n\t\t\t\t\t\t\t\t\t\t\t\t\t\t\t\t\t\t\t\t\t\t\t\t\t\t\t\t\t\t\t\t\t\t\t\t\t\t\t\t\t\t\t\t\t\t\t\t\t\t\t\t\t\t\t\t\t\t\t\t\t\t\t\t\t\t\t\t<\/ul>\n\t<\/div>\n\t<div class=\"fusion-post-content post-content\"><h2 class=\"blog-shortcode-post-title entry-title\"><a href=\"https:\/\/balticwind.eu\/de\/orlen-erwirbt-20-prozent-anteil-am-norwegischen-oel-und-gasfeld-goliat\/\">ORLEN erwirbt 20-Prozent-Anteil am norwegischen \u00d6l- und Gasfeld Goliat<\/a><\/h2><p class=\"fusion-single-line-meta\"><a href=\"https:\/\/balticwind.eu\/de\/category\/polen\/\" rel=\"category tag\">Polen<\/a>, <a href=\"https:\/\/balticwind.eu\/de\/category\/sicherheit\/\" rel=\"category tag\">Sicherheit<\/a><span class=\"fusion-inline-sep\">|<\/span><\/p><div class=\"fusion-post-content-container\"><p>ORLEN kauft von V\u00e5r Energi 20 % am norwegischen Goliat-Feld, gewinnt rund 58 Millionen boe und verdreifacht die F\u00f6rderung bis Ende des Jahrzehnts.<\/p><\/div><\/div><div class=\"fusion-clearfix\"><\/div><\/article>\n<article id=\"blog-3-post-47155\" class=\"fusion-post-medium-alternate post-47155 post type-post status-publish format-standard has-post-thumbnail hentry category-finnland category-sicherheit\">\n<div class=\"fusion-date-and-formats\"><div class=\"fusion-date-box updated\"><span class=\"fusion-date\">22<\/span><span class=\"fusion-month-year\">06, 2026<\/span><\/div><div class=\"fusion-format-box\"><i class=\"fusion-icon-pen\" aria-hidden=\"true\"><\/i><\/div><\/div>\t<style type=\"text\/css\">\n\t\t\n\t\t\n\t\t\n\t\t\n\t\t\t<\/style>\n\n\n\t\t\t<div class=\"fusion-flexslider flexslider fusion-flexslider-loading fusion-post-slideshow\" style=\"\">\n\t\t<ul class=\"slides\">\n\t\t\t\n\t\t\t\t\t\t\t\t\t\t\t\t\t\t<li>\n\n<div  class=\"fusion-image-wrapper fusion-image-size-fixed\" aria-haspopup=\"true\">\n\t\n\t\n\t\t\t\n\t\t\t\t<a href=\"https:\/\/balticwind.eu\/de\/innenminister-der-ostseeanrainer-koordinieren-antwort-auf-drohnenbedrohungen\/\" aria-label=\"Innenminister der Ostseeanrainer koordinieren Antwort auf Drohnenbedrohungen\">\n\t\t\n\t\t\n\t\t\t\t\t<img decoding=\"async\" width=\"320\" height=\"202\" src=\"https:\/\/balticwind.eu\/wp-content\/uploads\/2026\/06\/baltic-sea-security-ministers-helsinki-drones-320x202.jpg\" class=\"attachment-blog-medium size-blog-medium lazyload wp-post-image\" alt=\"\" srcset=\"data:image\/svg+xml,%3Csvg%20xmlns%3D%27http%3A%2F%2Fwww.w3.org%2F2000%2Fsvg%27%20width%3D%271200%27%20height%3D%27675%27%20viewBox%3D%270%200%201200%20675%27%3E%3Crect%20width%3D%271200%27%20height%3D%27675%27%20fill-opacity%3D%220%22%2F%3E%3C%2Fsvg%3E\" data-orig-src=\"https:\/\/balticwind.eu\/wp-content\/uploads\/2026\/06\/baltic-sea-security-ministers-helsinki-drones-320x202.jpg\" data-srcset=\"https:\/\/balticwind.eu\/wp-content\/uploads\/2026\/06\/baltic-sea-security-ministers-helsinki-drones-320x202.jpg 320w, https:\/\/balticwind.eu\/wp-content\/uploads\/2026\/06\/baltic-sea-security-ministers-helsinki-drones-700x441.jpg 700w\" data-sizes=\"auto\" \/>\n\t\n\n\n\t\t\t\t<\/a>\n\t\t\n\t\n<\/div>\n<\/li>\n\t\t\t\n\t\t\t\n\t\t\t\t\t\t\t\t\t\t\t\t\t\t\t\t\t\t\t\t\t\t\t\t\t\t\t\t\t\t\t\t\t\t\t\t\t\t\t\t\t\t\t\t\t\t\t\t\t\t\t\t\t\t\t\t\t\t\t\t\t\t\t\t\t\t\t\t<\/ul>\n\t<\/div>\n\t<div class=\"fusion-post-content post-content\"><h2 class=\"blog-shortcode-post-title entry-title\"><a href=\"https:\/\/balticwind.eu\/de\/innenminister-der-ostseeanrainer-koordinieren-antwort-auf-drohnenbedrohungen\/\">Innenminister der Ostseeanrainer koordinieren Antwort auf Drohnenbedrohungen<\/a><\/h2><p class=\"fusion-single-line-meta\"><a href=\"https:\/\/balticwind.eu\/de\/category\/finnland\/\" rel=\"category tag\">Finnland<\/a>, <a href=\"https:\/\/balticwind.eu\/de\/category\/sicherheit\/\" rel=\"category tag\">Sicherheit<\/a><span class=\"fusion-inline-sep\">|<\/span><\/p><div class=\"fusion-post-content-container\"><p>Innenminister von neun Ostseestaaten trafen sich in Helsinki, um gemeinsame Ma\u00dfnahmen gegen Drohnenbedrohungen f\u00fcr kritische Infrastruktur abzustimmen.<\/p><\/div><\/div><div class=\"fusion-clearfix\"><\/div><\/article>\n<article id=\"blog-3-post-46979\" class=\"fusion-post-medium-alternate post-46979 post type-post status-publish format-standard has-post-thumbnail hentry category-finnland category-meinungen category-polen category-sicherheit\">\n<div class=\"fusion-date-and-formats\"><div class=\"fusion-date-box updated\"><span class=\"fusion-date\">19<\/span><span class=\"fusion-month-year\">06, 2026<\/span><\/div><div class=\"fusion-format-box\"><i class=\"fusion-icon-pen\" aria-hidden=\"true\"><\/i><\/div><\/div>\t<style type=\"text\/css\">\n\t\t\n\t\t\n\t\t\n\t\t\n\t\t\t<\/style>\n\n\n\t\t\t<div class=\"fusion-flexslider flexslider fusion-flexslider-loading fusion-post-slideshow\" style=\"\">\n\t\t<ul class=\"slides\">\n\t\t\t\n\t\t\t\t\t\t\t\t\t\t\t\t\t\t<li>\n\n<div  class=\"fusion-image-wrapper fusion-image-size-fixed\" aria-haspopup=\"true\">\n\t\n\t\n\t\t\t\n\t\t\t\t<a href=\"https:\/\/balticwind.eu\/de\/desinformation-ist-ein-symptom-nicht-die-krankheit-die-finnische-lektion-fuer-polens-energiedebatte\/\" aria-label=\"&#8216;Desinformation ist ein Symptom, nicht die Krankheit&#8217;: die finnische Lektion fuer Polens Energiedebatte\">\n\t\t\n\t\t\n\t\t\t\t\t<img decoding=\"async\" width=\"320\" height=\"202\" src=\"https:\/\/balticwind.eu\/wp-content\/uploads\/2026\/06\/offshore-wind-turbines-calm-sea-1-320x202.jpg\" class=\"attachment-blog-medium size-blog-medium lazyload wp-post-image\" alt=\"\" srcset=\"data:image\/svg+xml,%3Csvg%20xmlns%3D%27http%3A%2F%2Fwww.w3.org%2F2000%2Fsvg%27%20width%3D%271200%27%20height%3D%27750%27%20viewBox%3D%270%200%201200%20750%27%3E%3Crect%20width%3D%271200%27%20height%3D%27750%27%20fill-opacity%3D%220%22%2F%3E%3C%2Fsvg%3E\" data-orig-src=\"https:\/\/balticwind.eu\/wp-content\/uploads\/2026\/06\/offshore-wind-turbines-calm-sea-1-320x202.jpg\" data-srcset=\"https:\/\/balticwind.eu\/wp-content\/uploads\/2026\/06\/offshore-wind-turbines-calm-sea-1-200x125.jpg 200w, https:\/\/balticwind.eu\/wp-content\/uploads\/2026\/06\/offshore-wind-turbines-calm-sea-1-300x188.jpg 300w, https:\/\/balticwind.eu\/wp-content\/uploads\/2026\/06\/offshore-wind-turbines-calm-sea-1-320x202.jpg 320w, https:\/\/balticwind.eu\/wp-content\/uploads\/2026\/06\/offshore-wind-turbines-calm-sea-1-700x441.jpg 700w\" data-sizes=\"auto\" \/>\n\t\n\n\n\t\t\t\t<\/a>\n\t\t\n\t\n<\/div>\n<\/li>\n\t\t\t\n\t\t\t\n\t\t\t\t\t\t\t\t\t\t\t\t\t\t\t\t\t\t\t\t\t\t\t\t\t\t\t\t\t\t\t\t\t\t\t\t\t\t\t\t\t\t\t\t\t\t\t\t\t\t\t\t\t\t\t\t\t\t\t\t\t\t\t\t\t\t\t\t<\/ul>\n\t<\/div>\n\t<div class=\"fusion-post-content post-content\"><h2 class=\"blog-shortcode-post-title entry-title\"><a href=\"https:\/\/balticwind.eu\/de\/desinformation-ist-ein-symptom-nicht-die-krankheit-die-finnische-lektion-fuer-polens-energiedebatte\/\">&#8216;Desinformation ist ein Symptom, nicht die Krankheit&#8217;: die finnische Lektion fuer Polens Energiedebatte<\/a><\/h2><p class=\"fusion-single-line-meta\"><a href=\"https:\/\/balticwind.eu\/de\/category\/finnland\/\" rel=\"category tag\">Finnland<\/a>, <a href=\"https:\/\/balticwind.eu\/de\/category\/meinungen\/\" rel=\"category tag\">Meinungen<\/a>, <a href=\"https:\/\/balticwind.eu\/de\/category\/polen\/\" rel=\"category tag\">Polen<\/a>, <a href=\"https:\/\/balticwind.eu\/de\/category\/sicherheit\/\" rel=\"category tag\">Sicherheit<\/a><span class=\"fusion-inline-sep\">|<\/span><\/p><div class=\"fusion-post-content-container\"><p>Die Desinformationsexpertin Katarzyna Bakowicz sagte in Warschau, Energie-Desinformation sei ein Symptom vernachlaessigter Bildung \u2014 Finnland zeige, dass Resilienz aufbaubar sei.<\/p><\/div><\/div><div class=\"fusion-clearfix\"><\/div><\/article>\n<article id=\"blog-3-post-46967\" class=\"fusion-post-medium-alternate post-46967 post type-post status-publish format-standard has-post-thumbnail hentry category-onshore-wind-aktuell category-polen category-sicherheit\">\n<div class=\"fusion-date-and-formats\"><div class=\"fusion-date-box updated\"><span class=\"fusion-date\">19<\/span><span class=\"fusion-month-year\">06, 2026<\/span><\/div><div class=\"fusion-format-box\"><i class=\"fusion-icon-pen\" aria-hidden=\"true\"><\/i><\/div><\/div>\t<style type=\"text\/css\">\n\t\t\n\t\t\n\t\t\n\t\t\n\t\t\t<\/style>\n\n\n\t\t\t<div class=\"fusion-flexslider flexslider fusion-flexslider-loading fusion-post-slideshow\" style=\"\">\n\t\t<ul class=\"slides\">\n\t\t\t\n\t\t\t\t\t\t\t\t\t\t\t\t\t\t<li>\n\n<div  class=\"fusion-image-wrapper fusion-image-size-fixed\" aria-haspopup=\"true\">\n\t\n\t\n\t\t\t\n\t\t\t\t<a href=\"https:\/\/balticwind.eu\/de\/warum-gesundheitsaengste-vor-windkraftanlagen-verfangen-und-was-wirklich-dagegen-hilft\/\" aria-label=\"Warum Gesundheitsaengste vor Windkraftanlagen verfangen \u2014 und was wirklich dagegen hilft\">\n\t\t\n\t\t\n\t\t\t\t\t<img decoding=\"async\" width=\"320\" height=\"202\" src=\"https:\/\/balticwind.eu\/wp-content\/uploads\/2026\/06\/filip-raciborski-medical-university-warsaw-320x202.png\" class=\"attachment-blog-medium size-blog-medium lazyload wp-post-image\" alt=\"\" srcset=\"data:image\/svg+xml,%3Csvg%20xmlns%3D%27http%3A%2F%2Fwww.w3.org%2F2000%2Fsvg%27%20width%3D%272178%27%20height%3D%271224%27%20viewBox%3D%270%200%202178%201224%27%3E%3Crect%20width%3D%272178%27%20height%3D%271224%27%20fill-opacity%3D%220%22%2F%3E%3C%2Fsvg%3E\" data-orig-src=\"https:\/\/balticwind.eu\/wp-content\/uploads\/2026\/06\/filip-raciborski-medical-university-warsaw-320x202.png\" data-srcset=\"https:\/\/balticwind.eu\/wp-content\/uploads\/2026\/06\/filip-raciborski-medical-university-warsaw-320x202.png 320w, https:\/\/balticwind.eu\/wp-content\/uploads\/2026\/06\/filip-raciborski-medical-university-warsaw-700x441.png 700w\" data-sizes=\"auto\" \/>\n\t\n\n\n\t\t\t\t<\/a>\n\t\t\n\t\n<\/div>\n<\/li>\n\t\t\t\n\t\t\t\n\t\t\t\t\t\t\t\t\t\t\t\t\t\t\t\t\t\t\t\t\t\t\t\t\t\t\t\t\t\t\t\t\t\t\t\t\t\t\t\t\t\t\t\t\t\t\t\t\t\t\t\t\t\t\t\t\t\t\t\t\t\t\t\t\t\t\t\t<\/ul>\n\t<\/div>\n\t<div class=\"fusion-post-content post-content\"><h2 class=\"blog-shortcode-post-title entry-title\"><a href=\"https:\/\/balticwind.eu\/de\/warum-gesundheitsaengste-vor-windkraftanlagen-verfangen-und-was-wirklich-dagegen-hilft\/\">Warum Gesundheitsaengste vor Windkraftanlagen verfangen \u2014 und was wirklich dagegen hilft<\/a><\/h2><p class=\"fusion-single-line-meta\"><a href=\"https:\/\/balticwind.eu\/de\/category\/onshore-wind-aktuell\/\" rel=\"category tag\">Onshore-Wind Aktuell<\/a>, <a href=\"https:\/\/balticwind.eu\/de\/category\/polen\/\" rel=\"category tag\">Polen<\/a>, <a href=\"https:\/\/balticwind.eu\/de\/category\/sicherheit\/\" rel=\"category tag\">Sicherheit<\/a><span class=\"fusion-inline-sep\">|<\/span><\/p><div class=\"fusion-post-content-container\"><p>Fachleute erklaerten in Warschau, Gesundheitsaengste vor Windturbinen wirkten durch Zweifel; entgegenwirken koennten vertraute lokale Stimmen, nicht Fachartikel.<\/p><\/div><\/div><div class=\"fusion-clearfix\"><\/div><\/article>\n<article id=\"blog-3-post-46961\" class=\"fusion-post-medium-alternate post-46961 post type-post status-publish format-standard has-post-thumbnail hentry category-onshore-wind-aktuell category-polen category-sicherheit\">\n<div class=\"fusion-date-and-formats\"><div class=\"fusion-date-box updated\"><span class=\"fusion-date\">17<\/span><span class=\"fusion-month-year\">06, 2026<\/span><\/div><div class=\"fusion-format-box\"><i class=\"fusion-icon-pen\" aria-hidden=\"true\"><\/i><\/div><\/div>\t<style type=\"text\/css\">\n\t\t\n\t\t\n\t\t\n\t\t\n\t\t\t<\/style>\n\n\n\t\t\t<div class=\"fusion-flexslider flexslider fusion-flexslider-loading fusion-post-slideshow\" style=\"\">\n\t\t<ul class=\"slides\">\n\t\t\t\n\t\t\t\t\t\t\t\t\t\t\t\t\t\t<li>\n\n<div  class=\"fusion-image-wrapper fusion-image-size-fixed\" aria-haspopup=\"true\">\n\t\n\t\n\t\t\t\n\t\t\t\t<a href=\"https:\/\/balticwind.eu\/de\/von-70-000-falschpublikationen-bis-zu-angriffen-auf-beschaeftigte-die-realen-kosten-der-windkraft-desinformation-in-polen\/\" aria-label=\"Von 70.000 Falschpublikationen bis zu Angriffen auf Beschaeftigte: die realen Kosten der Windkraft-Desinformation in Polen\">\n\t\t\n\t\t\n\t\t\t\t\t<img decoding=\"async\" width=\"320\" height=\"202\" src=\"https:\/\/balticwind.eu\/wp-content\/uploads\/2026\/06\/offshore-wind-farm-turbines-sea-aerial-1-320x202.jpg\" class=\"attachment-blog-medium size-blog-medium lazyload wp-post-image\" alt=\"\" srcset=\"data:image\/svg+xml,%3Csvg%20xmlns%3D%27http%3A%2F%2Fwww.w3.org%2F2000%2Fsvg%27%20width%3D%271200%27%20height%3D%27750%27%20viewBox%3D%270%200%201200%20750%27%3E%3Crect%20width%3D%271200%27%20height%3D%27750%27%20fill-opacity%3D%220%22%2F%3E%3C%2Fsvg%3E\" data-orig-src=\"https:\/\/balticwind.eu\/wp-content\/uploads\/2026\/06\/offshore-wind-farm-turbines-sea-aerial-1-320x202.jpg\" data-srcset=\"https:\/\/balticwind.eu\/wp-content\/uploads\/2026\/06\/offshore-wind-farm-turbines-sea-aerial-1-200x125.jpg 200w, https:\/\/balticwind.eu\/wp-content\/uploads\/2026\/06\/offshore-wind-farm-turbines-sea-aerial-1-300x188.jpg 300w, https:\/\/balticwind.eu\/wp-content\/uploads\/2026\/06\/offshore-wind-farm-turbines-sea-aerial-1-320x202.jpg 320w, https:\/\/balticwind.eu\/wp-content\/uploads\/2026\/06\/offshore-wind-farm-turbines-sea-aerial-1-700x441.jpg 700w\" data-sizes=\"auto\" \/>\n\t\n\n\n\t\t\t\t<\/a>\n\t\t\n\t\n<\/div>\n<\/li>\n\t\t\t\n\t\t\t\n\t\t\t\t\t\t\t\t\t\t\t\t\t\t\t\t\t\t\t\t\t\t\t\t\t\t\t\t\t\t\t\t\t\t\t\t\t\t\t\t\t\t\t\t\t\t\t\t\t\t\t\t\t\t\t\t\t\t\t\t\t\t\t\t\t\t\t\t<\/ul>\n\t<\/div>\n\t<div class=\"fusion-post-content post-content\"><h2 class=\"blog-shortcode-post-title entry-title\"><a href=\"https:\/\/balticwind.eu\/de\/von-70-000-falschpublikationen-bis-zu-angriffen-auf-beschaeftigte-die-realen-kosten-der-windkraft-desinformation-in-polen\/\">Von 70.000 Falschpublikationen bis zu Angriffen auf Beschaeftigte: die realen Kosten der Windkraft-Desinformation in Polen<\/a><\/h2><p class=\"fusion-single-line-meta\"><a href=\"https:\/\/balticwind.eu\/de\/category\/onshore-wind-aktuell\/\" rel=\"category tag\">Onshore-Wind Aktuell<\/a>, <a href=\"https:\/\/balticwind.eu\/de\/category\/polen\/\" rel=\"category tag\">Polen<\/a>, <a href=\"https:\/\/balticwind.eu\/de\/category\/sicherheit\/\" rel=\"category tag\">Sicherheit<\/a><span class=\"fusion-inline-sep\">|<\/span><\/p><div class=\"fusion-post-content-container\"><p>In Warschau praesentierte Zahlen zeigen fast 70.000 Desinformationspublikationen zu Energie seit 2022 und eine PSEW-Studie, in der jedes vierte Windunternehmen physische Gewalt meldete.<\/p><\/div><\/div><div class=\"fusion-clearfix\"><\/div><\/article>\n<article id=\"blog-3-post-47022\" class=\"fusion-post-medium-alternate post-47022 post type-post status-publish format-standard has-post-thumbnail hentry category-sicherheit\">\n<div class=\"fusion-date-and-formats\"><div class=\"fusion-date-box updated\"><span class=\"fusion-date\">16<\/span><span class=\"fusion-month-year\">06, 2026<\/span><\/div><div class=\"fusion-format-box\"><i class=\"fusion-icon-pen\" aria-hidden=\"true\"><\/i><\/div><\/div>\t<style type=\"text\/css\">\n\t\t\n\t\t\n\t\t\n\t\t\n\t\t\t<\/style>\n\n\n\t\t\t<div class=\"fusion-flexslider flexslider fusion-flexslider-loading fusion-post-slideshow\" style=\"\">\n\t\t<ul class=\"slides\">\n\t\t\t\n\t\t\t\t\t\t\t\t\t\t\t\t\t\t<li>\n\n<div  class=\"fusion-image-wrapper fusion-image-size-fixed\" aria-haspopup=\"true\">\n\t\n\t\n\t\t\t\n\t\t\t\t<a href=\"https:\/\/balticwind.eu\/de\/nato-sichere-energieversorgung-ist-zentral-fuer-die-verteidigung-des-buendnisses\/\" aria-label=\"NATO: Sichere Energieversorgung ist zentral f\u00fcr die Verteidigung des B\u00fcndnisses\">\n\t\t\n\t\t\n\t\t\t\t\t<img decoding=\"async\" width=\"320\" height=\"202\" src=\"https:\/\/balticwind.eu\/wp-content\/uploads\/2026\/06\/electricity-grid-transmission-lines-energy-320x202.jpg\" class=\"attachment-blog-medium size-blog-medium lazyload wp-post-image\" alt=\"\" srcset=\"data:image\/svg+xml,%3Csvg%20xmlns%3D%27http%3A%2F%2Fwww.w3.org%2F2000%2Fsvg%27%20width%3D%271200%27%20height%3D%27750%27%20viewBox%3D%270%200%201200%20750%27%3E%3Crect%20width%3D%271200%27%20height%3D%27750%27%20fill-opacity%3D%220%22%2F%3E%3C%2Fsvg%3E\" data-orig-src=\"https:\/\/balticwind.eu\/wp-content\/uploads\/2026\/06\/electricity-grid-transmission-lines-energy-320x202.jpg\" data-srcset=\"https:\/\/balticwind.eu\/wp-content\/uploads\/2026\/06\/electricity-grid-transmission-lines-energy-200x125.jpg 200w, https:\/\/balticwind.eu\/wp-content\/uploads\/2026\/06\/electricity-grid-transmission-lines-energy-300x188.jpg 300w, https:\/\/balticwind.eu\/wp-content\/uploads\/2026\/06\/electricity-grid-transmission-lines-energy-320x202.jpg 320w, https:\/\/balticwind.eu\/wp-content\/uploads\/2026\/06\/electricity-grid-transmission-lines-energy-700x441.jpg 700w\" data-sizes=\"auto\" \/>\n\t\n\n\n\t\t\t\t<\/a>\n\t\t\n\t\n<\/div>\n<\/li>\n\t\t\t\n\t\t\t\n\t\t\t\t\t\t\t\t\t\t\t\t\t\t\t\t\t\t\t\t\t\t\t\t\t\t\t\t\t\t\t\t\t\t\t\t\t\t\t\t\t\t\t\t\t\t\t\t\t\t\t\t\t\t\t\t\t\t\t\t\t\t\t\t\t\t\t\t<\/ul>\n\t<\/div>\n\t<div class=\"fusion-post-content post-content\"><h2 class=\"blog-shortcode-post-title entry-title\"><a href=\"https:\/\/balticwind.eu\/de\/nato-sichere-energieversorgung-ist-zentral-fuer-die-verteidigung-des-buendnisses\/\">NATO: Sichere Energieversorgung ist zentral f\u00fcr die Verteidigung des B\u00fcndnisses<\/a><\/h2><p class=\"fusion-single-line-meta\"><a href=\"https:\/\/balticwind.eu\/de\/category\/sicherheit\/\" rel=\"category tag\">Sicherheit<\/a><span class=\"fusion-inline-sep\">|<\/span><\/p><div class=\"fusion-post-content-container\"><p>In Br\u00fcssel verkn\u00fcpfte die stellvertretende NATO-Generalsekret\u00e4rin Radmila Shekerinska eine sichere Energieversorgung direkt mit Abschreckung und Verteidigung des B\u00fcndnisses.<\/p><\/div><\/div><div class=\"fusion-clearfix\"><\/div><\/article>\n<article id=\"blog-3-post-47016\" class=\"fusion-post-medium-alternate post-47016 post type-post status-publish format-standard has-post-thumbnail hentry category-regulierung category-sicherheit category-top-news-de\">\n<div class=\"fusion-date-and-formats\"><div class=\"fusion-date-box updated\"><span class=\"fusion-date\">16<\/span><span class=\"fusion-month-year\">06, 2026<\/span><\/div><div class=\"fusion-format-box\"><i class=\"fusion-icon-pen\" aria-hidden=\"true\"><\/i><\/div><\/div>\t<style type=\"text\/css\">\n\t\t\n\t\t\n\t\t\n\t\t\n\t\t\t<\/style>\n\n\n\t\t\t<div class=\"fusion-flexslider flexslider fusion-flexslider-loading fusion-post-slideshow\" style=\"\">\n\t\t<ul class=\"slides\">\n\t\t\t\n\t\t\t\t\t\t\t\t\t\t\t\t\t\t<li>\n\n<div  class=\"fusion-image-wrapper fusion-image-size-fixed\" aria-haspopup=\"true\">\n\t\n\t\n\t\t\t\n\t\t\t\t<a href=\"https:\/\/balticwind.eu\/de\/eu-sanktionen-treffen-russlands-schattenflotte-und-energieeinnahmen\/\" aria-label=\"EU-Sanktionen treffen Russlands Schattenflotte und Energieeinnahmen\">\n\t\t\n\t\t\n\t\t\t\t\t<img decoding=\"async\" width=\"320\" height=\"202\" src=\"https:\/\/balticwind.eu\/wp-content\/uploads\/2026\/06\/european-parliament-brussels-regulatory-policy-320x202.jpg\" class=\"attachment-blog-medium size-blog-medium lazyload wp-post-image\" alt=\"\" srcset=\"data:image\/svg+xml,%3Csvg%20xmlns%3D%27http%3A%2F%2Fwww.w3.org%2F2000%2Fsvg%27%20width%3D%271200%27%20height%3D%27750%27%20viewBox%3D%270%200%201200%20750%27%3E%3Crect%20width%3D%271200%27%20height%3D%27750%27%20fill-opacity%3D%220%22%2F%3E%3C%2Fsvg%3E\" data-orig-src=\"https:\/\/balticwind.eu\/wp-content\/uploads\/2026\/06\/european-parliament-brussels-regulatory-policy-320x202.jpg\" data-srcset=\"https:\/\/balticwind.eu\/wp-content\/uploads\/2026\/06\/european-parliament-brussels-regulatory-policy-200x125.jpg 200w, https:\/\/balticwind.eu\/wp-content\/uploads\/2026\/06\/european-parliament-brussels-regulatory-policy-300x188.jpg 300w, https:\/\/balticwind.eu\/wp-content\/uploads\/2026\/06\/european-parliament-brussels-regulatory-policy-320x202.jpg 320w, https:\/\/balticwind.eu\/wp-content\/uploads\/2026\/06\/european-parliament-brussels-regulatory-policy-700x441.jpg 700w\" data-sizes=\"auto\" \/>\n\t\n\n\n\t\t\t\t<\/a>\n\t\t\n\t\n<\/div>\n<\/li>\n\t\t\t\n\t\t\t\n\t\t\t\t\t\t\t\t\t\t\t\t\t\t\t\t\t\t\t\t\t\t\t\t\t\t\t\t\t\t\t\t\t\t\t\t\t\t\t\t\t\t\t\t\t\t\t\t\t\t\t\t\t\t\t\t\t\t\t\t\t\t\t\t\t\t\t\t<\/ul>\n\t<\/div>\n\t<div class=\"fusion-post-content post-content\"><h2 class=\"blog-shortcode-post-title entry-title\"><a href=\"https:\/\/balticwind.eu\/de\/eu-sanktionen-treffen-russlands-schattenflotte-und-energieeinnahmen\/\">EU-Sanktionen treffen Russlands Schattenflotte und Energieeinnahmen<\/a><\/h2><p class=\"fusion-single-line-meta\"><a href=\"https:\/\/balticwind.eu\/de\/category\/regulierung\/\" rel=\"category tag\">Regulierung<\/a>, <a href=\"https:\/\/balticwind.eu\/de\/category\/sicherheit\/\" rel=\"category tag\">Sicherheit<\/a>, <a href=\"https:\/\/balticwind.eu\/de\/category\/top-news-de\/\" rel=\"category tag\">Top News<\/a><span class=\"fusion-inline-sep\">|<\/span><\/p><div class=\"fusion-post-content-container\"><p>Das j\u00fcngste EU-Paket listet 34 Personen und 47 Einrichtungen und zielt auf Russlands Schattenflotte, Energieeinnahmen, R\u00fcstungsindustrie und Propaganda.<\/p><\/div><\/div><div class=\"fusion-clearfix\"><\/div><\/article>\n<article id=\"blog-3-post-47004\" class=\"fusion-post-medium-alternate post-47004 post type-post status-publish format-standard has-post-thumbnail hentry category-polen category-sicherheit\">\n<div class=\"fusion-date-and-formats\"><div class=\"fusion-date-box updated\"><span class=\"fusion-date\">16<\/span><span class=\"fusion-month-year\">06, 2026<\/span><\/div><div class=\"fusion-format-box\"><i class=\"fusion-icon-pen\" aria-hidden=\"true\"><\/i><\/div><\/div>\t<style type=\"text\/css\">\n\t\t\n\t\t\n\t\t\n\t\t\n\t\t\t<\/style>\n\n\n\t\t\t<div class=\"fusion-flexslider flexslider fusion-flexslider-loading fusion-post-slideshow\" style=\"\">\n\t\t<ul class=\"slides\">\n\t\t\t\n\t\t\t\t\t\t\t\t\t\t\t\t\t\t<li>\n\n<div  class=\"fusion-image-wrapper fusion-image-size-fixed\" aria-haspopup=\"true\">\n\t\n\t\n\t\t\t\n\t\t\t\t<a href=\"https:\/\/balticwind.eu\/de\/marineuebung-baltops-2026-startet-nato-schiffe-verlassen-gdynia\/\" aria-label=\"Marine\u00fcbung BALTOPS 2026 startet \u2014 NATO-Schiffe verlassen Gdynia\">\n\t\t\n\t\t\n\t\t\t\t\t<img decoding=\"async\" width=\"320\" height=\"202\" src=\"https:\/\/balticwind.eu\/wp-content\/uploads\/2026\/06\/port-harbour-logistics-offshore-supply-1-320x202.jpg\" class=\"attachment-blog-medium size-blog-medium lazyload wp-post-image\" alt=\"\" srcset=\"data:image\/svg+xml,%3Csvg%20xmlns%3D%27http%3A%2F%2Fwww.w3.org%2F2000%2Fsvg%27%20width%3D%271200%27%20height%3D%27750%27%20viewBox%3D%270%200%201200%20750%27%3E%3Crect%20width%3D%271200%27%20height%3D%27750%27%20fill-opacity%3D%220%22%2F%3E%3C%2Fsvg%3E\" data-orig-src=\"https:\/\/balticwind.eu\/wp-content\/uploads\/2026\/06\/port-harbour-logistics-offshore-supply-1-320x202.jpg\" data-srcset=\"https:\/\/balticwind.eu\/wp-content\/uploads\/2026\/06\/port-harbour-logistics-offshore-supply-1-200x125.jpg 200w, https:\/\/balticwind.eu\/wp-content\/uploads\/2026\/06\/port-harbour-logistics-offshore-supply-1-300x188.jpg 300w, https:\/\/balticwind.eu\/wp-content\/uploads\/2026\/06\/port-harbour-logistics-offshore-supply-1-320x202.jpg 320w, https:\/\/balticwind.eu\/wp-content\/uploads\/2026\/06\/port-harbour-logistics-offshore-supply-1-700x441.jpg 700w\" data-sizes=\"auto\" \/>\n\t\n\n\n\t\t\t\t<\/a>\n\t\t\n\t\n<\/div>\n<\/li>\n\t\t\t\n\t\t\t\n\t\t\t\t\t\t\t\t\t\t\t\t\t\t\t\t\t\t\t\t\t\t\t\t\t\t\t\t\t\t\t\t\t\t\t\t\t\t\t\t\t\t\t\t\t\t\t\t\t\t\t\t\t\t\t\t\t\t\t\t\t\t\t\t\t\t\t\t<\/ul>\n\t<\/div>\n\t<div class=\"fusion-post-content post-content\"><h2 class=\"blog-shortcode-post-title entry-title\"><a href=\"https:\/\/balticwind.eu\/de\/marineuebung-baltops-2026-startet-nato-schiffe-verlassen-gdynia\/\">Marine\u00fcbung BALTOPS 2026 startet \u2014 NATO-Schiffe verlassen Gdynia<\/a><\/h2><p class=\"fusion-single-line-meta\"><a href=\"https:\/\/balticwind.eu\/de\/category\/polen\/\" rel=\"category tag\">Polen<\/a>, <a href=\"https:\/\/balticwind.eu\/de\/category\/sicherheit\/\" rel=\"category tag\">Sicherheit<\/a><span class=\"fusion-inline-sep\">|<\/span><\/p><div class=\"fusion-post-content-container\"><p>Zwanzig NATO-Schiffe und rund 6.000 Soldaten aus 15 Nationen haben die j\u00e4hrliche BALTOPS-\u00dcbung begonnen \u2014 erstmals vom JFC Brunssum gef\u00fchrt.<\/p><\/div><\/div><div class=\"fusion-clearfix\"><\/div><\/article>\n<article id=\"blog-3-post-46949\" class=\"fusion-post-medium-alternate post-46949 post type-post status-publish format-standard has-post-thumbnail hentry category-onshore-wind-aktuell category-polen category-sicherheit category-top-news-de\">\n<div class=\"fusion-date-and-formats\"><div class=\"fusion-date-box updated\"><span class=\"fusion-date\">16<\/span><span class=\"fusion-month-year\">06, 2026<\/span><\/div><div class=\"fusion-format-box\"><i class=\"fusion-icon-pen\" aria-hidden=\"true\"><\/i><\/div><\/div>\t<style type=\"text\/css\">\n\t\t\n\t\t\n\t\t\n\t\t\n\t\t\t<\/style>\n\n\n\t\t\t<div class=\"fusion-flexslider flexslider fusion-flexslider-loading fusion-post-slideshow\" style=\"\">\n\t\t<ul class=\"slides\">\n\t\t\t\n\t\t\t\t\t\t\t\t\t\t\t\t\t\t<li>\n\n<div  class=\"fusion-image-wrapper fusion-image-size-fixed\" aria-haspopup=\"true\">\n\t\n\t\n\t\t\t\n\t\t\t\t<a href=\"https:\/\/balticwind.eu\/de\/russische-desinformation-gegen-windkraft-ist-eine-bedrohung-der-nationalen-sicherheit-warnen-polnische-experten\/\" aria-label=\"Russische Desinformation gegen Windkraft ist eine Bedrohung der nationalen Sicherheit, warnen polnische Experten\">\n\t\t\n\t\t\n\t\t\t\t\t<img decoding=\"async\" width=\"320\" height=\"202\" src=\"https:\/\/balticwind.eu\/wp-content\/uploads\/2026\/06\/psew-debate-wind-energy-disinformation-320x202.png\" class=\"attachment-blog-medium size-blog-medium lazyload wp-post-image\" alt=\"\" srcset=\"data:image\/svg+xml,%3Csvg%20xmlns%3D%27http%3A%2F%2Fwww.w3.org%2F2000%2Fsvg%27%20width%3D%272198%27%20height%3D%271232%27%20viewBox%3D%270%200%202198%201232%27%3E%3Crect%20width%3D%272198%27%20height%3D%271232%27%20fill-opacity%3D%220%22%2F%3E%3C%2Fsvg%3E\" data-orig-src=\"https:\/\/balticwind.eu\/wp-content\/uploads\/2026\/06\/psew-debate-wind-energy-disinformation-320x202.png\" data-srcset=\"https:\/\/balticwind.eu\/wp-content\/uploads\/2026\/06\/psew-debate-wind-energy-disinformation-320x202.png 320w, https:\/\/balticwind.eu\/wp-content\/uploads\/2026\/06\/psew-debate-wind-energy-disinformation-700x441.png 700w\" data-sizes=\"auto\" \/>\n\t\n\n\n\t\t\t\t<\/a>\n\t\t\n\t\n<\/div>\n<\/li>\n\t\t\t\n\t\t\t\n\t\t\t\t\t\t\t\t\t\t\t\t\t\t\t\t\t\t\t\t\t\t\t\t\t\t\t\t\t\t\t\t\t\t\t\t\t\t\t\t\t\t\t\t\t\t\t\t\t\t\t\t\t\t\t\t\t\t\t\t\t\t\t\t\t\t\t\t<\/ul>\n\t<\/div>\n\t<div class=\"fusion-post-content post-content\"><h2 class=\"blog-shortcode-post-title entry-title\"><a href=\"https:\/\/balticwind.eu\/de\/russische-desinformation-gegen-windkraft-ist-eine-bedrohung-der-nationalen-sicherheit-warnen-polnische-experten\/\">Russische Desinformation gegen Windkraft ist eine Bedrohung der nationalen Sicherheit, warnen polnische Experten<\/a><\/h2><p class=\"fusion-single-line-meta\"><a href=\"https:\/\/balticwind.eu\/de\/category\/onshore-wind-aktuell\/\" rel=\"category tag\">Onshore-Wind Aktuell<\/a>, <a href=\"https:\/\/balticwind.eu\/de\/category\/polen\/\" rel=\"category tag\">Polen<\/a>, <a href=\"https:\/\/balticwind.eu\/de\/category\/sicherheit\/\" rel=\"category tag\">Sicherheit<\/a>, <a href=\"https:\/\/balticwind.eu\/de\/category\/top-news-de\/\" rel=\"category tag\">Top News<\/a><span class=\"fusion-inline-sep\">|<\/span><\/p><div class=\"fusion-post-content-container\"><p>Auf einer Warschauer Pressekonferenz erklaerten Vertreter und Analysten, Desinformation gegen Windkraft sei eine finanzierte russische Operation; die Energiewirtschaft werde gezielt ins Visier genommen.<\/p><\/div><\/div><div class=\"fusion-clearfix\"><\/div><\/article>\n<article id=\"blog-3-post-46955\" class=\"fusion-post-medium-alternate post-46955 post type-post status-publish format-standard has-post-thumbnail hentry category-onshore-wind-aktuell category-polen category-sicherheit category-veranstaltungen\">\n<div class=\"fusion-date-and-formats\"><div class=\"fusion-date-box updated\"><span class=\"fusion-date\">15<\/span><span class=\"fusion-month-year\">06, 2026<\/span><\/div><div class=\"fusion-format-box\"><i class=\"fusion-icon-pen\" aria-hidden=\"true\"><\/i><\/div><\/div>\t<style type=\"text\/css\">\n\t\t\n\t\t\n\t\t\n\t\t\n\t\t\t<\/style>\n\n\n\t\t\t<div class=\"fusion-flexslider flexslider fusion-flexslider-loading fusion-post-slideshow\" style=\"\">\n\t\t<ul class=\"slides\">\n\t\t\t\n\t\t\t\t\t\t\t\t\t\t\t\t\t\t<li>\n\n<div  class=\"fusion-image-wrapper fusion-image-size-fixed\" aria-haspopup=\"true\">\n\t\n\t\n\t\t\t\n\t\t\t\t<a href=\"https:\/\/balticwind.eu\/de\/fakten-gegen-mythen-experten-skizzieren-polens-kampf-gegen-windkraft-desinformation\/\" aria-label=\"Fakten gegen Mythen: Experten skizzieren Polens Kampf gegen Windkraft-Desinformation\">\n\t\t\n\t\t\n\t\t\t\t\t<img decoding=\"async\" width=\"320\" height=\"202\" src=\"https:\/\/balticwind.eu\/wp-content\/uploads\/2026\/06\/psew-debate-wind-energy-disinformation-1-320x202.png\" class=\"attachment-blog-medium size-blog-medium lazyload wp-post-image\" alt=\"\" srcset=\"data:image\/svg+xml,%3Csvg%20xmlns%3D%27http%3A%2F%2Fwww.w3.org%2F2000%2Fsvg%27%20width%3D%272198%27%20height%3D%271232%27%20viewBox%3D%270%200%202198%201232%27%3E%3Crect%20width%3D%272198%27%20height%3D%271232%27%20fill-opacity%3D%220%22%2F%3E%3C%2Fsvg%3E\" data-orig-src=\"https:\/\/balticwind.eu\/wp-content\/uploads\/2026\/06\/psew-debate-wind-energy-disinformation-1-320x202.png\" data-srcset=\"https:\/\/balticwind.eu\/wp-content\/uploads\/2026\/06\/psew-debate-wind-energy-disinformation-1-320x202.png 320w, https:\/\/balticwind.eu\/wp-content\/uploads\/2026\/06\/psew-debate-wind-energy-disinformation-1-700x441.png 700w\" data-sizes=\"auto\" \/>\n\t\n\n\n\t\t\t\t<\/a>\n\t\t\n\t\n<\/div>\n<\/li>\n\t\t\t\n\t\t\t\n\t\t\t\t\t\t\t\t\t\t\t\t\t\t\t\t\t\t\t\t\t\t\t\t\t\t\t\t\t\t\t\t\t\t\t\t\t\t\t\t\t\t\t\t\t\t\t\t\t\t\t\t\t\t\t\t\t\t\t\t\t\t\t\t\t\t\t\t<\/ul>\n\t<\/div>\n\t<div class=\"fusion-post-content post-content\"><h2 class=\"blog-shortcode-post-title entry-title\"><a href=\"https:\/\/balticwind.eu\/de\/fakten-gegen-mythen-experten-skizzieren-polens-kampf-gegen-windkraft-desinformation\/\">Fakten gegen Mythen: Experten skizzieren Polens Kampf gegen Windkraft-Desinformation<\/a><\/h2><p class=\"fusion-single-line-meta\"><a href=\"https:\/\/balticwind.eu\/de\/category\/onshore-wind-aktuell\/\" rel=\"category tag\">Onshore-Wind Aktuell<\/a>, <a href=\"https:\/\/balticwind.eu\/de\/category\/polen\/\" rel=\"category tag\">Polen<\/a>, <a href=\"https:\/\/balticwind.eu\/de\/category\/sicherheit\/\" rel=\"category tag\">Sicherheit<\/a>, <a href=\"https:\/\/balticwind.eu\/de\/category\/veranstaltungen\/\" rel=\"category tag\">Veranstaltungen<\/a><span class=\"fusion-inline-sep\">|<\/span><\/p><div class=\"fusion-post-content-container\"><p>Eine Warschauer Pressekonferenz versammelte Minister, Analysten, Wissenschaftler, eine Investorin und einen Gemeindevorsteher, um Windkraft-Mythen und die finanzierte Desinformation zu konfrontieren.<\/p><\/div><\/div><div class=\"fusion-clearfix\"><\/div><\/article>\n<article id=\"blog-3-post-46943\" class=\"fusion-post-medium-alternate post-46943 post type-post status-publish format-standard has-post-thumbnail hentry category-onshore-wind-aktuell category-polen category-sicherheit\">\n<div class=\"fusion-date-and-formats\"><div class=\"fusion-date-box updated\"><span class=\"fusion-date\">15<\/span><span class=\"fusion-month-year\">06, 2026<\/span><\/div><div class=\"fusion-format-box\"><i class=\"fusion-icon-pen\" aria-hidden=\"true\"><\/i><\/div><\/div>\t<style type=\"text\/css\">\n\t\t\n\t\t\n\t\t\n\t\t\n\t\t\t<\/style>\n\n\n\t\t\t<div class=\"fusion-flexslider flexslider fusion-flexslider-loading fusion-post-slideshow\" style=\"\">\n\t\t<ul class=\"slides\">\n\t\t\t\n\t\t\t\t\t\t\t\t\t\t\t\t\t\t<li>\n\n<div  class=\"fusion-image-wrapper fusion-image-size-fixed\" aria-haspopup=\"true\">\n\t\n\t\n\t\t\t\n\t\t\t\t<a href=\"https:\/\/balticwind.eu\/de\/ein-langsames-eintroepfeln-von-gift-ministerin-zielinska-nennt-windkraft-desinformation-eine-bedrohung-der-staatssicherheit\/\" aria-label=\"&#8216;Ein langsames Eintroepfeln von Gift&#8217;: Ministerin Zielinska nennt Windkraft-Desinformation eine Bedrohung der Staatssicherheit\">\n\t\t\n\t\t\n\t\t\t\t\t<img decoding=\"async\" width=\"320\" height=\"202\" src=\"https:\/\/balticwind.eu\/wp-content\/uploads\/2026\/06\/urszula-zielinska-ministry-climate-environment-320x202.png\" class=\"attachment-blog-medium size-blog-medium lazyload wp-post-image\" alt=\"\" srcset=\"data:image\/svg+xml,%3Csvg%20xmlns%3D%27http%3A%2F%2Fwww.w3.org%2F2000%2Fsvg%27%20width%3D%271200%27%20height%3D%27750%27%20viewBox%3D%270%200%201200%20750%27%3E%3Crect%20width%3D%271200%27%20height%3D%27750%27%20fill-opacity%3D%220%22%2F%3E%3C%2Fsvg%3E\" data-orig-src=\"https:\/\/balticwind.eu\/wp-content\/uploads\/2026\/06\/urszula-zielinska-ministry-climate-environment-320x202.png\" data-srcset=\"https:\/\/balticwind.eu\/wp-content\/uploads\/2026\/06\/urszula-zielinska-ministry-climate-environment-200x125.png 200w, https:\/\/balticwind.eu\/wp-content\/uploads\/2026\/06\/urszula-zielinska-ministry-climate-environment-300x188.png 300w, https:\/\/balticwind.eu\/wp-content\/uploads\/2026\/06\/urszula-zielinska-ministry-climate-environment-320x202.png 320w, https:\/\/balticwind.eu\/wp-content\/uploads\/2026\/06\/urszula-zielinska-ministry-climate-environment-700x441.png 700w\" data-sizes=\"auto\" \/>\n\t\n\n\n\t\t\t\t<\/a>\n\t\t\n\t\n<\/div>\n<\/li>\n\t\t\t\n\t\t\t\n\t\t\t\t\t\t\t\t\t\t\t\t\t\t\t\t\t\t\t\t\t\t\t\t\t\t\t\t\t\t\t\t\t\t\t\t\t\t\t\t\t\t\t\t\t\t\t\t\t\t\t\t\t\t\t\t\t\t\t\t\t\t\t\t\t\t\t\t<\/ul>\n\t<\/div>\n\t<div class=\"fusion-post-content post-content\"><h2 class=\"blog-shortcode-post-title entry-title\"><a href=\"https:\/\/balticwind.eu\/de\/ein-langsames-eintroepfeln-von-gift-ministerin-zielinska-nennt-windkraft-desinformation-eine-bedrohung-der-staatssicherheit\/\">&#8216;Ein langsames Eintroepfeln von Gift&#8217;: Ministerin Zielinska nennt Windkraft-Desinformation eine Bedrohung der Staatssicherheit<\/a><\/h2><p class=\"fusion-single-line-meta\"><a href=\"https:\/\/balticwind.eu\/de\/category\/onshore-wind-aktuell\/\" rel=\"category tag\">Onshore-Wind Aktuell<\/a>, <a href=\"https:\/\/balticwind.eu\/de\/category\/polen\/\" rel=\"category tag\">Polen<\/a>, <a href=\"https:\/\/balticwind.eu\/de\/category\/sicherheit\/\" rel=\"category tag\">Sicherheit<\/a><span class=\"fusion-inline-sep\">|<\/span><\/p><div class=\"fusion-post-content-container\"><p>Zur Eroeffnung einer Warschauer Konferenz nannte Ministerin Urszula Zielinska Windkraft-Desinformation 'ein langsames Eintroepfeln von Gift' und eine gezielte, finanzierte Operation.<\/p><\/div><\/div><div class=\"fusion-clearfix\"><\/div><\/article>\n<article id=\"blog-3-post-46888\" class=\"fusion-post-medium-alternate post-46888 post type-post status-publish format-standard has-post-thumbnail hentry category-estland-de category-lettland category-sicherheit\">\n<div class=\"fusion-date-and-formats\"><div class=\"fusion-date-box updated\"><span class=\"fusion-date\">12<\/span><span class=\"fusion-month-year\">06, 2026<\/span><\/div><div class=\"fusion-format-box\"><i class=\"fusion-icon-pen\" aria-hidden=\"true\"><\/i><\/div><\/div>\t<style type=\"text\/css\">\n\t\t\n\t\t\n\t\t\n\t\t\n\t\t\t<\/style>\n\n\n\t\t\t<div class=\"fusion-flexslider flexslider fusion-flexslider-loading fusion-post-slideshow\" style=\"\">\n\t\t<ul class=\"slides\">\n\t\t\t\n\t\t\t\t\t\t\t\t\t\t\t\t\t\t<li>\n\n<div  class=\"fusion-image-wrapper fusion-image-size-fixed\" aria-haspopup=\"true\">\n\t\n\t\n\t\t\t\n\t\t\t\t<a href=\"https:\/\/balticwind.eu\/de\/aussenministerien-des-baltikums-der-nordischen-laender-und-der-usa-bekraeftigen-bei-e-pine-gespraechen-den-fokus-auf-transatlantische-sicherheit\/\" aria-label=\"Au\u00dfenministerien des Baltikums, der nordischen L\u00e4nder und der USA bekr\u00e4ftigen bei E-PINE-Gespr\u00e4chen den Fokus auf transatlantische Sicherheit\">\n\t\t\n\t\t\n\t\t\t\t\t<img decoding=\"async\" width=\"320\" height=\"202\" src=\"https:\/\/balticwind.eu\/wp-content\/uploads\/2026\/06\/e-pine-baltic-nordic-us-transatlantic-security-320x202.jpg\" class=\"attachment-blog-medium size-blog-medium lazyload wp-post-image\" alt=\"\" srcset=\"data:image\/svg+xml,%3Csvg%20xmlns%3D%27http%3A%2F%2Fwww.w3.org%2F2000%2Fsvg%27%20width%3D%272560%27%20height%3D%271707%27%20viewBox%3D%270%200%202560%201707%27%3E%3Crect%20width%3D%272560%27%20height%3D%271707%27%20fill-opacity%3D%220%22%2F%3E%3C%2Fsvg%3E\" data-orig-src=\"https:\/\/balticwind.eu\/wp-content\/uploads\/2026\/06\/e-pine-baltic-nordic-us-transatlantic-security-320x202.jpg\" data-srcset=\"https:\/\/balticwind.eu\/wp-content\/uploads\/2026\/06\/e-pine-baltic-nordic-us-transatlantic-security-320x202.jpg 320w, https:\/\/balticwind.eu\/wp-content\/uploads\/2026\/06\/e-pine-baltic-nordic-us-transatlantic-security-700x441.jpg 700w\" data-sizes=\"auto\" \/>\n\t\n\n\n\t\t\t\t<\/a>\n\t\t\n\t\n<\/div>\n<\/li>\n\t\t\t\n\t\t\t\n\t\t\t\t\t\t\t\t\t\t\t\t\t\t\t\t\t\t\t\t\t\t\t\t\t\t\t\t\t\t\t\t\t\t\t\t\t\t\t\t\t\t\t\t\t\t\t\t\t\t\t\t\t\t\t\t\t\t\t\t\t\t\t\t\t\t\t\t<\/ul>\n\t<\/div>\n\t<div class=\"fusion-post-content post-content\"><h2 class=\"blog-shortcode-post-title entry-title\"><a href=\"https:\/\/balticwind.eu\/de\/aussenministerien-des-baltikums-der-nordischen-laender-und-der-usa-bekraeftigen-bei-e-pine-gespraechen-den-fokus-auf-transatlantische-sicherheit\/\">Au\u00dfenministerien des Baltikums, der nordischen L\u00e4nder und der USA bekr\u00e4ftigen bei E-PINE-Gespr\u00e4chen den Fokus auf transatlantische Sicherheit<\/a><\/h2><p class=\"fusion-single-line-meta\"><a href=\"https:\/\/balticwind.eu\/de\/category\/estland-de\/\" rel=\"category tag\">Estland<\/a>, <a href=\"https:\/\/balticwind.eu\/de\/category\/lettland\/\" rel=\"category tag\">Lettland<\/a>, <a href=\"https:\/\/balticwind.eu\/de\/category\/sicherheit\/\" rel=\"category tag\">Sicherheit<\/a><span class=\"fusion-inline-sep\">|<\/span><\/p><div class=\"fusion-post-content-container\"><p>Bei E-PINE-Gespr\u00e4chen in Tallinn und Narva bekr\u00e4ftigten Vertreter des Baltikums, der nordischen L\u00e4nder und der USA die transatlantische Sicherheitszusammenarbeit und verwiesen auf hybride Bedrohungen und Russlands Schattenflotte.<\/p><\/div><\/div><div class=\"fusion-clearfix\"><\/div><\/article>\n<article id=\"blog-3-post-46882\" class=\"fusion-post-medium-alternate post-46882 post type-post status-publish format-standard has-post-thumbnail hentry category-regulierung category-sicherheit\">\n<div class=\"fusion-date-and-formats\"><div class=\"fusion-date-box updated\"><span class=\"fusion-date\">12<\/span><span class=\"fusion-month-year\">06, 2026<\/span><\/div><div class=\"fusion-format-box\"><i class=\"fusion-icon-pen\" aria-hidden=\"true\"><\/i><\/div><\/div>\t<style type=\"text\/css\">\n\t\t\n\t\t\n\t\t\n\t\t\n\t\t\t<\/style>\n\n\n\t\t\t<div class=\"fusion-flexslider flexslider fusion-flexslider-loading fusion-post-slideshow\" style=\"\">\n\t\t<ul class=\"slides\">\n\t\t\t\n\t\t\t\t\t\t\t\t\t\t\t\t\t\t<li>\n\n<div  class=\"fusion-image-wrapper fusion-image-size-fixed\" aria-haspopup=\"true\">\n\t\n\t\n\t\t\t\n\t\t\t\t<a href=\"https:\/\/balticwind.eu\/de\/norwegen-wird-vollmitglied-der-eu-strategie-fuer-den-ostseeraum\/\" aria-label=\"Norwegen wird Vollmitglied der EU-Strategie f\u00fcr den Ostseeraum\">\n\t\t\n\t\t\n\t\t\t\t\t<img decoding=\"async\" width=\"320\" height=\"202\" src=\"https:\/\/balticwind.eu\/wp-content\/uploads\/2026\/06\/norway-full-member-eu-strategy-baltic-sea-region-320x202.jpg\" class=\"attachment-blog-medium size-blog-medium lazyload wp-post-image\" alt=\"\" srcset=\"data:image\/svg+xml,%3Csvg%20xmlns%3D%27http%3A%2F%2Fwww.w3.org%2F2000%2Fsvg%27%20width%3D%272560%27%20height%3D%271707%27%20viewBox%3D%270%200%202560%201707%27%3E%3Crect%20width%3D%272560%27%20height%3D%271707%27%20fill-opacity%3D%220%22%2F%3E%3C%2Fsvg%3E\" data-orig-src=\"https:\/\/balticwind.eu\/wp-content\/uploads\/2026\/06\/norway-full-member-eu-strategy-baltic-sea-region-320x202.jpg\" data-srcset=\"https:\/\/balticwind.eu\/wp-content\/uploads\/2026\/06\/norway-full-member-eu-strategy-baltic-sea-region-320x202.jpg 320w, https:\/\/balticwind.eu\/wp-content\/uploads\/2026\/06\/norway-full-member-eu-strategy-baltic-sea-region-700x441.jpg 700w\" data-sizes=\"auto\" \/>\n\t\n\n\n\t\t\t\t<\/a>\n\t\t\n\t\n<\/div>\n<\/li>\n\t\t\t\n\t\t\t\n\t\t\t\t\t\t\t\t\t\t\t\t\t\t\t\t\t\t\t\t\t\t\t\t\t\t\t\t\t\t\t\t\t\t\t\t\t\t\t\t\t\t\t\t\t\t\t\t\t\t\t\t\t\t\t\t\t\t\t\t\t\t\t\t\t\t\t\t<\/ul>\n\t<\/div>\n\t<div class=\"fusion-post-content post-content\"><h2 class=\"blog-shortcode-post-title entry-title\"><a href=\"https:\/\/balticwind.eu\/de\/norwegen-wird-vollmitglied-der-eu-strategie-fuer-den-ostseeraum\/\">Norwegen wird Vollmitglied der EU-Strategie f\u00fcr den Ostseeraum<\/a><\/h2><p class=\"fusion-single-line-meta\"><a href=\"https:\/\/balticwind.eu\/de\/category\/regulierung\/\" rel=\"category tag\">Regulierung<\/a>, <a href=\"https:\/\/balticwind.eu\/de\/category\/sicherheit\/\" rel=\"category tag\">Sicherheit<\/a><span class=\"fusion-inline-sep\">|<\/span><\/p><div class=\"fusion-post-content-container\"><p>Norwegen ist Vollmitglied der EU-Strategie f\u00fcr den Ostseeraum geworden und erh\u00e4lt eine formelle Rolle in F\u00fchrung und Agenda des makroregionalen Rahmens.<\/p><\/div><\/div><div class=\"fusion-clearfix\"><\/div><\/article>\n<\/div><div class=\"fusion-infinite-scroll-trigger\"><\/div><div class=\"pagination infinite-scroll clearfix\" style=\"display:none;\"><span class=\"current\">1<\/span><a href=\"https:\/\/balticwind.eu\/de\/wp-json\/wp\/v2\/pages\/47664\/page\/2\/\" class=\"inactive\">2<\/a><a class=\"pagination-next\" rel=\"next\" href=\"https:\/\/balticwind.eu\/de\/wp-json\/wp\/v2\/pages\/47664\/page\/2\/\"><span class=\"page-text\">Next<\/span><span class=\"page-next\"><\/span><\/a><\/div><div class=\"fusion-clearfix\"><\/div><button class=\"fusion-load-more-button fusion-blog-button fusion-clearfix\">Load More Posts<\/button><\/div><div class=\"fusion-separator\" style=\"align-self: center;margin-left: auto;margin-right: auto;margin-bottom:10px;width:100%;max-width:80%;\"><div class=\"fusion-separator-border sep-single sep-solid\" style=\"border-color:#1f2a3b;border-top-width:12px;\"><\/div><\/div><\/div><style type=\"text\/css\">.fusion-body .fusion-builder-nested-column-0{width:66.666666666667% !important;margin-top : 0px;margin-bottom : 20px;}.fusion-builder-nested-column-0 > .fusion-column-wrapper {padding-top : 0px !important;padding-right : 0px !important;margin-right : 2.88%;padding-bottom : 0px !important;padding-left : 0px !important;margin-left : 2.88%;}@media only screen and (max-width:1024px) {.fusion-body .fusion-builder-nested-column-0{width:100% !important;order : 0;}.fusion-builder-nested-column-0 > .fusion-column-wrapper {margin-right : 1.92%;margin-left : 1.92%;}}@media only screen and (max-width:640px) {.fusion-body .fusion-builder-nested-column-0{width:100% !important;order : 0;}.fusion-builder-nested-column-0 > .fusion-column-wrapper {margin-right : 1.92%;margin-left : 1.92%;}}<\/style><\/div><div class=\"fusion-layout-column fusion_builder_column_inner fusion-builder-nested-column-1 fusion_builder_column_inner_1_3 1_3 fusion-flex-column\"><div class=\"fusion-column-wrapper fusion-flex-justify-content-flex-start fusion-content-layout-column\" style=\"background-position:left top;background-repeat:no-repeat;-webkit-background-size:cover;-moz-background-size:cover;-o-background-size:cover;background-size:cover;padding: 0px 0px 0px 0px;\"><div class=\"fusion-separator\" style=\"align-self: center;margin-left: auto;margin-right: auto;margin-bottom:10px;width:100%;max-width:80%;\"><div class=\"fusion-separator-border sep-single sep-solid\" style=\"border-color:#1f2a3b;border-top-width:12px;\"><\/div><\/div><style type=\"text\/css\">@media only screen and (max-width:1024px) {.fusion-title.fusion-title-5{margin-top:20px!important; margin-right:0px!important;margin-bottom:20px!important;margin-left:0px!important;}}@media only screen and (max-width:640px) {.fusion-title.fusion-title-5{margin-top:0px!important; margin-right:0px!important;margin-bottom:20px!important; margin-left:0px!important;}}<\/style><div class=\"fusion-title title fusion-title-5 fusion-title-center fusion-title-text fusion-title-size-two\" style=\"font-size:28px;margin-top:20px;margin-right:0px;margin-bottom:20px;margin-left:0px;\"><div class=\"title-sep-container title-sep-container-left\"><div class=\"title-sep sep-\" style=\"border-color:#eaeaea;\"><\/div><\/div><h2 class=\"title-heading-center fusion-responsive-typography-calculated\" style=\"margin:0;font-size:1em;--fontSize:28;line-height:1.00;\">STRATEGISCHE PARTNER<\/h2><div class=\"title-sep-container title-sep-container-right\"><div class=\"title-sep sep-\" style=\"border-color:#eaeaea;\"><\/div><\/div><\/div><div style=\"text-align:center;\"><span class=\" fusion-imageframe imageframe-none imageframe-1 hover-type-none\" style=\"width:100%;max-width:60%;margin-bottom:20px;\"><a class=\"fusion-no-lightbox\" href=\"https:\/\/www.balticpower.pl\/en\/\" target=\"_blank\" aria-label=\"Logo_Baltic_Power+ORLEN+NP_NEW_rgb_mono-01\" rel=\"noopener noreferrer\"><img decoding=\"async\" width=\"396\" height=\"432\" src=\"data:image\/svg+xml,%3Csvg%20xmlns%3D%27http%3A%2F%2Fwww.w3.org%2F2000%2Fsvg%27%20width%3D%27396%27%20height%3D%27432%27%20viewBox%3D%270%200%20396%20432%27%3E%3Crect%20width%3D%27396%27%20height%3D%27432%27%20fill-opacity%3D%220%22%2F%3E%3C%2Fsvg%3E\" data-orig-src=\"https:\/\/balticwind.eu\/wp-content\/uploads\/2023\/01\/Logo_Baltic_PowerORLENNP_NEW_rgb_mono-01.svg\" class=\"lazyload img-responsive wp-image-34521\"\/><\/a><\/span><\/div><div style=\"text-align:center;\"><span class=\" fusion-imageframe imageframe-none imageframe-2 hover-type-none\" style=\"width:100%;max-width:60%;margin-top:10px;margin-bottom:20px;\"><a class=\"fusion-no-lightbox\" href=\"https:\/\/sensoria.com\" target=\"_blank\" aria-label=\"Sensoria Logo &#038; Secondary Green Tagline (Dark Blue) CMYK_FINAL\" rel=\"noopener noreferrer\"><img decoding=\"async\" width=\"444\" height=\"114\" src=\"data:image\/svg+xml,%3Csvg%20xmlns%3D%27http%3A%2F%2Fwww.w3.org%2F2000%2Fsvg%27%20width%3D%27444%27%20height%3D%27114%27%20viewBox%3D%270%200%20444%20114%27%3E%3Crect%20width%3D%27444%27%20height%3D%27114%27%20fill-opacity%3D%220%22%2F%3E%3C%2Fsvg%3E\" data-orig-src=\"https:\/\/balticwind.eu\/wp-content\/uploads\/2023\/01\/Sensoria-Logo-Secondary-Green-Tagline-Dark-Blue-CMYK_FINAL.svg\" class=\"lazyload img-responsive wp-image-34522\"\/><\/a><\/span><\/div><div style=\"text-align:center;\"><span class=\" fusion-imageframe imageframe-none imageframe-3 hover-type-none\" style=\"margin-top:10px;margin-right:40px;margin-bottom:20px;margin-left:40px;\"><a class=\"fusion-no-lightbox\" href=\"https:\/\/pgebaltica.pl\/en\/home\" target=\"_blank\" aria-label=\"logo-PGE-BALTICA-pion-RGB\" rel=\"noopener noreferrer\"><img decoding=\"async\" width=\"777\" height=\"574\" src=\"https:\/\/balticwind.eu\/wp-content\/uploads\/2025\/02\/logo-PGE-BALTICA-pion-RGB.jpg\" data-orig-src=\"https:\/\/balticwind.eu\/wp-content\/uploads\/2025\/02\/logo-PGE-BALTICA-pion-RGB.jpg\" class=\"lazyload img-responsive wp-image-41780\" srcset=\"data:image\/svg+xml,%3Csvg%20xmlns%3D%27http%3A%2F%2Fwww.w3.org%2F2000%2Fsvg%27%20width%3D%27777%27%20height%3D%27574%27%20viewBox%3D%270%200%20777%20574%27%3E%3Crect%20width%3D%27777%27%20height%3D%27574%27%20fill-opacity%3D%220%22%2F%3E%3C%2Fsvg%3E\" data-srcset=\"https:\/\/balticwind.eu\/wp-content\/uploads\/2025\/02\/logo-PGE-BALTICA-pion-RGB-200x148.jpg 200w, https:\/\/balticwind.eu\/wp-content\/uploads\/2025\/02\/logo-PGE-BALTICA-pion-RGB-400x295.jpg 400w, https:\/\/balticwind.eu\/wp-content\/uploads\/2025\/02\/logo-PGE-BALTICA-pion-RGB-600x443.jpg 600w, https:\/\/balticwind.eu\/wp-content\/uploads\/2025\/02\/logo-PGE-BALTICA-pion-RGB.jpg 777w\" data-sizes=\"auto\" data-orig-sizes=\"(max-width: 1024px) 100vw, (max-width: 640px) 100vw, 400px\" \/><\/a><\/span><style>.fusion-sticky-container.fusion-sticky-transition .imageframe-3{ max-width:60% !important; }<\/style><\/div><\/div><style type=\"text\/css\">.fusion-body .fusion-builder-nested-column-1{width:33.333333333333% !important;margin-top : 0px;margin-bottom : 20px;}.fusion-builder-nested-column-1 > .fusion-column-wrapper {padding-top : 0px !important;padding-right : 0px !important;margin-right : 5.76%;padding-bottom : 0px !important;padding-left : 0px !important;margin-left : 5.76%;}@media only screen and (max-width:1024px) {.fusion-body .fusion-builder-nested-column-1{width:100% !important;order : 0;}.fusion-builder-nested-column-1 > .fusion-column-wrapper {margin-right : 1.92%;margin-left : 1.92%;}}@media only screen and (max-width:640px) {.fusion-body .fusion-builder-nested-column-1{width:100% !important;order : 0;}.fusion-builder-nested-column-1 > .fusion-column-wrapper {margin-right : 1.92%;margin-left : 1.92%;}}<\/style><\/div><\/div><\/div><style type=\"text\/css\">.fusion-body .fusion-builder-column-5{width:100% !important;margin-top : 0px;margin-bottom : 20px;}.fusion-builder-column-5 > .fusion-column-wrapper {padding-top : 0px !important;padding-right : 0px !important;margin-right : 1.92%;padding-bottom : 0px !important;padding-left : 0px !important;margin-left : 1.92%;}@media only screen and (max-width:1024px) {.fusion-body .fusion-builder-column-5{width:100% !important;order : 0;}.fusion-builder-column-5 > .fusion-column-wrapper {margin-right : 1.92%;margin-left : 1.92%;}}@media only screen and (max-width:640px) {.fusion-body .fusion-builder-column-5{width:100% !important;order : 0;}.fusion-builder-column-5 > .fusion-column-wrapper {margin-right : 1.92%;margin-left : 1.92%;}}<\/style><\/div><\/div><style type=\"text\/css\">.fusion-body .fusion-flex-container.fusion-builder-row-6{ padding-top : 5px;margin-top : 0px;padding-right : 0px;padding-bottom : 0px;margin-bottom : 0px;padding-left : 0px;}<\/style><\/div><div class=\"fusion-fullwidth fullwidth-box fusion-builder-row-7 fusion-flex-container nonhundred-percent-fullwidth non-hundred-percent-height-scrolling fusion-no-large-visibility\" style=\"background-color: rgba(255,255,255,0);background-position: center center;background-repeat: no-repeat;border-width: 0px 0px 0px 0px;border-color:#eaeaea;border-style:solid;\" ><div class=\"fusion-builder-row fusion-row fusion-flex-align-items-flex-start fusion-flex-align-content-space-evenly\" style=\"max-width:1289.6px;margin-left: calc(-4% \/ 2 );margin-right: calc(-4% \/ 2 );\"><div class=\"fusion-layout-column fusion_builder_column fusion-builder-column-6 fusion_builder_column_1_1 1_1 fusion-flex-column fusion-flex-align-self-center\"><div class=\"fusion-column-wrapper fusion-flex-justify-content-center fusion-content-layout-column\" style=\"background-position:left top;background-repeat:no-repeat;-webkit-background-size:cover;-moz-background-size:cover;-o-background-size:cover;background-size:cover;padding: 20px 0px 50px 0px;\"><div class=\"fusion-separator\" style=\"align-self: center;margin-left: auto;margin-right: auto;margin-bottom:10px;width:100%;max-width:80%;\"><div class=\"fusion-separator-border sep-single sep-solid\" style=\"border-color:#1f2a3b;border-top-width:12px;\"><\/div><\/div><style type=\"text\/css\">@media only screen and (max-width:1024px) {.fusion-title.fusion-title-6{margin-top:20px!important; margin-right:0px!important;margin-bottom:20px!important;margin-left:0px!important;}}@media only screen and (max-width:640px) {.fusion-title.fusion-title-6{margin-top:0px!important; margin-right:0px!important;margin-bottom:20px!important; margin-left:0px!important;}}<\/style><div class=\"fusion-title title fusion-title-6 fusion-title-center fusion-title-text fusion-title-size-four\" style=\"margin-top:20px;margin-right:0px;margin-bottom:20px;margin-left:0px;\"><div class=\"title-sep-container title-sep-container-left\"><div class=\"title-sep sep-\" style=\"border-color:#eaeaea;\"><\/div><\/div><h4 class=\"title-heading-center fusion-responsive-typography-calculated\" style=\"margin:0;--fontSize:18;line-height:1.0;\">STRATEGISCHE PARTNER<\/h4><div class=\"title-sep-container title-sep-container-right\"><div class=\"title-sep sep-\" style=\"border-color:#eaeaea;\"><\/div><\/div><\/div><div class=\"fusion-separator\" style=\"align-self: center;margin-left: auto;margin-right: auto;margin-bottom:10px;width:100%;max-width:80%;\"><\/div><div style=\"text-align:center;\"><span class=\" fusion-imageframe imageframe-none imageframe-4 hover-type-none\" style=\"width:100%;max-width:60%;margin-bottom:20px;\"><a class=\"fusion-no-lightbox\" href=\"https:\/\/www.balticpower.pl\/en\/\" target=\"_blank\" aria-label=\"Logo_Baltic_Power+ORLEN+NP_NEW_rgb_mono-01\" rel=\"noopener noreferrer\"><img decoding=\"async\" width=\"396\" height=\"432\" src=\"data:image\/svg+xml,%3Csvg%20xmlns%3D%27http%3A%2F%2Fwww.w3.org%2F2000%2Fsvg%27%20width%3D%27396%27%20height%3D%27432%27%20viewBox%3D%270%200%20396%20432%27%3E%3Crect%20width%3D%27396%27%20height%3D%27432%27%20fill-opacity%3D%220%22%2F%3E%3C%2Fsvg%3E\" data-orig-src=\"https:\/\/balticwind.eu\/wp-content\/uploads\/2023\/01\/Logo_Baltic_PowerORLENNP_NEW_rgb_mono-01.svg\" class=\"lazyload img-responsive wp-image-34521\"\/><\/a><\/span><\/div><div style=\"text-align:center;\"><span class=\" fusion-imageframe imageframe-none imageframe-5 hover-type-none\" style=\"margin-top:10px;margin-right:40px;margin-bottom:20px;margin-left:40px;\"><a class=\"fusion-no-lightbox\" href=\"https:\/\/pgebaltica.pl\/en\/home\" target=\"_blank\" aria-label=\"logo-PGE-BALTICA-pion-RGB\" rel=\"noopener noreferrer\"><img decoding=\"async\" width=\"777\" height=\"574\" src=\"https:\/\/balticwind.eu\/wp-content\/uploads\/2025\/02\/logo-PGE-BALTICA-pion-RGB.jpg\" data-orig-src=\"https:\/\/balticwind.eu\/wp-content\/uploads\/2025\/02\/logo-PGE-BALTICA-pion-RGB.jpg\" class=\"lazyload img-responsive wp-image-41780\" srcset=\"data:image\/svg+xml,%3Csvg%20xmlns%3D%27http%3A%2F%2Fwww.w3.org%2F2000%2Fsvg%27%20width%3D%27777%27%20height%3D%27574%27%20viewBox%3D%270%200%20777%20574%27%3E%3Crect%20width%3D%27777%27%20height%3D%27574%27%20fill-opacity%3D%220%22%2F%3E%3C%2Fsvg%3E\" data-srcset=\"https:\/\/balticwind.eu\/wp-content\/uploads\/2025\/02\/logo-PGE-BALTICA-pion-RGB-200x148.jpg 200w, https:\/\/balticwind.eu\/wp-content\/uploads\/2025\/02\/logo-PGE-BALTICA-pion-RGB-400x295.jpg 400w, https:\/\/balticwind.eu\/wp-content\/uploads\/2025\/02\/logo-PGE-BALTICA-pion-RGB-600x443.jpg 600w, https:\/\/balticwind.eu\/wp-content\/uploads\/2025\/02\/logo-PGE-BALTICA-pion-RGB.jpg 777w\" data-sizes=\"auto\" data-orig-sizes=\"(max-width: 1024px) 100vw, (max-width: 640px) 100vw, 777px\" \/><\/a><\/span><style>.fusion-sticky-container.fusion-sticky-transition .imageframe-5{ max-width:60% !important; }<\/style><\/div><\/div><style type=\"text\/css\">.fusion-body .fusion-builder-column-6{width:100% !important;margin-top : 0px;margin-bottom : 20px;}.fusion-builder-column-6 > .fusion-column-wrapper {padding-top : 20px !important;padding-right : 0px !important;margin-right : 1.92%;padding-bottom : 50px !important;padding-left : 0px !important;margin-left : 1.92%;}@media only screen and (max-width:1024px) {.fusion-body .fusion-builder-column-6{width:100% !important;order : 0;}.fusion-builder-column-6 > .fusion-column-wrapper {margin-right : 1.92%;margin-left : 1.92%;}}@media only screen and (max-width:640px) {.fusion-body .fusion-builder-column-6{width:100% !important;order : 0;}.fusion-builder-column-6 > .fusion-column-wrapper {margin-right : 1.92%;margin-left : 1.92%;}}<\/style><\/div><\/div><style type=\"text\/css\">.fusion-body .fusion-flex-container.fusion-builder-row-7{ padding-top : 0px;margin-top : -30px;padding-right : 0px;padding-bottom : 0px;margin-bottom : -30px;padding-left : 0px;}<\/style><\/div><div class=\"fusion-fullwidth fullwidth-box fusion-builder-row-8 fusion-flex-container nonhundred-percent-fullwidth non-hundred-percent-height-scrolling fusion-no-large-visibility\" style=\"background-color: rgba(255,255,255,0);background-position: center center;background-repeat: no-repeat;border-width: 0px 0px 0px 0px;border-color:#eaeaea;border-style:solid;\" ><div class=\"fusion-builder-row fusion-row fusion-flex-align-items-flex-start\" style=\"max-width:1289.6px;margin-left: calc(-4% \/ 2 );margin-right: calc(-4% \/ 2 );\"><div class=\"fusion-layout-column fusion_builder_column fusion-builder-column-7 fusion_builder_column_1_1 1_1 fusion-flex-column fusion-flex-align-self-center fusion-column-inner-bg-wrapper\"><div class=\"fusion-column-wrapper fusion-flex-justify-content-center fusion-content-layout-column\" style=\"padding: 20px 0px 50px 0px;\"><div style=\"text-align:center;\"><span class=\" fusion-imageframe imageframe-none imageframe-6 hover-type-none\"><a class=\"fusion-no-lightbox\" href=\"https:\/\/balticwind.eu\/jobs\/\" target=\"_self\" aria-label=\"jobs_Obszar-roboczy-3_SM-min\"><img decoding=\"async\" width=\"1500\" height=\"1500\" src=\"https:\/\/balticwind.eu\/wp-content\/uploads\/2023\/03\/jobs_Obszar-roboczy-3_SM-min.png\" data-orig-src=\"https:\/\/balticwind.eu\/wp-content\/uploads\/2023\/03\/jobs_Obszar-roboczy-3_SM-min.png\" class=\"lazyload img-responsive wp-image-34763\" srcset=\"data:image\/svg+xml,%3Csvg%20xmlns%3D%27http%3A%2F%2Fwww.w3.org%2F2000%2Fsvg%27%20width%3D%271500%27%20height%3D%271500%27%20viewBox%3D%270%200%201500%201500%27%3E%3Crect%20width%3D%271500%27%20height%3D%271500%27%20fill-opacity%3D%220%22%2F%3E%3C%2Fsvg%3E\" data-srcset=\"https:\/\/balticwind.eu\/wp-content\/uploads\/2023\/03\/jobs_Obszar-roboczy-3_SM-min-200x200.png 200w, https:\/\/balticwind.eu\/wp-content\/uploads\/2023\/03\/jobs_Obszar-roboczy-3_SM-min-400x400.png 400w, https:\/\/balticwind.eu\/wp-content\/uploads\/2023\/03\/jobs_Obszar-roboczy-3_SM-min-600x600.png 600w, https:\/\/balticwind.eu\/wp-content\/uploads\/2023\/03\/jobs_Obszar-roboczy-3_SM-min-800x800.png 800w, https:\/\/balticwind.eu\/wp-content\/uploads\/2023\/03\/jobs_Obszar-roboczy-3_SM-min-1200x1200.png 1200w, https:\/\/balticwind.eu\/wp-content\/uploads\/2023\/03\/jobs_Obszar-roboczy-3_SM-min.png 1500w\" data-sizes=\"auto\" data-orig-sizes=\"(max-width: 1024px) 100vw, (max-width: 640px) 100vw, 1500px\" \/><\/a><\/span><\/div><\/div><span class=\"fusion-column-inner-bg hover-type-none\"><a href=\"https:\/\/balticwind.eu\/offshore-jobs\/\"><span class=\"fusion-column-inner-bg-image\" style=\"background-position:left top;background-repeat:no-repeat;-webkit-background-size:cover;-moz-background-size:cover;-o-background-size:cover;background-size:cover;\"><\/span><\/a><\/span><style type=\"text\/css\">.fusion-body .fusion-builder-column-7{width:100% !important;margin-top : 0px;margin-bottom : 20px;}.fusion-builder-column-7 > .fusion-column-wrapper {padding-top : 20px !important;padding-right : 0px !important;margin-right : 1.92%;padding-bottom : 50px !important;padding-left : 0px !important;margin-left : 1.92%;}.fusion-flex-container .fusion-row .fusion-builder-column-7 > .fusion-column-inner-bg { margin-right:1.92%;margin-left:1.92%; }@media only screen and (max-width:1024px) {.fusion-body .fusion-builder-column-7{width:100% !important;order : 0;}.fusion-builder-column-7 > .fusion-column-wrapper {margin-right : 1.92%;margin-left : 1.92%;}.fusion-flex-container .fusion-row .fusion-builder-column-7 > .fusion-column-inner-bg { margin-right:1.92%;margin-left:1.92%; }}@media only screen and (max-width:640px) {.fusion-body .fusion-builder-column-7{width:100% !important;order : 0;}.fusion-builder-column-7 > .fusion-column-wrapper {margin-right : 1.92%;margin-left : 1.92%;}.fusion-flex-container .fusion-row .fusion-builder-column-7 > .fusion-column-inner-bg { margin-right:1.92%;margin-left:1.92%; }}<\/style><\/div><\/div><style type=\"text\/css\">.fusion-body .fusion-flex-container.fusion-builder-row-8{ padding-top : 0px;margin-top : 0px;padding-right : 0px;padding-bottom : 0px;margin-bottom : 0px;padding-left : 0px;}<\/style><\/div><div class=\"fusion-fullwidth fullwidth-box fusion-builder-row-9 fusion-flex-container nonhundred-percent-fullwidth non-hundred-percent-height-scrolling fusion-no-large-visibility\" style=\"background-color: rgba(255,255,255,0);background-position: center center;background-repeat: no-repeat;border-width: 0px 0px 0px 0px;border-color:#eaeaea;border-style:solid;\" ><div class=\"fusion-builder-row fusion-row fusion-flex-align-items-flex-start\" style=\"max-width:1289.6px;margin-left: calc(-4% \/ 2 );margin-right: calc(-4% \/ 2 );\"><div class=\"fusion-layout-column fusion_builder_column fusion-builder-column-8 fusion_builder_column_1_1 1_1 fusion-flex-column\"><div class=\"fusion-column-wrapper fusion-flex-justify-content-flex-start fusion-content-layout-column\" style=\"background-position:left top;background-repeat:no-repeat;-webkit-background-size:cover;-moz-background-size:cover;-o-background-size:cover;background-size:cover;padding: 0px 0px 0px 0px;\"><\/div><style type=\"text\/css\">.fusion-body .fusion-builder-column-8{width:100% !important;margin-top : 0px;margin-bottom : 20px;}.fusion-builder-column-8 > .fusion-column-wrapper {padding-top : 0px !important;padding-right : 0px !important;margin-right : 1.92%;padding-bottom : 0px !important;padding-left : 0px !important;margin-left : 1.92%;}@media only screen and (max-width:1024px) {.fusion-body .fusion-builder-column-8{width:100% !important;order : 0;}.fusion-builder-column-8 > .fusion-column-wrapper {margin-right : 1.92%;margin-left : 1.92%;}}@media only screen and (max-width:640px) {.fusion-body .fusion-builder-column-8{width:100% !important;order : 0;}.fusion-builder-column-8 > .fusion-column-wrapper {margin-right : 1.92%;margin-left : 1.92%;}}<\/style><\/div><\/div><style type=\"text\/css\">.fusion-body .fusion-flex-container.fusion-builder-row-9{ padding-top : 0px;margin-top : 30px;padding-right : 0px;padding-bottom : 0px;margin-bottom : 0px;padding-left : 0px;}<\/style><\/div><div class=\"fusion-fullwidth fullwidth-box fusion-builder-row-10 fusion-flex-container nonhundred-percent-fullwidth non-hundred-percent-height-scrolling\" style=\"background-color: #d1ebfb;background-position: left top;background-repeat: no-repeat;border-width: 0px 0px 0px 0px;border-color:#eaeaea;border-style:solid;\" ><div class=\"fusion-builder-row fusion-row fusion-flex-align-items-flex-start\" style=\"max-width:1289.6px;margin-left: calc(-4% \/ 2 );margin-right: calc(-4% \/ 2 );\"><div class=\"fusion-layout-column fusion_builder_column fusion-builder-column-9 fusion_builder_column_1_6 1_6 fusion-flex-column\"><div class=\"fusion-column-wrapper fusion-flex-justify-content-flex-start fusion-content-layout-column\" style=\"background-position:left top;background-repeat:no-repeat;-webkit-background-size:cover;-moz-background-size:cover;-o-background-size:cover;background-size:cover;padding: 0px 0px 0px 0px;\"><\/div><style type=\"text\/css\">.fusion-body .fusion-builder-column-9{width:16.666666666667% !important;margin-top : 0px;margin-bottom : 20px;}.fusion-builder-column-9 > .fusion-column-wrapper {padding-top : 0px !important;padding-right : 0px !important;margin-right : 11.52%;padding-bottom : 0px !important;padding-left : 0px !important;margin-left : 11.52%;}@media only screen and (max-width:1024px) {.fusion-body .fusion-builder-column-9{width:100% !important;order : 0;}.fusion-builder-column-9 > .fusion-column-wrapper {margin-right : 1.92%;margin-left : 1.92%;}}@media only screen and (max-width:640px) {.fusion-body .fusion-builder-column-9{width:100% !important;order : 0;}.fusion-builder-column-9 > .fusion-column-wrapper {margin-right : 1.92%;margin-left : 1.92%;}}<\/style><\/div><div class=\"fusion-layout-column fusion_builder_column fusion-builder-column-10 fusion_builder_column_2_3 2_3 fusion-flex-column\"><div class=\"fusion-column-wrapper fusion-flex-justify-content-flex-start fusion-content-layout-column\" style=\"background-position:left top;background-repeat:no-repeat;-webkit-background-size:cover;-moz-background-size:cover;-o-background-size:cover;background-size:cover;padding: 40px 0px 0px 0px;\"><style type=\"text\/css\">@media only screen and (max-width:1024px) {.fusion-title.fusion-title-7{margin-top:20px!important; margin-right:0px!important;margin-bottom:20px!important;margin-left:0px!important;}}@media only screen and (max-width:640px) {.fusion-title.fusion-title-7{margin-top:0px!important; margin-right:0px!important;margin-bottom:20px!important; margin-left:0px!important;}}<\/style><div class=\"fusion-title title fusion-title-7 fusion-title-center fusion-title-text fusion-title-size-three\" style=\"font-size:30px;margin-top:20px;margin-right:0px;margin-bottom:20px;margin-left:0px;\"><div class=\"title-sep-container title-sep-container-left\"><div class=\"title-sep sep-\" style=\"border-color:#eaeaea;\"><\/div><\/div><h3 class=\"title-heading-center fusion-responsive-typography-calculated\" style=\"font-family:&quot;Fira Sans&quot;;font-weight:400;margin:0;font-size:1em;--fontSize:30;line-height:1.33;\">Subscribe to our newsletter<\/h3><div class=\"title-sep-container title-sep-container-right\"><div class=\"title-sep sep-\" style=\"border-color:#eaeaea;\"><\/div><\/div><\/div><div class=\"fusion-text fusion-text-1\"><script>(function() {\n\twindow.mc4wp = window.mc4wp || {\n\t\tlisteners: [],\n\t\tforms: {\n\t\t\ton: function(evt, cb) {\n\t\t\t\twindow.mc4wp.listeners.push(\n\t\t\t\t\t{\n\t\t\t\t\t\tevent   : evt,\n\t\t\t\t\t\tcallback: cb\n\t\t\t\t\t}\n\t\t\t\t);\n\t\t\t}\n\t\t}\n\t}\n})();\n<\/script><!-- Mailchimp for WordPress v4.9.11 - https:\/\/wordpress.org\/plugins\/mailchimp-for-wp\/ --><form id=\"mc4wp-form-1\" class=\"mc4wp-form mc4wp-form-3291\" method=\"post\" data-id=\"3291\" data-name=\"Newsletter\" ><div class=\"mc4wp-form-fields\"><div style=\"display: flex; justify-content: center; flex-direction: row; flex-wrap: wrap; min-height: 55px;\">\r\n<div class=\"flex-item-left\" style=\" display: flex;\r\n      align-items: center;\r\n      justify-content: center;\r\n      text-align: center;\r\n      flex: 1;\r\n      flex-direction: column; min-height: 55px;\">\r\n<p style=\"padding-right: 10px; width: 100%;\">\r\n\t<label> \r\n\t\t<input type=\"email\" name=\"EMAIL\" placeholder=\"Your email address\" required \/>\r\n<\/label>\r\n<\/p>\r\n  <\/div>\r\n<div class=\"flex-item-right\" style=\" display: flex;\r\n      align-items: center;\r\n      justify-content: center;\r\n      text-align: center;\r\n      flex: 1;\r\n      flex-direction: column;\">\r\n<p style=\"color: #000000; width: 100%;\">\r\n  <label>\r\n\t<input type=\"submit\" value=\"Sign up\" \/>\r\n    <\/label>\r\n<\/p>\r\n  <\/div>\r\n<\/div>\r\n<\/div><label style=\"display: none !important;\">Wenn du ein Mensch bist, lasse das Feld leer: <input type=\"text\" name=\"_mc4wp_honeypot\" value=\"\" tabindex=\"-1\" autocomplete=\"off\" \/><\/label><input type=\"hidden\" name=\"_mc4wp_timestamp\" value=\"1788356245\" \/><input type=\"hidden\" name=\"_mc4wp_form_id\" value=\"3291\" \/><input type=\"hidden\" name=\"_mc4wp_form_element_id\" value=\"mc4wp-form-1\" \/><div class=\"mc4wp-response\"><\/div><\/form><!-- \/ Mailchimp for WordPress Plugin -->\n<\/div><\/div><style type=\"text\/css\">.fusion-body .fusion-builder-column-10{width:66.666666666667% !important;margin-top : 0px;margin-bottom : 20px;}.fusion-builder-column-10 > .fusion-column-wrapper {padding-top : 40px !important;padding-right : 0px !important;margin-right : 2.88%;padding-bottom : 0px !important;padding-left : 0px !important;margin-left : 2.88%;}@media only screen and (max-width:1024px) {.fusion-body .fusion-builder-column-10{width:100% !important;order : 0;margin-bottom : 0px;}.fusion-builder-column-10 > .fusion-column-wrapper {margin-right : 1.92%;margin-left : 1.92%;}}@media only screen and (max-width:640px) {.fusion-body .fusion-builder-column-10{width:100% !important;order : 0;margin-bottom : 0px;}.fusion-builder-column-10 > .fusion-column-wrapper {margin-right : 1.92%;margin-left : 1.92%;}}<\/style><\/div><div class=\"fusion-layout-column fusion_builder_column fusion-builder-column-11 fusion_builder_column_1_6 1_6 fusion-flex-column\"><div class=\"fusion-column-wrapper fusion-flex-justify-content-flex-start fusion-content-layout-column\" style=\"background-position:left top;background-repeat:no-repeat;-webkit-background-size:cover;-moz-background-size:cover;-o-background-size:cover;background-size:cover;padding: 0px 0px 0px 0px;\"><\/div><style type=\"text\/css\">.fusion-body .fusion-builder-column-11{width:16.666666666667% !important;margin-top : 0px;margin-bottom : 20px;}.fusion-builder-column-11 > .fusion-column-wrapper {padding-top : 0px !important;padding-right : 0px !important;margin-right : 11.52%;padding-bottom : 0px !important;padding-left : 0px !important;margin-left : 3.84%;}@media only screen and (max-width:1024px) {.fusion-body .fusion-builder-column-11{width:100% !important;order : 0;}.fusion-builder-column-11 > .fusion-column-wrapper {margin-right : 1.92%;margin-left : 1.92%;}}@media only screen and (max-width:640px) {.fusion-body .fusion-builder-column-11{width:100% !important;order : 0;}.fusion-builder-column-11 > .fusion-column-wrapper {margin-right : 1.92%;margin-left : 1.92%;}}<\/style><\/div><\/div><style type=\"text\/css\">.fusion-body .fusion-flex-container.fusion-builder-row-10{ padding-top : 70px;margin-top : 0px;padding-right : 0px;padding-bottom : 55px;margin-bottom : 0px;padding-left : 0px;}<\/style><\/div>\n<div id=\"business\"><div class=\"fusion-fullwidth fullwidth-box fusion-builder-row-11 fusion-flex-container nonhundred-percent-fullwidth non-hundred-percent-height-scrolling\" style=\"background-color: rgba(255,255,255,0);background-position: center center;background-repeat: no-repeat;border-width: 0px 0px 0px 0px;border-color:#eaeaea;border-style:solid;\" ><div class=\"fusion-builder-row fusion-row fusion-flex-align-items-flex-start\" style=\"max-width:1289.6px;margin-left: calc(-4% \/ 2 );margin-right: calc(-4% \/ 2 );\"><div class=\"fusion-layout-column fusion_builder_column fusion-builder-column-12 fusion_builder_column_1_3 1_3 fusion-flex-column\"><div class=\"fusion-column-wrapper fusion-flex-justify-content-flex-start fusion-content-layout-column\" style=\"background-position:left top;background-repeat:no-repeat;-webkit-background-size:cover;-moz-background-size:cover;-o-background-size:cover;background-size:cover;padding: 0px 0px 0px 0px;\"><div class=\"fusion-separator fusion-full-width-sep\" style=\"align-self: center;margin-left: auto;margin-right: auto;margin-bottom:10px;width:100%;max-width:100%;\"><div class=\"fusion-separator-border sep-single sep-solid\" style=\"border-color:#1f2a3b;border-top-width:12px;\"><\/div><\/div><style type=\"text\/css\">@media only screen and (max-width:1024px) {.fusion-title.fusion-title-8{margin-top:-15px!important; margin-right:5px!important;margin-bottom:20px!important;margin-left:0px!important;}}@media only screen and (max-width:640px) {.fusion-title.fusion-title-8{margin-top:0px!important; margin-right:0px!important;margin-bottom:20px!important; margin-left:0px!important;}}<\/style><div class=\"fusion-title title fusion-title-8 fusion-title-text fusion-title-size-five\" style=\"margin-top:-15px;margin-right:5px;margin-bottom:20px;margin-left:0px;\"><div class=\"title-sep-container title-sep-container-left fusion-no-large-visibility fusion-no-medium-visibility fusion-no-small-visibility\"><div class=\"title-sep sep-\" style=\"border-color:#eaeaea;\"><\/div><\/div><h5 class=\"title-heading-left fusion-responsive-typography-calculated\" style=\"margin:0;--fontSize:17;line-height:1.76;\"><h5 style=\"text-align: left; text-transform: uppercase;\">Deutschland<\/h5><\/h5><div class=\"title-sep-container title-sep-container-right\"><div class=\"title-sep sep-\" style=\"border-color:#eaeaea;\"><\/div><\/div><\/div><div class=\"fusion-recent-posts fusion-recent-posts-2 avada-container layout-thumbnails-on-side layout-columns-1\"><section class=\"fusion-columns columns fusion-columns-1 columns-1\"><article class=\"post fusion-column column col col-lg-12 col-md-12 col-sm-12\"><div class=\"fusion-flexslider fusion-flexslider-loading flexslider floated-slideshow flexslider-hover-type-zoomout\"><ul class=\"slides\"><li><a href=\"https:\/\/balticwind.eu\/de\/ueberzeichnet-und-ungebaut-was-deutschlands-onshore-auktionen-den-ostseemaerkten-zeigen\/\" aria-label=\"\u00dcberzeichnet und ungebaut: Was Deutschlands Onshore-Auktionen den Ostseem\u00e4rkten zeigen\" class=\"hover-type-zoomout\"><img decoding=\"async\" width=\"177\" height=\"142\" src=\"data:image\/svg+xml,%3Csvg%20xmlns%3D%27http%3A%2F%2Fwww.w3.org%2F2000%2Fsvg%27%20width%3D%27177%27%20height%3D%27142%27%20viewBox%3D%270%200%20177%20142%27%3E%3Crect%20width%3D%27177%27%20height%3D%27142%27%20fill-opacity%3D%220%22%2F%3E%3C%2Fsvg%3E\" data-orig-src=\"https:\/\/balticwind.eu\/wp-content\/uploads\/2026\/09\/onshore-wind-turbines-auction-economics-germany-177x142.jpg\" class=\"lazyload attachment-portfolio-five size-portfolio-five\" alt=\"\" \/><\/a><\/li><\/ul><\/div><div class=\"recent-posts-content\"><h4 class=\"entry-title\"><a style=\"color: #1f2a3b !important;\" href=\"https:\/\/balticwind.eu\/de\/ueberzeichnet-und-ungebaut-was-deutschlands-onshore-auktionen-den-ostseemaerkten-zeigen\/\">\u00dcberzeichnet und ungebaut: Was Deutschlands Onshore-Auktionen den Ostseem\u00e4rkten zeigen<\/a><\/h4><p class=\"meta\"><a href=\"https:\/\/balticwind.eu\/de\/category\/editors-choice-de\/\" rel=\"category tag\">Auswahl der Redaktion<\/a>, <a href=\"https:\/\/balticwind.eu\/de\/category\/deutschland\/\" rel=\"category tag\">Deutschland<\/a>, <a href=\"https:\/\/balticwind.eu\/de\/category\/onshore-wind-aktuell\/\" rel=\"category tag\">Onshore-Wind Aktuell<\/a>, <a href=\"https:\/\/balticwind.eu\/de\/category\/regulierung\/\" rel=\"category tag\">Regulierung<\/a><span class=\"fusion-inline-sep\">|<\/span><\/p><\/div><\/article><article class=\"post fusion-column column col col-lg-12 col-md-12 col-sm-12\"><div class=\"fusion-flexslider fusion-flexslider-loading flexslider floated-slideshow flexslider-hover-type-zoomout\"><ul class=\"slides\"><li><a href=\"https:\/\/balticwind.eu\/de\/onshore-wind-kostet-82-cent-die-genehmigung-kostet-weiter-jahre\/\" aria-label=\"Onshore-Wind kostet 8,2 Cent. Die Genehmigung kostet weiter Jahre\" class=\"hover-type-zoomout\"><img decoding=\"async\" width=\"177\" height=\"142\" src=\"data:image\/svg+xml,%3Csvg%20xmlns%3D%27http%3A%2F%2Fwww.w3.org%2F2000%2Fsvg%27%20width%3D%27177%27%20height%3D%27142%27%20viewBox%3D%270%200%20177%20142%27%3E%3Crect%20width%3D%27177%27%20height%3D%27142%27%20fill-opacity%3D%220%22%2F%3E%3C%2Fsvg%3E\" data-orig-src=\"https:\/\/balticwind.eu\/wp-content\/uploads\/2026\/09\/onshore-wind-turbines-permitting-poland-germany-177x142.jpg\" class=\"lazyload attachment-portfolio-five size-portfolio-five\" alt=\"\" \/><\/a><\/li><\/ul><\/div><div class=\"recent-posts-content\"><h4 class=\"entry-title\"><a style=\"color: #1f2a3b !important;\" href=\"https:\/\/balticwind.eu\/de\/onshore-wind-kostet-82-cent-die-genehmigung-kostet-weiter-jahre\/\">Onshore-Wind kostet 8,2 Cent. Die Genehmigung kostet weiter Jahre<\/a><\/h4><p class=\"meta\"><a href=\"https:\/\/balticwind.eu\/de\/category\/editors-choice-de\/\" rel=\"category tag\">Auswahl der Redaktion<\/a>, <a href=\"https:\/\/balticwind.eu\/de\/category\/deutschland\/\" rel=\"category tag\">Deutschland<\/a>, <a href=\"https:\/\/balticwind.eu\/de\/category\/onshore-wind-aktuell\/\" rel=\"category tag\">Onshore-Wind Aktuell<\/a>, <a href=\"https:\/\/balticwind.eu\/de\/category\/polen\/\" rel=\"category tag\">Polen<\/a><span class=\"fusion-inline-sep\">|<\/span><\/p><\/div><\/article><article class=\"post fusion-column column col col-lg-12 col-md-12 col-sm-12\"><div class=\"fusion-flexslider fusion-flexslider-loading flexslider floated-slideshow flexslider-hover-type-zoomout\"><ul class=\"slides\"><li><a href=\"https:\/\/balticwind.eu\/de\/warum-die-naechsten-megawatt-der-onshore-windkraft-an-bereits-bestehenden-standorten-entstehen\/\" aria-label=\"Warum die n\u00e4chsten Megawatt der Onshore-Windkraft an bereits bestehenden Standorten entstehen\" class=\"hover-type-zoomout\"><img decoding=\"async\" width=\"177\" height=\"142\" src=\"data:image\/svg+xml,%3Csvg%20xmlns%3D%27http%3A%2F%2Fwww.w3.org%2F2000%2Fsvg%27%20width%3D%27177%27%20height%3D%27142%27%20viewBox%3D%270%200%20177%20142%27%3E%3Crect%20width%3D%27177%27%20height%3D%27142%27%20fill-opacity%3D%220%22%2F%3E%3C%2Fsvg%3E\" data-orig-src=\"https:\/\/balticwind.eu\/wp-content\/uploads\/2026\/08\/onshore-wind-farm-repowering-existing-site-177x142.jpg\" class=\"lazyload attachment-portfolio-five size-portfolio-five\" alt=\"\" \/><\/a><\/li><\/ul><\/div><div class=\"recent-posts-content\"><h4 class=\"entry-title\"><a style=\"color: #1f2a3b !important;\" href=\"https:\/\/balticwind.eu\/de\/warum-die-naechsten-megawatt-der-onshore-windkraft-an-bereits-bestehenden-standorten-entstehen\/\">Warum die n\u00e4chsten Megawatt der Onshore-Windkraft an bereits bestehenden Standorten entstehen<\/a><\/h4><p class=\"meta\"><a href=\"https:\/\/balticwind.eu\/de\/category\/editors-choice-de\/\" rel=\"category tag\">Auswahl der Redaktion<\/a>, <a href=\"https:\/\/balticwind.eu\/de\/category\/deutschland\/\" rel=\"category tag\">Deutschland<\/a>, <a href=\"https:\/\/balticwind.eu\/de\/category\/onshore-wind-aktuell\/\" rel=\"category tag\">Onshore-Wind Aktuell<\/a>, <a href=\"https:\/\/balticwind.eu\/de\/category\/polen\/\" rel=\"category tag\">Polen<\/a>, <a href=\"https:\/\/balticwind.eu\/de\/category\/schweden\/\" rel=\"category tag\">Schweden<\/a><span class=\"fusion-inline-sep\">|<\/span><\/p><\/div><\/article><\/section><\/div><\/div><style type=\"text\/css\">.fusion-body .fusion-builder-column-12{width:33.333333333333% !important;margin-top : 0px;margin-bottom : 20px;}.fusion-builder-column-12 > .fusion-column-wrapper {padding-top : 0px !important;padding-right : 0px !important;margin-right : 5.76%;padding-bottom : 0px !important;padding-left : 0px !important;margin-left : 5.76%;}@media only screen and (max-width:1024px) {.fusion-body .fusion-builder-column-12{width:100% !important;}.fusion-builder-column-12 > .fusion-column-wrapper {margin-right : 1.92%;margin-left : 1.92%;}}@media only screen and (max-width:640px) {.fusion-body .fusion-builder-column-12{width:100% !important;}.fusion-builder-column-12 > .fusion-column-wrapper {margin-right : 1.92%;margin-left : 1.92%;}}<\/style><\/div><div class=\"fusion-layout-column fusion_builder_column fusion-builder-column-13 fusion_builder_column_1_3 1_3 fusion-flex-column\"><div class=\"fusion-column-wrapper fusion-flex-justify-content-flex-start fusion-content-layout-column\" style=\"background-position:left top;background-repeat:no-repeat;-webkit-background-size:cover;-moz-background-size:cover;-o-background-size:cover;background-size:cover;padding: 0px 0px 0px 0px;\"><div class=\"fusion-separator fusion-full-width-sep\" style=\"align-self: center;margin-left: auto;margin-right: auto;margin-bottom:10px;width:100%;max-width:100%;\"><div class=\"fusion-separator-border sep-single sep-solid\" style=\"border-color:#1f2a3b;border-top-width:12px;\"><\/div><\/div><style type=\"text\/css\">@media only screen and (max-width:1024px) {.fusion-title.fusion-title-9{margin-top:-15px!important; margin-right:5px!important;margin-bottom:20px!important;margin-left:0px!important;}}@media only screen and (max-width:640px) {.fusion-title.fusion-title-9{margin-top:0px!important; margin-right:0px!important;margin-bottom:20px!important; margin-left:0px!important;}}<\/style><div class=\"fusion-title title fusion-title-9 fusion-title-text fusion-title-size-five\" style=\"margin-top:-15px;margin-right:5px;margin-bottom:20px;margin-left:0px;\"><div class=\"title-sep-container title-sep-container-left fusion-no-large-visibility fusion-no-medium-visibility fusion-no-small-visibility\"><div class=\"title-sep sep-\" style=\"border-color:#eaeaea;\"><\/div><\/div><h5 class=\"title-heading-left fusion-responsive-typography-calculated\" style=\"margin:0;--fontSize:17;line-height:1.76;\"><h5 style=\"text-align: left; text-transform: uppercase;\">Estland<\/h5><\/h5><div class=\"title-sep-container title-sep-container-right\"><div class=\"title-sep sep-\" style=\"border-color:#eaeaea;\"><\/div><\/div><\/div><div class=\"fusion-recent-posts fusion-recent-posts-3 avada-container layout-thumbnails-on-side layout-columns-1\"><section class=\"fusion-columns columns fusion-columns-1 columns-1\"><article class=\"post fusion-column column col col-lg-12 col-md-12 col-sm-12\"><div class=\"fusion-flexslider fusion-flexslider-loading flexslider floated-slideshow flexslider-hover-type-zoomout\"><ul class=\"slides\"><li><a href=\"https:\/\/balticwind.eu\/de\/estlands-parlament-verabschiedet-kernenergie-und-sicherheitsgesetz-und-ebnet-weg-fuer-erstes-kraftwerk\/\" aria-label=\"Estlands Parlament verabschiedet Kernenergie- und Sicherheitsgesetz und ebnet Weg f\u00fcr erstes Kraftwerk\" class=\"hover-type-zoomout\"><img decoding=\"async\" width=\"177\" height=\"142\" src=\"data:image\/svg+xml,%3Csvg%20xmlns%3D%27http%3A%2F%2Fwww.w3.org%2F2000%2Fsvg%27%20width%3D%27177%27%20height%3D%27142%27%20viewBox%3D%270%200%20177%20142%27%3E%3Crect%20width%3D%27177%27%20height%3D%27142%27%20fill-opacity%3D%220%22%2F%3E%3C%2Fsvg%3E\" data-orig-src=\"https:\/\/balticwind.eu\/wp-content\/uploads\/2026\/06\/estonia-nuclear-energy-safety-act-177x142.jpg\" class=\"lazyload attachment-portfolio-five size-portfolio-five\" alt=\"\" \/><\/a><\/li><\/ul><\/div><div class=\"recent-posts-content\"><h4 class=\"entry-title\"><a style=\"color: #1f2a3b !important;\" href=\"https:\/\/balticwind.eu\/de\/estlands-parlament-verabschiedet-kernenergie-und-sicherheitsgesetz-und-ebnet-weg-fuer-erstes-kraftwerk\/\">Estlands Parlament verabschiedet Kernenergie- und Sicherheitsgesetz und ebnet Weg f\u00fcr erstes Kraftwerk<\/a><\/h4><p class=\"meta\"><a href=\"https:\/\/balticwind.eu\/de\/category\/estland-de\/\" rel=\"category tag\">Estland<\/a>, <a href=\"https:\/\/balticwind.eu\/de\/category\/regulierung\/\" rel=\"category tag\">Regulierung<\/a><span class=\"fusion-inline-sep\">|<\/span><\/p><\/div><\/article><article class=\"post fusion-column column col col-lg-12 col-md-12 col-sm-12\"><div class=\"fusion-flexslider fusion-flexslider-loading flexslider floated-slideshow flexslider-hover-type-zoomout\"><ul class=\"slides\"><li><a href=\"https:\/\/balticwind.eu\/de\/aussenministerien-des-baltikums-der-nordischen-laender-und-der-usa-bekraeftigen-bei-e-pine-gespraechen-den-fokus-auf-transatlantische-sicherheit\/\" aria-label=\"Au\u00dfenministerien des Baltikums, der nordischen L\u00e4nder und der USA bekr\u00e4ftigen bei E-PINE-Gespr\u00e4chen den Fokus auf transatlantische Sicherheit\" class=\"hover-type-zoomout\"><img decoding=\"async\" width=\"177\" height=\"142\" src=\"data:image\/svg+xml,%3Csvg%20xmlns%3D%27http%3A%2F%2Fwww.w3.org%2F2000%2Fsvg%27%20width%3D%27177%27%20height%3D%27142%27%20viewBox%3D%270%200%20177%20142%27%3E%3Crect%20width%3D%27177%27%20height%3D%27142%27%20fill-opacity%3D%220%22%2F%3E%3C%2Fsvg%3E\" data-orig-src=\"https:\/\/balticwind.eu\/wp-content\/uploads\/2026\/06\/e-pine-baltic-nordic-us-transatlantic-security-177x142.jpg\" class=\"lazyload attachment-portfolio-five size-portfolio-five\" alt=\"\" \/><\/a><\/li><\/ul><\/div><div class=\"recent-posts-content\"><h4 class=\"entry-title\"><a style=\"color: #1f2a3b !important;\" href=\"https:\/\/balticwind.eu\/de\/aussenministerien-des-baltikums-der-nordischen-laender-und-der-usa-bekraeftigen-bei-e-pine-gespraechen-den-fokus-auf-transatlantische-sicherheit\/\">Au\u00dfenministerien des Baltikums, der nordischen L\u00e4nder und der USA bekr\u00e4ftigen bei E-PINE-Gespr\u00e4chen den Fokus auf transatlantische Sicherheit<\/a><\/h4><p class=\"meta\"><a href=\"https:\/\/balticwind.eu\/de\/category\/estland-de\/\" rel=\"category tag\">Estland<\/a>, <a href=\"https:\/\/balticwind.eu\/de\/category\/lettland\/\" rel=\"category tag\">Lettland<\/a>, <a href=\"https:\/\/balticwind.eu\/de\/category\/sicherheit\/\" rel=\"category tag\">Sicherheit<\/a><span class=\"fusion-inline-sep\">|<\/span><\/p><\/div><\/article><article class=\"post fusion-column column col col-lg-12 col-md-12 col-sm-12\"><div class=\"fusion-flexslider fusion-flexslider-loading flexslider floated-slideshow flexslider-hover-type-zoomout\"><ul class=\"slides\"><li><a href=\"https:\/\/balticwind.eu\/de\/estlands-emissionen-seit-1990-um-665-gesunken-erneuerbare-verdraengen-fossilen-strom\/\" aria-label=\"Estlands Emissionen seit 1990 um 66,5% gesunken \u2014 Erneuerbare verdr\u00e4ngen fossilen Strom\" class=\"hover-type-zoomout\"><img decoding=\"async\" width=\"177\" height=\"142\" src=\"data:image\/svg+xml,%3Csvg%20xmlns%3D%27http%3A%2F%2Fwww.w3.org%2F2000%2Fsvg%27%20width%3D%27177%27%20height%3D%27142%27%20viewBox%3D%270%200%20177%20142%27%3E%3Crect%20width%3D%27177%27%20height%3D%27142%27%20fill-opacity%3D%220%22%2F%3E%3C%2Fsvg%3E\" data-orig-src=\"https:\/\/balticwind.eu\/wp-content\/uploads\/2026\/06\/estonia-emissions-down-665-percent-renewables-177x142.jpg\" class=\"lazyload attachment-portfolio-five size-portfolio-five\" alt=\"\" \/><\/a><\/li><\/ul><\/div><div class=\"recent-posts-content\"><h4 class=\"entry-title\"><a style=\"color: #1f2a3b !important;\" href=\"https:\/\/balticwind.eu\/de\/estlands-emissionen-seit-1990-um-665-gesunken-erneuerbare-verdraengen-fossilen-strom\/\">Estlands Emissionen seit 1990 um 66,5% gesunken \u2014 Erneuerbare verdr\u00e4ngen fossilen Strom<\/a><\/h4><p class=\"meta\"><a href=\"https:\/\/balticwind.eu\/de\/category\/estland-de\/\" rel=\"category tag\">Estland<\/a>, <a href=\"https:\/\/balticwind.eu\/de\/category\/technologie\/\" rel=\"category tag\">Technologie<\/a><span class=\"fusion-inline-sep\">|<\/span><\/p><\/div><\/article><\/section><\/div><\/div><style type=\"text\/css\">.fusion-body .fusion-builder-column-13{width:33.333333333333% !important;margin-top : 0px;margin-bottom : 20px;}.fusion-builder-column-13 > .fusion-column-wrapper {padding-top : 0px !important;padding-right : 0px !important;margin-right : 5.76%;padding-bottom : 0px !important;padding-left : 0px !important;margin-left : 5.76%;}@media only screen and (max-width:1024px) {.fusion-body .fusion-builder-column-13{width:100% !important;}.fusion-builder-column-13 > .fusion-column-wrapper {margin-right : 1.92%;margin-left : 1.92%;}}@media only screen and (max-width:640px) {.fusion-body .fusion-builder-column-13{width:100% !important;}.fusion-builder-column-13 > .fusion-column-wrapper {margin-right : 1.92%;margin-left : 1.92%;}}<\/style><\/div><div class=\"fusion-layout-column fusion_builder_column fusion-builder-column-14 fusion_builder_column_1_3 1_3 fusion-flex-column\"><div class=\"fusion-column-wrapper fusion-flex-justify-content-flex-start fusion-content-layout-column\" style=\"background-position:left top;background-repeat:no-repeat;-webkit-background-size:cover;-moz-background-size:cover;-o-background-size:cover;background-size:cover;padding: 0px 0px 0px 0px;\"><div class=\"fusion-separator fusion-full-width-sep\" style=\"align-self: center;margin-left: auto;margin-right: auto;margin-bottom:10px;width:100%;max-width:100%;\"><div class=\"fusion-separator-border sep-single sep-solid\" style=\"border-color:#1f2a3b;border-top-width:12px;\"><\/div><\/div><style type=\"text\/css\">@media only screen and (max-width:1024px) {.fusion-title.fusion-title-10{margin-top:-15px!important; margin-right:5px!important;margin-bottom:20px!important;margin-left:0px!important;}}@media only screen and (max-width:640px) {.fusion-title.fusion-title-10{margin-top:0px!important; margin-right:0px!important;margin-bottom:20px!important; margin-left:0px!important;}}<\/style><div class=\"fusion-title title fusion-title-10 fusion-title-text fusion-title-size-five\" style=\"margin-top:-15px;margin-right:5px;margin-bottom:20px;margin-left:0px;\"><div class=\"title-sep-container title-sep-container-left fusion-no-large-visibility fusion-no-medium-visibility fusion-no-small-visibility\"><div class=\"title-sep sep-\" style=\"border-color:#eaeaea;\"><\/div><\/div><h5 class=\"title-heading-left fusion-responsive-typography-calculated\" style=\"margin:0;--fontSize:17;line-height:1.76;\"><h5 style=\"text-align: left; text-transform: uppercase;\">Finnland<\/h5><\/h5><div class=\"title-sep-container title-sep-container-right\"><div class=\"title-sep sep-\" style=\"border-color:#eaeaea;\"><\/div><\/div><\/div><div class=\"fusion-recent-posts fusion-recent-posts-4 avada-container layout-thumbnails-on-side layout-columns-1\"><section class=\"fusion-columns columns fusion-columns-1 columns-1\"><article class=\"post fusion-column column col col-lg-12 col-md-12 col-sm-12\"><div class=\"fusion-flexslider fusion-flexslider-loading flexslider floated-slideshow flexslider-hover-type-zoomout\"><ul class=\"slides\"><li><a href=\"https:\/\/balticwind.eu\/de\/riffmodule-fledermaussensoren-und-moewensender-wie-die-offshore-windkraft-ihre-biodiversitaetsdaten-aufbaut\/\" aria-label=\"Riffmodule, Fledermaussensoren und M\u00f6wensender: Wie die Offshore-Windkraft ihre Biodiversit\u00e4tsdaten aufbaut\" class=\"hover-type-zoomout\"><img decoding=\"async\" width=\"177\" height=\"142\" src=\"data:image\/svg+xml,%3Csvg%20xmlns%3D%27http%3A%2F%2Fwww.w3.org%2F2000%2Fsvg%27%20width%3D%27177%27%20height%3D%27142%27%20viewBox%3D%270%200%20177%20142%27%3E%3Crect%20width%3D%27177%27%20height%3D%27142%27%20fill-opacity%3D%220%22%2F%3E%3C%2Fsvg%3E\" data-orig-src=\"https:\/\/balticwind.eu\/wp-content\/uploads\/2026\/08\/offshore-wind-biodiversity-evidence-nature-inclusive-design-baltic-177x142.jpg\" class=\"lazyload attachment-portfolio-five size-portfolio-five\" alt=\"\" \/><\/a><\/li><\/ul><\/div><div class=\"recent-posts-content\"><h4 class=\"entry-title\"><a style=\"color: #1f2a3b !important;\" href=\"https:\/\/balticwind.eu\/de\/riffmodule-fledermaussensoren-und-moewensender-wie-die-offshore-windkraft-ihre-biodiversitaetsdaten-aufbaut\/\">Riffmodule, Fledermaussensoren und M\u00f6wensender: Wie die Offshore-Windkraft ihre Biodiversit\u00e4tsdaten aufbaut<\/a><\/h4><p class=\"meta\"><a href=\"https:\/\/balticwind.eu\/de\/category\/editors-choice-de\/\" rel=\"category tag\">Auswahl der Redaktion<\/a>, <a href=\"https:\/\/balticwind.eu\/de\/category\/finnland\/\" rel=\"category tag\">Finnland<\/a>, <a href=\"https:\/\/balticwind.eu\/de\/category\/lettland\/\" rel=\"category tag\">Lettland<\/a>, <a href=\"https:\/\/balticwind.eu\/de\/category\/offshore-wind-aktuell\/\" rel=\"category tag\">Offshore-Wind Aktuell<\/a>, <a href=\"https:\/\/balticwind.eu\/de\/category\/technologie\/\" rel=\"category tag\">Technologie<\/a><span class=\"fusion-inline-sep\">|<\/span><\/p><\/div><\/article><article class=\"post fusion-column column col col-lg-12 col-md-12 col-sm-12\"><div class=\"fusion-flexslider fusion-flexslider-loading flexslider floated-slideshow flexslider-hover-type-zoomout\"><ul class=\"slides\"><li><a href=\"https:\/\/balticwind.eu\/de\/elektrische-krane-machen-ueber-80-prozent-des-macgregor-auftragseingangs-im-ersten-halbjahr-2026-aus\/\" aria-label=\"Elektrische Krane machen \u00fcber 80 Prozent des MacGregor-Auftragseingangs im ersten Halbjahr 2026 aus\" class=\"hover-type-zoomout\"><img decoding=\"async\" width=\"177\" height=\"142\" src=\"data:image\/svg+xml,%3Csvg%20xmlns%3D%27http%3A%2F%2Fwww.w3.org%2F2000%2Fsvg%27%20width%3D%27177%27%20height%3D%27142%27%20viewBox%3D%270%200%20177%20142%27%3E%3Crect%20width%3D%27177%27%20height%3D%27142%27%20fill-opacity%3D%220%22%2F%3E%3C%2Fsvg%3E\" data-orig-src=\"https:\/\/balticwind.eu\/wp-content\/uploads\/2026\/08\/macgregor-electric-crane-177x142.jpg\" class=\"lazyload attachment-portfolio-five size-portfolio-five\" alt=\"\" \/><\/a><\/li><\/ul><\/div><div class=\"recent-posts-content\"><h4 class=\"entry-title\"><a style=\"color: #1f2a3b !important;\" href=\"https:\/\/balticwind.eu\/de\/elektrische-krane-machen-ueber-80-prozent-des-macgregor-auftragseingangs-im-ersten-halbjahr-2026-aus\/\">Elektrische Krane machen \u00fcber 80 Prozent des MacGregor-Auftragseingangs im ersten Halbjahr 2026 aus<\/a><\/h4><p class=\"meta\"><a href=\"https:\/\/balticwind.eu\/de\/category\/finnland\/\" rel=\"category tag\">Finnland<\/a>, <a href=\"https:\/\/balticwind.eu\/de\/category\/technologie\/\" rel=\"category tag\">Technologie<\/a><span class=\"fusion-inline-sep\">|<\/span><\/p><\/div><\/article><article class=\"post fusion-column column col col-lg-12 col-md-12 col-sm-12\"><div class=\"fusion-flexslider fusion-flexslider-loading flexslider floated-slideshow flexslider-hover-type-zoomout\"><ul class=\"slides\"><li><a href=\"https:\/\/balticwind.eu\/de\/finnland-gibt-behoerdenstellungnahme-zum-uvp-programm-fuer-smr-fernwaermeanlage-in-kuopio-ab\/\" aria-label=\"Finnland gibt Beh\u00f6rdenstellungnahme zum UVP-Programm f\u00fcr SMR-Fernw\u00e4rmeanlage in Kuopio ab\" class=\"hover-type-zoomout\"><img decoding=\"async\" width=\"177\" height=\"142\" src=\"data:image\/svg+xml,%3Csvg%20xmlns%3D%27http%3A%2F%2Fwww.w3.org%2F2000%2Fsvg%27%20width%3D%27177%27%20height%3D%27142%27%20viewBox%3D%270%200%20177%20142%27%3E%3Crect%20width%3D%27177%27%20height%3D%27142%27%20fill-opacity%3D%220%22%2F%3E%3C%2Fsvg%3E\" data-orig-src=\"https:\/\/balticwind.eu\/wp-content\/uploads\/2026\/07\/finland-eia-statement-kuopio-energia-smr-district-heating-177x142.jpg\" class=\"lazyload attachment-portfolio-five size-portfolio-five\" alt=\"\" \/><\/a><\/li><\/ul><\/div><div class=\"recent-posts-content\"><h4 class=\"entry-title\"><a style=\"color: #1f2a3b !important;\" href=\"https:\/\/balticwind.eu\/de\/finnland-gibt-behoerdenstellungnahme-zum-uvp-programm-fuer-smr-fernwaermeanlage-in-kuopio-ab\/\">Finnland gibt Beh\u00f6rdenstellungnahme zum UVP-Programm f\u00fcr SMR-Fernw\u00e4rmeanlage in Kuopio ab<\/a><\/h4><p class=\"meta\"><a href=\"https:\/\/balticwind.eu\/de\/category\/finnland\/\" rel=\"category tag\">Finnland<\/a>, <a href=\"https:\/\/balticwind.eu\/de\/category\/regulierung\/\" rel=\"category tag\">Regulierung<\/a>, <a href=\"https:\/\/balticwind.eu\/de\/category\/technologie\/\" rel=\"category tag\">Technologie<\/a><span class=\"fusion-inline-sep\">|<\/span><\/p><\/div><\/article><\/section><\/div><\/div><style type=\"text\/css\">.fusion-body .fusion-builder-column-14{width:33.333333333333% !important;margin-top : 0px;margin-bottom : 20px;}.fusion-builder-column-14 > .fusion-column-wrapper {padding-top : 0px !important;padding-right : 0px !important;margin-right : 5.76%;padding-bottom : 0px !important;padding-left : 0px !important;margin-left : 5.76%;}@media only screen and (max-width:1024px) {.fusion-body .fusion-builder-column-14{width:100% !important;}.fusion-builder-column-14 > .fusion-column-wrapper {margin-right : 1.92%;margin-left : 1.92%;}}@media only screen and (max-width:640px) {.fusion-body .fusion-builder-column-14{width:100% !important;}.fusion-builder-column-14 > .fusion-column-wrapper {margin-right : 1.92%;margin-left : 1.92%;}}<\/style><\/div><div class=\"fusion-layout-column fusion_builder_column fusion-builder-column-15 fusion_builder_column_1_3 1_3 fusion-flex-column\"><div class=\"fusion-column-wrapper fusion-flex-justify-content-flex-start fusion-content-layout-column\" style=\"background-position:left top;background-repeat:no-repeat;-webkit-background-size:cover;-moz-background-size:cover;-o-background-size:cover;background-size:cover;padding: 0px 0px 0px 0px;\"><div class=\"fusion-separator fusion-full-width-sep\" style=\"align-self: center;margin-left: auto;margin-right: auto;margin-bottom:10px;width:100%;max-width:100%;\"><div class=\"fusion-separator-border sep-single sep-solid\" style=\"border-color:#1f2a3b;border-top-width:12px;\"><\/div><\/div><style type=\"text\/css\">@media only screen and (max-width:1024px) {.fusion-title.fusion-title-11{margin-top:-15px!important; margin-right:5px!important;margin-bottom:20px!important;margin-left:0px!important;}}@media only screen and (max-width:640px) {.fusion-title.fusion-title-11{margin-top:0px!important; margin-right:0px!important;margin-bottom:20px!important; margin-left:0px!important;}}<\/style><div class=\"fusion-title title fusion-title-11 fusion-title-text fusion-title-size-five\" style=\"margin-top:-15px;margin-right:5px;margin-bottom:20px;margin-left:0px;\"><div class=\"title-sep-container title-sep-container-left fusion-no-large-visibility fusion-no-medium-visibility fusion-no-small-visibility\"><div class=\"title-sep sep-\" style=\"border-color:#eaeaea;\"><\/div><\/div><h5 class=\"title-heading-left fusion-responsive-typography-calculated\" style=\"margin:0;--fontSize:17;line-height:1.76;\"><h5 style=\"text-align: left; text-transform: uppercase;\">Lettland<\/h5><\/h5><div class=\"title-sep-container title-sep-container-right\"><div class=\"title-sep sep-\" style=\"border-color:#eaeaea;\"><\/div><\/div><\/div><div class=\"fusion-recent-posts fusion-recent-posts-5 avada-container layout-thumbnails-on-side layout-columns-1\"><section class=\"fusion-columns columns fusion-columns-1 columns-1\"><article class=\"post fusion-column column col col-lg-12 col-md-12 col-sm-12\"><div class=\"fusion-flexslider fusion-flexslider-loading flexslider floated-slideshow flexslider-hover-type-zoomout\"><ul class=\"slides\"><li><a href=\"https:\/\/balticwind.eu\/de\/vom-meeresboden-bis-zum-luftraum-was-die-energieinfrastruktur-im-ostseeraum-tatsaechlich-schuetzt\/\" aria-label=\"Vom Meeresboden bis zum Luftraum: Was die Energieinfrastruktur im Ostseeraum tats\u00e4chlich sch\u00fctzt\" class=\"hover-type-zoomout\"><img decoding=\"async\" width=\"177\" height=\"142\" src=\"data:image\/svg+xml,%3Csvg%20xmlns%3D%27http%3A%2F%2Fwww.w3.org%2F2000%2Fsvg%27%20width%3D%27177%27%20height%3D%27142%27%20viewBox%3D%270%200%20177%20142%27%3E%3Crect%20width%3D%27177%27%20height%3D%27142%27%20fill-opacity%3D%220%22%2F%3E%3C%2Fsvg%3E\" data-orig-src=\"https:\/\/balticwind.eu\/wp-content\/uploads\/2026\/08\/naval-vessel-at-sea-baltic-energy-security-177x142.jpg\" class=\"lazyload attachment-portfolio-five size-portfolio-five\" alt=\"\" \/><\/a><\/li><\/ul><\/div><div class=\"recent-posts-content\"><h4 class=\"entry-title\"><a style=\"color: #1f2a3b !important;\" href=\"https:\/\/balticwind.eu\/de\/vom-meeresboden-bis-zum-luftraum-was-die-energieinfrastruktur-im-ostseeraum-tatsaechlich-schuetzt\/\">Vom Meeresboden bis zum Luftraum: Was die Energieinfrastruktur im Ostseeraum tats\u00e4chlich sch\u00fctzt<\/a><\/h4><p class=\"meta\"><a href=\"https:\/\/balticwind.eu\/de\/category\/editors-choice-de\/\" rel=\"category tag\">Auswahl der Redaktion<\/a>, <a href=\"https:\/\/balticwind.eu\/de\/category\/lettland\/\" rel=\"category tag\">Lettland<\/a>, <a href=\"https:\/\/balticwind.eu\/de\/category\/litauen\/\" rel=\"category tag\">Litauen<\/a>, <a href=\"https:\/\/balticwind.eu\/de\/category\/polen\/\" rel=\"category tag\">Polen<\/a>, <a href=\"https:\/\/balticwind.eu\/de\/category\/sicherheit\/\" rel=\"category tag\">Sicherheit<\/a><span class=\"fusion-inline-sep\">|<\/span><\/p><\/div><\/article><article class=\"post fusion-column column col col-lg-12 col-md-12 col-sm-12\"><div class=\"fusion-flexslider fusion-flexslider-loading flexslider floated-slideshow flexslider-hover-type-zoomout\"><ul class=\"slides\"><li><a href=\"https:\/\/balticwind.eu\/de\/speicher-werden-zur-zweiten-haelfte-des-windausbaus-in-deutschland-und-im-baltikum\/\" aria-label=\"Speicher werden zur zweiten H\u00e4lfte des Windausbaus in Deutschland und im Baltikum\" class=\"hover-type-zoomout\"><img decoding=\"async\" width=\"177\" height=\"142\" src=\"data:image\/svg+xml,%3Csvg%20xmlns%3D%27http%3A%2F%2Fwww.w3.org%2F2000%2Fsvg%27%20width%3D%27177%27%20height%3D%27142%27%20viewBox%3D%270%200%20177%20142%27%3E%3Crect%20width%3D%27177%27%20height%3D%27142%27%20fill-opacity%3D%220%22%2F%3E%3C%2Fsvg%3E\" data-orig-src=\"https:\/\/balticwind.eu\/wp-content\/uploads\/2026\/08\/electricity-substation-grid-flexibility-storage-177x142.jpg\" class=\"lazyload attachment-portfolio-five size-portfolio-five\" alt=\"\" \/><\/a><\/li><\/ul><\/div><div class=\"recent-posts-content\"><h4 class=\"entry-title\"><a style=\"color: #1f2a3b !important;\" href=\"https:\/\/balticwind.eu\/de\/speicher-werden-zur-zweiten-haelfte-des-windausbaus-in-deutschland-und-im-baltikum\/\">Speicher werden zur zweiten H\u00e4lfte des Windausbaus in Deutschland und im Baltikum<\/a><\/h4><p class=\"meta\"><a href=\"https:\/\/balticwind.eu\/de\/category\/editors-choice-de\/\" rel=\"category tag\">Auswahl der Redaktion<\/a>, <a href=\"https:\/\/balticwind.eu\/de\/category\/deutschland\/\" rel=\"category tag\">Deutschland<\/a>, <a href=\"https:\/\/balticwind.eu\/de\/category\/lettland\/\" rel=\"category tag\">Lettland<\/a>, <a href=\"https:\/\/balticwind.eu\/de\/category\/technologie\/\" rel=\"category tag\">Technologie<\/a><span class=\"fusion-inline-sep\">|<\/span><\/p><\/div><\/article><article class=\"post fusion-column column col col-lg-12 col-md-12 col-sm-12\"><div class=\"fusion-flexslider fusion-flexslider-loading flexslider floated-slideshow flexslider-hover-type-zoomout\"><ul class=\"slides\"><li><a href=\"https:\/\/balticwind.eu\/de\/riffmodule-fledermaussensoren-und-moewensender-wie-die-offshore-windkraft-ihre-biodiversitaetsdaten-aufbaut\/\" aria-label=\"Riffmodule, Fledermaussensoren und M\u00f6wensender: Wie die Offshore-Windkraft ihre Biodiversit\u00e4tsdaten aufbaut\" class=\"hover-type-zoomout\"><img decoding=\"async\" width=\"177\" height=\"142\" src=\"data:image\/svg+xml,%3Csvg%20xmlns%3D%27http%3A%2F%2Fwww.w3.org%2F2000%2Fsvg%27%20width%3D%27177%27%20height%3D%27142%27%20viewBox%3D%270%200%20177%20142%27%3E%3Crect%20width%3D%27177%27%20height%3D%27142%27%20fill-opacity%3D%220%22%2F%3E%3C%2Fsvg%3E\" data-orig-src=\"https:\/\/balticwind.eu\/wp-content\/uploads\/2026\/08\/offshore-wind-biodiversity-evidence-nature-inclusive-design-baltic-177x142.jpg\" class=\"lazyload attachment-portfolio-five size-portfolio-five\" alt=\"\" \/><\/a><\/li><\/ul><\/div><div class=\"recent-posts-content\"><h4 class=\"entry-title\"><a style=\"color: #1f2a3b !important;\" href=\"https:\/\/balticwind.eu\/de\/riffmodule-fledermaussensoren-und-moewensender-wie-die-offshore-windkraft-ihre-biodiversitaetsdaten-aufbaut\/\">Riffmodule, Fledermaussensoren und M\u00f6wensender: Wie die Offshore-Windkraft ihre Biodiversit\u00e4tsdaten aufbaut<\/a><\/h4><p class=\"meta\"><a href=\"https:\/\/balticwind.eu\/de\/category\/editors-choice-de\/\" rel=\"category tag\">Auswahl der Redaktion<\/a>, <a href=\"https:\/\/balticwind.eu\/de\/category\/finnland\/\" rel=\"category tag\">Finnland<\/a>, <a href=\"https:\/\/balticwind.eu\/de\/category\/lettland\/\" rel=\"category tag\">Lettland<\/a>, <a href=\"https:\/\/balticwind.eu\/de\/category\/offshore-wind-aktuell\/\" rel=\"category tag\">Offshore-Wind Aktuell<\/a>, <a href=\"https:\/\/balticwind.eu\/de\/category\/technologie\/\" rel=\"category tag\">Technologie<\/a><span class=\"fusion-inline-sep\">|<\/span><\/p><\/div><\/article><\/section><\/div><\/div><style type=\"text\/css\">.fusion-body .fusion-builder-column-15{width:33.333333333333% !important;margin-top : 0px;margin-bottom : 20px;}.fusion-builder-column-15 > .fusion-column-wrapper {padding-top : 0px !important;padding-right : 0px !important;margin-right : 5.76%;padding-bottom : 0px !important;padding-left : 0px !important;margin-left : 5.76%;}@media only screen and (max-width:1024px) {.fusion-body .fusion-builder-column-15{width:100% !important;}.fusion-builder-column-15 > .fusion-column-wrapper {margin-right : 1.92%;margin-left : 1.92%;}}@media only screen and (max-width:640px) {.fusion-body .fusion-builder-column-15{width:100% !important;}.fusion-builder-column-15 > .fusion-column-wrapper {margin-right : 1.92%;margin-left : 1.92%;}}<\/style><\/div><div class=\"fusion-layout-column fusion_builder_column fusion-builder-column-16 fusion_builder_column_1_3 1_3 fusion-flex-column\"><div class=\"fusion-column-wrapper fusion-flex-justify-content-flex-start fusion-content-layout-column\" style=\"background-position:left top;background-repeat:no-repeat;-webkit-background-size:cover;-moz-background-size:cover;-o-background-size:cover;background-size:cover;padding: 0px 0px 0px 0px;\"><div class=\"fusion-separator fusion-full-width-sep\" style=\"align-self: center;margin-left: auto;margin-right: auto;margin-bottom:10px;width:100%;max-width:100%;\"><div class=\"fusion-separator-border sep-single sep-solid\" style=\"border-color:#1f2a3b;border-top-width:12px;\"><\/div><\/div><style type=\"text\/css\">@media only screen and (max-width:1024px) {.fusion-title.fusion-title-12{margin-top:-15px!important; margin-right:5px!important;margin-bottom:20px!important;margin-left:0px!important;}}@media only screen and (max-width:640px) {.fusion-title.fusion-title-12{margin-top:0px!important; margin-right:0px!important;margin-bottom:20px!important; margin-left:0px!important;}}<\/style><div class=\"fusion-title title fusion-title-12 fusion-title-text fusion-title-size-five\" style=\"margin-top:-15px;margin-right:5px;margin-bottom:20px;margin-left:0px;\"><div class=\"title-sep-container title-sep-container-left fusion-no-large-visibility fusion-no-medium-visibility fusion-no-small-visibility\"><div class=\"title-sep sep-\" style=\"border-color:#eaeaea;\"><\/div><\/div><h5 class=\"title-heading-left fusion-responsive-typography-calculated\" style=\"margin:0;--fontSize:17;line-height:1.76;\"><h5 style=\"text-align: left; text-transform: uppercase;\">Polen<\/h5><\/h5><div class=\"title-sep-container title-sep-container-right\"><div class=\"title-sep sep-\" style=\"border-color:#eaeaea;\"><\/div><\/div><\/div><div class=\"fusion-recent-posts fusion-recent-posts-6 avada-container layout-thumbnails-on-side layout-columns-1\"><section class=\"fusion-columns columns fusion-columns-1 columns-1\"><article class=\"post fusion-column column col col-lg-12 col-md-12 col-sm-12\"><div class=\"fusion-flexslider fusion-flexslider-loading flexslider floated-slideshow flexslider-hover-type-zoomout\"><ul class=\"slides\"><li><a href=\"https:\/\/balticwind.eu\/de\/vierzehn-transformatoren-erreichen-baltica-2-baustelle-nach-sechsmonatigem-schwertransport\/\" aria-label=\"Vierzehn Transformatoren erreichen Baltica-2-Baustelle nach sechsmonatigem Schwertransport\" class=\"hover-type-zoomout\"><img decoding=\"async\" width=\"177\" height=\"142\" src=\"data:image\/svg+xml,%3Csvg%20xmlns%3D%27http%3A%2F%2Fwww.w3.org%2F2000%2Fsvg%27%20width%3D%27177%27%20height%3D%27142%27%20viewBox%3D%270%200%20177%20142%27%3E%3Crect%20width%3D%27177%27%20height%3D%27142%27%20fill-opacity%3D%220%22%2F%3E%3C%2Fsvg%3E\" data-orig-src=\"https:\/\/balticwind.eu\/wp-content\/uploads\/2026\/09\/power-transformers-substation-baltica-2-poland-177x142.jpg\" class=\"lazyload attachment-portfolio-five size-portfolio-five\" alt=\"\" \/><\/a><\/li><\/ul><\/div><div class=\"recent-posts-content\"><h4 class=\"entry-title\"><a style=\"color: #1f2a3b !important;\" href=\"https:\/\/balticwind.eu\/de\/vierzehn-transformatoren-erreichen-baltica-2-baustelle-nach-sechsmonatigem-schwertransport\/\">Vierzehn Transformatoren erreichen Baltica-2-Baustelle nach sechsmonatigem Schwertransport<\/a><\/h4><p class=\"meta\"><a href=\"https:\/\/balticwind.eu\/de\/category\/offshore-wind-aktuell\/\" rel=\"category tag\">Offshore-Wind Aktuell<\/a>, <a href=\"https:\/\/balticwind.eu\/de\/category\/polen\/\" rel=\"category tag\">Polen<\/a>, <a href=\"https:\/\/balticwind.eu\/de\/category\/projekte\/\" rel=\"category tag\">Projekte<\/a><span class=\"fusion-inline-sep\">|<\/span><\/p><\/div><\/article><article class=\"post fusion-column column col col-lg-12 col-md-12 col-sm-12\"><div class=\"fusion-flexslider fusion-flexslider-loading flexslider floated-slideshow flexslider-hover-type-zoomout\"><ul class=\"slides\"><li><a href=\"https:\/\/balticwind.eu\/de\/onshore-wind-kostet-82-cent-die-genehmigung-kostet-weiter-jahre\/\" aria-label=\"Onshore-Wind kostet 8,2 Cent. Die Genehmigung kostet weiter Jahre\" class=\"hover-type-zoomout\"><img decoding=\"async\" width=\"177\" height=\"142\" src=\"data:image\/svg+xml,%3Csvg%20xmlns%3D%27http%3A%2F%2Fwww.w3.org%2F2000%2Fsvg%27%20width%3D%27177%27%20height%3D%27142%27%20viewBox%3D%270%200%20177%20142%27%3E%3Crect%20width%3D%27177%27%20height%3D%27142%27%20fill-opacity%3D%220%22%2F%3E%3C%2Fsvg%3E\" data-orig-src=\"https:\/\/balticwind.eu\/wp-content\/uploads\/2026\/09\/onshore-wind-turbines-permitting-poland-germany-177x142.jpg\" class=\"lazyload attachment-portfolio-five size-portfolio-five\" alt=\"\" \/><\/a><\/li><\/ul><\/div><div class=\"recent-posts-content\"><h4 class=\"entry-title\"><a style=\"color: #1f2a3b !important;\" href=\"https:\/\/balticwind.eu\/de\/onshore-wind-kostet-82-cent-die-genehmigung-kostet-weiter-jahre\/\">Onshore-Wind kostet 8,2 Cent. Die Genehmigung kostet weiter Jahre<\/a><\/h4><p class=\"meta\"><a href=\"https:\/\/balticwind.eu\/de\/category\/editors-choice-de\/\" rel=\"category tag\">Auswahl der Redaktion<\/a>, <a href=\"https:\/\/balticwind.eu\/de\/category\/deutschland\/\" rel=\"category tag\">Deutschland<\/a>, <a href=\"https:\/\/balticwind.eu\/de\/category\/onshore-wind-aktuell\/\" rel=\"category tag\">Onshore-Wind Aktuell<\/a>, <a href=\"https:\/\/balticwind.eu\/de\/category\/polen\/\" rel=\"category tag\">Polen<\/a><span class=\"fusion-inline-sep\">|<\/span><\/p><\/div><\/article><article class=\"post fusion-column column col col-lg-12 col-md-12 col-sm-12\"><div class=\"fusion-flexslider fusion-flexslider-loading flexslider floated-slideshow flexslider-hover-type-zoomout\"><ul class=\"slides\"><li><a href=\"https:\/\/balticwind.eu\/de\/vom-meeresboden-bis-zum-luftraum-was-die-energieinfrastruktur-im-ostseeraum-tatsaechlich-schuetzt\/\" aria-label=\"Vom Meeresboden bis zum Luftraum: Was die Energieinfrastruktur im Ostseeraum tats\u00e4chlich sch\u00fctzt\" class=\"hover-type-zoomout\"><img decoding=\"async\" width=\"177\" height=\"142\" src=\"data:image\/svg+xml,%3Csvg%20xmlns%3D%27http%3A%2F%2Fwww.w3.org%2F2000%2Fsvg%27%20width%3D%27177%27%20height%3D%27142%27%20viewBox%3D%270%200%20177%20142%27%3E%3Crect%20width%3D%27177%27%20height%3D%27142%27%20fill-opacity%3D%220%22%2F%3E%3C%2Fsvg%3E\" data-orig-src=\"https:\/\/balticwind.eu\/wp-content\/uploads\/2026\/08\/naval-vessel-at-sea-baltic-energy-security-177x142.jpg\" class=\"lazyload attachment-portfolio-five size-portfolio-five\" alt=\"\" \/><\/a><\/li><\/ul><\/div><div class=\"recent-posts-content\"><h4 class=\"entry-title\"><a style=\"color: #1f2a3b !important;\" href=\"https:\/\/balticwind.eu\/de\/vom-meeresboden-bis-zum-luftraum-was-die-energieinfrastruktur-im-ostseeraum-tatsaechlich-schuetzt\/\">Vom Meeresboden bis zum Luftraum: Was die Energieinfrastruktur im Ostseeraum tats\u00e4chlich sch\u00fctzt<\/a><\/h4><p class=\"meta\"><a href=\"https:\/\/balticwind.eu\/de\/category\/editors-choice-de\/\" rel=\"category tag\">Auswahl der Redaktion<\/a>, <a href=\"https:\/\/balticwind.eu\/de\/category\/lettland\/\" rel=\"category tag\">Lettland<\/a>, <a href=\"https:\/\/balticwind.eu\/de\/category\/litauen\/\" rel=\"category tag\">Litauen<\/a>, <a href=\"https:\/\/balticwind.eu\/de\/category\/polen\/\" rel=\"category tag\">Polen<\/a>, <a href=\"https:\/\/balticwind.eu\/de\/category\/sicherheit\/\" rel=\"category tag\">Sicherheit<\/a><span class=\"fusion-inline-sep\">|<\/span><\/p><\/div><\/article><\/section><\/div><\/div><style type=\"text\/css\">.fusion-body .fusion-builder-column-16{width:33.333333333333% !important;margin-top : 0px;margin-bottom : 20px;}.fusion-builder-column-16 > .fusion-column-wrapper {padding-top : 0px !important;padding-right : 0px !important;margin-right : 5.76%;padding-bottom : 0px !important;padding-left : 0px !important;margin-left : 5.76%;}@media only screen and (max-width:1024px) {.fusion-body .fusion-builder-column-16{width:100% !important;}.fusion-builder-column-16 > .fusion-column-wrapper {margin-right : 1.92%;margin-left : 1.92%;}}@media only screen and (max-width:640px) {.fusion-body .fusion-builder-column-16{width:100% !important;}.fusion-builder-column-16 > .fusion-column-wrapper {margin-right : 1.92%;margin-left : 1.92%;}}<\/style><\/div><div class=\"fusion-layout-column fusion_builder_column fusion-builder-column-17 fusion_builder_column_1_3 1_3 fusion-flex-column\"><div class=\"fusion-column-wrapper fusion-flex-justify-content-flex-start fusion-content-layout-column\" style=\"background-position:left top;background-repeat:no-repeat;-webkit-background-size:cover;-moz-background-size:cover;-o-background-size:cover;background-size:cover;padding: 0px 0px 0px 0px;\"><div class=\"fusion-separator fusion-full-width-sep\" style=\"align-self: center;margin-left: auto;margin-right: auto;margin-bottom:10px;width:100%;max-width:100%;\"><div class=\"fusion-separator-border sep-single sep-solid\" style=\"border-color:#1f2a3b;border-top-width:12px;\"><\/div><\/div><style type=\"text\/css\">@media only screen and (max-width:1024px) {.fusion-title.fusion-title-13{margin-top:-15px!important; margin-right:5px!important;margin-bottom:20px!important;margin-left:0px!important;}}@media only screen and (max-width:640px) {.fusion-title.fusion-title-13{margin-top:0px!important; margin-right:0px!important;margin-bottom:20px!important; margin-left:0px!important;}}<\/style><div class=\"fusion-title title fusion-title-13 fusion-title-text fusion-title-size-five\" style=\"margin-top:-15px;margin-right:5px;margin-bottom:20px;margin-left:0px;\"><div class=\"title-sep-container title-sep-container-left fusion-no-large-visibility fusion-no-medium-visibility fusion-no-small-visibility\"><div class=\"title-sep sep-\" style=\"border-color:#eaeaea;\"><\/div><\/div><h5 class=\"title-heading-left fusion-responsive-typography-calculated\" style=\"margin:0;--fontSize:17;line-height:1.76;\"><h5 style=\"text-align: left; text-transform: uppercase;\">D\u00e4nemark<\/h5><\/h5><div class=\"title-sep-container title-sep-container-right\"><div class=\"title-sep sep-\" style=\"border-color:#eaeaea;\"><\/div><\/div><\/div><div class=\"fusion-recent-posts fusion-recent-posts-7 avada-container layout-thumbnails-on-side layout-columns-1\"><section class=\"fusion-columns columns fusion-columns-1 columns-1\"><article class=\"post fusion-column column col col-lg-12 col-md-12 col-sm-12\"><div class=\"fusion-flexslider fusion-flexslider-loading flexslider floated-slideshow flexslider-hover-type-zoomout\"><ul class=\"slides\"><li><a href=\"https:\/\/balticwind.eu\/de\/esvagt-serviceschiff-erhaelt-bewegungsprognose-radar-fuer-sicherere-turbinenuebergaenge\/\" aria-label=\"ESVAGT-Serviceschiff erh\u00e4lt Bewegungsprognose-Radar f\u00fcr sicherere Turbinen\u00fcberg\u00e4nge\" class=\"hover-type-zoomout\"><img decoding=\"async\" width=\"177\" height=\"142\" src=\"data:image\/svg+xml,%3Csvg%20xmlns%3D%27http%3A%2F%2Fwww.w3.org%2F2000%2Fsvg%27%20width%3D%27177%27%20height%3D%27142%27%20viewBox%3D%270%200%20177%20142%27%3E%3Crect%20width%3D%27177%27%20height%3D%27142%27%20fill-opacity%3D%220%22%2F%3E%3C%2Fsvg%3E\" data-orig-src=\"https:\/\/balticwind.eu\/wp-content\/uploads\/2026\/08\/offshore-wind-service-vessel-turbines-north-sea-177x142.jpg\" class=\"lazyload attachment-portfolio-five size-portfolio-five\" alt=\"\" \/><\/a><\/li><\/ul><\/div><div class=\"recent-posts-content\"><h4 class=\"entry-title\"><a style=\"color: #1f2a3b !important;\" href=\"https:\/\/balticwind.eu\/de\/esvagt-serviceschiff-erhaelt-bewegungsprognose-radar-fuer-sicherere-turbinenuebergaenge\/\">ESVAGT-Serviceschiff erh\u00e4lt Bewegungsprognose-Radar f\u00fcr sicherere Turbinen\u00fcberg\u00e4nge<\/a><\/h4><p class=\"meta\"><a href=\"https:\/\/balticwind.eu\/de\/category\/daenemark\/\" rel=\"category tag\">D\u00e4nemark<\/a>, <a href=\"https:\/\/balticwind.eu\/de\/category\/offshore-wind-aktuell\/\" rel=\"category tag\">Offshore-Wind Aktuell<\/a>, <a href=\"https:\/\/balticwind.eu\/de\/category\/technologie\/\" rel=\"category tag\">Technologie<\/a><span class=\"fusion-inline-sep\">|<\/span><\/p><\/div><\/article><article class=\"post fusion-column column col col-lg-12 col-md-12 col-sm-12\"><div class=\"fusion-flexslider fusion-flexslider-loading flexslider floated-slideshow flexslider-hover-type-zoomout\"><ul class=\"slides\"><li><a href=\"https:\/\/balticwind.eu\/de\/oersted-kehrt-ab-2027-zur-dividende-zurueck-nach-kapitalerhoehung-und-verkaeufen\/\" aria-label=\"\u00d8rsted kehrt ab 2027 zur Dividende zur\u00fcck \u2013 nach Kapitalerh\u00f6hung und Verk\u00e4ufen\" class=\"hover-type-zoomout\"><img decoding=\"async\" width=\"177\" height=\"142\" src=\"data:image\/svg+xml,%3Csvg%20xmlns%3D%27http%3A%2F%2Fwww.w3.org%2F2000%2Fsvg%27%20width%3D%27177%27%20height%3D%27142%27%20viewBox%3D%270%200%20177%20142%27%3E%3Crect%20width%3D%27177%27%20height%3D%27142%27%20fill-opacity%3D%220%22%2F%3E%3C%2Fsvg%3E\" data-orig-src=\"https:\/\/balticwind.eu\/wp-content\/uploads\/2026\/08\/orsted-restores-dividend-2027-rights-issue-divestments-177x142.jpg\" class=\"lazyload attachment-portfolio-five size-portfolio-five\" alt=\"\" \/><\/a><\/li><\/ul><\/div><div class=\"recent-posts-content\"><h4 class=\"entry-title\"><a style=\"color: #1f2a3b !important;\" href=\"https:\/\/balticwind.eu\/de\/oersted-kehrt-ab-2027-zur-dividende-zurueck-nach-kapitalerhoehung-und-verkaeufen\/\">\u00d8rsted kehrt ab 2027 zur Dividende zur\u00fcck \u2013 nach Kapitalerh\u00f6hung und Verk\u00e4ufen<\/a><\/h4><p class=\"meta\"><a href=\"https:\/\/balticwind.eu\/de\/category\/daenemark\/\" rel=\"category tag\">D\u00e4nemark<\/a>, <a href=\"https:\/\/balticwind.eu\/de\/category\/offshore-wind-aktuell\/\" rel=\"category tag\">Offshore-Wind Aktuell<\/a><span class=\"fusion-inline-sep\">|<\/span><\/p><\/div><\/article><article class=\"post fusion-column column col col-lg-12 col-md-12 col-sm-12\"><div class=\"fusion-flexslider fusion-flexslider-loading flexslider floated-slideshow flexslider-hover-type-zoomout\"><ul class=\"slides\"><li><a href=\"https:\/\/balticwind.eu\/de\/stillstrom-automatisiert-kabelhandling-beim-laden-von-offshore-schiffen\/\" aria-label=\"Stillstrom automatisiert Kabelhandling beim Laden von Offshore-Schiffen\" class=\"hover-type-zoomout\"><img decoding=\"async\" width=\"177\" height=\"142\" src=\"data:image\/svg+xml,%3Csvg%20xmlns%3D%27http%3A%2F%2Fwww.w3.org%2F2000%2Fsvg%27%20width%3D%27177%27%20height%3D%27142%27%20viewBox%3D%270%200%20177%20142%27%3E%3Crect%20width%3D%27177%27%20height%3D%27142%27%20fill-opacity%3D%220%22%2F%3E%3C%2Fsvg%3E\" data-orig-src=\"https:\/\/balticwind.eu\/wp-content\/uploads\/2026\/08\/stillstrom-automated-cable-control-offshore-vessel-charging-177x142.jpg\" class=\"lazyload attachment-portfolio-five size-portfolio-five\" alt=\"\" \/><\/a><\/li><\/ul><\/div><div class=\"recent-posts-content\"><h4 class=\"entry-title\"><a style=\"color: #1f2a3b !important;\" href=\"https:\/\/balticwind.eu\/de\/stillstrom-automatisiert-kabelhandling-beim-laden-von-offshore-schiffen\/\">Stillstrom automatisiert Kabelhandling beim Laden von Offshore-Schiffen<\/a><\/h4><p class=\"meta\"><a href=\"https:\/\/balticwind.eu\/de\/category\/daenemark\/\" rel=\"category tag\">D\u00e4nemark<\/a>, <a href=\"https:\/\/balticwind.eu\/de\/category\/offshore-wind-aktuell\/\" rel=\"category tag\">Offshore-Wind Aktuell<\/a>, <a href=\"https:\/\/balticwind.eu\/de\/category\/technologie\/\" rel=\"category tag\">Technologie<\/a><span class=\"fusion-inline-sep\">|<\/span><\/p><\/div><\/article><\/section><\/div><\/div><style type=\"text\/css\">.fusion-body .fusion-builder-column-17{width:33.333333333333% !important;margin-top : 0px;margin-bottom : 20px;}.fusion-builder-column-17 > .fusion-column-wrapper {padding-top : 0px !important;padding-right : 0px !important;margin-right : 5.76%;padding-bottom : 0px !important;padding-left : 0px !important;margin-left : 5.76%;}@media only screen and (max-width:1024px) {.fusion-body .fusion-builder-column-17{width:100% !important;}.fusion-builder-column-17 > .fusion-column-wrapper {margin-right : 1.92%;margin-left : 1.92%;}}@media only screen and (max-width:640px) {.fusion-body .fusion-builder-column-17{width:100% !important;}.fusion-builder-column-17 > .fusion-column-wrapper {margin-right : 1.92%;margin-left : 1.92%;}}<\/style><\/div><\/div><style type=\"text\/css\">.fusion-body .fusion-flex-container.fusion-builder-row-11{ padding-top : 30px;margin-top : 0px;padding-right : 0px;padding-bottom : 0px;margin-bottom : 0px;padding-left : 0px;}<\/style><\/div><\/div><\/p>\n","protected":false},"excerpt":{"rendered":"","protected":false},"author":1,"featured_media":0,"parent":0,"menu_order":0,"comment_status":"closed","ping_status":"closed","template":"100-width.php","meta":{"footnotes":""},"class_list":["post-47664","page","type-page","status-publish","hentry"],"acf":[],"_links":{"self":[{"href":"https:\/\/balticwind.eu\/de\/wp-json\/wp\/v2\/pages\/47664","targetHints":{"allow":["GET"]}}],"collection":[{"href":"https:\/\/balticwind.eu\/de\/wp-json\/wp\/v2\/pages"}],"about":[{"href":"https:\/\/balticwind.eu\/de\/wp-json\/wp\/v2\/types\/page"}],"author":[{"embeddable":true,"href":"https:\/\/balticwind.eu\/de\/wp-json\/wp\/v2\/users\/1"}],"replies":[{"embeddable":true,"href":"https:\/\/balticwind.eu\/de\/wp-json\/wp\/v2\/comments?post=47664"}],"version-history":[{"count":0,"href":"https:\/\/balticwind.eu\/de\/wp-json\/wp\/v2\/pages\/47664\/revisions"}],"wp:attachment":[{"href":"https:\/\/balticwind.eu\/de\/wp-json\/wp\/v2\/media?parent=47664"}],"curies":[{"name":"wp","href":"https:\/\/api.w.org\/{rel}","templated":true}]}}