{"id":47680,"date":"2021-05-29T21:34:00","date_gmt":"2021-05-29T19:34:00","guid":{"rendered":"https:\/\/balticwind.eu\/news\/"},"modified":"2026-07-26T17:04:36","modified_gmt":"2026-07-26T15:04:36","slug":"news","status":"publish","type":"page","link":"https:\/\/balticwind.eu\/de\/news\/","title":{"rendered":"News"},"content":{"rendered":"<p><div class=\"fusion-fullwidth fullwidth-box fusion-builder-row-1 fusion-flex-container klaska nonhundred-percent-fullwidth non-hundred-percent-height-scrolling fusion-no-small-visibility fusion-no-medium-visibility\" style=\"background-color: rgba(255,255,255,0);background-position: center center;background-repeat: no-repeat;border-width: 0px 0px 0px 0px;border-color:#eaeaea;border-style:solid;\" ><div class=\"fusion-builder-row fusion-row fusion-flex-align-items-flex-start\" style=\"max-width:1289.6px;margin-left: calc(-4% \/ 2 );margin-right: calc(-4% \/ 2 );\"><div class=\"fusion-layout-column fusion_builder_column fusion-builder-column-0 fusion_builder_column_1_1 1_1 fusion-flex-column\"><div class=\"fusion-column-wrapper fusion-flex-justify-content-flex-start fusion-content-layout-column\" style=\"background-position:left top;background-repeat:no-repeat;-webkit-background-size:cover;-moz-background-size:cover;-o-background-size:cover;background-size:cover;padding: -20px 0px 0px 0px;\"><style type=\"text\/css\">@media only screen and (max-width:1024px) {.fusion-title.fusion-title-1{margin-top:20px!important; margin-right:0px!important;margin-bottom:20px!important;margin-left:0px!important;}}@media only screen and (max-width:640px) {.fusion-title.fusion-title-1{margin-top:0px!important; margin-right:0px!important;margin-bottom:20px!important; margin-left:0px!important;}}<\/style><div class=\"fusion-title title fusion-title-1 fusion-title-center fusion-title-text fusion-title-size-one\" style=\"font-size:30px;margin-top:20px;margin-right:0px;margin-bottom:20px;margin-left:0px;\"><div class=\"title-sep-container title-sep-container-left\"><div class=\"title-sep sep-\" style=\"border-color:#eaeaea;\"><\/div><\/div><h1 class=\"title-heading-center fusion-responsive-typography-calculated\" style=\"margin:0;font-size:1em;letter-spacing:5px;--fontSize:30;line-height:1.2;\">NEWS<\/h1><div class=\"title-sep-container title-sep-container-right\"><div class=\"title-sep sep-\" style=\"border-color:#eaeaea;\"><\/div><\/div><\/div><\/div><style type=\"text\/css\">.fusion-body .fusion-builder-column-0{width:100% !important;margin-top : -20px;margin-bottom : 0px;}.fusion-builder-column-0 > .fusion-column-wrapper {padding-top : -20px !important;padding-right : 0px !important;margin-right : 1.92%;padding-bottom : 0px !important;padding-left : 0px !important;margin-left : 1.92%;}@media only screen and (max-width:1024px) {.fusion-body .fusion-builder-column-0{width:100% !important;order : 0;}.fusion-builder-column-0 > .fusion-column-wrapper {margin-right : 1.92%;margin-left : 1.92%;}}@media only screen and (max-width:640px) {.fusion-body .fusion-builder-column-0{width:100% !important;order : 0;}.fusion-builder-column-0 > .fusion-column-wrapper {margin-right : 1.92%;margin-left : 1.92%;}}<\/style><\/div><\/div><style type=\"text\/css\">.fusion-body .fusion-flex-container.fusion-builder-row-1{ padding-top : 0px;margin-top : -30px;padding-right : 0px;padding-bottom : 0px;margin-bottom : 0px;padding-left : 0px;}<\/style><\/div><div class=\"fusion-fullwidth fullwidth-box fusion-builder-row-2 fusion-flex-container klaska nonhundred-percent-fullwidth non-hundred-percent-height-scrolling fusion-no-large-visibility\" style=\"background-color: rgba(255,255,255,0);background-position: center center;background-repeat: no-repeat;border-width: 0px 0px 0px 0px;border-color:#eaeaea;border-style:solid;\" ><div class=\"fusion-builder-row fusion-row fusion-flex-align-items-flex-start\" style=\"max-width:1289.6px;margin-left: calc(-4% \/ 2 );margin-right: calc(-4% \/ 2 );\"><div class=\"fusion-layout-column fusion_builder_column fusion-builder-column-1 fusion_builder_column_1_1 1_1 fusion-flex-column\"><div class=\"fusion-column-wrapper fusion-flex-justify-content-flex-start fusion-content-layout-column\" style=\"background-position:left top;background-repeat:no-repeat;-webkit-background-size:cover;-moz-background-size:cover;-o-background-size:cover;background-size:cover;padding: 0px 0px 0px 0px;\"><div class=\"fusion-separator\" style=\"align-self: center;margin-left: auto;margin-right: auto;margin-bottom:10px;width:100%;max-width:80%;\"><div class=\"fusion-separator-border sep-single sep-solid\" style=\"border-color:#1f2a3b;border-top-width:12px;\"><\/div><\/div><style type=\"text\/css\">@media only screen and (max-width:1024px) {.fusion-title.fusion-title-2{margin-top:20px!important; margin-right:0px!important;margin-bottom:20px!important;margin-left:0px!important;}}@media only screen and (max-width:640px) {.fusion-title.fusion-title-2{margin-top:0px!important; margin-right:0px!important;margin-bottom:20px!important; margin-left:0px!important;}}<\/style><div class=\"fusion-title title fusion-title-2 fusion-title-center fusion-title-text fusion-title-size-two\" style=\"font-size:22px;margin-top:20px;margin-right:0px;margin-bottom:20px;margin-left:0px;\"><div class=\"title-sep-container title-sep-container-left\"><div class=\"title-sep sep-\" style=\"border-color:#eaeaea;\"><\/div><\/div><h2 class=\"title-heading-center fusion-responsive-typography-calculated\" style=\"margin:0;font-size:1em;letter-spacing:5px;--fontSize:22;line-height:1.00;\">NEWS<\/h2><div class=\"title-sep-container title-sep-container-right\"><div class=\"title-sep sep-\" style=\"border-color:#eaeaea;\"><\/div><\/div><\/div><\/div><style type=\"text\/css\">.fusion-body .fusion-builder-column-1{width:100% !important;margin-top : 0px;margin-bottom : 0px;}.fusion-builder-column-1 > .fusion-column-wrapper {padding-top : 0px !important;padding-right : 0px !important;margin-right : 1.92%;padding-bottom : 0px !important;padding-left : 0px !important;margin-left : 1.92%;}@media only screen and (max-width:1024px) {.fusion-body .fusion-builder-column-1{width:100% !important;order : 0;}.fusion-builder-column-1 > .fusion-column-wrapper {margin-right : 1.92%;margin-left : 1.92%;}}@media only screen and (max-width:640px) {.fusion-body .fusion-builder-column-1{width:100% !important;order : 0;}.fusion-builder-column-1 > .fusion-column-wrapper {margin-right : 1.92%;margin-left : 1.92%;}}<\/style><\/div><\/div><style type=\"text\/css\">.fusion-body .fusion-flex-container.fusion-builder-row-2{ padding-top : 20px;margin-top : 5px;padding-right : 0px;padding-bottom : 0px;margin-bottom : 0px;padding-left : 0px;}<\/style><\/div><div class=\"fusion-fullwidth fullwidth-box fusion-builder-row-3 fusion-flex-container nonhundred-percent-fullwidth non-hundred-percent-height-scrolling fusion-no-large-visibility\" style=\"background-color: #ffffff;background-position: left top;background-repeat: no-repeat;border-width: 0px 0px 0px 0px;border-color:#eaeaea;border-style:solid;\" ><div class=\"fusion-builder-row fusion-row fusion-flex-align-items-center fusion-flex-align-content-center fusion-flex-justify-content-center\" style=\"max-width:1289.6px;margin-left: calc(-4% \/ 2 );margin-right: calc(-4% \/ 2 );\"><div class=\"fusion-layout-column fusion_builder_column fusion-builder-column-2 fusion_builder_column_1_1 1_1 fusion-flex-column fusion-animated\" data-animationType=\"fadeInLeft\" data-animationDuration=\"0.6\" data-animationOffset=\"100%\"><div class=\"fusion-column-wrapper fusion-flex-justify-content-flex-start fusion-content-layout-column\" style=\"background-position:center center;background-repeat:no-repeat;-webkit-background-size:cover;-moz-background-size:cover;-o-background-size:cover;background-size:cover;border-width: 1px 1px 1px 1px;border-color:#b6babe;border-style:solid;padding: 4% 4% 0% 4%;\"><div class=\"fusion-blog-shortcode fusion-blog-shortcode-1 fusion-blog-archive fusion-blog-layout-large fusion-blog-no klasa\"><div class=\"fusion-posts-container fusion-posts-container-no\" data-pages=\"31\"><article id=\"blog-1-post-48178\" class=\"fusion-post-large post-48178 post type-post status-publish format-standard has-post-thumbnail hentry category-onshore-wind-aktuell category-regulierung category-top-news-de\">\n\t<style type=\"text\/css\">\n\t\t\n\t\t\n\t\t\n\t\t\n\t\t\t<\/style>\n\n\n\t\t\t<div class=\"fusion-flexslider flexslider fusion-flexslider-loading fusion-post-slideshow\" style=\"\">\n\t\t<ul class=\"slides\">\n\t\t\t\n\t\t\t\t\t\t\t\t\t\t\t\t\t\t<li>\n\n<div  class=\"fusion-image-wrapper\" aria-haspopup=\"true\">\n\t\n\t\n\t\t\t\n\t\t\t\t<a href=\"https:\/\/balticwind.eu\/de\/europa-auf-rekordkurs-88-gw-windkraft-im-ersten-halbjahr-2026-installiert\/\" aria-label=\"Europa auf Rekordkurs: 8,8 GW Windkraft im ersten Halbjahr 2026 installiert\">\n\t\t\n\t\t\n\t\t\t\t\t<img decoding=\"async\" width=\"1600\" height=\"900\" src=\"https:\/\/balticwind.eu\/wp-content\/uploads\/2026\/09\/wind-farm-germany-europe-record-installations-2026.jpg\" class=\"attachment-full size-full lazyload wp-post-image\" alt=\"\" srcset=\"data:image\/svg+xml,%3Csvg%20xmlns%3D%27http%3A%2F%2Fwww.w3.org%2F2000%2Fsvg%27%20width%3D%271600%27%20height%3D%27900%27%20viewBox%3D%270%200%201600%20900%27%3E%3Crect%20width%3D%271600%27%20height%3D%27900%27%20fill-opacity%3D%220%22%2F%3E%3C%2Fsvg%3E\" data-orig-src=\"https:\/\/balticwind.eu\/wp-content\/uploads\/2026\/09\/wind-farm-germany-europe-record-installations-2026.jpg\" data-srcset=\"https:\/\/balticwind.eu\/wp-content\/uploads\/2026\/09\/wind-farm-germany-europe-record-installations-2026-200x113.jpg 200w, https:\/\/balticwind.eu\/wp-content\/uploads\/2026\/09\/wind-farm-germany-europe-record-installations-2026-400x225.jpg 400w, https:\/\/balticwind.eu\/wp-content\/uploads\/2026\/09\/wind-farm-germany-europe-record-installations-2026-600x338.jpg 600w, https:\/\/balticwind.eu\/wp-content\/uploads\/2026\/09\/wind-farm-germany-europe-record-installations-2026-800x450.jpg 800w, https:\/\/balticwind.eu\/wp-content\/uploads\/2026\/09\/wind-farm-germany-europe-record-installations-2026-1200x675.jpg 1200w, https:\/\/balticwind.eu\/wp-content\/uploads\/2026\/09\/wind-farm-germany-europe-record-installations-2026.jpg 1600w\" data-sizes=\"auto\" \/>\n\t\n\n\n\t\t\t\t<\/a>\n\t\t\n\t\n<\/div>\n<\/li>\n\t\t\t\n\t\t\t\n\t\t\t\t\t\t\t\t\t\t\t\t\t\t\t\t\t\t\t\t\t\t\t\t\t\t\t\t\t\t\t\t\t\t\t\t\t\t\t\t\t\t\t\t\t\t\t\t\t\t\t\t\t\t\t\t\t\t\t\t\t\t\t\t\t\t\t\t<\/ul>\n\t<\/div>\n\t<div class=\"fusion-post-content post-content\"><h2 class=\"blog-shortcode-post-title entry-title\"><a href=\"https:\/\/balticwind.eu\/de\/europa-auf-rekordkurs-88-gw-windkraft-im-ersten-halbjahr-2026-installiert\/\">Europa auf Rekordkurs: 8,8 GW Windkraft im ersten Halbjahr 2026 installiert<\/a><\/h2><\/div><div class=\"fusion-clearfix\"><\/div><div class=\"fusion-meta-info\"><div class=\"fusion-alignleft\"><a href=\"https:\/\/balticwind.eu\/de\/category\/onshore-wind-aktuell\/\" rel=\"category tag\">Onshore-Wind Aktuell<\/a>, <a href=\"https:\/\/balticwind.eu\/de\/category\/regulierung\/\" rel=\"category tag\">Regulierung<\/a>, <a href=\"https:\/\/balticwind.eu\/de\/category\/top-news-de\/\" rel=\"category tag\">Top News<\/a><span class=\"fusion-inline-sep\">|<\/span><\/div><\/div><\/article>\n<\/div><\/div><\/div><style type=\"text\/css\">.fusion-body .fusion-builder-column-2{width:100% !important;margin-top : 0px;margin-bottom : 20px;}.fusion-builder-column-2 > .fusion-column-wrapper {padding-top : 4% !important;padding-right : 4% !important;margin-right : 1.92%;padding-bottom : 0% !important;padding-left : 4% !important;margin-left : 1.92%;}@media only screen and (max-width:1024px) {.fusion-body .fusion-builder-column-2{width:100% !important;order : 0;}.fusion-builder-column-2 > .fusion-column-wrapper {margin-right : 1.92%;margin-left : 1.92%;}}@media only screen and (max-width:640px) {.fusion-body .fusion-builder-column-2{width:100% !important;order : 0;}.fusion-builder-column-2 > .fusion-column-wrapper {margin-right : 1.92%;margin-left : 1.92%;}}<\/style><\/div><\/div><style type=\"text\/css\">.fusion-body .fusion-flex-container.fusion-builder-row-3{ padding-top : 0px;margin-top : 0px;padding-right : 0px;padding-bottom : 0px;margin-bottom : 0px;padding-left : 0px;}@media only screen and (max-width:1024px) {.fusion-body .fusion-flex-container.fusion-builder-row-3{ padding-top : 80px;}}<\/style><\/div><div class=\"fusion-fullwidth fullwidth-box fusion-builder-row-4 fusion-flex-container nonhundred-percent-fullwidth non-hundred-percent-height-scrolling fusion-no-large-visibility\" style=\"background-color: rgba(255,255,255,0);background-position: center center;background-repeat: no-repeat;border-width: 0px 0px 0px 0px;border-color:#eaeaea;border-style:solid;\" ><div class=\"fusion-builder-row fusion-row fusion-flex-align-items-flex-start\" style=\"max-width:1289.6px;margin-left: calc(-4% \/ 2 );margin-right: calc(-4% \/ 2 );\"><div class=\"fusion-layout-column fusion_builder_column fusion-builder-column-3 fusion_builder_column_1_1 1_1 fusion-flex-column\"><div class=\"fusion-column-wrapper fusion-flex-justify-content-flex-start fusion-content-layout-column\" style=\"background-position:left top;background-repeat:no-repeat;-webkit-background-size:cover;-moz-background-size:cover;-o-background-size:cover;background-size:cover;padding: 0px 0px 0px 0px;\"><div class=\"fusion-recent-posts fusion-recent-posts-1 avada-container layout-thumbnails-on-side layout-columns-1 fusion-recent-posts-infinite fusion-recent-posts-load-more klasa\" data-pages=\"13\"><section class=\"fusion-columns columns fusion-columns-1 columns-1\"><article class=\"post fusion-column column col col-lg-12 col-md-12 col-sm-12 fusion-animated\" data-animationType=\"fadeInDown\" data-animationDuration=\"0.6\" data-animationOffset=\"100%\"><div class=\"fusion-flexslider fusion-flexslider-loading flexslider floated-slideshow flexslider-hover-type-zoomout\"><ul class=\"slides\"><li><a href=\"https:\/\/balticwind.eu\/de\/ueberzeichnet-und-ungebaut-was-deutschlands-onshore-auktionen-den-ostseemaerkten-zeigen\/\" aria-label=\"\u00dcberzeichnet und ungebaut: Was Deutschlands Onshore-Auktionen den Ostseem\u00e4rkten zeigen\" class=\"hover-type-zoomout\"><img decoding=\"async\" width=\"200\" height=\"113\" src=\"https:\/\/balticwind.eu\/wp-content\/uploads\/2026\/09\/onshore-wind-turbines-auction-economics-germany-200x113.jpg\" class=\"attachment-fusion-200 size-fusion-200 lazyload\" alt=\"\" srcset=\"data:image\/svg+xml,%3Csvg%20xmlns%3D%27http%3A%2F%2Fwww.w3.org%2F2000%2Fsvg%27%20width%3D%271600%27%20height%3D%27900%27%20viewBox%3D%270%200%201600%20900%27%3E%3Crect%20width%3D%271600%27%20height%3D%27900%27%20fill-opacity%3D%220%22%2F%3E%3C%2Fsvg%3E\" data-orig-src=\"https:\/\/balticwind.eu\/wp-content\/uploads\/2026\/09\/onshore-wind-turbines-auction-economics-germany-200x113.jpg\" data-srcset=\"https:\/\/balticwind.eu\/wp-content\/uploads\/2026\/09\/onshore-wind-turbines-auction-economics-germany-200x113.jpg 200w, https:\/\/balticwind.eu\/wp-content\/uploads\/2026\/09\/onshore-wind-turbines-auction-economics-germany-300x169.jpg 300w, https:\/\/balticwind.eu\/wp-content\/uploads\/2026\/09\/onshore-wind-turbines-auction-economics-germany-400x225.jpg 400w, https:\/\/balticwind.eu\/wp-content\/uploads\/2026\/09\/onshore-wind-turbines-auction-economics-germany-600x338.jpg 600w, https:\/\/balticwind.eu\/wp-content\/uploads\/2026\/09\/onshore-wind-turbines-auction-economics-germany-768x432.jpg 768w, https:\/\/balticwind.eu\/wp-content\/uploads\/2026\/09\/onshore-wind-turbines-auction-economics-germany-800x450.jpg 800w, https:\/\/balticwind.eu\/wp-content\/uploads\/2026\/09\/onshore-wind-turbines-auction-economics-germany-1024x576.jpg 1024w, https:\/\/balticwind.eu\/wp-content\/uploads\/2026\/09\/onshore-wind-turbines-auction-economics-germany-1200x675.jpg 1200w, https:\/\/balticwind.eu\/wp-content\/uploads\/2026\/09\/onshore-wind-turbines-auction-economics-germany-1536x864.jpg 1536w, https:\/\/balticwind.eu\/wp-content\/uploads\/2026\/09\/onshore-wind-turbines-auction-economics-germany.jpg 1600w\" data-sizes=\"auto\" \/><\/a><\/li><\/ul><\/div><div class=\"recent-posts-content\"><h4 class=\"entry-title\"><a style=\"color: #1f2a3b !important;\" href=\"https:\/\/balticwind.eu\/de\/ueberzeichnet-und-ungebaut-was-deutschlands-onshore-auktionen-den-ostseemaerkten-zeigen\/\">\u00dcberzeichnet und ungebaut: Was Deutschlands Onshore-Auktionen den Ostseem\u00e4rkten zeigen<\/a><\/h4><p class=\"meta\"><a href=\"https:\/\/balticwind.eu\/de\/category\/editors-choice-de\/\" rel=\"category tag\">Auswahl der Redaktion<\/a>, <a href=\"https:\/\/balticwind.eu\/de\/category\/deutschland\/\" rel=\"category tag\">Deutschland<\/a>, <a href=\"https:\/\/balticwind.eu\/de\/category\/onshore-wind-aktuell\/\" rel=\"category tag\">Onshore-Wind Aktuell<\/a>, <a href=\"https:\/\/balticwind.eu\/de\/category\/regulierung\/\" rel=\"category tag\">Regulierung<\/a><span class=\"fusion-inline-sep\">|<\/span><\/p><\/div><\/article><article class=\"post fusion-column column col col-lg-12 col-md-12 col-sm-12 fusion-animated\" data-animationType=\"fadeInDown\" data-animationDuration=\"0.6\" data-animationOffset=\"100%\"><div class=\"fusion-flexslider fusion-flexslider-loading flexslider floated-slideshow flexslider-hover-type-zoomout\"><ul class=\"slides\"><li><a href=\"https:\/\/balticwind.eu\/de\/vierzehn-transformatoren-erreichen-baltica-2-baustelle-nach-sechsmonatigem-schwertransport\/\" aria-label=\"Vierzehn Transformatoren erreichen Baltica-2-Baustelle nach sechsmonatigem Schwertransport\" class=\"hover-type-zoomout\"><img decoding=\"async\" width=\"200\" height=\"113\" src=\"https:\/\/balticwind.eu\/wp-content\/uploads\/2026\/09\/power-transformers-substation-baltica-2-poland-200x113.jpg\" class=\"attachment-fusion-200 size-fusion-200 lazyload\" alt=\"\" srcset=\"data:image\/svg+xml,%3Csvg%20xmlns%3D%27http%3A%2F%2Fwww.w3.org%2F2000%2Fsvg%27%20width%3D%271600%27%20height%3D%27900%27%20viewBox%3D%270%200%201600%20900%27%3E%3Crect%20width%3D%271600%27%20height%3D%27900%27%20fill-opacity%3D%220%22%2F%3E%3C%2Fsvg%3E\" data-orig-src=\"https:\/\/balticwind.eu\/wp-content\/uploads\/2026\/09\/power-transformers-substation-baltica-2-poland-200x113.jpg\" data-srcset=\"https:\/\/balticwind.eu\/wp-content\/uploads\/2026\/09\/power-transformers-substation-baltica-2-poland-200x113.jpg 200w, https:\/\/balticwind.eu\/wp-content\/uploads\/2026\/09\/power-transformers-substation-baltica-2-poland-300x169.jpg 300w, https:\/\/balticwind.eu\/wp-content\/uploads\/2026\/09\/power-transformers-substation-baltica-2-poland-400x225.jpg 400w, https:\/\/balticwind.eu\/wp-content\/uploads\/2026\/09\/power-transformers-substation-baltica-2-poland-600x338.jpg 600w, https:\/\/balticwind.eu\/wp-content\/uploads\/2026\/09\/power-transformers-substation-baltica-2-poland-768x432.jpg 768w, https:\/\/balticwind.eu\/wp-content\/uploads\/2026\/09\/power-transformers-substation-baltica-2-poland-800x450.jpg 800w, https:\/\/balticwind.eu\/wp-content\/uploads\/2026\/09\/power-transformers-substation-baltica-2-poland-1024x576.jpg 1024w, https:\/\/balticwind.eu\/wp-content\/uploads\/2026\/09\/power-transformers-substation-baltica-2-poland-1200x675.jpg 1200w, https:\/\/balticwind.eu\/wp-content\/uploads\/2026\/09\/power-transformers-substation-baltica-2-poland-1536x864.jpg 1536w, https:\/\/balticwind.eu\/wp-content\/uploads\/2026\/09\/power-transformers-substation-baltica-2-poland.jpg 1600w\" data-sizes=\"auto\" \/><\/a><\/li><\/ul><\/div><div class=\"recent-posts-content\"><h4 class=\"entry-title\"><a style=\"color: #1f2a3b !important;\" href=\"https:\/\/balticwind.eu\/de\/vierzehn-transformatoren-erreichen-baltica-2-baustelle-nach-sechsmonatigem-schwertransport\/\">Vierzehn Transformatoren erreichen Baltica-2-Baustelle nach sechsmonatigem Schwertransport<\/a><\/h4><p class=\"meta\"><a href=\"https:\/\/balticwind.eu\/de\/category\/offshore-wind-aktuell\/\" rel=\"category tag\">Offshore-Wind Aktuell<\/a>, <a href=\"https:\/\/balticwind.eu\/de\/category\/polen\/\" rel=\"category tag\">Polen<\/a>, <a href=\"https:\/\/balticwind.eu\/de\/category\/projekte\/\" rel=\"category tag\">Projekte<\/a><span class=\"fusion-inline-sep\">|<\/span><\/p><\/div><\/article><article class=\"post fusion-column column col col-lg-12 col-md-12 col-sm-12 fusion-animated\" data-animationType=\"fadeInDown\" data-animationDuration=\"0.6\" data-animationOffset=\"100%\"><div class=\"fusion-flexslider fusion-flexslider-loading flexslider floated-slideshow flexslider-hover-type-zoomout\"><ul class=\"slides\"><li><a href=\"https:\/\/balticwind.eu\/de\/europa-auf-rekordkurs-88-gw-windkraft-im-ersten-halbjahr-2026-installiert\/\" aria-label=\"Europa auf Rekordkurs: 8,8 GW Windkraft im ersten Halbjahr 2026 installiert\" class=\"hover-type-zoomout\"><img decoding=\"async\" width=\"200\" height=\"113\" src=\"https:\/\/balticwind.eu\/wp-content\/uploads\/2026\/09\/wind-farm-germany-europe-record-installations-2026-200x113.jpg\" class=\"attachment-fusion-200 size-fusion-200 lazyload\" alt=\"\" srcset=\"data:image\/svg+xml,%3Csvg%20xmlns%3D%27http%3A%2F%2Fwww.w3.org%2F2000%2Fsvg%27%20width%3D%271600%27%20height%3D%27900%27%20viewBox%3D%270%200%201600%20900%27%3E%3Crect%20width%3D%271600%27%20height%3D%27900%27%20fill-opacity%3D%220%22%2F%3E%3C%2Fsvg%3E\" data-orig-src=\"https:\/\/balticwind.eu\/wp-content\/uploads\/2026\/09\/wind-farm-germany-europe-record-installations-2026-200x113.jpg\" data-srcset=\"https:\/\/balticwind.eu\/wp-content\/uploads\/2026\/09\/wind-farm-germany-europe-record-installations-2026-200x113.jpg 200w, https:\/\/balticwind.eu\/wp-content\/uploads\/2026\/09\/wind-farm-germany-europe-record-installations-2026-300x169.jpg 300w, https:\/\/balticwind.eu\/wp-content\/uploads\/2026\/09\/wind-farm-germany-europe-record-installations-2026-400x225.jpg 400w, https:\/\/balticwind.eu\/wp-content\/uploads\/2026\/09\/wind-farm-germany-europe-record-installations-2026-600x338.jpg 600w, https:\/\/balticwind.eu\/wp-content\/uploads\/2026\/09\/wind-farm-germany-europe-record-installations-2026-768x432.jpg 768w, https:\/\/balticwind.eu\/wp-content\/uploads\/2026\/09\/wind-farm-germany-europe-record-installations-2026-800x450.jpg 800w, https:\/\/balticwind.eu\/wp-content\/uploads\/2026\/09\/wind-farm-germany-europe-record-installations-2026-1024x576.jpg 1024w, https:\/\/balticwind.eu\/wp-content\/uploads\/2026\/09\/wind-farm-germany-europe-record-installations-2026-1200x675.jpg 1200w, https:\/\/balticwind.eu\/wp-content\/uploads\/2026\/09\/wind-farm-germany-europe-record-installations-2026-1536x864.jpg 1536w, https:\/\/balticwind.eu\/wp-content\/uploads\/2026\/09\/wind-farm-germany-europe-record-installations-2026.jpg 1600w\" data-sizes=\"auto\" \/><\/a><\/li><\/ul><\/div><div class=\"recent-posts-content\"><h4 class=\"entry-title\"><a style=\"color: #1f2a3b !important;\" href=\"https:\/\/balticwind.eu\/de\/europa-auf-rekordkurs-88-gw-windkraft-im-ersten-halbjahr-2026-installiert\/\">Europa auf Rekordkurs: 8,8 GW Windkraft im ersten Halbjahr 2026 installiert<\/a><\/h4><p class=\"meta\"><a href=\"https:\/\/balticwind.eu\/de\/category\/onshore-wind-aktuell\/\" rel=\"category tag\">Onshore-Wind Aktuell<\/a>, <a href=\"https:\/\/balticwind.eu\/de\/category\/regulierung\/\" rel=\"category tag\">Regulierung<\/a>, <a href=\"https:\/\/balticwind.eu\/de\/category\/top-news-de\/\" rel=\"category tag\">Top News<\/a><span class=\"fusion-inline-sep\">|<\/span><\/p><\/div><\/article><article class=\"post fusion-column column col col-lg-12 col-md-12 col-sm-12 fusion-animated\" data-animationType=\"fadeInDown\" data-animationDuration=\"0.6\" data-animationOffset=\"100%\"><div class=\"fusion-flexslider fusion-flexslider-loading flexslider floated-slideshow flexslider-hover-type-zoomout\"><ul class=\"slides\"><li><a href=\"https:\/\/balticwind.eu\/de\/onshore-wind-kostet-82-cent-die-genehmigung-kostet-weiter-jahre\/\" aria-label=\"Onshore-Wind kostet 8,2 Cent. Die Genehmigung kostet weiter Jahre\" class=\"hover-type-zoomout\"><img decoding=\"async\" width=\"200\" height=\"113\" src=\"https:\/\/balticwind.eu\/wp-content\/uploads\/2026\/09\/onshore-wind-turbines-permitting-poland-germany-200x113.jpg\" class=\"attachment-fusion-200 size-fusion-200 lazyload\" alt=\"\" srcset=\"data:image\/svg+xml,%3Csvg%20xmlns%3D%27http%3A%2F%2Fwww.w3.org%2F2000%2Fsvg%27%20width%3D%271600%27%20height%3D%27900%27%20viewBox%3D%270%200%201600%20900%27%3E%3Crect%20width%3D%271600%27%20height%3D%27900%27%20fill-opacity%3D%220%22%2F%3E%3C%2Fsvg%3E\" data-orig-src=\"https:\/\/balticwind.eu\/wp-content\/uploads\/2026\/09\/onshore-wind-turbines-permitting-poland-germany-200x113.jpg\" data-srcset=\"https:\/\/balticwind.eu\/wp-content\/uploads\/2026\/09\/onshore-wind-turbines-permitting-poland-germany-200x113.jpg 200w, https:\/\/balticwind.eu\/wp-content\/uploads\/2026\/09\/onshore-wind-turbines-permitting-poland-germany-300x169.jpg 300w, https:\/\/balticwind.eu\/wp-content\/uploads\/2026\/09\/onshore-wind-turbines-permitting-poland-germany-400x225.jpg 400w, https:\/\/balticwind.eu\/wp-content\/uploads\/2026\/09\/onshore-wind-turbines-permitting-poland-germany-600x338.jpg 600w, https:\/\/balticwind.eu\/wp-content\/uploads\/2026\/09\/onshore-wind-turbines-permitting-poland-germany-768x432.jpg 768w, https:\/\/balticwind.eu\/wp-content\/uploads\/2026\/09\/onshore-wind-turbines-permitting-poland-germany-800x450.jpg 800w, https:\/\/balticwind.eu\/wp-content\/uploads\/2026\/09\/onshore-wind-turbines-permitting-poland-germany-1024x576.jpg 1024w, https:\/\/balticwind.eu\/wp-content\/uploads\/2026\/09\/onshore-wind-turbines-permitting-poland-germany-1200x675.jpg 1200w, https:\/\/balticwind.eu\/wp-content\/uploads\/2026\/09\/onshore-wind-turbines-permitting-poland-germany-1536x864.jpg 1536w, https:\/\/balticwind.eu\/wp-content\/uploads\/2026\/09\/onshore-wind-turbines-permitting-poland-germany.jpg 1600w\" data-sizes=\"auto\" \/><\/a><\/li><\/ul><\/div><div class=\"recent-posts-content\"><h4 class=\"entry-title\"><a style=\"color: #1f2a3b !important;\" href=\"https:\/\/balticwind.eu\/de\/onshore-wind-kostet-82-cent-die-genehmigung-kostet-weiter-jahre\/\">Onshore-Wind kostet 8,2 Cent. Die Genehmigung kostet weiter Jahre<\/a><\/h4><p class=\"meta\"><a href=\"https:\/\/balticwind.eu\/de\/category\/editors-choice-de\/\" rel=\"category tag\">Auswahl der Redaktion<\/a>, <a href=\"https:\/\/balticwind.eu\/de\/category\/deutschland\/\" rel=\"category tag\">Deutschland<\/a>, <a href=\"https:\/\/balticwind.eu\/de\/category\/onshore-wind-aktuell\/\" rel=\"category tag\">Onshore-Wind Aktuell<\/a>, <a href=\"https:\/\/balticwind.eu\/de\/category\/polen\/\" rel=\"category tag\">Polen<\/a><span class=\"fusion-inline-sep\">|<\/span><\/p><\/div><\/article><article class=\"post fusion-column column col col-lg-12 col-md-12 col-sm-12 fusion-animated\" data-animationType=\"fadeInDown\" data-animationDuration=\"0.6\" data-animationOffset=\"100%\"><div class=\"fusion-flexslider fusion-flexslider-loading flexslider floated-slideshow flexslider-hover-type-zoomout\"><ul class=\"slides\"><li><a href=\"https:\/\/balticwind.eu\/de\/subsea-cable-assets-startet-karussellvermietung-mit-4-000-und-6-000-tonnen-systemen\/\" aria-label=\"Subsea Cable Assets startet Karussellvermietung mit 4.000- und 6.000-Tonnen-Systemen\" class=\"hover-type-zoomout\"><img decoding=\"async\" width=\"200\" height=\"113\" src=\"https:\/\/balticwind.eu\/wp-content\/uploads\/2026\/09\/subsea-cable-carousel-offshore-wind-supply-chain-200x113.jpg\" class=\"attachment-fusion-200 size-fusion-200 lazyload\" alt=\"\" srcset=\"data:image\/svg+xml,%3Csvg%20xmlns%3D%27http%3A%2F%2Fwww.w3.org%2F2000%2Fsvg%27%20width%3D%271600%27%20height%3D%27900%27%20viewBox%3D%270%200%201600%20900%27%3E%3Crect%20width%3D%271600%27%20height%3D%27900%27%20fill-opacity%3D%220%22%2F%3E%3C%2Fsvg%3E\" data-orig-src=\"https:\/\/balticwind.eu\/wp-content\/uploads\/2026\/09\/subsea-cable-carousel-offshore-wind-supply-chain-200x113.jpg\" data-srcset=\"https:\/\/balticwind.eu\/wp-content\/uploads\/2026\/09\/subsea-cable-carousel-offshore-wind-supply-chain-200x113.jpg 200w, https:\/\/balticwind.eu\/wp-content\/uploads\/2026\/09\/subsea-cable-carousel-offshore-wind-supply-chain-300x169.jpg 300w, https:\/\/balticwind.eu\/wp-content\/uploads\/2026\/09\/subsea-cable-carousel-offshore-wind-supply-chain-400x225.jpg 400w, https:\/\/balticwind.eu\/wp-content\/uploads\/2026\/09\/subsea-cable-carousel-offshore-wind-supply-chain-600x338.jpg 600w, https:\/\/balticwind.eu\/wp-content\/uploads\/2026\/09\/subsea-cable-carousel-offshore-wind-supply-chain-768x432.jpg 768w, https:\/\/balticwind.eu\/wp-content\/uploads\/2026\/09\/subsea-cable-carousel-offshore-wind-supply-chain-800x450.jpg 800w, https:\/\/balticwind.eu\/wp-content\/uploads\/2026\/09\/subsea-cable-carousel-offshore-wind-supply-chain-1024x576.jpg 1024w, https:\/\/balticwind.eu\/wp-content\/uploads\/2026\/09\/subsea-cable-carousel-offshore-wind-supply-chain-1200x675.jpg 1200w, https:\/\/balticwind.eu\/wp-content\/uploads\/2026\/09\/subsea-cable-carousel-offshore-wind-supply-chain-1536x864.jpg 1536w, https:\/\/balticwind.eu\/wp-content\/uploads\/2026\/09\/subsea-cable-carousel-offshore-wind-supply-chain.jpg 1600w\" data-sizes=\"auto\" \/><\/a><\/li><\/ul><\/div><div class=\"recent-posts-content\"><h4 class=\"entry-title\"><a style=\"color: #1f2a3b !important;\" href=\"https:\/\/balticwind.eu\/de\/subsea-cable-assets-startet-karussellvermietung-mit-4-000-und-6-000-tonnen-systemen\/\">Subsea Cable Assets startet Karussellvermietung mit 4.000- und 6.000-Tonnen-Systemen<\/a><\/h4><p class=\"meta\"><a href=\"https:\/\/balticwind.eu\/de\/category\/offshore-wind-aktuell\/\" rel=\"category tag\">Offshore-Wind Aktuell<\/a>, <a href=\"https:\/\/balticwind.eu\/de\/category\/technologie\/\" rel=\"category tag\">Technologie<\/a><span class=\"fusion-inline-sep\">|<\/span><\/p><\/div><\/article><article class=\"post fusion-column column col col-lg-12 col-md-12 col-sm-12 fusion-animated\" data-animationType=\"fadeInDown\" data-animationDuration=\"0.6\" data-animationOffset=\"100%\"><div class=\"fusion-flexslider fusion-flexslider-loading flexslider floated-slideshow flexslider-hover-type-zoomout\"><ul class=\"slides\"><li><a href=\"https:\/\/balticwind.eu\/de\/warum-die-naechsten-megawatt-der-onshore-windkraft-an-bereits-bestehenden-standorten-entstehen\/\" aria-label=\"Warum die n\u00e4chsten Megawatt der Onshore-Windkraft an bereits bestehenden Standorten entstehen\" class=\"hover-type-zoomout\"><img decoding=\"async\" width=\"200\" height=\"113\" src=\"https:\/\/balticwind.eu\/wp-content\/uploads\/2026\/08\/onshore-wind-farm-repowering-existing-site-200x113.jpg\" class=\"attachment-fusion-200 size-fusion-200 lazyload\" alt=\"\" srcset=\"data:image\/svg+xml,%3Csvg%20xmlns%3D%27http%3A%2F%2Fwww.w3.org%2F2000%2Fsvg%27%20width%3D%271600%27%20height%3D%27900%27%20viewBox%3D%270%200%201600%20900%27%3E%3Crect%20width%3D%271600%27%20height%3D%27900%27%20fill-opacity%3D%220%22%2F%3E%3C%2Fsvg%3E\" data-orig-src=\"https:\/\/balticwind.eu\/wp-content\/uploads\/2026\/08\/onshore-wind-farm-repowering-existing-site-200x113.jpg\" data-srcset=\"https:\/\/balticwind.eu\/wp-content\/uploads\/2026\/08\/onshore-wind-farm-repowering-existing-site-200x113.jpg 200w, https:\/\/balticwind.eu\/wp-content\/uploads\/2026\/08\/onshore-wind-farm-repowering-existing-site-300x169.jpg 300w, https:\/\/balticwind.eu\/wp-content\/uploads\/2026\/08\/onshore-wind-farm-repowering-existing-site-400x225.jpg 400w, https:\/\/balticwind.eu\/wp-content\/uploads\/2026\/08\/onshore-wind-farm-repowering-existing-site-600x338.jpg 600w, https:\/\/balticwind.eu\/wp-content\/uploads\/2026\/08\/onshore-wind-farm-repowering-existing-site-768x432.jpg 768w, https:\/\/balticwind.eu\/wp-content\/uploads\/2026\/08\/onshore-wind-farm-repowering-existing-site-800x450.jpg 800w, https:\/\/balticwind.eu\/wp-content\/uploads\/2026\/08\/onshore-wind-farm-repowering-existing-site-1024x576.jpg 1024w, https:\/\/balticwind.eu\/wp-content\/uploads\/2026\/08\/onshore-wind-farm-repowering-existing-site-1200x675.jpg 1200w, https:\/\/balticwind.eu\/wp-content\/uploads\/2026\/08\/onshore-wind-farm-repowering-existing-site-1536x864.jpg 1536w, https:\/\/balticwind.eu\/wp-content\/uploads\/2026\/08\/onshore-wind-farm-repowering-existing-site.jpg 1600w\" data-sizes=\"auto\" \/><\/a><\/li><\/ul><\/div><div class=\"recent-posts-content\"><h4 class=\"entry-title\"><a style=\"color: #1f2a3b !important;\" href=\"https:\/\/balticwind.eu\/de\/warum-die-naechsten-megawatt-der-onshore-windkraft-an-bereits-bestehenden-standorten-entstehen\/\">Warum die n\u00e4chsten Megawatt der Onshore-Windkraft an bereits bestehenden Standorten entstehen<\/a><\/h4><p class=\"meta\"><a href=\"https:\/\/balticwind.eu\/de\/category\/editors-choice-de\/\" rel=\"category tag\">Auswahl der Redaktion<\/a>, <a href=\"https:\/\/balticwind.eu\/de\/category\/deutschland\/\" rel=\"category tag\">Deutschland<\/a>, <a href=\"https:\/\/balticwind.eu\/de\/category\/onshore-wind-aktuell\/\" rel=\"category tag\">Onshore-Wind Aktuell<\/a>, <a href=\"https:\/\/balticwind.eu\/de\/category\/polen\/\" rel=\"category tag\">Polen<\/a>, <a href=\"https:\/\/balticwind.eu\/de\/category\/schweden\/\" rel=\"category tag\">Schweden<\/a><span class=\"fusion-inline-sep\">|<\/span><\/p><\/div><\/article><article class=\"post fusion-column column col col-lg-12 col-md-12 col-sm-12 fusion-animated\" data-animationType=\"fadeInDown\" data-animationDuration=\"0.6\" data-animationOffset=\"100%\"><div class=\"fusion-flexslider fusion-flexslider-loading flexslider floated-slideshow flexslider-hover-type-zoomout\"><ul class=\"slides\"><li><a href=\"https:\/\/balticwind.eu\/de\/esvagt-serviceschiff-erhaelt-bewegungsprognose-radar-fuer-sicherere-turbinenuebergaenge\/\" aria-label=\"ESVAGT-Serviceschiff erh\u00e4lt Bewegungsprognose-Radar f\u00fcr sicherere Turbinen\u00fcberg\u00e4nge\" class=\"hover-type-zoomout\"><img decoding=\"async\" width=\"200\" height=\"113\" src=\"https:\/\/balticwind.eu\/wp-content\/uploads\/2026\/08\/offshore-wind-service-vessel-turbines-north-sea-200x113.jpg\" class=\"attachment-fusion-200 size-fusion-200 lazyload\" alt=\"\" srcset=\"data:image\/svg+xml,%3Csvg%20xmlns%3D%27http%3A%2F%2Fwww.w3.org%2F2000%2Fsvg%27%20width%3D%271600%27%20height%3D%27900%27%20viewBox%3D%270%200%201600%20900%27%3E%3Crect%20width%3D%271600%27%20height%3D%27900%27%20fill-opacity%3D%220%22%2F%3E%3C%2Fsvg%3E\" data-orig-src=\"https:\/\/balticwind.eu\/wp-content\/uploads\/2026\/08\/offshore-wind-service-vessel-turbines-north-sea-200x113.jpg\" data-srcset=\"https:\/\/balticwind.eu\/wp-content\/uploads\/2026\/08\/offshore-wind-service-vessel-turbines-north-sea-200x113.jpg 200w, https:\/\/balticwind.eu\/wp-content\/uploads\/2026\/08\/offshore-wind-service-vessel-turbines-north-sea-300x169.jpg 300w, https:\/\/balticwind.eu\/wp-content\/uploads\/2026\/08\/offshore-wind-service-vessel-turbines-north-sea-400x225.jpg 400w, https:\/\/balticwind.eu\/wp-content\/uploads\/2026\/08\/offshore-wind-service-vessel-turbines-north-sea-600x338.jpg 600w, https:\/\/balticwind.eu\/wp-content\/uploads\/2026\/08\/offshore-wind-service-vessel-turbines-north-sea-768x432.jpg 768w, https:\/\/balticwind.eu\/wp-content\/uploads\/2026\/08\/offshore-wind-service-vessel-turbines-north-sea-800x450.jpg 800w, https:\/\/balticwind.eu\/wp-content\/uploads\/2026\/08\/offshore-wind-service-vessel-turbines-north-sea-1024x576.jpg 1024w, https:\/\/balticwind.eu\/wp-content\/uploads\/2026\/08\/offshore-wind-service-vessel-turbines-north-sea-1200x675.jpg 1200w, https:\/\/balticwind.eu\/wp-content\/uploads\/2026\/08\/offshore-wind-service-vessel-turbines-north-sea-1536x864.jpg 1536w, https:\/\/balticwind.eu\/wp-content\/uploads\/2026\/08\/offshore-wind-service-vessel-turbines-north-sea.jpg 1600w\" data-sizes=\"auto\" \/><\/a><\/li><\/ul><\/div><div class=\"recent-posts-content\"><h4 class=\"entry-title\"><a style=\"color: #1f2a3b !important;\" href=\"https:\/\/balticwind.eu\/de\/esvagt-serviceschiff-erhaelt-bewegungsprognose-radar-fuer-sicherere-turbinenuebergaenge\/\">ESVAGT-Serviceschiff erh\u00e4lt Bewegungsprognose-Radar f\u00fcr sicherere Turbinen\u00fcberg\u00e4nge<\/a><\/h4><p class=\"meta\"><a href=\"https:\/\/balticwind.eu\/de\/category\/daenemark\/\" rel=\"category tag\">D\u00e4nemark<\/a>, <a href=\"https:\/\/balticwind.eu\/de\/category\/offshore-wind-aktuell\/\" rel=\"category tag\">Offshore-Wind Aktuell<\/a>, <a href=\"https:\/\/balticwind.eu\/de\/category\/technologie\/\" rel=\"category tag\">Technologie<\/a><span class=\"fusion-inline-sep\">|<\/span><\/p><\/div><\/article><article class=\"post fusion-column column col col-lg-12 col-md-12 col-sm-12 fusion-animated\" data-animationType=\"fadeInDown\" data-animationDuration=\"0.6\" data-animationOffset=\"100%\"><div class=\"fusion-flexslider fusion-flexslider-loading flexslider floated-slideshow flexslider-hover-type-zoomout\"><ul class=\"slides\"><li><a href=\"https:\/\/balticwind.eu\/de\/perigus-energy-uebernimmt-genehmigtes-21-mw-windprojekt-olpe-rehringhausen-von-abo-energy\/\" aria-label=\"Perigus Energy \u00fcbernimmt genehmigtes 21-MW-Windprojekt Olpe-Rehringhausen von ABO Energy\" class=\"hover-type-zoomout\"><img decoding=\"async\" width=\"200\" height=\"133\" src=\"https:\/\/balticwind.eu\/wp-content\/uploads\/2026\/08\/perigus-energy-wind-turbine-olpe-rehringhausen-200x133.jpg\" class=\"attachment-fusion-200 size-fusion-200 lazyload\" alt=\"\" srcset=\"data:image\/svg+xml,%3Csvg%20xmlns%3D%27http%3A%2F%2Fwww.w3.org%2F2000%2Fsvg%27%20width%3D%272048%27%20height%3D%271364%27%20viewBox%3D%270%200%202048%201364%27%3E%3Crect%20width%3D%272048%27%20height%3D%271364%27%20fill-opacity%3D%220%22%2F%3E%3C%2Fsvg%3E\" data-orig-src=\"https:\/\/balticwind.eu\/wp-content\/uploads\/2026\/08\/perigus-energy-wind-turbine-olpe-rehringhausen-200x133.jpg\" data-srcset=\"https:\/\/balticwind.eu\/wp-content\/uploads\/2026\/08\/perigus-energy-wind-turbine-olpe-rehringhausen-200x133.jpg 200w, https:\/\/balticwind.eu\/wp-content\/uploads\/2026\/08\/perigus-energy-wind-turbine-olpe-rehringhausen-300x200.jpg 300w, https:\/\/balticwind.eu\/wp-content\/uploads\/2026\/08\/perigus-energy-wind-turbine-olpe-rehringhausen-400x266.jpg 400w, https:\/\/balticwind.eu\/wp-content\/uploads\/2026\/08\/perigus-energy-wind-turbine-olpe-rehringhausen-600x400.jpg 600w, https:\/\/balticwind.eu\/wp-content\/uploads\/2026\/08\/perigus-energy-wind-turbine-olpe-rehringhausen-768x512.jpg 768w, https:\/\/balticwind.eu\/wp-content\/uploads\/2026\/08\/perigus-energy-wind-turbine-olpe-rehringhausen-800x533.jpg 800w, https:\/\/balticwind.eu\/wp-content\/uploads\/2026\/08\/perigus-energy-wind-turbine-olpe-rehringhausen-1024x682.jpg 1024w, https:\/\/balticwind.eu\/wp-content\/uploads\/2026\/08\/perigus-energy-wind-turbine-olpe-rehringhausen-1200x799.jpg 1200w, https:\/\/balticwind.eu\/wp-content\/uploads\/2026\/08\/perigus-energy-wind-turbine-olpe-rehringhausen-1536x1023.jpg 1536w\" data-sizes=\"auto\" \/><\/a><\/li><\/ul><\/div><div class=\"recent-posts-content\"><h4 class=\"entry-title\"><a style=\"color: #1f2a3b !important;\" href=\"https:\/\/balticwind.eu\/de\/perigus-energy-uebernimmt-genehmigtes-21-mw-windprojekt-olpe-rehringhausen-von-abo-energy\/\">Perigus Energy \u00fcbernimmt genehmigtes 21-MW-Windprojekt Olpe-Rehringhausen von ABO Energy<\/a><\/h4><p class=\"meta\"><a href=\"https:\/\/balticwind.eu\/de\/category\/deutschland\/\" rel=\"category tag\">Deutschland<\/a>, <a href=\"https:\/\/balticwind.eu\/de\/category\/onshore-wind-aktuell\/\" rel=\"category tag\">Onshore-Wind Aktuell<\/a>, <a href=\"https:\/\/balticwind.eu\/de\/category\/projekte\/\" rel=\"category tag\">Projekte<\/a><span class=\"fusion-inline-sep\">|<\/span><\/p><\/div><\/article><article class=\"post fusion-column column col col-lg-12 col-md-12 col-sm-12 fusion-animated\" data-animationType=\"fadeInDown\" data-animationDuration=\"0.6\" data-animationOffset=\"100%\"><div class=\"fusion-flexslider fusion-flexslider-loading flexslider floated-slideshow flexslider-hover-type-zoomout\"><ul class=\"slides\"><li><a href=\"https:\/\/balticwind.eu\/de\/studie-erneuerbare-energien-stehen-fuer-31-000-arbeitsplaetze-in-der-metropolregion-hamburg\/\" aria-label=\"Studie: Erneuerbare Energien stehen f\u00fcr 31.000 Arbeitspl\u00e4tze in der Metropolregion Hamburg\" class=\"hover-type-zoomout\"><img decoding=\"async\" width=\"200\" height=\"113\" src=\"https:\/\/balticwind.eu\/wp-content\/uploads\/2026\/08\/wind-farm-germany-hamburg-renewables-cluster-200x113.jpg\" class=\"attachment-fusion-200 size-fusion-200 lazyload\" alt=\"\" srcset=\"data:image\/svg+xml,%3Csvg%20xmlns%3D%27http%3A%2F%2Fwww.w3.org%2F2000%2Fsvg%27%20width%3D%271600%27%20height%3D%27900%27%20viewBox%3D%270%200%201600%20900%27%3E%3Crect%20width%3D%271600%27%20height%3D%27900%27%20fill-opacity%3D%220%22%2F%3E%3C%2Fsvg%3E\" data-orig-src=\"https:\/\/balticwind.eu\/wp-content\/uploads\/2026\/08\/wind-farm-germany-hamburg-renewables-cluster-200x113.jpg\" data-srcset=\"https:\/\/balticwind.eu\/wp-content\/uploads\/2026\/08\/wind-farm-germany-hamburg-renewables-cluster-200x113.jpg 200w, https:\/\/balticwind.eu\/wp-content\/uploads\/2026\/08\/wind-farm-germany-hamburg-renewables-cluster-300x169.jpg 300w, https:\/\/balticwind.eu\/wp-content\/uploads\/2026\/08\/wind-farm-germany-hamburg-renewables-cluster-400x225.jpg 400w, https:\/\/balticwind.eu\/wp-content\/uploads\/2026\/08\/wind-farm-germany-hamburg-renewables-cluster-600x338.jpg 600w, https:\/\/balticwind.eu\/wp-content\/uploads\/2026\/08\/wind-farm-germany-hamburg-renewables-cluster-768x432.jpg 768w, https:\/\/balticwind.eu\/wp-content\/uploads\/2026\/08\/wind-farm-germany-hamburg-renewables-cluster-800x450.jpg 800w, https:\/\/balticwind.eu\/wp-content\/uploads\/2026\/08\/wind-farm-germany-hamburg-renewables-cluster-1024x576.jpg 1024w, https:\/\/balticwind.eu\/wp-content\/uploads\/2026\/08\/wind-farm-germany-hamburg-renewables-cluster-1200x675.jpg 1200w, https:\/\/balticwind.eu\/wp-content\/uploads\/2026\/08\/wind-farm-germany-hamburg-renewables-cluster-1536x864.jpg 1536w, https:\/\/balticwind.eu\/wp-content\/uploads\/2026\/08\/wind-farm-germany-hamburg-renewables-cluster.jpg 1600w\" data-sizes=\"auto\" \/><\/a><\/li><\/ul><\/div><div class=\"recent-posts-content\"><h4 class=\"entry-title\"><a style=\"color: #1f2a3b !important;\" href=\"https:\/\/balticwind.eu\/de\/studie-erneuerbare-energien-stehen-fuer-31-000-arbeitsplaetze-in-der-metropolregion-hamburg\/\">Studie: Erneuerbare Energien stehen f\u00fcr 31.000 Arbeitspl\u00e4tze in der Metropolregion Hamburg<\/a><\/h4><p class=\"meta\"><a href=\"https:\/\/balticwind.eu\/de\/category\/deutschland\/\" rel=\"category tag\">Deutschland<\/a>, <a href=\"https:\/\/balticwind.eu\/de\/category\/offshore-wind-aktuell\/\" rel=\"category tag\">Offshore-Wind Aktuell<\/a>, <a href=\"https:\/\/balticwind.eu\/de\/category\/onshore-wind-aktuell\/\" rel=\"category tag\">Onshore-Wind Aktuell<\/a><span class=\"fusion-inline-sep\">|<\/span><\/p><\/div><\/article><article class=\"post fusion-column column col col-lg-12 col-md-12 col-sm-12 fusion-animated\" data-animationType=\"fadeInDown\" data-animationDuration=\"0.6\" data-animationOffset=\"100%\"><div class=\"fusion-flexslider fusion-flexslider-loading flexslider floated-slideshow flexslider-hover-type-zoomout\"><ul class=\"slides\"><li><a href=\"https:\/\/balticwind.eu\/de\/riffmodule-fledermaussensoren-und-moewensender-wie-die-offshore-windkraft-ihre-biodiversitaetsdaten-aufbaut\/\" aria-label=\"Riffmodule, Fledermaussensoren und M\u00f6wensender: Wie die Offshore-Windkraft ihre Biodiversit\u00e4tsdaten aufbaut\" class=\"hover-type-zoomout\"><img decoding=\"async\" width=\"200\" height=\"113\" src=\"https:\/\/balticwind.eu\/wp-content\/uploads\/2026\/08\/offshore-wind-biodiversity-evidence-nature-inclusive-design-baltic-200x113.jpg\" class=\"attachment-fusion-200 size-fusion-200 lazyload\" alt=\"\" srcset=\"data:image\/svg+xml,%3Csvg%20xmlns%3D%27http%3A%2F%2Fwww.w3.org%2F2000%2Fsvg%27%20width%3D%271600%27%20height%3D%27900%27%20viewBox%3D%270%200%201600%20900%27%3E%3Crect%20width%3D%271600%27%20height%3D%27900%27%20fill-opacity%3D%220%22%2F%3E%3C%2Fsvg%3E\" data-orig-src=\"https:\/\/balticwind.eu\/wp-content\/uploads\/2026\/08\/offshore-wind-biodiversity-evidence-nature-inclusive-design-baltic-200x113.jpg\" data-srcset=\"https:\/\/balticwind.eu\/wp-content\/uploads\/2026\/08\/offshore-wind-biodiversity-evidence-nature-inclusive-design-baltic-200x113.jpg 200w, https:\/\/balticwind.eu\/wp-content\/uploads\/2026\/08\/offshore-wind-biodiversity-evidence-nature-inclusive-design-baltic-300x169.jpg 300w, https:\/\/balticwind.eu\/wp-content\/uploads\/2026\/08\/offshore-wind-biodiversity-evidence-nature-inclusive-design-baltic-400x225.jpg 400w, https:\/\/balticwind.eu\/wp-content\/uploads\/2026\/08\/offshore-wind-biodiversity-evidence-nature-inclusive-design-baltic-600x338.jpg 600w, https:\/\/balticwind.eu\/wp-content\/uploads\/2026\/08\/offshore-wind-biodiversity-evidence-nature-inclusive-design-baltic-768x432.jpg 768w, https:\/\/balticwind.eu\/wp-content\/uploads\/2026\/08\/offshore-wind-biodiversity-evidence-nature-inclusive-design-baltic-800x450.jpg 800w, https:\/\/balticwind.eu\/wp-content\/uploads\/2026\/08\/offshore-wind-biodiversity-evidence-nature-inclusive-design-baltic-1024x576.jpg 1024w, https:\/\/balticwind.eu\/wp-content\/uploads\/2026\/08\/offshore-wind-biodiversity-evidence-nature-inclusive-design-baltic-1200x675.jpg 1200w, https:\/\/balticwind.eu\/wp-content\/uploads\/2026\/08\/offshore-wind-biodiversity-evidence-nature-inclusive-design-baltic-1536x864.jpg 1536w, https:\/\/balticwind.eu\/wp-content\/uploads\/2026\/08\/offshore-wind-biodiversity-evidence-nature-inclusive-design-baltic.jpg 1600w\" data-sizes=\"auto\" \/><\/a><\/li><\/ul><\/div><div class=\"recent-posts-content\"><h4 class=\"entry-title\"><a style=\"color: #1f2a3b !important;\" href=\"https:\/\/balticwind.eu\/de\/riffmodule-fledermaussensoren-und-moewensender-wie-die-offshore-windkraft-ihre-biodiversitaetsdaten-aufbaut\/\">Riffmodule, Fledermaussensoren und M\u00f6wensender: Wie die Offshore-Windkraft ihre Biodiversit\u00e4tsdaten aufbaut<\/a><\/h4><p class=\"meta\"><a href=\"https:\/\/balticwind.eu\/de\/category\/editors-choice-de\/\" rel=\"category tag\">Auswahl der Redaktion<\/a>, <a href=\"https:\/\/balticwind.eu\/de\/category\/finnland\/\" rel=\"category tag\">Finnland<\/a>, <a href=\"https:\/\/balticwind.eu\/de\/category\/lettland\/\" rel=\"category tag\">Lettland<\/a>, <a href=\"https:\/\/balticwind.eu\/de\/category\/offshore-wind-aktuell\/\" rel=\"category tag\">Offshore-Wind Aktuell<\/a>, <a href=\"https:\/\/balticwind.eu\/de\/category\/technologie\/\" rel=\"category tag\">Technologie<\/a><span class=\"fusion-inline-sep\">|<\/span><\/p><\/div><\/article><article class=\"post fusion-column column col col-lg-12 col-md-12 col-sm-12 fusion-animated\" data-animationType=\"fadeInDown\" data-animationDuration=\"0.6\" data-animationOffset=\"100%\"><div class=\"fusion-flexslider fusion-flexslider-loading flexslider floated-slideshow flexslider-hover-type-zoomout\"><ul class=\"slides\"><li><a href=\"https:\/\/balticwind.eu\/de\/capcora-fuehrt-verkauf-des-32-gw-projektportfolios-von-sowitec\/\" aria-label=\"Capcora f\u00fchrt Verkauf des 32-GW-Projektportfolios von SOWITEC\" class=\"hover-type-zoomout\"><img decoding=\"async\" width=\"200\" height=\"200\" src=\"https:\/\/balticwind.eu\/wp-content\/uploads\/2026\/08\/capcora-mandated-sale-sowitec-wind-project-portfolio-200x200.jpg\" class=\"attachment-fusion-200 size-fusion-200 lazyload\" alt=\"\" srcset=\"data:image\/svg+xml,%3Csvg%20xmlns%3D%27http%3A%2F%2Fwww.w3.org%2F2000%2Fsvg%27%20width%3D%272048%27%20height%3D%272048%27%20viewBox%3D%270%200%202048%202048%27%3E%3Crect%20width%3D%272048%27%20height%3D%272048%27%20fill-opacity%3D%220%22%2F%3E%3C%2Fsvg%3E\" data-orig-src=\"https:\/\/balticwind.eu\/wp-content\/uploads\/2026\/08\/capcora-mandated-sale-sowitec-wind-project-portfolio-200x200.jpg\" data-srcset=\"https:\/\/balticwind.eu\/wp-content\/uploads\/2026\/08\/capcora-mandated-sale-sowitec-wind-project-portfolio-24x24.jpg 24w, https:\/\/balticwind.eu\/wp-content\/uploads\/2026\/08\/capcora-mandated-sale-sowitec-wind-project-portfolio-48x48.jpg 48w, https:\/\/balticwind.eu\/wp-content\/uploads\/2026\/08\/capcora-mandated-sale-sowitec-wind-project-portfolio-66x66.jpg 66w, https:\/\/balticwind.eu\/wp-content\/uploads\/2026\/08\/capcora-mandated-sale-sowitec-wind-project-portfolio-96x96.jpg 96w, https:\/\/balticwind.eu\/wp-content\/uploads\/2026\/08\/capcora-mandated-sale-sowitec-wind-project-portfolio-150x150.jpg 150w, https:\/\/balticwind.eu\/wp-content\/uploads\/2026\/08\/capcora-mandated-sale-sowitec-wind-project-portfolio-200x200.jpg 200w, https:\/\/balticwind.eu\/wp-content\/uploads\/2026\/08\/capcora-mandated-sale-sowitec-wind-project-portfolio-300x300.jpg 300w, https:\/\/balticwind.eu\/wp-content\/uploads\/2026\/08\/capcora-mandated-sale-sowitec-wind-project-portfolio-400x400.jpg 400w, https:\/\/balticwind.eu\/wp-content\/uploads\/2026\/08\/capcora-mandated-sale-sowitec-wind-project-portfolio-600x600.jpg 600w, https:\/\/balticwind.eu\/wp-content\/uploads\/2026\/08\/capcora-mandated-sale-sowitec-wind-project-portfolio-768x768.jpg 768w, https:\/\/balticwind.eu\/wp-content\/uploads\/2026\/08\/capcora-mandated-sale-sowitec-wind-project-portfolio-800x800.jpg 800w, https:\/\/balticwind.eu\/wp-content\/uploads\/2026\/08\/capcora-mandated-sale-sowitec-wind-project-portfolio-1024x1024.jpg 1024w, https:\/\/balticwind.eu\/wp-content\/uploads\/2026\/08\/capcora-mandated-sale-sowitec-wind-project-portfolio-1200x1200.jpg 1200w, https:\/\/balticwind.eu\/wp-content\/uploads\/2026\/08\/capcora-mandated-sale-sowitec-wind-project-portfolio-1536x1536.jpg 1536w\" data-sizes=\"auto\" \/><\/a><\/li><\/ul><\/div><div class=\"recent-posts-content\"><h4 class=\"entry-title\"><a style=\"color: #1f2a3b !important;\" href=\"https:\/\/balticwind.eu\/de\/capcora-fuehrt-verkauf-des-32-gw-projektportfolios-von-sowitec\/\">Capcora f\u00fchrt Verkauf des 32-GW-Projektportfolios von SOWITEC<\/a><\/h4><p class=\"meta\"><a href=\"https:\/\/balticwind.eu\/de\/category\/deutschland\/\" rel=\"category tag\">Deutschland<\/a>, <a href=\"https:\/\/balticwind.eu\/de\/category\/onshore-wind-aktuell\/\" rel=\"category tag\">Onshore-Wind Aktuell<\/a>, <a href=\"https:\/\/balticwind.eu\/de\/category\/projekte\/\" rel=\"category tag\">Projekte<\/a><span class=\"fusion-inline-sep\">|<\/span><\/p><\/div><\/article><article class=\"post fusion-column column col col-lg-12 col-md-12 col-sm-12 fusion-animated\" data-animationType=\"fadeInDown\" data-animationDuration=\"0.6\" data-animationOffset=\"100%\"><div class=\"fusion-flexslider fusion-flexslider-loading flexslider floated-slideshow flexslider-hover-type-zoomout\"><ul class=\"slides\"><li><a href=\"https:\/\/balticwind.eu\/de\/swinoujscie-und-szczecin-wie-westpommern-zur-industriebasis-der-polnischen-offshore-windkraft-wurde\/\" aria-label=\"\u015awinouj\u015bcie und Szczecin: Wie Westpommern zur Industriebasis der polnischen Offshore-Windkraft wurde\" class=\"hover-type-zoomout\"><img decoding=\"async\" width=\"200\" height=\"113\" src=\"https:\/\/balticwind.eu\/wp-content\/uploads\/2026\/08\/west-pomerania-poland-offshore-wind-industrial-base-200x113.jpg\" class=\"attachment-fusion-200 size-fusion-200 lazyload\" alt=\"\" srcset=\"data:image\/svg+xml,%3Csvg%20xmlns%3D%27http%3A%2F%2Fwww.w3.org%2F2000%2Fsvg%27%20width%3D%271600%27%20height%3D%27900%27%20viewBox%3D%270%200%201600%20900%27%3E%3Crect%20width%3D%271600%27%20height%3D%27900%27%20fill-opacity%3D%220%22%2F%3E%3C%2Fsvg%3E\" data-orig-src=\"https:\/\/balticwind.eu\/wp-content\/uploads\/2026\/08\/west-pomerania-poland-offshore-wind-industrial-base-200x113.jpg\" data-srcset=\"https:\/\/balticwind.eu\/wp-content\/uploads\/2026\/08\/west-pomerania-poland-offshore-wind-industrial-base-200x113.jpg 200w, https:\/\/balticwind.eu\/wp-content\/uploads\/2026\/08\/west-pomerania-poland-offshore-wind-industrial-base-300x169.jpg 300w, https:\/\/balticwind.eu\/wp-content\/uploads\/2026\/08\/west-pomerania-poland-offshore-wind-industrial-base-400x225.jpg 400w, https:\/\/balticwind.eu\/wp-content\/uploads\/2026\/08\/west-pomerania-poland-offshore-wind-industrial-base-600x338.jpg 600w, https:\/\/balticwind.eu\/wp-content\/uploads\/2026\/08\/west-pomerania-poland-offshore-wind-industrial-base-768x432.jpg 768w, https:\/\/balticwind.eu\/wp-content\/uploads\/2026\/08\/west-pomerania-poland-offshore-wind-industrial-base-800x450.jpg 800w, https:\/\/balticwind.eu\/wp-content\/uploads\/2026\/08\/west-pomerania-poland-offshore-wind-industrial-base-1024x576.jpg 1024w, https:\/\/balticwind.eu\/wp-content\/uploads\/2026\/08\/west-pomerania-poland-offshore-wind-industrial-base-1200x675.jpg 1200w, https:\/\/balticwind.eu\/wp-content\/uploads\/2026\/08\/west-pomerania-poland-offshore-wind-industrial-base-1536x864.jpg 1536w, https:\/\/balticwind.eu\/wp-content\/uploads\/2026\/08\/west-pomerania-poland-offshore-wind-industrial-base.jpg 1600w\" data-sizes=\"auto\" \/><\/a><\/li><\/ul><\/div><div class=\"recent-posts-content\"><h4 class=\"entry-title\"><a style=\"color: #1f2a3b !important;\" href=\"https:\/\/balticwind.eu\/de\/swinoujscie-und-szczecin-wie-westpommern-zur-industriebasis-der-polnischen-offshore-windkraft-wurde\/\">\u015awinouj\u015bcie und Szczecin: Wie Westpommern zur Industriebasis der polnischen Offshore-Windkraft wurde<\/a><\/h4><p class=\"meta\"><a href=\"https:\/\/balticwind.eu\/de\/category\/editors-choice-de\/\" rel=\"category tag\">Auswahl der Redaktion<\/a>, <a href=\"https:\/\/balticwind.eu\/de\/category\/offshore-wind-aktuell\/\" rel=\"category tag\">Offshore-Wind Aktuell<\/a>, <a href=\"https:\/\/balticwind.eu\/de\/category\/polen\/\" rel=\"category tag\">Polen<\/a>, <a href=\"https:\/\/balticwind.eu\/de\/category\/projekte\/\" rel=\"category tag\">Projekte<\/a><span class=\"fusion-inline-sep\">|<\/span><\/p><\/div><\/article><article class=\"post fusion-column column col col-lg-12 col-md-12 col-sm-12 fusion-animated\" data-animationType=\"fadeInDown\" data-animationDuration=\"0.6\" data-animationOffset=\"100%\"><div class=\"fusion-flexslider fusion-flexslider-loading flexslider floated-slideshow flexslider-hover-type-zoomout\"><ul class=\"slides\"><li><a href=\"https:\/\/balticwind.eu\/de\/electrum-betreut-in-polen-mehr-als-4-gw-erneuerbare-erzeugungsleistung\/\" aria-label=\"Electrum betreut in Polen mehr als 4 GW erneuerbare Erzeugungsleistung\" class=\"hover-type-zoomout\"><img decoding=\"async\" width=\"200\" height=\"113\" src=\"https:\/\/balticwind.eu\/wp-content\/uploads\/2026\/08\/onshore-wind-farm-poland-operations-maintenance-200x113.jpg\" class=\"attachment-fusion-200 size-fusion-200 lazyload\" alt=\"\" srcset=\"data:image\/svg+xml,%3Csvg%20xmlns%3D%27http%3A%2F%2Fwww.w3.org%2F2000%2Fsvg%27%20width%3D%271600%27%20height%3D%27900%27%20viewBox%3D%270%200%201600%20900%27%3E%3Crect%20width%3D%271600%27%20height%3D%27900%27%20fill-opacity%3D%220%22%2F%3E%3C%2Fsvg%3E\" data-orig-src=\"https:\/\/balticwind.eu\/wp-content\/uploads\/2026\/08\/onshore-wind-farm-poland-operations-maintenance-200x113.jpg\" data-srcset=\"https:\/\/balticwind.eu\/wp-content\/uploads\/2026\/08\/onshore-wind-farm-poland-operations-maintenance-200x113.jpg 200w, https:\/\/balticwind.eu\/wp-content\/uploads\/2026\/08\/onshore-wind-farm-poland-operations-maintenance-300x169.jpg 300w, https:\/\/balticwind.eu\/wp-content\/uploads\/2026\/08\/onshore-wind-farm-poland-operations-maintenance-400x225.jpg 400w, https:\/\/balticwind.eu\/wp-content\/uploads\/2026\/08\/onshore-wind-farm-poland-operations-maintenance-600x338.jpg 600w, https:\/\/balticwind.eu\/wp-content\/uploads\/2026\/08\/onshore-wind-farm-poland-operations-maintenance-768x432.jpg 768w, https:\/\/balticwind.eu\/wp-content\/uploads\/2026\/08\/onshore-wind-farm-poland-operations-maintenance-800x450.jpg 800w, https:\/\/balticwind.eu\/wp-content\/uploads\/2026\/08\/onshore-wind-farm-poland-operations-maintenance-1024x576.jpg 1024w, https:\/\/balticwind.eu\/wp-content\/uploads\/2026\/08\/onshore-wind-farm-poland-operations-maintenance-1200x675.jpg 1200w, https:\/\/balticwind.eu\/wp-content\/uploads\/2026\/08\/onshore-wind-farm-poland-operations-maintenance-1536x864.jpg 1536w, https:\/\/balticwind.eu\/wp-content\/uploads\/2026\/08\/onshore-wind-farm-poland-operations-maintenance.jpg 1600w\" data-sizes=\"auto\" \/><\/a><\/li><\/ul><\/div><div class=\"recent-posts-content\"><h4 class=\"entry-title\"><a style=\"color: #1f2a3b !important;\" href=\"https:\/\/balticwind.eu\/de\/electrum-betreut-in-polen-mehr-als-4-gw-erneuerbare-erzeugungsleistung\/\">Electrum betreut in Polen mehr als 4 GW erneuerbare Erzeugungsleistung<\/a><\/h4><p class=\"meta\"><a href=\"https:\/\/balticwind.eu\/de\/category\/onshore-wind-aktuell\/\" rel=\"category tag\">Onshore-Wind Aktuell<\/a>, <a href=\"https:\/\/balticwind.eu\/de\/category\/polen\/\" rel=\"category tag\">Polen<\/a><span class=\"fusion-inline-sep\">|<\/span><\/p><\/div><\/article><article class=\"post fusion-column column col col-lg-12 col-md-12 col-sm-12 fusion-animated\" data-animationType=\"fadeInDown\" data-animationDuration=\"0.6\" data-animationOffset=\"100%\"><div class=\"fusion-flexslider fusion-flexslider-loading flexslider floated-slideshow flexslider-hover-type-zoomout\"><ul class=\"slides\"><li><a href=\"https:\/\/balticwind.eu\/de\/von-der-baustelle-zur-daueraufgabe-was-die-betriebsphase-von-baltic-power-fuer-leba-bedeutet\/\" aria-label=\"Von der Baustelle zur Daueraufgabe: Was die Betriebsphase von Baltic Power f\u00fcr \u0141eba bedeutet\" class=\"hover-type-zoomout\"><img decoding=\"async\" width=\"200\" height=\"113\" src=\"https:\/\/balticwind.eu\/wp-content\/uploads\/2026\/08\/baltic-power-offshore-wind-service-vessel-leba-200x113.jpg\" class=\"attachment-fusion-200 size-fusion-200 lazyload\" alt=\"\" srcset=\"data:image\/svg+xml,%3Csvg%20xmlns%3D%27http%3A%2F%2Fwww.w3.org%2F2000%2Fsvg%27%20width%3D%271600%27%20height%3D%27900%27%20viewBox%3D%270%200%201600%20900%27%3E%3Crect%20width%3D%271600%27%20height%3D%27900%27%20fill-opacity%3D%220%22%2F%3E%3C%2Fsvg%3E\" data-orig-src=\"https:\/\/balticwind.eu\/wp-content\/uploads\/2026\/08\/baltic-power-offshore-wind-service-vessel-leba-200x113.jpg\" data-srcset=\"https:\/\/balticwind.eu\/wp-content\/uploads\/2026\/08\/baltic-power-offshore-wind-service-vessel-leba-200x113.jpg 200w, https:\/\/balticwind.eu\/wp-content\/uploads\/2026\/08\/baltic-power-offshore-wind-service-vessel-leba-300x169.jpg 300w, https:\/\/balticwind.eu\/wp-content\/uploads\/2026\/08\/baltic-power-offshore-wind-service-vessel-leba-400x225.jpg 400w, https:\/\/balticwind.eu\/wp-content\/uploads\/2026\/08\/baltic-power-offshore-wind-service-vessel-leba-600x338.jpg 600w, https:\/\/balticwind.eu\/wp-content\/uploads\/2026\/08\/baltic-power-offshore-wind-service-vessel-leba-768x432.jpg 768w, https:\/\/balticwind.eu\/wp-content\/uploads\/2026\/08\/baltic-power-offshore-wind-service-vessel-leba-800x450.jpg 800w, https:\/\/balticwind.eu\/wp-content\/uploads\/2026\/08\/baltic-power-offshore-wind-service-vessel-leba-1024x576.jpg 1024w, https:\/\/balticwind.eu\/wp-content\/uploads\/2026\/08\/baltic-power-offshore-wind-service-vessel-leba-1200x675.jpg 1200w, https:\/\/balticwind.eu\/wp-content\/uploads\/2026\/08\/baltic-power-offshore-wind-service-vessel-leba-1536x864.jpg 1536w, https:\/\/balticwind.eu\/wp-content\/uploads\/2026\/08\/baltic-power-offshore-wind-service-vessel-leba.jpg 1600w\" data-sizes=\"auto\" \/><\/a><\/li><\/ul><\/div><div class=\"recent-posts-content\"><h4 class=\"entry-title\"><a style=\"color: #1f2a3b !important;\" href=\"https:\/\/balticwind.eu\/de\/von-der-baustelle-zur-daueraufgabe-was-die-betriebsphase-von-baltic-power-fuer-leba-bedeutet\/\">Von der Baustelle zur Daueraufgabe: Was die Betriebsphase von Baltic Power f\u00fcr \u0141eba bedeutet<\/a><\/h4><p class=\"meta\"><a href=\"https:\/\/balticwind.eu\/de\/category\/editors-choice-de\/\" rel=\"category tag\">Auswahl der Redaktion<\/a>, <a href=\"https:\/\/balticwind.eu\/de\/category\/offshore-wind-aktuell\/\" rel=\"category tag\">Offshore-Wind Aktuell<\/a>, <a href=\"https:\/\/balticwind.eu\/de\/category\/polen\/\" rel=\"category tag\">Polen<\/a>, <a href=\"https:\/\/balticwind.eu\/de\/category\/projekte\/\" rel=\"category tag\">Projekte<\/a><span class=\"fusion-inline-sep\">|<\/span><\/p><\/div><\/article><article class=\"post fusion-column column col col-lg-12 col-md-12 col-sm-12 fusion-animated\" data-animationType=\"fadeInDown\" data-animationDuration=\"0.6\" data-animationOffset=\"100%\"><div class=\"fusion-flexslider fusion-flexslider-loading flexslider floated-slideshow flexslider-hover-type-zoomout\"><ul class=\"slides\"><li><a href=\"https:\/\/balticwind.eu\/de\/deutsche-windguard-ueberschreitet-ein-gigawatt-in-der-technischen-betriebsfuehrung\/\" aria-label=\"Deutsche WindGuard \u00fcberschreitet ein Gigawatt in der technischen Betriebsf\u00fchrung\" class=\"hover-type-zoomout\"><img decoding=\"async\" width=\"200\" height=\"133\" src=\"https:\/\/balticwind.eu\/wp-content\/uploads\/2026\/08\/deutsche-windguard-one-gigawatt-technical-operations-management-200x133.jpg\" class=\"attachment-fusion-200 size-fusion-200 lazyload\" alt=\"\" srcset=\"data:image\/svg+xml,%3Csvg%20xmlns%3D%27http%3A%2F%2Fwww.w3.org%2F2000%2Fsvg%27%20width%3D%272048%27%20height%3D%271365%27%20viewBox%3D%270%200%202048%201365%27%3E%3Crect%20width%3D%272048%27%20height%3D%271365%27%20fill-opacity%3D%220%22%2F%3E%3C%2Fsvg%3E\" data-orig-src=\"https:\/\/balticwind.eu\/wp-content\/uploads\/2026\/08\/deutsche-windguard-one-gigawatt-technical-operations-management-200x133.jpg\" data-srcset=\"https:\/\/balticwind.eu\/wp-content\/uploads\/2026\/08\/deutsche-windguard-one-gigawatt-technical-operations-management-200x133.jpg 200w, https:\/\/balticwind.eu\/wp-content\/uploads\/2026\/08\/deutsche-windguard-one-gigawatt-technical-operations-management-300x200.jpg 300w, https:\/\/balticwind.eu\/wp-content\/uploads\/2026\/08\/deutsche-windguard-one-gigawatt-technical-operations-management-400x267.jpg 400w, https:\/\/balticwind.eu\/wp-content\/uploads\/2026\/08\/deutsche-windguard-one-gigawatt-technical-operations-management-600x400.jpg 600w, https:\/\/balticwind.eu\/wp-content\/uploads\/2026\/08\/deutsche-windguard-one-gigawatt-technical-operations-management-768x512.jpg 768w, https:\/\/balticwind.eu\/wp-content\/uploads\/2026\/08\/deutsche-windguard-one-gigawatt-technical-operations-management-800x533.jpg 800w, https:\/\/balticwind.eu\/wp-content\/uploads\/2026\/08\/deutsche-windguard-one-gigawatt-technical-operations-management-1024x683.jpg 1024w, https:\/\/balticwind.eu\/wp-content\/uploads\/2026\/08\/deutsche-windguard-one-gigawatt-technical-operations-management-1200x800.jpg 1200w, https:\/\/balticwind.eu\/wp-content\/uploads\/2026\/08\/deutsche-windguard-one-gigawatt-technical-operations-management-1536x1024.jpg 1536w\" data-sizes=\"auto\" \/><\/a><\/li><\/ul><\/div><div class=\"recent-posts-content\"><h4 class=\"entry-title\"><a style=\"color: #1f2a3b !important;\" href=\"https:\/\/balticwind.eu\/de\/deutsche-windguard-ueberschreitet-ein-gigawatt-in-der-technischen-betriebsfuehrung\/\">Deutsche WindGuard \u00fcberschreitet ein Gigawatt in der technischen Betriebsf\u00fchrung<\/a><\/h4><p class=\"meta\"><a href=\"https:\/\/balticwind.eu\/de\/category\/deutschland\/\" rel=\"category tag\">Deutschland<\/a>, <a href=\"https:\/\/balticwind.eu\/de\/category\/onshore-wind-aktuell\/\" rel=\"category tag\">Onshore-Wind Aktuell<\/a>, <a href=\"https:\/\/balticwind.eu\/de\/category\/technologie\/\" rel=\"category tag\">Technologie<\/a><span class=\"fusion-inline-sep\">|<\/span><\/p><\/div><\/article><\/section><div class=\"fusion-infinite-scroll-trigger\"><\/div><div class=\"pagination infinite-scroll clearfix\" style=\"display:none;\"><span class=\"current\">1<\/span><a href=\"https:\/\/balticwind.eu\/de\/wp-json\/wp\/v2\/pages\/47680\/page\/2\/\" class=\"inactive\">2<\/a><a class=\"pagination-next\" rel=\"next\" href=\"https:\/\/balticwind.eu\/de\/wp-json\/wp\/v2\/pages\/47680\/page\/2\/\"><span class=\"page-text\">Next<\/span><span class=\"page-next\"><\/span><\/a><\/div><div class=\"fusion-clearfix\"><\/div><button class=\"fusion-load-more-button fusion-blog-button fusion-clearfix\">Load More Posts<\/button><\/div><\/div><style type=\"text\/css\">.fusion-body .fusion-builder-column-3{width:100% !important;margin-top : 0px;margin-bottom : 20px;}.fusion-builder-column-3 > .fusion-column-wrapper {padding-top : 0px !important;padding-right : 0px !important;margin-right : 1.92%;padding-bottom : 0px !important;padding-left : 0px !important;margin-left : 1.92%;}@media only screen and (max-width:1024px) {.fusion-body .fusion-builder-column-3{width:100% !important;order : 0;}.fusion-builder-column-3 > .fusion-column-wrapper {margin-right : 1.92%;margin-left : 1.92%;}}@media only screen and (max-width:640px) {.fusion-body .fusion-builder-column-3{width:100% !important;order : 0;}.fusion-builder-column-3 > .fusion-column-wrapper {margin-right : 1.92%;margin-left : 1.92%;}}<\/style><\/div><\/div><style type=\"text\/css\">.fusion-body .fusion-flex-container.fusion-builder-row-4{ padding-top : 0px;margin-top : 0px;padding-right : 0px;padding-bottom : 0px;margin-bottom : 0px;padding-left : 0px;}<\/style><\/div><div class=\"fusion-fullwidth fullwidth-box fusion-builder-row-5 fusion-flex-container nonhundred-percent-fullwidth non-hundred-percent-height-scrolling fusion-no-small-visibility fusion-no-medium-visibility\" style=\"background-color: #ffffff;background-position: center center;background-repeat: no-repeat;border-width: 0px 0px 0px 0px;border-color:#eaeaea;border-style:solid;\" ><div class=\"fusion-builder-row fusion-row fusion-flex-align-items-flex-start\" style=\"max-width:1289.6px;margin-left: calc(-4% \/ 2 );margin-right: calc(-4% \/ 2 );\"><div class=\"fusion-layout-column fusion_builder_column fusion-builder-column-4 fusion_builder_column_1_1 1_1 fusion-flex-column\"><div class=\"fusion-column-wrapper fusion-flex-justify-content-flex-start fusion-content-layout-column\" style=\"background-position:left top;background-repeat:no-repeat;-webkit-background-size:cover;-moz-background-size:cover;-o-background-size:cover;background-size:cover;padding: 0px 0px 0px 0px;\"><div class=\"fusion-builder-row fusion-builder-row-inner fusion-row fusion-flex-align-items-flex-start\" style=\"width:104% !important;max-width:104% !important;margin-left: calc(-4% \/ 2 );margin-right: calc(-4% \/ 2 );\"><div class=\"fusion-layout-column fusion_builder_column_inner fusion-builder-nested-column-0 fusion_builder_column_inner_2_3 2_3 fusion-flex-column\"><div class=\"fusion-column-wrapper fusion-flex-justify-content-flex-start fusion-content-layout-column\" style=\"background-position:left top;background-repeat:no-repeat;-webkit-background-size:cover;-moz-background-size:cover;-o-background-size:cover;background-size:cover;padding: 0px 0px 0px 0px;\"><div class=\"fusion-separator fusion-full-width-sep\" style=\"align-self: center;margin-left: auto;margin-right: auto;margin-bottom:10px;width:100%;max-width:100%;\"><div class=\"fusion-separator-border sep-single sep-solid\" style=\"border-color:#1f2a3b;border-top-width:12px;\"><\/div><\/div><style type=\"text\/css\">@media only screen and (max-width:1024px) {.fusion-title.fusion-title-3{margin-top:-15px!important; margin-right:0px!important;margin-bottom:20px!important;margin-left:0px!important;}}@media only screen and (max-width:640px) {.fusion-title.fusion-title-3{margin-top:0px!important; margin-right:0px!important;margin-bottom:20px!important; margin-left:0px!important;}}<\/style><div class=\"fusion-title title fusion-title-3 fusion-title-text fusion-title-size-five\" style=\"margin-top:-15px;margin-right:0px;margin-bottom:20px;margin-left:0px;\"><div class=\"title-sep-container title-sep-container-left fusion-no-large-visibility fusion-no-medium-visibility fusion-no-small-visibility\"><div class=\"title-sep sep-\" style=\"border-color:#eaeaea;\"><\/div><\/div><h5 class=\"title-heading-left fusion-responsive-typography-calculated\" style=\"margin:0;--fontSize:17;line-height:1.76;\"><h5 style=\"text-align: left; text-transform: uppercase;\">aKTUELLES<\/h5><\/h5><div class=\"title-sep-container title-sep-container-right\"><div class=\"title-sep sep-\" style=\"border-color:#eaeaea;\"><\/div><\/div><\/div><div class=\"fusion-blog-shortcode fusion-blog-shortcode-2 fusion-blog-archive fusion-blog-layout-medium-alternate fusion-blog-infinite\"><div class=\"fusion-posts-container fusion-posts-container-infinite fusion-posts-container-load-more\" data-pages=\"8\"><article id=\"blog-2-post-48199\" class=\"fusion-post-medium-alternate post-48199 post type-post status-publish format-standard has-post-thumbnail hentry category-deutschland category-onshore-wind-aktuell category-regulierung\">\n<div class=\"fusion-date-and-formats\"><div class=\"fusion-date-box updated\"><span class=\"fusion-date\">3<\/span><span class=\"fusion-month-year\">09, 2026<\/span><\/div><div class=\"fusion-format-box\"><i class=\"fusion-icon-pen\" aria-hidden=\"true\"><\/i><\/div><\/div>\t<style type=\"text\/css\">\n\t\t\n\t\t\n\t\t\n\t\t\n\t\t\t<\/style>\n\n\n\t\t\t<div class=\"fusion-flexslider flexslider fusion-flexslider-loading fusion-post-slideshow\" style=\"\">\n\t\t<ul class=\"slides\">\n\t\t\t\n\t\t\t\t\t\t\t\t\t\t\t\t\t\t<li>\n\n<div  class=\"fusion-image-wrapper fusion-image-size-fixed\" aria-haspopup=\"true\">\n\t\n\t\n\t\t\t\n\t\t\t\t<a href=\"https:\/\/balticwind.eu\/de\/fuenf-jahre-von-der-genehmigung-bis-zur-ersten-kilowattstunde-energiequelle-nimmt-42-mw-anlage-in-krummensee-in-betrieb\/\" aria-label=\"F\u00fcnf Jahre von der Genehmigung bis zur ersten Kilowattstunde: Energiequelle nimmt 4,2-MW-Anlage in Krummensee in Betrieb\">\n\t\t\n\t\t\n\t\t\t\t\t<img decoding=\"async\" width=\"320\" height=\"202\" src=\"https:\/\/balticwind.eu\/wp-content\/uploads\/2026\/09\/energiequelle-enercon-turbine-krummensee-brandenburg-320x202.jpg\" class=\"attachment-blog-medium size-blog-medium lazyload wp-post-image\" alt=\"\" srcset=\"data:image\/svg+xml,%3Csvg%20xmlns%3D%27http%3A%2F%2Fwww.w3.org%2F2000%2Fsvg%27%20width%3D%272560%27%20height%3D%271920%27%20viewBox%3D%270%200%202560%201920%27%3E%3Crect%20width%3D%272560%27%20height%3D%271920%27%20fill-opacity%3D%220%22%2F%3E%3C%2Fsvg%3E\" data-orig-src=\"https:\/\/balticwind.eu\/wp-content\/uploads\/2026\/09\/energiequelle-enercon-turbine-krummensee-brandenburg-320x202.jpg\" data-srcset=\"https:\/\/balticwind.eu\/wp-content\/uploads\/2026\/09\/energiequelle-enercon-turbine-krummensee-brandenburg-320x202.jpg 320w, https:\/\/balticwind.eu\/wp-content\/uploads\/2026\/09\/energiequelle-enercon-turbine-krummensee-brandenburg-700x441.jpg 700w\" data-sizes=\"auto\" \/>\n\t\n\n\n\t\t\t\t<\/a>\n\t\t\n\t\n<\/div>\n<\/li>\n\t\t\t\n\t\t\t\n\t\t\t\t\t\t\t\t\t\t\t\t\t\t\t\t\t\t\t\t\t\t\t\t\t\t\t\t\t\t\t\t\t\t\t\t\t\t\t\t\t\t\t\t\t\t\t\t\t\t\t\t\t\t\t\t\t\t\t\t\t\t\t\t\t\t\t\t<\/ul>\n\t<\/div>\n\t<div class=\"fusion-post-content post-content\"><h2 class=\"blog-shortcode-post-title entry-title\"><a href=\"https:\/\/balticwind.eu\/de\/fuenf-jahre-von-der-genehmigung-bis-zur-ersten-kilowattstunde-energiequelle-nimmt-42-mw-anlage-in-krummensee-in-betrieb\/\">F\u00fcnf Jahre von der Genehmigung bis zur ersten Kilowattstunde: Energiequelle nimmt 4,2-MW-Anlage in Krummensee in Betrieb<\/a><\/h2><p class=\"fusion-single-line-meta\"><a href=\"https:\/\/balticwind.eu\/de\/category\/deutschland\/\" rel=\"category tag\">Deutschland<\/a>, <a href=\"https:\/\/balticwind.eu\/de\/category\/onshore-wind-aktuell\/\" rel=\"category tag\">Onshore-Wind Aktuell<\/a>, <a href=\"https:\/\/balticwind.eu\/de\/category\/regulierung\/\" rel=\"category tag\">Regulierung<\/a><span class=\"fusion-inline-sep\">|<\/span><\/p><div class=\"fusion-post-content-container\"><p>Energiequelle hat in Krummensee in Brandenburg eine 4,2-MW-Anlage von Enercon in Betrieb genommen, f\u00fcnf Jahre nach der Genehmigung und nach einem Rechtsstreit, der die Frist fast hatte auslaufen lassen.<\/p><\/div><\/div><div class=\"fusion-clearfix\"><\/div><\/article>\n<article id=\"blog-2-post-48190\" class=\"fusion-post-medium-alternate post-48190 post type-post status-publish format-standard has-post-thumbnail hentry category-editors-choice-de category-deutschland category-onshore-wind-aktuell category-regulierung\">\n<div class=\"fusion-date-and-formats\"><div class=\"fusion-date-box updated\"><span class=\"fusion-date\">2<\/span><span class=\"fusion-month-year\">09, 2026<\/span><\/div><div class=\"fusion-format-box\"><i class=\"fusion-icon-pen\" aria-hidden=\"true\"><\/i><\/div><\/div>\t<style type=\"text\/css\">\n\t\t\n\t\t\n\t\t\n\t\t\n\t\t\t<\/style>\n\n\n\t\t\t<div class=\"fusion-flexslider flexslider fusion-flexslider-loading fusion-post-slideshow\" style=\"\">\n\t\t<ul class=\"slides\">\n\t\t\t\n\t\t\t\t\t\t\t\t\t\t\t\t\t\t<li>\n\n<div  class=\"fusion-image-wrapper fusion-image-size-fixed\" aria-haspopup=\"true\">\n\t\n\t\n\t\t\t\n\t\t\t\t<a href=\"https:\/\/balticwind.eu\/de\/ueberzeichnet-und-ungebaut-was-deutschlands-onshore-auktionen-den-ostseemaerkten-zeigen\/\" aria-label=\"\u00dcberzeichnet und ungebaut: Was Deutschlands Onshore-Auktionen den Ostseem\u00e4rkten zeigen\">\n\t\t\n\t\t\n\t\t\t\t\t<img decoding=\"async\" width=\"320\" height=\"202\" src=\"https:\/\/balticwind.eu\/wp-content\/uploads\/2026\/09\/onshore-wind-turbines-auction-economics-germany-320x202.jpg\" class=\"attachment-blog-medium size-blog-medium lazyload wp-post-image\" alt=\"\" srcset=\"data:image\/svg+xml,%3Csvg%20xmlns%3D%27http%3A%2F%2Fwww.w3.org%2F2000%2Fsvg%27%20width%3D%271600%27%20height%3D%27900%27%20viewBox%3D%270%200%201600%20900%27%3E%3Crect%20width%3D%271600%27%20height%3D%27900%27%20fill-opacity%3D%220%22%2F%3E%3C%2Fsvg%3E\" data-orig-src=\"https:\/\/balticwind.eu\/wp-content\/uploads\/2026\/09\/onshore-wind-turbines-auction-economics-germany-320x202.jpg\" data-srcset=\"https:\/\/balticwind.eu\/wp-content\/uploads\/2026\/09\/onshore-wind-turbines-auction-economics-germany-320x202.jpg 320w, https:\/\/balticwind.eu\/wp-content\/uploads\/2026\/09\/onshore-wind-turbines-auction-economics-germany-700x441.jpg 700w\" data-sizes=\"auto\" \/>\n\t\n\n\n\t\t\t\t<\/a>\n\t\t\n\t\n<\/div>\n<\/li>\n\t\t\t\n\t\t\t\n\t\t\t\t\t\t\t\t\t\t\t\t\t\t\t\t\t\t\t\t\t\t\t\t\t\t\t\t\t\t\t\t\t\t\t\t\t\t\t\t\t\t\t\t\t\t\t\t\t\t\t\t\t\t\t\t\t\t\t\t\t\t\t\t\t\t\t\t<\/ul>\n\t<\/div>\n\t<div class=\"fusion-post-content post-content\"><h2 class=\"blog-shortcode-post-title entry-title\"><a href=\"https:\/\/balticwind.eu\/de\/ueberzeichnet-und-ungebaut-was-deutschlands-onshore-auktionen-den-ostseemaerkten-zeigen\/\">\u00dcberzeichnet und ungebaut: Was Deutschlands Onshore-Auktionen den Ostseem\u00e4rkten zeigen<\/a><\/h2><p class=\"fusion-single-line-meta\"><a href=\"https:\/\/balticwind.eu\/de\/category\/editors-choice-de\/\" rel=\"category tag\">Auswahl der Redaktion<\/a>, <a href=\"https:\/\/balticwind.eu\/de\/category\/deutschland\/\" rel=\"category tag\">Deutschland<\/a>, <a href=\"https:\/\/balticwind.eu\/de\/category\/onshore-wind-aktuell\/\" rel=\"category tag\">Onshore-Wind Aktuell<\/a>, <a href=\"https:\/\/balticwind.eu\/de\/category\/regulierung\/\" rel=\"category tag\">Regulierung<\/a><span class=\"fusion-inline-sep\">|<\/span><\/p><div class=\"fusion-post-content-container\"><p>Deutschlands Onshore-Auktionen sind 2,6-fach \u00fcberzeichnet und erzielen Rekordtiefstwerte. Die Gewinner eint gesicherte Anlagenlieferung und Netzanschl\u00fcsse \u2014 der eigentliche Engpass liegt zwischen Zuschlag und erstem Fundament.<\/p><\/div><\/div><div class=\"fusion-clearfix\"><\/div><\/article>\n<article id=\"blog-2-post-48184\" class=\"fusion-post-medium-alternate post-48184 post type-post status-publish format-standard has-post-thumbnail hentry category-offshore-wind-aktuell category-polen category-projekte\">\n<div class=\"fusion-date-and-formats\"><div class=\"fusion-date-box updated\"><span class=\"fusion-date\">2<\/span><span class=\"fusion-month-year\">09, 2026<\/span><\/div><div class=\"fusion-format-box\"><i class=\"fusion-icon-pen\" aria-hidden=\"true\"><\/i><\/div><\/div>\t<style type=\"text\/css\">\n\t\t\n\t\t\n\t\t\n\t\t\n\t\t\t<\/style>\n\n\n\t\t\t<div class=\"fusion-flexslider flexslider fusion-flexslider-loading fusion-post-slideshow\" style=\"\">\n\t\t<ul class=\"slides\">\n\t\t\t\n\t\t\t\t\t\t\t\t\t\t\t\t\t\t<li>\n\n<div  class=\"fusion-image-wrapper fusion-image-size-fixed\" aria-haspopup=\"true\">\n\t\n\t\n\t\t\t\n\t\t\t\t<a href=\"https:\/\/balticwind.eu\/de\/vierzehn-transformatoren-erreichen-baltica-2-baustelle-nach-sechsmonatigem-schwertransport\/\" aria-label=\"Vierzehn Transformatoren erreichen Baltica-2-Baustelle nach sechsmonatigem Schwertransport\">\n\t\t\n\t\t\n\t\t\t\t\t<img decoding=\"async\" width=\"320\" height=\"202\" src=\"https:\/\/balticwind.eu\/wp-content\/uploads\/2026\/09\/power-transformers-substation-baltica-2-poland-320x202.jpg\" class=\"attachment-blog-medium size-blog-medium lazyload wp-post-image\" alt=\"\" srcset=\"data:image\/svg+xml,%3Csvg%20xmlns%3D%27http%3A%2F%2Fwww.w3.org%2F2000%2Fsvg%27%20width%3D%271600%27%20height%3D%27900%27%20viewBox%3D%270%200%201600%20900%27%3E%3Crect%20width%3D%271600%27%20height%3D%27900%27%20fill-opacity%3D%220%22%2F%3E%3C%2Fsvg%3E\" data-orig-src=\"https:\/\/balticwind.eu\/wp-content\/uploads\/2026\/09\/power-transformers-substation-baltica-2-poland-320x202.jpg\" data-srcset=\"https:\/\/balticwind.eu\/wp-content\/uploads\/2026\/09\/power-transformers-substation-baltica-2-poland-320x202.jpg 320w, https:\/\/balticwind.eu\/wp-content\/uploads\/2026\/09\/power-transformers-substation-baltica-2-poland-700x441.jpg 700w\" data-sizes=\"auto\" \/>\n\t\n\n\n\t\t\t\t<\/a>\n\t\t\n\t\n<\/div>\n<\/li>\n\t\t\t\n\t\t\t\n\t\t\t\t\t\t\t\t\t\t\t\t\t\t\t\t\t\t\t\t\t\t\t\t\t\t\t\t\t\t\t\t\t\t\t\t\t\t\t\t\t\t\t\t\t\t\t\t\t\t\t\t\t\t\t\t\t\t\t\t\t\t\t\t\t\t\t\t<\/ul>\n\t<\/div>\n\t<div class=\"fusion-post-content post-content\"><h2 class=\"blog-shortcode-post-title entry-title\"><a href=\"https:\/\/balticwind.eu\/de\/vierzehn-transformatoren-erreichen-baltica-2-baustelle-nach-sechsmonatigem-schwertransport\/\">Vierzehn Transformatoren erreichen Baltica-2-Baustelle nach sechsmonatigem Schwertransport<\/a><\/h2><p class=\"fusion-single-line-meta\"><a href=\"https:\/\/balticwind.eu\/de\/category\/offshore-wind-aktuell\/\" rel=\"category tag\">Offshore-Wind Aktuell<\/a>, <a href=\"https:\/\/balticwind.eu\/de\/category\/polen\/\" rel=\"category tag\">Polen<\/a>, <a href=\"https:\/\/balticwind.eu\/de\/category\/projekte\/\" rel=\"category tag\">Projekte<\/a><span class=\"fusion-inline-sep\">|<\/span><\/p><div class=\"fusion-post-content-container\"><p>Die COLI Group hat einen sechsmonatigen Transport von 14 Leistungstransformatoren aus der T\u00fcrkei zur landseitigen Baustelle des polnischen Windparks Baltica 2 abgeschlossen \u2014 mit drei Schiffen, zwei H\u00e4fen und tempor\u00e4ren Br\u00fcckenaufbauten.<\/p><\/div><\/div><div class=\"fusion-clearfix\"><\/div><\/article>\n<article id=\"blog-2-post-48178\" class=\"fusion-post-medium-alternate post-48178 post type-post status-publish format-standard has-post-thumbnail hentry category-onshore-wind-aktuell category-regulierung category-top-news-de\">\n<div class=\"fusion-date-and-formats\"><div class=\"fusion-date-box updated\"><span class=\"fusion-date\">2<\/span><span class=\"fusion-month-year\">09, 2026<\/span><\/div><div class=\"fusion-format-box\"><i class=\"fusion-icon-pen\" aria-hidden=\"true\"><\/i><\/div><\/div>\t<style type=\"text\/css\">\n\t\t\n\t\t\n\t\t\n\t\t\n\t\t\t<\/style>\n\n\n\t\t\t<div class=\"fusion-flexslider flexslider fusion-flexslider-loading fusion-post-slideshow\" style=\"\">\n\t\t<ul class=\"slides\">\n\t\t\t\n\t\t\t\t\t\t\t\t\t\t\t\t\t\t<li>\n\n<div  class=\"fusion-image-wrapper fusion-image-size-fixed\" aria-haspopup=\"true\">\n\t\n\t\n\t\t\t\n\t\t\t\t<a href=\"https:\/\/balticwind.eu\/de\/europa-auf-rekordkurs-88-gw-windkraft-im-ersten-halbjahr-2026-installiert\/\" aria-label=\"Europa auf Rekordkurs: 8,8 GW Windkraft im ersten Halbjahr 2026 installiert\">\n\t\t\n\t\t\n\t\t\t\t\t<img decoding=\"async\" width=\"320\" height=\"202\" src=\"https:\/\/balticwind.eu\/wp-content\/uploads\/2026\/09\/wind-farm-germany-europe-record-installations-2026-320x202.jpg\" class=\"attachment-blog-medium size-blog-medium lazyload wp-post-image\" alt=\"\" srcset=\"data:image\/svg+xml,%3Csvg%20xmlns%3D%27http%3A%2F%2Fwww.w3.org%2F2000%2Fsvg%27%20width%3D%271600%27%20height%3D%27900%27%20viewBox%3D%270%200%201600%20900%27%3E%3Crect%20width%3D%271600%27%20height%3D%27900%27%20fill-opacity%3D%220%22%2F%3E%3C%2Fsvg%3E\" data-orig-src=\"https:\/\/balticwind.eu\/wp-content\/uploads\/2026\/09\/wind-farm-germany-europe-record-installations-2026-320x202.jpg\" data-srcset=\"https:\/\/balticwind.eu\/wp-content\/uploads\/2026\/09\/wind-farm-germany-europe-record-installations-2026-320x202.jpg 320w, https:\/\/balticwind.eu\/wp-content\/uploads\/2026\/09\/wind-farm-germany-europe-record-installations-2026-700x441.jpg 700w\" data-sizes=\"auto\" \/>\n\t\n\n\n\t\t\t\t<\/a>\n\t\t\n\t\n<\/div>\n<\/li>\n\t\t\t\n\t\t\t\n\t\t\t\t\t\t\t\t\t\t\t\t\t\t\t\t\t\t\t\t\t\t\t\t\t\t\t\t\t\t\t\t\t\t\t\t\t\t\t\t\t\t\t\t\t\t\t\t\t\t\t\t\t\t\t\t\t\t\t\t\t\t\t\t\t\t\t\t<\/ul>\n\t<\/div>\n\t<div class=\"fusion-post-content post-content\"><h2 class=\"blog-shortcode-post-title entry-title\"><a href=\"https:\/\/balticwind.eu\/de\/europa-auf-rekordkurs-88-gw-windkraft-im-ersten-halbjahr-2026-installiert\/\">Europa auf Rekordkurs: 8,8 GW Windkraft im ersten Halbjahr 2026 installiert<\/a><\/h2><p class=\"fusion-single-line-meta\"><a href=\"https:\/\/balticwind.eu\/de\/category\/onshore-wind-aktuell\/\" rel=\"category tag\">Onshore-Wind Aktuell<\/a>, <a href=\"https:\/\/balticwind.eu\/de\/category\/regulierung\/\" rel=\"category tag\">Regulierung<\/a>, <a href=\"https:\/\/balticwind.eu\/de\/category\/top-news-de\/\" rel=\"category tag\">Top News<\/a><span class=\"fusion-inline-sep\">|<\/span><\/p><div class=\"fusion-post-content-container\"><p>Europa hat im ersten Halbjahr 2026 8,8 GW neue Windkraftleistung installiert, 30% mehr als ein Jahr zuvor. WindEurope erwartet 24 GW f\u00fcr das Gesamtjahr, warnt aber vor sinkenden Genehmigungszahlen au\u00dferhalb Deutschlands.<\/p><\/div><\/div><div class=\"fusion-clearfix\"><\/div><\/article>\n<article id=\"blog-2-post-48172\" class=\"fusion-post-medium-alternate post-48172 post type-post status-publish format-standard has-post-thumbnail hentry category-editors-choice-de category-deutschland category-onshore-wind-aktuell category-polen\">\n<div class=\"fusion-date-and-formats\"><div class=\"fusion-date-box updated\"><span class=\"fusion-date\">1<\/span><span class=\"fusion-month-year\">09, 2026<\/span><\/div><div class=\"fusion-format-box\"><i class=\"fusion-icon-pen\" aria-hidden=\"true\"><\/i><\/div><\/div>\t<style type=\"text\/css\">\n\t\t\n\t\t\n\t\t\n\t\t\n\t\t\t<\/style>\n\n\n\t\t\t<div class=\"fusion-flexslider flexslider fusion-flexslider-loading fusion-post-slideshow\" style=\"\">\n\t\t<ul class=\"slides\">\n\t\t\t\n\t\t\t\t\t\t\t\t\t\t\t\t\t\t<li>\n\n<div  class=\"fusion-image-wrapper fusion-image-size-fixed\" aria-haspopup=\"true\">\n\t\n\t\n\t\t\t\n\t\t\t\t<a href=\"https:\/\/balticwind.eu\/de\/onshore-wind-kostet-82-cent-die-genehmigung-kostet-weiter-jahre\/\" aria-label=\"Onshore-Wind kostet 8,2 Cent. Die Genehmigung kostet weiter Jahre\">\n\t\t\n\t\t\n\t\t\t\t\t<img decoding=\"async\" width=\"320\" height=\"202\" src=\"https:\/\/balticwind.eu\/wp-content\/uploads\/2026\/09\/onshore-wind-turbines-permitting-poland-germany-320x202.jpg\" class=\"attachment-blog-medium size-blog-medium lazyload wp-post-image\" alt=\"\" srcset=\"data:image\/svg+xml,%3Csvg%20xmlns%3D%27http%3A%2F%2Fwww.w3.org%2F2000%2Fsvg%27%20width%3D%271600%27%20height%3D%27900%27%20viewBox%3D%270%200%201600%20900%27%3E%3Crect%20width%3D%271600%27%20height%3D%27900%27%20fill-opacity%3D%220%22%2F%3E%3C%2Fsvg%3E\" data-orig-src=\"https:\/\/balticwind.eu\/wp-content\/uploads\/2026\/09\/onshore-wind-turbines-permitting-poland-germany-320x202.jpg\" data-srcset=\"https:\/\/balticwind.eu\/wp-content\/uploads\/2026\/09\/onshore-wind-turbines-permitting-poland-germany-320x202.jpg 320w, https:\/\/balticwind.eu\/wp-content\/uploads\/2026\/09\/onshore-wind-turbines-permitting-poland-germany-700x441.jpg 700w\" data-sizes=\"auto\" \/>\n\t\n\n\n\t\t\t\t<\/a>\n\t\t\n\t\n<\/div>\n<\/li>\n\t\t\t\n\t\t\t\n\t\t\t\t\t\t\t\t\t\t\t\t\t\t\t\t\t\t\t\t\t\t\t\t\t\t\t\t\t\t\t\t\t\t\t\t\t\t\t\t\t\t\t\t\t\t\t\t\t\t\t\t\t\t\t\t\t\t\t\t\t\t\t\t\t\t\t\t<\/ul>\n\t<\/div>\n\t<div class=\"fusion-post-content post-content\"><h2 class=\"blog-shortcode-post-title entry-title\"><a href=\"https:\/\/balticwind.eu\/de\/onshore-wind-kostet-82-cent-die-genehmigung-kostet-weiter-jahre\/\">Onshore-Wind kostet 8,2 Cent. Die Genehmigung kostet weiter Jahre<\/a><\/h2><p class=\"fusion-single-line-meta\"><a href=\"https:\/\/balticwind.eu\/de\/category\/editors-choice-de\/\" rel=\"category tag\">Auswahl der Redaktion<\/a>, <a href=\"https:\/\/balticwind.eu\/de\/category\/deutschland\/\" rel=\"category tag\">Deutschland<\/a>, <a href=\"https:\/\/balticwind.eu\/de\/category\/onshore-wind-aktuell\/\" rel=\"category tag\">Onshore-Wind Aktuell<\/a>, <a href=\"https:\/\/balticwind.eu\/de\/category\/polen\/\" rel=\"category tag\">Polen<\/a><span class=\"fusion-inline-sep\">|<\/span><\/p><div class=\"fusion-post-content-container\"><p>Deutsche Zahlen weisen neue Onshore-Windkraft mit 8,2 Cent je kWh aus, gegen\u00fcber Gas zum Drei- bis Vierfachen. Ausschreibungen sind \u00fcberzeichnet, Kapital wartet. Der Engpass liegt bei den Genehmigungen.<\/p><\/div><\/div><div class=\"fusion-clearfix\"><\/div><\/article>\n<article id=\"blog-2-post-48166\" class=\"fusion-post-medium-alternate post-48166 post type-post status-publish format-standard has-post-thumbnail hentry category-offshore-wind-aktuell category-technologie\">\n<div class=\"fusion-date-and-formats\"><div class=\"fusion-date-box updated\"><span class=\"fusion-date\">1<\/span><span class=\"fusion-month-year\">09, 2026<\/span><\/div><div class=\"fusion-format-box\"><i class=\"fusion-icon-pen\" aria-hidden=\"true\"><\/i><\/div><\/div>\t<style type=\"text\/css\">\n\t\t\n\t\t\n\t\t\n\t\t\n\t\t\t<\/style>\n\n\n\t\t\t<div class=\"fusion-flexslider flexslider fusion-flexslider-loading fusion-post-slideshow\" style=\"\">\n\t\t<ul class=\"slides\">\n\t\t\t\n\t\t\t\t\t\t\t\t\t\t\t\t\t\t<li>\n\n<div  class=\"fusion-image-wrapper fusion-image-size-fixed\" aria-haspopup=\"true\">\n\t\n\t\n\t\t\t\n\t\t\t\t<a href=\"https:\/\/balticwind.eu\/de\/subsea-cable-assets-startet-karussellvermietung-mit-4-000-und-6-000-tonnen-systemen\/\" aria-label=\"Subsea Cable Assets startet Karussellvermietung mit 4.000- und 6.000-Tonnen-Systemen\">\n\t\t\n\t\t\n\t\t\t\t\t<img decoding=\"async\" width=\"320\" height=\"202\" src=\"https:\/\/balticwind.eu\/wp-content\/uploads\/2026\/09\/subsea-cable-carousel-offshore-wind-supply-chain-320x202.jpg\" class=\"attachment-blog-medium size-blog-medium lazyload wp-post-image\" alt=\"\" srcset=\"data:image\/svg+xml,%3Csvg%20xmlns%3D%27http%3A%2F%2Fwww.w3.org%2F2000%2Fsvg%27%20width%3D%271600%27%20height%3D%27900%27%20viewBox%3D%270%200%201600%20900%27%3E%3Crect%20width%3D%271600%27%20height%3D%27900%27%20fill-opacity%3D%220%22%2F%3E%3C%2Fsvg%3E\" data-orig-src=\"https:\/\/balticwind.eu\/wp-content\/uploads\/2026\/09\/subsea-cable-carousel-offshore-wind-supply-chain-320x202.jpg\" data-srcset=\"https:\/\/balticwind.eu\/wp-content\/uploads\/2026\/09\/subsea-cable-carousel-offshore-wind-supply-chain-320x202.jpg 320w, https:\/\/balticwind.eu\/wp-content\/uploads\/2026\/09\/subsea-cable-carousel-offshore-wind-supply-chain-700x441.jpg 700w\" data-sizes=\"auto\" \/>\n\t\n\n\n\t\t\t\t<\/a>\n\t\t\n\t\n<\/div>\n<\/li>\n\t\t\t\n\t\t\t\n\t\t\t\t\t\t\t\t\t\t\t\t\t\t\t\t\t\t\t\t\t\t\t\t\t\t\t\t\t\t\t\t\t\t\t\t\t\t\t\t\t\t\t\t\t\t\t\t\t\t\t\t\t\t\t\t\t\t\t\t\t\t\t\t\t\t\t\t<\/ul>\n\t<\/div>\n\t<div class=\"fusion-post-content post-content\"><h2 class=\"blog-shortcode-post-title entry-title\"><a href=\"https:\/\/balticwind.eu\/de\/subsea-cable-assets-startet-karussellvermietung-mit-4-000-und-6-000-tonnen-systemen\/\">Subsea Cable Assets startet Karussellvermietung mit 4.000- und 6.000-Tonnen-Systemen<\/a><\/h2><p class=\"fusion-single-line-meta\"><a href=\"https:\/\/balticwind.eu\/de\/category\/offshore-wind-aktuell\/\" rel=\"category tag\">Offshore-Wind Aktuell<\/a>, <a href=\"https:\/\/balticwind.eu\/de\/category\/technologie\/\" rel=\"category tag\">Technologie<\/a><span class=\"fusion-inline-sep\">|<\/span><\/p><div class=\"fusion-post-content-container\"><p>Subsea Cable Assets vermietet k\u00fcnftig Kabelkarussells. Den Anfang machen Systeme mit 4.000 und 6.000 Tonnen, die bereits an einen europ\u00e4ischen Kunden vergeben sind.<\/p><\/div><\/div><div class=\"fusion-clearfix\"><\/div><\/article>\n<article id=\"blog-2-post-48148\" class=\"fusion-post-medium-alternate post-48148 post type-post status-publish format-standard has-post-thumbnail hentry category-editors-choice-de category-deutschland category-onshore-wind-aktuell category-polen category-schweden\">\n<div class=\"fusion-date-and-formats\"><div class=\"fusion-date-box updated\"><span class=\"fusion-date\">30<\/span><span class=\"fusion-month-year\">08, 2026<\/span><\/div><div class=\"fusion-format-box\"><i class=\"fusion-icon-pen\" aria-hidden=\"true\"><\/i><\/div><\/div>\t<style type=\"text\/css\">\n\t\t\n\t\t\n\t\t\n\t\t\n\t\t\t<\/style>\n\n\n\t\t\t<div class=\"fusion-flexslider flexslider fusion-flexslider-loading fusion-post-slideshow\" style=\"\">\n\t\t<ul class=\"slides\">\n\t\t\t\n\t\t\t\t\t\t\t\t\t\t\t\t\t\t<li>\n\n<div  class=\"fusion-image-wrapper fusion-image-size-fixed\" aria-haspopup=\"true\">\n\t\n\t\n\t\t\t\n\t\t\t\t<a href=\"https:\/\/balticwind.eu\/de\/warum-die-naechsten-megawatt-der-onshore-windkraft-an-bereits-bestehenden-standorten-entstehen\/\" aria-label=\"Warum die n\u00e4chsten Megawatt der Onshore-Windkraft an bereits bestehenden Standorten entstehen\">\n\t\t\n\t\t\n\t\t\t\t\t<img decoding=\"async\" width=\"320\" height=\"202\" src=\"https:\/\/balticwind.eu\/wp-content\/uploads\/2026\/08\/onshore-wind-farm-repowering-existing-site-320x202.jpg\" class=\"attachment-blog-medium size-blog-medium lazyload wp-post-image\" alt=\"\" srcset=\"data:image\/svg+xml,%3Csvg%20xmlns%3D%27http%3A%2F%2Fwww.w3.org%2F2000%2Fsvg%27%20width%3D%271600%27%20height%3D%27900%27%20viewBox%3D%270%200%201600%20900%27%3E%3Crect%20width%3D%271600%27%20height%3D%27900%27%20fill-opacity%3D%220%22%2F%3E%3C%2Fsvg%3E\" data-orig-src=\"https:\/\/balticwind.eu\/wp-content\/uploads\/2026\/08\/onshore-wind-farm-repowering-existing-site-320x202.jpg\" data-srcset=\"https:\/\/balticwind.eu\/wp-content\/uploads\/2026\/08\/onshore-wind-farm-repowering-existing-site-320x202.jpg 320w, https:\/\/balticwind.eu\/wp-content\/uploads\/2026\/08\/onshore-wind-farm-repowering-existing-site-700x441.jpg 700w\" data-sizes=\"auto\" \/>\n\t\n\n\n\t\t\t\t<\/a>\n\t\t\n\t\n<\/div>\n<\/li>\n\t\t\t\n\t\t\t\n\t\t\t\t\t\t\t\t\t\t\t\t\t\t\t\t\t\t\t\t\t\t\t\t\t\t\t\t\t\t\t\t\t\t\t\t\t\t\t\t\t\t\t\t\t\t\t\t\t\t\t\t\t\t\t\t\t\t\t\t\t\t\t\t\t\t\t\t<\/ul>\n\t<\/div>\n\t<div class=\"fusion-post-content post-content\"><h2 class=\"blog-shortcode-post-title entry-title\"><a href=\"https:\/\/balticwind.eu\/de\/warum-die-naechsten-megawatt-der-onshore-windkraft-an-bereits-bestehenden-standorten-entstehen\/\">Warum die n\u00e4chsten Megawatt der Onshore-Windkraft an bereits bestehenden Standorten entstehen<\/a><\/h2><p class=\"fusion-single-line-meta\"><a href=\"https:\/\/balticwind.eu\/de\/category\/editors-choice-de\/\" rel=\"category tag\">Auswahl der Redaktion<\/a>, <a href=\"https:\/\/balticwind.eu\/de\/category\/deutschland\/\" rel=\"category tag\">Deutschland<\/a>, <a href=\"https:\/\/balticwind.eu\/de\/category\/onshore-wind-aktuell\/\" rel=\"category tag\">Onshore-Wind Aktuell<\/a>, <a href=\"https:\/\/balticwind.eu\/de\/category\/polen\/\" rel=\"category tag\">Polen<\/a>, <a href=\"https:\/\/balticwind.eu\/de\/category\/schweden\/\" rel=\"category tag\">Schweden<\/a><span class=\"fusion-inline-sep\">|<\/span><\/p><div class=\"fusion-post-content-container\"><p>Repowering und Lebensdauerverl\u00e4ngerung werden in Deutschland und Nordeuropa zu einem Hauptweg f\u00fcr neue Onshore-Windkapazit\u00e4t, w\u00e4hrend Genehmigungen und Netzengp\u00e4sse den Neubau bremsen.<\/p><\/div><\/div><div class=\"fusion-clearfix\"><\/div><\/article>\n<article id=\"blog-2-post-48127\" class=\"fusion-post-medium-alternate post-48127 post type-post status-publish format-standard has-post-thumbnail hentry category-daenemark category-offshore-wind-aktuell category-technologie\">\n<div class=\"fusion-date-and-formats\"><div class=\"fusion-date-box updated\"><span class=\"fusion-date\">28<\/span><span class=\"fusion-month-year\">08, 2026<\/span><\/div><div class=\"fusion-format-box\"><i class=\"fusion-icon-pen\" aria-hidden=\"true\"><\/i><\/div><\/div>\t<style type=\"text\/css\">\n\t\t\n\t\t\n\t\t\n\t\t\n\t\t\t<\/style>\n\n\n\t\t\t<div class=\"fusion-flexslider flexslider fusion-flexslider-loading fusion-post-slideshow\" style=\"\">\n\t\t<ul class=\"slides\">\n\t\t\t\n\t\t\t\t\t\t\t\t\t\t\t\t\t\t<li>\n\n<div  class=\"fusion-image-wrapper fusion-image-size-fixed\" aria-haspopup=\"true\">\n\t\n\t\n\t\t\t\n\t\t\t\t<a href=\"https:\/\/balticwind.eu\/de\/esvagt-serviceschiff-erhaelt-bewegungsprognose-radar-fuer-sicherere-turbinenuebergaenge\/\" aria-label=\"ESVAGT-Serviceschiff erh\u00e4lt Bewegungsprognose-Radar f\u00fcr sicherere Turbinen\u00fcberg\u00e4nge\">\n\t\t\n\t\t\n\t\t\t\t\t<img decoding=\"async\" width=\"320\" height=\"202\" src=\"https:\/\/balticwind.eu\/wp-content\/uploads\/2026\/08\/offshore-wind-service-vessel-turbines-north-sea-320x202.jpg\" class=\"attachment-blog-medium size-blog-medium lazyload wp-post-image\" alt=\"\" srcset=\"data:image\/svg+xml,%3Csvg%20xmlns%3D%27http%3A%2F%2Fwww.w3.org%2F2000%2Fsvg%27%20width%3D%271600%27%20height%3D%27900%27%20viewBox%3D%270%200%201600%20900%27%3E%3Crect%20width%3D%271600%27%20height%3D%27900%27%20fill-opacity%3D%220%22%2F%3E%3C%2Fsvg%3E\" data-orig-src=\"https:\/\/balticwind.eu\/wp-content\/uploads\/2026\/08\/offshore-wind-service-vessel-turbines-north-sea-320x202.jpg\" data-srcset=\"https:\/\/balticwind.eu\/wp-content\/uploads\/2026\/08\/offshore-wind-service-vessel-turbines-north-sea-320x202.jpg 320w, https:\/\/balticwind.eu\/wp-content\/uploads\/2026\/08\/offshore-wind-service-vessel-turbines-north-sea-700x441.jpg 700w\" data-sizes=\"auto\" \/>\n\t\n\n\n\t\t\t\t<\/a>\n\t\t\n\t\n<\/div>\n<\/li>\n\t\t\t\n\t\t\t\n\t\t\t\t\t\t\t\t\t\t\t\t\t\t\t\t\t\t\t\t\t\t\t\t\t\t\t\t\t\t\t\t\t\t\t\t\t\t\t\t\t\t\t\t\t\t\t\t\t\t\t\t\t\t\t\t\t\t\t\t\t\t\t\t\t\t\t\t<\/ul>\n\t<\/div>\n\t<div class=\"fusion-post-content post-content\"><h2 class=\"blog-shortcode-post-title entry-title\"><a href=\"https:\/\/balticwind.eu\/de\/esvagt-serviceschiff-erhaelt-bewegungsprognose-radar-fuer-sicherere-turbinenuebergaenge\/\">ESVAGT-Serviceschiff erh\u00e4lt Bewegungsprognose-Radar f\u00fcr sicherere Turbinen\u00fcberg\u00e4nge<\/a><\/h2><p class=\"fusion-single-line-meta\"><a href=\"https:\/\/balticwind.eu\/de\/category\/daenemark\/\" rel=\"category tag\">D\u00e4nemark<\/a>, <a href=\"https:\/\/balticwind.eu\/de\/category\/offshore-wind-aktuell\/\" rel=\"category tag\">Offshore-Wind Aktuell<\/a>, <a href=\"https:\/\/balticwind.eu\/de\/category\/technologie\/\" rel=\"category tag\">Technologie<\/a><span class=\"fusion-inline-sep\">|<\/span><\/p><div class=\"fusion-post-content-container\"><p>NextOcean r\u00fcstet die ESVAGT NJORD, ein Servicebetriebsschiff am Offshore-Windpark Dudgeon, mit dem Bewegungsradar WavePredictor aus, um \u00dcbergangsfenster zu erweitern.<\/p><\/div><\/div><div class=\"fusion-clearfix\"><\/div><\/article>\n<article id=\"blog-2-post-48121\" class=\"fusion-post-medium-alternate post-48121 post type-post status-publish format-standard has-post-thumbnail hentry category-deutschland category-onshore-wind-aktuell category-projekte\">\n<div class=\"fusion-date-and-formats\"><div class=\"fusion-date-box updated\"><span class=\"fusion-date\">28<\/span><span class=\"fusion-month-year\">08, 2026<\/span><\/div><div class=\"fusion-format-box\"><i class=\"fusion-icon-pen\" aria-hidden=\"true\"><\/i><\/div><\/div>\t<style type=\"text\/css\">\n\t\t\n\t\t\n\t\t\n\t\t\n\t\t\t<\/style>\n\n\n\t\t\t<div class=\"fusion-flexslider flexslider fusion-flexslider-loading fusion-post-slideshow\" style=\"\">\n\t\t<ul class=\"slides\">\n\t\t\t\n\t\t\t\t\t\t\t\t\t\t\t\t\t\t<li>\n\n<div  class=\"fusion-image-wrapper fusion-image-size-fixed\" aria-haspopup=\"true\">\n\t\n\t\n\t\t\t\n\t\t\t\t<a href=\"https:\/\/balticwind.eu\/de\/perigus-energy-uebernimmt-genehmigtes-21-mw-windprojekt-olpe-rehringhausen-von-abo-energy\/\" aria-label=\"Perigus Energy \u00fcbernimmt genehmigtes 21-MW-Windprojekt Olpe-Rehringhausen von ABO Energy\">\n\t\t\n\t\t\n\t\t\t\t\t<img decoding=\"async\" width=\"320\" height=\"202\" src=\"https:\/\/balticwind.eu\/wp-content\/uploads\/2026\/08\/perigus-energy-wind-turbine-olpe-rehringhausen-320x202.jpg\" class=\"attachment-blog-medium size-blog-medium lazyload wp-post-image\" alt=\"\" srcset=\"data:image\/svg+xml,%3Csvg%20xmlns%3D%27http%3A%2F%2Fwww.w3.org%2F2000%2Fsvg%27%20width%3D%272048%27%20height%3D%271364%27%20viewBox%3D%270%200%202048%201364%27%3E%3Crect%20width%3D%272048%27%20height%3D%271364%27%20fill-opacity%3D%220%22%2F%3E%3C%2Fsvg%3E\" data-orig-src=\"https:\/\/balticwind.eu\/wp-content\/uploads\/2026\/08\/perigus-energy-wind-turbine-olpe-rehringhausen-320x202.jpg\" data-srcset=\"https:\/\/balticwind.eu\/wp-content\/uploads\/2026\/08\/perigus-energy-wind-turbine-olpe-rehringhausen-320x202.jpg 320w, https:\/\/balticwind.eu\/wp-content\/uploads\/2026\/08\/perigus-energy-wind-turbine-olpe-rehringhausen-700x441.jpg 700w\" data-sizes=\"auto\" \/>\n\t\n\n\n\t\t\t\t<\/a>\n\t\t\n\t\n<\/div>\n<\/li>\n\t\t\t\n\t\t\t\n\t\t\t\t\t\t\t\t\t\t\t\t\t\t\t\t\t\t\t\t\t\t\t\t\t\t\t\t\t\t\t\t\t\t\t\t\t\t\t\t\t\t\t\t\t\t\t\t\t\t\t\t\t\t\t\t\t\t\t\t\t\t\t\t\t\t\t\t<\/ul>\n\t<\/div>\n\t<div class=\"fusion-post-content post-content\"><h2 class=\"blog-shortcode-post-title entry-title\"><a href=\"https:\/\/balticwind.eu\/de\/perigus-energy-uebernimmt-genehmigtes-21-mw-windprojekt-olpe-rehringhausen-von-abo-energy\/\">Perigus Energy \u00fcbernimmt genehmigtes 21-MW-Windprojekt Olpe-Rehringhausen von ABO Energy<\/a><\/h2><p class=\"fusion-single-line-meta\"><a href=\"https:\/\/balticwind.eu\/de\/category\/deutschland\/\" rel=\"category tag\">Deutschland<\/a>, <a href=\"https:\/\/balticwind.eu\/de\/category\/onshore-wind-aktuell\/\" rel=\"category tag\">Onshore-Wind Aktuell<\/a>, <a href=\"https:\/\/balticwind.eu\/de\/category\/projekte\/\" rel=\"category tag\">Projekte<\/a><span class=\"fusion-inline-sep\">|<\/span><\/p><div class=\"fusion-post-content-container\"><p>Perigus Energy hat die Rechte am 21-MW-Windpark Olpe-Rehringhausen von ABO Energy erworben. Das Projekt mit drei Anlagen wurde im M\u00e4rz 2026 genehmigt.<\/p><\/div><\/div><div class=\"fusion-clearfix\"><\/div><\/article>\n<article id=\"blog-2-post-48115\" class=\"fusion-post-medium-alternate post-48115 post type-post status-publish format-standard has-post-thumbnail hentry category-deutschland category-offshore-wind-aktuell category-onshore-wind-aktuell\">\n<div class=\"fusion-date-and-formats\"><div class=\"fusion-date-box updated\"><span class=\"fusion-date\">28<\/span><span class=\"fusion-month-year\">08, 2026<\/span><\/div><div class=\"fusion-format-box\"><i class=\"fusion-icon-pen\" aria-hidden=\"true\"><\/i><\/div><\/div>\t<style type=\"text\/css\">\n\t\t\n\t\t\n\t\t\n\t\t\n\t\t\t<\/style>\n\n\n\t\t\t<div class=\"fusion-flexslider flexslider fusion-flexslider-loading fusion-post-slideshow\" style=\"\">\n\t\t<ul class=\"slides\">\n\t\t\t\n\t\t\t\t\t\t\t\t\t\t\t\t\t\t<li>\n\n<div  class=\"fusion-image-wrapper fusion-image-size-fixed\" aria-haspopup=\"true\">\n\t\n\t\n\t\t\t\n\t\t\t\t<a href=\"https:\/\/balticwind.eu\/de\/studie-erneuerbare-energien-stehen-fuer-31-000-arbeitsplaetze-in-der-metropolregion-hamburg\/\" aria-label=\"Studie: Erneuerbare Energien stehen f\u00fcr 31.000 Arbeitspl\u00e4tze in der Metropolregion Hamburg\">\n\t\t\n\t\t\n\t\t\t\t\t<img decoding=\"async\" width=\"320\" height=\"202\" src=\"https:\/\/balticwind.eu\/wp-content\/uploads\/2026\/08\/wind-farm-germany-hamburg-renewables-cluster-320x202.jpg\" class=\"attachment-blog-medium size-blog-medium lazyload wp-post-image\" alt=\"\" srcset=\"data:image\/svg+xml,%3Csvg%20xmlns%3D%27http%3A%2F%2Fwww.w3.org%2F2000%2Fsvg%27%20width%3D%271600%27%20height%3D%27900%27%20viewBox%3D%270%200%201600%20900%27%3E%3Crect%20width%3D%271600%27%20height%3D%27900%27%20fill-opacity%3D%220%22%2F%3E%3C%2Fsvg%3E\" data-orig-src=\"https:\/\/balticwind.eu\/wp-content\/uploads\/2026\/08\/wind-farm-germany-hamburg-renewables-cluster-320x202.jpg\" data-srcset=\"https:\/\/balticwind.eu\/wp-content\/uploads\/2026\/08\/wind-farm-germany-hamburg-renewables-cluster-320x202.jpg 320w, https:\/\/balticwind.eu\/wp-content\/uploads\/2026\/08\/wind-farm-germany-hamburg-renewables-cluster-700x441.jpg 700w\" data-sizes=\"auto\" \/>\n\t\n\n\n\t\t\t\t<\/a>\n\t\t\n\t\n<\/div>\n<\/li>\n\t\t\t\n\t\t\t\n\t\t\t\t\t\t\t\t\t\t\t\t\t\t\t\t\t\t\t\t\t\t\t\t\t\t\t\t\t\t\t\t\t\t\t\t\t\t\t\t\t\t\t\t\t\t\t\t\t\t\t\t\t\t\t\t\t\t\t\t\t\t\t\t\t\t\t\t<\/ul>\n\t<\/div>\n\t<div class=\"fusion-post-content post-content\"><h2 class=\"blog-shortcode-post-title entry-title\"><a href=\"https:\/\/balticwind.eu\/de\/studie-erneuerbare-energien-stehen-fuer-31-000-arbeitsplaetze-in-der-metropolregion-hamburg\/\">Studie: Erneuerbare Energien stehen f\u00fcr 31.000 Arbeitspl\u00e4tze in der Metropolregion Hamburg<\/a><\/h2><p class=\"fusion-single-line-meta\"><a href=\"https:\/\/balticwind.eu\/de\/category\/deutschland\/\" rel=\"category tag\">Deutschland<\/a>, <a href=\"https:\/\/balticwind.eu\/de\/category\/offshore-wind-aktuell\/\" rel=\"category tag\">Offshore-Wind Aktuell<\/a>, <a href=\"https:\/\/balticwind.eu\/de\/category\/onshore-wind-aktuell\/\" rel=\"category tag\">Onshore-Wind Aktuell<\/a><span class=\"fusion-inline-sep\">|<\/span><\/p><div class=\"fusion-post-content-container\"><p>Eine Studie f\u00fcr das Cluster Erneuerbare Energien Hamburg beziffert die Branche auf rund 31.000 Arbeitspl\u00e4tze und 5,3 Milliarden Euro Bruttowertsch\u00f6pfung; gr\u00f6\u00dfter Teilbereich ist die Windenergie.<\/p><\/div><\/div><div class=\"fusion-clearfix\"><\/div><\/article>\n<article id=\"blog-2-post-48109\" class=\"fusion-post-medium-alternate post-48109 post type-post status-publish format-standard has-post-thumbnail hentry category-editors-choice-de category-finnland category-lettland category-offshore-wind-aktuell category-technologie\">\n<div class=\"fusion-date-and-formats\"><div class=\"fusion-date-box updated\"><span class=\"fusion-date\">27<\/span><span class=\"fusion-month-year\">08, 2026<\/span><\/div><div class=\"fusion-format-box\"><i class=\"fusion-icon-pen\" aria-hidden=\"true\"><\/i><\/div><\/div>\t<style type=\"text\/css\">\n\t\t\n\t\t\n\t\t\n\t\t\n\t\t\t<\/style>\n\n\n\t\t\t<div class=\"fusion-flexslider flexslider fusion-flexslider-loading fusion-post-slideshow\" style=\"\">\n\t\t<ul class=\"slides\">\n\t\t\t\n\t\t\t\t\t\t\t\t\t\t\t\t\t\t<li>\n\n<div  class=\"fusion-image-wrapper fusion-image-size-fixed\" aria-haspopup=\"true\">\n\t\n\t\n\t\t\t\n\t\t\t\t<a href=\"https:\/\/balticwind.eu\/de\/riffmodule-fledermaussensoren-und-moewensender-wie-die-offshore-windkraft-ihre-biodiversitaetsdaten-aufbaut\/\" aria-label=\"Riffmodule, Fledermaussensoren und M\u00f6wensender: Wie die Offshore-Windkraft ihre Biodiversit\u00e4tsdaten aufbaut\">\n\t\t\n\t\t\n\t\t\t\t\t<img decoding=\"async\" width=\"320\" height=\"202\" src=\"https:\/\/balticwind.eu\/wp-content\/uploads\/2026\/08\/offshore-wind-biodiversity-evidence-nature-inclusive-design-baltic-320x202.jpg\" class=\"attachment-blog-medium size-blog-medium lazyload wp-post-image\" alt=\"\" srcset=\"data:image\/svg+xml,%3Csvg%20xmlns%3D%27http%3A%2F%2Fwww.w3.org%2F2000%2Fsvg%27%20width%3D%271600%27%20height%3D%27900%27%20viewBox%3D%270%200%201600%20900%27%3E%3Crect%20width%3D%271600%27%20height%3D%27900%27%20fill-opacity%3D%220%22%2F%3E%3C%2Fsvg%3E\" data-orig-src=\"https:\/\/balticwind.eu\/wp-content\/uploads\/2026\/08\/offshore-wind-biodiversity-evidence-nature-inclusive-design-baltic-320x202.jpg\" data-srcset=\"https:\/\/balticwind.eu\/wp-content\/uploads\/2026\/08\/offshore-wind-biodiversity-evidence-nature-inclusive-design-baltic-320x202.jpg 320w, https:\/\/balticwind.eu\/wp-content\/uploads\/2026\/08\/offshore-wind-biodiversity-evidence-nature-inclusive-design-baltic-700x441.jpg 700w\" data-sizes=\"auto\" \/>\n\t\n\n\n\t\t\t\t<\/a>\n\t\t\n\t\n<\/div>\n<\/li>\n\t\t\t\n\t\t\t\n\t\t\t\t\t\t\t\t\t\t\t\t\t\t\t\t\t\t\t\t\t\t\t\t\t\t\t\t\t\t\t\t\t\t\t\t\t\t\t\t\t\t\t\t\t\t\t\t\t\t\t\t\t\t\t\t\t\t\t\t\t\t\t\t\t\t\t\t<\/ul>\n\t<\/div>\n\t<div class=\"fusion-post-content post-content\"><h2 class=\"blog-shortcode-post-title entry-title\"><a href=\"https:\/\/balticwind.eu\/de\/riffmodule-fledermaussensoren-und-moewensender-wie-die-offshore-windkraft-ihre-biodiversitaetsdaten-aufbaut\/\">Riffmodule, Fledermaussensoren und M\u00f6wensender: Wie die Offshore-Windkraft ihre Biodiversit\u00e4tsdaten aufbaut<\/a><\/h2><p class=\"fusion-single-line-meta\"><a href=\"https:\/\/balticwind.eu\/de\/category\/editors-choice-de\/\" rel=\"category tag\">Auswahl der Redaktion<\/a>, <a href=\"https:\/\/balticwind.eu\/de\/category\/finnland\/\" rel=\"category tag\">Finnland<\/a>, <a href=\"https:\/\/balticwind.eu\/de\/category\/lettland\/\" rel=\"category tag\">Lettland<\/a>, <a href=\"https:\/\/balticwind.eu\/de\/category\/offshore-wind-aktuell\/\" rel=\"category tag\">Offshore-Wind Aktuell<\/a>, <a href=\"https:\/\/balticwind.eu\/de\/category\/technologie\/\" rel=\"category tag\">Technologie<\/a><span class=\"fusion-inline-sep\">|<\/span><\/p><div class=\"fusion-post-content-container\"><p>Von Riffmodulen an einer schwimmenden Plattform \u00fcber Ultraschallsensoren in lettischen Gew\u00e4ssern bis zu GPS-besenderten M\u00f6wen vor Finnland: Umweltuntersuchungen werden zu angewandter Meeresforschung.<\/p><\/div><\/div><div class=\"fusion-clearfix\"><\/div><\/article>\n<article id=\"blog-2-post-48103\" class=\"fusion-post-medium-alternate post-48103 post type-post status-publish format-standard has-post-thumbnail hentry category-deutschland category-onshore-wind-aktuell category-projekte\">\n<div class=\"fusion-date-and-formats\"><div class=\"fusion-date-box updated\"><span class=\"fusion-date\">27<\/span><span class=\"fusion-month-year\">08, 2026<\/span><\/div><div class=\"fusion-format-box\"><i class=\"fusion-icon-pen\" aria-hidden=\"true\"><\/i><\/div><\/div>\t<style type=\"text\/css\">\n\t\t\n\t\t\n\t\t\n\t\t\n\t\t\t<\/style>\n\n\n\t\t\t<div class=\"fusion-flexslider flexslider fusion-flexslider-loading fusion-post-slideshow\" style=\"\">\n\t\t<ul class=\"slides\">\n\t\t\t\n\t\t\t\t\t\t\t\t\t\t\t\t\t\t<li>\n\n<div  class=\"fusion-image-wrapper fusion-image-size-fixed\" aria-haspopup=\"true\">\n\t\n\t\n\t\t\t\n\t\t\t\t<a href=\"https:\/\/balticwind.eu\/de\/capcora-fuehrt-verkauf-des-32-gw-projektportfolios-von-sowitec\/\" aria-label=\"Capcora f\u00fchrt Verkauf des 32-GW-Projektportfolios von SOWITEC\">\n\t\t\n\t\t\n\t\t\t\t\t<img decoding=\"async\" width=\"320\" height=\"202\" src=\"https:\/\/balticwind.eu\/wp-content\/uploads\/2026\/08\/capcora-mandated-sale-sowitec-wind-project-portfolio-320x202.jpg\" class=\"attachment-blog-medium size-blog-medium lazyload wp-post-image\" alt=\"\" srcset=\"data:image\/svg+xml,%3Csvg%20xmlns%3D%27http%3A%2F%2Fwww.w3.org%2F2000%2Fsvg%27%20width%3D%272048%27%20height%3D%272048%27%20viewBox%3D%270%200%202048%202048%27%3E%3Crect%20width%3D%272048%27%20height%3D%272048%27%20fill-opacity%3D%220%22%2F%3E%3C%2Fsvg%3E\" data-orig-src=\"https:\/\/balticwind.eu\/wp-content\/uploads\/2026\/08\/capcora-mandated-sale-sowitec-wind-project-portfolio-320x202.jpg\" data-srcset=\"https:\/\/balticwind.eu\/wp-content\/uploads\/2026\/08\/capcora-mandated-sale-sowitec-wind-project-portfolio-320x202.jpg 320w, https:\/\/balticwind.eu\/wp-content\/uploads\/2026\/08\/capcora-mandated-sale-sowitec-wind-project-portfolio-700x441.jpg 700w\" data-sizes=\"auto\" \/>\n\t\n\n\n\t\t\t\t<\/a>\n\t\t\n\t\n<\/div>\n<\/li>\n\t\t\t\n\t\t\t\n\t\t\t\t\t\t\t\t\t\t\t\t\t\t\t\t\t\t\t\t\t\t\t\t\t\t\t\t\t\t\t\t\t\t\t\t\t\t\t\t\t\t\t\t\t\t\t\t\t\t\t\t\t\t\t\t\t\t\t\t\t\t\t\t\t\t\t\t<\/ul>\n\t<\/div>\n\t<div class=\"fusion-post-content post-content\"><h2 class=\"blog-shortcode-post-title entry-title\"><a href=\"https:\/\/balticwind.eu\/de\/capcora-fuehrt-verkauf-des-32-gw-projektportfolios-von-sowitec\/\">Capcora f\u00fchrt Verkauf des 32-GW-Projektportfolios von SOWITEC<\/a><\/h2><p class=\"fusion-single-line-meta\"><a href=\"https:\/\/balticwind.eu\/de\/category\/deutschland\/\" rel=\"category tag\">Deutschland<\/a>, <a href=\"https:\/\/balticwind.eu\/de\/category\/onshore-wind-aktuell\/\" rel=\"category tag\">Onshore-Wind Aktuell<\/a>, <a href=\"https:\/\/balticwind.eu\/de\/category\/projekte\/\" rel=\"category tag\">Projekte<\/a><span class=\"fusion-inline-sep\">|<\/span><\/p><div class=\"fusion-post-content-container\"><p>Die Frankfurter Beratung Capcora steuert den Verkauf von Windprojektrechten der insolventen SOWITEC Gruppe mit rund 32 GW Gesamtleistung, davon etwa 330 MW in Deutschland.<\/p><\/div><\/div><div class=\"fusion-clearfix\"><\/div><\/article>\n<article id=\"blog-2-post-48097\" class=\"fusion-post-medium-alternate post-48097 post type-post status-publish format-standard has-post-thumbnail hentry category-editors-choice-de category-offshore-wind-aktuell category-polen category-projekte\">\n<div class=\"fusion-date-and-formats\"><div class=\"fusion-date-box updated\"><span class=\"fusion-date\">26<\/span><span class=\"fusion-month-year\">08, 2026<\/span><\/div><div class=\"fusion-format-box\"><i class=\"fusion-icon-pen\" aria-hidden=\"true\"><\/i><\/div><\/div>\t<style type=\"text\/css\">\n\t\t\n\t\t\n\t\t\n\t\t\n\t\t\t<\/style>\n\n\n\t\t\t<div class=\"fusion-flexslider flexslider fusion-flexslider-loading fusion-post-slideshow\" style=\"\">\n\t\t<ul class=\"slides\">\n\t\t\t\n\t\t\t\t\t\t\t\t\t\t\t\t\t\t<li>\n\n<div  class=\"fusion-image-wrapper fusion-image-size-fixed\" aria-haspopup=\"true\">\n\t\n\t\n\t\t\t\n\t\t\t\t<a href=\"https:\/\/balticwind.eu\/de\/swinoujscie-und-szczecin-wie-westpommern-zur-industriebasis-der-polnischen-offshore-windkraft-wurde\/\" aria-label=\"\u015awinouj\u015bcie und Szczecin: Wie Westpommern zur Industriebasis der polnischen Offshore-Windkraft wurde\">\n\t\t\n\t\t\n\t\t\t\t\t<img decoding=\"async\" width=\"320\" height=\"202\" src=\"https:\/\/balticwind.eu\/wp-content\/uploads\/2026\/08\/west-pomerania-poland-offshore-wind-industrial-base-320x202.jpg\" class=\"attachment-blog-medium size-blog-medium lazyload wp-post-image\" alt=\"\" srcset=\"data:image\/svg+xml,%3Csvg%20xmlns%3D%27http%3A%2F%2Fwww.w3.org%2F2000%2Fsvg%27%20width%3D%271600%27%20height%3D%27900%27%20viewBox%3D%270%200%201600%20900%27%3E%3Crect%20width%3D%271600%27%20height%3D%27900%27%20fill-opacity%3D%220%22%2F%3E%3C%2Fsvg%3E\" data-orig-src=\"https:\/\/balticwind.eu\/wp-content\/uploads\/2026\/08\/west-pomerania-poland-offshore-wind-industrial-base-320x202.jpg\" data-srcset=\"https:\/\/balticwind.eu\/wp-content\/uploads\/2026\/08\/west-pomerania-poland-offshore-wind-industrial-base-320x202.jpg 320w, https:\/\/balticwind.eu\/wp-content\/uploads\/2026\/08\/west-pomerania-poland-offshore-wind-industrial-base-700x441.jpg 700w\" data-sizes=\"auto\" \/>\n\t\n\n\n\t\t\t\t<\/a>\n\t\t\n\t\n<\/div>\n<\/li>\n\t\t\t\n\t\t\t\n\t\t\t\t\t\t\t\t\t\t\t\t\t\t\t\t\t\t\t\t\t\t\t\t\t\t\t\t\t\t\t\t\t\t\t\t\t\t\t\t\t\t\t\t\t\t\t\t\t\t\t\t\t\t\t\t\t\t\t\t\t\t\t\t\t\t\t\t<\/ul>\n\t<\/div>\n\t<div class=\"fusion-post-content post-content\"><h2 class=\"blog-shortcode-post-title entry-title\"><a href=\"https:\/\/balticwind.eu\/de\/swinoujscie-und-szczecin-wie-westpommern-zur-industriebasis-der-polnischen-offshore-windkraft-wurde\/\">\u015awinouj\u015bcie und Szczecin: Wie Westpommern zur Industriebasis der polnischen Offshore-Windkraft wurde<\/a><\/h2><p class=\"fusion-single-line-meta\"><a href=\"https:\/\/balticwind.eu\/de\/category\/editors-choice-de\/\" rel=\"category tag\">Auswahl der Redaktion<\/a>, <a href=\"https:\/\/balticwind.eu\/de\/category\/offshore-wind-aktuell\/\" rel=\"category tag\">Offshore-Wind Aktuell<\/a>, <a href=\"https:\/\/balticwind.eu\/de\/category\/polen\/\" rel=\"category tag\">Polen<\/a>, <a href=\"https:\/\/balticwind.eu\/de\/category\/projekte\/\" rel=\"category tag\">Projekte<\/a><span class=\"fusion-inline-sep\">|<\/span><\/p><div class=\"fusion-post-content-container\"><p>2,6 GW installierte Leistung, Polens erster Offshore-Installationshafen und \u00fcber 6 GW Projektpipeline in der Ostsee: Westpommern hat die Infrastruktur. Ob daraus eine Industriebasis wird, entscheidet der Local Content.<\/p><\/div><\/div><div class=\"fusion-clearfix\"><\/div><\/article>\n<article id=\"blog-2-post-48079\" class=\"fusion-post-medium-alternate post-48079 post type-post status-publish format-standard has-post-thumbnail hentry category-onshore-wind-aktuell category-polen\">\n<div class=\"fusion-date-and-formats\"><div class=\"fusion-date-box updated\"><span class=\"fusion-date\">26<\/span><span class=\"fusion-month-year\">08, 2026<\/span><\/div><div class=\"fusion-format-box\"><i class=\"fusion-icon-pen\" aria-hidden=\"true\"><\/i><\/div><\/div>\t<style type=\"text\/css\">\n\t\t\n\t\t\n\t\t\n\t\t\n\t\t\t<\/style>\n\n\n\t\t\t<div class=\"fusion-flexslider flexslider fusion-flexslider-loading fusion-post-slideshow\" style=\"\">\n\t\t<ul class=\"slides\">\n\t\t\t\n\t\t\t\t\t\t\t\t\t\t\t\t\t\t<li>\n\n<div  class=\"fusion-image-wrapper fusion-image-size-fixed\" aria-haspopup=\"true\">\n\t\n\t\n\t\t\t\n\t\t\t\t<a href=\"https:\/\/balticwind.eu\/de\/electrum-betreut-in-polen-mehr-als-4-gw-erneuerbare-erzeugungsleistung\/\" aria-label=\"Electrum betreut in Polen mehr als 4 GW erneuerbare Erzeugungsleistung\">\n\t\t\n\t\t\n\t\t\t\t\t<img decoding=\"async\" width=\"320\" height=\"202\" src=\"https:\/\/balticwind.eu\/wp-content\/uploads\/2026\/08\/onshore-wind-farm-poland-operations-maintenance-320x202.jpg\" class=\"attachment-blog-medium size-blog-medium lazyload wp-post-image\" alt=\"\" srcset=\"data:image\/svg+xml,%3Csvg%20xmlns%3D%27http%3A%2F%2Fwww.w3.org%2F2000%2Fsvg%27%20width%3D%271600%27%20height%3D%27900%27%20viewBox%3D%270%200%201600%20900%27%3E%3Crect%20width%3D%271600%27%20height%3D%27900%27%20fill-opacity%3D%220%22%2F%3E%3C%2Fsvg%3E\" data-orig-src=\"https:\/\/balticwind.eu\/wp-content\/uploads\/2026\/08\/onshore-wind-farm-poland-operations-maintenance-320x202.jpg\" data-srcset=\"https:\/\/balticwind.eu\/wp-content\/uploads\/2026\/08\/onshore-wind-farm-poland-operations-maintenance-320x202.jpg 320w, https:\/\/balticwind.eu\/wp-content\/uploads\/2026\/08\/onshore-wind-farm-poland-operations-maintenance-700x441.jpg 700w\" data-sizes=\"auto\" \/>\n\t\n\n\n\t\t\t\t<\/a>\n\t\t\n\t\n<\/div>\n<\/li>\n\t\t\t\n\t\t\t\n\t\t\t\t\t\t\t\t\t\t\t\t\t\t\t\t\t\t\t\t\t\t\t\t\t\t\t\t\t\t\t\t\t\t\t\t\t\t\t\t\t\t\t\t\t\t\t\t\t\t\t\t\t\t\t\t\t\t\t\t\t\t\t\t\t\t\t\t<\/ul>\n\t<\/div>\n\t<div class=\"fusion-post-content post-content\"><h2 class=\"blog-shortcode-post-title entry-title\"><a href=\"https:\/\/balticwind.eu\/de\/electrum-betreut-in-polen-mehr-als-4-gw-erneuerbare-erzeugungsleistung\/\">Electrum betreut in Polen mehr als 4 GW erneuerbare Erzeugungsleistung<\/a><\/h2><p class=\"fusion-single-line-meta\"><a href=\"https:\/\/balticwind.eu\/de\/category\/onshore-wind-aktuell\/\" rel=\"category tag\">Onshore-Wind Aktuell<\/a>, <a href=\"https:\/\/balticwind.eu\/de\/category\/polen\/\" rel=\"category tag\">Polen<\/a><span class=\"fusion-inline-sep\">|<\/span><\/p><div class=\"fusion-post-content-container\"><p>Electrum betreut in Polen nach eigenen Angaben mehr als 4 GW erneuerbare Leistung im Rahmen von O&amp;M-Vertr\u00e4gen, nach knapp 3 GW vor weniger als einem Jahr.<\/p><\/div><\/div><div class=\"fusion-clearfix\"><\/div><\/article>\n<article id=\"blog-2-post-48073\" class=\"fusion-post-medium-alternate post-48073 post type-post status-publish format-standard has-post-thumbnail hentry category-editors-choice-de category-offshore-wind-aktuell category-polen category-projekte\">\n<div class=\"fusion-date-and-formats\"><div class=\"fusion-date-box updated\"><span class=\"fusion-date\">26<\/span><span class=\"fusion-month-year\">08, 2026<\/span><\/div><div class=\"fusion-format-box\"><i class=\"fusion-icon-pen\" aria-hidden=\"true\"><\/i><\/div><\/div>\t<style type=\"text\/css\">\n\t\t\n\t\t\n\t\t\n\t\t\n\t\t\t<\/style>\n\n\n\t\t\t<div class=\"fusion-flexslider flexslider fusion-flexslider-loading fusion-post-slideshow\" style=\"\">\n\t\t<ul class=\"slides\">\n\t\t\t\n\t\t\t\t\t\t\t\t\t\t\t\t\t\t<li>\n\n<div  class=\"fusion-image-wrapper fusion-image-size-fixed\" aria-haspopup=\"true\">\n\t\n\t\n\t\t\t\n\t\t\t\t<a href=\"https:\/\/balticwind.eu\/de\/von-der-baustelle-zur-daueraufgabe-was-die-betriebsphase-von-baltic-power-fuer-leba-bedeutet\/\" aria-label=\"Von der Baustelle zur Daueraufgabe: Was die Betriebsphase von Baltic Power f\u00fcr \u0141eba bedeutet\">\n\t\t\n\t\t\n\t\t\t\t\t<img decoding=\"async\" width=\"320\" height=\"202\" src=\"https:\/\/balticwind.eu\/wp-content\/uploads\/2026\/08\/baltic-power-offshore-wind-service-vessel-leba-320x202.jpg\" class=\"attachment-blog-medium size-blog-medium lazyload wp-post-image\" alt=\"\" srcset=\"data:image\/svg+xml,%3Csvg%20xmlns%3D%27http%3A%2F%2Fwww.w3.org%2F2000%2Fsvg%27%20width%3D%271600%27%20height%3D%27900%27%20viewBox%3D%270%200%201600%20900%27%3E%3Crect%20width%3D%271600%27%20height%3D%27900%27%20fill-opacity%3D%220%22%2F%3E%3C%2Fsvg%3E\" data-orig-src=\"https:\/\/balticwind.eu\/wp-content\/uploads\/2026\/08\/baltic-power-offshore-wind-service-vessel-leba-320x202.jpg\" data-srcset=\"https:\/\/balticwind.eu\/wp-content\/uploads\/2026\/08\/baltic-power-offshore-wind-service-vessel-leba-320x202.jpg 320w, https:\/\/balticwind.eu\/wp-content\/uploads\/2026\/08\/baltic-power-offshore-wind-service-vessel-leba-700x441.jpg 700w\" data-sizes=\"auto\" \/>\n\t\n\n\n\t\t\t\t<\/a>\n\t\t\n\t\n<\/div>\n<\/li>\n\t\t\t\n\t\t\t\n\t\t\t\t\t\t\t\t\t\t\t\t\t\t\t\t\t\t\t\t\t\t\t\t\t\t\t\t\t\t\t\t\t\t\t\t\t\t\t\t\t\t\t\t\t\t\t\t\t\t\t\t\t\t\t\t\t\t\t\t\t\t\t\t\t\t\t\t<\/ul>\n\t<\/div>\n\t<div class=\"fusion-post-content post-content\"><h2 class=\"blog-shortcode-post-title entry-title\"><a href=\"https:\/\/balticwind.eu\/de\/von-der-baustelle-zur-daueraufgabe-was-die-betriebsphase-von-baltic-power-fuer-leba-bedeutet\/\">Von der Baustelle zur Daueraufgabe: Was die Betriebsphase von Baltic Power f\u00fcr \u0141eba bedeutet<\/a><\/h2><p class=\"fusion-single-line-meta\"><a href=\"https:\/\/balticwind.eu\/de\/category\/editors-choice-de\/\" rel=\"category tag\">Auswahl der Redaktion<\/a>, <a href=\"https:\/\/balticwind.eu\/de\/category\/offshore-wind-aktuell\/\" rel=\"category tag\">Offshore-Wind Aktuell<\/a>, <a href=\"https:\/\/balticwind.eu\/de\/category\/polen\/\" rel=\"category tag\">Polen<\/a>, <a href=\"https:\/\/balticwind.eu\/de\/category\/projekte\/\" rel=\"category tag\">Projekte<\/a><span class=\"fusion-inline-sep\">|<\/span><\/p><div class=\"fusion-post-content-container\"><p>Der Bau von Baltic Power endet in der zweiten H\u00e4lfte 2026, die Basis \u0141eba stellt auf rund 30 Jahre Betrieb um. Offen ist, ob sie Servicebasis eines Parks bleibt oder Ankerpunkt eines baltischen O&amp;M-Clusters wird.<\/p><\/div><\/div><div class=\"fusion-clearfix\"><\/div><\/article>\n<article id=\"blog-2-post-48067\" class=\"fusion-post-medium-alternate post-48067 post type-post status-publish format-standard has-post-thumbnail hentry category-deutschland category-onshore-wind-aktuell category-technologie\">\n<div class=\"fusion-date-and-formats\"><div class=\"fusion-date-box updated\"><span class=\"fusion-date\">26<\/span><span class=\"fusion-month-year\">08, 2026<\/span><\/div><div class=\"fusion-format-box\"><i class=\"fusion-icon-pen\" aria-hidden=\"true\"><\/i><\/div><\/div>\t<style type=\"text\/css\">\n\t\t\n\t\t\n\t\t\n\t\t\n\t\t\t<\/style>\n\n\n\t\t\t<div class=\"fusion-flexslider flexslider fusion-flexslider-loading fusion-post-slideshow\" style=\"\">\n\t\t<ul class=\"slides\">\n\t\t\t\n\t\t\t\t\t\t\t\t\t\t\t\t\t\t<li>\n\n<div  class=\"fusion-image-wrapper fusion-image-size-fixed\" aria-haspopup=\"true\">\n\t\n\t\n\t\t\t\n\t\t\t\t<a href=\"https:\/\/balticwind.eu\/de\/deutsche-windguard-ueberschreitet-ein-gigawatt-in-der-technischen-betriebsfuehrung\/\" aria-label=\"Deutsche WindGuard \u00fcberschreitet ein Gigawatt in der technischen Betriebsf\u00fchrung\">\n\t\t\n\t\t\n\t\t\t\t\t<img decoding=\"async\" width=\"320\" height=\"202\" src=\"https:\/\/balticwind.eu\/wp-content\/uploads\/2026\/08\/deutsche-windguard-one-gigawatt-technical-operations-management-320x202.jpg\" class=\"attachment-blog-medium size-blog-medium lazyload wp-post-image\" alt=\"\" srcset=\"data:image\/svg+xml,%3Csvg%20xmlns%3D%27http%3A%2F%2Fwww.w3.org%2F2000%2Fsvg%27%20width%3D%272048%27%20height%3D%271365%27%20viewBox%3D%270%200%202048%201365%27%3E%3Crect%20width%3D%272048%27%20height%3D%271365%27%20fill-opacity%3D%220%22%2F%3E%3C%2Fsvg%3E\" data-orig-src=\"https:\/\/balticwind.eu\/wp-content\/uploads\/2026\/08\/deutsche-windguard-one-gigawatt-technical-operations-management-320x202.jpg\" data-srcset=\"https:\/\/balticwind.eu\/wp-content\/uploads\/2026\/08\/deutsche-windguard-one-gigawatt-technical-operations-management-320x202.jpg 320w, https:\/\/balticwind.eu\/wp-content\/uploads\/2026\/08\/deutsche-windguard-one-gigawatt-technical-operations-management-700x441.jpg 700w\" data-sizes=\"auto\" \/>\n\t\n\n\n\t\t\t\t<\/a>\n\t\t\n\t\n<\/div>\n<\/li>\n\t\t\t\n\t\t\t\n\t\t\t\t\t\t\t\t\t\t\t\t\t\t\t\t\t\t\t\t\t\t\t\t\t\t\t\t\t\t\t\t\t\t\t\t\t\t\t\t\t\t\t\t\t\t\t\t\t\t\t\t\t\t\t\t\t\t\t\t\t\t\t\t\t\t\t\t<\/ul>\n\t<\/div>\n\t<div class=\"fusion-post-content post-content\"><h2 class=\"blog-shortcode-post-title entry-title\"><a href=\"https:\/\/balticwind.eu\/de\/deutsche-windguard-ueberschreitet-ein-gigawatt-in-der-technischen-betriebsfuehrung\/\">Deutsche WindGuard \u00fcberschreitet ein Gigawatt in der technischen Betriebsf\u00fchrung<\/a><\/h2><p class=\"fusion-single-line-meta\"><a href=\"https:\/\/balticwind.eu\/de\/category\/deutschland\/\" rel=\"category tag\">Deutschland<\/a>, <a href=\"https:\/\/balticwind.eu\/de\/category\/onshore-wind-aktuell\/\" rel=\"category tag\">Onshore-Wind Aktuell<\/a>, <a href=\"https:\/\/balticwind.eu\/de\/category\/technologie\/\" rel=\"category tag\">Technologie<\/a><span class=\"fusion-inline-sep\">|<\/span><\/p><div class=\"fusion-post-content-container\"><p>Der Dienstleister aus Varel \u00fcberwacht aus seinem 24\/7-Leitstand mehr als 1 GW Wind-, Photovoltaik-, Hybrid- und Speicherleistung in Deutschland und den Niederlanden.<\/p><\/div><\/div><div class=\"fusion-clearfix\"><\/div><\/article>\n<article id=\"blog-2-post-48055\" class=\"fusion-post-medium-alternate post-48055 post type-post status-publish format-standard has-post-thumbnail hentry category-onshore-wind-aktuell category-technologie\">\n<div class=\"fusion-date-and-formats\"><div class=\"fusion-date-box updated\"><span class=\"fusion-date\">24<\/span><span class=\"fusion-month-year\">08, 2026<\/span><\/div><div class=\"fusion-format-box\"><i class=\"fusion-icon-pen\" aria-hidden=\"true\"><\/i><\/div><\/div>\t<style type=\"text\/css\">\n\t\t\n\t\t\n\t\t\n\t\t\n\t\t\t<\/style>\n\n\n\t\t\t<div class=\"fusion-flexslider flexslider fusion-flexslider-loading fusion-post-slideshow\" style=\"\">\n\t\t<ul class=\"slides\">\n\t\t\t\n\t\t\t\t\t\t\t\t\t\t\t\t\t\t<li>\n\n<div  class=\"fusion-image-wrapper fusion-image-size-fixed\" aria-haspopup=\"true\">\n\t\n\t\n\t\t\t\n\t\t\t\t<a href=\"https:\/\/balticwind.eu\/de\/wasserstoff-eisen-batterie-und-deutsche-speicherwelle-zielen-auf-windabregelung\/\" aria-label=\"Wasserstoff-Eisen-Batterie und deutsche Speicherwelle zielen auf Windabregelung\">\n\t\t\n\t\t\n\t\t\t\t\t<img decoding=\"async\" width=\"320\" height=\"202\" src=\"https:\/\/balticwind.eu\/wp-content\/uploads\/2026\/08\/hydrogen-iron-battery-netherlands-german-storage-wind-curtailment-320x202.jpg\" class=\"attachment-blog-medium size-blog-medium lazyload wp-post-image\" alt=\"\" srcset=\"data:image\/svg+xml,%3Csvg%20xmlns%3D%27http%3A%2F%2Fwww.w3.org%2F2000%2Fsvg%27%20width%3D%271600%27%20height%3D%27900%27%20viewBox%3D%270%200%201600%20900%27%3E%3Crect%20width%3D%271600%27%20height%3D%27900%27%20fill-opacity%3D%220%22%2F%3E%3C%2Fsvg%3E\" data-orig-src=\"https:\/\/balticwind.eu\/wp-content\/uploads\/2026\/08\/hydrogen-iron-battery-netherlands-german-storage-wind-curtailment-320x202.jpg\" data-srcset=\"https:\/\/balticwind.eu\/wp-content\/uploads\/2026\/08\/hydrogen-iron-battery-netherlands-german-storage-wind-curtailment-320x202.jpg 320w, https:\/\/balticwind.eu\/wp-content\/uploads\/2026\/08\/hydrogen-iron-battery-netherlands-german-storage-wind-curtailment-700x441.jpg 700w\" data-sizes=\"auto\" \/>\n\t\n\n\n\t\t\t\t<\/a>\n\t\t\n\t\n<\/div>\n<\/li>\n\t\t\t\n\t\t\t\n\t\t\t\t\t\t\t\t\t\t\t\t\t\t\t\t\t\t\t\t\t\t\t\t\t\t\t\t\t\t\t\t\t\t\t\t\t\t\t\t\t\t\t\t\t\t\t\t\t\t\t\t\t\t\t\t\t\t\t\t\t\t\t\t\t\t\t\t<\/ul>\n\t<\/div>\n\t<div class=\"fusion-post-content post-content\"><h2 class=\"blog-shortcode-post-title entry-title\"><a href=\"https:\/\/balticwind.eu\/de\/wasserstoff-eisen-batterie-und-deutsche-speicherwelle-zielen-auf-windabregelung\/\">Wasserstoff-Eisen-Batterie und deutsche Speicherwelle zielen auf Windabregelung<\/a><\/h2><p class=\"fusion-single-line-meta\"><a href=\"https:\/\/balticwind.eu\/de\/category\/onshore-wind-aktuell\/\" rel=\"category tag\">Onshore-Wind Aktuell<\/a>, <a href=\"https:\/\/balticwind.eu\/de\/category\/technologie\/\" rel=\"category tag\">Technologie<\/a><span class=\"fusion-inline-sep\">|<\/span><\/p><div class=\"fusion-post-content-container\"><p>Eine Wasserstoff-Eisen-Batterie liefert Langzeitspeicher f\u00fcr Wind in den Niederlanden; in Deutschland entstehen ein 310-MW-Speicher von Eco Stor und eine 99-MW-Batterie von Zelestra.<\/p><\/div><\/div><div class=\"fusion-clearfix\"><\/div><\/article>\n<article id=\"blog-2-post-48049\" class=\"fusion-post-medium-alternate post-48049 post type-post status-publish format-standard has-post-thumbnail hentry category-onshore-wind-aktuell category-technologie\">\n<div class=\"fusion-date-and-formats\"><div class=\"fusion-date-box updated\"><span class=\"fusion-date\">24<\/span><span class=\"fusion-month-year\">08, 2026<\/span><\/div><div class=\"fusion-format-box\"><i class=\"fusion-icon-pen\" aria-hidden=\"true\"><\/i><\/div><\/div>\t<style type=\"text\/css\">\n\t\t\n\t\t\n\t\t\n\t\t\n\t\t\t<\/style>\n\n\n\t\t\t<div class=\"fusion-flexslider flexslider fusion-flexslider-loading fusion-post-slideshow\" style=\"\">\n\t\t<ul class=\"slides\">\n\t\t\t\n\t\t\t\t\t\t\t\t\t\t\t\t\t\t<li>\n\n<div  class=\"fusion-image-wrapper fusion-image-size-fixed\" aria-haspopup=\"true\">\n\t\n\t\n\t\t\t\n\t\t\t\t<a href=\"https:\/\/balticwind.eu\/de\/vestas-gewinnsprung-und-enercon-refinanzierung-deuten-auf-ruhigeres-fahrwasser-der-hersteller\/\" aria-label=\"Vestas-Gewinnsprung und Enercon-Refinanzierung deuten auf ruhigeres Fahrwasser der Hersteller\">\n\t\t\n\t\t\n\t\t\t\t\t<img decoding=\"async\" width=\"320\" height=\"202\" src=\"https:\/\/balticwind.eu\/wp-content\/uploads\/2026\/08\/vestas-q2-profit-enercon-refinancing-turbine-makers-stabilise-320x202.jpg\" class=\"attachment-blog-medium size-blog-medium lazyload wp-post-image\" alt=\"\" srcset=\"data:image\/svg+xml,%3Csvg%20xmlns%3D%27http%3A%2F%2Fwww.w3.org%2F2000%2Fsvg%27%20width%3D%271600%27%20height%3D%27900%27%20viewBox%3D%270%200%201600%20900%27%3E%3Crect%20width%3D%271600%27%20height%3D%27900%27%20fill-opacity%3D%220%22%2F%3E%3C%2Fsvg%3E\" data-orig-src=\"https:\/\/balticwind.eu\/wp-content\/uploads\/2026\/08\/vestas-q2-profit-enercon-refinancing-turbine-makers-stabilise-320x202.jpg\" data-srcset=\"https:\/\/balticwind.eu\/wp-content\/uploads\/2026\/08\/vestas-q2-profit-enercon-refinancing-turbine-makers-stabilise-320x202.jpg 320w, https:\/\/balticwind.eu\/wp-content\/uploads\/2026\/08\/vestas-q2-profit-enercon-refinancing-turbine-makers-stabilise-700x441.jpg 700w\" data-sizes=\"auto\" \/>\n\t\n\n\n\t\t\t\t<\/a>\n\t\t\n\t\n<\/div>\n<\/li>\n\t\t\t\n\t\t\t\n\t\t\t\t\t\t\t\t\t\t\t\t\t\t\t\t\t\t\t\t\t\t\t\t\t\t\t\t\t\t\t\t\t\t\t\t\t\t\t\t\t\t\t\t\t\t\t\t\t\t\t\t\t\t\t\t\t\t\t\t\t\t\t\t\t\t\t\t<\/ul>\n\t<\/div>\n\t<div class=\"fusion-post-content post-content\"><h2 class=\"blog-shortcode-post-title entry-title\"><a href=\"https:\/\/balticwind.eu\/de\/vestas-gewinnsprung-und-enercon-refinanzierung-deuten-auf-ruhigeres-fahrwasser-der-hersteller\/\">Vestas-Gewinnsprung und Enercon-Refinanzierung deuten auf ruhigeres Fahrwasser der Hersteller<\/a><\/h2><p class=\"fusion-single-line-meta\"><a href=\"https:\/\/balticwind.eu\/de\/category\/onshore-wind-aktuell\/\" rel=\"category tag\">Onshore-Wind Aktuell<\/a>, <a href=\"https:\/\/balticwind.eu\/de\/category\/technologie\/\" rel=\"category tag\">Technologie<\/a><span class=\"fusion-inline-sep\">|<\/span><\/p><div class=\"fusion-post-content-container\"><p>Vestas meldete einen deutlichen Gewinnsprung im zweiten Quartal samt 400-Mio.-Euro-R\u00fcckkauf, Enercon schloss den Turnaround mit neuer Milliardenfinanzierung ab.<\/p><\/div><\/div><div class=\"fusion-clearfix\"><\/div><\/article>\n<article id=\"blog-2-post-48043\" class=\"fusion-post-medium-alternate post-48043 post type-post status-publish format-standard has-post-thumbnail hentry category-onshore-wind-aktuell category-projekte\">\n<div class=\"fusion-date-and-formats\"><div class=\"fusion-date-box updated\"><span class=\"fusion-date\">24<\/span><span class=\"fusion-month-year\">08, 2026<\/span><\/div><div class=\"fusion-format-box\"><i class=\"fusion-icon-pen\" aria-hidden=\"true\"><\/i><\/div><\/div>\t<style type=\"text\/css\">\n\t\t\n\t\t\n\t\t\n\t\t\n\t\t\t<\/style>\n\n\n\t\t\t<div class=\"fusion-flexslider flexslider fusion-flexslider-loading fusion-post-slideshow\" style=\"\">\n\t\t<ul class=\"slides\">\n\t\t\t\n\t\t\t\t\t\t\t\t\t\t\t\t\t\t<li>\n\n<div  class=\"fusion-image-wrapper fusion-image-size-fixed\" aria-haspopup=\"true\">\n\t\n\t\n\t\t\t\n\t\t\t\t<a href=\"https:\/\/balticwind.eu\/de\/scatec-steigt-in-rumaeniens-onshore-windkraft-ein-erzeugung-plus-21-prozent\/\" aria-label=\"Scatec steigt in Rum\u00e4niens Onshore-Windkraft ein \u2013 Erzeugung plus 21 Prozent\">\n\t\t\n\t\t\n\t\t\t\t\t<img decoding=\"async\" width=\"320\" height=\"202\" src=\"https:\/\/balticwind.eu\/wp-content\/uploads\/2026\/08\/scatec-enters-romanian-onshore-wind-q2-output-up-21-percent-320x202.jpg\" class=\"attachment-blog-medium size-blog-medium lazyload wp-post-image\" alt=\"\" srcset=\"data:image\/svg+xml,%3Csvg%20xmlns%3D%27http%3A%2F%2Fwww.w3.org%2F2000%2Fsvg%27%20width%3D%271600%27%20height%3D%27900%27%20viewBox%3D%270%200%201600%20900%27%3E%3Crect%20width%3D%271600%27%20height%3D%27900%27%20fill-opacity%3D%220%22%2F%3E%3C%2Fsvg%3E\" data-orig-src=\"https:\/\/balticwind.eu\/wp-content\/uploads\/2026\/08\/scatec-enters-romanian-onshore-wind-q2-output-up-21-percent-320x202.jpg\" data-srcset=\"https:\/\/balticwind.eu\/wp-content\/uploads\/2026\/08\/scatec-enters-romanian-onshore-wind-q2-output-up-21-percent-320x202.jpg 320w, https:\/\/balticwind.eu\/wp-content\/uploads\/2026\/08\/scatec-enters-romanian-onshore-wind-q2-output-up-21-percent-700x441.jpg 700w\" data-sizes=\"auto\" \/>\n\t\n\n\n\t\t\t\t<\/a>\n\t\t\n\t\n<\/div>\n<\/li>\n\t\t\t\n\t\t\t\n\t\t\t\t\t\t\t\t\t\t\t\t\t\t\t\t\t\t\t\t\t\t\t\t\t\t\t\t\t\t\t\t\t\t\t\t\t\t\t\t\t\t\t\t\t\t\t\t\t\t\t\t\t\t\t\t\t\t\t\t\t\t\t\t\t\t\t\t<\/ul>\n\t<\/div>\n\t<div class=\"fusion-post-content post-content\"><h2 class=\"blog-shortcode-post-title entry-title\"><a href=\"https:\/\/balticwind.eu\/de\/scatec-steigt-in-rumaeniens-onshore-windkraft-ein-erzeugung-plus-21-prozent\/\">Scatec steigt in Rum\u00e4niens Onshore-Windkraft ein \u2013 Erzeugung plus 21 Prozent<\/a><\/h2><p class=\"fusion-single-line-meta\"><a href=\"https:\/\/balticwind.eu\/de\/category\/onshore-wind-aktuell\/\" rel=\"category tag\">Onshore-Wind Aktuell<\/a>, <a href=\"https:\/\/balticwind.eu\/de\/category\/projekte\/\" rel=\"category tag\">Projekte<\/a><span class=\"fusion-inline-sep\">|<\/span><\/p><div class=\"fusion-post-content-container\"><p>Scatec steigt in Rum\u00e4niens Onshore-Wind ein, erweitert sein solargepr\u00e4gtes Portfolio und meldet eine um 21 Prozent gestiegene Quartalserzeugung.<\/p><\/div><\/div><div class=\"fusion-clearfix\"><\/div><\/article>\n<article id=\"blog-2-post-48025\" class=\"fusion-post-medium-alternate post-48025 post type-post status-publish format-standard has-post-thumbnail hentry category-deutschland category-onshore-wind-aktuell category-regulierung\">\n<div class=\"fusion-date-and-formats\"><div class=\"fusion-date-box updated\"><span class=\"fusion-date\">24<\/span><span class=\"fusion-month-year\">08, 2026<\/span><\/div><div class=\"fusion-format-box\"><i class=\"fusion-icon-pen\" aria-hidden=\"true\"><\/i><\/div><\/div>\t<style type=\"text\/css\">\n\t\t\n\t\t\n\t\t\n\t\t\n\t\t\t<\/style>\n\n\n\t\t\t<div class=\"fusion-flexslider flexslider fusion-flexslider-loading fusion-post-slideshow\" style=\"\">\n\t\t<ul class=\"slides\">\n\t\t\t\n\t\t\t\t\t\t\t\t\t\t\t\t\t\t<li>\n\n<div  class=\"fusion-image-wrapper fusion-image-size-fixed\" aria-haspopup=\"true\">\n\t\n\t\n\t\t\t\n\t\t\t\t<a href=\"https:\/\/balticwind.eu\/de\/suedlink-elbtunnel-fertig-deutschlands-stromautobahnen-naehern-sich-der-inbetriebnahme\/\" aria-label=\"SuedLink: Elbtunnel fertig \u2013 Deutschlands Stromautobahnen n\u00e4hern sich der Inbetriebnahme\">\n\t\t\n\t\t\n\t\t\t\t\t<img decoding=\"async\" width=\"320\" height=\"202\" src=\"https:\/\/balticwind.eu\/wp-content\/uploads\/2026\/08\/suedlink-elbe-tunnel-complete-german-hvdc-corridors-2027-2028-320x202.jpg\" class=\"attachment-blog-medium size-blog-medium lazyload wp-post-image\" alt=\"\" srcset=\"data:image\/svg+xml,%3Csvg%20xmlns%3D%27http%3A%2F%2Fwww.w3.org%2F2000%2Fsvg%27%20width%3D%271600%27%20height%3D%27900%27%20viewBox%3D%270%200%201600%20900%27%3E%3Crect%20width%3D%271600%27%20height%3D%27900%27%20fill-opacity%3D%220%22%2F%3E%3C%2Fsvg%3E\" data-orig-src=\"https:\/\/balticwind.eu\/wp-content\/uploads\/2026\/08\/suedlink-elbe-tunnel-complete-german-hvdc-corridors-2027-2028-320x202.jpg\" data-srcset=\"https:\/\/balticwind.eu\/wp-content\/uploads\/2026\/08\/suedlink-elbe-tunnel-complete-german-hvdc-corridors-2027-2028-320x202.jpg 320w, https:\/\/balticwind.eu\/wp-content\/uploads\/2026\/08\/suedlink-elbe-tunnel-complete-german-hvdc-corridors-2027-2028-700x441.jpg 700w\" data-sizes=\"auto\" \/>\n\t\n\n\n\t\t\t\t<\/a>\n\t\t\n\t\n<\/div>\n<\/li>\n\t\t\t\n\t\t\t\n\t\t\t\t\t\t\t\t\t\t\t\t\t\t\t\t\t\t\t\t\t\t\t\t\t\t\t\t\t\t\t\t\t\t\t\t\t\t\t\t\t\t\t\t\t\t\t\t\t\t\t\t\t\t\t\t\t\t\t\t\t\t\t\t\t\t\t\t<\/ul>\n\t<\/div>\n\t<div class=\"fusion-post-content post-content\"><h2 class=\"blog-shortcode-post-title entry-title\"><a href=\"https:\/\/balticwind.eu\/de\/suedlink-elbtunnel-fertig-deutschlands-stromautobahnen-naehern-sich-der-inbetriebnahme\/\">SuedLink: Elbtunnel fertig \u2013 Deutschlands Stromautobahnen n\u00e4hern sich der Inbetriebnahme<\/a><\/h2><p class=\"fusion-single-line-meta\"><a href=\"https:\/\/balticwind.eu\/de\/category\/deutschland\/\" rel=\"category tag\">Deutschland<\/a>, <a href=\"https:\/\/balticwind.eu\/de\/category\/onshore-wind-aktuell\/\" rel=\"category tag\">Onshore-Wind Aktuell<\/a>, <a href=\"https:\/\/balticwind.eu\/de\/category\/regulierung\/\" rel=\"category tag\">Regulierung<\/a><span class=\"fusion-inline-sep\">|<\/span><\/p><div class=\"fusion-post-content-container\"><p>Der 5,2 km lange ElbX-Tunnel unter der Elbe ist fertig. Das Einziehen der Kabel beginnt Ende 2027, die 700-km-Verbindung geht Ende 2028 in Betrieb.<\/p><\/div><\/div><div class=\"fusion-clearfix\"><\/div><\/article>\n<article id=\"blog-2-post-48019\" class=\"fusion-post-medium-alternate post-48019 post type-post status-publish format-standard has-post-thumbnail hentry category-deutschland category-offshore-wind-aktuell category-onshore-wind-aktuell\">\n<div class=\"fusion-date-and-formats\"><div class=\"fusion-date-box updated\"><span class=\"fusion-date\">24<\/span><span class=\"fusion-month-year\">08, 2026<\/span><\/div><div class=\"fusion-format-box\"><i class=\"fusion-icon-pen\" aria-hidden=\"true\"><\/i><\/div><\/div>\t<style type=\"text\/css\">\n\t\t\n\t\t\n\t\t\n\t\t\n\t\t\t<\/style>\n\n\n\t\t\t<div class=\"fusion-flexslider flexslider fusion-flexslider-loading fusion-post-slideshow\" style=\"\">\n\t\t<ul class=\"slides\">\n\t\t\t\n\t\t\t\t\t\t\t\t\t\t\t\t\t\t<li>\n\n<div  class=\"fusion-image-wrapper fusion-image-size-fixed\" aria-haspopup=\"true\">\n\t\n\t\n\t\t\t\n\t\t\t\t<a href=\"https:\/\/balticwind.eu\/de\/windzubau-in-deutschland-steigt-um-53-prozent-offshore-kehrt-ans-netz-zurueck\/\" aria-label=\"Windzubau in Deutschland steigt um 53 Prozent \u2013 Offshore kehrt ans Netz zur\u00fcck\">\n\t\t\n\t\t\n\t\t\t\t\t<img decoding=\"async\" width=\"320\" height=\"202\" src=\"https:\/\/balticwind.eu\/wp-content\/uploads\/2026\/08\/german-wind-additions-3948-mw-january-july-2026-offshore-rebound-320x202.jpg\" class=\"attachment-blog-medium size-blog-medium lazyload wp-post-image\" alt=\"\" srcset=\"data:image\/svg+xml,%3Csvg%20xmlns%3D%27http%3A%2F%2Fwww.w3.org%2F2000%2Fsvg%27%20width%3D%271600%27%20height%3D%27900%27%20viewBox%3D%270%200%201600%20900%27%3E%3Crect%20width%3D%271600%27%20height%3D%27900%27%20fill-opacity%3D%220%22%2F%3E%3C%2Fsvg%3E\" data-orig-src=\"https:\/\/balticwind.eu\/wp-content\/uploads\/2026\/08\/german-wind-additions-3948-mw-january-july-2026-offshore-rebound-320x202.jpg\" data-srcset=\"https:\/\/balticwind.eu\/wp-content\/uploads\/2026\/08\/german-wind-additions-3948-mw-january-july-2026-offshore-rebound-320x202.jpg 320w, https:\/\/balticwind.eu\/wp-content\/uploads\/2026\/08\/german-wind-additions-3948-mw-january-july-2026-offshore-rebound-700x441.jpg 700w\" data-sizes=\"auto\" \/>\n\t\n\n\n\t\t\t\t<\/a>\n\t\t\n\t\n<\/div>\n<\/li>\n\t\t\t\n\t\t\t\n\t\t\t\t\t\t\t\t\t\t\t\t\t\t\t\t\t\t\t\t\t\t\t\t\t\t\t\t\t\t\t\t\t\t\t\t\t\t\t\t\t\t\t\t\t\t\t\t\t\t\t\t\t\t\t\t\t\t\t\t\t\t\t\t\t\t\t\t<\/ul>\n\t<\/div>\n\t<div class=\"fusion-post-content post-content\"><h2 class=\"blog-shortcode-post-title entry-title\"><a href=\"https:\/\/balticwind.eu\/de\/windzubau-in-deutschland-steigt-um-53-prozent-offshore-kehrt-ans-netz-zurueck\/\">Windzubau in Deutschland steigt um 53 Prozent \u2013 Offshore kehrt ans Netz zur\u00fcck<\/a><\/h2><p class=\"fusion-single-line-meta\"><a href=\"https:\/\/balticwind.eu\/de\/category\/deutschland\/\" rel=\"category tag\">Deutschland<\/a>, <a href=\"https:\/\/balticwind.eu\/de\/category\/offshore-wind-aktuell\/\" rel=\"category tag\">Offshore-Wind Aktuell<\/a>, <a href=\"https:\/\/balticwind.eu\/de\/category\/onshore-wind-aktuell\/\" rel=\"category tag\">Onshore-Wind Aktuell<\/a><span class=\"fusion-inline-sep\">|<\/span><\/p><div class=\"fusion-post-content-container\"><p>Deutschland hat von Januar bis Juli 2026 3.948 MW Wind zugebaut, 53 Prozent mehr als im Vorjahr, davon 1.194 MW offshore nach einem Jahr ohne Offshore-Inbetriebnahme.<\/p><\/div><\/div><div class=\"fusion-clearfix\"><\/div><\/article>\n<article id=\"blog-2-post-48007\" class=\"fusion-post-medium-alternate post-48007 post type-post status-publish format-standard has-post-thumbnail hentry category-daenemark category-offshore-wind-aktuell\">\n<div class=\"fusion-date-and-formats\"><div class=\"fusion-date-box updated\"><span class=\"fusion-date\">24<\/span><span class=\"fusion-month-year\">08, 2026<\/span><\/div><div class=\"fusion-format-box\"><i class=\"fusion-icon-pen\" aria-hidden=\"true\"><\/i><\/div><\/div>\t<style type=\"text\/css\">\n\t\t\n\t\t\n\t\t\n\t\t\n\t\t\t<\/style>\n\n\n\t\t\t<div class=\"fusion-flexslider flexslider fusion-flexslider-loading fusion-post-slideshow\" style=\"\">\n\t\t<ul class=\"slides\">\n\t\t\t\n\t\t\t\t\t\t\t\t\t\t\t\t\t\t<li>\n\n<div  class=\"fusion-image-wrapper fusion-image-size-fixed\" aria-haspopup=\"true\">\n\t\n\t\n\t\t\t\n\t\t\t\t<a href=\"https:\/\/balticwind.eu\/de\/oersted-kehrt-ab-2027-zur-dividende-zurueck-nach-kapitalerhoehung-und-verkaeufen\/\" aria-label=\"\u00d8rsted kehrt ab 2027 zur Dividende zur\u00fcck \u2013 nach Kapitalerh\u00f6hung und Verk\u00e4ufen\">\n\t\t\n\t\t\n\t\t\t\t\t<img decoding=\"async\" width=\"320\" height=\"202\" src=\"https:\/\/balticwind.eu\/wp-content\/uploads\/2026\/08\/orsted-restores-dividend-2027-rights-issue-divestments-320x202.jpg\" class=\"attachment-blog-medium size-blog-medium lazyload wp-post-image\" alt=\"\" srcset=\"data:image\/svg+xml,%3Csvg%20xmlns%3D%27http%3A%2F%2Fwww.w3.org%2F2000%2Fsvg%27%20width%3D%271600%27%20height%3D%27900%27%20viewBox%3D%270%200%201600%20900%27%3E%3Crect%20width%3D%271600%27%20height%3D%27900%27%20fill-opacity%3D%220%22%2F%3E%3C%2Fsvg%3E\" data-orig-src=\"https:\/\/balticwind.eu\/wp-content\/uploads\/2026\/08\/orsted-restores-dividend-2027-rights-issue-divestments-320x202.jpg\" data-srcset=\"https:\/\/balticwind.eu\/wp-content\/uploads\/2026\/08\/orsted-restores-dividend-2027-rights-issue-divestments-320x202.jpg 320w, https:\/\/balticwind.eu\/wp-content\/uploads\/2026\/08\/orsted-restores-dividend-2027-rights-issue-divestments-700x441.jpg 700w\" data-sizes=\"auto\" \/>\n\t\n\n\n\t\t\t\t<\/a>\n\t\t\n\t\n<\/div>\n<\/li>\n\t\t\t\n\t\t\t\n\t\t\t\t\t\t\t\t\t\t\t\t\t\t\t\t\t\t\t\t\t\t\t\t\t\t\t\t\t\t\t\t\t\t\t\t\t\t\t\t\t\t\t\t\t\t\t\t\t\t\t\t\t\t\t\t\t\t\t\t\t\t\t\t\t\t\t\t<\/ul>\n\t<\/div>\n\t<div class=\"fusion-post-content post-content\"><h2 class=\"blog-shortcode-post-title entry-title\"><a href=\"https:\/\/balticwind.eu\/de\/oersted-kehrt-ab-2027-zur-dividende-zurueck-nach-kapitalerhoehung-und-verkaeufen\/\">\u00d8rsted kehrt ab 2027 zur Dividende zur\u00fcck \u2013 nach Kapitalerh\u00f6hung und Verk\u00e4ufen<\/a><\/h2><p class=\"fusion-single-line-meta\"><a href=\"https:\/\/balticwind.eu\/de\/category\/daenemark\/\" rel=\"category tag\">D\u00e4nemark<\/a>, <a href=\"https:\/\/balticwind.eu\/de\/category\/offshore-wind-aktuell\/\" rel=\"category tag\">Offshore-Wind Aktuell<\/a><span class=\"fusion-inline-sep\">|<\/span><\/p><div class=\"fusion-post-content-container\"><p>\u00d8rsted nimmt die Dividende f\u00fcr 2026 wieder auf, erste Aussch\u00fcttung 2027 \u2013 nach einer Kapitalerh\u00f6hung von 9,35 Mrd. US-Dollar und abgeschlossenem Verkaufsprogramm.<\/p><\/div><\/div><div class=\"fusion-clearfix\"><\/div><\/article>\n<article id=\"blog-2-post-48001\" class=\"fusion-post-medium-alternate post-48001 post type-post status-publish format-standard has-post-thumbnail hentry category-offshore-wind-aktuell category-regulierung\">\n<div class=\"fusion-date-and-formats\"><div class=\"fusion-date-box updated\"><span class=\"fusion-date\">24<\/span><span class=\"fusion-month-year\">08, 2026<\/span><\/div><div class=\"fusion-format-box\"><i class=\"fusion-icon-pen\" aria-hidden=\"true\"><\/i><\/div><\/div>\t<style type=\"text\/css\">\n\t\t\n\t\t\n\t\t\n\t\t\n\t\t\t<\/style>\n\n\n\t\t\t<div class=\"fusion-flexslider flexslider fusion-flexslider-loading fusion-post-slideshow\" style=\"\">\n\t\t<ul class=\"slides\">\n\t\t\t\n\t\t\t\t\t\t\t\t\t\t\t\t\t\t<li>\n\n<div  class=\"fusion-image-wrapper fusion-image-size-fixed\" aria-haspopup=\"true\">\n\t\n\t\n\t\t\t\n\t\t\t\t<a href=\"https:\/\/balticwind.eu\/de\/tuerkei-bereitet-erste-offshore-wind-ausschreibung-vor-5-gw-bis-2035\/\" aria-label=\"T\u00fcrkei bereitet erste Offshore-Wind-Ausschreibung vor \u2013 5 GW bis 2035\">\n\t\t\n\t\t\n\t\t\t\t\t<img decoding=\"async\" width=\"320\" height=\"202\" src=\"https:\/\/balticwind.eu\/wp-content\/uploads\/2026\/08\/turkey-first-offshore-wind-yeka-tender-1-gw-2027-320x202.jpg\" class=\"attachment-blog-medium size-blog-medium lazyload wp-post-image\" alt=\"\" srcset=\"data:image\/svg+xml,%3Csvg%20xmlns%3D%27http%3A%2F%2Fwww.w3.org%2F2000%2Fsvg%27%20width%3D%271600%27%20height%3D%27900%27%20viewBox%3D%270%200%201600%20900%27%3E%3Crect%20width%3D%271600%27%20height%3D%27900%27%20fill-opacity%3D%220%22%2F%3E%3C%2Fsvg%3E\" data-orig-src=\"https:\/\/balticwind.eu\/wp-content\/uploads\/2026\/08\/turkey-first-offshore-wind-yeka-tender-1-gw-2027-320x202.jpg\" data-srcset=\"https:\/\/balticwind.eu\/wp-content\/uploads\/2026\/08\/turkey-first-offshore-wind-yeka-tender-1-gw-2027-320x202.jpg 320w, https:\/\/balticwind.eu\/wp-content\/uploads\/2026\/08\/turkey-first-offshore-wind-yeka-tender-1-gw-2027-700x441.jpg 700w\" data-sizes=\"auto\" \/>\n\t\n\n\n\t\t\t\t<\/a>\n\t\t\n\t\n<\/div>\n<\/li>\n\t\t\t\n\t\t\t\n\t\t\t\t\t\t\t\t\t\t\t\t\t\t\t\t\t\t\t\t\t\t\t\t\t\t\t\t\t\t\t\t\t\t\t\t\t\t\t\t\t\t\t\t\t\t\t\t\t\t\t\t\t\t\t\t\t\t\t\t\t\t\t\t\t\t\t\t<\/ul>\n\t<\/div>\n\t<div class=\"fusion-post-content post-content\"><h2 class=\"blog-shortcode-post-title entry-title\"><a href=\"https:\/\/balticwind.eu\/de\/tuerkei-bereitet-erste-offshore-wind-ausschreibung-vor-5-gw-bis-2035\/\">T\u00fcrkei bereitet erste Offshore-Wind-Ausschreibung vor \u2013 5 GW bis 2035<\/a><\/h2><p class=\"fusion-single-line-meta\"><a href=\"https:\/\/balticwind.eu\/de\/category\/offshore-wind-aktuell\/\" rel=\"category tag\">Offshore-Wind Aktuell<\/a>, <a href=\"https:\/\/balticwind.eu\/de\/category\/regulierung\/\" rel=\"category tag\">Regulierung<\/a><span class=\"fusion-inline-sep\">|<\/span><\/p><div class=\"fusion-post-content-container\"><p>Die T\u00fcrkei hat einen Entwurf f\u00fcr eine 1-GW-Offshore-YEKA-Ausschreibung mit vier \u00c4g\u00e4is-Gebieten vorgelegt. Auktion im 1. Quartal 2027, Ziel 5 GW bis 2035.<\/p><\/div><\/div><div class=\"fusion-clearfix\"><\/div><\/article>\n<article id=\"blog-2-post-47995\" class=\"fusion-post-medium-alternate post-47995 post type-post status-publish format-standard has-post-thumbnail hentry category-deutschland category-offshore-wind-aktuell category-projekte\">\n<div class=\"fusion-date-and-formats\"><div class=\"fusion-date-box updated\"><span class=\"fusion-date\">24<\/span><span class=\"fusion-month-year\">08, 2026<\/span><\/div><div class=\"fusion-format-box\"><i class=\"fusion-icon-pen\" aria-hidden=\"true\"><\/i><\/div><\/div>\t<style type=\"text\/css\">\n\t\t\n\t\t\n\t\t\n\t\t\n\t\t\t<\/style>\n\n\n\t\t\t<div class=\"fusion-flexslider flexslider fusion-flexslider-loading fusion-post-slideshow\" style=\"\">\n\t\t<ul class=\"slides\">\n\t\t\t\n\t\t\t\t\t\t\t\t\t\t\t\t\t\t<li>\n\n<div  class=\"fusion-image-wrapper fusion-image-size-fixed\" aria-haspopup=\"true\">\n\t\n\t\n\t\t\t\n\t\t\t\t<a href=\"https:\/\/balticwind.eu\/de\/enbw-schliesst-turbineninstallation-im-groessten-deutschen-offshore-windpark-ab\/\" aria-label=\"EnBW schlie\u00dft Turbineninstallation im gr\u00f6\u00dften deutschen Offshore-Windpark ab\">\n\t\t\n\t\t\n\t\t\t\t\t<img decoding=\"async\" width=\"320\" height=\"202\" src=\"https:\/\/balticwind.eu\/wp-content\/uploads\/2026\/08\/enbw-he-dreiht-all-64-turbines-installed-germany-largest-offshore-320x202.jpg\" class=\"attachment-blog-medium size-blog-medium lazyload wp-post-image\" alt=\"\" srcset=\"data:image\/svg+xml,%3Csvg%20xmlns%3D%27http%3A%2F%2Fwww.w3.org%2F2000%2Fsvg%27%20width%3D%271600%27%20height%3D%27900%27%20viewBox%3D%270%200%201600%20900%27%3E%3Crect%20width%3D%271600%27%20height%3D%27900%27%20fill-opacity%3D%220%22%2F%3E%3C%2Fsvg%3E\" data-orig-src=\"https:\/\/balticwind.eu\/wp-content\/uploads\/2026\/08\/enbw-he-dreiht-all-64-turbines-installed-germany-largest-offshore-320x202.jpg\" data-srcset=\"https:\/\/balticwind.eu\/wp-content\/uploads\/2026\/08\/enbw-he-dreiht-all-64-turbines-installed-germany-largest-offshore-320x202.jpg 320w, https:\/\/balticwind.eu\/wp-content\/uploads\/2026\/08\/enbw-he-dreiht-all-64-turbines-installed-germany-largest-offshore-700x441.jpg 700w\" data-sizes=\"auto\" \/>\n\t\n\n\n\t\t\t\t<\/a>\n\t\t\n\t\n<\/div>\n<\/li>\n\t\t\t\n\t\t\t\n\t\t\t\t\t\t\t\t\t\t\t\t\t\t\t\t\t\t\t\t\t\t\t\t\t\t\t\t\t\t\t\t\t\t\t\t\t\t\t\t\t\t\t\t\t\t\t\t\t\t\t\t\t\t\t\t\t\t\t\t\t\t\t\t\t\t\t\t<\/ul>\n\t<\/div>\n\t<div class=\"fusion-post-content post-content\"><h2 class=\"blog-shortcode-post-title entry-title\"><a href=\"https:\/\/balticwind.eu\/de\/enbw-schliesst-turbineninstallation-im-groessten-deutschen-offshore-windpark-ab\/\">EnBW schlie\u00dft Turbineninstallation im gr\u00f6\u00dften deutschen Offshore-Windpark ab<\/a><\/h2><p class=\"fusion-single-line-meta\"><a href=\"https:\/\/balticwind.eu\/de\/category\/deutschland\/\" rel=\"category tag\">Deutschland<\/a>, <a href=\"https:\/\/balticwind.eu\/de\/category\/offshore-wind-aktuell\/\" rel=\"category tag\">Offshore-Wind Aktuell<\/a>, <a href=\"https:\/\/balticwind.eu\/de\/category\/projekte\/\" rel=\"category tag\">Projekte<\/a><span class=\"fusion-inline-sep\">|<\/span><\/p><div class=\"fusion-post-content-container\"><p>Alle 64 Vestas-15-MW-Anlagen im 960-MW-Park He Dreiht sind installiert \u2014 Deutschlands gr\u00f6\u00dfter Offshore-Windpark, f\u00f6rderfrei und \u00fcber Unternehmens-PPAs abgesichert.<\/p><\/div><\/div><div class=\"fusion-clearfix\"><\/div><\/article>\n<article id=\"blog-2-post-47989\" class=\"fusion-post-medium-alternate post-47989 post type-post status-publish format-standard has-post-thumbnail hentry category-deutschland category-offshore-wind-aktuell category-regulierung\">\n<div class=\"fusion-date-and-formats\"><div class=\"fusion-date-box updated\"><span class=\"fusion-date\">24<\/span><span class=\"fusion-month-year\">08, 2026<\/span><\/div><div class=\"fusion-format-box\"><i class=\"fusion-icon-pen\" aria-hidden=\"true\"><\/i><\/div><\/div>\t<style type=\"text\/css\">\n\t\t\n\t\t\n\t\t\n\t\t\n\t\t\t<\/style>\n\n\n\t\t\t<div class=\"fusion-flexslider flexslider fusion-flexslider-loading fusion-post-slideshow\" style=\"\">\n\t\t<ul class=\"slides\">\n\t\t\t\n\t\t\t\t\t\t\t\t\t\t\t\t\t\t<li>\n\n<div  class=\"fusion-image-wrapper fusion-image-size-fixed\" aria-haspopup=\"true\">\n\t\n\t\n\t\t\t\n\t\t\t\t<a href=\"https:\/\/balticwind.eu\/de\/offshore-branche-draengt-nach-nullrunde-auf-differenzvertraege\/\" aria-label=\"Offshore-Branche dr\u00e4ngt nach Nullrunde auf Differenzvertr\u00e4ge\">\n\t\t\n\t\t\n\t\t\t\t\t<img decoding=\"async\" width=\"320\" height=\"202\" src=\"https:\/\/balticwind.eu\/wp-content\/uploads\/2026\/08\/germany-windseeg-amendment-contracts-for-difference-zero-bid-round-320x202.jpg\" class=\"attachment-blog-medium size-blog-medium lazyload wp-post-image\" alt=\"\" srcset=\"data:image\/svg+xml,%3Csvg%20xmlns%3D%27http%3A%2F%2Fwww.w3.org%2F2000%2Fsvg%27%20width%3D%271600%27%20height%3D%27900%27%20viewBox%3D%270%200%201600%20900%27%3E%3Crect%20width%3D%271600%27%20height%3D%27900%27%20fill-opacity%3D%220%22%2F%3E%3C%2Fsvg%3E\" data-orig-src=\"https:\/\/balticwind.eu\/wp-content\/uploads\/2026\/08\/germany-windseeg-amendment-contracts-for-difference-zero-bid-round-320x202.jpg\" data-srcset=\"https:\/\/balticwind.eu\/wp-content\/uploads\/2026\/08\/germany-windseeg-amendment-contracts-for-difference-zero-bid-round-320x202.jpg 320w, https:\/\/balticwind.eu\/wp-content\/uploads\/2026\/08\/germany-windseeg-amendment-contracts-for-difference-zero-bid-round-700x441.jpg 700w\" data-sizes=\"auto\" \/>\n\t\n\n\n\t\t\t\t<\/a>\n\t\t\n\t\n<\/div>\n<\/li>\n\t\t\t\n\t\t\t\n\t\t\t\t\t\t\t\t\t\t\t\t\t\t\t\t\t\t\t\t\t\t\t\t\t\t\t\t\t\t\t\t\t\t\t\t\t\t\t\t\t\t\t\t\t\t\t\t\t\t\t\t\t\t\t\t\t\t\t\t\t\t\t\t\t\t\t\t<\/ul>\n\t<\/div>\n\t<div class=\"fusion-post-content post-content\"><h2 class=\"blog-shortcode-post-title entry-title\"><a href=\"https:\/\/balticwind.eu\/de\/offshore-branche-draengt-nach-nullrunde-auf-differenzvertraege\/\">Offshore-Branche dr\u00e4ngt nach Nullrunde auf Differenzvertr\u00e4ge<\/a><\/h2><p class=\"fusion-single-line-meta\"><a href=\"https:\/\/balticwind.eu\/de\/category\/deutschland\/\" rel=\"category tag\">Deutschland<\/a>, <a href=\"https:\/\/balticwind.eu\/de\/category\/offshore-wind-aktuell\/\" rel=\"category tag\">Offshore-Wind Aktuell<\/a>, <a href=\"https:\/\/balticwind.eu\/de\/category\/regulierung\/\" rel=\"category tag\">Regulierung<\/a><span class=\"fusion-inline-sep\">|<\/span><\/p><div class=\"fusion-post-content-container\"><p>Nach der Nullrunde sieht der WindSeeG-Entwurf 2.000-4.800 MW Jahresvolumen, zweiseitige CfD und 35 Jahre Betriebsdauer vor. Der Branche reicht das nicht.<\/p><\/div><\/div><div class=\"fusion-clearfix\"><\/div><\/article>\n<\/div><div class=\"fusion-infinite-scroll-trigger\"><\/div><div class=\"pagination infinite-scroll clearfix\" style=\"display:none;\"><span class=\"current\">1<\/span><a href=\"https:\/\/balticwind.eu\/de\/wp-json\/wp\/v2\/pages\/47680\/page\/2\/\" class=\"inactive\">2<\/a><a class=\"pagination-next\" rel=\"next\" href=\"https:\/\/balticwind.eu\/de\/wp-json\/wp\/v2\/pages\/47680\/page\/2\/\"><span class=\"page-text\">Next<\/span><span class=\"page-next\"><\/span><\/a><\/div><div class=\"fusion-clearfix\"><\/div><button class=\"fusion-load-more-button fusion-blog-button fusion-clearfix\">Load More Posts<\/button><\/div><div class=\"fusion-separator\" style=\"align-self: center;margin-left: auto;margin-right: auto;margin-bottom:10px;width:100%;max-width:80%;\"><div class=\"fusion-separator-border sep-single sep-solid\" style=\"border-color:#1f2a3b;border-top-width:12px;\"><\/div><\/div><\/div><style type=\"text\/css\">.fusion-body .fusion-builder-nested-column-0{width:66.666666666667% !important;margin-top : 0px;margin-bottom : 20px;}.fusion-builder-nested-column-0 > .fusion-column-wrapper {padding-top : 0px !important;padding-right : 0px !important;margin-right : 2.88%;padding-bottom : 0px !important;padding-left : 0px !important;margin-left : 2.88%;}@media only screen and (max-width:1024px) {.fusion-body .fusion-builder-nested-column-0{width:100% !important;order : 0;}.fusion-builder-nested-column-0 > .fusion-column-wrapper {margin-right : 1.92%;margin-left : 1.92%;}}@media only screen and (max-width:640px) {.fusion-body .fusion-builder-nested-column-0{width:100% !important;order : 0;}.fusion-builder-nested-column-0 > .fusion-column-wrapper {margin-right : 1.92%;margin-left : 1.92%;}}<\/style><\/div><div class=\"fusion-layout-column fusion_builder_column_inner fusion-builder-nested-column-1 fusion_builder_column_inner_1_3 1_3 fusion-flex-column\"><div class=\"fusion-column-wrapper fusion-flex-justify-content-flex-start fusion-content-layout-column\" style=\"background-position:left top;background-repeat:no-repeat;-webkit-background-size:cover;-moz-background-size:cover;-o-background-size:cover;background-size:cover;padding: 0px 0px 0px 0px;\"><div class=\"fusion-image-carousel fusion-image-carousel-auto fusion-carousel-border\"><div class=\"fusion-carousel\" data-autoplay=\"yes\" data-columns=\"1\" data-itemmargin=\"13\" data-itemwidth=\"180\" data-touchscroll=\"no\" data-imagesize=\"auto\"><div class=\"fusion-carousel-positioner\"><ul class=\"fusion-carousel-holder\"><li class=\"fusion-carousel-item\"><div class=\"fusion-carousel-item-wrapper\"><div class=\"fusion-image-wrapper hover-type-none\"><a href=\"https:\/\/www.balticwindsummit.eu\" target=\"_self\"><img decoding=\"async\" width=\"1000\" height=\"3500\" src=\"https:\/\/balticwind.eu\/wp-content\/uploads\/2025\/06\/Copy-of-BSOWS-PLANSZE-2100-x-3000-px-1050-x-300-px-1000-x-3500-px-1.png\" class=\"attachment-full size-full lazyload\" alt=\"\" srcset=\"data:image\/svg+xml,%3Csvg%20xmlns%3D%27http%3A%2F%2Fwww.w3.org%2F2000%2Fsvg%27%20width%3D%271000%27%20height%3D%273500%27%20viewBox%3D%270%200%201000%203500%27%3E%3Crect%20width%3D%271000%27%20height%3D%273500%27%20fill-opacity%3D%220%22%2F%3E%3C%2Fsvg%3E\" data-orig-src=\"https:\/\/balticwind.eu\/wp-content\/uploads\/2025\/06\/Copy-of-BSOWS-PLANSZE-2100-x-3000-px-1050-x-300-px-1000-x-3500-px-1.png\" data-srcset=\"https:\/\/balticwind.eu\/wp-content\/uploads\/2025\/06\/Copy-of-BSOWS-PLANSZE-2100-x-3000-px-1050-x-300-px-1000-x-3500-px-1-86x300.png 86w, https:\/\/balticwind.eu\/wp-content\/uploads\/2025\/06\/Copy-of-BSOWS-PLANSZE-2100-x-3000-px-1050-x-300-px-1000-x-3500-px-1-200x700.png 200w, https:\/\/balticwind.eu\/wp-content\/uploads\/2025\/06\/Copy-of-BSOWS-PLANSZE-2100-x-3000-px-1050-x-300-px-1000-x-3500-px-1-400x1400.png 400w, https:\/\/balticwind.eu\/wp-content\/uploads\/2025\/06\/Copy-of-BSOWS-PLANSZE-2100-x-3000-px-1050-x-300-px-1000-x-3500-px-1-439x1536.png 439w, https:\/\/balticwind.eu\/wp-content\/uploads\/2025\/06\/Copy-of-BSOWS-PLANSZE-2100-x-3000-px-1050-x-300-px-1000-x-3500-px-1-585x2048.png 585w, https:\/\/balticwind.eu\/wp-content\/uploads\/2025\/06\/Copy-of-BSOWS-PLANSZE-2100-x-3000-px-1050-x-300-px-1000-x-3500-px-1-600x2100.png 600w, https:\/\/balticwind.eu\/wp-content\/uploads\/2025\/06\/Copy-of-BSOWS-PLANSZE-2100-x-3000-px-1050-x-300-px-1000-x-3500-px-1-768x2688.png 768w, https:\/\/balticwind.eu\/wp-content\/uploads\/2025\/06\/Copy-of-BSOWS-PLANSZE-2100-x-3000-px-1050-x-300-px-1000-x-3500-px-1-800x2800.png 800w, https:\/\/balticwind.eu\/wp-content\/uploads\/2025\/06\/Copy-of-BSOWS-PLANSZE-2100-x-3000-px-1050-x-300-px-1000-x-3500-px-1.png 1000w\" data-sizes=\"auto\" \/><\/a><\/div><\/div><\/li><\/ul><\/div><\/div><\/div><\/div><style type=\"text\/css\">.fusion-body .fusion-builder-nested-column-1{width:33.333333333333% !important;margin-top : 0px;margin-bottom : 20px;}.fusion-builder-nested-column-1 > .fusion-column-wrapper {padding-top : 0px !important;padding-right : 0px !important;margin-right : 5.76%;padding-bottom : 0px !important;padding-left : 0px !important;margin-left : 5.76%;}@media only screen and (max-width:1024px) {.fusion-body .fusion-builder-nested-column-1{width:100% !important;order : 0;}.fusion-builder-nested-column-1 > .fusion-column-wrapper {margin-right : 1.92%;margin-left : 1.92%;}}@media only screen and (max-width:640px) {.fusion-body .fusion-builder-nested-column-1{width:100% !important;order : 0;}.fusion-builder-nested-column-1 > .fusion-column-wrapper {margin-right : 1.92%;margin-left : 1.92%;}}<\/style><\/div><\/div><\/div><style type=\"text\/css\">.fusion-body .fusion-builder-column-4{width:100% !important;margin-top : 0px;margin-bottom : 20px;}.fusion-builder-column-4 > .fusion-column-wrapper {padding-top : 0px !important;padding-right : 0px !important;margin-right : 1.92%;padding-bottom : 0px !important;padding-left : 0px !important;margin-left : 1.92%;}@media only screen and (max-width:1024px) {.fusion-body .fusion-builder-column-4{width:100% !important;order : 0;}.fusion-builder-column-4 > .fusion-column-wrapper {margin-right : 1.92%;margin-left : 1.92%;}}@media only screen and (max-width:640px) {.fusion-body .fusion-builder-column-4{width:100% !important;order : 0;}.fusion-builder-column-4 > .fusion-column-wrapper {margin-right : 1.92%;margin-left : 1.92%;}}<\/style><\/div><\/div><style type=\"text\/css\">.fusion-body .fusion-flex-container.fusion-builder-row-5{ padding-top : 5px;margin-top : 0px;padding-right : 0px;padding-bottom : 0px;margin-bottom : 0px;padding-left : 0px;}<\/style><\/div><div class=\"fusion-fullwidth fullwidth-box fusion-builder-row-6 fusion-flex-container nonhundred-percent-fullwidth non-hundred-percent-height-scrolling fusion-no-large-visibility\" style=\"background-color: rgba(255,255,255,0);background-position: center center;background-repeat: no-repeat;border-width: 0px 0px 0px 0px;border-color:#eaeaea;border-style:solid;\" ><div class=\"fusion-builder-row fusion-row fusion-flex-align-items-flex-start\" style=\"max-width:1289.6px;margin-left: calc(-4% \/ 2 );margin-right: calc(-4% \/ 2 );\"><div class=\"fusion-layout-column fusion_builder_column fusion-builder-column-5 fusion_builder_column_1_1 1_1 fusion-flex-column\"><div class=\"fusion-column-wrapper fusion-flex-justify-content-flex-start fusion-content-layout-column\" style=\"background-position:left top;background-repeat:no-repeat;-webkit-background-size:cover;-moz-background-size:cover;-o-background-size:cover;background-size:cover;padding: 0px 0px 0px 0px;\"><div class=\"fusion-recent-posts fusion-recent-posts-2 avada-container layout-thumbnails-on-side layout-columns-1 fusion-recent-posts-infinite fusion-recent-posts-load-more klasa\" data-pages=\"8\"><section class=\"fusion-columns columns fusion-columns-1 columns-1\"><article class=\"post fusion-column column col col-lg-12 col-md-12 col-sm-12 fusion-animated\" data-animationType=\"fadeInDown\" data-animationDuration=\"0.6\" data-animationOffset=\"100%\"><div class=\"fusion-flexslider fusion-flexslider-loading flexslider floated-slideshow flexslider-hover-type-zoomout\"><ul class=\"slides\"><li><a href=\"https:\/\/balticwind.eu\/de\/subsea-cable-assets-startet-karussellvermietung-mit-4-000-und-6-000-tonnen-systemen\/\" aria-label=\"Subsea Cable Assets startet Karussellvermietung mit 4.000- und 6.000-Tonnen-Systemen\" class=\"hover-type-zoomout\"><img decoding=\"async\" width=\"200\" height=\"113\" src=\"https:\/\/balticwind.eu\/wp-content\/uploads\/2026\/09\/subsea-cable-carousel-offshore-wind-supply-chain-200x113.jpg\" class=\"attachment-fusion-200 size-fusion-200 lazyload\" alt=\"\" srcset=\"data:image\/svg+xml,%3Csvg%20xmlns%3D%27http%3A%2F%2Fwww.w3.org%2F2000%2Fsvg%27%20width%3D%271600%27%20height%3D%27900%27%20viewBox%3D%270%200%201600%20900%27%3E%3Crect%20width%3D%271600%27%20height%3D%27900%27%20fill-opacity%3D%220%22%2F%3E%3C%2Fsvg%3E\" data-orig-src=\"https:\/\/balticwind.eu\/wp-content\/uploads\/2026\/09\/subsea-cable-carousel-offshore-wind-supply-chain-200x113.jpg\" data-srcset=\"https:\/\/balticwind.eu\/wp-content\/uploads\/2026\/09\/subsea-cable-carousel-offshore-wind-supply-chain-200x113.jpg 200w, https:\/\/balticwind.eu\/wp-content\/uploads\/2026\/09\/subsea-cable-carousel-offshore-wind-supply-chain-300x169.jpg 300w, https:\/\/balticwind.eu\/wp-content\/uploads\/2026\/09\/subsea-cable-carousel-offshore-wind-supply-chain-400x225.jpg 400w, https:\/\/balticwind.eu\/wp-content\/uploads\/2026\/09\/subsea-cable-carousel-offshore-wind-supply-chain-600x338.jpg 600w, https:\/\/balticwind.eu\/wp-content\/uploads\/2026\/09\/subsea-cable-carousel-offshore-wind-supply-chain-768x432.jpg 768w, https:\/\/balticwind.eu\/wp-content\/uploads\/2026\/09\/subsea-cable-carousel-offshore-wind-supply-chain-800x450.jpg 800w, https:\/\/balticwind.eu\/wp-content\/uploads\/2026\/09\/subsea-cable-carousel-offshore-wind-supply-chain-1024x576.jpg 1024w, https:\/\/balticwind.eu\/wp-content\/uploads\/2026\/09\/subsea-cable-carousel-offshore-wind-supply-chain-1200x675.jpg 1200w, https:\/\/balticwind.eu\/wp-content\/uploads\/2026\/09\/subsea-cable-carousel-offshore-wind-supply-chain-1536x864.jpg 1536w, https:\/\/balticwind.eu\/wp-content\/uploads\/2026\/09\/subsea-cable-carousel-offshore-wind-supply-chain.jpg 1600w\" data-sizes=\"auto\" \/><\/a><\/li><\/ul><\/div><div class=\"recent-posts-content\"><h4 class=\"entry-title\"><a style=\"color: #1f2a3b !important;\" href=\"https:\/\/balticwind.eu\/de\/subsea-cable-assets-startet-karussellvermietung-mit-4-000-und-6-000-tonnen-systemen\/\">Subsea Cable Assets startet Karussellvermietung mit 4.000- und 6.000-Tonnen-Systemen<\/a><\/h4><p class=\"meta\"><a href=\"https:\/\/balticwind.eu\/de\/category\/offshore-wind-aktuell\/\" rel=\"category tag\">Offshore-Wind Aktuell<\/a>, <a href=\"https:\/\/balticwind.eu\/de\/category\/technologie\/\" rel=\"category tag\">Technologie<\/a><span class=\"fusion-inline-sep\">|<\/span><\/p><\/div><\/article><article class=\"post fusion-column column col col-lg-12 col-md-12 col-sm-12 fusion-animated\" data-animationType=\"fadeInDown\" data-animationDuration=\"0.6\" data-animationOffset=\"100%\"><div class=\"fusion-flexslider fusion-flexslider-loading flexslider floated-slideshow flexslider-hover-type-zoomout\"><ul class=\"slides\"><li><a href=\"https:\/\/balticwind.eu\/de\/warum-die-naechsten-megawatt-der-onshore-windkraft-an-bereits-bestehenden-standorten-entstehen\/\" aria-label=\"Warum die n\u00e4chsten Megawatt der Onshore-Windkraft an bereits bestehenden Standorten entstehen\" class=\"hover-type-zoomout\"><img decoding=\"async\" width=\"200\" height=\"113\" src=\"https:\/\/balticwind.eu\/wp-content\/uploads\/2026\/08\/onshore-wind-farm-repowering-existing-site-200x113.jpg\" class=\"attachment-fusion-200 size-fusion-200 lazyload\" alt=\"\" srcset=\"data:image\/svg+xml,%3Csvg%20xmlns%3D%27http%3A%2F%2Fwww.w3.org%2F2000%2Fsvg%27%20width%3D%271600%27%20height%3D%27900%27%20viewBox%3D%270%200%201600%20900%27%3E%3Crect%20width%3D%271600%27%20height%3D%27900%27%20fill-opacity%3D%220%22%2F%3E%3C%2Fsvg%3E\" data-orig-src=\"https:\/\/balticwind.eu\/wp-content\/uploads\/2026\/08\/onshore-wind-farm-repowering-existing-site-200x113.jpg\" data-srcset=\"https:\/\/balticwind.eu\/wp-content\/uploads\/2026\/08\/onshore-wind-farm-repowering-existing-site-200x113.jpg 200w, https:\/\/balticwind.eu\/wp-content\/uploads\/2026\/08\/onshore-wind-farm-repowering-existing-site-300x169.jpg 300w, https:\/\/balticwind.eu\/wp-content\/uploads\/2026\/08\/onshore-wind-farm-repowering-existing-site-400x225.jpg 400w, https:\/\/balticwind.eu\/wp-content\/uploads\/2026\/08\/onshore-wind-farm-repowering-existing-site-600x338.jpg 600w, https:\/\/balticwind.eu\/wp-content\/uploads\/2026\/08\/onshore-wind-farm-repowering-existing-site-768x432.jpg 768w, https:\/\/balticwind.eu\/wp-content\/uploads\/2026\/08\/onshore-wind-farm-repowering-existing-site-800x450.jpg 800w, https:\/\/balticwind.eu\/wp-content\/uploads\/2026\/08\/onshore-wind-farm-repowering-existing-site-1024x576.jpg 1024w, https:\/\/balticwind.eu\/wp-content\/uploads\/2026\/08\/onshore-wind-farm-repowering-existing-site-1200x675.jpg 1200w, https:\/\/balticwind.eu\/wp-content\/uploads\/2026\/08\/onshore-wind-farm-repowering-existing-site-1536x864.jpg 1536w, https:\/\/balticwind.eu\/wp-content\/uploads\/2026\/08\/onshore-wind-farm-repowering-existing-site.jpg 1600w\" data-sizes=\"auto\" \/><\/a><\/li><\/ul><\/div><div class=\"recent-posts-content\"><h4 class=\"entry-title\"><a style=\"color: #1f2a3b !important;\" href=\"https:\/\/balticwind.eu\/de\/warum-die-naechsten-megawatt-der-onshore-windkraft-an-bereits-bestehenden-standorten-entstehen\/\">Warum die n\u00e4chsten Megawatt der Onshore-Windkraft an bereits bestehenden Standorten entstehen<\/a><\/h4><p class=\"meta\"><a href=\"https:\/\/balticwind.eu\/de\/category\/editors-choice-de\/\" rel=\"category tag\">Auswahl der Redaktion<\/a>, <a href=\"https:\/\/balticwind.eu\/de\/category\/deutschland\/\" rel=\"category tag\">Deutschland<\/a>, <a href=\"https:\/\/balticwind.eu\/de\/category\/onshore-wind-aktuell\/\" rel=\"category tag\">Onshore-Wind Aktuell<\/a>, <a href=\"https:\/\/balticwind.eu\/de\/category\/polen\/\" rel=\"category tag\">Polen<\/a>, <a href=\"https:\/\/balticwind.eu\/de\/category\/schweden\/\" rel=\"category tag\">Schweden<\/a><span class=\"fusion-inline-sep\">|<\/span><\/p><\/div><\/article><article class=\"post fusion-column column col col-lg-12 col-md-12 col-sm-12 fusion-animated\" data-animationType=\"fadeInDown\" data-animationDuration=\"0.6\" data-animationOffset=\"100%\"><div class=\"fusion-flexslider fusion-flexslider-loading flexslider floated-slideshow flexslider-hover-type-zoomout\"><ul class=\"slides\"><li><a href=\"https:\/\/balticwind.eu\/de\/esvagt-serviceschiff-erhaelt-bewegungsprognose-radar-fuer-sicherere-turbinenuebergaenge\/\" aria-label=\"ESVAGT-Serviceschiff erh\u00e4lt Bewegungsprognose-Radar f\u00fcr sicherere Turbinen\u00fcberg\u00e4nge\" class=\"hover-type-zoomout\"><img decoding=\"async\" width=\"200\" height=\"113\" src=\"https:\/\/balticwind.eu\/wp-content\/uploads\/2026\/08\/offshore-wind-service-vessel-turbines-north-sea-200x113.jpg\" class=\"attachment-fusion-200 size-fusion-200 lazyload\" alt=\"\" srcset=\"data:image\/svg+xml,%3Csvg%20xmlns%3D%27http%3A%2F%2Fwww.w3.org%2F2000%2Fsvg%27%20width%3D%271600%27%20height%3D%27900%27%20viewBox%3D%270%200%201600%20900%27%3E%3Crect%20width%3D%271600%27%20height%3D%27900%27%20fill-opacity%3D%220%22%2F%3E%3C%2Fsvg%3E\" data-orig-src=\"https:\/\/balticwind.eu\/wp-content\/uploads\/2026\/08\/offshore-wind-service-vessel-turbines-north-sea-200x113.jpg\" data-srcset=\"https:\/\/balticwind.eu\/wp-content\/uploads\/2026\/08\/offshore-wind-service-vessel-turbines-north-sea-200x113.jpg 200w, https:\/\/balticwind.eu\/wp-content\/uploads\/2026\/08\/offshore-wind-service-vessel-turbines-north-sea-300x169.jpg 300w, https:\/\/balticwind.eu\/wp-content\/uploads\/2026\/08\/offshore-wind-service-vessel-turbines-north-sea-400x225.jpg 400w, https:\/\/balticwind.eu\/wp-content\/uploads\/2026\/08\/offshore-wind-service-vessel-turbines-north-sea-600x338.jpg 600w, https:\/\/balticwind.eu\/wp-content\/uploads\/2026\/08\/offshore-wind-service-vessel-turbines-north-sea-768x432.jpg 768w, https:\/\/balticwind.eu\/wp-content\/uploads\/2026\/08\/offshore-wind-service-vessel-turbines-north-sea-800x450.jpg 800w, https:\/\/balticwind.eu\/wp-content\/uploads\/2026\/08\/offshore-wind-service-vessel-turbines-north-sea-1024x576.jpg 1024w, https:\/\/balticwind.eu\/wp-content\/uploads\/2026\/08\/offshore-wind-service-vessel-turbines-north-sea-1200x675.jpg 1200w, https:\/\/balticwind.eu\/wp-content\/uploads\/2026\/08\/offshore-wind-service-vessel-turbines-north-sea-1536x864.jpg 1536w, https:\/\/balticwind.eu\/wp-content\/uploads\/2026\/08\/offshore-wind-service-vessel-turbines-north-sea.jpg 1600w\" data-sizes=\"auto\" \/><\/a><\/li><\/ul><\/div><div class=\"recent-posts-content\"><h4 class=\"entry-title\"><a style=\"color: #1f2a3b !important;\" href=\"https:\/\/balticwind.eu\/de\/esvagt-serviceschiff-erhaelt-bewegungsprognose-radar-fuer-sicherere-turbinenuebergaenge\/\">ESVAGT-Serviceschiff erh\u00e4lt Bewegungsprognose-Radar f\u00fcr sicherere Turbinen\u00fcberg\u00e4nge<\/a><\/h4><p class=\"meta\"><a href=\"https:\/\/balticwind.eu\/de\/category\/daenemark\/\" rel=\"category tag\">D\u00e4nemark<\/a>, <a href=\"https:\/\/balticwind.eu\/de\/category\/offshore-wind-aktuell\/\" rel=\"category tag\">Offshore-Wind Aktuell<\/a>, <a href=\"https:\/\/balticwind.eu\/de\/category\/technologie\/\" rel=\"category tag\">Technologie<\/a><span class=\"fusion-inline-sep\">|<\/span><\/p><\/div><\/article><article class=\"post fusion-column column col col-lg-12 col-md-12 col-sm-12 fusion-animated\" data-animationType=\"fadeInDown\" data-animationDuration=\"0.6\" data-animationOffset=\"100%\"><div class=\"fusion-flexslider fusion-flexslider-loading flexslider floated-slideshow flexslider-hover-type-zoomout\"><ul class=\"slides\"><li><a href=\"https:\/\/balticwind.eu\/de\/perigus-energy-uebernimmt-genehmigtes-21-mw-windprojekt-olpe-rehringhausen-von-abo-energy\/\" aria-label=\"Perigus Energy \u00fcbernimmt genehmigtes 21-MW-Windprojekt Olpe-Rehringhausen von ABO Energy\" class=\"hover-type-zoomout\"><img decoding=\"async\" width=\"200\" height=\"133\" src=\"https:\/\/balticwind.eu\/wp-content\/uploads\/2026\/08\/perigus-energy-wind-turbine-olpe-rehringhausen-200x133.jpg\" class=\"attachment-fusion-200 size-fusion-200 lazyload\" alt=\"\" srcset=\"data:image\/svg+xml,%3Csvg%20xmlns%3D%27http%3A%2F%2Fwww.w3.org%2F2000%2Fsvg%27%20width%3D%272048%27%20height%3D%271364%27%20viewBox%3D%270%200%202048%201364%27%3E%3Crect%20width%3D%272048%27%20height%3D%271364%27%20fill-opacity%3D%220%22%2F%3E%3C%2Fsvg%3E\" data-orig-src=\"https:\/\/balticwind.eu\/wp-content\/uploads\/2026\/08\/perigus-energy-wind-turbine-olpe-rehringhausen-200x133.jpg\" data-srcset=\"https:\/\/balticwind.eu\/wp-content\/uploads\/2026\/08\/perigus-energy-wind-turbine-olpe-rehringhausen-200x133.jpg 200w, https:\/\/balticwind.eu\/wp-content\/uploads\/2026\/08\/perigus-energy-wind-turbine-olpe-rehringhausen-300x200.jpg 300w, https:\/\/balticwind.eu\/wp-content\/uploads\/2026\/08\/perigus-energy-wind-turbine-olpe-rehringhausen-400x266.jpg 400w, https:\/\/balticwind.eu\/wp-content\/uploads\/2026\/08\/perigus-energy-wind-turbine-olpe-rehringhausen-600x400.jpg 600w, https:\/\/balticwind.eu\/wp-content\/uploads\/2026\/08\/perigus-energy-wind-turbine-olpe-rehringhausen-768x512.jpg 768w, https:\/\/balticwind.eu\/wp-content\/uploads\/2026\/08\/perigus-energy-wind-turbine-olpe-rehringhausen-800x533.jpg 800w, https:\/\/balticwind.eu\/wp-content\/uploads\/2026\/08\/perigus-energy-wind-turbine-olpe-rehringhausen-1024x682.jpg 1024w, https:\/\/balticwind.eu\/wp-content\/uploads\/2026\/08\/perigus-energy-wind-turbine-olpe-rehringhausen-1200x799.jpg 1200w, https:\/\/balticwind.eu\/wp-content\/uploads\/2026\/08\/perigus-energy-wind-turbine-olpe-rehringhausen-1536x1023.jpg 1536w\" data-sizes=\"auto\" \/><\/a><\/li><\/ul><\/div><div class=\"recent-posts-content\"><h4 class=\"entry-title\"><a style=\"color: #1f2a3b !important;\" href=\"https:\/\/balticwind.eu\/de\/perigus-energy-uebernimmt-genehmigtes-21-mw-windprojekt-olpe-rehringhausen-von-abo-energy\/\">Perigus Energy \u00fcbernimmt genehmigtes 21-MW-Windprojekt Olpe-Rehringhausen von ABO Energy<\/a><\/h4><p class=\"meta\"><a href=\"https:\/\/balticwind.eu\/de\/category\/deutschland\/\" rel=\"category tag\">Deutschland<\/a>, <a href=\"https:\/\/balticwind.eu\/de\/category\/onshore-wind-aktuell\/\" rel=\"category tag\">Onshore-Wind Aktuell<\/a>, <a href=\"https:\/\/balticwind.eu\/de\/category\/projekte\/\" rel=\"category tag\">Projekte<\/a><span class=\"fusion-inline-sep\">|<\/span><\/p><\/div><\/article><article class=\"post fusion-column column col col-lg-12 col-md-12 col-sm-12 fusion-animated\" data-animationType=\"fadeInDown\" data-animationDuration=\"0.6\" data-animationOffset=\"100%\"><div class=\"fusion-flexslider fusion-flexslider-loading flexslider floated-slideshow flexslider-hover-type-zoomout\"><ul class=\"slides\"><li><a href=\"https:\/\/balticwind.eu\/de\/studie-erneuerbare-energien-stehen-fuer-31-000-arbeitsplaetze-in-der-metropolregion-hamburg\/\" aria-label=\"Studie: Erneuerbare Energien stehen f\u00fcr 31.000 Arbeitspl\u00e4tze in der Metropolregion Hamburg\" class=\"hover-type-zoomout\"><img decoding=\"async\" width=\"200\" height=\"113\" src=\"https:\/\/balticwind.eu\/wp-content\/uploads\/2026\/08\/wind-farm-germany-hamburg-renewables-cluster-200x113.jpg\" class=\"attachment-fusion-200 size-fusion-200 lazyload\" alt=\"\" srcset=\"data:image\/svg+xml,%3Csvg%20xmlns%3D%27http%3A%2F%2Fwww.w3.org%2F2000%2Fsvg%27%20width%3D%271600%27%20height%3D%27900%27%20viewBox%3D%270%200%201600%20900%27%3E%3Crect%20width%3D%271600%27%20height%3D%27900%27%20fill-opacity%3D%220%22%2F%3E%3C%2Fsvg%3E\" data-orig-src=\"https:\/\/balticwind.eu\/wp-content\/uploads\/2026\/08\/wind-farm-germany-hamburg-renewables-cluster-200x113.jpg\" data-srcset=\"https:\/\/balticwind.eu\/wp-content\/uploads\/2026\/08\/wind-farm-germany-hamburg-renewables-cluster-200x113.jpg 200w, https:\/\/balticwind.eu\/wp-content\/uploads\/2026\/08\/wind-farm-germany-hamburg-renewables-cluster-300x169.jpg 300w, https:\/\/balticwind.eu\/wp-content\/uploads\/2026\/08\/wind-farm-germany-hamburg-renewables-cluster-400x225.jpg 400w, https:\/\/balticwind.eu\/wp-content\/uploads\/2026\/08\/wind-farm-germany-hamburg-renewables-cluster-600x338.jpg 600w, https:\/\/balticwind.eu\/wp-content\/uploads\/2026\/08\/wind-farm-germany-hamburg-renewables-cluster-768x432.jpg 768w, https:\/\/balticwind.eu\/wp-content\/uploads\/2026\/08\/wind-farm-germany-hamburg-renewables-cluster-800x450.jpg 800w, https:\/\/balticwind.eu\/wp-content\/uploads\/2026\/08\/wind-farm-germany-hamburg-renewables-cluster-1024x576.jpg 1024w, https:\/\/balticwind.eu\/wp-content\/uploads\/2026\/08\/wind-farm-germany-hamburg-renewables-cluster-1200x675.jpg 1200w, https:\/\/balticwind.eu\/wp-content\/uploads\/2026\/08\/wind-farm-germany-hamburg-renewables-cluster-1536x864.jpg 1536w, https:\/\/balticwind.eu\/wp-content\/uploads\/2026\/08\/wind-farm-germany-hamburg-renewables-cluster.jpg 1600w\" data-sizes=\"auto\" \/><\/a><\/li><\/ul><\/div><div class=\"recent-posts-content\"><h4 class=\"entry-title\"><a style=\"color: #1f2a3b !important;\" href=\"https:\/\/balticwind.eu\/de\/studie-erneuerbare-energien-stehen-fuer-31-000-arbeitsplaetze-in-der-metropolregion-hamburg\/\">Studie: Erneuerbare Energien stehen f\u00fcr 31.000 Arbeitspl\u00e4tze in der Metropolregion Hamburg<\/a><\/h4><p class=\"meta\"><a href=\"https:\/\/balticwind.eu\/de\/category\/deutschland\/\" rel=\"category tag\">Deutschland<\/a>, <a href=\"https:\/\/balticwind.eu\/de\/category\/offshore-wind-aktuell\/\" rel=\"category tag\">Offshore-Wind Aktuell<\/a>, <a href=\"https:\/\/balticwind.eu\/de\/category\/onshore-wind-aktuell\/\" rel=\"category tag\">Onshore-Wind Aktuell<\/a><span class=\"fusion-inline-sep\">|<\/span><\/p><\/div><\/article><article class=\"post fusion-column column col col-lg-12 col-md-12 col-sm-12 fusion-animated\" data-animationType=\"fadeInDown\" data-animationDuration=\"0.6\" data-animationOffset=\"100%\"><div class=\"fusion-flexslider fusion-flexslider-loading flexslider floated-slideshow flexslider-hover-type-zoomout\"><ul class=\"slides\"><li><a href=\"https:\/\/balticwind.eu\/de\/riffmodule-fledermaussensoren-und-moewensender-wie-die-offshore-windkraft-ihre-biodiversitaetsdaten-aufbaut\/\" aria-label=\"Riffmodule, Fledermaussensoren und M\u00f6wensender: Wie die Offshore-Windkraft ihre Biodiversit\u00e4tsdaten aufbaut\" class=\"hover-type-zoomout\"><img decoding=\"async\" width=\"200\" height=\"113\" src=\"https:\/\/balticwind.eu\/wp-content\/uploads\/2026\/08\/offshore-wind-biodiversity-evidence-nature-inclusive-design-baltic-200x113.jpg\" class=\"attachment-fusion-200 size-fusion-200 lazyload\" alt=\"\" srcset=\"data:image\/svg+xml,%3Csvg%20xmlns%3D%27http%3A%2F%2Fwww.w3.org%2F2000%2Fsvg%27%20width%3D%271600%27%20height%3D%27900%27%20viewBox%3D%270%200%201600%20900%27%3E%3Crect%20width%3D%271600%27%20height%3D%27900%27%20fill-opacity%3D%220%22%2F%3E%3C%2Fsvg%3E\" data-orig-src=\"https:\/\/balticwind.eu\/wp-content\/uploads\/2026\/08\/offshore-wind-biodiversity-evidence-nature-inclusive-design-baltic-200x113.jpg\" data-srcset=\"https:\/\/balticwind.eu\/wp-content\/uploads\/2026\/08\/offshore-wind-biodiversity-evidence-nature-inclusive-design-baltic-200x113.jpg 200w, https:\/\/balticwind.eu\/wp-content\/uploads\/2026\/08\/offshore-wind-biodiversity-evidence-nature-inclusive-design-baltic-300x169.jpg 300w, https:\/\/balticwind.eu\/wp-content\/uploads\/2026\/08\/offshore-wind-biodiversity-evidence-nature-inclusive-design-baltic-400x225.jpg 400w, https:\/\/balticwind.eu\/wp-content\/uploads\/2026\/08\/offshore-wind-biodiversity-evidence-nature-inclusive-design-baltic-600x338.jpg 600w, https:\/\/balticwind.eu\/wp-content\/uploads\/2026\/08\/offshore-wind-biodiversity-evidence-nature-inclusive-design-baltic-768x432.jpg 768w, https:\/\/balticwind.eu\/wp-content\/uploads\/2026\/08\/offshore-wind-biodiversity-evidence-nature-inclusive-design-baltic-800x450.jpg 800w, https:\/\/balticwind.eu\/wp-content\/uploads\/2026\/08\/offshore-wind-biodiversity-evidence-nature-inclusive-design-baltic-1024x576.jpg 1024w, https:\/\/balticwind.eu\/wp-content\/uploads\/2026\/08\/offshore-wind-biodiversity-evidence-nature-inclusive-design-baltic-1200x675.jpg 1200w, https:\/\/balticwind.eu\/wp-content\/uploads\/2026\/08\/offshore-wind-biodiversity-evidence-nature-inclusive-design-baltic-1536x864.jpg 1536w, https:\/\/balticwind.eu\/wp-content\/uploads\/2026\/08\/offshore-wind-biodiversity-evidence-nature-inclusive-design-baltic.jpg 1600w\" data-sizes=\"auto\" \/><\/a><\/li><\/ul><\/div><div class=\"recent-posts-content\"><h4 class=\"entry-title\"><a style=\"color: #1f2a3b !important;\" href=\"https:\/\/balticwind.eu\/de\/riffmodule-fledermaussensoren-und-moewensender-wie-die-offshore-windkraft-ihre-biodiversitaetsdaten-aufbaut\/\">Riffmodule, Fledermaussensoren und M\u00f6wensender: Wie die Offshore-Windkraft ihre Biodiversit\u00e4tsdaten aufbaut<\/a><\/h4><p class=\"meta\"><a href=\"https:\/\/balticwind.eu\/de\/category\/editors-choice-de\/\" rel=\"category tag\">Auswahl der Redaktion<\/a>, <a href=\"https:\/\/balticwind.eu\/de\/category\/finnland\/\" rel=\"category tag\">Finnland<\/a>, <a href=\"https:\/\/balticwind.eu\/de\/category\/lettland\/\" rel=\"category tag\">Lettland<\/a>, <a href=\"https:\/\/balticwind.eu\/de\/category\/offshore-wind-aktuell\/\" rel=\"category tag\">Offshore-Wind Aktuell<\/a>, <a href=\"https:\/\/balticwind.eu\/de\/category\/technologie\/\" rel=\"category tag\">Technologie<\/a><span class=\"fusion-inline-sep\">|<\/span><\/p><\/div><\/article><article class=\"post fusion-column column col col-lg-12 col-md-12 col-sm-12 fusion-animated\" data-animationType=\"fadeInDown\" data-animationDuration=\"0.6\" data-animationOffset=\"100%\"><div class=\"fusion-flexslider fusion-flexslider-loading flexslider floated-slideshow flexslider-hover-type-zoomout\"><ul class=\"slides\"><li><a href=\"https:\/\/balticwind.eu\/de\/capcora-fuehrt-verkauf-des-32-gw-projektportfolios-von-sowitec\/\" aria-label=\"Capcora f\u00fchrt Verkauf des 32-GW-Projektportfolios von SOWITEC\" class=\"hover-type-zoomout\"><img decoding=\"async\" width=\"200\" height=\"200\" src=\"https:\/\/balticwind.eu\/wp-content\/uploads\/2026\/08\/capcora-mandated-sale-sowitec-wind-project-portfolio-200x200.jpg\" class=\"attachment-fusion-200 size-fusion-200 lazyload\" alt=\"\" srcset=\"data:image\/svg+xml,%3Csvg%20xmlns%3D%27http%3A%2F%2Fwww.w3.org%2F2000%2Fsvg%27%20width%3D%272048%27%20height%3D%272048%27%20viewBox%3D%270%200%202048%202048%27%3E%3Crect%20width%3D%272048%27%20height%3D%272048%27%20fill-opacity%3D%220%22%2F%3E%3C%2Fsvg%3E\" data-orig-src=\"https:\/\/balticwind.eu\/wp-content\/uploads\/2026\/08\/capcora-mandated-sale-sowitec-wind-project-portfolio-200x200.jpg\" data-srcset=\"https:\/\/balticwind.eu\/wp-content\/uploads\/2026\/08\/capcora-mandated-sale-sowitec-wind-project-portfolio-24x24.jpg 24w, https:\/\/balticwind.eu\/wp-content\/uploads\/2026\/08\/capcora-mandated-sale-sowitec-wind-project-portfolio-48x48.jpg 48w, https:\/\/balticwind.eu\/wp-content\/uploads\/2026\/08\/capcora-mandated-sale-sowitec-wind-project-portfolio-66x66.jpg 66w, https:\/\/balticwind.eu\/wp-content\/uploads\/2026\/08\/capcora-mandated-sale-sowitec-wind-project-portfolio-96x96.jpg 96w, https:\/\/balticwind.eu\/wp-content\/uploads\/2026\/08\/capcora-mandated-sale-sowitec-wind-project-portfolio-150x150.jpg 150w, https:\/\/balticwind.eu\/wp-content\/uploads\/2026\/08\/capcora-mandated-sale-sowitec-wind-project-portfolio-200x200.jpg 200w, https:\/\/balticwind.eu\/wp-content\/uploads\/2026\/08\/capcora-mandated-sale-sowitec-wind-project-portfolio-300x300.jpg 300w, https:\/\/balticwind.eu\/wp-content\/uploads\/2026\/08\/capcora-mandated-sale-sowitec-wind-project-portfolio-400x400.jpg 400w, https:\/\/balticwind.eu\/wp-content\/uploads\/2026\/08\/capcora-mandated-sale-sowitec-wind-project-portfolio-600x600.jpg 600w, https:\/\/balticwind.eu\/wp-content\/uploads\/2026\/08\/capcora-mandated-sale-sowitec-wind-project-portfolio-768x768.jpg 768w, https:\/\/balticwind.eu\/wp-content\/uploads\/2026\/08\/capcora-mandated-sale-sowitec-wind-project-portfolio-800x800.jpg 800w, https:\/\/balticwind.eu\/wp-content\/uploads\/2026\/08\/capcora-mandated-sale-sowitec-wind-project-portfolio-1024x1024.jpg 1024w, https:\/\/balticwind.eu\/wp-content\/uploads\/2026\/08\/capcora-mandated-sale-sowitec-wind-project-portfolio-1200x1200.jpg 1200w, https:\/\/balticwind.eu\/wp-content\/uploads\/2026\/08\/capcora-mandated-sale-sowitec-wind-project-portfolio-1536x1536.jpg 1536w\" data-sizes=\"auto\" \/><\/a><\/li><\/ul><\/div><div class=\"recent-posts-content\"><h4 class=\"entry-title\"><a style=\"color: #1f2a3b !important;\" href=\"https:\/\/balticwind.eu\/de\/capcora-fuehrt-verkauf-des-32-gw-projektportfolios-von-sowitec\/\">Capcora f\u00fchrt Verkauf des 32-GW-Projektportfolios von SOWITEC<\/a><\/h4><p class=\"meta\"><a href=\"https:\/\/balticwind.eu\/de\/category\/deutschland\/\" rel=\"category tag\">Deutschland<\/a>, <a href=\"https:\/\/balticwind.eu\/de\/category\/onshore-wind-aktuell\/\" rel=\"category tag\">Onshore-Wind Aktuell<\/a>, <a href=\"https:\/\/balticwind.eu\/de\/category\/projekte\/\" rel=\"category tag\">Projekte<\/a><span class=\"fusion-inline-sep\">|<\/span><\/p><\/div><\/article><article class=\"post fusion-column column col col-lg-12 col-md-12 col-sm-12 fusion-animated\" data-animationType=\"fadeInDown\" data-animationDuration=\"0.6\" data-animationOffset=\"100%\"><div class=\"fusion-flexslider fusion-flexslider-loading flexslider floated-slideshow flexslider-hover-type-zoomout\"><ul class=\"slides\"><li><a href=\"https:\/\/balticwind.eu\/de\/swinoujscie-und-szczecin-wie-westpommern-zur-industriebasis-der-polnischen-offshore-windkraft-wurde\/\" aria-label=\"\u015awinouj\u015bcie und Szczecin: Wie Westpommern zur Industriebasis der polnischen Offshore-Windkraft wurde\" class=\"hover-type-zoomout\"><img decoding=\"async\" width=\"200\" height=\"113\" src=\"https:\/\/balticwind.eu\/wp-content\/uploads\/2026\/08\/west-pomerania-poland-offshore-wind-industrial-base-200x113.jpg\" class=\"attachment-fusion-200 size-fusion-200 lazyload\" alt=\"\" srcset=\"data:image\/svg+xml,%3Csvg%20xmlns%3D%27http%3A%2F%2Fwww.w3.org%2F2000%2Fsvg%27%20width%3D%271600%27%20height%3D%27900%27%20viewBox%3D%270%200%201600%20900%27%3E%3Crect%20width%3D%271600%27%20height%3D%27900%27%20fill-opacity%3D%220%22%2F%3E%3C%2Fsvg%3E\" data-orig-src=\"https:\/\/balticwind.eu\/wp-content\/uploads\/2026\/08\/west-pomerania-poland-offshore-wind-industrial-base-200x113.jpg\" data-srcset=\"https:\/\/balticwind.eu\/wp-content\/uploads\/2026\/08\/west-pomerania-poland-offshore-wind-industrial-base-200x113.jpg 200w, https:\/\/balticwind.eu\/wp-content\/uploads\/2026\/08\/west-pomerania-poland-offshore-wind-industrial-base-300x169.jpg 300w, https:\/\/balticwind.eu\/wp-content\/uploads\/2026\/08\/west-pomerania-poland-offshore-wind-industrial-base-400x225.jpg 400w, https:\/\/balticwind.eu\/wp-content\/uploads\/2026\/08\/west-pomerania-poland-offshore-wind-industrial-base-600x338.jpg 600w, https:\/\/balticwind.eu\/wp-content\/uploads\/2026\/08\/west-pomerania-poland-offshore-wind-industrial-base-768x432.jpg 768w, https:\/\/balticwind.eu\/wp-content\/uploads\/2026\/08\/west-pomerania-poland-offshore-wind-industrial-base-800x450.jpg 800w, https:\/\/balticwind.eu\/wp-content\/uploads\/2026\/08\/west-pomerania-poland-offshore-wind-industrial-base-1024x576.jpg 1024w, https:\/\/balticwind.eu\/wp-content\/uploads\/2026\/08\/west-pomerania-poland-offshore-wind-industrial-base-1200x675.jpg 1200w, https:\/\/balticwind.eu\/wp-content\/uploads\/2026\/08\/west-pomerania-poland-offshore-wind-industrial-base-1536x864.jpg 1536w, https:\/\/balticwind.eu\/wp-content\/uploads\/2026\/08\/west-pomerania-poland-offshore-wind-industrial-base.jpg 1600w\" data-sizes=\"auto\" \/><\/a><\/li><\/ul><\/div><div class=\"recent-posts-content\"><h4 class=\"entry-title\"><a style=\"color: #1f2a3b !important;\" href=\"https:\/\/balticwind.eu\/de\/swinoujscie-und-szczecin-wie-westpommern-zur-industriebasis-der-polnischen-offshore-windkraft-wurde\/\">\u015awinouj\u015bcie und Szczecin: Wie Westpommern zur Industriebasis der polnischen Offshore-Windkraft wurde<\/a><\/h4><p class=\"meta\"><a href=\"https:\/\/balticwind.eu\/de\/category\/editors-choice-de\/\" rel=\"category tag\">Auswahl der Redaktion<\/a>, <a href=\"https:\/\/balticwind.eu\/de\/category\/offshore-wind-aktuell\/\" rel=\"category tag\">Offshore-Wind Aktuell<\/a>, <a href=\"https:\/\/balticwind.eu\/de\/category\/polen\/\" rel=\"category tag\">Polen<\/a>, <a href=\"https:\/\/balticwind.eu\/de\/category\/projekte\/\" rel=\"category tag\">Projekte<\/a><span class=\"fusion-inline-sep\">|<\/span><\/p><\/div><\/article><article class=\"post fusion-column column col col-lg-12 col-md-12 col-sm-12 fusion-animated\" data-animationType=\"fadeInDown\" data-animationDuration=\"0.6\" data-animationOffset=\"100%\"><div class=\"fusion-flexslider fusion-flexslider-loading flexslider floated-slideshow flexslider-hover-type-zoomout\"><ul class=\"slides\"><li><a href=\"https:\/\/balticwind.eu\/de\/electrum-betreut-in-polen-mehr-als-4-gw-erneuerbare-erzeugungsleistung\/\" aria-label=\"Electrum betreut in Polen mehr als 4 GW erneuerbare Erzeugungsleistung\" class=\"hover-type-zoomout\"><img decoding=\"async\" width=\"200\" height=\"113\" src=\"https:\/\/balticwind.eu\/wp-content\/uploads\/2026\/08\/onshore-wind-farm-poland-operations-maintenance-200x113.jpg\" class=\"attachment-fusion-200 size-fusion-200 lazyload\" alt=\"\" srcset=\"data:image\/svg+xml,%3Csvg%20xmlns%3D%27http%3A%2F%2Fwww.w3.org%2F2000%2Fsvg%27%20width%3D%271600%27%20height%3D%27900%27%20viewBox%3D%270%200%201600%20900%27%3E%3Crect%20width%3D%271600%27%20height%3D%27900%27%20fill-opacity%3D%220%22%2F%3E%3C%2Fsvg%3E\" data-orig-src=\"https:\/\/balticwind.eu\/wp-content\/uploads\/2026\/08\/onshore-wind-farm-poland-operations-maintenance-200x113.jpg\" data-srcset=\"https:\/\/balticwind.eu\/wp-content\/uploads\/2026\/08\/onshore-wind-farm-poland-operations-maintenance-200x113.jpg 200w, https:\/\/balticwind.eu\/wp-content\/uploads\/2026\/08\/onshore-wind-farm-poland-operations-maintenance-300x169.jpg 300w, https:\/\/balticwind.eu\/wp-content\/uploads\/2026\/08\/onshore-wind-farm-poland-operations-maintenance-400x225.jpg 400w, https:\/\/balticwind.eu\/wp-content\/uploads\/2026\/08\/onshore-wind-farm-poland-operations-maintenance-600x338.jpg 600w, https:\/\/balticwind.eu\/wp-content\/uploads\/2026\/08\/onshore-wind-farm-poland-operations-maintenance-768x432.jpg 768w, https:\/\/balticwind.eu\/wp-content\/uploads\/2026\/08\/onshore-wind-farm-poland-operations-maintenance-800x450.jpg 800w, https:\/\/balticwind.eu\/wp-content\/uploads\/2026\/08\/onshore-wind-farm-poland-operations-maintenance-1024x576.jpg 1024w, https:\/\/balticwind.eu\/wp-content\/uploads\/2026\/08\/onshore-wind-farm-poland-operations-maintenance-1200x675.jpg 1200w, https:\/\/balticwind.eu\/wp-content\/uploads\/2026\/08\/onshore-wind-farm-poland-operations-maintenance-1536x864.jpg 1536w, https:\/\/balticwind.eu\/wp-content\/uploads\/2026\/08\/onshore-wind-farm-poland-operations-maintenance.jpg 1600w\" data-sizes=\"auto\" \/><\/a><\/li><\/ul><\/div><div class=\"recent-posts-content\"><h4 class=\"entry-title\"><a style=\"color: #1f2a3b !important;\" href=\"https:\/\/balticwind.eu\/de\/electrum-betreut-in-polen-mehr-als-4-gw-erneuerbare-erzeugungsleistung\/\">Electrum betreut in Polen mehr als 4 GW erneuerbare Erzeugungsleistung<\/a><\/h4><p class=\"meta\"><a href=\"https:\/\/balticwind.eu\/de\/category\/onshore-wind-aktuell\/\" rel=\"category tag\">Onshore-Wind Aktuell<\/a>, <a href=\"https:\/\/balticwind.eu\/de\/category\/polen\/\" rel=\"category tag\">Polen<\/a><span class=\"fusion-inline-sep\">|<\/span><\/p><\/div><\/article><article class=\"post fusion-column column col col-lg-12 col-md-12 col-sm-12 fusion-animated\" data-animationType=\"fadeInDown\" data-animationDuration=\"0.6\" data-animationOffset=\"100%\"><div class=\"fusion-flexslider fusion-flexslider-loading flexslider floated-slideshow flexslider-hover-type-zoomout\"><ul class=\"slides\"><li><a href=\"https:\/\/balticwind.eu\/de\/von-der-baustelle-zur-daueraufgabe-was-die-betriebsphase-von-baltic-power-fuer-leba-bedeutet\/\" aria-label=\"Von der Baustelle zur Daueraufgabe: Was die Betriebsphase von Baltic Power f\u00fcr \u0141eba bedeutet\" class=\"hover-type-zoomout\"><img decoding=\"async\" width=\"200\" height=\"113\" src=\"https:\/\/balticwind.eu\/wp-content\/uploads\/2026\/08\/baltic-power-offshore-wind-service-vessel-leba-200x113.jpg\" class=\"attachment-fusion-200 size-fusion-200 lazyload\" alt=\"\" srcset=\"data:image\/svg+xml,%3Csvg%20xmlns%3D%27http%3A%2F%2Fwww.w3.org%2F2000%2Fsvg%27%20width%3D%271600%27%20height%3D%27900%27%20viewBox%3D%270%200%201600%20900%27%3E%3Crect%20width%3D%271600%27%20height%3D%27900%27%20fill-opacity%3D%220%22%2F%3E%3C%2Fsvg%3E\" data-orig-src=\"https:\/\/balticwind.eu\/wp-content\/uploads\/2026\/08\/baltic-power-offshore-wind-service-vessel-leba-200x113.jpg\" data-srcset=\"https:\/\/balticwind.eu\/wp-content\/uploads\/2026\/08\/baltic-power-offshore-wind-service-vessel-leba-200x113.jpg 200w, https:\/\/balticwind.eu\/wp-content\/uploads\/2026\/08\/baltic-power-offshore-wind-service-vessel-leba-300x169.jpg 300w, https:\/\/balticwind.eu\/wp-content\/uploads\/2026\/08\/baltic-power-offshore-wind-service-vessel-leba-400x225.jpg 400w, https:\/\/balticwind.eu\/wp-content\/uploads\/2026\/08\/baltic-power-offshore-wind-service-vessel-leba-600x338.jpg 600w, https:\/\/balticwind.eu\/wp-content\/uploads\/2026\/08\/baltic-power-offshore-wind-service-vessel-leba-768x432.jpg 768w, https:\/\/balticwind.eu\/wp-content\/uploads\/2026\/08\/baltic-power-offshore-wind-service-vessel-leba-800x450.jpg 800w, https:\/\/balticwind.eu\/wp-content\/uploads\/2026\/08\/baltic-power-offshore-wind-service-vessel-leba-1024x576.jpg 1024w, https:\/\/balticwind.eu\/wp-content\/uploads\/2026\/08\/baltic-power-offshore-wind-service-vessel-leba-1200x675.jpg 1200w, https:\/\/balticwind.eu\/wp-content\/uploads\/2026\/08\/baltic-power-offshore-wind-service-vessel-leba-1536x864.jpg 1536w, https:\/\/balticwind.eu\/wp-content\/uploads\/2026\/08\/baltic-power-offshore-wind-service-vessel-leba.jpg 1600w\" data-sizes=\"auto\" \/><\/a><\/li><\/ul><\/div><div class=\"recent-posts-content\"><h4 class=\"entry-title\"><a style=\"color: #1f2a3b !important;\" href=\"https:\/\/balticwind.eu\/de\/von-der-baustelle-zur-daueraufgabe-was-die-betriebsphase-von-baltic-power-fuer-leba-bedeutet\/\">Von der Baustelle zur Daueraufgabe: Was die Betriebsphase von Baltic Power f\u00fcr \u0141eba bedeutet<\/a><\/h4><p class=\"meta\"><a href=\"https:\/\/balticwind.eu\/de\/category\/editors-choice-de\/\" rel=\"category tag\">Auswahl der Redaktion<\/a>, <a href=\"https:\/\/balticwind.eu\/de\/category\/offshore-wind-aktuell\/\" rel=\"category tag\">Offshore-Wind Aktuell<\/a>, <a href=\"https:\/\/balticwind.eu\/de\/category\/polen\/\" rel=\"category tag\">Polen<\/a>, <a href=\"https:\/\/balticwind.eu\/de\/category\/projekte\/\" rel=\"category tag\">Projekte<\/a><span class=\"fusion-inline-sep\">|<\/span><\/p><\/div><\/article><article class=\"post fusion-column column col col-lg-12 col-md-12 col-sm-12 fusion-animated\" data-animationType=\"fadeInDown\" data-animationDuration=\"0.6\" data-animationOffset=\"100%\"><div class=\"fusion-flexslider fusion-flexslider-loading flexslider floated-slideshow flexslider-hover-type-zoomout\"><ul class=\"slides\"><li><a href=\"https:\/\/balticwind.eu\/de\/deutsche-windguard-ueberschreitet-ein-gigawatt-in-der-technischen-betriebsfuehrung\/\" aria-label=\"Deutsche WindGuard \u00fcberschreitet ein Gigawatt in der technischen Betriebsf\u00fchrung\" class=\"hover-type-zoomout\"><img decoding=\"async\" width=\"200\" height=\"133\" src=\"https:\/\/balticwind.eu\/wp-content\/uploads\/2026\/08\/deutsche-windguard-one-gigawatt-technical-operations-management-200x133.jpg\" class=\"attachment-fusion-200 size-fusion-200 lazyload\" alt=\"\" srcset=\"data:image\/svg+xml,%3Csvg%20xmlns%3D%27http%3A%2F%2Fwww.w3.org%2F2000%2Fsvg%27%20width%3D%272048%27%20height%3D%271365%27%20viewBox%3D%270%200%202048%201365%27%3E%3Crect%20width%3D%272048%27%20height%3D%271365%27%20fill-opacity%3D%220%22%2F%3E%3C%2Fsvg%3E\" data-orig-src=\"https:\/\/balticwind.eu\/wp-content\/uploads\/2026\/08\/deutsche-windguard-one-gigawatt-technical-operations-management-200x133.jpg\" data-srcset=\"https:\/\/balticwind.eu\/wp-content\/uploads\/2026\/08\/deutsche-windguard-one-gigawatt-technical-operations-management-200x133.jpg 200w, https:\/\/balticwind.eu\/wp-content\/uploads\/2026\/08\/deutsche-windguard-one-gigawatt-technical-operations-management-300x200.jpg 300w, https:\/\/balticwind.eu\/wp-content\/uploads\/2026\/08\/deutsche-windguard-one-gigawatt-technical-operations-management-400x267.jpg 400w, https:\/\/balticwind.eu\/wp-content\/uploads\/2026\/08\/deutsche-windguard-one-gigawatt-technical-operations-management-600x400.jpg 600w, https:\/\/balticwind.eu\/wp-content\/uploads\/2026\/08\/deutsche-windguard-one-gigawatt-technical-operations-management-768x512.jpg 768w, https:\/\/balticwind.eu\/wp-content\/uploads\/2026\/08\/deutsche-windguard-one-gigawatt-technical-operations-management-800x533.jpg 800w, https:\/\/balticwind.eu\/wp-content\/uploads\/2026\/08\/deutsche-windguard-one-gigawatt-technical-operations-management-1024x683.jpg 1024w, https:\/\/balticwind.eu\/wp-content\/uploads\/2026\/08\/deutsche-windguard-one-gigawatt-technical-operations-management-1200x800.jpg 1200w, https:\/\/balticwind.eu\/wp-content\/uploads\/2026\/08\/deutsche-windguard-one-gigawatt-technical-operations-management-1536x1024.jpg 1536w\" data-sizes=\"auto\" \/><\/a><\/li><\/ul><\/div><div class=\"recent-posts-content\"><h4 class=\"entry-title\"><a style=\"color: #1f2a3b !important;\" href=\"https:\/\/balticwind.eu\/de\/deutsche-windguard-ueberschreitet-ein-gigawatt-in-der-technischen-betriebsfuehrung\/\">Deutsche WindGuard \u00fcberschreitet ein Gigawatt in der technischen Betriebsf\u00fchrung<\/a><\/h4><p class=\"meta\"><a href=\"https:\/\/balticwind.eu\/de\/category\/deutschland\/\" rel=\"category tag\">Deutschland<\/a>, <a href=\"https:\/\/balticwind.eu\/de\/category\/onshore-wind-aktuell\/\" rel=\"category tag\">Onshore-Wind Aktuell<\/a>, <a href=\"https:\/\/balticwind.eu\/de\/category\/technologie\/\" rel=\"category tag\">Technologie<\/a><span class=\"fusion-inline-sep\">|<\/span><\/p><\/div><\/article><article class=\"post fusion-column column col col-lg-12 col-md-12 col-sm-12 fusion-animated\" data-animationType=\"fadeInDown\" data-animationDuration=\"0.6\" data-animationOffset=\"100%\"><div class=\"fusion-flexslider fusion-flexslider-loading flexslider floated-slideshow flexslider-hover-type-zoomout\"><ul class=\"slides\"><li><a href=\"https:\/\/balticwind.eu\/de\/wasserstoff-eisen-batterie-und-deutsche-speicherwelle-zielen-auf-windabregelung\/\" aria-label=\"Wasserstoff-Eisen-Batterie und deutsche Speicherwelle zielen auf Windabregelung\" class=\"hover-type-zoomout\"><img decoding=\"async\" width=\"200\" height=\"113\" src=\"https:\/\/balticwind.eu\/wp-content\/uploads\/2026\/08\/hydrogen-iron-battery-netherlands-german-storage-wind-curtailment-200x113.jpg\" class=\"attachment-fusion-200 size-fusion-200 lazyload\" alt=\"\" srcset=\"data:image\/svg+xml,%3Csvg%20xmlns%3D%27http%3A%2F%2Fwww.w3.org%2F2000%2Fsvg%27%20width%3D%271600%27%20height%3D%27900%27%20viewBox%3D%270%200%201600%20900%27%3E%3Crect%20width%3D%271600%27%20height%3D%27900%27%20fill-opacity%3D%220%22%2F%3E%3C%2Fsvg%3E\" data-orig-src=\"https:\/\/balticwind.eu\/wp-content\/uploads\/2026\/08\/hydrogen-iron-battery-netherlands-german-storage-wind-curtailment-200x113.jpg\" data-srcset=\"https:\/\/balticwind.eu\/wp-content\/uploads\/2026\/08\/hydrogen-iron-battery-netherlands-german-storage-wind-curtailment-200x113.jpg 200w, https:\/\/balticwind.eu\/wp-content\/uploads\/2026\/08\/hydrogen-iron-battery-netherlands-german-storage-wind-curtailment-300x169.jpg 300w, https:\/\/balticwind.eu\/wp-content\/uploads\/2026\/08\/hydrogen-iron-battery-netherlands-german-storage-wind-curtailment-400x225.jpg 400w, https:\/\/balticwind.eu\/wp-content\/uploads\/2026\/08\/hydrogen-iron-battery-netherlands-german-storage-wind-curtailment-600x338.jpg 600w, https:\/\/balticwind.eu\/wp-content\/uploads\/2026\/08\/hydrogen-iron-battery-netherlands-german-storage-wind-curtailment-768x432.jpg 768w, https:\/\/balticwind.eu\/wp-content\/uploads\/2026\/08\/hydrogen-iron-battery-netherlands-german-storage-wind-curtailment-800x450.jpg 800w, https:\/\/balticwind.eu\/wp-content\/uploads\/2026\/08\/hydrogen-iron-battery-netherlands-german-storage-wind-curtailment-1024x576.jpg 1024w, https:\/\/balticwind.eu\/wp-content\/uploads\/2026\/08\/hydrogen-iron-battery-netherlands-german-storage-wind-curtailment-1200x675.jpg 1200w, https:\/\/balticwind.eu\/wp-content\/uploads\/2026\/08\/hydrogen-iron-battery-netherlands-german-storage-wind-curtailment-1536x864.jpg 1536w, https:\/\/balticwind.eu\/wp-content\/uploads\/2026\/08\/hydrogen-iron-battery-netherlands-german-storage-wind-curtailment.jpg 1600w\" data-sizes=\"auto\" \/><\/a><\/li><\/ul><\/div><div class=\"recent-posts-content\"><h4 class=\"entry-title\"><a style=\"color: #1f2a3b !important;\" href=\"https:\/\/balticwind.eu\/de\/wasserstoff-eisen-batterie-und-deutsche-speicherwelle-zielen-auf-windabregelung\/\">Wasserstoff-Eisen-Batterie und deutsche Speicherwelle zielen auf Windabregelung<\/a><\/h4><p class=\"meta\"><a href=\"https:\/\/balticwind.eu\/de\/category\/onshore-wind-aktuell\/\" rel=\"category tag\">Onshore-Wind Aktuell<\/a>, <a href=\"https:\/\/balticwind.eu\/de\/category\/technologie\/\" rel=\"category tag\">Technologie<\/a><span class=\"fusion-inline-sep\">|<\/span><\/p><\/div><\/article><article class=\"post fusion-column column col col-lg-12 col-md-12 col-sm-12 fusion-animated\" data-animationType=\"fadeInDown\" data-animationDuration=\"0.6\" data-animationOffset=\"100%\"><div class=\"fusion-flexslider fusion-flexslider-loading flexslider floated-slideshow flexslider-hover-type-zoomout\"><ul class=\"slides\"><li><a href=\"https:\/\/balticwind.eu\/de\/vestas-gewinnsprung-und-enercon-refinanzierung-deuten-auf-ruhigeres-fahrwasser-der-hersteller\/\" aria-label=\"Vestas-Gewinnsprung und Enercon-Refinanzierung deuten auf ruhigeres Fahrwasser der Hersteller\" class=\"hover-type-zoomout\"><img decoding=\"async\" width=\"200\" height=\"113\" src=\"https:\/\/balticwind.eu\/wp-content\/uploads\/2026\/08\/vestas-q2-profit-enercon-refinancing-turbine-makers-stabilise-200x113.jpg\" class=\"attachment-fusion-200 size-fusion-200 lazyload\" alt=\"\" srcset=\"data:image\/svg+xml,%3Csvg%20xmlns%3D%27http%3A%2F%2Fwww.w3.org%2F2000%2Fsvg%27%20width%3D%271600%27%20height%3D%27900%27%20viewBox%3D%270%200%201600%20900%27%3E%3Crect%20width%3D%271600%27%20height%3D%27900%27%20fill-opacity%3D%220%22%2F%3E%3C%2Fsvg%3E\" data-orig-src=\"https:\/\/balticwind.eu\/wp-content\/uploads\/2026\/08\/vestas-q2-profit-enercon-refinancing-turbine-makers-stabilise-200x113.jpg\" data-srcset=\"https:\/\/balticwind.eu\/wp-content\/uploads\/2026\/08\/vestas-q2-profit-enercon-refinancing-turbine-makers-stabilise-200x113.jpg 200w, https:\/\/balticwind.eu\/wp-content\/uploads\/2026\/08\/vestas-q2-profit-enercon-refinancing-turbine-makers-stabilise-300x169.jpg 300w, https:\/\/balticwind.eu\/wp-content\/uploads\/2026\/08\/vestas-q2-profit-enercon-refinancing-turbine-makers-stabilise-400x225.jpg 400w, https:\/\/balticwind.eu\/wp-content\/uploads\/2026\/08\/vestas-q2-profit-enercon-refinancing-turbine-makers-stabilise-600x338.jpg 600w, https:\/\/balticwind.eu\/wp-content\/uploads\/2026\/08\/vestas-q2-profit-enercon-refinancing-turbine-makers-stabilise-768x432.jpg 768w, https:\/\/balticwind.eu\/wp-content\/uploads\/2026\/08\/vestas-q2-profit-enercon-refinancing-turbine-makers-stabilise-800x450.jpg 800w, https:\/\/balticwind.eu\/wp-content\/uploads\/2026\/08\/vestas-q2-profit-enercon-refinancing-turbine-makers-stabilise-1024x576.jpg 1024w, https:\/\/balticwind.eu\/wp-content\/uploads\/2026\/08\/vestas-q2-profit-enercon-refinancing-turbine-makers-stabilise-1200x675.jpg 1200w, https:\/\/balticwind.eu\/wp-content\/uploads\/2026\/08\/vestas-q2-profit-enercon-refinancing-turbine-makers-stabilise-1536x864.jpg 1536w, https:\/\/balticwind.eu\/wp-content\/uploads\/2026\/08\/vestas-q2-profit-enercon-refinancing-turbine-makers-stabilise.jpg 1600w\" data-sizes=\"auto\" \/><\/a><\/li><\/ul><\/div><div class=\"recent-posts-content\"><h4 class=\"entry-title\"><a style=\"color: #1f2a3b !important;\" href=\"https:\/\/balticwind.eu\/de\/vestas-gewinnsprung-und-enercon-refinanzierung-deuten-auf-ruhigeres-fahrwasser-der-hersteller\/\">Vestas-Gewinnsprung und Enercon-Refinanzierung deuten auf ruhigeres Fahrwasser der Hersteller<\/a><\/h4><p class=\"meta\"><a href=\"https:\/\/balticwind.eu\/de\/category\/onshore-wind-aktuell\/\" rel=\"category tag\">Onshore-Wind Aktuell<\/a>, <a href=\"https:\/\/balticwind.eu\/de\/category\/technologie\/\" rel=\"category tag\">Technologie<\/a><span class=\"fusion-inline-sep\">|<\/span><\/p><\/div><\/article><article class=\"post fusion-column column col col-lg-12 col-md-12 col-sm-12 fusion-animated\" data-animationType=\"fadeInDown\" data-animationDuration=\"0.6\" data-animationOffset=\"100%\"><div class=\"fusion-flexslider fusion-flexslider-loading flexslider floated-slideshow flexslider-hover-type-zoomout\"><ul class=\"slides\"><li><a href=\"https:\/\/balticwind.eu\/de\/scatec-steigt-in-rumaeniens-onshore-windkraft-ein-erzeugung-plus-21-prozent\/\" aria-label=\"Scatec steigt in Rum\u00e4niens Onshore-Windkraft ein \u2013 Erzeugung plus 21 Prozent\" class=\"hover-type-zoomout\"><img decoding=\"async\" width=\"200\" height=\"113\" src=\"https:\/\/balticwind.eu\/wp-content\/uploads\/2026\/08\/scatec-enters-romanian-onshore-wind-q2-output-up-21-percent-200x113.jpg\" class=\"attachment-fusion-200 size-fusion-200 lazyload\" alt=\"\" srcset=\"data:image\/svg+xml,%3Csvg%20xmlns%3D%27http%3A%2F%2Fwww.w3.org%2F2000%2Fsvg%27%20width%3D%271600%27%20height%3D%27900%27%20viewBox%3D%270%200%201600%20900%27%3E%3Crect%20width%3D%271600%27%20height%3D%27900%27%20fill-opacity%3D%220%22%2F%3E%3C%2Fsvg%3E\" data-orig-src=\"https:\/\/balticwind.eu\/wp-content\/uploads\/2026\/08\/scatec-enters-romanian-onshore-wind-q2-output-up-21-percent-200x113.jpg\" data-srcset=\"https:\/\/balticwind.eu\/wp-content\/uploads\/2026\/08\/scatec-enters-romanian-onshore-wind-q2-output-up-21-percent-200x113.jpg 200w, https:\/\/balticwind.eu\/wp-content\/uploads\/2026\/08\/scatec-enters-romanian-onshore-wind-q2-output-up-21-percent-300x169.jpg 300w, https:\/\/balticwind.eu\/wp-content\/uploads\/2026\/08\/scatec-enters-romanian-onshore-wind-q2-output-up-21-percent-400x225.jpg 400w, https:\/\/balticwind.eu\/wp-content\/uploads\/2026\/08\/scatec-enters-romanian-onshore-wind-q2-output-up-21-percent-600x338.jpg 600w, https:\/\/balticwind.eu\/wp-content\/uploads\/2026\/08\/scatec-enters-romanian-onshore-wind-q2-output-up-21-percent-768x432.jpg 768w, https:\/\/balticwind.eu\/wp-content\/uploads\/2026\/08\/scatec-enters-romanian-onshore-wind-q2-output-up-21-percent-800x450.jpg 800w, https:\/\/balticwind.eu\/wp-content\/uploads\/2026\/08\/scatec-enters-romanian-onshore-wind-q2-output-up-21-percent-1024x576.jpg 1024w, https:\/\/balticwind.eu\/wp-content\/uploads\/2026\/08\/scatec-enters-romanian-onshore-wind-q2-output-up-21-percent-1200x675.jpg 1200w, https:\/\/balticwind.eu\/wp-content\/uploads\/2026\/08\/scatec-enters-romanian-onshore-wind-q2-output-up-21-percent-1536x864.jpg 1536w, https:\/\/balticwind.eu\/wp-content\/uploads\/2026\/08\/scatec-enters-romanian-onshore-wind-q2-output-up-21-percent.jpg 1600w\" data-sizes=\"auto\" \/><\/a><\/li><\/ul><\/div><div class=\"recent-posts-content\"><h4 class=\"entry-title\"><a style=\"color: #1f2a3b !important;\" href=\"https:\/\/balticwind.eu\/de\/scatec-steigt-in-rumaeniens-onshore-windkraft-ein-erzeugung-plus-21-prozent\/\">Scatec steigt in Rum\u00e4niens Onshore-Windkraft ein \u2013 Erzeugung plus 21 Prozent<\/a><\/h4><p class=\"meta\"><a href=\"https:\/\/balticwind.eu\/de\/category\/onshore-wind-aktuell\/\" rel=\"category tag\">Onshore-Wind Aktuell<\/a>, <a href=\"https:\/\/balticwind.eu\/de\/category\/projekte\/\" rel=\"category tag\">Projekte<\/a><span class=\"fusion-inline-sep\">|<\/span><\/p><\/div><\/article><article class=\"post fusion-column column col col-lg-12 col-md-12 col-sm-12 fusion-animated\" data-animationType=\"fadeInDown\" data-animationDuration=\"0.6\" data-animationOffset=\"100%\"><div class=\"fusion-flexslider fusion-flexslider-loading flexslider floated-slideshow flexslider-hover-type-zoomout\"><ul class=\"slides\"><li><a href=\"https:\/\/balticwind.eu\/de\/suedlink-elbtunnel-fertig-deutschlands-stromautobahnen-naehern-sich-der-inbetriebnahme\/\" aria-label=\"SuedLink: Elbtunnel fertig \u2013 Deutschlands Stromautobahnen n\u00e4hern sich der Inbetriebnahme\" class=\"hover-type-zoomout\"><img decoding=\"async\" width=\"200\" height=\"113\" src=\"https:\/\/balticwind.eu\/wp-content\/uploads\/2026\/08\/suedlink-elbe-tunnel-complete-german-hvdc-corridors-2027-2028-200x113.jpg\" class=\"attachment-fusion-200 size-fusion-200 lazyload\" alt=\"\" srcset=\"data:image\/svg+xml,%3Csvg%20xmlns%3D%27http%3A%2F%2Fwww.w3.org%2F2000%2Fsvg%27%20width%3D%271600%27%20height%3D%27900%27%20viewBox%3D%270%200%201600%20900%27%3E%3Crect%20width%3D%271600%27%20height%3D%27900%27%20fill-opacity%3D%220%22%2F%3E%3C%2Fsvg%3E\" data-orig-src=\"https:\/\/balticwind.eu\/wp-content\/uploads\/2026\/08\/suedlink-elbe-tunnel-complete-german-hvdc-corridors-2027-2028-200x113.jpg\" data-srcset=\"https:\/\/balticwind.eu\/wp-content\/uploads\/2026\/08\/suedlink-elbe-tunnel-complete-german-hvdc-corridors-2027-2028-200x113.jpg 200w, https:\/\/balticwind.eu\/wp-content\/uploads\/2026\/08\/suedlink-elbe-tunnel-complete-german-hvdc-corridors-2027-2028-300x169.jpg 300w, https:\/\/balticwind.eu\/wp-content\/uploads\/2026\/08\/suedlink-elbe-tunnel-complete-german-hvdc-corridors-2027-2028-400x225.jpg 400w, https:\/\/balticwind.eu\/wp-content\/uploads\/2026\/08\/suedlink-elbe-tunnel-complete-german-hvdc-corridors-2027-2028-600x338.jpg 600w, https:\/\/balticwind.eu\/wp-content\/uploads\/2026\/08\/suedlink-elbe-tunnel-complete-german-hvdc-corridors-2027-2028-768x432.jpg 768w, https:\/\/balticwind.eu\/wp-content\/uploads\/2026\/08\/suedlink-elbe-tunnel-complete-german-hvdc-corridors-2027-2028-800x450.jpg 800w, https:\/\/balticwind.eu\/wp-content\/uploads\/2026\/08\/suedlink-elbe-tunnel-complete-german-hvdc-corridors-2027-2028-1024x576.jpg 1024w, https:\/\/balticwind.eu\/wp-content\/uploads\/2026\/08\/suedlink-elbe-tunnel-complete-german-hvdc-corridors-2027-2028-1200x675.jpg 1200w, https:\/\/balticwind.eu\/wp-content\/uploads\/2026\/08\/suedlink-elbe-tunnel-complete-german-hvdc-corridors-2027-2028-1536x864.jpg 1536w, https:\/\/balticwind.eu\/wp-content\/uploads\/2026\/08\/suedlink-elbe-tunnel-complete-german-hvdc-corridors-2027-2028.jpg 1600w\" data-sizes=\"auto\" \/><\/a><\/li><\/ul><\/div><div class=\"recent-posts-content\"><h4 class=\"entry-title\"><a style=\"color: #1f2a3b !important;\" href=\"https:\/\/balticwind.eu\/de\/suedlink-elbtunnel-fertig-deutschlands-stromautobahnen-naehern-sich-der-inbetriebnahme\/\">SuedLink: Elbtunnel fertig \u2013 Deutschlands Stromautobahnen n\u00e4hern sich der Inbetriebnahme<\/a><\/h4><p class=\"meta\"><a href=\"https:\/\/balticwind.eu\/de\/category\/deutschland\/\" rel=\"category tag\">Deutschland<\/a>, <a href=\"https:\/\/balticwind.eu\/de\/category\/onshore-wind-aktuell\/\" rel=\"category tag\">Onshore-Wind Aktuell<\/a>, <a href=\"https:\/\/balticwind.eu\/de\/category\/regulierung\/\" rel=\"category tag\">Regulierung<\/a><span class=\"fusion-inline-sep\">|<\/span><\/p><\/div><\/article><article class=\"post fusion-column column col col-lg-12 col-md-12 col-sm-12 fusion-animated\" data-animationType=\"fadeInDown\" data-animationDuration=\"0.6\" data-animationOffset=\"100%\"><div class=\"fusion-flexslider fusion-flexslider-loading flexslider floated-slideshow flexslider-hover-type-zoomout\"><ul class=\"slides\"><li><a href=\"https:\/\/balticwind.eu\/de\/windzubau-in-deutschland-steigt-um-53-prozent-offshore-kehrt-ans-netz-zurueck\/\" aria-label=\"Windzubau in Deutschland steigt um 53 Prozent \u2013 Offshore kehrt ans Netz zur\u00fcck\" class=\"hover-type-zoomout\"><img decoding=\"async\" width=\"200\" height=\"113\" src=\"https:\/\/balticwind.eu\/wp-content\/uploads\/2026\/08\/german-wind-additions-3948-mw-january-july-2026-offshore-rebound-200x113.jpg\" class=\"attachment-fusion-200 size-fusion-200 lazyload\" alt=\"\" srcset=\"data:image\/svg+xml,%3Csvg%20xmlns%3D%27http%3A%2F%2Fwww.w3.org%2F2000%2Fsvg%27%20width%3D%271600%27%20height%3D%27900%27%20viewBox%3D%270%200%201600%20900%27%3E%3Crect%20width%3D%271600%27%20height%3D%27900%27%20fill-opacity%3D%220%22%2F%3E%3C%2Fsvg%3E\" data-orig-src=\"https:\/\/balticwind.eu\/wp-content\/uploads\/2026\/08\/german-wind-additions-3948-mw-january-july-2026-offshore-rebound-200x113.jpg\" data-srcset=\"https:\/\/balticwind.eu\/wp-content\/uploads\/2026\/08\/german-wind-additions-3948-mw-january-july-2026-offshore-rebound-200x113.jpg 200w, https:\/\/balticwind.eu\/wp-content\/uploads\/2026\/08\/german-wind-additions-3948-mw-january-july-2026-offshore-rebound-300x169.jpg 300w, https:\/\/balticwind.eu\/wp-content\/uploads\/2026\/08\/german-wind-additions-3948-mw-january-july-2026-offshore-rebound-400x225.jpg 400w, https:\/\/balticwind.eu\/wp-content\/uploads\/2026\/08\/german-wind-additions-3948-mw-january-july-2026-offshore-rebound-600x338.jpg 600w, https:\/\/balticwind.eu\/wp-content\/uploads\/2026\/08\/german-wind-additions-3948-mw-january-july-2026-offshore-rebound-768x432.jpg 768w, https:\/\/balticwind.eu\/wp-content\/uploads\/2026\/08\/german-wind-additions-3948-mw-january-july-2026-offshore-rebound-800x450.jpg 800w, https:\/\/balticwind.eu\/wp-content\/uploads\/2026\/08\/german-wind-additions-3948-mw-january-july-2026-offshore-rebound-1024x576.jpg 1024w, https:\/\/balticwind.eu\/wp-content\/uploads\/2026\/08\/german-wind-additions-3948-mw-january-july-2026-offshore-rebound-1200x675.jpg 1200w, https:\/\/balticwind.eu\/wp-content\/uploads\/2026\/08\/german-wind-additions-3948-mw-january-july-2026-offshore-rebound-1536x864.jpg 1536w, https:\/\/balticwind.eu\/wp-content\/uploads\/2026\/08\/german-wind-additions-3948-mw-january-july-2026-offshore-rebound.jpg 1600w\" data-sizes=\"auto\" \/><\/a><\/li><\/ul><\/div><div class=\"recent-posts-content\"><h4 class=\"entry-title\"><a style=\"color: #1f2a3b !important;\" href=\"https:\/\/balticwind.eu\/de\/windzubau-in-deutschland-steigt-um-53-prozent-offshore-kehrt-ans-netz-zurueck\/\">Windzubau in Deutschland steigt um 53 Prozent \u2013 Offshore kehrt ans Netz zur\u00fcck<\/a><\/h4><p class=\"meta\"><a href=\"https:\/\/balticwind.eu\/de\/category\/deutschland\/\" rel=\"category tag\">Deutschland<\/a>, <a href=\"https:\/\/balticwind.eu\/de\/category\/offshore-wind-aktuell\/\" rel=\"category tag\">Offshore-Wind Aktuell<\/a>, <a href=\"https:\/\/balticwind.eu\/de\/category\/onshore-wind-aktuell\/\" rel=\"category tag\">Onshore-Wind Aktuell<\/a><span class=\"fusion-inline-sep\">|<\/span><\/p><\/div><\/article><article class=\"post fusion-column column col col-lg-12 col-md-12 col-sm-12 fusion-animated\" data-animationType=\"fadeInDown\" data-animationDuration=\"0.6\" data-animationOffset=\"100%\"><div class=\"fusion-flexslider fusion-flexslider-loading flexslider floated-slideshow flexslider-hover-type-zoomout\"><ul class=\"slides\"><li><a href=\"https:\/\/balticwind.eu\/de\/oersted-kehrt-ab-2027-zur-dividende-zurueck-nach-kapitalerhoehung-und-verkaeufen\/\" aria-label=\"\u00d8rsted kehrt ab 2027 zur Dividende zur\u00fcck \u2013 nach Kapitalerh\u00f6hung und Verk\u00e4ufen\" class=\"hover-type-zoomout\"><img decoding=\"async\" width=\"200\" height=\"113\" src=\"https:\/\/balticwind.eu\/wp-content\/uploads\/2026\/08\/orsted-restores-dividend-2027-rights-issue-divestments-200x113.jpg\" class=\"attachment-fusion-200 size-fusion-200 lazyload\" alt=\"\" srcset=\"data:image\/svg+xml,%3Csvg%20xmlns%3D%27http%3A%2F%2Fwww.w3.org%2F2000%2Fsvg%27%20width%3D%271600%27%20height%3D%27900%27%20viewBox%3D%270%200%201600%20900%27%3E%3Crect%20width%3D%271600%27%20height%3D%27900%27%20fill-opacity%3D%220%22%2F%3E%3C%2Fsvg%3E\" data-orig-src=\"https:\/\/balticwind.eu\/wp-content\/uploads\/2026\/08\/orsted-restores-dividend-2027-rights-issue-divestments-200x113.jpg\" data-srcset=\"https:\/\/balticwind.eu\/wp-content\/uploads\/2026\/08\/orsted-restores-dividend-2027-rights-issue-divestments-200x113.jpg 200w, https:\/\/balticwind.eu\/wp-content\/uploads\/2026\/08\/orsted-restores-dividend-2027-rights-issue-divestments-300x169.jpg 300w, https:\/\/balticwind.eu\/wp-content\/uploads\/2026\/08\/orsted-restores-dividend-2027-rights-issue-divestments-400x225.jpg 400w, https:\/\/balticwind.eu\/wp-content\/uploads\/2026\/08\/orsted-restores-dividend-2027-rights-issue-divestments-600x338.jpg 600w, https:\/\/balticwind.eu\/wp-content\/uploads\/2026\/08\/orsted-restores-dividend-2027-rights-issue-divestments-768x432.jpg 768w, https:\/\/balticwind.eu\/wp-content\/uploads\/2026\/08\/orsted-restores-dividend-2027-rights-issue-divestments-800x450.jpg 800w, https:\/\/balticwind.eu\/wp-content\/uploads\/2026\/08\/orsted-restores-dividend-2027-rights-issue-divestments-1024x576.jpg 1024w, https:\/\/balticwind.eu\/wp-content\/uploads\/2026\/08\/orsted-restores-dividend-2027-rights-issue-divestments-1200x675.jpg 1200w, https:\/\/balticwind.eu\/wp-content\/uploads\/2026\/08\/orsted-restores-dividend-2027-rights-issue-divestments-1536x864.jpg 1536w, https:\/\/balticwind.eu\/wp-content\/uploads\/2026\/08\/orsted-restores-dividend-2027-rights-issue-divestments.jpg 1600w\" data-sizes=\"auto\" \/><\/a><\/li><\/ul><\/div><div class=\"recent-posts-content\"><h4 class=\"entry-title\"><a style=\"color: #1f2a3b !important;\" href=\"https:\/\/balticwind.eu\/de\/oersted-kehrt-ab-2027-zur-dividende-zurueck-nach-kapitalerhoehung-und-verkaeufen\/\">\u00d8rsted kehrt ab 2027 zur Dividende zur\u00fcck \u2013 nach Kapitalerh\u00f6hung und Verk\u00e4ufen<\/a><\/h4><p class=\"meta\"><a href=\"https:\/\/balticwind.eu\/de\/category\/daenemark\/\" rel=\"category tag\">D\u00e4nemark<\/a>, <a href=\"https:\/\/balticwind.eu\/de\/category\/offshore-wind-aktuell\/\" rel=\"category tag\">Offshore-Wind Aktuell<\/a><span class=\"fusion-inline-sep\">|<\/span><\/p><\/div><\/article><article class=\"post fusion-column column col col-lg-12 col-md-12 col-sm-12 fusion-animated\" data-animationType=\"fadeInDown\" data-animationDuration=\"0.6\" data-animationOffset=\"100%\"><div class=\"fusion-flexslider fusion-flexslider-loading flexslider floated-slideshow flexslider-hover-type-zoomout\"><ul class=\"slides\"><li><a href=\"https:\/\/balticwind.eu\/de\/tuerkei-bereitet-erste-offshore-wind-ausschreibung-vor-5-gw-bis-2035\/\" aria-label=\"T\u00fcrkei bereitet erste Offshore-Wind-Ausschreibung vor \u2013 5 GW bis 2035\" class=\"hover-type-zoomout\"><img decoding=\"async\" width=\"200\" height=\"113\" src=\"https:\/\/balticwind.eu\/wp-content\/uploads\/2026\/08\/turkey-first-offshore-wind-yeka-tender-1-gw-2027-200x113.jpg\" class=\"attachment-fusion-200 size-fusion-200 lazyload\" alt=\"\" srcset=\"data:image\/svg+xml,%3Csvg%20xmlns%3D%27http%3A%2F%2Fwww.w3.org%2F2000%2Fsvg%27%20width%3D%271600%27%20height%3D%27900%27%20viewBox%3D%270%200%201600%20900%27%3E%3Crect%20width%3D%271600%27%20height%3D%27900%27%20fill-opacity%3D%220%22%2F%3E%3C%2Fsvg%3E\" data-orig-src=\"https:\/\/balticwind.eu\/wp-content\/uploads\/2026\/08\/turkey-first-offshore-wind-yeka-tender-1-gw-2027-200x113.jpg\" data-srcset=\"https:\/\/balticwind.eu\/wp-content\/uploads\/2026\/08\/turkey-first-offshore-wind-yeka-tender-1-gw-2027-200x113.jpg 200w, https:\/\/balticwind.eu\/wp-content\/uploads\/2026\/08\/turkey-first-offshore-wind-yeka-tender-1-gw-2027-300x169.jpg 300w, https:\/\/balticwind.eu\/wp-content\/uploads\/2026\/08\/turkey-first-offshore-wind-yeka-tender-1-gw-2027-400x225.jpg 400w, https:\/\/balticwind.eu\/wp-content\/uploads\/2026\/08\/turkey-first-offshore-wind-yeka-tender-1-gw-2027-600x338.jpg 600w, https:\/\/balticwind.eu\/wp-content\/uploads\/2026\/08\/turkey-first-offshore-wind-yeka-tender-1-gw-2027-768x432.jpg 768w, https:\/\/balticwind.eu\/wp-content\/uploads\/2026\/08\/turkey-first-offshore-wind-yeka-tender-1-gw-2027-800x450.jpg 800w, https:\/\/balticwind.eu\/wp-content\/uploads\/2026\/08\/turkey-first-offshore-wind-yeka-tender-1-gw-2027-1024x576.jpg 1024w, https:\/\/balticwind.eu\/wp-content\/uploads\/2026\/08\/turkey-first-offshore-wind-yeka-tender-1-gw-2027-1200x675.jpg 1200w, https:\/\/balticwind.eu\/wp-content\/uploads\/2026\/08\/turkey-first-offshore-wind-yeka-tender-1-gw-2027-1536x864.jpg 1536w, https:\/\/balticwind.eu\/wp-content\/uploads\/2026\/08\/turkey-first-offshore-wind-yeka-tender-1-gw-2027.jpg 1600w\" data-sizes=\"auto\" \/><\/a><\/li><\/ul><\/div><div class=\"recent-posts-content\"><h4 class=\"entry-title\"><a style=\"color: #1f2a3b !important;\" href=\"https:\/\/balticwind.eu\/de\/tuerkei-bereitet-erste-offshore-wind-ausschreibung-vor-5-gw-bis-2035\/\">T\u00fcrkei bereitet erste Offshore-Wind-Ausschreibung vor \u2013 5 GW bis 2035<\/a><\/h4><p class=\"meta\"><a href=\"https:\/\/balticwind.eu\/de\/category\/offshore-wind-aktuell\/\" rel=\"category tag\">Offshore-Wind Aktuell<\/a>, <a href=\"https:\/\/balticwind.eu\/de\/category\/regulierung\/\" rel=\"category tag\">Regulierung<\/a><span class=\"fusion-inline-sep\">|<\/span><\/p><\/div><\/article><article class=\"post fusion-column column col col-lg-12 col-md-12 col-sm-12 fusion-animated\" data-animationType=\"fadeInDown\" data-animationDuration=\"0.6\" data-animationOffset=\"100%\"><div class=\"fusion-flexslider fusion-flexslider-loading flexslider floated-slideshow flexslider-hover-type-zoomout\"><ul class=\"slides\"><li><a href=\"https:\/\/balticwind.eu\/de\/enbw-schliesst-turbineninstallation-im-groessten-deutschen-offshore-windpark-ab\/\" aria-label=\"EnBW schlie\u00dft Turbineninstallation im gr\u00f6\u00dften deutschen Offshore-Windpark ab\" class=\"hover-type-zoomout\"><img decoding=\"async\" width=\"200\" height=\"113\" src=\"https:\/\/balticwind.eu\/wp-content\/uploads\/2026\/08\/enbw-he-dreiht-all-64-turbines-installed-germany-largest-offshore-200x113.jpg\" class=\"attachment-fusion-200 size-fusion-200 lazyload\" alt=\"\" srcset=\"data:image\/svg+xml,%3Csvg%20xmlns%3D%27http%3A%2F%2Fwww.w3.org%2F2000%2Fsvg%27%20width%3D%271600%27%20height%3D%27900%27%20viewBox%3D%270%200%201600%20900%27%3E%3Crect%20width%3D%271600%27%20height%3D%27900%27%20fill-opacity%3D%220%22%2F%3E%3C%2Fsvg%3E\" data-orig-src=\"https:\/\/balticwind.eu\/wp-content\/uploads\/2026\/08\/enbw-he-dreiht-all-64-turbines-installed-germany-largest-offshore-200x113.jpg\" data-srcset=\"https:\/\/balticwind.eu\/wp-content\/uploads\/2026\/08\/enbw-he-dreiht-all-64-turbines-installed-germany-largest-offshore-200x113.jpg 200w, https:\/\/balticwind.eu\/wp-content\/uploads\/2026\/08\/enbw-he-dreiht-all-64-turbines-installed-germany-largest-offshore-300x169.jpg 300w, https:\/\/balticwind.eu\/wp-content\/uploads\/2026\/08\/enbw-he-dreiht-all-64-turbines-installed-germany-largest-offshore-400x225.jpg 400w, https:\/\/balticwind.eu\/wp-content\/uploads\/2026\/08\/enbw-he-dreiht-all-64-turbines-installed-germany-largest-offshore-600x338.jpg 600w, https:\/\/balticwind.eu\/wp-content\/uploads\/2026\/08\/enbw-he-dreiht-all-64-turbines-installed-germany-largest-offshore-768x432.jpg 768w, https:\/\/balticwind.eu\/wp-content\/uploads\/2026\/08\/enbw-he-dreiht-all-64-turbines-installed-germany-largest-offshore-800x450.jpg 800w, https:\/\/balticwind.eu\/wp-content\/uploads\/2026\/08\/enbw-he-dreiht-all-64-turbines-installed-germany-largest-offshore-1024x576.jpg 1024w, https:\/\/balticwind.eu\/wp-content\/uploads\/2026\/08\/enbw-he-dreiht-all-64-turbines-installed-germany-largest-offshore-1200x675.jpg 1200w, https:\/\/balticwind.eu\/wp-content\/uploads\/2026\/08\/enbw-he-dreiht-all-64-turbines-installed-germany-largest-offshore-1536x864.jpg 1536w, https:\/\/balticwind.eu\/wp-content\/uploads\/2026\/08\/enbw-he-dreiht-all-64-turbines-installed-germany-largest-offshore.jpg 1600w\" data-sizes=\"auto\" \/><\/a><\/li><\/ul><\/div><div class=\"recent-posts-content\"><h4 class=\"entry-title\"><a style=\"color: #1f2a3b !important;\" href=\"https:\/\/balticwind.eu\/de\/enbw-schliesst-turbineninstallation-im-groessten-deutschen-offshore-windpark-ab\/\">EnBW schlie\u00dft Turbineninstallation im gr\u00f6\u00dften deutschen Offshore-Windpark ab<\/a><\/h4><p class=\"meta\"><a href=\"https:\/\/balticwind.eu\/de\/category\/deutschland\/\" rel=\"category tag\">Deutschland<\/a>, <a href=\"https:\/\/balticwind.eu\/de\/category\/offshore-wind-aktuell\/\" rel=\"category tag\">Offshore-Wind Aktuell<\/a>, <a href=\"https:\/\/balticwind.eu\/de\/category\/projekte\/\" rel=\"category tag\">Projekte<\/a><span class=\"fusion-inline-sep\">|<\/span><\/p><\/div><\/article><article class=\"post fusion-column column col col-lg-12 col-md-12 col-sm-12 fusion-animated\" data-animationType=\"fadeInDown\" data-animationDuration=\"0.6\" data-animationOffset=\"100%\"><div class=\"fusion-flexslider fusion-flexslider-loading flexslider floated-slideshow flexslider-hover-type-zoomout\"><ul class=\"slides\"><li><a href=\"https:\/\/balticwind.eu\/de\/offshore-branche-draengt-nach-nullrunde-auf-differenzvertraege\/\" aria-label=\"Offshore-Branche dr\u00e4ngt nach Nullrunde auf Differenzvertr\u00e4ge\" class=\"hover-type-zoomout\"><img decoding=\"async\" width=\"200\" height=\"113\" src=\"https:\/\/balticwind.eu\/wp-content\/uploads\/2026\/08\/germany-windseeg-amendment-contracts-for-difference-zero-bid-round-200x113.jpg\" class=\"attachment-fusion-200 size-fusion-200 lazyload\" alt=\"\" srcset=\"data:image\/svg+xml,%3Csvg%20xmlns%3D%27http%3A%2F%2Fwww.w3.org%2F2000%2Fsvg%27%20width%3D%271600%27%20height%3D%27900%27%20viewBox%3D%270%200%201600%20900%27%3E%3Crect%20width%3D%271600%27%20height%3D%27900%27%20fill-opacity%3D%220%22%2F%3E%3C%2Fsvg%3E\" data-orig-src=\"https:\/\/balticwind.eu\/wp-content\/uploads\/2026\/08\/germany-windseeg-amendment-contracts-for-difference-zero-bid-round-200x113.jpg\" data-srcset=\"https:\/\/balticwind.eu\/wp-content\/uploads\/2026\/08\/germany-windseeg-amendment-contracts-for-difference-zero-bid-round-200x113.jpg 200w, https:\/\/balticwind.eu\/wp-content\/uploads\/2026\/08\/germany-windseeg-amendment-contracts-for-difference-zero-bid-round-300x169.jpg 300w, https:\/\/balticwind.eu\/wp-content\/uploads\/2026\/08\/germany-windseeg-amendment-contracts-for-difference-zero-bid-round-400x225.jpg 400w, https:\/\/balticwind.eu\/wp-content\/uploads\/2026\/08\/germany-windseeg-amendment-contracts-for-difference-zero-bid-round-600x338.jpg 600w, https:\/\/balticwind.eu\/wp-content\/uploads\/2026\/08\/germany-windseeg-amendment-contracts-for-difference-zero-bid-round-768x432.jpg 768w, https:\/\/balticwind.eu\/wp-content\/uploads\/2026\/08\/germany-windseeg-amendment-contracts-for-difference-zero-bid-round-800x450.jpg 800w, https:\/\/balticwind.eu\/wp-content\/uploads\/2026\/08\/germany-windseeg-amendment-contracts-for-difference-zero-bid-round-1024x576.jpg 1024w, https:\/\/balticwind.eu\/wp-content\/uploads\/2026\/08\/germany-windseeg-amendment-contracts-for-difference-zero-bid-round-1200x675.jpg 1200w, https:\/\/balticwind.eu\/wp-content\/uploads\/2026\/08\/germany-windseeg-amendment-contracts-for-difference-zero-bid-round-1536x864.jpg 1536w, https:\/\/balticwind.eu\/wp-content\/uploads\/2026\/08\/germany-windseeg-amendment-contracts-for-difference-zero-bid-round.jpg 1600w\" data-sizes=\"auto\" \/><\/a><\/li><\/ul><\/div><div class=\"recent-posts-content\"><h4 class=\"entry-title\"><a style=\"color: #1f2a3b !important;\" href=\"https:\/\/balticwind.eu\/de\/offshore-branche-draengt-nach-nullrunde-auf-differenzvertraege\/\">Offshore-Branche dr\u00e4ngt nach Nullrunde auf Differenzvertr\u00e4ge<\/a><\/h4><p class=\"meta\"><a href=\"https:\/\/balticwind.eu\/de\/category\/deutschland\/\" rel=\"category tag\">Deutschland<\/a>, <a href=\"https:\/\/balticwind.eu\/de\/category\/offshore-wind-aktuell\/\" rel=\"category tag\">Offshore-Wind Aktuell<\/a>, <a href=\"https:\/\/balticwind.eu\/de\/category\/regulierung\/\" rel=\"category tag\">Regulierung<\/a><span class=\"fusion-inline-sep\">|<\/span><\/p><\/div><\/article><article class=\"post fusion-column column col col-lg-12 col-md-12 col-sm-12 fusion-animated\" data-animationType=\"fadeInDown\" data-animationDuration=\"0.6\" data-animationOffset=\"100%\"><div class=\"fusion-flexslider fusion-flexslider-loading flexslider floated-slideshow flexslider-hover-type-zoomout\"><ul class=\"slides\"><li><a href=\"https:\/\/balticwind.eu\/de\/baltica-2-wendet-sich-dem-sekundaerstahl-zu-ueber-400-bauteile-folgen-den-fundamenten\/\" aria-label=\"Baltica 2 wendet sich dem Sekund\u00e4rstahl zu: \u00dcber 400 Bauteile folgen den Fundamenten\" class=\"hover-type-zoomout\"><img decoding=\"async\" width=\"200\" height=\"131\" src=\"https:\/\/balticwind.eu\/wp-content\/uploads\/2026\/08\/baltica-2-secondary-steel-400-components-polish-manufacturing-200x131.jpg\" class=\"attachment-fusion-200 size-fusion-200 lazyload\" alt=\"\" srcset=\"data:image\/svg+xml,%3Csvg%20xmlns%3D%27http%3A%2F%2Fwww.w3.org%2F2000%2Fsvg%27%20width%3D%272560%27%20height%3D%271681%27%20viewBox%3D%270%200%202560%201681%27%3E%3Crect%20width%3D%272560%27%20height%3D%271681%27%20fill-opacity%3D%220%22%2F%3E%3C%2Fsvg%3E\" data-orig-src=\"https:\/\/balticwind.eu\/wp-content\/uploads\/2026\/08\/baltica-2-secondary-steel-400-components-polish-manufacturing-200x131.jpg\" data-srcset=\"https:\/\/balticwind.eu\/wp-content\/uploads\/2026\/08\/baltica-2-secondary-steel-400-components-polish-manufacturing-200x131.jpg 200w, https:\/\/balticwind.eu\/wp-content\/uploads\/2026\/08\/baltica-2-secondary-steel-400-components-polish-manufacturing-300x197.jpg 300w, https:\/\/balticwind.eu\/wp-content\/uploads\/2026\/08\/baltica-2-secondary-steel-400-components-polish-manufacturing-400x263.jpg 400w, https:\/\/balticwind.eu\/wp-content\/uploads\/2026\/08\/baltica-2-secondary-steel-400-components-polish-manufacturing-600x394.jpg 600w, https:\/\/balticwind.eu\/wp-content\/uploads\/2026\/08\/baltica-2-secondary-steel-400-components-polish-manufacturing-768x504.jpg 768w, https:\/\/balticwind.eu\/wp-content\/uploads\/2026\/08\/baltica-2-secondary-steel-400-components-polish-manufacturing-800x525.jpg 800w, https:\/\/balticwind.eu\/wp-content\/uploads\/2026\/08\/baltica-2-secondary-steel-400-components-polish-manufacturing-1024x672.jpg 1024w, https:\/\/balticwind.eu\/wp-content\/uploads\/2026\/08\/baltica-2-secondary-steel-400-components-polish-manufacturing-1200x788.jpg 1200w, https:\/\/balticwind.eu\/wp-content\/uploads\/2026\/08\/baltica-2-secondary-steel-400-components-polish-manufacturing-1536x1009.jpg 1536w\" data-sizes=\"auto\" \/><\/a><\/li><\/ul><\/div><div class=\"recent-posts-content\"><h4 class=\"entry-title\"><a style=\"color: #1f2a3b !important;\" href=\"https:\/\/balticwind.eu\/de\/baltica-2-wendet-sich-dem-sekundaerstahl-zu-ueber-400-bauteile-folgen-den-fundamenten\/\">Baltica 2 wendet sich dem Sekund\u00e4rstahl zu: \u00dcber 400 Bauteile folgen den Fundamenten<\/a><\/h4><p class=\"meta\"><a href=\"https:\/\/balticwind.eu\/de\/category\/offshore-wind-aktuell\/\" rel=\"category tag\">Offshore-Wind Aktuell<\/a>, <a href=\"https:\/\/balticwind.eu\/de\/category\/polen\/\" rel=\"category tag\">Polen<\/a>, <a href=\"https:\/\/balticwind.eu\/de\/category\/projekte\/\" rel=\"category tag\">Projekte<\/a><span class=\"fusion-inline-sep\">|<\/span><\/p><\/div><\/article><article class=\"post fusion-column column col col-lg-12 col-md-12 col-sm-12 fusion-animated\" data-animationType=\"fadeInDown\" data-animationDuration=\"0.6\" data-animationOffset=\"100%\"><div class=\"fusion-flexslider fusion-flexslider-loading flexslider floated-slideshow flexslider-hover-type-zoomout\"><ul class=\"slides\"><li><a href=\"https:\/\/balticwind.eu\/de\/windeurope-ruft-zu-beitraegen-fuer-kopenhagen-2027-auf-frist-4-september\/\" aria-label=\"WindEurope ruft zu Beitr\u00e4gen f\u00fcr Kopenhagen 2027 auf \u2013 Frist 4. September\" class=\"hover-type-zoomout\"><img decoding=\"async\" width=\"200\" height=\"113\" src=\"https:\/\/balticwind.eu\/wp-content\/uploads\/2026\/08\/windeurope-copenhagen-2027-call-for-abstracts-september-deadline-200x113.jpg\" class=\"attachment-fusion-200 size-fusion-200 lazyload\" alt=\"\" srcset=\"data:image\/svg+xml,%3Csvg%20xmlns%3D%27http%3A%2F%2Fwww.w3.org%2F2000%2Fsvg%27%20width%3D%271600%27%20height%3D%27900%27%20viewBox%3D%270%200%201600%20900%27%3E%3Crect%20width%3D%271600%27%20height%3D%27900%27%20fill-opacity%3D%220%22%2F%3E%3C%2Fsvg%3E\" data-orig-src=\"https:\/\/balticwind.eu\/wp-content\/uploads\/2026\/08\/windeurope-copenhagen-2027-call-for-abstracts-september-deadline-200x113.jpg\" data-srcset=\"https:\/\/balticwind.eu\/wp-content\/uploads\/2026\/08\/windeurope-copenhagen-2027-call-for-abstracts-september-deadline-200x113.jpg 200w, https:\/\/balticwind.eu\/wp-content\/uploads\/2026\/08\/windeurope-copenhagen-2027-call-for-abstracts-september-deadline-300x169.jpg 300w, https:\/\/balticwind.eu\/wp-content\/uploads\/2026\/08\/windeurope-copenhagen-2027-call-for-abstracts-september-deadline-400x225.jpg 400w, https:\/\/balticwind.eu\/wp-content\/uploads\/2026\/08\/windeurope-copenhagen-2027-call-for-abstracts-september-deadline-600x338.jpg 600w, https:\/\/balticwind.eu\/wp-content\/uploads\/2026\/08\/windeurope-copenhagen-2027-call-for-abstracts-september-deadline-768x432.jpg 768w, https:\/\/balticwind.eu\/wp-content\/uploads\/2026\/08\/windeurope-copenhagen-2027-call-for-abstracts-september-deadline-800x450.jpg 800w, https:\/\/balticwind.eu\/wp-content\/uploads\/2026\/08\/windeurope-copenhagen-2027-call-for-abstracts-september-deadline-1024x576.jpg 1024w, https:\/\/balticwind.eu\/wp-content\/uploads\/2026\/08\/windeurope-copenhagen-2027-call-for-abstracts-september-deadline-1200x675.jpg 1200w, https:\/\/balticwind.eu\/wp-content\/uploads\/2026\/08\/windeurope-copenhagen-2027-call-for-abstracts-september-deadline-1536x864.jpg 1536w, https:\/\/balticwind.eu\/wp-content\/uploads\/2026\/08\/windeurope-copenhagen-2027-call-for-abstracts-september-deadline.jpg 1600w\" data-sizes=\"auto\" \/><\/a><\/li><\/ul><\/div><div class=\"recent-posts-content\"><h4 class=\"entry-title\"><a style=\"color: #1f2a3b !important;\" href=\"https:\/\/balticwind.eu\/de\/windeurope-ruft-zu-beitraegen-fuer-kopenhagen-2027-auf-frist-4-september\/\">WindEurope ruft zu Beitr\u00e4gen f\u00fcr Kopenhagen 2027 auf \u2013 Frist 4. September<\/a><\/h4><p class=\"meta\"><a href=\"https:\/\/balticwind.eu\/de\/category\/offshore-wind-aktuell\/\" rel=\"category tag\">Offshore-Wind Aktuell<\/a>, <a href=\"https:\/\/balticwind.eu\/de\/category\/veranstaltungen\/\" rel=\"category tag\">Veranstaltungen<\/a><span class=\"fusion-inline-sep\">|<\/span><\/p><\/div><\/article><article class=\"post fusion-column column col col-lg-12 col-md-12 col-sm-12 fusion-animated\" data-animationType=\"fadeInDown\" data-animationDuration=\"0.6\" data-animationOffset=\"100%\"><div class=\"fusion-flexslider fusion-flexslider-loading flexslider floated-slideshow flexslider-hover-type-zoomout\"><ul class=\"slides\"><li><a href=\"https:\/\/balticwind.eu\/de\/bwo-online-talk-zu-ets-reform-und-der-stahl-lieferkette-der-offshore-windenergie\/\" aria-label=\"BWO-Online-Talk zu ETS-Reform und der Stahl-Lieferkette der Offshore-Windenergie\" class=\"hover-type-zoomout\"><img decoding=\"async\" width=\"200\" height=\"113\" src=\"https:\/\/balticwind.eu\/wp-content\/uploads\/2026\/08\/bwo-online-talk-ets-revision-offshore-wind-steel-supply-chain-200x113.jpg\" class=\"attachment-fusion-200 size-fusion-200 lazyload\" alt=\"\" srcset=\"data:image\/svg+xml,%3Csvg%20xmlns%3D%27http%3A%2F%2Fwww.w3.org%2F2000%2Fsvg%27%20width%3D%271600%27%20height%3D%27900%27%20viewBox%3D%270%200%201600%20900%27%3E%3Crect%20width%3D%271600%27%20height%3D%27900%27%20fill-opacity%3D%220%22%2F%3E%3C%2Fsvg%3E\" data-orig-src=\"https:\/\/balticwind.eu\/wp-content\/uploads\/2026\/08\/bwo-online-talk-ets-revision-offshore-wind-steel-supply-chain-200x113.jpg\" data-srcset=\"https:\/\/balticwind.eu\/wp-content\/uploads\/2026\/08\/bwo-online-talk-ets-revision-offshore-wind-steel-supply-chain-200x113.jpg 200w, https:\/\/balticwind.eu\/wp-content\/uploads\/2026\/08\/bwo-online-talk-ets-revision-offshore-wind-steel-supply-chain-300x169.jpg 300w, https:\/\/balticwind.eu\/wp-content\/uploads\/2026\/08\/bwo-online-talk-ets-revision-offshore-wind-steel-supply-chain-400x225.jpg 400w, https:\/\/balticwind.eu\/wp-content\/uploads\/2026\/08\/bwo-online-talk-ets-revision-offshore-wind-steel-supply-chain-600x338.jpg 600w, https:\/\/balticwind.eu\/wp-content\/uploads\/2026\/08\/bwo-online-talk-ets-revision-offshore-wind-steel-supply-chain-768x432.jpg 768w, https:\/\/balticwind.eu\/wp-content\/uploads\/2026\/08\/bwo-online-talk-ets-revision-offshore-wind-steel-supply-chain-800x450.jpg 800w, https:\/\/balticwind.eu\/wp-content\/uploads\/2026\/08\/bwo-online-talk-ets-revision-offshore-wind-steel-supply-chain-1024x576.jpg 1024w, https:\/\/balticwind.eu\/wp-content\/uploads\/2026\/08\/bwo-online-talk-ets-revision-offshore-wind-steel-supply-chain-1200x675.jpg 1200w, https:\/\/balticwind.eu\/wp-content\/uploads\/2026\/08\/bwo-online-talk-ets-revision-offshore-wind-steel-supply-chain-1536x864.jpg 1536w, https:\/\/balticwind.eu\/wp-content\/uploads\/2026\/08\/bwo-online-talk-ets-revision-offshore-wind-steel-supply-chain.jpg 1600w\" data-sizes=\"auto\" \/><\/a><\/li><\/ul><\/div><div class=\"recent-posts-content\"><h4 class=\"entry-title\"><a style=\"color: #1f2a3b !important;\" href=\"https:\/\/balticwind.eu\/de\/bwo-online-talk-zu-ets-reform-und-der-stahl-lieferkette-der-offshore-windenergie\/\">BWO-Online-Talk zu ETS-Reform und der Stahl-Lieferkette der Offshore-Windenergie<\/a><\/h4><p class=\"meta\"><a href=\"https:\/\/balticwind.eu\/de\/category\/deutschland\/\" rel=\"category tag\">Deutschland<\/a>, <a href=\"https:\/\/balticwind.eu\/de\/category\/offshore-wind-aktuell\/\" rel=\"category tag\">Offshore-Wind Aktuell<\/a>, <a href=\"https:\/\/balticwind.eu\/de\/category\/veranstaltungen\/\" rel=\"category tag\">Veranstaltungen<\/a><span class=\"fusion-inline-sep\">|<\/span><\/p><\/div><\/article><article class=\"post fusion-column column col col-lg-12 col-md-12 col-sm-12 fusion-animated\" data-animationType=\"fadeInDown\" data-animationDuration=\"0.6\" data-animationOffset=\"100%\"><div class=\"fusion-flexslider fusion-flexslider-loading flexslider floated-slideshow flexslider-hover-type-zoomout\"><ul class=\"slides\"><li><a href=\"https:\/\/balticwind.eu\/de\/macgregor-gangway-fuer-uebergaenge-zwischen-zwei-schwimmenden-einheiten-zertifiziert\/\" aria-label=\"MacGregor-Gangway f\u00fcr \u00dcberg\u00e4nge zwischen zwei schwimmenden Einheiten zertifiziert\" class=\"hover-type-zoomout\"><img decoding=\"async\" width=\"200\" height=\"113\" src=\"https:\/\/balticwind.eu\/wp-content\/uploads\/2026\/08\/macgregor-horizon-gangway-dnv-floating-to-floating-certification-200x113.jpg\" class=\"attachment-fusion-200 size-fusion-200 lazyload\" alt=\"\" srcset=\"data:image\/svg+xml,%3Csvg%20xmlns%3D%27http%3A%2F%2Fwww.w3.org%2F2000%2Fsvg%27%20width%3D%271600%27%20height%3D%27900%27%20viewBox%3D%270%200%201600%20900%27%3E%3Crect%20width%3D%271600%27%20height%3D%27900%27%20fill-opacity%3D%220%22%2F%3E%3C%2Fsvg%3E\" data-orig-src=\"https:\/\/balticwind.eu\/wp-content\/uploads\/2026\/08\/macgregor-horizon-gangway-dnv-floating-to-floating-certification-200x113.jpg\" data-srcset=\"https:\/\/balticwind.eu\/wp-content\/uploads\/2026\/08\/macgregor-horizon-gangway-dnv-floating-to-floating-certification-200x113.jpg 200w, https:\/\/balticwind.eu\/wp-content\/uploads\/2026\/08\/macgregor-horizon-gangway-dnv-floating-to-floating-certification-300x169.jpg 300w, https:\/\/balticwind.eu\/wp-content\/uploads\/2026\/08\/macgregor-horizon-gangway-dnv-floating-to-floating-certification-400x225.jpg 400w, https:\/\/balticwind.eu\/wp-content\/uploads\/2026\/08\/macgregor-horizon-gangway-dnv-floating-to-floating-certification-600x338.jpg 600w, https:\/\/balticwind.eu\/wp-content\/uploads\/2026\/08\/macgregor-horizon-gangway-dnv-floating-to-floating-certification-768x432.jpg 768w, https:\/\/balticwind.eu\/wp-content\/uploads\/2026\/08\/macgregor-horizon-gangway-dnv-floating-to-floating-certification-800x450.jpg 800w, https:\/\/balticwind.eu\/wp-content\/uploads\/2026\/08\/macgregor-horizon-gangway-dnv-floating-to-floating-certification-1024x576.jpg 1024w, https:\/\/balticwind.eu\/wp-content\/uploads\/2026\/08\/macgregor-horizon-gangway-dnv-floating-to-floating-certification-1200x675.jpg 1200w, https:\/\/balticwind.eu\/wp-content\/uploads\/2026\/08\/macgregor-horizon-gangway-dnv-floating-to-floating-certification-1536x864.jpg 1536w, https:\/\/balticwind.eu\/wp-content\/uploads\/2026\/08\/macgregor-horizon-gangway-dnv-floating-to-floating-certification.jpg 1600w\" data-sizes=\"auto\" \/><\/a><\/li><\/ul><\/div><div class=\"recent-posts-content\"><h4 class=\"entry-title\"><a style=\"color: #1f2a3b !important;\" href=\"https:\/\/balticwind.eu\/de\/macgregor-gangway-fuer-uebergaenge-zwischen-zwei-schwimmenden-einheiten-zertifiziert\/\">MacGregor-Gangway f\u00fcr \u00dcberg\u00e4nge zwischen zwei schwimmenden Einheiten zertifiziert<\/a><\/h4><p class=\"meta\"><a href=\"https:\/\/balticwind.eu\/de\/category\/offshore-wind-aktuell\/\" rel=\"category tag\">Offshore-Wind Aktuell<\/a>, <a href=\"https:\/\/balticwind.eu\/de\/category\/technologie\/\" rel=\"category tag\">Technologie<\/a><span class=\"fusion-inline-sep\">|<\/span><\/p><\/div><\/article><article class=\"post fusion-column column col col-lg-12 col-md-12 col-sm-12 fusion-animated\" data-animationType=\"fadeInDown\" data-animationDuration=\"0.6\" data-animationOffset=\"100%\"><div class=\"fusion-flexslider fusion-flexslider-loading flexslider floated-slideshow flexslider-hover-type-zoomout\"><ul class=\"slides\"><li><a href=\"https:\/\/balticwind.eu\/de\/eurowind-energy-erwirbt-zwei-genehmigte-windparks-mit-867-mw-in-deutschland\/\" aria-label=\"Eurowind Energy erwirbt zwei genehmigte Windparks mit 86,7 MW in Deutschland\" class=\"hover-type-zoomout\"><img decoding=\"async\" width=\"200\" height=\"150\" src=\"https:\/\/balticwind.eu\/wp-content\/uploads\/2026\/08\/eurowind-energy-acquires-86-7-mw-permitted-german-wind-farms-200x150.jpg\" class=\"attachment-fusion-200 size-fusion-200 lazyload\" alt=\"\" srcset=\"data:image\/svg+xml,%3Csvg%20xmlns%3D%27http%3A%2F%2Fwww.w3.org%2F2000%2Fsvg%27%20width%3D%271600%27%20height%3D%271200%27%20viewBox%3D%270%200%201600%201200%27%3E%3Crect%20width%3D%271600%27%20height%3D%271200%27%20fill-opacity%3D%220%22%2F%3E%3C%2Fsvg%3E\" data-orig-src=\"https:\/\/balticwind.eu\/wp-content\/uploads\/2026\/08\/eurowind-energy-acquires-86-7-mw-permitted-german-wind-farms-200x150.jpg\" data-srcset=\"https:\/\/balticwind.eu\/wp-content\/uploads\/2026\/08\/eurowind-energy-acquires-86-7-mw-permitted-german-wind-farms-200x150.jpg 200w, https:\/\/balticwind.eu\/wp-content\/uploads\/2026\/08\/eurowind-energy-acquires-86-7-mw-permitted-german-wind-farms-300x225.jpg 300w, https:\/\/balticwind.eu\/wp-content\/uploads\/2026\/08\/eurowind-energy-acquires-86-7-mw-permitted-german-wind-farms-400x300.jpg 400w, https:\/\/balticwind.eu\/wp-content\/uploads\/2026\/08\/eurowind-energy-acquires-86-7-mw-permitted-german-wind-farms-600x450.jpg 600w, https:\/\/balticwind.eu\/wp-content\/uploads\/2026\/08\/eurowind-energy-acquires-86-7-mw-permitted-german-wind-farms-768x576.jpg 768w, https:\/\/balticwind.eu\/wp-content\/uploads\/2026\/08\/eurowind-energy-acquires-86-7-mw-permitted-german-wind-farms-800x600.jpg 800w, https:\/\/balticwind.eu\/wp-content\/uploads\/2026\/08\/eurowind-energy-acquires-86-7-mw-permitted-german-wind-farms-1024x768.jpg 1024w, https:\/\/balticwind.eu\/wp-content\/uploads\/2026\/08\/eurowind-energy-acquires-86-7-mw-permitted-german-wind-farms-1200x900.jpg 1200w, https:\/\/balticwind.eu\/wp-content\/uploads\/2026\/08\/eurowind-energy-acquires-86-7-mw-permitted-german-wind-farms-1536x1152.jpg 1536w, https:\/\/balticwind.eu\/wp-content\/uploads\/2026\/08\/eurowind-energy-acquires-86-7-mw-permitted-german-wind-farms.jpg 1600w\" data-sizes=\"auto\" \/><\/a><\/li><\/ul><\/div><div class=\"recent-posts-content\"><h4 class=\"entry-title\"><a style=\"color: #1f2a3b !important;\" href=\"https:\/\/balticwind.eu\/de\/eurowind-energy-erwirbt-zwei-genehmigte-windparks-mit-867-mw-in-deutschland\/\">Eurowind Energy erwirbt zwei genehmigte Windparks mit 86,7 MW in Deutschland<\/a><\/h4><p class=\"meta\"><a href=\"https:\/\/balticwind.eu\/de\/category\/deutschland\/\" rel=\"category tag\">Deutschland<\/a>, <a href=\"https:\/\/balticwind.eu\/de\/category\/onshore-wind-aktuell\/\" rel=\"category tag\">Onshore-Wind Aktuell<\/a>, <a href=\"https:\/\/balticwind.eu\/de\/category\/projekte\/\" rel=\"category tag\">Projekte<\/a><span class=\"fusion-inline-sep\">|<\/span><\/p><\/div><\/article><\/section><div class=\"fusion-infinite-scroll-trigger\"><\/div><div class=\"pagination infinite-scroll clearfix\" style=\"display:none;\"><span class=\"current\">1<\/span><a href=\"https:\/\/balticwind.eu\/de\/wp-json\/wp\/v2\/pages\/47680\/page\/2\/\" class=\"inactive\">2<\/a><a class=\"pagination-next\" rel=\"next\" href=\"https:\/\/balticwind.eu\/de\/wp-json\/wp\/v2\/pages\/47680\/page\/2\/\"><span class=\"page-text\">Next<\/span><span class=\"page-next\"><\/span><\/a><\/div><div class=\"fusion-clearfix\"><\/div><button class=\"fusion-load-more-button fusion-blog-button fusion-clearfix\">Load More Posts<\/button><\/div><\/div><style type=\"text\/css\">.fusion-body .fusion-builder-column-5{width:100% !important;margin-top : 0px;margin-bottom : 20px;}.fusion-builder-column-5 > .fusion-column-wrapper {padding-top : 0px !important;padding-right : 0px !important;margin-right : 1.92%;padding-bottom : 0px !important;padding-left : 0px !important;margin-left : 1.92%;}@media only screen and (max-width:1024px) {.fusion-body .fusion-builder-column-5{width:100% !important;order : 0;}.fusion-builder-column-5 > .fusion-column-wrapper {margin-right : 1.92%;margin-left : 1.92%;}}@media only screen and (max-width:640px) {.fusion-body .fusion-builder-column-5{width:100% !important;order : 0;}.fusion-builder-column-5 > .fusion-column-wrapper {margin-right : 1.92%;margin-left : 1.92%;}}<\/style><\/div><\/div><style type=\"text\/css\">.fusion-body .fusion-flex-container.fusion-builder-row-6{ padding-top : 0px;margin-top : 30px;padding-right : 0px;padding-bottom : 0px;margin-bottom : 0px;padding-left : 0px;}<\/style><\/div><div class=\"fusion-fullwidth fullwidth-box fusion-builder-row-7 fusion-flex-container nonhundred-percent-fullwidth non-hundred-percent-height-scrolling\" style=\"background-color: #d1ebfb;background-position: left top;background-repeat: no-repeat;border-width: 0px 0px 0px 0px;border-color:#eaeaea;border-style:solid;\" ><div class=\"fusion-builder-row fusion-row fusion-flex-align-items-flex-start\" style=\"max-width:1289.6px;margin-left: calc(-4% \/ 2 );margin-right: calc(-4% \/ 2 );\"><div class=\"fusion-layout-column fusion_builder_column fusion-builder-column-6 fusion_builder_column_1_6 1_6 fusion-flex-column\"><div class=\"fusion-column-wrapper fusion-flex-justify-content-flex-start fusion-content-layout-column\" style=\"background-position:left top;background-repeat:no-repeat;-webkit-background-size:cover;-moz-background-size:cover;-o-background-size:cover;background-size:cover;padding: 0px 0px 0px 0px;\"><\/div><style type=\"text\/css\">.fusion-body .fusion-builder-column-6{width:16.666666666667% !important;margin-top : 0px;margin-bottom : 20px;}.fusion-builder-column-6 > .fusion-column-wrapper {padding-top : 0px !important;padding-right : 0px !important;margin-right : 11.52%;padding-bottom : 0px !important;padding-left : 0px !important;margin-left : 11.52%;}@media only screen and (max-width:1024px) {.fusion-body .fusion-builder-column-6{width:100% !important;order : 0;}.fusion-builder-column-6 > .fusion-column-wrapper {margin-right : 1.92%;margin-left : 1.92%;}}@media only screen and (max-width:640px) {.fusion-body .fusion-builder-column-6{width:100% !important;order : 0;}.fusion-builder-column-6 > .fusion-column-wrapper {margin-right : 1.92%;margin-left : 1.92%;}}<\/style><\/div><div class=\"fusion-layout-column fusion_builder_column fusion-builder-column-7 fusion_builder_column_2_3 2_3 fusion-flex-column\"><div class=\"fusion-column-wrapper fusion-flex-justify-content-flex-start fusion-content-layout-column\" style=\"background-position:left top;background-repeat:no-repeat;-webkit-background-size:cover;-moz-background-size:cover;-o-background-size:cover;background-size:cover;padding: 40px 0px 0px 0px;\"><style type=\"text\/css\">@media only screen and (max-width:1024px) {.fusion-title.fusion-title-4{margin-top:20px!important; margin-right:0px!important;margin-bottom:20px!important;margin-left:0px!important;}}@media only screen and (max-width:640px) {.fusion-title.fusion-title-4{margin-top:0px!important; margin-right:0px!important;margin-bottom:20px!important; margin-left:0px!important;}}<\/style><div class=\"fusion-title title fusion-title-4 fusion-title-center fusion-title-text fusion-title-size-three\" style=\"font-size:30px;margin-top:20px;margin-right:0px;margin-bottom:20px;margin-left:0px;\"><div class=\"title-sep-container title-sep-container-left\"><div class=\"title-sep sep-\" style=\"border-color:#eaeaea;\"><\/div><\/div><h3 class=\"title-heading-center fusion-responsive-typography-calculated\" style=\"font-family:&quot;Fira Sans&quot;;font-weight:400;margin:0;font-size:1em;--fontSize:30;line-height:1.33;\">Subscribe to our newsletter<\/h3><div class=\"title-sep-container title-sep-container-right\"><div class=\"title-sep sep-\" style=\"border-color:#eaeaea;\"><\/div><\/div><\/div><div class=\"fusion-text fusion-text-1\"><script>(function() {\n\twindow.mc4wp = window.mc4wp || {\n\t\tlisteners: [],\n\t\tforms: {\n\t\t\ton: function(evt, cb) {\n\t\t\t\twindow.mc4wp.listeners.push(\n\t\t\t\t\t{\n\t\t\t\t\t\tevent   : evt,\n\t\t\t\t\t\tcallback: cb\n\t\t\t\t\t}\n\t\t\t\t);\n\t\t\t}\n\t\t}\n\t}\n})();\n<\/script><!-- Mailchimp for WordPress v4.9.11 - https:\/\/wordpress.org\/plugins\/mailchimp-for-wp\/ --><form id=\"mc4wp-form-1\" class=\"mc4wp-form mc4wp-form-3291\" method=\"post\" data-id=\"3291\" data-name=\"Newsletter\" ><div class=\"mc4wp-form-fields\"><div style=\"display: flex; justify-content: center; flex-direction: row; flex-wrap: wrap; min-height: 55px;\">\r\n<div class=\"flex-item-left\" style=\" display: flex;\r\n      align-items: center;\r\n      justify-content: center;\r\n      text-align: center;\r\n      flex: 1;\r\n      flex-direction: column; min-height: 55px;\">\r\n<p style=\"padding-right: 10px; width: 100%;\">\r\n\t<label> \r\n\t\t<input type=\"email\" name=\"EMAIL\" placeholder=\"Your email address\" required \/>\r\n<\/label>\r\n<\/p>\r\n  <\/div>\r\n<div class=\"flex-item-right\" style=\" display: flex;\r\n      align-items: center;\r\n      justify-content: center;\r\n      text-align: center;\r\n      flex: 1;\r\n      flex-direction: column;\">\r\n<p style=\"color: #000000; width: 100%;\">\r\n  <label>\r\n\t<input type=\"submit\" value=\"Sign up\" \/>\r\n    <\/label>\r\n<\/p>\r\n  <\/div>\r\n<\/div>\r\n<\/div><label style=\"display: none !important;\">Wenn du ein Mensch bist, lasse das Feld leer: <input type=\"text\" name=\"_mc4wp_honeypot\" value=\"\" tabindex=\"-1\" autocomplete=\"off\" \/><\/label><input type=\"hidden\" name=\"_mc4wp_timestamp\" value=\"1788669207\" \/><input type=\"hidden\" name=\"_mc4wp_form_id\" value=\"3291\" \/><input type=\"hidden\" name=\"_mc4wp_form_element_id\" value=\"mc4wp-form-1\" \/><div class=\"mc4wp-response\"><\/div><\/form><!-- \/ Mailchimp for WordPress Plugin -->\n<\/div><\/div><style type=\"text\/css\">.fusion-body .fusion-builder-column-7{width:66.666666666667% !important;margin-top : 0px;margin-bottom : 20px;}.fusion-builder-column-7 > .fusion-column-wrapper {padding-top : 40px !important;padding-right : 0px !important;margin-right : 2.88%;padding-bottom : 0px !important;padding-left : 0px !important;margin-left : 2.88%;}@media only screen and (max-width:1024px) {.fusion-body .fusion-builder-column-7{width:100% !important;order : 0;margin-bottom : 0px;}.fusion-builder-column-7 > .fusion-column-wrapper {margin-right : 1.92%;margin-left : 1.92%;}}@media only screen and (max-width:640px) {.fusion-body .fusion-builder-column-7{width:100% !important;order : 0;margin-bottom : 0px;}.fusion-builder-column-7 > .fusion-column-wrapper {margin-right : 1.92%;margin-left : 1.92%;}}<\/style><\/div><div class=\"fusion-layout-column fusion_builder_column fusion-builder-column-8 fusion_builder_column_1_6 1_6 fusion-flex-column\"><div class=\"fusion-column-wrapper fusion-flex-justify-content-flex-start fusion-content-layout-column\" style=\"background-position:left top;background-repeat:no-repeat;-webkit-background-size:cover;-moz-background-size:cover;-o-background-size:cover;background-size:cover;padding: 0px 0px 0px 0px;\"><\/div><style type=\"text\/css\">.fusion-body .fusion-builder-column-8{width:16.666666666667% !important;margin-top : 0px;margin-bottom : 20px;}.fusion-builder-column-8 > .fusion-column-wrapper {padding-top : 0px !important;padding-right : 0px !important;margin-right : 11.52%;padding-bottom : 0px !important;padding-left : 0px !important;margin-left : 3.84%;}@media only screen and (max-width:1024px) {.fusion-body .fusion-builder-column-8{width:100% !important;order : 0;}.fusion-builder-column-8 > .fusion-column-wrapper {margin-right : 1.92%;margin-left : 1.92%;}}@media only screen and (max-width:640px) {.fusion-body .fusion-builder-column-8{width:100% !important;order : 0;}.fusion-builder-column-8 > .fusion-column-wrapper {margin-right : 1.92%;margin-left : 1.92%;}}<\/style><\/div><\/div><style type=\"text\/css\">.fusion-body .fusion-flex-container.fusion-builder-row-7{ padding-top : 70px;margin-top : 0px;padding-right : 0px;padding-bottom : 55px;margin-bottom : 0px;padding-left : 0px;}<\/style><\/div>\n<div class=\"fusion-fullwidth fullwidth-box fusion-builder-row-8 fusion-flex-container nonhundred-percent-fullwidth non-hundred-percent-height-scrolling fusion-no-large-visibility\" style=\"background-color: rgba(255,255,255,0);background-position: center center;background-repeat: no-repeat;border-width: 0px 0px 0px 0px;border-color:#eaeaea;border-style:solid;\" ><div class=\"fusion-builder-row fusion-row fusion-flex-align-items-flex-start\" style=\"max-width:1289.6px;margin-left: calc(-4% \/ 2 );margin-right: calc(-4% \/ 2 );\"><div class=\"fusion-layout-column fusion_builder_column fusion-builder-column-9 fusion_builder_column_1_1 1_1 fusion-flex-column\"><div class=\"fusion-column-wrapper fusion-flex-justify-content-flex-start fusion-content-layout-column\" style=\"background-position:left top;background-repeat:no-repeat;-webkit-background-size:cover;-moz-background-size:cover;-o-background-size:cover;background-size:cover;padding: 0px 0px 0px 0px;\"><div class=\"fusion-recent-posts fusion-recent-posts-3 avada-container layout-thumbnails-on-side layout-columns-1 fusion-recent-posts-infinite fusion-recent-posts-load-more klasa\" data-pages=\"13\"><section class=\"fusion-columns columns fusion-columns-1 columns-1\"><article class=\"post fusion-column column col col-lg-12 col-md-12 col-sm-12 fusion-animated\" data-animationType=\"fadeInDown\" data-animationDuration=\"0.6\" data-animationOffset=\"100%\"><div class=\"fusion-flexslider fusion-flexslider-loading flexslider floated-slideshow flexslider-hover-type-zoomout\"><ul class=\"slides\"><li><a href=\"https:\/\/balticwind.eu\/de\/hafen-klaipeda-startet-bauphase-seiner-groessten-erweiterung\/\" aria-label=\"Hafen Klaip\u0117da startet Bauphase seiner gr\u00f6\u00dften Erweiterung\" class=\"hover-type-zoomout\"><img decoding=\"async\" width=\"177\" height=\"142\" src=\"data:image\/svg+xml,%3Csvg%20xmlns%3D%27http%3A%2F%2Fwww.w3.org%2F2000%2Fsvg%27%20width%3D%27177%27%20height%3D%27142%27%20viewBox%3D%270%200%20177%20142%27%3E%3Crect%20width%3D%27177%27%20height%3D%27142%27%20fill-opacity%3D%220%22%2F%3E%3C%2Fsvg%3E\" data-orig-src=\"https:\/\/balticwind.eu\/wp-content\/uploads\/2026\/08\/klaipeda-port-southern-expansion-baltic-sea-177x142.jpg\" class=\"lazyload attachment-portfolio-five size-portfolio-five\" alt=\"\" \/><\/a><\/li><\/ul><\/div><div class=\"recent-posts-content\"><h4 class=\"entry-title\"><a style=\"color: #1f2a3b !important;\" href=\"https:\/\/balticwind.eu\/de\/hafen-klaipeda-startet-bauphase-seiner-groessten-erweiterung\/\">Hafen Klaip\u0117da startet Bauphase seiner gr\u00f6\u00dften Erweiterung<\/a><\/h4><p class=\"meta\"><a href=\"https:\/\/balticwind.eu\/de\/category\/litauen\/\" rel=\"category tag\">Litauen<\/a>, <a href=\"https:\/\/balticwind.eu\/de\/category\/projekte\/\" rel=\"category tag\">Projekte<\/a>, <a href=\"https:\/\/balticwind.eu\/de\/category\/top-news-de\/\" rel=\"category tag\">Top News<\/a><span class=\"fusion-inline-sep\">|<\/span><\/p><\/div><\/article><article class=\"post fusion-column column col col-lg-12 col-md-12 col-sm-12 fusion-animated\" data-animationType=\"fadeInDown\" data-animationDuration=\"0.6\" data-animationOffset=\"100%\"><div class=\"fusion-flexslider fusion-flexslider-loading flexslider floated-slideshow flexslider-hover-type-zoomout\"><ul class=\"slides\"><li><a href=\"https:\/\/balticwind.eu\/de\/speicher-werden-zur-zweiten-haelfte-des-windausbaus-in-deutschland-und-im-baltikum\/\" aria-label=\"Speicher werden zur zweiten H\u00e4lfte des Windausbaus in Deutschland und im Baltikum\" class=\"hover-type-zoomout\"><img decoding=\"async\" width=\"177\" height=\"142\" src=\"data:image\/svg+xml,%3Csvg%20xmlns%3D%27http%3A%2F%2Fwww.w3.org%2F2000%2Fsvg%27%20width%3D%27177%27%20height%3D%27142%27%20viewBox%3D%270%200%20177%20142%27%3E%3Crect%20width%3D%27177%27%20height%3D%27142%27%20fill-opacity%3D%220%22%2F%3E%3C%2Fsvg%3E\" data-orig-src=\"https:\/\/balticwind.eu\/wp-content\/uploads\/2026\/08\/electricity-substation-grid-flexibility-storage-177x142.jpg\" class=\"lazyload attachment-portfolio-five size-portfolio-five\" alt=\"\" \/><\/a><\/li><\/ul><\/div><div class=\"recent-posts-content\"><h4 class=\"entry-title\"><a style=\"color: #1f2a3b !important;\" href=\"https:\/\/balticwind.eu\/de\/speicher-werden-zur-zweiten-haelfte-des-windausbaus-in-deutschland-und-im-baltikum\/\">Speicher werden zur zweiten H\u00e4lfte des Windausbaus in Deutschland und im Baltikum<\/a><\/h4><p class=\"meta\"><a href=\"https:\/\/balticwind.eu\/de\/category\/editors-choice-de\/\" rel=\"category tag\">Auswahl der Redaktion<\/a>, <a href=\"https:\/\/balticwind.eu\/de\/category\/deutschland\/\" rel=\"category tag\">Deutschland<\/a>, <a href=\"https:\/\/balticwind.eu\/de\/category\/lettland\/\" rel=\"category tag\">Lettland<\/a>, <a href=\"https:\/\/balticwind.eu\/de\/category\/technologie\/\" rel=\"category tag\">Technologie<\/a><span class=\"fusion-inline-sep\">|<\/span><\/p><\/div><\/article><article class=\"post fusion-column column col col-lg-12 col-md-12 col-sm-12 fusion-animated\" data-animationType=\"fadeInDown\" data-animationDuration=\"0.6\" data-animationOffset=\"100%\"><div class=\"fusion-flexslider fusion-flexslider-loading flexslider floated-slideshow flexslider-hover-type-zoomout\"><ul class=\"slides\"><li><a href=\"https:\/\/balticwind.eu\/de\/esvagt-serviceschiff-erhaelt-bewegungsprognose-radar-fuer-sicherere-turbinenuebergaenge\/\" aria-label=\"ESVAGT-Serviceschiff erh\u00e4lt Bewegungsprognose-Radar f\u00fcr sicherere Turbinen\u00fcberg\u00e4nge\" class=\"hover-type-zoomout\"><img decoding=\"async\" width=\"177\" height=\"142\" src=\"data:image\/svg+xml,%3Csvg%20xmlns%3D%27http%3A%2F%2Fwww.w3.org%2F2000%2Fsvg%27%20width%3D%27177%27%20height%3D%27142%27%20viewBox%3D%270%200%20177%20142%27%3E%3Crect%20width%3D%27177%27%20height%3D%27142%27%20fill-opacity%3D%220%22%2F%3E%3C%2Fsvg%3E\" data-orig-src=\"https:\/\/balticwind.eu\/wp-content\/uploads\/2026\/08\/offshore-wind-service-vessel-turbines-north-sea-177x142.jpg\" class=\"lazyload attachment-portfolio-five size-portfolio-five\" alt=\"\" \/><\/a><\/li><\/ul><\/div><div class=\"recent-posts-content\"><h4 class=\"entry-title\"><a style=\"color: #1f2a3b !important;\" href=\"https:\/\/balticwind.eu\/de\/esvagt-serviceschiff-erhaelt-bewegungsprognose-radar-fuer-sicherere-turbinenuebergaenge\/\">ESVAGT-Serviceschiff erh\u00e4lt Bewegungsprognose-Radar f\u00fcr sicherere Turbinen\u00fcberg\u00e4nge<\/a><\/h4><p class=\"meta\"><a href=\"https:\/\/balticwind.eu\/de\/category\/daenemark\/\" rel=\"category tag\">D\u00e4nemark<\/a>, <a href=\"https:\/\/balticwind.eu\/de\/category\/offshore-wind-aktuell\/\" rel=\"category tag\">Offshore-Wind Aktuell<\/a>, <a href=\"https:\/\/balticwind.eu\/de\/category\/technologie\/\" rel=\"category tag\">Technologie<\/a><span class=\"fusion-inline-sep\">|<\/span><\/p><\/div><\/article><article class=\"post fusion-column column col col-lg-12 col-md-12 col-sm-12 fusion-animated\" data-animationType=\"fadeInDown\" data-animationDuration=\"0.6\" data-animationOffset=\"100%\"><div class=\"fusion-flexslider fusion-flexslider-loading flexslider floated-slideshow flexslider-hover-type-zoomout\"><ul class=\"slides\"><li><a href=\"https:\/\/balticwind.eu\/de\/perigus-energy-uebernimmt-genehmigtes-21-mw-windprojekt-olpe-rehringhausen-von-abo-energy\/\" aria-label=\"Perigus Energy \u00fcbernimmt genehmigtes 21-MW-Windprojekt Olpe-Rehringhausen von ABO Energy\" class=\"hover-type-zoomout\"><img decoding=\"async\" width=\"177\" height=\"142\" src=\"data:image\/svg+xml,%3Csvg%20xmlns%3D%27http%3A%2F%2Fwww.w3.org%2F2000%2Fsvg%27%20width%3D%27177%27%20height%3D%27142%27%20viewBox%3D%270%200%20177%20142%27%3E%3Crect%20width%3D%27177%27%20height%3D%27142%27%20fill-opacity%3D%220%22%2F%3E%3C%2Fsvg%3E\" data-orig-src=\"https:\/\/balticwind.eu\/wp-content\/uploads\/2026\/08\/perigus-energy-wind-turbine-olpe-rehringhausen-177x142.jpg\" class=\"lazyload attachment-portfolio-five size-portfolio-five\" alt=\"\" \/><\/a><\/li><\/ul><\/div><div class=\"recent-posts-content\"><h4 class=\"entry-title\"><a style=\"color: #1f2a3b !important;\" href=\"https:\/\/balticwind.eu\/de\/perigus-energy-uebernimmt-genehmigtes-21-mw-windprojekt-olpe-rehringhausen-von-abo-energy\/\">Perigus Energy \u00fcbernimmt genehmigtes 21-MW-Windprojekt Olpe-Rehringhausen von ABO Energy<\/a><\/h4><p class=\"meta\"><a href=\"https:\/\/balticwind.eu\/de\/category\/deutschland\/\" rel=\"category tag\">Deutschland<\/a>, <a href=\"https:\/\/balticwind.eu\/de\/category\/onshore-wind-aktuell\/\" rel=\"category tag\">Onshore-Wind Aktuell<\/a>, <a href=\"https:\/\/balticwind.eu\/de\/category\/projekte\/\" rel=\"category tag\">Projekte<\/a><span class=\"fusion-inline-sep\">|<\/span><\/p><\/div><\/article><article class=\"post fusion-column column col col-lg-12 col-md-12 col-sm-12 fusion-animated\" data-animationType=\"fadeInDown\" data-animationDuration=\"0.6\" data-animationOffset=\"100%\"><div class=\"fusion-flexslider fusion-flexslider-loading flexslider floated-slideshow flexslider-hover-type-zoomout\"><ul class=\"slides\"><li><a href=\"https:\/\/balticwind.eu\/de\/studie-erneuerbare-energien-stehen-fuer-31-000-arbeitsplaetze-in-der-metropolregion-hamburg\/\" aria-label=\"Studie: Erneuerbare Energien stehen f\u00fcr 31.000 Arbeitspl\u00e4tze in der Metropolregion Hamburg\" class=\"hover-type-zoomout\"><img decoding=\"async\" width=\"177\" height=\"142\" src=\"data:image\/svg+xml,%3Csvg%20xmlns%3D%27http%3A%2F%2Fwww.w3.org%2F2000%2Fsvg%27%20width%3D%27177%27%20height%3D%27142%27%20viewBox%3D%270%200%20177%20142%27%3E%3Crect%20width%3D%27177%27%20height%3D%27142%27%20fill-opacity%3D%220%22%2F%3E%3C%2Fsvg%3E\" data-orig-src=\"https:\/\/balticwind.eu\/wp-content\/uploads\/2026\/08\/wind-farm-germany-hamburg-renewables-cluster-177x142.jpg\" class=\"lazyload attachment-portfolio-five size-portfolio-five\" alt=\"\" \/><\/a><\/li><\/ul><\/div><div class=\"recent-posts-content\"><h4 class=\"entry-title\"><a style=\"color: #1f2a3b !important;\" href=\"https:\/\/balticwind.eu\/de\/studie-erneuerbare-energien-stehen-fuer-31-000-arbeitsplaetze-in-der-metropolregion-hamburg\/\">Studie: Erneuerbare Energien stehen f\u00fcr 31.000 Arbeitspl\u00e4tze in der Metropolregion Hamburg<\/a><\/h4><p class=\"meta\"><a href=\"https:\/\/balticwind.eu\/de\/category\/deutschland\/\" rel=\"category tag\">Deutschland<\/a>, <a href=\"https:\/\/balticwind.eu\/de\/category\/offshore-wind-aktuell\/\" rel=\"category tag\">Offshore-Wind Aktuell<\/a>, <a href=\"https:\/\/balticwind.eu\/de\/category\/onshore-wind-aktuell\/\" rel=\"category tag\">Onshore-Wind Aktuell<\/a><span class=\"fusion-inline-sep\">|<\/span><\/p><\/div><\/article><article class=\"post fusion-column column col col-lg-12 col-md-12 col-sm-12 fusion-animated\" data-animationType=\"fadeInDown\" data-animationDuration=\"0.6\" data-animationOffset=\"100%\"><div class=\"fusion-flexslider fusion-flexslider-loading flexslider floated-slideshow flexslider-hover-type-zoomout\"><ul class=\"slides\"><li><a href=\"https:\/\/balticwind.eu\/de\/riffmodule-fledermaussensoren-und-moewensender-wie-die-offshore-windkraft-ihre-biodiversitaetsdaten-aufbaut\/\" aria-label=\"Riffmodule, Fledermaussensoren und M\u00f6wensender: Wie die Offshore-Windkraft ihre Biodiversit\u00e4tsdaten aufbaut\" class=\"hover-type-zoomout\"><img decoding=\"async\" width=\"177\" height=\"142\" src=\"data:image\/svg+xml,%3Csvg%20xmlns%3D%27http%3A%2F%2Fwww.w3.org%2F2000%2Fsvg%27%20width%3D%27177%27%20height%3D%27142%27%20viewBox%3D%270%200%20177%20142%27%3E%3Crect%20width%3D%27177%27%20height%3D%27142%27%20fill-opacity%3D%220%22%2F%3E%3C%2Fsvg%3E\" data-orig-src=\"https:\/\/balticwind.eu\/wp-content\/uploads\/2026\/08\/offshore-wind-biodiversity-evidence-nature-inclusive-design-baltic-177x142.jpg\" class=\"lazyload attachment-portfolio-five size-portfolio-five\" alt=\"\" \/><\/a><\/li><\/ul><\/div><div class=\"recent-posts-content\"><h4 class=\"entry-title\"><a style=\"color: #1f2a3b !important;\" href=\"https:\/\/balticwind.eu\/de\/riffmodule-fledermaussensoren-und-moewensender-wie-die-offshore-windkraft-ihre-biodiversitaetsdaten-aufbaut\/\">Riffmodule, Fledermaussensoren und M\u00f6wensender: Wie die Offshore-Windkraft ihre Biodiversit\u00e4tsdaten aufbaut<\/a><\/h4><p class=\"meta\"><a href=\"https:\/\/balticwind.eu\/de\/category\/editors-choice-de\/\" rel=\"category tag\">Auswahl der Redaktion<\/a>, <a href=\"https:\/\/balticwind.eu\/de\/category\/finnland\/\" rel=\"category tag\">Finnland<\/a>, <a href=\"https:\/\/balticwind.eu\/de\/category\/lettland\/\" rel=\"category tag\">Lettland<\/a>, <a href=\"https:\/\/balticwind.eu\/de\/category\/offshore-wind-aktuell\/\" rel=\"category tag\">Offshore-Wind Aktuell<\/a>, <a href=\"https:\/\/balticwind.eu\/de\/category\/technologie\/\" rel=\"category tag\">Technologie<\/a><span class=\"fusion-inline-sep\">|<\/span><\/p><\/div><\/article><article class=\"post fusion-column column col col-lg-12 col-md-12 col-sm-12 fusion-animated\" data-animationType=\"fadeInDown\" data-animationDuration=\"0.6\" data-animationOffset=\"100%\"><div class=\"fusion-flexslider fusion-flexslider-loading flexslider floated-slideshow flexslider-hover-type-zoomout\"><ul class=\"slides\"><li><a href=\"https:\/\/balticwind.eu\/de\/capcora-fuehrt-verkauf-des-32-gw-projektportfolios-von-sowitec\/\" aria-label=\"Capcora f\u00fchrt Verkauf des 32-GW-Projektportfolios von SOWITEC\" class=\"hover-type-zoomout\"><img decoding=\"async\" width=\"177\" height=\"142\" src=\"data:image\/svg+xml,%3Csvg%20xmlns%3D%27http%3A%2F%2Fwww.w3.org%2F2000%2Fsvg%27%20width%3D%27177%27%20height%3D%27142%27%20viewBox%3D%270%200%20177%20142%27%3E%3Crect%20width%3D%27177%27%20height%3D%27142%27%20fill-opacity%3D%220%22%2F%3E%3C%2Fsvg%3E\" data-orig-src=\"https:\/\/balticwind.eu\/wp-content\/uploads\/2026\/08\/capcora-mandated-sale-sowitec-wind-project-portfolio-177x142.jpg\" class=\"lazyload attachment-portfolio-five size-portfolio-five\" alt=\"\" \/><\/a><\/li><\/ul><\/div><div class=\"recent-posts-content\"><h4 class=\"entry-title\"><a style=\"color: #1f2a3b !important;\" href=\"https:\/\/balticwind.eu\/de\/capcora-fuehrt-verkauf-des-32-gw-projektportfolios-von-sowitec\/\">Capcora f\u00fchrt Verkauf des 32-GW-Projektportfolios von SOWITEC<\/a><\/h4><p class=\"meta\"><a href=\"https:\/\/balticwind.eu\/de\/category\/deutschland\/\" rel=\"category tag\">Deutschland<\/a>, <a href=\"https:\/\/balticwind.eu\/de\/category\/onshore-wind-aktuell\/\" rel=\"category tag\">Onshore-Wind Aktuell<\/a>, <a href=\"https:\/\/balticwind.eu\/de\/category\/projekte\/\" rel=\"category tag\">Projekte<\/a><span class=\"fusion-inline-sep\">|<\/span><\/p><\/div><\/article><article class=\"post fusion-column column col col-lg-12 col-md-12 col-sm-12 fusion-animated\" data-animationType=\"fadeInDown\" data-animationDuration=\"0.6\" data-animationOffset=\"100%\"><div class=\"fusion-flexslider fusion-flexslider-loading flexslider floated-slideshow flexslider-hover-type-zoomout\"><ul class=\"slides\"><li><a href=\"https:\/\/balticwind.eu\/de\/swinoujscie-und-szczecin-wie-westpommern-zur-industriebasis-der-polnischen-offshore-windkraft-wurde\/\" aria-label=\"\u015awinouj\u015bcie und Szczecin: Wie Westpommern zur Industriebasis der polnischen Offshore-Windkraft wurde\" class=\"hover-type-zoomout\"><img decoding=\"async\" width=\"177\" height=\"142\" src=\"data:image\/svg+xml,%3Csvg%20xmlns%3D%27http%3A%2F%2Fwww.w3.org%2F2000%2Fsvg%27%20width%3D%27177%27%20height%3D%27142%27%20viewBox%3D%270%200%20177%20142%27%3E%3Crect%20width%3D%27177%27%20height%3D%27142%27%20fill-opacity%3D%220%22%2F%3E%3C%2Fsvg%3E\" data-orig-src=\"https:\/\/balticwind.eu\/wp-content\/uploads\/2026\/08\/west-pomerania-poland-offshore-wind-industrial-base-177x142.jpg\" class=\"lazyload attachment-portfolio-five size-portfolio-five\" alt=\"\" \/><\/a><\/li><\/ul><\/div><div class=\"recent-posts-content\"><h4 class=\"entry-title\"><a style=\"color: #1f2a3b !important;\" href=\"https:\/\/balticwind.eu\/de\/swinoujscie-und-szczecin-wie-westpommern-zur-industriebasis-der-polnischen-offshore-windkraft-wurde\/\">\u015awinouj\u015bcie und Szczecin: Wie Westpommern zur Industriebasis der polnischen Offshore-Windkraft wurde<\/a><\/h4><p class=\"meta\"><a href=\"https:\/\/balticwind.eu\/de\/category\/editors-choice-de\/\" rel=\"category tag\">Auswahl der Redaktion<\/a>, <a href=\"https:\/\/balticwind.eu\/de\/category\/offshore-wind-aktuell\/\" rel=\"category tag\">Offshore-Wind Aktuell<\/a>, <a href=\"https:\/\/balticwind.eu\/de\/category\/polen\/\" rel=\"category tag\">Polen<\/a>, <a href=\"https:\/\/balticwind.eu\/de\/category\/projekte\/\" rel=\"category tag\">Projekte<\/a><span class=\"fusion-inline-sep\">|<\/span><\/p><\/div><\/article><article class=\"post fusion-column column col col-lg-12 col-md-12 col-sm-12 fusion-animated\" data-animationType=\"fadeInDown\" data-animationDuration=\"0.6\" data-animationOffset=\"100%\"><div class=\"fusion-flexslider fusion-flexslider-loading flexslider floated-slideshow flexslider-hover-type-zoomout\"><ul class=\"slides\"><li><a href=\"https:\/\/balticwind.eu\/de\/security-by-design-wie-der-offshore-ausbau-in-der-ostsee-zur-verteidigungsfrage-wurde\/\" aria-label=\"Security by Design: Wie der Offshore-Ausbau in der Ostsee zur Verteidigungsfrage wurde\" class=\"hover-type-zoomout\"><img decoding=\"async\" width=\"177\" height=\"142\" src=\"data:image\/svg+xml,%3Csvg%20xmlns%3D%27http%3A%2F%2Fwww.w3.org%2F2000%2Fsvg%27%20width%3D%27177%27%20height%3D%27142%27%20viewBox%3D%270%200%20177%20142%27%3E%3Crect%20width%3D%27177%27%20height%3D%27142%27%20fill-opacity%3D%220%22%2F%3E%3C%2Fsvg%3E\" data-orig-src=\"https:\/\/balticwind.eu\/wp-content\/uploads\/2026\/08\/security-by-design-baltic-offshore-wind-defence-question-177x142.jpg\" class=\"lazyload attachment-portfolio-five size-portfolio-five\" alt=\"\" \/><\/a><\/li><\/ul><\/div><div class=\"recent-posts-content\"><h4 class=\"entry-title\"><a style=\"color: #1f2a3b !important;\" href=\"https:\/\/balticwind.eu\/de\/security-by-design-wie-der-offshore-ausbau-in-der-ostsee-zur-verteidigungsfrage-wurde\/\">Security by Design: Wie der Offshore-Ausbau in der Ostsee zur Verteidigungsfrage wurde<\/a><\/h4><p class=\"meta\"><a href=\"https:\/\/balticwind.eu\/de\/category\/editors-choice-de\/\" rel=\"category tag\">Auswahl der Redaktion<\/a>, <a href=\"https:\/\/balticwind.eu\/de\/category\/polen\/\" rel=\"category tag\">Polen<\/a>, <a href=\"https:\/\/balticwind.eu\/de\/category\/regulierung\/\" rel=\"category tag\">Regulierung<\/a>, <a href=\"https:\/\/balticwind.eu\/de\/category\/sicherheit\/\" rel=\"category tag\">Sicherheit<\/a><span class=\"fusion-inline-sep\">|<\/span><\/p><\/div><\/article><article class=\"post fusion-column column col col-lg-12 col-md-12 col-sm-12 fusion-animated\" data-animationType=\"fadeInDown\" data-animationDuration=\"0.6\" data-animationOffset=\"100%\"><div class=\"fusion-flexslider fusion-flexslider-loading flexslider floated-slideshow flexslider-hover-type-zoomout\"><ul class=\"slides\"><li><a href=\"https:\/\/balticwind.eu\/de\/elektrische-krane-machen-ueber-80-prozent-des-macgregor-auftragseingangs-im-ersten-halbjahr-2026-aus\/\" aria-label=\"Elektrische Krane machen \u00fcber 80 Prozent des MacGregor-Auftragseingangs im ersten Halbjahr 2026 aus\" class=\"hover-type-zoomout\"><img decoding=\"async\" width=\"177\" height=\"142\" src=\"data:image\/svg+xml,%3Csvg%20xmlns%3D%27http%3A%2F%2Fwww.w3.org%2F2000%2Fsvg%27%20width%3D%27177%27%20height%3D%27142%27%20viewBox%3D%270%200%20177%20142%27%3E%3Crect%20width%3D%27177%27%20height%3D%27142%27%20fill-opacity%3D%220%22%2F%3E%3C%2Fsvg%3E\" data-orig-src=\"https:\/\/balticwind.eu\/wp-content\/uploads\/2026\/08\/macgregor-electric-crane-177x142.jpg\" class=\"lazyload attachment-portfolio-five size-portfolio-five\" alt=\"\" \/><\/a><\/li><\/ul><\/div><div class=\"recent-posts-content\"><h4 class=\"entry-title\"><a style=\"color: #1f2a3b !important;\" href=\"https:\/\/balticwind.eu\/de\/elektrische-krane-machen-ueber-80-prozent-des-macgregor-auftragseingangs-im-ersten-halbjahr-2026-aus\/\">Elektrische Krane machen \u00fcber 80 Prozent des MacGregor-Auftragseingangs im ersten Halbjahr 2026 aus<\/a><\/h4><p class=\"meta\"><a href=\"https:\/\/balticwind.eu\/de\/category\/finnland\/\" rel=\"category tag\">Finnland<\/a>, <a href=\"https:\/\/balticwind.eu\/de\/category\/technologie\/\" rel=\"category tag\">Technologie<\/a><span class=\"fusion-inline-sep\">|<\/span><\/p><\/div><\/article><article class=\"post fusion-column column col col-lg-12 col-md-12 col-sm-12 fusion-animated\" data-animationType=\"fadeInDown\" data-animationDuration=\"0.6\" data-animationOffset=\"100%\"><div class=\"fusion-flexslider fusion-flexslider-loading flexslider floated-slideshow flexslider-hover-type-zoomout\"><ul class=\"slides\"><li><a href=\"https:\/\/balticwind.eu\/de\/electrum-betreut-in-polen-mehr-als-4-gw-erneuerbare-erzeugungsleistung\/\" aria-label=\"Electrum betreut in Polen mehr als 4 GW erneuerbare Erzeugungsleistung\" class=\"hover-type-zoomout\"><img decoding=\"async\" width=\"177\" height=\"142\" src=\"data:image\/svg+xml,%3Csvg%20xmlns%3D%27http%3A%2F%2Fwww.w3.org%2F2000%2Fsvg%27%20width%3D%27177%27%20height%3D%27142%27%20viewBox%3D%270%200%20177%20142%27%3E%3Crect%20width%3D%27177%27%20height%3D%27142%27%20fill-opacity%3D%220%22%2F%3E%3C%2Fsvg%3E\" data-orig-src=\"https:\/\/balticwind.eu\/wp-content\/uploads\/2026\/08\/onshore-wind-farm-poland-operations-maintenance-177x142.jpg\" class=\"lazyload attachment-portfolio-five size-portfolio-five\" alt=\"\" \/><\/a><\/li><\/ul><\/div><div class=\"recent-posts-content\"><h4 class=\"entry-title\"><a style=\"color: #1f2a3b !important;\" href=\"https:\/\/balticwind.eu\/de\/electrum-betreut-in-polen-mehr-als-4-gw-erneuerbare-erzeugungsleistung\/\">Electrum betreut in Polen mehr als 4 GW erneuerbare Erzeugungsleistung<\/a><\/h4><p class=\"meta\"><a href=\"https:\/\/balticwind.eu\/de\/category\/onshore-wind-aktuell\/\" rel=\"category tag\">Onshore-Wind Aktuell<\/a>, <a href=\"https:\/\/balticwind.eu\/de\/category\/polen\/\" rel=\"category tag\">Polen<\/a><span class=\"fusion-inline-sep\">|<\/span><\/p><\/div><\/article><article class=\"post fusion-column column col col-lg-12 col-md-12 col-sm-12 fusion-animated\" data-animationType=\"fadeInDown\" data-animationDuration=\"0.6\" data-animationOffset=\"100%\"><div class=\"fusion-flexslider fusion-flexslider-loading flexslider floated-slideshow flexslider-hover-type-zoomout\"><ul class=\"slides\"><li><a href=\"https:\/\/balticwind.eu\/de\/von-der-baustelle-zur-daueraufgabe-was-die-betriebsphase-von-baltic-power-fuer-leba-bedeutet\/\" aria-label=\"Von der Baustelle zur Daueraufgabe: Was die Betriebsphase von Baltic Power f\u00fcr \u0141eba bedeutet\" class=\"hover-type-zoomout\"><img decoding=\"async\" width=\"177\" height=\"142\" src=\"data:image\/svg+xml,%3Csvg%20xmlns%3D%27http%3A%2F%2Fwww.w3.org%2F2000%2Fsvg%27%20width%3D%27177%27%20height%3D%27142%27%20viewBox%3D%270%200%20177%20142%27%3E%3Crect%20width%3D%27177%27%20height%3D%27142%27%20fill-opacity%3D%220%22%2F%3E%3C%2Fsvg%3E\" data-orig-src=\"https:\/\/balticwind.eu\/wp-content\/uploads\/2026\/08\/baltic-power-offshore-wind-service-vessel-leba-177x142.jpg\" class=\"lazyload attachment-portfolio-five size-portfolio-five\" alt=\"\" \/><\/a><\/li><\/ul><\/div><div class=\"recent-posts-content\"><h4 class=\"entry-title\"><a style=\"color: #1f2a3b !important;\" href=\"https:\/\/balticwind.eu\/de\/von-der-baustelle-zur-daueraufgabe-was-die-betriebsphase-von-baltic-power-fuer-leba-bedeutet\/\">Von der Baustelle zur Daueraufgabe: Was die Betriebsphase von Baltic Power f\u00fcr \u0141eba bedeutet<\/a><\/h4><p class=\"meta\"><a href=\"https:\/\/balticwind.eu\/de\/category\/editors-choice-de\/\" rel=\"category tag\">Auswahl der Redaktion<\/a>, <a href=\"https:\/\/balticwind.eu\/de\/category\/offshore-wind-aktuell\/\" rel=\"category tag\">Offshore-Wind Aktuell<\/a>, <a href=\"https:\/\/balticwind.eu\/de\/category\/polen\/\" rel=\"category tag\">Polen<\/a>, <a href=\"https:\/\/balticwind.eu\/de\/category\/projekte\/\" rel=\"category tag\">Projekte<\/a><span class=\"fusion-inline-sep\">|<\/span><\/p><\/div><\/article><article class=\"post fusion-column column col col-lg-12 col-md-12 col-sm-12 fusion-animated\" data-animationType=\"fadeInDown\" data-animationDuration=\"0.6\" data-animationOffset=\"100%\"><div class=\"fusion-flexslider fusion-flexslider-loading flexslider floated-slideshow flexslider-hover-type-zoomout\"><ul class=\"slides\"><li><a href=\"https:\/\/balticwind.eu\/de\/deutsche-windguard-ueberschreitet-ein-gigawatt-in-der-technischen-betriebsfuehrung\/\" aria-label=\"Deutsche WindGuard \u00fcberschreitet ein Gigawatt in der technischen Betriebsf\u00fchrung\" class=\"hover-type-zoomout\"><img decoding=\"async\" width=\"177\" height=\"142\" src=\"data:image\/svg+xml,%3Csvg%20xmlns%3D%27http%3A%2F%2Fwww.w3.org%2F2000%2Fsvg%27%20width%3D%27177%27%20height%3D%27142%27%20viewBox%3D%270%200%20177%20142%27%3E%3Crect%20width%3D%27177%27%20height%3D%27142%27%20fill-opacity%3D%220%22%2F%3E%3C%2Fsvg%3E\" data-orig-src=\"https:\/\/balticwind.eu\/wp-content\/uploads\/2026\/08\/deutsche-windguard-one-gigawatt-technical-operations-management-177x142.jpg\" class=\"lazyload attachment-portfolio-five size-portfolio-five\" alt=\"\" \/><\/a><\/li><\/ul><\/div><div class=\"recent-posts-content\"><h4 class=\"entry-title\"><a style=\"color: #1f2a3b !important;\" href=\"https:\/\/balticwind.eu\/de\/deutsche-windguard-ueberschreitet-ein-gigawatt-in-der-technischen-betriebsfuehrung\/\">Deutsche WindGuard \u00fcberschreitet ein Gigawatt in der technischen Betriebsf\u00fchrung<\/a><\/h4><p class=\"meta\"><a href=\"https:\/\/balticwind.eu\/de\/category\/deutschland\/\" rel=\"category tag\">Deutschland<\/a>, <a href=\"https:\/\/balticwind.eu\/de\/category\/onshore-wind-aktuell\/\" rel=\"category tag\">Onshore-Wind Aktuell<\/a>, <a href=\"https:\/\/balticwind.eu\/de\/category\/technologie\/\" rel=\"category tag\">Technologie<\/a><span class=\"fusion-inline-sep\">|<\/span><\/p><\/div><\/article><article class=\"post fusion-column column col col-lg-12 col-md-12 col-sm-12 fusion-animated\" data-animationType=\"fadeInDown\" data-animationDuration=\"0.6\" data-animationOffset=\"100%\"><div class=\"fusion-flexslider fusion-flexslider-loading flexslider floated-slideshow flexslider-hover-type-zoomout\"><ul class=\"slides\"><li><a href=\"https:\/\/balticwind.eu\/de\/der-naechste-engpass-in-der-ostsee-sind-nicht-turbinen-sondern-leitungen-kabel-und-die-rohre-darunter\/\" aria-label=\"Der n\u00e4chste Engpass in der Ostsee sind nicht Turbinen, sondern Leitungen, Kabel und die Rohre darunter\" class=\"hover-type-zoomout\"><img decoding=\"async\" width=\"177\" height=\"142\" src=\"data:image\/svg+xml,%3Csvg%20xmlns%3D%27http%3A%2F%2Fwww.w3.org%2F2000%2Fsvg%27%20width%3D%27177%27%20height%3D%27142%27%20viewBox%3D%270%200%20177%20142%27%3E%3Crect%20width%3D%27177%27%20height%3D%27142%27%20fill-opacity%3D%220%22%2F%3E%3C%2Fsvg%3E\" data-orig-src=\"https:\/\/balticwind.eu\/wp-content\/uploads\/2026\/08\/baltic-grid-cables-hydrogen-backbone-real-bottleneck-177x142.jpg\" class=\"lazyload attachment-portfolio-five size-portfolio-five\" alt=\"\" \/><\/a><\/li><\/ul><\/div><div class=\"recent-posts-content\"><h4 class=\"entry-title\"><a style=\"color: #1f2a3b !important;\" href=\"https:\/\/balticwind.eu\/de\/der-naechste-engpass-in-der-ostsee-sind-nicht-turbinen-sondern-leitungen-kabel-und-die-rohre-darunter\/\">Der n\u00e4chste Engpass in der Ostsee sind nicht Turbinen, sondern Leitungen, Kabel und die Rohre darunter<\/a><\/h4><p class=\"meta\"><a href=\"https:\/\/balticwind.eu\/de\/category\/editors-choice-de\/\" rel=\"category tag\">Auswahl der Redaktion<\/a>, <a href=\"https:\/\/balticwind.eu\/de\/category\/regulierung\/\" rel=\"category tag\">Regulierung<\/a>, <a href=\"https:\/\/balticwind.eu\/de\/category\/technologie\/\" rel=\"category tag\">Technologie<\/a><span class=\"fusion-inline-sep\">|<\/span><\/p><\/div><\/article><article class=\"post fusion-column column col col-lg-12 col-md-12 col-sm-12 fusion-animated\" data-animationType=\"fadeInDown\" data-animationDuration=\"0.6\" data-animationOffset=\"100%\"><div class=\"fusion-flexslider fusion-flexslider-loading flexslider floated-slideshow flexslider-hover-type-zoomout\"><ul class=\"slides\"><li><a href=\"https:\/\/balticwind.eu\/de\/wasserstoff-eisen-batterie-und-deutsche-speicherwelle-zielen-auf-windabregelung\/\" aria-label=\"Wasserstoff-Eisen-Batterie und deutsche Speicherwelle zielen auf Windabregelung\" class=\"hover-type-zoomout\"><img decoding=\"async\" width=\"177\" height=\"142\" src=\"data:image\/svg+xml,%3Csvg%20xmlns%3D%27http%3A%2F%2Fwww.w3.org%2F2000%2Fsvg%27%20width%3D%27177%27%20height%3D%27142%27%20viewBox%3D%270%200%20177%20142%27%3E%3Crect%20width%3D%27177%27%20height%3D%27142%27%20fill-opacity%3D%220%22%2F%3E%3C%2Fsvg%3E\" data-orig-src=\"https:\/\/balticwind.eu\/wp-content\/uploads\/2026\/08\/hydrogen-iron-battery-netherlands-german-storage-wind-curtailment-177x142.jpg\" class=\"lazyload attachment-portfolio-five size-portfolio-five\" alt=\"\" \/><\/a><\/li><\/ul><\/div><div class=\"recent-posts-content\"><h4 class=\"entry-title\"><a style=\"color: #1f2a3b !important;\" href=\"https:\/\/balticwind.eu\/de\/wasserstoff-eisen-batterie-und-deutsche-speicherwelle-zielen-auf-windabregelung\/\">Wasserstoff-Eisen-Batterie und deutsche Speicherwelle zielen auf Windabregelung<\/a><\/h4><p class=\"meta\"><a href=\"https:\/\/balticwind.eu\/de\/category\/onshore-wind-aktuell\/\" rel=\"category tag\">Onshore-Wind Aktuell<\/a>, <a href=\"https:\/\/balticwind.eu\/de\/category\/technologie\/\" rel=\"category tag\">Technologie<\/a><span class=\"fusion-inline-sep\">|<\/span><\/p><\/div><\/article><article class=\"post fusion-column column col col-lg-12 col-md-12 col-sm-12 fusion-animated\" data-animationType=\"fadeInDown\" data-animationDuration=\"0.6\" data-animationOffset=\"100%\"><div class=\"fusion-flexslider fusion-flexslider-loading flexslider floated-slideshow flexslider-hover-type-zoomout\"><ul class=\"slides\"><li><a href=\"https:\/\/balticwind.eu\/de\/vestas-gewinnsprung-und-enercon-refinanzierung-deuten-auf-ruhigeres-fahrwasser-der-hersteller\/\" aria-label=\"Vestas-Gewinnsprung und Enercon-Refinanzierung deuten auf ruhigeres Fahrwasser der Hersteller\" class=\"hover-type-zoomout\"><img decoding=\"async\" width=\"177\" height=\"142\" src=\"data:image\/svg+xml,%3Csvg%20xmlns%3D%27http%3A%2F%2Fwww.w3.org%2F2000%2Fsvg%27%20width%3D%27177%27%20height%3D%27142%27%20viewBox%3D%270%200%20177%20142%27%3E%3Crect%20width%3D%27177%27%20height%3D%27142%27%20fill-opacity%3D%220%22%2F%3E%3C%2Fsvg%3E\" data-orig-src=\"https:\/\/balticwind.eu\/wp-content\/uploads\/2026\/08\/vestas-q2-profit-enercon-refinancing-turbine-makers-stabilise-177x142.jpg\" class=\"lazyload attachment-portfolio-five size-portfolio-five\" alt=\"\" \/><\/a><\/li><\/ul><\/div><div class=\"recent-posts-content\"><h4 class=\"entry-title\"><a style=\"color: #1f2a3b !important;\" href=\"https:\/\/balticwind.eu\/de\/vestas-gewinnsprung-und-enercon-refinanzierung-deuten-auf-ruhigeres-fahrwasser-der-hersteller\/\">Vestas-Gewinnsprung und Enercon-Refinanzierung deuten auf ruhigeres Fahrwasser der Hersteller<\/a><\/h4><p class=\"meta\"><a href=\"https:\/\/balticwind.eu\/de\/category\/onshore-wind-aktuell\/\" rel=\"category tag\">Onshore-Wind Aktuell<\/a>, <a href=\"https:\/\/balticwind.eu\/de\/category\/technologie\/\" rel=\"category tag\">Technologie<\/a><span class=\"fusion-inline-sep\">|<\/span><\/p><\/div><\/article><article class=\"post fusion-column column col col-lg-12 col-md-12 col-sm-12 fusion-animated\" data-animationType=\"fadeInDown\" data-animationDuration=\"0.6\" data-animationOffset=\"100%\"><div class=\"fusion-flexslider fusion-flexslider-loading flexslider floated-slideshow flexslider-hover-type-zoomout\"><ul class=\"slides\"><li><a href=\"https:\/\/balticwind.eu\/de\/scatec-steigt-in-rumaeniens-onshore-windkraft-ein-erzeugung-plus-21-prozent\/\" aria-label=\"Scatec steigt in Rum\u00e4niens Onshore-Windkraft ein \u2013 Erzeugung plus 21 Prozent\" class=\"hover-type-zoomout\"><img decoding=\"async\" width=\"177\" height=\"142\" src=\"data:image\/svg+xml,%3Csvg%20xmlns%3D%27http%3A%2F%2Fwww.w3.org%2F2000%2Fsvg%27%20width%3D%27177%27%20height%3D%27142%27%20viewBox%3D%270%200%20177%20142%27%3E%3Crect%20width%3D%27177%27%20height%3D%27142%27%20fill-opacity%3D%220%22%2F%3E%3C%2Fsvg%3E\" data-orig-src=\"https:\/\/balticwind.eu\/wp-content\/uploads\/2026\/08\/scatec-enters-romanian-onshore-wind-q2-output-up-21-percent-177x142.jpg\" class=\"lazyload attachment-portfolio-five size-portfolio-five\" alt=\"\" \/><\/a><\/li><\/ul><\/div><div class=\"recent-posts-content\"><h4 class=\"entry-title\"><a style=\"color: #1f2a3b !important;\" href=\"https:\/\/balticwind.eu\/de\/scatec-steigt-in-rumaeniens-onshore-windkraft-ein-erzeugung-plus-21-prozent\/\">Scatec steigt in Rum\u00e4niens Onshore-Windkraft ein \u2013 Erzeugung plus 21 Prozent<\/a><\/h4><p class=\"meta\"><a href=\"https:\/\/balticwind.eu\/de\/category\/onshore-wind-aktuell\/\" rel=\"category tag\">Onshore-Wind Aktuell<\/a>, <a href=\"https:\/\/balticwind.eu\/de\/category\/projekte\/\" rel=\"category tag\">Projekte<\/a><span class=\"fusion-inline-sep\">|<\/span><\/p><\/div><\/article><article class=\"post fusion-column column col col-lg-12 col-md-12 col-sm-12 fusion-animated\" data-animationType=\"fadeInDown\" data-animationDuration=\"0.6\" data-animationOffset=\"100%\"><div class=\"fusion-flexslider fusion-flexslider-loading flexslider floated-slideshow flexslider-hover-type-zoomout\"><ul class=\"slides\"><li><a href=\"https:\/\/balticwind.eu\/de\/erneuerbare-in-der-eu-rueckten-im-juli-2026-an-die-50-prozent-marke-heran\/\" aria-label=\"Erneuerbare in der EU r\u00fcckten im Juli 2026 an die 50-Prozent-Marke heran\" class=\"hover-type-zoomout\"><img decoding=\"async\" width=\"177\" height=\"142\" src=\"data:image\/svg+xml,%3Csvg%20xmlns%3D%27http%3A%2F%2Fwww.w3.org%2F2000%2Fsvg%27%20width%3D%27177%27%20height%3D%27142%27%20viewBox%3D%270%200%20177%20142%27%3E%3Crect%20width%3D%27177%27%20height%3D%27142%27%20fill-opacity%3D%220%22%2F%3E%3C%2Fsvg%3E\" data-orig-src=\"https:\/\/balticwind.eu\/wp-content\/uploads\/2026\/08\/eu-renewables-near-50-percent-july-2026-solar-matches-nuclear-177x142.jpg\" class=\"lazyload attachment-portfolio-five size-portfolio-five\" alt=\"\" \/><\/a><\/li><\/ul><\/div><div class=\"recent-posts-content\"><h4 class=\"entry-title\"><a style=\"color: #1f2a3b !important;\" href=\"https:\/\/balticwind.eu\/de\/erneuerbare-in-der-eu-rueckten-im-juli-2026-an-die-50-prozent-marke-heran\/\">Erneuerbare in der EU r\u00fcckten im Juli 2026 an die 50-Prozent-Marke heran<\/a><\/h4><p class=\"meta\"><a href=\"https:\/\/balticwind.eu\/de\/category\/regulierung\/\" rel=\"category tag\">Regulierung<\/a>, <a href=\"https:\/\/balticwind.eu\/de\/category\/technologie\/\" rel=\"category tag\">Technologie<\/a><span class=\"fusion-inline-sep\">|<\/span><\/p><\/div><\/article><article class=\"post fusion-column column col col-lg-12 col-md-12 col-sm-12 fusion-animated\" data-animationType=\"fadeInDown\" data-animationDuration=\"0.6\" data-animationOffset=\"100%\"><div class=\"fusion-flexslider fusion-flexslider-loading flexslider floated-slideshow flexslider-hover-type-zoomout\"><ul class=\"slides\"><li><a href=\"https:\/\/balticwind.eu\/de\/hitze-und-niedrigwasser-setzen-europas-kernkraft-zu-rumaenien-erstmals-seit-2003-ohne-atomstrom\/\" aria-label=\"Hitze und Niedrigwasser setzen Europas Kernkraft zu \u2013 Rum\u00e4nien erstmals seit 2003 ohne Atomstrom\" class=\"hover-type-zoomout\"><img decoding=\"async\" width=\"177\" height=\"142\" src=\"data:image\/svg+xml,%3Csvg%20xmlns%3D%27http%3A%2F%2Fwww.w3.org%2F2000%2Fsvg%27%20width%3D%27177%27%20height%3D%27142%27%20viewBox%3D%270%200%20177%20142%27%3E%3Crect%20width%3D%27177%27%20height%3D%27142%27%20fill-opacity%3D%220%22%2F%3E%3C%2Fsvg%3E\" data-orig-src=\"https:\/\/balticwind.eu\/wp-content\/uploads\/2026\/08\/european-nuclear-heat-low-water-romania-offline-first-since-2003-177x142.jpg\" class=\"lazyload attachment-portfolio-five size-portfolio-five\" alt=\"\" \/><\/a><\/li><\/ul><\/div><div class=\"recent-posts-content\"><h4 class=\"entry-title\"><a style=\"color: #1f2a3b !important;\" href=\"https:\/\/balticwind.eu\/de\/hitze-und-niedrigwasser-setzen-europas-kernkraft-zu-rumaenien-erstmals-seit-2003-ohne-atomstrom\/\">Hitze und Niedrigwasser setzen Europas Kernkraft zu \u2013 Rum\u00e4nien erstmals seit 2003 ohne Atomstrom<\/a><\/h4><p class=\"meta\"><a href=\"https:\/\/balticwind.eu\/de\/category\/regulierung\/\" rel=\"category tag\">Regulierung<\/a>, <a href=\"https:\/\/balticwind.eu\/de\/category\/sicherheit\/\" rel=\"category tag\">Sicherheit<\/a><span class=\"fusion-inline-sep\">|<\/span><\/p><\/div><\/article><article class=\"post fusion-column column col col-lg-12 col-md-12 col-sm-12 fusion-animated\" data-animationType=\"fadeInDown\" data-animationDuration=\"0.6\" data-animationOffset=\"100%\"><div class=\"fusion-flexslider fusion-flexslider-loading flexslider floated-slideshow flexslider-hover-type-zoomout\"><ul class=\"slides\"><li><a href=\"https:\/\/balticwind.eu\/de\/suedlink-elbtunnel-fertig-deutschlands-stromautobahnen-naehern-sich-der-inbetriebnahme\/\" aria-label=\"SuedLink: Elbtunnel fertig \u2013 Deutschlands Stromautobahnen n\u00e4hern sich der Inbetriebnahme\" class=\"hover-type-zoomout\"><img decoding=\"async\" width=\"177\" height=\"142\" src=\"data:image\/svg+xml,%3Csvg%20xmlns%3D%27http%3A%2F%2Fwww.w3.org%2F2000%2Fsvg%27%20width%3D%27177%27%20height%3D%27142%27%20viewBox%3D%270%200%20177%20142%27%3E%3Crect%20width%3D%27177%27%20height%3D%27142%27%20fill-opacity%3D%220%22%2F%3E%3C%2Fsvg%3E\" data-orig-src=\"https:\/\/balticwind.eu\/wp-content\/uploads\/2026\/08\/suedlink-elbe-tunnel-complete-german-hvdc-corridors-2027-2028-177x142.jpg\" class=\"lazyload attachment-portfolio-five size-portfolio-five\" alt=\"\" \/><\/a><\/li><\/ul><\/div><div class=\"recent-posts-content\"><h4 class=\"entry-title\"><a style=\"color: #1f2a3b !important;\" href=\"https:\/\/balticwind.eu\/de\/suedlink-elbtunnel-fertig-deutschlands-stromautobahnen-naehern-sich-der-inbetriebnahme\/\">SuedLink: Elbtunnel fertig \u2013 Deutschlands Stromautobahnen n\u00e4hern sich der Inbetriebnahme<\/a><\/h4><p class=\"meta\"><a href=\"https:\/\/balticwind.eu\/de\/category\/deutschland\/\" rel=\"category tag\">Deutschland<\/a>, <a href=\"https:\/\/balticwind.eu\/de\/category\/onshore-wind-aktuell\/\" rel=\"category tag\">Onshore-Wind Aktuell<\/a>, <a href=\"https:\/\/balticwind.eu\/de\/category\/regulierung\/\" rel=\"category tag\">Regulierung<\/a><span class=\"fusion-inline-sep\">|<\/span><\/p><\/div><\/article><article class=\"post fusion-column column col col-lg-12 col-md-12 col-sm-12 fusion-animated\" data-animationType=\"fadeInDown\" data-animationDuration=\"0.6\" data-animationOffset=\"100%\"><div class=\"fusion-flexslider fusion-flexslider-loading flexslider floated-slideshow flexslider-hover-type-zoomout\"><ul class=\"slides\"><li><a href=\"https:\/\/balticwind.eu\/de\/windzubau-in-deutschland-steigt-um-53-prozent-offshore-kehrt-ans-netz-zurueck\/\" aria-label=\"Windzubau in Deutschland steigt um 53 Prozent \u2013 Offshore kehrt ans Netz zur\u00fcck\" class=\"hover-type-zoomout\"><img decoding=\"async\" width=\"177\" height=\"142\" src=\"data:image\/svg+xml,%3Csvg%20xmlns%3D%27http%3A%2F%2Fwww.w3.org%2F2000%2Fsvg%27%20width%3D%27177%27%20height%3D%27142%27%20viewBox%3D%270%200%20177%20142%27%3E%3Crect%20width%3D%27177%27%20height%3D%27142%27%20fill-opacity%3D%220%22%2F%3E%3C%2Fsvg%3E\" data-orig-src=\"https:\/\/balticwind.eu\/wp-content\/uploads\/2026\/08\/german-wind-additions-3948-mw-january-july-2026-offshore-rebound-177x142.jpg\" class=\"lazyload attachment-portfolio-five size-portfolio-five\" alt=\"\" \/><\/a><\/li><\/ul><\/div><div class=\"recent-posts-content\"><h4 class=\"entry-title\"><a style=\"color: #1f2a3b !important;\" href=\"https:\/\/balticwind.eu\/de\/windzubau-in-deutschland-steigt-um-53-prozent-offshore-kehrt-ans-netz-zurueck\/\">Windzubau in Deutschland steigt um 53 Prozent \u2013 Offshore kehrt ans Netz zur\u00fcck<\/a><\/h4><p class=\"meta\"><a href=\"https:\/\/balticwind.eu\/de\/category\/deutschland\/\" rel=\"category tag\">Deutschland<\/a>, <a href=\"https:\/\/balticwind.eu\/de\/category\/offshore-wind-aktuell\/\" rel=\"category tag\">Offshore-Wind Aktuell<\/a>, <a href=\"https:\/\/balticwind.eu\/de\/category\/onshore-wind-aktuell\/\" rel=\"category tag\">Onshore-Wind Aktuell<\/a><span class=\"fusion-inline-sep\">|<\/span><\/p><\/div><\/article><article class=\"post fusion-column column col col-lg-12 col-md-12 col-sm-12 fusion-animated\" data-animationType=\"fadeInDown\" data-animationDuration=\"0.6\" data-animationOffset=\"100%\"><div class=\"fusion-flexslider fusion-flexslider-loading flexslider floated-slideshow flexslider-hover-type-zoomout\"><ul class=\"slides\"><li><a href=\"https:\/\/balticwind.eu\/de\/deutschlands-netz-und-kapazitaetspaket-geraet-juristisch-von-mehreren-seiten-unter-druck\/\" aria-label=\"Deutschlands Netz- und Kapazit\u00e4tspaket ger\u00e4t juristisch von mehreren Seiten unter Druck\" class=\"hover-type-zoomout\"><img decoding=\"async\" width=\"177\" height=\"142\" src=\"data:image\/svg+xml,%3Csvg%20xmlns%3D%27http%3A%2F%2Fwww.w3.org%2F2000%2Fsvg%27%20width%3D%27177%27%20height%3D%27142%27%20viewBox%3D%270%200%20177%20142%27%3E%3Crect%20width%3D%27177%27%20height%3D%27142%27%20fill-opacity%3D%220%22%2F%3E%3C%2Fsvg%3E\" data-orig-src=\"https:\/\/balticwind.eu\/wp-content\/uploads\/2026\/08\/germany-grid-capacity-package-constitutional-eu-law-challenges-177x142.jpg\" class=\"lazyload attachment-portfolio-five size-portfolio-five\" alt=\"\" \/><\/a><\/li><\/ul><\/div><div class=\"recent-posts-content\"><h4 class=\"entry-title\"><a style=\"color: #1f2a3b !important;\" href=\"https:\/\/balticwind.eu\/de\/deutschlands-netz-und-kapazitaetspaket-geraet-juristisch-von-mehreren-seiten-unter-druck\/\">Deutschlands Netz- und Kapazit\u00e4tspaket ger\u00e4t juristisch von mehreren Seiten unter Druck<\/a><\/h4><p class=\"meta\"><a href=\"https:\/\/balticwind.eu\/de\/category\/deutschland\/\" rel=\"category tag\">Deutschland<\/a>, <a href=\"https:\/\/balticwind.eu\/de\/category\/regulierung\/\" rel=\"category tag\">Regulierung<\/a><span class=\"fusion-inline-sep\">|<\/span><\/p><\/div><\/article><article class=\"post fusion-column column col col-lg-12 col-md-12 col-sm-12 fusion-animated\" data-animationType=\"fadeInDown\" data-animationDuration=\"0.6\" data-animationOffset=\"100%\"><div class=\"fusion-flexslider fusion-flexslider-loading flexslider floated-slideshow flexslider-hover-type-zoomout\"><ul class=\"slides\"><li><a href=\"https:\/\/balticwind.eu\/de\/oersted-kehrt-ab-2027-zur-dividende-zurueck-nach-kapitalerhoehung-und-verkaeufen\/\" aria-label=\"\u00d8rsted kehrt ab 2027 zur Dividende zur\u00fcck \u2013 nach Kapitalerh\u00f6hung und Verk\u00e4ufen\" class=\"hover-type-zoomout\"><img decoding=\"async\" width=\"177\" height=\"142\" src=\"data:image\/svg+xml,%3Csvg%20xmlns%3D%27http%3A%2F%2Fwww.w3.org%2F2000%2Fsvg%27%20width%3D%27177%27%20height%3D%27142%27%20viewBox%3D%270%200%20177%20142%27%3E%3Crect%20width%3D%27177%27%20height%3D%27142%27%20fill-opacity%3D%220%22%2F%3E%3C%2Fsvg%3E\" data-orig-src=\"https:\/\/balticwind.eu\/wp-content\/uploads\/2026\/08\/orsted-restores-dividend-2027-rights-issue-divestments-177x142.jpg\" class=\"lazyload attachment-portfolio-five size-portfolio-five\" alt=\"\" \/><\/a><\/li><\/ul><\/div><div class=\"recent-posts-content\"><h4 class=\"entry-title\"><a style=\"color: #1f2a3b !important;\" href=\"https:\/\/balticwind.eu\/de\/oersted-kehrt-ab-2027-zur-dividende-zurueck-nach-kapitalerhoehung-und-verkaeufen\/\">\u00d8rsted kehrt ab 2027 zur Dividende zur\u00fcck \u2013 nach Kapitalerh\u00f6hung und Verk\u00e4ufen<\/a><\/h4><p class=\"meta\"><a href=\"https:\/\/balticwind.eu\/de\/category\/daenemark\/\" rel=\"category tag\">D\u00e4nemark<\/a>, <a href=\"https:\/\/balticwind.eu\/de\/category\/offshore-wind-aktuell\/\" rel=\"category tag\">Offshore-Wind Aktuell<\/a><span class=\"fusion-inline-sep\">|<\/span><\/p><\/div><\/article><article class=\"post fusion-column column col col-lg-12 col-md-12 col-sm-12 fusion-animated\" data-animationType=\"fadeInDown\" data-animationDuration=\"0.6\" data-animationOffset=\"100%\"><div class=\"fusion-flexslider fusion-flexslider-loading flexslider floated-slideshow flexslider-hover-type-zoomout\"><ul class=\"slides\"><li><a href=\"https:\/\/balticwind.eu\/de\/tuerkei-bereitet-erste-offshore-wind-ausschreibung-vor-5-gw-bis-2035\/\" aria-label=\"T\u00fcrkei bereitet erste Offshore-Wind-Ausschreibung vor \u2013 5 GW bis 2035\" class=\"hover-type-zoomout\"><img decoding=\"async\" width=\"177\" height=\"142\" src=\"data:image\/svg+xml,%3Csvg%20xmlns%3D%27http%3A%2F%2Fwww.w3.org%2F2000%2Fsvg%27%20width%3D%27177%27%20height%3D%27142%27%20viewBox%3D%270%200%20177%20142%27%3E%3Crect%20width%3D%27177%27%20height%3D%27142%27%20fill-opacity%3D%220%22%2F%3E%3C%2Fsvg%3E\" data-orig-src=\"https:\/\/balticwind.eu\/wp-content\/uploads\/2026\/08\/turkey-first-offshore-wind-yeka-tender-1-gw-2027-177x142.jpg\" class=\"lazyload attachment-portfolio-five size-portfolio-five\" alt=\"\" \/><\/a><\/li><\/ul><\/div><div class=\"recent-posts-content\"><h4 class=\"entry-title\"><a style=\"color: #1f2a3b !important;\" href=\"https:\/\/balticwind.eu\/de\/tuerkei-bereitet-erste-offshore-wind-ausschreibung-vor-5-gw-bis-2035\/\">T\u00fcrkei bereitet erste Offshore-Wind-Ausschreibung vor \u2013 5 GW bis 2035<\/a><\/h4><p class=\"meta\"><a href=\"https:\/\/balticwind.eu\/de\/category\/offshore-wind-aktuell\/\" rel=\"category tag\">Offshore-Wind Aktuell<\/a>, <a href=\"https:\/\/balticwind.eu\/de\/category\/regulierung\/\" rel=\"category tag\">Regulierung<\/a><span class=\"fusion-inline-sep\">|<\/span><\/p><\/div><\/article><article class=\"post fusion-column column col col-lg-12 col-md-12 col-sm-12 fusion-animated\" data-animationType=\"fadeInDown\" data-animationDuration=\"0.6\" data-animationOffset=\"100%\"><div class=\"fusion-flexslider fusion-flexslider-loading flexslider floated-slideshow flexslider-hover-type-zoomout\"><ul class=\"slides\"><li><a href=\"https:\/\/balticwind.eu\/de\/enbw-schliesst-turbineninstallation-im-groessten-deutschen-offshore-windpark-ab\/\" aria-label=\"EnBW schlie\u00dft Turbineninstallation im gr\u00f6\u00dften deutschen Offshore-Windpark ab\" class=\"hover-type-zoomout\"><img decoding=\"async\" width=\"177\" height=\"142\" src=\"data:image\/svg+xml,%3Csvg%20xmlns%3D%27http%3A%2F%2Fwww.w3.org%2F2000%2Fsvg%27%20width%3D%27177%27%20height%3D%27142%27%20viewBox%3D%270%200%20177%20142%27%3E%3Crect%20width%3D%27177%27%20height%3D%27142%27%20fill-opacity%3D%220%22%2F%3E%3C%2Fsvg%3E\" data-orig-src=\"https:\/\/balticwind.eu\/wp-content\/uploads\/2026\/08\/enbw-he-dreiht-all-64-turbines-installed-germany-largest-offshore-177x142.jpg\" class=\"lazyload attachment-portfolio-five size-portfolio-five\" alt=\"\" \/><\/a><\/li><\/ul><\/div><div class=\"recent-posts-content\"><h4 class=\"entry-title\"><a style=\"color: #1f2a3b !important;\" href=\"https:\/\/balticwind.eu\/de\/enbw-schliesst-turbineninstallation-im-groessten-deutschen-offshore-windpark-ab\/\">EnBW schlie\u00dft Turbineninstallation im gr\u00f6\u00dften deutschen Offshore-Windpark ab<\/a><\/h4><p class=\"meta\"><a href=\"https:\/\/balticwind.eu\/de\/category\/deutschland\/\" rel=\"category tag\">Deutschland<\/a>, <a href=\"https:\/\/balticwind.eu\/de\/category\/offshore-wind-aktuell\/\" rel=\"category tag\">Offshore-Wind Aktuell<\/a>, <a href=\"https:\/\/balticwind.eu\/de\/category\/projekte\/\" rel=\"category tag\">Projekte<\/a><span class=\"fusion-inline-sep\">|<\/span><\/p><\/div><\/article><\/section><div class=\"fusion-infinite-scroll-trigger\"><\/div><div class=\"pagination infinite-scroll clearfix\" style=\"display:none;\"><span class=\"current\">1<\/span><a href=\"https:\/\/balticwind.eu\/de\/wp-json\/wp\/v2\/pages\/47680\/page\/2\/\" class=\"inactive\">2<\/a><a class=\"pagination-next\" rel=\"next\" href=\"https:\/\/balticwind.eu\/de\/wp-json\/wp\/v2\/pages\/47680\/page\/2\/\"><span class=\"page-text\">Next<\/span><span class=\"page-next\"><\/span><\/a><\/div><div class=\"fusion-clearfix\"><\/div><button class=\"fusion-load-more-button fusion-blog-button fusion-clearfix\">Load More Posts<\/button><\/div><\/div><style type=\"text\/css\">.fusion-body .fusion-builder-column-9{width:100% !important;margin-top : 0px;margin-bottom : 20px;}.fusion-builder-column-9 > .fusion-column-wrapper {padding-top : 0px !important;padding-right : 0px !important;margin-right : 1.92%;padding-bottom : 0px !important;padding-left : 0px !important;margin-left : 1.92%;}@media only screen and (max-width:1024px) {.fusion-body .fusion-builder-column-9{width:100% !important;order : 0;}.fusion-builder-column-9 > .fusion-column-wrapper {margin-right : 1.92%;margin-left : 1.92%;}}@media only screen and (max-width:640px) {.fusion-body .fusion-builder-column-9{width:100% !important;order : 0;}.fusion-builder-column-9 > .fusion-column-wrapper {margin-right : 1.92%;margin-left : 1.92%;}}<\/style><\/div><\/div><style type=\"text\/css\">.fusion-body .fusion-flex-container.fusion-builder-row-8{ padding-top : 30px;margin-top : 50px;padding-right : 0px;padding-bottom : 0px;margin-bottom : 0px;padding-left : 0px;}<\/style><\/div><div id=\"business\"><div class=\"fusion-fullwidth fullwidth-box fusion-builder-row-9 fusion-flex-container nonhundred-percent-fullwidth non-hundred-percent-height-scrolling fusion-no-small-visibility fusion-no-medium-visibility\" style=\"background-color: rgba(255,255,255,0);background-position: center center;background-repeat: no-repeat;border-width: 0px 0px 0px 0px;border-color:#eaeaea;border-style:solid;\" ><div class=\"fusion-builder-row fusion-row fusion-flex-align-items-flex-start\" style=\"max-width:1289.6px;margin-left: calc(-4% \/ 2 );margin-right: calc(-4% \/ 2 );\"><div class=\"fusion-layout-column fusion_builder_column fusion-builder-column-10 fusion_builder_column_1_3 1_3 fusion-flex-column\"><div class=\"fusion-column-wrapper fusion-flex-justify-content-flex-start fusion-content-layout-column\" style=\"background-position:left top;background-repeat:no-repeat;-webkit-background-size:cover;-moz-background-size:cover;-o-background-size:cover;background-size:cover;padding: 0px 0px 0px 0px;\"><div class=\"fusion-separator fusion-full-width-sep\" style=\"align-self: center;margin-left: auto;margin-right: auto;margin-bottom:10px;width:100%;max-width:100%;\"><div class=\"fusion-separator-border sep-single sep-solid\" style=\"border-color:#1f2a3b;border-top-width:12px;\"><\/div><\/div><style type=\"text\/css\">@media only screen and (max-width:1024px) {.fusion-title.fusion-title-5{margin-top:-15px!important; margin-right:5px!important;margin-bottom:20px!important;margin-left:0px!important;}}@media only screen and (max-width:640px) {.fusion-title.fusion-title-5{margin-top:0px!important; margin-right:0px!important;margin-bottom:20px!important; margin-left:0px!important;}}<\/style><div class=\"fusion-title title fusion-title-5 fusion-title-text fusion-title-size-five\" style=\"margin-top:-15px;margin-right:5px;margin-bottom:20px;margin-left:0px;\"><div class=\"title-sep-container title-sep-container-left fusion-no-large-visibility fusion-no-medium-visibility fusion-no-small-visibility\"><div class=\"title-sep sep-\" style=\"border-color:#eaeaea;\"><\/div><\/div><h5 class=\"title-heading-left fusion-responsive-typography-calculated\" style=\"margin:0;--fontSize:17;line-height:1.76;\"><h5 style=\"text-align: left;text-transform: uppercase;\">Estland<\/h5><\/h5><div class=\"title-sep-container title-sep-container-right\"><div class=\"title-sep sep-\" style=\"border-color:#eaeaea;\"><\/div><\/div><\/div><div class=\"fusion-recent-posts fusion-recent-posts-4 avada-container layout-thumbnails-on-side layout-columns-1\"><section class=\"fusion-columns columns fusion-columns-1 columns-1\"><article class=\"post fusion-column column col col-lg-12 col-md-12 col-sm-12\"><div class=\"fusion-flexslider fusion-flexslider-loading flexslider floated-slideshow flexslider-hover-type-zoomout\"><ul class=\"slides\"><li><a href=\"https:\/\/balticwind.eu\/de\/estlands-parlament-verabschiedet-kernenergie-und-sicherheitsgesetz-und-ebnet-weg-fuer-erstes-kraftwerk\/\" aria-label=\"Estlands Parlament verabschiedet Kernenergie- und Sicherheitsgesetz und ebnet Weg f\u00fcr erstes Kraftwerk\" class=\"hover-type-zoomout\"><img decoding=\"async\" width=\"177\" height=\"142\" src=\"data:image\/svg+xml,%3Csvg%20xmlns%3D%27http%3A%2F%2Fwww.w3.org%2F2000%2Fsvg%27%20width%3D%27177%27%20height%3D%27142%27%20viewBox%3D%270%200%20177%20142%27%3E%3Crect%20width%3D%27177%27%20height%3D%27142%27%20fill-opacity%3D%220%22%2F%3E%3C%2Fsvg%3E\" data-orig-src=\"https:\/\/balticwind.eu\/wp-content\/uploads\/2026\/06\/estonia-nuclear-energy-safety-act-177x142.jpg\" class=\"lazyload attachment-portfolio-five size-portfolio-five\" alt=\"\" \/><\/a><\/li><\/ul><\/div><div class=\"recent-posts-content\"><h4 class=\"entry-title\"><a style=\"color: #1f2a3b !important;\" href=\"https:\/\/balticwind.eu\/de\/estlands-parlament-verabschiedet-kernenergie-und-sicherheitsgesetz-und-ebnet-weg-fuer-erstes-kraftwerk\/\">Estlands Parlament verabschiedet Kernenergie- und Sicherheitsgesetz und ebnet Weg f\u00fcr erstes Kraftwerk<\/a><\/h4><p class=\"meta\"><a href=\"https:\/\/balticwind.eu\/de\/category\/estland-de\/\" rel=\"category tag\">Estland<\/a>, <a href=\"https:\/\/balticwind.eu\/de\/category\/regulierung\/\" rel=\"category tag\">Regulierung<\/a><span class=\"fusion-inline-sep\">|<\/span><\/p><\/div><\/article><article class=\"post fusion-column column col col-lg-12 col-md-12 col-sm-12\"><div class=\"fusion-flexslider fusion-flexslider-loading flexslider floated-slideshow flexslider-hover-type-zoomout\"><ul class=\"slides\"><li><a href=\"https:\/\/balticwind.eu\/de\/aussenministerien-des-baltikums-der-nordischen-laender-und-der-usa-bekraeftigen-bei-e-pine-gespraechen-den-fokus-auf-transatlantische-sicherheit\/\" aria-label=\"Au\u00dfenministerien des Baltikums, der nordischen L\u00e4nder und der USA bekr\u00e4ftigen bei E-PINE-Gespr\u00e4chen den Fokus auf transatlantische Sicherheit\" class=\"hover-type-zoomout\"><img decoding=\"async\" width=\"177\" height=\"142\" src=\"data:image\/svg+xml,%3Csvg%20xmlns%3D%27http%3A%2F%2Fwww.w3.org%2F2000%2Fsvg%27%20width%3D%27177%27%20height%3D%27142%27%20viewBox%3D%270%200%20177%20142%27%3E%3Crect%20width%3D%27177%27%20height%3D%27142%27%20fill-opacity%3D%220%22%2F%3E%3C%2Fsvg%3E\" data-orig-src=\"https:\/\/balticwind.eu\/wp-content\/uploads\/2026\/06\/e-pine-baltic-nordic-us-transatlantic-security-177x142.jpg\" class=\"lazyload attachment-portfolio-five size-portfolio-five\" alt=\"\" \/><\/a><\/li><\/ul><\/div><div class=\"recent-posts-content\"><h4 class=\"entry-title\"><a style=\"color: #1f2a3b !important;\" href=\"https:\/\/balticwind.eu\/de\/aussenministerien-des-baltikums-der-nordischen-laender-und-der-usa-bekraeftigen-bei-e-pine-gespraechen-den-fokus-auf-transatlantische-sicherheit\/\">Au\u00dfenministerien des Baltikums, der nordischen L\u00e4nder und der USA bekr\u00e4ftigen bei E-PINE-Gespr\u00e4chen den Fokus auf transatlantische Sicherheit<\/a><\/h4><p class=\"meta\"><a href=\"https:\/\/balticwind.eu\/de\/category\/estland-de\/\" rel=\"category tag\">Estland<\/a>, <a href=\"https:\/\/balticwind.eu\/de\/category\/lettland\/\" rel=\"category tag\">Lettland<\/a>, <a href=\"https:\/\/balticwind.eu\/de\/category\/sicherheit\/\" rel=\"category tag\">Sicherheit<\/a><span class=\"fusion-inline-sep\">|<\/span><\/p><\/div><\/article><\/section><\/div><\/div><style type=\"text\/css\">.fusion-body .fusion-builder-column-10{width:33.333333333333% !important;margin-top : 0px;margin-bottom : 20px;}.fusion-builder-column-10 > .fusion-column-wrapper {padding-top : 0px !important;padding-right : 0px !important;margin-right : 5.76%;padding-bottom : 0px !important;padding-left : 0px !important;margin-left : 5.76%;}@media only screen and (max-width:1024px) {.fusion-body .fusion-builder-column-10{width:100% !important;}.fusion-builder-column-10 > .fusion-column-wrapper {margin-right : 1.92%;margin-left : 1.92%;}}@media only screen and (max-width:640px) {.fusion-body .fusion-builder-column-10{width:100% !important;}.fusion-builder-column-10 > .fusion-column-wrapper {margin-right : 1.92%;margin-left : 1.92%;}}<\/style><\/div><div class=\"fusion-layout-column fusion_builder_column fusion-builder-column-11 fusion_builder_column_1_3 1_3 fusion-flex-column\"><div class=\"fusion-column-wrapper fusion-flex-justify-content-flex-start fusion-content-layout-column\" style=\"background-position:left top;background-repeat:no-repeat;-webkit-background-size:cover;-moz-background-size:cover;-o-background-size:cover;background-size:cover;padding: 0px 0px 0px 0px;\"><div class=\"fusion-separator fusion-full-width-sep\" style=\"align-self: center;margin-left: auto;margin-right: auto;margin-bottom:10px;width:100%;max-width:100%;\"><div class=\"fusion-separator-border sep-single sep-solid\" style=\"border-color:#1f2a3b;border-top-width:12px;\"><\/div><\/div><style type=\"text\/css\">@media only screen and (max-width:1024px) {.fusion-title.fusion-title-6{margin-top:-15px!important; margin-right:5px!important;margin-bottom:20px!important;margin-left:0px!important;}}@media only screen and (max-width:640px) {.fusion-title.fusion-title-6{margin-top:0px!important; margin-right:0px!important;margin-bottom:20px!important; margin-left:0px!important;}}<\/style><div class=\"fusion-title title fusion-title-6 fusion-title-text fusion-title-size-five\" style=\"margin-top:-15px;margin-right:5px;margin-bottom:20px;margin-left:0px;\"><div class=\"title-sep-container title-sep-container-left fusion-no-large-visibility fusion-no-medium-visibility fusion-no-small-visibility\"><div class=\"title-sep sep-\" style=\"border-color:#eaeaea;\"><\/div><\/div><h5 class=\"title-heading-left fusion-responsive-typography-calculated\" style=\"margin:0;--fontSize:17;line-height:1.76;\"><h5 style=\"text-align: left;text-transform: uppercase;\">Deutschland<\/h5><\/h5><div class=\"title-sep-container title-sep-container-right\"><div class=\"title-sep sep-\" style=\"border-color:#eaeaea;\"><\/div><\/div><\/div><div class=\"fusion-recent-posts fusion-recent-posts-5 avada-container layout-thumbnails-on-side layout-columns-1\"><section class=\"fusion-columns columns fusion-columns-1 columns-1\"><article class=\"post fusion-column column col col-lg-12 col-md-12 col-sm-12\"><div class=\"fusion-flexslider fusion-flexslider-loading flexslider floated-slideshow flexslider-hover-type-zoomout\"><ul class=\"slides\"><li><a href=\"https:\/\/balticwind.eu\/de\/der-engpass-ist-das-netz-was-europas-anschlusswarteschlangen-fuer-die-ostsee-windkraft-bedeuten\/\" aria-label=\"Der Engpass ist das Netz: Was Europas Anschlusswarteschlangen f\u00fcr die Ostsee-Windkraft bedeuten\" class=\"hover-type-zoomout\"><img decoding=\"async\" width=\"177\" height=\"142\" src=\"data:image\/svg+xml,%3Csvg%20xmlns%3D%27http%3A%2F%2Fwww.w3.org%2F2000%2Fsvg%27%20width%3D%27177%27%20height%3D%27142%27%20viewBox%3D%270%200%20177%20142%27%3E%3Crect%20width%3D%27177%27%20height%3D%27142%27%20fill-opacity%3D%220%22%2F%3E%3C%2Fsvg%3E\" data-orig-src=\"https:\/\/balticwind.eu\/wp-content\/uploads\/2026\/09\/high-voltage-transmission-grid-bottleneck-baltic-wind-177x142.jpg\" class=\"lazyload attachment-portfolio-five size-portfolio-five\" alt=\"\" \/><\/a><\/li><\/ul><\/div><div class=\"recent-posts-content\"><h4 class=\"entry-title\"><a style=\"color: #1f2a3b !important;\" href=\"https:\/\/balticwind.eu\/de\/der-engpass-ist-das-netz-was-europas-anschlusswarteschlangen-fuer-die-ostsee-windkraft-bedeuten\/\">Der Engpass ist das Netz: Was Europas Anschlusswarteschlangen f\u00fcr die Ostsee-Windkraft bedeuten<\/a><\/h4><p class=\"meta\"><a href=\"https:\/\/balticwind.eu\/de\/category\/editors-choice-de\/\" rel=\"category tag\">Auswahl der Redaktion<\/a>, <a href=\"https:\/\/balticwind.eu\/de\/category\/deutschland\/\" rel=\"category tag\">Deutschland<\/a>, <a href=\"https:\/\/balticwind.eu\/de\/category\/lettland\/\" rel=\"category tag\">Lettland<\/a>, <a href=\"https:\/\/balticwind.eu\/de\/category\/litauen\/\" rel=\"category tag\">Litauen<\/a>, <a href=\"https:\/\/balticwind.eu\/de\/category\/polen\/\" rel=\"category tag\">Polen<\/a>, <a href=\"https:\/\/balticwind.eu\/de\/category\/regulierung\/\" rel=\"category tag\">Regulierung<\/a>, <a href=\"https:\/\/balticwind.eu\/de\/category\/technologie\/\" rel=\"category tag\">Technologie<\/a><span class=\"fusion-inline-sep\">|<\/span><\/p><\/div><\/article><article class=\"post fusion-column column col col-lg-12 col-md-12 col-sm-12\"><div class=\"fusion-flexslider fusion-flexslider-loading flexslider floated-slideshow flexslider-hover-type-zoomout\"><ul class=\"slides\"><li><a href=\"https:\/\/balticwind.eu\/de\/fuenf-jahre-von-der-genehmigung-bis-zur-ersten-kilowattstunde-energiequelle-nimmt-42-mw-anlage-in-krummensee-in-betrieb\/\" aria-label=\"F\u00fcnf Jahre von der Genehmigung bis zur ersten Kilowattstunde: Energiequelle nimmt 4,2-MW-Anlage in Krummensee in Betrieb\" class=\"hover-type-zoomout\"><img decoding=\"async\" width=\"177\" height=\"142\" src=\"data:image\/svg+xml,%3Csvg%20xmlns%3D%27http%3A%2F%2Fwww.w3.org%2F2000%2Fsvg%27%20width%3D%27177%27%20height%3D%27142%27%20viewBox%3D%270%200%20177%20142%27%3E%3Crect%20width%3D%27177%27%20height%3D%27142%27%20fill-opacity%3D%220%22%2F%3E%3C%2Fsvg%3E\" data-orig-src=\"https:\/\/balticwind.eu\/wp-content\/uploads\/2026\/09\/energiequelle-enercon-turbine-krummensee-brandenburg-177x142.jpg\" class=\"lazyload attachment-portfolio-five size-portfolio-five\" alt=\"\" \/><\/a><\/li><\/ul><\/div><div class=\"recent-posts-content\"><h4 class=\"entry-title\"><a style=\"color: #1f2a3b !important;\" href=\"https:\/\/balticwind.eu\/de\/fuenf-jahre-von-der-genehmigung-bis-zur-ersten-kilowattstunde-energiequelle-nimmt-42-mw-anlage-in-krummensee-in-betrieb\/\">F\u00fcnf Jahre von der Genehmigung bis zur ersten Kilowattstunde: Energiequelle nimmt 4,2-MW-Anlage in Krummensee in Betrieb<\/a><\/h4><p class=\"meta\"><a href=\"https:\/\/balticwind.eu\/de\/category\/deutschland\/\" rel=\"category tag\">Deutschland<\/a>, <a href=\"https:\/\/balticwind.eu\/de\/category\/onshore-wind-aktuell\/\" rel=\"category tag\">Onshore-Wind Aktuell<\/a>, <a href=\"https:\/\/balticwind.eu\/de\/category\/regulierung\/\" rel=\"category tag\">Regulierung<\/a><span class=\"fusion-inline-sep\">|<\/span><\/p><\/div><\/article><\/section><\/div><\/div><style type=\"text\/css\">.fusion-body .fusion-builder-column-11{width:33.333333333333% !important;margin-top : 0px;margin-bottom : 20px;}.fusion-builder-column-11 > .fusion-column-wrapper {padding-top : 0px !important;padding-right : 0px !important;margin-right : 5.76%;padding-bottom : 0px !important;padding-left : 0px !important;margin-left : 5.76%;}@media only screen and (max-width:1024px) {.fusion-body .fusion-builder-column-11{width:100% !important;}.fusion-builder-column-11 > .fusion-column-wrapper {margin-right : 1.92%;margin-left : 1.92%;}}@media only screen and (max-width:640px) {.fusion-body .fusion-builder-column-11{width:100% !important;}.fusion-builder-column-11 > .fusion-column-wrapper {margin-right : 1.92%;margin-left : 1.92%;}}<\/style><\/div><div class=\"fusion-layout-column fusion_builder_column fusion-builder-column-12 fusion_builder_column_1_3 1_3 fusion-flex-column\"><div class=\"fusion-column-wrapper fusion-flex-justify-content-flex-start fusion-content-layout-column\" style=\"background-position:left top;background-repeat:no-repeat;-webkit-background-size:cover;-moz-background-size:cover;-o-background-size:cover;background-size:cover;padding: 0px 0px 0px 0px;\"><div class=\"fusion-separator fusion-full-width-sep\" style=\"align-self: center;margin-left: auto;margin-right: auto;margin-bottom:10px;width:100%;max-width:100%;\"><div class=\"fusion-separator-border sep-single sep-solid\" style=\"border-color:#1f2a3b;border-top-width:12px;\"><\/div><\/div><style type=\"text\/css\">@media only screen and (max-width:1024px) {.fusion-title.fusion-title-7{margin-top:-15px!important; margin-right:5px!important;margin-bottom:20px!important;margin-left:0px!important;}}@media only screen and (max-width:640px) {.fusion-title.fusion-title-7{margin-top:0px!important; margin-right:0px!important;margin-bottom:20px!important; margin-left:0px!important;}}<\/style><div class=\"fusion-title title fusion-title-7 fusion-title-text fusion-title-size-five\" style=\"margin-top:-15px;margin-right:5px;margin-bottom:20px;margin-left:0px;\"><div class=\"title-sep-container title-sep-container-left fusion-no-large-visibility fusion-no-medium-visibility fusion-no-small-visibility\"><div class=\"title-sep sep-\" style=\"border-color:#eaeaea;\"><\/div><\/div><h5 class=\"title-heading-left fusion-responsive-typography-calculated\" style=\"margin:0;--fontSize:17;line-height:1.76;\"><h5 style=\"text-align: left;text-transform: uppercase;\">POLEN<\/h5><\/h5><div class=\"title-sep-container title-sep-container-right\"><div class=\"title-sep sep-\" style=\"border-color:#eaeaea;\"><\/div><\/div><\/div><div class=\"fusion-recent-posts fusion-recent-posts-6 avada-container layout-thumbnails-on-side layout-columns-1\"><section class=\"fusion-columns columns fusion-columns-1 columns-1\"><article class=\"post fusion-column column col col-lg-12 col-md-12 col-sm-12\"><div class=\"fusion-flexslider fusion-flexslider-loading flexslider floated-slideshow flexslider-hover-type-zoomout\"><ul class=\"slides\"><li><a href=\"https:\/\/balticwind.eu\/de\/der-engpass-ist-das-netz-was-europas-anschlusswarteschlangen-fuer-die-ostsee-windkraft-bedeuten\/\" aria-label=\"Der Engpass ist das Netz: Was Europas Anschlusswarteschlangen f\u00fcr die Ostsee-Windkraft bedeuten\" class=\"hover-type-zoomout\"><img decoding=\"async\" width=\"177\" height=\"142\" src=\"data:image\/svg+xml,%3Csvg%20xmlns%3D%27http%3A%2F%2Fwww.w3.org%2F2000%2Fsvg%27%20width%3D%27177%27%20height%3D%27142%27%20viewBox%3D%270%200%20177%20142%27%3E%3Crect%20width%3D%27177%27%20height%3D%27142%27%20fill-opacity%3D%220%22%2F%3E%3C%2Fsvg%3E\" data-orig-src=\"https:\/\/balticwind.eu\/wp-content\/uploads\/2026\/09\/high-voltage-transmission-grid-bottleneck-baltic-wind-177x142.jpg\" class=\"lazyload attachment-portfolio-five size-portfolio-five\" alt=\"\" \/><\/a><\/li><\/ul><\/div><div class=\"recent-posts-content\"><h4 class=\"entry-title\"><a style=\"color: #1f2a3b !important;\" href=\"https:\/\/balticwind.eu\/de\/der-engpass-ist-das-netz-was-europas-anschlusswarteschlangen-fuer-die-ostsee-windkraft-bedeuten\/\">Der Engpass ist das Netz: Was Europas Anschlusswarteschlangen f\u00fcr die Ostsee-Windkraft bedeuten<\/a><\/h4><p class=\"meta\"><a href=\"https:\/\/balticwind.eu\/de\/category\/editors-choice-de\/\" rel=\"category tag\">Auswahl der Redaktion<\/a>, <a href=\"https:\/\/balticwind.eu\/de\/category\/deutschland\/\" rel=\"category tag\">Deutschland<\/a>, <a href=\"https:\/\/balticwind.eu\/de\/category\/lettland\/\" rel=\"category tag\">Lettland<\/a>, <a href=\"https:\/\/balticwind.eu\/de\/category\/litauen\/\" rel=\"category tag\">Litauen<\/a>, <a href=\"https:\/\/balticwind.eu\/de\/category\/polen\/\" rel=\"category tag\">Polen<\/a>, <a href=\"https:\/\/balticwind.eu\/de\/category\/regulierung\/\" rel=\"category tag\">Regulierung<\/a>, <a href=\"https:\/\/balticwind.eu\/de\/category\/technologie\/\" rel=\"category tag\">Technologie<\/a><span class=\"fusion-inline-sep\">|<\/span><\/p><\/div><\/article><article class=\"post fusion-column column col col-lg-12 col-md-12 col-sm-12\"><div class=\"fusion-flexslider fusion-flexslider-loading flexslider floated-slideshow flexslider-hover-type-zoomout\"><ul class=\"slides\"><li><a href=\"https:\/\/balticwind.eu\/de\/vierzehn-transformatoren-erreichen-baltica-2-baustelle-nach-sechsmonatigem-schwertransport\/\" aria-label=\"Vierzehn Transformatoren erreichen Baltica-2-Baustelle nach sechsmonatigem Schwertransport\" class=\"hover-type-zoomout\"><img decoding=\"async\" width=\"177\" height=\"142\" src=\"data:image\/svg+xml,%3Csvg%20xmlns%3D%27http%3A%2F%2Fwww.w3.org%2F2000%2Fsvg%27%20width%3D%27177%27%20height%3D%27142%27%20viewBox%3D%270%200%20177%20142%27%3E%3Crect%20width%3D%27177%27%20height%3D%27142%27%20fill-opacity%3D%220%22%2F%3E%3C%2Fsvg%3E\" data-orig-src=\"https:\/\/balticwind.eu\/wp-content\/uploads\/2026\/09\/power-transformers-substation-baltica-2-poland-177x142.jpg\" class=\"lazyload attachment-portfolio-five size-portfolio-five\" alt=\"\" \/><\/a><\/li><\/ul><\/div><div class=\"recent-posts-content\"><h4 class=\"entry-title\"><a style=\"color: #1f2a3b !important;\" href=\"https:\/\/balticwind.eu\/de\/vierzehn-transformatoren-erreichen-baltica-2-baustelle-nach-sechsmonatigem-schwertransport\/\">Vierzehn Transformatoren erreichen Baltica-2-Baustelle nach sechsmonatigem Schwertransport<\/a><\/h4><p class=\"meta\"><a href=\"https:\/\/balticwind.eu\/de\/category\/offshore-wind-aktuell\/\" rel=\"category tag\">Offshore-Wind Aktuell<\/a>, <a href=\"https:\/\/balticwind.eu\/de\/category\/polen\/\" rel=\"category tag\">Polen<\/a>, <a href=\"https:\/\/balticwind.eu\/de\/category\/projekte\/\" rel=\"category tag\">Projekte<\/a><span class=\"fusion-inline-sep\">|<\/span><\/p><\/div><\/article><\/section><\/div><\/div><style type=\"text\/css\">.fusion-body .fusion-builder-column-12{width:33.333333333333% !important;margin-top : 0px;margin-bottom : 20px;}.fusion-builder-column-12 > .fusion-column-wrapper {padding-top : 0px !important;padding-right : 0px !important;margin-right : 5.76%;padding-bottom : 0px !important;padding-left : 0px !important;margin-left : 5.76%;}@media only screen and (max-width:1024px) {.fusion-body .fusion-builder-column-12{width:100% !important;}.fusion-builder-column-12 > .fusion-column-wrapper {margin-right : 1.92%;margin-left : 1.92%;}}@media only screen and (max-width:640px) {.fusion-body .fusion-builder-column-12{width:100% !important;}.fusion-builder-column-12 > .fusion-column-wrapper {margin-right : 1.92%;margin-left : 1.92%;}}<\/style><\/div><div class=\"fusion-layout-column fusion_builder_column fusion-builder-column-13 fusion_builder_column_1_3 1_3 fusion-flex-column\"><div class=\"fusion-column-wrapper fusion-flex-justify-content-flex-start fusion-content-layout-column\" style=\"background-position:left top;background-repeat:no-repeat;-webkit-background-size:cover;-moz-background-size:cover;-o-background-size:cover;background-size:cover;padding: 0px 0px 0px 0px;\"><div class=\"fusion-separator fusion-full-width-sep\" style=\"align-self: center;margin-left: auto;margin-right: auto;margin-bottom:10px;width:100%;max-width:100%;\"><div class=\"fusion-separator-border sep-single sep-solid\" style=\"border-color:#1f2a3b;border-top-width:12px;\"><\/div><\/div><style type=\"text\/css\">@media only screen and (max-width:1024px) {.fusion-title.fusion-title-8{margin-top:-15px!important; margin-right:5px!important;margin-bottom:20px!important;margin-left:0px!important;}}@media only screen and (max-width:640px) {.fusion-title.fusion-title-8{margin-top:0px!important; margin-right:0px!important;margin-bottom:20px!important; margin-left:0px!important;}}<\/style><div class=\"fusion-title title fusion-title-8 fusion-title-text fusion-title-size-five\" style=\"margin-top:-15px;margin-right:5px;margin-bottom:20px;margin-left:0px;\"><div class=\"title-sep-container title-sep-container-left fusion-no-large-visibility fusion-no-medium-visibility fusion-no-small-visibility\"><div class=\"title-sep sep-\" style=\"border-color:#eaeaea;\"><\/div><\/div><h5 class=\"title-heading-left fusion-responsive-typography-calculated\" style=\"margin:0;--fontSize:17;line-height:1.76;\"><h5 style=\"text-align: left;text-transform: uppercase;\">Lettland<\/h5><\/h5><div class=\"title-sep-container title-sep-container-right\"><div class=\"title-sep sep-\" style=\"border-color:#eaeaea;\"><\/div><\/div><\/div><div class=\"fusion-recent-posts fusion-recent-posts-7 avada-container layout-thumbnails-on-side layout-columns-1\"><section class=\"fusion-columns columns fusion-columns-1 columns-1\"><article class=\"post fusion-column column col col-lg-12 col-md-12 col-sm-12\"><div class=\"fusion-flexslider fusion-flexslider-loading flexslider floated-slideshow flexslider-hover-type-zoomout\"><ul class=\"slides\"><li><a href=\"https:\/\/balticwind.eu\/de\/der-engpass-ist-das-netz-was-europas-anschlusswarteschlangen-fuer-die-ostsee-windkraft-bedeuten\/\" aria-label=\"Der Engpass ist das Netz: Was Europas Anschlusswarteschlangen f\u00fcr die Ostsee-Windkraft bedeuten\" class=\"hover-type-zoomout\"><img decoding=\"async\" width=\"177\" height=\"142\" src=\"data:image\/svg+xml,%3Csvg%20xmlns%3D%27http%3A%2F%2Fwww.w3.org%2F2000%2Fsvg%27%20width%3D%27177%27%20height%3D%27142%27%20viewBox%3D%270%200%20177%20142%27%3E%3Crect%20width%3D%27177%27%20height%3D%27142%27%20fill-opacity%3D%220%22%2F%3E%3C%2Fsvg%3E\" data-orig-src=\"https:\/\/balticwind.eu\/wp-content\/uploads\/2026\/09\/high-voltage-transmission-grid-bottleneck-baltic-wind-177x142.jpg\" class=\"lazyload attachment-portfolio-five size-portfolio-five\" alt=\"\" \/><\/a><\/li><\/ul><\/div><div class=\"recent-posts-content\"><h4 class=\"entry-title\"><a style=\"color: #1f2a3b !important;\" href=\"https:\/\/balticwind.eu\/de\/der-engpass-ist-das-netz-was-europas-anschlusswarteschlangen-fuer-die-ostsee-windkraft-bedeuten\/\">Der Engpass ist das Netz: Was Europas Anschlusswarteschlangen f\u00fcr die Ostsee-Windkraft bedeuten<\/a><\/h4><p class=\"meta\"><a href=\"https:\/\/balticwind.eu\/de\/category\/editors-choice-de\/\" rel=\"category tag\">Auswahl der Redaktion<\/a>, <a href=\"https:\/\/balticwind.eu\/de\/category\/deutschland\/\" rel=\"category tag\">Deutschland<\/a>, <a href=\"https:\/\/balticwind.eu\/de\/category\/lettland\/\" rel=\"category tag\">Lettland<\/a>, <a href=\"https:\/\/balticwind.eu\/de\/category\/litauen\/\" rel=\"category tag\">Litauen<\/a>, <a href=\"https:\/\/balticwind.eu\/de\/category\/polen\/\" rel=\"category tag\">Polen<\/a>, <a href=\"https:\/\/balticwind.eu\/de\/category\/regulierung\/\" rel=\"category tag\">Regulierung<\/a>, <a href=\"https:\/\/balticwind.eu\/de\/category\/technologie\/\" rel=\"category tag\">Technologie<\/a><span class=\"fusion-inline-sep\">|<\/span><\/p><\/div><\/article><article class=\"post fusion-column column col col-lg-12 col-md-12 col-sm-12\"><div class=\"fusion-flexslider fusion-flexslider-loading flexslider floated-slideshow flexslider-hover-type-zoomout\"><ul class=\"slides\"><li><a href=\"https:\/\/balticwind.eu\/de\/vom-meeresboden-bis-zum-luftraum-was-die-energieinfrastruktur-im-ostseeraum-tatsaechlich-schuetzt\/\" aria-label=\"Vom Meeresboden bis zum Luftraum: Was die Energieinfrastruktur im Ostseeraum tats\u00e4chlich sch\u00fctzt\" class=\"hover-type-zoomout\"><img decoding=\"async\" width=\"177\" height=\"142\" src=\"data:image\/svg+xml,%3Csvg%20xmlns%3D%27http%3A%2F%2Fwww.w3.org%2F2000%2Fsvg%27%20width%3D%27177%27%20height%3D%27142%27%20viewBox%3D%270%200%20177%20142%27%3E%3Crect%20width%3D%27177%27%20height%3D%27142%27%20fill-opacity%3D%220%22%2F%3E%3C%2Fsvg%3E\" data-orig-src=\"https:\/\/balticwind.eu\/wp-content\/uploads\/2026\/08\/naval-vessel-at-sea-baltic-energy-security-177x142.jpg\" class=\"lazyload attachment-portfolio-five size-portfolio-five\" alt=\"\" \/><\/a><\/li><\/ul><\/div><div class=\"recent-posts-content\"><h4 class=\"entry-title\"><a style=\"color: #1f2a3b !important;\" href=\"https:\/\/balticwind.eu\/de\/vom-meeresboden-bis-zum-luftraum-was-die-energieinfrastruktur-im-ostseeraum-tatsaechlich-schuetzt\/\">Vom Meeresboden bis zum Luftraum: Was die Energieinfrastruktur im Ostseeraum tats\u00e4chlich sch\u00fctzt<\/a><\/h4><p class=\"meta\"><a href=\"https:\/\/balticwind.eu\/de\/category\/editors-choice-de\/\" rel=\"category tag\">Auswahl der Redaktion<\/a>, <a href=\"https:\/\/balticwind.eu\/de\/category\/lettland\/\" rel=\"category tag\">Lettland<\/a>, <a href=\"https:\/\/balticwind.eu\/de\/category\/litauen\/\" rel=\"category tag\">Litauen<\/a>, <a href=\"https:\/\/balticwind.eu\/de\/category\/polen\/\" rel=\"category tag\">Polen<\/a>, <a href=\"https:\/\/balticwind.eu\/de\/category\/sicherheit\/\" rel=\"category tag\">Sicherheit<\/a><span class=\"fusion-inline-sep\">|<\/span><\/p><\/div><\/article><article class=\"post fusion-column column col col-lg-12 col-md-12 col-sm-12\"><div class=\"fusion-flexslider fusion-flexslider-loading flexslider floated-slideshow flexslider-hover-type-zoomout\"><ul class=\"slides\"><li><a href=\"https:\/\/balticwind.eu\/de\/speicher-werden-zur-zweiten-haelfte-des-windausbaus-in-deutschland-und-im-baltikum\/\" aria-label=\"Speicher werden zur zweiten H\u00e4lfte des Windausbaus in Deutschland und im Baltikum\" class=\"hover-type-zoomout\"><img decoding=\"async\" width=\"177\" height=\"142\" src=\"data:image\/svg+xml,%3Csvg%20xmlns%3D%27http%3A%2F%2Fwww.w3.org%2F2000%2Fsvg%27%20width%3D%27177%27%20height%3D%27142%27%20viewBox%3D%270%200%20177%20142%27%3E%3Crect%20width%3D%27177%27%20height%3D%27142%27%20fill-opacity%3D%220%22%2F%3E%3C%2Fsvg%3E\" data-orig-src=\"https:\/\/balticwind.eu\/wp-content\/uploads\/2026\/08\/electricity-substation-grid-flexibility-storage-177x142.jpg\" class=\"lazyload attachment-portfolio-five size-portfolio-five\" alt=\"\" \/><\/a><\/li><\/ul><\/div><div class=\"recent-posts-content\"><h4 class=\"entry-title\"><a style=\"color: #1f2a3b !important;\" href=\"https:\/\/balticwind.eu\/de\/speicher-werden-zur-zweiten-haelfte-des-windausbaus-in-deutschland-und-im-baltikum\/\">Speicher werden zur zweiten H\u00e4lfte des Windausbaus in Deutschland und im Baltikum<\/a><\/h4><p class=\"meta\"><a href=\"https:\/\/balticwind.eu\/de\/category\/editors-choice-de\/\" rel=\"category tag\">Auswahl der Redaktion<\/a>, <a href=\"https:\/\/balticwind.eu\/de\/category\/deutschland\/\" rel=\"category tag\">Deutschland<\/a>, <a href=\"https:\/\/balticwind.eu\/de\/category\/lettland\/\" rel=\"category tag\">Lettland<\/a>, <a href=\"https:\/\/balticwind.eu\/de\/category\/technologie\/\" rel=\"category tag\">Technologie<\/a><span class=\"fusion-inline-sep\">|<\/span><\/p><\/div><\/article><\/section><\/div><\/div><style type=\"text\/css\">.fusion-body .fusion-builder-column-13{width:33.333333333333% !important;margin-top : 0px;margin-bottom : 20px;}.fusion-builder-column-13 > .fusion-column-wrapper {padding-top : 0px !important;padding-right : 0px !important;margin-right : 5.76%;padding-bottom : 0px !important;padding-left : 0px !important;margin-left : 5.76%;}@media only screen and (max-width:1024px) {.fusion-body .fusion-builder-column-13{width:100% !important;}.fusion-builder-column-13 > .fusion-column-wrapper {margin-right : 1.92%;margin-left : 1.92%;}}@media only screen and (max-width:640px) {.fusion-body .fusion-builder-column-13{width:100% !important;}.fusion-builder-column-13 > .fusion-column-wrapper {margin-right : 1.92%;margin-left : 1.92%;}}<\/style><\/div><div class=\"fusion-layout-column fusion_builder_column fusion-builder-column-14 fusion_builder_column_1_3 1_3 fusion-flex-column\"><div class=\"fusion-column-wrapper fusion-flex-justify-content-flex-start fusion-content-layout-column\" style=\"background-position:left top;background-repeat:no-repeat;-webkit-background-size:cover;-moz-background-size:cover;-o-background-size:cover;background-size:cover;padding: 0px 0px 0px 0px;\"><div class=\"fusion-separator fusion-full-width-sep\" style=\"align-self: center;margin-left: auto;margin-right: auto;margin-bottom:10px;width:100%;max-width:100%;\"><div class=\"fusion-separator-border sep-single sep-solid\" style=\"border-color:#1f2a3b;border-top-width:12px;\"><\/div><\/div><style type=\"text\/css\">@media only screen and (max-width:1024px) {.fusion-title.fusion-title-9{margin-top:-15px!important; margin-right:5px!important;margin-bottom:20px!important;margin-left:0px!important;}}@media only screen and (max-width:640px) {.fusion-title.fusion-title-9{margin-top:0px!important; margin-right:0px!important;margin-bottom:20px!important; margin-left:0px!important;}}<\/style><div class=\"fusion-title title fusion-title-9 fusion-title-text fusion-title-size-five\" style=\"margin-top:-15px;margin-right:5px;margin-bottom:20px;margin-left:0px;\"><div class=\"title-sep-container title-sep-container-left fusion-no-large-visibility fusion-no-medium-visibility fusion-no-small-visibility\"><div class=\"title-sep sep-\" style=\"border-color:#eaeaea;\"><\/div><\/div><h5 class=\"title-heading-left fusion-responsive-typography-calculated\" style=\"margin:0;--fontSize:17;line-height:1.76;\"><h5 style=\"text-align: left; text-transform: uppercase;\">Finnland<\/h5><\/h5><div class=\"title-sep-container title-sep-container-right\"><div class=\"title-sep sep-\" style=\"border-color:#eaeaea;\"><\/div><\/div><\/div><div class=\"fusion-recent-posts fusion-recent-posts-8 avada-container layout-thumbnails-on-side layout-columns-1\"><section class=\"fusion-columns columns fusion-columns-1 columns-1\"><article class=\"post fusion-column column col col-lg-12 col-md-12 col-sm-12\"><div class=\"fusion-flexslider fusion-flexslider-loading flexslider floated-slideshow flexslider-hover-type-zoomout\"><ul class=\"slides\"><li><a href=\"https:\/\/balticwind.eu\/de\/riffmodule-fledermaussensoren-und-moewensender-wie-die-offshore-windkraft-ihre-biodiversitaetsdaten-aufbaut\/\" aria-label=\"Riffmodule, Fledermaussensoren und M\u00f6wensender: Wie die Offshore-Windkraft ihre Biodiversit\u00e4tsdaten aufbaut\" class=\"hover-type-zoomout\"><img decoding=\"async\" width=\"177\" height=\"142\" src=\"data:image\/svg+xml,%3Csvg%20xmlns%3D%27http%3A%2F%2Fwww.w3.org%2F2000%2Fsvg%27%20width%3D%27177%27%20height%3D%27142%27%20viewBox%3D%270%200%20177%20142%27%3E%3Crect%20width%3D%27177%27%20height%3D%27142%27%20fill-opacity%3D%220%22%2F%3E%3C%2Fsvg%3E\" data-orig-src=\"https:\/\/balticwind.eu\/wp-content\/uploads\/2026\/08\/offshore-wind-biodiversity-evidence-nature-inclusive-design-baltic-177x142.jpg\" class=\"lazyload attachment-portfolio-five size-portfolio-five\" alt=\"\" \/><\/a><\/li><\/ul><\/div><div class=\"recent-posts-content\"><h4 class=\"entry-title\"><a style=\"color: #1f2a3b !important;\" href=\"https:\/\/balticwind.eu\/de\/riffmodule-fledermaussensoren-und-moewensender-wie-die-offshore-windkraft-ihre-biodiversitaetsdaten-aufbaut\/\">Riffmodule, Fledermaussensoren und M\u00f6wensender: Wie die Offshore-Windkraft ihre Biodiversit\u00e4tsdaten aufbaut<\/a><\/h4><p class=\"meta\"><a href=\"https:\/\/balticwind.eu\/de\/category\/editors-choice-de\/\" rel=\"category tag\">Auswahl der Redaktion<\/a>, <a href=\"https:\/\/balticwind.eu\/de\/category\/finnland\/\" rel=\"category tag\">Finnland<\/a>, <a href=\"https:\/\/balticwind.eu\/de\/category\/lettland\/\" rel=\"category tag\">Lettland<\/a>, <a href=\"https:\/\/balticwind.eu\/de\/category\/offshore-wind-aktuell\/\" rel=\"category tag\">Offshore-Wind Aktuell<\/a>, <a href=\"https:\/\/balticwind.eu\/de\/category\/technologie\/\" rel=\"category tag\">Technologie<\/a><span class=\"fusion-inline-sep\">|<\/span><\/p><\/div><\/article><article class=\"post fusion-column column col col-lg-12 col-md-12 col-sm-12\"><div class=\"fusion-flexslider fusion-flexslider-loading flexslider floated-slideshow flexslider-hover-type-zoomout\"><ul class=\"slides\"><li><a href=\"https:\/\/balticwind.eu\/de\/elektrische-krane-machen-ueber-80-prozent-des-macgregor-auftragseingangs-im-ersten-halbjahr-2026-aus\/\" aria-label=\"Elektrische Krane machen \u00fcber 80 Prozent des MacGregor-Auftragseingangs im ersten Halbjahr 2026 aus\" class=\"hover-type-zoomout\"><img decoding=\"async\" width=\"177\" height=\"142\" src=\"data:image\/svg+xml,%3Csvg%20xmlns%3D%27http%3A%2F%2Fwww.w3.org%2F2000%2Fsvg%27%20width%3D%27177%27%20height%3D%27142%27%20viewBox%3D%270%200%20177%20142%27%3E%3Crect%20width%3D%27177%27%20height%3D%27142%27%20fill-opacity%3D%220%22%2F%3E%3C%2Fsvg%3E\" data-orig-src=\"https:\/\/balticwind.eu\/wp-content\/uploads\/2026\/08\/macgregor-electric-crane-177x142.jpg\" class=\"lazyload attachment-portfolio-five size-portfolio-five\" alt=\"\" \/><\/a><\/li><\/ul><\/div><div class=\"recent-posts-content\"><h4 class=\"entry-title\"><a style=\"color: #1f2a3b !important;\" href=\"https:\/\/balticwind.eu\/de\/elektrische-krane-machen-ueber-80-prozent-des-macgregor-auftragseingangs-im-ersten-halbjahr-2026-aus\/\">Elektrische Krane machen \u00fcber 80 Prozent des MacGregor-Auftragseingangs im ersten Halbjahr 2026 aus<\/a><\/h4><p class=\"meta\"><a href=\"https:\/\/balticwind.eu\/de\/category\/finnland\/\" rel=\"category tag\">Finnland<\/a>, <a href=\"https:\/\/balticwind.eu\/de\/category\/technologie\/\" rel=\"category tag\">Technologie<\/a><span class=\"fusion-inline-sep\">|<\/span><\/p><\/div><\/article><\/section><\/div><\/div><style type=\"text\/css\">.fusion-body .fusion-builder-column-14{width:33.333333333333% !important;margin-top : 0px;margin-bottom : 20px;}.fusion-builder-column-14 > .fusion-column-wrapper {padding-top : 0px !important;padding-right : 0px !important;margin-right : 5.76%;padding-bottom : 0px !important;padding-left : 0px !important;margin-left : 5.76%;}@media only screen and (max-width:1024px) {.fusion-body .fusion-builder-column-14{width:100% !important;}.fusion-builder-column-14 > .fusion-column-wrapper {margin-right : 1.92%;margin-left : 1.92%;}}@media only screen and (max-width:640px) {.fusion-body .fusion-builder-column-14{width:100% !important;}.fusion-builder-column-14 > .fusion-column-wrapper {margin-right : 1.92%;margin-left : 1.92%;}}<\/style><\/div><div class=\"fusion-layout-column fusion_builder_column fusion-builder-column-15 fusion_builder_column_1_3 1_3 fusion-flex-column\"><div class=\"fusion-column-wrapper fusion-flex-justify-content-flex-start fusion-content-layout-column\" style=\"background-position:left top;background-repeat:no-repeat;-webkit-background-size:cover;-moz-background-size:cover;-o-background-size:cover;background-size:cover;padding: 0px 0px 0px 0px;\"><div class=\"fusion-separator fusion-full-width-sep\" style=\"align-self: center;margin-left: auto;margin-right: auto;margin-bottom:10px;width:100%;max-width:100%;\"><div class=\"fusion-separator-border sep-single sep-solid\" style=\"border-color:#1f2a3b;border-top-width:12px;\"><\/div><\/div><style type=\"text\/css\">@media only screen and (max-width:1024px) {.fusion-title.fusion-title-10{margin-top:-15px!important; margin-right:5px!important;margin-bottom:20px!important;margin-left:0px!important;}}@media only screen and (max-width:640px) {.fusion-title.fusion-title-10{margin-top:0px!important; margin-right:0px!important;margin-bottom:20px!important; margin-left:0px!important;}}<\/style><div class=\"fusion-title title fusion-title-10 fusion-title-text fusion-title-size-five\" style=\"margin-top:-15px;margin-right:5px;margin-bottom:20px;margin-left:0px;\"><div class=\"title-sep-container title-sep-container-left fusion-no-large-visibility fusion-no-medium-visibility fusion-no-small-visibility\"><div class=\"title-sep sep-\" style=\"border-color:#eaeaea;\"><\/div><\/div><h5 class=\"title-heading-left fusion-responsive-typography-calculated\" style=\"margin:0;--fontSize:17;line-height:1.76;\"><h5 style=\"text-align: left;text-transform: uppercase;\">Schweden<\/h5><\/h5><div class=\"title-sep-container title-sep-container-right\"><div class=\"title-sep sep-\" style=\"border-color:#eaeaea;\"><\/div><\/div><\/div><div class=\"fusion-recent-posts fusion-recent-posts-9 avada-container layout-thumbnails-on-side layout-columns-1\"><section class=\"fusion-columns columns fusion-columns-1 columns-1\"><article class=\"post fusion-column column col col-lg-12 col-md-12 col-sm-12\"><div class=\"fusion-flexslider fusion-flexslider-loading flexslider floated-slideshow flexslider-hover-type-zoomout\"><ul class=\"slides\"><li><a href=\"https:\/\/balticwind.eu\/de\/warum-die-naechsten-megawatt-der-onshore-windkraft-an-bereits-bestehenden-standorten-entstehen\/\" aria-label=\"Warum die n\u00e4chsten Megawatt der Onshore-Windkraft an bereits bestehenden Standorten entstehen\" class=\"hover-type-zoomout\"><img decoding=\"async\" width=\"177\" height=\"142\" src=\"data:image\/svg+xml,%3Csvg%20xmlns%3D%27http%3A%2F%2Fwww.w3.org%2F2000%2Fsvg%27%20width%3D%27177%27%20height%3D%27142%27%20viewBox%3D%270%200%20177%20142%27%3E%3Crect%20width%3D%27177%27%20height%3D%27142%27%20fill-opacity%3D%220%22%2F%3E%3C%2Fsvg%3E\" data-orig-src=\"https:\/\/balticwind.eu\/wp-content\/uploads\/2026\/08\/onshore-wind-farm-repowering-existing-site-177x142.jpg\" class=\"lazyload attachment-portfolio-five size-portfolio-five\" alt=\"\" \/><\/a><\/li><\/ul><\/div><div class=\"recent-posts-content\"><h4 class=\"entry-title\"><a style=\"color: #1f2a3b !important;\" href=\"https:\/\/balticwind.eu\/de\/warum-die-naechsten-megawatt-der-onshore-windkraft-an-bereits-bestehenden-standorten-entstehen\/\">Warum die n\u00e4chsten Megawatt der Onshore-Windkraft an bereits bestehenden Standorten entstehen<\/a><\/h4><p class=\"meta\"><a href=\"https:\/\/balticwind.eu\/de\/category\/editors-choice-de\/\" rel=\"category tag\">Auswahl der Redaktion<\/a>, <a href=\"https:\/\/balticwind.eu\/de\/category\/deutschland\/\" rel=\"category tag\">Deutschland<\/a>, <a href=\"https:\/\/balticwind.eu\/de\/category\/onshore-wind-aktuell\/\" rel=\"category tag\">Onshore-Wind Aktuell<\/a>, <a href=\"https:\/\/balticwind.eu\/de\/category\/polen\/\" rel=\"category tag\">Polen<\/a>, <a href=\"https:\/\/balticwind.eu\/de\/category\/schweden\/\" rel=\"category tag\">Schweden<\/a><span class=\"fusion-inline-sep\">|<\/span><\/p><\/div><\/article><article class=\"post fusion-column column col col-lg-12 col-md-12 col-sm-12\"><div class=\"fusion-flexslider fusion-flexslider-loading flexslider floated-slideshow flexslider-hover-type-zoomout\"><ul class=\"slides\"><li><a href=\"https:\/\/balticwind.eu\/de\/der-baltisch-deutsche-batterie-boom-in-zahlen\/\" aria-label=\"Der baltisch-deutsche Batterie-Boom, in Zahlen\" class=\"hover-type-zoomout\"><img decoding=\"async\" width=\"177\" height=\"142\" src=\"data:image\/svg+xml,%3Csvg%20xmlns%3D%27http%3A%2F%2Fwww.w3.org%2F2000%2Fsvg%27%20width%3D%27177%27%20height%3D%27142%27%20viewBox%3D%270%200%20177%20142%27%3E%3Crect%20width%3D%27177%27%20height%3D%27142%27%20fill-opacity%3D%220%22%2F%3E%3C%2Fsvg%3E\" data-orig-src=\"https:\/\/balticwind.eu\/wp-content\/uploads\/2026\/07\/baltic-german-battery-boom-in-numbers-177x142.jpg\" class=\"lazyload attachment-portfolio-five size-portfolio-five\" alt=\"\" \/><\/a><\/li><\/ul><\/div><div class=\"recent-posts-content\"><h4 class=\"entry-title\"><a style=\"color: #1f2a3b !important;\" href=\"https:\/\/balticwind.eu\/de\/der-baltisch-deutsche-batterie-boom-in-zahlen\/\">Der baltisch-deutsche Batterie-Boom, in Zahlen<\/a><\/h4><p class=\"meta\"><a href=\"https:\/\/balticwind.eu\/de\/category\/editors-choice-de\/\" rel=\"category tag\">Auswahl der Redaktion<\/a>, <a href=\"https:\/\/balticwind.eu\/de\/category\/deutschland\/\" rel=\"category tag\">Deutschland<\/a>, <a href=\"https:\/\/balticwind.eu\/de\/category\/schweden\/\" rel=\"category tag\">Schweden<\/a>, <a href=\"https:\/\/balticwind.eu\/de\/category\/technologie\/\" rel=\"category tag\">Technologie<\/a><span class=\"fusion-inline-sep\">|<\/span><\/p><\/div><\/article><\/section><\/div><\/div><style type=\"text\/css\">.fusion-body .fusion-builder-column-15{width:33.333333333333% !important;margin-top : 0px;margin-bottom : 20px;}.fusion-builder-column-15 > .fusion-column-wrapper {padding-top : 0px !important;padding-right : 0px !important;margin-right : 5.76%;padding-bottom : 0px !important;padding-left : 0px !important;margin-left : 5.76%;}@media only screen and (max-width:1024px) {.fusion-body .fusion-builder-column-15{width:100% !important;}.fusion-builder-column-15 > .fusion-column-wrapper {margin-right : 1.92%;margin-left : 1.92%;}}@media only screen and (max-width:640px) {.fusion-body .fusion-builder-column-15{width:100% !important;}.fusion-builder-column-15 > .fusion-column-wrapper {margin-right : 1.92%;margin-left : 1.92%;}}<\/style><\/div><\/div><style type=\"text\/css\">.fusion-body .fusion-flex-container.fusion-builder-row-9{ padding-top : 30px;margin-top : 0px;padding-right : 0px;padding-bottom : 0px;margin-bottom : 0px;padding-left : 0px;}<\/style><\/div><\/div><\/p>\n","protected":false},"excerpt":{"rendered":"","protected":false},"author":1,"featured_media":0,"parent":0,"menu_order":0,"comment_status":"closed","ping_status":"closed","template":"100-width.php","meta":{"footnotes":""},"class_list":["post-47680","page","type-page","status-publish","hentry"],"acf":[],"_links":{"self":[{"href":"https:\/\/balticwind.eu\/de\/wp-json\/wp\/v2\/pages\/47680","targetHints":{"allow":["GET"]}}],"collection":[{"href":"https:\/\/balticwind.eu\/de\/wp-json\/wp\/v2\/pages"}],"about":[{"href":"https:\/\/balticwind.eu\/de\/wp-json\/wp\/v2\/types\/page"}],"author":[{"embeddable":true,"href":"https:\/\/balticwind.eu\/de\/wp-json\/wp\/v2\/users\/1"}],"replies":[{"embeddable":true,"href":"https:\/\/balticwind.eu\/de\/wp-json\/wp\/v2\/comments?post=47680"}],"version-history":[{"count":0,"href":"https:\/\/balticwind.eu\/de\/wp-json\/wp\/v2\/pages\/47680\/revisions"}],"wp:attachment":[{"href":"https:\/\/balticwind.eu\/de\/wp-json\/wp\/v2\/media?parent=47680"}],"curies":[{"name":"wp","href":"https:\/\/api.w.org\/{rel}","templated":true}]}}