{"id":47695,"date":"2021-05-30T12:51:07","date_gmt":"2021-05-30T10:51:07","guid":{"rendered":"https:\/\/balticwind.eu\/germany\/"},"modified":"2026-07-26T17:32:15","modified_gmt":"2026-07-26T15:32:15","slug":"germany","status":"publish","type":"page","link":"https:\/\/balticwind.eu\/de\/germany\/","title":{"rendered":"DEUTSCHLAND"},"content":{"rendered":"<p><div class=\"fusion-fullwidth fullwidth-box fusion-builder-row-1 fusion-flex-container klaska nonhundred-percent-fullwidth non-hundred-percent-height-scrolling fusion-no-small-visibility fusion-no-medium-visibility\" style=\"background-color: rgba(255,255,255,0);background-position: center center;background-repeat: no-repeat;border-width: 0px 0px 0px 0px;border-color:#eaeaea;border-style:solid;\" ><div class=\"fusion-builder-row fusion-row fusion-flex-align-items-flex-start\" style=\"max-width:1289.6px;margin-left: calc(-4% \/ 2 );margin-right: calc(-4% \/ 2 );\"><div class=\"fusion-layout-column fusion_builder_column fusion-builder-column-0 fusion_builder_column_1_1 1_1 fusion-flex-column\"><div class=\"fusion-column-wrapper fusion-flex-justify-content-flex-start fusion-content-layout-column\" style=\"background-position:left top;background-repeat:no-repeat;-webkit-background-size:cover;-moz-background-size:cover;-o-background-size:cover;background-size:cover;padding: -20px 0px 0px 0px;\"><style type=\"text\/css\">@media only screen and (max-width:1024px) {.fusion-title.fusion-title-1{margin-top:20px!important; margin-right:0px!important;margin-bottom:20px!important;margin-left:0px!important;}}@media only screen and (max-width:640px) {.fusion-title.fusion-title-1{margin-top:0px!important; margin-right:0px!important;margin-bottom:20px!important; margin-left:0px!important;}}<\/style><div class=\"fusion-title title fusion-title-1 fusion-title-center fusion-title-text fusion-title-size-one\" style=\"font-size:30px;margin-top:20px;margin-right:0px;margin-bottom:20px;margin-left:0px;\"><div class=\"title-sep-container title-sep-container-left\"><div class=\"title-sep sep-\" style=\"border-color:#eaeaea;\"><\/div><\/div><h1 class=\"title-heading-center fusion-responsive-typography-calculated\" style=\"margin:0;font-size:1em;letter-spacing:5px;--fontSize:30;line-height:1.2;\">DEUTSCHLAND<\/h1><div class=\"title-sep-container title-sep-container-right\"><div class=\"title-sep sep-\" style=\"border-color:#eaeaea;\"><\/div><\/div><\/div><\/div><style type=\"text\/css\">.fusion-body .fusion-builder-column-0{width:100% !important;margin-top : -20px;margin-bottom : 0px;}.fusion-builder-column-0 > .fusion-column-wrapper {padding-top : -20px !important;padding-right : 0px !important;margin-right : 1.92%;padding-bottom : 0px !important;padding-left : 0px !important;margin-left : 1.92%;}@media only screen and (max-width:1024px) {.fusion-body .fusion-builder-column-0{width:100% !important;order : 0;}.fusion-builder-column-0 > .fusion-column-wrapper {margin-right : 1.92%;margin-left : 1.92%;}}@media only screen and (max-width:640px) {.fusion-body .fusion-builder-column-0{width:100% !important;order : 0;}.fusion-builder-column-0 > .fusion-column-wrapper {margin-right : 1.92%;margin-left : 1.92%;}}<\/style><\/div><\/div><style type=\"text\/css\">.fusion-body .fusion-flex-container.fusion-builder-row-1{ padding-top : 0px;margin-top : -30px;padding-right : 0px;padding-bottom : 0px;margin-bottom : 0px;padding-left : 0px;}<\/style><\/div><div class=\"fusion-fullwidth fullwidth-box fusion-builder-row-2 fusion-flex-container klaska nonhundred-percent-fullwidth non-hundred-percent-height-scrolling fusion-no-large-visibility\" style=\"background-color: rgba(255,255,255,0);background-position: center center;background-repeat: no-repeat;border-width: 0px 0px 0px 0px;border-color:#eaeaea;border-style:solid;\" ><div class=\"fusion-builder-row fusion-row fusion-flex-align-items-flex-start\" style=\"max-width:1289.6px;margin-left: calc(-4% \/ 2 );margin-right: calc(-4% \/ 2 );\"><div class=\"fusion-layout-column fusion_builder_column fusion-builder-column-1 fusion_builder_column_1_1 1_1 fusion-flex-column\"><div class=\"fusion-column-wrapper fusion-flex-justify-content-flex-start fusion-content-layout-column\" style=\"background-position:left top;background-repeat:no-repeat;-webkit-background-size:cover;-moz-background-size:cover;-o-background-size:cover;background-size:cover;padding: 0px 0px 0px 0px;\"><div class=\"fusion-separator\" style=\"align-self: center;margin-left: auto;margin-right: auto;margin-bottom:10px;width:100%;max-width:80%;\"><div class=\"fusion-separator-border sep-single sep-solid\" style=\"border-color:#1f2a3b;border-top-width:12px;\"><\/div><\/div><style type=\"text\/css\">@media only screen and (max-width:1024px) {.fusion-title.fusion-title-2{margin-top:20px!important; margin-right:0px!important;margin-bottom:20px!important;margin-left:0px!important;}}@media only screen and (max-width:640px) {.fusion-title.fusion-title-2{margin-top:0px!important; margin-right:0px!important;margin-bottom:20px!important; margin-left:0px!important;}}<\/style><div class=\"fusion-title title fusion-title-2 fusion-title-center fusion-title-text fusion-title-size-two\" style=\"font-size:22px;margin-top:20px;margin-right:0px;margin-bottom:20px;margin-left:0px;\"><div class=\"title-sep-container title-sep-container-left\"><div class=\"title-sep sep-\" style=\"border-color:#eaeaea;\"><\/div><\/div><h2 class=\"title-heading-center fusion-responsive-typography-calculated\" style=\"margin:0;font-size:1em;letter-spacing:5px;--fontSize:22;line-height:1.00;\">DEUTSCHLAND<\/h2><div class=\"title-sep-container title-sep-container-right\"><div class=\"title-sep sep-\" style=\"border-color:#eaeaea;\"><\/div><\/div><\/div><\/div><style type=\"text\/css\">.fusion-body .fusion-builder-column-1{width:100% !important;margin-top : 0px;margin-bottom : 0px;}.fusion-builder-column-1 > .fusion-column-wrapper {padding-top : 0px !important;padding-right : 0px !important;margin-right : 1.92%;padding-bottom : 0px !important;padding-left : 0px !important;margin-left : 1.92%;}@media only screen and (max-width:1024px) {.fusion-body .fusion-builder-column-1{width:100% !important;order : 0;}.fusion-builder-column-1 > .fusion-column-wrapper {margin-right : 1.92%;margin-left : 1.92%;}}@media only screen and (max-width:640px) {.fusion-body .fusion-builder-column-1{width:100% !important;order : 0;}.fusion-builder-column-1 > .fusion-column-wrapper {margin-right : 1.92%;margin-left : 1.92%;}}<\/style><\/div><\/div><style type=\"text\/css\">.fusion-body .fusion-flex-container.fusion-builder-row-2{ padding-top : 20px;margin-top : 5px;padding-right : 0px;padding-bottom : 0px;margin-bottom : 0px;padding-left : 0px;}<\/style><\/div><div class=\"fusion-fullwidth fullwidth-box fusion-builder-row-3 fusion-flex-container nonhundred-percent-fullwidth non-hundred-percent-height-scrolling fusion-no-small-visibility fusion-no-medium-visibility\" style=\"background-color: #ffffff;background-position: left top;background-repeat: no-repeat;border-width: 0px 0px 0px 0px;border-color:#eaeaea;border-style:solid;\" ><div class=\"fusion-builder-row fusion-row fusion-flex-align-items-center fusion-flex-align-content-center fusion-flex-justify-content-center\" style=\"max-width:1289.6px;margin-left: calc(-4% \/ 2 );margin-right: calc(-4% \/ 2 );\"><div class=\"fusion-layout-column fusion_builder_column fusion-builder-column-2 fusion_builder_column_4_5 4_5 fusion-flex-column fusion-animated\" data-animationType=\"fadeInLeft\" data-animationDuration=\"0.6\" data-animationOffset=\"100%\"><div class=\"fusion-column-wrapper fusion-flex-justify-content-flex-start fusion-content-layout-column\" style=\"background-position:center center;background-repeat:no-repeat;-webkit-background-size:cover;-moz-background-size:cover;-o-background-size:cover;background-size:cover;border-width: 12px 0px 0px 0px;border-color:#1f2a3b;border-style:solid;padding: 2% 0% 0% 0%;\"><style type=\"text\/css\">@media only screen and (max-width:1024px) {.fusion-title.fusion-title-3{margin-top:-25px!important; margin-right:35px!important;margin-bottom:10px!important;margin-left:0px!important;}}@media only screen and (max-width:640px) {.fusion-title.fusion-title-3{margin-top:0px!important; margin-right:0px!important;margin-bottom:20px!important; margin-left:0px!important;}}<\/style><div class=\"fusion-title title fusion-title-3 fusion-title-text fusion-title-size-five\" style=\"margin-top:-25px;margin-right:35px;margin-bottom:10px;margin-left:0px;\"><div class=\"title-sep-container title-sep-container-left fusion-no-large-visibility fusion-no-medium-visibility fusion-no-small-visibility\"><div class=\"title-sep sep-\" style=\"border-color:#eaeaea;\"><\/div><\/div><h5 class=\"title-heading-left fusion-responsive-typography-calculated\" style=\"margin:0;--fontSize:17;line-height:1.76;\"><h5 style=\"text-align: left;\">AUSWAHL DER REDAKTION<\/h5><\/h5><div class=\"title-sep-container title-sep-container-right\"><div class=\"title-sep sep-\" style=\"border-color:#eaeaea;\"><\/div><\/div><\/div><div class=\"fusion-blog-shortcode fusion-blog-shortcode-1 fusion-blog-archive fusion-blog-layout-large-alternate fusion-blog-no klasa\"><div class=\"fusion-posts-container fusion-posts-container-no fusion-no-meta-info\" data-pages=\"108\"><article id=\"blog-1-post-48208\" class=\"fusion-post-large-alternate post-48208 post type-post status-publish format-standard has-post-thumbnail hentry category-editors-choice-de category-deutschland category-lettland category-litauen category-polen category-regulierung category-technologie\">\n\t<style type=\"text\/css\">\n\t\t\n\t\t\n\t\t\n\t\t\n\t\t\t<\/style>\n\n\n\t\t\t<div class=\"fusion-flexslider flexslider fusion-flexslider-loading fusion-post-slideshow\" style=\"\">\n\t\t<ul class=\"slides\">\n\t\t\t\n\t\t\t\t\t\t\t\t\t\t\t\t\t\t<li>\n\n<div  class=\"fusion-image-wrapper\" aria-haspopup=\"true\">\n\t\n\t\n\t\t\t\n\t\t\t\t<a href=\"https:\/\/balticwind.eu\/de\/der-engpass-ist-das-netz-was-europas-anschlusswarteschlangen-fuer-die-ostsee-windkraft-bedeuten\/\" aria-label=\"Der Engpass ist das Netz: Was Europas Anschlusswarteschlangen f\u00fcr die Ostsee-Windkraft bedeuten\">\n\t\t\n\t\t\n\t\t\t\t\t<img decoding=\"async\" width=\"1600\" height=\"900\" src=\"https:\/\/balticwind.eu\/wp-content\/uploads\/2026\/09\/high-voltage-transmission-grid-bottleneck-baltic-wind.jpg\" class=\"attachment-full size-full lazyload wp-post-image\" alt=\"\" srcset=\"data:image\/svg+xml,%3Csvg%20xmlns%3D%27http%3A%2F%2Fwww.w3.org%2F2000%2Fsvg%27%20width%3D%271600%27%20height%3D%27900%27%20viewBox%3D%270%200%201600%20900%27%3E%3Crect%20width%3D%271600%27%20height%3D%27900%27%20fill-opacity%3D%220%22%2F%3E%3C%2Fsvg%3E\" data-orig-src=\"https:\/\/balticwind.eu\/wp-content\/uploads\/2026\/09\/high-voltage-transmission-grid-bottleneck-baltic-wind.jpg\" data-srcset=\"https:\/\/balticwind.eu\/wp-content\/uploads\/2026\/09\/high-voltage-transmission-grid-bottleneck-baltic-wind-200x113.jpg 200w, https:\/\/balticwind.eu\/wp-content\/uploads\/2026\/09\/high-voltage-transmission-grid-bottleneck-baltic-wind-400x225.jpg 400w, https:\/\/balticwind.eu\/wp-content\/uploads\/2026\/09\/high-voltage-transmission-grid-bottleneck-baltic-wind-600x338.jpg 600w, https:\/\/balticwind.eu\/wp-content\/uploads\/2026\/09\/high-voltage-transmission-grid-bottleneck-baltic-wind-800x450.jpg 800w, https:\/\/balticwind.eu\/wp-content\/uploads\/2026\/09\/high-voltage-transmission-grid-bottleneck-baltic-wind-1200x675.jpg 1200w, https:\/\/balticwind.eu\/wp-content\/uploads\/2026\/09\/high-voltage-transmission-grid-bottleneck-baltic-wind.jpg 1600w\" data-sizes=\"auto\" \/>\n\t\n\n\n\t\t\t\t<\/a>\n\t\t\n\t\n<\/div>\n<\/li>\n\t\t\t\n\t\t\t\n\t\t\t\t\t\t\t\t\t\t\t\t\t\t\t\t\t\t\t\t\t\t\t\t\t\t\t\t\t\t\t\t\t\t\t\t\t\t\t\t\t\t\t\t\t\t\t\t\t\t\t\t\t\t\t\t\t\t\t\t\t\t\t\t\t\t\t\t<\/ul>\n\t<\/div>\n\t<div class=\"fusion-date-and-formats\"><div class=\"fusion-date-box updated\"><span class=\"fusion-date\">3<\/span><span class=\"fusion-month-year\">09, 2026<\/span><\/div><div class=\"fusion-format-box\"><i class=\"fusion-icon-pen\" aria-hidden=\"true\"><\/i><\/div><\/div><div class=\"fusion-post-content post-content\"><h2 class=\"blog-shortcode-post-title entry-title\"><a href=\"https:\/\/balticwind.eu\/de\/der-engpass-ist-das-netz-was-europas-anschlusswarteschlangen-fuer-die-ostsee-windkraft-bedeuten\/\">Der Engpass ist das Netz: Was Europas Anschlusswarteschlangen f\u00fcr die Ostsee-Windkraft bedeuten<\/a><\/h2><\/div><div class=\"fusion-clearfix\"><\/div><\/article>\n<\/div><\/div><\/div><style type=\"text\/css\">.fusion-body .fusion-builder-column-2{width:80% !important;margin-top : 0px;margin-bottom : 20px;}.fusion-builder-column-2 > .fusion-column-wrapper {padding-top : 2% !important;padding-right : 0% !important;margin-right : 2.4%;padding-bottom : 0% !important;padding-left : 0% !important;margin-left : 2.4%;}@media only screen and (max-width:1024px) {.fusion-body .fusion-builder-column-2{width:100% !important;order : 0;}.fusion-builder-column-2 > .fusion-column-wrapper {margin-right : 1.92%;margin-left : 1.92%;}}@media only screen and (max-width:640px) {.fusion-body .fusion-builder-column-2{width:100% !important;order : 0;}.fusion-builder-column-2 > .fusion-column-wrapper {margin-right : 1.92%;margin-left : 1.92%;}}<\/style><\/div><\/div><style type=\"text\/css\">.fusion-body .fusion-flex-container.fusion-builder-row-3{ padding-top : 20px;margin-top : 0px;padding-right : 0px;padding-bottom : 0px;margin-bottom : 0px;padding-left : 0px;}@media only screen and (max-width:1024px) {.fusion-body .fusion-flex-container.fusion-builder-row-3{ padding-top : 80px;}}<\/style><\/div><div class=\"fusion-fullwidth fullwidth-box fusion-builder-row-4 fusion-flex-container nonhundred-percent-fullwidth non-hundred-percent-height-scrolling fusion-no-large-visibility\" style=\"background-color: #ffffff;background-position: left top;background-repeat: no-repeat;border-width: 0px 0px 0px 0px;border-color:#eaeaea;border-style:solid;\" ><div class=\"fusion-builder-row fusion-row fusion-flex-align-items-center fusion-flex-align-content-center fusion-flex-justify-content-center\" style=\"max-width:1289.6px;margin-left: calc(-4% \/ 2 );margin-right: calc(-4% \/ 2 );\"><div class=\"fusion-layout-column fusion_builder_column fusion-builder-column-3 fusion_builder_column_1_1 1_1 fusion-flex-column fusion-animated\" data-animationType=\"fadeInLeft\" data-animationDuration=\"0.6\" data-animationOffset=\"100%\"><div class=\"fusion-column-wrapper fusion-flex-justify-content-flex-start fusion-content-layout-column\" style=\"background-position:center center;background-repeat:no-repeat;-webkit-background-size:cover;-moz-background-size:cover;-o-background-size:cover;background-size:cover;border-width: 1px 1px 1px 1px;border-color:#b6babe;border-style:solid;padding: 4% 4% 0% 4%;\"><div class=\"fusion-blog-shortcode fusion-blog-shortcode-2 fusion-blog-archive fusion-blog-layout-large fusion-blog-no klasa\"><div class=\"fusion-posts-container fusion-posts-container-no fusion-no-meta-info\" data-pages=\"108\"><article id=\"blog-2-post-48208\" class=\"fusion-post-large post-48208 post type-post status-publish format-standard has-post-thumbnail hentry category-editors-choice-de category-deutschland category-lettland category-litauen category-polen category-regulierung category-technologie\">\n\t<style type=\"text\/css\">\n\t\t\n\t\t\n\t\t\n\t\t\n\t\t\t<\/style>\n\n\n\t\t\t<div class=\"fusion-flexslider flexslider fusion-flexslider-loading fusion-post-slideshow\" style=\"\">\n\t\t<ul class=\"slides\">\n\t\t\t\n\t\t\t\t\t\t\t\t\t\t\t\t\t\t<li>\n\n<div  class=\"fusion-image-wrapper\" aria-haspopup=\"true\">\n\t\n\t\n\t\t\t\n\t\t\t\t<a href=\"https:\/\/balticwind.eu\/de\/der-engpass-ist-das-netz-was-europas-anschlusswarteschlangen-fuer-die-ostsee-windkraft-bedeuten\/\" aria-label=\"Der Engpass ist das Netz: Was Europas Anschlusswarteschlangen f\u00fcr die Ostsee-Windkraft bedeuten\">\n\t\t\n\t\t\n\t\t\t\t\t<img decoding=\"async\" width=\"1600\" height=\"900\" src=\"https:\/\/balticwind.eu\/wp-content\/uploads\/2026\/09\/high-voltage-transmission-grid-bottleneck-baltic-wind.jpg\" class=\"attachment-full size-full lazyload wp-post-image\" alt=\"\" srcset=\"data:image\/svg+xml,%3Csvg%20xmlns%3D%27http%3A%2F%2Fwww.w3.org%2F2000%2Fsvg%27%20width%3D%271600%27%20height%3D%27900%27%20viewBox%3D%270%200%201600%20900%27%3E%3Crect%20width%3D%271600%27%20height%3D%27900%27%20fill-opacity%3D%220%22%2F%3E%3C%2Fsvg%3E\" data-orig-src=\"https:\/\/balticwind.eu\/wp-content\/uploads\/2026\/09\/high-voltage-transmission-grid-bottleneck-baltic-wind.jpg\" data-srcset=\"https:\/\/balticwind.eu\/wp-content\/uploads\/2026\/09\/high-voltage-transmission-grid-bottleneck-baltic-wind-200x113.jpg 200w, https:\/\/balticwind.eu\/wp-content\/uploads\/2026\/09\/high-voltage-transmission-grid-bottleneck-baltic-wind-400x225.jpg 400w, https:\/\/balticwind.eu\/wp-content\/uploads\/2026\/09\/high-voltage-transmission-grid-bottleneck-baltic-wind-600x338.jpg 600w, https:\/\/balticwind.eu\/wp-content\/uploads\/2026\/09\/high-voltage-transmission-grid-bottleneck-baltic-wind-800x450.jpg 800w, https:\/\/balticwind.eu\/wp-content\/uploads\/2026\/09\/high-voltage-transmission-grid-bottleneck-baltic-wind-1200x675.jpg 1200w, https:\/\/balticwind.eu\/wp-content\/uploads\/2026\/09\/high-voltage-transmission-grid-bottleneck-baltic-wind.jpg 1600w\" data-sizes=\"auto\" \/>\n\t\n\n\n\t\t\t\t<\/a>\n\t\t\n\t\n<\/div>\n<\/li>\n\t\t\t\n\t\t\t\n\t\t\t\t\t\t\t\t\t\t\t\t\t\t\t\t\t\t\t\t\t\t\t\t\t\t\t\t\t\t\t\t\t\t\t\t\t\t\t\t\t\t\t\t\t\t\t\t\t\t\t\t\t\t\t\t\t\t\t\t\t\t\t\t\t\t\t\t<\/ul>\n\t<\/div>\n\t<div class=\"fusion-post-content post-content\"><h2 class=\"blog-shortcode-post-title entry-title\"><a href=\"https:\/\/balticwind.eu\/de\/der-engpass-ist-das-netz-was-europas-anschlusswarteschlangen-fuer-die-ostsee-windkraft-bedeuten\/\">Der Engpass ist das Netz: Was Europas Anschlusswarteschlangen f\u00fcr die Ostsee-Windkraft bedeuten<\/a><\/h2><\/div><div class=\"fusion-clearfix\"><\/div><\/article>\n<\/div><\/div><\/div><style type=\"text\/css\">.fusion-body .fusion-builder-column-3{width:100% !important;margin-top : 0px;margin-bottom : 20px;}.fusion-builder-column-3 > .fusion-column-wrapper {padding-top : 4% !important;padding-right : 4% !important;margin-right : 1.92%;padding-bottom : 0% !important;padding-left : 4% !important;margin-left : 1.92%;}@media only screen and (max-width:1024px) {.fusion-body .fusion-builder-column-3{width:100% !important;order : 0;}.fusion-builder-column-3 > .fusion-column-wrapper {margin-right : 1.92%;margin-left : 1.92%;}}@media only screen and (max-width:640px) {.fusion-body .fusion-builder-column-3{width:100% !important;order : 0;}.fusion-builder-column-3 > .fusion-column-wrapper {margin-right : 1.92%;margin-left : 1.92%;}}<\/style><\/div><\/div><style type=\"text\/css\">.fusion-body .fusion-flex-container.fusion-builder-row-4{ padding-top : 0px;margin-top : 0px;padding-right : 0px;padding-bottom : 0px;margin-bottom : 0px;padding-left : 0px;}@media only screen and (max-width:1024px) {.fusion-body .fusion-flex-container.fusion-builder-row-4{ padding-top : 80px;}}<\/style><\/div><div class=\"fusion-fullwidth fullwidth-box fusion-builder-row-5 fusion-flex-container nonhundred-percent-fullwidth non-hundred-percent-height-scrolling fusion-no-large-visibility\" style=\"background-color: rgba(255,255,255,0);background-position: center center;background-repeat: no-repeat;border-width: 0px 0px 0px 0px;border-color:#eaeaea;border-style:solid;\" ><div class=\"fusion-builder-row fusion-row fusion-flex-align-items-flex-start\" style=\"max-width:1289.6px;margin-left: calc(-4% \/ 2 );margin-right: calc(-4% \/ 2 );\"><div class=\"fusion-layout-column fusion_builder_column fusion-builder-column-4 fusion_builder_column_1_1 1_1 fusion-flex-column\"><div class=\"fusion-column-wrapper fusion-flex-justify-content-flex-start fusion-content-layout-column\" style=\"background-position:left top;background-repeat:no-repeat;-webkit-background-size:cover;-moz-background-size:cover;-o-background-size:cover;background-size:cover;padding: 0px 0px 0px 0px;\"><div class=\"fusion-recent-posts fusion-recent-posts-1 avada-container layout-thumbnails-on-side layout-columns-1 fusion-recent-posts-infinite fusion-recent-posts-load-more klasa\" data-pages=\"8\"><section class=\"fusion-columns columns fusion-columns-1 columns-1\"><article class=\"post fusion-column column col col-lg-12 col-md-12 col-sm-12 fusion-animated\" data-animationType=\"fadeInDown\" data-animationDuration=\"0.6\" data-animationOffset=\"100%\"><div class=\"fusion-flexslider fusion-flexslider-loading flexslider floated-slideshow flexslider-hover-type-zoomout\"><ul class=\"slides\"><li><a href=\"https:\/\/balticwind.eu\/de\/fuenf-jahre-von-der-genehmigung-bis-zur-ersten-kilowattstunde-energiequelle-nimmt-42-mw-anlage-in-krummensee-in-betrieb\/\" aria-label=\"F\u00fcnf Jahre von der Genehmigung bis zur ersten Kilowattstunde: Energiequelle nimmt 4,2-MW-Anlage in Krummensee in Betrieb\" class=\"hover-type-zoomout\"><img decoding=\"async\" width=\"177\" height=\"142\" src=\"data:image\/svg+xml,%3Csvg%20xmlns%3D%27http%3A%2F%2Fwww.w3.org%2F2000%2Fsvg%27%20width%3D%27177%27%20height%3D%27142%27%20viewBox%3D%270%200%20177%20142%27%3E%3Crect%20width%3D%27177%27%20height%3D%27142%27%20fill-opacity%3D%220%22%2F%3E%3C%2Fsvg%3E\" data-orig-src=\"https:\/\/balticwind.eu\/wp-content\/uploads\/2026\/09\/energiequelle-enercon-turbine-krummensee-brandenburg-177x142.jpg\" class=\"lazyload attachment-portfolio-five size-portfolio-five\" alt=\"\" \/><\/a><\/li><\/ul><\/div><div class=\"recent-posts-content\"><h4 class=\"entry-title\"><a style=\"color: #1f2a3b !important;\" href=\"https:\/\/balticwind.eu\/de\/fuenf-jahre-von-der-genehmigung-bis-zur-ersten-kilowattstunde-energiequelle-nimmt-42-mw-anlage-in-krummensee-in-betrieb\/\">F\u00fcnf Jahre von der Genehmigung bis zur ersten Kilowattstunde: Energiequelle nimmt 4,2-MW-Anlage in Krummensee in Betrieb<\/a><\/h4><p class=\"meta\"><a href=\"https:\/\/balticwind.eu\/de\/category\/deutschland\/\" rel=\"category tag\">Deutschland<\/a>, <a href=\"https:\/\/balticwind.eu\/de\/category\/onshore-wind-aktuell\/\" rel=\"category tag\">Onshore-Wind Aktuell<\/a>, <a href=\"https:\/\/balticwind.eu\/de\/category\/regulierung\/\" rel=\"category tag\">Regulierung<\/a><span class=\"fusion-inline-sep\">|<\/span><\/p><\/div><\/article><article class=\"post fusion-column column col col-lg-12 col-md-12 col-sm-12 fusion-animated\" data-animationType=\"fadeInDown\" data-animationDuration=\"0.6\" data-animationOffset=\"100%\"><div class=\"fusion-flexslider fusion-flexslider-loading flexslider floated-slideshow flexslider-hover-type-zoomout\"><ul class=\"slides\"><li><a href=\"https:\/\/balticwind.eu\/de\/ueberzeichnet-und-ungebaut-was-deutschlands-onshore-auktionen-den-ostseemaerkten-zeigen\/\" aria-label=\"\u00dcberzeichnet und ungebaut: Was Deutschlands Onshore-Auktionen den Ostseem\u00e4rkten zeigen\" class=\"hover-type-zoomout\"><img decoding=\"async\" width=\"177\" height=\"142\" src=\"data:image\/svg+xml,%3Csvg%20xmlns%3D%27http%3A%2F%2Fwww.w3.org%2F2000%2Fsvg%27%20width%3D%27177%27%20height%3D%27142%27%20viewBox%3D%270%200%20177%20142%27%3E%3Crect%20width%3D%27177%27%20height%3D%27142%27%20fill-opacity%3D%220%22%2F%3E%3C%2Fsvg%3E\" data-orig-src=\"https:\/\/balticwind.eu\/wp-content\/uploads\/2026\/09\/onshore-wind-turbines-auction-economics-germany-177x142.jpg\" class=\"lazyload attachment-portfolio-five size-portfolio-five\" alt=\"\" \/><\/a><\/li><\/ul><\/div><div class=\"recent-posts-content\"><h4 class=\"entry-title\"><a style=\"color: #1f2a3b !important;\" href=\"https:\/\/balticwind.eu\/de\/ueberzeichnet-und-ungebaut-was-deutschlands-onshore-auktionen-den-ostseemaerkten-zeigen\/\">\u00dcberzeichnet und ungebaut: Was Deutschlands Onshore-Auktionen den Ostseem\u00e4rkten zeigen<\/a><\/h4><p class=\"meta\"><a href=\"https:\/\/balticwind.eu\/de\/category\/editors-choice-de\/\" rel=\"category tag\">Auswahl der Redaktion<\/a>, <a href=\"https:\/\/balticwind.eu\/de\/category\/deutschland\/\" rel=\"category tag\">Deutschland<\/a>, <a href=\"https:\/\/balticwind.eu\/de\/category\/onshore-wind-aktuell\/\" rel=\"category tag\">Onshore-Wind Aktuell<\/a>, <a href=\"https:\/\/balticwind.eu\/de\/category\/regulierung\/\" rel=\"category tag\">Regulierung<\/a><span class=\"fusion-inline-sep\">|<\/span><\/p><\/div><\/article><article class=\"post fusion-column column col col-lg-12 col-md-12 col-sm-12 fusion-animated\" data-animationType=\"fadeInDown\" data-animationDuration=\"0.6\" data-animationOffset=\"100%\"><div class=\"fusion-flexslider fusion-flexslider-loading flexslider floated-slideshow flexslider-hover-type-zoomout\"><ul class=\"slides\"><li><a href=\"https:\/\/balticwind.eu\/de\/onshore-wind-kostet-82-cent-die-genehmigung-kostet-weiter-jahre\/\" aria-label=\"Onshore-Wind kostet 8,2 Cent. Die Genehmigung kostet weiter Jahre\" class=\"hover-type-zoomout\"><img decoding=\"async\" width=\"177\" height=\"142\" src=\"data:image\/svg+xml,%3Csvg%20xmlns%3D%27http%3A%2F%2Fwww.w3.org%2F2000%2Fsvg%27%20width%3D%27177%27%20height%3D%27142%27%20viewBox%3D%270%200%20177%20142%27%3E%3Crect%20width%3D%27177%27%20height%3D%27142%27%20fill-opacity%3D%220%22%2F%3E%3C%2Fsvg%3E\" data-orig-src=\"https:\/\/balticwind.eu\/wp-content\/uploads\/2026\/09\/onshore-wind-turbines-permitting-poland-germany-177x142.jpg\" class=\"lazyload attachment-portfolio-five size-portfolio-five\" alt=\"\" \/><\/a><\/li><\/ul><\/div><div class=\"recent-posts-content\"><h4 class=\"entry-title\"><a style=\"color: #1f2a3b !important;\" href=\"https:\/\/balticwind.eu\/de\/onshore-wind-kostet-82-cent-die-genehmigung-kostet-weiter-jahre\/\">Onshore-Wind kostet 8,2 Cent. Die Genehmigung kostet weiter Jahre<\/a><\/h4><p class=\"meta\"><a href=\"https:\/\/balticwind.eu\/de\/category\/editors-choice-de\/\" rel=\"category tag\">Auswahl der Redaktion<\/a>, <a href=\"https:\/\/balticwind.eu\/de\/category\/deutschland\/\" rel=\"category tag\">Deutschland<\/a>, <a href=\"https:\/\/balticwind.eu\/de\/category\/onshore-wind-aktuell\/\" rel=\"category tag\">Onshore-Wind Aktuell<\/a>, <a href=\"https:\/\/balticwind.eu\/de\/category\/polen\/\" rel=\"category tag\">Polen<\/a><span class=\"fusion-inline-sep\">|<\/span><\/p><\/div><\/article><article class=\"post fusion-column column col col-lg-12 col-md-12 col-sm-12 fusion-animated\" data-animationType=\"fadeInDown\" data-animationDuration=\"0.6\" data-animationOffset=\"100%\"><div class=\"fusion-flexslider fusion-flexslider-loading flexslider floated-slideshow flexslider-hover-type-zoomout\"><ul class=\"slides\"><li><a href=\"https:\/\/balticwind.eu\/de\/warum-die-naechsten-megawatt-der-onshore-windkraft-an-bereits-bestehenden-standorten-entstehen\/\" aria-label=\"Warum die n\u00e4chsten Megawatt der Onshore-Windkraft an bereits bestehenden Standorten entstehen\" class=\"hover-type-zoomout\"><img decoding=\"async\" width=\"177\" height=\"142\" src=\"data:image\/svg+xml,%3Csvg%20xmlns%3D%27http%3A%2F%2Fwww.w3.org%2F2000%2Fsvg%27%20width%3D%27177%27%20height%3D%27142%27%20viewBox%3D%270%200%20177%20142%27%3E%3Crect%20width%3D%27177%27%20height%3D%27142%27%20fill-opacity%3D%220%22%2F%3E%3C%2Fsvg%3E\" data-orig-src=\"https:\/\/balticwind.eu\/wp-content\/uploads\/2026\/08\/onshore-wind-farm-repowering-existing-site-177x142.jpg\" class=\"lazyload attachment-portfolio-five size-portfolio-five\" alt=\"\" \/><\/a><\/li><\/ul><\/div><div class=\"recent-posts-content\"><h4 class=\"entry-title\"><a style=\"color: #1f2a3b !important;\" href=\"https:\/\/balticwind.eu\/de\/warum-die-naechsten-megawatt-der-onshore-windkraft-an-bereits-bestehenden-standorten-entstehen\/\">Warum die n\u00e4chsten Megawatt der Onshore-Windkraft an bereits bestehenden Standorten entstehen<\/a><\/h4><p class=\"meta\"><a href=\"https:\/\/balticwind.eu\/de\/category\/editors-choice-de\/\" rel=\"category tag\">Auswahl der Redaktion<\/a>, <a href=\"https:\/\/balticwind.eu\/de\/category\/deutschland\/\" rel=\"category tag\">Deutschland<\/a>, <a href=\"https:\/\/balticwind.eu\/de\/category\/onshore-wind-aktuell\/\" rel=\"category tag\">Onshore-Wind Aktuell<\/a>, <a href=\"https:\/\/balticwind.eu\/de\/category\/polen\/\" rel=\"category tag\">Polen<\/a>, <a href=\"https:\/\/balticwind.eu\/de\/category\/schweden\/\" rel=\"category tag\">Schweden<\/a><span class=\"fusion-inline-sep\">|<\/span><\/p><\/div><\/article><article class=\"post fusion-column column col col-lg-12 col-md-12 col-sm-12 fusion-animated\" data-animationType=\"fadeInDown\" data-animationDuration=\"0.6\" data-animationOffset=\"100%\"><div class=\"fusion-flexslider fusion-flexslider-loading flexslider floated-slideshow flexslider-hover-type-zoomout\"><ul class=\"slides\"><li><a href=\"https:\/\/balticwind.eu\/de\/speicher-werden-zur-zweiten-haelfte-des-windausbaus-in-deutschland-und-im-baltikum\/\" aria-label=\"Speicher werden zur zweiten H\u00e4lfte des Windausbaus in Deutschland und im Baltikum\" class=\"hover-type-zoomout\"><img decoding=\"async\" width=\"177\" height=\"142\" src=\"data:image\/svg+xml,%3Csvg%20xmlns%3D%27http%3A%2F%2Fwww.w3.org%2F2000%2Fsvg%27%20width%3D%27177%27%20height%3D%27142%27%20viewBox%3D%270%200%20177%20142%27%3E%3Crect%20width%3D%27177%27%20height%3D%27142%27%20fill-opacity%3D%220%22%2F%3E%3C%2Fsvg%3E\" data-orig-src=\"https:\/\/balticwind.eu\/wp-content\/uploads\/2026\/08\/electricity-substation-grid-flexibility-storage-177x142.jpg\" class=\"lazyload attachment-portfolio-five size-portfolio-five\" alt=\"\" \/><\/a><\/li><\/ul><\/div><div class=\"recent-posts-content\"><h4 class=\"entry-title\"><a style=\"color: #1f2a3b !important;\" href=\"https:\/\/balticwind.eu\/de\/speicher-werden-zur-zweiten-haelfte-des-windausbaus-in-deutschland-und-im-baltikum\/\">Speicher werden zur zweiten H\u00e4lfte des Windausbaus in Deutschland und im Baltikum<\/a><\/h4><p class=\"meta\"><a href=\"https:\/\/balticwind.eu\/de\/category\/editors-choice-de\/\" rel=\"category tag\">Auswahl der Redaktion<\/a>, <a href=\"https:\/\/balticwind.eu\/de\/category\/deutschland\/\" rel=\"category tag\">Deutschland<\/a>, <a href=\"https:\/\/balticwind.eu\/de\/category\/lettland\/\" rel=\"category tag\">Lettland<\/a>, <a href=\"https:\/\/balticwind.eu\/de\/category\/technologie\/\" rel=\"category tag\">Technologie<\/a><span class=\"fusion-inline-sep\">|<\/span><\/p><\/div><\/article><article class=\"post fusion-column column col col-lg-12 col-md-12 col-sm-12 fusion-animated\" data-animationType=\"fadeInDown\" data-animationDuration=\"0.6\" data-animationOffset=\"100%\"><div class=\"fusion-flexslider fusion-flexslider-loading flexslider floated-slideshow flexslider-hover-type-zoomout\"><ul class=\"slides\"><li><a href=\"https:\/\/balticwind.eu\/de\/perigus-energy-uebernimmt-genehmigtes-21-mw-windprojekt-olpe-rehringhausen-von-abo-energy\/\" aria-label=\"Perigus Energy \u00fcbernimmt genehmigtes 21-MW-Windprojekt Olpe-Rehringhausen von ABO Energy\" class=\"hover-type-zoomout\"><img decoding=\"async\" width=\"177\" height=\"142\" src=\"data:image\/svg+xml,%3Csvg%20xmlns%3D%27http%3A%2F%2Fwww.w3.org%2F2000%2Fsvg%27%20width%3D%27177%27%20height%3D%27142%27%20viewBox%3D%270%200%20177%20142%27%3E%3Crect%20width%3D%27177%27%20height%3D%27142%27%20fill-opacity%3D%220%22%2F%3E%3C%2Fsvg%3E\" data-orig-src=\"https:\/\/balticwind.eu\/wp-content\/uploads\/2026\/08\/perigus-energy-wind-turbine-olpe-rehringhausen-177x142.jpg\" class=\"lazyload attachment-portfolio-five size-portfolio-five\" alt=\"\" \/><\/a><\/li><\/ul><\/div><div class=\"recent-posts-content\"><h4 class=\"entry-title\"><a style=\"color: #1f2a3b !important;\" href=\"https:\/\/balticwind.eu\/de\/perigus-energy-uebernimmt-genehmigtes-21-mw-windprojekt-olpe-rehringhausen-von-abo-energy\/\">Perigus Energy \u00fcbernimmt genehmigtes 21-MW-Windprojekt Olpe-Rehringhausen von ABO Energy<\/a><\/h4><p class=\"meta\"><a href=\"https:\/\/balticwind.eu\/de\/category\/deutschland\/\" rel=\"category tag\">Deutschland<\/a>, <a href=\"https:\/\/balticwind.eu\/de\/category\/onshore-wind-aktuell\/\" rel=\"category tag\">Onshore-Wind Aktuell<\/a>, <a href=\"https:\/\/balticwind.eu\/de\/category\/projekte\/\" rel=\"category tag\">Projekte<\/a><span class=\"fusion-inline-sep\">|<\/span><\/p><\/div><\/article><article class=\"post fusion-column column col col-lg-12 col-md-12 col-sm-12 fusion-animated\" data-animationType=\"fadeInDown\" data-animationDuration=\"0.6\" data-animationOffset=\"100%\"><div class=\"fusion-flexslider fusion-flexslider-loading flexslider floated-slideshow flexslider-hover-type-zoomout\"><ul class=\"slides\"><li><a href=\"https:\/\/balticwind.eu\/de\/studie-erneuerbare-energien-stehen-fuer-31-000-arbeitsplaetze-in-der-metropolregion-hamburg\/\" aria-label=\"Studie: Erneuerbare Energien stehen f\u00fcr 31.000 Arbeitspl\u00e4tze in der Metropolregion Hamburg\" class=\"hover-type-zoomout\"><img decoding=\"async\" width=\"177\" height=\"142\" src=\"data:image\/svg+xml,%3Csvg%20xmlns%3D%27http%3A%2F%2Fwww.w3.org%2F2000%2Fsvg%27%20width%3D%27177%27%20height%3D%27142%27%20viewBox%3D%270%200%20177%20142%27%3E%3Crect%20width%3D%27177%27%20height%3D%27142%27%20fill-opacity%3D%220%22%2F%3E%3C%2Fsvg%3E\" data-orig-src=\"https:\/\/balticwind.eu\/wp-content\/uploads\/2026\/08\/wind-farm-germany-hamburg-renewables-cluster-177x142.jpg\" class=\"lazyload attachment-portfolio-five size-portfolio-five\" alt=\"\" \/><\/a><\/li><\/ul><\/div><div class=\"recent-posts-content\"><h4 class=\"entry-title\"><a style=\"color: #1f2a3b !important;\" href=\"https:\/\/balticwind.eu\/de\/studie-erneuerbare-energien-stehen-fuer-31-000-arbeitsplaetze-in-der-metropolregion-hamburg\/\">Studie: Erneuerbare Energien stehen f\u00fcr 31.000 Arbeitspl\u00e4tze in der Metropolregion Hamburg<\/a><\/h4><p class=\"meta\"><a href=\"https:\/\/balticwind.eu\/de\/category\/deutschland\/\" rel=\"category tag\">Deutschland<\/a>, <a href=\"https:\/\/balticwind.eu\/de\/category\/offshore-wind-aktuell\/\" rel=\"category tag\">Offshore-Wind Aktuell<\/a>, <a href=\"https:\/\/balticwind.eu\/de\/category\/onshore-wind-aktuell\/\" rel=\"category tag\">Onshore-Wind Aktuell<\/a><span class=\"fusion-inline-sep\">|<\/span><\/p><\/div><\/article><article class=\"post fusion-column column col col-lg-12 col-md-12 col-sm-12 fusion-animated\" data-animationType=\"fadeInDown\" data-animationDuration=\"0.6\" data-animationOffset=\"100%\"><div class=\"fusion-flexslider fusion-flexslider-loading flexslider floated-slideshow flexslider-hover-type-zoomout\"><ul class=\"slides\"><li><a href=\"https:\/\/balticwind.eu\/de\/capcora-fuehrt-verkauf-des-32-gw-projektportfolios-von-sowitec\/\" aria-label=\"Capcora f\u00fchrt Verkauf des 32-GW-Projektportfolios von SOWITEC\" class=\"hover-type-zoomout\"><img decoding=\"async\" width=\"177\" height=\"142\" src=\"data:image\/svg+xml,%3Csvg%20xmlns%3D%27http%3A%2F%2Fwww.w3.org%2F2000%2Fsvg%27%20width%3D%27177%27%20height%3D%27142%27%20viewBox%3D%270%200%20177%20142%27%3E%3Crect%20width%3D%27177%27%20height%3D%27142%27%20fill-opacity%3D%220%22%2F%3E%3C%2Fsvg%3E\" data-orig-src=\"https:\/\/balticwind.eu\/wp-content\/uploads\/2026\/08\/capcora-mandated-sale-sowitec-wind-project-portfolio-177x142.jpg\" class=\"lazyload attachment-portfolio-five size-portfolio-five\" alt=\"\" \/><\/a><\/li><\/ul><\/div><div class=\"recent-posts-content\"><h4 class=\"entry-title\"><a style=\"color: #1f2a3b !important;\" href=\"https:\/\/balticwind.eu\/de\/capcora-fuehrt-verkauf-des-32-gw-projektportfolios-von-sowitec\/\">Capcora f\u00fchrt Verkauf des 32-GW-Projektportfolios von SOWITEC<\/a><\/h4><p class=\"meta\"><a href=\"https:\/\/balticwind.eu\/de\/category\/deutschland\/\" rel=\"category tag\">Deutschland<\/a>, <a href=\"https:\/\/balticwind.eu\/de\/category\/onshore-wind-aktuell\/\" rel=\"category tag\">Onshore-Wind Aktuell<\/a>, <a href=\"https:\/\/balticwind.eu\/de\/category\/projekte\/\" rel=\"category tag\">Projekte<\/a><span class=\"fusion-inline-sep\">|<\/span><\/p><\/div><\/article><article class=\"post fusion-column column col col-lg-12 col-md-12 col-sm-12 fusion-animated\" data-animationType=\"fadeInDown\" data-animationDuration=\"0.6\" data-animationOffset=\"100%\"><div class=\"fusion-flexslider fusion-flexslider-loading flexslider floated-slideshow flexslider-hover-type-zoomout\"><ul class=\"slides\"><li><a href=\"https:\/\/balticwind.eu\/de\/deutsche-windguard-ueberschreitet-ein-gigawatt-in-der-technischen-betriebsfuehrung\/\" aria-label=\"Deutsche WindGuard \u00fcberschreitet ein Gigawatt in der technischen Betriebsf\u00fchrung\" class=\"hover-type-zoomout\"><img decoding=\"async\" width=\"177\" height=\"142\" src=\"data:image\/svg+xml,%3Csvg%20xmlns%3D%27http%3A%2F%2Fwww.w3.org%2F2000%2Fsvg%27%20width%3D%27177%27%20height%3D%27142%27%20viewBox%3D%270%200%20177%20142%27%3E%3Crect%20width%3D%27177%27%20height%3D%27142%27%20fill-opacity%3D%220%22%2F%3E%3C%2Fsvg%3E\" data-orig-src=\"https:\/\/balticwind.eu\/wp-content\/uploads\/2026\/08\/deutsche-windguard-one-gigawatt-technical-operations-management-177x142.jpg\" class=\"lazyload attachment-portfolio-five size-portfolio-five\" alt=\"\" \/><\/a><\/li><\/ul><\/div><div class=\"recent-posts-content\"><h4 class=\"entry-title\"><a style=\"color: #1f2a3b !important;\" href=\"https:\/\/balticwind.eu\/de\/deutsche-windguard-ueberschreitet-ein-gigawatt-in-der-technischen-betriebsfuehrung\/\">Deutsche WindGuard \u00fcberschreitet ein Gigawatt in der technischen Betriebsf\u00fchrung<\/a><\/h4><p class=\"meta\"><a href=\"https:\/\/balticwind.eu\/de\/category\/deutschland\/\" rel=\"category tag\">Deutschland<\/a>, <a href=\"https:\/\/balticwind.eu\/de\/category\/onshore-wind-aktuell\/\" rel=\"category tag\">Onshore-Wind Aktuell<\/a>, <a href=\"https:\/\/balticwind.eu\/de\/category\/technologie\/\" rel=\"category tag\">Technologie<\/a><span class=\"fusion-inline-sep\">|<\/span><\/p><\/div><\/article><article class=\"post fusion-column column col col-lg-12 col-md-12 col-sm-12 fusion-animated\" data-animationType=\"fadeInDown\" data-animationDuration=\"0.6\" data-animationOffset=\"100%\"><div class=\"fusion-flexslider fusion-flexslider-loading flexslider floated-slideshow flexslider-hover-type-zoomout\"><ul class=\"slides\"><li><a href=\"https:\/\/balticwind.eu\/de\/suedlink-elbtunnel-fertig-deutschlands-stromautobahnen-naehern-sich-der-inbetriebnahme\/\" aria-label=\"SuedLink: Elbtunnel fertig \u2013 Deutschlands Stromautobahnen n\u00e4hern sich der Inbetriebnahme\" class=\"hover-type-zoomout\"><img decoding=\"async\" width=\"177\" height=\"142\" src=\"data:image\/svg+xml,%3Csvg%20xmlns%3D%27http%3A%2F%2Fwww.w3.org%2F2000%2Fsvg%27%20width%3D%27177%27%20height%3D%27142%27%20viewBox%3D%270%200%20177%20142%27%3E%3Crect%20width%3D%27177%27%20height%3D%27142%27%20fill-opacity%3D%220%22%2F%3E%3C%2Fsvg%3E\" data-orig-src=\"https:\/\/balticwind.eu\/wp-content\/uploads\/2026\/08\/suedlink-elbe-tunnel-complete-german-hvdc-corridors-2027-2028-177x142.jpg\" class=\"lazyload attachment-portfolio-five size-portfolio-five\" alt=\"\" \/><\/a><\/li><\/ul><\/div><div class=\"recent-posts-content\"><h4 class=\"entry-title\"><a style=\"color: #1f2a3b !important;\" href=\"https:\/\/balticwind.eu\/de\/suedlink-elbtunnel-fertig-deutschlands-stromautobahnen-naehern-sich-der-inbetriebnahme\/\">SuedLink: Elbtunnel fertig \u2013 Deutschlands Stromautobahnen n\u00e4hern sich der Inbetriebnahme<\/a><\/h4><p class=\"meta\"><a href=\"https:\/\/balticwind.eu\/de\/category\/deutschland\/\" rel=\"category tag\">Deutschland<\/a>, <a href=\"https:\/\/balticwind.eu\/de\/category\/onshore-wind-aktuell\/\" rel=\"category tag\">Onshore-Wind Aktuell<\/a>, <a href=\"https:\/\/balticwind.eu\/de\/category\/regulierung\/\" rel=\"category tag\">Regulierung<\/a><span class=\"fusion-inline-sep\">|<\/span><\/p><\/div><\/article><article class=\"post fusion-column column col col-lg-12 col-md-12 col-sm-12 fusion-animated\" data-animationType=\"fadeInDown\" data-animationDuration=\"0.6\" data-animationOffset=\"100%\"><div class=\"fusion-flexslider fusion-flexslider-loading flexslider floated-slideshow flexslider-hover-type-zoomout\"><ul class=\"slides\"><li><a href=\"https:\/\/balticwind.eu\/de\/windzubau-in-deutschland-steigt-um-53-prozent-offshore-kehrt-ans-netz-zurueck\/\" aria-label=\"Windzubau in Deutschland steigt um 53 Prozent \u2013 Offshore kehrt ans Netz zur\u00fcck\" class=\"hover-type-zoomout\"><img decoding=\"async\" width=\"177\" height=\"142\" src=\"data:image\/svg+xml,%3Csvg%20xmlns%3D%27http%3A%2F%2Fwww.w3.org%2F2000%2Fsvg%27%20width%3D%27177%27%20height%3D%27142%27%20viewBox%3D%270%200%20177%20142%27%3E%3Crect%20width%3D%27177%27%20height%3D%27142%27%20fill-opacity%3D%220%22%2F%3E%3C%2Fsvg%3E\" data-orig-src=\"https:\/\/balticwind.eu\/wp-content\/uploads\/2026\/08\/german-wind-additions-3948-mw-january-july-2026-offshore-rebound-177x142.jpg\" class=\"lazyload attachment-portfolio-five size-portfolio-five\" alt=\"\" \/><\/a><\/li><\/ul><\/div><div class=\"recent-posts-content\"><h4 class=\"entry-title\"><a style=\"color: #1f2a3b !important;\" href=\"https:\/\/balticwind.eu\/de\/windzubau-in-deutschland-steigt-um-53-prozent-offshore-kehrt-ans-netz-zurueck\/\">Windzubau in Deutschland steigt um 53 Prozent \u2013 Offshore kehrt ans Netz zur\u00fcck<\/a><\/h4><p class=\"meta\"><a href=\"https:\/\/balticwind.eu\/de\/category\/deutschland\/\" rel=\"category tag\">Deutschland<\/a>, <a href=\"https:\/\/balticwind.eu\/de\/category\/offshore-wind-aktuell\/\" rel=\"category tag\">Offshore-Wind Aktuell<\/a>, <a href=\"https:\/\/balticwind.eu\/de\/category\/onshore-wind-aktuell\/\" rel=\"category tag\">Onshore-Wind Aktuell<\/a><span class=\"fusion-inline-sep\">|<\/span><\/p><\/div><\/article><article class=\"post fusion-column column col col-lg-12 col-md-12 col-sm-12 fusion-animated\" data-animationType=\"fadeInDown\" data-animationDuration=\"0.6\" data-animationOffset=\"100%\"><div class=\"fusion-flexslider fusion-flexslider-loading flexslider floated-slideshow flexslider-hover-type-zoomout\"><ul class=\"slides\"><li><a href=\"https:\/\/balticwind.eu\/de\/deutschlands-netz-und-kapazitaetspaket-geraet-juristisch-von-mehreren-seiten-unter-druck\/\" aria-label=\"Deutschlands Netz- und Kapazit\u00e4tspaket ger\u00e4t juristisch von mehreren Seiten unter Druck\" class=\"hover-type-zoomout\"><img decoding=\"async\" width=\"177\" height=\"142\" src=\"data:image\/svg+xml,%3Csvg%20xmlns%3D%27http%3A%2F%2Fwww.w3.org%2F2000%2Fsvg%27%20width%3D%27177%27%20height%3D%27142%27%20viewBox%3D%270%200%20177%20142%27%3E%3Crect%20width%3D%27177%27%20height%3D%27142%27%20fill-opacity%3D%220%22%2F%3E%3C%2Fsvg%3E\" data-orig-src=\"https:\/\/balticwind.eu\/wp-content\/uploads\/2026\/08\/germany-grid-capacity-package-constitutional-eu-law-challenges-177x142.jpg\" class=\"lazyload attachment-portfolio-five size-portfolio-five\" alt=\"\" \/><\/a><\/li><\/ul><\/div><div class=\"recent-posts-content\"><h4 class=\"entry-title\"><a style=\"color: #1f2a3b !important;\" href=\"https:\/\/balticwind.eu\/de\/deutschlands-netz-und-kapazitaetspaket-geraet-juristisch-von-mehreren-seiten-unter-druck\/\">Deutschlands Netz- und Kapazit\u00e4tspaket ger\u00e4t juristisch von mehreren Seiten unter Druck<\/a><\/h4><p class=\"meta\"><a href=\"https:\/\/balticwind.eu\/de\/category\/deutschland\/\" rel=\"category tag\">Deutschland<\/a>, <a href=\"https:\/\/balticwind.eu\/de\/category\/regulierung\/\" rel=\"category tag\">Regulierung<\/a><span class=\"fusion-inline-sep\">|<\/span><\/p><\/div><\/article><article class=\"post fusion-column column col col-lg-12 col-md-12 col-sm-12 fusion-animated\" data-animationType=\"fadeInDown\" data-animationDuration=\"0.6\" data-animationOffset=\"100%\"><div class=\"fusion-flexslider fusion-flexslider-loading flexslider floated-slideshow flexslider-hover-type-zoomout\"><ul class=\"slides\"><li><a href=\"https:\/\/balticwind.eu\/de\/enbw-schliesst-turbineninstallation-im-groessten-deutschen-offshore-windpark-ab\/\" aria-label=\"EnBW schlie\u00dft Turbineninstallation im gr\u00f6\u00dften deutschen Offshore-Windpark ab\" class=\"hover-type-zoomout\"><img decoding=\"async\" width=\"177\" height=\"142\" src=\"data:image\/svg+xml,%3Csvg%20xmlns%3D%27http%3A%2F%2Fwww.w3.org%2F2000%2Fsvg%27%20width%3D%27177%27%20height%3D%27142%27%20viewBox%3D%270%200%20177%20142%27%3E%3Crect%20width%3D%27177%27%20height%3D%27142%27%20fill-opacity%3D%220%22%2F%3E%3C%2Fsvg%3E\" data-orig-src=\"https:\/\/balticwind.eu\/wp-content\/uploads\/2026\/08\/enbw-he-dreiht-all-64-turbines-installed-germany-largest-offshore-177x142.jpg\" class=\"lazyload attachment-portfolio-five size-portfolio-five\" alt=\"\" \/><\/a><\/li><\/ul><\/div><div class=\"recent-posts-content\"><h4 class=\"entry-title\"><a style=\"color: #1f2a3b !important;\" href=\"https:\/\/balticwind.eu\/de\/enbw-schliesst-turbineninstallation-im-groessten-deutschen-offshore-windpark-ab\/\">EnBW schlie\u00dft Turbineninstallation im gr\u00f6\u00dften deutschen Offshore-Windpark ab<\/a><\/h4><p class=\"meta\"><a href=\"https:\/\/balticwind.eu\/de\/category\/deutschland\/\" rel=\"category tag\">Deutschland<\/a>, <a href=\"https:\/\/balticwind.eu\/de\/category\/offshore-wind-aktuell\/\" rel=\"category tag\">Offshore-Wind Aktuell<\/a>, <a href=\"https:\/\/balticwind.eu\/de\/category\/projekte\/\" rel=\"category tag\">Projekte<\/a><span class=\"fusion-inline-sep\">|<\/span><\/p><\/div><\/article><article class=\"post fusion-column column col col-lg-12 col-md-12 col-sm-12 fusion-animated\" data-animationType=\"fadeInDown\" data-animationDuration=\"0.6\" data-animationOffset=\"100%\"><div class=\"fusion-flexslider fusion-flexslider-loading flexslider floated-slideshow flexslider-hover-type-zoomout\"><ul class=\"slides\"><li><a href=\"https:\/\/balticwind.eu\/de\/offshore-branche-draengt-nach-nullrunde-auf-differenzvertraege\/\" aria-label=\"Offshore-Branche dr\u00e4ngt nach Nullrunde auf Differenzvertr\u00e4ge\" class=\"hover-type-zoomout\"><img decoding=\"async\" width=\"177\" height=\"142\" src=\"data:image\/svg+xml,%3Csvg%20xmlns%3D%27http%3A%2F%2Fwww.w3.org%2F2000%2Fsvg%27%20width%3D%27177%27%20height%3D%27142%27%20viewBox%3D%270%200%20177%20142%27%3E%3Crect%20width%3D%27177%27%20height%3D%27142%27%20fill-opacity%3D%220%22%2F%3E%3C%2Fsvg%3E\" data-orig-src=\"https:\/\/balticwind.eu\/wp-content\/uploads\/2026\/08\/germany-windseeg-amendment-contracts-for-difference-zero-bid-round-177x142.jpg\" class=\"lazyload attachment-portfolio-five size-portfolio-five\" alt=\"\" \/><\/a><\/li><\/ul><\/div><div class=\"recent-posts-content\"><h4 class=\"entry-title\"><a style=\"color: #1f2a3b !important;\" href=\"https:\/\/balticwind.eu\/de\/offshore-branche-draengt-nach-nullrunde-auf-differenzvertraege\/\">Offshore-Branche dr\u00e4ngt nach Nullrunde auf Differenzvertr\u00e4ge<\/a><\/h4><p class=\"meta\"><a href=\"https:\/\/balticwind.eu\/de\/category\/deutschland\/\" rel=\"category tag\">Deutschland<\/a>, <a href=\"https:\/\/balticwind.eu\/de\/category\/offshore-wind-aktuell\/\" rel=\"category tag\">Offshore-Wind Aktuell<\/a>, <a href=\"https:\/\/balticwind.eu\/de\/category\/regulierung\/\" rel=\"category tag\">Regulierung<\/a><span class=\"fusion-inline-sep\">|<\/span><\/p><\/div><\/article><article class=\"post fusion-column column col col-lg-12 col-md-12 col-sm-12 fusion-animated\" data-animationType=\"fadeInDown\" data-animationDuration=\"0.6\" data-animationOffset=\"100%\"><div class=\"fusion-flexslider fusion-flexslider-loading flexslider floated-slideshow flexslider-hover-type-zoomout\"><ul class=\"slides\"><li><a href=\"https:\/\/balticwind.eu\/de\/iwr-analyse-reiches-kurs-bringt-industrie-und-verbrauchern-hoehere-strompreise\/\" aria-label=\"IWR-Analyse: Reiches Kurs bringt Industrie und Verbrauchern h\u00f6here Strompreise\" class=\"hover-type-zoomout\"><img decoding=\"async\" width=\"177\" height=\"142\" src=\"data:image\/svg+xml,%3Csvg%20xmlns%3D%27http%3A%2F%2Fwww.w3.org%2F2000%2Fsvg%27%20width%3D%27177%27%20height%3D%27142%27%20viewBox%3D%270%200%20177%20142%27%3E%3Crect%20width%3D%27177%27%20height%3D%27142%27%20fill-opacity%3D%220%22%2F%3E%3C%2Fsvg%3E\" data-orig-src=\"https:\/\/balticwind.eu\/wp-content\/uploads\/2026\/08\/iwr-analysis-german-energy-policy-higher-power-prices-177x142.jpg\" class=\"lazyload attachment-portfolio-five size-portfolio-five\" alt=\"\" \/><\/a><\/li><\/ul><\/div><div class=\"recent-posts-content\"><h4 class=\"entry-title\"><a style=\"color: #1f2a3b !important;\" href=\"https:\/\/balticwind.eu\/de\/iwr-analyse-reiches-kurs-bringt-industrie-und-verbrauchern-hoehere-strompreise\/\">IWR-Analyse: Reiches Kurs bringt Industrie und Verbrauchern h\u00f6here Strompreise<\/a><\/h4><p class=\"meta\"><a href=\"https:\/\/balticwind.eu\/de\/category\/deutschland\/\" rel=\"category tag\">Deutschland<\/a>, <a href=\"https:\/\/balticwind.eu\/de\/category\/meinungen\/\" rel=\"category tag\">Meinungen<\/a>, <a href=\"https:\/\/balticwind.eu\/de\/category\/regulierung\/\" rel=\"category tag\">Regulierung<\/a><span class=\"fusion-inline-sep\">|<\/span><\/p><\/div><\/article><\/section><div class=\"fusion-infinite-scroll-trigger\"><\/div><div class=\"pagination infinite-scroll clearfix\" style=\"display:none;\"><span class=\"current\">1<\/span><a href=\"https:\/\/balticwind.eu\/de\/wp-json\/wp\/v2\/pages\/47695\/page\/2\/\" class=\"inactive\">2<\/a><a class=\"pagination-next\" rel=\"next\" href=\"https:\/\/balticwind.eu\/de\/wp-json\/wp\/v2\/pages\/47695\/page\/2\/\"><span class=\"page-text\">Next<\/span><span class=\"page-next\"><\/span><\/a><\/div><div class=\"fusion-clearfix\"><\/div><button class=\"fusion-load-more-button fusion-blog-button fusion-clearfix\">Load More Posts<\/button><\/div><\/div><style type=\"text\/css\">.fusion-body .fusion-builder-column-4{width:100% !important;margin-top : 0px;margin-bottom : 20px;}.fusion-builder-column-4 > .fusion-column-wrapper {padding-top : 0px !important;padding-right : 0px !important;margin-right : 1.92%;padding-bottom : 0px !important;padding-left : 0px !important;margin-left : 1.92%;}@media only screen and (max-width:1024px) {.fusion-body .fusion-builder-column-4{width:100% !important;order : 0;}.fusion-builder-column-4 > .fusion-column-wrapper {margin-right : 1.92%;margin-left : 1.92%;}}@media only screen and (max-width:640px) {.fusion-body .fusion-builder-column-4{width:100% !important;order : 0;}.fusion-builder-column-4 > .fusion-column-wrapper {margin-right : 1.92%;margin-left : 1.92%;}}<\/style><\/div><\/div><style type=\"text\/css\">.fusion-body .fusion-flex-container.fusion-builder-row-5{ padding-top : 0px;margin-top : 0px;padding-right : 0px;padding-bottom : 0px;margin-bottom : 0px;padding-left : 0px;}<\/style><\/div><div class=\"fusion-fullwidth fullwidth-box fusion-builder-row-6 fusion-flex-container nonhundred-percent-fullwidth non-hundred-percent-height-scrolling fusion-no-small-visibility fusion-no-medium-visibility\" style=\"background-color: #ffffff;background-position: center center;background-repeat: no-repeat;border-width: 0px 0px 0px 0px;border-color:#eaeaea;border-style:solid;\" ><div class=\"fusion-builder-row fusion-row fusion-flex-align-items-flex-start\" style=\"max-width:1289.6px;margin-left: calc(-4% \/ 2 );margin-right: calc(-4% \/ 2 );\"><div class=\"fusion-layout-column fusion_builder_column fusion-builder-column-5 fusion_builder_column_1_1 1_1 fusion-flex-column\"><div class=\"fusion-column-wrapper fusion-flex-justify-content-flex-start fusion-content-layout-column\" style=\"background-position:left top;background-repeat:no-repeat;-webkit-background-size:cover;-moz-background-size:cover;-o-background-size:cover;background-size:cover;padding: 0px 0px 0px 0px;\"><div class=\"fusion-builder-row fusion-builder-row-inner fusion-row fusion-flex-align-items-flex-start\" style=\"width:104% !important;max-width:104% !important;margin-left: calc(-4% \/ 2 );margin-right: calc(-4% \/ 2 );\"><div class=\"fusion-layout-column fusion_builder_column_inner fusion-builder-nested-column-0 fusion_builder_column_inner_2_3 2_3 fusion-flex-column\"><div class=\"fusion-column-wrapper fusion-flex-justify-content-flex-start fusion-content-layout-column\" style=\"background-position:left top;background-repeat:no-repeat;-webkit-background-size:cover;-moz-background-size:cover;-o-background-size:cover;background-size:cover;padding: 0px 0px 0px 0px;\"><div class=\"fusion-separator fusion-full-width-sep\" style=\"align-self: center;margin-left: auto;margin-right: auto;margin-bottom:10px;width:100%;max-width:100%;\"><div class=\"fusion-separator-border sep-single sep-solid\" style=\"border-color:#1f2a3b;border-top-width:12px;\"><\/div><\/div><style type=\"text\/css\">@media only screen and (max-width:1024px) {.fusion-title.fusion-title-4{margin-top:-15px!important; margin-right:0px!important;margin-bottom:20px!important;margin-left:0px!important;}}@media only screen and (max-width:640px) {.fusion-title.fusion-title-4{margin-top:0px!important; margin-right:0px!important;margin-bottom:20px!important; margin-left:0px!important;}}<\/style><div class=\"fusion-title title fusion-title-4 fusion-title-text fusion-title-size-five\" style=\"margin-top:-15px;margin-right:0px;margin-bottom:20px;margin-left:0px;\"><div class=\"title-sep-container title-sep-container-left fusion-no-large-visibility fusion-no-medium-visibility fusion-no-small-visibility\"><div class=\"title-sep sep-\" style=\"border-color:#eaeaea;\"><\/div><\/div><h5 class=\"title-heading-left fusion-responsive-typography-calculated\" style=\"margin:0;--fontSize:17;line-height:1.76;\"><h5 style=\"text-align: left;\">LATEST ARTICLES<\/h5><\/h5><div class=\"title-sep-container title-sep-container-right\"><div class=\"title-sep sep-\" style=\"border-color:#eaeaea;\"><\/div><\/div><\/div><div class=\"fusion-blog-shortcode fusion-blog-shortcode-3 fusion-blog-archive fusion-blog-layout-medium-alternate fusion-blog-infinite\"><div class=\"fusion-posts-container fusion-posts-container-infinite fusion-posts-container-load-more\" data-pages=\"8\"><article id=\"blog-3-post-48199\" class=\"fusion-post-medium-alternate post-48199 post type-post status-publish format-standard has-post-thumbnail hentry category-deutschland category-onshore-wind-aktuell category-regulierung\">\n<div class=\"fusion-date-and-formats\"><div class=\"fusion-date-box updated\"><span class=\"fusion-date\">3<\/span><span class=\"fusion-month-year\">09, 2026<\/span><\/div><div class=\"fusion-format-box\"><i class=\"fusion-icon-pen\" aria-hidden=\"true\"><\/i><\/div><\/div>\t<style type=\"text\/css\">\n\t\t\n\t\t\n\t\t\n\t\t\n\t\t\t<\/style>\n\n\n\t\t\t<div class=\"fusion-flexslider flexslider fusion-flexslider-loading fusion-post-slideshow\" style=\"\">\n\t\t<ul class=\"slides\">\n\t\t\t\n\t\t\t\t\t\t\t\t\t\t\t\t\t\t<li>\n\n<div  class=\"fusion-image-wrapper fusion-image-size-fixed\" aria-haspopup=\"true\">\n\t\n\t\n\t\t\t\n\t\t\t\t<a href=\"https:\/\/balticwind.eu\/de\/fuenf-jahre-von-der-genehmigung-bis-zur-ersten-kilowattstunde-energiequelle-nimmt-42-mw-anlage-in-krummensee-in-betrieb\/\" aria-label=\"F\u00fcnf Jahre von der Genehmigung bis zur ersten Kilowattstunde: Energiequelle nimmt 4,2-MW-Anlage in Krummensee in Betrieb\">\n\t\t\n\t\t\n\t\t\t\t\t<img decoding=\"async\" width=\"320\" height=\"202\" src=\"https:\/\/balticwind.eu\/wp-content\/uploads\/2026\/09\/energiequelle-enercon-turbine-krummensee-brandenburg-320x202.jpg\" class=\"attachment-blog-medium size-blog-medium lazyload wp-post-image\" alt=\"\" srcset=\"data:image\/svg+xml,%3Csvg%20xmlns%3D%27http%3A%2F%2Fwww.w3.org%2F2000%2Fsvg%27%20width%3D%272560%27%20height%3D%271920%27%20viewBox%3D%270%200%202560%201920%27%3E%3Crect%20width%3D%272560%27%20height%3D%271920%27%20fill-opacity%3D%220%22%2F%3E%3C%2Fsvg%3E\" data-orig-src=\"https:\/\/balticwind.eu\/wp-content\/uploads\/2026\/09\/energiequelle-enercon-turbine-krummensee-brandenburg-320x202.jpg\" data-srcset=\"https:\/\/balticwind.eu\/wp-content\/uploads\/2026\/09\/energiequelle-enercon-turbine-krummensee-brandenburg-320x202.jpg 320w, https:\/\/balticwind.eu\/wp-content\/uploads\/2026\/09\/energiequelle-enercon-turbine-krummensee-brandenburg-700x441.jpg 700w\" data-sizes=\"auto\" \/>\n\t\n\n\n\t\t\t\t<\/a>\n\t\t\n\t\n<\/div>\n<\/li>\n\t\t\t\n\t\t\t\n\t\t\t\t\t\t\t\t\t\t\t\t\t\t\t\t\t\t\t\t\t\t\t\t\t\t\t\t\t\t\t\t\t\t\t\t\t\t\t\t\t\t\t\t\t\t\t\t\t\t\t\t\t\t\t\t\t\t\t\t\t\t\t\t\t\t\t\t<\/ul>\n\t<\/div>\n\t<div class=\"fusion-post-content post-content\"><h2 class=\"blog-shortcode-post-title entry-title\"><a href=\"https:\/\/balticwind.eu\/de\/fuenf-jahre-von-der-genehmigung-bis-zur-ersten-kilowattstunde-energiequelle-nimmt-42-mw-anlage-in-krummensee-in-betrieb\/\">F\u00fcnf Jahre von der Genehmigung bis zur ersten Kilowattstunde: Energiequelle nimmt 4,2-MW-Anlage in Krummensee in Betrieb<\/a><\/h2><p class=\"fusion-single-line-meta\"><a href=\"https:\/\/balticwind.eu\/de\/category\/deutschland\/\" rel=\"category tag\">Deutschland<\/a>, <a href=\"https:\/\/balticwind.eu\/de\/category\/onshore-wind-aktuell\/\" rel=\"category tag\">Onshore-Wind Aktuell<\/a>, <a href=\"https:\/\/balticwind.eu\/de\/category\/regulierung\/\" rel=\"category tag\">Regulierung<\/a><span class=\"fusion-inline-sep\">|<\/span><\/p><div class=\"fusion-post-content-container\"><p>Energiequelle hat in Krummensee in Brandenburg eine 4,2-MW-Anlage von Enercon in Betrieb genommen, f\u00fcnf Jahre nach der Genehmigung und nach einem Rechtsstreit, der die Frist fast hatte auslaufen lassen.<\/p><\/div><\/div><div class=\"fusion-clearfix\"><\/div><\/article>\n<article id=\"blog-3-post-48190\" class=\"fusion-post-medium-alternate post-48190 post type-post status-publish format-standard has-post-thumbnail hentry category-editors-choice-de category-deutschland category-onshore-wind-aktuell category-regulierung\">\n<div class=\"fusion-date-and-formats\"><div class=\"fusion-date-box updated\"><span class=\"fusion-date\">2<\/span><span class=\"fusion-month-year\">09, 2026<\/span><\/div><div class=\"fusion-format-box\"><i class=\"fusion-icon-pen\" aria-hidden=\"true\"><\/i><\/div><\/div>\t<style type=\"text\/css\">\n\t\t\n\t\t\n\t\t\n\t\t\n\t\t\t<\/style>\n\n\n\t\t\t<div class=\"fusion-flexslider flexslider fusion-flexslider-loading fusion-post-slideshow\" style=\"\">\n\t\t<ul class=\"slides\">\n\t\t\t\n\t\t\t\t\t\t\t\t\t\t\t\t\t\t<li>\n\n<div  class=\"fusion-image-wrapper fusion-image-size-fixed\" aria-haspopup=\"true\">\n\t\n\t\n\t\t\t\n\t\t\t\t<a href=\"https:\/\/balticwind.eu\/de\/ueberzeichnet-und-ungebaut-was-deutschlands-onshore-auktionen-den-ostseemaerkten-zeigen\/\" aria-label=\"\u00dcberzeichnet und ungebaut: Was Deutschlands Onshore-Auktionen den Ostseem\u00e4rkten zeigen\">\n\t\t\n\t\t\n\t\t\t\t\t<img decoding=\"async\" width=\"320\" height=\"202\" src=\"https:\/\/balticwind.eu\/wp-content\/uploads\/2026\/09\/onshore-wind-turbines-auction-economics-germany-320x202.jpg\" class=\"attachment-blog-medium size-blog-medium lazyload wp-post-image\" alt=\"\" srcset=\"data:image\/svg+xml,%3Csvg%20xmlns%3D%27http%3A%2F%2Fwww.w3.org%2F2000%2Fsvg%27%20width%3D%271600%27%20height%3D%27900%27%20viewBox%3D%270%200%201600%20900%27%3E%3Crect%20width%3D%271600%27%20height%3D%27900%27%20fill-opacity%3D%220%22%2F%3E%3C%2Fsvg%3E\" data-orig-src=\"https:\/\/balticwind.eu\/wp-content\/uploads\/2026\/09\/onshore-wind-turbines-auction-economics-germany-320x202.jpg\" data-srcset=\"https:\/\/balticwind.eu\/wp-content\/uploads\/2026\/09\/onshore-wind-turbines-auction-economics-germany-320x202.jpg 320w, https:\/\/balticwind.eu\/wp-content\/uploads\/2026\/09\/onshore-wind-turbines-auction-economics-germany-700x441.jpg 700w\" data-sizes=\"auto\" \/>\n\t\n\n\n\t\t\t\t<\/a>\n\t\t\n\t\n<\/div>\n<\/li>\n\t\t\t\n\t\t\t\n\t\t\t\t\t\t\t\t\t\t\t\t\t\t\t\t\t\t\t\t\t\t\t\t\t\t\t\t\t\t\t\t\t\t\t\t\t\t\t\t\t\t\t\t\t\t\t\t\t\t\t\t\t\t\t\t\t\t\t\t\t\t\t\t\t\t\t\t<\/ul>\n\t<\/div>\n\t<div class=\"fusion-post-content post-content\"><h2 class=\"blog-shortcode-post-title entry-title\"><a href=\"https:\/\/balticwind.eu\/de\/ueberzeichnet-und-ungebaut-was-deutschlands-onshore-auktionen-den-ostseemaerkten-zeigen\/\">\u00dcberzeichnet und ungebaut: Was Deutschlands Onshore-Auktionen den Ostseem\u00e4rkten zeigen<\/a><\/h2><p class=\"fusion-single-line-meta\"><a href=\"https:\/\/balticwind.eu\/de\/category\/editors-choice-de\/\" rel=\"category tag\">Auswahl der Redaktion<\/a>, <a href=\"https:\/\/balticwind.eu\/de\/category\/deutschland\/\" rel=\"category tag\">Deutschland<\/a>, <a href=\"https:\/\/balticwind.eu\/de\/category\/onshore-wind-aktuell\/\" rel=\"category tag\">Onshore-Wind Aktuell<\/a>, <a href=\"https:\/\/balticwind.eu\/de\/category\/regulierung\/\" rel=\"category tag\">Regulierung<\/a><span class=\"fusion-inline-sep\">|<\/span><\/p><div class=\"fusion-post-content-container\"><p>Deutschlands Onshore-Auktionen sind 2,6-fach \u00fcberzeichnet und erzielen Rekordtiefstwerte. Die Gewinner eint gesicherte Anlagenlieferung und Netzanschl\u00fcsse \u2014 der eigentliche Engpass liegt zwischen Zuschlag und erstem Fundament.<\/p><\/div><\/div><div class=\"fusion-clearfix\"><\/div><\/article>\n<article id=\"blog-3-post-48172\" class=\"fusion-post-medium-alternate post-48172 post type-post status-publish format-standard has-post-thumbnail hentry category-editors-choice-de category-deutschland category-onshore-wind-aktuell category-polen\">\n<div class=\"fusion-date-and-formats\"><div class=\"fusion-date-box updated\"><span class=\"fusion-date\">1<\/span><span class=\"fusion-month-year\">09, 2026<\/span><\/div><div class=\"fusion-format-box\"><i class=\"fusion-icon-pen\" aria-hidden=\"true\"><\/i><\/div><\/div>\t<style type=\"text\/css\">\n\t\t\n\t\t\n\t\t\n\t\t\n\t\t\t<\/style>\n\n\n\t\t\t<div class=\"fusion-flexslider flexslider fusion-flexslider-loading fusion-post-slideshow\" style=\"\">\n\t\t<ul class=\"slides\">\n\t\t\t\n\t\t\t\t\t\t\t\t\t\t\t\t\t\t<li>\n\n<div  class=\"fusion-image-wrapper fusion-image-size-fixed\" aria-haspopup=\"true\">\n\t\n\t\n\t\t\t\n\t\t\t\t<a href=\"https:\/\/balticwind.eu\/de\/onshore-wind-kostet-82-cent-die-genehmigung-kostet-weiter-jahre\/\" aria-label=\"Onshore-Wind kostet 8,2 Cent. Die Genehmigung kostet weiter Jahre\">\n\t\t\n\t\t\n\t\t\t\t\t<img decoding=\"async\" width=\"320\" height=\"202\" src=\"https:\/\/balticwind.eu\/wp-content\/uploads\/2026\/09\/onshore-wind-turbines-permitting-poland-germany-320x202.jpg\" class=\"attachment-blog-medium size-blog-medium lazyload wp-post-image\" alt=\"\" srcset=\"data:image\/svg+xml,%3Csvg%20xmlns%3D%27http%3A%2F%2Fwww.w3.org%2F2000%2Fsvg%27%20width%3D%271600%27%20height%3D%27900%27%20viewBox%3D%270%200%201600%20900%27%3E%3Crect%20width%3D%271600%27%20height%3D%27900%27%20fill-opacity%3D%220%22%2F%3E%3C%2Fsvg%3E\" data-orig-src=\"https:\/\/balticwind.eu\/wp-content\/uploads\/2026\/09\/onshore-wind-turbines-permitting-poland-germany-320x202.jpg\" data-srcset=\"https:\/\/balticwind.eu\/wp-content\/uploads\/2026\/09\/onshore-wind-turbines-permitting-poland-germany-320x202.jpg 320w, https:\/\/balticwind.eu\/wp-content\/uploads\/2026\/09\/onshore-wind-turbines-permitting-poland-germany-700x441.jpg 700w\" data-sizes=\"auto\" \/>\n\t\n\n\n\t\t\t\t<\/a>\n\t\t\n\t\n<\/div>\n<\/li>\n\t\t\t\n\t\t\t\n\t\t\t\t\t\t\t\t\t\t\t\t\t\t\t\t\t\t\t\t\t\t\t\t\t\t\t\t\t\t\t\t\t\t\t\t\t\t\t\t\t\t\t\t\t\t\t\t\t\t\t\t\t\t\t\t\t\t\t\t\t\t\t\t\t\t\t\t<\/ul>\n\t<\/div>\n\t<div class=\"fusion-post-content post-content\"><h2 class=\"blog-shortcode-post-title entry-title\"><a href=\"https:\/\/balticwind.eu\/de\/onshore-wind-kostet-82-cent-die-genehmigung-kostet-weiter-jahre\/\">Onshore-Wind kostet 8,2 Cent. Die Genehmigung kostet weiter Jahre<\/a><\/h2><p class=\"fusion-single-line-meta\"><a href=\"https:\/\/balticwind.eu\/de\/category\/editors-choice-de\/\" rel=\"category tag\">Auswahl der Redaktion<\/a>, <a href=\"https:\/\/balticwind.eu\/de\/category\/deutschland\/\" rel=\"category tag\">Deutschland<\/a>, <a href=\"https:\/\/balticwind.eu\/de\/category\/onshore-wind-aktuell\/\" rel=\"category tag\">Onshore-Wind Aktuell<\/a>, <a href=\"https:\/\/balticwind.eu\/de\/category\/polen\/\" rel=\"category tag\">Polen<\/a><span class=\"fusion-inline-sep\">|<\/span><\/p><div class=\"fusion-post-content-container\"><p>Deutsche Zahlen weisen neue Onshore-Windkraft mit 8,2 Cent je kWh aus, gegen\u00fcber Gas zum Drei- bis Vierfachen. Ausschreibungen sind \u00fcberzeichnet, Kapital wartet. Der Engpass liegt bei den Genehmigungen.<\/p><\/div><\/div><div class=\"fusion-clearfix\"><\/div><\/article>\n<article id=\"blog-3-post-48148\" class=\"fusion-post-medium-alternate post-48148 post type-post status-publish format-standard has-post-thumbnail hentry category-editors-choice-de category-deutschland category-onshore-wind-aktuell category-polen category-schweden\">\n<div class=\"fusion-date-and-formats\"><div class=\"fusion-date-box updated\"><span class=\"fusion-date\">30<\/span><span class=\"fusion-month-year\">08, 2026<\/span><\/div><div class=\"fusion-format-box\"><i class=\"fusion-icon-pen\" aria-hidden=\"true\"><\/i><\/div><\/div>\t<style type=\"text\/css\">\n\t\t\n\t\t\n\t\t\n\t\t\n\t\t\t<\/style>\n\n\n\t\t\t<div class=\"fusion-flexslider flexslider fusion-flexslider-loading fusion-post-slideshow\" style=\"\">\n\t\t<ul class=\"slides\">\n\t\t\t\n\t\t\t\t\t\t\t\t\t\t\t\t\t\t<li>\n\n<div  class=\"fusion-image-wrapper fusion-image-size-fixed\" aria-haspopup=\"true\">\n\t\n\t\n\t\t\t\n\t\t\t\t<a href=\"https:\/\/balticwind.eu\/de\/warum-die-naechsten-megawatt-der-onshore-windkraft-an-bereits-bestehenden-standorten-entstehen\/\" aria-label=\"Warum die n\u00e4chsten Megawatt der Onshore-Windkraft an bereits bestehenden Standorten entstehen\">\n\t\t\n\t\t\n\t\t\t\t\t<img decoding=\"async\" width=\"320\" height=\"202\" src=\"https:\/\/balticwind.eu\/wp-content\/uploads\/2026\/08\/onshore-wind-farm-repowering-existing-site-320x202.jpg\" class=\"attachment-blog-medium size-blog-medium lazyload wp-post-image\" alt=\"\" srcset=\"data:image\/svg+xml,%3Csvg%20xmlns%3D%27http%3A%2F%2Fwww.w3.org%2F2000%2Fsvg%27%20width%3D%271600%27%20height%3D%27900%27%20viewBox%3D%270%200%201600%20900%27%3E%3Crect%20width%3D%271600%27%20height%3D%27900%27%20fill-opacity%3D%220%22%2F%3E%3C%2Fsvg%3E\" data-orig-src=\"https:\/\/balticwind.eu\/wp-content\/uploads\/2026\/08\/onshore-wind-farm-repowering-existing-site-320x202.jpg\" data-srcset=\"https:\/\/balticwind.eu\/wp-content\/uploads\/2026\/08\/onshore-wind-farm-repowering-existing-site-320x202.jpg 320w, https:\/\/balticwind.eu\/wp-content\/uploads\/2026\/08\/onshore-wind-farm-repowering-existing-site-700x441.jpg 700w\" data-sizes=\"auto\" \/>\n\t\n\n\n\t\t\t\t<\/a>\n\t\t\n\t\n<\/div>\n<\/li>\n\t\t\t\n\t\t\t\n\t\t\t\t\t\t\t\t\t\t\t\t\t\t\t\t\t\t\t\t\t\t\t\t\t\t\t\t\t\t\t\t\t\t\t\t\t\t\t\t\t\t\t\t\t\t\t\t\t\t\t\t\t\t\t\t\t\t\t\t\t\t\t\t\t\t\t\t<\/ul>\n\t<\/div>\n\t<div class=\"fusion-post-content post-content\"><h2 class=\"blog-shortcode-post-title entry-title\"><a href=\"https:\/\/balticwind.eu\/de\/warum-die-naechsten-megawatt-der-onshore-windkraft-an-bereits-bestehenden-standorten-entstehen\/\">Warum die n\u00e4chsten Megawatt der Onshore-Windkraft an bereits bestehenden Standorten entstehen<\/a><\/h2><p class=\"fusion-single-line-meta\"><a href=\"https:\/\/balticwind.eu\/de\/category\/editors-choice-de\/\" rel=\"category tag\">Auswahl der Redaktion<\/a>, <a href=\"https:\/\/balticwind.eu\/de\/category\/deutschland\/\" rel=\"category tag\">Deutschland<\/a>, <a href=\"https:\/\/balticwind.eu\/de\/category\/onshore-wind-aktuell\/\" rel=\"category tag\">Onshore-Wind Aktuell<\/a>, <a href=\"https:\/\/balticwind.eu\/de\/category\/polen\/\" rel=\"category tag\">Polen<\/a>, <a href=\"https:\/\/balticwind.eu\/de\/category\/schweden\/\" rel=\"category tag\">Schweden<\/a><span class=\"fusion-inline-sep\">|<\/span><\/p><div class=\"fusion-post-content-container\"><p>Repowering und Lebensdauerverl\u00e4ngerung werden in Deutschland und Nordeuropa zu einem Hauptweg f\u00fcr neue Onshore-Windkapazit\u00e4t, w\u00e4hrend Genehmigungen und Netzengp\u00e4sse den Neubau bremsen.<\/p><\/div><\/div><div class=\"fusion-clearfix\"><\/div><\/article>\n<article id=\"blog-3-post-48133\" class=\"fusion-post-medium-alternate post-48133 post type-post status-publish format-standard has-post-thumbnail hentry category-editors-choice-de category-deutschland category-lettland category-technologie\">\n<div class=\"fusion-date-and-formats\"><div class=\"fusion-date-box updated\"><span class=\"fusion-date\">28<\/span><span class=\"fusion-month-year\">08, 2026<\/span><\/div><div class=\"fusion-format-box\"><i class=\"fusion-icon-pen\" aria-hidden=\"true\"><\/i><\/div><\/div>\t<style type=\"text\/css\">\n\t\t\n\t\t\n\t\t\n\t\t\n\t\t\t<\/style>\n\n\n\t\t\t<div class=\"fusion-flexslider flexslider fusion-flexslider-loading fusion-post-slideshow\" style=\"\">\n\t\t<ul class=\"slides\">\n\t\t\t\n\t\t\t\t\t\t\t\t\t\t\t\t\t\t<li>\n\n<div  class=\"fusion-image-wrapper fusion-image-size-fixed\" aria-haspopup=\"true\">\n\t\n\t\n\t\t\t\n\t\t\t\t<a href=\"https:\/\/balticwind.eu\/de\/speicher-werden-zur-zweiten-haelfte-des-windausbaus-in-deutschland-und-im-baltikum\/\" aria-label=\"Speicher werden zur zweiten H\u00e4lfte des Windausbaus in Deutschland und im Baltikum\">\n\t\t\n\t\t\n\t\t\t\t\t<img decoding=\"async\" width=\"320\" height=\"202\" src=\"https:\/\/balticwind.eu\/wp-content\/uploads\/2026\/08\/electricity-substation-grid-flexibility-storage-320x202.jpg\" class=\"attachment-blog-medium size-blog-medium lazyload wp-post-image\" alt=\"\" srcset=\"data:image\/svg+xml,%3Csvg%20xmlns%3D%27http%3A%2F%2Fwww.w3.org%2F2000%2Fsvg%27%20width%3D%271600%27%20height%3D%27900%27%20viewBox%3D%270%200%201600%20900%27%3E%3Crect%20width%3D%271600%27%20height%3D%27900%27%20fill-opacity%3D%220%22%2F%3E%3C%2Fsvg%3E\" data-orig-src=\"https:\/\/balticwind.eu\/wp-content\/uploads\/2026\/08\/electricity-substation-grid-flexibility-storage-320x202.jpg\" data-srcset=\"https:\/\/balticwind.eu\/wp-content\/uploads\/2026\/08\/electricity-substation-grid-flexibility-storage-320x202.jpg 320w, https:\/\/balticwind.eu\/wp-content\/uploads\/2026\/08\/electricity-substation-grid-flexibility-storage-700x441.jpg 700w\" data-sizes=\"auto\" \/>\n\t\n\n\n\t\t\t\t<\/a>\n\t\t\n\t\n<\/div>\n<\/li>\n\t\t\t\n\t\t\t\n\t\t\t\t\t\t\t\t\t\t\t\t\t\t\t\t\t\t\t\t\t\t\t\t\t\t\t\t\t\t\t\t\t\t\t\t\t\t\t\t\t\t\t\t\t\t\t\t\t\t\t\t\t\t\t\t\t\t\t\t\t\t\t\t\t\t\t\t<\/ul>\n\t<\/div>\n\t<div class=\"fusion-post-content post-content\"><h2 class=\"blog-shortcode-post-title entry-title\"><a href=\"https:\/\/balticwind.eu\/de\/speicher-werden-zur-zweiten-haelfte-des-windausbaus-in-deutschland-und-im-baltikum\/\">Speicher werden zur zweiten H\u00e4lfte des Windausbaus in Deutschland und im Baltikum<\/a><\/h2><p class=\"fusion-single-line-meta\"><a href=\"https:\/\/balticwind.eu\/de\/category\/editors-choice-de\/\" rel=\"category tag\">Auswahl der Redaktion<\/a>, <a href=\"https:\/\/balticwind.eu\/de\/category\/deutschland\/\" rel=\"category tag\">Deutschland<\/a>, <a href=\"https:\/\/balticwind.eu\/de\/category\/lettland\/\" rel=\"category tag\">Lettland<\/a>, <a href=\"https:\/\/balticwind.eu\/de\/category\/technologie\/\" rel=\"category tag\">Technologie<\/a><span class=\"fusion-inline-sep\">|<\/span><\/p><div class=\"fusion-post-content-container\"><p>Gro\u00dfspeicher wachsen parallel zum Windausbau in Deutschland und im Baltikum. Was Kyons drei gleichzeitige Baustarts und Latvenergos Rekordjahr \u00fcber Flexibilit\u00e4t verraten.<\/p><\/div><\/div><div class=\"fusion-clearfix\"><\/div><\/article>\n<article id=\"blog-3-post-48121\" class=\"fusion-post-medium-alternate post-48121 post type-post status-publish format-standard has-post-thumbnail hentry category-deutschland category-onshore-wind-aktuell category-projekte\">\n<div class=\"fusion-date-and-formats\"><div class=\"fusion-date-box updated\"><span class=\"fusion-date\">28<\/span><span class=\"fusion-month-year\">08, 2026<\/span><\/div><div class=\"fusion-format-box\"><i class=\"fusion-icon-pen\" aria-hidden=\"true\"><\/i><\/div><\/div>\t<style type=\"text\/css\">\n\t\t\n\t\t\n\t\t\n\t\t\n\t\t\t<\/style>\n\n\n\t\t\t<div class=\"fusion-flexslider flexslider fusion-flexslider-loading fusion-post-slideshow\" style=\"\">\n\t\t<ul class=\"slides\">\n\t\t\t\n\t\t\t\t\t\t\t\t\t\t\t\t\t\t<li>\n\n<div  class=\"fusion-image-wrapper fusion-image-size-fixed\" aria-haspopup=\"true\">\n\t\n\t\n\t\t\t\n\t\t\t\t<a href=\"https:\/\/balticwind.eu\/de\/perigus-energy-uebernimmt-genehmigtes-21-mw-windprojekt-olpe-rehringhausen-von-abo-energy\/\" aria-label=\"Perigus Energy \u00fcbernimmt genehmigtes 21-MW-Windprojekt Olpe-Rehringhausen von ABO Energy\">\n\t\t\n\t\t\n\t\t\t\t\t<img decoding=\"async\" width=\"320\" height=\"202\" src=\"https:\/\/balticwind.eu\/wp-content\/uploads\/2026\/08\/perigus-energy-wind-turbine-olpe-rehringhausen-320x202.jpg\" class=\"attachment-blog-medium size-blog-medium lazyload wp-post-image\" alt=\"\" srcset=\"data:image\/svg+xml,%3Csvg%20xmlns%3D%27http%3A%2F%2Fwww.w3.org%2F2000%2Fsvg%27%20width%3D%272048%27%20height%3D%271364%27%20viewBox%3D%270%200%202048%201364%27%3E%3Crect%20width%3D%272048%27%20height%3D%271364%27%20fill-opacity%3D%220%22%2F%3E%3C%2Fsvg%3E\" data-orig-src=\"https:\/\/balticwind.eu\/wp-content\/uploads\/2026\/08\/perigus-energy-wind-turbine-olpe-rehringhausen-320x202.jpg\" data-srcset=\"https:\/\/balticwind.eu\/wp-content\/uploads\/2026\/08\/perigus-energy-wind-turbine-olpe-rehringhausen-320x202.jpg 320w, https:\/\/balticwind.eu\/wp-content\/uploads\/2026\/08\/perigus-energy-wind-turbine-olpe-rehringhausen-700x441.jpg 700w\" data-sizes=\"auto\" \/>\n\t\n\n\n\t\t\t\t<\/a>\n\t\t\n\t\n<\/div>\n<\/li>\n\t\t\t\n\t\t\t\n\t\t\t\t\t\t\t\t\t\t\t\t\t\t\t\t\t\t\t\t\t\t\t\t\t\t\t\t\t\t\t\t\t\t\t\t\t\t\t\t\t\t\t\t\t\t\t\t\t\t\t\t\t\t\t\t\t\t\t\t\t\t\t\t\t\t\t\t<\/ul>\n\t<\/div>\n\t<div class=\"fusion-post-content post-content\"><h2 class=\"blog-shortcode-post-title entry-title\"><a href=\"https:\/\/balticwind.eu\/de\/perigus-energy-uebernimmt-genehmigtes-21-mw-windprojekt-olpe-rehringhausen-von-abo-energy\/\">Perigus Energy \u00fcbernimmt genehmigtes 21-MW-Windprojekt Olpe-Rehringhausen von ABO Energy<\/a><\/h2><p class=\"fusion-single-line-meta\"><a href=\"https:\/\/balticwind.eu\/de\/category\/deutschland\/\" rel=\"category tag\">Deutschland<\/a>, <a href=\"https:\/\/balticwind.eu\/de\/category\/onshore-wind-aktuell\/\" rel=\"category tag\">Onshore-Wind Aktuell<\/a>, <a href=\"https:\/\/balticwind.eu\/de\/category\/projekte\/\" rel=\"category tag\">Projekte<\/a><span class=\"fusion-inline-sep\">|<\/span><\/p><div class=\"fusion-post-content-container\"><p>Perigus Energy hat die Rechte am 21-MW-Windpark Olpe-Rehringhausen von ABO Energy erworben. Das Projekt mit drei Anlagen wurde im M\u00e4rz 2026 genehmigt.<\/p><\/div><\/div><div class=\"fusion-clearfix\"><\/div><\/article>\n<article id=\"blog-3-post-48115\" class=\"fusion-post-medium-alternate post-48115 post type-post status-publish format-standard has-post-thumbnail hentry category-deutschland category-offshore-wind-aktuell category-onshore-wind-aktuell\">\n<div class=\"fusion-date-and-formats\"><div class=\"fusion-date-box updated\"><span class=\"fusion-date\">28<\/span><span class=\"fusion-month-year\">08, 2026<\/span><\/div><div class=\"fusion-format-box\"><i class=\"fusion-icon-pen\" aria-hidden=\"true\"><\/i><\/div><\/div>\t<style type=\"text\/css\">\n\t\t\n\t\t\n\t\t\n\t\t\n\t\t\t<\/style>\n\n\n\t\t\t<div class=\"fusion-flexslider flexslider fusion-flexslider-loading fusion-post-slideshow\" style=\"\">\n\t\t<ul class=\"slides\">\n\t\t\t\n\t\t\t\t\t\t\t\t\t\t\t\t\t\t<li>\n\n<div  class=\"fusion-image-wrapper fusion-image-size-fixed\" aria-haspopup=\"true\">\n\t\n\t\n\t\t\t\n\t\t\t\t<a href=\"https:\/\/balticwind.eu\/de\/studie-erneuerbare-energien-stehen-fuer-31-000-arbeitsplaetze-in-der-metropolregion-hamburg\/\" aria-label=\"Studie: Erneuerbare Energien stehen f\u00fcr 31.000 Arbeitspl\u00e4tze in der Metropolregion Hamburg\">\n\t\t\n\t\t\n\t\t\t\t\t<img decoding=\"async\" width=\"320\" height=\"202\" src=\"https:\/\/balticwind.eu\/wp-content\/uploads\/2026\/08\/wind-farm-germany-hamburg-renewables-cluster-320x202.jpg\" class=\"attachment-blog-medium size-blog-medium lazyload wp-post-image\" alt=\"\" srcset=\"data:image\/svg+xml,%3Csvg%20xmlns%3D%27http%3A%2F%2Fwww.w3.org%2F2000%2Fsvg%27%20width%3D%271600%27%20height%3D%27900%27%20viewBox%3D%270%200%201600%20900%27%3E%3Crect%20width%3D%271600%27%20height%3D%27900%27%20fill-opacity%3D%220%22%2F%3E%3C%2Fsvg%3E\" data-orig-src=\"https:\/\/balticwind.eu\/wp-content\/uploads\/2026\/08\/wind-farm-germany-hamburg-renewables-cluster-320x202.jpg\" data-srcset=\"https:\/\/balticwind.eu\/wp-content\/uploads\/2026\/08\/wind-farm-germany-hamburg-renewables-cluster-320x202.jpg 320w, https:\/\/balticwind.eu\/wp-content\/uploads\/2026\/08\/wind-farm-germany-hamburg-renewables-cluster-700x441.jpg 700w\" data-sizes=\"auto\" \/>\n\t\n\n\n\t\t\t\t<\/a>\n\t\t\n\t\n<\/div>\n<\/li>\n\t\t\t\n\t\t\t\n\t\t\t\t\t\t\t\t\t\t\t\t\t\t\t\t\t\t\t\t\t\t\t\t\t\t\t\t\t\t\t\t\t\t\t\t\t\t\t\t\t\t\t\t\t\t\t\t\t\t\t\t\t\t\t\t\t\t\t\t\t\t\t\t\t\t\t\t<\/ul>\n\t<\/div>\n\t<div class=\"fusion-post-content post-content\"><h2 class=\"blog-shortcode-post-title entry-title\"><a href=\"https:\/\/balticwind.eu\/de\/studie-erneuerbare-energien-stehen-fuer-31-000-arbeitsplaetze-in-der-metropolregion-hamburg\/\">Studie: Erneuerbare Energien stehen f\u00fcr 31.000 Arbeitspl\u00e4tze in der Metropolregion Hamburg<\/a><\/h2><p class=\"fusion-single-line-meta\"><a href=\"https:\/\/balticwind.eu\/de\/category\/deutschland\/\" rel=\"category tag\">Deutschland<\/a>, <a href=\"https:\/\/balticwind.eu\/de\/category\/offshore-wind-aktuell\/\" rel=\"category tag\">Offshore-Wind Aktuell<\/a>, <a href=\"https:\/\/balticwind.eu\/de\/category\/onshore-wind-aktuell\/\" rel=\"category tag\">Onshore-Wind Aktuell<\/a><span class=\"fusion-inline-sep\">|<\/span><\/p><div class=\"fusion-post-content-container\"><p>Eine Studie f\u00fcr das Cluster Erneuerbare Energien Hamburg beziffert die Branche auf rund 31.000 Arbeitspl\u00e4tze und 5,3 Milliarden Euro Bruttowertsch\u00f6pfung; gr\u00f6\u00dfter Teilbereich ist die Windenergie.<\/p><\/div><\/div><div class=\"fusion-clearfix\"><\/div><\/article>\n<article id=\"blog-3-post-48103\" class=\"fusion-post-medium-alternate post-48103 post type-post status-publish format-standard has-post-thumbnail hentry category-deutschland category-onshore-wind-aktuell category-projekte\">\n<div class=\"fusion-date-and-formats\"><div class=\"fusion-date-box updated\"><span class=\"fusion-date\">27<\/span><span class=\"fusion-month-year\">08, 2026<\/span><\/div><div class=\"fusion-format-box\"><i class=\"fusion-icon-pen\" aria-hidden=\"true\"><\/i><\/div><\/div>\t<style type=\"text\/css\">\n\t\t\n\t\t\n\t\t\n\t\t\n\t\t\t<\/style>\n\n\n\t\t\t<div class=\"fusion-flexslider flexslider fusion-flexslider-loading fusion-post-slideshow\" style=\"\">\n\t\t<ul class=\"slides\">\n\t\t\t\n\t\t\t\t\t\t\t\t\t\t\t\t\t\t<li>\n\n<div  class=\"fusion-image-wrapper fusion-image-size-fixed\" aria-haspopup=\"true\">\n\t\n\t\n\t\t\t\n\t\t\t\t<a href=\"https:\/\/balticwind.eu\/de\/capcora-fuehrt-verkauf-des-32-gw-projektportfolios-von-sowitec\/\" aria-label=\"Capcora f\u00fchrt Verkauf des 32-GW-Projektportfolios von SOWITEC\">\n\t\t\n\t\t\n\t\t\t\t\t<img decoding=\"async\" width=\"320\" height=\"202\" src=\"https:\/\/balticwind.eu\/wp-content\/uploads\/2026\/08\/capcora-mandated-sale-sowitec-wind-project-portfolio-320x202.jpg\" class=\"attachment-blog-medium size-blog-medium lazyload wp-post-image\" alt=\"\" srcset=\"data:image\/svg+xml,%3Csvg%20xmlns%3D%27http%3A%2F%2Fwww.w3.org%2F2000%2Fsvg%27%20width%3D%272048%27%20height%3D%272048%27%20viewBox%3D%270%200%202048%202048%27%3E%3Crect%20width%3D%272048%27%20height%3D%272048%27%20fill-opacity%3D%220%22%2F%3E%3C%2Fsvg%3E\" data-orig-src=\"https:\/\/balticwind.eu\/wp-content\/uploads\/2026\/08\/capcora-mandated-sale-sowitec-wind-project-portfolio-320x202.jpg\" data-srcset=\"https:\/\/balticwind.eu\/wp-content\/uploads\/2026\/08\/capcora-mandated-sale-sowitec-wind-project-portfolio-320x202.jpg 320w, https:\/\/balticwind.eu\/wp-content\/uploads\/2026\/08\/capcora-mandated-sale-sowitec-wind-project-portfolio-700x441.jpg 700w\" data-sizes=\"auto\" \/>\n\t\n\n\n\t\t\t\t<\/a>\n\t\t\n\t\n<\/div>\n<\/li>\n\t\t\t\n\t\t\t\n\t\t\t\t\t\t\t\t\t\t\t\t\t\t\t\t\t\t\t\t\t\t\t\t\t\t\t\t\t\t\t\t\t\t\t\t\t\t\t\t\t\t\t\t\t\t\t\t\t\t\t\t\t\t\t\t\t\t\t\t\t\t\t\t\t\t\t\t<\/ul>\n\t<\/div>\n\t<div class=\"fusion-post-content post-content\"><h2 class=\"blog-shortcode-post-title entry-title\"><a href=\"https:\/\/balticwind.eu\/de\/capcora-fuehrt-verkauf-des-32-gw-projektportfolios-von-sowitec\/\">Capcora f\u00fchrt Verkauf des 32-GW-Projektportfolios von SOWITEC<\/a><\/h2><p class=\"fusion-single-line-meta\"><a href=\"https:\/\/balticwind.eu\/de\/category\/deutschland\/\" rel=\"category tag\">Deutschland<\/a>, <a href=\"https:\/\/balticwind.eu\/de\/category\/onshore-wind-aktuell\/\" rel=\"category tag\">Onshore-Wind Aktuell<\/a>, <a href=\"https:\/\/balticwind.eu\/de\/category\/projekte\/\" rel=\"category tag\">Projekte<\/a><span class=\"fusion-inline-sep\">|<\/span><\/p><div class=\"fusion-post-content-container\"><p>Die Frankfurter Beratung Capcora steuert den Verkauf von Windprojektrechten der insolventen SOWITEC Gruppe mit rund 32 GW Gesamtleistung, davon etwa 330 MW in Deutschland.<\/p><\/div><\/div><div class=\"fusion-clearfix\"><\/div><\/article>\n<article id=\"blog-3-post-48067\" class=\"fusion-post-medium-alternate post-48067 post type-post status-publish format-standard has-post-thumbnail hentry category-deutschland category-onshore-wind-aktuell category-technologie\">\n<div class=\"fusion-date-and-formats\"><div class=\"fusion-date-box updated\"><span class=\"fusion-date\">26<\/span><span class=\"fusion-month-year\">08, 2026<\/span><\/div><div class=\"fusion-format-box\"><i class=\"fusion-icon-pen\" aria-hidden=\"true\"><\/i><\/div><\/div>\t<style type=\"text\/css\">\n\t\t\n\t\t\n\t\t\n\t\t\n\t\t\t<\/style>\n\n\n\t\t\t<div class=\"fusion-flexslider flexslider fusion-flexslider-loading fusion-post-slideshow\" style=\"\">\n\t\t<ul class=\"slides\">\n\t\t\t\n\t\t\t\t\t\t\t\t\t\t\t\t\t\t<li>\n\n<div  class=\"fusion-image-wrapper fusion-image-size-fixed\" aria-haspopup=\"true\">\n\t\n\t\n\t\t\t\n\t\t\t\t<a href=\"https:\/\/balticwind.eu\/de\/deutsche-windguard-ueberschreitet-ein-gigawatt-in-der-technischen-betriebsfuehrung\/\" aria-label=\"Deutsche WindGuard \u00fcberschreitet ein Gigawatt in der technischen Betriebsf\u00fchrung\">\n\t\t\n\t\t\n\t\t\t\t\t<img decoding=\"async\" width=\"320\" height=\"202\" src=\"https:\/\/balticwind.eu\/wp-content\/uploads\/2026\/08\/deutsche-windguard-one-gigawatt-technical-operations-management-320x202.jpg\" class=\"attachment-blog-medium size-blog-medium lazyload wp-post-image\" alt=\"\" srcset=\"data:image\/svg+xml,%3Csvg%20xmlns%3D%27http%3A%2F%2Fwww.w3.org%2F2000%2Fsvg%27%20width%3D%272048%27%20height%3D%271365%27%20viewBox%3D%270%200%202048%201365%27%3E%3Crect%20width%3D%272048%27%20height%3D%271365%27%20fill-opacity%3D%220%22%2F%3E%3C%2Fsvg%3E\" data-orig-src=\"https:\/\/balticwind.eu\/wp-content\/uploads\/2026\/08\/deutsche-windguard-one-gigawatt-technical-operations-management-320x202.jpg\" data-srcset=\"https:\/\/balticwind.eu\/wp-content\/uploads\/2026\/08\/deutsche-windguard-one-gigawatt-technical-operations-management-320x202.jpg 320w, https:\/\/balticwind.eu\/wp-content\/uploads\/2026\/08\/deutsche-windguard-one-gigawatt-technical-operations-management-700x441.jpg 700w\" data-sizes=\"auto\" \/>\n\t\n\n\n\t\t\t\t<\/a>\n\t\t\n\t\n<\/div>\n<\/li>\n\t\t\t\n\t\t\t\n\t\t\t\t\t\t\t\t\t\t\t\t\t\t\t\t\t\t\t\t\t\t\t\t\t\t\t\t\t\t\t\t\t\t\t\t\t\t\t\t\t\t\t\t\t\t\t\t\t\t\t\t\t\t\t\t\t\t\t\t\t\t\t\t\t\t\t\t<\/ul>\n\t<\/div>\n\t<div class=\"fusion-post-content post-content\"><h2 class=\"blog-shortcode-post-title entry-title\"><a href=\"https:\/\/balticwind.eu\/de\/deutsche-windguard-ueberschreitet-ein-gigawatt-in-der-technischen-betriebsfuehrung\/\">Deutsche WindGuard \u00fcberschreitet ein Gigawatt in der technischen Betriebsf\u00fchrung<\/a><\/h2><p class=\"fusion-single-line-meta\"><a href=\"https:\/\/balticwind.eu\/de\/category\/deutschland\/\" rel=\"category tag\">Deutschland<\/a>, <a href=\"https:\/\/balticwind.eu\/de\/category\/onshore-wind-aktuell\/\" rel=\"category tag\">Onshore-Wind Aktuell<\/a>, <a href=\"https:\/\/balticwind.eu\/de\/category\/technologie\/\" rel=\"category tag\">Technologie<\/a><span class=\"fusion-inline-sep\">|<\/span><\/p><div class=\"fusion-post-content-container\"><p>Der Dienstleister aus Varel \u00fcberwacht aus seinem 24\/7-Leitstand mehr als 1 GW Wind-, Photovoltaik-, Hybrid- und Speicherleistung in Deutschland und den Niederlanden.<\/p><\/div><\/div><div class=\"fusion-clearfix\"><\/div><\/article>\n<article id=\"blog-3-post-48025\" class=\"fusion-post-medium-alternate post-48025 post type-post status-publish format-standard has-post-thumbnail hentry category-deutschland category-onshore-wind-aktuell category-regulierung\">\n<div class=\"fusion-date-and-formats\"><div class=\"fusion-date-box updated\"><span class=\"fusion-date\">24<\/span><span class=\"fusion-month-year\">08, 2026<\/span><\/div><div class=\"fusion-format-box\"><i class=\"fusion-icon-pen\" aria-hidden=\"true\"><\/i><\/div><\/div>\t<style type=\"text\/css\">\n\t\t\n\t\t\n\t\t\n\t\t\n\t\t\t<\/style>\n\n\n\t\t\t<div class=\"fusion-flexslider flexslider fusion-flexslider-loading fusion-post-slideshow\" style=\"\">\n\t\t<ul class=\"slides\">\n\t\t\t\n\t\t\t\t\t\t\t\t\t\t\t\t\t\t<li>\n\n<div  class=\"fusion-image-wrapper fusion-image-size-fixed\" aria-haspopup=\"true\">\n\t\n\t\n\t\t\t\n\t\t\t\t<a href=\"https:\/\/balticwind.eu\/de\/suedlink-elbtunnel-fertig-deutschlands-stromautobahnen-naehern-sich-der-inbetriebnahme\/\" aria-label=\"SuedLink: Elbtunnel fertig \u2013 Deutschlands Stromautobahnen n\u00e4hern sich der Inbetriebnahme\">\n\t\t\n\t\t\n\t\t\t\t\t<img decoding=\"async\" width=\"320\" height=\"202\" src=\"https:\/\/balticwind.eu\/wp-content\/uploads\/2026\/08\/suedlink-elbe-tunnel-complete-german-hvdc-corridors-2027-2028-320x202.jpg\" class=\"attachment-blog-medium size-blog-medium lazyload wp-post-image\" alt=\"\" srcset=\"data:image\/svg+xml,%3Csvg%20xmlns%3D%27http%3A%2F%2Fwww.w3.org%2F2000%2Fsvg%27%20width%3D%271600%27%20height%3D%27900%27%20viewBox%3D%270%200%201600%20900%27%3E%3Crect%20width%3D%271600%27%20height%3D%27900%27%20fill-opacity%3D%220%22%2F%3E%3C%2Fsvg%3E\" data-orig-src=\"https:\/\/balticwind.eu\/wp-content\/uploads\/2026\/08\/suedlink-elbe-tunnel-complete-german-hvdc-corridors-2027-2028-320x202.jpg\" data-srcset=\"https:\/\/balticwind.eu\/wp-content\/uploads\/2026\/08\/suedlink-elbe-tunnel-complete-german-hvdc-corridors-2027-2028-320x202.jpg 320w, https:\/\/balticwind.eu\/wp-content\/uploads\/2026\/08\/suedlink-elbe-tunnel-complete-german-hvdc-corridors-2027-2028-700x441.jpg 700w\" data-sizes=\"auto\" \/>\n\t\n\n\n\t\t\t\t<\/a>\n\t\t\n\t\n<\/div>\n<\/li>\n\t\t\t\n\t\t\t\n\t\t\t\t\t\t\t\t\t\t\t\t\t\t\t\t\t\t\t\t\t\t\t\t\t\t\t\t\t\t\t\t\t\t\t\t\t\t\t\t\t\t\t\t\t\t\t\t\t\t\t\t\t\t\t\t\t\t\t\t\t\t\t\t\t\t\t\t<\/ul>\n\t<\/div>\n\t<div class=\"fusion-post-content post-content\"><h2 class=\"blog-shortcode-post-title entry-title\"><a href=\"https:\/\/balticwind.eu\/de\/suedlink-elbtunnel-fertig-deutschlands-stromautobahnen-naehern-sich-der-inbetriebnahme\/\">SuedLink: Elbtunnel fertig \u2013 Deutschlands Stromautobahnen n\u00e4hern sich der Inbetriebnahme<\/a><\/h2><p class=\"fusion-single-line-meta\"><a href=\"https:\/\/balticwind.eu\/de\/category\/deutschland\/\" rel=\"category tag\">Deutschland<\/a>, <a href=\"https:\/\/balticwind.eu\/de\/category\/onshore-wind-aktuell\/\" rel=\"category tag\">Onshore-Wind Aktuell<\/a>, <a href=\"https:\/\/balticwind.eu\/de\/category\/regulierung\/\" rel=\"category tag\">Regulierung<\/a><span class=\"fusion-inline-sep\">|<\/span><\/p><div class=\"fusion-post-content-container\"><p>Der 5,2 km lange ElbX-Tunnel unter der Elbe ist fertig. Das Einziehen der Kabel beginnt Ende 2027, die 700-km-Verbindung geht Ende 2028 in Betrieb.<\/p><\/div><\/div><div class=\"fusion-clearfix\"><\/div><\/article>\n<article id=\"blog-3-post-48019\" class=\"fusion-post-medium-alternate post-48019 post type-post status-publish format-standard has-post-thumbnail hentry category-deutschland category-offshore-wind-aktuell category-onshore-wind-aktuell\">\n<div class=\"fusion-date-and-formats\"><div class=\"fusion-date-box updated\"><span class=\"fusion-date\">24<\/span><span class=\"fusion-month-year\">08, 2026<\/span><\/div><div class=\"fusion-format-box\"><i class=\"fusion-icon-pen\" aria-hidden=\"true\"><\/i><\/div><\/div>\t<style type=\"text\/css\">\n\t\t\n\t\t\n\t\t\n\t\t\n\t\t\t<\/style>\n\n\n\t\t\t<div class=\"fusion-flexslider flexslider fusion-flexslider-loading fusion-post-slideshow\" style=\"\">\n\t\t<ul class=\"slides\">\n\t\t\t\n\t\t\t\t\t\t\t\t\t\t\t\t\t\t<li>\n\n<div  class=\"fusion-image-wrapper fusion-image-size-fixed\" aria-haspopup=\"true\">\n\t\n\t\n\t\t\t\n\t\t\t\t<a href=\"https:\/\/balticwind.eu\/de\/windzubau-in-deutschland-steigt-um-53-prozent-offshore-kehrt-ans-netz-zurueck\/\" aria-label=\"Windzubau in Deutschland steigt um 53 Prozent \u2013 Offshore kehrt ans Netz zur\u00fcck\">\n\t\t\n\t\t\n\t\t\t\t\t<img decoding=\"async\" width=\"320\" height=\"202\" src=\"https:\/\/balticwind.eu\/wp-content\/uploads\/2026\/08\/german-wind-additions-3948-mw-january-july-2026-offshore-rebound-320x202.jpg\" class=\"attachment-blog-medium size-blog-medium lazyload wp-post-image\" alt=\"\" srcset=\"data:image\/svg+xml,%3Csvg%20xmlns%3D%27http%3A%2F%2Fwww.w3.org%2F2000%2Fsvg%27%20width%3D%271600%27%20height%3D%27900%27%20viewBox%3D%270%200%201600%20900%27%3E%3Crect%20width%3D%271600%27%20height%3D%27900%27%20fill-opacity%3D%220%22%2F%3E%3C%2Fsvg%3E\" data-orig-src=\"https:\/\/balticwind.eu\/wp-content\/uploads\/2026\/08\/german-wind-additions-3948-mw-january-july-2026-offshore-rebound-320x202.jpg\" data-srcset=\"https:\/\/balticwind.eu\/wp-content\/uploads\/2026\/08\/german-wind-additions-3948-mw-january-july-2026-offshore-rebound-320x202.jpg 320w, https:\/\/balticwind.eu\/wp-content\/uploads\/2026\/08\/german-wind-additions-3948-mw-january-july-2026-offshore-rebound-700x441.jpg 700w\" data-sizes=\"auto\" \/>\n\t\n\n\n\t\t\t\t<\/a>\n\t\t\n\t\n<\/div>\n<\/li>\n\t\t\t\n\t\t\t\n\t\t\t\t\t\t\t\t\t\t\t\t\t\t\t\t\t\t\t\t\t\t\t\t\t\t\t\t\t\t\t\t\t\t\t\t\t\t\t\t\t\t\t\t\t\t\t\t\t\t\t\t\t\t\t\t\t\t\t\t\t\t\t\t\t\t\t\t<\/ul>\n\t<\/div>\n\t<div class=\"fusion-post-content post-content\"><h2 class=\"blog-shortcode-post-title entry-title\"><a href=\"https:\/\/balticwind.eu\/de\/windzubau-in-deutschland-steigt-um-53-prozent-offshore-kehrt-ans-netz-zurueck\/\">Windzubau in Deutschland steigt um 53 Prozent \u2013 Offshore kehrt ans Netz zur\u00fcck<\/a><\/h2><p class=\"fusion-single-line-meta\"><a href=\"https:\/\/balticwind.eu\/de\/category\/deutschland\/\" rel=\"category tag\">Deutschland<\/a>, <a href=\"https:\/\/balticwind.eu\/de\/category\/offshore-wind-aktuell\/\" rel=\"category tag\">Offshore-Wind Aktuell<\/a>, <a href=\"https:\/\/balticwind.eu\/de\/category\/onshore-wind-aktuell\/\" rel=\"category tag\">Onshore-Wind Aktuell<\/a><span class=\"fusion-inline-sep\">|<\/span><\/p><div class=\"fusion-post-content-container\"><p>Deutschland hat von Januar bis Juli 2026 3.948 MW Wind zugebaut, 53 Prozent mehr als im Vorjahr, davon 1.194 MW offshore nach einem Jahr ohne Offshore-Inbetriebnahme.<\/p><\/div><\/div><div class=\"fusion-clearfix\"><\/div><\/article>\n<article id=\"blog-3-post-48013\" class=\"fusion-post-medium-alternate post-48013 post type-post status-publish format-standard has-post-thumbnail hentry category-deutschland category-regulierung\">\n<div class=\"fusion-date-and-formats\"><div class=\"fusion-date-box updated\"><span class=\"fusion-date\">24<\/span><span class=\"fusion-month-year\">08, 2026<\/span><\/div><div class=\"fusion-format-box\"><i class=\"fusion-icon-pen\" aria-hidden=\"true\"><\/i><\/div><\/div>\t<style type=\"text\/css\">\n\t\t\n\t\t\n\t\t\n\t\t\n\t\t\t<\/style>\n\n\n\t\t\t<div class=\"fusion-flexslider flexslider fusion-flexslider-loading fusion-post-slideshow\" style=\"\">\n\t\t<ul class=\"slides\">\n\t\t\t\n\t\t\t\t\t\t\t\t\t\t\t\t\t\t<li>\n\n<div  class=\"fusion-image-wrapper fusion-image-size-fixed\" aria-haspopup=\"true\">\n\t\n\t\n\t\t\t\n\t\t\t\t<a href=\"https:\/\/balticwind.eu\/de\/deutschlands-netz-und-kapazitaetspaket-geraet-juristisch-von-mehreren-seiten-unter-druck\/\" aria-label=\"Deutschlands Netz- und Kapazit\u00e4tspaket ger\u00e4t juristisch von mehreren Seiten unter Druck\">\n\t\t\n\t\t\n\t\t\t\t\t<img decoding=\"async\" width=\"320\" height=\"202\" src=\"https:\/\/balticwind.eu\/wp-content\/uploads\/2026\/08\/germany-grid-capacity-package-constitutional-eu-law-challenges-320x202.jpg\" class=\"attachment-blog-medium size-blog-medium lazyload wp-post-image\" alt=\"\" srcset=\"data:image\/svg+xml,%3Csvg%20xmlns%3D%27http%3A%2F%2Fwww.w3.org%2F2000%2Fsvg%27%20width%3D%271600%27%20height%3D%27900%27%20viewBox%3D%270%200%201600%20900%27%3E%3Crect%20width%3D%271600%27%20height%3D%27900%27%20fill-opacity%3D%220%22%2F%3E%3C%2Fsvg%3E\" data-orig-src=\"https:\/\/balticwind.eu\/wp-content\/uploads\/2026\/08\/germany-grid-capacity-package-constitutional-eu-law-challenges-320x202.jpg\" data-srcset=\"https:\/\/balticwind.eu\/wp-content\/uploads\/2026\/08\/germany-grid-capacity-package-constitutional-eu-law-challenges-320x202.jpg 320w, https:\/\/balticwind.eu\/wp-content\/uploads\/2026\/08\/germany-grid-capacity-package-constitutional-eu-law-challenges-700x441.jpg 700w\" data-sizes=\"auto\" \/>\n\t\n\n\n\t\t\t\t<\/a>\n\t\t\n\t\n<\/div>\n<\/li>\n\t\t\t\n\t\t\t\n\t\t\t\t\t\t\t\t\t\t\t\t\t\t\t\t\t\t\t\t\t\t\t\t\t\t\t\t\t\t\t\t\t\t\t\t\t\t\t\t\t\t\t\t\t\t\t\t\t\t\t\t\t\t\t\t\t\t\t\t\t\t\t\t\t\t\t\t<\/ul>\n\t<\/div>\n\t<div class=\"fusion-post-content post-content\"><h2 class=\"blog-shortcode-post-title entry-title\"><a href=\"https:\/\/balticwind.eu\/de\/deutschlands-netz-und-kapazitaetspaket-geraet-juristisch-von-mehreren-seiten-unter-druck\/\">Deutschlands Netz- und Kapazit\u00e4tspaket ger\u00e4t juristisch von mehreren Seiten unter Druck<\/a><\/h2><p class=\"fusion-single-line-meta\"><a href=\"https:\/\/balticwind.eu\/de\/category\/deutschland\/\" rel=\"category tag\">Deutschland<\/a>, <a href=\"https:\/\/balticwind.eu\/de\/category\/regulierung\/\" rel=\"category tag\">Regulierung<\/a><span class=\"fusion-inline-sep\">|<\/span><\/p><div class=\"fusion-post-content-container\"><p>Deutschlands Netzanschlusspaket steht unter Beschuss: Verfassungsgutachten, EU-rechtliche Zweifel, Kartellamtswarnung und eine EU-Beschwerde gegen das Kapazit\u00e4tsmarktgesetz.<\/p><\/div><\/div><div class=\"fusion-clearfix\"><\/div><\/article>\n<article id=\"blog-3-post-47995\" class=\"fusion-post-medium-alternate post-47995 post type-post status-publish format-standard has-post-thumbnail hentry category-deutschland category-offshore-wind-aktuell category-projekte\">\n<div class=\"fusion-date-and-formats\"><div class=\"fusion-date-box updated\"><span class=\"fusion-date\">24<\/span><span class=\"fusion-month-year\">08, 2026<\/span><\/div><div class=\"fusion-format-box\"><i class=\"fusion-icon-pen\" aria-hidden=\"true\"><\/i><\/div><\/div>\t<style type=\"text\/css\">\n\t\t\n\t\t\n\t\t\n\t\t\n\t\t\t<\/style>\n\n\n\t\t\t<div class=\"fusion-flexslider flexslider fusion-flexslider-loading fusion-post-slideshow\" style=\"\">\n\t\t<ul class=\"slides\">\n\t\t\t\n\t\t\t\t\t\t\t\t\t\t\t\t\t\t<li>\n\n<div  class=\"fusion-image-wrapper fusion-image-size-fixed\" aria-haspopup=\"true\">\n\t\n\t\n\t\t\t\n\t\t\t\t<a href=\"https:\/\/balticwind.eu\/de\/enbw-schliesst-turbineninstallation-im-groessten-deutschen-offshore-windpark-ab\/\" aria-label=\"EnBW schlie\u00dft Turbineninstallation im gr\u00f6\u00dften deutschen Offshore-Windpark ab\">\n\t\t\n\t\t\n\t\t\t\t\t<img decoding=\"async\" width=\"320\" height=\"202\" src=\"https:\/\/balticwind.eu\/wp-content\/uploads\/2026\/08\/enbw-he-dreiht-all-64-turbines-installed-germany-largest-offshore-320x202.jpg\" class=\"attachment-blog-medium size-blog-medium lazyload wp-post-image\" alt=\"\" srcset=\"data:image\/svg+xml,%3Csvg%20xmlns%3D%27http%3A%2F%2Fwww.w3.org%2F2000%2Fsvg%27%20width%3D%271600%27%20height%3D%27900%27%20viewBox%3D%270%200%201600%20900%27%3E%3Crect%20width%3D%271600%27%20height%3D%27900%27%20fill-opacity%3D%220%22%2F%3E%3C%2Fsvg%3E\" data-orig-src=\"https:\/\/balticwind.eu\/wp-content\/uploads\/2026\/08\/enbw-he-dreiht-all-64-turbines-installed-germany-largest-offshore-320x202.jpg\" data-srcset=\"https:\/\/balticwind.eu\/wp-content\/uploads\/2026\/08\/enbw-he-dreiht-all-64-turbines-installed-germany-largest-offshore-320x202.jpg 320w, https:\/\/balticwind.eu\/wp-content\/uploads\/2026\/08\/enbw-he-dreiht-all-64-turbines-installed-germany-largest-offshore-700x441.jpg 700w\" data-sizes=\"auto\" \/>\n\t\n\n\n\t\t\t\t<\/a>\n\t\t\n\t\n<\/div>\n<\/li>\n\t\t\t\n\t\t\t\n\t\t\t\t\t\t\t\t\t\t\t\t\t\t\t\t\t\t\t\t\t\t\t\t\t\t\t\t\t\t\t\t\t\t\t\t\t\t\t\t\t\t\t\t\t\t\t\t\t\t\t\t\t\t\t\t\t\t\t\t\t\t\t\t\t\t\t\t<\/ul>\n\t<\/div>\n\t<div class=\"fusion-post-content post-content\"><h2 class=\"blog-shortcode-post-title entry-title\"><a href=\"https:\/\/balticwind.eu\/de\/enbw-schliesst-turbineninstallation-im-groessten-deutschen-offshore-windpark-ab\/\">EnBW schlie\u00dft Turbineninstallation im gr\u00f6\u00dften deutschen Offshore-Windpark ab<\/a><\/h2><p class=\"fusion-single-line-meta\"><a href=\"https:\/\/balticwind.eu\/de\/category\/deutschland\/\" rel=\"category tag\">Deutschland<\/a>, <a href=\"https:\/\/balticwind.eu\/de\/category\/offshore-wind-aktuell\/\" rel=\"category tag\">Offshore-Wind Aktuell<\/a>, <a href=\"https:\/\/balticwind.eu\/de\/category\/projekte\/\" rel=\"category tag\">Projekte<\/a><span class=\"fusion-inline-sep\">|<\/span><\/p><div class=\"fusion-post-content-container\"><p>Alle 64 Vestas-15-MW-Anlagen im 960-MW-Park He Dreiht sind installiert \u2014 Deutschlands gr\u00f6\u00dfter Offshore-Windpark, f\u00f6rderfrei und \u00fcber Unternehmens-PPAs abgesichert.<\/p><\/div><\/div><div class=\"fusion-clearfix\"><\/div><\/article>\n<article id=\"blog-3-post-47989\" class=\"fusion-post-medium-alternate post-47989 post type-post status-publish format-standard has-post-thumbnail hentry category-deutschland category-offshore-wind-aktuell category-regulierung\">\n<div class=\"fusion-date-and-formats\"><div class=\"fusion-date-box updated\"><span class=\"fusion-date\">24<\/span><span class=\"fusion-month-year\">08, 2026<\/span><\/div><div class=\"fusion-format-box\"><i class=\"fusion-icon-pen\" aria-hidden=\"true\"><\/i><\/div><\/div>\t<style type=\"text\/css\">\n\t\t\n\t\t\n\t\t\n\t\t\n\t\t\t<\/style>\n\n\n\t\t\t<div class=\"fusion-flexslider flexslider fusion-flexslider-loading fusion-post-slideshow\" style=\"\">\n\t\t<ul class=\"slides\">\n\t\t\t\n\t\t\t\t\t\t\t\t\t\t\t\t\t\t<li>\n\n<div  class=\"fusion-image-wrapper fusion-image-size-fixed\" aria-haspopup=\"true\">\n\t\n\t\n\t\t\t\n\t\t\t\t<a href=\"https:\/\/balticwind.eu\/de\/offshore-branche-draengt-nach-nullrunde-auf-differenzvertraege\/\" aria-label=\"Offshore-Branche dr\u00e4ngt nach Nullrunde auf Differenzvertr\u00e4ge\">\n\t\t\n\t\t\n\t\t\t\t\t<img decoding=\"async\" width=\"320\" height=\"202\" src=\"https:\/\/balticwind.eu\/wp-content\/uploads\/2026\/08\/germany-windseeg-amendment-contracts-for-difference-zero-bid-round-320x202.jpg\" class=\"attachment-blog-medium size-blog-medium lazyload wp-post-image\" alt=\"\" srcset=\"data:image\/svg+xml,%3Csvg%20xmlns%3D%27http%3A%2F%2Fwww.w3.org%2F2000%2Fsvg%27%20width%3D%271600%27%20height%3D%27900%27%20viewBox%3D%270%200%201600%20900%27%3E%3Crect%20width%3D%271600%27%20height%3D%27900%27%20fill-opacity%3D%220%22%2F%3E%3C%2Fsvg%3E\" data-orig-src=\"https:\/\/balticwind.eu\/wp-content\/uploads\/2026\/08\/germany-windseeg-amendment-contracts-for-difference-zero-bid-round-320x202.jpg\" data-srcset=\"https:\/\/balticwind.eu\/wp-content\/uploads\/2026\/08\/germany-windseeg-amendment-contracts-for-difference-zero-bid-round-320x202.jpg 320w, https:\/\/balticwind.eu\/wp-content\/uploads\/2026\/08\/germany-windseeg-amendment-contracts-for-difference-zero-bid-round-700x441.jpg 700w\" data-sizes=\"auto\" \/>\n\t\n\n\n\t\t\t\t<\/a>\n\t\t\n\t\n<\/div>\n<\/li>\n\t\t\t\n\t\t\t\n\t\t\t\t\t\t\t\t\t\t\t\t\t\t\t\t\t\t\t\t\t\t\t\t\t\t\t\t\t\t\t\t\t\t\t\t\t\t\t\t\t\t\t\t\t\t\t\t\t\t\t\t\t\t\t\t\t\t\t\t\t\t\t\t\t\t\t\t<\/ul>\n\t<\/div>\n\t<div class=\"fusion-post-content post-content\"><h2 class=\"blog-shortcode-post-title entry-title\"><a href=\"https:\/\/balticwind.eu\/de\/offshore-branche-draengt-nach-nullrunde-auf-differenzvertraege\/\">Offshore-Branche dr\u00e4ngt nach Nullrunde auf Differenzvertr\u00e4ge<\/a><\/h2><p class=\"fusion-single-line-meta\"><a href=\"https:\/\/balticwind.eu\/de\/category\/deutschland\/\" rel=\"category tag\">Deutschland<\/a>, <a href=\"https:\/\/balticwind.eu\/de\/category\/offshore-wind-aktuell\/\" rel=\"category tag\">Offshore-Wind Aktuell<\/a>, <a href=\"https:\/\/balticwind.eu\/de\/category\/regulierung\/\" rel=\"category tag\">Regulierung<\/a><span class=\"fusion-inline-sep\">|<\/span><\/p><div class=\"fusion-post-content-container\"><p>Nach der Nullrunde sieht der WindSeeG-Entwurf 2.000-4.800 MW Jahresvolumen, zweiseitige CfD und 35 Jahre Betriebsdauer vor. Der Branche reicht das nicht.<\/p><\/div><\/div><div class=\"fusion-clearfix\"><\/div><\/article>\n<article id=\"blog-3-post-47965\" class=\"fusion-post-medium-alternate post-47965 post type-post status-publish format-standard has-post-thumbnail hentry category-deutschland category-meinungen category-regulierung\">\n<div class=\"fusion-date-and-formats\"><div class=\"fusion-date-box updated\"><span class=\"fusion-date\">24<\/span><span class=\"fusion-month-year\">08, 2026<\/span><\/div><div class=\"fusion-format-box\"><i class=\"fusion-icon-pen\" aria-hidden=\"true\"><\/i><\/div><\/div>\t<style type=\"text\/css\">\n\t\t\n\t\t\n\t\t\n\t\t\n\t\t\t<\/style>\n\n\n\t\t\t<div class=\"fusion-flexslider flexslider fusion-flexslider-loading fusion-post-slideshow\" style=\"\">\n\t\t<ul class=\"slides\">\n\t\t\t\n\t\t\t\t\t\t\t\t\t\t\t\t\t\t<li>\n\n<div  class=\"fusion-image-wrapper fusion-image-size-fixed\" aria-haspopup=\"true\">\n\t\n\t\n\t\t\t\n\t\t\t\t<a href=\"https:\/\/balticwind.eu\/de\/iwr-analyse-reiches-kurs-bringt-industrie-und-verbrauchern-hoehere-strompreise\/\" aria-label=\"IWR-Analyse: Reiches Kurs bringt Industrie und Verbrauchern h\u00f6here Strompreise\">\n\t\t\n\t\t\n\t\t\t\t\t<img decoding=\"async\" width=\"320\" height=\"202\" src=\"https:\/\/balticwind.eu\/wp-content\/uploads\/2026\/08\/iwr-analysis-german-energy-policy-higher-power-prices-320x202.jpg\" class=\"attachment-blog-medium size-blog-medium lazyload wp-post-image\" alt=\"\" srcset=\"data:image\/svg+xml,%3Csvg%20xmlns%3D%27http%3A%2F%2Fwww.w3.org%2F2000%2Fsvg%27%20width%3D%272048%27%20height%3D%271365%27%20viewBox%3D%270%200%202048%201365%27%3E%3Crect%20width%3D%272048%27%20height%3D%271365%27%20fill-opacity%3D%220%22%2F%3E%3C%2Fsvg%3E\" data-orig-src=\"https:\/\/balticwind.eu\/wp-content\/uploads\/2026\/08\/iwr-analysis-german-energy-policy-higher-power-prices-320x202.jpg\" data-srcset=\"https:\/\/balticwind.eu\/wp-content\/uploads\/2026\/08\/iwr-analysis-german-energy-policy-higher-power-prices-320x202.jpg 320w, https:\/\/balticwind.eu\/wp-content\/uploads\/2026\/08\/iwr-analysis-german-energy-policy-higher-power-prices-700x441.jpg 700w\" data-sizes=\"auto\" \/>\n\t\n\n\n\t\t\t\t<\/a>\n\t\t\n\t\n<\/div>\n<\/li>\n\t\t\t\n\t\t\t\n\t\t\t\t\t\t\t\t\t\t\t\t\t\t\t\t\t\t\t\t\t\t\t\t\t\t\t\t\t\t\t\t\t\t\t\t\t\t\t\t\t\t\t\t\t\t\t\t\t\t\t\t\t\t\t\t\t\t\t\t\t\t\t\t\t\t\t\t<\/ul>\n\t<\/div>\n\t<div class=\"fusion-post-content post-content\"><h2 class=\"blog-shortcode-post-title entry-title\"><a href=\"https:\/\/balticwind.eu\/de\/iwr-analyse-reiches-kurs-bringt-industrie-und-verbrauchern-hoehere-strompreise\/\">IWR-Analyse: Reiches Kurs bringt Industrie und Verbrauchern h\u00f6here Strompreise<\/a><\/h2><p class=\"fusion-single-line-meta\"><a href=\"https:\/\/balticwind.eu\/de\/category\/deutschland\/\" rel=\"category tag\">Deutschland<\/a>, <a href=\"https:\/\/balticwind.eu\/de\/category\/meinungen\/\" rel=\"category tag\">Meinungen<\/a>, <a href=\"https:\/\/balticwind.eu\/de\/category\/regulierung\/\" rel=\"category tag\">Regulierung<\/a><span class=\"fusion-inline-sep\">|<\/span><\/p><div class=\"fusion-post-content-container\"><p>Eine IWR-Analyse argumentiert, dass Kapazit\u00e4tsmarkt, EEG-Novelle und Netzanschlusspaket die Systemsteuerung zu regulierten Monopolen verschieben und die Strompreise eher steigen lassen.<\/p><\/div><\/div><div class=\"fusion-clearfix\"><\/div><\/article>\n<\/div><div class=\"fusion-infinite-scroll-trigger\"><\/div><div class=\"pagination infinite-scroll clearfix\" style=\"display:none;\"><span class=\"current\">1<\/span><a href=\"https:\/\/balticwind.eu\/de\/wp-json\/wp\/v2\/pages\/47695\/page\/2\/\" class=\"inactive\">2<\/a><a class=\"pagination-next\" rel=\"next\" href=\"https:\/\/balticwind.eu\/de\/wp-json\/wp\/v2\/pages\/47695\/page\/2\/\"><span class=\"page-text\">Next<\/span><span class=\"page-next\"><\/span><\/a><\/div><div class=\"fusion-clearfix\"><\/div><button class=\"fusion-load-more-button fusion-blog-button fusion-clearfix\">Load More Posts<\/button><\/div><div class=\"fusion-separator fusion-full-width-sep\" style=\"align-self: center;margin-left: auto;margin-right: auto;margin-bottom:10px;width:100%;max-width:100%;\"><div class=\"fusion-separator-border sep-single sep-solid\" style=\"border-color:#1f2a3b;border-top-width:12px;\"><\/div><\/div><\/div><style type=\"text\/css\">.fusion-body .fusion-builder-nested-column-0{width:66.666666666667% !important;margin-top : 0px;margin-bottom : 20px;}.fusion-builder-nested-column-0 > .fusion-column-wrapper {padding-top : 0px !important;padding-right : 0px !important;margin-right : 2.88%;padding-bottom : 0px !important;padding-left : 0px !important;margin-left : 2.88%;}@media only screen and (max-width:1024px) {.fusion-body .fusion-builder-nested-column-0{width:100% !important;order : 0;}.fusion-builder-nested-column-0 > .fusion-column-wrapper {margin-right : 1.92%;margin-left : 1.92%;}}@media only screen and (max-width:640px) {.fusion-body .fusion-builder-nested-column-0{width:100% !important;order : 0;}.fusion-builder-nested-column-0 > .fusion-column-wrapper {margin-right : 1.92%;margin-left : 1.92%;}}<\/style><\/div><div class=\"fusion-layout-column fusion_builder_column_inner fusion-builder-nested-column-1 fusion_builder_column_inner_1_3 1_3 fusion-flex-column\"><div class=\"fusion-column-wrapper fusion-flex-justify-content-flex-start fusion-content-layout-column\" style=\"background-position:left top;background-repeat:no-repeat;-webkit-background-size:cover;-moz-background-size:cover;-o-background-size:cover;background-size:cover;padding: 0px 0px 0px 0px;\"><div class=\"fusion-separator\" style=\"align-self: center;margin-left: auto;margin-right: auto;margin-bottom:10px;width:100%;max-width:80%;\"><div class=\"fusion-separator-border sep-single sep-solid\" style=\"border-color:#1f2a3b;border-top-width:12px;\"><\/div><\/div><style type=\"text\/css\">@media only screen and (max-width:1024px) {.fusion-title.fusion-title-5{margin-top:20px!important; margin-right:0px!important;margin-bottom:20px!important;margin-left:0px!important;}}@media only screen and (max-width:640px) {.fusion-title.fusion-title-5{margin-top:0px!important; margin-right:0px!important;margin-bottom:20px!important; margin-left:0px!important;}}<\/style><div class=\"fusion-title title fusion-title-5 fusion-title-center fusion-title-text fusion-title-size-two\" style=\"font-size:28px;margin-top:20px;margin-right:0px;margin-bottom:20px;margin-left:0px;\"><div class=\"title-sep-container title-sep-container-left\"><div class=\"title-sep sep-\" style=\"border-color:#eaeaea;\"><\/div><\/div><h2 class=\"title-heading-center fusion-responsive-typography-calculated\" style=\"margin:0;font-size:1em;--fontSize:28;line-height:1.00;\">STRATEGISCHE PARTNER<\/h2><div class=\"title-sep-container title-sep-container-right\"><div class=\"title-sep sep-\" style=\"border-color:#eaeaea;\"><\/div><\/div><\/div><div style=\"text-align:center;\"><span class=\" fusion-imageframe imageframe-none imageframe-1 hover-type-none\" style=\"width:100%;max-width:43%;margin-top:0px;margin-bottom:20px;\"><a class=\"fusion-no-lightbox\" href=\"https:\/\/www.balticpower.pl\/en\/\" target=\"_blank\" aria-label=\"Logo_Baltic_Power+ORLEN+NP_NEW_rgb_mono-01\" rel=\"noopener noreferrer\"><img decoding=\"async\" width=\"396\" height=\"432\" src=\"data:image\/svg+xml,%3Csvg%20xmlns%3D%27http%3A%2F%2Fwww.w3.org%2F2000%2Fsvg%27%20width%3D%27396%27%20height%3D%27432%27%20viewBox%3D%270%200%20396%20432%27%3E%3Crect%20width%3D%27396%27%20height%3D%27432%27%20fill-opacity%3D%220%22%2F%3E%3C%2Fsvg%3E\" data-orig-src=\"https:\/\/balticwind.eu\/wp-content\/uploads\/2023\/01\/Logo_Baltic_PowerORLENNP_NEW_rgb_mono-01.svg\" class=\"lazyload img-responsive wp-image-34521\"\/><\/a><\/span><\/div><div style=\"text-align:center;\"><span class=\" fusion-imageframe imageframe-none imageframe-2 hover-type-none\" style=\"width:100%;max-width:43%;margin-top:0px;margin-bottom:20px;\"><a class=\"fusion-no-lightbox\" href=\"https:\/\/neptun.orlen.pl\/en\" target=\"_blank\" aria-label=\"ORLEN Neptun LOGO RGB\" rel=\"noopener noreferrer\"><img decoding=\"async\" width=\"1814\" height=\"702\" src=\"https:\/\/balticwind.eu\/wp-content\/uploads\/2023\/04\/ORLEN-Neptun-LOGO-RGB.png\" data-orig-src=\"https:\/\/balticwind.eu\/wp-content\/uploads\/2023\/04\/ORLEN-Neptun-LOGO-RGB.png\" class=\"lazyload img-responsive wp-image-34862\" srcset=\"data:image\/svg+xml,%3Csvg%20xmlns%3D%27http%3A%2F%2Fwww.w3.org%2F2000%2Fsvg%27%20width%3D%271814%27%20height%3D%27702%27%20viewBox%3D%270%200%201814%20702%27%3E%3Crect%20width%3D%271814%27%20height%3D%27702%27%20fill-opacity%3D%220%22%2F%3E%3C%2Fsvg%3E\" data-srcset=\"https:\/\/balticwind.eu\/wp-content\/uploads\/2023\/04\/ORLEN-Neptun-LOGO-RGB-200x77.png 200w, https:\/\/balticwind.eu\/wp-content\/uploads\/2023\/04\/ORLEN-Neptun-LOGO-RGB-400x155.png 400w, https:\/\/balticwind.eu\/wp-content\/uploads\/2023\/04\/ORLEN-Neptun-LOGO-RGB-600x232.png 600w, https:\/\/balticwind.eu\/wp-content\/uploads\/2023\/04\/ORLEN-Neptun-LOGO-RGB-800x310.png 800w, https:\/\/balticwind.eu\/wp-content\/uploads\/2023\/04\/ORLEN-Neptun-LOGO-RGB-1200x464.png 1200w, https:\/\/balticwind.eu\/wp-content\/uploads\/2023\/04\/ORLEN-Neptun-LOGO-RGB.png 1814w\" data-sizes=\"auto\" data-orig-sizes=\"(max-width: 1024px) 100vw, (max-width: 640px) 100vw, 400px\" \/><\/a><\/span><\/div><div style=\"text-align:center;\"><span class=\" fusion-imageframe imageframe-none imageframe-3 hover-type-none\" style=\"width:100%;max-width:43%;margin-top:0px;margin-bottom:20px;\"><a class=\"fusion-no-lightbox\" href=\"https:\/\/pgebaltica.pl\/en\/home\" target=\"_blank\" aria-label=\"logo-PGE-BALTICA-pion-RGB\" rel=\"noopener noreferrer\"><img decoding=\"async\" width=\"777\" height=\"574\" src=\"https:\/\/balticwind.eu\/wp-content\/uploads\/2025\/02\/logo-PGE-BALTICA-pion-RGB.jpg\" data-orig-src=\"https:\/\/balticwind.eu\/wp-content\/uploads\/2025\/02\/logo-PGE-BALTICA-pion-RGB.jpg\" class=\"lazyload img-responsive wp-image-41780\" srcset=\"data:image\/svg+xml,%3Csvg%20xmlns%3D%27http%3A%2F%2Fwww.w3.org%2F2000%2Fsvg%27%20width%3D%27777%27%20height%3D%27574%27%20viewBox%3D%270%200%20777%20574%27%3E%3Crect%20width%3D%27777%27%20height%3D%27574%27%20fill-opacity%3D%220%22%2F%3E%3C%2Fsvg%3E\" data-srcset=\"https:\/\/balticwind.eu\/wp-content\/uploads\/2025\/02\/logo-PGE-BALTICA-pion-RGB-200x148.jpg 200w, https:\/\/balticwind.eu\/wp-content\/uploads\/2025\/02\/logo-PGE-BALTICA-pion-RGB-400x295.jpg 400w, https:\/\/balticwind.eu\/wp-content\/uploads\/2025\/02\/logo-PGE-BALTICA-pion-RGB-600x443.jpg 600w, https:\/\/balticwind.eu\/wp-content\/uploads\/2025\/02\/logo-PGE-BALTICA-pion-RGB.jpg 777w\" data-sizes=\"auto\" data-orig-sizes=\"(max-width: 1024px) 100vw, (max-width: 640px) 100vw, 400px\" \/><\/a><\/span><\/div><div class=\"fusion-separator\" style=\"align-self: center;margin-left: auto;margin-right: auto;margin-bottom:10px;width:100%;max-width:80%;\"><\/div><\/div><style type=\"text\/css\">.fusion-body .fusion-builder-nested-column-1{width:33.333333333333% !important;margin-top : 0px;margin-bottom : 20px;}.fusion-builder-nested-column-1 > .fusion-column-wrapper {padding-top : 0px !important;padding-right : 0px !important;margin-right : 5.76%;padding-bottom : 0px !important;padding-left : 0px !important;margin-left : 5.76%;}@media only screen and (max-width:1024px) {.fusion-body .fusion-builder-nested-column-1{width:100% !important;order : 0;}.fusion-builder-nested-column-1 > .fusion-column-wrapper {margin-right : 1.92%;margin-left : 1.92%;}}@media only screen and (max-width:640px) {.fusion-body .fusion-builder-nested-column-1{width:100% !important;order : 0;}.fusion-builder-nested-column-1 > .fusion-column-wrapper {margin-right : 1.92%;margin-left : 1.92%;}}<\/style><\/div><\/div><\/div><style type=\"text\/css\">.fusion-body .fusion-builder-column-5{width:100% !important;margin-top : 0px;margin-bottom : 20px;}.fusion-builder-column-5 > .fusion-column-wrapper {padding-top : 0px !important;padding-right : 0px !important;margin-right : 1.92%;padding-bottom : 0px !important;padding-left : 0px !important;margin-left : 1.92%;}@media only screen and (max-width:1024px) {.fusion-body .fusion-builder-column-5{width:100% !important;order : 0;}.fusion-builder-column-5 > .fusion-column-wrapper {margin-right : 1.92%;margin-left : 1.92%;}}@media only screen and (max-width:640px) {.fusion-body .fusion-builder-column-5{width:100% !important;order : 0;}.fusion-builder-column-5 > .fusion-column-wrapper {margin-right : 1.92%;margin-left : 1.92%;}}<\/style><\/div><\/div><style type=\"text\/css\">.fusion-body .fusion-flex-container.fusion-builder-row-6{ padding-top : 5px;margin-top : 0px;padding-right : 0px;padding-bottom : 0px;margin-bottom : 0px;padding-left : 0px;}<\/style><\/div><div class=\"fusion-fullwidth fullwidth-box fusion-builder-row-7 fusion-flex-container nonhundred-percent-fullwidth non-hundred-percent-height-scrolling fusion-no-large-visibility\" style=\"background-color: rgba(255,255,255,0);background-position: center center;background-repeat: no-repeat;border-width: 0px 0px 0px 0px;border-color:#eaeaea;border-style:solid;\" ><div class=\"fusion-builder-row fusion-row fusion-flex-align-items-flex-start fusion-flex-align-content-space-evenly\" style=\"max-width:1289.6px;margin-left: calc(-4% \/ 2 );margin-right: calc(-4% \/ 2 );\"><div class=\"fusion-layout-column fusion_builder_column fusion-builder-column-6 fusion_builder_column_1_1 1_1 fusion-flex-column fusion-flex-align-self-center\"><div class=\"fusion-column-wrapper fusion-flex-justify-content-center fusion-content-layout-column\" style=\"background-position:left top;background-repeat:no-repeat;-webkit-background-size:cover;-moz-background-size:cover;-o-background-size:cover;background-size:cover;padding: 20px 0px 50px 0px;\"><div class=\"fusion-separator\" style=\"align-self: center;margin-left: auto;margin-right: auto;margin-bottom:10px;width:100%;max-width:80%;\"><div class=\"fusion-separator-border sep-single sep-solid\" style=\"border-color:#1f2a3b;border-top-width:12px;\"><\/div><\/div><style type=\"text\/css\">@media only screen and (max-width:1024px) {.fusion-title.fusion-title-6{margin-top:20px!important; margin-right:0px!important;margin-bottom:20px!important;margin-left:0px!important;}}@media only screen and (max-width:640px) {.fusion-title.fusion-title-6{margin-top:0px!important; margin-right:0px!important;margin-bottom:20px!important; margin-left:0px!important;}}<\/style><div class=\"fusion-title title fusion-title-6 fusion-title-center fusion-title-text fusion-title-size-four\" style=\"margin-top:20px;margin-right:0px;margin-bottom:20px;margin-left:0px;\"><div class=\"title-sep-container title-sep-container-left\"><div class=\"title-sep sep-\" style=\"border-color:#eaeaea;\"><\/div><\/div><h4 class=\"title-heading-center fusion-responsive-typography-calculated\" style=\"margin:0;--fontSize:18;line-height:1.0;\">STRATEGISCHE PARTNER<\/h4><div class=\"title-sep-container title-sep-container-right\"><div class=\"title-sep sep-\" style=\"border-color:#eaeaea;\"><\/div><\/div><\/div><div class=\"fusion-separator\" style=\"align-self: center;margin-left: auto;margin-right: auto;margin-bottom:10px;width:100%;max-width:80%;\"><\/div><div style=\"text-align:center;\"><span class=\" fusion-imageframe imageframe-none imageframe-4 hover-type-none\" style=\"width:100%;max-width:43%;margin-top:0px;margin-bottom:20px;\"><a class=\"fusion-no-lightbox\" href=\"https:\/\/www.balticpower.pl\/en\/\" target=\"_blank\" aria-label=\"Logo_Baltic_Power+ORLEN+NP_NEW_rgb_mono-01\" rel=\"noopener noreferrer\"><img decoding=\"async\" width=\"396\" height=\"432\" src=\"data:image\/svg+xml,%3Csvg%20xmlns%3D%27http%3A%2F%2Fwww.w3.org%2F2000%2Fsvg%27%20width%3D%27396%27%20height%3D%27432%27%20viewBox%3D%270%200%20396%20432%27%3E%3Crect%20width%3D%27396%27%20height%3D%27432%27%20fill-opacity%3D%220%22%2F%3E%3C%2Fsvg%3E\" data-orig-src=\"https:\/\/balticwind.eu\/wp-content\/uploads\/2023\/01\/Logo_Baltic_PowerORLENNP_NEW_rgb_mono-01.svg\" class=\"lazyload img-responsive wp-image-34521\"\/><\/a><\/span><\/div><div style=\"text-align:center;\"><span class=\" fusion-imageframe imageframe-none imageframe-5 hover-type-none\" style=\"width:100%;max-width:43%;margin-top:0px;margin-bottom:20px;\"><a class=\"fusion-no-lightbox\" href=\"https:\/\/neptun.orlen.pl\/en\" target=\"_blank\" aria-label=\"ORLEN Neptun LOGO RGB\" rel=\"noopener noreferrer\"><img decoding=\"async\" width=\"1814\" height=\"702\" src=\"https:\/\/balticwind.eu\/wp-content\/uploads\/2023\/04\/ORLEN-Neptun-LOGO-RGB.png\" data-orig-src=\"https:\/\/balticwind.eu\/wp-content\/uploads\/2023\/04\/ORLEN-Neptun-LOGO-RGB.png\" class=\"lazyload img-responsive wp-image-34862\" srcset=\"data:image\/svg+xml,%3Csvg%20xmlns%3D%27http%3A%2F%2Fwww.w3.org%2F2000%2Fsvg%27%20width%3D%271814%27%20height%3D%27702%27%20viewBox%3D%270%200%201814%20702%27%3E%3Crect%20width%3D%271814%27%20height%3D%27702%27%20fill-opacity%3D%220%22%2F%3E%3C%2Fsvg%3E\" data-srcset=\"https:\/\/balticwind.eu\/wp-content\/uploads\/2023\/04\/ORLEN-Neptun-LOGO-RGB-200x77.png 200w, https:\/\/balticwind.eu\/wp-content\/uploads\/2023\/04\/ORLEN-Neptun-LOGO-RGB-400x155.png 400w, https:\/\/balticwind.eu\/wp-content\/uploads\/2023\/04\/ORLEN-Neptun-LOGO-RGB-600x232.png 600w, https:\/\/balticwind.eu\/wp-content\/uploads\/2023\/04\/ORLEN-Neptun-LOGO-RGB-800x310.png 800w, https:\/\/balticwind.eu\/wp-content\/uploads\/2023\/04\/ORLEN-Neptun-LOGO-RGB-1200x464.png 1200w, https:\/\/balticwind.eu\/wp-content\/uploads\/2023\/04\/ORLEN-Neptun-LOGO-RGB.png 1814w\" data-sizes=\"auto\" data-orig-sizes=\"(max-width: 1024px) 100vw, (max-width: 640px) 100vw, 1814px\" \/><\/a><\/span><\/div><div style=\"text-align:center;\"><span class=\" fusion-imageframe imageframe-none imageframe-6 hover-type-none\" style=\"width:100%;max-width:43%;margin-top:0px;margin-bottom:20px;\"><a class=\"fusion-no-lightbox\" href=\"https:\/\/pgebaltica.pl\/en\/home\" target=\"_blank\" aria-label=\"logo-PGE-BALTICA-pion-RGB\" rel=\"noopener noreferrer\"><img decoding=\"async\" width=\"777\" height=\"574\" src=\"https:\/\/balticwind.eu\/wp-content\/uploads\/2025\/02\/logo-PGE-BALTICA-pion-RGB.jpg\" data-orig-src=\"https:\/\/balticwind.eu\/wp-content\/uploads\/2025\/02\/logo-PGE-BALTICA-pion-RGB.jpg\" class=\"lazyload img-responsive wp-image-41780\" srcset=\"data:image\/svg+xml,%3Csvg%20xmlns%3D%27http%3A%2F%2Fwww.w3.org%2F2000%2Fsvg%27%20width%3D%27777%27%20height%3D%27574%27%20viewBox%3D%270%200%20777%20574%27%3E%3Crect%20width%3D%27777%27%20height%3D%27574%27%20fill-opacity%3D%220%22%2F%3E%3C%2Fsvg%3E\" data-srcset=\"https:\/\/balticwind.eu\/wp-content\/uploads\/2025\/02\/logo-PGE-BALTICA-pion-RGB-200x148.jpg 200w, https:\/\/balticwind.eu\/wp-content\/uploads\/2025\/02\/logo-PGE-BALTICA-pion-RGB-400x295.jpg 400w, https:\/\/balticwind.eu\/wp-content\/uploads\/2025\/02\/logo-PGE-BALTICA-pion-RGB-600x443.jpg 600w, https:\/\/balticwind.eu\/wp-content\/uploads\/2025\/02\/logo-PGE-BALTICA-pion-RGB.jpg 777w\" data-sizes=\"auto\" data-orig-sizes=\"(max-width: 1024px) 100vw, (max-width: 640px) 100vw, 777px\" \/><\/a><\/span><\/div><\/div><style type=\"text\/css\">.fusion-body .fusion-builder-column-6{width:100% !important;margin-top : 0px;margin-bottom : 20px;}.fusion-builder-column-6 > .fusion-column-wrapper {padding-top : 20px !important;padding-right : 0px !important;margin-right : 1.92%;padding-bottom : 50px !important;padding-left : 0px !important;margin-left : 1.92%;}@media only screen and (max-width:1024px) {.fusion-body .fusion-builder-column-6{width:100% !important;order : 0;}.fusion-builder-column-6 > .fusion-column-wrapper {margin-right : 1.92%;margin-left : 1.92%;}}@media only screen and (max-width:640px) {.fusion-body .fusion-builder-column-6{width:100% !important;order : 0;}.fusion-builder-column-6 > .fusion-column-wrapper {margin-right : 1.92%;margin-left : 1.92%;}}<\/style><\/div><\/div><style type=\"text\/css\">.fusion-body .fusion-flex-container.fusion-builder-row-7{ padding-top : 0px;margin-top : 0px;padding-right : 0px;padding-bottom : 0px;margin-bottom : 0px;padding-left : 0px;}<\/style><\/div>\n<div class=\"fusion-fullwidth fullwidth-box fusion-builder-row-8 fusion-flex-container nonhundred-percent-fullwidth non-hundred-percent-height-scrolling\" style=\"background-color: #d1ebfb;background-position: left top;background-repeat: no-repeat;border-width: 0px 0px 0px 0px;border-color:#eaeaea;border-style:solid;\" ><div class=\"fusion-builder-row fusion-row fusion-flex-align-items-flex-start\" style=\"max-width:1289.6px;margin-left: calc(-4% \/ 2 );margin-right: calc(-4% \/ 2 );\"><div class=\"fusion-layout-column fusion_builder_column fusion-builder-column-7 fusion_builder_column_1_6 1_6 fusion-flex-column fusion-no-small-visibility\"><div class=\"fusion-column-wrapper fusion-flex-justify-content-flex-start fusion-content-layout-column\" style=\"background-position:left top;background-repeat:no-repeat;-webkit-background-size:cover;-moz-background-size:cover;-o-background-size:cover;background-size:cover;padding: 0px 0px 0px 0px;\"><\/div><style type=\"text\/css\">.fusion-body .fusion-builder-column-7{width:16.666666666667% !important;margin-top : 0px;margin-bottom : 20px;}.fusion-builder-column-7 > .fusion-column-wrapper {padding-top : 0px !important;padding-right : 0px !important;margin-right : 11.52%;padding-bottom : 0px !important;padding-left : 0px !important;margin-left : 11.52%;}@media only screen and (max-width:1024px) {.fusion-body .fusion-builder-column-7{width:100% !important;}.fusion-builder-column-7 > .fusion-column-wrapper {margin-right : 1.92%;margin-left : 1.92%;}}@media only screen and (max-width:640px) {.fusion-body .fusion-builder-column-7{width:100% !important;}.fusion-builder-column-7 > .fusion-column-wrapper {margin-right : 1.92%;margin-left : 1.92%;}}<\/style><\/div><div class=\"fusion-layout-column fusion_builder_column fusion-builder-column-8 fusion_builder_column_2_3 2_3 fusion-flex-column\"><div class=\"fusion-column-wrapper fusion-flex-justify-content-flex-start fusion-content-layout-column\" style=\"background-position:left top;background-repeat:no-repeat;-webkit-background-size:cover;-moz-background-size:cover;-o-background-size:cover;background-size:cover;padding: 0px 0px 0px 0px;\"><style type=\"text\/css\">@media only screen and (max-width:1024px) {.fusion-title.fusion-title-7{margin-top:20px!important; margin-right:0px!important;margin-bottom:20px!important;margin-left:0px!important;}}@media only screen and (max-width:640px) {.fusion-title.fusion-title-7{margin-top:0px!important; margin-right:0px!important;margin-bottom:20px!important; margin-left:0px!important;}}<\/style><div class=\"fusion-title title fusion-title-7 fusion-title-center fusion-title-text fusion-title-size-three\" style=\"font-size:30px;margin-top:20px;margin-right:0px;margin-bottom:20px;margin-left:0px;\"><div class=\"title-sep-container title-sep-container-left\"><div class=\"title-sep sep-\" style=\"border-color:#eaeaea;\"><\/div><\/div><h3 class=\"title-heading-center fusion-responsive-typography-calculated\" style=\"font-family:&quot;Fira Sans&quot;;font-weight:400;margin:0;font-size:1em;--fontSize:30;line-height:1.33;\">Subscribe to our Newsletter<\/h3><div class=\"title-sep-container title-sep-container-right\"><div class=\"title-sep sep-\" style=\"border-color:#eaeaea;\"><\/div><\/div><\/div><div class=\"fusion-text fusion-text-1\"><script>(function() {\n\twindow.mc4wp = window.mc4wp || {\n\t\tlisteners: [],\n\t\tforms: {\n\t\t\ton: function(evt, cb) {\n\t\t\t\twindow.mc4wp.listeners.push(\n\t\t\t\t\t{\n\t\t\t\t\t\tevent   : evt,\n\t\t\t\t\t\tcallback: cb\n\t\t\t\t\t}\n\t\t\t\t);\n\t\t\t}\n\t\t}\n\t}\n})();\n<\/script><!-- Mailchimp for WordPress v4.9.11 - https:\/\/wordpress.org\/plugins\/mailchimp-for-wp\/ --><form id=\"mc4wp-form-1\" class=\"mc4wp-form mc4wp-form-3291\" method=\"post\" data-id=\"3291\" data-name=\"Newsletter\" ><div class=\"mc4wp-form-fields\"><div style=\"display: flex; justify-content: center; flex-direction: row; flex-wrap: wrap; min-height: 55px;\">\r\n<div class=\"flex-item-left\" style=\" display: flex;\r\n      align-items: center;\r\n      justify-content: center;\r\n      text-align: center;\r\n      flex: 1;\r\n      flex-direction: column; min-height: 55px;\">\r\n<p style=\"padding-right: 10px; width: 100%;\">\r\n\t<label> \r\n\t\t<input type=\"email\" name=\"EMAIL\" placeholder=\"Your email address\" required \/>\r\n<\/label>\r\n<\/p>\r\n  <\/div>\r\n<div class=\"flex-item-right\" style=\" display: flex;\r\n      align-items: center;\r\n      justify-content: center;\r\n      text-align: center;\r\n      flex: 1;\r\n      flex-direction: column;\">\r\n<p style=\"color: #000000; width: 100%;\">\r\n  <label>\r\n\t<input type=\"submit\" value=\"Sign up\" \/>\r\n    <\/label>\r\n<\/p>\r\n  <\/div>\r\n<\/div>\r\n<\/div><label style=\"display: none !important;\">Wenn du ein Mensch bist, lasse das Feld leer: <input type=\"text\" name=\"_mc4wp_honeypot\" value=\"\" tabindex=\"-1\" autocomplete=\"off\" \/><\/label><input type=\"hidden\" name=\"_mc4wp_timestamp\" value=\"1788452000\" \/><input type=\"hidden\" name=\"_mc4wp_form_id\" value=\"3291\" \/><input type=\"hidden\" name=\"_mc4wp_form_element_id\" value=\"mc4wp-form-1\" \/><div class=\"mc4wp-response\"><\/div><\/form><!-- \/ Mailchimp for WordPress Plugin -->\n<\/div><\/div><style type=\"text\/css\">.fusion-body .fusion-builder-column-8{width:66.666666666667% !important;margin-top : 0px;margin-bottom : 20px;}.fusion-builder-column-8 > .fusion-column-wrapper {padding-top : 0px !important;padding-right : 0px !important;margin-right : 2.88%;padding-bottom : 0px !important;padding-left : 0px !important;margin-left : 2.88%;}@media only screen and (max-width:1024px) {.fusion-body .fusion-builder-column-8{width:100% !important;margin-bottom : 0px;}.fusion-builder-column-8 > .fusion-column-wrapper {margin-right : 1.92%;margin-left : 1.92%;}}@media only screen and (max-width:640px) {.fusion-body .fusion-builder-column-8{width:100% !important;margin-bottom : 0px;}.fusion-builder-column-8 > .fusion-column-wrapper {margin-right : 1.92%;margin-left : 1.92%;}}<\/style><\/div><div class=\"fusion-layout-column fusion_builder_column fusion-builder-column-9 fusion_builder_column_1_6 1_6 fusion-flex-column fusion-no-small-visibility\"><div class=\"fusion-column-wrapper fusion-flex-justify-content-flex-start fusion-content-layout-column\" style=\"background-position:left top;background-repeat:no-repeat;-webkit-background-size:cover;-moz-background-size:cover;-o-background-size:cover;background-size:cover;padding: 0px 0px 0px 0px;\"><\/div><style type=\"text\/css\">.fusion-body .fusion-builder-column-9{width:16.666666666667% !important;margin-top : 0px;margin-bottom : 20px;}.fusion-builder-column-9 > .fusion-column-wrapper {padding-top : 0px !important;padding-right : 0px !important;margin-right : 11.52%;padding-bottom : 0px !important;padding-left : 0px !important;margin-left : 11.52%;}@media only screen and (max-width:1024px) {.fusion-body .fusion-builder-column-9{width:100% !important;}.fusion-builder-column-9 > .fusion-column-wrapper {margin-right : 1.92%;margin-left : 1.92%;}}@media only screen and (max-width:640px) {.fusion-body .fusion-builder-column-9{width:100% !important;}.fusion-builder-column-9 > .fusion-column-wrapper {margin-right : 1.92%;margin-left : 1.92%;}}<\/style><\/div><\/div><style type=\"text\/css\">.fusion-body .fusion-flex-container.fusion-builder-row-8{ padding-top : 80px;margin-top : 0px;padding-right : 0px;padding-bottom : 55px;margin-bottom : 0px;padding-left : 0px;}<\/style><\/div><div id=\"business\"><div class=\"fusion-fullwidth fullwidth-box fusion-builder-row-9 fusion-flex-container nonhundred-percent-fullwidth non-hundred-percent-height-scrolling\" style=\"background-color: rgba(255,255,255,0);background-position: center center;background-repeat: no-repeat;border-width: 0px 0px 0px 0px;border-color:#eaeaea;border-style:solid;\" ><div class=\"fusion-builder-row fusion-row fusion-flex-align-items-flex-start\" style=\"max-width:1289.6px;margin-left: calc(-4% \/ 2 );margin-right: calc(-4% \/ 2 );\"><div class=\"fusion-layout-column fusion_builder_column fusion-builder-column-10 fusion_builder_column_1_3 1_3 fusion-flex-column\"><div class=\"fusion-column-wrapper fusion-flex-justify-content-flex-start fusion-content-layout-column\" style=\"background-position:left top;background-repeat:no-repeat;-webkit-background-size:cover;-moz-background-size:cover;-o-background-size:cover;background-size:cover;padding: 0px 0px 0px 0px;\"><div class=\"fusion-separator fusion-full-width-sep\" style=\"align-self: center;margin-left: auto;margin-right: auto;margin-bottom:10px;width:100%;max-width:100%;\"><div class=\"fusion-separator-border sep-single sep-solid\" style=\"border-color:#1f2a3b;border-top-width:12px;\"><\/div><\/div><style type=\"text\/css\">@media only screen and (max-width:1024px) {.fusion-title.fusion-title-8{margin-top:-15px!important; margin-right:5px!important;margin-bottom:20px!important;margin-left:0px!important;}}@media only screen and (max-width:640px) {.fusion-title.fusion-title-8{margin-top:0px!important; margin-right:0px!important;margin-bottom:20px!important; margin-left:0px!important;}}<\/style><div class=\"fusion-title title fusion-title-8 fusion-title-text fusion-title-size-five\" style=\"margin-top:-15px;margin-right:5px;margin-bottom:20px;margin-left:0px;\"><div class=\"title-sep-container title-sep-container-left fusion-no-large-visibility fusion-no-medium-visibility fusion-no-small-visibility\"><div class=\"title-sep sep-\" style=\"border-color:#eaeaea;\"><\/div><\/div><h5 class=\"title-heading-left fusion-responsive-typography-calculated\" style=\"margin:0;--fontSize:17;line-height:1.76;\"><h5 style=\"text-align: left;\">ESTLAND<\/h5><\/h5><div class=\"title-sep-container title-sep-container-right\"><div class=\"title-sep sep-\" style=\"border-color:#eaeaea;\"><\/div><\/div><\/div><div class=\"fusion-recent-posts fusion-recent-posts-2 avada-container layout-thumbnails-on-side layout-columns-1\"><section class=\"fusion-columns columns fusion-columns-1 columns-1\"><article class=\"post fusion-column column col col-lg-12 col-md-12 col-sm-12\"><div class=\"fusion-flexslider fusion-flexslider-loading flexslider floated-slideshow flexslider-hover-type-zoomout\"><ul class=\"slides\"><li><a href=\"https:\/\/balticwind.eu\/de\/estlands-parlament-verabschiedet-kernenergie-und-sicherheitsgesetz-und-ebnet-weg-fuer-erstes-kraftwerk\/\" aria-label=\"Estlands Parlament verabschiedet Kernenergie- und Sicherheitsgesetz und ebnet Weg f\u00fcr erstes Kraftwerk\" class=\"hover-type-zoomout\"><img decoding=\"async\" width=\"177\" height=\"142\" src=\"data:image\/svg+xml,%3Csvg%20xmlns%3D%27http%3A%2F%2Fwww.w3.org%2F2000%2Fsvg%27%20width%3D%27177%27%20height%3D%27142%27%20viewBox%3D%270%200%20177%20142%27%3E%3Crect%20width%3D%27177%27%20height%3D%27142%27%20fill-opacity%3D%220%22%2F%3E%3C%2Fsvg%3E\" data-orig-src=\"https:\/\/balticwind.eu\/wp-content\/uploads\/2026\/06\/estonia-nuclear-energy-safety-act-177x142.jpg\" class=\"lazyload attachment-portfolio-five size-portfolio-five\" alt=\"\" \/><\/a><\/li><\/ul><\/div><div class=\"recent-posts-content\"><h4 class=\"entry-title\"><a style=\"color: #1f2a3b !important;\" href=\"https:\/\/balticwind.eu\/de\/estlands-parlament-verabschiedet-kernenergie-und-sicherheitsgesetz-und-ebnet-weg-fuer-erstes-kraftwerk\/\">Estlands Parlament verabschiedet Kernenergie- und Sicherheitsgesetz und ebnet Weg f\u00fcr erstes Kraftwerk<\/a><\/h4><p class=\"meta\"><a href=\"https:\/\/balticwind.eu\/de\/category\/estland-de\/\" rel=\"category tag\">Estland<\/a>, <a href=\"https:\/\/balticwind.eu\/de\/category\/regulierung\/\" rel=\"category tag\">Regulierung<\/a><span class=\"fusion-inline-sep\">|<\/span><\/p><\/div><\/article><article class=\"post fusion-column column col col-lg-12 col-md-12 col-sm-12\"><div class=\"fusion-flexslider fusion-flexslider-loading flexslider floated-slideshow flexslider-hover-type-zoomout\"><ul class=\"slides\"><li><a href=\"https:\/\/balticwind.eu\/de\/aussenministerien-des-baltikums-der-nordischen-laender-und-der-usa-bekraeftigen-bei-e-pine-gespraechen-den-fokus-auf-transatlantische-sicherheit\/\" aria-label=\"Au\u00dfenministerien des Baltikums, der nordischen L\u00e4nder und der USA bekr\u00e4ftigen bei E-PINE-Gespr\u00e4chen den Fokus auf transatlantische Sicherheit\" class=\"hover-type-zoomout\"><img decoding=\"async\" width=\"177\" height=\"142\" src=\"data:image\/svg+xml,%3Csvg%20xmlns%3D%27http%3A%2F%2Fwww.w3.org%2F2000%2Fsvg%27%20width%3D%27177%27%20height%3D%27142%27%20viewBox%3D%270%200%20177%20142%27%3E%3Crect%20width%3D%27177%27%20height%3D%27142%27%20fill-opacity%3D%220%22%2F%3E%3C%2Fsvg%3E\" data-orig-src=\"https:\/\/balticwind.eu\/wp-content\/uploads\/2026\/06\/e-pine-baltic-nordic-us-transatlantic-security-177x142.jpg\" class=\"lazyload attachment-portfolio-five size-portfolio-five\" alt=\"\" \/><\/a><\/li><\/ul><\/div><div class=\"recent-posts-content\"><h4 class=\"entry-title\"><a style=\"color: #1f2a3b !important;\" href=\"https:\/\/balticwind.eu\/de\/aussenministerien-des-baltikums-der-nordischen-laender-und-der-usa-bekraeftigen-bei-e-pine-gespraechen-den-fokus-auf-transatlantische-sicherheit\/\">Au\u00dfenministerien des Baltikums, der nordischen L\u00e4nder und der USA bekr\u00e4ftigen bei E-PINE-Gespr\u00e4chen den Fokus auf transatlantische Sicherheit<\/a><\/h4><p class=\"meta\"><a href=\"https:\/\/balticwind.eu\/de\/category\/estland-de\/\" rel=\"category tag\">Estland<\/a>, <a href=\"https:\/\/balticwind.eu\/de\/category\/lettland\/\" rel=\"category tag\">Lettland<\/a>, <a href=\"https:\/\/balticwind.eu\/de\/category\/sicherheit\/\" rel=\"category tag\">Sicherheit<\/a><span class=\"fusion-inline-sep\">|<\/span><\/p><\/div><\/article><article class=\"post fusion-column column col col-lg-12 col-md-12 col-sm-12\"><div class=\"fusion-flexslider fusion-flexslider-loading flexslider floated-slideshow flexslider-hover-type-zoomout\"><ul class=\"slides\"><li><a href=\"https:\/\/balticwind.eu\/de\/estlands-emissionen-seit-1990-um-665-gesunken-erneuerbare-verdraengen-fossilen-strom\/\" aria-label=\"Estlands Emissionen seit 1990 um 66,5% gesunken \u2014 Erneuerbare verdr\u00e4ngen fossilen Strom\" class=\"hover-type-zoomout\"><img decoding=\"async\" width=\"177\" height=\"142\" src=\"data:image\/svg+xml,%3Csvg%20xmlns%3D%27http%3A%2F%2Fwww.w3.org%2F2000%2Fsvg%27%20width%3D%27177%27%20height%3D%27142%27%20viewBox%3D%270%200%20177%20142%27%3E%3Crect%20width%3D%27177%27%20height%3D%27142%27%20fill-opacity%3D%220%22%2F%3E%3C%2Fsvg%3E\" data-orig-src=\"https:\/\/balticwind.eu\/wp-content\/uploads\/2026\/06\/estonia-emissions-down-665-percent-renewables-177x142.jpg\" class=\"lazyload attachment-portfolio-five size-portfolio-five\" alt=\"\" \/><\/a><\/li><\/ul><\/div><div class=\"recent-posts-content\"><h4 class=\"entry-title\"><a style=\"color: #1f2a3b !important;\" href=\"https:\/\/balticwind.eu\/de\/estlands-emissionen-seit-1990-um-665-gesunken-erneuerbare-verdraengen-fossilen-strom\/\">Estlands Emissionen seit 1990 um 66,5% gesunken \u2014 Erneuerbare verdr\u00e4ngen fossilen Strom<\/a><\/h4><p class=\"meta\"><a href=\"https:\/\/balticwind.eu\/de\/category\/estland-de\/\" rel=\"category tag\">Estland<\/a>, <a href=\"https:\/\/balticwind.eu\/de\/category\/technologie\/\" rel=\"category tag\">Technologie<\/a><span class=\"fusion-inline-sep\">|<\/span><\/p><\/div><\/article><\/section><\/div><\/div><style type=\"text\/css\">.fusion-body .fusion-builder-column-10{width:33.333333333333% !important;margin-top : 0px;margin-bottom : 20px;}.fusion-builder-column-10 > .fusion-column-wrapper {padding-top : 0px !important;padding-right : 0px !important;margin-right : 5.76%;padding-bottom : 0px !important;padding-left : 0px !important;margin-left : 5.76%;}@media only screen and (max-width:1024px) {.fusion-body .fusion-builder-column-10{width:100% !important;}.fusion-builder-column-10 > .fusion-column-wrapper {margin-right : 1.92%;margin-left : 1.92%;}}@media only screen and (max-width:640px) {.fusion-body .fusion-builder-column-10{width:100% !important;}.fusion-builder-column-10 > .fusion-column-wrapper {margin-right : 1.92%;margin-left : 1.92%;}}<\/style><\/div><div class=\"fusion-layout-column fusion_builder_column fusion-builder-column-11 fusion_builder_column_1_3 1_3 fusion-flex-column\"><div class=\"fusion-column-wrapper fusion-flex-justify-content-flex-start fusion-content-layout-column\" style=\"background-position:left top;background-repeat:no-repeat;-webkit-background-size:cover;-moz-background-size:cover;-o-background-size:cover;background-size:cover;padding: 0px 0px 0px 0px;\"><div class=\"fusion-separator fusion-full-width-sep\" style=\"align-self: center;margin-left: auto;margin-right: auto;margin-bottom:10px;width:100%;max-width:100%;\"><div class=\"fusion-separator-border sep-single sep-solid\" style=\"border-color:#1f2a3b;border-top-width:12px;\"><\/div><\/div><style type=\"text\/css\">@media only screen and (max-width:1024px) {.fusion-title.fusion-title-9{margin-top:-15px!important; margin-right:5px!important;margin-bottom:20px!important;margin-left:0px!important;}}@media only screen and (max-width:640px) {.fusion-title.fusion-title-9{margin-top:0px!important; margin-right:0px!important;margin-bottom:20px!important; margin-left:0px!important;}}<\/style><div class=\"fusion-title title fusion-title-9 fusion-title-text fusion-title-size-five\" style=\"margin-top:-15px;margin-right:5px;margin-bottom:20px;margin-left:0px;\"><div class=\"title-sep-container title-sep-container-left fusion-no-large-visibility fusion-no-medium-visibility fusion-no-small-visibility\"><div class=\"title-sep sep-\" style=\"border-color:#eaeaea;\"><\/div><\/div><h5 class=\"title-heading-left fusion-responsive-typography-calculated\" style=\"margin:0;--fontSize:17;line-height:1.76;\"><h5 style=\"text-align: left;\">D\u00c4NEMARK<\/h5><\/h5><div class=\"title-sep-container title-sep-container-right\"><div class=\"title-sep sep-\" style=\"border-color:#eaeaea;\"><\/div><\/div><\/div><div class=\"fusion-recent-posts fusion-recent-posts-3 avada-container layout-thumbnails-on-side layout-columns-1\"><section class=\"fusion-columns columns fusion-columns-1 columns-1\"><article class=\"post fusion-column column col col-lg-12 col-md-12 col-sm-12\"><div class=\"fusion-flexslider fusion-flexslider-loading flexslider floated-slideshow flexslider-hover-type-zoomout\"><ul class=\"slides\"><li><a href=\"https:\/\/balticwind.eu\/de\/esvagt-serviceschiff-erhaelt-bewegungsprognose-radar-fuer-sicherere-turbinenuebergaenge\/\" aria-label=\"ESVAGT-Serviceschiff erh\u00e4lt Bewegungsprognose-Radar f\u00fcr sicherere Turbinen\u00fcberg\u00e4nge\" class=\"hover-type-zoomout\"><img decoding=\"async\" width=\"177\" height=\"142\" src=\"data:image\/svg+xml,%3Csvg%20xmlns%3D%27http%3A%2F%2Fwww.w3.org%2F2000%2Fsvg%27%20width%3D%27177%27%20height%3D%27142%27%20viewBox%3D%270%200%20177%20142%27%3E%3Crect%20width%3D%27177%27%20height%3D%27142%27%20fill-opacity%3D%220%22%2F%3E%3C%2Fsvg%3E\" data-orig-src=\"https:\/\/balticwind.eu\/wp-content\/uploads\/2026\/08\/offshore-wind-service-vessel-turbines-north-sea-177x142.jpg\" class=\"lazyload attachment-portfolio-five size-portfolio-five\" alt=\"\" \/><\/a><\/li><\/ul><\/div><div class=\"recent-posts-content\"><h4 class=\"entry-title\"><a style=\"color: #1f2a3b !important;\" href=\"https:\/\/balticwind.eu\/de\/esvagt-serviceschiff-erhaelt-bewegungsprognose-radar-fuer-sicherere-turbinenuebergaenge\/\">ESVAGT-Serviceschiff erh\u00e4lt Bewegungsprognose-Radar f\u00fcr sicherere Turbinen\u00fcberg\u00e4nge<\/a><\/h4><p class=\"meta\"><a href=\"https:\/\/balticwind.eu\/de\/category\/daenemark\/\" rel=\"category tag\">D\u00e4nemark<\/a>, <a href=\"https:\/\/balticwind.eu\/de\/category\/offshore-wind-aktuell\/\" rel=\"category tag\">Offshore-Wind Aktuell<\/a>, <a href=\"https:\/\/balticwind.eu\/de\/category\/technologie\/\" rel=\"category tag\">Technologie<\/a><span class=\"fusion-inline-sep\">|<\/span><\/p><\/div><\/article><article class=\"post fusion-column column col col-lg-12 col-md-12 col-sm-12\"><div class=\"fusion-flexslider fusion-flexslider-loading flexslider floated-slideshow flexslider-hover-type-zoomout\"><ul class=\"slides\"><li><a href=\"https:\/\/balticwind.eu\/de\/oersted-kehrt-ab-2027-zur-dividende-zurueck-nach-kapitalerhoehung-und-verkaeufen\/\" aria-label=\"\u00d8rsted kehrt ab 2027 zur Dividende zur\u00fcck \u2013 nach Kapitalerh\u00f6hung und Verk\u00e4ufen\" class=\"hover-type-zoomout\"><img decoding=\"async\" width=\"177\" height=\"142\" src=\"data:image\/svg+xml,%3Csvg%20xmlns%3D%27http%3A%2F%2Fwww.w3.org%2F2000%2Fsvg%27%20width%3D%27177%27%20height%3D%27142%27%20viewBox%3D%270%200%20177%20142%27%3E%3Crect%20width%3D%27177%27%20height%3D%27142%27%20fill-opacity%3D%220%22%2F%3E%3C%2Fsvg%3E\" data-orig-src=\"https:\/\/balticwind.eu\/wp-content\/uploads\/2026\/08\/orsted-restores-dividend-2027-rights-issue-divestments-177x142.jpg\" class=\"lazyload attachment-portfolio-five size-portfolio-five\" alt=\"\" \/><\/a><\/li><\/ul><\/div><div class=\"recent-posts-content\"><h4 class=\"entry-title\"><a style=\"color: #1f2a3b !important;\" href=\"https:\/\/balticwind.eu\/de\/oersted-kehrt-ab-2027-zur-dividende-zurueck-nach-kapitalerhoehung-und-verkaeufen\/\">\u00d8rsted kehrt ab 2027 zur Dividende zur\u00fcck \u2013 nach Kapitalerh\u00f6hung und Verk\u00e4ufen<\/a><\/h4><p class=\"meta\"><a href=\"https:\/\/balticwind.eu\/de\/category\/daenemark\/\" rel=\"category tag\">D\u00e4nemark<\/a>, <a href=\"https:\/\/balticwind.eu\/de\/category\/offshore-wind-aktuell\/\" rel=\"category tag\">Offshore-Wind Aktuell<\/a><span class=\"fusion-inline-sep\">|<\/span><\/p><\/div><\/article><article class=\"post fusion-column column col col-lg-12 col-md-12 col-sm-12\"><div class=\"fusion-flexslider fusion-flexslider-loading flexslider floated-slideshow flexslider-hover-type-zoomout\"><ul class=\"slides\"><li><a href=\"https:\/\/balticwind.eu\/de\/stillstrom-automatisiert-kabelhandling-beim-laden-von-offshore-schiffen\/\" aria-label=\"Stillstrom automatisiert Kabelhandling beim Laden von Offshore-Schiffen\" class=\"hover-type-zoomout\"><img decoding=\"async\" width=\"177\" height=\"142\" src=\"data:image\/svg+xml,%3Csvg%20xmlns%3D%27http%3A%2F%2Fwww.w3.org%2F2000%2Fsvg%27%20width%3D%27177%27%20height%3D%27142%27%20viewBox%3D%270%200%20177%20142%27%3E%3Crect%20width%3D%27177%27%20height%3D%27142%27%20fill-opacity%3D%220%22%2F%3E%3C%2Fsvg%3E\" data-orig-src=\"https:\/\/balticwind.eu\/wp-content\/uploads\/2026\/08\/stillstrom-automated-cable-control-offshore-vessel-charging-177x142.jpg\" class=\"lazyload attachment-portfolio-five size-portfolio-five\" alt=\"\" \/><\/a><\/li><\/ul><\/div><div class=\"recent-posts-content\"><h4 class=\"entry-title\"><a style=\"color: #1f2a3b !important;\" href=\"https:\/\/balticwind.eu\/de\/stillstrom-automatisiert-kabelhandling-beim-laden-von-offshore-schiffen\/\">Stillstrom automatisiert Kabelhandling beim Laden von Offshore-Schiffen<\/a><\/h4><p class=\"meta\"><a href=\"https:\/\/balticwind.eu\/de\/category\/daenemark\/\" rel=\"category tag\">D\u00e4nemark<\/a>, <a href=\"https:\/\/balticwind.eu\/de\/category\/offshore-wind-aktuell\/\" rel=\"category tag\">Offshore-Wind Aktuell<\/a>, <a href=\"https:\/\/balticwind.eu\/de\/category\/technologie\/\" rel=\"category tag\">Technologie<\/a><span class=\"fusion-inline-sep\">|<\/span><\/p><\/div><\/article><\/section><\/div><\/div><style type=\"text\/css\">.fusion-body .fusion-builder-column-11{width:33.333333333333% !important;margin-top : 0px;margin-bottom : 20px;}.fusion-builder-column-11 > .fusion-column-wrapper {padding-top : 0px !important;padding-right : 0px !important;margin-right : 5.76%;padding-bottom : 0px !important;padding-left : 0px !important;margin-left : 5.76%;}@media only screen and (max-width:1024px) {.fusion-body .fusion-builder-column-11{width:100% !important;}.fusion-builder-column-11 > .fusion-column-wrapper {margin-right : 1.92%;margin-left : 1.92%;}}@media only screen and (max-width:640px) {.fusion-body .fusion-builder-column-11{width:100% !important;}.fusion-builder-column-11 > .fusion-column-wrapper {margin-right : 1.92%;margin-left : 1.92%;}}<\/style><\/div><div class=\"fusion-layout-column fusion_builder_column fusion-builder-column-12 fusion_builder_column_1_3 1_3 fusion-flex-column\"><div class=\"fusion-column-wrapper fusion-flex-justify-content-flex-start fusion-content-layout-column\" style=\"background-position:left top;background-repeat:no-repeat;-webkit-background-size:cover;-moz-background-size:cover;-o-background-size:cover;background-size:cover;padding: 0px 0px 0px 0px;\"><div class=\"fusion-separator fusion-full-width-sep\" style=\"align-self: center;margin-left: auto;margin-right: auto;margin-bottom:10px;width:100%;max-width:100%;\"><div class=\"fusion-separator-border sep-single sep-solid\" style=\"border-color:#1f2a3b;border-top-width:12px;\"><\/div><\/div><style type=\"text\/css\">@media only screen and (max-width:1024px) {.fusion-title.fusion-title-10{margin-top:-15px!important; margin-right:5px!important;margin-bottom:20px!important;margin-left:0px!important;}}@media only screen and (max-width:640px) {.fusion-title.fusion-title-10{margin-top:0px!important; margin-right:0px!important;margin-bottom:20px!important; margin-left:0px!important;}}<\/style><div class=\"fusion-title title fusion-title-10 fusion-title-text fusion-title-size-five\" style=\"margin-top:-15px;margin-right:5px;margin-bottom:20px;margin-left:0px;\"><div class=\"title-sep-container title-sep-container-left fusion-no-large-visibility fusion-no-medium-visibility fusion-no-small-visibility\"><div class=\"title-sep sep-\" style=\"border-color:#eaeaea;\"><\/div><\/div><h5 class=\"title-heading-left fusion-responsive-typography-calculated\" style=\"margin:0;--fontSize:17;line-height:1.76;\"><h5 style=\"text-align: left;\">POLEN<\/h5><\/h5><div class=\"title-sep-container title-sep-container-right\"><div class=\"title-sep sep-\" style=\"border-color:#eaeaea;\"><\/div><\/div><\/div><div class=\"fusion-recent-posts fusion-recent-posts-4 avada-container layout-thumbnails-on-side layout-columns-1\"><section class=\"fusion-columns columns fusion-columns-1 columns-1\"><article class=\"post fusion-column column col col-lg-12 col-md-12 col-sm-12\"><div class=\"fusion-flexslider fusion-flexslider-loading flexslider floated-slideshow flexslider-hover-type-zoomout\"><ul class=\"slides\"><li><a href=\"https:\/\/balticwind.eu\/de\/der-engpass-ist-das-netz-was-europas-anschlusswarteschlangen-fuer-die-ostsee-windkraft-bedeuten\/\" aria-label=\"Der Engpass ist das Netz: Was Europas Anschlusswarteschlangen f\u00fcr die Ostsee-Windkraft bedeuten\" class=\"hover-type-zoomout\"><img decoding=\"async\" width=\"177\" height=\"142\" src=\"data:image\/svg+xml,%3Csvg%20xmlns%3D%27http%3A%2F%2Fwww.w3.org%2F2000%2Fsvg%27%20width%3D%27177%27%20height%3D%27142%27%20viewBox%3D%270%200%20177%20142%27%3E%3Crect%20width%3D%27177%27%20height%3D%27142%27%20fill-opacity%3D%220%22%2F%3E%3C%2Fsvg%3E\" data-orig-src=\"https:\/\/balticwind.eu\/wp-content\/uploads\/2026\/09\/high-voltage-transmission-grid-bottleneck-baltic-wind-177x142.jpg\" class=\"lazyload attachment-portfolio-five size-portfolio-five\" alt=\"\" \/><\/a><\/li><\/ul><\/div><div class=\"recent-posts-content\"><h4 class=\"entry-title\"><a style=\"color: #1f2a3b !important;\" href=\"https:\/\/balticwind.eu\/de\/der-engpass-ist-das-netz-was-europas-anschlusswarteschlangen-fuer-die-ostsee-windkraft-bedeuten\/\">Der Engpass ist das Netz: Was Europas Anschlusswarteschlangen f\u00fcr die Ostsee-Windkraft bedeuten<\/a><\/h4><p class=\"meta\"><a href=\"https:\/\/balticwind.eu\/de\/category\/editors-choice-de\/\" rel=\"category tag\">Auswahl der Redaktion<\/a>, <a href=\"https:\/\/balticwind.eu\/de\/category\/deutschland\/\" rel=\"category tag\">Deutschland<\/a>, <a href=\"https:\/\/balticwind.eu\/de\/category\/lettland\/\" rel=\"category tag\">Lettland<\/a>, <a href=\"https:\/\/balticwind.eu\/de\/category\/litauen\/\" rel=\"category tag\">Litauen<\/a>, <a href=\"https:\/\/balticwind.eu\/de\/category\/polen\/\" rel=\"category tag\">Polen<\/a>, <a href=\"https:\/\/balticwind.eu\/de\/category\/regulierung\/\" rel=\"category tag\">Regulierung<\/a>, <a href=\"https:\/\/balticwind.eu\/de\/category\/technologie\/\" rel=\"category tag\">Technologie<\/a><span class=\"fusion-inline-sep\">|<\/span><\/p><\/div><\/article><article class=\"post fusion-column column col col-lg-12 col-md-12 col-sm-12\"><div class=\"fusion-flexslider fusion-flexslider-loading flexslider floated-slideshow flexslider-hover-type-zoomout\"><ul class=\"slides\"><li><a href=\"https:\/\/balticwind.eu\/de\/vierzehn-transformatoren-erreichen-baltica-2-baustelle-nach-sechsmonatigem-schwertransport\/\" aria-label=\"Vierzehn Transformatoren erreichen Baltica-2-Baustelle nach sechsmonatigem Schwertransport\" class=\"hover-type-zoomout\"><img decoding=\"async\" width=\"177\" height=\"142\" src=\"data:image\/svg+xml,%3Csvg%20xmlns%3D%27http%3A%2F%2Fwww.w3.org%2F2000%2Fsvg%27%20width%3D%27177%27%20height%3D%27142%27%20viewBox%3D%270%200%20177%20142%27%3E%3Crect%20width%3D%27177%27%20height%3D%27142%27%20fill-opacity%3D%220%22%2F%3E%3C%2Fsvg%3E\" data-orig-src=\"https:\/\/balticwind.eu\/wp-content\/uploads\/2026\/09\/power-transformers-substation-baltica-2-poland-177x142.jpg\" class=\"lazyload attachment-portfolio-five size-portfolio-five\" alt=\"\" \/><\/a><\/li><\/ul><\/div><div class=\"recent-posts-content\"><h4 class=\"entry-title\"><a style=\"color: #1f2a3b !important;\" href=\"https:\/\/balticwind.eu\/de\/vierzehn-transformatoren-erreichen-baltica-2-baustelle-nach-sechsmonatigem-schwertransport\/\">Vierzehn Transformatoren erreichen Baltica-2-Baustelle nach sechsmonatigem Schwertransport<\/a><\/h4><p class=\"meta\"><a href=\"https:\/\/balticwind.eu\/de\/category\/offshore-wind-aktuell\/\" rel=\"category tag\">Offshore-Wind Aktuell<\/a>, <a href=\"https:\/\/balticwind.eu\/de\/category\/polen\/\" rel=\"category tag\">Polen<\/a>, <a href=\"https:\/\/balticwind.eu\/de\/category\/projekte\/\" rel=\"category tag\">Projekte<\/a><span class=\"fusion-inline-sep\">|<\/span><\/p><\/div><\/article><article class=\"post fusion-column column col col-lg-12 col-md-12 col-sm-12\"><div class=\"fusion-flexslider fusion-flexslider-loading flexslider floated-slideshow flexslider-hover-type-zoomout\"><ul class=\"slides\"><li><a href=\"https:\/\/balticwind.eu\/de\/onshore-wind-kostet-82-cent-die-genehmigung-kostet-weiter-jahre\/\" aria-label=\"Onshore-Wind kostet 8,2 Cent. Die Genehmigung kostet weiter Jahre\" class=\"hover-type-zoomout\"><img decoding=\"async\" width=\"177\" height=\"142\" src=\"data:image\/svg+xml,%3Csvg%20xmlns%3D%27http%3A%2F%2Fwww.w3.org%2F2000%2Fsvg%27%20width%3D%27177%27%20height%3D%27142%27%20viewBox%3D%270%200%20177%20142%27%3E%3Crect%20width%3D%27177%27%20height%3D%27142%27%20fill-opacity%3D%220%22%2F%3E%3C%2Fsvg%3E\" data-orig-src=\"https:\/\/balticwind.eu\/wp-content\/uploads\/2026\/09\/onshore-wind-turbines-permitting-poland-germany-177x142.jpg\" class=\"lazyload attachment-portfolio-five size-portfolio-five\" alt=\"\" \/><\/a><\/li><\/ul><\/div><div class=\"recent-posts-content\"><h4 class=\"entry-title\"><a style=\"color: #1f2a3b !important;\" href=\"https:\/\/balticwind.eu\/de\/onshore-wind-kostet-82-cent-die-genehmigung-kostet-weiter-jahre\/\">Onshore-Wind kostet 8,2 Cent. Die Genehmigung kostet weiter Jahre<\/a><\/h4><p class=\"meta\"><a href=\"https:\/\/balticwind.eu\/de\/category\/editors-choice-de\/\" rel=\"category tag\">Auswahl der Redaktion<\/a>, <a href=\"https:\/\/balticwind.eu\/de\/category\/deutschland\/\" rel=\"category tag\">Deutschland<\/a>, <a href=\"https:\/\/balticwind.eu\/de\/category\/onshore-wind-aktuell\/\" rel=\"category tag\">Onshore-Wind Aktuell<\/a>, <a href=\"https:\/\/balticwind.eu\/de\/category\/polen\/\" rel=\"category tag\">Polen<\/a><span class=\"fusion-inline-sep\">|<\/span><\/p><\/div><\/article><\/section><\/div><\/div><style type=\"text\/css\">.fusion-body .fusion-builder-column-12{width:33.333333333333% !important;margin-top : 0px;margin-bottom : 20px;}.fusion-builder-column-12 > .fusion-column-wrapper {padding-top : 0px !important;padding-right : 0px !important;margin-right : 5.76%;padding-bottom : 0px !important;padding-left : 0px !important;margin-left : 5.76%;}@media only screen and (max-width:1024px) {.fusion-body .fusion-builder-column-12{width:100% !important;}.fusion-builder-column-12 > .fusion-column-wrapper {margin-right : 1.92%;margin-left : 1.92%;}}@media only screen and (max-width:640px) {.fusion-body .fusion-builder-column-12{width:100% !important;}.fusion-builder-column-12 > .fusion-column-wrapper {margin-right : 1.92%;margin-left : 1.92%;}}<\/style><\/div><div class=\"fusion-layout-column fusion_builder_column fusion-builder-column-13 fusion_builder_column_1_3 1_3 fusion-flex-column\"><div class=\"fusion-column-wrapper fusion-flex-justify-content-flex-start fusion-content-layout-column\" style=\"background-position:left top;background-repeat:no-repeat;-webkit-background-size:cover;-moz-background-size:cover;-o-background-size:cover;background-size:cover;padding: 0px 0px 0px 0px;\"><div class=\"fusion-separator fusion-full-width-sep\" style=\"align-self: center;margin-left: auto;margin-right: auto;margin-bottom:10px;width:100%;max-width:100%;\"><div class=\"fusion-separator-border sep-single sep-solid\" style=\"border-color:#1f2a3b;border-top-width:12px;\"><\/div><\/div><style type=\"text\/css\">@media only screen and (max-width:1024px) {.fusion-title.fusion-title-11{margin-top:-15px!important; margin-right:5px!important;margin-bottom:20px!important;margin-left:0px!important;}}@media only screen and (max-width:640px) {.fusion-title.fusion-title-11{margin-top:0px!important; margin-right:0px!important;margin-bottom:20px!important; margin-left:0px!important;}}<\/style><div class=\"fusion-title title fusion-title-11 fusion-title-text fusion-title-size-five\" style=\"margin-top:-15px;margin-right:5px;margin-bottom:20px;margin-left:0px;\"><div class=\"title-sep-container title-sep-container-left fusion-no-large-visibility fusion-no-medium-visibility fusion-no-small-visibility\"><div class=\"title-sep sep-\" style=\"border-color:#eaeaea;\"><\/div><\/div><h5 class=\"title-heading-left fusion-responsive-typography-calculated\" style=\"margin:0;--fontSize:17;line-height:1.76;\"><h5 style=\"text-align: left;\">REGULIERUNG<\/h5><\/h5><div class=\"title-sep-container title-sep-container-right\"><div class=\"title-sep sep-\" style=\"border-color:#eaeaea;\"><\/div><\/div><\/div><div class=\"fusion-recent-posts fusion-recent-posts-5 avada-container layout-thumbnails-on-side layout-columns-1\"><section class=\"fusion-columns columns fusion-columns-1 columns-1\"><article class=\"post fusion-column column col col-lg-12 col-md-12 col-sm-12\"><div class=\"fusion-flexslider fusion-flexslider-loading flexslider floated-slideshow flexslider-hover-type-zoomout\"><ul class=\"slides\"><li><a href=\"https:\/\/balticwind.eu\/de\/der-engpass-ist-das-netz-was-europas-anschlusswarteschlangen-fuer-die-ostsee-windkraft-bedeuten\/\" aria-label=\"Der Engpass ist das Netz: Was Europas Anschlusswarteschlangen f\u00fcr die Ostsee-Windkraft bedeuten\" class=\"hover-type-zoomout\"><img decoding=\"async\" width=\"177\" height=\"142\" src=\"data:image\/svg+xml,%3Csvg%20xmlns%3D%27http%3A%2F%2Fwww.w3.org%2F2000%2Fsvg%27%20width%3D%27177%27%20height%3D%27142%27%20viewBox%3D%270%200%20177%20142%27%3E%3Crect%20width%3D%27177%27%20height%3D%27142%27%20fill-opacity%3D%220%22%2F%3E%3C%2Fsvg%3E\" data-orig-src=\"https:\/\/balticwind.eu\/wp-content\/uploads\/2026\/09\/high-voltage-transmission-grid-bottleneck-baltic-wind-177x142.jpg\" class=\"lazyload attachment-portfolio-five size-portfolio-five\" alt=\"\" \/><\/a><\/li><\/ul><\/div><div class=\"recent-posts-content\"><h4 class=\"entry-title\"><a style=\"color: #1f2a3b !important;\" href=\"https:\/\/balticwind.eu\/de\/der-engpass-ist-das-netz-was-europas-anschlusswarteschlangen-fuer-die-ostsee-windkraft-bedeuten\/\">Der Engpass ist das Netz: Was Europas Anschlusswarteschlangen f\u00fcr die Ostsee-Windkraft bedeuten<\/a><\/h4><p class=\"meta\"><a href=\"https:\/\/balticwind.eu\/de\/category\/editors-choice-de\/\" rel=\"category tag\">Auswahl der Redaktion<\/a>, <a href=\"https:\/\/balticwind.eu\/de\/category\/deutschland\/\" rel=\"category tag\">Deutschland<\/a>, <a href=\"https:\/\/balticwind.eu\/de\/category\/lettland\/\" rel=\"category tag\">Lettland<\/a>, <a href=\"https:\/\/balticwind.eu\/de\/category\/litauen\/\" rel=\"category tag\">Litauen<\/a>, <a href=\"https:\/\/balticwind.eu\/de\/category\/polen\/\" rel=\"category tag\">Polen<\/a>, <a href=\"https:\/\/balticwind.eu\/de\/category\/regulierung\/\" rel=\"category tag\">Regulierung<\/a>, <a href=\"https:\/\/balticwind.eu\/de\/category\/technologie\/\" rel=\"category tag\">Technologie<\/a><span class=\"fusion-inline-sep\">|<\/span><\/p><\/div><\/article><article class=\"post fusion-column column col col-lg-12 col-md-12 col-sm-12\"><div class=\"fusion-flexslider fusion-flexslider-loading flexslider floated-slideshow flexslider-hover-type-zoomout\"><ul class=\"slides\"><li><a href=\"https:\/\/balticwind.eu\/de\/fuenf-jahre-von-der-genehmigung-bis-zur-ersten-kilowattstunde-energiequelle-nimmt-42-mw-anlage-in-krummensee-in-betrieb\/\" aria-label=\"F\u00fcnf Jahre von der Genehmigung bis zur ersten Kilowattstunde: Energiequelle nimmt 4,2-MW-Anlage in Krummensee in Betrieb\" class=\"hover-type-zoomout\"><img decoding=\"async\" width=\"177\" height=\"142\" src=\"data:image\/svg+xml,%3Csvg%20xmlns%3D%27http%3A%2F%2Fwww.w3.org%2F2000%2Fsvg%27%20width%3D%27177%27%20height%3D%27142%27%20viewBox%3D%270%200%20177%20142%27%3E%3Crect%20width%3D%27177%27%20height%3D%27142%27%20fill-opacity%3D%220%22%2F%3E%3C%2Fsvg%3E\" data-orig-src=\"https:\/\/balticwind.eu\/wp-content\/uploads\/2026\/09\/energiequelle-enercon-turbine-krummensee-brandenburg-177x142.jpg\" class=\"lazyload attachment-portfolio-five size-portfolio-five\" alt=\"\" \/><\/a><\/li><\/ul><\/div><div class=\"recent-posts-content\"><h4 class=\"entry-title\"><a style=\"color: #1f2a3b !important;\" href=\"https:\/\/balticwind.eu\/de\/fuenf-jahre-von-der-genehmigung-bis-zur-ersten-kilowattstunde-energiequelle-nimmt-42-mw-anlage-in-krummensee-in-betrieb\/\">F\u00fcnf Jahre von der Genehmigung bis zur ersten Kilowattstunde: Energiequelle nimmt 4,2-MW-Anlage in Krummensee in Betrieb<\/a><\/h4><p class=\"meta\"><a href=\"https:\/\/balticwind.eu\/de\/category\/deutschland\/\" rel=\"category tag\">Deutschland<\/a>, <a href=\"https:\/\/balticwind.eu\/de\/category\/onshore-wind-aktuell\/\" rel=\"category tag\">Onshore-Wind Aktuell<\/a>, <a href=\"https:\/\/balticwind.eu\/de\/category\/regulierung\/\" rel=\"category tag\">Regulierung<\/a><span class=\"fusion-inline-sep\">|<\/span><\/p><\/div><\/article><article class=\"post fusion-column column col col-lg-12 col-md-12 col-sm-12\"><div class=\"fusion-flexslider fusion-flexslider-loading flexslider floated-slideshow flexslider-hover-type-zoomout\"><ul class=\"slides\"><li><a href=\"https:\/\/balticwind.eu\/de\/ueberzeichnet-und-ungebaut-was-deutschlands-onshore-auktionen-den-ostseemaerkten-zeigen\/\" aria-label=\"\u00dcberzeichnet und ungebaut: Was Deutschlands Onshore-Auktionen den Ostseem\u00e4rkten zeigen\" class=\"hover-type-zoomout\"><img decoding=\"async\" width=\"177\" height=\"142\" src=\"data:image\/svg+xml,%3Csvg%20xmlns%3D%27http%3A%2F%2Fwww.w3.org%2F2000%2Fsvg%27%20width%3D%27177%27%20height%3D%27142%27%20viewBox%3D%270%200%20177%20142%27%3E%3Crect%20width%3D%27177%27%20height%3D%27142%27%20fill-opacity%3D%220%22%2F%3E%3C%2Fsvg%3E\" data-orig-src=\"https:\/\/balticwind.eu\/wp-content\/uploads\/2026\/09\/onshore-wind-turbines-auction-economics-germany-177x142.jpg\" class=\"lazyload attachment-portfolio-five size-portfolio-five\" alt=\"\" \/><\/a><\/li><\/ul><\/div><div class=\"recent-posts-content\"><h4 class=\"entry-title\"><a style=\"color: #1f2a3b !important;\" href=\"https:\/\/balticwind.eu\/de\/ueberzeichnet-und-ungebaut-was-deutschlands-onshore-auktionen-den-ostseemaerkten-zeigen\/\">\u00dcberzeichnet und ungebaut: Was Deutschlands Onshore-Auktionen den Ostseem\u00e4rkten zeigen<\/a><\/h4><p class=\"meta\"><a href=\"https:\/\/balticwind.eu\/de\/category\/editors-choice-de\/\" rel=\"category tag\">Auswahl der Redaktion<\/a>, <a href=\"https:\/\/balticwind.eu\/de\/category\/deutschland\/\" rel=\"category tag\">Deutschland<\/a>, <a href=\"https:\/\/balticwind.eu\/de\/category\/onshore-wind-aktuell\/\" rel=\"category tag\">Onshore-Wind Aktuell<\/a>, <a href=\"https:\/\/balticwind.eu\/de\/category\/regulierung\/\" rel=\"category tag\">Regulierung<\/a><span class=\"fusion-inline-sep\">|<\/span><\/p><\/div><\/article><\/section><\/div><\/div><style type=\"text\/css\">.fusion-body .fusion-builder-column-13{width:33.333333333333% !important;margin-top : 0px;margin-bottom : 20px;}.fusion-builder-column-13 > .fusion-column-wrapper {padding-top : 0px !important;padding-right : 0px !important;margin-right : 5.76%;padding-bottom : 0px !important;padding-left : 0px !important;margin-left : 5.76%;}@media only screen and (max-width:1024px) {.fusion-body .fusion-builder-column-13{width:100% !important;}.fusion-builder-column-13 > .fusion-column-wrapper {margin-right : 1.92%;margin-left : 1.92%;}}@media only screen and (max-width:640px) {.fusion-body .fusion-builder-column-13{width:100% !important;}.fusion-builder-column-13 > .fusion-column-wrapper {margin-right : 1.92%;margin-left : 1.92%;}}<\/style><\/div><div class=\"fusion-layout-column fusion_builder_column fusion-builder-column-14 fusion_builder_column_1_3 1_3 fusion-flex-column\"><div class=\"fusion-column-wrapper fusion-flex-justify-content-flex-start fusion-content-layout-column\" style=\"background-position:left top;background-repeat:no-repeat;-webkit-background-size:cover;-moz-background-size:cover;-o-background-size:cover;background-size:cover;padding: 0px 0px 0px 0px;\"><div class=\"fusion-separator fusion-full-width-sep\" style=\"align-self: center;margin-left: auto;margin-right: auto;margin-bottom:10px;width:100%;max-width:100%;\"><div class=\"fusion-separator-border sep-single sep-solid\" style=\"border-color:#1f2a3b;border-top-width:12px;\"><\/div><\/div><style type=\"text\/css\">@media only screen and (max-width:1024px) {.fusion-title.fusion-title-12{margin-top:-15px!important; margin-right:5px!important;margin-bottom:20px!important;margin-left:0px!important;}}@media only screen and (max-width:640px) {.fusion-title.fusion-title-12{margin-top:0px!important; margin-right:0px!important;margin-bottom:20px!important; margin-left:0px!important;}}<\/style><div class=\"fusion-title title fusion-title-12 fusion-title-text fusion-title-size-five\" style=\"margin-top:-15px;margin-right:5px;margin-bottom:20px;margin-left:0px;\"><div class=\"title-sep-container title-sep-container-left fusion-no-large-visibility fusion-no-medium-visibility fusion-no-small-visibility\"><div class=\"title-sep sep-\" style=\"border-color:#eaeaea;\"><\/div><\/div><h5 class=\"title-heading-left fusion-responsive-typography-calculated\" style=\"margin:0;--fontSize:17;line-height:1.76;\"><h5 style=\"text-align: left;\">MEINUNGEN<\/h5><\/h5><div class=\"title-sep-container title-sep-container-right\"><div class=\"title-sep sep-\" style=\"border-color:#eaeaea;\"><\/div><\/div><\/div><div class=\"fusion-recent-posts fusion-recent-posts-6 avada-container layout-thumbnails-on-side layout-columns-1\"><section class=\"fusion-columns columns fusion-columns-1 columns-1\"><article class=\"post fusion-column column col col-lg-12 col-md-12 col-sm-12\"><div class=\"fusion-flexslider fusion-flexslider-loading flexslider floated-slideshow flexslider-hover-type-zoomout\"><ul class=\"slides\"><li><a href=\"https:\/\/balticwind.eu\/de\/local-content-im-polnischen-offshore-wind-von-der-absichtserklaerung-zur-bestellung\/\" aria-label=\"Local Content im polnischen Offshore-Wind: von der Absichtserkl\u00e4rung zur Bestellung\" class=\"hover-type-zoomout\"><img decoding=\"async\" width=\"177\" height=\"142\" src=\"data:image\/svg+xml,%3Csvg%20xmlns%3D%27http%3A%2F%2Fwww.w3.org%2F2000%2Fsvg%27%20width%3D%27177%27%20height%3D%27142%27%20viewBox%3D%270%200%20177%20142%27%3E%3Crect%20width%3D%27177%27%20height%3D%27142%27%20fill-opacity%3D%220%22%2F%3E%3C%2Fsvg%3E\" data-orig-src=\"https:\/\/balticwind.eu\/wp-content\/uploads\/2026\/08\/local-content-polish-offshore-wind-pledge-to-purchase-order-177x142.jpg\" class=\"lazyload attachment-portfolio-five size-portfolio-five\" alt=\"\" \/><\/a><\/li><\/ul><\/div><div class=\"recent-posts-content\"><h4 class=\"entry-title\"><a style=\"color: #1f2a3b !important;\" href=\"https:\/\/balticwind.eu\/de\/local-content-im-polnischen-offshore-wind-von-der-absichtserklaerung-zur-bestellung\/\">Local Content im polnischen Offshore-Wind: von der Absichtserkl\u00e4rung zur Bestellung<\/a><\/h4><p class=\"meta\"><a href=\"https:\/\/balticwind.eu\/de\/category\/editors-choice-de\/\" rel=\"category tag\">Auswahl der Redaktion<\/a>, <a href=\"https:\/\/balticwind.eu\/de\/category\/meinungen\/\" rel=\"category tag\">Meinungen<\/a>, <a href=\"https:\/\/balticwind.eu\/de\/category\/polen\/\" rel=\"category tag\">Polen<\/a><span class=\"fusion-inline-sep\">|<\/span><\/p><\/div><\/article><article class=\"post fusion-column column col col-lg-12 col-md-12 col-sm-12\"><div class=\"fusion-flexslider fusion-flexslider-loading flexslider floated-slideshow flexslider-hover-type-zoomout\"><ul class=\"slides\"><li><a href=\"https:\/\/balticwind.eu\/de\/iwr-analyse-reiches-kurs-bringt-industrie-und-verbrauchern-hoehere-strompreise\/\" aria-label=\"IWR-Analyse: Reiches Kurs bringt Industrie und Verbrauchern h\u00f6here Strompreise\" class=\"hover-type-zoomout\"><img decoding=\"async\" width=\"177\" height=\"142\" src=\"data:image\/svg+xml,%3Csvg%20xmlns%3D%27http%3A%2F%2Fwww.w3.org%2F2000%2Fsvg%27%20width%3D%27177%27%20height%3D%27142%27%20viewBox%3D%270%200%20177%20142%27%3E%3Crect%20width%3D%27177%27%20height%3D%27142%27%20fill-opacity%3D%220%22%2F%3E%3C%2Fsvg%3E\" data-orig-src=\"https:\/\/balticwind.eu\/wp-content\/uploads\/2026\/08\/iwr-analysis-german-energy-policy-higher-power-prices-177x142.jpg\" class=\"lazyload attachment-portfolio-five size-portfolio-five\" alt=\"\" \/><\/a><\/li><\/ul><\/div><div class=\"recent-posts-content\"><h4 class=\"entry-title\"><a style=\"color: #1f2a3b !important;\" href=\"https:\/\/balticwind.eu\/de\/iwr-analyse-reiches-kurs-bringt-industrie-und-verbrauchern-hoehere-strompreise\/\">IWR-Analyse: Reiches Kurs bringt Industrie und Verbrauchern h\u00f6here Strompreise<\/a><\/h4><p class=\"meta\"><a href=\"https:\/\/balticwind.eu\/de\/category\/deutschland\/\" rel=\"category tag\">Deutschland<\/a>, <a href=\"https:\/\/balticwind.eu\/de\/category\/meinungen\/\" rel=\"category tag\">Meinungen<\/a>, <a href=\"https:\/\/balticwind.eu\/de\/category\/regulierung\/\" rel=\"category tag\">Regulierung<\/a><span class=\"fusion-inline-sep\">|<\/span><\/p><\/div><\/article><article class=\"post fusion-column column col col-lg-12 col-md-12 col-sm-12\"><div class=\"fusion-flexslider fusion-flexslider-loading flexslider floated-slideshow flexslider-hover-type-zoomout\"><ul class=\"slides\"><li><a href=\"https:\/\/balticwind.eu\/de\/windturbinen-und-gesundheit-was-die-belege-wirklich-sagen\/\" aria-label=\"Windturbinen und Gesundheit: Was die Belege wirklich sagen\" class=\"hover-type-zoomout\"><img decoding=\"async\" width=\"177\" height=\"142\" src=\"data:image\/svg+xml,%3Csvg%20xmlns%3D%27http%3A%2F%2Fwww.w3.org%2F2000%2Fsvg%27%20width%3D%27177%27%20height%3D%27142%27%20viewBox%3D%270%200%20177%20142%27%3E%3Crect%20width%3D%27177%27%20height%3D%27142%27%20fill-opacity%3D%220%22%2F%3E%3C%2Fsvg%3E\" data-orig-src=\"https:\/\/balticwind.eu\/wp-content\/uploads\/2026\/08\/wind-turbines-and-health-what-the-evidence-actually-says-177x142.jpg\" class=\"lazyload attachment-portfolio-five size-portfolio-five\" alt=\"\" \/><\/a><\/li><\/ul><\/div><div class=\"recent-posts-content\"><h4 class=\"entry-title\"><a style=\"color: #1f2a3b !important;\" href=\"https:\/\/balticwind.eu\/de\/windturbinen-und-gesundheit-was-die-belege-wirklich-sagen\/\">Windturbinen und Gesundheit: Was die Belege wirklich sagen<\/a><\/h4><p class=\"meta\"><a href=\"https:\/\/balticwind.eu\/de\/category\/editors-choice-de\/\" rel=\"category tag\">Auswahl der Redaktion<\/a>, <a href=\"https:\/\/balticwind.eu\/de\/category\/meinungen\/\" rel=\"category tag\">Meinungen<\/a>, <a href=\"https:\/\/balticwind.eu\/de\/category\/polen\/\" rel=\"category tag\">Polen<\/a><span class=\"fusion-inline-sep\">|<\/span><\/p><\/div><\/article><\/section><\/div><\/div><style type=\"text\/css\">.fusion-body .fusion-builder-column-14{width:33.333333333333% !important;margin-top : 0px;margin-bottom : 20px;}.fusion-builder-column-14 > .fusion-column-wrapper {padding-top : 0px !important;padding-right : 0px !important;margin-right : 5.76%;padding-bottom : 0px !important;padding-left : 0px !important;margin-left : 5.76%;}@media only screen and (max-width:1024px) {.fusion-body .fusion-builder-column-14{width:100% !important;}.fusion-builder-column-14 > .fusion-column-wrapper {margin-right : 1.92%;margin-left : 1.92%;}}@media only screen and (max-width:640px) {.fusion-body .fusion-builder-column-14{width:100% !important;}.fusion-builder-column-14 > .fusion-column-wrapper {margin-right : 1.92%;margin-left : 1.92%;}}<\/style><\/div><div class=\"fusion-layout-column fusion_builder_column fusion-builder-column-15 fusion_builder_column_1_3 1_3 fusion-flex-column\"><div class=\"fusion-column-wrapper fusion-flex-justify-content-flex-start fusion-content-layout-column\" style=\"background-position:left top;background-repeat:no-repeat;-webkit-background-size:cover;-moz-background-size:cover;-o-background-size:cover;background-size:cover;padding: 0px 0px 0px 0px;\"><div class=\"fusion-separator fusion-full-width-sep\" style=\"align-self: center;margin-left: auto;margin-right: auto;margin-bottom:10px;width:100%;max-width:100%;\"><div class=\"fusion-separator-border sep-single sep-solid\" style=\"border-color:#1f2a3b;border-top-width:12px;\"><\/div><\/div><style type=\"text\/css\">@media only screen and (max-width:1024px) {.fusion-title.fusion-title-13{margin-top:-15px!important; margin-right:5px!important;margin-bottom:20px!important;margin-left:0px!important;}}@media only screen and (max-width:640px) {.fusion-title.fusion-title-13{margin-top:0px!important; margin-right:0px!important;margin-bottom:20px!important; margin-left:0px!important;}}<\/style><div class=\"fusion-title title fusion-title-13 fusion-title-text fusion-title-size-five\" style=\"margin-top:-15px;margin-right:5px;margin-bottom:20px;margin-left:0px;\"><div class=\"title-sep-container title-sep-container-left fusion-no-large-visibility fusion-no-medium-visibility fusion-no-small-visibility\"><div class=\"title-sep sep-\" style=\"border-color:#eaeaea;\"><\/div><\/div><h5 class=\"title-heading-left fusion-responsive-typography-calculated\" style=\"margin:0;--fontSize:17;line-height:1.76;\"><h5 style=\"text-align: left;\">PROJEKTE<\/h5><\/h5><div class=\"title-sep-container title-sep-container-right\"><div class=\"title-sep sep-\" style=\"border-color:#eaeaea;\"><\/div><\/div><\/div><div class=\"fusion-recent-posts fusion-recent-posts-7 avada-container layout-thumbnails-on-side layout-columns-1\"><section class=\"fusion-columns columns fusion-columns-1 columns-1\"><article class=\"post fusion-column column col col-lg-12 col-md-12 col-sm-12\"><div class=\"fusion-flexslider fusion-flexslider-loading flexslider floated-slideshow flexslider-hover-type-zoomout\"><ul class=\"slides\"><li><a href=\"https:\/\/balticwind.eu\/de\/vierzehn-transformatoren-erreichen-baltica-2-baustelle-nach-sechsmonatigem-schwertransport\/\" aria-label=\"Vierzehn Transformatoren erreichen Baltica-2-Baustelle nach sechsmonatigem Schwertransport\" class=\"hover-type-zoomout\"><img decoding=\"async\" width=\"177\" height=\"142\" src=\"data:image\/svg+xml,%3Csvg%20xmlns%3D%27http%3A%2F%2Fwww.w3.org%2F2000%2Fsvg%27%20width%3D%27177%27%20height%3D%27142%27%20viewBox%3D%270%200%20177%20142%27%3E%3Crect%20width%3D%27177%27%20height%3D%27142%27%20fill-opacity%3D%220%22%2F%3E%3C%2Fsvg%3E\" data-orig-src=\"https:\/\/balticwind.eu\/wp-content\/uploads\/2026\/09\/power-transformers-substation-baltica-2-poland-177x142.jpg\" class=\"lazyload attachment-portfolio-five size-portfolio-five\" alt=\"\" \/><\/a><\/li><\/ul><\/div><div class=\"recent-posts-content\"><h4 class=\"entry-title\"><a style=\"color: #1f2a3b !important;\" href=\"https:\/\/balticwind.eu\/de\/vierzehn-transformatoren-erreichen-baltica-2-baustelle-nach-sechsmonatigem-schwertransport\/\">Vierzehn Transformatoren erreichen Baltica-2-Baustelle nach sechsmonatigem Schwertransport<\/a><\/h4><p class=\"meta\"><a href=\"https:\/\/balticwind.eu\/de\/category\/offshore-wind-aktuell\/\" rel=\"category tag\">Offshore-Wind Aktuell<\/a>, <a href=\"https:\/\/balticwind.eu\/de\/category\/polen\/\" rel=\"category tag\">Polen<\/a>, <a href=\"https:\/\/balticwind.eu\/de\/category\/projekte\/\" rel=\"category tag\">Projekte<\/a><span class=\"fusion-inline-sep\">|<\/span><\/p><\/div><\/article><article class=\"post fusion-column column col col-lg-12 col-md-12 col-sm-12\"><div class=\"fusion-flexslider fusion-flexslider-loading flexslider floated-slideshow flexslider-hover-type-zoomout\"><ul class=\"slides\"><li><a href=\"https:\/\/balticwind.eu\/de\/hafen-klaipeda-entwirft-bunkerschiff-fuer-gruenes-methanol\/\" aria-label=\"Hafen Klaip\u0117da entwirft Bunkerschiff f\u00fcr gr\u00fcnes Methanol\" class=\"hover-type-zoomout\"><img decoding=\"async\" width=\"177\" height=\"142\" src=\"data:image\/svg+xml,%3Csvg%20xmlns%3D%27http%3A%2F%2Fwww.w3.org%2F2000%2Fsvg%27%20width%3D%27177%27%20height%3D%27142%27%20viewBox%3D%270%200%20177%20142%27%3E%3Crect%20width%3D%27177%27%20height%3D%27142%27%20fill-opacity%3D%220%22%2F%3E%3C%2Fsvg%3E\" data-orig-src=\"https:\/\/balticwind.eu\/wp-content\/uploads\/2026\/09\/port-of-klaipeda-green-methanol-bunkering-vessel-177x142.jpg\" class=\"lazyload attachment-portfolio-five size-portfolio-five\" alt=\"\" \/><\/a><\/li><\/ul><\/div><div class=\"recent-posts-content\"><h4 class=\"entry-title\"><a style=\"color: #1f2a3b !important;\" href=\"https:\/\/balticwind.eu\/de\/hafen-klaipeda-entwirft-bunkerschiff-fuer-gruenes-methanol\/\">Hafen Klaip\u0117da entwirft Bunkerschiff f\u00fcr gr\u00fcnes Methanol<\/a><\/h4><p class=\"meta\"><a href=\"https:\/\/balticwind.eu\/de\/category\/litauen\/\" rel=\"category tag\">Litauen<\/a>, <a href=\"https:\/\/balticwind.eu\/de\/category\/projekte\/\" rel=\"category tag\">Projekte<\/a>, <a href=\"https:\/\/balticwind.eu\/de\/category\/technologie\/\" rel=\"category tag\">Technologie<\/a><span class=\"fusion-inline-sep\">|<\/span><\/p><\/div><\/article><article class=\"post fusion-column column col col-lg-12 col-md-12 col-sm-12\"><div class=\"fusion-flexslider fusion-flexslider-loading flexslider floated-slideshow flexslider-hover-type-zoomout\"><ul class=\"slides\"><li><a href=\"https:\/\/balticwind.eu\/de\/hafen-klaipeda-startet-bauphase-seiner-groessten-erweiterung\/\" aria-label=\"Hafen Klaip\u0117da startet Bauphase seiner gr\u00f6\u00dften Erweiterung\" class=\"hover-type-zoomout\"><img decoding=\"async\" width=\"177\" height=\"142\" src=\"data:image\/svg+xml,%3Csvg%20xmlns%3D%27http%3A%2F%2Fwww.w3.org%2F2000%2Fsvg%27%20width%3D%27177%27%20height%3D%27142%27%20viewBox%3D%270%200%20177%20142%27%3E%3Crect%20width%3D%27177%27%20height%3D%27142%27%20fill-opacity%3D%220%22%2F%3E%3C%2Fsvg%3E\" data-orig-src=\"https:\/\/balticwind.eu\/wp-content\/uploads\/2026\/08\/klaipeda-port-southern-expansion-baltic-sea-177x142.jpg\" class=\"lazyload attachment-portfolio-five size-portfolio-five\" alt=\"\" \/><\/a><\/li><\/ul><\/div><div class=\"recent-posts-content\"><h4 class=\"entry-title\"><a style=\"color: #1f2a3b !important;\" href=\"https:\/\/balticwind.eu\/de\/hafen-klaipeda-startet-bauphase-seiner-groessten-erweiterung\/\">Hafen Klaip\u0117da startet Bauphase seiner gr\u00f6\u00dften Erweiterung<\/a><\/h4><p class=\"meta\"><a href=\"https:\/\/balticwind.eu\/de\/category\/litauen\/\" rel=\"category tag\">Litauen<\/a>, <a href=\"https:\/\/balticwind.eu\/de\/category\/projekte\/\" rel=\"category tag\">Projekte<\/a>, <a href=\"https:\/\/balticwind.eu\/de\/category\/top-news-de\/\" rel=\"category tag\">Top News<\/a><span class=\"fusion-inline-sep\">|<\/span><\/p><\/div><\/article><\/section><\/div><\/div><style type=\"text\/css\">.fusion-body .fusion-builder-column-15{width:33.333333333333% !important;margin-top : 0px;margin-bottom : 20px;}.fusion-builder-column-15 > .fusion-column-wrapper {padding-top : 0px !important;padding-right : 0px !important;margin-right : 5.76%;padding-bottom : 0px !important;padding-left : 0px !important;margin-left : 5.76%;}@media only screen and (max-width:1024px) {.fusion-body .fusion-builder-column-15{width:100% !important;}.fusion-builder-column-15 > .fusion-column-wrapper {margin-right : 1.92%;margin-left : 1.92%;}}@media only screen and (max-width:640px) {.fusion-body .fusion-builder-column-15{width:100% !important;}.fusion-builder-column-15 > .fusion-column-wrapper {margin-right : 1.92%;margin-left : 1.92%;}}<\/style><\/div><\/div><style type=\"text\/css\">.fusion-body .fusion-flex-container.fusion-builder-row-9{ padding-top : 30px;margin-top : 0px;padding-right : 0px;padding-bottom : 0px;margin-bottom : 0px;padding-left : 0px;}<\/style><\/div><\/div><\/p>\n","protected":false},"excerpt":{"rendered":"","protected":false},"author":4,"featured_media":0,"parent":0,"menu_order":0,"comment_status":"closed","ping_status":"closed","template":"100-width.php","meta":{"footnotes":""},"class_list":["post-47695","page","type-page","status-publish","hentry"],"acf":[],"_links":{"self":[{"href":"https:\/\/balticwind.eu\/de\/wp-json\/wp\/v2\/pages\/47695","targetHints":{"allow":["GET"]}}],"collection":[{"href":"https:\/\/balticwind.eu\/de\/wp-json\/wp\/v2\/pages"}],"about":[{"href":"https:\/\/balticwind.eu\/de\/wp-json\/wp\/v2\/types\/page"}],"author":[{"embeddable":true,"href":"https:\/\/balticwind.eu\/de\/wp-json\/wp\/v2\/users\/4"}],"replies":[{"embeddable":true,"href":"https:\/\/balticwind.eu\/de\/wp-json\/wp\/v2\/comments?post=47695"}],"version-history":[{"count":0,"href":"https:\/\/balticwind.eu\/de\/wp-json\/wp\/v2\/pages\/47695\/revisions"}],"wp:attachment":[{"href":"https:\/\/balticwind.eu\/de\/wp-json\/wp\/v2\/media?parent=47695"}],"curies":[{"name":"wp","href":"https:\/\/api.w.org\/{rel}","templated":true}]}}