{"id":3085,"date":"2021-07-19T08:41:24","date_gmt":"2021-07-19T06:41:24","guid":{"rendered":"https:\/\/balticwind.eu\/?page_id=3085"},"modified":"2025-02-05T10:57:54","modified_gmt":"2025-02-05T09:57:54","slug":"estonia","status":"publish","type":"page","link":"https:\/\/balticwind.eu\/pl\/estonia\/","title":{"rendered":"Estonia"},"content":{"rendered":"<p><div class=\"fusion-fullwidth fullwidth-box fusion-builder-row-1 fusion-flex-container klaska nonhundred-percent-fullwidth non-hundred-percent-height-scrolling fusion-no-small-visibility fusion-no-medium-visibility\" style=\"background-color: rgba(255,255,255,0);background-position: center center;background-repeat: no-repeat;border-width: 0px 0px 0px 0px;border-color:#eaeaea;border-style:solid;\" ><div class=\"fusion-builder-row fusion-row fusion-flex-align-items-flex-start\" style=\"max-width:1289.6px;margin-left: calc(-4% \/ 2 );margin-right: calc(-4% \/ 2 );\"><div class=\"fusion-layout-column fusion_builder_column fusion-builder-column-0 fusion_builder_column_1_1 1_1 fusion-flex-column\"><div class=\"fusion-column-wrapper fusion-flex-justify-content-flex-start fusion-content-layout-column\" style=\"background-position:left top;background-repeat:no-repeat;-webkit-background-size:cover;-moz-background-size:cover;-o-background-size:cover;background-size:cover;padding: -20px 0px 0px 0px;\"><style type=\"text\/css\">@media only screen and (max-width:1024px) {.fusion-title.fusion-title-1{margin-top:20px!important; margin-right:0px!important;margin-bottom:20px!important;margin-left:0px!important;}}@media only screen and (max-width:640px) {.fusion-title.fusion-title-1{margin-top:0px!important; margin-right:0px!important;margin-bottom:20px!important; margin-left:0px!important;}}<\/style><div class=\"fusion-title title fusion-title-1 fusion-title-center fusion-title-text fusion-title-size-one\" style=\"font-size:30px;margin-top:20px;margin-right:0px;margin-bottom:20px;margin-left:0px;\"><div class=\"title-sep-container title-sep-container-left\"><div class=\"title-sep sep-\" style=\"border-color:#eaeaea;\"><\/div><\/div><h1 class=\"title-heading-center fusion-responsive-typography-calculated\" style=\"margin:0;font-size:1em;letter-spacing:5px;--fontSize:30;line-height:1.2;\">ESTONIA<\/h1><div class=\"title-sep-container title-sep-container-right\"><div class=\"title-sep sep-\" style=\"border-color:#eaeaea;\"><\/div><\/div><\/div><\/div><style type=\"text\/css\">.fusion-body .fusion-builder-column-0{width:100% !important;margin-top : -20px;margin-bottom : 0px;}.fusion-builder-column-0 > .fusion-column-wrapper {padding-top : -20px !important;padding-right : 0px !important;margin-right : 1.92%;padding-bottom : 0px !important;padding-left : 0px !important;margin-left : 1.92%;}@media only screen and (max-width:1024px) {.fusion-body .fusion-builder-column-0{width:100% !important;order : 0;}.fusion-builder-column-0 > .fusion-column-wrapper {margin-right : 1.92%;margin-left : 1.92%;}}@media only screen and (max-width:640px) {.fusion-body .fusion-builder-column-0{width:100% !important;order : 0;}.fusion-builder-column-0 > .fusion-column-wrapper {margin-right : 1.92%;margin-left : 1.92%;}}<\/style><\/div><\/div><style type=\"text\/css\">.fusion-body .fusion-flex-container.fusion-builder-row-1{ padding-top : 0px;margin-top : -30px;padding-right : 0px;padding-bottom : 0px;margin-bottom : 0px;padding-left : 0px;}<\/style><\/div><div class=\"fusion-fullwidth fullwidth-box fusion-builder-row-2 fusion-flex-container klaska nonhundred-percent-fullwidth non-hundred-percent-height-scrolling fusion-no-large-visibility\" style=\"background-color: rgba(255,255,255,0);background-position: center center;background-repeat: no-repeat;border-width: 0px 0px 0px 0px;border-color:#eaeaea;border-style:solid;\" ><div class=\"fusion-builder-row fusion-row fusion-flex-align-items-flex-start\" style=\"max-width:1289.6px;margin-left: calc(-4% \/ 2 );margin-right: calc(-4% \/ 2 );\"><div class=\"fusion-layout-column fusion_builder_column fusion-builder-column-1 fusion_builder_column_1_1 1_1 fusion-flex-column\"><div class=\"fusion-column-wrapper fusion-flex-justify-content-flex-start fusion-content-layout-column\" style=\"background-position:left top;background-repeat:no-repeat;-webkit-background-size:cover;-moz-background-size:cover;-o-background-size:cover;background-size:cover;padding: 0px 0px 0px 0px;\"><div class=\"fusion-separator\" style=\"align-self: center;margin-left: auto;margin-right: auto;margin-bottom:10px;width:100%;max-width:80%;\"><div class=\"fusion-separator-border sep-single sep-solid\" style=\"border-color:#1f2a3b;border-top-width:12px;\"><\/div><\/div><style type=\"text\/css\">@media only screen and (max-width:1024px) {.fusion-title.fusion-title-2{margin-top:20px!important; margin-right:0px!important;margin-bottom:20px!important;margin-left:0px!important;}}@media only screen and (max-width:640px) {.fusion-title.fusion-title-2{margin-top:0px!important; margin-right:0px!important;margin-bottom:20px!important; margin-left:0px!important;}}<\/style><div class=\"fusion-title title fusion-title-2 fusion-title-center fusion-title-text fusion-title-size-two\" style=\"font-size:22px;margin-top:20px;margin-right:0px;margin-bottom:20px;margin-left:0px;\"><div class=\"title-sep-container title-sep-container-left\"><div class=\"title-sep sep-\" style=\"border-color:#eaeaea;\"><\/div><\/div><h2 class=\"title-heading-center fusion-responsive-typography-calculated\" style=\"margin:0;font-size:1em;letter-spacing:5px;--fontSize:22;line-height:1.00;\">ESTONIA<\/h2><div class=\"title-sep-container title-sep-container-right\"><div class=\"title-sep sep-\" style=\"border-color:#eaeaea;\"><\/div><\/div><\/div><\/div><style type=\"text\/css\">.fusion-body .fusion-builder-column-1{width:100% !important;margin-top : 0px;margin-bottom : 0px;}.fusion-builder-column-1 > .fusion-column-wrapper {padding-top : 0px !important;padding-right : 0px !important;margin-right : 1.92%;padding-bottom : 0px !important;padding-left : 0px !important;margin-left : 1.92%;}@media only screen and (max-width:1024px) {.fusion-body .fusion-builder-column-1{width:100% !important;order : 0;}.fusion-builder-column-1 > .fusion-column-wrapper {margin-right : 1.92%;margin-left : 1.92%;}}@media only screen and (max-width:640px) {.fusion-body .fusion-builder-column-1{width:100% !important;order : 0;}.fusion-builder-column-1 > .fusion-column-wrapper {margin-right : 1.92%;margin-left : 1.92%;}}<\/style><\/div><\/div><style type=\"text\/css\">.fusion-body .fusion-flex-container.fusion-builder-row-2{ padding-top : 20px;margin-top : 5px;padding-right : 0px;padding-bottom : 0px;margin-bottom : 0px;padding-left : 0px;}<\/style><\/div><div class=\"fusion-fullwidth fullwidth-box fusion-builder-row-3 fusion-flex-container nonhundred-percent-fullwidth non-hundred-percent-height-scrolling fusion-no-small-visibility fusion-no-medium-visibility\" style=\"background-color: #ffffff;background-position: left top;background-repeat: no-repeat;border-width: 0px 0px 0px 0px;border-color:#eaeaea;border-style:solid;\" ><div class=\"fusion-builder-row fusion-row fusion-flex-align-items-center fusion-flex-align-content-center fusion-flex-justify-content-center\" style=\"max-width:1289.6px;margin-left: calc(-4% \/ 2 );margin-right: calc(-4% \/ 2 );\"><div class=\"fusion-layout-column fusion_builder_column fusion-builder-column-2 fusion_builder_column_4_5 4_5 fusion-flex-column fusion-animated\" data-animationType=\"fadeInLeft\" data-animationDuration=\"0.6\" data-animationOffset=\"100%\"><div class=\"fusion-column-wrapper fusion-flex-justify-content-flex-start fusion-content-layout-column\" style=\"background-position:center center;background-repeat:no-repeat;-webkit-background-size:cover;-moz-background-size:cover;-o-background-size:cover;background-size:cover;border-width: 12px 0px 0px 0px;border-color:#1f2a3b;border-style:solid;padding: 2% 2% 0% 2%;\"><style type=\"text\/css\">@media only screen and (max-width:1024px) {.fusion-title.fusion-title-3{margin-top:-25px!important; margin-right:35px!important;margin-bottom:10px!important;margin-left:-5px!important;}}@media only screen and (max-width:640px) {.fusion-title.fusion-title-3{margin-top:0px!important; margin-right:0px!important;margin-bottom:20px!important; margin-left:0px!important;}}<\/style><div class=\"fusion-title title fusion-title-3 fusion-title-text fusion-title-size-five\" style=\"margin-top:-25px;margin-right:35px;margin-bottom:10px;margin-left:-5px;\"><div class=\"title-sep-container title-sep-container-left fusion-no-large-visibility fusion-no-medium-visibility fusion-no-small-visibility\"><div class=\"title-sep sep-\" style=\"border-color:#eaeaea;\"><\/div><\/div><h5 class=\"title-heading-left fusion-responsive-typography-calculated\" style=\"margin:0;--fontSize:17;line-height:1.76;\"><h5 style=\"text-align: left;\">WYB\u00d3R REDAKCJI<\/h5><\/h5><div class=\"title-sep-container title-sep-container-right\"><div class=\"title-sep sep-\" style=\"border-color:#eaeaea;\"><\/div><\/div><\/div><div class=\"fusion-blog-shortcode fusion-blog-shortcode-1 fusion-blog-archive fusion-blog-layout-large-alternate fusion-blog-no klasa\"><div class=\"fusion-posts-container fusion-posts-container-no fusion-no-meta-info\" data-pages=\"207\"><article id=\"blog-1-post-46024\" class=\"fusion-post-large-alternate post-46024 post type-post status-publish format-standard has-post-thumbnail hentry category-dania category-estonia-pl category-finlandia category-litwa category-lotwa category-niemcy category-energia-wiatrowa-offshore category-polska category-regulatory-pl category-szwecja\">\n\t<style type=\"text\/css\">\n\t\t\n\t\t\n\t\t\n\t\t\n\t\t\t<\/style>\n\n\n\t\t\t<div class=\"fusion-flexslider flexslider fusion-flexslider-loading fusion-post-slideshow\" style=\"\">\n\t\t<ul class=\"slides\">\n\t\t\t\n\t\t\t\t\t\t\t\t\t\t\t\t\t\t<li>\n\n<div  class=\"fusion-image-wrapper\" aria-haspopup=\"true\">\n\t\n\t\n\t\t\t\n\t\t\t\t<a href=\"https:\/\/balticwind.eu\/pl\/europa-potrzebuje-energii-wytwarzanej-na-wlasnym-terenie-na-duza-skale-a-morska-energetyka-wiatrowa-przygotowuje-sie-do-jej-dostarczenia\/\" aria-label=\"Europa potrzebuje energii wytwarzanej na w\u0142asnym terenie na du\u017c\u0105 skal\u0119, a morska energetyka wiatrowa przygotowuje si\u0119 do jej dostarczenia\">\n\t\t\n\t\t\n\t\t\t\t\t<img width=\"1200\" height=\"675\" src=\"https:\/\/balticwind.eu\/wp-content\/uploads\/2026\/04\/germany-offshore-wind-dawn-dusk-purple-pink-sky-1200x675-1.jpg\" class=\"attachment-full size-full wp-post-image\" alt=\"\" decoding=\"async\" loading=\"lazy\" srcset=\"https:\/\/balticwind.eu\/wp-content\/uploads\/2026\/04\/germany-offshore-wind-dawn-dusk-purple-pink-sky-1200x675-1-200x113.jpg 200w, https:\/\/balticwind.eu\/wp-content\/uploads\/2026\/04\/germany-offshore-wind-dawn-dusk-purple-pink-sky-1200x675-1-400x225.jpg 400w, https:\/\/balticwind.eu\/wp-content\/uploads\/2026\/04\/germany-offshore-wind-dawn-dusk-purple-pink-sky-1200x675-1-600x338.jpg 600w, https:\/\/balticwind.eu\/wp-content\/uploads\/2026\/04\/germany-offshore-wind-dawn-dusk-purple-pink-sky-1200x675-1-800x450.jpg 800w, https:\/\/balticwind.eu\/wp-content\/uploads\/2026\/04\/germany-offshore-wind-dawn-dusk-purple-pink-sky-1200x675-1.jpg 1200w\" sizes=\"(max-width: 1024px) 100vw, (max-width: 640px) 100vw, 1200px\" \/>\n\t\n\n\n\t\t\t\t<\/a>\n\t\t\n\t\n<\/div>\n<\/li>\n\t\t\t\n\t\t\t\n\t\t\t\t\t\t\t\t\t\t\t\t\t\t\t\t\t\t\t\t\t\t\t\t\t\t\t\t\t\t\t\t\t\t\t\t\t\t\t\t\t\t\t\t\t\t\t\t\t\t\t\t\t\t\t\t\t\t\t\t\t\t\t\t\t\t\t\t<\/ul>\n\t<\/div>\n\t<div class=\"fusion-date-and-formats\"><div class=\"fusion-date-box updated\"><span class=\"fusion-date\">24<\/span><span class=\"fusion-month-year\">04, 2026<\/span><\/div><div class=\"fusion-format-box\"><i class=\"fusion-icon-pen\" aria-hidden=\"true\"><\/i><\/div><\/div><div class=\"fusion-post-content post-content\"><h2 class=\"blog-shortcode-post-title entry-title\"><a href=\"https:\/\/balticwind.eu\/pl\/europa-potrzebuje-energii-wytwarzanej-na-wlasnym-terenie-na-duza-skale-a-morska-energetyka-wiatrowa-przygotowuje-sie-do-jej-dostarczenia\/\">Europa potrzebuje energii wytwarzanej na w\u0142asnym terenie na du\u017c\u0105 skal\u0119, a morska energetyka wiatrowa przygotowuje si\u0119 do jej dostarczenia<\/a><\/h2><\/div><div class=\"fusion-clearfix\"><\/div><\/article>\n<\/div><\/div><\/div><style type=\"text\/css\">.fusion-body .fusion-builder-column-2{width:80% !important;margin-top : 0px;margin-bottom : 20px;}.fusion-builder-column-2 > .fusion-column-wrapper {padding-top : 2% !important;padding-right : 2% !important;margin-right : 2.4%;padding-bottom : 0% !important;padding-left : 2% !important;margin-left : 2.4%;}@media only screen and (max-width:1024px) {.fusion-body .fusion-builder-column-2{width:100% !important;order : 0;}.fusion-builder-column-2 > .fusion-column-wrapper {margin-right : 1.92%;margin-left : 1.92%;}}@media only screen and (max-width:640px) {.fusion-body .fusion-builder-column-2{width:100% !important;order : 0;}.fusion-builder-column-2 > .fusion-column-wrapper {margin-right : 1.92%;margin-left : 1.92%;}}<\/style><\/div><\/div><style type=\"text\/css\">.fusion-body .fusion-flex-container.fusion-builder-row-3{ padding-top : 20px;margin-top : 0px;padding-right : 0px;padding-bottom : 0px;margin-bottom : 0px;padding-left : 0px;}@media only screen and (max-width:1024px) {.fusion-body .fusion-flex-container.fusion-builder-row-3{ padding-top : 80px;}}<\/style><\/div><div class=\"fusion-fullwidth fullwidth-box fusion-builder-row-4 fusion-flex-container nonhundred-percent-fullwidth non-hundred-percent-height-scrolling fusion-no-large-visibility\" style=\"background-color: #ffffff;background-position: left top;background-repeat: no-repeat;border-width: 0px 0px 0px 0px;border-color:#eaeaea;border-style:solid;\" ><div class=\"fusion-builder-row fusion-row fusion-flex-align-items-center fusion-flex-align-content-center fusion-flex-justify-content-center\" style=\"max-width:1289.6px;margin-left: calc(-4% \/ 2 );margin-right: calc(-4% \/ 2 );\"><div class=\"fusion-layout-column fusion_builder_column fusion-builder-column-3 fusion_builder_column_1_1 1_1 fusion-flex-column fusion-animated\" data-animationType=\"fadeInLeft\" data-animationDuration=\"0.6\" data-animationOffset=\"100%\"><div class=\"fusion-column-wrapper fusion-flex-justify-content-flex-start fusion-content-layout-column\" style=\"background-position:center center;background-repeat:no-repeat;-webkit-background-size:cover;-moz-background-size:cover;-o-background-size:cover;background-size:cover;border-width: 1px 1px 1px 1px;border-color:#b6babe;border-style:solid;padding: 4% 4% 0% 4%;\"><div class=\"fusion-blog-shortcode fusion-blog-shortcode-2 fusion-blog-archive fusion-blog-layout-large fusion-blog-no klasa\"><div class=\"fusion-posts-container fusion-posts-container-no fusion-no-meta-info\" data-pages=\"207\"><article id=\"blog-2-post-46024\" class=\"fusion-post-large post-46024 post type-post status-publish format-standard has-post-thumbnail hentry category-dania category-estonia-pl category-finlandia category-litwa category-lotwa category-niemcy category-energia-wiatrowa-offshore category-polska category-regulatory-pl category-szwecja\">\n\t<style type=\"text\/css\">\n\t\t\n\t\t\n\t\t\n\t\t\n\t\t\t<\/style>\n\n\n\t\t\t<div class=\"fusion-flexslider flexslider fusion-flexslider-loading fusion-post-slideshow\" style=\"\">\n\t\t<ul class=\"slides\">\n\t\t\t\n\t\t\t\t\t\t\t\t\t\t\t\t\t\t<li>\n\n<div  class=\"fusion-image-wrapper\" aria-haspopup=\"true\">\n\t\n\t\n\t\t\t\n\t\t\t\t<a href=\"https:\/\/balticwind.eu\/pl\/europa-potrzebuje-energii-wytwarzanej-na-wlasnym-terenie-na-duza-skale-a-morska-energetyka-wiatrowa-przygotowuje-sie-do-jej-dostarczenia\/\" aria-label=\"Europa potrzebuje energii wytwarzanej na w\u0142asnym terenie na du\u017c\u0105 skal\u0119, a morska energetyka wiatrowa przygotowuje si\u0119 do jej dostarczenia\">\n\t\t\n\t\t\n\t\t\t\t\t<img width=\"1200\" height=\"675\" src=\"https:\/\/balticwind.eu\/wp-content\/uploads\/2026\/04\/germany-offshore-wind-dawn-dusk-purple-pink-sky-1200x675-1.jpg\" class=\"attachment-full size-full wp-post-image\" alt=\"\" decoding=\"async\" loading=\"lazy\" srcset=\"https:\/\/balticwind.eu\/wp-content\/uploads\/2026\/04\/germany-offshore-wind-dawn-dusk-purple-pink-sky-1200x675-1-200x113.jpg 200w, https:\/\/balticwind.eu\/wp-content\/uploads\/2026\/04\/germany-offshore-wind-dawn-dusk-purple-pink-sky-1200x675-1-400x225.jpg 400w, https:\/\/balticwind.eu\/wp-content\/uploads\/2026\/04\/germany-offshore-wind-dawn-dusk-purple-pink-sky-1200x675-1-600x338.jpg 600w, https:\/\/balticwind.eu\/wp-content\/uploads\/2026\/04\/germany-offshore-wind-dawn-dusk-purple-pink-sky-1200x675-1-800x450.jpg 800w, https:\/\/balticwind.eu\/wp-content\/uploads\/2026\/04\/germany-offshore-wind-dawn-dusk-purple-pink-sky-1200x675-1.jpg 1200w\" sizes=\"(max-width: 1024px) 100vw, (max-width: 640px) 100vw, 1200px\" \/>\n\t\n\n\n\t\t\t\t<\/a>\n\t\t\n\t\n<\/div>\n<\/li>\n\t\t\t\n\t\t\t\n\t\t\t\t\t\t\t\t\t\t\t\t\t\t\t\t\t\t\t\t\t\t\t\t\t\t\t\t\t\t\t\t\t\t\t\t\t\t\t\t\t\t\t\t\t\t\t\t\t\t\t\t\t\t\t\t\t\t\t\t\t\t\t\t\t\t\t\t<\/ul>\n\t<\/div>\n\t<div class=\"fusion-post-content post-content\"><h2 class=\"blog-shortcode-post-title entry-title\"><a href=\"https:\/\/balticwind.eu\/pl\/europa-potrzebuje-energii-wytwarzanej-na-wlasnym-terenie-na-duza-skale-a-morska-energetyka-wiatrowa-przygotowuje-sie-do-jej-dostarczenia\/\">Europa potrzebuje energii wytwarzanej na w\u0142asnym terenie na du\u017c\u0105 skal\u0119, a morska energetyka wiatrowa przygotowuje si\u0119 do jej dostarczenia<\/a><\/h2><\/div><div class=\"fusion-clearfix\"><\/div><\/article>\n<\/div><\/div><\/div><style type=\"text\/css\">.fusion-body .fusion-builder-column-3{width:100% !important;margin-top : 0px;margin-bottom : 20px;}.fusion-builder-column-3 > .fusion-column-wrapper {padding-top : 4% !important;padding-right : 4% !important;margin-right : 1.92%;padding-bottom : 0% !important;padding-left : 4% !important;margin-left : 1.92%;}@media only screen and (max-width:1024px) {.fusion-body .fusion-builder-column-3{width:100% !important;order : 0;}.fusion-builder-column-3 > .fusion-column-wrapper {margin-right : 1.92%;margin-left : 1.92%;}}@media only screen and (max-width:640px) {.fusion-body .fusion-builder-column-3{width:100% !important;order : 0;}.fusion-builder-column-3 > .fusion-column-wrapper {margin-right : 1.92%;margin-left : 1.92%;}}<\/style><\/div><\/div><style type=\"text\/css\">.fusion-body .fusion-flex-container.fusion-builder-row-4{ padding-top : 0px;margin-top : 0px;padding-right : 0px;padding-bottom : 0px;margin-bottom : 0px;padding-left : 0px;}@media only screen and (max-width:1024px) {.fusion-body .fusion-flex-container.fusion-builder-row-4{ padding-top : 80px;}}<\/style><\/div><div class=\"fusion-fullwidth fullwidth-box fusion-builder-row-5 fusion-flex-container nonhundred-percent-fullwidth non-hundred-percent-height-scrolling fusion-no-large-visibility\" style=\"background-color: rgba(255,255,255,0);background-position: center center;background-repeat: no-repeat;border-width: 0px 0px 0px 0px;border-color:#eaeaea;border-style:solid;\" ><div class=\"fusion-builder-row fusion-row fusion-flex-align-items-flex-start\" style=\"max-width:1289.6px;margin-left: calc(-4% \/ 2 );margin-right: calc(-4% \/ 2 );\"><div class=\"fusion-layout-column fusion_builder_column fusion-builder-column-4 fusion_builder_column_1_1 1_1 fusion-flex-column\"><div class=\"fusion-column-wrapper fusion-flex-justify-content-flex-start fusion-content-layout-column\" style=\"background-position:left top;background-repeat:no-repeat;-webkit-background-size:cover;-moz-background-size:cover;-o-background-size:cover;background-size:cover;padding: 0px 0px 0px 0px;\"><div class=\"fusion-recent-posts fusion-recent-posts-1 avada-container layout-thumbnails-on-side layout-columns-1 fusion-recent-posts-infinite fusion-recent-posts-load-more klasa\" data-pages=\"14\"><section class=\"fusion-columns columns fusion-columns-1 columns-1\"><article class=\"post fusion-column column col col-lg-12 col-md-12 col-sm-12 fusion-animated\" data-animationType=\"fadeInDown\" data-animationDuration=\"0.6\" data-animationOffset=\"100%\"><div class=\"fusion-flexslider fusion-flexslider-loading flexslider floated-slideshow flexslider-hover-type-zoomout\"><ul class=\"slides\"><li><a href=\"https:\/\/balticwind.eu\/pl\/235-kluczowych-transgranicznych-projektow-energetycznych-majacych-na-celu-wzmocnienie-wzajemnych-polaczen-w-europie\/\" aria-label=\"235 kluczowych transgranicznych projekt\u00f3w energetycznych maj\u0105cych na celu wzmocnienie wzajemnych po\u0142\u0105cze\u0144 w Europie\" class=\"hover-type-zoomout\"><img width=\"177\" height=\"142\" src=\"https:\/\/balticwind.eu\/wp-content\/uploads\/2026\/04\/PCI_List_News-177x142.jpg\" class=\"attachment-portfolio-five size-portfolio-five\" alt=\"\" decoding=\"async\" \/><\/a><\/li><\/ul><\/div><div class=\"recent-posts-content\"><span class=\"vcard\" style=\"display: none;\"><span class=\"fn\"><a href=\"https:\/\/balticwind.eu\/pl\/author\/maja-moshotmail-com\/\" title=\"Wpisy od Maja Moskal\" rel=\"author\">Maja Moskal<\/a><\/span><\/span><span class=\"updated\" style=\"display:none;\">2026-04-20T10:09:23+02:00<\/span><h4 class=\"entry-title\"><a style=\"color: #1f2a3b !important;\" href=\"https:\/\/balticwind.eu\/pl\/235-kluczowych-transgranicznych-projektow-energetycznych-majacych-na-celu-wzmocnienie-wzajemnych-polaczen-w-europie\/\">235 kluczowych transgranicznych projekt\u00f3w energetycznych maj\u0105cych na celu wzmocnienie wzajemnych po\u0142\u0105cze\u0144 w Europie<\/a><\/h4><p class=\"meta\"><span class=\"vcard\" style=\"display: none;\"><span class=\"fn\"><a href=\"https:\/\/balticwind.eu\/pl\/author\/maja-moshotmail-com\/\" title=\"Wpisy od Maja Moskal\" rel=\"author\">Maja Moskal<\/a><\/span><\/span><span class=\"updated\" style=\"display:none;\">2026-04-20T10:09:23+02:00<\/span><a href=\"https:\/\/balticwind.eu\/pl\/category\/dania\/\" rel=\"category tag\">DANIA<\/a>, <a href=\"https:\/\/balticwind.eu\/pl\/category\/estonia-pl\/\" rel=\"category tag\">ESTONIA<\/a>, <a href=\"https:\/\/balticwind.eu\/pl\/category\/finlandia\/\" rel=\"category tag\">FINLANDIA<\/a>, <a href=\"https:\/\/balticwind.eu\/pl\/category\/litwa\/\" rel=\"category tag\">LITWA<\/a>, <a href=\"https:\/\/balticwind.eu\/pl\/category\/lotwa\/\" rel=\"category tag\">\u0141OTWA<\/a>, <a href=\"https:\/\/balticwind.eu\/pl\/category\/niemcy\/\" rel=\"category tag\">NIEMCY<\/a>, <a href=\"https:\/\/balticwind.eu\/pl\/category\/energia-wiatrowa-offshore\/\" rel=\"category tag\">OFFSHORE<\/a>, <a href=\"https:\/\/balticwind.eu\/pl\/category\/energia-wiatrowa-onshore\/\" rel=\"category tag\">ONSHORE<\/a>, <a href=\"https:\/\/balticwind.eu\/pl\/category\/opinie\/\" rel=\"category tag\">OPINIE<\/a>, <a href=\"https:\/\/balticwind.eu\/pl\/category\/polska\/\" rel=\"category tag\">POLSKA<\/a>, <a href=\"https:\/\/balticwind.eu\/pl\/category\/projekty\/\" rel=\"category tag\">PROJEKTY<\/a>, <a href=\"https:\/\/balticwind.eu\/pl\/category\/regulatory-pl\/\" rel=\"category tag\">REGULACJE<\/a>, <a href=\"https:\/\/balticwind.eu\/pl\/category\/szwecja\/\" rel=\"category tag\">SZWECJA<\/a><span class=\"fusion-inline-sep\">|<\/span><\/p><\/div><\/article><article class=\"post fusion-column column col col-lg-12 col-md-12 col-sm-12 fusion-animated\" data-animationType=\"fadeInDown\" data-animationDuration=\"0.6\" data-animationOffset=\"100%\"><div class=\"fusion-flexslider fusion-flexslider-loading flexslider floated-slideshow flexslider-hover-type-zoomout\"><ul class=\"slides\"><li><a href=\"https:\/\/balticwind.eu\/pl\/oswiadczenie-przewodniczacej-von-der-leyen-podczas-wspolnej-konferencji-prasowej-z-prezydentem-costa-po-posiedzeniu-rady-europejskiej-w-marcu-2026-r\/\" aria-label=\"O\u015bwiadczenie przewodnicz\u0105cej von der Leyen podczas wsp\u00f3lnej konferencji prasowej z prezydentem Cost\u0105 po posiedzeniu Rady Europejskiej w marcu 2026 r.\" class=\"hover-type-zoomout\"><img width=\"177\" height=\"142\" src=\"https:\/\/balticwind.eu\/wp-content\/uploads\/2026\/03\/P-069317_00-10_03-MED-665987-177x142.jpg\" class=\"attachment-portfolio-five size-portfolio-five\" alt=\"\" decoding=\"async\" \/><\/a><\/li><\/ul><\/div><div class=\"recent-posts-content\"><span class=\"vcard\" style=\"display: none;\"><span class=\"fn\"><a href=\"https:\/\/balticwind.eu\/pl\/author\/maja-moshotmail-com\/\" title=\"Wpisy od Maja Moskal\" rel=\"author\">Maja Moskal<\/a><\/span><\/span><span class=\"updated\" style=\"display:none;\">2026-03-25T08:16:34+01:00<\/span><h4 class=\"entry-title\"><a style=\"color: #1f2a3b !important;\" href=\"https:\/\/balticwind.eu\/pl\/oswiadczenie-przewodniczacej-von-der-leyen-podczas-wspolnej-konferencji-prasowej-z-prezydentem-costa-po-posiedzeniu-rady-europejskiej-w-marcu-2026-r\/\">O\u015bwiadczenie przewodnicz\u0105cej von der Leyen podczas wsp\u00f3lnej konferencji prasowej z prezydentem Cost\u0105 po posiedzeniu Rady Europejskiej w marcu 2026 r.<\/a><\/h4><p class=\"meta\"><span class=\"vcard\" style=\"display: none;\"><span class=\"fn\"><a href=\"https:\/\/balticwind.eu\/pl\/author\/maja-moshotmail-com\/\" title=\"Wpisy od Maja Moskal\" rel=\"author\">Maja Moskal<\/a><\/span><\/span><span class=\"updated\" style=\"display:none;\">2026-03-25T08:16:34+01:00<\/span><a href=\"https:\/\/balticwind.eu\/pl\/category\/dania\/\" rel=\"category tag\">DANIA<\/a>, <a href=\"https:\/\/balticwind.eu\/pl\/category\/estonia-pl\/\" rel=\"category tag\">ESTONIA<\/a>, <a href=\"https:\/\/balticwind.eu\/pl\/category\/finlandia\/\" rel=\"category tag\">FINLANDIA<\/a>, <a href=\"https:\/\/balticwind.eu\/pl\/category\/litwa\/\" rel=\"category tag\">LITWA<\/a>, <a href=\"https:\/\/balticwind.eu\/pl\/category\/lotwa\/\" rel=\"category tag\">\u0141OTWA<\/a>, <a href=\"https:\/\/balticwind.eu\/pl\/category\/niemcy\/\" rel=\"category tag\">NIEMCY<\/a>, <a href=\"https:\/\/balticwind.eu\/pl\/category\/energia-wiatrowa-offshore\/\" rel=\"category tag\">OFFSHORE<\/a>, <a href=\"https:\/\/balticwind.eu\/pl\/category\/energia-wiatrowa-onshore\/\" rel=\"category tag\">ONSHORE<\/a>, <a href=\"https:\/\/balticwind.eu\/pl\/category\/opinie\/\" rel=\"category tag\">OPINIE<\/a>, <a href=\"https:\/\/balticwind.eu\/pl\/category\/polska\/\" rel=\"category tag\">POLSKA<\/a>, <a href=\"https:\/\/balticwind.eu\/pl\/category\/regulatory-pl\/\" rel=\"category tag\">REGULACJE<\/a>, <a href=\"https:\/\/balticwind.eu\/pl\/category\/szwecja\/\" rel=\"category tag\">SZWECJA<\/a>, <a href=\"https:\/\/balticwind.eu\/pl\/category\/top-news-pl\/\" rel=\"category tag\">TOP NEWS<\/a><span class=\"fusion-inline-sep\">|<\/span><\/p><\/div><\/article><article class=\"post fusion-column column col col-lg-12 col-md-12 col-sm-12 fusion-animated\" data-animationType=\"fadeInDown\" data-animationDuration=\"0.6\" data-animationOffset=\"100%\"><div class=\"fusion-flexslider fusion-flexslider-loading flexslider floated-slideshow flexslider-hover-type-zoomout\"><ul class=\"slides\"><li><a href=\"https:\/\/balticwind.eu\/pl\/ustawa-o-przyspieszeniu-rozwoju-przemyslowego-wzmocni-odpornosc-gospodarcza-europy\/\" aria-label=\"Ustawa o przyspieszeniu rozwoju przemys\u0142owego wzmocni odporno\u015b\u0107 gospodarcz\u0105 Europy\" class=\"hover-type-zoomout\"><img width=\"177\" height=\"142\" src=\"https:\/\/balticwind.eu\/wp-content\/uploads\/2026\/03\/blade-factory-woman-177x142.jpg\" class=\"attachment-portfolio-five size-portfolio-five\" alt=\"\" decoding=\"async\" \/><\/a><\/li><\/ul><\/div><div class=\"recent-posts-content\"><span class=\"vcard\" style=\"display: none;\"><span class=\"fn\"><a href=\"https:\/\/balticwind.eu\/pl\/author\/maja-moshotmail-com\/\" title=\"Wpisy od Maja Moskal\" rel=\"author\">Maja Moskal<\/a><\/span><\/span><span class=\"updated\" style=\"display:none;\">2026-03-05T18:11:40+01:00<\/span><h4 class=\"entry-title\"><a style=\"color: #1f2a3b !important;\" href=\"https:\/\/balticwind.eu\/pl\/ustawa-o-przyspieszeniu-rozwoju-przemyslowego-wzmocni-odpornosc-gospodarcza-europy\/\">Ustawa o przyspieszeniu rozwoju przemys\u0142owego wzmocni odporno\u015b\u0107 gospodarcz\u0105 Europy<\/a><\/h4><p class=\"meta\"><span class=\"vcard\" style=\"display: none;\"><span class=\"fn\"><a href=\"https:\/\/balticwind.eu\/pl\/author\/maja-moshotmail-com\/\" title=\"Wpisy od Maja Moskal\" rel=\"author\">Maja Moskal<\/a><\/span><\/span><span class=\"updated\" style=\"display:none;\">2026-03-05T18:11:40+01:00<\/span><a href=\"https:\/\/balticwind.eu\/pl\/category\/dania\/\" rel=\"category tag\">DANIA<\/a>, <a href=\"https:\/\/balticwind.eu\/pl\/category\/estonia-pl\/\" rel=\"category tag\">ESTONIA<\/a>, <a href=\"https:\/\/balticwind.eu\/pl\/category\/finlandia\/\" rel=\"category tag\">FINLANDIA<\/a>, <a href=\"https:\/\/balticwind.eu\/pl\/category\/litwa\/\" rel=\"category tag\">LITWA<\/a>, <a href=\"https:\/\/balticwind.eu\/pl\/category\/lotwa\/\" rel=\"category tag\">\u0141OTWA<\/a>, <a href=\"https:\/\/balticwind.eu\/pl\/category\/niemcy\/\" rel=\"category tag\">NIEMCY<\/a>, <a href=\"https:\/\/balticwind.eu\/pl\/category\/energia-wiatrowa-offshore\/\" rel=\"category tag\">OFFSHORE<\/a>, <a href=\"https:\/\/balticwind.eu\/pl\/category\/polska\/\" rel=\"category tag\">POLSKA<\/a>, <a href=\"https:\/\/balticwind.eu\/pl\/category\/projekty\/\" rel=\"category tag\">PROJEKTY<\/a>, <a href=\"https:\/\/balticwind.eu\/pl\/category\/szwecja\/\" rel=\"category tag\">SZWECJA<\/a><span class=\"fusion-inline-sep\">|<\/span><\/p><\/div><\/article><article class=\"post fusion-column column col col-lg-12 col-md-12 col-sm-12 fusion-animated\" data-animationType=\"fadeInDown\" data-animationDuration=\"0.6\" data-animationOffset=\"100%\"><div class=\"fusion-flexslider fusion-flexslider-loading flexslider floated-slideshow flexslider-hover-type-zoomout\"><ul class=\"slides\"><li><a href=\"https:\/\/balticwind.eu\/pl\/haskoning-zaprojektuje-morskie-farmy-wiatrowe-w-estonii-i-na-lotwie\/\" aria-label=\"Haskoning zaprojektuje morskie farmy wiatrowe w Estonii i na \u0141otwie\" class=\"hover-type-zoomout\"><img width=\"177\" height=\"142\" src=\"https:\/\/balticwind.eu\/wp-content\/uploads\/2026\/02\/Haskoning-ELWIND-177x142.jpg\" class=\"attachment-portfolio-five size-portfolio-five\" alt=\"\" decoding=\"async\" \/><\/a><\/li><\/ul><\/div><div class=\"recent-posts-content\"><span class=\"vcard\" style=\"display: none;\"><span class=\"fn\"><a href=\"https:\/\/balticwind.eu\/pl\/author\/maja-moshotmail-com\/\" title=\"Wpisy od Maja Moskal\" rel=\"author\">Maja Moskal<\/a><\/span><\/span><span class=\"updated\" style=\"display:none;\">2026-02-24T12:55:22+01:00<\/span><h4 class=\"entry-title\"><a style=\"color: #1f2a3b !important;\" href=\"https:\/\/balticwind.eu\/pl\/haskoning-zaprojektuje-morskie-farmy-wiatrowe-w-estonii-i-na-lotwie\/\">Haskoning zaprojektuje morskie farmy wiatrowe w Estonii i na \u0141otwie<\/a><\/h4><p class=\"meta\"><span class=\"vcard\" style=\"display: none;\"><span class=\"fn\"><a href=\"https:\/\/balticwind.eu\/pl\/author\/maja-moshotmail-com\/\" title=\"Wpisy od Maja Moskal\" rel=\"author\">Maja Moskal<\/a><\/span><\/span><span class=\"updated\" style=\"display:none;\">2026-02-24T12:55:22+01:00<\/span><a href=\"https:\/\/balticwind.eu\/pl\/category\/estonia-pl\/\" rel=\"category tag\">ESTONIA<\/a>, <a href=\"https:\/\/balticwind.eu\/pl\/category\/lotwa\/\" rel=\"category tag\">\u0141OTWA<\/a>, <a href=\"https:\/\/balticwind.eu\/pl\/category\/energia-wiatrowa-offshore\/\" rel=\"category tag\">OFFSHORE<\/a>, <a href=\"https:\/\/balticwind.eu\/pl\/category\/projekty\/\" rel=\"category tag\">PROJEKTY<\/a><span class=\"fusion-inline-sep\">|<\/span><\/p><\/div><\/article><article class=\"post fusion-column column col col-lg-12 col-md-12 col-sm-12 fusion-animated\" data-animationType=\"fadeInDown\" data-animationDuration=\"0.6\" data-animationOffset=\"100%\"><div class=\"fusion-flexslider fusion-flexslider-loading flexslider floated-slideshow flexslider-hover-type-zoomout\"><ul class=\"slides\"><li><a href=\"https:\/\/balticwind.eu\/pl\/elwind-rozpoczyna-badania-nad-ssakami-morskimi-w-obszarze-morskiej-farmy-wiatrowej-na-wodach-estonii-i-lotwy\/\" aria-label=\"ELWIND rozpoczyna badania nad ssakami morskimi w obszarze morskiej farmy wiatrowej na wodach Estonii i \u0141otwy\" class=\"hover-type-zoomout\"><img width=\"177\" height=\"142\" src=\"https:\/\/balticwind.eu\/wp-content\/uploads\/2026\/02\/diana-parkhouse-0F8jttdTir4-unsplash-2048x1365-1-177x142.jpg\" class=\"attachment-portfolio-five size-portfolio-five\" alt=\"\" decoding=\"async\" \/><\/a><\/li><\/ul><\/div><div class=\"recent-posts-content\"><span class=\"vcard\" style=\"display: none;\"><span class=\"fn\"><a href=\"https:\/\/balticwind.eu\/pl\/author\/maja-moshotmail-com\/\" title=\"Wpisy od Maja Moskal\" rel=\"author\">Maja Moskal<\/a><\/span><\/span><span class=\"updated\" style=\"display:none;\">2026-02-20T15:59:45+01:00<\/span><h4 class=\"entry-title\"><a style=\"color: #1f2a3b !important;\" href=\"https:\/\/balticwind.eu\/pl\/elwind-rozpoczyna-badania-nad-ssakami-morskimi-w-obszarze-morskiej-farmy-wiatrowej-na-wodach-estonii-i-lotwy\/\">ELWIND rozpoczyna badania nad ssakami morskimi w obszarze morskiej farmy wiatrowej na wodach Estonii i \u0141otwy<\/a><\/h4><p class=\"meta\"><span class=\"vcard\" style=\"display: none;\"><span class=\"fn\"><a href=\"https:\/\/balticwind.eu\/pl\/author\/maja-moshotmail-com\/\" title=\"Wpisy od Maja Moskal\" rel=\"author\">Maja Moskal<\/a><\/span><\/span><span class=\"updated\" style=\"display:none;\">2026-02-20T15:59:45+01:00<\/span><a href=\"https:\/\/balticwind.eu\/pl\/category\/estonia-pl\/\" rel=\"category tag\">ESTONIA<\/a>, <a href=\"https:\/\/balticwind.eu\/pl\/category\/lotwa\/\" rel=\"category tag\">\u0141OTWA<\/a>, <a href=\"https:\/\/balticwind.eu\/pl\/category\/energia-wiatrowa-offshore\/\" rel=\"category tag\">OFFSHORE<\/a>, <a href=\"https:\/\/balticwind.eu\/pl\/category\/projekty\/\" rel=\"category tag\">PROJEKTY<\/a><span class=\"fusion-inline-sep\">|<\/span><\/p><\/div><\/article><article class=\"post fusion-column column col col-lg-12 col-md-12 col-sm-12 fusion-animated\" data-animationType=\"fadeInDown\" data-animationDuration=\"0.6\" data-animationOffset=\"100%\"><div class=\"fusion-flexslider fusion-flexslider-loading flexslider floated-slideshow flexslider-hover-type-zoomout\"><ul class=\"slides\"><li><a href=\"https:\/\/balticwind.eu\/pl\/elwind-podpisuje-umowe-na-realizacje-projektu-morskiej-farmy-wiatrowej-pre-feed-projekt-koncepcyjny-i-projekt-techniczny\/\" aria-label=\"ELWIND podpisuje umow\u0119 na realizacj\u0119 projektu morskiej farmy wiatrowej Pre-FEED, projekt koncepcyjny i projekt techniczny\" class=\"hover-type-zoomout\"><img width=\"177\" height=\"142\" src=\"https:\/\/balticwind.eu\/wp-content\/uploads\/2026\/02\/haskoning_feed_design-2048x1152-1-177x142.jpg\" class=\"attachment-portfolio-five size-portfolio-five\" alt=\"\" decoding=\"async\" \/><\/a><\/li><\/ul><\/div><div class=\"recent-posts-content\"><span class=\"vcard\" style=\"display: none;\"><span class=\"fn\"><a href=\"https:\/\/balticwind.eu\/pl\/author\/maja-moshotmail-com\/\" title=\"Wpisy od Maja Moskal\" rel=\"author\">Maja Moskal<\/a><\/span><\/span><span class=\"updated\" style=\"display:none;\">2026-02-20T15:57:15+01:00<\/span><h4 class=\"entry-title\"><a style=\"color: #1f2a3b !important;\" href=\"https:\/\/balticwind.eu\/pl\/elwind-podpisuje-umowe-na-realizacje-projektu-morskiej-farmy-wiatrowej-pre-feed-projekt-koncepcyjny-i-projekt-techniczny\/\">ELWIND podpisuje umow\u0119 na realizacj\u0119 projektu morskiej farmy wiatrowej Pre-FEED, projekt koncepcyjny i projekt techniczny<\/a><\/h4><p class=\"meta\"><span class=\"vcard\" style=\"display: none;\"><span class=\"fn\"><a href=\"https:\/\/balticwind.eu\/pl\/author\/maja-moshotmail-com\/\" title=\"Wpisy od Maja Moskal\" rel=\"author\">Maja Moskal<\/a><\/span><\/span><span class=\"updated\" style=\"display:none;\">2026-02-20T15:57:15+01:00<\/span><a href=\"https:\/\/balticwind.eu\/pl\/category\/estonia-pl\/\" rel=\"category tag\">ESTONIA<\/a>, <a href=\"https:\/\/balticwind.eu\/pl\/category\/lotwa\/\" rel=\"category tag\">\u0141OTWA<\/a>, <a href=\"https:\/\/balticwind.eu\/pl\/category\/energia-wiatrowa-offshore\/\" rel=\"category tag\">OFFSHORE<\/a>, <a href=\"https:\/\/balticwind.eu\/pl\/category\/projekty\/\" rel=\"category tag\">PROJEKTY<\/a><span class=\"fusion-inline-sep\">|<\/span><\/p><\/div><\/article><article class=\"post fusion-column column col col-lg-12 col-md-12 col-sm-12 fusion-animated\" data-animationType=\"fadeInDown\" data-animationDuration=\"0.6\" data-animationOffset=\"100%\"><div class=\"fusion-flexslider fusion-flexslider-loading flexslider floated-slideshow flexslider-hover-type-zoomout\"><ul class=\"slides\"><li><a href=\"https:\/\/balticwind.eu\/pl\/spotkanie-z-ministrem-w-sprawie-wspolpracy-energetycznej-miedzy-krajami-nordyckimi-i-baltyckimi\/\" aria-label=\"Spotkanie z ministrem w sprawie wsp\u00f3\u0142pracy energetycznej mi\u0119dzy krajami nordyckimi i ba\u0142tyckimi\" class=\"hover-type-zoomout\"><img width=\"177\" height=\"142\" src=\"https:\/\/balticwind.eu\/wp-content\/uploads\/2026\/02\/tiksanas-ar-ministru-par-energetikas-sadarbibu-177x142.jpg\" class=\"attachment-portfolio-five size-portfolio-five\" alt=\"\" decoding=\"async\" \/><\/a><\/li><\/ul><\/div><div class=\"recent-posts-content\"><span class=\"vcard\" style=\"display: none;\"><span class=\"fn\"><a href=\"https:\/\/balticwind.eu\/pl\/author\/maja-moshotmail-com\/\" title=\"Wpisy od Maja Moskal\" rel=\"author\">Maja Moskal<\/a><\/span><\/span><span class=\"updated\" style=\"display:none;\">2026-02-13T08:29:37+01:00<\/span><h4 class=\"entry-title\"><a style=\"color: #1f2a3b !important;\" href=\"https:\/\/balticwind.eu\/pl\/spotkanie-z-ministrem-w-sprawie-wspolpracy-energetycznej-miedzy-krajami-nordyckimi-i-baltyckimi\/\">Spotkanie z ministrem w sprawie wsp\u00f3\u0142pracy energetycznej mi\u0119dzy krajami nordyckimi i ba\u0142tyckimi<\/a><\/h4><p class=\"meta\"><span class=\"vcard\" style=\"display: none;\"><span class=\"fn\"><a href=\"https:\/\/balticwind.eu\/pl\/author\/maja-moshotmail-com\/\" title=\"Wpisy od Maja Moskal\" rel=\"author\">Maja Moskal<\/a><\/span><\/span><span class=\"updated\" style=\"display:none;\">2026-02-13T08:29:37+01:00<\/span><a href=\"https:\/\/balticwind.eu\/pl\/category\/dania\/\" rel=\"category tag\">DANIA<\/a>, <a href=\"https:\/\/balticwind.eu\/pl\/category\/estonia-pl\/\" rel=\"category tag\">ESTONIA<\/a>, <a href=\"https:\/\/balticwind.eu\/pl\/category\/finlandia\/\" rel=\"category tag\">FINLANDIA<\/a>, <a href=\"https:\/\/balticwind.eu\/pl\/category\/litwa\/\" rel=\"category tag\">LITWA<\/a>, <a href=\"https:\/\/balticwind.eu\/pl\/category\/lotwa\/\" rel=\"category tag\">\u0141OTWA<\/a>, <a href=\"https:\/\/balticwind.eu\/pl\/category\/energia-wiatrowa-offshore\/\" rel=\"category tag\">OFFSHORE<\/a>, <a href=\"https:\/\/balticwind.eu\/pl\/category\/energia-wiatrowa-onshore\/\" rel=\"category tag\">ONSHORE<\/a>, <a href=\"https:\/\/balticwind.eu\/pl\/category\/projekty\/\" rel=\"category tag\">PROJEKTY<\/a>, <a href=\"https:\/\/balticwind.eu\/pl\/category\/szwecja\/\" rel=\"category tag\">SZWECJA<\/a><span class=\"fusion-inline-sep\">|<\/span><\/p><\/div><\/article><article class=\"post fusion-column column col col-lg-12 col-md-12 col-sm-12 fusion-animated\" data-animationType=\"fadeInDown\" data-animationDuration=\"0.6\" data-animationOffset=\"100%\"><div class=\"fusion-flexslider fusion-flexslider-loading flexslider floated-slideshow flexslider-hover-type-zoomout\"><ul class=\"slides\"><li><a href=\"https:\/\/balticwind.eu\/pl\/kongres-stanow-zjednoczonych-zatwierdza-200-mln-usd-na-pomoc-wojskowa-dla-krajow-baltyckich\/\" aria-label=\"Kongres Stan\u00f3w Zjednoczonych zatwierdza 200 mln USD na pomoc wojskow\u0105 dla kraj\u00f3w ba\u0142tyckich\" class=\"hover-type-zoomout\"><img width=\"177\" height=\"142\" src=\"https:\/\/balticwind.eu\/wp-content\/uploads\/2026\/02\/Ministry-of-Foreign-Affairs_0-177x142.jpg\" class=\"attachment-portfolio-five size-portfolio-five\" alt=\"\" decoding=\"async\" \/><\/a><\/li><\/ul><\/div><div class=\"recent-posts-content\"><span class=\"vcard\" style=\"display: none;\"><span class=\"fn\"><a href=\"https:\/\/balticwind.eu\/pl\/author\/maja-moshotmail-com\/\" title=\"Wpisy od Maja Moskal\" rel=\"author\">Maja Moskal<\/a><\/span><\/span><span class=\"updated\" style=\"display:none;\">2026-02-13T08:22:37+01:00<\/span><h4 class=\"entry-title\"><a style=\"color: #1f2a3b !important;\" href=\"https:\/\/balticwind.eu\/pl\/kongres-stanow-zjednoczonych-zatwierdza-200-mln-usd-na-pomoc-wojskowa-dla-krajow-baltyckich\/\">Kongres Stan\u00f3w Zjednoczonych zatwierdza 200 mln USD na pomoc wojskow\u0105 dla kraj\u00f3w ba\u0142tyckich<\/a><\/h4><p class=\"meta\"><span class=\"vcard\" style=\"display: none;\"><span class=\"fn\"><a href=\"https:\/\/balticwind.eu\/pl\/author\/maja-moshotmail-com\/\" title=\"Wpisy od Maja Moskal\" rel=\"author\">Maja Moskal<\/a><\/span><\/span><span class=\"updated\" style=\"display:none;\">2026-02-13T08:22:37+01:00<\/span><a href=\"https:\/\/balticwind.eu\/pl\/category\/estonia-pl\/\" rel=\"category tag\">ESTONIA<\/a>, <a href=\"https:\/\/balticwind.eu\/pl\/category\/litwa\/\" rel=\"category tag\">LITWA<\/a>, <a href=\"https:\/\/balticwind.eu\/pl\/category\/lotwa\/\" rel=\"category tag\">\u0141OTWA<\/a>, <a href=\"https:\/\/balticwind.eu\/pl\/category\/energia-wiatrowa-offshore\/\" rel=\"category tag\">OFFSHORE<\/a>, <a href=\"https:\/\/balticwind.eu\/pl\/category\/energia-wiatrowa-onshore\/\" rel=\"category tag\">ONSHORE<\/a>, <a href=\"https:\/\/balticwind.eu\/pl\/category\/projekty\/\" rel=\"category tag\">PROJEKTY<\/a>, <a href=\"https:\/\/balticwind.eu\/pl\/category\/regulatory-pl\/\" rel=\"category tag\">REGULACJE<\/a><span class=\"fusion-inline-sep\">|<\/span><\/p><\/div><\/article><article class=\"post fusion-column column col col-lg-12 col-md-12 col-sm-12 fusion-animated\" data-animationType=\"fadeInDown\" data-animationDuration=\"0.6\" data-animationOffset=\"100%\"><div class=\"fusion-flexslider fusion-flexslider-loading flexslider floated-slideshow flexslider-hover-type-zoomout\"><ul class=\"slides\"><li><a href=\"https:\/\/balticwind.eu\/pl\/komisja-zwieksza-bezpieczenstwo-kabli-podmorskich-dzieki-inwestycji-o-wartosci-347-mln-euro-i-nowym-narzedziom-2\/\" aria-label=\"Komisja zwi\u0119ksza bezpiecze\u0144stwo kabli podmorskich dzi\u0119ki inwestycji o warto\u015bci 347 mln euro i nowym narz\u0119dziom\" class=\"hover-type-zoomout\"><img width=\"177\" height=\"142\" src=\"https:\/\/balticwind.eu\/wp-content\/uploads\/2025\/01\/europe-4426307_1280-177x142.jpg\" class=\"attachment-portfolio-five size-portfolio-five\" alt=\"Source: Pixabay\" decoding=\"async\" \/><\/a><\/li><\/ul><\/div><div class=\"recent-posts-content\"><span class=\"vcard\" style=\"display: none;\"><span class=\"fn\"><a href=\"https:\/\/balticwind.eu\/pl\/author\/maja-moshotmail-com\/\" title=\"Wpisy od Maja Moskal\" rel=\"author\">Maja Moskal<\/a><\/span><\/span><span class=\"updated\" style=\"display:none;\">2026-02-12T10:41:38+01:00<\/span><h4 class=\"entry-title\"><a style=\"color: #1f2a3b !important;\" href=\"https:\/\/balticwind.eu\/pl\/komisja-zwieksza-bezpieczenstwo-kabli-podmorskich-dzieki-inwestycji-o-wartosci-347-mln-euro-i-nowym-narzedziom-2\/\">Komisja zwi\u0119ksza bezpiecze\u0144stwo kabli podmorskich dzi\u0119ki inwestycji o warto\u015bci 347 mln euro i nowym narz\u0119dziom<\/a><\/h4><p class=\"meta\"><span class=\"vcard\" style=\"display: none;\"><span class=\"fn\"><a href=\"https:\/\/balticwind.eu\/pl\/author\/maja-moshotmail-com\/\" title=\"Wpisy od Maja Moskal\" rel=\"author\">Maja Moskal<\/a><\/span><\/span><span class=\"updated\" style=\"display:none;\">2026-02-12T10:41:38+01:00<\/span><a href=\"https:\/\/balticwind.eu\/pl\/category\/estonia-pl\/\" rel=\"category tag\">ESTONIA<\/a>, <a href=\"https:\/\/balticwind.eu\/pl\/category\/finlandia\/\" rel=\"category tag\">FINLANDIA<\/a>, <a href=\"https:\/\/balticwind.eu\/pl\/category\/litwa\/\" rel=\"category tag\">LITWA<\/a>, <a href=\"https:\/\/balticwind.eu\/pl\/category\/lotwa\/\" rel=\"category tag\">\u0141OTWA<\/a>, <a href=\"https:\/\/balticwind.eu\/pl\/category\/niemcy\/\" rel=\"category tag\">NIEMCY<\/a>, <a href=\"https:\/\/balticwind.eu\/pl\/category\/energia-wiatrowa-offshore\/\" rel=\"category tag\">OFFSHORE<\/a>, <a href=\"https:\/\/balticwind.eu\/pl\/category\/polska\/\" rel=\"category tag\">POLSKA<\/a>, <a href=\"https:\/\/balticwind.eu\/pl\/category\/projekty\/\" rel=\"category tag\">PROJEKTY<\/a>, <a href=\"https:\/\/balticwind.eu\/pl\/category\/regulatory-pl\/\" rel=\"category tag\">REGULACJE<\/a>, <a href=\"https:\/\/balticwind.eu\/pl\/category\/szwecja\/\" rel=\"category tag\">SZWECJA<\/a><span class=\"fusion-inline-sep\">|<\/span><\/p><\/div><\/article><article class=\"post fusion-column column col col-lg-12 col-md-12 col-sm-12 fusion-animated\" data-animationType=\"fadeInDown\" data-animationDuration=\"0.6\" data-animationOffset=\"100%\"><div class=\"fusion-flexslider fusion-flexslider-loading flexslider floated-slideshow flexslider-hover-type-zoomout\"><ul class=\"slides\"><li><a href=\"https:\/\/balticwind.eu\/pl\/barometr-energetyczny-vattenfall-europejczycy-optymistycznie-patrza-na-transformacje-energetyczna\/\" aria-label=\"Barometr energetyczny Vattenfall: Europejczycy optymistycznie patrz\u0105 na transformacj\u0119 energetyczn\u0105\" class=\"hover-type-zoomout\"><img width=\"177\" height=\"142\" src=\"https:\/\/balticwind.eu\/wp-content\/uploads\/2022\/02\/balloon-4506590_1280-177x142.jpg\" class=\"attachment-portfolio-five size-portfolio-five\" alt=\"\" decoding=\"async\" \/><\/a><\/li><\/ul><\/div><div class=\"recent-posts-content\"><span class=\"vcard\" style=\"display: none;\"><span class=\"fn\"><a href=\"https:\/\/balticwind.eu\/pl\/author\/maja-moshotmail-com\/\" title=\"Wpisy od Maja Moskal\" rel=\"author\">Maja Moskal<\/a><\/span><\/span><span class=\"updated\" style=\"display:none;\">2026-02-11T09:28:12+01:00<\/span><h4 class=\"entry-title\"><a style=\"color: #1f2a3b !important;\" href=\"https:\/\/balticwind.eu\/pl\/barometr-energetyczny-vattenfall-europejczycy-optymistycznie-patrza-na-transformacje-energetyczna\/\">Barometr energetyczny Vattenfall: Europejczycy optymistycznie patrz\u0105 na transformacj\u0119 energetyczn\u0105<\/a><\/h4><p class=\"meta\"><span class=\"vcard\" style=\"display: none;\"><span class=\"fn\"><a href=\"https:\/\/balticwind.eu\/pl\/author\/maja-moshotmail-com\/\" title=\"Wpisy od Maja Moskal\" rel=\"author\">Maja Moskal<\/a><\/span><\/span><span class=\"updated\" style=\"display:none;\">2026-02-11T09:28:12+01:00<\/span><a href=\"https:\/\/balticwind.eu\/pl\/category\/dania\/\" rel=\"category tag\">DANIA<\/a>, <a href=\"https:\/\/balticwind.eu\/pl\/category\/estonia-pl\/\" rel=\"category tag\">ESTONIA<\/a>, <a href=\"https:\/\/balticwind.eu\/pl\/category\/finlandia\/\" rel=\"category tag\">FINLANDIA<\/a>, <a href=\"https:\/\/balticwind.eu\/pl\/category\/litwa\/\" rel=\"category tag\">LITWA<\/a>, <a href=\"https:\/\/balticwind.eu\/pl\/category\/lotwa\/\" rel=\"category tag\">\u0141OTWA<\/a>, <a href=\"https:\/\/balticwind.eu\/pl\/category\/niemcy\/\" rel=\"category tag\">NIEMCY<\/a>, <a href=\"https:\/\/balticwind.eu\/pl\/category\/energia-wiatrowa-offshore\/\" rel=\"category tag\">OFFSHORE<\/a>, <a href=\"https:\/\/balticwind.eu\/pl\/category\/energia-wiatrowa-onshore\/\" rel=\"category tag\">ONSHORE<\/a>, <a href=\"https:\/\/balticwind.eu\/pl\/category\/opinie\/\" rel=\"category tag\">OPINIE<\/a>, <a href=\"https:\/\/balticwind.eu\/pl\/category\/polska\/\" rel=\"category tag\">POLSKA<\/a>, <a href=\"https:\/\/balticwind.eu\/pl\/category\/regulatory-pl\/\" rel=\"category tag\">REGULACJE<\/a>, <a href=\"https:\/\/balticwind.eu\/pl\/category\/szwecja\/\" rel=\"category tag\">SZWECJA<\/a><span class=\"fusion-inline-sep\">|<\/span><\/p><\/div><\/article><article class=\"post fusion-column column col col-lg-12 col-md-12 col-sm-12 fusion-animated\" data-animationType=\"fadeInDown\" data-animationDuration=\"0.6\" data-animationOffset=\"100%\"><div class=\"fusion-flexslider fusion-flexslider-loading flexslider floated-slideshow flexslider-hover-type-zoomout\"><ul class=\"slides\"><li><a href=\"https:\/\/balticwind.eu\/pl\/komisja-zwieksza-bezpieczenstwo-kabli-podmorskich-dzieki-inwestycji-o-wartosci-347-mln-euro-i-nowym-narzedziom\/\" aria-label=\"Komisja zwi\u0119ksza bezpiecze\u0144stwo kabli podmorskich dzi\u0119ki inwestycji o warto\u015bci 347 mln euro i nowym narz\u0119dziom\" class=\"hover-type-zoomout\"><img width=\"177\" height=\"142\" src=\"https:\/\/balticwind.eu\/wp-content\/uploads\/2023\/10\/christian-lue-C241mbgtgys-unsplash-177x142.jpg\" class=\"attachment-portfolio-five size-portfolio-five\" alt=\"\" decoding=\"async\" \/><\/a><\/li><\/ul><\/div><div class=\"recent-posts-content\"><span class=\"vcard\" style=\"display: none;\"><span class=\"fn\"><a href=\"https:\/\/balticwind.eu\/pl\/author\/maja-moshotmail-com\/\" title=\"Wpisy od Maja Moskal\" rel=\"author\">Maja Moskal<\/a><\/span><\/span><span class=\"updated\" style=\"display:none;\">2026-02-06T14:18:08+01:00<\/span><h4 class=\"entry-title\"><a style=\"color: #1f2a3b !important;\" href=\"https:\/\/balticwind.eu\/pl\/komisja-zwieksza-bezpieczenstwo-kabli-podmorskich-dzieki-inwestycji-o-wartosci-347-mln-euro-i-nowym-narzedziom\/\">Komisja zwi\u0119ksza bezpiecze\u0144stwo kabli podmorskich dzi\u0119ki inwestycji o warto\u015bci 347 mln euro i nowym narz\u0119dziom<\/a><\/h4><p class=\"meta\"><span class=\"vcard\" style=\"display: none;\"><span class=\"fn\"><a href=\"https:\/\/balticwind.eu\/pl\/author\/maja-moshotmail-com\/\" title=\"Wpisy od Maja Moskal\" rel=\"author\">Maja Moskal<\/a><\/span><\/span><span class=\"updated\" style=\"display:none;\">2026-02-06T14:18:08+01:00<\/span><a href=\"https:\/\/balticwind.eu\/pl\/category\/dania\/\" rel=\"category tag\">DANIA<\/a>, <a href=\"https:\/\/balticwind.eu\/pl\/category\/estonia-pl\/\" rel=\"category tag\">ESTONIA<\/a>, <a href=\"https:\/\/balticwind.eu\/pl\/category\/finlandia\/\" rel=\"category tag\">FINLANDIA<\/a>, <a href=\"https:\/\/balticwind.eu\/pl\/category\/litwa\/\" rel=\"category tag\">LITWA<\/a>, <a href=\"https:\/\/balticwind.eu\/pl\/category\/lotwa\/\" rel=\"category tag\">\u0141OTWA<\/a>, <a href=\"https:\/\/balticwind.eu\/pl\/category\/niemcy\/\" rel=\"category tag\">NIEMCY<\/a>, <a href=\"https:\/\/balticwind.eu\/pl\/category\/energia-wiatrowa-offshore\/\" rel=\"category tag\">OFFSHORE<\/a>, <a href=\"https:\/\/balticwind.eu\/pl\/category\/polska\/\" rel=\"category tag\">POLSKA<\/a>, <a href=\"https:\/\/balticwind.eu\/pl\/category\/projekty\/\" rel=\"category tag\">PROJEKTY<\/a>, <a href=\"https:\/\/balticwind.eu\/pl\/category\/regulatory-pl\/\" rel=\"category tag\">REGULACJE<\/a>, <a href=\"https:\/\/balticwind.eu\/pl\/category\/szwecja\/\" rel=\"category tag\">SZWECJA<\/a><span class=\"fusion-inline-sep\">|<\/span><\/p><\/div><\/article><article class=\"post fusion-column column col col-lg-12 col-md-12 col-sm-12 fusion-animated\" data-animationType=\"fadeInDown\" data-animationDuration=\"0.6\" data-animationOffset=\"100%\"><div class=\"fusion-flexslider fusion-flexslider-loading flexslider floated-slideshow flexslider-hover-type-zoomout\"><ul class=\"slides\"><li><a href=\"https:\/\/balticwind.eu\/pl\/komisja-wszczyna-szczegolowe-dochodzenie-w-sprawie-subsydiow-zagranicznych-dotyczacych-dzialalnosci-goldwind-w-sektorze-energetyki-wiatrowej-w-ue\/\" aria-label=\"Komisja wszczyna szczeg\u00f3\u0142owe dochodzenie w sprawie subsydi\u00f3w zagranicznych dotycz\u0105cych dzia\u0142alno\u015bci Goldwind w sektorze energetyki wiatrowej w UE\" class=\"hover-type-zoomout\"><img width=\"177\" height=\"142\" src=\"https:\/\/balticwind.eu\/wp-content\/uploads\/2023\/10\/guillaume-perigois-0NRkVddA2fw-unsplash-177x142.jpg\" class=\"attachment-portfolio-five size-portfolio-five\" alt=\"\" decoding=\"async\" \/><\/a><\/li><\/ul><\/div><div class=\"recent-posts-content\"><span class=\"vcard\" style=\"display: none;\"><span class=\"fn\"><a href=\"https:\/\/balticwind.eu\/pl\/author\/maja-moshotmail-com\/\" title=\"Wpisy od Maja Moskal\" rel=\"author\">Maja Moskal<\/a><\/span><\/span><span class=\"updated\" style=\"display:none;\">2026-02-06T12:05:53+01:00<\/span><h4 class=\"entry-title\"><a style=\"color: #1f2a3b !important;\" href=\"https:\/\/balticwind.eu\/pl\/komisja-wszczyna-szczegolowe-dochodzenie-w-sprawie-subsydiow-zagranicznych-dotyczacych-dzialalnosci-goldwind-w-sektorze-energetyki-wiatrowej-w-ue\/\">Komisja wszczyna szczeg\u00f3\u0142owe dochodzenie w sprawie subsydi\u00f3w zagranicznych dotycz\u0105cych dzia\u0142alno\u015bci Goldwind w sektorze energetyki wiatrowej w UE<\/a><\/h4><p class=\"meta\"><span class=\"vcard\" style=\"display: none;\"><span class=\"fn\"><a href=\"https:\/\/balticwind.eu\/pl\/author\/maja-moshotmail-com\/\" title=\"Wpisy od Maja Moskal\" rel=\"author\">Maja Moskal<\/a><\/span><\/span><span class=\"updated\" style=\"display:none;\">2026-02-06T12:05:53+01:00<\/span><a href=\"https:\/\/balticwind.eu\/pl\/category\/dania\/\" rel=\"category tag\">DANIA<\/a>, <a href=\"https:\/\/balticwind.eu\/pl\/category\/estonia-pl\/\" rel=\"category tag\">ESTONIA<\/a>, <a href=\"https:\/\/balticwind.eu\/pl\/category\/finlandia\/\" rel=\"category tag\">FINLANDIA<\/a>, <a href=\"https:\/\/balticwind.eu\/pl\/category\/litwa\/\" rel=\"category tag\">LITWA<\/a>, <a href=\"https:\/\/balticwind.eu\/pl\/category\/lotwa\/\" rel=\"category tag\">\u0141OTWA<\/a>, <a href=\"https:\/\/balticwind.eu\/pl\/category\/niemcy\/\" rel=\"category tag\">NIEMCY<\/a>, <a href=\"https:\/\/balticwind.eu\/pl\/category\/energia-wiatrowa-offshore\/\" rel=\"category tag\">OFFSHORE<\/a>, <a href=\"https:\/\/balticwind.eu\/pl\/category\/energia-wiatrowa-onshore\/\" rel=\"category tag\">ONSHORE<\/a>, <a href=\"https:\/\/balticwind.eu\/pl\/category\/polska\/\" rel=\"category tag\">POLSKA<\/a>, <a href=\"https:\/\/balticwind.eu\/pl\/category\/projekty\/\" rel=\"category tag\">PROJEKTY<\/a>, <a href=\"https:\/\/balticwind.eu\/pl\/category\/regulatory-pl\/\" rel=\"category tag\">REGULACJE<\/a>, <a href=\"https:\/\/balticwind.eu\/pl\/category\/szwecja\/\" rel=\"category tag\">SZWECJA<\/a><span class=\"fusion-inline-sep\">|<\/span><\/p><\/div><\/article><article class=\"post fusion-column column col col-lg-12 col-md-12 col-sm-12 fusion-animated\" data-animationType=\"fadeInDown\" data-animationDuration=\"0.6\" data-animationOffset=\"100%\"><div class=\"fusion-flexslider fusion-flexslider-loading flexslider floated-slideshow flexslider-hover-type-zoomout\"><ul class=\"slides\"><li><a href=\"https:\/\/balticwind.eu\/pl\/entso-e-zamyka-rok-2025-z-sukcesem-i-oczekuje-na-nowy-roczny-program-prac-na-rok-2026\/\" aria-label=\"ENTSO-E zamyka rok 2025 z sukcesem i oczekuje na nowy roczny program prac na rok 2026\" class=\"hover-type-zoomout\"><img width=\"177\" height=\"142\" src=\"https:\/\/balticwind.eu\/wp-content\/uploads\/2024\/12\/windmill-413047_1920-177x142.jpg\" class=\"attachment-portfolio-five size-portfolio-five\" alt=\"Source: Pixabay\" decoding=\"async\" \/><\/a><\/li><\/ul><\/div><div class=\"recent-posts-content\"><span class=\"vcard\" style=\"display: none;\"><span class=\"fn\"><a href=\"https:\/\/balticwind.eu\/pl\/author\/maja-moshotmail-com\/\" title=\"Wpisy od Maja Moskal\" rel=\"author\">Maja Moskal<\/a><\/span><\/span><span class=\"updated\" style=\"display:none;\">2026-01-22T22:03:48+01:00<\/span><h4 class=\"entry-title\"><a style=\"color: #1f2a3b !important;\" href=\"https:\/\/balticwind.eu\/pl\/entso-e-zamyka-rok-2025-z-sukcesem-i-oczekuje-na-nowy-roczny-program-prac-na-rok-2026\/\">ENTSO-E zamyka rok 2025 z sukcesem i oczekuje na nowy roczny program prac na rok 2026<\/a><\/h4><p class=\"meta\"><span class=\"vcard\" style=\"display: none;\"><span class=\"fn\"><a href=\"https:\/\/balticwind.eu\/pl\/author\/maja-moshotmail-com\/\" title=\"Wpisy od Maja Moskal\" rel=\"author\">Maja Moskal<\/a><\/span><\/span><span class=\"updated\" style=\"display:none;\">2026-01-22T22:03:48+01:00<\/span><a href=\"https:\/\/balticwind.eu\/pl\/category\/dania\/\" rel=\"category tag\">DANIA<\/a>, <a href=\"https:\/\/balticwind.eu\/pl\/category\/estonia-pl\/\" rel=\"category tag\">ESTONIA<\/a>, <a href=\"https:\/\/balticwind.eu\/pl\/category\/finlandia\/\" rel=\"category tag\">FINLANDIA<\/a>, <a href=\"https:\/\/balticwind.eu\/pl\/category\/litwa\/\" rel=\"category tag\">LITWA<\/a>, <a href=\"https:\/\/balticwind.eu\/pl\/category\/lotwa\/\" rel=\"category tag\">\u0141OTWA<\/a>, <a href=\"https:\/\/balticwind.eu\/pl\/category\/niemcy\/\" rel=\"category tag\">NIEMCY<\/a>, <a href=\"https:\/\/balticwind.eu\/pl\/category\/energia-wiatrowa-offshore\/\" rel=\"category tag\">OFFSHORE<\/a>, <a href=\"https:\/\/balticwind.eu\/pl\/category\/energia-wiatrowa-onshore\/\" rel=\"category tag\">ONSHORE<\/a>, <a href=\"https:\/\/balticwind.eu\/pl\/category\/polska\/\" rel=\"category tag\">POLSKA<\/a>, <a href=\"https:\/\/balticwind.eu\/pl\/category\/projekty\/\" rel=\"category tag\">PROJEKTY<\/a>, <a href=\"https:\/\/balticwind.eu\/pl\/category\/szwecja\/\" rel=\"category tag\">SZWECJA<\/a><span class=\"fusion-inline-sep\">|<\/span><\/p><\/div><\/article><article class=\"post fusion-column column col col-lg-12 col-md-12 col-sm-12 fusion-animated\" data-animationType=\"fadeInDown\" data-animationDuration=\"0.6\" data-animationOffset=\"100%\"><div class=\"fusion-flexslider fusion-flexslider-loading flexslider floated-slideshow flexslider-hover-type-zoomout\"><ul class=\"slides\"><li><a href=\"https:\/\/balticwind.eu\/pl\/rzad-estonii-zatwierdzil-plan-rozwoju-majacy-na-celu-zwiekszenie-niezawodnosci-przystepnosci-cenowej-i-ekologicznosci-sektora-energetycznego\/\" aria-label=\"Rz\u0105d Estonii zatwierdzi\u0142 plan rozwoju maj\u0105cy na celu zwi\u0119kszenie niezawodno\u015bci, przyst\u0119pno\u015bci cenowej i ekologiczno\u015bci sektora energetycznego\" class=\"hover-type-zoomout\"><img width=\"177\" height=\"142\" src=\"https:\/\/balticwind.eu\/wp-content\/uploads\/2026\/01\/ENMAK-2035-177x142.webp\" class=\"attachment-portfolio-five size-portfolio-five\" alt=\"\" decoding=\"async\" \/><\/a><\/li><\/ul><\/div><div class=\"recent-posts-content\"><span class=\"vcard\" style=\"display: none;\"><span class=\"fn\"><a href=\"https:\/\/balticwind.eu\/pl\/author\/maja-moshotmail-com\/\" title=\"Wpisy od Maja Moskal\" rel=\"author\">Maja Moskal<\/a><\/span><\/span><span class=\"updated\" style=\"display:none;\">2026-01-13T17:02:37+01:00<\/span><h4 class=\"entry-title\"><a style=\"color: #1f2a3b !important;\" href=\"https:\/\/balticwind.eu\/pl\/rzad-estonii-zatwierdzil-plan-rozwoju-majacy-na-celu-zwiekszenie-niezawodnosci-przystepnosci-cenowej-i-ekologicznosci-sektora-energetycznego\/\">Rz\u0105d Estonii zatwierdzi\u0142 plan rozwoju maj\u0105cy na celu zwi\u0119kszenie niezawodno\u015bci, przyst\u0119pno\u015bci cenowej i ekologiczno\u015bci sektora energetycznego<\/a><\/h4><p class=\"meta\"><span class=\"vcard\" style=\"display: none;\"><span class=\"fn\"><a href=\"https:\/\/balticwind.eu\/pl\/author\/maja-moshotmail-com\/\" title=\"Wpisy od Maja Moskal\" rel=\"author\">Maja Moskal<\/a><\/span><\/span><span class=\"updated\" style=\"display:none;\">2026-01-13T17:02:37+01:00<\/span><a href=\"https:\/\/balticwind.eu\/pl\/category\/estonia-pl\/\" rel=\"category tag\">ESTONIA<\/a>, <a href=\"https:\/\/balticwind.eu\/pl\/category\/energia-wiatrowa-offshore\/\" rel=\"category tag\">OFFSHORE<\/a>, <a href=\"https:\/\/balticwind.eu\/pl\/category\/energia-wiatrowa-onshore\/\" rel=\"category tag\">ONSHORE<\/a>, <a href=\"https:\/\/balticwind.eu\/pl\/category\/regulatory-pl\/\" rel=\"category tag\">REGULACJE<\/a><span class=\"fusion-inline-sep\">|<\/span><\/p><\/div><\/article><article class=\"post fusion-column column col col-lg-12 col-md-12 col-sm-12 fusion-animated\" data-animationType=\"fadeInDown\" data-animationDuration=\"0.6\" data-animationOffset=\"100%\"><div class=\"fusion-flexslider fusion-flexslider-loading flexslider floated-slideshow flexslider-hover-type-zoomout\"><ul class=\"slides\"><li><a href=\"https:\/\/balticwind.eu\/pl\/innowacje-transgraniczne-budowanie-silniejszego-ekosystemu-obronnego-w-regionie-skandynawsko-baltyckim\/\" aria-label=\"Innowacje transgraniczne: budowanie silniejszego ekosystemu obronnego w regionie skandynawsko-ba\u0142tyckim\" class=\"hover-type-zoomout\"><img width=\"177\" height=\"142\" src=\"https:\/\/balticwind.eu\/wp-content\/uploads\/2026\/01\/1758807115309-1620x1080-1-177x142.jpg\" class=\"attachment-portfolio-five size-portfolio-five\" alt=\"\" decoding=\"async\" \/><\/a><\/li><\/ul><\/div><div class=\"recent-posts-content\"><span class=\"vcard\" style=\"display: none;\"><span class=\"fn\"><a href=\"https:\/\/balticwind.eu\/pl\/author\/maja-moshotmail-com\/\" title=\"Wpisy od Maja Moskal\" rel=\"author\">Maja Moskal<\/a><\/span><\/span><span class=\"updated\" style=\"display:none;\">2026-01-12T10:21:24+01:00<\/span><h4 class=\"entry-title\"><a style=\"color: #1f2a3b !important;\" href=\"https:\/\/balticwind.eu\/pl\/innowacje-transgraniczne-budowanie-silniejszego-ekosystemu-obronnego-w-regionie-skandynawsko-baltyckim\/\">Innowacje transgraniczne: budowanie silniejszego ekosystemu obronnego w regionie skandynawsko-ba\u0142tyckim<\/a><\/h4><p class=\"meta\"><span class=\"vcard\" style=\"display: none;\"><span class=\"fn\"><a href=\"https:\/\/balticwind.eu\/pl\/author\/maja-moshotmail-com\/\" title=\"Wpisy od Maja Moskal\" rel=\"author\">Maja Moskal<\/a><\/span><\/span><span class=\"updated\" style=\"display:none;\">2026-01-12T10:21:24+01:00<\/span><a href=\"https:\/\/balticwind.eu\/pl\/category\/estonia-pl\/\" rel=\"category tag\">ESTONIA<\/a>, <a href=\"https:\/\/balticwind.eu\/pl\/category\/finlandia\/\" rel=\"category tag\">FINLANDIA<\/a>, <a href=\"https:\/\/balticwind.eu\/pl\/category\/energia-wiatrowa-offshore\/\" rel=\"category tag\">OFFSHORE<\/a>, <a href=\"https:\/\/balticwind.eu\/pl\/category\/energia-wiatrowa-onshore\/\" rel=\"category tag\">ONSHORE<\/a>, <a href=\"https:\/\/balticwind.eu\/pl\/category\/opinie\/\" rel=\"category tag\">OPINIE<\/a><span class=\"fusion-inline-sep\">|<\/span><\/p><\/div><\/article><\/section><div class=\"fusion-infinite-scroll-trigger\"><\/div><div class=\"pagination infinite-scroll clearfix\" style=\"display:none;\"><span class=\"current\">1<\/span><a href=\"https:\/\/balticwind.eu\/pl\/wp-json\/wp\/v2\/pages\/3085\/page\/2\/\" class=\"inactive\">2<\/a><a class=\"pagination-next\" rel=\"next\" href=\"https:\/\/balticwind.eu\/pl\/wp-json\/wp\/v2\/pages\/3085\/page\/2\/\"><span class=\"page-text\">Next<\/span><span class=\"page-next\"><\/span><\/a><\/div><div class=\"fusion-clearfix\"><\/div><button class=\"fusion-load-more-button fusion-blog-button fusion-clearfix\">Load More Posts<\/button><\/div><\/div><style type=\"text\/css\">.fusion-body .fusion-builder-column-4{width:100% !important;margin-top : 0px;margin-bottom : 20px;}.fusion-builder-column-4 > .fusion-column-wrapper {padding-top : 0px !important;padding-right : 0px !important;margin-right : 1.92%;padding-bottom : 0px !important;padding-left : 0px !important;margin-left : 1.92%;}@media only screen and (max-width:1024px) {.fusion-body .fusion-builder-column-4{width:100% !important;order : 0;}.fusion-builder-column-4 > .fusion-column-wrapper {margin-right : 1.92%;margin-left : 1.92%;}}@media only screen and (max-width:640px) {.fusion-body .fusion-builder-column-4{width:100% !important;order : 0;}.fusion-builder-column-4 > .fusion-column-wrapper {margin-right : 1.92%;margin-left : 1.92%;}}<\/style><\/div><\/div><style type=\"text\/css\">.fusion-body .fusion-flex-container.fusion-builder-row-5{ padding-top : 0px;margin-top : 0px;padding-right : 0px;padding-bottom : 0px;margin-bottom : 0px;padding-left : 0px;}<\/style><\/div><div class=\"fusion-fullwidth fullwidth-box fusion-builder-row-6 fusion-flex-container nonhundred-percent-fullwidth non-hundred-percent-height-scrolling fusion-no-small-visibility fusion-no-medium-visibility\" style=\"background-color: #ffffff;background-position: center center;background-repeat: no-repeat;border-width: 0px 0px 0px 0px;border-color:#eaeaea;border-style:solid;\" ><div class=\"fusion-builder-row fusion-row fusion-flex-align-items-flex-start\" style=\"max-width:1289.6px;margin-left: calc(-4% \/ 2 );margin-right: calc(-4% \/ 2 );\"><div class=\"fusion-layout-column fusion_builder_column fusion-builder-column-5 fusion_builder_column_1_1 1_1 fusion-flex-column\"><div class=\"fusion-column-wrapper fusion-flex-justify-content-flex-start fusion-content-layout-column\" style=\"background-position:left top;background-repeat:no-repeat;-webkit-background-size:cover;-moz-background-size:cover;-o-background-size:cover;background-size:cover;padding: 0px 0px 0px 0px;\"><div class=\"fusion-builder-row fusion-builder-row-inner fusion-row fusion-flex-align-items-flex-start\" style=\"width:104% !important;max-width:104% !important;margin-left: calc(-4% \/ 2 );margin-right: calc(-4% \/ 2 );\"><div class=\"fusion-layout-column fusion_builder_column_inner fusion-builder-nested-column-0 fusion_builder_column_inner_2_3 2_3 fusion-flex-column\"><div class=\"fusion-column-wrapper fusion-flex-justify-content-flex-start fusion-content-layout-column\" style=\"background-position:left top;background-repeat:no-repeat;-webkit-background-size:cover;-moz-background-size:cover;-o-background-size:cover;background-size:cover;padding: 0px 0px 0px 0px;\"><div class=\"fusion-separator\" style=\"align-self: center;margin-left: auto;margin-right: auto;margin-bottom:10px;width:100%;max-width:80%;\"><div class=\"fusion-separator-border sep-single sep-solid\" style=\"border-color:#1f2a3b;border-top-width:12px;\"><\/div><\/div><style type=\"text\/css\">@media only screen and (max-width:1024px) {.fusion-title.fusion-title-4{margin-top:-15px!important; margin-right:5px!important;margin-bottom:20px!important;margin-left:75px!important;}}@media only screen and (max-width:640px) {.fusion-title.fusion-title-4{margin-top:0px!important; margin-right:0px!important;margin-bottom:20px!important; margin-left:0px!important;}}<\/style><div class=\"fusion-title title fusion-title-4 fusion-title-text fusion-title-size-five\" style=\"margin-top:-15px;margin-right:5px;margin-bottom:20px;margin-left:75px;\"><div class=\"title-sep-container title-sep-container-left fusion-no-large-visibility fusion-no-medium-visibility fusion-no-small-visibility\"><div class=\"title-sep sep-\" style=\"border-color:#eaeaea;\"><\/div><\/div><h5 class=\"title-heading-left fusion-responsive-typography-calculated\" style=\"margin:0;--fontSize:17;line-height:1.76;\"><h5 style=\"text-align: left;\">NAJNOWSZE ARTYKU\u0141Y<\/h5><\/h5><div class=\"title-sep-container title-sep-container-right\"><div class=\"title-sep sep-\" style=\"border-color:#eaeaea;\"><\/div><\/div><\/div><div class=\"fusion-blog-shortcode fusion-blog-shortcode-3 fusion-blog-archive fusion-blog-layout-medium-alternate fusion-blog-infinite\"><div class=\"fusion-posts-container fusion-posts-container-infinite fusion-posts-container-load-more\" data-pages=\"14\"><article id=\"blog-3-post-45967\" class=\"fusion-post-medium-alternate post-45967 post type-post status-publish format-standard has-post-thumbnail hentry category-dania category-estonia-pl category-finlandia category-litwa category-lotwa category-niemcy category-energia-wiatrowa-offshore category-energia-wiatrowa-onshore category-opinie category-polska category-projekty category-regulatory-pl category-szwecja\">\n<div class=\"fusion-date-and-formats\"><div class=\"fusion-date-box updated\"><span class=\"fusion-date\">20<\/span><span class=\"fusion-month-year\">04, 2026<\/span><\/div><div class=\"fusion-format-box\"><i class=\"fusion-icon-pen\" aria-hidden=\"true\"><\/i><\/div><\/div>\t<style type=\"text\/css\">\n\t\t\n\t\t\n\t\t\n\t\t\n\t\t\t<\/style>\n\n\n\t\t\t<div class=\"fusion-flexslider flexslider fusion-flexslider-loading fusion-post-slideshow\" style=\"\">\n\t\t<ul class=\"slides\">\n\t\t\t\n\t\t\t\t\t\t\t\t\t\t\t\t\t\t<li>\n\n<div  class=\"fusion-image-wrapper fusion-image-size-fixed\" aria-haspopup=\"true\">\n\t\n\t\n\t\t\t\n\t\t\t\t<a href=\"https:\/\/balticwind.eu\/pl\/235-kluczowych-transgranicznych-projektow-energetycznych-majacych-na-celu-wzmocnienie-wzajemnych-polaczen-w-europie\/\" aria-label=\"235 kluczowych transgranicznych projekt\u00f3w energetycznych maj\u0105cych na celu wzmocnienie wzajemnych po\u0142\u0105cze\u0144 w Europie\">\n\t\t\n\t\t\n\t\t\t\t\t<img width=\"320\" height=\"202\" src=\"https:\/\/balticwind.eu\/wp-content\/uploads\/2026\/04\/PCI_List_News-320x202.jpg\" class=\"attachment-blog-medium size-blog-medium wp-post-image\" alt=\"\" decoding=\"async\" loading=\"lazy\" srcset=\"https:\/\/balticwind.eu\/wp-content\/uploads\/2026\/04\/PCI_List_News-320x202.jpg 320w, https:\/\/balticwind.eu\/wp-content\/uploads\/2026\/04\/PCI_List_News-700x441.jpg 700w\" sizes=\"(max-width: 320px) 100vw, 320px\" \/>\n\t\n\n\n\t\t\t\t<\/a>\n\t\t\n\t\n<\/div>\n<\/li>\n\t\t\t\n\t\t\t\n\t\t\t\t\t\t\t\t\t\t\t\t\t\t\t\t\t\t\t\t\t\t\t\t\t\t\t\t\t\t\t\t\t\t\t\t\t\t\t\t\t\t\t\t\t\t\t\t\t\t\t\t\t\t\t\t\t\t\t\t\t\t\t\t\t\t\t\t<\/ul>\n\t<\/div>\n\t<div class=\"fusion-post-content post-content\"><h2 class=\"blog-shortcode-post-title entry-title\"><a href=\"https:\/\/balticwind.eu\/pl\/235-kluczowych-transgranicznych-projektow-energetycznych-majacych-na-celu-wzmocnienie-wzajemnych-polaczen-w-europie\/\">235 kluczowych transgranicznych projekt\u00f3w energetycznych maj\u0105cych na celu wzmocnienie wzajemnych po\u0142\u0105cze\u0144 w Europie<\/a><\/h2><p class=\"fusion-single-line-meta\"><span class=\"vcard\" style=\"display: none;\"><span class=\"fn\"><a href=\"https:\/\/balticwind.eu\/pl\/author\/maja-moshotmail-com\/\" title=\"Wpisy od Maja Moskal\" rel=\"author\">Maja Moskal<\/a><\/span><\/span><span class=\"updated\" style=\"display:none;\">2026-04-20T10:09:23+02:00<\/span><a href=\"https:\/\/balticwind.eu\/pl\/category\/dania\/\" rel=\"category tag\">DANIA<\/a>, <a href=\"https:\/\/balticwind.eu\/pl\/category\/estonia-pl\/\" rel=\"category tag\">ESTONIA<\/a>, <a href=\"https:\/\/balticwind.eu\/pl\/category\/finlandia\/\" rel=\"category tag\">FINLANDIA<\/a>, <a href=\"https:\/\/balticwind.eu\/pl\/category\/litwa\/\" rel=\"category tag\">LITWA<\/a>, <a href=\"https:\/\/balticwind.eu\/pl\/category\/lotwa\/\" rel=\"category tag\">\u0141OTWA<\/a>, <a href=\"https:\/\/balticwind.eu\/pl\/category\/niemcy\/\" rel=\"category tag\">NIEMCY<\/a>, <a href=\"https:\/\/balticwind.eu\/pl\/category\/energia-wiatrowa-offshore\/\" rel=\"category tag\">OFFSHORE<\/a>, <a href=\"https:\/\/balticwind.eu\/pl\/category\/energia-wiatrowa-onshore\/\" rel=\"category tag\">ONSHORE<\/a>, <a href=\"https:\/\/balticwind.eu\/pl\/category\/opinie\/\" rel=\"category tag\">OPINIE<\/a>, <a href=\"https:\/\/balticwind.eu\/pl\/category\/polska\/\" rel=\"category tag\">POLSKA<\/a>, <a href=\"https:\/\/balticwind.eu\/pl\/category\/projekty\/\" rel=\"category tag\">PROJEKTY<\/a>, <a href=\"https:\/\/balticwind.eu\/pl\/category\/regulatory-pl\/\" rel=\"category tag\">REGULACJE<\/a>, <a href=\"https:\/\/balticwind.eu\/pl\/category\/szwecja\/\" rel=\"category tag\">SZWECJA<\/a><span class=\"fusion-inline-sep\">|<\/span><\/p><div class=\"fusion-post-content-container\"><p>Drugi wykaz projekt\u00f3w b\u0119d\u0105cych przedmiotem wsp\u00f3lnego zainteresowania (PCI) oraz projekt\u00f3w b\u0119d\u0105cych przedmiotem wzajemnego zainteresowania (PMI) zosta\u0142 dzisiaj opublikowany w Dzienniku Urz\u0119dowym Unii Europejskiej. Zawiera on 235 wybranych transgranicznych projekt\u00f3w infrastruktury energetycznej, kt\u00f3re wzmocni\u0105 \u0142\u0105czno\u015b\u0107 energetyczn\u0105 na ca\u0142ym kontynencie, przybli\u017caj\u0105c realizacj\u0119 Unii [...]<\/p><\/div><\/div><div class=\"fusion-clearfix\"><\/div><\/article>\n<article id=\"blog-3-post-45876\" class=\"fusion-post-medium-alternate post-45876 post type-post status-publish format-standard has-post-thumbnail hentry category-dania category-estonia-pl category-finlandia category-litwa category-lotwa category-niemcy category-energia-wiatrowa-offshore category-energia-wiatrowa-onshore category-opinie category-polska category-regulatory-pl category-szwecja category-top-news-pl\">\n<div class=\"fusion-date-and-formats\"><div class=\"fusion-date-box updated\"><span class=\"fusion-date\">25<\/span><span class=\"fusion-month-year\">03, 2026<\/span><\/div><div class=\"fusion-format-box\"><i class=\"fusion-icon-pen\" aria-hidden=\"true\"><\/i><\/div><\/div>\t<style type=\"text\/css\">\n\t\t\n\t\t\n\t\t\n\t\t\n\t\t\t<\/style>\n\n\n\t\t\t<div class=\"fusion-flexslider flexslider fusion-flexslider-loading fusion-post-slideshow\" style=\"\">\n\t\t<ul class=\"slides\">\n\t\t\t\n\t\t\t\t\t\t\t\t\t\t\t\t\t\t<li>\n\n<div  class=\"fusion-image-wrapper fusion-image-size-fixed\" aria-haspopup=\"true\">\n\t\n\t\n\t\t\t\n\t\t\t\t<a href=\"https:\/\/balticwind.eu\/pl\/oswiadczenie-przewodniczacej-von-der-leyen-podczas-wspolnej-konferencji-prasowej-z-prezydentem-costa-po-posiedzeniu-rady-europejskiej-w-marcu-2026-r\/\" aria-label=\"O\u015bwiadczenie przewodnicz\u0105cej von der Leyen podczas wsp\u00f3lnej konferencji prasowej z prezydentem Cost\u0105 po posiedzeniu Rady Europejskiej w marcu 2026 r.\">\n\t\t\n\t\t\n\t\t\t\t\t<img width=\"320\" height=\"202\" src=\"https:\/\/balticwind.eu\/wp-content\/uploads\/2026\/03\/P-069317_00-10_03-MED-665987-320x202.jpg\" class=\"attachment-blog-medium size-blog-medium wp-post-image\" alt=\"\" decoding=\"async\" loading=\"lazy\" srcset=\"https:\/\/balticwind.eu\/wp-content\/uploads\/2026\/03\/P-069317_00-10_03-MED-665987-320x202.jpg 320w, https:\/\/balticwind.eu\/wp-content\/uploads\/2026\/03\/P-069317_00-10_03-MED-665987-700x441.jpg 700w\" sizes=\"(max-width: 320px) 100vw, 320px\" \/>\n\t\n\n\n\t\t\t\t<\/a>\n\t\t\n\t\n<\/div>\n<\/li>\n\t\t\t\n\t\t\t\n\t\t\t\t\t\t\t\t\t\t\t\t\t\t\t\t\t\t\t\t\t\t\t\t\t\t\t\t\t\t\t\t\t\t\t\t\t\t\t\t\t\t\t\t\t\t\t\t\t\t\t\t\t\t\t\t\t\t\t\t\t\t\t\t\t\t\t\t<\/ul>\n\t<\/div>\n\t<div class=\"fusion-post-content post-content\"><h2 class=\"blog-shortcode-post-title entry-title\"><a href=\"https:\/\/balticwind.eu\/pl\/oswiadczenie-przewodniczacej-von-der-leyen-podczas-wspolnej-konferencji-prasowej-z-prezydentem-costa-po-posiedzeniu-rady-europejskiej-w-marcu-2026-r\/\">O\u015bwiadczenie przewodnicz\u0105cej von der Leyen podczas wsp\u00f3lnej konferencji prasowej z prezydentem Cost\u0105 po posiedzeniu Rady Europejskiej w marcu 2026 r.<\/a><\/h2><p class=\"fusion-single-line-meta\"><span class=\"vcard\" style=\"display: none;\"><span class=\"fn\"><a href=\"https:\/\/balticwind.eu\/pl\/author\/maja-moshotmail-com\/\" title=\"Wpisy od Maja Moskal\" rel=\"author\">Maja Moskal<\/a><\/span><\/span><span class=\"updated\" style=\"display:none;\">2026-03-25T08:16:34+01:00<\/span><a href=\"https:\/\/balticwind.eu\/pl\/category\/dania\/\" rel=\"category tag\">DANIA<\/a>, <a href=\"https:\/\/balticwind.eu\/pl\/category\/estonia-pl\/\" rel=\"category tag\">ESTONIA<\/a>, <a href=\"https:\/\/balticwind.eu\/pl\/category\/finlandia\/\" rel=\"category tag\">FINLANDIA<\/a>, <a href=\"https:\/\/balticwind.eu\/pl\/category\/litwa\/\" rel=\"category tag\">LITWA<\/a>, <a href=\"https:\/\/balticwind.eu\/pl\/category\/lotwa\/\" rel=\"category tag\">\u0141OTWA<\/a>, <a href=\"https:\/\/balticwind.eu\/pl\/category\/niemcy\/\" rel=\"category tag\">NIEMCY<\/a>, <a href=\"https:\/\/balticwind.eu\/pl\/category\/energia-wiatrowa-offshore\/\" rel=\"category tag\">OFFSHORE<\/a>, <a href=\"https:\/\/balticwind.eu\/pl\/category\/energia-wiatrowa-onshore\/\" rel=\"category tag\">ONSHORE<\/a>, <a href=\"https:\/\/balticwind.eu\/pl\/category\/opinie\/\" rel=\"category tag\">OPINIE<\/a>, <a href=\"https:\/\/balticwind.eu\/pl\/category\/polska\/\" rel=\"category tag\">POLSKA<\/a>, <a href=\"https:\/\/balticwind.eu\/pl\/category\/regulatory-pl\/\" rel=\"category tag\">REGULACJE<\/a>, <a href=\"https:\/\/balticwind.eu\/pl\/category\/szwecja\/\" rel=\"category tag\">SZWECJA<\/a>, <a href=\"https:\/\/balticwind.eu\/pl\/category\/top-news-pl\/\" rel=\"category tag\">TOP NEWS<\/a><span class=\"fusion-inline-sep\">|<\/span><\/p><div class=\"fusion-post-content-container\"><p>Dobry wiecz\u00f3r, pozw\u00f3lcie, \u017ce zaczn\u0119 od Bliskiego Wschodu. Sytuacja w regionie jest niezwykle powa\u017cna. Powoduje ona ogromn\u0105 niestabilno\u015b\u0107, cierpienie i rosn\u0105ce ryzyko daleko poza samym regionem. Dlatego potrzebujemy deeskalacji i maksymalnej pow\u015bci\u0105gliwo\u015bci, ochrony ludno\u015bci cywilnej i infrastruktury cywilnej. Chcia\u0142abym r\u00f3wnie\u017c powiedzie\u0107 [...]<\/p><\/div><\/div><div class=\"fusion-clearfix\"><\/div><\/article>\n<article id=\"blog-3-post-45783\" class=\"fusion-post-medium-alternate post-45783 post type-post status-publish format-standard has-post-thumbnail hentry category-dania category-estonia-pl category-finlandia category-litwa category-lotwa category-niemcy category-energia-wiatrowa-offshore category-polska category-projekty category-szwecja\">\n<div class=\"fusion-date-and-formats\"><div class=\"fusion-date-box updated\"><span class=\"fusion-date\">5<\/span><span class=\"fusion-month-year\">03, 2026<\/span><\/div><div class=\"fusion-format-box\"><i class=\"fusion-icon-pen\" aria-hidden=\"true\"><\/i><\/div><\/div>\t<style type=\"text\/css\">\n\t\t\n\t\t\n\t\t\n\t\t\n\t\t\t<\/style>\n\n\n\t\t\t<div class=\"fusion-flexslider flexslider fusion-flexslider-loading fusion-post-slideshow\" style=\"\">\n\t\t<ul class=\"slides\">\n\t\t\t\n\t\t\t\t\t\t\t\t\t\t\t\t\t\t<li>\n\n<div  class=\"fusion-image-wrapper fusion-image-size-fixed\" aria-haspopup=\"true\">\n\t\n\t\n\t\t\t\n\t\t\t\t<a href=\"https:\/\/balticwind.eu\/pl\/ustawa-o-przyspieszeniu-rozwoju-przemyslowego-wzmocni-odpornosc-gospodarcza-europy\/\" aria-label=\"Ustawa o przyspieszeniu rozwoju przemys\u0142owego wzmocni odporno\u015b\u0107 gospodarcz\u0105 Europy\">\n\t\t\n\t\t\n\t\t\t\t\t<img width=\"320\" height=\"202\" src=\"https:\/\/balticwind.eu\/wp-content\/uploads\/2026\/03\/blade-factory-woman-320x202.jpg\" class=\"attachment-blog-medium size-blog-medium wp-post-image\" alt=\"\" decoding=\"async\" loading=\"lazy\" srcset=\"https:\/\/balticwind.eu\/wp-content\/uploads\/2026\/03\/blade-factory-woman-320x202.jpg 320w, https:\/\/balticwind.eu\/wp-content\/uploads\/2026\/03\/blade-factory-woman-700x441.jpg 700w\" sizes=\"(max-width: 320px) 100vw, 320px\" \/>\n\t\n\n\n\t\t\t\t<\/a>\n\t\t\n\t\n<\/div>\n<\/li>\n\t\t\t\n\t\t\t\n\t\t\t\t\t\t\t\t\t\t\t\t\t\t\t\t\t\t\t\t\t\t\t\t\t\t\t\t\t\t\t\t\t\t\t\t\t\t\t\t\t\t\t\t\t\t\t\t\t\t\t\t\t\t\t\t\t\t\t\t\t\t\t\t\t\t\t\t<\/ul>\n\t<\/div>\n\t<div class=\"fusion-post-content post-content\"><h2 class=\"blog-shortcode-post-title entry-title\"><a href=\"https:\/\/balticwind.eu\/pl\/ustawa-o-przyspieszeniu-rozwoju-przemyslowego-wzmocni-odpornosc-gospodarcza-europy\/\">Ustawa o przyspieszeniu rozwoju przemys\u0142owego wzmocni odporno\u015b\u0107 gospodarcz\u0105 Europy<\/a><\/h2><p class=\"fusion-single-line-meta\"><span class=\"vcard\" style=\"display: none;\"><span class=\"fn\"><a href=\"https:\/\/balticwind.eu\/pl\/author\/maja-moshotmail-com\/\" title=\"Wpisy od Maja Moskal\" rel=\"author\">Maja Moskal<\/a><\/span><\/span><span class=\"updated\" style=\"display:none;\">2026-03-05T18:11:40+01:00<\/span><a href=\"https:\/\/balticwind.eu\/pl\/category\/dania\/\" rel=\"category tag\">DANIA<\/a>, <a href=\"https:\/\/balticwind.eu\/pl\/category\/estonia-pl\/\" rel=\"category tag\">ESTONIA<\/a>, <a href=\"https:\/\/balticwind.eu\/pl\/category\/finlandia\/\" rel=\"category tag\">FINLANDIA<\/a>, <a href=\"https:\/\/balticwind.eu\/pl\/category\/litwa\/\" rel=\"category tag\">LITWA<\/a>, <a href=\"https:\/\/balticwind.eu\/pl\/category\/lotwa\/\" rel=\"category tag\">\u0141OTWA<\/a>, <a href=\"https:\/\/balticwind.eu\/pl\/category\/niemcy\/\" rel=\"category tag\">NIEMCY<\/a>, <a href=\"https:\/\/balticwind.eu\/pl\/category\/energia-wiatrowa-offshore\/\" rel=\"category tag\">OFFSHORE<\/a>, <a href=\"https:\/\/balticwind.eu\/pl\/category\/polska\/\" rel=\"category tag\">POLSKA<\/a>, <a href=\"https:\/\/balticwind.eu\/pl\/category\/projekty\/\" rel=\"category tag\">PROJEKTY<\/a>, <a href=\"https:\/\/balticwind.eu\/pl\/category\/szwecja\/\" rel=\"category tag\">SZWECJA<\/a><span class=\"fusion-inline-sep\">|<\/span><\/p><div class=\"fusion-post-content-container\"><p>Komisja Europejska opublikowa\u0142a dzisiaj ustaw\u0119 o przyspieszeniu rozwoju przemys\u0142owego. Jej celem jest wzmocnienie konkurencyjno\u015bci gospodarczej Europy i zwi\u0119kszenie jej potencja\u0142u w zakresie produkcji czystych technologii. Kluczowe znaczenie dla powodzenia tej inicjatywy b\u0119dzie mia\u0142o proste i zharmonizowane wdro\u017cenie nowych przepis\u00f3w. Ostatnie dni [...]<\/p><\/div><\/div><div class=\"fusion-clearfix\"><\/div><\/article>\n<article id=\"blog-3-post-45707\" class=\"fusion-post-medium-alternate post-45707 post type-post status-publish format-standard has-post-thumbnail hentry category-estonia-pl category-lotwa category-energia-wiatrowa-offshore category-projekty\">\n<div class=\"fusion-date-and-formats\"><div class=\"fusion-date-box updated\"><span class=\"fusion-date\">24<\/span><span class=\"fusion-month-year\">02, 2026<\/span><\/div><div class=\"fusion-format-box\"><i class=\"fusion-icon-pen\" aria-hidden=\"true\"><\/i><\/div><\/div>\t<style type=\"text\/css\">\n\t\t\n\t\t\n\t\t\n\t\t\n\t\t\t<\/style>\n\n\n\t\t\t<div class=\"fusion-flexslider flexslider fusion-flexslider-loading fusion-post-slideshow\" style=\"\">\n\t\t<ul class=\"slides\">\n\t\t\t\n\t\t\t\t\t\t\t\t\t\t\t\t\t\t<li>\n\n<div  class=\"fusion-image-wrapper fusion-image-size-fixed\" aria-haspopup=\"true\">\n\t\n\t\n\t\t\t\n\t\t\t\t<a href=\"https:\/\/balticwind.eu\/pl\/haskoning-zaprojektuje-morskie-farmy-wiatrowe-w-estonii-i-na-lotwie\/\" aria-label=\"Haskoning zaprojektuje morskie farmy wiatrowe w Estonii i na \u0141otwie\">\n\t\t\n\t\t\n\t\t\t\t\t<img width=\"320\" height=\"202\" src=\"https:\/\/balticwind.eu\/wp-content\/uploads\/2026\/02\/Haskoning-ELWIND-320x202.jpg\" class=\"attachment-blog-medium size-blog-medium wp-post-image\" alt=\"\" decoding=\"async\" loading=\"lazy\" srcset=\"https:\/\/balticwind.eu\/wp-content\/uploads\/2026\/02\/Haskoning-ELWIND-320x202.jpg 320w, https:\/\/balticwind.eu\/wp-content\/uploads\/2026\/02\/Haskoning-ELWIND-700x441.jpg 700w\" sizes=\"(max-width: 320px) 100vw, 320px\" \/>\n\t\n\n\n\t\t\t\t<\/a>\n\t\t\n\t\n<\/div>\n<\/li>\n\t\t\t\n\t\t\t\n\t\t\t\t\t\t\t\t\t\t\t\t\t\t\t\t\t\t\t\t\t\t\t\t\t\t\t\t\t\t\t\t\t\t\t\t\t\t\t\t\t\t\t\t\t\t\t\t\t\t\t\t\t\t\t\t\t\t\t\t\t\t\t\t\t\t\t\t<\/ul>\n\t<\/div>\n\t<div class=\"fusion-post-content post-content\"><h2 class=\"blog-shortcode-post-title entry-title\"><a href=\"https:\/\/balticwind.eu\/pl\/haskoning-zaprojektuje-morskie-farmy-wiatrowe-w-estonii-i-na-lotwie\/\">Haskoning zaprojektuje morskie farmy wiatrowe w Estonii i na \u0141otwie<\/a><\/h2><p class=\"fusion-single-line-meta\"><span class=\"vcard\" style=\"display: none;\"><span class=\"fn\"><a href=\"https:\/\/balticwind.eu\/pl\/author\/maja-moshotmail-com\/\" title=\"Wpisy od Maja Moskal\" rel=\"author\">Maja Moskal<\/a><\/span><\/span><span class=\"updated\" style=\"display:none;\">2026-02-24T12:55:22+01:00<\/span><a href=\"https:\/\/balticwind.eu\/pl\/category\/estonia-pl\/\" rel=\"category tag\">ESTONIA<\/a>, <a href=\"https:\/\/balticwind.eu\/pl\/category\/lotwa\/\" rel=\"category tag\">\u0141OTWA<\/a>, <a href=\"https:\/\/balticwind.eu\/pl\/category\/energia-wiatrowa-offshore\/\" rel=\"category tag\">OFFSHORE<\/a>, <a href=\"https:\/\/balticwind.eu\/pl\/category\/projekty\/\" rel=\"category tag\">PROJEKTY<\/a><span class=\"fusion-inline-sep\">|<\/span><\/p><div class=\"fusion-post-content-container\"><p>Haskoning i \u0141otewska Agencja Inwestycji i Rozwoju podpisa\u0142y umow\u0119. Haskoning przeprowadzi faz\u0119 projektow\u0105 projektu morskiej farmy wiatrowej ELWIND, kt\u00f3ra potrwa trzy lata. Wspieranie rozwoju morskiej energetyki wiatrowej poprzez zintegrowane wsparcie ELWIND to wsp\u00f3lny esto\u0144sko-\u0142otewski pa\u0144stwowy projekt morskiej energetyki wiatrowej, kt\u00f3rego celem [...]<\/p><\/div><\/div><div class=\"fusion-clearfix\"><\/div><\/article>\n<article id=\"blog-3-post-45702\" class=\"fusion-post-medium-alternate post-45702 post type-post status-publish format-standard has-post-thumbnail hentry category-estonia-pl category-lotwa category-energia-wiatrowa-offshore category-projekty\">\n<div class=\"fusion-date-and-formats\"><div class=\"fusion-date-box updated\"><span class=\"fusion-date\">20<\/span><span class=\"fusion-month-year\">02, 2026<\/span><\/div><div class=\"fusion-format-box\"><i class=\"fusion-icon-pen\" aria-hidden=\"true\"><\/i><\/div><\/div>\t<style type=\"text\/css\">\n\t\t\n\t\t\n\t\t\n\t\t\n\t\t\t<\/style>\n\n\n\t\t\t<div class=\"fusion-flexslider flexslider fusion-flexslider-loading fusion-post-slideshow\" style=\"\">\n\t\t<ul class=\"slides\">\n\t\t\t\n\t\t\t\t\t\t\t\t\t\t\t\t\t\t<li>\n\n<div  class=\"fusion-image-wrapper fusion-image-size-fixed\" aria-haspopup=\"true\">\n\t\n\t\n\t\t\t\n\t\t\t\t<a href=\"https:\/\/balticwind.eu\/pl\/elwind-rozpoczyna-badania-nad-ssakami-morskimi-w-obszarze-morskiej-farmy-wiatrowej-na-wodach-estonii-i-lotwy\/\" aria-label=\"ELWIND rozpoczyna badania nad ssakami morskimi w obszarze morskiej farmy wiatrowej na wodach Estonii i \u0141otwy\">\n\t\t\n\t\t\n\t\t\t\t\t<img width=\"320\" height=\"202\" src=\"https:\/\/balticwind.eu\/wp-content\/uploads\/2026\/02\/diana-parkhouse-0F8jttdTir4-unsplash-2048x1365-1-320x202.jpg\" class=\"attachment-blog-medium size-blog-medium wp-post-image\" alt=\"\" decoding=\"async\" loading=\"lazy\" srcset=\"https:\/\/balticwind.eu\/wp-content\/uploads\/2026\/02\/diana-parkhouse-0F8jttdTir4-unsplash-2048x1365-1-320x202.jpg 320w, https:\/\/balticwind.eu\/wp-content\/uploads\/2026\/02\/diana-parkhouse-0F8jttdTir4-unsplash-2048x1365-1-700x441.jpg 700w\" sizes=\"(max-width: 320px) 100vw, 320px\" \/>\n\t\n\n\n\t\t\t\t<\/a>\n\t\t\n\t\n<\/div>\n<\/li>\n\t\t\t\n\t\t\t\n\t\t\t\t\t\t\t\t\t\t\t\t\t\t\t\t\t\t\t\t\t\t\t\t\t\t\t\t\t\t\t\t\t\t\t\t\t\t\t\t\t\t\t\t\t\t\t\t\t\t\t\t\t\t\t\t\t\t\t\t\t\t\t\t\t\t\t\t<\/ul>\n\t<\/div>\n\t<div class=\"fusion-post-content post-content\"><h2 class=\"blog-shortcode-post-title entry-title\"><a href=\"https:\/\/balticwind.eu\/pl\/elwind-rozpoczyna-badania-nad-ssakami-morskimi-w-obszarze-morskiej-farmy-wiatrowej-na-wodach-estonii-i-lotwy\/\">ELWIND rozpoczyna badania nad ssakami morskimi w obszarze morskiej farmy wiatrowej na wodach Estonii i \u0141otwy<\/a><\/h2><p class=\"fusion-single-line-meta\"><span class=\"vcard\" style=\"display: none;\"><span class=\"fn\"><a href=\"https:\/\/balticwind.eu\/pl\/author\/maja-moshotmail-com\/\" title=\"Wpisy od Maja Moskal\" rel=\"author\">Maja Moskal<\/a><\/span><\/span><span class=\"updated\" style=\"display:none;\">2026-02-20T15:59:45+01:00<\/span><a href=\"https:\/\/balticwind.eu\/pl\/category\/estonia-pl\/\" rel=\"category tag\">ESTONIA<\/a>, <a href=\"https:\/\/balticwind.eu\/pl\/category\/lotwa\/\" rel=\"category tag\">\u0141OTWA<\/a>, <a href=\"https:\/\/balticwind.eu\/pl\/category\/energia-wiatrowa-offshore\/\" rel=\"category tag\">OFFSHORE<\/a>, <a href=\"https:\/\/balticwind.eu\/pl\/category\/projekty\/\" rel=\"category tag\">PROJEKTY<\/a><span class=\"fusion-inline-sep\">|<\/span><\/p><div class=\"fusion-post-content-container\"><p>ELWIND podpisa\u0142 umow\u0119 z firm\u0105 3BIRD O\u00dc na przeprowadzenie kompleksowych bada\u0144 nad ssakami morskimi w obszarach rozwoju projektu morskiej farmy wiatrowej na wodach Estonii i \u0141otwy. Celem badania jest zebranie jak najlepszych informacji bazowych na temat fok szarych, fok pier\u015bcieniowych i, [...]<\/p><\/div><\/div><div class=\"fusion-clearfix\"><\/div><\/article>\n<article id=\"blog-3-post-45698\" class=\"fusion-post-medium-alternate post-45698 post type-post status-publish format-standard has-post-thumbnail hentry category-estonia-pl category-lotwa category-energia-wiatrowa-offshore category-projekty\">\n<div class=\"fusion-date-and-formats\"><div class=\"fusion-date-box updated\"><span class=\"fusion-date\">20<\/span><span class=\"fusion-month-year\">02, 2026<\/span><\/div><div class=\"fusion-format-box\"><i class=\"fusion-icon-pen\" aria-hidden=\"true\"><\/i><\/div><\/div>\t<style type=\"text\/css\">\n\t\t\n\t\t\n\t\t\n\t\t\n\t\t\t<\/style>\n\n\n\t\t\t<div class=\"fusion-flexslider flexslider fusion-flexslider-loading fusion-post-slideshow\" style=\"\">\n\t\t<ul class=\"slides\">\n\t\t\t\n\t\t\t\t\t\t\t\t\t\t\t\t\t\t<li>\n\n<div  class=\"fusion-image-wrapper fusion-image-size-fixed\" aria-haspopup=\"true\">\n\t\n\t\n\t\t\t\n\t\t\t\t<a href=\"https:\/\/balticwind.eu\/pl\/elwind-podpisuje-umowe-na-realizacje-projektu-morskiej-farmy-wiatrowej-pre-feed-projekt-koncepcyjny-i-projekt-techniczny\/\" aria-label=\"ELWIND podpisuje umow\u0119 na realizacj\u0119 projektu morskiej farmy wiatrowej Pre-FEED, projekt koncepcyjny i projekt techniczny\">\n\t\t\n\t\t\n\t\t\t\t\t<img width=\"320\" height=\"202\" src=\"https:\/\/balticwind.eu\/wp-content\/uploads\/2026\/02\/haskoning_feed_design-2048x1152-1-320x202.jpg\" class=\"attachment-blog-medium size-blog-medium wp-post-image\" alt=\"\" decoding=\"async\" loading=\"lazy\" srcset=\"https:\/\/balticwind.eu\/wp-content\/uploads\/2026\/02\/haskoning_feed_design-2048x1152-1-320x202.jpg 320w, https:\/\/balticwind.eu\/wp-content\/uploads\/2026\/02\/haskoning_feed_design-2048x1152-1-700x441.jpg 700w\" sizes=\"(max-width: 320px) 100vw, 320px\" \/>\n\t\n\n\n\t\t\t\t<\/a>\n\t\t\n\t\n<\/div>\n<\/li>\n\t\t\t\n\t\t\t\n\t\t\t\t\t\t\t\t\t\t\t\t\t\t\t\t\t\t\t\t\t\t\t\t\t\t\t\t\t\t\t\t\t\t\t\t\t\t\t\t\t\t\t\t\t\t\t\t\t\t\t\t\t\t\t\t\t\t\t\t\t\t\t\t\t\t\t\t<\/ul>\n\t<\/div>\n\t<div class=\"fusion-post-content post-content\"><h2 class=\"blog-shortcode-post-title entry-title\"><a href=\"https:\/\/balticwind.eu\/pl\/elwind-podpisuje-umowe-na-realizacje-projektu-morskiej-farmy-wiatrowej-pre-feed-projekt-koncepcyjny-i-projekt-techniczny\/\">ELWIND podpisuje umow\u0119 na realizacj\u0119 projektu morskiej farmy wiatrowej Pre-FEED, projekt koncepcyjny i projekt techniczny<\/a><\/h2><p class=\"fusion-single-line-meta\"><span class=\"vcard\" style=\"display: none;\"><span class=\"fn\"><a href=\"https:\/\/balticwind.eu\/pl\/author\/maja-moshotmail-com\/\" title=\"Wpisy od Maja Moskal\" rel=\"author\">Maja Moskal<\/a><\/span><\/span><span class=\"updated\" style=\"display:none;\">2026-02-20T15:57:15+01:00<\/span><a href=\"https:\/\/balticwind.eu\/pl\/category\/estonia-pl\/\" rel=\"category tag\">ESTONIA<\/a>, <a href=\"https:\/\/balticwind.eu\/pl\/category\/lotwa\/\" rel=\"category tag\">\u0141OTWA<\/a>, <a href=\"https:\/\/balticwind.eu\/pl\/category\/energia-wiatrowa-offshore\/\" rel=\"category tag\">OFFSHORE<\/a>, <a href=\"https:\/\/balticwind.eu\/pl\/category\/projekty\/\" rel=\"category tag\">PROJEKTY<\/a><span class=\"fusion-inline-sep\">|<\/span><\/p><div class=\"fusion-post-content-container\"><p>ELWIND podpisa\u0142 umow\u0119 z firm\u0105 Haskoning Nederland B.V. na przeprowadzenie badania, a tak\u017ce opracowanie wst\u0119pnego projektu technicznego (Pre-FEED), projektu koncepcyjnego i projektu technicznego dla morskich farm wiatrowych ELWIND w Estonii i na \u0141otwie. Celem badania w fazie Pre-FEED jest opracowanie og\u00f3lnej [...]<\/p><\/div><\/div><div class=\"fusion-clearfix\"><\/div><\/article>\n<article id=\"blog-3-post-45653\" class=\"fusion-post-medium-alternate post-45653 post type-post status-publish format-standard has-post-thumbnail hentry category-dania category-estonia-pl category-finlandia category-litwa category-lotwa category-energia-wiatrowa-offshore category-energia-wiatrowa-onshore category-projekty category-szwecja\">\n<div class=\"fusion-date-and-formats\"><div class=\"fusion-date-box updated\"><span class=\"fusion-date\">13<\/span><span class=\"fusion-month-year\">02, 2026<\/span><\/div><div class=\"fusion-format-box\"><i class=\"fusion-icon-pen\" aria-hidden=\"true\"><\/i><\/div><\/div>\t<style type=\"text\/css\">\n\t\t\n\t\t\n\t\t\n\t\t\n\t\t\t<\/style>\n\n\n\t\t\t<div class=\"fusion-flexslider flexslider fusion-flexslider-loading fusion-post-slideshow\" style=\"\">\n\t\t<ul class=\"slides\">\n\t\t\t\n\t\t\t\t\t\t\t\t\t\t\t\t\t\t<li>\n\n<div  class=\"fusion-image-wrapper fusion-image-size-fixed\" aria-haspopup=\"true\">\n\t\n\t\n\t\t\t\n\t\t\t\t<a href=\"https:\/\/balticwind.eu\/pl\/spotkanie-z-ministrem-w-sprawie-wspolpracy-energetycznej-miedzy-krajami-nordyckimi-i-baltyckimi\/\" aria-label=\"Spotkanie z ministrem w sprawie wsp\u00f3\u0142pracy energetycznej mi\u0119dzy krajami nordyckimi i ba\u0142tyckimi\">\n\t\t\n\t\t\n\t\t\t\t\t<img width=\"320\" height=\"202\" src=\"https:\/\/balticwind.eu\/wp-content\/uploads\/2026\/02\/tiksanas-ar-ministru-par-energetikas-sadarbibu-320x202.jpg\" class=\"attachment-blog-medium size-blog-medium wp-post-image\" alt=\"\" decoding=\"async\" loading=\"lazy\" srcset=\"https:\/\/balticwind.eu\/wp-content\/uploads\/2026\/02\/tiksanas-ar-ministru-par-energetikas-sadarbibu-320x202.jpg 320w, https:\/\/balticwind.eu\/wp-content\/uploads\/2026\/02\/tiksanas-ar-ministru-par-energetikas-sadarbibu-700x441.jpg 700w\" sizes=\"(max-width: 320px) 100vw, 320px\" \/>\n\t\n\n\n\t\t\t\t<\/a>\n\t\t\n\t\n<\/div>\n<\/li>\n\t\t\t\n\t\t\t\n\t\t\t\t\t\t\t\t\t\t\t\t\t\t\t\t\t\t\t\t\t\t\t\t\t\t\t\t\t\t\t\t\t\t\t\t\t\t\t\t\t\t\t\t\t\t\t\t\t\t\t\t\t\t\t\t\t\t\t\t\t\t\t\t\t\t\t\t<\/ul>\n\t<\/div>\n\t<div class=\"fusion-post-content post-content\"><h2 class=\"blog-shortcode-post-title entry-title\"><a href=\"https:\/\/balticwind.eu\/pl\/spotkanie-z-ministrem-w-sprawie-wspolpracy-energetycznej-miedzy-krajami-nordyckimi-i-baltyckimi\/\">Spotkanie z ministrem w sprawie wsp\u00f3\u0142pracy energetycznej mi\u0119dzy krajami nordyckimi i ba\u0142tyckimi<\/a><\/h2><p class=\"fusion-single-line-meta\"><span class=\"vcard\" style=\"display: none;\"><span class=\"fn\"><a href=\"https:\/\/balticwind.eu\/pl\/author\/maja-moshotmail-com\/\" title=\"Wpisy od Maja Moskal\" rel=\"author\">Maja Moskal<\/a><\/span><\/span><span class=\"updated\" style=\"display:none;\">2026-02-13T08:29:37+01:00<\/span><a href=\"https:\/\/balticwind.eu\/pl\/category\/dania\/\" rel=\"category tag\">DANIA<\/a>, <a href=\"https:\/\/balticwind.eu\/pl\/category\/estonia-pl\/\" rel=\"category tag\">ESTONIA<\/a>, <a href=\"https:\/\/balticwind.eu\/pl\/category\/finlandia\/\" rel=\"category tag\">FINLANDIA<\/a>, <a href=\"https:\/\/balticwind.eu\/pl\/category\/litwa\/\" rel=\"category tag\">LITWA<\/a>, <a href=\"https:\/\/balticwind.eu\/pl\/category\/lotwa\/\" rel=\"category tag\">\u0141OTWA<\/a>, <a href=\"https:\/\/balticwind.eu\/pl\/category\/energia-wiatrowa-offshore\/\" rel=\"category tag\">OFFSHORE<\/a>, <a href=\"https:\/\/balticwind.eu\/pl\/category\/energia-wiatrowa-onshore\/\" rel=\"category tag\">ONSHORE<\/a>, <a href=\"https:\/\/balticwind.eu\/pl\/category\/projekty\/\" rel=\"category tag\">PROJEKTY<\/a>, <a href=\"https:\/\/balticwind.eu\/pl\/category\/szwecja\/\" rel=\"category tag\">SZWECJA<\/a><span class=\"fusion-inline-sep\">|<\/span><\/p><div class=\"fusion-post-content-container\"><p>4 lutego przedstawiciele Biura Rady Ministr\u00f3w Kraj\u00f3w Nordyckich na \u0141otwie (Nordic Council of Ministers\u2019 Office in Latvia) spotkali si\u0119 z Kasparsem Melnisem, ministrem ds. klimatu i energii. W spotkaniu wzi\u0119li udzia\u0142 Nina Hvid Enevoldsen, dyrektor biura, oraz Gints Janums, doradca ds. [...]<\/p><\/div><\/div><div class=\"fusion-clearfix\"><\/div><\/article>\n<article id=\"blog-3-post-45649\" class=\"fusion-post-medium-alternate post-45649 post type-post status-publish format-standard has-post-thumbnail hentry category-estonia-pl category-litwa category-lotwa category-energia-wiatrowa-offshore category-energia-wiatrowa-onshore category-projekty category-regulatory-pl\">\n<div class=\"fusion-date-and-formats\"><div class=\"fusion-date-box updated\"><span class=\"fusion-date\">13<\/span><span class=\"fusion-month-year\">02, 2026<\/span><\/div><div class=\"fusion-format-box\"><i class=\"fusion-icon-pen\" aria-hidden=\"true\"><\/i><\/div><\/div>\t<style type=\"text\/css\">\n\t\t\n\t\t\n\t\t\n\t\t\n\t\t\t<\/style>\n\n\n\t\t\t<div class=\"fusion-flexslider flexslider fusion-flexslider-loading fusion-post-slideshow\" style=\"\">\n\t\t<ul class=\"slides\">\n\t\t\t\n\t\t\t\t\t\t\t\t\t\t\t\t\t\t<li>\n\n<div  class=\"fusion-image-wrapper fusion-image-size-fixed\" aria-haspopup=\"true\">\n\t\n\t\n\t\t\t\n\t\t\t\t<a href=\"https:\/\/balticwind.eu\/pl\/kongres-stanow-zjednoczonych-zatwierdza-200-mln-usd-na-pomoc-wojskowa-dla-krajow-baltyckich\/\" aria-label=\"Kongres Stan\u00f3w Zjednoczonych zatwierdza 200 mln USD na pomoc wojskow\u0105 dla kraj\u00f3w ba\u0142tyckich\">\n\t\t\n\t\t\n\t\t\t\t\t<img width=\"320\" height=\"202\" src=\"https:\/\/balticwind.eu\/wp-content\/uploads\/2026\/02\/Ministry-of-Foreign-Affairs_0-320x202.jpg\" class=\"attachment-blog-medium size-blog-medium wp-post-image\" alt=\"\" decoding=\"async\" loading=\"lazy\" srcset=\"https:\/\/balticwind.eu\/wp-content\/uploads\/2026\/02\/Ministry-of-Foreign-Affairs_0-320x202.jpg 320w, https:\/\/balticwind.eu\/wp-content\/uploads\/2026\/02\/Ministry-of-Foreign-Affairs_0-700x441.jpg 700w\" sizes=\"(max-width: 320px) 100vw, 320px\" \/>\n\t\n\n\n\t\t\t\t<\/a>\n\t\t\n\t\n<\/div>\n<\/li>\n\t\t\t\n\t\t\t\n\t\t\t\t\t\t\t\t\t\t\t\t\t\t\t\t\t\t\t\t\t\t\t\t\t\t\t\t\t\t\t\t\t\t\t\t\t\t\t\t\t\t\t\t\t\t\t\t\t\t\t\t\t\t\t\t\t\t\t\t\t\t\t\t\t\t\t\t<\/ul>\n\t<\/div>\n\t<div class=\"fusion-post-content post-content\"><h2 class=\"blog-shortcode-post-title entry-title\"><a href=\"https:\/\/balticwind.eu\/pl\/kongres-stanow-zjednoczonych-zatwierdza-200-mln-usd-na-pomoc-wojskowa-dla-krajow-baltyckich\/\">Kongres Stan\u00f3w Zjednoczonych zatwierdza 200 mln USD na pomoc wojskow\u0105 dla kraj\u00f3w ba\u0142tyckich<\/a><\/h2><p class=\"fusion-single-line-meta\"><span class=\"vcard\" style=\"display: none;\"><span class=\"fn\"><a href=\"https:\/\/balticwind.eu\/pl\/author\/maja-moshotmail-com\/\" title=\"Wpisy od Maja Moskal\" rel=\"author\">Maja Moskal<\/a><\/span><\/span><span class=\"updated\" style=\"display:none;\">2026-02-13T08:22:37+01:00<\/span><a href=\"https:\/\/balticwind.eu\/pl\/category\/estonia-pl\/\" rel=\"category tag\">ESTONIA<\/a>, <a href=\"https:\/\/balticwind.eu\/pl\/category\/litwa\/\" rel=\"category tag\">LITWA<\/a>, <a href=\"https:\/\/balticwind.eu\/pl\/category\/lotwa\/\" rel=\"category tag\">\u0141OTWA<\/a>, <a href=\"https:\/\/balticwind.eu\/pl\/category\/energia-wiatrowa-offshore\/\" rel=\"category tag\">OFFSHORE<\/a>, <a href=\"https:\/\/balticwind.eu\/pl\/category\/energia-wiatrowa-onshore\/\" rel=\"category tag\">ONSHORE<\/a>, <a href=\"https:\/\/balticwind.eu\/pl\/category\/projekty\/\" rel=\"category tag\">PROJEKTY<\/a>, <a href=\"https:\/\/balticwind.eu\/pl\/category\/regulatory-pl\/\" rel=\"category tag\">REGULACJE<\/a><span class=\"fusion-inline-sep\">|<\/span><\/p><div class=\"fusion-post-content-container\"><p>3 lutego 2026 r. Kongres Stan\u00f3w Zjednoczonych podj\u0105\u0142 wa\u017cn\u0105 decyzj\u0119 dla bezpiecze\u0144stwa Europy i kraj\u00f3w ba\u0142tyckich, zatwierdzaj\u0105c finansowanie w wysoko\u015bci 200 mln USD na kontynuacj\u0119 Inicjatywy Bezpiecze\u0144stwa Ba\u0142tyckiego w 2026 r., kt\u00f3rej celem jest wzmocnienie zdolno\u015bci obronnych pa\u0144stw ba\u0142tyckich i pog\u0142\u0119bienie [...]<\/p><\/div><\/div><div class=\"fusion-clearfix\"><\/div><\/article>\n<article id=\"blog-3-post-45638\" class=\"fusion-post-medium-alternate post-45638 post type-post status-publish format-standard has-post-thumbnail hentry category-estonia-pl category-finlandia category-litwa category-lotwa category-niemcy category-energia-wiatrowa-offshore category-polska category-projekty category-regulatory-pl category-szwecja\">\n<div class=\"fusion-date-and-formats\"><div class=\"fusion-date-box updated\"><span class=\"fusion-date\">12<\/span><span class=\"fusion-month-year\">02, 2026<\/span><\/div><div class=\"fusion-format-box\"><i class=\"fusion-icon-pen\" aria-hidden=\"true\"><\/i><\/div><\/div>\t<style type=\"text\/css\">\n\t\t\n\t\t\n\t\t\n\t\t\n\t\t\t<\/style>\n\n\n\t\t\t<div class=\"fusion-flexslider flexslider fusion-flexslider-loading fusion-post-slideshow\" style=\"\">\n\t\t<ul class=\"slides\">\n\t\t\t\n\t\t\t\t\t\t\t\t\t\t\t\t\t\t<li>\n\n<div  class=\"fusion-image-wrapper fusion-image-size-fixed\" aria-haspopup=\"true\">\n\t\n\t\n\t\t\t\n\t\t\t\t<a href=\"https:\/\/balticwind.eu\/pl\/komisja-zwieksza-bezpieczenstwo-kabli-podmorskich-dzieki-inwestycji-o-wartosci-347-mln-euro-i-nowym-narzedziom-2\/\" aria-label=\"Komisja zwi\u0119ksza bezpiecze\u0144stwo kabli podmorskich dzi\u0119ki inwestycji o warto\u015bci 347 mln euro i nowym narz\u0119dziom\">\n\t\t\n\t\t\n\t\t\t\t\t<img width=\"320\" height=\"202\" src=\"https:\/\/balticwind.eu\/wp-content\/uploads\/2025\/01\/europe-4426307_1280-320x202.jpg\" class=\"attachment-blog-medium size-blog-medium wp-post-image\" alt=\"Source: Pixabay\" decoding=\"async\" loading=\"lazy\" srcset=\"https:\/\/balticwind.eu\/wp-content\/uploads\/2025\/01\/europe-4426307_1280-320x202.jpg 320w, https:\/\/balticwind.eu\/wp-content\/uploads\/2025\/01\/europe-4426307_1280-700x441.jpg 700w\" sizes=\"(max-width: 320px) 100vw, 320px\" \/>\n\t\n\n\n\t\t\t\t<\/a>\n\t\t\n\t\n<\/div>\n<\/li>\n\t\t\t\n\t\t\t\n\t\t\t\t\t\t\t\t\t\t\t\t\t\t\t\t\t\t\t\t\t\t\t\t\t\t\t\t\t\t\t\t\t\t\t\t\t\t\t\t\t\t\t\t\t\t\t\t\t\t\t\t\t\t\t\t\t\t\t\t\t\t\t\t\t\t\t\t<\/ul>\n\t<\/div>\n\t<div class=\"fusion-post-content post-content\"><h2 class=\"blog-shortcode-post-title entry-title\"><a href=\"https:\/\/balticwind.eu\/pl\/komisja-zwieksza-bezpieczenstwo-kabli-podmorskich-dzieki-inwestycji-o-wartosci-347-mln-euro-i-nowym-narzedziom-2\/\">Komisja zwi\u0119ksza bezpiecze\u0144stwo kabli podmorskich dzi\u0119ki inwestycji o warto\u015bci 347 mln euro i nowym narz\u0119dziom<\/a><\/h2><p class=\"fusion-single-line-meta\"><span class=\"vcard\" style=\"display: none;\"><span class=\"fn\"><a href=\"https:\/\/balticwind.eu\/pl\/author\/maja-moshotmail-com\/\" title=\"Wpisy od Maja Moskal\" rel=\"author\">Maja Moskal<\/a><\/span><\/span><span class=\"updated\" style=\"display:none;\">2026-02-12T10:41:38+01:00<\/span><a href=\"https:\/\/balticwind.eu\/pl\/category\/estonia-pl\/\" rel=\"category tag\">ESTONIA<\/a>, <a href=\"https:\/\/balticwind.eu\/pl\/category\/finlandia\/\" rel=\"category tag\">FINLANDIA<\/a>, <a href=\"https:\/\/balticwind.eu\/pl\/category\/litwa\/\" rel=\"category tag\">LITWA<\/a>, <a href=\"https:\/\/balticwind.eu\/pl\/category\/lotwa\/\" rel=\"category tag\">\u0141OTWA<\/a>, <a href=\"https:\/\/balticwind.eu\/pl\/category\/niemcy\/\" rel=\"category tag\">NIEMCY<\/a>, <a href=\"https:\/\/balticwind.eu\/pl\/category\/energia-wiatrowa-offshore\/\" rel=\"category tag\">OFFSHORE<\/a>, <a href=\"https:\/\/balticwind.eu\/pl\/category\/polska\/\" rel=\"category tag\">POLSKA<\/a>, <a href=\"https:\/\/balticwind.eu\/pl\/category\/projekty\/\" rel=\"category tag\">PROJEKTY<\/a>, <a href=\"https:\/\/balticwind.eu\/pl\/category\/regulatory-pl\/\" rel=\"category tag\">REGULACJE<\/a>, <a href=\"https:\/\/balticwind.eu\/pl\/category\/szwecja\/\" rel=\"category tag\">SZWECJA<\/a><span class=\"fusion-inline-sep\">|<\/span><\/p><div class=\"fusion-post-content-container\"><p>Podmorskie kable danych, kt\u00f3re przenosz\u0105 99% mi\u0119dzykontynentalnego ruchu internetowego, maj\u0105 zasadnicze znaczenie dla wsp\u00f3\u0142czesnego \u017cycia i gospodarki europejskiej. W zwi\u0105zku z rosn\u0105cym zagro\u017ceniem dla tej infrastruktury krytycznej Komisja Europejska intensyfikuje dzia\u0142ania na rzecz zwi\u0119kszenia jej bezpiecze\u0144stwa i odporno\u015bci. Wprowadzono nowy zestaw [...]<\/p><\/div><\/div><div class=\"fusion-clearfix\"><\/div><\/article>\n<article id=\"blog-3-post-45630\" class=\"fusion-post-medium-alternate post-45630 post type-post status-publish format-standard has-post-thumbnail hentry category-dania category-estonia-pl category-finlandia category-litwa category-lotwa category-niemcy category-energia-wiatrowa-offshore category-energia-wiatrowa-onshore category-opinie category-polska category-regulatory-pl category-szwecja\">\n<div class=\"fusion-date-and-formats\"><div class=\"fusion-date-box updated\"><span class=\"fusion-date\">11<\/span><span class=\"fusion-month-year\">02, 2026<\/span><\/div><div class=\"fusion-format-box\"><i class=\"fusion-icon-pen\" aria-hidden=\"true\"><\/i><\/div><\/div>\t<style type=\"text\/css\">\n\t\t\n\t\t\n\t\t\n\t\t\n\t\t\t<\/style>\n\n\n\t\t\t<div class=\"fusion-flexslider flexslider fusion-flexslider-loading fusion-post-slideshow\" style=\"\">\n\t\t<ul class=\"slides\">\n\t\t\t\n\t\t\t\t\t\t\t\t\t\t\t\t\t\t<li>\n\n<div  class=\"fusion-image-wrapper fusion-image-size-fixed\" aria-haspopup=\"true\">\n\t\n\t\n\t\t\t\n\t\t\t\t<a href=\"https:\/\/balticwind.eu\/pl\/barometr-energetyczny-vattenfall-europejczycy-optymistycznie-patrza-na-transformacje-energetyczna\/\" aria-label=\"Barometr energetyczny Vattenfall: Europejczycy optymistycznie patrz\u0105 na transformacj\u0119 energetyczn\u0105\">\n\t\t\n\t\t\n\t\t\t\t\t<img width=\"320\" height=\"202\" src=\"https:\/\/balticwind.eu\/wp-content\/uploads\/2022\/02\/balloon-4506590_1280-320x202.jpg\" class=\"attachment-blog-medium size-blog-medium wp-post-image\" alt=\"\" decoding=\"async\" loading=\"lazy\" srcset=\"https:\/\/balticwind.eu\/wp-content\/uploads\/2022\/02\/balloon-4506590_1280-320x202.jpg 320w, https:\/\/balticwind.eu\/wp-content\/uploads\/2022\/02\/balloon-4506590_1280-700x441.jpg 700w\" sizes=\"(max-width: 320px) 100vw, 320px\" \/>\n\t\n\n\n\t\t\t\t<\/a>\n\t\t\n\t\n<\/div>\n<\/li>\n\t\t\t\n\t\t\t\n\t\t\t\t\t\t\t\t\t\t\t\t\t\t\t\t\t\t\t\t\t\t\t\t\t\t\t\t\t\t\t\t\t\t\t\t\t\t\t\t\t\t\t\t\t\t\t\t\t\t\t\t\t\t\t\t\t\t\t\t\t\t\t\t\t\t\t\t<\/ul>\n\t<\/div>\n\t<div class=\"fusion-post-content post-content\"><h2 class=\"blog-shortcode-post-title entry-title\"><a href=\"https:\/\/balticwind.eu\/pl\/barometr-energetyczny-vattenfall-europejczycy-optymistycznie-patrza-na-transformacje-energetyczna\/\">Barometr energetyczny Vattenfall: Europejczycy optymistycznie patrz\u0105 na transformacj\u0119 energetyczn\u0105<\/a><\/h2><p class=\"fusion-single-line-meta\"><span class=\"vcard\" style=\"display: none;\"><span class=\"fn\"><a href=\"https:\/\/balticwind.eu\/pl\/author\/maja-moshotmail-com\/\" title=\"Wpisy od Maja Moskal\" rel=\"author\">Maja Moskal<\/a><\/span><\/span><span class=\"updated\" style=\"display:none;\">2026-02-11T09:28:12+01:00<\/span><a href=\"https:\/\/balticwind.eu\/pl\/category\/dania\/\" rel=\"category tag\">DANIA<\/a>, <a href=\"https:\/\/balticwind.eu\/pl\/category\/estonia-pl\/\" rel=\"category tag\">ESTONIA<\/a>, <a href=\"https:\/\/balticwind.eu\/pl\/category\/finlandia\/\" rel=\"category tag\">FINLANDIA<\/a>, <a href=\"https:\/\/balticwind.eu\/pl\/category\/litwa\/\" rel=\"category tag\">LITWA<\/a>, <a href=\"https:\/\/balticwind.eu\/pl\/category\/lotwa\/\" rel=\"category tag\">\u0141OTWA<\/a>, <a href=\"https:\/\/balticwind.eu\/pl\/category\/niemcy\/\" rel=\"category tag\">NIEMCY<\/a>, <a href=\"https:\/\/balticwind.eu\/pl\/category\/energia-wiatrowa-offshore\/\" rel=\"category tag\">OFFSHORE<\/a>, <a href=\"https:\/\/balticwind.eu\/pl\/category\/energia-wiatrowa-onshore\/\" rel=\"category tag\">ONSHORE<\/a>, <a href=\"https:\/\/balticwind.eu\/pl\/category\/opinie\/\" rel=\"category tag\">OPINIE<\/a>, <a href=\"https:\/\/balticwind.eu\/pl\/category\/polska\/\" rel=\"category tag\">POLSKA<\/a>, <a href=\"https:\/\/balticwind.eu\/pl\/category\/regulatory-pl\/\" rel=\"category tag\">REGULACJE<\/a>, <a href=\"https:\/\/balticwind.eu\/pl\/category\/szwecja\/\" rel=\"category tag\">SZWECJA<\/a><span class=\"fusion-inline-sep\">|<\/span><\/p><div class=\"fusion-post-content-container\"><p>W ca\u0142ej Europie konsumenci optymistycznie patrz\u0105 na transformacj\u0119 energetyczn\u0105, ale prawie wszyscy pragn\u0105 silniejszego wsparcia ze strony rz\u0105d\u00f3w. Wielu ceni sobie styl \u017cycia przyjazny dla klimatu, ale istniej\u0105 r\u00f3\u017cnice mi\u0119dzy poszczeg\u00f3lnymi krajami. Ponadto co drugi konsument by\u0142by sk\u0142onny zap\u0142aci\u0107 wi\u0119cej za [...]<\/p><\/div><\/div><div class=\"fusion-clearfix\"><\/div><\/article>\n<article id=\"blog-3-post-45597\" class=\"fusion-post-medium-alternate post-45597 post type-post status-publish format-standard has-post-thumbnail hentry category-dania category-estonia-pl category-finlandia category-litwa category-lotwa category-niemcy category-energia-wiatrowa-offshore category-polska category-projekty category-regulatory-pl category-szwecja\">\n<div class=\"fusion-date-and-formats\"><div class=\"fusion-date-box updated\"><span class=\"fusion-date\">6<\/span><span class=\"fusion-month-year\">02, 2026<\/span><\/div><div class=\"fusion-format-box\"><i class=\"fusion-icon-pen\" aria-hidden=\"true\"><\/i><\/div><\/div>\t<style type=\"text\/css\">\n\t\t\n\t\t\n\t\t\n\t\t\n\t\t\t<\/style>\n\n\n\t\t\t<div class=\"fusion-flexslider flexslider fusion-flexslider-loading fusion-post-slideshow\" style=\"\">\n\t\t<ul class=\"slides\">\n\t\t\t\n\t\t\t\t\t\t\t\t\t\t\t\t\t\t<li>\n\n<div  class=\"fusion-image-wrapper fusion-image-size-fixed\" aria-haspopup=\"true\">\n\t\n\t\n\t\t\t\n\t\t\t\t<a href=\"https:\/\/balticwind.eu\/pl\/komisja-zwieksza-bezpieczenstwo-kabli-podmorskich-dzieki-inwestycji-o-wartosci-347-mln-euro-i-nowym-narzedziom\/\" aria-label=\"Komisja zwi\u0119ksza bezpiecze\u0144stwo kabli podmorskich dzi\u0119ki inwestycji o warto\u015bci 347 mln euro i nowym narz\u0119dziom\">\n\t\t\n\t\t\n\t\t\t\t\t<img width=\"320\" height=\"202\" src=\"https:\/\/balticwind.eu\/wp-content\/uploads\/2023\/10\/christian-lue-C241mbgtgys-unsplash-320x202.jpg\" class=\"attachment-blog-medium size-blog-medium wp-post-image\" alt=\"\" decoding=\"async\" loading=\"lazy\" srcset=\"https:\/\/balticwind.eu\/wp-content\/uploads\/2023\/10\/christian-lue-C241mbgtgys-unsplash-200x126.jpg 200w, https:\/\/balticwind.eu\/wp-content\/uploads\/2023\/10\/christian-lue-C241mbgtgys-unsplash-300x189.jpg 300w, https:\/\/balticwind.eu\/wp-content\/uploads\/2023\/10\/christian-lue-C241mbgtgys-unsplash-320x202.jpg 320w, https:\/\/balticwind.eu\/wp-content\/uploads\/2023\/10\/christian-lue-C241mbgtgys-unsplash-400x252.jpg 400w, https:\/\/balticwind.eu\/wp-content\/uploads\/2023\/10\/christian-lue-C241mbgtgys-unsplash-600x378.jpg 600w, https:\/\/balticwind.eu\/wp-content\/uploads\/2023\/10\/christian-lue-C241mbgtgys-unsplash-700x441.jpg 700w, https:\/\/balticwind.eu\/wp-content\/uploads\/2023\/10\/christian-lue-C241mbgtgys-unsplash-768x484.jpg 768w, https:\/\/balticwind.eu\/wp-content\/uploads\/2023\/10\/christian-lue-C241mbgtgys-unsplash-800x504.jpg 800w, https:\/\/balticwind.eu\/wp-content\/uploads\/2023\/10\/christian-lue-C241mbgtgys-unsplash-1024x645.jpg 1024w, https:\/\/balticwind.eu\/wp-content\/uploads\/2023\/10\/christian-lue-C241mbgtgys-unsplash-1200x756.jpg 1200w, https:\/\/balticwind.eu\/wp-content\/uploads\/2023\/10\/christian-lue-C241mbgtgys-unsplash-1536x968.jpg 1536w\" sizes=\"(max-width: 320px) 100vw, 320px\" \/>\n\t\n\n\n\t\t\t\t<\/a>\n\t\t\n\t\n<\/div>\n<\/li>\n\t\t\t\n\t\t\t\n\t\t\t\t\t\t\t\t\t\t\t\t\t\t\t\t\t\t\t\t\t\t\t\t\t\t\t\t\t\t\t\t\t\t\t\t\t\t\t\t\t\t\t\t\t\t\t\t\t\t\t\t\t\t\t\t\t\t\t\t\t\t\t\t\t\t\t\t<\/ul>\n\t<\/div>\n\t<div class=\"fusion-post-content post-content\"><h2 class=\"blog-shortcode-post-title entry-title\"><a href=\"https:\/\/balticwind.eu\/pl\/komisja-zwieksza-bezpieczenstwo-kabli-podmorskich-dzieki-inwestycji-o-wartosci-347-mln-euro-i-nowym-narzedziom\/\">Komisja zwi\u0119ksza bezpiecze\u0144stwo kabli podmorskich dzi\u0119ki inwestycji o warto\u015bci 347 mln euro i nowym narz\u0119dziom<\/a><\/h2><p class=\"fusion-single-line-meta\"><span class=\"vcard\" style=\"display: none;\"><span class=\"fn\"><a href=\"https:\/\/balticwind.eu\/pl\/author\/maja-moshotmail-com\/\" title=\"Wpisy od Maja Moskal\" rel=\"author\">Maja Moskal<\/a><\/span><\/span><span class=\"updated\" style=\"display:none;\">2026-02-06T14:18:08+01:00<\/span><a href=\"https:\/\/balticwind.eu\/pl\/category\/dania\/\" rel=\"category tag\">DANIA<\/a>, <a href=\"https:\/\/balticwind.eu\/pl\/category\/estonia-pl\/\" rel=\"category tag\">ESTONIA<\/a>, <a href=\"https:\/\/balticwind.eu\/pl\/category\/finlandia\/\" rel=\"category tag\">FINLANDIA<\/a>, <a href=\"https:\/\/balticwind.eu\/pl\/category\/litwa\/\" rel=\"category tag\">LITWA<\/a>, <a href=\"https:\/\/balticwind.eu\/pl\/category\/lotwa\/\" rel=\"category tag\">\u0141OTWA<\/a>, <a href=\"https:\/\/balticwind.eu\/pl\/category\/niemcy\/\" rel=\"category tag\">NIEMCY<\/a>, <a href=\"https:\/\/balticwind.eu\/pl\/category\/energia-wiatrowa-offshore\/\" rel=\"category tag\">OFFSHORE<\/a>, <a href=\"https:\/\/balticwind.eu\/pl\/category\/polska\/\" rel=\"category tag\">POLSKA<\/a>, <a href=\"https:\/\/balticwind.eu\/pl\/category\/projekty\/\" rel=\"category tag\">PROJEKTY<\/a>, <a href=\"https:\/\/balticwind.eu\/pl\/category\/regulatory-pl\/\" rel=\"category tag\">REGULACJE<\/a>, <a href=\"https:\/\/balticwind.eu\/pl\/category\/szwecja\/\" rel=\"category tag\">SZWECJA<\/a><span class=\"fusion-inline-sep\">|<\/span><\/p><div class=\"fusion-post-content-container\"><p>Podmorskie kable danych, kt\u00f3re przenosz\u0105 99% mi\u0119dzykontynentalnego ruchu internetowego, maj\u0105 zasadnicze znaczenie dla wsp\u00f3\u0142czesnego \u017cycia i gospodarki europejskiej. W zwi\u0105zku z rosn\u0105cym zagro\u017ceniem dla tej infrastruktury krytycznej Komisja Europejska intensyfikuje dzia\u0142ania na rzecz zwi\u0119kszenia jej bezpiecze\u0144stwa i odporno\u015bci. Wczoraj przedstawi\u0142a nowy [...]<\/p><\/div><\/div><div class=\"fusion-clearfix\"><\/div><\/article>\n<article id=\"blog-3-post-45595\" class=\"fusion-post-medium-alternate post-45595 post type-post status-publish format-standard has-post-thumbnail hentry category-dania category-estonia-pl category-finlandia category-litwa category-lotwa category-niemcy category-energia-wiatrowa-offshore category-energia-wiatrowa-onshore category-polska category-projekty category-regulatory-pl category-szwecja\">\n<div class=\"fusion-date-and-formats\"><div class=\"fusion-date-box updated\"><span class=\"fusion-date\">6<\/span><span class=\"fusion-month-year\">02, 2026<\/span><\/div><div class=\"fusion-format-box\"><i class=\"fusion-icon-pen\" aria-hidden=\"true\"><\/i><\/div><\/div>\t<style type=\"text\/css\">\n\t\t\n\t\t\n\t\t\n\t\t\n\t\t\t<\/style>\n\n\n\t\t\t<div class=\"fusion-flexslider flexslider fusion-flexslider-loading fusion-post-slideshow\" style=\"\">\n\t\t<ul class=\"slides\">\n\t\t\t\n\t\t\t\t\t\t\t\t\t\t\t\t\t\t<li>\n\n<div  class=\"fusion-image-wrapper fusion-image-size-fixed\" aria-haspopup=\"true\">\n\t\n\t\n\t\t\t\n\t\t\t\t<a href=\"https:\/\/balticwind.eu\/pl\/komisja-wszczyna-szczegolowe-dochodzenie-w-sprawie-subsydiow-zagranicznych-dotyczacych-dzialalnosci-goldwind-w-sektorze-energetyki-wiatrowej-w-ue\/\" aria-label=\"Komisja wszczyna szczeg\u00f3\u0142owe dochodzenie w sprawie subsydi\u00f3w zagranicznych dotycz\u0105cych dzia\u0142alno\u015bci Goldwind w sektorze energetyki wiatrowej w UE\">\n\t\t\n\t\t\n\t\t\t\t\t<img width=\"320\" height=\"202\" src=\"https:\/\/balticwind.eu\/wp-content\/uploads\/2023\/10\/guillaume-perigois-0NRkVddA2fw-unsplash-320x202.jpg\" class=\"attachment-blog-medium size-blog-medium wp-post-image\" alt=\"\" decoding=\"async\" loading=\"lazy\" srcset=\"https:\/\/balticwind.eu\/wp-content\/uploads\/2023\/10\/guillaume-perigois-0NRkVddA2fw-unsplash-320x202.jpg 320w, https:\/\/balticwind.eu\/wp-content\/uploads\/2023\/10\/guillaume-perigois-0NRkVddA2fw-unsplash-700x441.jpg 700w\" sizes=\"(max-width: 320px) 100vw, 320px\" \/>\n\t\n\n\n\t\t\t\t<\/a>\n\t\t\n\t\n<\/div>\n<\/li>\n\t\t\t\n\t\t\t\n\t\t\t\t\t\t\t\t\t\t\t\t\t\t\t\t\t\t\t\t\t\t\t\t\t\t\t\t\t\t\t\t\t\t\t\t\t\t\t\t\t\t\t\t\t\t\t\t\t\t\t\t\t\t\t\t\t\t\t\t\t\t\t\t\t\t\t\t<\/ul>\n\t<\/div>\n\t<div class=\"fusion-post-content post-content\"><h2 class=\"blog-shortcode-post-title entry-title\"><a href=\"https:\/\/balticwind.eu\/pl\/komisja-wszczyna-szczegolowe-dochodzenie-w-sprawie-subsydiow-zagranicznych-dotyczacych-dzialalnosci-goldwind-w-sektorze-energetyki-wiatrowej-w-ue\/\">Komisja wszczyna szczeg\u00f3\u0142owe dochodzenie w sprawie subsydi\u00f3w zagranicznych dotycz\u0105cych dzia\u0142alno\u015bci Goldwind w sektorze energetyki wiatrowej w UE<\/a><\/h2><p class=\"fusion-single-line-meta\"><span class=\"vcard\" style=\"display: none;\"><span class=\"fn\"><a href=\"https:\/\/balticwind.eu\/pl\/author\/maja-moshotmail-com\/\" title=\"Wpisy od Maja Moskal\" rel=\"author\">Maja Moskal<\/a><\/span><\/span><span class=\"updated\" style=\"display:none;\">2026-02-06T12:05:53+01:00<\/span><a href=\"https:\/\/balticwind.eu\/pl\/category\/dania\/\" rel=\"category tag\">DANIA<\/a>, <a href=\"https:\/\/balticwind.eu\/pl\/category\/estonia-pl\/\" rel=\"category tag\">ESTONIA<\/a>, <a href=\"https:\/\/balticwind.eu\/pl\/category\/finlandia\/\" rel=\"category tag\">FINLANDIA<\/a>, <a href=\"https:\/\/balticwind.eu\/pl\/category\/litwa\/\" rel=\"category tag\">LITWA<\/a>, <a href=\"https:\/\/balticwind.eu\/pl\/category\/lotwa\/\" rel=\"category tag\">\u0141OTWA<\/a>, <a href=\"https:\/\/balticwind.eu\/pl\/category\/niemcy\/\" rel=\"category tag\">NIEMCY<\/a>, <a href=\"https:\/\/balticwind.eu\/pl\/category\/energia-wiatrowa-offshore\/\" rel=\"category tag\">OFFSHORE<\/a>, <a href=\"https:\/\/balticwind.eu\/pl\/category\/energia-wiatrowa-onshore\/\" rel=\"category tag\">ONSHORE<\/a>, <a href=\"https:\/\/balticwind.eu\/pl\/category\/polska\/\" rel=\"category tag\">POLSKA<\/a>, <a href=\"https:\/\/balticwind.eu\/pl\/category\/projekty\/\" rel=\"category tag\">PROJEKTY<\/a>, <a href=\"https:\/\/balticwind.eu\/pl\/category\/regulatory-pl\/\" rel=\"category tag\">REGULACJE<\/a>, <a href=\"https:\/\/balticwind.eu\/pl\/category\/szwecja\/\" rel=\"category tag\">SZWECJA<\/a><span class=\"fusion-inline-sep\">|<\/span><\/p><div class=\"fusion-post-content-container\"><p>Komisja Europejska wszcz\u0119\u0142a szczeg\u00f3\u0142owe dochodzenie w celu oceny, na podstawie rozporz\u0105dzenia w sprawie subsydi\u00f3w zagranicznych (\u201eFSR\u201d), dzia\u0142alno\u015bci Goldwind Science &amp; Technology Co., Ltd. (\u201eGoldwind\u201d) w zakresie produkcji i sprzeda\u017cy turbin wiatrowych oraz \u015bwiadczenia powi\u0105zanych us\u0142ug w UE. Komisja ma wst\u0119pne obawy, [...]<\/p><\/div><\/div><div class=\"fusion-clearfix\"><\/div><\/article>\n<article id=\"blog-3-post-45449\" class=\"fusion-post-medium-alternate post-45449 post type-post status-publish format-standard has-post-thumbnail hentry category-dania category-estonia-pl category-finlandia category-litwa category-lotwa category-niemcy category-energia-wiatrowa-offshore category-energia-wiatrowa-onshore category-polska category-projekty category-szwecja\">\n<div class=\"fusion-date-and-formats\"><div class=\"fusion-date-box updated\"><span class=\"fusion-date\">23<\/span><span class=\"fusion-month-year\">01, 2026<\/span><\/div><div class=\"fusion-format-box\"><i class=\"fusion-icon-pen\" aria-hidden=\"true\"><\/i><\/div><\/div>\t<style type=\"text\/css\">\n\t\t\n\t\t\n\t\t\n\t\t\n\t\t\t<\/style>\n\n\n\t\t\t<div class=\"fusion-flexslider flexslider fusion-flexslider-loading fusion-post-slideshow\" style=\"\">\n\t\t<ul class=\"slides\">\n\t\t\t\n\t\t\t\t\t\t\t\t\t\t\t\t\t\t<li>\n\n<div  class=\"fusion-image-wrapper fusion-image-size-fixed\" aria-haspopup=\"true\">\n\t\n\t\n\t\t\t\n\t\t\t\t<a href=\"https:\/\/balticwind.eu\/pl\/entso-e-zamyka-rok-2025-z-sukcesem-i-oczekuje-na-nowy-roczny-program-prac-na-rok-2026\/\" aria-label=\"ENTSO-E zamyka rok 2025 z sukcesem i oczekuje na nowy roczny program prac na rok 2026\">\n\t\t\n\t\t\n\t\t\t\t\t<img width=\"320\" height=\"202\" src=\"https:\/\/balticwind.eu\/wp-content\/uploads\/2024\/12\/windmill-413047_1920-320x202.jpg\" class=\"attachment-blog-medium size-blog-medium wp-post-image\" alt=\"Source: Pixabay\" decoding=\"async\" loading=\"lazy\" srcset=\"https:\/\/balticwind.eu\/wp-content\/uploads\/2024\/12\/windmill-413047_1920-320x202.jpg 320w, https:\/\/balticwind.eu\/wp-content\/uploads\/2024\/12\/windmill-413047_1920-700x441.jpg 700w\" sizes=\"(max-width: 320px) 100vw, 320px\" \/>\n\t\n\n\n\t\t\t\t<\/a>\n\t\t\n\t\n<\/div>\n<\/li>\n\t\t\t\n\t\t\t\n\t\t\t\t\t\t\t\t\t\t\t\t\t\t\t\t\t\t\t\t\t\t\t\t\t\t\t\t\t\t\t\t\t\t\t\t\t\t\t\t\t\t\t\t\t\t\t\t\t\t\t\t\t\t\t\t\t\t\t\t\t\t\t\t\t\t\t\t<\/ul>\n\t<\/div>\n\t<div class=\"fusion-post-content post-content\"><h2 class=\"blog-shortcode-post-title entry-title\"><a href=\"https:\/\/balticwind.eu\/pl\/entso-e-zamyka-rok-2025-z-sukcesem-i-oczekuje-na-nowy-roczny-program-prac-na-rok-2026\/\">ENTSO-E zamyka rok 2025 z sukcesem i oczekuje na nowy roczny program prac na rok 2026<\/a><\/h2><p class=\"fusion-single-line-meta\"><span class=\"vcard\" style=\"display: none;\"><span class=\"fn\"><a href=\"https:\/\/balticwind.eu\/pl\/author\/maja-moshotmail-com\/\" title=\"Wpisy od Maja Moskal\" rel=\"author\">Maja Moskal<\/a><\/span><\/span><span class=\"updated\" style=\"display:none;\">2026-01-22T22:03:48+01:00<\/span><a href=\"https:\/\/balticwind.eu\/pl\/category\/dania\/\" rel=\"category tag\">DANIA<\/a>, <a href=\"https:\/\/balticwind.eu\/pl\/category\/estonia-pl\/\" rel=\"category tag\">ESTONIA<\/a>, <a href=\"https:\/\/balticwind.eu\/pl\/category\/finlandia\/\" rel=\"category tag\">FINLANDIA<\/a>, <a href=\"https:\/\/balticwind.eu\/pl\/category\/litwa\/\" rel=\"category tag\">LITWA<\/a>, <a href=\"https:\/\/balticwind.eu\/pl\/category\/lotwa\/\" rel=\"category tag\">\u0141OTWA<\/a>, <a href=\"https:\/\/balticwind.eu\/pl\/category\/niemcy\/\" rel=\"category tag\">NIEMCY<\/a>, <a href=\"https:\/\/balticwind.eu\/pl\/category\/energia-wiatrowa-offshore\/\" rel=\"category tag\">OFFSHORE<\/a>, <a href=\"https:\/\/balticwind.eu\/pl\/category\/energia-wiatrowa-onshore\/\" rel=\"category tag\">ONSHORE<\/a>, <a href=\"https:\/\/balticwind.eu\/pl\/category\/polska\/\" rel=\"category tag\">POLSKA<\/a>, <a href=\"https:\/\/balticwind.eu\/pl\/category\/projekty\/\" rel=\"category tag\">PROJEKTY<\/a>, <a href=\"https:\/\/balticwind.eu\/pl\/category\/szwecja\/\" rel=\"category tag\">SZWECJA<\/a><span class=\"fusion-inline-sep\">|<\/span><\/p><div class=\"fusion-post-content-container\"><p>W 2025 r. ENTSO-E zrealizowa\u0142o kompleksowy zestaw dzia\u0142a\u0144 wymaganych przepisami prawa, kt\u00f3re wzmacniaj\u0105 jej rol\u0119 we wspieraniu bezpiecznego i wydajnego funkcjonowania europejskiego systemu elektroenergetycznego. \u0141\u0105cznie zrealizowano 96,3% zada\u0144 przewidzianych w rocznym programie prac na rok 2025. Do najwa\u017cniejszych osi\u0105gni\u0119\u0107 w 2025 [...]<\/p><\/div><\/div><div class=\"fusion-clearfix\"><\/div><\/article>\n<article id=\"blog-3-post-45404\" class=\"fusion-post-medium-alternate post-45404 post type-post status-publish format-standard has-post-thumbnail hentry category-estonia-pl category-energia-wiatrowa-offshore category-energia-wiatrowa-onshore category-regulatory-pl\">\n<div class=\"fusion-date-and-formats\"><div class=\"fusion-date-box updated\"><span class=\"fusion-date\">14<\/span><span class=\"fusion-month-year\">01, 2026<\/span><\/div><div class=\"fusion-format-box\"><i class=\"fusion-icon-pen\" aria-hidden=\"true\"><\/i><\/div><\/div>\t<style type=\"text\/css\">\n\t\t\n\t\t\n\t\t\n\t\t\n\t\t\t<\/style>\n\n\n\t\t\t<div class=\"fusion-flexslider flexslider fusion-flexslider-loading fusion-post-slideshow\" style=\"\">\n\t\t<ul class=\"slides\">\n\t\t\t\n\t\t\t\t\t\t\t\t\t\t\t\t\t\t<li>\n\n<div  class=\"fusion-image-wrapper fusion-image-size-fixed\" aria-haspopup=\"true\">\n\t\n\t\n\t\t\t\n\t\t\t\t<a href=\"https:\/\/balticwind.eu\/pl\/rzad-estonii-zatwierdzil-plan-rozwoju-majacy-na-celu-zwiekszenie-niezawodnosci-przystepnosci-cenowej-i-ekologicznosci-sektora-energetycznego\/\" aria-label=\"Rz\u0105d Estonii zatwierdzi\u0142 plan rozwoju maj\u0105cy na celu zwi\u0119kszenie niezawodno\u015bci, przyst\u0119pno\u015bci cenowej i ekologiczno\u015bci sektora energetycznego\">\n\t\t\n\t\t\n\t\t\t\t\t<img width=\"320\" height=\"202\" src=\"https:\/\/balticwind.eu\/wp-content\/uploads\/2026\/01\/ENMAK-2035-320x202.webp\" class=\"attachment-blog-medium size-blog-medium wp-post-image\" alt=\"\" decoding=\"async\" loading=\"lazy\" srcset=\"https:\/\/balticwind.eu\/wp-content\/uploads\/2026\/01\/ENMAK-2035-320x202.webp 320w, https:\/\/balticwind.eu\/wp-content\/uploads\/2026\/01\/ENMAK-2035-700x441.webp 700w\" sizes=\"(max-width: 320px) 100vw, 320px\" \/>\n\t\n\n\n\t\t\t\t<\/a>\n\t\t\n\t\n<\/div>\n<\/li>\n\t\t\t\n\t\t\t\n\t\t\t\t\t\t\t\t\t\t\t\t\t\t\t\t\t\t\t\t\t\t\t\t\t\t\t\t\t\t\t\t\t\t\t\t\t\t\t\t\t\t\t\t\t\t\t\t\t\t\t\t\t\t\t\t\t\t\t\t\t\t\t\t\t\t\t\t<\/ul>\n\t<\/div>\n\t<div class=\"fusion-post-content post-content\"><h2 class=\"blog-shortcode-post-title entry-title\"><a href=\"https:\/\/balticwind.eu\/pl\/rzad-estonii-zatwierdzil-plan-rozwoju-majacy-na-celu-zwiekszenie-niezawodnosci-przystepnosci-cenowej-i-ekologicznosci-sektora-energetycznego\/\">Rz\u0105d Estonii zatwierdzi\u0142 plan rozwoju maj\u0105cy na celu zwi\u0119kszenie niezawodno\u015bci, przyst\u0119pno\u015bci cenowej i ekologiczno\u015bci sektora energetycznego<\/a><\/h2><p class=\"fusion-single-line-meta\"><span class=\"vcard\" style=\"display: none;\"><span class=\"fn\"><a href=\"https:\/\/balticwind.eu\/pl\/author\/maja-moshotmail-com\/\" title=\"Wpisy od Maja Moskal\" rel=\"author\">Maja Moskal<\/a><\/span><\/span><span class=\"updated\" style=\"display:none;\">2026-01-13T17:02:37+01:00<\/span><a href=\"https:\/\/balticwind.eu\/pl\/category\/estonia-pl\/\" rel=\"category tag\">ESTONIA<\/a>, <a href=\"https:\/\/balticwind.eu\/pl\/category\/energia-wiatrowa-offshore\/\" rel=\"category tag\">OFFSHORE<\/a>, <a href=\"https:\/\/balticwind.eu\/pl\/category\/energia-wiatrowa-onshore\/\" rel=\"category tag\">ONSHORE<\/a>, <a href=\"https:\/\/balticwind.eu\/pl\/category\/regulatory-pl\/\" rel=\"category tag\">REGULACJE<\/a><span class=\"fusion-inline-sep\">|<\/span><\/p><div class=\"fusion-post-content-container\"><p>Rz\u0105d Estonii zatwierdzi\u0142 Krajowy plan rozwoju sektora energetycznego do 2035 r. (ENMAK 2035), opracowany przez Ministerstwo Klimatu. Plan wyznacza cele w zakresie zapewnienia bezpiecze\u0144stwa energetycznego, zwi\u0119kszenia konkurencyjno\u015bci kraju oraz u\u0142atwienia przej\u015bcia na gospodark\u0119 opart\u0105 na czystej energii. Przygotowania do opracowania planu [...]<\/p><\/div><\/div><div class=\"fusion-clearfix\"><\/div><\/article>\n<article id=\"blog-3-post-45367\" class=\"fusion-post-medium-alternate post-45367 post type-post status-publish format-standard has-post-thumbnail hentry category-estonia-pl category-finlandia category-energia-wiatrowa-offshore category-energia-wiatrowa-onshore category-opinie\">\n<div class=\"fusion-date-and-formats\"><div class=\"fusion-date-box updated\"><span class=\"fusion-date\">12<\/span><span class=\"fusion-month-year\">01, 2026<\/span><\/div><div class=\"fusion-format-box\"><i class=\"fusion-icon-pen\" aria-hidden=\"true\"><\/i><\/div><\/div>\t<style type=\"text\/css\">\n\t\t\n\t\t\n\t\t\n\t\t\n\t\t\t<\/style>\n\n\n\t\t\t<div class=\"fusion-flexslider flexslider fusion-flexslider-loading fusion-post-slideshow\" style=\"\">\n\t\t<ul class=\"slides\">\n\t\t\t\n\t\t\t\t\t\t\t\t\t\t\t\t\t\t<li>\n\n<div  class=\"fusion-image-wrapper fusion-image-size-fixed\" aria-haspopup=\"true\">\n\t\n\t\n\t\t\t\n\t\t\t\t<a href=\"https:\/\/balticwind.eu\/pl\/innowacje-transgraniczne-budowanie-silniejszego-ekosystemu-obronnego-w-regionie-skandynawsko-baltyckim\/\" aria-label=\"Innowacje transgraniczne: budowanie silniejszego ekosystemu obronnego w regionie skandynawsko-ba\u0142tyckim\">\n\t\t\n\t\t\n\t\t\t\t\t<img width=\"320\" height=\"202\" src=\"https:\/\/balticwind.eu\/wp-content\/uploads\/2026\/01\/1758807115309-1620x1080-1-320x202.jpg\" class=\"attachment-blog-medium size-blog-medium wp-post-image\" alt=\"\" decoding=\"async\" loading=\"lazy\" srcset=\"https:\/\/balticwind.eu\/wp-content\/uploads\/2026\/01\/1758807115309-1620x1080-1-320x202.jpg 320w, https:\/\/balticwind.eu\/wp-content\/uploads\/2026\/01\/1758807115309-1620x1080-1-700x441.jpg 700w\" sizes=\"(max-width: 320px) 100vw, 320px\" \/>\n\t\n\n\n\t\t\t\t<\/a>\n\t\t\n\t\n<\/div>\n<\/li>\n\t\t\t\n\t\t\t\n\t\t\t\t\t\t\t\t\t\t\t\t\t\t\t\t\t\t\t\t\t\t\t\t\t\t\t\t\t\t\t\t\t\t\t\t\t\t\t\t\t\t\t\t\t\t\t\t\t\t\t\t\t\t\t\t\t\t\t\t\t\t\t\t\t\t\t\t<\/ul>\n\t<\/div>\n\t<div class=\"fusion-post-content post-content\"><h2 class=\"blog-shortcode-post-title entry-title\"><a href=\"https:\/\/balticwind.eu\/pl\/innowacje-transgraniczne-budowanie-silniejszego-ekosystemu-obronnego-w-regionie-skandynawsko-baltyckim\/\">Innowacje transgraniczne: budowanie silniejszego ekosystemu obronnego w regionie skandynawsko-ba\u0142tyckim<\/a><\/h2><p class=\"fusion-single-line-meta\"><span class=\"vcard\" style=\"display: none;\"><span class=\"fn\"><a href=\"https:\/\/balticwind.eu\/pl\/author\/maja-moshotmail-com\/\" title=\"Wpisy od Maja Moskal\" rel=\"author\">Maja Moskal<\/a><\/span><\/span><span class=\"updated\" style=\"display:none;\">2026-01-12T10:21:24+01:00<\/span><a href=\"https:\/\/balticwind.eu\/pl\/category\/estonia-pl\/\" rel=\"category tag\">ESTONIA<\/a>, <a href=\"https:\/\/balticwind.eu\/pl\/category\/finlandia\/\" rel=\"category tag\">FINLANDIA<\/a>, <a href=\"https:\/\/balticwind.eu\/pl\/category\/energia-wiatrowa-offshore\/\" rel=\"category tag\">OFFSHORE<\/a>, <a href=\"https:\/\/balticwind.eu\/pl\/category\/energia-wiatrowa-onshore\/\" rel=\"category tag\">ONSHORE<\/a>, <a href=\"https:\/\/balticwind.eu\/pl\/category\/opinie\/\" rel=\"category tag\">OPINIE<\/a><span class=\"fusion-inline-sep\">|<\/span><\/p><div class=\"fusion-post-content-container\"><p>Podczas Tygodnia Obrony Estonii jedn\u0105 z najbardziej inspiruj\u0105cych sesji by\u0142a dyskusja panelowa po\u015bwi\u0119cona transgranicznej wsp\u00f3\u0142pracy w zakresie innowacji, w kt\u00f3rej udzia\u0142 wzi\u0119li Jaan Kokk (Superangel), Kati P\u00e4rn (Startup Estonia) i Mika Rantakokko (VTT Finland). Dyskusja podkre\u015bli\u0142a piln\u0105 potrzeb\u0119 regionalnej wsp\u00f3\u0142pracy w [...]<\/p><\/div><\/div><div class=\"fusion-clearfix\"><\/div><\/article>\n<\/div><div class=\"fusion-infinite-scroll-trigger\"><\/div><div class=\"pagination infinite-scroll clearfix\" style=\"display:none;\"><span class=\"current\">1<\/span><a href=\"https:\/\/balticwind.eu\/pl\/wp-json\/wp\/v2\/pages\/3085\/page\/2\/\" class=\"inactive\">2<\/a><a class=\"pagination-next\" rel=\"next\" href=\"https:\/\/balticwind.eu\/pl\/wp-json\/wp\/v2\/pages\/3085\/page\/2\/\"><span class=\"page-text\">Next<\/span><span class=\"page-next\"><\/span><\/a><\/div><div class=\"fusion-clearfix\"><\/div><button class=\"fusion-load-more-button fusion-blog-button fusion-clearfix\">Load More Posts<\/button><\/div><div class=\"fusion-separator\" style=\"align-self: center;margin-left: auto;margin-right: auto;margin-bottom:10px;width:100%;max-width:80%;\"><div class=\"fusion-separator-border sep-single sep-solid\" style=\"border-color:#1f2a3b;border-top-width:12px;\"><\/div><\/div><\/div><style type=\"text\/css\">.fusion-body .fusion-builder-nested-column-0{width:66.666666666667% !important;margin-top : 0px;margin-bottom : 20px;}.fusion-builder-nested-column-0 > .fusion-column-wrapper {padding-top : 0px !important;padding-right : 0px !important;margin-right : 2.88%;padding-bottom : 0px !important;padding-left : 0px !important;margin-left : 2.88%;}@media only screen and (max-width:1024px) {.fusion-body .fusion-builder-nested-column-0{width:100% !important;order : 0;}.fusion-builder-nested-column-0 > .fusion-column-wrapper {margin-right : 1.92%;margin-left : 1.92%;}}@media only screen and (max-width:640px) {.fusion-body .fusion-builder-nested-column-0{width:100% !important;order : 0;}.fusion-builder-nested-column-0 > .fusion-column-wrapper {margin-right : 1.92%;margin-left : 1.92%;}}<\/style><\/div><div class=\"fusion-layout-column fusion_builder_column_inner fusion-builder-nested-column-1 fusion_builder_column_inner_1_3 1_3 fusion-flex-column\"><div class=\"fusion-column-wrapper fusion-flex-justify-content-flex-start fusion-content-layout-column\" style=\"background-position:left top;background-repeat:no-repeat;-webkit-background-size:cover;-moz-background-size:cover;-o-background-size:cover;background-size:cover;padding: 0px 0px 0px 0px;\"><div class=\"fusion-separator fusion-full-width-sep\" style=\"align-self: center;margin-left: auto;margin-right: auto;margin-bottom:10px;width:100%;max-width:100%;\"><div class=\"fusion-separator-border sep-single sep-solid\" style=\"border-color:#1f2a3b;border-top-width:12px;\"><\/div><\/div><style type=\"text\/css\">@media only screen and (max-width:1024px) {.fusion-title.fusion-title-5{margin-top:20px!important; margin-right:0px!important;margin-bottom:20px!important;margin-left:0px!important;}}@media only screen and (max-width:640px) {.fusion-title.fusion-title-5{margin-top:0px!important; margin-right:0px!important;margin-bottom:20px!important; margin-left:0px!important;}}<\/style><div class=\"fusion-title title fusion-title-5 fusion-title-center fusion-title-text fusion-title-size-two\" style=\"margin-top:20px;margin-right:0px;margin-bottom:20px;margin-left:0px;\"><div class=\"title-sep-container title-sep-container-left\"><div class=\"title-sep sep-\" style=\"border-color:#eaeaea;\"><\/div><\/div><h2 class=\"title-heading-center fusion-responsive-typography-calculated\" style=\"margin:0;--fontSize:20;line-height:1.00;\">PARTNERZY STRATEGICZNI<\/h2><div class=\"title-sep-container title-sep-container-right\"><div class=\"title-sep sep-\" style=\"border-color:#eaeaea;\"><\/div><\/div><\/div><div style=\"text-align:center;\"><span class=\" fusion-imageframe imageframe-none imageframe-1 hover-type-none\" style=\"width:100%;max-width:43%;margin-top:0px;margin-bottom:20px;\"><a class=\"fusion-no-lightbox\" href=\"https:\/\/www.balticpower.pl\/\" target=\"_blank\" aria-label=\"Logo_Baltic_Power+ORLEN+NP_NEW_rgb_mono-01\" rel=\"noopener noreferrer\"><img decoding=\"async\" width=\"396\" height=\"432\" src=\"https:\/\/balticwind.eu\/wp-content\/uploads\/2023\/01\/Logo_Baltic_PowerORLENNP_NEW_rgb_mono-01.svg\" class=\"img-responsive wp-image-22344\"\/><\/a><\/span><\/div><div style=\"text-align:center;\"><span class=\" fusion-imageframe imageframe-none imageframe-2 hover-type-none\" style=\"width:100%;max-width:43%;margin-top:0px;margin-bottom:20px;\"><a class=\"fusion-no-lightbox\" href=\"https:\/\/neptun.orlen.pl\/pl\" target=\"_blank\" aria-label=\"ORLEN Neptun LOGO RGB\" rel=\"noopener noreferrer\"><img decoding=\"async\" width=\"1814\" height=\"702\" src=\"https:\/\/balticwind.eu\/wp-content\/uploads\/2023\/04\/ORLEN-Neptun-LOGO-RGB.png\" class=\"img-responsive wp-image-25362\" srcset=\"https:\/\/balticwind.eu\/wp-content\/uploads\/2023\/04\/ORLEN-Neptun-LOGO-RGB-200x77.png 200w, https:\/\/balticwind.eu\/wp-content\/uploads\/2023\/04\/ORLEN-Neptun-LOGO-RGB-400x155.png 400w, https:\/\/balticwind.eu\/wp-content\/uploads\/2023\/04\/ORLEN-Neptun-LOGO-RGB-600x232.png 600w, https:\/\/balticwind.eu\/wp-content\/uploads\/2023\/04\/ORLEN-Neptun-LOGO-RGB-800x310.png 800w, https:\/\/balticwind.eu\/wp-content\/uploads\/2023\/04\/ORLEN-Neptun-LOGO-RGB-1200x464.png 1200w, https:\/\/balticwind.eu\/wp-content\/uploads\/2023\/04\/ORLEN-Neptun-LOGO-RGB.png 1814w\" sizes=\"(max-width: 1024px) 100vw, (max-width: 640px) 100vw, 400px\" \/><\/a><\/span><\/div><div style=\"text-align:center;\"><span class=\" fusion-imageframe imageframe-none imageframe-3 hover-type-none\" style=\"width:100%;max-width:43%;margin-top:0px;margin-bottom:20px;\"><a class=\"fusion-no-lightbox\" href=\"https:\/\/pgebaltica.pl\/\" target=\"_blank\" aria-label=\"logo-PGE-BALTICA-pion-RGB\" rel=\"noopener noreferrer\"><img decoding=\"async\" width=\"777\" height=\"574\" src=\"https:\/\/balticwind.eu\/wp-content\/uploads\/2025\/02\/logo-PGE-BALTICA-pion-RGB.jpg\" class=\"img-responsive wp-image-41781\" srcset=\"https:\/\/balticwind.eu\/wp-content\/uploads\/2025\/02\/logo-PGE-BALTICA-pion-RGB-200x148.jpg 200w, https:\/\/balticwind.eu\/wp-content\/uploads\/2025\/02\/logo-PGE-BALTICA-pion-RGB-400x295.jpg 400w, https:\/\/balticwind.eu\/wp-content\/uploads\/2025\/02\/logo-PGE-BALTICA-pion-RGB-600x443.jpg 600w, https:\/\/balticwind.eu\/wp-content\/uploads\/2025\/02\/logo-PGE-BALTICA-pion-RGB.jpg 777w\" sizes=\"(max-width: 1024px) 100vw, (max-width: 640px) 100vw, 400px\" \/><\/a><\/span><\/div><div class=\"fusion-separator\" style=\"align-self: center;margin-left: auto;margin-right: auto;margin-bottom:10px;width:100%;max-width:80%;\"><\/div><div style=\"text-align:center;\"><span class=\" fusion-imageframe imageframe-none imageframe-4 hover-type-none\"><a class=\"fusion-no-lightbox\" href=\"https:\/\/balticwind.eu\/pl\/reklama\/\" target=\"_self\" aria-label=\"Bw Baner Pl 300&#215;1050\"><img decoding=\"async\" width=\"300\" height=\"1050\" src=\"https:\/\/balticwind.eu\/wp-content\/uploads\/2021\/07\/Bw-Baner-Pl-300x1050-1.png\" class=\"img-responsive wp-image-4788\" srcset=\"https:\/\/balticwind.eu\/wp-content\/uploads\/2021\/07\/Bw-Baner-Pl-300x1050-1-200x700.png 200w, https:\/\/balticwind.eu\/wp-content\/uploads\/2021\/07\/Bw-Baner-Pl-300x1050-1.png 300w\" sizes=\"(max-width: 1024px) 100vw, (max-width: 640px) 100vw, 300px\" \/><\/a><\/span><\/div><\/div><style type=\"text\/css\">.fusion-body .fusion-builder-nested-column-1{width:33.333333333333% !important;margin-top : 0px;margin-bottom : 20px;}.fusion-builder-nested-column-1 > .fusion-column-wrapper {padding-top : 0px !important;padding-right : 0px !important;margin-right : 5.76%;padding-bottom : 0px !important;padding-left : 0px !important;margin-left : 5.76%;}@media only screen and (max-width:1024px) {.fusion-body .fusion-builder-nested-column-1{width:100% !important;order : 0;}.fusion-builder-nested-column-1 > .fusion-column-wrapper {margin-right : 1.92%;margin-left : 1.92%;}}@media only screen and (max-width:640px) {.fusion-body .fusion-builder-nested-column-1{width:100% !important;order : 0;}.fusion-builder-nested-column-1 > .fusion-column-wrapper {margin-right : 1.92%;margin-left : 1.92%;}}<\/style><\/div><\/div><\/div><style type=\"text\/css\">.fusion-body .fusion-builder-column-5{width:100% !important;margin-top : 0px;margin-bottom : 20px;}.fusion-builder-column-5 > .fusion-column-wrapper {padding-top : 0px !important;padding-right : 0px !important;margin-right : 1.92%;padding-bottom : 0px !important;padding-left : 0px !important;margin-left : 1.92%;}@media only screen and (max-width:1024px) {.fusion-body .fusion-builder-column-5{width:100% !important;order : 0;}.fusion-builder-column-5 > .fusion-column-wrapper {margin-right : 1.92%;margin-left : 1.92%;}}@media only screen and (max-width:640px) {.fusion-body .fusion-builder-column-5{width:100% !important;order : 0;}.fusion-builder-column-5 > .fusion-column-wrapper {margin-right : 1.92%;margin-left : 1.92%;}}<\/style><\/div><\/div><style type=\"text\/css\">.fusion-body .fusion-flex-container.fusion-builder-row-6{ padding-top : 5px;margin-top : 0px;padding-right : 0px;padding-bottom : 0px;margin-bottom : 0px;padding-left : 0px;}<\/style><\/div><div class=\"fusion-fullwidth fullwidth-box fusion-builder-row-7 fusion-flex-container nonhundred-percent-fullwidth non-hundred-percent-height-scrolling fusion-no-large-visibility\" style=\"background-color: rgba(255,255,255,0);background-position: center center;background-repeat: no-repeat;border-width: 0px 0px 0px 0px;border-color:#eaeaea;border-style:solid;\" ><div class=\"fusion-builder-row fusion-row fusion-flex-align-items-flex-start fusion-flex-align-content-space-evenly\" style=\"max-width:1289.6px;margin-left: calc(-4% \/ 2 );margin-right: calc(-4% \/ 2 );\"><div class=\"fusion-layout-column fusion_builder_column fusion-builder-column-6 fusion_builder_column_1_1 1_1 fusion-flex-column fusion-flex-align-self-center\"><div class=\"fusion-column-wrapper fusion-flex-justify-content-center fusion-content-layout-column\" style=\"background-position:left top;background-repeat:no-repeat;-webkit-background-size:cover;-moz-background-size:cover;-o-background-size:cover;background-size:cover;padding: 20px 0px 50px 0px;\"><div class=\"fusion-separator fusion-full-width-sep\" style=\"align-self: center;margin-left: auto;margin-right: auto;margin-bottom:10px;width:100%;max-width:100%;\"><div class=\"fusion-separator-border sep-single sep-solid\" style=\"border-color:#1f2a3b;border-top-width:12px;\"><\/div><\/div><style type=\"text\/css\">@media only screen and (max-width:1024px) {.fusion-title.fusion-title-6{margin-top:20px!important; margin-right:0px!important;margin-bottom:20px!important;margin-left:0px!important;}}@media only screen and (max-width:640px) {.fusion-title.fusion-title-6{margin-top:0px!important; margin-right:0px!important;margin-bottom:20px!important; margin-left:0px!important;}}<\/style><div class=\"fusion-title title fusion-title-6 fusion-title-center fusion-title-text fusion-title-size-four\" style=\"margin-top:20px;margin-right:0px;margin-bottom:20px;margin-left:0px;\"><div class=\"title-sep-container title-sep-container-left\"><div class=\"title-sep sep-\" style=\"border-color:#eaeaea;\"><\/div><\/div><h4 class=\"title-heading-center fusion-responsive-typography-calculated\" style=\"margin:0;--fontSize:18;line-height:1.0;\">PARTNERZY STRATEGICZNI<\/h4><div class=\"title-sep-container title-sep-container-right\"><div class=\"title-sep sep-\" style=\"border-color:#eaeaea;\"><\/div><\/div><\/div><div class=\"fusion-separator\" style=\"align-self: center;margin-left: auto;margin-right: auto;margin-bottom:10px;width:100%;max-width:80%;\"><\/div><div style=\"text-align:center;\"><span class=\" fusion-imageframe imageframe-none imageframe-5 hover-type-none\" style=\"width:100%;max-width:43%;margin-top:0px;margin-bottom:20px;\"><a class=\"fusion-no-lightbox\" href=\"https:\/\/www.balticpower.pl\" target=\"_blank\" aria-label=\"Logo_Baltic_Power+ORLEN+NP_NEW_rgb_mono-01\" rel=\"noopener noreferrer\"><img decoding=\"async\" width=\"396\" height=\"432\" src=\"https:\/\/balticwind.eu\/wp-content\/uploads\/2023\/01\/Logo_Baltic_PowerORLENNP_NEW_rgb_mono-01.svg\" class=\"img-responsive wp-image-22344\"\/><\/a><\/span><\/div><div style=\"text-align:center;\"><span class=\" fusion-imageframe imageframe-none imageframe-6 hover-type-none\" style=\"width:100%;max-width:43%;margin-top:0px;margin-bottom:20px;\"><a class=\"fusion-no-lightbox\" href=\"https:\/\/neptun.orlen.pl\/pl\" target=\"_blank\" aria-label=\"ORLEN Neptun LOGO RGB\" rel=\"noopener noreferrer\"><img decoding=\"async\" width=\"1814\" height=\"702\" src=\"https:\/\/balticwind.eu\/wp-content\/uploads\/2023\/04\/ORLEN-Neptun-LOGO-RGB.png\" class=\"img-responsive wp-image-25362\" srcset=\"https:\/\/balticwind.eu\/wp-content\/uploads\/2023\/04\/ORLEN-Neptun-LOGO-RGB-200x77.png 200w, https:\/\/balticwind.eu\/wp-content\/uploads\/2023\/04\/ORLEN-Neptun-LOGO-RGB-400x155.png 400w, https:\/\/balticwind.eu\/wp-content\/uploads\/2023\/04\/ORLEN-Neptun-LOGO-RGB-600x232.png 600w, https:\/\/balticwind.eu\/wp-content\/uploads\/2023\/04\/ORLEN-Neptun-LOGO-RGB-800x310.png 800w, https:\/\/balticwind.eu\/wp-content\/uploads\/2023\/04\/ORLEN-Neptun-LOGO-RGB-1200x464.png 1200w, https:\/\/balticwind.eu\/wp-content\/uploads\/2023\/04\/ORLEN-Neptun-LOGO-RGB.png 1814w\" sizes=\"(max-width: 1024px) 100vw, (max-width: 640px) 100vw, 1814px\" \/><\/a><\/span><\/div><div style=\"text-align:center;\"><span class=\" fusion-imageframe imageframe-none imageframe-7 hover-type-none\" style=\"width:100%;max-width:43%;margin-top:0px;margin-bottom:20px;\"><a class=\"fusion-no-lightbox\" href=\"https:\/\/pgebaltica.pl\/\" target=\"_blank\" aria-label=\"logo-PGE-BALTICA-pion-RGB\" rel=\"noopener noreferrer\"><img decoding=\"async\" width=\"777\" height=\"574\" src=\"https:\/\/balticwind.eu\/wp-content\/uploads\/2025\/02\/logo-PGE-BALTICA-pion-RGB.jpg\" class=\"img-responsive wp-image-41781\" srcset=\"https:\/\/balticwind.eu\/wp-content\/uploads\/2025\/02\/logo-PGE-BALTICA-pion-RGB-200x148.jpg 200w, https:\/\/balticwind.eu\/wp-content\/uploads\/2025\/02\/logo-PGE-BALTICA-pion-RGB-400x295.jpg 400w, https:\/\/balticwind.eu\/wp-content\/uploads\/2025\/02\/logo-PGE-BALTICA-pion-RGB-600x443.jpg 600w, https:\/\/balticwind.eu\/wp-content\/uploads\/2025\/02\/logo-PGE-BALTICA-pion-RGB.jpg 777w\" sizes=\"(max-width: 1024px) 100vw, (max-width: 640px) 100vw, 777px\" \/><\/a><\/span><\/div><\/div><style type=\"text\/css\">.fusion-body .fusion-builder-column-6{width:100% !important;margin-top : 0px;margin-bottom : 20px;}.fusion-builder-column-6 > .fusion-column-wrapper {padding-top : 20px !important;padding-right : 0px !important;margin-right : 1.92%;padding-bottom : 50px !important;padding-left : 0px !important;margin-left : 1.92%;}@media only screen and (max-width:1024px) {.fusion-body .fusion-builder-column-6{width:100% !important;order : 0;}.fusion-builder-column-6 > .fusion-column-wrapper {margin-right : 1.92%;margin-left : 1.92%;}}@media only screen and (max-width:640px) {.fusion-body .fusion-builder-column-6{width:100% !important;order : 0;}.fusion-builder-column-6 > .fusion-column-wrapper {margin-right : 1.92%;margin-left : 1.92%;}}<\/style><\/div><\/div><style type=\"text\/css\">.fusion-body .fusion-flex-container.fusion-builder-row-7{ padding-top : 0px;margin-top : 0px;padding-right : 0px;padding-bottom : 0px;margin-bottom : 0px;padding-left : 0px;}<\/style><\/div><div class=\"fusion-fullwidth fullwidth-box fusion-builder-row-8 fusion-flex-container nonhundred-percent-fullwidth non-hundred-percent-height-scrolling\" style=\"background-color: #d1ebfb;background-position: left top;background-repeat: no-repeat;border-width: 0px 0px 0px 0px;border-color:#eaeaea;border-style:solid;\" ><div class=\"fusion-builder-row fusion-row fusion-flex-align-items-flex-start\" style=\"max-width:1289.6px;margin-left: calc(-4% \/ 2 );margin-right: calc(-4% \/ 2 );\"><div class=\"fusion-layout-column fusion_builder_column fusion-builder-column-7 fusion_builder_column_1_6 1_6 fusion-flex-column fusion-no-small-visibility\"><div class=\"fusion-column-wrapper fusion-flex-justify-content-flex-start fusion-content-layout-column\" style=\"background-position:left top;background-repeat:no-repeat;-webkit-background-size:cover;-moz-background-size:cover;-o-background-size:cover;background-size:cover;padding: 0px 0px 0px 0px;\"><\/div><style type=\"text\/css\">.fusion-body .fusion-builder-column-7{width:16.666666666667% !important;margin-top : 0px;margin-bottom : 20px;}.fusion-builder-column-7 > .fusion-column-wrapper {padding-top : 0px !important;padding-right : 0px !important;margin-right : 11.52%;padding-bottom : 0px !important;padding-left : 0px !important;margin-left : 11.52%;}@media only screen and (max-width:1024px) {.fusion-body .fusion-builder-column-7{width:100% !important;}.fusion-builder-column-7 > .fusion-column-wrapper {margin-right : 1.92%;margin-left : 1.92%;}}@media only screen and (max-width:640px) {.fusion-body .fusion-builder-column-7{width:100% !important;}.fusion-builder-column-7 > .fusion-column-wrapper {margin-right : 1.92%;margin-left : 1.92%;}}<\/style><\/div><div class=\"fusion-layout-column fusion_builder_column fusion-builder-column-8 fusion_builder_column_2_3 2_3 fusion-flex-column\"><div class=\"fusion-column-wrapper fusion-flex-justify-content-flex-start fusion-content-layout-column\" style=\"background-position:left top;background-repeat:no-repeat;-webkit-background-size:cover;-moz-background-size:cover;-o-background-size:cover;background-size:cover;padding: 0px 0px 0px 0px;\"><style type=\"text\/css\">@media only screen and (max-width:1024px) {.fusion-title.fusion-title-7{margin-top:20px!important; margin-right:0px!important;margin-bottom:20px!important;margin-left:0px!important;}}@media only screen and (max-width:640px) {.fusion-title.fusion-title-7{margin-top:0px!important; margin-right:0px!important;margin-bottom:20px!important; margin-left:0px!important;}}<\/style><div class=\"fusion-title title fusion-title-7 fusion-title-center fusion-title-text fusion-title-size-three\" style=\"font-size:30px;margin-top:20px;margin-right:0px;margin-bottom:20px;margin-left:0px;\"><div class=\"title-sep-container title-sep-container-left\"><div class=\"title-sep sep-\" style=\"border-color:#eaeaea;\"><\/div><\/div><h3 class=\"title-heading-center fusion-responsive-typography-calculated\" style=\"font-family:&quot;Fira Sans&quot;;font-weight:400;margin:0;font-size:1em;--fontSize:30;line-height:1.33;\">Zapisz si\u0119 do naszego Newslettera<\/h3><div class=\"title-sep-container title-sep-container-right\"><div class=\"title-sep sep-\" style=\"border-color:#eaeaea;\"><\/div><\/div><\/div><style>.fusion-form-932 .fusion-form-tooltip .fusion-form-tooltip-content{color:#ffffff !important;background-color:#333333 !important;border-color:#333333 !important;}<\/style><div class=\"fusion-form fusion-form-builder fusion-form-form-wrapper fusion-form-932\" data-form-id=\"932\"><form action=\"https:\/\/balticwind.eu\/pl\/innowacje-transgraniczne-budowanie-silniejszego-ekosystemu-obronnego-w-regionie-skandynawsko-baltyckim\/\" method=\"get\" class=\"fusion-form fusion-form-932\"><div class=\"fusion-fullwidth fullwidth-box fusion-builder-row-8-1 fusion-flex-container nonhundred-percent-fullwidth non-hundred-percent-height-scrolling\" style=\"background-color: rgba(255,255,255,0);background-position: center center;background-repeat: no-repeat;border-width: 0px 0px 0px 0px;border-color:#eaeaea;border-style:solid;\" ><div class=\"fusion-builder-row fusion-row fusion-flex-align-items-center\" style=\"width:104% !important;max-width:104% !important;margin-left: calc(-4% \/ 2 );margin-right: calc(-4% \/ 2 );\"><div class=\"fusion-layout-column fusion_builder_column fusion-builder-column-9 fusion_builder_column_2_3 2_3 fusion-flex-column\"><div class=\"fusion-column-wrapper fusion-flex-justify-content-flex-start fusion-content-layout-column\" style=\"background-position:left top;background-repeat:no-repeat;-webkit-background-size:cover;-moz-background-size:cover;-o-background-size:cover;background-size:cover;padding: 0px 0px 0px 0px;\"><div class=\"fusion-form-field fusion-form-email-field fusion-form-label-above\" data-form-id=\"932\"><input type=\"email\" name=\"email\" id=\"email\" value=\"\"  class=\"fusion-form-input\" required=\"true\" aria-required=\"true\" placeholder=\"Wprowad\u017a sw\u00f3j e-mail*\" data-holds-private-data=\"false\"\/><\/div><\/div><style type=\"text\/css\">.fusion-body .fusion-builder-column-9{width:66.666666666667% !important;margin-top : 0px;margin-bottom : 0px;}.fusion-builder-column-9 > .fusion-column-wrapper {padding-top : 0px !important;padding-right : 0px !important;margin-right : 2.88%;padding-bottom : 0px !important;padding-left : 0px !important;margin-left : 2.88%;}@media only screen and (max-width:1024px) {.fusion-body .fusion-builder-column-9{width:100% !important;order : 0;}.fusion-builder-column-9 > .fusion-column-wrapper {margin-right : 1.92%;margin-left : 1.92%;}}@media only screen and (max-width:640px) {.fusion-body .fusion-builder-column-9{width:100% !important;order : 0;}.fusion-builder-column-9 > .fusion-column-wrapper {margin-right : 1.92%;margin-left : 1.92%;}}<\/style><\/div><div class=\"fusion-layout-column fusion_builder_column fusion-builder-column-10 fusion_builder_column_1_3 1_3 fusion-flex-column\"><div class=\"fusion-column-wrapper fusion-flex-justify-content-flex-start fusion-content-layout-column\" style=\"background-position:left top;background-repeat:no-repeat;-webkit-background-size:cover;-moz-background-size:cover;-o-background-size:cover;background-size:cover;padding: 0px 0px 0px 0px;\"><div class=\"fusion-form-field fusion-form-submit-field fusion-form-label-above\" data-form-id=\"932\"><input type=\"hidden\" value=\"krzysztof.bulski@balticwind.eu\" name=\"fusion_form_email\" \/><input type=\"hidden\" value=\"Baltic Wind\" name=\"fusion_form_email_from\" \/><input type=\"hidden\" value=\"wordpress@balticwind.eu\" name=\"fusion_form_email_from_id\" \/><input type=\"hidden\" value=\"Newsletter Form\" name=\"fusion_form_email_subject\" \/><input type=\"hidden\" value=\"0\" name=\"fusion_form_email_subject_encode\" \/><div ><style type=\"text\/css\">.fusion-button.button-1 {border-radius:2px;}<\/style><button type=\"submit\" class=\"fusion-button button-flat button-xlarge button-default button-1 fusion-button-span-yes  form-form-submit button-default\" data-form-number=\"932\" tabindex=\"\"><span class=\"fusion-button-text\">WY\u015aLIJ<\/span><\/button><\/div><\/div><\/div><style type=\"text\/css\">.fusion-body .fusion-builder-column-10{width:33.333333333333% !important;margin-top : 0px;margin-bottom : 0px;}.fusion-builder-column-10 > .fusion-column-wrapper {padding-top : 0px !important;padding-right : 0px !important;margin-right : 5.76%;padding-bottom : 0px !important;padding-left : 0px !important;margin-left : 5.76%;}@media only screen and (max-width:1024px) {.fusion-body .fusion-builder-column-10{width:100% !important;order : 0;}.fusion-builder-column-10 > .fusion-column-wrapper {margin-right : 1.92%;margin-left : 1.92%;}}@media only screen and (max-width:640px) {.fusion-body .fusion-builder-column-10{width:100% !important;order : 0;}.fusion-builder-column-10 > .fusion-column-wrapper {margin-right : 1.92%;margin-left : 1.92%;}}<\/style><\/div><div class=\"fusion-layout-column fusion_builder_column fusion-builder-column-11 fusion_builder_column_1_1 1_1 fusion-flex-column\"><div class=\"fusion-column-wrapper fusion-flex-justify-content-flex-start fusion-content-layout-column\" style=\"background-position:left top;background-repeat:no-repeat;-webkit-background-size:cover;-moz-background-size:cover;-o-background-size:cover;background-size:cover;padding: 0px 0px 0px 0px;\"><div class=\"form-submission-notices\" id=\"fusion-notices-1\"><div class=\"fusion-alert alert success alert-success fusion-alert-center fusion-form-response fusion-form-response-success fusion-alert-capitalize alert-dismissable\" style=\"background-color:#dff0d8;color:rgba(92,163,64,1);border-color:rgba(92,163,64,1);border-width:1px;\"><button type=\"button\" class=\"close toggle-alert\" data-dismiss=\"alert\" aria-hidden=\"true\">&times;<\/button><div class=\"fusion-alert-content-wrapper\"><span class=\"alert-icon\"><i class=\"fa-lg fa fa-check-circle\" aria-hidden=\"true\"><\/i><\/span><span class=\"fusion-alert-content\">Dzi\u0119kujemy za wys\u0142anie wiadomo\u015bci.<\/span><\/div><\/div><div class=\"fusion-alert alert error alert-danger fusion-alert-center fusion-form-response fusion-form-response-error fusion-alert-capitalize alert-dismissable\" style=\"background-color:#f2dede;color:rgba(166,66,66,1);border-color:rgba(166,66,66,1);border-width:1px;\"><button type=\"button\" class=\"close toggle-alert\" data-dismiss=\"alert\" aria-hidden=\"true\">&times;<\/button><div class=\"fusion-alert-content-wrapper\"><span class=\"alert-icon\"><i class=\"fa-lg fa fa-exclamation-triangle\" aria-hidden=\"true\"><\/i><\/span><span class=\"fusion-alert-content\">Wyst\u0105pi\u0142 b\u0142\u0105d, spr\u00f3buj ponownie.<\/span><\/div><\/div><\/div><\/div><style type=\"text\/css\">.fusion-body .fusion-builder-column-11{width:100% !important;margin-top : 20px;margin-bottom : 0px;}.fusion-builder-column-11 > .fusion-column-wrapper {padding-top : 0px !important;padding-right : 0px !important;margin-right : 1.92%;padding-bottom : 0px !important;padding-left : 0px !important;margin-left : 1.92%;}@media only screen and (max-width:1024px) {.fusion-body .fusion-builder-column-11{width:100% !important;order : 0;}.fusion-builder-column-11 > .fusion-column-wrapper {margin-right : 1.92%;margin-left : 1.92%;}}@media only screen and (max-width:640px) {.fusion-body .fusion-builder-column-11{width:100% !important;order : 0;}.fusion-builder-column-11 > .fusion-column-wrapper {margin-right : 1.92%;margin-left : 1.92%;}}<\/style><\/div><\/div><style type=\"text\/css\">.fusion-body .fusion-flex-container.fusion-builder-row-8-1{ padding-top : 0px;margin-top : 0;padding-right : 0px;padding-bottom : 0px;margin-bottom : 0;padding-left : 0px;}<\/style><\/div><input type=\"hidden\" name=\"fusion_privacy_store_ip_ua\" value=\"false\"><input type=\"hidden\" name=\"fusion_privacy_expiration_interval\" value=\"48\"><input type=\"hidden\" name=\"privacy_expiration_action\" value=\"anonymize\"><\/form><\/div><script>var formCreatorConfig_932 = {\"form_id\":\"932\",\"form_post_id\":932,\"post_id\":45367,\"form_type\":\"database_email\",\"confirmation_type\":\"message\",\"redirect_url\":\"\",\"field_labels\":{\"email\":\"\"},\"field_logics\":{\"email\":\"\"}};<\/script><\/div><style type=\"text\/css\">.fusion-body .fusion-builder-column-8{width:66.666666666667% !important;margin-top : 0px;margin-bottom : 20px;}.fusion-builder-column-8 > .fusion-column-wrapper {padding-top : 0px !important;padding-right : 0px !important;margin-right : 2.88%;padding-bottom : 0px !important;padding-left : 0px !important;margin-left : 2.88%;}@media only screen and (max-width:1024px) {.fusion-body .fusion-builder-column-8{width:100% !important;margin-bottom : 0px;}.fusion-builder-column-8 > .fusion-column-wrapper {margin-right : 1.92%;margin-left : 1.92%;}}@media only screen and (max-width:640px) {.fusion-body .fusion-builder-column-8{width:100% !important;margin-bottom : 0px;}.fusion-builder-column-8 > .fusion-column-wrapper {margin-right : 1.92%;margin-left : 1.92%;}}<\/style><\/div><div class=\"fusion-layout-column fusion_builder_column fusion-builder-column-12 fusion_builder_column_1_6 1_6 fusion-flex-column fusion-no-small-visibility\"><div class=\"fusion-column-wrapper fusion-flex-justify-content-flex-start fusion-content-layout-column\" style=\"background-position:left top;background-repeat:no-repeat;-webkit-background-size:cover;-moz-background-size:cover;-o-background-size:cover;background-size:cover;padding: 0px 0px 0px 0px;\"><\/div><style type=\"text\/css\">.fusion-body .fusion-builder-column-12{width:16.666666666667% !important;margin-top : 0px;margin-bottom : 20px;}.fusion-builder-column-12 > .fusion-column-wrapper {padding-top : 0px !important;padding-right : 0px !important;margin-right : 11.52%;padding-bottom : 0px !important;padding-left : 0px !important;margin-left : 11.52%;}@media only screen and (max-width:1024px) {.fusion-body .fusion-builder-column-12{width:100% !important;}.fusion-builder-column-12 > .fusion-column-wrapper {margin-right : 1.92%;margin-left : 1.92%;}}@media only screen and (max-width:640px) {.fusion-body .fusion-builder-column-12{width:100% !important;}.fusion-builder-column-12 > .fusion-column-wrapper {margin-right : 1.92%;margin-left : 1.92%;}}<\/style><\/div><\/div><style type=\"text\/css\">.fusion-body .fusion-flex-container.fusion-builder-row-8{ padding-top : 80px;margin-top : 0px;padding-right : 0px;padding-bottom : 55px;margin-bottom : 0px;padding-left : 0px;}<\/style><\/div><div id=\"biznes\"><div class=\"fusion-fullwidth fullwidth-box fusion-builder-row-9 fusion-flex-container nonhundred-percent-fullwidth non-hundred-percent-height-scrolling fusion-no-small-visibility fusion-no-medium-visibility\" style=\"background-color: rgba(255,255,255,0);background-position: center center;background-repeat: no-repeat;border-width: 0px 0px 0px 0px;border-color:#eaeaea;border-style:solid;\" ><div class=\"fusion-builder-row fusion-row fusion-flex-align-items-flex-start\" style=\"max-width:1289.6px;margin-left: calc(-4% \/ 2 );margin-right: calc(-4% \/ 2 );\"><div class=\"fusion-layout-column fusion_builder_column fusion-builder-column-13 fusion_builder_column_1_3 1_3 fusion-flex-column\"><div class=\"fusion-column-wrapper fusion-flex-justify-content-flex-start fusion-content-layout-column\" style=\"background-position:left top;background-repeat:no-repeat;-webkit-background-size:cover;-moz-background-size:cover;-o-background-size:cover;background-size:cover;padding: 0px 0px 0px 0px;\"><div class=\"fusion-separator fusion-full-width-sep\" style=\"align-self: center;margin-left: auto;margin-right: auto;margin-bottom:10px;width:100%;max-width:100%;\"><div class=\"fusion-separator-border sep-single sep-solid\" style=\"border-color:#1f2a3b;border-top-width:12px;\"><\/div><\/div><style type=\"text\/css\">@media only screen and (max-width:1024px) {.fusion-title.fusion-title-8{margin-top:-15px!important; margin-right:5px!important;margin-bottom:20px!important;margin-left:-5px!important;}}@media only screen and (max-width:640px) {.fusion-title.fusion-title-8{margin-top:0px!important; margin-right:0px!important;margin-bottom:20px!important; margin-left:0px!important;}}<\/style><div class=\"fusion-title title fusion-title-8 fusion-title-text fusion-title-size-five\" style=\"margin-top:-15px;margin-right:5px;margin-bottom:20px;margin-left:-5px;\"><div class=\"title-sep-container title-sep-container-left fusion-no-large-visibility fusion-no-medium-visibility fusion-no-small-visibility\"><div class=\"title-sep sep-\" style=\"border-color:#eaeaea;\"><\/div><\/div><h5 class=\"title-heading-left fusion-responsive-typography-calculated\" style=\"margin:0;--fontSize:17;line-height:1.76;\"><h5 style=\"text-align: left;\">NIEMCY<\/h5><\/h5><div class=\"title-sep-container title-sep-container-right\"><div class=\"title-sep sep-\" style=\"border-color:#eaeaea;\"><\/div><\/div><\/div><div class=\"fusion-recent-posts fusion-recent-posts-2 avada-container layout-thumbnails-on-side layout-columns-1\"><section class=\"fusion-columns columns fusion-columns-1 columns-1\"><article class=\"post fusion-column column col col-lg-12 col-md-12 col-sm-12\"><div class=\"fusion-flexslider fusion-flexslider-loading flexslider floated-slideshow flexslider-hover-type-zoomout\"><ul class=\"slides\"><li><a href=\"https:\/\/balticwind.eu\/pl\/pieciu-europejskich-operatorow-systemow-przesylowych-rozwaza-wspolprace-w-zakresie-infrastruktury-kabli-morskich-na-morzu-polnocnym\/\" aria-label=\"Pi\u0119ciu europejskich operator\u00f3w system\u00f3w przesy\u0142owych rozwa\u017ca wsp\u00f3\u0142prac\u0119 w zakresie infrastruktury kabli morskich na Morzu P\u00f3\u0142nocnym\" class=\"hover-type-zoomout\"><img width=\"177\" height=\"142\" src=\"https:\/\/balticwind.eu\/wp-content\/uploads\/2024\/07\/sterling-lanier-g_g6JLB9GjM-unsplash-177x142.jpg\" class=\"attachment-portfolio-five size-portfolio-five\" alt=\"\" decoding=\"async\" \/><\/a><\/li><\/ul><\/div><div class=\"recent-posts-content\"><span class=\"vcard\" style=\"display: none;\"><span class=\"fn\"><a href=\"https:\/\/balticwind.eu\/pl\/author\/maja-moshotmail-com\/\" title=\"Wpisy od Maja Moskal\" rel=\"author\">Maja Moskal<\/a><\/span><\/span><span class=\"updated\" style=\"display:none;\">2026-04-24T17:53:37+02:00<\/span><h4 class=\"entry-title\"><a style=\"color: #1f2a3b !important;\" href=\"https:\/\/balticwind.eu\/pl\/pieciu-europejskich-operatorow-systemow-przesylowych-rozwaza-wspolprace-w-zakresie-infrastruktury-kabli-morskich-na-morzu-polnocnym\/\">Pi\u0119ciu europejskich operator\u00f3w system\u00f3w przesy\u0142owych rozwa\u017ca wsp\u00f3\u0142prac\u0119 w zakresie infrastruktury kabli morskich na Morzu P\u00f3\u0142nocnym<\/a><\/h4><p class=\"meta\"><span class=\"vcard\" style=\"display: none;\"><span class=\"fn\"><a href=\"https:\/\/balticwind.eu\/pl\/author\/maja-moshotmail-com\/\" title=\"Wpisy od Maja Moskal\" rel=\"author\">Maja Moskal<\/a><\/span><\/span><span class=\"updated\" style=\"display:none;\">2026-04-24T17:53:37+02:00<\/span><a href=\"https:\/\/balticwind.eu\/pl\/category\/dania\/\" rel=\"category tag\">DANIA<\/a>, <a href=\"https:\/\/balticwind.eu\/pl\/category\/niemcy\/\" rel=\"category tag\">NIEMCY<\/a>, <a href=\"https:\/\/balticwind.eu\/pl\/category\/energia-wiatrowa-offshore\/\" rel=\"category tag\">OFFSHORE<\/a>, <a href=\"https:\/\/balticwind.eu\/pl\/category\/energia-wiatrowa-onshore\/\" rel=\"category tag\">ONSHORE<\/a>, <a href=\"https:\/\/balticwind.eu\/pl\/category\/opinie\/\" rel=\"category tag\">OPINIE<\/a>, <a href=\"https:\/\/balticwind.eu\/pl\/category\/projekty\/\" rel=\"category tag\">PROJEKTY<\/a>, <a href=\"https:\/\/balticwind.eu\/pl\/category\/regulatory-pl\/\" rel=\"category tag\">REGULACJE<\/a><span class=\"fusion-inline-sep\">|<\/span><\/p><\/div><\/article><article class=\"post fusion-column column col col-lg-12 col-md-12 col-sm-12\"><div class=\"fusion-flexslider fusion-flexslider-loading flexslider floated-slideshow flexslider-hover-type-zoomout\"><ul class=\"slides\"><li><a href=\"https:\/\/balticwind.eu\/pl\/europa-potrzebuje-energii-wytwarzanej-na-wlasnym-terenie-na-duza-skale-a-morska-energetyka-wiatrowa-przygotowuje-sie-do-jej-dostarczenia\/\" aria-label=\"Europa potrzebuje energii wytwarzanej na w\u0142asnym terenie na du\u017c\u0105 skal\u0119, a morska energetyka wiatrowa przygotowuje si\u0119 do jej dostarczenia\" class=\"hover-type-zoomout\"><img width=\"177\" height=\"142\" src=\"https:\/\/balticwind.eu\/wp-content\/uploads\/2026\/04\/germany-offshore-wind-dawn-dusk-purple-pink-sky-1200x675-1-177x142.jpg\" class=\"attachment-portfolio-five size-portfolio-five\" alt=\"\" decoding=\"async\" \/><\/a><\/li><\/ul><\/div><div class=\"recent-posts-content\"><span class=\"vcard\" style=\"display: none;\"><span class=\"fn\"><a href=\"https:\/\/balticwind.eu\/pl\/author\/maja-moshotmail-com\/\" title=\"Wpisy od Maja Moskal\" rel=\"author\">Maja Moskal<\/a><\/span><\/span><span class=\"updated\" style=\"display:none;\">2026-04-24T16:08:04+02:00<\/span><h4 class=\"entry-title\"><a style=\"color: #1f2a3b !important;\" href=\"https:\/\/balticwind.eu\/pl\/europa-potrzebuje-energii-wytwarzanej-na-wlasnym-terenie-na-duza-skale-a-morska-energetyka-wiatrowa-przygotowuje-sie-do-jej-dostarczenia\/\">Europa potrzebuje energii wytwarzanej na w\u0142asnym terenie na du\u017c\u0105 skal\u0119, a morska energetyka wiatrowa przygotowuje si\u0119 do jej dostarczenia<\/a><\/h4><p class=\"meta\"><span class=\"vcard\" style=\"display: none;\"><span class=\"fn\"><a href=\"https:\/\/balticwind.eu\/pl\/author\/maja-moshotmail-com\/\" title=\"Wpisy od Maja Moskal\" rel=\"author\">Maja Moskal<\/a><\/span><\/span><span class=\"updated\" style=\"display:none;\">2026-04-24T16:08:04+02:00<\/span><a href=\"https:\/\/balticwind.eu\/pl\/category\/dania\/\" rel=\"category tag\">DANIA<\/a>, <a href=\"https:\/\/balticwind.eu\/pl\/category\/estonia-pl\/\" rel=\"category tag\">ESTONIA<\/a>, <a href=\"https:\/\/balticwind.eu\/pl\/category\/finlandia\/\" rel=\"category tag\">FINLANDIA<\/a>, <a href=\"https:\/\/balticwind.eu\/pl\/category\/litwa\/\" rel=\"category tag\">LITWA<\/a>, <a href=\"https:\/\/balticwind.eu\/pl\/category\/lotwa\/\" rel=\"category tag\">\u0141OTWA<\/a>, <a href=\"https:\/\/balticwind.eu\/pl\/category\/niemcy\/\" rel=\"category tag\">NIEMCY<\/a>, <a href=\"https:\/\/balticwind.eu\/pl\/category\/energia-wiatrowa-offshore\/\" rel=\"category tag\">OFFSHORE<\/a>, <a href=\"https:\/\/balticwind.eu\/pl\/category\/polska\/\" rel=\"category tag\">POLSKA<\/a>, <a href=\"https:\/\/balticwind.eu\/pl\/category\/regulatory-pl\/\" rel=\"category tag\">REGULACJE<\/a>, <a href=\"https:\/\/balticwind.eu\/pl\/category\/szwecja\/\" rel=\"category tag\">SZWECJA<\/a><span class=\"fusion-inline-sep\">|<\/span><\/p><\/div><\/article><article class=\"post fusion-column column col col-lg-12 col-md-12 col-sm-12\"><div class=\"fusion-flexslider fusion-flexslider-loading flexslider floated-slideshow flexslider-hover-type-zoomout\"><ul class=\"slides\"><li><a href=\"https:\/\/balticwind.eu\/pl\/baltyk-2-i-3-postepy-w-przygotowaniu-elementow-do-instalacji\/\" aria-label=\"Ba\u0142tyk 2 i 3: post\u0119py w przygotowaniu element\u00f3w do instalacji\u00a0\" class=\"hover-type-zoomout\"><img width=\"177\" height=\"142\" src=\"https:\/\/balticwind.eu\/wp-content\/uploads\/2026\/04\/Topside_B3_wyjazd-z-hali-2-177x142.jpg\" class=\"attachment-portfolio-five size-portfolio-five\" alt=\"\" decoding=\"async\" \/><\/a><\/li><\/ul><\/div><div class=\"recent-posts-content\"><span class=\"vcard\" style=\"display: none;\"><span class=\"fn\"><a href=\"https:\/\/balticwind.eu\/pl\/author\/maja-moshotmail-com\/\" title=\"Wpisy od Maja Moskal\" rel=\"author\">Maja Moskal<\/a><\/span><\/span><span class=\"updated\" style=\"display:none;\">2026-04-22T08:59:53+02:00<\/span><h4 class=\"entry-title\"><a style=\"color: #1f2a3b !important;\" href=\"https:\/\/balticwind.eu\/pl\/baltyk-2-i-3-postepy-w-przygotowaniu-elementow-do-instalacji\/\">Ba\u0142tyk 2 i 3: post\u0119py w przygotowaniu element\u00f3w do instalacji\u00a0<\/a><\/h4><p class=\"meta\"><span class=\"vcard\" style=\"display: none;\"><span class=\"fn\"><a href=\"https:\/\/balticwind.eu\/pl\/author\/maja-moshotmail-com\/\" title=\"Wpisy od Maja Moskal\" rel=\"author\">Maja Moskal<\/a><\/span><\/span><span class=\"updated\" style=\"display:none;\">2026-04-22T08:59:53+02:00<\/span><a href=\"https:\/\/balticwind.eu\/pl\/category\/niemcy\/\" rel=\"category tag\">NIEMCY<\/a>, <a href=\"https:\/\/balticwind.eu\/pl\/category\/energia-wiatrowa-offshore\/\" rel=\"category tag\">OFFSHORE<\/a>, <a href=\"https:\/\/balticwind.eu\/pl\/category\/polska\/\" rel=\"category tag\">POLSKA<\/a>, <a href=\"https:\/\/balticwind.eu\/pl\/category\/projekty\/\" rel=\"category tag\">PROJEKTY<\/a><span class=\"fusion-inline-sep\">|<\/span><\/p><\/div><\/article><\/section><\/div><\/div><style type=\"text\/css\">.fusion-body .fusion-builder-column-13{width:33.333333333333% !important;margin-top : 0px;margin-bottom : 20px;}.fusion-builder-column-13 > .fusion-column-wrapper {padding-top : 0px !important;padding-right : 0px !important;margin-right : 5.76%;padding-bottom : 0px !important;padding-left : 0px !important;margin-left : 5.76%;}@media only screen and (max-width:1024px) {.fusion-body .fusion-builder-column-13{width:100% !important;}.fusion-builder-column-13 > .fusion-column-wrapper {margin-right : 1.92%;margin-left : 1.92%;}}@media only screen and (max-width:640px) {.fusion-body .fusion-builder-column-13{width:100% !important;}.fusion-builder-column-13 > .fusion-column-wrapper {margin-right : 1.92%;margin-left : 1.92%;}}<\/style><\/div><div class=\"fusion-layout-column fusion_builder_column fusion-builder-column-14 fusion_builder_column_1_3 1_3 fusion-flex-column\"><div class=\"fusion-column-wrapper fusion-flex-justify-content-flex-start fusion-content-layout-column\" style=\"background-position:left top;background-repeat:no-repeat;-webkit-background-size:cover;-moz-background-size:cover;-o-background-size:cover;background-size:cover;padding: 0px 0px 0px 0px;\"><div class=\"fusion-separator fusion-full-width-sep\" style=\"align-self: center;margin-left: auto;margin-right: auto;margin-bottom:10px;width:100%;max-width:100%;\"><div class=\"fusion-separator-border sep-single sep-solid\" style=\"border-color:#1f2a3b;border-top-width:12px;\"><\/div><\/div><style type=\"text\/css\">@media only screen and (max-width:1024px) {.fusion-title.fusion-title-9{margin-top:-15px!important; margin-right:5px!important;margin-bottom:20px!important;margin-left:-5px!important;}}@media only screen and (max-width:640px) {.fusion-title.fusion-title-9{margin-top:0px!important; margin-right:0px!important;margin-bottom:20px!important; margin-left:0px!important;}}<\/style><div class=\"fusion-title title fusion-title-9 fusion-title-text fusion-title-size-five\" style=\"margin-top:-15px;margin-right:5px;margin-bottom:20px;margin-left:-5px;\"><div class=\"title-sep-container title-sep-container-left fusion-no-large-visibility fusion-no-medium-visibility fusion-no-small-visibility\"><div class=\"title-sep sep-\" style=\"border-color:#eaeaea;\"><\/div><\/div><h5 class=\"title-heading-left fusion-responsive-typography-calculated\" style=\"margin:0;--fontSize:17;line-height:1.76;\"><h5 style=\"text-align: left;\">DANIA<\/h5><\/h5><div class=\"title-sep-container title-sep-container-right\"><div class=\"title-sep sep-\" style=\"border-color:#eaeaea;\"><\/div><\/div><\/div><div class=\"fusion-recent-posts fusion-recent-posts-3 avada-container layout-thumbnails-on-side layout-columns-1\"><section class=\"fusion-columns columns fusion-columns-1 columns-1\"><article class=\"post fusion-column column col col-lg-12 col-md-12 col-sm-12\"><div class=\"fusion-flexslider fusion-flexslider-loading flexslider floated-slideshow flexslider-hover-type-zoomout\"><ul class=\"slides\"><li><a href=\"https:\/\/balticwind.eu\/pl\/pieciu-europejskich-operatorow-systemow-przesylowych-rozwaza-wspolprace-w-zakresie-infrastruktury-kabli-morskich-na-morzu-polnocnym\/\" aria-label=\"Pi\u0119ciu europejskich operator\u00f3w system\u00f3w przesy\u0142owych rozwa\u017ca wsp\u00f3\u0142prac\u0119 w zakresie infrastruktury kabli morskich na Morzu P\u00f3\u0142nocnym\" class=\"hover-type-zoomout\"><img width=\"177\" height=\"142\" src=\"https:\/\/balticwind.eu\/wp-content\/uploads\/2024\/07\/sterling-lanier-g_g6JLB9GjM-unsplash-177x142.jpg\" class=\"attachment-portfolio-five size-portfolio-five\" alt=\"\" decoding=\"async\" \/><\/a><\/li><\/ul><\/div><div class=\"recent-posts-content\"><span class=\"vcard\" style=\"display: none;\"><span class=\"fn\"><a href=\"https:\/\/balticwind.eu\/pl\/author\/maja-moshotmail-com\/\" title=\"Wpisy od Maja Moskal\" rel=\"author\">Maja Moskal<\/a><\/span><\/span><span class=\"updated\" style=\"display:none;\">2026-04-24T17:53:37+02:00<\/span><h4 class=\"entry-title\"><a style=\"color: #1f2a3b !important;\" href=\"https:\/\/balticwind.eu\/pl\/pieciu-europejskich-operatorow-systemow-przesylowych-rozwaza-wspolprace-w-zakresie-infrastruktury-kabli-morskich-na-morzu-polnocnym\/\">Pi\u0119ciu europejskich operator\u00f3w system\u00f3w przesy\u0142owych rozwa\u017ca wsp\u00f3\u0142prac\u0119 w zakresie infrastruktury kabli morskich na Morzu P\u00f3\u0142nocnym<\/a><\/h4><p class=\"meta\"><span class=\"vcard\" style=\"display: none;\"><span class=\"fn\"><a href=\"https:\/\/balticwind.eu\/pl\/author\/maja-moshotmail-com\/\" title=\"Wpisy od Maja Moskal\" rel=\"author\">Maja Moskal<\/a><\/span><\/span><span class=\"updated\" style=\"display:none;\">2026-04-24T17:53:37+02:00<\/span><a href=\"https:\/\/balticwind.eu\/pl\/category\/dania\/\" rel=\"category tag\">DANIA<\/a>, <a href=\"https:\/\/balticwind.eu\/pl\/category\/niemcy\/\" rel=\"category tag\">NIEMCY<\/a>, <a href=\"https:\/\/balticwind.eu\/pl\/category\/energia-wiatrowa-offshore\/\" rel=\"category tag\">OFFSHORE<\/a>, <a href=\"https:\/\/balticwind.eu\/pl\/category\/energia-wiatrowa-onshore\/\" rel=\"category tag\">ONSHORE<\/a>, <a href=\"https:\/\/balticwind.eu\/pl\/category\/opinie\/\" rel=\"category tag\">OPINIE<\/a>, <a href=\"https:\/\/balticwind.eu\/pl\/category\/projekty\/\" rel=\"category tag\">PROJEKTY<\/a>, <a href=\"https:\/\/balticwind.eu\/pl\/category\/regulatory-pl\/\" rel=\"category tag\">REGULACJE<\/a><span class=\"fusion-inline-sep\">|<\/span><\/p><\/div><\/article><article class=\"post fusion-column column col col-lg-12 col-md-12 col-sm-12\"><div class=\"fusion-flexslider fusion-flexslider-loading flexslider floated-slideshow flexslider-hover-type-zoomout\"><ul class=\"slides\"><li><a href=\"https:\/\/balticwind.eu\/pl\/europa-potrzebuje-energii-wytwarzanej-na-wlasnym-terenie-na-duza-skale-a-morska-energetyka-wiatrowa-przygotowuje-sie-do-jej-dostarczenia\/\" aria-label=\"Europa potrzebuje energii wytwarzanej na w\u0142asnym terenie na du\u017c\u0105 skal\u0119, a morska energetyka wiatrowa przygotowuje si\u0119 do jej dostarczenia\" class=\"hover-type-zoomout\"><img width=\"177\" height=\"142\" src=\"https:\/\/balticwind.eu\/wp-content\/uploads\/2026\/04\/germany-offshore-wind-dawn-dusk-purple-pink-sky-1200x675-1-177x142.jpg\" class=\"attachment-portfolio-five size-portfolio-five\" alt=\"\" decoding=\"async\" \/><\/a><\/li><\/ul><\/div><div class=\"recent-posts-content\"><span class=\"vcard\" style=\"display: none;\"><span class=\"fn\"><a href=\"https:\/\/balticwind.eu\/pl\/author\/maja-moshotmail-com\/\" title=\"Wpisy od Maja Moskal\" rel=\"author\">Maja Moskal<\/a><\/span><\/span><span class=\"updated\" style=\"display:none;\">2026-04-24T16:08:04+02:00<\/span><h4 class=\"entry-title\"><a style=\"color: #1f2a3b !important;\" href=\"https:\/\/balticwind.eu\/pl\/europa-potrzebuje-energii-wytwarzanej-na-wlasnym-terenie-na-duza-skale-a-morska-energetyka-wiatrowa-przygotowuje-sie-do-jej-dostarczenia\/\">Europa potrzebuje energii wytwarzanej na w\u0142asnym terenie na du\u017c\u0105 skal\u0119, a morska energetyka wiatrowa przygotowuje si\u0119 do jej dostarczenia<\/a><\/h4><p class=\"meta\"><span class=\"vcard\" style=\"display: none;\"><span class=\"fn\"><a href=\"https:\/\/balticwind.eu\/pl\/author\/maja-moshotmail-com\/\" title=\"Wpisy od Maja Moskal\" rel=\"author\">Maja Moskal<\/a><\/span><\/span><span class=\"updated\" style=\"display:none;\">2026-04-24T16:08:04+02:00<\/span><a href=\"https:\/\/balticwind.eu\/pl\/category\/dania\/\" rel=\"category tag\">DANIA<\/a>, <a href=\"https:\/\/balticwind.eu\/pl\/category\/estonia-pl\/\" rel=\"category tag\">ESTONIA<\/a>, <a href=\"https:\/\/balticwind.eu\/pl\/category\/finlandia\/\" rel=\"category tag\">FINLANDIA<\/a>, <a href=\"https:\/\/balticwind.eu\/pl\/category\/litwa\/\" rel=\"category tag\">LITWA<\/a>, <a href=\"https:\/\/balticwind.eu\/pl\/category\/lotwa\/\" rel=\"category tag\">\u0141OTWA<\/a>, <a href=\"https:\/\/balticwind.eu\/pl\/category\/niemcy\/\" rel=\"category tag\">NIEMCY<\/a>, <a href=\"https:\/\/balticwind.eu\/pl\/category\/energia-wiatrowa-offshore\/\" rel=\"category tag\">OFFSHORE<\/a>, <a href=\"https:\/\/balticwind.eu\/pl\/category\/polska\/\" rel=\"category tag\">POLSKA<\/a>, <a href=\"https:\/\/balticwind.eu\/pl\/category\/regulatory-pl\/\" rel=\"category tag\">REGULACJE<\/a>, <a href=\"https:\/\/balticwind.eu\/pl\/category\/szwecja\/\" rel=\"category tag\">SZWECJA<\/a><span class=\"fusion-inline-sep\">|<\/span><\/p><\/div><\/article><article class=\"post fusion-column column col col-lg-12 col-md-12 col-sm-12\"><div class=\"fusion-flexslider fusion-flexslider-loading flexslider floated-slideshow flexslider-hover-type-zoomout\"><ul class=\"slides\"><li><a href=\"https:\/\/balticwind.eu\/pl\/235-kluczowych-transgranicznych-projektow-energetycznych-majacych-na-celu-wzmocnienie-wzajemnych-polaczen-w-europie\/\" aria-label=\"235 kluczowych transgranicznych projekt\u00f3w energetycznych maj\u0105cych na celu wzmocnienie wzajemnych po\u0142\u0105cze\u0144 w Europie\" class=\"hover-type-zoomout\"><img width=\"177\" height=\"142\" src=\"https:\/\/balticwind.eu\/wp-content\/uploads\/2026\/04\/PCI_List_News-177x142.jpg\" class=\"attachment-portfolio-five size-portfolio-five\" alt=\"\" decoding=\"async\" \/><\/a><\/li><\/ul><\/div><div class=\"recent-posts-content\"><span class=\"vcard\" style=\"display: none;\"><span class=\"fn\"><a href=\"https:\/\/balticwind.eu\/pl\/author\/maja-moshotmail-com\/\" title=\"Wpisy od Maja Moskal\" rel=\"author\">Maja Moskal<\/a><\/span><\/span><span class=\"updated\" style=\"display:none;\">2026-04-20T10:09:23+02:00<\/span><h4 class=\"entry-title\"><a style=\"color: #1f2a3b !important;\" href=\"https:\/\/balticwind.eu\/pl\/235-kluczowych-transgranicznych-projektow-energetycznych-majacych-na-celu-wzmocnienie-wzajemnych-polaczen-w-europie\/\">235 kluczowych transgranicznych projekt\u00f3w energetycznych maj\u0105cych na celu wzmocnienie wzajemnych po\u0142\u0105cze\u0144 w Europie<\/a><\/h4><p class=\"meta\"><span class=\"vcard\" style=\"display: none;\"><span class=\"fn\"><a href=\"https:\/\/balticwind.eu\/pl\/author\/maja-moshotmail-com\/\" title=\"Wpisy od Maja Moskal\" rel=\"author\">Maja Moskal<\/a><\/span><\/span><span class=\"updated\" style=\"display:none;\">2026-04-20T10:09:23+02:00<\/span><a href=\"https:\/\/balticwind.eu\/pl\/category\/dania\/\" rel=\"category tag\">DANIA<\/a>, <a href=\"https:\/\/balticwind.eu\/pl\/category\/estonia-pl\/\" rel=\"category tag\">ESTONIA<\/a>, <a href=\"https:\/\/balticwind.eu\/pl\/category\/finlandia\/\" rel=\"category tag\">FINLANDIA<\/a>, <a href=\"https:\/\/balticwind.eu\/pl\/category\/litwa\/\" rel=\"category tag\">LITWA<\/a>, <a href=\"https:\/\/balticwind.eu\/pl\/category\/lotwa\/\" rel=\"category tag\">\u0141OTWA<\/a>, <a href=\"https:\/\/balticwind.eu\/pl\/category\/niemcy\/\" rel=\"category tag\">NIEMCY<\/a>, <a href=\"https:\/\/balticwind.eu\/pl\/category\/energia-wiatrowa-offshore\/\" rel=\"category tag\">OFFSHORE<\/a>, <a href=\"https:\/\/balticwind.eu\/pl\/category\/energia-wiatrowa-onshore\/\" rel=\"category tag\">ONSHORE<\/a>, <a href=\"https:\/\/balticwind.eu\/pl\/category\/opinie\/\" rel=\"category tag\">OPINIE<\/a>, <a href=\"https:\/\/balticwind.eu\/pl\/category\/polska\/\" rel=\"category tag\">POLSKA<\/a>, <a href=\"https:\/\/balticwind.eu\/pl\/category\/projekty\/\" rel=\"category tag\">PROJEKTY<\/a>, <a href=\"https:\/\/balticwind.eu\/pl\/category\/regulatory-pl\/\" rel=\"category tag\">REGULACJE<\/a>, <a href=\"https:\/\/balticwind.eu\/pl\/category\/szwecja\/\" rel=\"category tag\">SZWECJA<\/a><span class=\"fusion-inline-sep\">|<\/span><\/p><\/div><\/article><\/section><\/div><\/div><style type=\"text\/css\">.fusion-body .fusion-builder-column-14{width:33.333333333333% !important;margin-top : 0px;margin-bottom : 20px;}.fusion-builder-column-14 > .fusion-column-wrapper {padding-top : 0px !important;padding-right : 0px !important;margin-right : 5.76%;padding-bottom : 0px !important;padding-left : 0px !important;margin-left : 5.76%;}@media only screen and (max-width:1024px) {.fusion-body .fusion-builder-column-14{width:100% !important;}.fusion-builder-column-14 > .fusion-column-wrapper {margin-right : 1.92%;margin-left : 1.92%;}}@media only screen and (max-width:640px) {.fusion-body .fusion-builder-column-14{width:100% !important;}.fusion-builder-column-14 > .fusion-column-wrapper {margin-right : 1.92%;margin-left : 1.92%;}}<\/style><\/div><div class=\"fusion-layout-column fusion_builder_column fusion-builder-column-15 fusion_builder_column_1_3 1_3 fusion-flex-column\"><div class=\"fusion-column-wrapper fusion-flex-justify-content-flex-start fusion-content-layout-column\" style=\"background-position:left top;background-repeat:no-repeat;-webkit-background-size:cover;-moz-background-size:cover;-o-background-size:cover;background-size:cover;padding: 0px 0px 0px 0px;\"><div class=\"fusion-separator fusion-full-width-sep\" style=\"align-self: center;margin-left: auto;margin-right: auto;margin-bottom:10px;width:100%;max-width:100%;\"><div class=\"fusion-separator-border sep-single sep-solid\" style=\"border-color:#1f2a3b;border-top-width:12px;\"><\/div><\/div><style type=\"text\/css\">@media only screen and (max-width:1024px) {.fusion-title.fusion-title-10{margin-top:-15px!important; margin-right:5px!important;margin-bottom:20px!important;margin-left:-5px!important;}}@media only screen and (max-width:640px) {.fusion-title.fusion-title-10{margin-top:0px!important; margin-right:0px!important;margin-bottom:20px!important; margin-left:0px!important;}}<\/style><div class=\"fusion-title title fusion-title-10 fusion-title-text fusion-title-size-five\" style=\"margin-top:-15px;margin-right:5px;margin-bottom:20px;margin-left:-5px;\"><div class=\"title-sep-container title-sep-container-left fusion-no-large-visibility fusion-no-medium-visibility fusion-no-small-visibility\"><div class=\"title-sep sep-\" style=\"border-color:#eaeaea;\"><\/div><\/div><h5 class=\"title-heading-left fusion-responsive-typography-calculated\" style=\"margin:0;--fontSize:17;line-height:1.76;\"><h5 style=\"text-align: left;\">POLSKA<\/h5><\/h5><div class=\"title-sep-container title-sep-container-right\"><div class=\"title-sep sep-\" style=\"border-color:#eaeaea;\"><\/div><\/div><\/div><div class=\"fusion-recent-posts fusion-recent-posts-4 avada-container layout-thumbnails-on-side layout-columns-1\"><section class=\"fusion-columns columns fusion-columns-1 columns-1\"><article class=\"post fusion-column column col col-lg-12 col-md-12 col-sm-12\"><div class=\"fusion-flexslider fusion-flexslider-loading flexslider floated-slideshow flexslider-hover-type-zoomout\"><ul class=\"slides\"><li><a href=\"https:\/\/balticwind.eu\/pl\/morze-wiatru-kampania-psew-i-fundacji-orlen-rozprawia-sie-z-mitami\/\" aria-label=\"Morze Wiatru: Kampania PSEW i Fundacji ORLEN rozprawia si\u0119 z mitami\" class=\"hover-type-zoomout\"><img width=\"177\" height=\"142\" src=\"https:\/\/balticwind.eu\/wp-content\/uploads\/2026\/04\/Morze_wiatru-177x142.jpg\" class=\"attachment-portfolio-five size-portfolio-five\" alt=\"\" decoding=\"async\" \/><\/a><\/li><\/ul><\/div><div class=\"recent-posts-content\"><span class=\"vcard\" style=\"display: none;\"><span class=\"fn\"><a href=\"https:\/\/balticwind.eu\/pl\/author\/maja-moshotmail-com\/\" title=\"Wpisy od Maja Moskal\" rel=\"author\">Maja Moskal<\/a><\/span><\/span><span class=\"updated\" style=\"display:none;\">2026-04-29T00:00:07+02:00<\/span><h4 class=\"entry-title\"><a style=\"color: #1f2a3b !important;\" href=\"https:\/\/balticwind.eu\/pl\/morze-wiatru-kampania-psew-i-fundacji-orlen-rozprawia-sie-z-mitami\/\">Morze Wiatru: Kampania PSEW i Fundacji ORLEN rozprawia si\u0119 z mitami<\/a><\/h4><p class=\"meta\"><span class=\"vcard\" style=\"display: none;\"><span class=\"fn\"><a href=\"https:\/\/balticwind.eu\/pl\/author\/maja-moshotmail-com\/\" title=\"Wpisy od Maja Moskal\" rel=\"author\">Maja Moskal<\/a><\/span><\/span><span class=\"updated\" style=\"display:none;\">2026-04-29T00:00:07+02:00<\/span><a href=\"https:\/\/balticwind.eu\/pl\/category\/energia-wiatrowa-offshore\/\" rel=\"category tag\">OFFSHORE<\/a>, <a href=\"https:\/\/balticwind.eu\/pl\/category\/opinie\/\" rel=\"category tag\">OPINIE<\/a>, <a href=\"https:\/\/balticwind.eu\/pl\/category\/polska\/\" rel=\"category tag\">POLSKA<\/a>, <a href=\"https:\/\/balticwind.eu\/pl\/category\/projekty\/\" rel=\"category tag\">PROJEKTY<\/a>, <a href=\"https:\/\/balticwind.eu\/pl\/category\/top-news-pl\/\" rel=\"category tag\">TOP NEWS<\/a><span class=\"fusion-inline-sep\">|<\/span><\/p><\/div><\/article><article class=\"post fusion-column column col col-lg-12 col-md-12 col-sm-12\"><div class=\"fusion-flexslider fusion-flexslider-loading flexslider floated-slideshow flexslider-hover-type-zoomout\"><ul class=\"slides\"><li><a href=\"https:\/\/balticwind.eu\/pl\/europa-potrzebuje-energii-wytwarzanej-na-wlasnym-terenie-na-duza-skale-a-morska-energetyka-wiatrowa-przygotowuje-sie-do-jej-dostarczenia\/\" aria-label=\"Europa potrzebuje energii wytwarzanej na w\u0142asnym terenie na du\u017c\u0105 skal\u0119, a morska energetyka wiatrowa przygotowuje si\u0119 do jej dostarczenia\" class=\"hover-type-zoomout\"><img width=\"177\" height=\"142\" src=\"https:\/\/balticwind.eu\/wp-content\/uploads\/2026\/04\/germany-offshore-wind-dawn-dusk-purple-pink-sky-1200x675-1-177x142.jpg\" class=\"attachment-portfolio-five size-portfolio-five\" alt=\"\" decoding=\"async\" \/><\/a><\/li><\/ul><\/div><div class=\"recent-posts-content\"><span class=\"vcard\" style=\"display: none;\"><span class=\"fn\"><a href=\"https:\/\/balticwind.eu\/pl\/author\/maja-moshotmail-com\/\" title=\"Wpisy od Maja Moskal\" rel=\"author\">Maja Moskal<\/a><\/span><\/span><span class=\"updated\" style=\"display:none;\">2026-04-24T16:08:04+02:00<\/span><h4 class=\"entry-title\"><a style=\"color: #1f2a3b !important;\" href=\"https:\/\/balticwind.eu\/pl\/europa-potrzebuje-energii-wytwarzanej-na-wlasnym-terenie-na-duza-skale-a-morska-energetyka-wiatrowa-przygotowuje-sie-do-jej-dostarczenia\/\">Europa potrzebuje energii wytwarzanej na w\u0142asnym terenie na du\u017c\u0105 skal\u0119, a morska energetyka wiatrowa przygotowuje si\u0119 do jej dostarczenia<\/a><\/h4><p class=\"meta\"><span class=\"vcard\" style=\"display: none;\"><span class=\"fn\"><a href=\"https:\/\/balticwind.eu\/pl\/author\/maja-moshotmail-com\/\" title=\"Wpisy od Maja Moskal\" rel=\"author\">Maja Moskal<\/a><\/span><\/span><span class=\"updated\" style=\"display:none;\">2026-04-24T16:08:04+02:00<\/span><a href=\"https:\/\/balticwind.eu\/pl\/category\/dania\/\" rel=\"category tag\">DANIA<\/a>, <a href=\"https:\/\/balticwind.eu\/pl\/category\/estonia-pl\/\" rel=\"category tag\">ESTONIA<\/a>, <a href=\"https:\/\/balticwind.eu\/pl\/category\/finlandia\/\" rel=\"category tag\">FINLANDIA<\/a>, <a href=\"https:\/\/balticwind.eu\/pl\/category\/litwa\/\" rel=\"category tag\">LITWA<\/a>, <a href=\"https:\/\/balticwind.eu\/pl\/category\/lotwa\/\" rel=\"category tag\">\u0141OTWA<\/a>, <a href=\"https:\/\/balticwind.eu\/pl\/category\/niemcy\/\" rel=\"category tag\">NIEMCY<\/a>, <a href=\"https:\/\/balticwind.eu\/pl\/category\/energia-wiatrowa-offshore\/\" rel=\"category tag\">OFFSHORE<\/a>, <a href=\"https:\/\/balticwind.eu\/pl\/category\/polska\/\" rel=\"category tag\">POLSKA<\/a>, <a href=\"https:\/\/balticwind.eu\/pl\/category\/regulatory-pl\/\" rel=\"category tag\">REGULACJE<\/a>, <a href=\"https:\/\/balticwind.eu\/pl\/category\/szwecja\/\" rel=\"category tag\">SZWECJA<\/a><span class=\"fusion-inline-sep\">|<\/span><\/p><\/div><\/article><article class=\"post fusion-column column col col-lg-12 col-md-12 col-sm-12\"><div class=\"fusion-flexslider fusion-flexslider-loading flexslider floated-slideshow flexslider-hover-type-zoomout\"><ul class=\"slides\"><li><a href=\"https:\/\/balticwind.eu\/pl\/blisko-1300-uczniow-z-pomorza-poznaje-morska-energetyke-wiatrowa\/\" aria-label=\"Blisko 1300 uczni\u00f3w z Pomorza poznaje morsk\u0105 energetyk\u0119 wiatrow\u0105\" class=\"hover-type-zoomout\"><img width=\"177\" height=\"142\" src=\"https:\/\/balticwind.eu\/wp-content\/uploads\/2026\/04\/0-177x142.jpg\" class=\"attachment-portfolio-five size-portfolio-five\" alt=\"\" decoding=\"async\" \/><\/a><\/li><\/ul><\/div><div class=\"recent-posts-content\"><span class=\"vcard\" style=\"display: none;\"><span class=\"fn\"><a href=\"https:\/\/balticwind.eu\/pl\/author\/maja-moshotmail-com\/\" title=\"Wpisy od Maja Moskal\" rel=\"author\">Maja Moskal<\/a><\/span><\/span><span class=\"updated\" style=\"display:none;\">2026-04-24T16:01:55+02:00<\/span><h4 class=\"entry-title\"><a style=\"color: #1f2a3b !important;\" href=\"https:\/\/balticwind.eu\/pl\/blisko-1300-uczniow-z-pomorza-poznaje-morska-energetyke-wiatrowa\/\">Blisko 1300 uczni\u00f3w z Pomorza poznaje morsk\u0105 energetyk\u0119 wiatrow\u0105<\/a><\/h4><p class=\"meta\"><span class=\"vcard\" style=\"display: none;\"><span class=\"fn\"><a href=\"https:\/\/balticwind.eu\/pl\/author\/maja-moshotmail-com\/\" title=\"Wpisy od Maja Moskal\" rel=\"author\">Maja Moskal<\/a><\/span><\/span><span class=\"updated\" style=\"display:none;\">2026-04-24T16:01:55+02:00<\/span><a href=\"https:\/\/balticwind.eu\/pl\/category\/energia-wiatrowa-offshore\/\" rel=\"category tag\">OFFSHORE<\/a>, <a href=\"https:\/\/balticwind.eu\/pl\/category\/polska\/\" rel=\"category tag\">POLSKA<\/a>, <a href=\"https:\/\/balticwind.eu\/pl\/category\/projekty\/\" rel=\"category tag\">PROJEKTY<\/a><span class=\"fusion-inline-sep\">|<\/span><\/p><\/div><\/article><\/section><\/div><\/div><style type=\"text\/css\">.fusion-body .fusion-builder-column-15{width:33.333333333333% !important;margin-top : 0px;margin-bottom : 20px;}.fusion-builder-column-15 > .fusion-column-wrapper {padding-top : 0px !important;padding-right : 0px !important;margin-right : 5.76%;padding-bottom : 0px !important;padding-left : 0px !important;margin-left : 5.76%;}@media only screen and (max-width:1024px) {.fusion-body .fusion-builder-column-15{width:100% !important;}.fusion-builder-column-15 > .fusion-column-wrapper {margin-right : 1.92%;margin-left : 1.92%;}}@media only screen and (max-width:640px) {.fusion-body .fusion-builder-column-15{width:100% !important;}.fusion-builder-column-15 > .fusion-column-wrapper {margin-right : 1.92%;margin-left : 1.92%;}}<\/style><\/div><div class=\"fusion-layout-column fusion_builder_column fusion-builder-column-16 fusion_builder_column_1_3 1_3 fusion-flex-column\"><div class=\"fusion-column-wrapper fusion-flex-justify-content-flex-start fusion-content-layout-column\" style=\"background-position:left top;background-repeat:no-repeat;-webkit-background-size:cover;-moz-background-size:cover;-o-background-size:cover;background-size:cover;padding: 0px 0px 0px 0px;\"><div class=\"fusion-separator fusion-full-width-sep\" style=\"align-self: center;margin-left: auto;margin-right: auto;margin-bottom:10px;width:100%;max-width:100%;\"><div class=\"fusion-separator-border sep-single sep-solid\" style=\"border-color:#1f2a3b;border-top-width:12px;\"><\/div><\/div><style type=\"text\/css\">@media only screen and (max-width:1024px) {.fusion-title.fusion-title-11{margin-top:-15px!important; margin-right:5px!important;margin-bottom:20px!important;margin-left:-5px!important;}}@media only screen and (max-width:640px) {.fusion-title.fusion-title-11{margin-top:0px!important; margin-right:0px!important;margin-bottom:20px!important; margin-left:0px!important;}}<\/style><div class=\"fusion-title title fusion-title-11 fusion-title-text fusion-title-size-five\" style=\"margin-top:-15px;margin-right:5px;margin-bottom:20px;margin-left:-5px;\"><div class=\"title-sep-container title-sep-container-left fusion-no-large-visibility fusion-no-medium-visibility fusion-no-small-visibility\"><div class=\"title-sep sep-\" style=\"border-color:#eaeaea;\"><\/div><\/div><h5 class=\"title-heading-left fusion-responsive-typography-calculated\" style=\"margin:0;--fontSize:17;line-height:1.76;\"><h5 style=\"text-align: left;\">REGULACJE<\/h5><\/h5><div class=\"title-sep-container title-sep-container-right\"><div class=\"title-sep sep-\" style=\"border-color:#eaeaea;\"><\/div><\/div><\/div><div class=\"fusion-recent-posts fusion-recent-posts-5 avada-container layout-thumbnails-on-side layout-columns-1\"><section class=\"fusion-columns columns fusion-columns-1 columns-1\"><article class=\"post fusion-column column col col-lg-12 col-md-12 col-sm-12\"><div class=\"fusion-flexslider fusion-flexslider-loading flexslider floated-slideshow flexslider-hover-type-zoomout\"><ul class=\"slides\"><li><a href=\"https:\/\/balticwind.eu\/pl\/ochrona-europejskich-farm-wiatrowych-nie-ma-bezpieczenstwa-energetycznego-bez-fizycznego-zabezpieczenia-infrastruktury-energetycznej\/\" aria-label=\"Ochrona europejskich farm wiatrowych: nie ma bezpiecze\u0144stwa energetycznego bez fizycznego zabezpieczenia infrastruktury energetycznej\" class=\"hover-type-zoomout\"><img width=\"177\" height=\"142\" src=\"https:\/\/balticwind.eu\/wp-content\/uploads\/2026\/04\/offshore-windfarm-177x142.jpg\" class=\"attachment-portfolio-five size-portfolio-five\" alt=\"\" decoding=\"async\" \/><\/a><\/li><\/ul><\/div><div class=\"recent-posts-content\"><span class=\"vcard\" style=\"display: none;\"><span class=\"fn\"><a href=\"https:\/\/balticwind.eu\/pl\/author\/maja-moshotmail-com\/\" title=\"Wpisy od Maja Moskal\" rel=\"author\">Maja Moskal<\/a><\/span><\/span><span class=\"updated\" style=\"display:none;\">2026-04-24T16:04:56+02:00<\/span><h4 class=\"entry-title\"><a style=\"color: #1f2a3b !important;\" href=\"https:\/\/balticwind.eu\/pl\/ochrona-europejskich-farm-wiatrowych-nie-ma-bezpieczenstwa-energetycznego-bez-fizycznego-zabezpieczenia-infrastruktury-energetycznej\/\">Ochrona europejskich farm wiatrowych: nie ma bezpiecze\u0144stwa energetycznego bez fizycznego zabezpieczenia infrastruktury energetycznej<\/a><\/h4><p class=\"meta\"><span class=\"vcard\" style=\"display: none;\"><span class=\"fn\"><a href=\"https:\/\/balticwind.eu\/pl\/author\/maja-moshotmail-com\/\" title=\"Wpisy od Maja Moskal\" rel=\"author\">Maja Moskal<\/a><\/span><\/span><span class=\"updated\" style=\"display:none;\">2026-04-24T16:04:56+02:00<\/span><a href=\"https:\/\/balticwind.eu\/pl\/category\/energia-wiatrowa-offshore\/\" rel=\"category tag\">OFFSHORE<\/a>, <a href=\"https:\/\/balticwind.eu\/pl\/category\/energia-wiatrowa-onshore\/\" rel=\"category tag\">ONSHORE<\/a>, <a href=\"https:\/\/balticwind.eu\/pl\/category\/opinie\/\" rel=\"category tag\">OPINIE<\/a>, <a href=\"https:\/\/balticwind.eu\/pl\/category\/projekty\/\" rel=\"category tag\">PROJEKTY<\/a>, <a href=\"https:\/\/balticwind.eu\/pl\/category\/regulatory-pl\/\" rel=\"category tag\">REGULACJE<\/a><span class=\"fusion-inline-sep\">|<\/span><\/p><\/div><\/article><article class=\"post fusion-column column col col-lg-12 col-md-12 col-sm-12\"><div class=\"fusion-flexslider fusion-flexslider-loading flexslider floated-slideshow flexslider-hover-type-zoomout\"><ul class=\"slides\"><li><a href=\"https:\/\/balticwind.eu\/pl\/pieciu-europejskich-operatorow-systemow-przesylowych-rozwaza-wspolprace-w-zakresie-infrastruktury-kabli-morskich-na-morzu-polnocnym\/\" aria-label=\"Pi\u0119ciu europejskich operator\u00f3w system\u00f3w przesy\u0142owych rozwa\u017ca wsp\u00f3\u0142prac\u0119 w zakresie infrastruktury kabli morskich na Morzu P\u00f3\u0142nocnym\" class=\"hover-type-zoomout\"><img width=\"177\" height=\"142\" src=\"https:\/\/balticwind.eu\/wp-content\/uploads\/2024\/07\/sterling-lanier-g_g6JLB9GjM-unsplash-177x142.jpg\" class=\"attachment-portfolio-five size-portfolio-five\" alt=\"\" decoding=\"async\" \/><\/a><\/li><\/ul><\/div><div class=\"recent-posts-content\"><span class=\"vcard\" style=\"display: none;\"><span class=\"fn\"><a href=\"https:\/\/balticwind.eu\/pl\/author\/maja-moshotmail-com\/\" title=\"Wpisy od Maja Moskal\" rel=\"author\">Maja Moskal<\/a><\/span><\/span><span class=\"updated\" style=\"display:none;\">2026-04-24T17:53:37+02:00<\/span><h4 class=\"entry-title\"><a style=\"color: #1f2a3b !important;\" href=\"https:\/\/balticwind.eu\/pl\/pieciu-europejskich-operatorow-systemow-przesylowych-rozwaza-wspolprace-w-zakresie-infrastruktury-kabli-morskich-na-morzu-polnocnym\/\">Pi\u0119ciu europejskich operator\u00f3w system\u00f3w przesy\u0142owych rozwa\u017ca wsp\u00f3\u0142prac\u0119 w zakresie infrastruktury kabli morskich na Morzu P\u00f3\u0142nocnym<\/a><\/h4><p class=\"meta\"><span class=\"vcard\" style=\"display: none;\"><span class=\"fn\"><a href=\"https:\/\/balticwind.eu\/pl\/author\/maja-moshotmail-com\/\" title=\"Wpisy od Maja Moskal\" rel=\"author\">Maja Moskal<\/a><\/span><\/span><span class=\"updated\" style=\"display:none;\">2026-04-24T17:53:37+02:00<\/span><a href=\"https:\/\/balticwind.eu\/pl\/category\/dania\/\" rel=\"category tag\">DANIA<\/a>, <a href=\"https:\/\/balticwind.eu\/pl\/category\/niemcy\/\" rel=\"category tag\">NIEMCY<\/a>, <a href=\"https:\/\/balticwind.eu\/pl\/category\/energia-wiatrowa-offshore\/\" rel=\"category tag\">OFFSHORE<\/a>, <a href=\"https:\/\/balticwind.eu\/pl\/category\/energia-wiatrowa-onshore\/\" rel=\"category tag\">ONSHORE<\/a>, <a href=\"https:\/\/balticwind.eu\/pl\/category\/opinie\/\" rel=\"category tag\">OPINIE<\/a>, <a href=\"https:\/\/balticwind.eu\/pl\/category\/projekty\/\" rel=\"category tag\">PROJEKTY<\/a>, <a href=\"https:\/\/balticwind.eu\/pl\/category\/regulatory-pl\/\" rel=\"category tag\">REGULACJE<\/a><span class=\"fusion-inline-sep\">|<\/span><\/p><\/div><\/article><article class=\"post fusion-column column col col-lg-12 col-md-12 col-sm-12\"><div class=\"fusion-flexslider fusion-flexslider-loading flexslider floated-slideshow flexslider-hover-type-zoomout\"><ul class=\"slides\"><li><a href=\"https:\/\/balticwind.eu\/pl\/europa-potrzebuje-energii-wytwarzanej-na-wlasnym-terenie-na-duza-skale-a-morska-energetyka-wiatrowa-przygotowuje-sie-do-jej-dostarczenia\/\" aria-label=\"Europa potrzebuje energii wytwarzanej na w\u0142asnym terenie na du\u017c\u0105 skal\u0119, a morska energetyka wiatrowa przygotowuje si\u0119 do jej dostarczenia\" class=\"hover-type-zoomout\"><img width=\"177\" height=\"142\" src=\"https:\/\/balticwind.eu\/wp-content\/uploads\/2026\/04\/germany-offshore-wind-dawn-dusk-purple-pink-sky-1200x675-1-177x142.jpg\" class=\"attachment-portfolio-five size-portfolio-five\" alt=\"\" decoding=\"async\" \/><\/a><\/li><\/ul><\/div><div class=\"recent-posts-content\"><span class=\"vcard\" style=\"display: none;\"><span class=\"fn\"><a href=\"https:\/\/balticwind.eu\/pl\/author\/maja-moshotmail-com\/\" title=\"Wpisy od Maja Moskal\" rel=\"author\">Maja Moskal<\/a><\/span><\/span><span class=\"updated\" style=\"display:none;\">2026-04-24T16:08:04+02:00<\/span><h4 class=\"entry-title\"><a style=\"color: #1f2a3b !important;\" href=\"https:\/\/balticwind.eu\/pl\/europa-potrzebuje-energii-wytwarzanej-na-wlasnym-terenie-na-duza-skale-a-morska-energetyka-wiatrowa-przygotowuje-sie-do-jej-dostarczenia\/\">Europa potrzebuje energii wytwarzanej na w\u0142asnym terenie na du\u017c\u0105 skal\u0119, a morska energetyka wiatrowa przygotowuje si\u0119 do jej dostarczenia<\/a><\/h4><p class=\"meta\"><span class=\"vcard\" style=\"display: none;\"><span class=\"fn\"><a href=\"https:\/\/balticwind.eu\/pl\/author\/maja-moshotmail-com\/\" title=\"Wpisy od Maja Moskal\" rel=\"author\">Maja Moskal<\/a><\/span><\/span><span class=\"updated\" style=\"display:none;\">2026-04-24T16:08:04+02:00<\/span><a href=\"https:\/\/balticwind.eu\/pl\/category\/dania\/\" rel=\"category tag\">DANIA<\/a>, <a href=\"https:\/\/balticwind.eu\/pl\/category\/estonia-pl\/\" rel=\"category tag\">ESTONIA<\/a>, <a href=\"https:\/\/balticwind.eu\/pl\/category\/finlandia\/\" rel=\"category tag\">FINLANDIA<\/a>, <a href=\"https:\/\/balticwind.eu\/pl\/category\/litwa\/\" rel=\"category tag\">LITWA<\/a>, <a href=\"https:\/\/balticwind.eu\/pl\/category\/lotwa\/\" rel=\"category tag\">\u0141OTWA<\/a>, <a href=\"https:\/\/balticwind.eu\/pl\/category\/niemcy\/\" rel=\"category tag\">NIEMCY<\/a>, <a href=\"https:\/\/balticwind.eu\/pl\/category\/energia-wiatrowa-offshore\/\" rel=\"category tag\">OFFSHORE<\/a>, <a href=\"https:\/\/balticwind.eu\/pl\/category\/polska\/\" rel=\"category tag\">POLSKA<\/a>, <a href=\"https:\/\/balticwind.eu\/pl\/category\/regulatory-pl\/\" rel=\"category tag\">REGULACJE<\/a>, <a href=\"https:\/\/balticwind.eu\/pl\/category\/szwecja\/\" rel=\"category tag\">SZWECJA<\/a><span class=\"fusion-inline-sep\">|<\/span><\/p><\/div><\/article><\/section><\/div><\/div><style type=\"text\/css\">.fusion-body .fusion-builder-column-16{width:33.333333333333% !important;margin-top : 0px;margin-bottom : 20px;}.fusion-builder-column-16 > .fusion-column-wrapper {padding-top : 0px !important;padding-right : 0px !important;margin-right : 5.76%;padding-bottom : 0px !important;padding-left : 0px !important;margin-left : 5.76%;}@media only screen and (max-width:1024px) {.fusion-body .fusion-builder-column-16{width:100% !important;}.fusion-builder-column-16 > .fusion-column-wrapper {margin-right : 1.92%;margin-left : 1.92%;}}@media only screen and (max-width:640px) {.fusion-body .fusion-builder-column-16{width:100% !important;}.fusion-builder-column-16 > .fusion-column-wrapper {margin-right : 1.92%;margin-left : 1.92%;}}<\/style><\/div><div class=\"fusion-layout-column fusion_builder_column fusion-builder-column-17 fusion_builder_column_1_3 1_3 fusion-flex-column\"><div class=\"fusion-column-wrapper fusion-flex-justify-content-flex-start fusion-content-layout-column\" style=\"background-position:left top;background-repeat:no-repeat;-webkit-background-size:cover;-moz-background-size:cover;-o-background-size:cover;background-size:cover;padding: 0px 0px 0px 0px;\"><div class=\"fusion-separator fusion-full-width-sep\" style=\"align-self: center;margin-left: auto;margin-right: auto;margin-bottom:10px;width:100%;max-width:100%;\"><div class=\"fusion-separator-border sep-single sep-solid\" style=\"border-color:#1f2a3b;border-top-width:12px;\"><\/div><\/div><style type=\"text\/css\">@media only screen and (max-width:1024px) {.fusion-title.fusion-title-12{margin-top:-15px!important; margin-right:5px!important;margin-bottom:20px!important;margin-left:-5px!important;}}@media only screen and (max-width:640px) {.fusion-title.fusion-title-12{margin-top:0px!important; margin-right:0px!important;margin-bottom:20px!important; margin-left:0px!important;}}<\/style><div class=\"fusion-title title fusion-title-12 fusion-title-text fusion-title-size-five\" style=\"margin-top:-15px;margin-right:5px;margin-bottom:20px;margin-left:-5px;\"><div class=\"title-sep-container title-sep-container-left fusion-no-large-visibility fusion-no-medium-visibility fusion-no-small-visibility\"><div class=\"title-sep sep-\" style=\"border-color:#eaeaea;\"><\/div><\/div><h5 class=\"title-heading-left fusion-responsive-typography-calculated\" style=\"margin:0;--fontSize:17;line-height:1.76;\"><h5 style=\"text-align: left;\">OPINIE<\/h5><\/h5><div class=\"title-sep-container title-sep-container-right\"><div class=\"title-sep sep-\" style=\"border-color:#eaeaea;\"><\/div><\/div><\/div><div class=\"fusion-recent-posts fusion-recent-posts-6 avada-container layout-thumbnails-on-side layout-columns-1\"><section class=\"fusion-columns columns fusion-columns-1 columns-1\"><article class=\"post fusion-column column col col-lg-12 col-md-12 col-sm-12\"><div class=\"fusion-flexslider fusion-flexslider-loading flexslider floated-slideshow flexslider-hover-type-zoomout\"><ul class=\"slides\"><li><a href=\"https:\/\/balticwind.eu\/pl\/morze-wiatru-kampania-psew-i-fundacji-orlen-rozprawia-sie-z-mitami\/\" aria-label=\"Morze Wiatru: Kampania PSEW i Fundacji ORLEN rozprawia si\u0119 z mitami\" class=\"hover-type-zoomout\"><img width=\"177\" height=\"142\" src=\"https:\/\/balticwind.eu\/wp-content\/uploads\/2026\/04\/Morze_wiatru-177x142.jpg\" class=\"attachment-portfolio-five size-portfolio-five\" alt=\"\" decoding=\"async\" \/><\/a><\/li><\/ul><\/div><div class=\"recent-posts-content\"><span class=\"vcard\" style=\"display: none;\"><span class=\"fn\"><a href=\"https:\/\/balticwind.eu\/pl\/author\/maja-moshotmail-com\/\" title=\"Wpisy od Maja Moskal\" rel=\"author\">Maja Moskal<\/a><\/span><\/span><span class=\"updated\" style=\"display:none;\">2026-04-29T00:00:07+02:00<\/span><h4 class=\"entry-title\"><a style=\"color: #1f2a3b !important;\" href=\"https:\/\/balticwind.eu\/pl\/morze-wiatru-kampania-psew-i-fundacji-orlen-rozprawia-sie-z-mitami\/\">Morze Wiatru: Kampania PSEW i Fundacji ORLEN rozprawia si\u0119 z mitami<\/a><\/h4><p class=\"meta\"><span class=\"vcard\" style=\"display: none;\"><span class=\"fn\"><a href=\"https:\/\/balticwind.eu\/pl\/author\/maja-moshotmail-com\/\" title=\"Wpisy od Maja Moskal\" rel=\"author\">Maja Moskal<\/a><\/span><\/span><span class=\"updated\" style=\"display:none;\">2026-04-29T00:00:07+02:00<\/span><a href=\"https:\/\/balticwind.eu\/pl\/category\/energia-wiatrowa-offshore\/\" rel=\"category tag\">OFFSHORE<\/a>, <a href=\"https:\/\/balticwind.eu\/pl\/category\/opinie\/\" rel=\"category tag\">OPINIE<\/a>, <a href=\"https:\/\/balticwind.eu\/pl\/category\/polska\/\" rel=\"category tag\">POLSKA<\/a>, <a href=\"https:\/\/balticwind.eu\/pl\/category\/projekty\/\" rel=\"category tag\">PROJEKTY<\/a>, <a href=\"https:\/\/balticwind.eu\/pl\/category\/top-news-pl\/\" rel=\"category tag\">TOP NEWS<\/a><span class=\"fusion-inline-sep\">|<\/span><\/p><\/div><\/article><article class=\"post fusion-column column col col-lg-12 col-md-12 col-sm-12\"><div class=\"fusion-flexslider fusion-flexslider-loading flexslider floated-slideshow flexslider-hover-type-zoomout\"><ul class=\"slides\"><li><a href=\"https:\/\/balticwind.eu\/pl\/ochrona-europejskich-farm-wiatrowych-nie-ma-bezpieczenstwa-energetycznego-bez-fizycznego-zabezpieczenia-infrastruktury-energetycznej\/\" aria-label=\"Ochrona europejskich farm wiatrowych: nie ma bezpiecze\u0144stwa energetycznego bez fizycznego zabezpieczenia infrastruktury energetycznej\" class=\"hover-type-zoomout\"><img width=\"177\" height=\"142\" src=\"https:\/\/balticwind.eu\/wp-content\/uploads\/2026\/04\/offshore-windfarm-177x142.jpg\" class=\"attachment-portfolio-five size-portfolio-five\" alt=\"\" decoding=\"async\" \/><\/a><\/li><\/ul><\/div><div class=\"recent-posts-content\"><span class=\"vcard\" style=\"display: none;\"><span class=\"fn\"><a href=\"https:\/\/balticwind.eu\/pl\/author\/maja-moshotmail-com\/\" title=\"Wpisy od Maja Moskal\" rel=\"author\">Maja Moskal<\/a><\/span><\/span><span class=\"updated\" style=\"display:none;\">2026-04-24T16:04:56+02:00<\/span><h4 class=\"entry-title\"><a style=\"color: #1f2a3b !important;\" href=\"https:\/\/balticwind.eu\/pl\/ochrona-europejskich-farm-wiatrowych-nie-ma-bezpieczenstwa-energetycznego-bez-fizycznego-zabezpieczenia-infrastruktury-energetycznej\/\">Ochrona europejskich farm wiatrowych: nie ma bezpiecze\u0144stwa energetycznego bez fizycznego zabezpieczenia infrastruktury energetycznej<\/a><\/h4><p class=\"meta\"><span class=\"vcard\" style=\"display: none;\"><span class=\"fn\"><a href=\"https:\/\/balticwind.eu\/pl\/author\/maja-moshotmail-com\/\" title=\"Wpisy od Maja Moskal\" rel=\"author\">Maja Moskal<\/a><\/span><\/span><span class=\"updated\" style=\"display:none;\">2026-04-24T16:04:56+02:00<\/span><a href=\"https:\/\/balticwind.eu\/pl\/category\/energia-wiatrowa-offshore\/\" rel=\"category tag\">OFFSHORE<\/a>, <a href=\"https:\/\/balticwind.eu\/pl\/category\/energia-wiatrowa-onshore\/\" rel=\"category tag\">ONSHORE<\/a>, <a href=\"https:\/\/balticwind.eu\/pl\/category\/opinie\/\" rel=\"category tag\">OPINIE<\/a>, <a href=\"https:\/\/balticwind.eu\/pl\/category\/projekty\/\" rel=\"category tag\">PROJEKTY<\/a>, <a href=\"https:\/\/balticwind.eu\/pl\/category\/regulatory-pl\/\" rel=\"category tag\">REGULACJE<\/a><span class=\"fusion-inline-sep\">|<\/span><\/p><\/div><\/article><article class=\"post fusion-column column col col-lg-12 col-md-12 col-sm-12\"><div class=\"fusion-flexslider fusion-flexslider-loading flexslider floated-slideshow flexslider-hover-type-zoomout\"><ul class=\"slides\"><li><a href=\"https:\/\/balticwind.eu\/pl\/pieciu-europejskich-operatorow-systemow-przesylowych-rozwaza-wspolprace-w-zakresie-infrastruktury-kabli-morskich-na-morzu-polnocnym\/\" aria-label=\"Pi\u0119ciu europejskich operator\u00f3w system\u00f3w przesy\u0142owych rozwa\u017ca wsp\u00f3\u0142prac\u0119 w zakresie infrastruktury kabli morskich na Morzu P\u00f3\u0142nocnym\" class=\"hover-type-zoomout\"><img width=\"177\" height=\"142\" src=\"https:\/\/balticwind.eu\/wp-content\/uploads\/2024\/07\/sterling-lanier-g_g6JLB9GjM-unsplash-177x142.jpg\" class=\"attachment-portfolio-five size-portfolio-five\" alt=\"\" decoding=\"async\" \/><\/a><\/li><\/ul><\/div><div class=\"recent-posts-content\"><span class=\"vcard\" style=\"display: none;\"><span class=\"fn\"><a href=\"https:\/\/balticwind.eu\/pl\/author\/maja-moshotmail-com\/\" title=\"Wpisy od Maja Moskal\" rel=\"author\">Maja Moskal<\/a><\/span><\/span><span class=\"updated\" style=\"display:none;\">2026-04-24T17:53:37+02:00<\/span><h4 class=\"entry-title\"><a style=\"color: #1f2a3b !important;\" href=\"https:\/\/balticwind.eu\/pl\/pieciu-europejskich-operatorow-systemow-przesylowych-rozwaza-wspolprace-w-zakresie-infrastruktury-kabli-morskich-na-morzu-polnocnym\/\">Pi\u0119ciu europejskich operator\u00f3w system\u00f3w przesy\u0142owych rozwa\u017ca wsp\u00f3\u0142prac\u0119 w zakresie infrastruktury kabli morskich na Morzu P\u00f3\u0142nocnym<\/a><\/h4><p class=\"meta\"><span class=\"vcard\" style=\"display: none;\"><span class=\"fn\"><a href=\"https:\/\/balticwind.eu\/pl\/author\/maja-moshotmail-com\/\" title=\"Wpisy od Maja Moskal\" rel=\"author\">Maja Moskal<\/a><\/span><\/span><span class=\"updated\" style=\"display:none;\">2026-04-24T17:53:37+02:00<\/span><a href=\"https:\/\/balticwind.eu\/pl\/category\/dania\/\" rel=\"category tag\">DANIA<\/a>, <a href=\"https:\/\/balticwind.eu\/pl\/category\/niemcy\/\" rel=\"category tag\">NIEMCY<\/a>, <a href=\"https:\/\/balticwind.eu\/pl\/category\/energia-wiatrowa-offshore\/\" rel=\"category tag\">OFFSHORE<\/a>, <a href=\"https:\/\/balticwind.eu\/pl\/category\/energia-wiatrowa-onshore\/\" rel=\"category tag\">ONSHORE<\/a>, <a href=\"https:\/\/balticwind.eu\/pl\/category\/opinie\/\" rel=\"category tag\">OPINIE<\/a>, <a href=\"https:\/\/balticwind.eu\/pl\/category\/projekty\/\" rel=\"category tag\">PROJEKTY<\/a>, <a href=\"https:\/\/balticwind.eu\/pl\/category\/regulatory-pl\/\" rel=\"category tag\">REGULACJE<\/a><span class=\"fusion-inline-sep\">|<\/span><\/p><\/div><\/article><\/section><\/div><\/div><style type=\"text\/css\">.fusion-body .fusion-builder-column-17{width:33.333333333333% !important;margin-top : 0px;margin-bottom : 20px;}.fusion-builder-column-17 > .fusion-column-wrapper {padding-top : 0px !important;padding-right : 0px !important;margin-right : 5.76%;padding-bottom : 0px !important;padding-left : 0px !important;margin-left : 5.76%;}@media only screen and (max-width:1024px) {.fusion-body .fusion-builder-column-17{width:100% !important;}.fusion-builder-column-17 > .fusion-column-wrapper {margin-right : 1.92%;margin-left : 1.92%;}}@media only screen and (max-width:640px) {.fusion-body .fusion-builder-column-17{width:100% !important;}.fusion-builder-column-17 > .fusion-column-wrapper {margin-right : 1.92%;margin-left : 1.92%;}}<\/style><\/div><div class=\"fusion-layout-column fusion_builder_column fusion-builder-column-18 fusion_builder_column_1_3 1_3 fusion-flex-column\"><div class=\"fusion-column-wrapper fusion-flex-justify-content-flex-start fusion-content-layout-column\" style=\"background-position:left top;background-repeat:no-repeat;-webkit-background-size:cover;-moz-background-size:cover;-o-background-size:cover;background-size:cover;padding: 0px 0px 0px 0px;\"><div class=\"fusion-separator fusion-full-width-sep\" style=\"align-self: center;margin-left: auto;margin-right: auto;margin-bottom:10px;width:100%;max-width:100%;\"><div class=\"fusion-separator-border sep-single sep-solid\" style=\"border-color:#1f2a3b;border-top-width:12px;\"><\/div><\/div><style type=\"text\/css\">@media only screen and (max-width:1024px) {.fusion-title.fusion-title-13{margin-top:-15px!important; margin-right:5px!important;margin-bottom:20px!important;margin-left:-5px!important;}}@media only screen and (max-width:640px) {.fusion-title.fusion-title-13{margin-top:0px!important; margin-right:0px!important;margin-bottom:20px!important; margin-left:0px!important;}}<\/style><div class=\"fusion-title title fusion-title-13 fusion-title-text fusion-title-size-five\" style=\"margin-top:-15px;margin-right:5px;margin-bottom:20px;margin-left:-5px;\"><div class=\"title-sep-container title-sep-container-left fusion-no-large-visibility fusion-no-medium-visibility fusion-no-small-visibility\"><div class=\"title-sep sep-\" style=\"border-color:#eaeaea;\"><\/div><\/div><h5 class=\"title-heading-left fusion-responsive-typography-calculated\" style=\"margin:0;--fontSize:17;line-height:1.76;\"><h5 style=\"text-align: left;\">PROJEKTY<\/h5><\/h5><div class=\"title-sep-container title-sep-container-right\"><div class=\"title-sep sep-\" style=\"border-color:#eaeaea;\"><\/div><\/div><\/div><div class=\"fusion-recent-posts fusion-recent-posts-7 avada-container layout-thumbnails-on-side layout-columns-1\"><section class=\"fusion-columns columns fusion-columns-1 columns-1\"><article class=\"post fusion-column column col col-lg-12 col-md-12 col-sm-12\"><div class=\"fusion-flexslider fusion-flexslider-loading flexslider floated-slideshow flexslider-hover-type-zoomout\"><ul class=\"slides\"><li><a href=\"https:\/\/balticwind.eu\/pl\/morze-wiatru-kampania-psew-i-fundacji-orlen-rozprawia-sie-z-mitami\/\" aria-label=\"Morze Wiatru: Kampania PSEW i Fundacji ORLEN rozprawia si\u0119 z mitami\" class=\"hover-type-zoomout\"><img width=\"177\" height=\"142\" src=\"https:\/\/balticwind.eu\/wp-content\/uploads\/2026\/04\/Morze_wiatru-177x142.jpg\" class=\"attachment-portfolio-five size-portfolio-five\" alt=\"\" decoding=\"async\" \/><\/a><\/li><\/ul><\/div><div class=\"recent-posts-content\"><span class=\"vcard\" style=\"display: none;\"><span class=\"fn\"><a href=\"https:\/\/balticwind.eu\/pl\/author\/maja-moshotmail-com\/\" title=\"Wpisy od Maja Moskal\" rel=\"author\">Maja Moskal<\/a><\/span><\/span><span class=\"updated\" style=\"display:none;\">2026-04-29T00:00:07+02:00<\/span><h4 class=\"entry-title\"><a style=\"color: #1f2a3b !important;\" href=\"https:\/\/balticwind.eu\/pl\/morze-wiatru-kampania-psew-i-fundacji-orlen-rozprawia-sie-z-mitami\/\">Morze Wiatru: Kampania PSEW i Fundacji ORLEN rozprawia si\u0119 z mitami<\/a><\/h4><p class=\"meta\"><span class=\"vcard\" style=\"display: none;\"><span class=\"fn\"><a href=\"https:\/\/balticwind.eu\/pl\/author\/maja-moshotmail-com\/\" title=\"Wpisy od Maja Moskal\" rel=\"author\">Maja Moskal<\/a><\/span><\/span><span class=\"updated\" style=\"display:none;\">2026-04-29T00:00:07+02:00<\/span><a href=\"https:\/\/balticwind.eu\/pl\/category\/energia-wiatrowa-offshore\/\" rel=\"category tag\">OFFSHORE<\/a>, <a href=\"https:\/\/balticwind.eu\/pl\/category\/opinie\/\" rel=\"category tag\">OPINIE<\/a>, <a href=\"https:\/\/balticwind.eu\/pl\/category\/polska\/\" rel=\"category tag\">POLSKA<\/a>, <a href=\"https:\/\/balticwind.eu\/pl\/category\/projekty\/\" rel=\"category tag\">PROJEKTY<\/a>, <a href=\"https:\/\/balticwind.eu\/pl\/category\/top-news-pl\/\" rel=\"category tag\">TOP NEWS<\/a><span class=\"fusion-inline-sep\">|<\/span><\/p><\/div><\/article><article class=\"post fusion-column column col col-lg-12 col-md-12 col-sm-12\"><div class=\"fusion-flexslider fusion-flexslider-loading flexslider floated-slideshow flexslider-hover-type-zoomout\"><ul class=\"slides\"><li><a href=\"https:\/\/balticwind.eu\/pl\/ochrona-europejskich-farm-wiatrowych-nie-ma-bezpieczenstwa-energetycznego-bez-fizycznego-zabezpieczenia-infrastruktury-energetycznej\/\" aria-label=\"Ochrona europejskich farm wiatrowych: nie ma bezpiecze\u0144stwa energetycznego bez fizycznego zabezpieczenia infrastruktury energetycznej\" class=\"hover-type-zoomout\"><img width=\"177\" height=\"142\" src=\"https:\/\/balticwind.eu\/wp-content\/uploads\/2026\/04\/offshore-windfarm-177x142.jpg\" class=\"attachment-portfolio-five size-portfolio-five\" alt=\"\" decoding=\"async\" \/><\/a><\/li><\/ul><\/div><div class=\"recent-posts-content\"><span class=\"vcard\" style=\"display: none;\"><span class=\"fn\"><a href=\"https:\/\/balticwind.eu\/pl\/author\/maja-moshotmail-com\/\" title=\"Wpisy od Maja Moskal\" rel=\"author\">Maja Moskal<\/a><\/span><\/span><span class=\"updated\" style=\"display:none;\">2026-04-24T16:04:56+02:00<\/span><h4 class=\"entry-title\"><a style=\"color: #1f2a3b !important;\" href=\"https:\/\/balticwind.eu\/pl\/ochrona-europejskich-farm-wiatrowych-nie-ma-bezpieczenstwa-energetycznego-bez-fizycznego-zabezpieczenia-infrastruktury-energetycznej\/\">Ochrona europejskich farm wiatrowych: nie ma bezpiecze\u0144stwa energetycznego bez fizycznego zabezpieczenia infrastruktury energetycznej<\/a><\/h4><p class=\"meta\"><span class=\"vcard\" style=\"display: none;\"><span class=\"fn\"><a href=\"https:\/\/balticwind.eu\/pl\/author\/maja-moshotmail-com\/\" title=\"Wpisy od Maja Moskal\" rel=\"author\">Maja Moskal<\/a><\/span><\/span><span class=\"updated\" style=\"display:none;\">2026-04-24T16:04:56+02:00<\/span><a href=\"https:\/\/balticwind.eu\/pl\/category\/energia-wiatrowa-offshore\/\" rel=\"category tag\">OFFSHORE<\/a>, <a href=\"https:\/\/balticwind.eu\/pl\/category\/energia-wiatrowa-onshore\/\" rel=\"category tag\">ONSHORE<\/a>, <a href=\"https:\/\/balticwind.eu\/pl\/category\/opinie\/\" rel=\"category tag\">OPINIE<\/a>, <a href=\"https:\/\/balticwind.eu\/pl\/category\/projekty\/\" rel=\"category tag\">PROJEKTY<\/a>, <a href=\"https:\/\/balticwind.eu\/pl\/category\/regulatory-pl\/\" rel=\"category tag\">REGULACJE<\/a><span class=\"fusion-inline-sep\">|<\/span><\/p><\/div><\/article><article class=\"post fusion-column column col col-lg-12 col-md-12 col-sm-12\"><div class=\"fusion-flexslider fusion-flexslider-loading flexslider floated-slideshow flexslider-hover-type-zoomout\"><ul class=\"slides\"><li><a href=\"https:\/\/balticwind.eu\/pl\/pieciu-europejskich-operatorow-systemow-przesylowych-rozwaza-wspolprace-w-zakresie-infrastruktury-kabli-morskich-na-morzu-polnocnym\/\" aria-label=\"Pi\u0119ciu europejskich operator\u00f3w system\u00f3w przesy\u0142owych rozwa\u017ca wsp\u00f3\u0142prac\u0119 w zakresie infrastruktury kabli morskich na Morzu P\u00f3\u0142nocnym\" class=\"hover-type-zoomout\"><img width=\"177\" height=\"142\" src=\"https:\/\/balticwind.eu\/wp-content\/uploads\/2024\/07\/sterling-lanier-g_g6JLB9GjM-unsplash-177x142.jpg\" class=\"attachment-portfolio-five size-portfolio-five\" alt=\"\" decoding=\"async\" \/><\/a><\/li><\/ul><\/div><div class=\"recent-posts-content\"><span class=\"vcard\" style=\"display: none;\"><span class=\"fn\"><a href=\"https:\/\/balticwind.eu\/pl\/author\/maja-moshotmail-com\/\" title=\"Wpisy od Maja Moskal\" rel=\"author\">Maja Moskal<\/a><\/span><\/span><span class=\"updated\" style=\"display:none;\">2026-04-24T17:53:37+02:00<\/span><h4 class=\"entry-title\"><a style=\"color: #1f2a3b !important;\" href=\"https:\/\/balticwind.eu\/pl\/pieciu-europejskich-operatorow-systemow-przesylowych-rozwaza-wspolprace-w-zakresie-infrastruktury-kabli-morskich-na-morzu-polnocnym\/\">Pi\u0119ciu europejskich operator\u00f3w system\u00f3w przesy\u0142owych rozwa\u017ca wsp\u00f3\u0142prac\u0119 w zakresie infrastruktury kabli morskich na Morzu P\u00f3\u0142nocnym<\/a><\/h4><p class=\"meta\"><span class=\"vcard\" style=\"display: none;\"><span class=\"fn\"><a href=\"https:\/\/balticwind.eu\/pl\/author\/maja-moshotmail-com\/\" title=\"Wpisy od Maja Moskal\" rel=\"author\">Maja Moskal<\/a><\/span><\/span><span class=\"updated\" style=\"display:none;\">2026-04-24T17:53:37+02:00<\/span><a href=\"https:\/\/balticwind.eu\/pl\/category\/dania\/\" rel=\"category tag\">DANIA<\/a>, <a href=\"https:\/\/balticwind.eu\/pl\/category\/niemcy\/\" rel=\"category tag\">NIEMCY<\/a>, <a href=\"https:\/\/balticwind.eu\/pl\/category\/energia-wiatrowa-offshore\/\" rel=\"category tag\">OFFSHORE<\/a>, <a href=\"https:\/\/balticwind.eu\/pl\/category\/energia-wiatrowa-onshore\/\" rel=\"category tag\">ONSHORE<\/a>, <a href=\"https:\/\/balticwind.eu\/pl\/category\/opinie\/\" rel=\"category tag\">OPINIE<\/a>, <a href=\"https:\/\/balticwind.eu\/pl\/category\/projekty\/\" rel=\"category tag\">PROJEKTY<\/a>, <a href=\"https:\/\/balticwind.eu\/pl\/category\/regulatory-pl\/\" rel=\"category tag\">REGULACJE<\/a><span class=\"fusion-inline-sep\">|<\/span><\/p><\/div><\/article><\/section><\/div><\/div><style type=\"text\/css\">.fusion-body .fusion-builder-column-18{width:33.333333333333% !important;margin-top : 0px;margin-bottom : 20px;}.fusion-builder-column-18 > .fusion-column-wrapper {padding-top : 0px !important;padding-right : 0px !important;margin-right : 5.76%;padding-bottom : 0px !important;padding-left : 0px !important;margin-left : 5.76%;}@media only screen and (max-width:1024px) {.fusion-body .fusion-builder-column-18{width:100% !important;}.fusion-builder-column-18 > .fusion-column-wrapper {margin-right : 1.92%;margin-left : 1.92%;}}@media only screen and (max-width:640px) {.fusion-body .fusion-builder-column-18{width:100% !important;}.fusion-builder-column-18 > .fusion-column-wrapper {margin-right : 1.92%;margin-left : 1.92%;}}<\/style><\/div><\/div><style type=\"text\/css\">.fusion-body .fusion-flex-container.fusion-builder-row-9{ padding-top : 30px;margin-top : 0px;padding-right : 0px;padding-bottom : 0px;margin-bottom : 0px;padding-left : 0px;}<\/style><\/div><\/div><\/p>\n","protected":false},"excerpt":{"rendered":"","protected":false},"author":3,"featured_media":0,"parent":0,"menu_order":0,"comment_status":"closed","ping_status":"closed","template":"100-width.php","meta":[],"acf":[],"_links":{"self":[{"href":"https:\/\/balticwind.eu\/pl\/wp-json\/wp\/v2\/pages\/3085"}],"collection":[{"href":"https:\/\/balticwind.eu\/pl\/wp-json\/wp\/v2\/pages"}],"about":[{"href":"https:\/\/balticwind.eu\/pl\/wp-json\/wp\/v2\/types\/page"}],"author":[{"embeddable":true,"href":"https:\/\/balticwind.eu\/pl\/wp-json\/wp\/v2\/users\/3"}],"replies":[{"embeddable":true,"href":"https:\/\/balticwind.eu\/pl\/wp-json\/wp\/v2\/comments?post=3085"}],"version-history":[{"count":0,"href":"https:\/\/balticwind.eu\/pl\/wp-json\/wp\/v2\/pages\/3085\/revisions"}],"wp:attachment":[{"href":"https:\/\/balticwind.eu\/pl\/wp-json\/wp\/v2\/media?parent=3085"}],"curies":[{"name":"wp","href":"https:\/\/api.w.org\/{rel}","templated":true}]}}