{"id":38517,"date":"2024-05-19T13:52:17","date_gmt":"2024-05-19T11:52:17","guid":{"rendered":"https:\/\/balticwind.eu\/?page_id=38517"},"modified":"2026-02-25T12:07:35","modified_gmt":"2026-02-25T11:07:35","slug":"rft","status":"publish","type":"page","link":"https:\/\/balticwind.eu\/pl\/","title":{"rendered":"BalticWind.EU Wersja Polska"},"content":{"rendered":"<p><div class=\"fusion-fullwidth fullwidth-box fusion-builder-row-1 fusion-flex-container nonhundred-percent-fullwidth non-hundred-percent-height-scrolling fusion-no-small-visibility fusion-no-medium-visibility\" style=\"background-color: #ffffff;background-position: left top;background-repeat: no-repeat;border-width: 0px 0px 0px 0px;border-color:#eaeaea;border-style:solid;\" ><div class=\"fusion-builder-row fusion-row fusion-flex-align-items-flex-start\" style=\"max-width:1289.6px;margin-left: calc(-4% \/ 2 );margin-right: calc(-4% \/ 2 );\"><div class=\"fusion-layout-column fusion_builder_column fusion-builder-column-0 fusion_builder_column_1_4 1_4 fusion-flex-column fusion-flex-align-self-flex-start fusion-column-no-min-height\"><div class=\"fusion-column-wrapper fusion-flex-justify-content-flex-start fusion-content-layout-column\" style=\"background-position:left top;background-repeat:no-repeat;-webkit-background-size:cover;-moz-background-size:cover;-o-background-size:cover;background-size:cover;padding: 0px 0px 0px 0px;\"><div class=\"fusion-recent-posts fusion-recent-posts-1 avada-container layout-default layout-columns-1 klasa\" id=\"front-bok\"><section class=\"fusion-columns columns fusion-columns-1 columns-1\"><article class=\"post fusion-column column col col-lg-12 col-md-12 col-sm-12\"><div class=\"fusion-flexslider fusion-flexslider-loading flexslider flexslider-hover-type-none\"><ul class=\"slides\"><li><a href=\"https:\/\/balticwind.eu\/pl\/europa-potrzebuje-energii-wytwarzanej-na-wlasnym-terenie-na-duza-skale-a-morska-energetyka-wiatrowa-przygotowuje-sie-do-jej-dostarczenia\/\" aria-label=\"Europa potrzebuje energii wytwarzanej na w\u0142asnym terenie na du\u017c\u0105 skal\u0119, a morska energetyka wiatrowa przygotowuje si\u0119 do jej dostarczenia\" class=\"hover-type-none\"><img width=\"700\" height=\"441\" src=\"https:\/\/balticwind.eu\/wp-content\/uploads\/2026\/04\/germany-offshore-wind-dawn-dusk-purple-pink-sky-1200x675-1-700x441.jpg\" class=\"attachment-recent-posts size-recent-posts\" alt=\"\" decoding=\"async\" srcset=\"https:\/\/balticwind.eu\/wp-content\/uploads\/2026\/04\/germany-offshore-wind-dawn-dusk-purple-pink-sky-1200x675-1-320x202.jpg 320w, https:\/\/balticwind.eu\/wp-content\/uploads\/2026\/04\/germany-offshore-wind-dawn-dusk-purple-pink-sky-1200x675-1-700x441.jpg 700w\" sizes=\"(max-width: 700px) 100vw, 700px\" \/><\/a><\/li><\/ul><\/div><div class=\"recent-posts-content\"><span class=\"vcard\" style=\"display: none;\"><span class=\"fn\"><a href=\"https:\/\/balticwind.eu\/pl\/author\/maja-moshotmail-com\/\" title=\"Wpisy od Maja Moskal\" rel=\"author\">Maja Moskal<\/a><\/span><\/span><span class=\"updated\" style=\"display:none;\">2026-04-24T16:08:04+02:00<\/span><h4 class=\"entry-title\"><a style=\"color: #1f2a3b !important;\" href=\"https:\/\/balticwind.eu\/pl\/europa-potrzebuje-energii-wytwarzanej-na-wlasnym-terenie-na-duza-skale-a-morska-energetyka-wiatrowa-przygotowuje-sie-do-jej-dostarczenia\/\">Europa potrzebuje energii wytwarzanej na w\u0142asnym terenie na du\u017c\u0105 skal\u0119, a morska energetyka wiatrowa przygotowuje si\u0119 do jej dostarczenia<\/a><\/h4><p class=\"meta\"><span class=\"vcard\" style=\"display: none;\"><span class=\"fn\"><a href=\"https:\/\/balticwind.eu\/pl\/author\/maja-moshotmail-com\/\" title=\"Wpisy od Maja Moskal\" rel=\"author\">Maja Moskal<\/a><\/span><\/span><span class=\"updated\" style=\"display:none;\">2026-04-24T16:08:04+02:00<\/span><a href=\"https:\/\/balticwind.eu\/pl\/category\/dania\/\" rel=\"category tag\">DANIA<\/a>, <a href=\"https:\/\/balticwind.eu\/pl\/category\/estonia-pl\/\" rel=\"category tag\">ESTONIA<\/a>, <a href=\"https:\/\/balticwind.eu\/pl\/category\/finlandia\/\" rel=\"category tag\">FINLANDIA<\/a>, <a href=\"https:\/\/balticwind.eu\/pl\/category\/litwa\/\" rel=\"category tag\">LITWA<\/a>, <a href=\"https:\/\/balticwind.eu\/pl\/category\/lotwa\/\" rel=\"category tag\">\u0141OTWA<\/a>, <a href=\"https:\/\/balticwind.eu\/pl\/category\/niemcy\/\" rel=\"category tag\">NIEMCY<\/a>, <a href=\"https:\/\/balticwind.eu\/pl\/category\/energia-wiatrowa-offshore\/\" rel=\"category tag\">OFFSHORE<\/a>, <a href=\"https:\/\/balticwind.eu\/pl\/category\/polska\/\" rel=\"category tag\">POLSKA<\/a>, <a href=\"https:\/\/balticwind.eu\/pl\/category\/regulatory-pl\/\" rel=\"category tag\">REGULACJE<\/a>, <a href=\"https:\/\/balticwind.eu\/pl\/category\/szwecja\/\" rel=\"category tag\">SZWECJA<\/a><span class=\"fusion-inline-sep\">|<\/span><\/p><\/div><\/article><article class=\"post fusion-column column col col-lg-12 col-md-12 col-sm-12\"><div class=\"fusion-flexslider fusion-flexslider-loading flexslider flexslider-hover-type-none\"><ul class=\"slides\"><li><a href=\"https:\/\/balticwind.eu\/pl\/energetyka-spoleczenstwo-gospodarka-przed-nami-43-konferencja-energetyczna-europower-oze-power\/\" aria-label=\"Energetyka \u2013 Spo\u0142ecze\u0144stwo \u2013 Gospodarka. Przed nami 43. Konferencja Energetyczna EuroPOWER &#038; OZE POWER\" class=\"hover-type-none\"><img width=\"700\" height=\"441\" src=\"https:\/\/balticwind.eu\/wp-content\/uploads\/2026\/02\/wbaner_1600x1000-700x441.png\" class=\"attachment-recent-posts size-recent-posts\" alt=\"\" decoding=\"async\" srcset=\"https:\/\/balticwind.eu\/wp-content\/uploads\/2026\/02\/wbaner_1600x1000-200x125.png 200w, https:\/\/balticwind.eu\/wp-content\/uploads\/2026\/02\/wbaner_1600x1000-300x188.png 300w, https:\/\/balticwind.eu\/wp-content\/uploads\/2026\/02\/wbaner_1600x1000-320x202.png 320w, https:\/\/balticwind.eu\/wp-content\/uploads\/2026\/02\/wbaner_1600x1000-700x441.png 700w\" sizes=\"(max-width: 700px) 100vw, 700px\" \/><\/a><\/li><\/ul><\/div><div class=\"recent-posts-content\"><span class=\"vcard\" style=\"display: none;\"><span class=\"fn\"><a href=\"https:\/\/balticwind.eu\/pl\/author\/maja-moshotmail-com\/\" title=\"Wpisy od Maja Moskal\" rel=\"author\">Maja Moskal<\/a><\/span><\/span><span class=\"updated\" style=\"display:none;\">2026-02-27T07:54:10+01:00<\/span><h4 class=\"entry-title\"><a style=\"color: #1f2a3b !important;\" href=\"https:\/\/balticwind.eu\/pl\/energetyka-spoleczenstwo-gospodarka-przed-nami-43-konferencja-energetyczna-europower-oze-power\/\">Energetyka \u2013 Spo\u0142ecze\u0144stwo \u2013 Gospodarka. Przed nami 43. Konferencja Energetyczna EuroPOWER &#038; OZE POWER<\/a><\/h4><p class=\"meta\"><span class=\"vcard\" style=\"display: none;\"><span class=\"fn\"><a href=\"https:\/\/balticwind.eu\/pl\/author\/maja-moshotmail-com\/\" title=\"Wpisy od Maja Moskal\" rel=\"author\">Maja Moskal<\/a><\/span><\/span><span class=\"updated\" style=\"display:none;\">2026-02-27T07:54:10+01:00<\/span><a href=\"https:\/\/balticwind.eu\/pl\/category\/energia-wiatrowa-offshore\/\" rel=\"category tag\">OFFSHORE<\/a>, <a href=\"https:\/\/balticwind.eu\/pl\/category\/energia-wiatrowa-onshore\/\" rel=\"category tag\">ONSHORE<\/a>, <a href=\"https:\/\/balticwind.eu\/pl\/category\/polska\/\" rel=\"category tag\">POLSKA<\/a>, <a href=\"https:\/\/balticwind.eu\/pl\/category\/wydarzenie\/\" rel=\"category tag\">WYDARZENIE<\/a><span class=\"fusion-inline-sep\">|<\/span><\/p><\/div><\/article><\/section><\/div><\/div><style type=\"text\/css\">.fusion-body .fusion-builder-column-0{width:25% !important;margin-top : 0px;margin-bottom : 0px;}.fusion-builder-column-0 > .fusion-column-wrapper {padding-top : 0px !important;padding-right : 0px !important;margin-right : 5.12%;padding-bottom : 0px !important;padding-left : 0px !important;margin-left : 7.68%;}@media only screen and (max-width:1024px) {.fusion-body .fusion-builder-column-0{width:100% !important;order : 0;}.fusion-builder-column-0 > .fusion-column-wrapper {margin-right : 1.92%;margin-left : 1.92%;}}@media only screen and (max-width:640px) {.fusion-body .fusion-builder-column-0{width:100% !important;order : 0;}.fusion-builder-column-0 > .fusion-column-wrapper {margin-right : 1.92%;margin-left : 1.92%;}}<\/style><\/div><div class=\"fusion-layout-column fusion_builder_column fusion-builder-column-1 fusion_builder_column_1_2 1_2 fusion-flex-column front-main-top fusion-animated\" data-animationType=\"fadeInLeft\" data-animationDuration=\"0.6\" data-animationOffset=\"100%\"><div class=\"fusion-column-wrapper fusion-flex-justify-content-flex-start fusion-content-layout-column\" style=\"background-position:center center;background-repeat:no-repeat;-webkit-background-size:cover;-moz-background-size:cover;-o-background-size:cover;background-size:cover;border-width: 1px 1px 1px 1px;border-color:#b6babe;border-style:solid;padding: 4% 4% 0% 4%;\"><div class=\"fusion-blog-shortcode fusion-blog-shortcode-1 fusion-blog-archive fusion-blog-layout-large fusion-blog-no klasa\"><div class=\"fusion-posts-container fusion-posts-container-no\" data-pages=\"469\"><article id=\"blog-1-post-45962\" class=\"fusion-post-large post-45962 post type-post status-publish format-standard has-post-thumbnail hentry category-finlandia category-energia-wiatrowa-offshore category-energia-wiatrowa-onshore category-opinie category-projekty category-regulatory-pl category-top-news-pl\">\n\t<style type=\"text\/css\">\n\t\t\n\t\t\n\t\t\n\t\t\n\t\t\t<\/style>\n\n\n\t\t\t<div class=\"fusion-flexslider flexslider fusion-flexslider-loading fusion-post-slideshow\" style=\"\">\n\t\t<ul class=\"slides\">\n\t\t\t\n\t\t\t\t\t\t\t\t\t\t\t\t\t\t<li>\n\n<div  class=\"fusion-image-wrapper\" aria-haspopup=\"true\">\n\t\n\t\n\t\t\t\n\t\t\t\t<a href=\"https:\/\/balticwind.eu\/pl\/finlandia-dysponuje-obecnie-ponad-10-gw-mocy-energii-wiatrowej-i-slonecznej\/\" aria-label=\"Finlandia dysponuje obecnie ponad 10 GW mocy energii wiatrowej i s\u0142onecznej\">\n\t\t\n\t\t\n\t\t\t\t\t<img width=\"1280\" height=\"853\" src=\"https:\/\/balticwind.eu\/wp-content\/uploads\/2024\/12\/wind-power-7436584_1280.jpg\" class=\"attachment-full size-full wp-post-image\" alt=\"Source: Pixabay\" decoding=\"async\" loading=\"lazy\" srcset=\"https:\/\/balticwind.eu\/wp-content\/uploads\/2024\/12\/wind-power-7436584_1280-200x133.jpg 200w, https:\/\/balticwind.eu\/wp-content\/uploads\/2024\/12\/wind-power-7436584_1280-400x267.jpg 400w, https:\/\/balticwind.eu\/wp-content\/uploads\/2024\/12\/wind-power-7436584_1280-600x400.jpg 600w, https:\/\/balticwind.eu\/wp-content\/uploads\/2024\/12\/wind-power-7436584_1280-800x533.jpg 800w, https:\/\/balticwind.eu\/wp-content\/uploads\/2024\/12\/wind-power-7436584_1280-1200x800.jpg 1200w, https:\/\/balticwind.eu\/wp-content\/uploads\/2024\/12\/wind-power-7436584_1280.jpg 1280w\" sizes=\"(max-width: 1024px) 100vw, (max-width: 640px) 100vw, 600px\" \/>\n\t\n\n\n\t\t\t\t<\/a>\n\t\t\n\t\n<\/div>\n<\/li>\n\t\t\t\n\t\t\t\n\t\t\t\t\t\t\t\t\t\t\t\t\t\t\t\t\t\t\t\t\t\t\t\t\t\t\t\t\t\t\t\t\t\t\t\t\t\t\t\t\t\t\t\t\t\t\t\t\t\t\t\t\t\t\t\t\t\t\t\t\t\t\t\t\t\t\t\t<\/ul>\n\t<\/div>\n\t<div class=\"fusion-post-content post-content\"><h2 class=\"blog-shortcode-post-title entry-title\"><a href=\"https:\/\/balticwind.eu\/pl\/finlandia-dysponuje-obecnie-ponad-10-gw-mocy-energii-wiatrowej-i-slonecznej\/\">Finlandia dysponuje obecnie ponad 10 GW mocy energii wiatrowej i s\u0142onecznej<\/a><\/h2><\/div><div class=\"fusion-clearfix\"><\/div><div class=\"fusion-meta-info\"><div class=\"fusion-alignleft\"><span class=\"vcard\" style=\"display: none;\"><span class=\"fn\"><a href=\"https:\/\/balticwind.eu\/pl\/author\/maja-moshotmail-com\/\" title=\"Wpisy od Maja Moskal\" rel=\"author\">Maja Moskal<\/a><\/span><\/span><span class=\"updated\" style=\"display:none;\">2026-04-20T10:05:26+02:00<\/span><a href=\"https:\/\/balticwind.eu\/pl\/category\/finlandia\/\" rel=\"category tag\">FINLANDIA<\/a>, <a href=\"https:\/\/balticwind.eu\/pl\/category\/energia-wiatrowa-offshore\/\" rel=\"category tag\">OFFSHORE<\/a>, <a href=\"https:\/\/balticwind.eu\/pl\/category\/energia-wiatrowa-onshore\/\" rel=\"category tag\">ONSHORE<\/a>, <a href=\"https:\/\/balticwind.eu\/pl\/category\/opinie\/\" rel=\"category tag\">OPINIE<\/a>, <a href=\"https:\/\/balticwind.eu\/pl\/category\/projekty\/\" rel=\"category tag\">PROJEKTY<\/a>, <a href=\"https:\/\/balticwind.eu\/pl\/category\/regulatory-pl\/\" rel=\"category tag\">REGULACJE<\/a>, <a href=\"https:\/\/balticwind.eu\/pl\/category\/top-news-pl\/\" rel=\"category tag\">TOP NEWS<\/a><span class=\"fusion-inline-sep\">|<\/span><\/div><\/div><\/article>\n<\/div><\/div><\/div><style type=\"text\/css\">.fusion-body .fusion-builder-column-1{width:50% !important;margin-top : 0px;margin-bottom : 20px;}.fusion-builder-column-1 > .fusion-column-wrapper {padding-top : 4% !important;padding-right : 4% !important;margin-right : 3.84%;padding-bottom : 0% !important;padding-left : 4% !important;margin-left : 3.84%;}@media only screen and (max-width:1024px) {.fusion-body .fusion-builder-column-1{width:100% !important;order : 0;}.fusion-builder-column-1 > .fusion-column-wrapper {margin-right : 1.92%;margin-left : 1.92%;}}@media only screen and (max-width:640px) {.fusion-body .fusion-builder-column-1{width:100% !important;order : 0;}.fusion-builder-column-1 > .fusion-column-wrapper {margin-right : 1.92%;margin-left : 1.92%;}}<\/style><\/div><div class=\"fusion-layout-column fusion_builder_column fusion-builder-column-2 fusion_builder_column_1_4 1_4 fusion-flex-column fusion-animated\" data-animationType=\"fadeInRight\" data-animationDuration=\"0.6\" data-animationOffset=\"100%\"><div class=\"fusion-column-wrapper fusion-flex-justify-content-flex-start fusion-content-layout-column\" style=\"background-position:left top;background-repeat:no-repeat;-webkit-background-size:cover;-moz-background-size:cover;-o-background-size:cover;background-size:cover;padding: 10px 0px 0px 0px;\"><div class=\"fusion-recent-posts fusion-recent-posts-2 avada-container layout-default layout-columns-1\" id=\"front-bok\"><section class=\"fusion-columns columns fusion-columns-1 columns-1\"><article class=\"post fusion-column column col col-lg-12 col-md-12 col-sm-12\"><div class=\"recent-posts-content\"><span class=\"vcard\" style=\"display: none;\"><span class=\"fn\"><a href=\"https:\/\/balticwind.eu\/pl\/author\/maja-moshotmail-com\/\" title=\"Wpisy od Maja Moskal\" rel=\"author\">Maja Moskal<\/a><\/span><\/span><span class=\"updated\" style=\"display:none;\">2026-04-24T16:01:55+02:00<\/span><h4 class=\"entry-title\"><a style=\"color: #1f2a3b !important;\" href=\"https:\/\/balticwind.eu\/pl\/blisko-1300-uczniow-z-pomorza-poznaje-morska-energetyke-wiatrowa\/\">Blisko 1300 uczni\u00f3w z Pomorza poznaje morsk\u0105 energetyk\u0119 wiatrow\u0105<\/a><\/h4><p class=\"meta\"><span class=\"vcard\" style=\"display: none;\"><span class=\"fn\"><a href=\"https:\/\/balticwind.eu\/pl\/author\/maja-moshotmail-com\/\" title=\"Wpisy od Maja Moskal\" rel=\"author\">Maja Moskal<\/a><\/span><\/span><span class=\"updated\" style=\"display:none;\">2026-04-24T16:01:55+02:00<\/span><a href=\"https:\/\/balticwind.eu\/pl\/category\/energia-wiatrowa-offshore\/\" rel=\"category tag\">OFFSHORE<\/a>, <a href=\"https:\/\/balticwind.eu\/pl\/category\/polska\/\" rel=\"category tag\">POLSKA<\/a>, <a href=\"https:\/\/balticwind.eu\/pl\/category\/projekty\/\" rel=\"category tag\">PROJEKTY<\/a><span class=\"fusion-inline-sep\">|<\/span><\/p><\/div><\/article><article class=\"post fusion-column column col col-lg-12 col-md-12 col-sm-12\"><div class=\"recent-posts-content\"><span class=\"vcard\" style=\"display: none;\"><span class=\"fn\"><a href=\"https:\/\/balticwind.eu\/pl\/author\/maja-moshotmail-com\/\" title=\"Wpisy od Maja Moskal\" rel=\"author\">Maja Moskal<\/a><\/span><\/span><span class=\"updated\" style=\"display:none;\">2026-04-22T08:59:53+02:00<\/span><h4 class=\"entry-title\"><a style=\"color: #1f2a3b !important;\" href=\"https:\/\/balticwind.eu\/pl\/baltyk-2-i-3-postepy-w-przygotowaniu-elementow-do-instalacji\/\">Ba\u0142tyk 2 i 3: post\u0119py w przygotowaniu element\u00f3w do instalacji\u00a0<\/a><\/h4><p class=\"meta\"><span class=\"vcard\" style=\"display: none;\"><span class=\"fn\"><a href=\"https:\/\/balticwind.eu\/pl\/author\/maja-moshotmail-com\/\" title=\"Wpisy od Maja Moskal\" rel=\"author\">Maja Moskal<\/a><\/span><\/span><span class=\"updated\" style=\"display:none;\">2026-04-22T08:59:53+02:00<\/span><a href=\"https:\/\/balticwind.eu\/pl\/category\/niemcy\/\" rel=\"category tag\">NIEMCY<\/a>, <a href=\"https:\/\/balticwind.eu\/pl\/category\/energia-wiatrowa-offshore\/\" rel=\"category tag\">OFFSHORE<\/a>, <a href=\"https:\/\/balticwind.eu\/pl\/category\/polska\/\" rel=\"category tag\">POLSKA<\/a>, <a href=\"https:\/\/balticwind.eu\/pl\/category\/projekty\/\" rel=\"category tag\">PROJEKTY<\/a><span class=\"fusion-inline-sep\">|<\/span><\/p><\/div><\/article><article class=\"post fusion-column column col col-lg-12 col-md-12 col-sm-12\"><div class=\"recent-posts-content\"><span class=\"vcard\" style=\"display: none;\"><span class=\"fn\"><a href=\"https:\/\/balticwind.eu\/pl\/author\/maja-moshotmail-com\/\" title=\"Wpisy od Maja Moskal\" rel=\"author\">Maja Moskal<\/a><\/span><\/span><span class=\"updated\" style=\"display:none;\">2026-04-20T10:01:28+02:00<\/span><h4 class=\"entry-title\"><a style=\"color: #1f2a3b !important;\" href=\"https:\/\/balticwind.eu\/pl\/gorna-czesc-konstrukcji-baltyk-3-przechodzi-do-kolejnego-etapu\/\">G\u00f3rna cz\u0119\u015b\u0107 konstrukcji Ba\u0142tyk 3 przechodzi do kolejnego etapu<\/a><\/h4><p class=\"meta\"><span class=\"vcard\" style=\"display: none;\"><span class=\"fn\"><a href=\"https:\/\/balticwind.eu\/pl\/author\/maja-moshotmail-com\/\" title=\"Wpisy od Maja Moskal\" rel=\"author\">Maja Moskal<\/a><\/span><\/span><span class=\"updated\" style=\"display:none;\">2026-04-20T10:01:28+02:00<\/span><a href=\"https:\/\/balticwind.eu\/pl\/category\/energia-wiatrowa-offshore\/\" rel=\"category tag\">OFFSHORE<\/a>, <a href=\"https:\/\/balticwind.eu\/pl\/category\/polska\/\" rel=\"category tag\">POLSKA<\/a>, <a href=\"https:\/\/balticwind.eu\/pl\/category\/projekty\/\" rel=\"category tag\">PROJEKTY<\/a><span class=\"fusion-inline-sep\">|<\/span><\/p><\/div><\/article><article class=\"post fusion-column column col col-lg-12 col-md-12 col-sm-12\"><div class=\"recent-posts-content\"><span class=\"vcard\" style=\"display: none;\"><span class=\"fn\"><a href=\"https:\/\/balticwind.eu\/pl\/author\/maja-moshotmail-com\/\" title=\"Wpisy od Maja Moskal\" rel=\"author\">Maja Moskal<\/a><\/span><\/span><span class=\"updated\" style=\"display:none;\">2026-04-20T09:55:36+02:00<\/span><h4 class=\"entry-title\"><a style=\"color: #1f2a3b !important;\" href=\"https:\/\/balticwind.eu\/pl\/projekt-morskiej-elektrowni-wiatrowej-korsnas-bedzie-mial-znaczacy-wplyw-na-gospodarke-i-zatrudnienie-w-finlandii\/\">Projekt morskiej elektrowni wiatrowej Korsn\u00e4s b\u0119dzie mia\u0142 znacz\u0105cy wp\u0142yw na gospodark\u0119 i zatrudnienie w Finlandii<\/a><\/h4><p class=\"meta\"><span class=\"vcard\" style=\"display: none;\"><span class=\"fn\"><a href=\"https:\/\/balticwind.eu\/pl\/author\/maja-moshotmail-com\/\" title=\"Wpisy od Maja Moskal\" rel=\"author\">Maja Moskal<\/a><\/span><\/span><span class=\"updated\" style=\"display:none;\">2026-04-20T09:55:36+02:00<\/span><a href=\"https:\/\/balticwind.eu\/pl\/category\/finlandia\/\" rel=\"category tag\">FINLANDIA<\/a>, <a href=\"https:\/\/balticwind.eu\/pl\/category\/energia-wiatrowa-offshore\/\" rel=\"category tag\">OFFSHORE<\/a>, <a href=\"https:\/\/balticwind.eu\/pl\/category\/projekty\/\" rel=\"category tag\">PROJEKTY<\/a><span class=\"fusion-inline-sep\">|<\/span><\/p><\/div><\/article><\/section><\/div><\/div><style type=\"text\/css\">.fusion-body .fusion-builder-column-2{width:25% !important;margin-top : 0px;margin-bottom : 0px;}.fusion-builder-column-2 > .fusion-column-wrapper {padding-top : 10px !important;padding-right : 0px !important;margin-right : 7.68%;padding-bottom : 0px !important;padding-left : 0px !important;margin-left : 7.68%;}@media only screen and (max-width:1024px) {.fusion-body .fusion-builder-column-2{width:100% !important;order : 0;}.fusion-builder-column-2 > .fusion-column-wrapper {margin-right : 1.92%;margin-left : 1.92%;}}@media only screen and (max-width:640px) {.fusion-body .fusion-builder-column-2{width:100% !important;order : 0;}.fusion-builder-column-2 > .fusion-column-wrapper {margin-right : 1.92%;margin-left : 1.92%;}}<\/style><\/div><\/div><style type=\"text\/css\">.fusion-body .fusion-flex-container.fusion-builder-row-1{ padding-top : 0px;margin-top : -50px;padding-right : 0px;padding-bottom : 0px;margin-bottom : 0px;padding-left : 0px;}@media only screen and (max-width:1024px) {.fusion-body .fusion-flex-container.fusion-builder-row-1{ padding-top : 80px;}}<\/style><\/div><div class=\"fusion-fullwidth fullwidth-box fusion-builder-row-2 fusion-flex-container nonhundred-percent-fullwidth non-hundred-percent-height-scrolling fusion-no-large-visibility\" style=\"background-color: #ffffff;background-position: left top;background-repeat: no-repeat;border-width: 0px 0px 0px 0px;border-color:#eaeaea;border-style:solid;\" ><div class=\"fusion-builder-row fusion-row fusion-flex-align-items-flex-start\" style=\"max-width:1289.6px;margin-left: calc(-4% \/ 2 );margin-right: calc(-4% \/ 2 );\"><div class=\"fusion-layout-column fusion_builder_column fusion-builder-column-3 fusion_builder_column_1_2 1_2 fusion-flex-column fusion-animated\" data-animationType=\"fadeInLeft\" data-animationDuration=\"0.6\" data-animationOffset=\"100%\"><div class=\"fusion-column-wrapper fusion-flex-justify-content-flex-start fusion-content-layout-column\" style=\"background-position:center center;background-repeat:no-repeat;-webkit-background-size:cover;-moz-background-size:cover;-o-background-size:cover;background-size:cover;border-width: 1px 1px 1px 1px;border-color:#b6babe;border-style:solid;padding: 0% 0% 0% 0%;\"><div class=\"fusion-blog-shortcode fusion-blog-shortcode-2 fusion-blog-archive fusion-blog-layout-large fusion-blog-no klasa\"><div class=\"fusion-posts-container fusion-posts-container-no\" data-pages=\"469\"><article id=\"blog-2-post-45962\" class=\"fusion-post-large post-45962 post type-post status-publish format-standard has-post-thumbnail hentry category-finlandia category-energia-wiatrowa-offshore category-energia-wiatrowa-onshore category-opinie category-projekty category-regulatory-pl category-top-news-pl\">\n\t<style type=\"text\/css\">\n\t\t\n\t\t\n\t\t\n\t\t\n\t\t\t<\/style>\n\n\n\t\t\t<div class=\"fusion-flexslider flexslider fusion-flexslider-loading fusion-post-slideshow\" style=\"\">\n\t\t<ul class=\"slides\">\n\t\t\t\n\t\t\t\t\t\t\t\t\t\t\t\t\t\t<li>\n\n<div  class=\"fusion-image-wrapper\" aria-haspopup=\"true\">\n\t\n\t\n\t\t\t\n\t\t\t\t<a href=\"https:\/\/balticwind.eu\/pl\/finlandia-dysponuje-obecnie-ponad-10-gw-mocy-energii-wiatrowej-i-slonecznej\/\" aria-label=\"Finlandia dysponuje obecnie ponad 10 GW mocy energii wiatrowej i s\u0142onecznej\">\n\t\t\n\t\t\n\t\t\t\t\t<img width=\"1280\" height=\"853\" src=\"https:\/\/balticwind.eu\/wp-content\/uploads\/2024\/12\/wind-power-7436584_1280.jpg\" class=\"attachment-full size-full wp-post-image\" alt=\"Source: Pixabay\" decoding=\"async\" loading=\"lazy\" srcset=\"https:\/\/balticwind.eu\/wp-content\/uploads\/2024\/12\/wind-power-7436584_1280-200x133.jpg 200w, https:\/\/balticwind.eu\/wp-content\/uploads\/2024\/12\/wind-power-7436584_1280-400x267.jpg 400w, https:\/\/balticwind.eu\/wp-content\/uploads\/2024\/12\/wind-power-7436584_1280-600x400.jpg 600w, https:\/\/balticwind.eu\/wp-content\/uploads\/2024\/12\/wind-power-7436584_1280-800x533.jpg 800w, https:\/\/balticwind.eu\/wp-content\/uploads\/2024\/12\/wind-power-7436584_1280-1200x800.jpg 1200w, https:\/\/balticwind.eu\/wp-content\/uploads\/2024\/12\/wind-power-7436584_1280.jpg 1280w\" sizes=\"(max-width: 1024px) 100vw, (max-width: 640px) 100vw, 600px\" \/>\n\t\n\n\n\t\t\t\t<\/a>\n\t\t\n\t\n<\/div>\n<\/li>\n\t\t\t\n\t\t\t\n\t\t\t\t\t\t\t\t\t\t\t\t\t\t\t\t\t\t\t\t\t\t\t\t\t\t\t\t\t\t\t\t\t\t\t\t\t\t\t\t\t\t\t\t\t\t\t\t\t\t\t\t\t\t\t\t\t\t\t\t\t\t\t\t\t\t\t\t<\/ul>\n\t<\/div>\n\t<div class=\"fusion-post-content post-content\"><h2 class=\"blog-shortcode-post-title entry-title\"><a href=\"https:\/\/balticwind.eu\/pl\/finlandia-dysponuje-obecnie-ponad-10-gw-mocy-energii-wiatrowej-i-slonecznej\/\">Finlandia dysponuje obecnie ponad 10 GW mocy energii wiatrowej i s\u0142onecznej<\/a><\/h2><\/div><div class=\"fusion-clearfix\"><\/div><div class=\"fusion-meta-info\"><div class=\"fusion-alignleft\"><span class=\"vcard\" style=\"display: none;\"><span class=\"fn\"><a href=\"https:\/\/balticwind.eu\/pl\/author\/maja-moshotmail-com\/\" title=\"Wpisy od Maja Moskal\" rel=\"author\">Maja Moskal<\/a><\/span><\/span><span class=\"updated\" style=\"display:none;\">2026-04-20T10:05:26+02:00<\/span><a href=\"https:\/\/balticwind.eu\/pl\/category\/finlandia\/\" rel=\"category tag\">FINLANDIA<\/a>, <a href=\"https:\/\/balticwind.eu\/pl\/category\/energia-wiatrowa-offshore\/\" rel=\"category tag\">OFFSHORE<\/a>, <a href=\"https:\/\/balticwind.eu\/pl\/category\/energia-wiatrowa-onshore\/\" rel=\"category tag\">ONSHORE<\/a>, <a href=\"https:\/\/balticwind.eu\/pl\/category\/opinie\/\" rel=\"category tag\">OPINIE<\/a>, <a href=\"https:\/\/balticwind.eu\/pl\/category\/projekty\/\" rel=\"category tag\">PROJEKTY<\/a>, <a href=\"https:\/\/balticwind.eu\/pl\/category\/regulatory-pl\/\" rel=\"category tag\">REGULACJE<\/a>, <a href=\"https:\/\/balticwind.eu\/pl\/category\/top-news-pl\/\" rel=\"category tag\">TOP NEWS<\/a><span class=\"fusion-inline-sep\">|<\/span><\/div><\/div><\/article>\n<\/div><\/div><\/div><style type=\"text\/css\">.fusion-body .fusion-builder-column-3{width:50% !important;margin-top : 0px;margin-bottom : 20px;}.fusion-builder-column-3 > .fusion-column-wrapper {padding-top : 0% !important;padding-right : 0% !important;margin-right : 3.84%;padding-bottom : 0% !important;padding-left : 0% !important;margin-left : 3.84%;}@media only screen and (max-width:1024px) {.fusion-body .fusion-builder-column-3{width:100% !important;order : 0;}.fusion-builder-column-3 > .fusion-column-wrapper {margin-right : 1.92%;margin-left : 1.92%;}}@media only screen and (max-width:640px) {.fusion-body .fusion-builder-column-3{width:100% !important;order : 0;}.fusion-builder-column-3 > .fusion-column-wrapper {margin-right : 1.92%;margin-left : 1.92%;}}<\/style><\/div><div class=\"fusion-layout-column fusion_builder_column fusion-builder-column-4 fusion_builder_column_1_2 1_2 fusion-flex-column fusion-flex-align-self-flex-start fusion-column-no-min-height\"><div class=\"fusion-column-wrapper fusion-flex-justify-content-flex-start fusion-content-layout-column\" style=\"background-position:left top;background-repeat:no-repeat;-webkit-background-size:cover;-moz-background-size:cover;-o-background-size:cover;background-size:cover;padding: 0px 0px 0px 0px;\"><div class=\"fusion-recent-posts fusion-recent-posts-3 avada-container layout-thumbnails-on-side layout-columns-1 klasa\"><section class=\"fusion-columns columns fusion-columns-1 columns-1\"><article class=\"post fusion-column column col col-lg-12 col-md-12 col-sm-12 fusion-animated\" data-animationType=\"fadeInDown\" data-animationDuration=\"0.6\" data-animationOffset=\"100%\"><div class=\"fusion-flexslider fusion-flexslider-loading flexslider floated-slideshow flexslider-hover-type-zoomout\"><ul class=\"slides\"><li><a href=\"https:\/\/balticwind.eu\/pl\/ochrona-europejskich-farm-wiatrowych-nie-ma-bezpieczenstwa-energetycznego-bez-fizycznego-zabezpieczenia-infrastruktury-energetycznej\/\" aria-label=\"Ochrona europejskich farm wiatrowych: nie ma bezpiecze\u0144stwa energetycznego bez fizycznego zabezpieczenia infrastruktury energetycznej\" class=\"hover-type-zoomout\"><img width=\"200\" height=\"113\" src=\"https:\/\/balticwind.eu\/wp-content\/uploads\/2026\/04\/offshore-windfarm-200x113.jpg\" class=\"attachment-fusion-200 size-fusion-200\" alt=\"\" decoding=\"async\" srcset=\"https:\/\/balticwind.eu\/wp-content\/uploads\/2026\/04\/offshore-windfarm-200x113.jpg 200w, https:\/\/balticwind.eu\/wp-content\/uploads\/2026\/04\/offshore-windfarm-300x169.jpg 300w, https:\/\/balticwind.eu\/wp-content\/uploads\/2026\/04\/offshore-windfarm-400x225.jpg 400w, https:\/\/balticwind.eu\/wp-content\/uploads\/2026\/04\/offshore-windfarm-600x338.jpg 600w, https:\/\/balticwind.eu\/wp-content\/uploads\/2026\/04\/offshore-windfarm-768x432.jpg 768w, https:\/\/balticwind.eu\/wp-content\/uploads\/2026\/04\/offshore-windfarm-800x450.jpg 800w, https:\/\/balticwind.eu\/wp-content\/uploads\/2026\/04\/offshore-windfarm-1024x576.jpg 1024w, https:\/\/balticwind.eu\/wp-content\/uploads\/2026\/04\/offshore-windfarm.jpg 1200w\" sizes=\"(max-width: 200px) 100vw, 200px\" \/><\/a><\/li><\/ul><\/div><div class=\"recent-posts-content\"><span class=\"vcard\" style=\"display: none;\"><span class=\"fn\"><a href=\"https:\/\/balticwind.eu\/pl\/author\/maja-moshotmail-com\/\" title=\"Wpisy od Maja Moskal\" rel=\"author\">Maja Moskal<\/a><\/span><\/span><span class=\"updated\" style=\"display:none;\">2026-04-24T16:04:56+02:00<\/span><h4 class=\"entry-title\"><a style=\"color: #1f2a3b !important;\" href=\"https:\/\/balticwind.eu\/pl\/ochrona-europejskich-farm-wiatrowych-nie-ma-bezpieczenstwa-energetycznego-bez-fizycznego-zabezpieczenia-infrastruktury-energetycznej\/\">Ochrona europejskich farm wiatrowych: nie ma bezpiecze\u0144stwa energetycznego bez fizycznego zabezpieczenia infrastruktury energetycznej<\/a><\/h4><p class=\"meta\"><span class=\"vcard\" style=\"display: none;\"><span class=\"fn\"><a href=\"https:\/\/balticwind.eu\/pl\/author\/maja-moshotmail-com\/\" title=\"Wpisy od Maja Moskal\" rel=\"author\">Maja Moskal<\/a><\/span><\/span><span class=\"updated\" style=\"display:none;\">2026-04-24T16:04:56+02:00<\/span><a href=\"https:\/\/balticwind.eu\/pl\/category\/energia-wiatrowa-offshore\/\" rel=\"category tag\">OFFSHORE<\/a>, <a href=\"https:\/\/balticwind.eu\/pl\/category\/energia-wiatrowa-onshore\/\" rel=\"category tag\">ONSHORE<\/a>, <a href=\"https:\/\/balticwind.eu\/pl\/category\/opinie\/\" rel=\"category tag\">OPINIE<\/a>, <a href=\"https:\/\/balticwind.eu\/pl\/category\/projekty\/\" rel=\"category tag\">PROJEKTY<\/a>, <a href=\"https:\/\/balticwind.eu\/pl\/category\/regulatory-pl\/\" rel=\"category tag\">REGULACJE<\/a><span class=\"fusion-inline-sep\">|<\/span><\/p><\/div><\/article><article class=\"post fusion-column column col col-lg-12 col-md-12 col-sm-12 fusion-animated\" data-animationType=\"fadeInDown\" data-animationDuration=\"0.6\" data-animationOffset=\"100%\"><div class=\"fusion-flexslider fusion-flexslider-loading flexslider floated-slideshow flexslider-hover-type-zoomout\"><ul class=\"slides\"><li><a href=\"https:\/\/balticwind.eu\/pl\/pieciu-europejskich-operatorow-systemow-przesylowych-rozwaza-wspolprace-w-zakresie-infrastruktury-kabli-morskich-na-morzu-polnocnym\/\" aria-label=\"Pi\u0119ciu europejskich operator\u00f3w system\u00f3w przesy\u0142owych rozwa\u017ca wsp\u00f3\u0142prac\u0119 w zakresie infrastruktury kabli morskich na Morzu P\u00f3\u0142nocnym\" class=\"hover-type-zoomout\"><img width=\"200\" height=\"113\" src=\"https:\/\/balticwind.eu\/wp-content\/uploads\/2024\/07\/sterling-lanier-g_g6JLB9GjM-unsplash-200x113.jpg\" class=\"attachment-fusion-200 size-fusion-200\" alt=\"\" decoding=\"async\" srcset=\"https:\/\/balticwind.eu\/wp-content\/uploads\/2024\/07\/sterling-lanier-g_g6JLB9GjM-unsplash-200x113.jpg 200w, https:\/\/balticwind.eu\/wp-content\/uploads\/2024\/07\/sterling-lanier-g_g6JLB9GjM-unsplash-300x169.jpg 300w, https:\/\/balticwind.eu\/wp-content\/uploads\/2024\/07\/sterling-lanier-g_g6JLB9GjM-unsplash-400x225.jpg 400w, https:\/\/balticwind.eu\/wp-content\/uploads\/2024\/07\/sterling-lanier-g_g6JLB9GjM-unsplash-600x338.jpg 600w, https:\/\/balticwind.eu\/wp-content\/uploads\/2024\/07\/sterling-lanier-g_g6JLB9GjM-unsplash-768x432.jpg 768w, https:\/\/balticwind.eu\/wp-content\/uploads\/2024\/07\/sterling-lanier-g_g6JLB9GjM-unsplash-800x450.jpg 800w, https:\/\/balticwind.eu\/wp-content\/uploads\/2024\/07\/sterling-lanier-g_g6JLB9GjM-unsplash-1024x576.jpg 1024w, https:\/\/balticwind.eu\/wp-content\/uploads\/2024\/07\/sterling-lanier-g_g6JLB9GjM-unsplash-1200x675.jpg 1200w, https:\/\/balticwind.eu\/wp-content\/uploads\/2024\/07\/sterling-lanier-g_g6JLB9GjM-unsplash-1536x864.jpg 1536w\" sizes=\"(max-width: 200px) 100vw, 200px\" \/><\/a><\/li><\/ul><\/div><div class=\"recent-posts-content\"><span class=\"vcard\" style=\"display: none;\"><span class=\"fn\"><a href=\"https:\/\/balticwind.eu\/pl\/author\/maja-moshotmail-com\/\" title=\"Wpisy od Maja Moskal\" rel=\"author\">Maja Moskal<\/a><\/span><\/span><span class=\"updated\" style=\"display:none;\">2026-04-24T17:53:37+02:00<\/span><h4 class=\"entry-title\"><a style=\"color: #1f2a3b !important;\" href=\"https:\/\/balticwind.eu\/pl\/pieciu-europejskich-operatorow-systemow-przesylowych-rozwaza-wspolprace-w-zakresie-infrastruktury-kabli-morskich-na-morzu-polnocnym\/\">Pi\u0119ciu europejskich operator\u00f3w system\u00f3w przesy\u0142owych rozwa\u017ca wsp\u00f3\u0142prac\u0119 w zakresie infrastruktury kabli morskich na Morzu P\u00f3\u0142nocnym<\/a><\/h4><p class=\"meta\"><span class=\"vcard\" style=\"display: none;\"><span class=\"fn\"><a href=\"https:\/\/balticwind.eu\/pl\/author\/maja-moshotmail-com\/\" title=\"Wpisy od Maja Moskal\" rel=\"author\">Maja Moskal<\/a><\/span><\/span><span class=\"updated\" style=\"display:none;\">2026-04-24T17:53:37+02:00<\/span><a href=\"https:\/\/balticwind.eu\/pl\/category\/dania\/\" rel=\"category tag\">DANIA<\/a>, <a href=\"https:\/\/balticwind.eu\/pl\/category\/niemcy\/\" rel=\"category tag\">NIEMCY<\/a>, <a href=\"https:\/\/balticwind.eu\/pl\/category\/energia-wiatrowa-offshore\/\" rel=\"category tag\">OFFSHORE<\/a>, <a href=\"https:\/\/balticwind.eu\/pl\/category\/energia-wiatrowa-onshore\/\" rel=\"category tag\">ONSHORE<\/a>, <a href=\"https:\/\/balticwind.eu\/pl\/category\/opinie\/\" rel=\"category tag\">OPINIE<\/a>, <a href=\"https:\/\/balticwind.eu\/pl\/category\/projekty\/\" rel=\"category tag\">PROJEKTY<\/a>, <a href=\"https:\/\/balticwind.eu\/pl\/category\/regulatory-pl\/\" rel=\"category tag\">REGULACJE<\/a><span class=\"fusion-inline-sep\">|<\/span><\/p><\/div><\/article><article class=\"post fusion-column column col col-lg-12 col-md-12 col-sm-12 fusion-animated\" data-animationType=\"fadeInDown\" data-animationDuration=\"0.6\" data-animationOffset=\"100%\"><div class=\"fusion-flexslider fusion-flexslider-loading flexslider floated-slideshow flexslider-hover-type-zoomout\"><ul class=\"slides\"><li><a href=\"https:\/\/balticwind.eu\/pl\/europa-potrzebuje-energii-wytwarzanej-na-wlasnym-terenie-na-duza-skale-a-morska-energetyka-wiatrowa-przygotowuje-sie-do-jej-dostarczenia\/\" aria-label=\"Europa potrzebuje energii wytwarzanej na w\u0142asnym terenie na du\u017c\u0105 skal\u0119, a morska energetyka wiatrowa przygotowuje si\u0119 do jej dostarczenia\" class=\"hover-type-zoomout\"><img width=\"200\" height=\"113\" src=\"https:\/\/balticwind.eu\/wp-content\/uploads\/2026\/04\/germany-offshore-wind-dawn-dusk-purple-pink-sky-1200x675-1-200x113.jpg\" class=\"attachment-fusion-200 size-fusion-200\" alt=\"\" decoding=\"async\" srcset=\"https:\/\/balticwind.eu\/wp-content\/uploads\/2026\/04\/germany-offshore-wind-dawn-dusk-purple-pink-sky-1200x675-1-200x113.jpg 200w, https:\/\/balticwind.eu\/wp-content\/uploads\/2026\/04\/germany-offshore-wind-dawn-dusk-purple-pink-sky-1200x675-1-300x169.jpg 300w, https:\/\/balticwind.eu\/wp-content\/uploads\/2026\/04\/germany-offshore-wind-dawn-dusk-purple-pink-sky-1200x675-1-400x225.jpg 400w, https:\/\/balticwind.eu\/wp-content\/uploads\/2026\/04\/germany-offshore-wind-dawn-dusk-purple-pink-sky-1200x675-1-600x338.jpg 600w, https:\/\/balticwind.eu\/wp-content\/uploads\/2026\/04\/germany-offshore-wind-dawn-dusk-purple-pink-sky-1200x675-1-768x432.jpg 768w, https:\/\/balticwind.eu\/wp-content\/uploads\/2026\/04\/germany-offshore-wind-dawn-dusk-purple-pink-sky-1200x675-1-800x450.jpg 800w, https:\/\/balticwind.eu\/wp-content\/uploads\/2026\/04\/germany-offshore-wind-dawn-dusk-purple-pink-sky-1200x675-1-1024x576.jpg 1024w, https:\/\/balticwind.eu\/wp-content\/uploads\/2026\/04\/germany-offshore-wind-dawn-dusk-purple-pink-sky-1200x675-1.jpg 1200w\" sizes=\"(max-width: 200px) 100vw, 200px\" \/><\/a><\/li><\/ul><\/div><div class=\"recent-posts-content\"><span class=\"vcard\" style=\"display: none;\"><span class=\"fn\"><a href=\"https:\/\/balticwind.eu\/pl\/author\/maja-moshotmail-com\/\" title=\"Wpisy od Maja Moskal\" rel=\"author\">Maja Moskal<\/a><\/span><\/span><span class=\"updated\" style=\"display:none;\">2026-04-24T16:08:04+02:00<\/span><h4 class=\"entry-title\"><a style=\"color: #1f2a3b !important;\" href=\"https:\/\/balticwind.eu\/pl\/europa-potrzebuje-energii-wytwarzanej-na-wlasnym-terenie-na-duza-skale-a-morska-energetyka-wiatrowa-przygotowuje-sie-do-jej-dostarczenia\/\">Europa potrzebuje energii wytwarzanej na w\u0142asnym terenie na du\u017c\u0105 skal\u0119, a morska energetyka wiatrowa przygotowuje si\u0119 do jej dostarczenia<\/a><\/h4><p class=\"meta\"><span class=\"vcard\" style=\"display: none;\"><span class=\"fn\"><a href=\"https:\/\/balticwind.eu\/pl\/author\/maja-moshotmail-com\/\" title=\"Wpisy od Maja Moskal\" rel=\"author\">Maja Moskal<\/a><\/span><\/span><span class=\"updated\" style=\"display:none;\">2026-04-24T16:08:04+02:00<\/span><a href=\"https:\/\/balticwind.eu\/pl\/category\/dania\/\" rel=\"category tag\">DANIA<\/a>, <a href=\"https:\/\/balticwind.eu\/pl\/category\/estonia-pl\/\" rel=\"category tag\">ESTONIA<\/a>, <a href=\"https:\/\/balticwind.eu\/pl\/category\/finlandia\/\" rel=\"category tag\">FINLANDIA<\/a>, <a href=\"https:\/\/balticwind.eu\/pl\/category\/litwa\/\" rel=\"category tag\">LITWA<\/a>, <a href=\"https:\/\/balticwind.eu\/pl\/category\/lotwa\/\" rel=\"category tag\">\u0141OTWA<\/a>, <a href=\"https:\/\/balticwind.eu\/pl\/category\/niemcy\/\" rel=\"category tag\">NIEMCY<\/a>, <a href=\"https:\/\/balticwind.eu\/pl\/category\/energia-wiatrowa-offshore\/\" rel=\"category tag\">OFFSHORE<\/a>, <a href=\"https:\/\/balticwind.eu\/pl\/category\/polska\/\" rel=\"category tag\">POLSKA<\/a>, <a href=\"https:\/\/balticwind.eu\/pl\/category\/regulatory-pl\/\" rel=\"category tag\">REGULACJE<\/a>, <a href=\"https:\/\/balticwind.eu\/pl\/category\/szwecja\/\" rel=\"category tag\">SZWECJA<\/a><span class=\"fusion-inline-sep\">|<\/span><\/p><\/div><\/article><article class=\"post fusion-column column col col-lg-12 col-md-12 col-sm-12 fusion-animated\" data-animationType=\"fadeInDown\" data-animationDuration=\"0.6\" data-animationOffset=\"100%\"><div class=\"fusion-flexslider fusion-flexslider-loading flexslider floated-slideshow flexslider-hover-type-zoomout\"><ul class=\"slides\"><li><a href=\"https:\/\/balticwind.eu\/pl\/blisko-1300-uczniow-z-pomorza-poznaje-morska-energetyke-wiatrowa\/\" aria-label=\"Blisko 1300 uczni\u00f3w z Pomorza poznaje morsk\u0105 energetyk\u0119 wiatrow\u0105\" class=\"hover-type-zoomout\"><img width=\"200\" height=\"133\" src=\"https:\/\/balticwind.eu\/wp-content\/uploads\/2026\/04\/0-200x133.jpg\" class=\"attachment-fusion-200 size-fusion-200\" alt=\"\" decoding=\"async\" srcset=\"https:\/\/balticwind.eu\/wp-content\/uploads\/2026\/04\/0-200x133.jpg 200w, https:\/\/balticwind.eu\/wp-content\/uploads\/2026\/04\/0-300x200.jpg 300w, https:\/\/balticwind.eu\/wp-content\/uploads\/2026\/04\/0-400x267.jpg 400w, https:\/\/balticwind.eu\/wp-content\/uploads\/2026\/04\/0-600x400.jpg 600w, https:\/\/balticwind.eu\/wp-content\/uploads\/2026\/04\/0-768x512.jpg 768w, https:\/\/balticwind.eu\/wp-content\/uploads\/2026\/04\/0-800x533.jpg 800w, https:\/\/balticwind.eu\/wp-content\/uploads\/2026\/04\/0-1024x683.jpg 1024w, https:\/\/balticwind.eu\/wp-content\/uploads\/2026\/04\/0-1200x800.jpg 1200w, https:\/\/balticwind.eu\/wp-content\/uploads\/2026\/04\/0-1536x1024.jpg 1536w, https:\/\/balticwind.eu\/wp-content\/uploads\/2026\/04\/0.jpg 1660w\" sizes=\"(max-width: 200px) 100vw, 200px\" \/><\/a><\/li><\/ul><\/div><div class=\"recent-posts-content\"><span class=\"vcard\" style=\"display: none;\"><span class=\"fn\"><a href=\"https:\/\/balticwind.eu\/pl\/author\/maja-moshotmail-com\/\" title=\"Wpisy od Maja Moskal\" rel=\"author\">Maja Moskal<\/a><\/span><\/span><span class=\"updated\" style=\"display:none;\">2026-04-24T16:01:55+02:00<\/span><h4 class=\"entry-title\"><a style=\"color: #1f2a3b !important;\" href=\"https:\/\/balticwind.eu\/pl\/blisko-1300-uczniow-z-pomorza-poznaje-morska-energetyke-wiatrowa\/\">Blisko 1300 uczni\u00f3w z Pomorza poznaje morsk\u0105 energetyk\u0119 wiatrow\u0105<\/a><\/h4><p class=\"meta\"><span class=\"vcard\" style=\"display: none;\"><span class=\"fn\"><a href=\"https:\/\/balticwind.eu\/pl\/author\/maja-moshotmail-com\/\" title=\"Wpisy od Maja Moskal\" rel=\"author\">Maja Moskal<\/a><\/span><\/span><span class=\"updated\" style=\"display:none;\">2026-04-24T16:01:55+02:00<\/span><a href=\"https:\/\/balticwind.eu\/pl\/category\/energia-wiatrowa-offshore\/\" rel=\"category tag\">OFFSHORE<\/a>, <a href=\"https:\/\/balticwind.eu\/pl\/category\/polska\/\" rel=\"category tag\">POLSKA<\/a>, <a href=\"https:\/\/balticwind.eu\/pl\/category\/projekty\/\" rel=\"category tag\">PROJEKTY<\/a><span class=\"fusion-inline-sep\">|<\/span><\/p><\/div><\/article><article class=\"post fusion-column column col col-lg-12 col-md-12 col-sm-12 fusion-animated\" data-animationType=\"fadeInDown\" data-animationDuration=\"0.6\" data-animationOffset=\"100%\"><div class=\"fusion-flexslider fusion-flexslider-loading flexslider floated-slideshow flexslider-hover-type-zoomout\"><ul class=\"slides\"><li><a href=\"https:\/\/balticwind.eu\/pl\/europejczycy-w-tym-polacy-przeceniaja-niezaleznosc-energetyczna-swoich-krajow-wynika-z-badania-orsted\/\" aria-label=\"Europejczycy, w tym Polacy, przeceniaj\u0105 niezale\u017cno\u015b\u0107 energetyczn\u0105 swoich kraj\u00f3w &#8211; wynika z badania \u00d8rsted\" class=\"hover-type-zoomout\"><img width=\"200\" height=\"112\" src=\"https:\/\/balticwind.eu\/wp-content\/uploads\/2024\/07\/karsten-wurth-ZKWgoRUYuMk-unsplash-200x112.jpg\" class=\"attachment-fusion-200 size-fusion-200\" alt=\"Source: Unsplash\" decoding=\"async\" srcset=\"https:\/\/balticwind.eu\/wp-content\/uploads\/2024\/07\/karsten-wurth-ZKWgoRUYuMk-unsplash-200x112.jpg 200w, https:\/\/balticwind.eu\/wp-content\/uploads\/2024\/07\/karsten-wurth-ZKWgoRUYuMk-unsplash-300x169.jpg 300w, https:\/\/balticwind.eu\/wp-content\/uploads\/2024\/07\/karsten-wurth-ZKWgoRUYuMk-unsplash-400x225.jpg 400w, https:\/\/balticwind.eu\/wp-content\/uploads\/2024\/07\/karsten-wurth-ZKWgoRUYuMk-unsplash-600x337.jpg 600w, https:\/\/balticwind.eu\/wp-content\/uploads\/2024\/07\/karsten-wurth-ZKWgoRUYuMk-unsplash-768x432.jpg 768w, https:\/\/balticwind.eu\/wp-content\/uploads\/2024\/07\/karsten-wurth-ZKWgoRUYuMk-unsplash-800x450.jpg 800w, https:\/\/balticwind.eu\/wp-content\/uploads\/2024\/07\/karsten-wurth-ZKWgoRUYuMk-unsplash-1024x576.jpg 1024w, https:\/\/balticwind.eu\/wp-content\/uploads\/2024\/07\/karsten-wurth-ZKWgoRUYuMk-unsplash-1200x675.jpg 1200w, https:\/\/balticwind.eu\/wp-content\/uploads\/2024\/07\/karsten-wurth-ZKWgoRUYuMk-unsplash-1536x864.jpg 1536w\" sizes=\"(max-width: 200px) 100vw, 200px\" \/><\/a><\/li><\/ul><\/div><div class=\"recent-posts-content\"><span class=\"vcard\" style=\"display: none;\"><span class=\"fn\"><a href=\"https:\/\/balticwind.eu\/pl\/author\/maja-moshotmail-com\/\" title=\"Wpisy od Maja Moskal\" rel=\"author\">Maja Moskal<\/a><\/span><\/span><span class=\"updated\" style=\"display:none;\">2026-04-23T11:45:49+02:00<\/span><h4 class=\"entry-title\"><a style=\"color: #1f2a3b !important;\" href=\"https:\/\/balticwind.eu\/pl\/europejczycy-w-tym-polacy-przeceniaja-niezaleznosc-energetyczna-swoich-krajow-wynika-z-badania-orsted\/\">Europejczycy, w tym Polacy, przeceniaj\u0105 niezale\u017cno\u015b\u0107 energetyczn\u0105 swoich kraj\u00f3w &#8211; wynika z badania \u00d8rsted<\/a><\/h4><p class=\"meta\"><span class=\"vcard\" style=\"display: none;\"><span class=\"fn\"><a href=\"https:\/\/balticwind.eu\/pl\/author\/maja-moshotmail-com\/\" title=\"Wpisy od Maja Moskal\" rel=\"author\">Maja Moskal<\/a><\/span><\/span><span class=\"updated\" style=\"display:none;\">2026-04-23T11:45:49+02:00<\/span><a href=\"https:\/\/balticwind.eu\/pl\/category\/energia-wiatrowa-offshore\/\" rel=\"category tag\">OFFSHORE<\/a>, <a href=\"https:\/\/balticwind.eu\/pl\/category\/energia-wiatrowa-onshore\/\" rel=\"category tag\">ONSHORE<\/a>, <a href=\"https:\/\/balticwind.eu\/pl\/category\/opinie\/\" rel=\"category tag\">OPINIE<\/a>, <a href=\"https:\/\/balticwind.eu\/pl\/category\/polska\/\" rel=\"category tag\">POLSKA<\/a>, <a href=\"https:\/\/balticwind.eu\/pl\/category\/projekty\/\" rel=\"category tag\">PROJEKTY<\/a>, <a href=\"https:\/\/balticwind.eu\/pl\/category\/regulatory-pl\/\" rel=\"category tag\">REGULACJE<\/a><span class=\"fusion-inline-sep\">|<\/span><\/p><\/div><\/article><article class=\"post fusion-column column col col-lg-12 col-md-12 col-sm-12 fusion-animated\" data-animationType=\"fadeInDown\" data-animationDuration=\"0.6\" data-animationOffset=\"100%\"><div class=\"fusion-flexslider fusion-flexslider-loading flexslider floated-slideshow flexslider-hover-type-zoomout\"><ul class=\"slides\"><li><a href=\"https:\/\/balticwind.eu\/pl\/tak-trudno-jak-jest-teraz-jeszcze-nie-bylo-eksperci-o-barierach-dla-ladowej-energetyki-wiatrowej-podczas-panelu-dyskusyjnego-na-europejskim-kongresie-gospodarczym-w-katowicach\/\" aria-label=\"\u201cTak trudno, jak jest teraz, jeszcze nie by\u0142o\u201d &#8211; eksperci o barierach dla l\u0105dowej energetyki wiatrowej podczas panelu dyskusyjnego na Europejskim Kongresie Gospodarczym w Katowicach\" class=\"hover-type-zoomout\"><img width=\"200\" height=\"132\" src=\"https:\/\/balticwind.eu\/wp-content\/uploads\/2024\/12\/wind-energy-7394705_1280-200x132.jpg\" class=\"attachment-fusion-200 size-fusion-200\" alt=\"Source: Pixabay\" decoding=\"async\" srcset=\"https:\/\/balticwind.eu\/wp-content\/uploads\/2024\/12\/wind-energy-7394705_1280-200x132.jpg 200w, https:\/\/balticwind.eu\/wp-content\/uploads\/2024\/12\/wind-energy-7394705_1280-300x198.jpg 300w, https:\/\/balticwind.eu\/wp-content\/uploads\/2024\/12\/wind-energy-7394705_1280-400x264.jpg 400w, https:\/\/balticwind.eu\/wp-content\/uploads\/2024\/12\/wind-energy-7394705_1280-600x396.jpg 600w, https:\/\/balticwind.eu\/wp-content\/uploads\/2024\/12\/wind-energy-7394705_1280-768x506.jpg 768w, https:\/\/balticwind.eu\/wp-content\/uploads\/2024\/12\/wind-energy-7394705_1280-800x528.jpg 800w, https:\/\/balticwind.eu\/wp-content\/uploads\/2024\/12\/wind-energy-7394705_1280-1024x675.jpg 1024w, https:\/\/balticwind.eu\/wp-content\/uploads\/2024\/12\/wind-energy-7394705_1280-1200x791.jpg 1200w, https:\/\/balticwind.eu\/wp-content\/uploads\/2024\/12\/wind-energy-7394705_1280.jpg 1280w\" sizes=\"(max-width: 200px) 100vw, 200px\" \/><\/a><\/li><\/ul><\/div><div class=\"recent-posts-content\"><span class=\"vcard\" style=\"display: none;\"><span class=\"fn\"><a href=\"https:\/\/balticwind.eu\/pl\/author\/maja-moshotmail-com\/\" title=\"Wpisy od Maja Moskal\" rel=\"author\">Maja Moskal<\/a><\/span><\/span><span class=\"updated\" style=\"display:none;\">2026-04-23T11:55:41+02:00<\/span><h4 class=\"entry-title\"><a style=\"color: #1f2a3b !important;\" href=\"https:\/\/balticwind.eu\/pl\/tak-trudno-jak-jest-teraz-jeszcze-nie-bylo-eksperci-o-barierach-dla-ladowej-energetyki-wiatrowej-podczas-panelu-dyskusyjnego-na-europejskim-kongresie-gospodarczym-w-katowicach\/\">\u201cTak trudno, jak jest teraz, jeszcze nie by\u0142o\u201d &#8211; eksperci o barierach dla l\u0105dowej energetyki wiatrowej podczas panelu dyskusyjnego na Europejskim Kongresie Gospodarczym w Katowicach<\/a><\/h4><p class=\"meta\"><span class=\"vcard\" style=\"display: none;\"><span class=\"fn\"><a href=\"https:\/\/balticwind.eu\/pl\/author\/maja-moshotmail-com\/\" title=\"Wpisy od Maja Moskal\" rel=\"author\">Maja Moskal<\/a><\/span><\/span><span class=\"updated\" style=\"display:none;\">2026-04-23T11:55:41+02:00<\/span><a href=\"https:\/\/balticwind.eu\/pl\/category\/energia-wiatrowa-offshore\/\" rel=\"category tag\">OFFSHORE<\/a>, <a href=\"https:\/\/balticwind.eu\/pl\/category\/energia-wiatrowa-onshore\/\" rel=\"category tag\">ONSHORE<\/a>, <a href=\"https:\/\/balticwind.eu\/pl\/category\/opinie\/\" rel=\"category tag\">OPINIE<\/a>, <a href=\"https:\/\/balticwind.eu\/pl\/category\/polska\/\" rel=\"category tag\">POLSKA<\/a>, <a href=\"https:\/\/balticwind.eu\/pl\/category\/projekty\/\" rel=\"category tag\">PROJEKTY<\/a>, <a href=\"https:\/\/balticwind.eu\/pl\/category\/regulatory-pl\/\" rel=\"category tag\">REGULACJE<\/a><span class=\"fusion-inline-sep\">|<\/span><\/p><\/div><\/article><\/section><\/div><\/div><style type=\"text\/css\">.fusion-body .fusion-builder-column-4{width:50% !important;margin-top : 0px;margin-bottom : 0px;}.fusion-builder-column-4 > .fusion-column-wrapper {padding-top : 0px !important;padding-right : 0px !important;margin-right : 2.56%;padding-bottom : 0px !important;padding-left : 0px !important;margin-left : 3.84%;}@media only screen and (max-width:1024px) {.fusion-body .fusion-builder-column-4{width:100% !important;order : 0;}.fusion-builder-column-4 > .fusion-column-wrapper {margin-right : 1.92%;margin-left : 1.92%;}}@media only screen and (max-width:640px) {.fusion-body .fusion-builder-column-4{width:100% !important;order : 0;}.fusion-builder-column-4 > .fusion-column-wrapper {margin-right : 1.92%;margin-left : 1.92%;}}<\/style><\/div><div class=\"fusion-layout-column fusion_builder_column fusion-builder-column-5 fusion_builder_column_1_1 1_1 fusion-flex-column fusion-flex-align-self-flex-start fusion-column-no-min-height\"><div class=\"fusion-column-wrapper fusion-flex-justify-content-flex-start fusion-content-layout-column\" style=\"background-position:left top;background-repeat:no-repeat;-webkit-background-size:cover;-moz-background-size:cover;-o-background-size:cover;background-size:cover;padding: 0px 0px 0px 0px;\"><\/div><style type=\"text\/css\">.fusion-body .fusion-builder-column-5{width:100% !important;margin-top : 0px;margin-bottom : 0px;}.fusion-builder-column-5 > .fusion-column-wrapper {padding-top : 0px !important;padding-right : 0px !important;margin-right : 1.92%;padding-bottom : 0px !important;padding-left : 0px !important;margin-left : 1.92%;}@media only screen and (max-width:1024px) {.fusion-body .fusion-builder-column-5{width:100% !important;}.fusion-builder-column-5 > .fusion-column-wrapper {margin-right : 1.92%;margin-left : 1.92%;}}@media only screen and (max-width:640px) {.fusion-body .fusion-builder-column-5{width:100% !important;}.fusion-builder-column-5 > .fusion-column-wrapper {margin-right : 1.92%;margin-left : 1.92%;}}<\/style><\/div><\/div><style type=\"text\/css\">.fusion-body .fusion-flex-container.fusion-builder-row-2{ padding-top : 5px;margin-top : 0px;padding-right : 0px;padding-bottom : 0px;margin-bottom : 0px;padding-left : 0px;}@media only screen and (max-width:1024px) {.fusion-body .fusion-flex-container.fusion-builder-row-2{ padding-top : 80px;}}<\/style><\/div><div class=\"fusion-fullwidth fullwidth-box fusion-builder-row-3 fusion-flex-container nonhundred-percent-fullwidth non-hundred-percent-height-scrolling fusion-no-small-visibility fusion-no-medium-visibility\" style=\"background-color: #ffffff;background-position: left top;background-repeat: no-repeat;border-width: 0px 0px 0px 0px;border-color:#eaeaea;border-style:solid;\" ><div class=\"fusion-builder-row fusion-row fusion-flex-align-items-center fusion-flex-align-content-center fusion-flex-justify-content-center\" style=\"max-width:1289.6px;margin-left: calc(-4% \/ 2 );margin-right: calc(-4% \/ 2 );\"><div class=\"fusion-layout-column fusion_builder_column fusion-builder-column-6 fusion_builder_column_1_1 1_1 fusion-flex-column\"><div class=\"fusion-column-wrapper fusion-flex-justify-content-flex-start fusion-content-layout-column\" style=\"background-position:left top;background-repeat:no-repeat;-webkit-background-size:cover;-moz-background-size:cover;-o-background-size:cover;background-size:cover;padding: 0px 0px 0px 0px;\"><div class=\"fusion-separator fusion-full-width-sep\" style=\"align-self: center;margin-left: auto;margin-right: auto;margin-top:0px;margin-bottom:0px;width:100%;max-width:100%;\"><div class=\"fusion-separator-border sep-single sep-solid\" style=\"border-color:#1f2a3b;border-top-width:12px;\"><\/div><\/div><style type=\"text\/css\">@media only screen and (max-width:1024px) {.fusion-title.fusion-title-1{margin-top:10px!important; margin-right:0px!important;margin-bottom:0px!important;margin-left:0px!important;}}@media only screen and (max-width:640px) {.fusion-title.fusion-title-1{margin-top:0px!important; margin-right:0px!important;margin-bottom:20px!important; margin-left:0px!important;}}<\/style><div class=\"fusion-title title fusion-title-1 fusion-title-center fusion-title-text fusion-title-size-three\" style=\"font-size:22px;margin-top:10px;margin-right:0px;margin-bottom:0px;margin-left:0px;\"><div class=\"title-sep-container title-sep-container-left\"><div class=\"title-sep sep-\" style=\"border-color:#eaeaea;\"><\/div><\/div><h3 class=\"title-heading-center fusion-responsive-typography-calculated\" style=\"margin:0;font-size:1em;--fontSize:22;line-height:1.45;\">PARTNERZY STRATEGICZNI<\/h3><div class=\"title-sep-container title-sep-container-right\"><div class=\"title-sep sep-\" style=\"border-color:#eaeaea;\"><\/div><\/div><\/div><\/div><style type=\"text\/css\">.fusion-body .fusion-builder-column-6{width:100% !important;margin-top : 0px;margin-bottom : 0px;}.fusion-builder-column-6 > .fusion-column-wrapper {padding-top : 0px !important;padding-right : 0px !important;margin-right : 1.92%;padding-bottom : 0px !important;padding-left : 0px !important;margin-left : 1.92%;}@media only screen and (max-width:1024px) {.fusion-body .fusion-builder-column-6{width:100% !important;order : 0;}.fusion-builder-column-6 > .fusion-column-wrapper {margin-right : 1.92%;margin-left : 1.92%;}}@media only screen and (max-width:640px) {.fusion-body .fusion-builder-column-6{width:100% !important;order : 0;}.fusion-builder-column-6 > .fusion-column-wrapper {margin-right : 1.92%;margin-left : 1.92%;}}<\/style><\/div><div class=\"fusion-layout-column fusion_builder_column fusion-builder-column-7 fusion_builder_column_1_3 1_3 fusion-flex-column fusion-flex-align-self-center\"><div class=\"fusion-column-wrapper fusion-flex-justify-content-center fusion-content-layout-column\" style=\"background-position:left top;background-repeat:no-repeat;-webkit-background-size:cover;-moz-background-size:cover;-o-background-size:cover;background-size:cover;padding: 0px 0px 0px 0px;\"><div class=\"fusion-builder-row fusion-builder-row-inner fusion-row fusion-flex-align-items-center fusion-flex-align-content-center fusion-flex-justify-content-center\" style=\"width:104% !important;max-width:104% !important;margin-left: calc(-4% \/ 2 );margin-right: calc(-4% \/ 2 );\"><div class=\"fusion-layout-column fusion_builder_column_inner fusion-builder-nested-column-0 fusion-flex-column\"><div class=\"fusion-column-wrapper fusion-flex-justify-content-flex-start fusion-content-layout-column\" style=\"background-position:left top;background-repeat:no-repeat;-webkit-background-size:cover;-moz-background-size:cover;-o-background-size:cover;background-size:cover;padding: 0px 0px 0px 0px;\"><\/div><style type=\"text\/css\">.fusion-body .fusion-builder-nested-column-0{width:30% !important;margin-top : 0px;margin-bottom : 20px;}.fusion-builder-nested-column-0 > .fusion-column-wrapper {padding-top : 0px !important;padding-right : 0px !important;margin-right : 6.4%;padding-bottom : 0px !important;padding-left : 0px !important;margin-left : 6.4%;}@media only screen and (max-width:1024px) {.fusion-body .fusion-builder-nested-column-0{width:100% !important;order : 0;}.fusion-builder-nested-column-0 > .fusion-column-wrapper {margin-right : 1.92%;margin-left : 1.92%;}}@media only screen and (max-width:640px) {.fusion-body .fusion-builder-nested-column-0{width:100% !important;order : 0;}.fusion-builder-nested-column-0 > .fusion-column-wrapper {margin-right : 1.92%;margin-left : 1.92%;}}<\/style><\/div><div class=\"fusion-layout-column fusion_builder_column_inner fusion-builder-nested-column-1 fusion-flex-column\"><div class=\"fusion-column-wrapper fusion-flex-justify-content-flex-start fusion-content-layout-column\" style=\"background-position:left top;background-repeat:no-repeat;-webkit-background-size:cover;-moz-background-size:cover;-o-background-size:cover;background-size:cover;padding: 0px 0px 0px 0px;\"><div ><span class=\" fusion-imageframe imageframe-none imageframe-1 hover-type-none\"><a class=\"fusion-no-lightbox\" href=\"https:\/\/www.balticpower.pl\/en\/\" target=\"_self\" aria-label=\"Logo_Baltic_PowerORLENNP_NEW_rgb_mono-01-1\"><img decoding=\"async\" width=\"198\" height=\"216\" src=\"https:\/\/balticwind.eu\/wp-content\/uploads\/2023\/04\/Logo_Baltic_PowerORLENNP_NEW_rgb_mono-01-1.svg\" class=\"img-responsive wp-image-25360\"\/><\/a><\/span><\/div><\/div><style type=\"text\/css\">.fusion-body .fusion-builder-nested-column-1{width:70% !important;margin-top : 0px;margin-bottom : 20px;}.fusion-builder-nested-column-1 > .fusion-column-wrapper {padding-top : 0px !important;padding-right : 0px !important;margin-right : 2.7428571428571%;padding-bottom : 0px !important;padding-left : 0px !important;margin-left : 2.7428571428571%;}@media only screen and (max-width:1024px) {.fusion-body .fusion-builder-nested-column-1{width:100% !important;order : 0;}.fusion-builder-nested-column-1 > .fusion-column-wrapper {margin-right : 1.92%;margin-left : 1.92%;}}@media only screen and (max-width:640px) {.fusion-body .fusion-builder-nested-column-1{width:100% !important;order : 0;}.fusion-builder-nested-column-1 > .fusion-column-wrapper {margin-right : 1.92%;margin-left : 1.92%;}}<\/style><\/div><\/div><\/div><style type=\"text\/css\">.fusion-body .fusion-builder-column-7{width:33.333333333333% !important;margin-top : 0px;margin-bottom : 0px;}.fusion-builder-column-7 > .fusion-column-wrapper {padding-top : 0px !important;padding-right : 0px !important;margin-right : 5.76%;padding-bottom : 0px !important;padding-left : 0px !important;margin-left : 5.76%;}@media only screen and (max-width:1024px) {.fusion-body .fusion-builder-column-7{width:100% !important;order : 0;}.fusion-builder-column-7 > .fusion-column-wrapper {margin-right : 1.92%;margin-left : 1.92%;}}@media only screen and (max-width:640px) {.fusion-body .fusion-builder-column-7{width:100% !important;order : 0;}.fusion-builder-column-7 > .fusion-column-wrapper {margin-right : 1.92%;margin-left : 1.92%;}}<\/style><\/div><div class=\"fusion-layout-column fusion_builder_column fusion-builder-column-8 fusion_builder_column_1_3 1_3 fusion-flex-column fusion-flex-align-self-center\"><div class=\"fusion-column-wrapper fusion-flex-justify-content-center fusion-content-layout-column\" style=\"background-position:left top;background-repeat:no-repeat;-webkit-background-size:cover;-moz-background-size:cover;-o-background-size:cover;background-size:cover;padding: 0px 0px 0px 0px;\"><div ><span class=\" fusion-imageframe imageframe-none imageframe-2 hover-type-none\"><a class=\"fusion-no-lightbox\" href=\"https:\/\/neptun.orlen.pl\/en\" target=\"_self\" aria-label=\"ORLEN Neptun LOGO RGB\"><img decoding=\"async\" width=\"1814\" height=\"702\" src=\"https:\/\/balticwind.eu\/wp-content\/uploads\/2023\/04\/ORLEN-Neptun-LOGO-RGB.png\" class=\"img-responsive wp-image-25362\" srcset=\"https:\/\/balticwind.eu\/wp-content\/uploads\/2023\/04\/ORLEN-Neptun-LOGO-RGB-200x77.png 200w, https:\/\/balticwind.eu\/wp-content\/uploads\/2023\/04\/ORLEN-Neptun-LOGO-RGB-400x155.png 400w, https:\/\/balticwind.eu\/wp-content\/uploads\/2023\/04\/ORLEN-Neptun-LOGO-RGB-600x232.png 600w, https:\/\/balticwind.eu\/wp-content\/uploads\/2023\/04\/ORLEN-Neptun-LOGO-RGB-800x310.png 800w, https:\/\/balticwind.eu\/wp-content\/uploads\/2023\/04\/ORLEN-Neptun-LOGO-RGB-1200x464.png 1200w, https:\/\/balticwind.eu\/wp-content\/uploads\/2023\/04\/ORLEN-Neptun-LOGO-RGB.png 1814w\" sizes=\"(max-width: 1024px) 100vw, (max-width: 640px) 100vw, 400px\" \/><\/a><\/span><\/div><\/div><style type=\"text\/css\">.fusion-body .fusion-builder-column-8{width:33.333333333333% !important;margin-top : 0px;margin-bottom : 0px;}.fusion-builder-column-8 > .fusion-column-wrapper {padding-top : 0px !important;padding-right : 0px !important;margin-right : 5.76%;padding-bottom : 0px !important;padding-left : 0px !important;margin-left : 5.76%;}@media only screen and (max-width:1024px) {.fusion-body .fusion-builder-column-8{width:100% !important;order : 0;}.fusion-builder-column-8 > .fusion-column-wrapper {margin-right : 1.92%;margin-left : 1.92%;}}@media only screen and (max-width:640px) {.fusion-body .fusion-builder-column-8{width:100% !important;order : 0;}.fusion-builder-column-8 > .fusion-column-wrapper {margin-right : 1.92%;margin-left : 1.92%;}}<\/style><\/div><div class=\"fusion-layout-column fusion_builder_column fusion-builder-column-9 fusion_builder_column_1_3 1_3 fusion-flex-column fusion-flex-align-self-center\"><div class=\"fusion-column-wrapper fusion-flex-justify-content-center fusion-content-layout-column\" style=\"background-position:left top;background-repeat:no-repeat;-webkit-background-size:cover;-moz-background-size:cover;-o-background-size:cover;background-size:cover;padding: 0px 0px 0px 0px;\"><div class=\"fusion-builder-row fusion-builder-row-inner fusion-row fusion-flex-align-items-center fusion-flex-align-content-center fusion-flex-justify-content-center\" style=\"width:104% !important;max-width:104% !important;margin-left: calc(-4% \/ 2 );margin-right: calc(-4% \/ 2 );\"><div class=\"fusion-layout-column fusion_builder_column_inner fusion-builder-nested-column-2 fusion-flex-column\"><div class=\"fusion-column-wrapper fusion-flex-justify-content-flex-start fusion-content-layout-column\" style=\"background-position:left top;background-repeat:no-repeat;-webkit-background-size:cover;-moz-background-size:cover;-o-background-size:cover;background-size:cover;padding: 0px 0px 0px 0px;\"><div ><span class=\" fusion-imageframe imageframe-none imageframe-3 hover-type-none\"><a class=\"fusion-no-lightbox\" href=\"https:\/\/www.balticpower.pl\/en\/\" target=\"_self\" aria-label=\"logo-PGE-BALTICA-pion-RGB\"><img decoding=\"async\" width=\"777\" height=\"574\" src=\"https:\/\/balticwind.eu\/wp-content\/uploads\/2025\/02\/logo-PGE-BALTICA-pion-RGB.jpg\" class=\"img-responsive wp-image-41781\" srcset=\"https:\/\/balticwind.eu\/wp-content\/uploads\/2025\/02\/logo-PGE-BALTICA-pion-RGB-200x148.jpg 200w, https:\/\/balticwind.eu\/wp-content\/uploads\/2025\/02\/logo-PGE-BALTICA-pion-RGB-400x295.jpg 400w, https:\/\/balticwind.eu\/wp-content\/uploads\/2025\/02\/logo-PGE-BALTICA-pion-RGB-600x443.jpg 600w, https:\/\/balticwind.eu\/wp-content\/uploads\/2025\/02\/logo-PGE-BALTICA-pion-RGB.jpg 777w\" sizes=\"(max-width: 1024px) 100vw, (max-width: 640px) 100vw, 777px\" \/><\/a><\/span><\/div><\/div><style type=\"text\/css\">.fusion-body .fusion-builder-nested-column-2{width:70% !important;margin-top : 0px;margin-bottom : 20px;}.fusion-builder-nested-column-2 > .fusion-column-wrapper {padding-top : 0px !important;padding-right : 0px !important;margin-right : 2.7428571428571%;padding-bottom : 0px !important;padding-left : 0px !important;margin-left : 2.7428571428571%;}@media only screen and (max-width:1024px) {.fusion-body .fusion-builder-nested-column-2{width:100% !important;order : 0;}.fusion-builder-nested-column-2 > .fusion-column-wrapper {margin-right : 1.92%;margin-left : 1.92%;}}@media only screen and (max-width:640px) {.fusion-body .fusion-builder-nested-column-2{width:100% !important;order : 0;}.fusion-builder-nested-column-2 > .fusion-column-wrapper {margin-right : 1.92%;margin-left : 1.92%;}}<\/style><\/div><div class=\"fusion-layout-column fusion_builder_column_inner fusion-builder-nested-column-3 fusion-flex-column\"><div class=\"fusion-column-wrapper fusion-flex-justify-content-flex-start fusion-content-layout-column\" style=\"background-position:left top;background-repeat:no-repeat;-webkit-background-size:cover;-moz-background-size:cover;-o-background-size:cover;background-size:cover;padding: 0px 0px 0px 0px;\"><\/div><style type=\"text\/css\">.fusion-body .fusion-builder-nested-column-3{width:30% !important;margin-top : 0px;margin-bottom : 20px;}.fusion-builder-nested-column-3 > .fusion-column-wrapper {padding-top : 0px !important;padding-right : 0px !important;margin-right : 6.4%;padding-bottom : 0px !important;padding-left : 0px !important;margin-left : 6.4%;}@media only screen and (max-width:1024px) {.fusion-body .fusion-builder-nested-column-3{width:100% !important;order : 0;}.fusion-builder-nested-column-3 > .fusion-column-wrapper {margin-right : 1.92%;margin-left : 1.92%;}}@media only screen and (max-width:640px) {.fusion-body .fusion-builder-nested-column-3{width:100% !important;order : 0;}.fusion-builder-nested-column-3 > .fusion-column-wrapper {margin-right : 1.92%;margin-left : 1.92%;}}<\/style><\/div><\/div><\/div><style type=\"text\/css\">.fusion-body .fusion-builder-column-9{width:33.333333333333% !important;margin-top : 0px;margin-bottom : 0px;}.fusion-builder-column-9 > .fusion-column-wrapper {padding-top : 0px !important;padding-right : 0px !important;margin-right : 5.76%;padding-bottom : 0px !important;padding-left : 0px !important;margin-left : 5.76%;}@media only screen and (max-width:1024px) {.fusion-body .fusion-builder-column-9{width:100% !important;order : 0;}.fusion-builder-column-9 > .fusion-column-wrapper {margin-right : 1.92%;margin-left : 1.92%;}}@media only screen and (max-width:640px) {.fusion-body .fusion-builder-column-9{width:100% !important;order : 0;}.fusion-builder-column-9 > .fusion-column-wrapper {margin-right : 1.92%;margin-left : 1.92%;}}<\/style><\/div><\/div><style type=\"text\/css\">.fusion-body .fusion-flex-container.fusion-builder-row-3{ padding-top : 20px;margin-top : 0px;padding-right : 0px;padding-bottom : 0px;margin-bottom : 0px;padding-left : 0px;}@media only screen and (max-width:1024px) {.fusion-body .fusion-flex-container.fusion-builder-row-3{ padding-top : 80px;}}<\/style><\/div><div class=\"fusion-fullwidth fullwidth-box fusion-builder-row-4 fusion-flex-container hundred-percent-fullwidth non-hundred-percent-height-scrolling fusion-no-large-visibility\" style=\"background-color: #ffffff;background-position: left top;background-repeat: no-repeat;border-width: 0px 0px 0px 0px;border-color:#eaeaea;border-style:solid;\" ><div class=\"fusion-builder-row fusion-row fusion-flex-align-items-center fusion-flex-align-content-center fusion-flex-justify-content-center\" style=\"width:104% !important;max-width:104% !important;margin-left: calc(-4% \/ 2 );margin-right: calc(-4% \/ 2 );\"><div class=\"fusion-layout-column fusion_builder_column fusion-builder-column-10 fusion_builder_column_1_1 1_1 fusion-flex-column\"><div class=\"fusion-column-wrapper fusion-flex-justify-content-flex-start fusion-content-layout-column\" style=\"background-position:left top;background-repeat:no-repeat;-webkit-background-size:cover;-moz-background-size:cover;-o-background-size:cover;background-size:cover;padding: 0px 20px 0px 20px;\"><div class=\"fusion-separator fusion-full-width-sep\" style=\"align-self: center;margin-left: auto;margin-right: auto;margin-top:0px;margin-bottom:10px;width:100%;max-width:100%;\"><div class=\"fusion-separator-border sep-single sep-solid\" style=\"border-color:#1f2a3b;border-top-width:12px;\"><\/div><\/div><style type=\"text\/css\">@media only screen and (max-width:1024px) {.fusion-title.fusion-title-2{margin-top:10px!important; margin-right:0px!important;margin-bottom:0px!important;margin-left:0px!important;}}@media only screen and (max-width:640px) {.fusion-title.fusion-title-2{margin-top:0px!important; margin-right:0px!important;margin-bottom:20px!important; margin-left:0px!important;}}<\/style><div class=\"fusion-title title fusion-title-2 fusion-title-center fusion-title-text fusion-title-size-three\" style=\"font-size:22px;margin-top:10px;margin-right:0px;margin-bottom:0px;margin-left:0px;\"><div class=\"title-sep-container title-sep-container-left\"><div class=\"title-sep sep-\" style=\"border-color:#eaeaea;\"><\/div><\/div><h3 class=\"title-heading-center fusion-responsive-typography-calculated\" style=\"margin:0;font-size:1em;--fontSize:22;line-height:1.45;\">PARTNERZY STRATEGICZNI<\/h3><div class=\"title-sep-container title-sep-container-right\"><div class=\"title-sep sep-\" style=\"border-color:#eaeaea;\"><\/div><\/div><\/div><\/div><style type=\"text\/css\">.fusion-body .fusion-builder-column-10{width:100% !important;margin-top : 0px;margin-bottom : 0px;}.fusion-builder-column-10 > .fusion-column-wrapper {padding-top : 0px !important;padding-right : 20px !important;margin-right : 1.92%;padding-bottom : 0px !important;padding-left : 20px !important;margin-left : 1.92%;}@media only screen and (max-width:1024px) {.fusion-body .fusion-builder-column-10{width:100% !important;order : 0;}.fusion-builder-column-10 > .fusion-column-wrapper {margin-right : 1.92%;margin-left : 1.92%;}}@media only screen and (max-width:640px) {.fusion-body .fusion-builder-column-10{width:100% !important;order : 0;}.fusion-builder-column-10 > .fusion-column-wrapper {margin-right : 1.92%;margin-left : 1.92%;}}<\/style><\/div><\/div><style type=\"text\/css\">.fusion-body .fusion-flex-container.fusion-builder-row-4{ padding-top : 10px;margin-top : 0px;padding-right : 10px;padding-bottom : 30px;margin-bottom : 0px;padding-left : 10px;}@media only screen and (max-width:1024px) {.fusion-body .fusion-flex-container.fusion-builder-row-4{ padding-top : 80px;}}<\/style><\/div><div class=\"fusion-fullwidth fullwidth-box fusion-builder-row-5 fusion-flex-container hundred-percent-fullwidth non-hundred-percent-height-scrolling fusion-no-large-visibility\" style=\"background-color: #ffffff;background-position: left top;background-repeat: no-repeat;border-width: 0px 0px 0px 0px;border-color:#eaeaea;border-style:solid;\" ><div class=\"fusion-builder-row fusion-row fusion-flex-align-items-center fusion-flex-align-content-center fusion-flex-justify-content-center\" style=\"width:104% !important;max-width:104% !important;margin-left: calc(-4% \/ 2 );margin-right: calc(-4% \/ 2 );\"><div class=\"fusion-layout-column fusion_builder_column fusion-builder-column-11 fusion_builder_column_1_1 1_1 fusion-flex-column fusion-flex-align-self-center\"><div class=\"fusion-column-wrapper fusion-flex-justify-content-center fusion-content-layout-column\" style=\"background-position:left top;background-repeat:no-repeat;-webkit-background-size:cover;-moz-background-size:cover;-o-background-size:cover;background-size:cover;padding: 0px 0px 0px 0px;\"><div class=\"fusion-builder-row fusion-builder-row-inner fusion-row fusion-flex-align-items-center fusion-flex-align-content-center fusion-flex-justify-content-center\" style=\"width:104% !important;max-width:104% !important;margin-left: calc(-4% \/ 2 );margin-right: calc(-4% \/ 2 );\"><div class=\"fusion-layout-column fusion_builder_column_inner fusion-builder-nested-column-4 fusion_builder_column_inner_1_1 1_1 fusion-flex-column\"><div class=\"fusion-column-wrapper fusion-flex-justify-content-flex-start fusion-content-layout-column\" style=\"background-position:left top;background-repeat:no-repeat;-webkit-background-size:cover;-moz-background-size:cover;-o-background-size:cover;background-size:cover;padding: 0px 0px 0px 0px;\"><div style=\"text-align:center;\"><span class=\" fusion-imageframe imageframe-none imageframe-4 hover-type-none\"><a class=\"fusion-no-lightbox\" href=\"https:\/\/www.balticpower.pl\/en\/\" target=\"_self\" aria-label=\"Logo_Baltic_PowerORLENNP_NEW_rgb_mono-01-1\"><img decoding=\"async\" width=\"198\" height=\"216\" src=\"https:\/\/balticwind.eu\/wp-content\/uploads\/2023\/04\/Logo_Baltic_PowerORLENNP_NEW_rgb_mono-01-1.svg\" class=\"img-responsive wp-image-25360\"\/><\/a><\/span><\/div><\/div><style type=\"text\/css\">.fusion-body .fusion-builder-nested-column-4{width:100% !important;margin-top : 0px;margin-bottom : 20px;}.fusion-builder-nested-column-4 > .fusion-column-wrapper {padding-top : 0px !important;padding-right : 0px !important;margin-right : 1.92%;padding-bottom : 0px !important;padding-left : 0px !important;margin-left : 1.92%;}@media only screen and (max-width:1024px) {.fusion-body .fusion-builder-nested-column-4{width:100% !important;order : 0;}.fusion-builder-nested-column-4 > .fusion-column-wrapper {margin-right : 1.92%;margin-left : 1.92%;}}@media only screen and (max-width:640px) {.fusion-body .fusion-builder-nested-column-4{width:100% !important;order : 0;}.fusion-builder-nested-column-4 > .fusion-column-wrapper {margin-right : 1.92%;margin-left : 1.92%;}}<\/style><\/div><\/div><\/div><style type=\"text\/css\">.fusion-body .fusion-builder-column-11{width:100% !important;margin-top : 0px;margin-bottom : 0px;}.fusion-builder-column-11 > .fusion-column-wrapper {padding-top : 0px !important;padding-right : 0px !important;margin-right : 1.92%;padding-bottom : 0px !important;padding-left : 0px !important;margin-left : 1.92%;}@media only screen and (max-width:1024px) {.fusion-body .fusion-builder-column-11{width:100% !important;order : 0;}.fusion-builder-column-11 > .fusion-column-wrapper {margin-right : 1.92%;margin-left : 1.92%;}}@media only screen and (max-width:640px) {.fusion-body .fusion-builder-column-11{width:100% !important;order : 0;}.fusion-builder-column-11 > .fusion-column-wrapper {margin-right : 1.92%;margin-left : 1.92%;}}<\/style><\/div><div class=\"fusion-layout-column fusion_builder_column fusion-builder-column-12 fusion_builder_column_1_1 1_1 fusion-flex-column fusion-flex-align-self-center\"><div class=\"fusion-column-wrapper fusion-flex-justify-content-center fusion-content-layout-column\" style=\"background-position:left top;background-repeat:no-repeat;-webkit-background-size:cover;-moz-background-size:cover;-o-background-size:cover;background-size:cover;padding: 0px 0px 0px 0px;\"><div style=\"text-align:center;\"><span class=\" fusion-imageframe imageframe-none imageframe-5 hover-type-none\"><a class=\"fusion-no-lightbox\" href=\"https:\/\/neptun.orlen.pl\/en\" target=\"_self\" aria-label=\"ORLEN Neptun LOGO RGB\"><img decoding=\"async\" width=\"1814\" height=\"702\" src=\"https:\/\/balticwind.eu\/wp-content\/uploads\/2023\/04\/ORLEN-Neptun-LOGO-RGB.png\" class=\"img-responsive wp-image-25362\" srcset=\"https:\/\/balticwind.eu\/wp-content\/uploads\/2023\/04\/ORLEN-Neptun-LOGO-RGB-200x77.png 200w, https:\/\/balticwind.eu\/wp-content\/uploads\/2023\/04\/ORLEN-Neptun-LOGO-RGB-400x155.png 400w, https:\/\/balticwind.eu\/wp-content\/uploads\/2023\/04\/ORLEN-Neptun-LOGO-RGB-600x232.png 600w, https:\/\/balticwind.eu\/wp-content\/uploads\/2023\/04\/ORLEN-Neptun-LOGO-RGB-800x310.png 800w, https:\/\/balticwind.eu\/wp-content\/uploads\/2023\/04\/ORLEN-Neptun-LOGO-RGB-1200x464.png 1200w, https:\/\/balticwind.eu\/wp-content\/uploads\/2023\/04\/ORLEN-Neptun-LOGO-RGB.png 1814w\" sizes=\"(max-width: 1024px) 100vw, (max-width: 640px) 100vw, 1814px\" \/><\/a><\/span><\/div><\/div><style type=\"text\/css\">.fusion-body .fusion-builder-column-12{width:100% !important;margin-top : 0px;margin-bottom : 0px;}.fusion-builder-column-12 > .fusion-column-wrapper {padding-top : 0px !important;padding-right : 0px !important;margin-right : 1.92%;padding-bottom : 0px !important;padding-left : 0px !important;margin-left : 1.92%;}@media only screen and (max-width:1024px) {.fusion-body .fusion-builder-column-12{width:100% !important;order : 0;}.fusion-builder-column-12 > .fusion-column-wrapper {margin-right : 1.92%;margin-left : 1.92%;}}@media only screen and (max-width:640px) {.fusion-body .fusion-builder-column-12{width:100% !important;order : 0;}.fusion-builder-column-12 > .fusion-column-wrapper {margin-right : 1.92%;margin-left : 1.92%;}}<\/style><\/div><div class=\"fusion-layout-column fusion_builder_column fusion-builder-column-13 fusion_builder_column_1_1 1_1 fusion-flex-column fusion-flex-align-self-center\"><div class=\"fusion-column-wrapper fusion-flex-justify-content-center fusion-content-layout-column\" style=\"background-position:left top;background-repeat:no-repeat;-webkit-background-size:cover;-moz-background-size:cover;-o-background-size:cover;background-size:cover;padding: 0px 0px 0px 0px;\"><div style=\"text-align:center;\"><span class=\" fusion-imageframe imageframe-none imageframe-6 hover-type-none\"><a class=\"fusion-no-lightbox\" href=\"https:\/\/neptun.orlen.pl\/en\" target=\"_self\" aria-label=\"logo-PGE-BALTICA-pion-RGB\"><img decoding=\"async\" width=\"777\" height=\"574\" src=\"https:\/\/balticwind.eu\/wp-content\/uploads\/2025\/02\/logo-PGE-BALTICA-pion-RGB.jpg\" class=\"img-responsive wp-image-41781\" srcset=\"https:\/\/balticwind.eu\/wp-content\/uploads\/2025\/02\/logo-PGE-BALTICA-pion-RGB-200x148.jpg 200w, https:\/\/balticwind.eu\/wp-content\/uploads\/2025\/02\/logo-PGE-BALTICA-pion-RGB-400x295.jpg 400w, https:\/\/balticwind.eu\/wp-content\/uploads\/2025\/02\/logo-PGE-BALTICA-pion-RGB-600x443.jpg 600w, https:\/\/balticwind.eu\/wp-content\/uploads\/2025\/02\/logo-PGE-BALTICA-pion-RGB.jpg 777w\" sizes=\"(max-width: 1024px) 100vw, (max-width: 640px) 100vw, 777px\" \/><\/a><\/span><\/div><\/div><style type=\"text\/css\">.fusion-body .fusion-builder-column-13{width:100% !important;margin-top : 0px;margin-bottom : 0px;}.fusion-builder-column-13 > .fusion-column-wrapper {padding-top : 0px !important;padding-right : 0px !important;margin-right : 1.92%;padding-bottom : 0px !important;padding-left : 0px !important;margin-left : 1.92%;}@media only screen and (max-width:1024px) {.fusion-body .fusion-builder-column-13{width:100% !important;order : 0;}.fusion-builder-column-13 > .fusion-column-wrapper {margin-right : 1.92%;margin-left : 1.92%;}}@media only screen and (max-width:640px) {.fusion-body .fusion-builder-column-13{width:100% !important;order : 0;}.fusion-builder-column-13 > .fusion-column-wrapper {margin-right : 1.92%;margin-left : 1.92%;}}<\/style><\/div><\/div><style type=\"text\/css\">.fusion-body .fusion-flex-container.fusion-builder-row-5{ padding-top : 10px;margin-top : 0px;padding-right : 100px;padding-bottom : 30px;margin-bottom : 0px;padding-left : 100px;}@media only screen and (max-width:1024px) {.fusion-body .fusion-flex-container.fusion-builder-row-5{ padding-top : 80px;}}<\/style><\/div><div class=\"fusion-fullwidth fullwidth-box fusion-builder-row-6 fusion-flex-container nonhundred-percent-fullwidth non-hundred-percent-height-scrolling fusion-no-large-visibility\" style=\"background-color: rgba(255,255,255,0);background-position: center center;background-repeat: no-repeat;border-width: 0px 0px 0px 0px;border-color:#eaeaea;border-style:solid;\" ><div class=\"fusion-builder-row fusion-row fusion-flex-align-items-flex-start\" style=\"max-width:1289.6px;margin-left: calc(-4% \/ 2 );margin-right: calc(-4% \/ 2 );\"><div class=\"fusion-layout-column fusion_builder_column fusion-builder-column-14 fusion_builder_column_1_1 1_1 fusion-flex-column\"><div class=\"fusion-column-wrapper fusion-flex-justify-content-flex-start fusion-content-layout-column\" style=\"background-position:left top;background-repeat:no-repeat;-webkit-background-size:cover;-moz-background-size:cover;-o-background-size:cover;background-size:cover;padding: 0px 0px 0px 0px;\"><div class=\"fusion-builder-row fusion-builder-row-inner fusion-row fusion-flex-align-items-flex-start\" style=\"width:104% !important;max-width:104% !important;margin-left: calc(-4% \/ 2 );margin-right: calc(-4% \/ 2 );\"><div class=\"fusion-layout-column fusion_builder_column_inner fusion-builder-nested-column-5 fusion_builder_column_inner_1_1 1_1 fusion-flex-column\"><div class=\"fusion-column-wrapper fusion-flex-justify-content-flex-start fusion-content-layout-column\" style=\"background-position:left top;background-repeat:no-repeat;-webkit-background-size:cover;-moz-background-size:cover;-o-background-size:cover;background-size:cover;padding: 0px 0px 0px 0px;\"><div class=\"fusion-separator fusion-full-width-sep\" style=\"align-self: center;margin-left: auto;margin-right: auto;margin-bottom:10px;width:100%;max-width:100%;\"><div class=\"fusion-separator-border sep-single sep-solid\" style=\"border-color:#1f2a3b;border-top-width:12px;\"><\/div><\/div><style type=\"text\/css\">@media only screen and (max-width:1024px) {.fusion-title.fusion-title-3{margin-top:-15px!important; margin-right:0px!important;margin-bottom:20px!important;margin-left:50px!important;}}@media only screen and (max-width:640px) {.fusion-title.fusion-title-3{margin-top:0px!important; margin-right:0px!important;margin-bottom:20px!important; margin-left:0px!important;}}.fusion-title.fusion-title-text.fusion-title-3 a{color:#8cbcda}.fusion-title.fusion-title-text.fusion-title-3 a:hover{color:rgba(209,235,251,0.63)}<\/style><div class=\"fusion-title title fusion-title-3 fusion-title-text fusion-title-size-five\" style=\"margin-top:-15px;margin-right:0px;margin-bottom:20px;margin-left:50px;\"><div class=\"title-sep-container title-sep-container-left fusion-no-large-visibility fusion-no-medium-visibility fusion-no-small-visibility\"><div class=\"title-sep sep-\" style=\"border-color:#eaeaea;\"><\/div><\/div><h5 class=\"title-heading-left fusion-responsive-typography-calculated\" style=\"margin:0;--fontSize:17;line-height:1.76;\"><a href=\"https:\/\/balticwind.eu\/projects\/\" class=\"awb-custom-text-color awb-custom-text-hover-color\" target=\"_self\"><h5 style=\"text-align: left;\">NAJNOWSZE WIADOMO\u015aCI OFFSHORE<\/h5><\/a><\/h5><div class=\"title-sep-container title-sep-container-right\"><div class=\"title-sep sep-\" style=\"border-color:#eaeaea;\"><\/div><\/div><\/div><div class=\"fusion-blog-shortcode fusion-blog-shortcode-3 fusion-blog-archive fusion-blog-layout-large fusion-blog-no\"><div class=\"fusion-posts-container fusion-posts-container-no\" data-pages=\"566\"><article id=\"blog-3-post-46020\" class=\"fusion-post-large post-46020 post type-post status-publish format-standard has-post-thumbnail hentry category-energia-wiatrowa-offshore category-energia-wiatrowa-onshore category-opinie category-projekty category-regulatory-pl\">\n\t<style type=\"text\/css\">\n\t\t\n\t\t\n\t\t\n\t\t\n\t\t\t<\/style>\n\n\n\t\t\t<div class=\"fusion-flexslider flexslider fusion-flexslider-loading fusion-post-slideshow\" style=\"\">\n\t\t<ul class=\"slides\">\n\t\t\t\n\t\t\t\t\t\t\t\t\t\t\t\t\t\t<li>\n\n<div  class=\"fusion-image-wrapper\" aria-haspopup=\"true\">\n\t\n\t\n\t\t\t\n\t\t\t\t<a href=\"https:\/\/balticwind.eu\/pl\/ochrona-europejskich-farm-wiatrowych-nie-ma-bezpieczenstwa-energetycznego-bez-fizycznego-zabezpieczenia-infrastruktury-energetycznej\/\" aria-label=\"Ochrona europejskich farm wiatrowych: nie ma bezpiecze\u0144stwa energetycznego bez fizycznego zabezpieczenia infrastruktury energetycznej\">\n\t\t\n\t\t\n\t\t\t\t\t<img width=\"1200\" height=\"675\" src=\"https:\/\/balticwind.eu\/wp-content\/uploads\/2026\/04\/offshore-windfarm.jpg\" class=\"attachment-full size-full wp-post-image\" alt=\"\" decoding=\"async\" loading=\"lazy\" srcset=\"https:\/\/balticwind.eu\/wp-content\/uploads\/2026\/04\/offshore-windfarm-200x113.jpg 200w, https:\/\/balticwind.eu\/wp-content\/uploads\/2026\/04\/offshore-windfarm-400x225.jpg 400w, https:\/\/balticwind.eu\/wp-content\/uploads\/2026\/04\/offshore-windfarm-600x338.jpg 600w, https:\/\/balticwind.eu\/wp-content\/uploads\/2026\/04\/offshore-windfarm-800x450.jpg 800w, https:\/\/balticwind.eu\/wp-content\/uploads\/2026\/04\/offshore-windfarm.jpg 1200w\" sizes=\"(max-width: 1024px) 100vw, (max-width: 640px) 100vw, 1200px\" \/>\n\t\n\n\n\t\t\t\t<\/a>\n\t\t\n\t\n<\/div>\n<\/li>\n\t\t\t\n\t\t\t\n\t\t\t\t\t\t\t\t\t\t\t\t\t\t\t\t\t\t\t\t\t\t\t\t\t\t\t\t\t\t\t\t\t\t\t\t\t\t\t\t\t\t\t\t\t\t\t\t\t\t\t\t\t\t\t\t\t\t\t\t\t\t\t\t\t\t\t\t<\/ul>\n\t<\/div>\n\t<div class=\"fusion-post-content post-content\"><h2 class=\"blog-shortcode-post-title entry-title\"><a href=\"https:\/\/balticwind.eu\/pl\/ochrona-europejskich-farm-wiatrowych-nie-ma-bezpieczenstwa-energetycznego-bez-fizycznego-zabezpieczenia-infrastruktury-energetycznej\/\">Ochrona europejskich farm wiatrowych: nie ma bezpiecze\u0144stwa energetycznego bez fizycznego zabezpieczenia infrastruktury energetycznej<\/a><\/h2><\/div><div class=\"fusion-clearfix\"><\/div><div class=\"fusion-meta-info\"><div class=\"fusion-alignleft\"><span class=\"vcard\" style=\"display: none;\"><span class=\"fn\"><a href=\"https:\/\/balticwind.eu\/pl\/author\/maja-moshotmail-com\/\" title=\"Wpisy od Maja Moskal\" rel=\"author\">Maja Moskal<\/a><\/span><\/span><span class=\"updated\" style=\"display:none;\">2026-04-24T16:04:56+02:00<\/span><a href=\"https:\/\/balticwind.eu\/pl\/category\/energia-wiatrowa-offshore\/\" rel=\"category tag\">OFFSHORE<\/a>, <a href=\"https:\/\/balticwind.eu\/pl\/category\/energia-wiatrowa-onshore\/\" rel=\"category tag\">ONSHORE<\/a>, <a href=\"https:\/\/balticwind.eu\/pl\/category\/opinie\/\" rel=\"category tag\">OPINIE<\/a>, <a href=\"https:\/\/balticwind.eu\/pl\/category\/projekty\/\" rel=\"category tag\">PROJEKTY<\/a>, <a href=\"https:\/\/balticwind.eu\/pl\/category\/regulatory-pl\/\" rel=\"category tag\">REGULACJE<\/a><span class=\"fusion-inline-sep\">|<\/span><\/div><\/div><\/article>\n<article id=\"blog-3-post-46026\" class=\"fusion-post-large post-46026 post type-post status-publish format-standard has-post-thumbnail hentry category-dania category-niemcy category-energia-wiatrowa-offshore category-energia-wiatrowa-onshore category-opinie category-projekty category-regulatory-pl\">\n\t<style type=\"text\/css\">\n\t\t\n\t\t\n\t\t\n\t\t\n\t\t\t<\/style>\n\n\n\t\t\t<div class=\"fusion-flexslider flexslider fusion-flexslider-loading fusion-post-slideshow\" style=\"\">\n\t\t<ul class=\"slides\">\n\t\t\t\n\t\t\t\t\t\t\t\t\t\t\t\t\t\t<li>\n\n<div  class=\"fusion-image-wrapper\" aria-haspopup=\"true\">\n\t\n\t\n\t\t\t\n\t\t\t\t<a href=\"https:\/\/balticwind.eu\/pl\/pieciu-europejskich-operatorow-systemow-przesylowych-rozwaza-wspolprace-w-zakresie-infrastruktury-kabli-morskich-na-morzu-polnocnym\/\" aria-label=\"Pi\u0119ciu europejskich operator\u00f3w system\u00f3w przesy\u0142owych rozwa\u017ca wsp\u00f3\u0142prac\u0119 w zakresie infrastruktury kabli morskich na Morzu P\u00f3\u0142nocnym\">\n\t\t\n\t\t\n\t\t\t\t\t<img width=\"2560\" height=\"1440\" src=\"https:\/\/balticwind.eu\/wp-content\/uploads\/2024\/07\/sterling-lanier-g_g6JLB9GjM-unsplash-scaled.jpg\" class=\"attachment-full size-full wp-post-image\" alt=\"\" decoding=\"async\" loading=\"lazy\" srcset=\"https:\/\/balticwind.eu\/wp-content\/uploads\/2024\/07\/sterling-lanier-g_g6JLB9GjM-unsplash-200x113.jpg 200w, https:\/\/balticwind.eu\/wp-content\/uploads\/2024\/07\/sterling-lanier-g_g6JLB9GjM-unsplash-400x225.jpg 400w, https:\/\/balticwind.eu\/wp-content\/uploads\/2024\/07\/sterling-lanier-g_g6JLB9GjM-unsplash-600x338.jpg 600w, https:\/\/balticwind.eu\/wp-content\/uploads\/2024\/07\/sterling-lanier-g_g6JLB9GjM-unsplash-800x450.jpg 800w, https:\/\/balticwind.eu\/wp-content\/uploads\/2024\/07\/sterling-lanier-g_g6JLB9GjM-unsplash-1200x675.jpg 1200w, https:\/\/balticwind.eu\/wp-content\/uploads\/2024\/07\/sterling-lanier-g_g6JLB9GjM-unsplash-scaled.jpg 2560w\" sizes=\"(max-width: 1024px) 100vw, (max-width: 640px) 100vw, 2560px\" \/>\n\t\n\n\n\t\t\t\t<\/a>\n\t\t\n\t\n<\/div>\n<\/li>\n\t\t\t\n\t\t\t\n\t\t\t\t\t\t\t\t\t\t\t\t\t\t\t\t\t\t\t\t\t\t\t\t\t\t\t\t\t\t\t\t\t\t\t\t\t\t\t\t\t\t\t\t\t\t\t\t\t\t\t\t\t\t\t\t\t\t\t\t\t\t\t\t\t\t\t\t<\/ul>\n\t<\/div>\n\t<div class=\"fusion-post-content post-content\"><h2 class=\"blog-shortcode-post-title entry-title\"><a href=\"https:\/\/balticwind.eu\/pl\/pieciu-europejskich-operatorow-systemow-przesylowych-rozwaza-wspolprace-w-zakresie-infrastruktury-kabli-morskich-na-morzu-polnocnym\/\">Pi\u0119ciu europejskich operator\u00f3w system\u00f3w przesy\u0142owych rozwa\u017ca wsp\u00f3\u0142prac\u0119 w zakresie infrastruktury kabli morskich na Morzu P\u00f3\u0142nocnym<\/a><\/h2><\/div><div class=\"fusion-clearfix\"><\/div><div class=\"fusion-meta-info\"><div class=\"fusion-alignleft\"><span class=\"vcard\" style=\"display: none;\"><span class=\"fn\"><a href=\"https:\/\/balticwind.eu\/pl\/author\/maja-moshotmail-com\/\" title=\"Wpisy od Maja Moskal\" rel=\"author\">Maja Moskal<\/a><\/span><\/span><span class=\"updated\" style=\"display:none;\">2026-04-24T17:53:37+02:00<\/span><a href=\"https:\/\/balticwind.eu\/pl\/category\/dania\/\" rel=\"category tag\">DANIA<\/a>, <a href=\"https:\/\/balticwind.eu\/pl\/category\/niemcy\/\" rel=\"category tag\">NIEMCY<\/a>, <a href=\"https:\/\/balticwind.eu\/pl\/category\/energia-wiatrowa-offshore\/\" rel=\"category tag\">OFFSHORE<\/a>, <a href=\"https:\/\/balticwind.eu\/pl\/category\/energia-wiatrowa-onshore\/\" rel=\"category tag\">ONSHORE<\/a>, <a href=\"https:\/\/balticwind.eu\/pl\/category\/opinie\/\" rel=\"category tag\">OPINIE<\/a>, <a href=\"https:\/\/balticwind.eu\/pl\/category\/projekty\/\" rel=\"category tag\">PROJEKTY<\/a>, <a href=\"https:\/\/balticwind.eu\/pl\/category\/regulatory-pl\/\" rel=\"category tag\">REGULACJE<\/a><span class=\"fusion-inline-sep\">|<\/span><\/div><\/div><\/article>\n<article id=\"blog-3-post-46024\" class=\"fusion-post-large post-46024 post type-post status-publish format-standard has-post-thumbnail hentry category-dania category-estonia-pl category-finlandia category-litwa category-lotwa category-niemcy category-energia-wiatrowa-offshore category-polska category-regulatory-pl category-szwecja\">\n\t<style type=\"text\/css\">\n\t\t\n\t\t\n\t\t\n\t\t\n\t\t\t<\/style>\n\n\n\t\t\t<div class=\"fusion-flexslider flexslider fusion-flexslider-loading fusion-post-slideshow\" style=\"\">\n\t\t<ul class=\"slides\">\n\t\t\t\n\t\t\t\t\t\t\t\t\t\t\t\t\t\t<li>\n\n<div  class=\"fusion-image-wrapper\" aria-haspopup=\"true\">\n\t\n\t\n\t\t\t\n\t\t\t\t<a href=\"https:\/\/balticwind.eu\/pl\/europa-potrzebuje-energii-wytwarzanej-na-wlasnym-terenie-na-duza-skale-a-morska-energetyka-wiatrowa-przygotowuje-sie-do-jej-dostarczenia\/\" aria-label=\"Europa potrzebuje energii wytwarzanej na w\u0142asnym terenie na du\u017c\u0105 skal\u0119, a morska energetyka wiatrowa przygotowuje si\u0119 do jej dostarczenia\">\n\t\t\n\t\t\n\t\t\t\t\t<img width=\"1200\" height=\"675\" src=\"https:\/\/balticwind.eu\/wp-content\/uploads\/2026\/04\/germany-offshore-wind-dawn-dusk-purple-pink-sky-1200x675-1.jpg\" class=\"attachment-full size-full wp-post-image\" alt=\"\" decoding=\"async\" loading=\"lazy\" srcset=\"https:\/\/balticwind.eu\/wp-content\/uploads\/2026\/04\/germany-offshore-wind-dawn-dusk-purple-pink-sky-1200x675-1-200x113.jpg 200w, https:\/\/balticwind.eu\/wp-content\/uploads\/2026\/04\/germany-offshore-wind-dawn-dusk-purple-pink-sky-1200x675-1-400x225.jpg 400w, https:\/\/balticwind.eu\/wp-content\/uploads\/2026\/04\/germany-offshore-wind-dawn-dusk-purple-pink-sky-1200x675-1-600x338.jpg 600w, https:\/\/balticwind.eu\/wp-content\/uploads\/2026\/04\/germany-offshore-wind-dawn-dusk-purple-pink-sky-1200x675-1-800x450.jpg 800w, https:\/\/balticwind.eu\/wp-content\/uploads\/2026\/04\/germany-offshore-wind-dawn-dusk-purple-pink-sky-1200x675-1.jpg 1200w\" sizes=\"(max-width: 1024px) 100vw, (max-width: 640px) 100vw, 1200px\" \/>\n\t\n\n\n\t\t\t\t<\/a>\n\t\t\n\t\n<\/div>\n<\/li>\n\t\t\t\n\t\t\t\n\t\t\t\t\t\t\t\t\t\t\t\t\t\t\t\t\t\t\t\t\t\t\t\t\t\t\t\t\t\t\t\t\t\t\t\t\t\t\t\t\t\t\t\t\t\t\t\t\t\t\t\t\t\t\t\t\t\t\t\t\t\t\t\t\t\t\t\t<\/ul>\n\t<\/div>\n\t<div class=\"fusion-post-content post-content\"><h2 class=\"blog-shortcode-post-title entry-title\"><a href=\"https:\/\/balticwind.eu\/pl\/europa-potrzebuje-energii-wytwarzanej-na-wlasnym-terenie-na-duza-skale-a-morska-energetyka-wiatrowa-przygotowuje-sie-do-jej-dostarczenia\/\">Europa potrzebuje energii wytwarzanej na w\u0142asnym terenie na du\u017c\u0105 skal\u0119, a morska energetyka wiatrowa przygotowuje si\u0119 do jej dostarczenia<\/a><\/h2><\/div><div class=\"fusion-clearfix\"><\/div><div class=\"fusion-meta-info\"><div class=\"fusion-alignleft\"><span class=\"vcard\" style=\"display: none;\"><span class=\"fn\"><a href=\"https:\/\/balticwind.eu\/pl\/author\/maja-moshotmail-com\/\" title=\"Wpisy od Maja Moskal\" rel=\"author\">Maja Moskal<\/a><\/span><\/span><span class=\"updated\" style=\"display:none;\">2026-04-24T16:08:04+02:00<\/span><a href=\"https:\/\/balticwind.eu\/pl\/category\/dania\/\" rel=\"category tag\">DANIA<\/a>, <a href=\"https:\/\/balticwind.eu\/pl\/category\/estonia-pl\/\" rel=\"category tag\">ESTONIA<\/a>, <a href=\"https:\/\/balticwind.eu\/pl\/category\/finlandia\/\" rel=\"category tag\">FINLANDIA<\/a>, <a href=\"https:\/\/balticwind.eu\/pl\/category\/litwa\/\" rel=\"category tag\">LITWA<\/a>, <a href=\"https:\/\/balticwind.eu\/pl\/category\/lotwa\/\" rel=\"category tag\">\u0141OTWA<\/a>, <a href=\"https:\/\/balticwind.eu\/pl\/category\/niemcy\/\" rel=\"category tag\">NIEMCY<\/a>, <a href=\"https:\/\/balticwind.eu\/pl\/category\/energia-wiatrowa-offshore\/\" rel=\"category tag\">OFFSHORE<\/a>, <a href=\"https:\/\/balticwind.eu\/pl\/category\/polska\/\" rel=\"category tag\">POLSKA<\/a>, <a href=\"https:\/\/balticwind.eu\/pl\/category\/regulatory-pl\/\" rel=\"category tag\">REGULACJE<\/a>, <a href=\"https:\/\/balticwind.eu\/pl\/category\/szwecja\/\" rel=\"category tag\">SZWECJA<\/a><span class=\"fusion-inline-sep\">|<\/span><\/div><\/div><\/article>\n<article id=\"blog-3-post-46016\" class=\"fusion-post-large post-46016 post type-post status-publish format-standard has-post-thumbnail hentry category-energia-wiatrowa-offshore category-polska category-projekty\">\n\t<style type=\"text\/css\">\n\t\t\n\t\t\n\t\t\n\t\t\n\t\t\t<\/style>\n\n\n\t\t\t<div class=\"fusion-flexslider flexslider fusion-flexslider-loading fusion-post-slideshow\" style=\"\">\n\t\t<ul class=\"slides\">\n\t\t\t\n\t\t\t\t\t\t\t\t\t\t\t\t\t\t<li>\n\n<div  class=\"fusion-image-wrapper\" aria-haspopup=\"true\">\n\t\n\t\n\t\t\t\n\t\t\t\t<a href=\"https:\/\/balticwind.eu\/pl\/blisko-1300-uczniow-z-pomorza-poznaje-morska-energetyke-wiatrowa\/\" aria-label=\"Blisko 1300 uczni\u00f3w z Pomorza poznaje morsk\u0105 energetyk\u0119 wiatrow\u0105\">\n\t\t\n\t\t\n\t\t\t\t\t<img width=\"1660\" height=\"1107\" src=\"https:\/\/balticwind.eu\/wp-content\/uploads\/2026\/04\/0.jpg\" class=\"attachment-full size-full wp-post-image\" alt=\"\" decoding=\"async\" loading=\"lazy\" srcset=\"https:\/\/balticwind.eu\/wp-content\/uploads\/2026\/04\/0-200x133.jpg 200w, https:\/\/balticwind.eu\/wp-content\/uploads\/2026\/04\/0-400x267.jpg 400w, https:\/\/balticwind.eu\/wp-content\/uploads\/2026\/04\/0-600x400.jpg 600w, https:\/\/balticwind.eu\/wp-content\/uploads\/2026\/04\/0-800x533.jpg 800w, https:\/\/balticwind.eu\/wp-content\/uploads\/2026\/04\/0-1200x800.jpg 1200w, https:\/\/balticwind.eu\/wp-content\/uploads\/2026\/04\/0.jpg 1660w\" sizes=\"(max-width: 1024px) 100vw, (max-width: 640px) 100vw, 1660px\" \/>\n\t\n\n\n\t\t\t\t<\/a>\n\t\t\n\t\n<\/div>\n<\/li>\n\t\t\t\n\t\t\t\n\t\t\t\t\t\t\t\t\t\t\t\t\t\t\t\t\t\t\t\t\t\t\t\t\t\t\t\t\t\t\t\t\t\t\t\t\t\t\t\t\t\t\t\t\t\t\t\t\t\t\t\t\t\t\t\t\t\t\t\t\t\t\t\t\t\t\t\t<\/ul>\n\t<\/div>\n\t<div class=\"fusion-post-content post-content\"><h2 class=\"blog-shortcode-post-title entry-title\"><a href=\"https:\/\/balticwind.eu\/pl\/blisko-1300-uczniow-z-pomorza-poznaje-morska-energetyke-wiatrowa\/\">Blisko 1300 uczni\u00f3w z Pomorza poznaje morsk\u0105 energetyk\u0119 wiatrow\u0105<\/a><\/h2><\/div><div class=\"fusion-clearfix\"><\/div><div class=\"fusion-meta-info\"><div class=\"fusion-alignleft\"><span class=\"vcard\" style=\"display: none;\"><span class=\"fn\"><a href=\"https:\/\/balticwind.eu\/pl\/author\/maja-moshotmail-com\/\" title=\"Wpisy od Maja Moskal\" rel=\"author\">Maja Moskal<\/a><\/span><\/span><span class=\"updated\" style=\"display:none;\">2026-04-24T16:01:55+02:00<\/span><a href=\"https:\/\/balticwind.eu\/pl\/category\/energia-wiatrowa-offshore\/\" rel=\"category tag\">OFFSHORE<\/a>, <a href=\"https:\/\/balticwind.eu\/pl\/category\/polska\/\" rel=\"category tag\">POLSKA<\/a>, <a href=\"https:\/\/balticwind.eu\/pl\/category\/projekty\/\" rel=\"category tag\">PROJEKTY<\/a><span class=\"fusion-inline-sep\">|<\/span><\/div><\/div><\/article>\n<\/div><\/div><\/div><style type=\"text\/css\">.fusion-body .fusion-builder-nested-column-5{width:100% !important;margin-top : 0px;margin-bottom : 20px;}.fusion-builder-nested-column-5 > .fusion-column-wrapper {padding-top : 0px !important;padding-right : 0px !important;margin-right : 1.92%;padding-bottom : 0px !important;padding-left : 0px !important;margin-left : 1.92%;}@media only screen and (max-width:1024px) {.fusion-body .fusion-builder-nested-column-5{width:100% !important;order : 0;}.fusion-builder-nested-column-5 > .fusion-column-wrapper {margin-right : 1.92%;margin-left : 1.92%;}}@media only screen and (max-width:640px) {.fusion-body .fusion-builder-nested-column-5{width:100% !important;order : 0;}.fusion-builder-nested-column-5 > .fusion-column-wrapper {margin-right : 1.92%;margin-left : 1.92%;}}<\/style><\/div><div class=\"fusion-layout-column fusion_builder_column_inner fusion-builder-nested-column-6 fusion_builder_column_inner_1_1 1_1 fusion-flex-column\"><div class=\"fusion-column-wrapper fusion-flex-justify-content-flex-start fusion-content-layout-column\" style=\"background-position:left top;background-repeat:no-repeat;-webkit-background-size:cover;-moz-background-size:cover;-o-background-size:cover;background-size:cover;padding: 0px 0px 0px 0px;\"><div class=\"fusion-separator fusion-full-width-sep\" style=\"align-self: center;margin-left: auto;margin-right: auto;margin-bottom:10px;width:100%;max-width:100%;\"><div class=\"fusion-separator-border sep-single sep-solid\" style=\"border-color:#1f2a3b;border-top-width:12px;\"><\/div><\/div><style type=\"text\/css\">@media only screen and (max-width:1024px) {.fusion-title.fusion-title-4{margin-top:-15px!important; margin-right:0px!important;margin-bottom:20px!important;margin-left:50px!important;}}@media only screen and (max-width:640px) {.fusion-title.fusion-title-4{margin-top:0px!important; margin-right:0px!important;margin-bottom:20px!important; margin-left:0px!important;}}.fusion-title.fusion-title-text.fusion-title-4 a{color:#8cbcda}.fusion-title.fusion-title-text.fusion-title-4 a:hover{color:rgba(209,235,251,0.63)}<\/style><div class=\"fusion-title title fusion-title-4 fusion-title-text fusion-title-size-five\" style=\"margin-top:-15px;margin-right:0px;margin-bottom:20px;margin-left:50px;\"><div class=\"title-sep-container title-sep-container-left fusion-no-large-visibility fusion-no-medium-visibility fusion-no-small-visibility\"><div class=\"title-sep sep-\" style=\"border-color:#eaeaea;\"><\/div><\/div><h5 class=\"title-heading-left fusion-responsive-typography-calculated\" style=\"margin:0;--fontSize:17;line-height:1.76;\"><a href=\"https:\/\/balticwind.eu\/projects\/\" class=\"awb-custom-text-color awb-custom-text-hover-color\" target=\"_self\"><h5 style=\"text-align: left;\">NAJNOWSZE WIADOMO\u015aCI NA L\u0104DZIE<\/h5><\/a><\/h5><div class=\"title-sep-container title-sep-container-right\"><div class=\"title-sep sep-\" style=\"border-color:#eaeaea;\"><\/div><\/div><\/div><div class=\"fusion-blog-shortcode fusion-blog-shortcode-4 fusion-blog-archive fusion-blog-layout-large fusion-blog-no\"><div class=\"fusion-posts-container fusion-posts-container-no\" data-pages=\"83\"><article id=\"blog-4-post-46020\" class=\"fusion-post-large post-46020 post type-post status-publish format-standard has-post-thumbnail hentry category-energia-wiatrowa-offshore category-energia-wiatrowa-onshore category-opinie category-projekty category-regulatory-pl\">\n\t<style type=\"text\/css\">\n\t\t\n\t\t\n\t\t\n\t\t\n\t\t\t<\/style>\n\n\n\t\t\t<div class=\"fusion-flexslider flexslider fusion-flexslider-loading fusion-post-slideshow\" style=\"\">\n\t\t<ul class=\"slides\">\n\t\t\t\n\t\t\t\t\t\t\t\t\t\t\t\t\t\t<li>\n\n<div  class=\"fusion-image-wrapper\" aria-haspopup=\"true\">\n\t\n\t\n\t\t\t\n\t\t\t\t<a href=\"https:\/\/balticwind.eu\/pl\/ochrona-europejskich-farm-wiatrowych-nie-ma-bezpieczenstwa-energetycznego-bez-fizycznego-zabezpieczenia-infrastruktury-energetycznej\/\" aria-label=\"Ochrona europejskich farm wiatrowych: nie ma bezpiecze\u0144stwa energetycznego bez fizycznego zabezpieczenia infrastruktury energetycznej\">\n\t\t\n\t\t\n\t\t\t\t\t<img width=\"1200\" height=\"675\" src=\"https:\/\/balticwind.eu\/wp-content\/uploads\/2026\/04\/offshore-windfarm.jpg\" class=\"attachment-full size-full wp-post-image\" alt=\"\" decoding=\"async\" loading=\"lazy\" srcset=\"https:\/\/balticwind.eu\/wp-content\/uploads\/2026\/04\/offshore-windfarm-200x113.jpg 200w, https:\/\/balticwind.eu\/wp-content\/uploads\/2026\/04\/offshore-windfarm-400x225.jpg 400w, https:\/\/balticwind.eu\/wp-content\/uploads\/2026\/04\/offshore-windfarm-600x338.jpg 600w, https:\/\/balticwind.eu\/wp-content\/uploads\/2026\/04\/offshore-windfarm-800x450.jpg 800w, https:\/\/balticwind.eu\/wp-content\/uploads\/2026\/04\/offshore-windfarm.jpg 1200w\" sizes=\"(max-width: 1024px) 100vw, (max-width: 640px) 100vw, 1200px\" \/>\n\t\n\n\n\t\t\t\t<\/a>\n\t\t\n\t\n<\/div>\n<\/li>\n\t\t\t\n\t\t\t\n\t\t\t\t\t\t\t\t\t\t\t\t\t\t\t\t\t\t\t\t\t\t\t\t\t\t\t\t\t\t\t\t\t\t\t\t\t\t\t\t\t\t\t\t\t\t\t\t\t\t\t\t\t\t\t\t\t\t\t\t\t\t\t\t\t\t\t\t<\/ul>\n\t<\/div>\n\t<div class=\"fusion-post-content post-content\"><h2 class=\"blog-shortcode-post-title entry-title\"><a href=\"https:\/\/balticwind.eu\/pl\/ochrona-europejskich-farm-wiatrowych-nie-ma-bezpieczenstwa-energetycznego-bez-fizycznego-zabezpieczenia-infrastruktury-energetycznej\/\">Ochrona europejskich farm wiatrowych: nie ma bezpiecze\u0144stwa energetycznego bez fizycznego zabezpieczenia infrastruktury energetycznej<\/a><\/h2><\/div><div class=\"fusion-clearfix\"><\/div><div class=\"fusion-meta-info\"><div class=\"fusion-alignleft\"><span class=\"vcard\" style=\"display: none;\"><span class=\"fn\"><a href=\"https:\/\/balticwind.eu\/pl\/author\/maja-moshotmail-com\/\" title=\"Wpisy od Maja Moskal\" rel=\"author\">Maja Moskal<\/a><\/span><\/span><span class=\"updated\" style=\"display:none;\">2026-04-24T16:04:56+02:00<\/span><a href=\"https:\/\/balticwind.eu\/pl\/category\/energia-wiatrowa-offshore\/\" rel=\"category tag\">OFFSHORE<\/a>, <a href=\"https:\/\/balticwind.eu\/pl\/category\/energia-wiatrowa-onshore\/\" rel=\"category tag\">ONSHORE<\/a>, <a href=\"https:\/\/balticwind.eu\/pl\/category\/opinie\/\" rel=\"category tag\">OPINIE<\/a>, <a href=\"https:\/\/balticwind.eu\/pl\/category\/projekty\/\" rel=\"category tag\">PROJEKTY<\/a>, <a href=\"https:\/\/balticwind.eu\/pl\/category\/regulatory-pl\/\" rel=\"category tag\">REGULACJE<\/a><span class=\"fusion-inline-sep\">|<\/span><\/div><\/div><\/article>\n<article id=\"blog-4-post-46026\" class=\"fusion-post-large post-46026 post type-post status-publish format-standard has-post-thumbnail hentry category-dania category-niemcy category-energia-wiatrowa-offshore category-energia-wiatrowa-onshore category-opinie category-projekty category-regulatory-pl\">\n\t<style type=\"text\/css\">\n\t\t\n\t\t\n\t\t\n\t\t\n\t\t\t<\/style>\n\n\n\t\t\t<div class=\"fusion-flexslider flexslider fusion-flexslider-loading fusion-post-slideshow\" style=\"\">\n\t\t<ul class=\"slides\">\n\t\t\t\n\t\t\t\t\t\t\t\t\t\t\t\t\t\t<li>\n\n<div  class=\"fusion-image-wrapper\" aria-haspopup=\"true\">\n\t\n\t\n\t\t\t\n\t\t\t\t<a href=\"https:\/\/balticwind.eu\/pl\/pieciu-europejskich-operatorow-systemow-przesylowych-rozwaza-wspolprace-w-zakresie-infrastruktury-kabli-morskich-na-morzu-polnocnym\/\" aria-label=\"Pi\u0119ciu europejskich operator\u00f3w system\u00f3w przesy\u0142owych rozwa\u017ca wsp\u00f3\u0142prac\u0119 w zakresie infrastruktury kabli morskich na Morzu P\u00f3\u0142nocnym\">\n\t\t\n\t\t\n\t\t\t\t\t<img width=\"2560\" height=\"1440\" src=\"https:\/\/balticwind.eu\/wp-content\/uploads\/2024\/07\/sterling-lanier-g_g6JLB9GjM-unsplash-scaled.jpg\" class=\"attachment-full size-full wp-post-image\" alt=\"\" decoding=\"async\" loading=\"lazy\" srcset=\"https:\/\/balticwind.eu\/wp-content\/uploads\/2024\/07\/sterling-lanier-g_g6JLB9GjM-unsplash-200x113.jpg 200w, https:\/\/balticwind.eu\/wp-content\/uploads\/2024\/07\/sterling-lanier-g_g6JLB9GjM-unsplash-400x225.jpg 400w, https:\/\/balticwind.eu\/wp-content\/uploads\/2024\/07\/sterling-lanier-g_g6JLB9GjM-unsplash-600x338.jpg 600w, https:\/\/balticwind.eu\/wp-content\/uploads\/2024\/07\/sterling-lanier-g_g6JLB9GjM-unsplash-800x450.jpg 800w, https:\/\/balticwind.eu\/wp-content\/uploads\/2024\/07\/sterling-lanier-g_g6JLB9GjM-unsplash-1200x675.jpg 1200w, https:\/\/balticwind.eu\/wp-content\/uploads\/2024\/07\/sterling-lanier-g_g6JLB9GjM-unsplash-scaled.jpg 2560w\" sizes=\"(max-width: 1024px) 100vw, (max-width: 640px) 100vw, 2560px\" \/>\n\t\n\n\n\t\t\t\t<\/a>\n\t\t\n\t\n<\/div>\n<\/li>\n\t\t\t\n\t\t\t\n\t\t\t\t\t\t\t\t\t\t\t\t\t\t\t\t\t\t\t\t\t\t\t\t\t\t\t\t\t\t\t\t\t\t\t\t\t\t\t\t\t\t\t\t\t\t\t\t\t\t\t\t\t\t\t\t\t\t\t\t\t\t\t\t\t\t\t\t<\/ul>\n\t<\/div>\n\t<div class=\"fusion-post-content post-content\"><h2 class=\"blog-shortcode-post-title entry-title\"><a href=\"https:\/\/balticwind.eu\/pl\/pieciu-europejskich-operatorow-systemow-przesylowych-rozwaza-wspolprace-w-zakresie-infrastruktury-kabli-morskich-na-morzu-polnocnym\/\">Pi\u0119ciu europejskich operator\u00f3w system\u00f3w przesy\u0142owych rozwa\u017ca wsp\u00f3\u0142prac\u0119 w zakresie infrastruktury kabli morskich na Morzu P\u00f3\u0142nocnym<\/a><\/h2><\/div><div class=\"fusion-clearfix\"><\/div><div class=\"fusion-meta-info\"><div class=\"fusion-alignleft\"><span class=\"vcard\" style=\"display: none;\"><span class=\"fn\"><a href=\"https:\/\/balticwind.eu\/pl\/author\/maja-moshotmail-com\/\" title=\"Wpisy od Maja Moskal\" rel=\"author\">Maja Moskal<\/a><\/span><\/span><span class=\"updated\" style=\"display:none;\">2026-04-24T17:53:37+02:00<\/span><a href=\"https:\/\/balticwind.eu\/pl\/category\/dania\/\" rel=\"category tag\">DANIA<\/a>, <a href=\"https:\/\/balticwind.eu\/pl\/category\/niemcy\/\" rel=\"category tag\">NIEMCY<\/a>, <a href=\"https:\/\/balticwind.eu\/pl\/category\/energia-wiatrowa-offshore\/\" rel=\"category tag\">OFFSHORE<\/a>, <a href=\"https:\/\/balticwind.eu\/pl\/category\/energia-wiatrowa-onshore\/\" rel=\"category tag\">ONSHORE<\/a>, <a href=\"https:\/\/balticwind.eu\/pl\/category\/opinie\/\" rel=\"category tag\">OPINIE<\/a>, <a href=\"https:\/\/balticwind.eu\/pl\/category\/projekty\/\" rel=\"category tag\">PROJEKTY<\/a>, <a href=\"https:\/\/balticwind.eu\/pl\/category\/regulatory-pl\/\" rel=\"category tag\">REGULACJE<\/a><span class=\"fusion-inline-sep\">|<\/span><\/div><\/div><\/article>\n<article id=\"blog-4-post-45996\" class=\"fusion-post-large post-45996 post type-post status-publish format-standard has-post-thumbnail hentry category-energia-wiatrowa-offshore category-energia-wiatrowa-onshore category-opinie category-polska category-projekty category-regulatory-pl\">\n\t<style type=\"text\/css\">\n\t\t\n\t\t\n\t\t\n\t\t\n\t\t\t<\/style>\n\n\n\t\t\t<div class=\"fusion-flexslider flexslider fusion-flexslider-loading fusion-post-slideshow\" style=\"\">\n\t\t<ul class=\"slides\">\n\t\t\t\n\t\t\t\t\t\t\t\t\t\t\t\t\t\t<li>\n\n<div  class=\"fusion-image-wrapper\" aria-haspopup=\"true\">\n\t\n\t\n\t\t\t\n\t\t\t\t<a href=\"https:\/\/balticwind.eu\/pl\/europejczycy-w-tym-polacy-przeceniaja-niezaleznosc-energetyczna-swoich-krajow-wynika-z-badania-orsted\/\" aria-label=\"Europejczycy, w tym Polacy, przeceniaj\u0105 niezale\u017cno\u015b\u0107 energetyczn\u0105 swoich kraj\u00f3w &#8211; wynika z badania \u00d8rsted\">\n\t\t\n\t\t\n\t\t\t\t\t<img width=\"2560\" height=\"1440\" src=\"https:\/\/balticwind.eu\/wp-content\/uploads\/2024\/07\/karsten-wurth-ZKWgoRUYuMk-unsplash-scaled.jpg\" class=\"attachment-full size-full wp-post-image\" alt=\"Source: Unsplash\" decoding=\"async\" loading=\"lazy\" srcset=\"https:\/\/balticwind.eu\/wp-content\/uploads\/2024\/07\/karsten-wurth-ZKWgoRUYuMk-unsplash-200x112.jpg 200w, https:\/\/balticwind.eu\/wp-content\/uploads\/2024\/07\/karsten-wurth-ZKWgoRUYuMk-unsplash-400x225.jpg 400w, https:\/\/balticwind.eu\/wp-content\/uploads\/2024\/07\/karsten-wurth-ZKWgoRUYuMk-unsplash-600x337.jpg 600w, https:\/\/balticwind.eu\/wp-content\/uploads\/2024\/07\/karsten-wurth-ZKWgoRUYuMk-unsplash-800x450.jpg 800w, https:\/\/balticwind.eu\/wp-content\/uploads\/2024\/07\/karsten-wurth-ZKWgoRUYuMk-unsplash-1200x675.jpg 1200w, https:\/\/balticwind.eu\/wp-content\/uploads\/2024\/07\/karsten-wurth-ZKWgoRUYuMk-unsplash-scaled.jpg 2560w\" sizes=\"(max-width: 1024px) 100vw, (max-width: 640px) 100vw, 2560px\" \/>\n\t\n\n\n\t\t\t\t<\/a>\n\t\t\n\t\n<\/div>\n<\/li>\n\t\t\t\n\t\t\t\n\t\t\t\t\t\t\t\t\t\t\t\t\t\t\t\t\t\t\t\t\t\t\t\t\t\t\t\t\t\t\t\t\t\t\t\t\t\t\t\t\t\t\t\t\t\t\t\t\t\t\t\t\t\t\t\t\t\t\t\t\t\t\t\t\t\t\t\t<\/ul>\n\t<\/div>\n\t<div class=\"fusion-post-content post-content\"><h2 class=\"blog-shortcode-post-title entry-title\"><a href=\"https:\/\/balticwind.eu\/pl\/europejczycy-w-tym-polacy-przeceniaja-niezaleznosc-energetyczna-swoich-krajow-wynika-z-badania-orsted\/\">Europejczycy, w tym Polacy, przeceniaj\u0105 niezale\u017cno\u015b\u0107 energetyczn\u0105 swoich kraj\u00f3w &#8211; wynika z badania \u00d8rsted<\/a><\/h2><\/div><div class=\"fusion-clearfix\"><\/div><div class=\"fusion-meta-info\"><div class=\"fusion-alignleft\"><span class=\"vcard\" style=\"display: none;\"><span class=\"fn\"><a href=\"https:\/\/balticwind.eu\/pl\/author\/maja-moshotmail-com\/\" title=\"Wpisy od Maja Moskal\" rel=\"author\">Maja Moskal<\/a><\/span><\/span><span class=\"updated\" style=\"display:none;\">2026-04-23T11:45:49+02:00<\/span><a href=\"https:\/\/balticwind.eu\/pl\/category\/energia-wiatrowa-offshore\/\" rel=\"category tag\">OFFSHORE<\/a>, <a href=\"https:\/\/balticwind.eu\/pl\/category\/energia-wiatrowa-onshore\/\" rel=\"category tag\">ONSHORE<\/a>, <a href=\"https:\/\/balticwind.eu\/pl\/category\/opinie\/\" rel=\"category tag\">OPINIE<\/a>, <a href=\"https:\/\/balticwind.eu\/pl\/category\/polska\/\" rel=\"category tag\">POLSKA<\/a>, <a href=\"https:\/\/balticwind.eu\/pl\/category\/projekty\/\" rel=\"category tag\">PROJEKTY<\/a>, <a href=\"https:\/\/balticwind.eu\/pl\/category\/regulatory-pl\/\" rel=\"category tag\">REGULACJE<\/a><span class=\"fusion-inline-sep\">|<\/span><\/div><\/div><\/article>\n<article id=\"blog-4-post-45997\" class=\"fusion-post-large post-45997 post type-post status-publish format-standard has-post-thumbnail hentry category-energia-wiatrowa-offshore category-energia-wiatrowa-onshore category-opinie category-polska category-projekty category-regulatory-pl\">\n\t<style type=\"text\/css\">\n\t\t\n\t\t\n\t\t\n\t\t\n\t\t\t<\/style>\n\n\n\t\t\t<div class=\"fusion-flexslider flexslider fusion-flexslider-loading fusion-post-slideshow\" style=\"\">\n\t\t<ul class=\"slides\">\n\t\t\t\n\t\t\t\t\t\t\t\t\t\t\t\t\t\t<li>\n\n<div  class=\"fusion-image-wrapper\" aria-haspopup=\"true\">\n\t\n\t\n\t\t\t\n\t\t\t\t<a href=\"https:\/\/balticwind.eu\/pl\/tak-trudno-jak-jest-teraz-jeszcze-nie-bylo-eksperci-o-barierach-dla-ladowej-energetyki-wiatrowej-podczas-panelu-dyskusyjnego-na-europejskim-kongresie-gospodarczym-w-katowicach\/\" aria-label=\"\u201cTak trudno, jak jest teraz, jeszcze nie by\u0142o\u201d &#8211; eksperci o barierach dla l\u0105dowej energetyki wiatrowej podczas panelu dyskusyjnego na Europejskim Kongresie Gospodarczym w Katowicach\">\n\t\t\n\t\t\n\t\t\t\t\t<img width=\"1280\" height=\"844\" src=\"https:\/\/balticwind.eu\/wp-content\/uploads\/2024\/12\/wind-energy-7394705_1280.jpg\" class=\"attachment-full size-full wp-post-image\" alt=\"Source: Pixabay\" decoding=\"async\" loading=\"lazy\" srcset=\"https:\/\/balticwind.eu\/wp-content\/uploads\/2024\/12\/wind-energy-7394705_1280-200x132.jpg 200w, https:\/\/balticwind.eu\/wp-content\/uploads\/2024\/12\/wind-energy-7394705_1280-400x264.jpg 400w, https:\/\/balticwind.eu\/wp-content\/uploads\/2024\/12\/wind-energy-7394705_1280-600x396.jpg 600w, https:\/\/balticwind.eu\/wp-content\/uploads\/2024\/12\/wind-energy-7394705_1280-800x528.jpg 800w, https:\/\/balticwind.eu\/wp-content\/uploads\/2024\/12\/wind-energy-7394705_1280-1200x791.jpg 1200w, https:\/\/balticwind.eu\/wp-content\/uploads\/2024\/12\/wind-energy-7394705_1280.jpg 1280w\" sizes=\"(max-width: 1024px) 100vw, (max-width: 640px) 100vw, 1280px\" \/>\n\t\n\n\n\t\t\t\t<\/a>\n\t\t\n\t\n<\/div>\n<\/li>\n\t\t\t\n\t\t\t\n\t\t\t\t\t\t\t\t\t\t\t\t\t\t\t\t\t\t\t\t\t\t\t\t\t\t\t\t\t\t\t\t\t\t\t\t\t\t\t\t\t\t\t\t\t\t\t\t\t\t\t\t\t\t\t\t\t\t\t\t\t\t\t\t\t\t\t\t<\/ul>\n\t<\/div>\n\t<div class=\"fusion-post-content post-content\"><h2 class=\"blog-shortcode-post-title entry-title\"><a href=\"https:\/\/balticwind.eu\/pl\/tak-trudno-jak-jest-teraz-jeszcze-nie-bylo-eksperci-o-barierach-dla-ladowej-energetyki-wiatrowej-podczas-panelu-dyskusyjnego-na-europejskim-kongresie-gospodarczym-w-katowicach\/\">\u201cTak trudno, jak jest teraz, jeszcze nie by\u0142o\u201d &#8211; eksperci o barierach dla l\u0105dowej energetyki wiatrowej podczas panelu dyskusyjnego na Europejskim Kongresie Gospodarczym w Katowicach<\/a><\/h2><\/div><div class=\"fusion-clearfix\"><\/div><div class=\"fusion-meta-info\"><div class=\"fusion-alignleft\"><span class=\"vcard\" style=\"display: none;\"><span class=\"fn\"><a href=\"https:\/\/balticwind.eu\/pl\/author\/maja-moshotmail-com\/\" title=\"Wpisy od Maja Moskal\" rel=\"author\">Maja Moskal<\/a><\/span><\/span><span class=\"updated\" style=\"display:none;\">2026-04-23T11:55:41+02:00<\/span><a href=\"https:\/\/balticwind.eu\/pl\/category\/energia-wiatrowa-offshore\/\" rel=\"category tag\">OFFSHORE<\/a>, <a href=\"https:\/\/balticwind.eu\/pl\/category\/energia-wiatrowa-onshore\/\" rel=\"category tag\">ONSHORE<\/a>, <a href=\"https:\/\/balticwind.eu\/pl\/category\/opinie\/\" rel=\"category tag\">OPINIE<\/a>, <a href=\"https:\/\/balticwind.eu\/pl\/category\/polska\/\" rel=\"category tag\">POLSKA<\/a>, <a href=\"https:\/\/balticwind.eu\/pl\/category\/projekty\/\" rel=\"category tag\">PROJEKTY<\/a>, <a href=\"https:\/\/balticwind.eu\/pl\/category\/regulatory-pl\/\" rel=\"category tag\">REGULACJE<\/a><span class=\"fusion-inline-sep\">|<\/span><\/div><\/div><\/article>\n<\/div><\/div><\/div><style type=\"text\/css\">.fusion-body .fusion-builder-nested-column-6{width:100% !important;margin-top : 0px;margin-bottom : 20px;}.fusion-builder-nested-column-6 > .fusion-column-wrapper {padding-top : 0px !important;padding-right : 0px !important;margin-right : 1.92%;padding-bottom : 0px !important;padding-left : 0px !important;margin-left : 1.92%;}@media only screen and (max-width:1024px) {.fusion-body .fusion-builder-nested-column-6{width:100% !important;order : 0;}.fusion-builder-nested-column-6 > .fusion-column-wrapper {margin-right : 1.92%;margin-left : 1.92%;}}@media only screen and (max-width:640px) {.fusion-body .fusion-builder-nested-column-6{width:100% !important;order : 0;}.fusion-builder-nested-column-6 > .fusion-column-wrapper {margin-right : 1.92%;margin-left : 1.92%;}}<\/style><\/div><\/div><\/div><style type=\"text\/css\">.fusion-body .fusion-builder-column-14{width:100% !important;margin-top : 0px;margin-bottom : 20px;}.fusion-builder-column-14 > .fusion-column-wrapper {padding-top : 0px !important;padding-right : 0px !important;margin-right : 1.92%;padding-bottom : 0px !important;padding-left : 0px !important;margin-left : 1.92%;}@media only screen and (max-width:1024px) {.fusion-body .fusion-builder-column-14{width:100% !important;order : 0;}.fusion-builder-column-14 > .fusion-column-wrapper {margin-right : 1.92%;margin-left : 1.92%;}}@media only screen and (max-width:640px) {.fusion-body .fusion-builder-column-14{width:100% !important;order : 0;}.fusion-builder-column-14 > .fusion-column-wrapper {margin-right : 1.92%;margin-left : 1.92%;}}<\/style><\/div><\/div><style type=\"text\/css\">.fusion-body .fusion-flex-container.fusion-builder-row-6{ padding-top : 0px;margin-top : 0px;padding-right : 0px;padding-bottom : 0px;margin-bottom : 0px;padding-left : 0px;}<\/style><\/div><div class=\"fusion-fullwidth fullwidth-box fusion-builder-row-7 fusion-flex-container nonhundred-percent-fullwidth non-hundred-percent-height-scrolling fusion-no-large-visibility\" style=\"background-color: #ffffff;background-position: left top;background-repeat: no-repeat;border-width: 0px 0px 0px 0px;border-color:#eaeaea;border-style:solid;\" ><div class=\"fusion-builder-row fusion-row fusion-flex-align-items-flex-start\" style=\"max-width:1289.6px;margin-left: calc(-4% \/ 2 );margin-right: calc(-4% \/ 2 );\"><div class=\"fusion-layout-column fusion_builder_column fusion-builder-column-15 fusion_builder_column_1_1 1_1 fusion-flex-column fusion-flex-align-self-flex-start fusion-column-no-min-height\"><div class=\"fusion-column-wrapper fusion-flex-justify-content-flex-start fusion-content-layout-column\" style=\"background-position:left top;background-repeat:no-repeat;-webkit-background-size:cover;-moz-background-size:cover;-o-background-size:cover;background-size:cover;padding: 0px 0px 0px 0px;\"><div class=\"fusion-image-carousel fusion-image-carousel-auto fusion-carousel-border\"><div class=\"fusion-carousel\" data-autoplay=\"yes\" data-columns=\"2\" data-itemmargin=\"13\" data-itemwidth=\"180\" data-touchscroll=\"no\" data-imagesize=\"auto\"><div class=\"fusion-carousel-positioner\"><ul class=\"fusion-carousel-holder\"><li class=\"fusion-carousel-item\"><div class=\"fusion-carousel-item-wrapper\"><div class=\"fusion-image-wrapper hover-type-none\"><a href=\"https:\/\/konferencjaeuropower.pl\/\" target=\"_self\"><img width=\"1792\" height=\"2560\" src=\"https:\/\/balticwind.eu\/wp-content\/uploads\/2026\/02\/Euro-OZE-2100x3000-1h-2026-data-miejsce-v1-scaled.jpg\" class=\"attachment-full size-full\" alt=\"\" decoding=\"async\" srcset=\"https:\/\/balticwind.eu\/wp-content\/uploads\/2026\/02\/Euro-OZE-2100x3000-1h-2026-data-miejsce-v1-200x286.jpg 200w, https:\/\/balticwind.eu\/wp-content\/uploads\/2026\/02\/Euro-OZE-2100x3000-1h-2026-data-miejsce-v1-210x300.jpg 210w, https:\/\/balticwind.eu\/wp-content\/uploads\/2026\/02\/Euro-OZE-2100x3000-1h-2026-data-miejsce-v1-400x571.jpg 400w, https:\/\/balticwind.eu\/wp-content\/uploads\/2026\/02\/Euro-OZE-2100x3000-1h-2026-data-miejsce-v1-600x857.jpg 600w, https:\/\/balticwind.eu\/wp-content\/uploads\/2026\/02\/Euro-OZE-2100x3000-1h-2026-data-miejsce-v1-717x1024.jpg 717w, https:\/\/balticwind.eu\/wp-content\/uploads\/2026\/02\/Euro-OZE-2100x3000-1h-2026-data-miejsce-v1-768x1097.jpg 768w, https:\/\/balticwind.eu\/wp-content\/uploads\/2026\/02\/Euro-OZE-2100x3000-1h-2026-data-miejsce-v1-800x1143.jpg 800w, https:\/\/balticwind.eu\/wp-content\/uploads\/2026\/02\/Euro-OZE-2100x3000-1h-2026-data-miejsce-v1-1075x1536.jpg 1075w, https:\/\/balticwind.eu\/wp-content\/uploads\/2026\/02\/Euro-OZE-2100x3000-1h-2026-data-miejsce-v1-1200x1714.jpg 1200w, https:\/\/balticwind.eu\/wp-content\/uploads\/2026\/02\/Euro-OZE-2100x3000-1h-2026-data-miejsce-v1-1434x2048.jpg 1434w, https:\/\/balticwind.eu\/wp-content\/uploads\/2026\/02\/Euro-OZE-2100x3000-1h-2026-data-miejsce-v1-scaled.jpg 1792w\" sizes=\"(max-width: 1792px) 100vw, 1792px\" \/><\/a><\/div><\/div><\/li><\/ul><div class=\"fusion-carousel-nav\"><span class=\"fusion-nav-prev\"><\/span><span class=\"fusion-nav-next\"><\/span><\/div><\/div><\/div><\/div><\/div><style type=\"text\/css\">.fusion-body .fusion-builder-column-15{width:100% !important;margin-top : 0px;margin-bottom : 0px;}.fusion-builder-column-15 > .fusion-column-wrapper {padding-top : 0px !important;padding-right : 0px !important;margin-right : 1.28%;padding-bottom : 0px !important;padding-left : 0px !important;margin-left : 1.92%;}@media only screen and (max-width:1024px) {.fusion-body .fusion-builder-column-15{width:100% !important;order : 0;}.fusion-builder-column-15 > .fusion-column-wrapper {margin-right : 1.92%;margin-left : 1.92%;}}@media only screen and (max-width:640px) {.fusion-body .fusion-builder-column-15{width:100% !important;order : 0;}.fusion-builder-column-15 > .fusion-column-wrapper {margin-right : 1.92%;margin-left : 1.92%;}}<\/style><\/div><\/div><style type=\"text\/css\">.fusion-body .fusion-flex-container.fusion-builder-row-7{ padding-top : 0px;margin-top : 0px;padding-right : 0px;padding-bottom : 0px;margin-bottom : 0px;padding-left : 0px;}@media only screen and (max-width:1024px) {.fusion-body .fusion-flex-container.fusion-builder-row-7{ padding-top : 80px;}}<\/style><\/div><div class=\"fusion-fullwidth fullwidth-box fusion-builder-row-8 fusion-flex-container nonhundred-percent-fullwidth non-hundred-percent-height-scrolling fusion-no-small-visibility fusion-no-medium-visibility\" style=\"background-color: rgba(255,255,255,0);background-position: center center;background-repeat: no-repeat;border-width: 0px 0px 0px 0px;border-color:#eaeaea;border-style:solid;\" ><div class=\"fusion-builder-row fusion-row fusion-flex-align-items-flex-start\" style=\"max-width:1289.6px;margin-left: calc(-4% \/ 2 );margin-right: calc(-4% \/ 2 );\"><div class=\"fusion-layout-column fusion_builder_column fusion-builder-column-16 fusion_builder_column_1_1 1_1 fusion-flex-column\"><div class=\"fusion-column-wrapper fusion-flex-justify-content-flex-start fusion-content-layout-column\" style=\"background-position:left top;background-repeat:no-repeat;-webkit-background-size:cover;-moz-background-size:cover;-o-background-size:cover;background-size:cover;padding: 0px 0px 0px 0px;\"><div class=\"fusion-builder-row fusion-builder-row-inner fusion-row fusion-flex-align-items-flex-start\" style=\"width:104% !important;max-width:104% !important;margin-left: calc(-4% \/ 2 );margin-right: calc(-4% \/ 2 );\"><div class=\"fusion-layout-column fusion_builder_column_inner fusion-builder-nested-column-7 fusion_builder_column_inner_1_2 1_2 fusion-flex-column\"><div class=\"fusion-column-wrapper fusion-flex-justify-content-flex-start fusion-content-layout-column\" style=\"background-position:left top;background-repeat:no-repeat;-webkit-background-size:cover;-moz-background-size:cover;-o-background-size:cover;background-size:cover;padding: 0px 0px 0px 0px;\"><div class=\"fusion-separator fusion-full-width-sep\" style=\"align-self: center;margin-left: auto;margin-right: auto;margin-bottom:10px;width:100%;max-width:100%;\"><div class=\"fusion-separator-border sep-single sep-solid\" style=\"border-color:#1f2a3b;border-top-width:12px;\"><\/div><\/div><style type=\"text\/css\">@media only screen and (max-width:1024px) {.fusion-title.fusion-title-5{margin-top:-15px!important; margin-right:0px!important;margin-bottom:20px!important;margin-left:0px!important;}}@media only screen and (max-width:640px) {.fusion-title.fusion-title-5{margin-top:0px!important; margin-right:0px!important;margin-bottom:20px!important; margin-left:0px!important;}}.fusion-title.fusion-title-text.fusion-title-5 a{color:#8cbcda}.fusion-title.fusion-title-text.fusion-title-5 a:hover{color:rgba(209,235,251,0.63)}<\/style><div class=\"fusion-title title fusion-title-5 fusion-title-text fusion-title-size-five\" style=\"margin-top:-15px;margin-right:0px;margin-bottom:20px;margin-left:0px;\"><div class=\"title-sep-container title-sep-container-left fusion-no-large-visibility fusion-no-medium-visibility fusion-no-small-visibility\"><div class=\"title-sep sep-\" style=\"border-color:#eaeaea;\"><\/div><\/div><h5 class=\"title-heading-left fusion-responsive-typography-calculated\" style=\"margin:0;--fontSize:17;line-height:1.76;\"><a href=\"https:\/\/balticwind.eu\/projects\/\" class=\"awb-custom-text-color awb-custom-text-hover-color\" target=\"_self\"><h5 style=\"text-align: left;\">NAJNOWSZE WIADOMO\u015aCI OFFSHORE<\/h5><\/a><\/h5><div class=\"title-sep-container title-sep-container-right\"><div class=\"title-sep sep-\" style=\"border-color:#eaeaea;\"><\/div><\/div><\/div><div class=\"fusion-blog-shortcode fusion-blog-shortcode-5 fusion-blog-archive fusion-blog-layout-medium-alternate fusion-blog-no\"><div class=\"fusion-posts-container fusion-posts-container-no\" data-pages=\"566\"><article id=\"blog-5-post-46020\" class=\"fusion-post-medium-alternate post-46020 post type-post status-publish format-standard has-post-thumbnail hentry category-energia-wiatrowa-offshore category-energia-wiatrowa-onshore category-opinie category-projekty category-regulatory-pl\">\n<div class=\"fusion-date-and-formats\"><div class=\"fusion-date-box updated\"><span class=\"fusion-date\">27<\/span><span class=\"fusion-month-year\">04, 2026<\/span><\/div><div class=\"fusion-format-box\"><i class=\"fusion-icon-pen\" aria-hidden=\"true\"><\/i><\/div><\/div>\t<style type=\"text\/css\">\n\t\t\n\t\t\n\t\t\n\t\t\n\t\t\t<\/style>\n\n\n\t\t\t<div class=\"fusion-flexslider flexslider fusion-flexslider-loading fusion-post-slideshow\" style=\"\">\n\t\t<ul class=\"slides\">\n\t\t\t\n\t\t\t\t\t\t\t\t\t\t\t\t\t\t<li>\n\n<div  class=\"fusion-image-wrapper fusion-image-size-fixed\" aria-haspopup=\"true\">\n\t\n\t\n\t\t\t\n\t\t\t\t<a href=\"https:\/\/balticwind.eu\/pl\/ochrona-europejskich-farm-wiatrowych-nie-ma-bezpieczenstwa-energetycznego-bez-fizycznego-zabezpieczenia-infrastruktury-energetycznej\/\" aria-label=\"Ochrona europejskich farm wiatrowych: nie ma bezpiecze\u0144stwa energetycznego bez fizycznego zabezpieczenia infrastruktury energetycznej\">\n\t\t\n\t\t\n\t\t\t\t\t<img width=\"320\" height=\"202\" src=\"https:\/\/balticwind.eu\/wp-content\/uploads\/2026\/04\/offshore-windfarm-320x202.jpg\" class=\"attachment-blog-medium size-blog-medium wp-post-image\" alt=\"\" decoding=\"async\" loading=\"lazy\" srcset=\"https:\/\/balticwind.eu\/wp-content\/uploads\/2026\/04\/offshore-windfarm-320x202.jpg 320w, https:\/\/balticwind.eu\/wp-content\/uploads\/2026\/04\/offshore-windfarm-700x441.jpg 700w\" sizes=\"(max-width: 320px) 100vw, 320px\" \/>\n\t\n\n\n\t\t\t\t<\/a>\n\t\t\n\t\n<\/div>\n<\/li>\n\t\t\t\n\t\t\t\n\t\t\t\t\t\t\t\t\t\t\t\t\t\t\t\t\t\t\t\t\t\t\t\t\t\t\t\t\t\t\t\t\t\t\t\t\t\t\t\t\t\t\t\t\t\t\t\t\t\t\t\t\t\t\t\t\t\t\t\t\t\t\t\t\t\t\t\t<\/ul>\n\t<\/div>\n\t<div class=\"fusion-post-content post-content\"><h2 class=\"blog-shortcode-post-title entry-title\"><a href=\"https:\/\/balticwind.eu\/pl\/ochrona-europejskich-farm-wiatrowych-nie-ma-bezpieczenstwa-energetycznego-bez-fizycznego-zabezpieczenia-infrastruktury-energetycznej\/\">Ochrona europejskich farm wiatrowych: nie ma bezpiecze\u0144stwa energetycznego bez fizycznego zabezpieczenia infrastruktury energetycznej<\/a><\/h2><p class=\"fusion-single-line-meta\"><span class=\"vcard\" style=\"display: none;\"><span class=\"fn\"><a href=\"https:\/\/balticwind.eu\/pl\/author\/maja-moshotmail-com\/\" title=\"Wpisy od Maja Moskal\" rel=\"author\">Maja Moskal<\/a><\/span><\/span><span class=\"updated\" style=\"display:none;\">2026-04-24T16:04:56+02:00<\/span><a href=\"https:\/\/balticwind.eu\/pl\/category\/energia-wiatrowa-offshore\/\" rel=\"category tag\">OFFSHORE<\/a>, <a href=\"https:\/\/balticwind.eu\/pl\/category\/energia-wiatrowa-onshore\/\" rel=\"category tag\">ONSHORE<\/a>, <a href=\"https:\/\/balticwind.eu\/pl\/category\/opinie\/\" rel=\"category tag\">OPINIE<\/a>, <a href=\"https:\/\/balticwind.eu\/pl\/category\/projekty\/\" rel=\"category tag\">PROJEKTY<\/a>, <a href=\"https:\/\/balticwind.eu\/pl\/category\/regulatory-pl\/\" rel=\"category tag\">REGULACJE<\/a><span class=\"fusion-inline-sep\">|<\/span><\/p><\/div><div class=\"fusion-clearfix\"><\/div><\/article>\n<article id=\"blog-5-post-46026\" class=\"fusion-post-medium-alternate post-46026 post type-post status-publish format-standard has-post-thumbnail hentry category-dania category-niemcy category-energia-wiatrowa-offshore category-energia-wiatrowa-onshore category-opinie category-projekty category-regulatory-pl\">\n<div class=\"fusion-date-and-formats\"><div class=\"fusion-date-box updated\"><span class=\"fusion-date\">27<\/span><span class=\"fusion-month-year\">04, 2026<\/span><\/div><div class=\"fusion-format-box\"><i class=\"fusion-icon-pen\" aria-hidden=\"true\"><\/i><\/div><\/div>\t<style type=\"text\/css\">\n\t\t\n\t\t\n\t\t\n\t\t\n\t\t\t<\/style>\n\n\n\t\t\t<div class=\"fusion-flexslider flexslider fusion-flexslider-loading fusion-post-slideshow\" style=\"\">\n\t\t<ul class=\"slides\">\n\t\t\t\n\t\t\t\t\t\t\t\t\t\t\t\t\t\t<li>\n\n<div  class=\"fusion-image-wrapper fusion-image-size-fixed\" aria-haspopup=\"true\">\n\t\n\t\n\t\t\t\n\t\t\t\t<a href=\"https:\/\/balticwind.eu\/pl\/pieciu-europejskich-operatorow-systemow-przesylowych-rozwaza-wspolprace-w-zakresie-infrastruktury-kabli-morskich-na-morzu-polnocnym\/\" aria-label=\"Pi\u0119ciu europejskich operator\u00f3w system\u00f3w przesy\u0142owych rozwa\u017ca wsp\u00f3\u0142prac\u0119 w zakresie infrastruktury kabli morskich na Morzu P\u00f3\u0142nocnym\">\n\t\t\n\t\t\n\t\t\t\t\t<img width=\"320\" height=\"202\" src=\"https:\/\/balticwind.eu\/wp-content\/uploads\/2024\/07\/sterling-lanier-g_g6JLB9GjM-unsplash-320x202.jpg\" class=\"attachment-blog-medium size-blog-medium wp-post-image\" alt=\"\" decoding=\"async\" loading=\"lazy\" srcset=\"https:\/\/balticwind.eu\/wp-content\/uploads\/2024\/07\/sterling-lanier-g_g6JLB9GjM-unsplash-320x202.jpg 320w, https:\/\/balticwind.eu\/wp-content\/uploads\/2024\/07\/sterling-lanier-g_g6JLB9GjM-unsplash-700x441.jpg 700w\" sizes=\"(max-width: 320px) 100vw, 320px\" \/>\n\t\n\n\n\t\t\t\t<\/a>\n\t\t\n\t\n<\/div>\n<\/li>\n\t\t\t\n\t\t\t\n\t\t\t\t\t\t\t\t\t\t\t\t\t\t\t\t\t\t\t\t\t\t\t\t\t\t\t\t\t\t\t\t\t\t\t\t\t\t\t\t\t\t\t\t\t\t\t\t\t\t\t\t\t\t\t\t\t\t\t\t\t\t\t\t\t\t\t\t<\/ul>\n\t<\/div>\n\t<div class=\"fusion-post-content post-content\"><h2 class=\"blog-shortcode-post-title entry-title\"><a href=\"https:\/\/balticwind.eu\/pl\/pieciu-europejskich-operatorow-systemow-przesylowych-rozwaza-wspolprace-w-zakresie-infrastruktury-kabli-morskich-na-morzu-polnocnym\/\">Pi\u0119ciu europejskich operator\u00f3w system\u00f3w przesy\u0142owych rozwa\u017ca wsp\u00f3\u0142prac\u0119 w zakresie infrastruktury kabli morskich na Morzu P\u00f3\u0142nocnym<\/a><\/h2><p class=\"fusion-single-line-meta\"><span class=\"vcard\" style=\"display: none;\"><span class=\"fn\"><a href=\"https:\/\/balticwind.eu\/pl\/author\/maja-moshotmail-com\/\" title=\"Wpisy od Maja Moskal\" rel=\"author\">Maja Moskal<\/a><\/span><\/span><span class=\"updated\" style=\"display:none;\">2026-04-24T17:53:37+02:00<\/span><a href=\"https:\/\/balticwind.eu\/pl\/category\/dania\/\" rel=\"category tag\">DANIA<\/a>, <a href=\"https:\/\/balticwind.eu\/pl\/category\/niemcy\/\" rel=\"category tag\">NIEMCY<\/a>, <a href=\"https:\/\/balticwind.eu\/pl\/category\/energia-wiatrowa-offshore\/\" rel=\"category tag\">OFFSHORE<\/a>, <a href=\"https:\/\/balticwind.eu\/pl\/category\/energia-wiatrowa-onshore\/\" rel=\"category tag\">ONSHORE<\/a>, <a href=\"https:\/\/balticwind.eu\/pl\/category\/opinie\/\" rel=\"category tag\">OPINIE<\/a>, <a href=\"https:\/\/balticwind.eu\/pl\/category\/projekty\/\" rel=\"category tag\">PROJEKTY<\/a>, <a href=\"https:\/\/balticwind.eu\/pl\/category\/regulatory-pl\/\" rel=\"category tag\">REGULACJE<\/a><span class=\"fusion-inline-sep\">|<\/span><\/p><\/div><div class=\"fusion-clearfix\"><\/div><\/article>\n<article id=\"blog-5-post-46024\" class=\"fusion-post-medium-alternate post-46024 post type-post status-publish format-standard has-post-thumbnail hentry category-dania category-estonia-pl category-finlandia category-litwa category-lotwa category-niemcy category-energia-wiatrowa-offshore category-polska category-regulatory-pl category-szwecja\">\n<div class=\"fusion-date-and-formats\"><div class=\"fusion-date-box updated\"><span class=\"fusion-date\">24<\/span><span class=\"fusion-month-year\">04, 2026<\/span><\/div><div class=\"fusion-format-box\"><i class=\"fusion-icon-pen\" aria-hidden=\"true\"><\/i><\/div><\/div>\t<style type=\"text\/css\">\n\t\t\n\t\t\n\t\t\n\t\t\n\t\t\t<\/style>\n\n\n\t\t\t<div class=\"fusion-flexslider flexslider fusion-flexslider-loading fusion-post-slideshow\" style=\"\">\n\t\t<ul class=\"slides\">\n\t\t\t\n\t\t\t\t\t\t\t\t\t\t\t\t\t\t<li>\n\n<div  class=\"fusion-image-wrapper fusion-image-size-fixed\" aria-haspopup=\"true\">\n\t\n\t\n\t\t\t\n\t\t\t\t<a href=\"https:\/\/balticwind.eu\/pl\/europa-potrzebuje-energii-wytwarzanej-na-wlasnym-terenie-na-duza-skale-a-morska-energetyka-wiatrowa-przygotowuje-sie-do-jej-dostarczenia\/\" aria-label=\"Europa potrzebuje energii wytwarzanej na w\u0142asnym terenie na du\u017c\u0105 skal\u0119, a morska energetyka wiatrowa przygotowuje si\u0119 do jej dostarczenia\">\n\t\t\n\t\t\n\t\t\t\t\t<img width=\"320\" height=\"202\" src=\"https:\/\/balticwind.eu\/wp-content\/uploads\/2026\/04\/germany-offshore-wind-dawn-dusk-purple-pink-sky-1200x675-1-320x202.jpg\" class=\"attachment-blog-medium size-blog-medium wp-post-image\" alt=\"\" decoding=\"async\" loading=\"lazy\" srcset=\"https:\/\/balticwind.eu\/wp-content\/uploads\/2026\/04\/germany-offshore-wind-dawn-dusk-purple-pink-sky-1200x675-1-320x202.jpg 320w, https:\/\/balticwind.eu\/wp-content\/uploads\/2026\/04\/germany-offshore-wind-dawn-dusk-purple-pink-sky-1200x675-1-700x441.jpg 700w\" sizes=\"(max-width: 320px) 100vw, 320px\" \/>\n\t\n\n\n\t\t\t\t<\/a>\n\t\t\n\t\n<\/div>\n<\/li>\n\t\t\t\n\t\t\t\n\t\t\t\t\t\t\t\t\t\t\t\t\t\t\t\t\t\t\t\t\t\t\t\t\t\t\t\t\t\t\t\t\t\t\t\t\t\t\t\t\t\t\t\t\t\t\t\t\t\t\t\t\t\t\t\t\t\t\t\t\t\t\t\t\t\t\t\t<\/ul>\n\t<\/div>\n\t<div class=\"fusion-post-content post-content\"><h2 class=\"blog-shortcode-post-title entry-title\"><a href=\"https:\/\/balticwind.eu\/pl\/europa-potrzebuje-energii-wytwarzanej-na-wlasnym-terenie-na-duza-skale-a-morska-energetyka-wiatrowa-przygotowuje-sie-do-jej-dostarczenia\/\">Europa potrzebuje energii wytwarzanej na w\u0142asnym terenie na du\u017c\u0105 skal\u0119, a morska energetyka wiatrowa przygotowuje si\u0119 do jej dostarczenia<\/a><\/h2><p class=\"fusion-single-line-meta\"><span class=\"vcard\" style=\"display: none;\"><span class=\"fn\"><a href=\"https:\/\/balticwind.eu\/pl\/author\/maja-moshotmail-com\/\" title=\"Wpisy od Maja Moskal\" rel=\"author\">Maja Moskal<\/a><\/span><\/span><span class=\"updated\" style=\"display:none;\">2026-04-24T16:08:04+02:00<\/span><a href=\"https:\/\/balticwind.eu\/pl\/category\/dania\/\" rel=\"category tag\">DANIA<\/a>, <a href=\"https:\/\/balticwind.eu\/pl\/category\/estonia-pl\/\" rel=\"category tag\">ESTONIA<\/a>, <a href=\"https:\/\/balticwind.eu\/pl\/category\/finlandia\/\" rel=\"category tag\">FINLANDIA<\/a>, <a href=\"https:\/\/balticwind.eu\/pl\/category\/litwa\/\" rel=\"category tag\">LITWA<\/a>, <a href=\"https:\/\/balticwind.eu\/pl\/category\/lotwa\/\" rel=\"category tag\">\u0141OTWA<\/a>, <a href=\"https:\/\/balticwind.eu\/pl\/category\/niemcy\/\" rel=\"category tag\">NIEMCY<\/a>, <a href=\"https:\/\/balticwind.eu\/pl\/category\/energia-wiatrowa-offshore\/\" rel=\"category tag\">OFFSHORE<\/a>, <a href=\"https:\/\/balticwind.eu\/pl\/category\/polska\/\" rel=\"category tag\">POLSKA<\/a>, <a href=\"https:\/\/balticwind.eu\/pl\/category\/regulatory-pl\/\" rel=\"category tag\">REGULACJE<\/a>, <a href=\"https:\/\/balticwind.eu\/pl\/category\/szwecja\/\" rel=\"category tag\">SZWECJA<\/a><span class=\"fusion-inline-sep\">|<\/span><\/p><\/div><div class=\"fusion-clearfix\"><\/div><\/article>\n<article id=\"blog-5-post-46016\" class=\"fusion-post-medium-alternate post-46016 post type-post status-publish format-standard has-post-thumbnail hentry category-energia-wiatrowa-offshore category-polska category-projekty\">\n<div class=\"fusion-date-and-formats\"><div class=\"fusion-date-box updated\"><span class=\"fusion-date\">24<\/span><span class=\"fusion-month-year\">04, 2026<\/span><\/div><div class=\"fusion-format-box\"><i class=\"fusion-icon-pen\" aria-hidden=\"true\"><\/i><\/div><\/div>\t<style type=\"text\/css\">\n\t\t\n\t\t\n\t\t\n\t\t\n\t\t\t<\/style>\n\n\n\t\t\t<div class=\"fusion-flexslider flexslider fusion-flexslider-loading fusion-post-slideshow\" style=\"\">\n\t\t<ul class=\"slides\">\n\t\t\t\n\t\t\t\t\t\t\t\t\t\t\t\t\t\t<li>\n\n<div  class=\"fusion-image-wrapper fusion-image-size-fixed\" aria-haspopup=\"true\">\n\t\n\t\n\t\t\t\n\t\t\t\t<a href=\"https:\/\/balticwind.eu\/pl\/blisko-1300-uczniow-z-pomorza-poznaje-morska-energetyke-wiatrowa\/\" aria-label=\"Blisko 1300 uczni\u00f3w z Pomorza poznaje morsk\u0105 energetyk\u0119 wiatrow\u0105\">\n\t\t\n\t\t\n\t\t\t\t\t<img width=\"320\" height=\"202\" src=\"https:\/\/balticwind.eu\/wp-content\/uploads\/2026\/04\/0-320x202.jpg\" class=\"attachment-blog-medium size-blog-medium wp-post-image\" alt=\"\" decoding=\"async\" loading=\"lazy\" srcset=\"https:\/\/balticwind.eu\/wp-content\/uploads\/2026\/04\/0-320x202.jpg 320w, https:\/\/balticwind.eu\/wp-content\/uploads\/2026\/04\/0-700x441.jpg 700w\" sizes=\"(max-width: 320px) 100vw, 320px\" \/>\n\t\n\n\n\t\t\t\t<\/a>\n\t\t\n\t\n<\/div>\n<\/li>\n\t\t\t\n\t\t\t\n\t\t\t\t\t\t\t\t\t\t\t\t\t\t\t\t\t\t\t\t\t\t\t\t\t\t\t\t\t\t\t\t\t\t\t\t\t\t\t\t\t\t\t\t\t\t\t\t\t\t\t\t\t\t\t\t\t\t\t\t\t\t\t\t\t\t\t\t<\/ul>\n\t<\/div>\n\t<div class=\"fusion-post-content post-content\"><h2 class=\"blog-shortcode-post-title entry-title\"><a href=\"https:\/\/balticwind.eu\/pl\/blisko-1300-uczniow-z-pomorza-poznaje-morska-energetyke-wiatrowa\/\">Blisko 1300 uczni\u00f3w z Pomorza poznaje morsk\u0105 energetyk\u0119 wiatrow\u0105<\/a><\/h2><p class=\"fusion-single-line-meta\"><span class=\"vcard\" style=\"display: none;\"><span class=\"fn\"><a href=\"https:\/\/balticwind.eu\/pl\/author\/maja-moshotmail-com\/\" title=\"Wpisy od Maja Moskal\" rel=\"author\">Maja Moskal<\/a><\/span><\/span><span class=\"updated\" style=\"display:none;\">2026-04-24T16:01:55+02:00<\/span><a href=\"https:\/\/balticwind.eu\/pl\/category\/energia-wiatrowa-offshore\/\" rel=\"category tag\">OFFSHORE<\/a>, <a href=\"https:\/\/balticwind.eu\/pl\/category\/polska\/\" rel=\"category tag\">POLSKA<\/a>, <a href=\"https:\/\/balticwind.eu\/pl\/category\/projekty\/\" rel=\"category tag\">PROJEKTY<\/a><span class=\"fusion-inline-sep\">|<\/span><\/p><\/div><div class=\"fusion-clearfix\"><\/div><\/article>\n<\/div><\/div><\/div><style type=\"text\/css\">.fusion-body .fusion-builder-nested-column-7{width:50% !important;margin-top : 0px;margin-bottom : 20px;}.fusion-builder-nested-column-7 > .fusion-column-wrapper {padding-top : 0px !important;padding-right : 0px !important;margin-right : 3.84%;padding-bottom : 0px !important;padding-left : 0px !important;margin-left : 3.84%;}@media only screen and (max-width:1024px) {.fusion-body .fusion-builder-nested-column-7{width:100% !important;order : 0;}.fusion-builder-nested-column-7 > .fusion-column-wrapper {margin-right : 1.92%;margin-left : 1.92%;}}@media only screen and (max-width:640px) {.fusion-body .fusion-builder-nested-column-7{width:100% !important;order : 0;}.fusion-builder-nested-column-7 > .fusion-column-wrapper {margin-right : 1.92%;margin-left : 1.92%;}}<\/style><\/div><div class=\"fusion-layout-column fusion_builder_column_inner fusion-builder-nested-column-8 fusion_builder_column_inner_1_2 1_2 fusion-flex-column\"><div class=\"fusion-column-wrapper fusion-flex-justify-content-flex-start fusion-content-layout-column\" style=\"background-position:left top;background-repeat:no-repeat;-webkit-background-size:cover;-moz-background-size:cover;-o-background-size:cover;background-size:cover;padding: 0px 0px 0px 0px;\"><div class=\"fusion-separator fusion-full-width-sep\" style=\"align-self: center;margin-left: auto;margin-right: auto;margin-bottom:10px;width:100%;max-width:100%;\"><div class=\"fusion-separator-border sep-single sep-solid\" style=\"border-color:#1f2a3b;border-top-width:12px;\"><\/div><\/div><style type=\"text\/css\">@media only screen and (max-width:1024px) {.fusion-title.fusion-title-6{margin-top:-15px!important; margin-right:0px!important;margin-bottom:20px!important;margin-left:0px!important;}}@media only screen and (max-width:640px) {.fusion-title.fusion-title-6{margin-top:0px!important; margin-right:0px!important;margin-bottom:20px!important; margin-left:0px!important;}}.fusion-title.fusion-title-text.fusion-title-6 a{color:#8cbcda}.fusion-title.fusion-title-text.fusion-title-6 a:hover{color:rgba(209,235,251,0.63)}<\/style><div class=\"fusion-title title fusion-title-6 fusion-title-text fusion-title-size-five\" style=\"margin-top:-15px;margin-right:0px;margin-bottom:20px;margin-left:0px;\"><div class=\"title-sep-container title-sep-container-left fusion-no-large-visibility fusion-no-medium-visibility fusion-no-small-visibility\"><div class=\"title-sep sep-\" style=\"border-color:#eaeaea;\"><\/div><\/div><h5 class=\"title-heading-left fusion-responsive-typography-calculated\" style=\"margin:0;--fontSize:17;line-height:1.76;\"><a href=\"https:\/\/balticwind.eu\/projects\/\" class=\"awb-custom-text-color awb-custom-text-hover-color\" target=\"_self\"><h5 style=\"text-align: left;\">NAJNOWSZE WIADOMO\u015aCI NA L\u0104DZIE<\/h5><\/a><\/h5><div class=\"title-sep-container title-sep-container-right\"><div class=\"title-sep sep-\" style=\"border-color:#eaeaea;\"><\/div><\/div><\/div><div class=\"fusion-blog-shortcode fusion-blog-shortcode-6 fusion-blog-archive fusion-blog-layout-medium-alternate fusion-blog-no\"><div class=\"fusion-posts-container fusion-posts-container-no\" data-pages=\"83\"><article id=\"blog-6-post-46020\" class=\"fusion-post-medium-alternate post-46020 post type-post status-publish format-standard has-post-thumbnail hentry category-energia-wiatrowa-offshore category-energia-wiatrowa-onshore category-opinie category-projekty category-regulatory-pl\">\n<div class=\"fusion-date-and-formats\"><div class=\"fusion-date-box updated\"><span class=\"fusion-date\">27<\/span><span class=\"fusion-month-year\">04, 2026<\/span><\/div><div class=\"fusion-format-box\"><i class=\"fusion-icon-pen\" aria-hidden=\"true\"><\/i><\/div><\/div>\t<style type=\"text\/css\">\n\t\t\n\t\t\n\t\t\n\t\t\n\t\t\t<\/style>\n\n\n\t\t\t<div class=\"fusion-flexslider flexslider fusion-flexslider-loading fusion-post-slideshow\" style=\"\">\n\t\t<ul class=\"slides\">\n\t\t\t\n\t\t\t\t\t\t\t\t\t\t\t\t\t\t<li>\n\n<div  class=\"fusion-image-wrapper fusion-image-size-fixed\" aria-haspopup=\"true\">\n\t\n\t\n\t\t\t\n\t\t\t\t<a href=\"https:\/\/balticwind.eu\/pl\/ochrona-europejskich-farm-wiatrowych-nie-ma-bezpieczenstwa-energetycznego-bez-fizycznego-zabezpieczenia-infrastruktury-energetycznej\/\" aria-label=\"Ochrona europejskich farm wiatrowych: nie ma bezpiecze\u0144stwa energetycznego bez fizycznego zabezpieczenia infrastruktury energetycznej\">\n\t\t\n\t\t\n\t\t\t\t\t<img width=\"320\" height=\"202\" src=\"https:\/\/balticwind.eu\/wp-content\/uploads\/2026\/04\/offshore-windfarm-320x202.jpg\" class=\"attachment-blog-medium size-blog-medium wp-post-image\" alt=\"\" decoding=\"async\" loading=\"lazy\" srcset=\"https:\/\/balticwind.eu\/wp-content\/uploads\/2026\/04\/offshore-windfarm-320x202.jpg 320w, https:\/\/balticwind.eu\/wp-content\/uploads\/2026\/04\/offshore-windfarm-700x441.jpg 700w\" sizes=\"(max-width: 320px) 100vw, 320px\" \/>\n\t\n\n\n\t\t\t\t<\/a>\n\t\t\n\t\n<\/div>\n<\/li>\n\t\t\t\n\t\t\t\n\t\t\t\t\t\t\t\t\t\t\t\t\t\t\t\t\t\t\t\t\t\t\t\t\t\t\t\t\t\t\t\t\t\t\t\t\t\t\t\t\t\t\t\t\t\t\t\t\t\t\t\t\t\t\t\t\t\t\t\t\t\t\t\t\t\t\t\t<\/ul>\n\t<\/div>\n\t<div class=\"fusion-post-content post-content\"><h2 class=\"blog-shortcode-post-title entry-title\"><a href=\"https:\/\/balticwind.eu\/pl\/ochrona-europejskich-farm-wiatrowych-nie-ma-bezpieczenstwa-energetycznego-bez-fizycznego-zabezpieczenia-infrastruktury-energetycznej\/\">Ochrona europejskich farm wiatrowych: nie ma bezpiecze\u0144stwa energetycznego bez fizycznego zabezpieczenia infrastruktury energetycznej<\/a><\/h2><p class=\"fusion-single-line-meta\"><span class=\"vcard\" style=\"display: none;\"><span class=\"fn\"><a href=\"https:\/\/balticwind.eu\/pl\/author\/maja-moshotmail-com\/\" title=\"Wpisy od Maja Moskal\" rel=\"author\">Maja Moskal<\/a><\/span><\/span><span class=\"updated\" style=\"display:none;\">2026-04-24T16:04:56+02:00<\/span><a href=\"https:\/\/balticwind.eu\/pl\/category\/energia-wiatrowa-offshore\/\" rel=\"category tag\">OFFSHORE<\/a>, <a href=\"https:\/\/balticwind.eu\/pl\/category\/energia-wiatrowa-onshore\/\" rel=\"category tag\">ONSHORE<\/a>, <a href=\"https:\/\/balticwind.eu\/pl\/category\/opinie\/\" rel=\"category tag\">OPINIE<\/a>, <a href=\"https:\/\/balticwind.eu\/pl\/category\/projekty\/\" rel=\"category tag\">PROJEKTY<\/a>, <a href=\"https:\/\/balticwind.eu\/pl\/category\/regulatory-pl\/\" rel=\"category tag\">REGULACJE<\/a><span class=\"fusion-inline-sep\">|<\/span><\/p><\/div><div class=\"fusion-clearfix\"><\/div><\/article>\n<article id=\"blog-6-post-46026\" class=\"fusion-post-medium-alternate post-46026 post type-post status-publish format-standard has-post-thumbnail hentry category-dania category-niemcy category-energia-wiatrowa-offshore category-energia-wiatrowa-onshore category-opinie category-projekty category-regulatory-pl\">\n<div class=\"fusion-date-and-formats\"><div class=\"fusion-date-box updated\"><span class=\"fusion-date\">27<\/span><span class=\"fusion-month-year\">04, 2026<\/span><\/div><div class=\"fusion-format-box\"><i class=\"fusion-icon-pen\" aria-hidden=\"true\"><\/i><\/div><\/div>\t<style type=\"text\/css\">\n\t\t\n\t\t\n\t\t\n\t\t\n\t\t\t<\/style>\n\n\n\t\t\t<div class=\"fusion-flexslider flexslider fusion-flexslider-loading fusion-post-slideshow\" style=\"\">\n\t\t<ul class=\"slides\">\n\t\t\t\n\t\t\t\t\t\t\t\t\t\t\t\t\t\t<li>\n\n<div  class=\"fusion-image-wrapper fusion-image-size-fixed\" aria-haspopup=\"true\">\n\t\n\t\n\t\t\t\n\t\t\t\t<a href=\"https:\/\/balticwind.eu\/pl\/pieciu-europejskich-operatorow-systemow-przesylowych-rozwaza-wspolprace-w-zakresie-infrastruktury-kabli-morskich-na-morzu-polnocnym\/\" aria-label=\"Pi\u0119ciu europejskich operator\u00f3w system\u00f3w przesy\u0142owych rozwa\u017ca wsp\u00f3\u0142prac\u0119 w zakresie infrastruktury kabli morskich na Morzu P\u00f3\u0142nocnym\">\n\t\t\n\t\t\n\t\t\t\t\t<img width=\"320\" height=\"202\" src=\"https:\/\/balticwind.eu\/wp-content\/uploads\/2024\/07\/sterling-lanier-g_g6JLB9GjM-unsplash-320x202.jpg\" class=\"attachment-blog-medium size-blog-medium wp-post-image\" alt=\"\" decoding=\"async\" loading=\"lazy\" srcset=\"https:\/\/balticwind.eu\/wp-content\/uploads\/2024\/07\/sterling-lanier-g_g6JLB9GjM-unsplash-320x202.jpg 320w, https:\/\/balticwind.eu\/wp-content\/uploads\/2024\/07\/sterling-lanier-g_g6JLB9GjM-unsplash-700x441.jpg 700w\" sizes=\"(max-width: 320px) 100vw, 320px\" \/>\n\t\n\n\n\t\t\t\t<\/a>\n\t\t\n\t\n<\/div>\n<\/li>\n\t\t\t\n\t\t\t\n\t\t\t\t\t\t\t\t\t\t\t\t\t\t\t\t\t\t\t\t\t\t\t\t\t\t\t\t\t\t\t\t\t\t\t\t\t\t\t\t\t\t\t\t\t\t\t\t\t\t\t\t\t\t\t\t\t\t\t\t\t\t\t\t\t\t\t\t<\/ul>\n\t<\/div>\n\t<div class=\"fusion-post-content post-content\"><h2 class=\"blog-shortcode-post-title entry-title\"><a href=\"https:\/\/balticwind.eu\/pl\/pieciu-europejskich-operatorow-systemow-przesylowych-rozwaza-wspolprace-w-zakresie-infrastruktury-kabli-morskich-na-morzu-polnocnym\/\">Pi\u0119ciu europejskich operator\u00f3w system\u00f3w przesy\u0142owych rozwa\u017ca wsp\u00f3\u0142prac\u0119 w zakresie infrastruktury kabli morskich na Morzu P\u00f3\u0142nocnym<\/a><\/h2><p class=\"fusion-single-line-meta\"><span class=\"vcard\" style=\"display: none;\"><span class=\"fn\"><a href=\"https:\/\/balticwind.eu\/pl\/author\/maja-moshotmail-com\/\" title=\"Wpisy od Maja Moskal\" rel=\"author\">Maja Moskal<\/a><\/span><\/span><span class=\"updated\" style=\"display:none;\">2026-04-24T17:53:37+02:00<\/span><a href=\"https:\/\/balticwind.eu\/pl\/category\/dania\/\" rel=\"category tag\">DANIA<\/a>, <a href=\"https:\/\/balticwind.eu\/pl\/category\/niemcy\/\" rel=\"category tag\">NIEMCY<\/a>, <a href=\"https:\/\/balticwind.eu\/pl\/category\/energia-wiatrowa-offshore\/\" rel=\"category tag\">OFFSHORE<\/a>, <a href=\"https:\/\/balticwind.eu\/pl\/category\/energia-wiatrowa-onshore\/\" rel=\"category tag\">ONSHORE<\/a>, <a href=\"https:\/\/balticwind.eu\/pl\/category\/opinie\/\" rel=\"category tag\">OPINIE<\/a>, <a href=\"https:\/\/balticwind.eu\/pl\/category\/projekty\/\" rel=\"category tag\">PROJEKTY<\/a>, <a href=\"https:\/\/balticwind.eu\/pl\/category\/regulatory-pl\/\" rel=\"category tag\">REGULACJE<\/a><span class=\"fusion-inline-sep\">|<\/span><\/p><\/div><div class=\"fusion-clearfix\"><\/div><\/article>\n<article id=\"blog-6-post-45996\" class=\"fusion-post-medium-alternate post-45996 post type-post status-publish format-standard has-post-thumbnail hentry category-energia-wiatrowa-offshore category-energia-wiatrowa-onshore category-opinie category-polska category-projekty category-regulatory-pl\">\n<div class=\"fusion-date-and-formats\"><div class=\"fusion-date-box updated\"><span class=\"fusion-date\">24<\/span><span class=\"fusion-month-year\">04, 2026<\/span><\/div><div class=\"fusion-format-box\"><i class=\"fusion-icon-pen\" aria-hidden=\"true\"><\/i><\/div><\/div>\t<style type=\"text\/css\">\n\t\t\n\t\t\n\t\t\n\t\t\n\t\t\t<\/style>\n\n\n\t\t\t<div class=\"fusion-flexslider flexslider fusion-flexslider-loading fusion-post-slideshow\" style=\"\">\n\t\t<ul class=\"slides\">\n\t\t\t\n\t\t\t\t\t\t\t\t\t\t\t\t\t\t<li>\n\n<div  class=\"fusion-image-wrapper fusion-image-size-fixed\" aria-haspopup=\"true\">\n\t\n\t\n\t\t\t\n\t\t\t\t<a href=\"https:\/\/balticwind.eu\/pl\/europejczycy-w-tym-polacy-przeceniaja-niezaleznosc-energetyczna-swoich-krajow-wynika-z-badania-orsted\/\" aria-label=\"Europejczycy, w tym Polacy, przeceniaj\u0105 niezale\u017cno\u015b\u0107 energetyczn\u0105 swoich kraj\u00f3w &#8211; wynika z badania \u00d8rsted\">\n\t\t\n\t\t\n\t\t\t\t\t<img width=\"320\" height=\"202\" src=\"https:\/\/balticwind.eu\/wp-content\/uploads\/2024\/07\/karsten-wurth-ZKWgoRUYuMk-unsplash-320x202.jpg\" class=\"attachment-blog-medium size-blog-medium wp-post-image\" alt=\"Source: Unsplash\" decoding=\"async\" loading=\"lazy\" srcset=\"https:\/\/balticwind.eu\/wp-content\/uploads\/2024\/07\/karsten-wurth-ZKWgoRUYuMk-unsplash-320x202.jpg 320w, https:\/\/balticwind.eu\/wp-content\/uploads\/2024\/07\/karsten-wurth-ZKWgoRUYuMk-unsplash-700x441.jpg 700w\" sizes=\"(max-width: 320px) 100vw, 320px\" \/>\n\t\n\n\n\t\t\t\t<\/a>\n\t\t\n\t\n<\/div>\n<\/li>\n\t\t\t\n\t\t\t\n\t\t\t\t\t\t\t\t\t\t\t\t\t\t\t\t\t\t\t\t\t\t\t\t\t\t\t\t\t\t\t\t\t\t\t\t\t\t\t\t\t\t\t\t\t\t\t\t\t\t\t\t\t\t\t\t\t\t\t\t\t\t\t\t\t\t\t\t<\/ul>\n\t<\/div>\n\t<div class=\"fusion-post-content post-content\"><h2 class=\"blog-shortcode-post-title entry-title\"><a href=\"https:\/\/balticwind.eu\/pl\/europejczycy-w-tym-polacy-przeceniaja-niezaleznosc-energetyczna-swoich-krajow-wynika-z-badania-orsted\/\">Europejczycy, w tym Polacy, przeceniaj\u0105 niezale\u017cno\u015b\u0107 energetyczn\u0105 swoich kraj\u00f3w &#8211; wynika z badania \u00d8rsted<\/a><\/h2><p class=\"fusion-single-line-meta\"><span class=\"vcard\" style=\"display: none;\"><span class=\"fn\"><a href=\"https:\/\/balticwind.eu\/pl\/author\/maja-moshotmail-com\/\" title=\"Wpisy od Maja Moskal\" rel=\"author\">Maja Moskal<\/a><\/span><\/span><span class=\"updated\" style=\"display:none;\">2026-04-23T11:45:49+02:00<\/span><a href=\"https:\/\/balticwind.eu\/pl\/category\/energia-wiatrowa-offshore\/\" rel=\"category tag\">OFFSHORE<\/a>, <a href=\"https:\/\/balticwind.eu\/pl\/category\/energia-wiatrowa-onshore\/\" rel=\"category tag\">ONSHORE<\/a>, <a href=\"https:\/\/balticwind.eu\/pl\/category\/opinie\/\" rel=\"category tag\">OPINIE<\/a>, <a href=\"https:\/\/balticwind.eu\/pl\/category\/polska\/\" rel=\"category tag\">POLSKA<\/a>, <a href=\"https:\/\/balticwind.eu\/pl\/category\/projekty\/\" rel=\"category tag\">PROJEKTY<\/a>, <a href=\"https:\/\/balticwind.eu\/pl\/category\/regulatory-pl\/\" rel=\"category tag\">REGULACJE<\/a><span class=\"fusion-inline-sep\">|<\/span><\/p><\/div><div class=\"fusion-clearfix\"><\/div><\/article>\n<article id=\"blog-6-post-45997\" class=\"fusion-post-medium-alternate post-45997 post type-post status-publish format-standard has-post-thumbnail hentry category-energia-wiatrowa-offshore category-energia-wiatrowa-onshore category-opinie category-polska category-projekty category-regulatory-pl\">\n<div class=\"fusion-date-and-formats\"><div class=\"fusion-date-box updated\"><span class=\"fusion-date\">24<\/span><span class=\"fusion-month-year\">04, 2026<\/span><\/div><div class=\"fusion-format-box\"><i class=\"fusion-icon-pen\" aria-hidden=\"true\"><\/i><\/div><\/div>\t<style type=\"text\/css\">\n\t\t\n\t\t\n\t\t\n\t\t\n\t\t\t<\/style>\n\n\n\t\t\t<div class=\"fusion-flexslider flexslider fusion-flexslider-loading fusion-post-slideshow\" style=\"\">\n\t\t<ul class=\"slides\">\n\t\t\t\n\t\t\t\t\t\t\t\t\t\t\t\t\t\t<li>\n\n<div  class=\"fusion-image-wrapper fusion-image-size-fixed\" aria-haspopup=\"true\">\n\t\n\t\n\t\t\t\n\t\t\t\t<a href=\"https:\/\/balticwind.eu\/pl\/tak-trudno-jak-jest-teraz-jeszcze-nie-bylo-eksperci-o-barierach-dla-ladowej-energetyki-wiatrowej-podczas-panelu-dyskusyjnego-na-europejskim-kongresie-gospodarczym-w-katowicach\/\" aria-label=\"\u201cTak trudno, jak jest teraz, jeszcze nie by\u0142o\u201d &#8211; eksperci o barierach dla l\u0105dowej energetyki wiatrowej podczas panelu dyskusyjnego na Europejskim Kongresie Gospodarczym w Katowicach\">\n\t\t\n\t\t\n\t\t\t\t\t<img width=\"320\" height=\"202\" src=\"https:\/\/balticwind.eu\/wp-content\/uploads\/2024\/12\/wind-energy-7394705_1280-320x202.jpg\" class=\"attachment-blog-medium size-blog-medium wp-post-image\" alt=\"Source: Pixabay\" decoding=\"async\" loading=\"lazy\" srcset=\"https:\/\/balticwind.eu\/wp-content\/uploads\/2024\/12\/wind-energy-7394705_1280-320x202.jpg 320w, https:\/\/balticwind.eu\/wp-content\/uploads\/2024\/12\/wind-energy-7394705_1280-700x441.jpg 700w\" sizes=\"(max-width: 320px) 100vw, 320px\" \/>\n\t\n\n\n\t\t\t\t<\/a>\n\t\t\n\t\n<\/div>\n<\/li>\n\t\t\t\n\t\t\t\n\t\t\t\t\t\t\t\t\t\t\t\t\t\t\t\t\t\t\t\t\t\t\t\t\t\t\t\t\t\t\t\t\t\t\t\t\t\t\t\t\t\t\t\t\t\t\t\t\t\t\t\t\t\t\t\t\t\t\t\t\t\t\t\t\t\t\t\t<\/ul>\n\t<\/div>\n\t<div class=\"fusion-post-content post-content\"><h2 class=\"blog-shortcode-post-title entry-title\"><a href=\"https:\/\/balticwind.eu\/pl\/tak-trudno-jak-jest-teraz-jeszcze-nie-bylo-eksperci-o-barierach-dla-ladowej-energetyki-wiatrowej-podczas-panelu-dyskusyjnego-na-europejskim-kongresie-gospodarczym-w-katowicach\/\">\u201cTak trudno, jak jest teraz, jeszcze nie by\u0142o\u201d &#8211; eksperci o barierach dla l\u0105dowej energetyki wiatrowej podczas panelu dyskusyjnego na Europejskim Kongresie Gospodarczym w Katowicach<\/a><\/h2><p class=\"fusion-single-line-meta\"><span class=\"vcard\" style=\"display: none;\"><span class=\"fn\"><a href=\"https:\/\/balticwind.eu\/pl\/author\/maja-moshotmail-com\/\" title=\"Wpisy od Maja Moskal\" rel=\"author\">Maja Moskal<\/a><\/span><\/span><span class=\"updated\" style=\"display:none;\">2026-04-23T11:55:41+02:00<\/span><a href=\"https:\/\/balticwind.eu\/pl\/category\/energia-wiatrowa-offshore\/\" rel=\"category tag\">OFFSHORE<\/a>, <a href=\"https:\/\/balticwind.eu\/pl\/category\/energia-wiatrowa-onshore\/\" rel=\"category tag\">ONSHORE<\/a>, <a href=\"https:\/\/balticwind.eu\/pl\/category\/opinie\/\" rel=\"category tag\">OPINIE<\/a>, <a href=\"https:\/\/balticwind.eu\/pl\/category\/polska\/\" rel=\"category tag\">POLSKA<\/a>, <a href=\"https:\/\/balticwind.eu\/pl\/category\/projekty\/\" rel=\"category tag\">PROJEKTY<\/a>, <a href=\"https:\/\/balticwind.eu\/pl\/category\/regulatory-pl\/\" rel=\"category tag\">REGULACJE<\/a><span class=\"fusion-inline-sep\">|<\/span><\/p><\/div><div class=\"fusion-clearfix\"><\/div><\/article>\n<\/div><\/div><\/div><style type=\"text\/css\">.fusion-body .fusion-builder-nested-column-8{width:50% !important;margin-top : 0px;margin-bottom : 20px;}.fusion-builder-nested-column-8 > .fusion-column-wrapper {padding-top : 0px !important;padding-right : 0px !important;margin-right : 3.84%;padding-bottom : 0px !important;padding-left : 0px !important;margin-left : 3.84%;}@media only screen and (max-width:1024px) {.fusion-body .fusion-builder-nested-column-8{width:100% !important;order : 0;}.fusion-builder-nested-column-8 > .fusion-column-wrapper {margin-right : 1.92%;margin-left : 1.92%;}}@media only screen and (max-width:640px) {.fusion-body .fusion-builder-nested-column-8{width:100% !important;order : 0;}.fusion-builder-nested-column-8 > .fusion-column-wrapper {margin-right : 1.92%;margin-left : 1.92%;}}<\/style><\/div><\/div><\/div><style type=\"text\/css\">.fusion-body .fusion-builder-column-16{width:100% !important;margin-top : 0px;margin-bottom : 20px;}.fusion-builder-column-16 > .fusion-column-wrapper {padding-top : 0px !important;padding-right : 0px !important;margin-right : 1.92%;padding-bottom : 0px !important;padding-left : 0px !important;margin-left : 1.92%;}@media only screen and (max-width:1024px) {.fusion-body .fusion-builder-column-16{width:100% !important;order : 0;}.fusion-builder-column-16 > .fusion-column-wrapper {margin-right : 1.92%;margin-left : 1.92%;}}@media only screen and (max-width:640px) {.fusion-body .fusion-builder-column-16{width:100% !important;order : 0;}.fusion-builder-column-16 > .fusion-column-wrapper {margin-right : 1.92%;margin-left : 1.92%;}}<\/style><\/div><\/div><style type=\"text\/css\">.fusion-body .fusion-flex-container.fusion-builder-row-8{ padding-top : 20px;margin-top : 0px;padding-right : 0px;padding-bottom : 0px;margin-bottom : 0px;padding-left : 0px;}<\/style><\/div><div class=\"fusion-fullwidth fullwidth-box fusion-builder-row-9 fusion-flex-container nonhundred-percent-fullwidth non-hundred-percent-height-scrolling fusion-no-small-visibility fusion-no-medium-visibility\" style=\"background-color: rgba(255,255,255,0);background-position: center center;background-repeat: no-repeat;border-width: 0px 0px 0px 0px;border-color:#eaeaea;border-style:solid;\" ><div class=\"fusion-builder-row fusion-row fusion-flex-align-items-flex-start\" style=\"max-width:1289.6px;margin-left: calc(-4% \/ 2 );margin-right: calc(-4% \/ 2 );\"><div class=\"fusion-layout-column fusion_builder_column fusion-builder-column-17 fusion_builder_column_1_1 1_1 fusion-flex-column\"><div class=\"fusion-column-wrapper fusion-flex-justify-content-flex-start fusion-content-layout-column\" style=\"background-position:left top;background-repeat:no-repeat;-webkit-background-size:cover;-moz-background-size:cover;-o-background-size:cover;background-size:cover;padding: 0px 0px 0px 0px;\"><div style=\"text-align:center;\"><span class=\" fusion-imageframe imageframe-none imageframe-7 hover-type-none\"><a class=\"fusion-no-lightbox\" href=\"https:\/\/powerpol.pl\/\" target=\"_self\" aria-label=\"PowerPol Kongres baner 2\"><img decoding=\"async\" width=\"970\" height=\"300\" src=\"https:\/\/balticwind.eu\/wp-content\/uploads\/2026\/01\/PowerPol-Kongres-baner-2.png\" class=\"img-responsive wp-image-45494\" srcset=\"https:\/\/balticwind.eu\/wp-content\/uploads\/2026\/01\/PowerPol-Kongres-baner-2-200x62.png 200w, https:\/\/balticwind.eu\/wp-content\/uploads\/2026\/01\/PowerPol-Kongres-baner-2-400x124.png 400w, https:\/\/balticwind.eu\/wp-content\/uploads\/2026\/01\/PowerPol-Kongres-baner-2-600x186.png 600w, https:\/\/balticwind.eu\/wp-content\/uploads\/2026\/01\/PowerPol-Kongres-baner-2-800x247.png 800w, https:\/\/balticwind.eu\/wp-content\/uploads\/2026\/01\/PowerPol-Kongres-baner-2.png 970w\" sizes=\"(max-width: 1024px) 100vw, (max-width: 640px) 100vw, 970px\" \/><\/a><\/span><\/div><\/div><style type=\"text\/css\">.fusion-body .fusion-builder-column-17{width:100% !important;margin-top : 0px;margin-bottom : 20px;}.fusion-builder-column-17 > .fusion-column-wrapper {padding-top : 0px !important;padding-right : 0px !important;margin-right : 1.92%;padding-bottom : 0px !important;padding-left : 0px !important;margin-left : 1.92%;}@media only screen and (max-width:1024px) {.fusion-body .fusion-builder-column-17{width:100% !important;order : 0;}.fusion-builder-column-17 > .fusion-column-wrapper {margin-right : 1.92%;margin-left : 1.92%;}}@media only screen and (max-width:640px) {.fusion-body .fusion-builder-column-17{width:100% !important;order : 0;}.fusion-builder-column-17 > .fusion-column-wrapper {margin-right : 1.92%;margin-left : 1.92%;}}<\/style><\/div><\/div><style type=\"text\/css\">.fusion-body .fusion-flex-container.fusion-builder-row-9{ padding-top : 0px;margin-top : 0px;padding-right : 0px;padding-bottom : 0px;margin-bottom : 0px;padding-left : 0px;}<\/style><\/div><div class=\"fusion-fullwidth fullwidth-box fusion-builder-row-10 fusion-flex-container nonhundred-percent-fullwidth non-hundred-percent-height-scrolling fusion-no-small-visibility fusion-no-medium-visibility\" style=\"background-color: rgba(255,255,255,0);background-position: center center;background-repeat: no-repeat;border-width: 0px 0px 0px 0px;border-color:#eaeaea;border-style:solid;\" ><div class=\"fusion-builder-row fusion-row fusion-flex-align-items-flex-start\" style=\"max-width:1289.6px;margin-left: calc(-4% \/ 2 );margin-right: calc(-4% \/ 2 );\"><div class=\"fusion-layout-column fusion_builder_column fusion-builder-column-18 fusion_builder_column_1_1 1_1 fusion-flex-column\"><div class=\"fusion-column-wrapper fusion-flex-justify-content-flex-start fusion-content-layout-column\" style=\"background-position:left top;background-repeat:no-repeat;-webkit-background-size:cover;-moz-background-size:cover;-o-background-size:cover;background-size:cover;padding: 0px 0px 0px 0px;\"><div class=\"fusion-builder-row fusion-builder-row-inner fusion-row fusion-flex-align-items-flex-start\" style=\"width:104% !important;max-width:104% !important;margin-left: calc(-4% \/ 2 );margin-right: calc(-4% \/ 2 );\"><div class=\"fusion-layout-column fusion_builder_column_inner fusion-builder-nested-column-9 fusion_builder_column_inner_2_3 2_3 fusion-flex-column opinion-medium\"><div class=\"fusion-column-wrapper fusion-flex-justify-content-flex-start fusion-content-layout-column\" style=\"background-position:left top;background-repeat:no-repeat;-webkit-background-size:cover;-moz-background-size:cover;-o-background-size:cover;background-size:cover;padding: 0px 0px 0px 0px;\"><div class=\"fusion-separator fusion-full-width-sep\" style=\"align-self: center;margin-left: auto;margin-right: auto;margin-bottom:10px;width:100%;max-width:100%;\"><div class=\"fusion-separator-border sep-single sep-solid\" style=\"border-color:#1f2a3b;border-top-width:12px;\"><\/div><\/div><style type=\"text\/css\">@media only screen and (max-width:1024px) {.fusion-title.fusion-title-7{margin-top:-15px!important; margin-right:0px!important;margin-bottom:20px!important;margin-left:0px!important;}}@media only screen and (max-width:640px) {.fusion-title.fusion-title-7{margin-top:0px!important; margin-right:0px!important;margin-bottom:20px!important; margin-left:0px!important;}}.fusion-title.fusion-title-text.fusion-title-7 a{color:#8cbcda}.fusion-title.fusion-title-text.fusion-title-7 a:hover{color:rgba(209,235,251,0.63)}<\/style><div class=\"fusion-title title fusion-title-7 fusion-title-text fusion-title-size-five\" style=\"margin-top:-15px;margin-right:0px;margin-bottom:20px;margin-left:0px;\"><div class=\"title-sep-container title-sep-container-left fusion-no-large-visibility fusion-no-medium-visibility fusion-no-small-visibility\"><div class=\"title-sep sep-\" style=\"border-color:#eaeaea;\"><\/div><\/div><h5 class=\"title-heading-left fusion-responsive-typography-calculated\" style=\"margin:0;--fontSize:17;line-height:1.76;\"><a href=\"https:\/\/balticwind.eu\/opinions\/\" class=\"awb-custom-text-color awb-custom-text-hover-color\" target=\"_self\"><h5 style=\"text-align: left;\">OPINIE<\/h5><\/a><\/h5><div class=\"title-sep-container title-sep-container-right\"><div class=\"title-sep sep-\" style=\"border-color:#eaeaea;\"><\/div><\/div><\/div><div class=\"fusion-blog-shortcode fusion-blog-shortcode-7 fusion-blog-archive fusion-blog-layout-medium-alternate fusion-blog-no\"><div class=\"fusion-posts-container fusion-posts-container-no\" data-pages=\"82\"><article id=\"blog-7-post-45996\" class=\"fusion-post-medium-alternate post-45996 post type-post status-publish format-standard has-post-thumbnail hentry category-energia-wiatrowa-offshore category-energia-wiatrowa-onshore category-opinie category-polska category-projekty category-regulatory-pl\">\n<div class=\"fusion-date-and-formats\"><div class=\"fusion-date-box updated\"><span class=\"fusion-date\">24<\/span><span class=\"fusion-month-year\">04, 2026<\/span><\/div><div class=\"fusion-format-box\"><i class=\"fusion-icon-pen\" aria-hidden=\"true\"><\/i><\/div><\/div>\t<style type=\"text\/css\">\n\t\t\n\t\t\n\t\t\n\t\t\n\t\t\t<\/style>\n\n\n\t\t\t<div class=\"fusion-flexslider flexslider fusion-flexslider-loading fusion-post-slideshow\" style=\"\">\n\t\t<ul class=\"slides\">\n\t\t\t\n\t\t\t\t\t\t\t\t\t\t\t\t\t\t<li>\n\n<div  class=\"fusion-image-wrapper fusion-image-size-fixed\" aria-haspopup=\"true\">\n\t\n\t\n\t\t\t\n\t\t\t\t<a href=\"https:\/\/balticwind.eu\/pl\/europejczycy-w-tym-polacy-przeceniaja-niezaleznosc-energetyczna-swoich-krajow-wynika-z-badania-orsted\/\" aria-label=\"Europejczycy, w tym Polacy, przeceniaj\u0105 niezale\u017cno\u015b\u0107 energetyczn\u0105 swoich kraj\u00f3w &#8211; wynika z badania \u00d8rsted\">\n\t\t\n\t\t\n\t\t\t\t\t<img width=\"320\" height=\"202\" src=\"https:\/\/balticwind.eu\/wp-content\/uploads\/2024\/07\/karsten-wurth-ZKWgoRUYuMk-unsplash-320x202.jpg\" class=\"attachment-blog-medium size-blog-medium wp-post-image\" alt=\"Source: Unsplash\" decoding=\"async\" loading=\"lazy\" srcset=\"https:\/\/balticwind.eu\/wp-content\/uploads\/2024\/07\/karsten-wurth-ZKWgoRUYuMk-unsplash-320x202.jpg 320w, https:\/\/balticwind.eu\/wp-content\/uploads\/2024\/07\/karsten-wurth-ZKWgoRUYuMk-unsplash-700x441.jpg 700w\" sizes=\"(max-width: 320px) 100vw, 320px\" \/>\n\t\n\n\n\t\t\t\t<\/a>\n\t\t\n\t\n<\/div>\n<\/li>\n\t\t\t\n\t\t\t\n\t\t\t\t\t\t\t\t\t\t\t\t\t\t\t\t\t\t\t\t\t\t\t\t\t\t\t\t\t\t\t\t\t\t\t\t\t\t\t\t\t\t\t\t\t\t\t\t\t\t\t\t\t\t\t\t\t\t\t\t\t\t\t\t\t\t\t\t<\/ul>\n\t<\/div>\n\t<div class=\"fusion-post-content post-content\"><h2 class=\"blog-shortcode-post-title entry-title\"><a href=\"https:\/\/balticwind.eu\/pl\/europejczycy-w-tym-polacy-przeceniaja-niezaleznosc-energetyczna-swoich-krajow-wynika-z-badania-orsted\/\">Europejczycy, w tym Polacy, przeceniaj\u0105 niezale\u017cno\u015b\u0107 energetyczn\u0105 swoich kraj\u00f3w &#8211; wynika z badania \u00d8rsted<\/a><\/h2><p class=\"fusion-single-line-meta\"><span class=\"vcard\" style=\"display: none;\"><span class=\"fn\"><a href=\"https:\/\/balticwind.eu\/pl\/author\/maja-moshotmail-com\/\" title=\"Wpisy od Maja Moskal\" rel=\"author\">Maja Moskal<\/a><\/span><\/span><span class=\"updated\" style=\"display:none;\">2026-04-23T11:45:49+02:00<\/span><a href=\"https:\/\/balticwind.eu\/pl\/category\/energia-wiatrowa-offshore\/\" rel=\"category tag\">OFFSHORE<\/a>, <a href=\"https:\/\/balticwind.eu\/pl\/category\/energia-wiatrowa-onshore\/\" rel=\"category tag\">ONSHORE<\/a>, <a href=\"https:\/\/balticwind.eu\/pl\/category\/opinie\/\" rel=\"category tag\">OPINIE<\/a>, <a href=\"https:\/\/balticwind.eu\/pl\/category\/polska\/\" rel=\"category tag\">POLSKA<\/a>, <a href=\"https:\/\/balticwind.eu\/pl\/category\/projekty\/\" rel=\"category tag\">PROJEKTY<\/a>, <a href=\"https:\/\/balticwind.eu\/pl\/category\/regulatory-pl\/\" rel=\"category tag\">REGULACJE<\/a><span class=\"fusion-inline-sep\">|<\/span><\/p><\/div><div class=\"fusion-clearfix\"><\/div><\/article>\n<article id=\"blog-7-post-45997\" class=\"fusion-post-medium-alternate post-45997 post type-post status-publish format-standard has-post-thumbnail hentry category-energia-wiatrowa-offshore category-energia-wiatrowa-onshore category-opinie category-polska category-projekty category-regulatory-pl\">\n<div class=\"fusion-date-and-formats\"><div class=\"fusion-date-box updated\"><span class=\"fusion-date\">24<\/span><span class=\"fusion-month-year\">04, 2026<\/span><\/div><div class=\"fusion-format-box\"><i class=\"fusion-icon-pen\" aria-hidden=\"true\"><\/i><\/div><\/div>\t<style type=\"text\/css\">\n\t\t\n\t\t\n\t\t\n\t\t\n\t\t\t<\/style>\n\n\n\t\t\t<div class=\"fusion-flexslider flexslider fusion-flexslider-loading fusion-post-slideshow\" style=\"\">\n\t\t<ul class=\"slides\">\n\t\t\t\n\t\t\t\t\t\t\t\t\t\t\t\t\t\t<li>\n\n<div  class=\"fusion-image-wrapper fusion-image-size-fixed\" aria-haspopup=\"true\">\n\t\n\t\n\t\t\t\n\t\t\t\t<a href=\"https:\/\/balticwind.eu\/pl\/tak-trudno-jak-jest-teraz-jeszcze-nie-bylo-eksperci-o-barierach-dla-ladowej-energetyki-wiatrowej-podczas-panelu-dyskusyjnego-na-europejskim-kongresie-gospodarczym-w-katowicach\/\" aria-label=\"\u201cTak trudno, jak jest teraz, jeszcze nie by\u0142o\u201d &#8211; eksperci o barierach dla l\u0105dowej energetyki wiatrowej podczas panelu dyskusyjnego na Europejskim Kongresie Gospodarczym w Katowicach\">\n\t\t\n\t\t\n\t\t\t\t\t<img width=\"320\" height=\"202\" src=\"https:\/\/balticwind.eu\/wp-content\/uploads\/2024\/12\/wind-energy-7394705_1280-320x202.jpg\" class=\"attachment-blog-medium size-blog-medium wp-post-image\" alt=\"Source: Pixabay\" decoding=\"async\" loading=\"lazy\" srcset=\"https:\/\/balticwind.eu\/wp-content\/uploads\/2024\/12\/wind-energy-7394705_1280-320x202.jpg 320w, https:\/\/balticwind.eu\/wp-content\/uploads\/2024\/12\/wind-energy-7394705_1280-700x441.jpg 700w\" sizes=\"(max-width: 320px) 100vw, 320px\" \/>\n\t\n\n\n\t\t\t\t<\/a>\n\t\t\n\t\n<\/div>\n<\/li>\n\t\t\t\n\t\t\t\n\t\t\t\t\t\t\t\t\t\t\t\t\t\t\t\t\t\t\t\t\t\t\t\t\t\t\t\t\t\t\t\t\t\t\t\t\t\t\t\t\t\t\t\t\t\t\t\t\t\t\t\t\t\t\t\t\t\t\t\t\t\t\t\t\t\t\t\t<\/ul>\n\t<\/div>\n\t<div class=\"fusion-post-content post-content\"><h2 class=\"blog-shortcode-post-title entry-title\"><a href=\"https:\/\/balticwind.eu\/pl\/tak-trudno-jak-jest-teraz-jeszcze-nie-bylo-eksperci-o-barierach-dla-ladowej-energetyki-wiatrowej-podczas-panelu-dyskusyjnego-na-europejskim-kongresie-gospodarczym-w-katowicach\/\">\u201cTak trudno, jak jest teraz, jeszcze nie by\u0142o\u201d &#8211; eksperci o barierach dla l\u0105dowej energetyki wiatrowej podczas panelu dyskusyjnego na Europejskim Kongresie Gospodarczym w Katowicach<\/a><\/h2><p class=\"fusion-single-line-meta\"><span class=\"vcard\" style=\"display: none;\"><span class=\"fn\"><a href=\"https:\/\/balticwind.eu\/pl\/author\/maja-moshotmail-com\/\" title=\"Wpisy od Maja Moskal\" rel=\"author\">Maja Moskal<\/a><\/span><\/span><span class=\"updated\" style=\"display:none;\">2026-04-23T11:55:41+02:00<\/span><a href=\"https:\/\/balticwind.eu\/pl\/category\/energia-wiatrowa-offshore\/\" rel=\"category tag\">OFFSHORE<\/a>, <a href=\"https:\/\/balticwind.eu\/pl\/category\/energia-wiatrowa-onshore\/\" rel=\"category tag\">ONSHORE<\/a>, <a href=\"https:\/\/balticwind.eu\/pl\/category\/opinie\/\" rel=\"category tag\">OPINIE<\/a>, <a href=\"https:\/\/balticwind.eu\/pl\/category\/polska\/\" rel=\"category tag\">POLSKA<\/a>, <a href=\"https:\/\/balticwind.eu\/pl\/category\/projekty\/\" rel=\"category tag\">PROJEKTY<\/a>, <a href=\"https:\/\/balticwind.eu\/pl\/category\/regulatory-pl\/\" rel=\"category tag\">REGULACJE<\/a><span class=\"fusion-inline-sep\">|<\/span><\/p><\/div><div class=\"fusion-clearfix\"><\/div><\/article>\n<article id=\"blog-7-post-45995\" class=\"fusion-post-medium-alternate post-45995 post type-post status-publish format-standard has-post-thumbnail hentry category-klimat category-energia-wiatrowa-offshore category-energia-wiatrowa-onshore category-opinie category-projekty category-regulatory-pl\">\n<div class=\"fusion-date-and-formats\"><div class=\"fusion-date-box updated\"><span class=\"fusion-date\">23<\/span><span class=\"fusion-month-year\">04, 2026<\/span><\/div><div class=\"fusion-format-box\"><i class=\"fusion-icon-pen\" aria-hidden=\"true\"><\/i><\/div><\/div>\t<style type=\"text\/css\">\n\t\t\n\t\t\n\t\t\n\t\t\n\t\t\t<\/style>\n\n\n\t\t\t<div class=\"fusion-flexslider flexslider fusion-flexslider-loading fusion-post-slideshow\" style=\"\">\n\t\t<ul class=\"slides\">\n\t\t\t\n\t\t\t\t\t\t\t\t\t\t\t\t\t\t<li>\n\n<div  class=\"fusion-image-wrapper fusion-image-size-fixed\" aria-haspopup=\"true\">\n\t\n\t\n\t\t\t\n\t\t\t\t<a href=\"https:\/\/balticwind.eu\/pl\/dezinformacja-i-falszywe-informacje-dotyczace-energii-wiatrowej-zagrazaja-bezpieczenstwu-i-konkurencyjnosci-europy\/\" aria-label=\"Dezinformacja i fa\u0142szywe informacje dotycz\u0105ce energii wiatrowej zagra\u017caj\u0105 bezpiecze\u0144stwu i konkurencyjno\u015bci Europy\">\n\t\t\n\t\t\n\t\t\t\t\t<img width=\"320\" height=\"202\" src=\"https:\/\/balticwind.eu\/wp-content\/uploads\/2026\/04\/Still-16-9-UPDATED-320x202.jpg\" class=\"attachment-blog-medium size-blog-medium wp-post-image\" alt=\"\" decoding=\"async\" loading=\"lazy\" srcset=\"https:\/\/balticwind.eu\/wp-content\/uploads\/2026\/04\/Still-16-9-UPDATED-320x202.jpg 320w, https:\/\/balticwind.eu\/wp-content\/uploads\/2026\/04\/Still-16-9-UPDATED-700x441.jpg 700w\" sizes=\"(max-width: 320px) 100vw, 320px\" \/>\n\t\n\n\n\t\t\t\t<\/a>\n\t\t\n\t\n<\/div>\n<\/li>\n\t\t\t\n\t\t\t\n\t\t\t\t\t\t\t\t\t\t\t\t\t\t\t\t\t\t\t\t\t\t\t\t\t\t\t\t\t\t\t\t\t\t\t\t\t\t\t\t\t\t\t\t\t\t\t\t\t\t\t\t\t\t\t\t\t\t\t\t\t\t\t\t\t\t\t\t<\/ul>\n\t<\/div>\n\t<div class=\"fusion-post-content post-content\"><h2 class=\"blog-shortcode-post-title entry-title\"><a href=\"https:\/\/balticwind.eu\/pl\/dezinformacja-i-falszywe-informacje-dotyczace-energii-wiatrowej-zagrazaja-bezpieczenstwu-i-konkurencyjnosci-europy\/\">Dezinformacja i fa\u0142szywe informacje dotycz\u0105ce energii wiatrowej zagra\u017caj\u0105 bezpiecze\u0144stwu i konkurencyjno\u015bci Europy<\/a><\/h2><p class=\"fusion-single-line-meta\"><span class=\"vcard\" style=\"display: none;\"><span class=\"fn\"><a href=\"https:\/\/balticwind.eu\/pl\/author\/maja-moshotmail-com\/\" title=\"Wpisy od Maja Moskal\" rel=\"author\">Maja Moskal<\/a><\/span><\/span><span class=\"updated\" style=\"display:none;\">2026-04-23T11:41:52+02:00<\/span><a href=\"https:\/\/balticwind.eu\/pl\/category\/klimat\/\" rel=\"category tag\">KLIMAT<\/a>, <a href=\"https:\/\/balticwind.eu\/pl\/category\/energia-wiatrowa-offshore\/\" rel=\"category tag\">OFFSHORE<\/a>, <a href=\"https:\/\/balticwind.eu\/pl\/category\/energia-wiatrowa-onshore\/\" rel=\"category tag\">ONSHORE<\/a>, <a href=\"https:\/\/balticwind.eu\/pl\/category\/opinie\/\" rel=\"category tag\">OPINIE<\/a>, <a href=\"https:\/\/balticwind.eu\/pl\/category\/projekty\/\" rel=\"category tag\">PROJEKTY<\/a>, <a href=\"https:\/\/balticwind.eu\/pl\/category\/regulatory-pl\/\" rel=\"category tag\">REGULACJE<\/a><span class=\"fusion-inline-sep\">|<\/span><\/p><\/div><div class=\"fusion-clearfix\"><\/div><\/article>\n<article id=\"blog-7-post-45991\" class=\"fusion-post-medium-alternate post-45991 post type-post status-publish format-standard has-post-thumbnail hentry category-energia-wiatrowa-offshore category-energia-wiatrowa-onshore category-opinie category-projekty category-regulatory-pl category-wydarzenie\">\n<div class=\"fusion-date-and-formats\"><div class=\"fusion-date-box updated\"><span class=\"fusion-date\">23<\/span><span class=\"fusion-month-year\">04, 2026<\/span><\/div><div class=\"fusion-format-box\"><i class=\"fusion-icon-pen\" aria-hidden=\"true\"><\/i><\/div><\/div>\t<style type=\"text\/css\">\n\t\t\n\t\t\n\t\t\n\t\t\n\t\t\t<\/style>\n\n\n\t\t\t<div class=\"fusion-flexslider flexslider fusion-flexslider-loading fusion-post-slideshow\" style=\"\">\n\t\t<ul class=\"slides\">\n\t\t\t\n\t\t\t\t\t\t\t\t\t\t\t\t\t\t<li>\n\n<div  class=\"fusion-image-wrapper fusion-image-size-fixed\" aria-haspopup=\"true\">\n\t\n\t\n\t\t\t\n\t\t\t\t<a href=\"https:\/\/balticwind.eu\/pl\/elektryfikacja-europy-juz-teraz-energia-elektryczna-z-wlasnych-zrodel-to-wyjscie-z-europejskiego-kryzysu-energetycznego\/\" aria-label=\"Elektryfikacja Europy ju\u017c teraz: energia elektryczna z w\u0142asnych \u017ar\u00f3de\u0142 to wyj\u015bcie z europejskiego kryzysu energetycznego\">\n\t\t\n\t\t\n\t\t\t\t\t<img width=\"320\" height=\"202\" src=\"https:\/\/balticwind.eu\/wp-content\/uploads\/2026\/04\/electrification-session-320x202.jpg\" class=\"attachment-blog-medium size-blog-medium wp-post-image\" alt=\"\" decoding=\"async\" loading=\"lazy\" srcset=\"https:\/\/balticwind.eu\/wp-content\/uploads\/2026\/04\/electrification-session-320x202.jpg 320w, https:\/\/balticwind.eu\/wp-content\/uploads\/2026\/04\/electrification-session-700x441.jpg 700w\" sizes=\"(max-width: 320px) 100vw, 320px\" \/>\n\t\n\n\n\t\t\t\t<\/a>\n\t\t\n\t\n<\/div>\n<\/li>\n\t\t\t\n\t\t\t\n\t\t\t\t\t\t\t\t\t\t\t\t\t\t\t\t\t\t\t\t\t\t\t\t\t\t\t\t\t\t\t\t\t\t\t\t\t\t\t\t\t\t\t\t\t\t\t\t\t\t\t\t\t\t\t\t\t\t\t\t\t\t\t\t\t\t\t\t<\/ul>\n\t<\/div>\n\t<div class=\"fusion-post-content post-content\"><h2 class=\"blog-shortcode-post-title entry-title\"><a href=\"https:\/\/balticwind.eu\/pl\/elektryfikacja-europy-juz-teraz-energia-elektryczna-z-wlasnych-zrodel-to-wyjscie-z-europejskiego-kryzysu-energetycznego\/\">Elektryfikacja Europy ju\u017c teraz: energia elektryczna z w\u0142asnych \u017ar\u00f3de\u0142 to wyj\u015bcie z europejskiego kryzysu energetycznego<\/a><\/h2><p class=\"fusion-single-line-meta\"><span class=\"vcard\" style=\"display: none;\"><span class=\"fn\"><a href=\"https:\/\/balticwind.eu\/pl\/author\/maja-moshotmail-com\/\" title=\"Wpisy od Maja Moskal\" rel=\"author\">Maja Moskal<\/a><\/span><\/span><span class=\"updated\" style=\"display:none;\">2026-04-23T11:18:21+02:00<\/span><a href=\"https:\/\/balticwind.eu\/pl\/category\/energia-wiatrowa-offshore\/\" rel=\"category tag\">OFFSHORE<\/a>, <a href=\"https:\/\/balticwind.eu\/pl\/category\/energia-wiatrowa-onshore\/\" rel=\"category tag\">ONSHORE<\/a>, <a href=\"https:\/\/balticwind.eu\/pl\/category\/opinie\/\" rel=\"category tag\">OPINIE<\/a>, <a href=\"https:\/\/balticwind.eu\/pl\/category\/projekty\/\" rel=\"category tag\">PROJEKTY<\/a>, <a href=\"https:\/\/balticwind.eu\/pl\/category\/regulatory-pl\/\" rel=\"category tag\">REGULACJE<\/a>, <a href=\"https:\/\/balticwind.eu\/pl\/category\/wydarzenie\/\" rel=\"category tag\">WYDARZENIE<\/a><span class=\"fusion-inline-sep\">|<\/span><\/p><\/div><div class=\"fusion-clearfix\"><\/div><\/article>\n<article id=\"blog-7-post-45987\" class=\"fusion-post-medium-alternate post-45987 post type-post status-publish format-standard has-post-thumbnail hentry category-energia-wiatrowa-offshore category-energia-wiatrowa-onshore category-opinie category-projekty category-regulatory-pl\">\n<div class=\"fusion-date-and-formats\"><div class=\"fusion-date-box updated\"><span class=\"fusion-date\">23<\/span><span class=\"fusion-month-year\">04, 2026<\/span><\/div><div class=\"fusion-format-box\"><i class=\"fusion-icon-pen\" aria-hidden=\"true\"><\/i><\/div><\/div>\t<style type=\"text\/css\">\n\t\t\n\t\t\n\t\t\n\t\t\n\t\t\t<\/style>\n\n\n\t\t\t<div class=\"fusion-flexslider flexslider fusion-flexslider-loading fusion-post-slideshow\" style=\"\">\n\t\t<ul class=\"slides\">\n\t\t\t\n\t\t\t\t\t\t\t\t\t\t\t\t\t\t<li>\n\n<div  class=\"fusion-image-wrapper fusion-image-size-fixed\" aria-haspopup=\"true\">\n\t\n\t\n\t\t\t\n\t\t\t\t<a href=\"https:\/\/balticwind.eu\/pl\/komisja-proponuje-dzialania-majace-na-celu-ochrone-europejczykow-przed-kryzysem-energetycznym-zwiazanym-z-paliwami-kopalnymi-i-przyspieszenie-przejscia-na-czysta-rodzima-energie\/\" aria-label=\"Komisja proponuje dzia\u0142ania maj\u0105ce na celu ochron\u0119 Europejczyk\u00f3w przed kryzysem energetycznym zwi\u0105zanym z paliwami kopalnymi i przyspieszenie przej\u015bcia na czyst\u0105, rodzim\u0105 energi\u0119\">\n\t\t\n\t\t\n\t\t\t\t\t<img width=\"320\" height=\"202\" src=\"https:\/\/balticwind.eu\/wp-content\/uploads\/2025\/01\/europe-4426307_1280-320x202.jpg\" class=\"attachment-blog-medium size-blog-medium wp-post-image\" alt=\"Source: Pixabay\" decoding=\"async\" loading=\"lazy\" srcset=\"https:\/\/balticwind.eu\/wp-content\/uploads\/2025\/01\/europe-4426307_1280-320x202.jpg 320w, https:\/\/balticwind.eu\/wp-content\/uploads\/2025\/01\/europe-4426307_1280-700x441.jpg 700w\" sizes=\"(max-width: 320px) 100vw, 320px\" \/>\n\t\n\n\n\t\t\t\t<\/a>\n\t\t\n\t\n<\/div>\n<\/li>\n\t\t\t\n\t\t\t\n\t\t\t\t\t\t\t\t\t\t\t\t\t\t\t\t\t\t\t\t\t\t\t\t\t\t\t\t\t\t\t\t\t\t\t\t\t\t\t\t\t\t\t\t\t\t\t\t\t\t\t\t\t\t\t\t\t\t\t\t\t\t\t\t\t\t\t\t<\/ul>\n\t<\/div>\n\t<div class=\"fusion-post-content post-content\"><h2 class=\"blog-shortcode-post-title entry-title\"><a href=\"https:\/\/balticwind.eu\/pl\/komisja-proponuje-dzialania-majace-na-celu-ochrone-europejczykow-przed-kryzysem-energetycznym-zwiazanym-z-paliwami-kopalnymi-i-przyspieszenie-przejscia-na-czysta-rodzima-energie\/\">Komisja proponuje dzia\u0142ania maj\u0105ce na celu ochron\u0119 Europejczyk\u00f3w przed kryzysem energetycznym zwi\u0105zanym z paliwami kopalnymi i przyspieszenie przej\u015bcia na czyst\u0105, rodzim\u0105 energi\u0119<\/a><\/h2><p class=\"fusion-single-line-meta\"><span class=\"vcard\" style=\"display: none;\"><span class=\"fn\"><a href=\"https:\/\/balticwind.eu\/pl\/author\/maja-moshotmail-com\/\" title=\"Wpisy od Maja Moskal\" rel=\"author\">Maja Moskal<\/a><\/span><\/span><span class=\"updated\" style=\"display:none;\">2026-04-23T11:10:26+02:00<\/span><a href=\"https:\/\/balticwind.eu\/pl\/category\/energia-wiatrowa-offshore\/\" rel=\"category tag\">OFFSHORE<\/a>, <a href=\"https:\/\/balticwind.eu\/pl\/category\/energia-wiatrowa-onshore\/\" rel=\"category tag\">ONSHORE<\/a>, <a href=\"https:\/\/balticwind.eu\/pl\/category\/opinie\/\" rel=\"category tag\">OPINIE<\/a>, <a href=\"https:\/\/balticwind.eu\/pl\/category\/projekty\/\" rel=\"category tag\">PROJEKTY<\/a>, <a href=\"https:\/\/balticwind.eu\/pl\/category\/regulatory-pl\/\" rel=\"category tag\">REGULACJE<\/a><span class=\"fusion-inline-sep\">|<\/span><\/p><\/div><div class=\"fusion-clearfix\"><\/div><\/article>\n<article id=\"blog-7-post-45967\" class=\"fusion-post-medium-alternate post-45967 post type-post status-publish format-standard has-post-thumbnail hentry category-dania category-estonia-pl category-finlandia category-litwa category-lotwa category-niemcy category-energia-wiatrowa-offshore category-energia-wiatrowa-onshore category-opinie category-polska category-projekty category-regulatory-pl category-szwecja\">\n<div class=\"fusion-date-and-formats\"><div class=\"fusion-date-box updated\"><span class=\"fusion-date\">20<\/span><span class=\"fusion-month-year\">04, 2026<\/span><\/div><div class=\"fusion-format-box\"><i class=\"fusion-icon-pen\" aria-hidden=\"true\"><\/i><\/div><\/div>\t<style type=\"text\/css\">\n\t\t\n\t\t\n\t\t\n\t\t\n\t\t\t<\/style>\n\n\n\t\t\t<div class=\"fusion-flexslider flexslider fusion-flexslider-loading fusion-post-slideshow\" style=\"\">\n\t\t<ul class=\"slides\">\n\t\t\t\n\t\t\t\t\t\t\t\t\t\t\t\t\t\t<li>\n\n<div  class=\"fusion-image-wrapper fusion-image-size-fixed\" aria-haspopup=\"true\">\n\t\n\t\n\t\t\t\n\t\t\t\t<a href=\"https:\/\/balticwind.eu\/pl\/235-kluczowych-transgranicznych-projektow-energetycznych-majacych-na-celu-wzmocnienie-wzajemnych-polaczen-w-europie\/\" aria-label=\"235 kluczowych transgranicznych projekt\u00f3w energetycznych maj\u0105cych na celu wzmocnienie wzajemnych po\u0142\u0105cze\u0144 w Europie\">\n\t\t\n\t\t\n\t\t\t\t\t<img width=\"320\" height=\"202\" src=\"https:\/\/balticwind.eu\/wp-content\/uploads\/2026\/04\/PCI_List_News-320x202.jpg\" class=\"attachment-blog-medium size-blog-medium wp-post-image\" alt=\"\" decoding=\"async\" loading=\"lazy\" srcset=\"https:\/\/balticwind.eu\/wp-content\/uploads\/2026\/04\/PCI_List_News-320x202.jpg 320w, https:\/\/balticwind.eu\/wp-content\/uploads\/2026\/04\/PCI_List_News-700x441.jpg 700w\" sizes=\"(max-width: 320px) 100vw, 320px\" \/>\n\t\n\n\n\t\t\t\t<\/a>\n\t\t\n\t\n<\/div>\n<\/li>\n\t\t\t\n\t\t\t\n\t\t\t\t\t\t\t\t\t\t\t\t\t\t\t\t\t\t\t\t\t\t\t\t\t\t\t\t\t\t\t\t\t\t\t\t\t\t\t\t\t\t\t\t\t\t\t\t\t\t\t\t\t\t\t\t\t\t\t\t\t\t\t\t\t\t\t\t<\/ul>\n\t<\/div>\n\t<div class=\"fusion-post-content post-content\"><h2 class=\"blog-shortcode-post-title entry-title\"><a href=\"https:\/\/balticwind.eu\/pl\/235-kluczowych-transgranicznych-projektow-energetycznych-majacych-na-celu-wzmocnienie-wzajemnych-polaczen-w-europie\/\">235 kluczowych transgranicznych projekt\u00f3w energetycznych maj\u0105cych na celu wzmocnienie wzajemnych po\u0142\u0105cze\u0144 w Europie<\/a><\/h2><p class=\"fusion-single-line-meta\"><span class=\"vcard\" style=\"display: none;\"><span class=\"fn\"><a href=\"https:\/\/balticwind.eu\/pl\/author\/maja-moshotmail-com\/\" title=\"Wpisy od Maja Moskal\" rel=\"author\">Maja Moskal<\/a><\/span><\/span><span class=\"updated\" style=\"display:none;\">2026-04-20T10:09:23+02:00<\/span><a href=\"https:\/\/balticwind.eu\/pl\/category\/dania\/\" rel=\"category tag\">DANIA<\/a>, <a href=\"https:\/\/balticwind.eu\/pl\/category\/estonia-pl\/\" rel=\"category tag\">ESTONIA<\/a>, <a href=\"https:\/\/balticwind.eu\/pl\/category\/finlandia\/\" rel=\"category tag\">FINLANDIA<\/a>, <a href=\"https:\/\/balticwind.eu\/pl\/category\/litwa\/\" rel=\"category tag\">LITWA<\/a>, <a href=\"https:\/\/balticwind.eu\/pl\/category\/lotwa\/\" rel=\"category tag\">\u0141OTWA<\/a>, <a href=\"https:\/\/balticwind.eu\/pl\/category\/niemcy\/\" rel=\"category tag\">NIEMCY<\/a>, <a href=\"https:\/\/balticwind.eu\/pl\/category\/energia-wiatrowa-offshore\/\" rel=\"category tag\">OFFSHORE<\/a>, <a href=\"https:\/\/balticwind.eu\/pl\/category\/energia-wiatrowa-onshore\/\" rel=\"category tag\">ONSHORE<\/a>, <a href=\"https:\/\/balticwind.eu\/pl\/category\/opinie\/\" rel=\"category tag\">OPINIE<\/a>, <a href=\"https:\/\/balticwind.eu\/pl\/category\/polska\/\" rel=\"category tag\">POLSKA<\/a>, <a href=\"https:\/\/balticwind.eu\/pl\/category\/projekty\/\" rel=\"category tag\">PROJEKTY<\/a>, <a href=\"https:\/\/balticwind.eu\/pl\/category\/regulatory-pl\/\" rel=\"category tag\">REGULACJE<\/a>, <a href=\"https:\/\/balticwind.eu\/pl\/category\/szwecja\/\" rel=\"category tag\">SZWECJA<\/a><span class=\"fusion-inline-sep\">|<\/span><\/p><\/div><div class=\"fusion-clearfix\"><\/div><\/article>\n<\/div><\/div><\/div><style type=\"text\/css\">.fusion-body .fusion-builder-nested-column-9{width:66.666666666667% !important;margin-top : 0px;margin-bottom : 20px;}.fusion-builder-nested-column-9 > .fusion-column-wrapper {padding-top : 0px !important;padding-right : 0px !important;margin-right : 2.88%;padding-bottom : 0px !important;padding-left : 0px !important;margin-left : 2.88%;}@media only screen and (max-width:1024px) {.fusion-body .fusion-builder-nested-column-9{width:100% !important;order : 0;}.fusion-builder-nested-column-9 > .fusion-column-wrapper {margin-right : 1.92%;margin-left : 1.92%;}}@media only screen and (max-width:640px) {.fusion-body .fusion-builder-nested-column-9{width:100% !important;order : 0;}.fusion-builder-nested-column-9 > .fusion-column-wrapper {margin-right : 1.92%;margin-left : 1.92%;}}<\/style><\/div><div class=\"fusion-layout-column fusion_builder_column_inner fusion-builder-nested-column-10 fusion_builder_column_inner_1_3 1_3 fusion-flex-column\"><div class=\"fusion-column-wrapper fusion-flex-justify-content-flex-start fusion-content-layout-column\" style=\"background-position:left top;background-repeat:no-repeat;-webkit-background-size:cover;-moz-background-size:cover;-o-background-size:cover;background-size:cover;padding: 0px 0px 0px 0px;\"><div class=\"fusion-image-carousel fusion-image-carousel-auto fusion-carousel-border\"><div class=\"fusion-carousel\" data-autoplay=\"yes\" data-columns=\"1\" data-itemmargin=\"13\" data-itemwidth=\"180\" data-touchscroll=\"no\" data-imagesize=\"auto\"><div class=\"fusion-carousel-positioner\"><ul class=\"fusion-carousel-holder\"><li class=\"fusion-carousel-item\"><div class=\"fusion-carousel-item-wrapper\"><div class=\"fusion-image-wrapper hover-type-none\"><a href=\"https:\/\/konferencjaeuropower.pl\/\" target=\"_self\"><img width=\"731\" height=\"2560\" src=\"https:\/\/balticwind.eu\/wp-content\/uploads\/2026\/02\/Euro-OZE-1000x3500-1h-2026-data-miejsce-v1-scaled.jpg\" class=\"attachment-full size-full\" alt=\"\" decoding=\"async\" srcset=\"https:\/\/balticwind.eu\/wp-content\/uploads\/2026\/02\/Euro-OZE-1000x3500-1h-2026-data-miejsce-v1-86x300.jpg 86w, https:\/\/balticwind.eu\/wp-content\/uploads\/2026\/02\/Euro-OZE-1000x3500-1h-2026-data-miejsce-v1-200x700.jpg 200w, https:\/\/balticwind.eu\/wp-content\/uploads\/2026\/02\/Euro-OZE-1000x3500-1h-2026-data-miejsce-v1-400x1400.jpg 400w, https:\/\/balticwind.eu\/wp-content\/uploads\/2026\/02\/Euro-OZE-1000x3500-1h-2026-data-miejsce-v1-439x1536.jpg 439w, https:\/\/balticwind.eu\/wp-content\/uploads\/2026\/02\/Euro-OZE-1000x3500-1h-2026-data-miejsce-v1-585x2048.jpg 585w, https:\/\/balticwind.eu\/wp-content\/uploads\/2026\/02\/Euro-OZE-1000x3500-1h-2026-data-miejsce-v1-600x2100.jpg 600w, https:\/\/balticwind.eu\/wp-content\/uploads\/2026\/02\/Euro-OZE-1000x3500-1h-2026-data-miejsce-v1-scaled.jpg 731w, https:\/\/balticwind.eu\/wp-content\/uploads\/2026\/02\/Euro-OZE-1000x3500-1h-2026-data-miejsce-v1-768x2688.jpg 768w, https:\/\/balticwind.eu\/wp-content\/uploads\/2026\/02\/Euro-OZE-1000x3500-1h-2026-data-miejsce-v1-800x2800.jpg 800w\" sizes=\"(max-width: 731px) 100vw, 731px\" \/><\/a><\/div><\/div><\/li><\/ul><\/div><\/div><\/div><\/div><style type=\"text\/css\">.fusion-body .fusion-builder-nested-column-10{width:33.333333333333% !important;margin-top : 0px;margin-bottom : 20px;}.fusion-builder-nested-column-10 > .fusion-column-wrapper {padding-top : 0px !important;padding-right : 0px !important;margin-right : 5.76%;padding-bottom : 0px !important;padding-left : 0px !important;margin-left : 5.76%;}@media only screen and (max-width:1024px) {.fusion-body .fusion-builder-nested-column-10{width:100% !important;order : 0;}.fusion-builder-nested-column-10 > .fusion-column-wrapper {margin-right : 1.92%;margin-left : 1.92%;}}@media only screen and (max-width:640px) {.fusion-body .fusion-builder-nested-column-10{width:100% !important;order : 0;}.fusion-builder-nested-column-10 > .fusion-column-wrapper {margin-right : 1.92%;margin-left : 1.92%;}}<\/style><\/div><\/div><\/div><style type=\"text\/css\">.fusion-body .fusion-builder-column-18{width:100% !important;margin-top : 0px;margin-bottom : 20px;}.fusion-builder-column-18 > .fusion-column-wrapper {padding-top : 0px !important;padding-right : 0px !important;margin-right : 1.92%;padding-bottom : 0px !important;padding-left : 0px !important;margin-left : 1.92%;}@media only screen and (max-width:1024px) {.fusion-body .fusion-builder-column-18{width:100% !important;order : 0;}.fusion-builder-column-18 > .fusion-column-wrapper {margin-right : 1.92%;margin-left : 1.92%;}}@media only screen and (max-width:640px) {.fusion-body .fusion-builder-column-18{width:100% !important;order : 0;}.fusion-builder-column-18 > .fusion-column-wrapper {margin-right : 1.92%;margin-left : 1.92%;}}<\/style><\/div><\/div><style type=\"text\/css\">.fusion-body .fusion-flex-container.fusion-builder-row-10{ padding-top : 20px;margin-top : 0px;padding-right : 0px;padding-bottom : 0px;margin-bottom : 0px;padding-left : 0px;}<\/style><\/div><div class=\"fusion-fullwidth fullwidth-box fusion-builder-row-11 fusion-flex-container nonhundred-percent-fullwidth non-hundred-percent-height-scrolling fusion-no-large-visibility\" style=\"background-color: rgba(255,255,255,0);background-position: center center;background-repeat: no-repeat;border-width: 0px 0px 0px 0px;border-color:#eaeaea;border-style:solid;\" ><div class=\"fusion-builder-row fusion-row fusion-flex-align-items-flex-start\" style=\"max-width:1289.6px;margin-left: calc(-4% \/ 2 );margin-right: calc(-4% \/ 2 );\"><div class=\"fusion-layout-column fusion_builder_column fusion-builder-column-19 fusion_builder_column_1_1 1_1 fusion-flex-column\"><div class=\"fusion-column-wrapper fusion-flex-justify-content-flex-start fusion-content-layout-column\" style=\"background-position:left top;background-repeat:no-repeat;-webkit-background-size:cover;-moz-background-size:cover;-o-background-size:cover;background-size:cover;padding: 0px 0px 0px 0px;\"><div class=\"fusion-builder-row fusion-builder-row-inner fusion-row fusion-flex-align-items-flex-start\" style=\"width:104% !important;max-width:104% !important;margin-left: calc(-4% \/ 2 );margin-right: calc(-4% \/ 2 );\"><div class=\"fusion-layout-column fusion_builder_column_inner fusion-builder-nested-column-11 fusion_builder_column_inner_1_1 1_1 fusion-flex-column opinion-medium\"><div class=\"fusion-column-wrapper fusion-flex-justify-content-flex-start fusion-content-layout-column\" style=\"background-position:left top;background-repeat:no-repeat;-webkit-background-size:cover;-moz-background-size:cover;-o-background-size:cover;background-size:cover;padding: 0px 0px 0px 0px;\"><div class=\"fusion-separator fusion-full-width-sep\" style=\"align-self: center;margin-left: auto;margin-right: auto;margin-bottom:10px;width:100%;max-width:100%;\"><div class=\"fusion-separator-border sep-single sep-solid\" style=\"border-color:#1f2a3b;border-top-width:12px;\"><\/div><\/div><style type=\"text\/css\">@media only screen and (max-width:1024px) {.fusion-title.fusion-title-8{margin-top:-15px!important; margin-right:0px!important;margin-bottom:20px!important;margin-left:0px!important;}}@media only screen and (max-width:640px) {.fusion-title.fusion-title-8{margin-top:0px!important; margin-right:0px!important;margin-bottom:20px!important; margin-left:0px!important;}}.fusion-title.fusion-title-text.fusion-title-8 a{color:#8cbcda}.fusion-title.fusion-title-text.fusion-title-8 a:hover{color:rgba(209,235,251,0.63)}<\/style><div class=\"fusion-title title fusion-title-8 fusion-title-text fusion-title-size-five\" style=\"margin-top:-15px;margin-right:0px;margin-bottom:20px;margin-left:0px;\"><div class=\"title-sep-container title-sep-container-left fusion-no-large-visibility fusion-no-medium-visibility fusion-no-small-visibility\"><div class=\"title-sep sep-\" style=\"border-color:#eaeaea;\"><\/div><\/div><h5 class=\"title-heading-left fusion-responsive-typography-calculated\" style=\"margin:0;--fontSize:17;line-height:1.76;\"><a href=\"https:\/\/balticwind.eu\/opinions\/\" class=\"awb-custom-text-color awb-custom-text-hover-color\" target=\"_self\"><h5 style=\"text-align: left;\">OPINIE<\/h5><\/a><\/h5><div class=\"title-sep-container title-sep-container-right\"><div class=\"title-sep sep-\" style=\"border-color:#eaeaea;\"><\/div><\/div><\/div><div class=\"fusion-blog-shortcode fusion-blog-shortcode-8 fusion-blog-archive fusion-blog-layout-large fusion-blog-no\"><div class=\"fusion-posts-container fusion-posts-container-no\" data-pages=\"82\"><article id=\"blog-8-post-45996\" class=\"fusion-post-large post-45996 post type-post status-publish format-standard has-post-thumbnail hentry category-energia-wiatrowa-offshore category-energia-wiatrowa-onshore category-opinie category-polska category-projekty category-regulatory-pl\">\n\t<style type=\"text\/css\">\n\t\t\n\t\t\n\t\t\n\t\t\n\t\t\t<\/style>\n\n\n\t\t\t<div class=\"fusion-flexslider flexslider fusion-flexslider-loading fusion-post-slideshow\" style=\"\">\n\t\t<ul class=\"slides\">\n\t\t\t\n\t\t\t\t\t\t\t\t\t\t\t\t\t\t<li>\n\n<div  class=\"fusion-image-wrapper\" aria-haspopup=\"true\">\n\t\n\t\n\t\t\t\n\t\t\t\t<a href=\"https:\/\/balticwind.eu\/pl\/europejczycy-w-tym-polacy-przeceniaja-niezaleznosc-energetyczna-swoich-krajow-wynika-z-badania-orsted\/\" aria-label=\"Europejczycy, w tym Polacy, przeceniaj\u0105 niezale\u017cno\u015b\u0107 energetyczn\u0105 swoich kraj\u00f3w &#8211; wynika z badania \u00d8rsted\">\n\t\t\n\t\t\n\t\t\t\t\t<img width=\"2560\" height=\"1440\" src=\"https:\/\/balticwind.eu\/wp-content\/uploads\/2024\/07\/karsten-wurth-ZKWgoRUYuMk-unsplash-scaled.jpg\" class=\"attachment-full size-full wp-post-image\" alt=\"Source: Unsplash\" decoding=\"async\" loading=\"lazy\" srcset=\"https:\/\/balticwind.eu\/wp-content\/uploads\/2024\/07\/karsten-wurth-ZKWgoRUYuMk-unsplash-200x112.jpg 200w, https:\/\/balticwind.eu\/wp-content\/uploads\/2024\/07\/karsten-wurth-ZKWgoRUYuMk-unsplash-400x225.jpg 400w, https:\/\/balticwind.eu\/wp-content\/uploads\/2024\/07\/karsten-wurth-ZKWgoRUYuMk-unsplash-600x337.jpg 600w, https:\/\/balticwind.eu\/wp-content\/uploads\/2024\/07\/karsten-wurth-ZKWgoRUYuMk-unsplash-800x450.jpg 800w, https:\/\/balticwind.eu\/wp-content\/uploads\/2024\/07\/karsten-wurth-ZKWgoRUYuMk-unsplash-1200x675.jpg 1200w, https:\/\/balticwind.eu\/wp-content\/uploads\/2024\/07\/karsten-wurth-ZKWgoRUYuMk-unsplash-scaled.jpg 2560w\" sizes=\"(max-width: 1024px) 100vw, (max-width: 640px) 100vw, 2560px\" \/>\n\t\n\n\n\t\t\t\t<\/a>\n\t\t\n\t\n<\/div>\n<\/li>\n\t\t\t\n\t\t\t\n\t\t\t\t\t\t\t\t\t\t\t\t\t\t\t\t\t\t\t\t\t\t\t\t\t\t\t\t\t\t\t\t\t\t\t\t\t\t\t\t\t\t\t\t\t\t\t\t\t\t\t\t\t\t\t\t\t\t\t\t\t\t\t\t\t\t\t\t<\/ul>\n\t<\/div>\n\t<div class=\"fusion-post-content post-content\"><h2 class=\"blog-shortcode-post-title entry-title\"><a href=\"https:\/\/balticwind.eu\/pl\/europejczycy-w-tym-polacy-przeceniaja-niezaleznosc-energetyczna-swoich-krajow-wynika-z-badania-orsted\/\">Europejczycy, w tym Polacy, przeceniaj\u0105 niezale\u017cno\u015b\u0107 energetyczn\u0105 swoich kraj\u00f3w &#8211; wynika z badania \u00d8rsted<\/a><\/h2><\/div><div class=\"fusion-clearfix\"><\/div><div class=\"fusion-meta-info\"><div class=\"fusion-alignleft\"><span class=\"vcard\" style=\"display: none;\"><span class=\"fn\"><a href=\"https:\/\/balticwind.eu\/pl\/author\/maja-moshotmail-com\/\" title=\"Wpisy od Maja Moskal\" rel=\"author\">Maja Moskal<\/a><\/span><\/span><span class=\"updated\" style=\"display:none;\">2026-04-23T11:45:49+02:00<\/span><a href=\"https:\/\/balticwind.eu\/pl\/category\/energia-wiatrowa-offshore\/\" rel=\"category tag\">OFFSHORE<\/a>, <a href=\"https:\/\/balticwind.eu\/pl\/category\/energia-wiatrowa-onshore\/\" rel=\"category tag\">ONSHORE<\/a>, <a href=\"https:\/\/balticwind.eu\/pl\/category\/opinie\/\" rel=\"category tag\">OPINIE<\/a>, <a href=\"https:\/\/balticwind.eu\/pl\/category\/polska\/\" rel=\"category tag\">POLSKA<\/a>, <a href=\"https:\/\/balticwind.eu\/pl\/category\/projekty\/\" rel=\"category tag\">PROJEKTY<\/a>, <a href=\"https:\/\/balticwind.eu\/pl\/category\/regulatory-pl\/\" rel=\"category tag\">REGULACJE<\/a><span class=\"fusion-inline-sep\">|<\/span><\/div><\/div><\/article>\n<article id=\"blog-8-post-45997\" class=\"fusion-post-large post-45997 post type-post status-publish format-standard has-post-thumbnail hentry category-energia-wiatrowa-offshore category-energia-wiatrowa-onshore category-opinie category-polska category-projekty category-regulatory-pl\">\n\t<style type=\"text\/css\">\n\t\t\n\t\t\n\t\t\n\t\t\n\t\t\t<\/style>\n\n\n\t\t\t<div class=\"fusion-flexslider flexslider fusion-flexslider-loading fusion-post-slideshow\" style=\"\">\n\t\t<ul class=\"slides\">\n\t\t\t\n\t\t\t\t\t\t\t\t\t\t\t\t\t\t<li>\n\n<div  class=\"fusion-image-wrapper\" aria-haspopup=\"true\">\n\t\n\t\n\t\t\t\n\t\t\t\t<a href=\"https:\/\/balticwind.eu\/pl\/tak-trudno-jak-jest-teraz-jeszcze-nie-bylo-eksperci-o-barierach-dla-ladowej-energetyki-wiatrowej-podczas-panelu-dyskusyjnego-na-europejskim-kongresie-gospodarczym-w-katowicach\/\" aria-label=\"\u201cTak trudno, jak jest teraz, jeszcze nie by\u0142o\u201d &#8211; eksperci o barierach dla l\u0105dowej energetyki wiatrowej podczas panelu dyskusyjnego na Europejskim Kongresie Gospodarczym w Katowicach\">\n\t\t\n\t\t\n\t\t\t\t\t<img width=\"1280\" height=\"844\" src=\"https:\/\/balticwind.eu\/wp-content\/uploads\/2024\/12\/wind-energy-7394705_1280.jpg\" class=\"attachment-full size-full wp-post-image\" alt=\"Source: Pixabay\" decoding=\"async\" loading=\"lazy\" srcset=\"https:\/\/balticwind.eu\/wp-content\/uploads\/2024\/12\/wind-energy-7394705_1280-200x132.jpg 200w, https:\/\/balticwind.eu\/wp-content\/uploads\/2024\/12\/wind-energy-7394705_1280-400x264.jpg 400w, https:\/\/balticwind.eu\/wp-content\/uploads\/2024\/12\/wind-energy-7394705_1280-600x396.jpg 600w, https:\/\/balticwind.eu\/wp-content\/uploads\/2024\/12\/wind-energy-7394705_1280-800x528.jpg 800w, https:\/\/balticwind.eu\/wp-content\/uploads\/2024\/12\/wind-energy-7394705_1280-1200x791.jpg 1200w, https:\/\/balticwind.eu\/wp-content\/uploads\/2024\/12\/wind-energy-7394705_1280.jpg 1280w\" sizes=\"(max-width: 1024px) 100vw, (max-width: 640px) 100vw, 1280px\" \/>\n\t\n\n\n\t\t\t\t<\/a>\n\t\t\n\t\n<\/div>\n<\/li>\n\t\t\t\n\t\t\t\n\t\t\t\t\t\t\t\t\t\t\t\t\t\t\t\t\t\t\t\t\t\t\t\t\t\t\t\t\t\t\t\t\t\t\t\t\t\t\t\t\t\t\t\t\t\t\t\t\t\t\t\t\t\t\t\t\t\t\t\t\t\t\t\t\t\t\t\t<\/ul>\n\t<\/div>\n\t<div class=\"fusion-post-content post-content\"><h2 class=\"blog-shortcode-post-title entry-title\"><a href=\"https:\/\/balticwind.eu\/pl\/tak-trudno-jak-jest-teraz-jeszcze-nie-bylo-eksperci-o-barierach-dla-ladowej-energetyki-wiatrowej-podczas-panelu-dyskusyjnego-na-europejskim-kongresie-gospodarczym-w-katowicach\/\">\u201cTak trudno, jak jest teraz, jeszcze nie by\u0142o\u201d &#8211; eksperci o barierach dla l\u0105dowej energetyki wiatrowej podczas panelu dyskusyjnego na Europejskim Kongresie Gospodarczym w Katowicach<\/a><\/h2><\/div><div class=\"fusion-clearfix\"><\/div><div class=\"fusion-meta-info\"><div class=\"fusion-alignleft\"><span class=\"vcard\" style=\"display: none;\"><span class=\"fn\"><a href=\"https:\/\/balticwind.eu\/pl\/author\/maja-moshotmail-com\/\" title=\"Wpisy od Maja Moskal\" rel=\"author\">Maja Moskal<\/a><\/span><\/span><span class=\"updated\" style=\"display:none;\">2026-04-23T11:55:41+02:00<\/span><a href=\"https:\/\/balticwind.eu\/pl\/category\/energia-wiatrowa-offshore\/\" rel=\"category tag\">OFFSHORE<\/a>, <a href=\"https:\/\/balticwind.eu\/pl\/category\/energia-wiatrowa-onshore\/\" rel=\"category tag\">ONSHORE<\/a>, <a href=\"https:\/\/balticwind.eu\/pl\/category\/opinie\/\" rel=\"category tag\">OPINIE<\/a>, <a href=\"https:\/\/balticwind.eu\/pl\/category\/polska\/\" rel=\"category tag\">POLSKA<\/a>, <a href=\"https:\/\/balticwind.eu\/pl\/category\/projekty\/\" rel=\"category tag\">PROJEKTY<\/a>, <a href=\"https:\/\/balticwind.eu\/pl\/category\/regulatory-pl\/\" rel=\"category tag\">REGULACJE<\/a><span class=\"fusion-inline-sep\">|<\/span><\/div><\/div><\/article>\n<article id=\"blog-8-post-45995\" class=\"fusion-post-large post-45995 post type-post status-publish format-standard has-post-thumbnail hentry category-klimat category-energia-wiatrowa-offshore category-energia-wiatrowa-onshore category-opinie category-projekty category-regulatory-pl\">\n\t<style type=\"text\/css\">\n\t\t\n\t\t\n\t\t\n\t\t\n\t\t\t<\/style>\n\n\n\t\t\t<div class=\"fusion-flexslider flexslider fusion-flexslider-loading fusion-post-slideshow\" style=\"\">\n\t\t<ul class=\"slides\">\n\t\t\t\n\t\t\t\t\t\t\t\t\t\t\t\t\t\t<li>\n\n<div  class=\"fusion-image-wrapper\" aria-haspopup=\"true\">\n\t\n\t\n\t\t\t\n\t\t\t\t<a href=\"https:\/\/balticwind.eu\/pl\/dezinformacja-i-falszywe-informacje-dotyczace-energii-wiatrowej-zagrazaja-bezpieczenstwu-i-konkurencyjnosci-europy\/\" aria-label=\"Dezinformacja i fa\u0142szywe informacje dotycz\u0105ce energii wiatrowej zagra\u017caj\u0105 bezpiecze\u0144stwu i konkurencyjno\u015bci Europy\">\n\t\t\n\t\t\n\t\t\t\t\t<img width=\"1920\" height=\"1080\" src=\"https:\/\/balticwind.eu\/wp-content\/uploads\/2026\/04\/Still-16-9-UPDATED.jpg\" class=\"attachment-full size-full wp-post-image\" alt=\"\" decoding=\"async\" loading=\"lazy\" srcset=\"https:\/\/balticwind.eu\/wp-content\/uploads\/2026\/04\/Still-16-9-UPDATED-200x113.jpg 200w, https:\/\/balticwind.eu\/wp-content\/uploads\/2026\/04\/Still-16-9-UPDATED-400x225.jpg 400w, https:\/\/balticwind.eu\/wp-content\/uploads\/2026\/04\/Still-16-9-UPDATED-600x338.jpg 600w, https:\/\/balticwind.eu\/wp-content\/uploads\/2026\/04\/Still-16-9-UPDATED-800x450.jpg 800w, https:\/\/balticwind.eu\/wp-content\/uploads\/2026\/04\/Still-16-9-UPDATED-1200x675.jpg 1200w, https:\/\/balticwind.eu\/wp-content\/uploads\/2026\/04\/Still-16-9-UPDATED.jpg 1920w\" sizes=\"(max-width: 1024px) 100vw, (max-width: 640px) 100vw, 1920px\" \/>\n\t\n\n\n\t\t\t\t<\/a>\n\t\t\n\t\n<\/div>\n<\/li>\n\t\t\t\n\t\t\t\n\t\t\t\t\t\t\t\t\t\t\t\t\t\t\t\t\t\t\t\t\t\t\t\t\t\t\t\t\t\t\t\t\t\t\t\t\t\t\t\t\t\t\t\t\t\t\t\t\t\t\t\t\t\t\t\t\t\t\t\t\t\t\t\t\t\t\t\t<\/ul>\n\t<\/div>\n\t<div class=\"fusion-post-content post-content\"><h2 class=\"blog-shortcode-post-title entry-title\"><a href=\"https:\/\/balticwind.eu\/pl\/dezinformacja-i-falszywe-informacje-dotyczace-energii-wiatrowej-zagrazaja-bezpieczenstwu-i-konkurencyjnosci-europy\/\">Dezinformacja i fa\u0142szywe informacje dotycz\u0105ce energii wiatrowej zagra\u017caj\u0105 bezpiecze\u0144stwu i konkurencyjno\u015bci Europy<\/a><\/h2><\/div><div class=\"fusion-clearfix\"><\/div><div class=\"fusion-meta-info\"><div class=\"fusion-alignleft\"><span class=\"vcard\" style=\"display: none;\"><span class=\"fn\"><a href=\"https:\/\/balticwind.eu\/pl\/author\/maja-moshotmail-com\/\" title=\"Wpisy od Maja Moskal\" rel=\"author\">Maja Moskal<\/a><\/span><\/span><span class=\"updated\" style=\"display:none;\">2026-04-23T11:41:52+02:00<\/span><a href=\"https:\/\/balticwind.eu\/pl\/category\/klimat\/\" rel=\"category tag\">KLIMAT<\/a>, <a href=\"https:\/\/balticwind.eu\/pl\/category\/energia-wiatrowa-offshore\/\" rel=\"category tag\">OFFSHORE<\/a>, <a href=\"https:\/\/balticwind.eu\/pl\/category\/energia-wiatrowa-onshore\/\" rel=\"category tag\">ONSHORE<\/a>, <a href=\"https:\/\/balticwind.eu\/pl\/category\/opinie\/\" rel=\"category tag\">OPINIE<\/a>, <a href=\"https:\/\/balticwind.eu\/pl\/category\/projekty\/\" rel=\"category tag\">PROJEKTY<\/a>, <a href=\"https:\/\/balticwind.eu\/pl\/category\/regulatory-pl\/\" rel=\"category tag\">REGULACJE<\/a><span class=\"fusion-inline-sep\">|<\/span><\/div><\/div><\/article>\n<article id=\"blog-8-post-45991\" class=\"fusion-post-large post-45991 post type-post status-publish format-standard has-post-thumbnail hentry category-energia-wiatrowa-offshore category-energia-wiatrowa-onshore category-opinie category-projekty category-regulatory-pl category-wydarzenie\">\n\t<style type=\"text\/css\">\n\t\t\n\t\t\n\t\t\n\t\t\n\t\t\t<\/style>\n\n\n\t\t\t<div class=\"fusion-flexslider flexslider fusion-flexslider-loading fusion-post-slideshow\" style=\"\">\n\t\t<ul class=\"slides\">\n\t\t\t\n\t\t\t\t\t\t\t\t\t\t\t\t\t\t<li>\n\n<div  class=\"fusion-image-wrapper\" aria-haspopup=\"true\">\n\t\n\t\n\t\t\t\n\t\t\t\t<a href=\"https:\/\/balticwind.eu\/pl\/elektryfikacja-europy-juz-teraz-energia-elektryczna-z-wlasnych-zrodel-to-wyjscie-z-europejskiego-kryzysu-energetycznego\/\" aria-label=\"Elektryfikacja Europy ju\u017c teraz: energia elektryczna z w\u0142asnych \u017ar\u00f3de\u0142 to wyj\u015bcie z europejskiego kryzysu energetycznego\">\n\t\t\n\t\t\n\t\t\t\t\t<img width=\"1200\" height=\"675\" src=\"https:\/\/balticwind.eu\/wp-content\/uploads\/2026\/04\/electrification-session.jpg\" class=\"attachment-full size-full wp-post-image\" alt=\"\" decoding=\"async\" loading=\"lazy\" srcset=\"https:\/\/balticwind.eu\/wp-content\/uploads\/2026\/04\/electrification-session-200x113.jpg 200w, https:\/\/balticwind.eu\/wp-content\/uploads\/2026\/04\/electrification-session-400x225.jpg 400w, https:\/\/balticwind.eu\/wp-content\/uploads\/2026\/04\/electrification-session-600x338.jpg 600w, https:\/\/balticwind.eu\/wp-content\/uploads\/2026\/04\/electrification-session-800x450.jpg 800w, https:\/\/balticwind.eu\/wp-content\/uploads\/2026\/04\/electrification-session.jpg 1200w\" sizes=\"(max-width: 1024px) 100vw, (max-width: 640px) 100vw, 1200px\" \/>\n\t\n\n\n\t\t\t\t<\/a>\n\t\t\n\t\n<\/div>\n<\/li>\n\t\t\t\n\t\t\t\n\t\t\t\t\t\t\t\t\t\t\t\t\t\t\t\t\t\t\t\t\t\t\t\t\t\t\t\t\t\t\t\t\t\t\t\t\t\t\t\t\t\t\t\t\t\t\t\t\t\t\t\t\t\t\t\t\t\t\t\t\t\t\t\t\t\t\t\t<\/ul>\n\t<\/div>\n\t<div class=\"fusion-post-content post-content\"><h2 class=\"blog-shortcode-post-title entry-title\"><a href=\"https:\/\/balticwind.eu\/pl\/elektryfikacja-europy-juz-teraz-energia-elektryczna-z-wlasnych-zrodel-to-wyjscie-z-europejskiego-kryzysu-energetycznego\/\">Elektryfikacja Europy ju\u017c teraz: energia elektryczna z w\u0142asnych \u017ar\u00f3de\u0142 to wyj\u015bcie z europejskiego kryzysu energetycznego<\/a><\/h2><\/div><div class=\"fusion-clearfix\"><\/div><div class=\"fusion-meta-info\"><div class=\"fusion-alignleft\"><span class=\"vcard\" style=\"display: none;\"><span class=\"fn\"><a href=\"https:\/\/balticwind.eu\/pl\/author\/maja-moshotmail-com\/\" title=\"Wpisy od Maja Moskal\" rel=\"author\">Maja Moskal<\/a><\/span><\/span><span class=\"updated\" style=\"display:none;\">2026-04-23T11:18:21+02:00<\/span><a href=\"https:\/\/balticwind.eu\/pl\/category\/energia-wiatrowa-offshore\/\" rel=\"category tag\">OFFSHORE<\/a>, <a href=\"https:\/\/balticwind.eu\/pl\/category\/energia-wiatrowa-onshore\/\" rel=\"category tag\">ONSHORE<\/a>, <a href=\"https:\/\/balticwind.eu\/pl\/category\/opinie\/\" rel=\"category tag\">OPINIE<\/a>, <a href=\"https:\/\/balticwind.eu\/pl\/category\/projekty\/\" rel=\"category tag\">PROJEKTY<\/a>, <a href=\"https:\/\/balticwind.eu\/pl\/category\/regulatory-pl\/\" rel=\"category tag\">REGULACJE<\/a>, <a href=\"https:\/\/balticwind.eu\/pl\/category\/wydarzenie\/\" rel=\"category tag\">WYDARZENIE<\/a><span class=\"fusion-inline-sep\">|<\/span><\/div><\/div><\/article>\n<article id=\"blog-8-post-45987\" class=\"fusion-post-large post-45987 post type-post status-publish format-standard has-post-thumbnail hentry category-energia-wiatrowa-offshore category-energia-wiatrowa-onshore category-opinie category-projekty category-regulatory-pl\">\n\t<style type=\"text\/css\">\n\t\t\n\t\t\n\t\t\n\t\t\n\t\t\t<\/style>\n\n\n\t\t\t<div class=\"fusion-flexslider flexslider fusion-flexslider-loading fusion-post-slideshow\" style=\"\">\n\t\t<ul class=\"slides\">\n\t\t\t\n\t\t\t\t\t\t\t\t\t\t\t\t\t\t<li>\n\n<div  class=\"fusion-image-wrapper\" aria-haspopup=\"true\">\n\t\n\t\n\t\t\t\n\t\t\t\t<a href=\"https:\/\/balticwind.eu\/pl\/komisja-proponuje-dzialania-majace-na-celu-ochrone-europejczykow-przed-kryzysem-energetycznym-zwiazanym-z-paliwami-kopalnymi-i-przyspieszenie-przejscia-na-czysta-rodzima-energie\/\" aria-label=\"Komisja proponuje dzia\u0142ania maj\u0105ce na celu ochron\u0119 Europejczyk\u00f3w przed kryzysem energetycznym zwi\u0105zanym z paliwami kopalnymi i przyspieszenie przej\u015bcia na czyst\u0105, rodzim\u0105 energi\u0119\">\n\t\t\n\t\t\n\t\t\t\t\t<img width=\"1280\" height=\"849\" src=\"https:\/\/balticwind.eu\/wp-content\/uploads\/2025\/01\/europe-4426307_1280.jpg\" class=\"attachment-full size-full wp-post-image\" alt=\"Source: Pixabay\" decoding=\"async\" loading=\"lazy\" srcset=\"https:\/\/balticwind.eu\/wp-content\/uploads\/2025\/01\/europe-4426307_1280-200x133.jpg 200w, https:\/\/balticwind.eu\/wp-content\/uploads\/2025\/01\/europe-4426307_1280-400x265.jpg 400w, https:\/\/balticwind.eu\/wp-content\/uploads\/2025\/01\/europe-4426307_1280-600x398.jpg 600w, https:\/\/balticwind.eu\/wp-content\/uploads\/2025\/01\/europe-4426307_1280-800x531.jpg 800w, https:\/\/balticwind.eu\/wp-content\/uploads\/2025\/01\/europe-4426307_1280-1200x796.jpg 1200w, https:\/\/balticwind.eu\/wp-content\/uploads\/2025\/01\/europe-4426307_1280.jpg 1280w\" sizes=\"(max-width: 1024px) 100vw, (max-width: 640px) 100vw, 1280px\" \/>\n\t\n\n\n\t\t\t\t<\/a>\n\t\t\n\t\n<\/div>\n<\/li>\n\t\t\t\n\t\t\t\n\t\t\t\t\t\t\t\t\t\t\t\t\t\t\t\t\t\t\t\t\t\t\t\t\t\t\t\t\t\t\t\t\t\t\t\t\t\t\t\t\t\t\t\t\t\t\t\t\t\t\t\t\t\t\t\t\t\t\t\t\t\t\t\t\t\t\t\t<\/ul>\n\t<\/div>\n\t<div class=\"fusion-post-content post-content\"><h2 class=\"blog-shortcode-post-title entry-title\"><a href=\"https:\/\/balticwind.eu\/pl\/komisja-proponuje-dzialania-majace-na-celu-ochrone-europejczykow-przed-kryzysem-energetycznym-zwiazanym-z-paliwami-kopalnymi-i-przyspieszenie-przejscia-na-czysta-rodzima-energie\/\">Komisja proponuje dzia\u0142ania maj\u0105ce na celu ochron\u0119 Europejczyk\u00f3w przed kryzysem energetycznym zwi\u0105zanym z paliwami kopalnymi i przyspieszenie przej\u015bcia na czyst\u0105, rodzim\u0105 energi\u0119<\/a><\/h2><\/div><div class=\"fusion-clearfix\"><\/div><div class=\"fusion-meta-info\"><div class=\"fusion-alignleft\"><span class=\"vcard\" style=\"display: none;\"><span class=\"fn\"><a href=\"https:\/\/balticwind.eu\/pl\/author\/maja-moshotmail-com\/\" title=\"Wpisy od Maja Moskal\" rel=\"author\">Maja Moskal<\/a><\/span><\/span><span class=\"updated\" style=\"display:none;\">2026-04-23T11:10:26+02:00<\/span><a href=\"https:\/\/balticwind.eu\/pl\/category\/energia-wiatrowa-offshore\/\" rel=\"category tag\">OFFSHORE<\/a>, <a href=\"https:\/\/balticwind.eu\/pl\/category\/energia-wiatrowa-onshore\/\" rel=\"category tag\">ONSHORE<\/a>, <a href=\"https:\/\/balticwind.eu\/pl\/category\/opinie\/\" rel=\"category tag\">OPINIE<\/a>, <a href=\"https:\/\/balticwind.eu\/pl\/category\/projekty\/\" rel=\"category tag\">PROJEKTY<\/a>, <a href=\"https:\/\/balticwind.eu\/pl\/category\/regulatory-pl\/\" rel=\"category tag\">REGULACJE<\/a><span class=\"fusion-inline-sep\">|<\/span><\/div><\/div><\/article>\n<article id=\"blog-8-post-45967\" class=\"fusion-post-large post-45967 post type-post status-publish format-standard has-post-thumbnail hentry category-dania category-estonia-pl category-finlandia category-litwa category-lotwa category-niemcy category-energia-wiatrowa-offshore category-energia-wiatrowa-onshore category-opinie category-polska category-projekty category-regulatory-pl category-szwecja\">\n\t<style type=\"text\/css\">\n\t\t\n\t\t\n\t\t\n\t\t\n\t\t\t<\/style>\n\n\n\t\t\t<div class=\"fusion-flexslider flexslider fusion-flexslider-loading fusion-post-slideshow\" style=\"\">\n\t\t<ul class=\"slides\">\n\t\t\t\n\t\t\t\t\t\t\t\t\t\t\t\t\t\t<li>\n\n<div  class=\"fusion-image-wrapper\" aria-haspopup=\"true\">\n\t\n\t\n\t\t\t\n\t\t\t\t<a href=\"https:\/\/balticwind.eu\/pl\/235-kluczowych-transgranicznych-projektow-energetycznych-majacych-na-celu-wzmocnienie-wzajemnych-polaczen-w-europie\/\" aria-label=\"235 kluczowych transgranicznych projekt\u00f3w energetycznych maj\u0105cych na celu wzmocnienie wzajemnych po\u0142\u0105cze\u0144 w Europie\">\n\t\t\n\t\t\n\t\t\t\t\t<img width=\"1800\" height=\"1200\" src=\"https:\/\/balticwind.eu\/wp-content\/uploads\/2026\/04\/PCI_List_News.jpg\" class=\"attachment-full size-full wp-post-image\" alt=\"\" decoding=\"async\" loading=\"lazy\" srcset=\"https:\/\/balticwind.eu\/wp-content\/uploads\/2026\/04\/PCI_List_News-200x133.jpg 200w, https:\/\/balticwind.eu\/wp-content\/uploads\/2026\/04\/PCI_List_News-400x267.jpg 400w, https:\/\/balticwind.eu\/wp-content\/uploads\/2026\/04\/PCI_List_News-600x400.jpg 600w, https:\/\/balticwind.eu\/wp-content\/uploads\/2026\/04\/PCI_List_News-800x533.jpg 800w, https:\/\/balticwind.eu\/wp-content\/uploads\/2026\/04\/PCI_List_News-1200x800.jpg 1200w, https:\/\/balticwind.eu\/wp-content\/uploads\/2026\/04\/PCI_List_News.jpg 1800w\" sizes=\"(max-width: 1024px) 100vw, (max-width: 640px) 100vw, 1800px\" \/>\n\t\n\n\n\t\t\t\t<\/a>\n\t\t\n\t\n<\/div>\n<\/li>\n\t\t\t\n\t\t\t\n\t\t\t\t\t\t\t\t\t\t\t\t\t\t\t\t\t\t\t\t\t\t\t\t\t\t\t\t\t\t\t\t\t\t\t\t\t\t\t\t\t\t\t\t\t\t\t\t\t\t\t\t\t\t\t\t\t\t\t\t\t\t\t\t\t\t\t\t<\/ul>\n\t<\/div>\n\t<div class=\"fusion-post-content post-content\"><h2 class=\"blog-shortcode-post-title entry-title\"><a href=\"https:\/\/balticwind.eu\/pl\/235-kluczowych-transgranicznych-projektow-energetycznych-majacych-na-celu-wzmocnienie-wzajemnych-polaczen-w-europie\/\">235 kluczowych transgranicznych projekt\u00f3w energetycznych maj\u0105cych na celu wzmocnienie wzajemnych po\u0142\u0105cze\u0144 w Europie<\/a><\/h2><\/div><div class=\"fusion-clearfix\"><\/div><div class=\"fusion-meta-info\"><div class=\"fusion-alignleft\"><span class=\"vcard\" style=\"display: none;\"><span class=\"fn\"><a href=\"https:\/\/balticwind.eu\/pl\/author\/maja-moshotmail-com\/\" title=\"Wpisy od Maja Moskal\" rel=\"author\">Maja Moskal<\/a><\/span><\/span><span class=\"updated\" style=\"display:none;\">2026-04-20T10:09:23+02:00<\/span><a href=\"https:\/\/balticwind.eu\/pl\/category\/dania\/\" rel=\"category tag\">DANIA<\/a>, <a href=\"https:\/\/balticwind.eu\/pl\/category\/estonia-pl\/\" rel=\"category tag\">ESTONIA<\/a>, <a href=\"https:\/\/balticwind.eu\/pl\/category\/finlandia\/\" rel=\"category tag\">FINLANDIA<\/a>, <a href=\"https:\/\/balticwind.eu\/pl\/category\/litwa\/\" rel=\"category tag\">LITWA<\/a>, <a href=\"https:\/\/balticwind.eu\/pl\/category\/lotwa\/\" rel=\"category tag\">\u0141OTWA<\/a>, <a href=\"https:\/\/balticwind.eu\/pl\/category\/niemcy\/\" rel=\"category tag\">NIEMCY<\/a>, <a href=\"https:\/\/balticwind.eu\/pl\/category\/energia-wiatrowa-offshore\/\" rel=\"category tag\">OFFSHORE<\/a>, <a href=\"https:\/\/balticwind.eu\/pl\/category\/energia-wiatrowa-onshore\/\" rel=\"category tag\">ONSHORE<\/a>, <a href=\"https:\/\/balticwind.eu\/pl\/category\/opinie\/\" rel=\"category tag\">OPINIE<\/a>, <a href=\"https:\/\/balticwind.eu\/pl\/category\/polska\/\" rel=\"category tag\">POLSKA<\/a>, <a href=\"https:\/\/balticwind.eu\/pl\/category\/projekty\/\" rel=\"category tag\">PROJEKTY<\/a>, <a href=\"https:\/\/balticwind.eu\/pl\/category\/regulatory-pl\/\" rel=\"category tag\">REGULACJE<\/a>, <a href=\"https:\/\/balticwind.eu\/pl\/category\/szwecja\/\" rel=\"category tag\">SZWECJA<\/a><span class=\"fusion-inline-sep\">|<\/span><\/div><\/div><\/article>\n<\/div><\/div><div class=\"fusion-image-carousel fusion-image-carousel-auto fusion-carousel-border\"><div class=\"fusion-carousel\" data-autoplay=\"yes\" data-columns=\"1\" data-itemmargin=\"13\" data-itemwidth=\"180\" data-touchscroll=\"no\" data-imagesize=\"auto\"><div class=\"fusion-carousel-positioner\"><ul class=\"fusion-carousel-holder\"><li class=\"fusion-carousel-item\"><div class=\"fusion-carousel-item-wrapper\"><div class=\"fusion-image-wrapper hover-type-none\"><a href=\"https:\/\/konferencja-offshore.pl\" target=\"_self\"><img width=\"850\" height=\"1200\" src=\"https:\/\/balticwind.eu\/wp-content\/uploads\/2024\/11\/banner_Offshore2024_850x1200_pl56.jpg\" class=\"attachment-full size-full\" alt=\"\" decoding=\"async\" srcset=\"https:\/\/balticwind.eu\/wp-content\/uploads\/2024\/11\/banner_Offshore2024_850x1200_pl56-200x282.jpg 200w, https:\/\/balticwind.eu\/wp-content\/uploads\/2024\/11\/banner_Offshore2024_850x1200_pl56-213x300.jpg 213w, https:\/\/balticwind.eu\/wp-content\/uploads\/2024\/11\/banner_Offshore2024_850x1200_pl56-400x565.jpg 400w, https:\/\/balticwind.eu\/wp-content\/uploads\/2024\/11\/banner_Offshore2024_850x1200_pl56-600x847.jpg 600w, https:\/\/balticwind.eu\/wp-content\/uploads\/2024\/11\/banner_Offshore2024_850x1200_pl56-725x1024.jpg 725w, https:\/\/balticwind.eu\/wp-content\/uploads\/2024\/11\/banner_Offshore2024_850x1200_pl56-768x1084.jpg 768w, https:\/\/balticwind.eu\/wp-content\/uploads\/2024\/11\/banner_Offshore2024_850x1200_pl56-800x1129.jpg 800w, https:\/\/balticwind.eu\/wp-content\/uploads\/2024\/11\/banner_Offshore2024_850x1200_pl56.jpg 850w\" sizes=\"(max-width: 850px) 100vw, 850px\" \/><\/a><\/div><\/div><\/li><\/ul><\/div><\/div><\/div><\/div><style type=\"text\/css\">.fusion-body .fusion-builder-nested-column-11{width:100% !important;margin-top : 0px;margin-bottom : 20px;}.fusion-builder-nested-column-11 > .fusion-column-wrapper {padding-top : 0px !important;padding-right : 0px !important;margin-right : 1.92%;padding-bottom : 0px !important;padding-left : 0px !important;margin-left : 1.92%;}@media only screen and (max-width:1024px) {.fusion-body .fusion-builder-nested-column-11{width:100% !important;order : 0;}.fusion-builder-nested-column-11 > .fusion-column-wrapper {margin-right : 1.92%;margin-left : 1.92%;}}@media only screen and (max-width:640px) {.fusion-body .fusion-builder-nested-column-11{width:100% !important;order : 0;}.fusion-builder-nested-column-11 > .fusion-column-wrapper {margin-right : 1.92%;margin-left : 1.92%;}}<\/style><\/div><\/div><\/div><style type=\"text\/css\">.fusion-body .fusion-builder-column-19{width:100% !important;margin-top : 0px;margin-bottom : 20px;}.fusion-builder-column-19 > .fusion-column-wrapper {padding-top : 0px !important;padding-right : 0px !important;margin-right : 1.92%;padding-bottom : 0px !important;padding-left : 0px !important;margin-left : 1.92%;}@media only screen and (max-width:1024px) {.fusion-body .fusion-builder-column-19{width:100% !important;order : 0;}.fusion-builder-column-19 > .fusion-column-wrapper {margin-right : 1.92%;margin-left : 1.92%;}}@media only screen and (max-width:640px) {.fusion-body .fusion-builder-column-19{width:100% !important;order : 0;}.fusion-builder-column-19 > .fusion-column-wrapper {margin-right : 1.92%;margin-left : 1.92%;}}<\/style><\/div><\/div><style type=\"text\/css\">.fusion-body .fusion-flex-container.fusion-builder-row-11{ padding-top : 20px;margin-top : 0px;padding-right : 0px;padding-bottom : 0px;margin-bottom : 0px;padding-left : 0px;}<\/style><\/div><div class=\"fusion-fullwidth fullwidth-box fusion-builder-row-12 fusion-flex-container nonhundred-percent-fullwidth non-hundred-percent-height-scrolling fusion-no-small-visibility fusion-no-medium-visibility\" style=\"background-color: rgba(255,255,255,0);background-position: center center;background-repeat: no-repeat;border-width: 0px 0px 0px 0px;border-color:#eaeaea;border-style:solid;\" ><div class=\"fusion-builder-row fusion-row fusion-flex-align-items-flex-start\" style=\"max-width:1289.6px;margin-left: calc(-4% \/ 2 );margin-right: calc(-4% \/ 2 );\"><div class=\"fusion-layout-column fusion_builder_column fusion-builder-column-20 fusion_builder_column_1_1 1_1 fusion-flex-column\"><div class=\"fusion-column-wrapper fusion-flex-justify-content-flex-start fusion-content-layout-column\" style=\"background-position:left top;background-repeat:no-repeat;-webkit-background-size:cover;-moz-background-size:cover;-o-background-size:cover;background-size:cover;padding: 0px 0px 0px 0px;\"><div class=\"fusion-builder-row fusion-builder-row-inner fusion-row fusion-flex-align-items-flex-start\" style=\"width:104% !important;max-width:104% !important;margin-left: calc(-4% \/ 2 );margin-right: calc(-4% \/ 2 );\"><div class=\"fusion-layout-column fusion_builder_column_inner fusion-builder-nested-column-12 fusion_builder_column_inner_1_2 1_2 fusion-flex-column\"><div class=\"fusion-column-wrapper fusion-flex-justify-content-flex-start fusion-content-layout-column\" style=\"background-position:left top;background-repeat:no-repeat;-webkit-background-size:cover;-moz-background-size:cover;-o-background-size:cover;background-size:cover;padding: 0px 0px 0px 0px;\"><div class=\"fusion-separator fusion-full-width-sep\" style=\"align-self: center;margin-left: auto;margin-right: auto;margin-bottom:10px;width:100%;max-width:100%;\"><div class=\"fusion-separator-border sep-single sep-solid\" style=\"border-color:#1f2a3b;border-top-width:12px;\"><\/div><\/div><style type=\"text\/css\">@media only screen and (max-width:1024px) {.fusion-title.fusion-title-9{margin-top:-15px!important; margin-right:0px!important;margin-bottom:20px!important;margin-left:0px!important;}}@media only screen and (max-width:640px) {.fusion-title.fusion-title-9{margin-top:0px!important; margin-right:0px!important;margin-bottom:20px!important; margin-left:0px!important;}}.fusion-title.fusion-title-text.fusion-title-9 a{color:#8cbcda}.fusion-title.fusion-title-text.fusion-title-9 a:hover{color:rgba(209,235,251,0.63)}<\/style><div class=\"fusion-title title fusion-title-9 fusion-title-text fusion-title-size-five\" style=\"margin-top:-15px;margin-right:0px;margin-bottom:20px;margin-left:0px;\"><div class=\"title-sep-container title-sep-container-left fusion-no-large-visibility fusion-no-medium-visibility fusion-no-small-visibility\"><div class=\"title-sep sep-\" style=\"border-color:#eaeaea;\"><\/div><\/div><h5 class=\"title-heading-left fusion-responsive-typography-calculated\" style=\"margin:0;--fontSize:17;line-height:1.76;\"><a href=\"https:\/\/balticwind.eu\/projects\/\" class=\"awb-custom-text-color awb-custom-text-hover-color\" target=\"_self\"><h5 style=\"text-align: left;\">REGULATORY<\/h5><\/a><\/h5><div class=\"title-sep-container title-sep-container-right\"><div class=\"title-sep sep-\" style=\"border-color:#eaeaea;\"><\/div><\/div><\/div><div class=\"fusion-blog-shortcode fusion-blog-shortcode-9 fusion-blog-archive fusion-blog-layout-medium-alternate fusion-blog-no\"><div class=\"fusion-posts-container fusion-posts-container-no\" data-pages=\"122\"><article id=\"blog-9-post-46026\" class=\"fusion-post-medium-alternate post-46026 post type-post status-publish format-standard has-post-thumbnail hentry category-dania category-niemcy category-energia-wiatrowa-offshore category-energia-wiatrowa-onshore category-opinie category-projekty category-regulatory-pl\">\n<div class=\"fusion-date-and-formats\"><div class=\"fusion-date-box updated\"><span class=\"fusion-date\">27<\/span><span class=\"fusion-month-year\">04, 2026<\/span><\/div><div class=\"fusion-format-box\"><i class=\"fusion-icon-pen\" aria-hidden=\"true\"><\/i><\/div><\/div>\t<style type=\"text\/css\">\n\t\t\n\t\t\n\t\t\n\t\t\n\t\t\t<\/style>\n\n\n\t\t\t<div class=\"fusion-flexslider flexslider fusion-flexslider-loading fusion-post-slideshow\" style=\"\">\n\t\t<ul class=\"slides\">\n\t\t\t\n\t\t\t\t\t\t\t\t\t\t\t\t\t\t<li>\n\n<div  class=\"fusion-image-wrapper fusion-image-size-fixed\" aria-haspopup=\"true\">\n\t\n\t\n\t\t\t\n\t\t\t\t<a href=\"https:\/\/balticwind.eu\/pl\/pieciu-europejskich-operatorow-systemow-przesylowych-rozwaza-wspolprace-w-zakresie-infrastruktury-kabli-morskich-na-morzu-polnocnym\/\" aria-label=\"Pi\u0119ciu europejskich operator\u00f3w system\u00f3w przesy\u0142owych rozwa\u017ca wsp\u00f3\u0142prac\u0119 w zakresie infrastruktury kabli morskich na Morzu P\u00f3\u0142nocnym\">\n\t\t\n\t\t\n\t\t\t\t\t<img width=\"320\" height=\"202\" src=\"https:\/\/balticwind.eu\/wp-content\/uploads\/2024\/07\/sterling-lanier-g_g6JLB9GjM-unsplash-320x202.jpg\" class=\"attachment-blog-medium size-blog-medium wp-post-image\" alt=\"\" decoding=\"async\" loading=\"lazy\" srcset=\"https:\/\/balticwind.eu\/wp-content\/uploads\/2024\/07\/sterling-lanier-g_g6JLB9GjM-unsplash-320x202.jpg 320w, https:\/\/balticwind.eu\/wp-content\/uploads\/2024\/07\/sterling-lanier-g_g6JLB9GjM-unsplash-700x441.jpg 700w\" sizes=\"(max-width: 320px) 100vw, 320px\" \/>\n\t\n\n\n\t\t\t\t<\/a>\n\t\t\n\t\n<\/div>\n<\/li>\n\t\t\t\n\t\t\t\n\t\t\t\t\t\t\t\t\t\t\t\t\t\t\t\t\t\t\t\t\t\t\t\t\t\t\t\t\t\t\t\t\t\t\t\t\t\t\t\t\t\t\t\t\t\t\t\t\t\t\t\t\t\t\t\t\t\t\t\t\t\t\t\t\t\t\t\t<\/ul>\n\t<\/div>\n\t<div class=\"fusion-post-content post-content\"><h2 class=\"blog-shortcode-post-title entry-title\"><a href=\"https:\/\/balticwind.eu\/pl\/pieciu-europejskich-operatorow-systemow-przesylowych-rozwaza-wspolprace-w-zakresie-infrastruktury-kabli-morskich-na-morzu-polnocnym\/\">Pi\u0119ciu europejskich operator\u00f3w system\u00f3w przesy\u0142owych rozwa\u017ca wsp\u00f3\u0142prac\u0119 w zakresie infrastruktury kabli morskich na Morzu P\u00f3\u0142nocnym<\/a><\/h2><p class=\"fusion-single-line-meta\"><span class=\"vcard\" style=\"display: none;\"><span class=\"fn\"><a href=\"https:\/\/balticwind.eu\/pl\/author\/maja-moshotmail-com\/\" title=\"Wpisy od Maja Moskal\" rel=\"author\">Maja Moskal<\/a><\/span><\/span><span class=\"updated\" style=\"display:none;\">2026-04-24T17:53:37+02:00<\/span><a href=\"https:\/\/balticwind.eu\/pl\/category\/dania\/\" rel=\"category tag\">DANIA<\/a>, <a href=\"https:\/\/balticwind.eu\/pl\/category\/niemcy\/\" rel=\"category tag\">NIEMCY<\/a>, <a href=\"https:\/\/balticwind.eu\/pl\/category\/energia-wiatrowa-offshore\/\" rel=\"category tag\">OFFSHORE<\/a>, <a href=\"https:\/\/balticwind.eu\/pl\/category\/energia-wiatrowa-onshore\/\" rel=\"category tag\">ONSHORE<\/a>, <a href=\"https:\/\/balticwind.eu\/pl\/category\/opinie\/\" rel=\"category tag\">OPINIE<\/a>, <a href=\"https:\/\/balticwind.eu\/pl\/category\/projekty\/\" rel=\"category tag\">PROJEKTY<\/a>, <a href=\"https:\/\/balticwind.eu\/pl\/category\/regulatory-pl\/\" rel=\"category tag\">REGULACJE<\/a><span class=\"fusion-inline-sep\">|<\/span><\/p><\/div><div class=\"fusion-clearfix\"><\/div><\/article>\n<article id=\"blog-9-post-46024\" class=\"fusion-post-medium-alternate post-46024 post type-post status-publish format-standard has-post-thumbnail hentry category-dania category-estonia-pl category-finlandia category-litwa category-lotwa category-niemcy category-energia-wiatrowa-offshore category-polska category-regulatory-pl category-szwecja\">\n<div class=\"fusion-date-and-formats\"><div class=\"fusion-date-box updated\"><span class=\"fusion-date\">24<\/span><span class=\"fusion-month-year\">04, 2026<\/span><\/div><div class=\"fusion-format-box\"><i class=\"fusion-icon-pen\" aria-hidden=\"true\"><\/i><\/div><\/div>\t<style type=\"text\/css\">\n\t\t\n\t\t\n\t\t\n\t\t\n\t\t\t<\/style>\n\n\n\t\t\t<div class=\"fusion-flexslider flexslider fusion-flexslider-loading fusion-post-slideshow\" style=\"\">\n\t\t<ul class=\"slides\">\n\t\t\t\n\t\t\t\t\t\t\t\t\t\t\t\t\t\t<li>\n\n<div  class=\"fusion-image-wrapper fusion-image-size-fixed\" aria-haspopup=\"true\">\n\t\n\t\n\t\t\t\n\t\t\t\t<a href=\"https:\/\/balticwind.eu\/pl\/europa-potrzebuje-energii-wytwarzanej-na-wlasnym-terenie-na-duza-skale-a-morska-energetyka-wiatrowa-przygotowuje-sie-do-jej-dostarczenia\/\" aria-label=\"Europa potrzebuje energii wytwarzanej na w\u0142asnym terenie na du\u017c\u0105 skal\u0119, a morska energetyka wiatrowa przygotowuje si\u0119 do jej dostarczenia\">\n\t\t\n\t\t\n\t\t\t\t\t<img width=\"320\" height=\"202\" src=\"https:\/\/balticwind.eu\/wp-content\/uploads\/2026\/04\/germany-offshore-wind-dawn-dusk-purple-pink-sky-1200x675-1-320x202.jpg\" class=\"attachment-blog-medium size-blog-medium wp-post-image\" alt=\"\" decoding=\"async\" loading=\"lazy\" srcset=\"https:\/\/balticwind.eu\/wp-content\/uploads\/2026\/04\/germany-offshore-wind-dawn-dusk-purple-pink-sky-1200x675-1-320x202.jpg 320w, https:\/\/balticwind.eu\/wp-content\/uploads\/2026\/04\/germany-offshore-wind-dawn-dusk-purple-pink-sky-1200x675-1-700x441.jpg 700w\" sizes=\"(max-width: 320px) 100vw, 320px\" \/>\n\t\n\n\n\t\t\t\t<\/a>\n\t\t\n\t\n<\/div>\n<\/li>\n\t\t\t\n\t\t\t\n\t\t\t\t\t\t\t\t\t\t\t\t\t\t\t\t\t\t\t\t\t\t\t\t\t\t\t\t\t\t\t\t\t\t\t\t\t\t\t\t\t\t\t\t\t\t\t\t\t\t\t\t\t\t\t\t\t\t\t\t\t\t\t\t\t\t\t\t<\/ul>\n\t<\/div>\n\t<div class=\"fusion-post-content post-content\"><h2 class=\"blog-shortcode-post-title entry-title\"><a href=\"https:\/\/balticwind.eu\/pl\/europa-potrzebuje-energii-wytwarzanej-na-wlasnym-terenie-na-duza-skale-a-morska-energetyka-wiatrowa-przygotowuje-sie-do-jej-dostarczenia\/\">Europa potrzebuje energii wytwarzanej na w\u0142asnym terenie na du\u017c\u0105 skal\u0119, a morska energetyka wiatrowa przygotowuje si\u0119 do jej dostarczenia<\/a><\/h2><p class=\"fusion-single-line-meta\"><span class=\"vcard\" style=\"display: none;\"><span class=\"fn\"><a href=\"https:\/\/balticwind.eu\/pl\/author\/maja-moshotmail-com\/\" title=\"Wpisy od Maja Moskal\" rel=\"author\">Maja Moskal<\/a><\/span><\/span><span class=\"updated\" style=\"display:none;\">2026-04-24T16:08:04+02:00<\/span><a href=\"https:\/\/balticwind.eu\/pl\/category\/dania\/\" rel=\"category tag\">DANIA<\/a>, <a href=\"https:\/\/balticwind.eu\/pl\/category\/estonia-pl\/\" rel=\"category tag\">ESTONIA<\/a>, <a href=\"https:\/\/balticwind.eu\/pl\/category\/finlandia\/\" rel=\"category tag\">FINLANDIA<\/a>, <a href=\"https:\/\/balticwind.eu\/pl\/category\/litwa\/\" rel=\"category tag\">LITWA<\/a>, <a href=\"https:\/\/balticwind.eu\/pl\/category\/lotwa\/\" rel=\"category tag\">\u0141OTWA<\/a>, <a href=\"https:\/\/balticwind.eu\/pl\/category\/niemcy\/\" rel=\"category tag\">NIEMCY<\/a>, <a href=\"https:\/\/balticwind.eu\/pl\/category\/energia-wiatrowa-offshore\/\" rel=\"category tag\">OFFSHORE<\/a>, <a href=\"https:\/\/balticwind.eu\/pl\/category\/polska\/\" rel=\"category tag\">POLSKA<\/a>, <a href=\"https:\/\/balticwind.eu\/pl\/category\/regulatory-pl\/\" rel=\"category tag\">REGULACJE<\/a>, <a href=\"https:\/\/balticwind.eu\/pl\/category\/szwecja\/\" rel=\"category tag\">SZWECJA<\/a><span class=\"fusion-inline-sep\">|<\/span><\/p><\/div><div class=\"fusion-clearfix\"><\/div><\/article>\n<article id=\"blog-9-post-45996\" class=\"fusion-post-medium-alternate post-45996 post type-post status-publish format-standard has-post-thumbnail hentry category-energia-wiatrowa-offshore category-energia-wiatrowa-onshore category-opinie category-polska category-projekty category-regulatory-pl\">\n<div class=\"fusion-date-and-formats\"><div class=\"fusion-date-box updated\"><span class=\"fusion-date\">24<\/span><span class=\"fusion-month-year\">04, 2026<\/span><\/div><div class=\"fusion-format-box\"><i class=\"fusion-icon-pen\" aria-hidden=\"true\"><\/i><\/div><\/div>\t<style type=\"text\/css\">\n\t\t\n\t\t\n\t\t\n\t\t\n\t\t\t<\/style>\n\n\n\t\t\t<div class=\"fusion-flexslider flexslider fusion-flexslider-loading fusion-post-slideshow\" style=\"\">\n\t\t<ul class=\"slides\">\n\t\t\t\n\t\t\t\t\t\t\t\t\t\t\t\t\t\t<li>\n\n<div  class=\"fusion-image-wrapper fusion-image-size-fixed\" aria-haspopup=\"true\">\n\t\n\t\n\t\t\t\n\t\t\t\t<a href=\"https:\/\/balticwind.eu\/pl\/europejczycy-w-tym-polacy-przeceniaja-niezaleznosc-energetyczna-swoich-krajow-wynika-z-badania-orsted\/\" aria-label=\"Europejczycy, w tym Polacy, przeceniaj\u0105 niezale\u017cno\u015b\u0107 energetyczn\u0105 swoich kraj\u00f3w &#8211; wynika z badania \u00d8rsted\">\n\t\t\n\t\t\n\t\t\t\t\t<img width=\"320\" height=\"202\" src=\"https:\/\/balticwind.eu\/wp-content\/uploads\/2024\/07\/karsten-wurth-ZKWgoRUYuMk-unsplash-320x202.jpg\" class=\"attachment-blog-medium size-blog-medium wp-post-image\" alt=\"Source: Unsplash\" decoding=\"async\" loading=\"lazy\" srcset=\"https:\/\/balticwind.eu\/wp-content\/uploads\/2024\/07\/karsten-wurth-ZKWgoRUYuMk-unsplash-320x202.jpg 320w, https:\/\/balticwind.eu\/wp-content\/uploads\/2024\/07\/karsten-wurth-ZKWgoRUYuMk-unsplash-700x441.jpg 700w\" sizes=\"(max-width: 320px) 100vw, 320px\" \/>\n\t\n\n\n\t\t\t\t<\/a>\n\t\t\n\t\n<\/div>\n<\/li>\n\t\t\t\n\t\t\t\n\t\t\t\t\t\t\t\t\t\t\t\t\t\t\t\t\t\t\t\t\t\t\t\t\t\t\t\t\t\t\t\t\t\t\t\t\t\t\t\t\t\t\t\t\t\t\t\t\t\t\t\t\t\t\t\t\t\t\t\t\t\t\t\t\t\t\t\t<\/ul>\n\t<\/div>\n\t<div class=\"fusion-post-content post-content\"><h2 class=\"blog-shortcode-post-title entry-title\"><a href=\"https:\/\/balticwind.eu\/pl\/europejczycy-w-tym-polacy-przeceniaja-niezaleznosc-energetyczna-swoich-krajow-wynika-z-badania-orsted\/\">Europejczycy, w tym Polacy, przeceniaj\u0105 niezale\u017cno\u015b\u0107 energetyczn\u0105 swoich kraj\u00f3w &#8211; wynika z badania \u00d8rsted<\/a><\/h2><p class=\"fusion-single-line-meta\"><span class=\"vcard\" style=\"display: none;\"><span class=\"fn\"><a href=\"https:\/\/balticwind.eu\/pl\/author\/maja-moshotmail-com\/\" title=\"Wpisy od Maja Moskal\" rel=\"author\">Maja Moskal<\/a><\/span><\/span><span class=\"updated\" style=\"display:none;\">2026-04-23T11:45:49+02:00<\/span><a href=\"https:\/\/balticwind.eu\/pl\/category\/energia-wiatrowa-offshore\/\" rel=\"category tag\">OFFSHORE<\/a>, <a href=\"https:\/\/balticwind.eu\/pl\/category\/energia-wiatrowa-onshore\/\" rel=\"category tag\">ONSHORE<\/a>, <a href=\"https:\/\/balticwind.eu\/pl\/category\/opinie\/\" rel=\"category tag\">OPINIE<\/a>, <a href=\"https:\/\/balticwind.eu\/pl\/category\/polska\/\" rel=\"category tag\">POLSKA<\/a>, <a href=\"https:\/\/balticwind.eu\/pl\/category\/projekty\/\" rel=\"category tag\">PROJEKTY<\/a>, <a href=\"https:\/\/balticwind.eu\/pl\/category\/regulatory-pl\/\" rel=\"category tag\">REGULACJE<\/a><span class=\"fusion-inline-sep\">|<\/span><\/p><\/div><div class=\"fusion-clearfix\"><\/div><\/article>\n<article id=\"blog-9-post-45997\" class=\"fusion-post-medium-alternate post-45997 post type-post status-publish format-standard has-post-thumbnail hentry category-energia-wiatrowa-offshore category-energia-wiatrowa-onshore category-opinie category-polska category-projekty category-regulatory-pl\">\n<div class=\"fusion-date-and-formats\"><div class=\"fusion-date-box updated\"><span class=\"fusion-date\">24<\/span><span class=\"fusion-month-year\">04, 2026<\/span><\/div><div class=\"fusion-format-box\"><i class=\"fusion-icon-pen\" aria-hidden=\"true\"><\/i><\/div><\/div>\t<style type=\"text\/css\">\n\t\t\n\t\t\n\t\t\n\t\t\n\t\t\t<\/style>\n\n\n\t\t\t<div class=\"fusion-flexslider flexslider fusion-flexslider-loading fusion-post-slideshow\" style=\"\">\n\t\t<ul class=\"slides\">\n\t\t\t\n\t\t\t\t\t\t\t\t\t\t\t\t\t\t<li>\n\n<div  class=\"fusion-image-wrapper fusion-image-size-fixed\" aria-haspopup=\"true\">\n\t\n\t\n\t\t\t\n\t\t\t\t<a href=\"https:\/\/balticwind.eu\/pl\/tak-trudno-jak-jest-teraz-jeszcze-nie-bylo-eksperci-o-barierach-dla-ladowej-energetyki-wiatrowej-podczas-panelu-dyskusyjnego-na-europejskim-kongresie-gospodarczym-w-katowicach\/\" aria-label=\"\u201cTak trudno, jak jest teraz, jeszcze nie by\u0142o\u201d &#8211; eksperci o barierach dla l\u0105dowej energetyki wiatrowej podczas panelu dyskusyjnego na Europejskim Kongresie Gospodarczym w Katowicach\">\n\t\t\n\t\t\n\t\t\t\t\t<img width=\"320\" height=\"202\" src=\"https:\/\/balticwind.eu\/wp-content\/uploads\/2024\/12\/wind-energy-7394705_1280-320x202.jpg\" class=\"attachment-blog-medium size-blog-medium wp-post-image\" alt=\"Source: Pixabay\" decoding=\"async\" loading=\"lazy\" srcset=\"https:\/\/balticwind.eu\/wp-content\/uploads\/2024\/12\/wind-energy-7394705_1280-320x202.jpg 320w, https:\/\/balticwind.eu\/wp-content\/uploads\/2024\/12\/wind-energy-7394705_1280-700x441.jpg 700w\" sizes=\"(max-width: 320px) 100vw, 320px\" \/>\n\t\n\n\n\t\t\t\t<\/a>\n\t\t\n\t\n<\/div>\n<\/li>\n\t\t\t\n\t\t\t\n\t\t\t\t\t\t\t\t\t\t\t\t\t\t\t\t\t\t\t\t\t\t\t\t\t\t\t\t\t\t\t\t\t\t\t\t\t\t\t\t\t\t\t\t\t\t\t\t\t\t\t\t\t\t\t\t\t\t\t\t\t\t\t\t\t\t\t\t<\/ul>\n\t<\/div>\n\t<div class=\"fusion-post-content post-content\"><h2 class=\"blog-shortcode-post-title entry-title\"><a href=\"https:\/\/balticwind.eu\/pl\/tak-trudno-jak-jest-teraz-jeszcze-nie-bylo-eksperci-o-barierach-dla-ladowej-energetyki-wiatrowej-podczas-panelu-dyskusyjnego-na-europejskim-kongresie-gospodarczym-w-katowicach\/\">\u201cTak trudno, jak jest teraz, jeszcze nie by\u0142o\u201d &#8211; eksperci o barierach dla l\u0105dowej energetyki wiatrowej podczas panelu dyskusyjnego na Europejskim Kongresie Gospodarczym w Katowicach<\/a><\/h2><p class=\"fusion-single-line-meta\"><span class=\"vcard\" style=\"display: none;\"><span class=\"fn\"><a href=\"https:\/\/balticwind.eu\/pl\/author\/maja-moshotmail-com\/\" title=\"Wpisy od Maja Moskal\" rel=\"author\">Maja Moskal<\/a><\/span><\/span><span class=\"updated\" style=\"display:none;\">2026-04-23T11:55:41+02:00<\/span><a href=\"https:\/\/balticwind.eu\/pl\/category\/energia-wiatrowa-offshore\/\" rel=\"category tag\">OFFSHORE<\/a>, <a href=\"https:\/\/balticwind.eu\/pl\/category\/energia-wiatrowa-onshore\/\" rel=\"category tag\">ONSHORE<\/a>, <a href=\"https:\/\/balticwind.eu\/pl\/category\/opinie\/\" rel=\"category tag\">OPINIE<\/a>, <a href=\"https:\/\/balticwind.eu\/pl\/category\/polska\/\" rel=\"category tag\">POLSKA<\/a>, <a href=\"https:\/\/balticwind.eu\/pl\/category\/projekty\/\" rel=\"category tag\">PROJEKTY<\/a>, <a href=\"https:\/\/balticwind.eu\/pl\/category\/regulatory-pl\/\" rel=\"category tag\">REGULACJE<\/a><span class=\"fusion-inline-sep\">|<\/span><\/p><\/div><div class=\"fusion-clearfix\"><\/div><\/article>\n<\/div><\/div><\/div><style type=\"text\/css\">.fusion-body .fusion-builder-nested-column-12{width:50% !important;margin-top : 0px;margin-bottom : 20px;}.fusion-builder-nested-column-12 > .fusion-column-wrapper {padding-top : 0px !important;padding-right : 0px !important;margin-right : 3.84%;padding-bottom : 0px !important;padding-left : 0px !important;margin-left : 3.84%;}@media only screen and (max-width:1024px) {.fusion-body .fusion-builder-nested-column-12{width:100% !important;order : 0;}.fusion-builder-nested-column-12 > .fusion-column-wrapper {margin-right : 1.92%;margin-left : 1.92%;}}@media only screen and (max-width:640px) {.fusion-body .fusion-builder-nested-column-12{width:100% !important;order : 0;}.fusion-builder-nested-column-12 > .fusion-column-wrapper {margin-right : 1.92%;margin-left : 1.92%;}}<\/style><\/div><div class=\"fusion-layout-column fusion_builder_column_inner fusion-builder-nested-column-13 fusion_builder_column_inner_1_2 1_2 fusion-flex-column\"><div class=\"fusion-column-wrapper fusion-flex-justify-content-flex-start fusion-content-layout-column\" style=\"background-position:left top;background-repeat:no-repeat;-webkit-background-size:cover;-moz-background-size:cover;-o-background-size:cover;background-size:cover;padding: 0px 0px 0px 0px;\"><div class=\"fusion-separator fusion-full-width-sep\" style=\"align-self: center;margin-left: auto;margin-right: auto;margin-bottom:10px;width:100%;max-width:100%;\"><div class=\"fusion-separator-border sep-single sep-solid\" style=\"border-color:#1f2a3b;border-top-width:12px;\"><\/div><\/div><style type=\"text\/css\">@media only screen and (max-width:1024px) {.fusion-title.fusion-title-10{margin-top:-15px!important; margin-right:0px!important;margin-bottom:20px!important;margin-left:0px!important;}}@media only screen and (max-width:640px) {.fusion-title.fusion-title-10{margin-top:0px!important; margin-right:0px!important;margin-bottom:20px!important; margin-left:0px!important;}}.fusion-title.fusion-title-text.fusion-title-10 a{color:#8cbcda}.fusion-title.fusion-title-text.fusion-title-10 a:hover{color:rgba(209,235,251,0.63)}<\/style><div class=\"fusion-title title fusion-title-10 fusion-title-text fusion-title-size-five\" style=\"margin-top:-15px;margin-right:0px;margin-bottom:20px;margin-left:0px;\"><div class=\"title-sep-container title-sep-container-left fusion-no-large-visibility fusion-no-medium-visibility fusion-no-small-visibility\"><div class=\"title-sep sep-\" style=\"border-color:#eaeaea;\"><\/div><\/div><h5 class=\"title-heading-left fusion-responsive-typography-calculated\" style=\"margin:0;--fontSize:17;line-height:1.76;\"><a href=\"https:\/\/balticwind.eu\/projects\/\" class=\"awb-custom-text-color awb-custom-text-hover-color\" target=\"_self\"><h5 style=\"text-align: left;\">PROJEKTY<\/h5><\/a><\/h5><div class=\"title-sep-container title-sep-container-right\"><div class=\"title-sep sep-\" style=\"border-color:#eaeaea;\"><\/div><\/div><\/div><div class=\"fusion-blog-shortcode fusion-blog-shortcode-10 fusion-blog-archive fusion-blog-layout-medium-alternate fusion-blog-no\"><div class=\"fusion-posts-container fusion-posts-container-no\" data-pages=\"245\"><article id=\"blog-10-post-46026\" class=\"fusion-post-medium-alternate post-46026 post type-post status-publish format-standard has-post-thumbnail hentry category-dania category-niemcy category-energia-wiatrowa-offshore category-energia-wiatrowa-onshore category-opinie category-projekty category-regulatory-pl\">\n<div class=\"fusion-date-and-formats\"><div class=\"fusion-date-box updated\"><span class=\"fusion-date\">27<\/span><span class=\"fusion-month-year\">04, 2026<\/span><\/div><div class=\"fusion-format-box\"><i class=\"fusion-icon-pen\" aria-hidden=\"true\"><\/i><\/div><\/div>\t<style type=\"text\/css\">\n\t\t\n\t\t\n\t\t\n\t\t\n\t\t\t<\/style>\n\n\n\t\t\t<div class=\"fusion-flexslider flexslider fusion-flexslider-loading fusion-post-slideshow\" style=\"\">\n\t\t<ul class=\"slides\">\n\t\t\t\n\t\t\t\t\t\t\t\t\t\t\t\t\t\t<li>\n\n<div  class=\"fusion-image-wrapper fusion-image-size-fixed\" aria-haspopup=\"true\">\n\t\n\t\n\t\t\t\n\t\t\t\t<a href=\"https:\/\/balticwind.eu\/pl\/pieciu-europejskich-operatorow-systemow-przesylowych-rozwaza-wspolprace-w-zakresie-infrastruktury-kabli-morskich-na-morzu-polnocnym\/\" aria-label=\"Pi\u0119ciu europejskich operator\u00f3w system\u00f3w przesy\u0142owych rozwa\u017ca wsp\u00f3\u0142prac\u0119 w zakresie infrastruktury kabli morskich na Morzu P\u00f3\u0142nocnym\">\n\t\t\n\t\t\n\t\t\t\t\t<img width=\"320\" height=\"202\" src=\"https:\/\/balticwind.eu\/wp-content\/uploads\/2024\/07\/sterling-lanier-g_g6JLB9GjM-unsplash-320x202.jpg\" class=\"attachment-blog-medium size-blog-medium wp-post-image\" alt=\"\" decoding=\"async\" loading=\"lazy\" srcset=\"https:\/\/balticwind.eu\/wp-content\/uploads\/2024\/07\/sterling-lanier-g_g6JLB9GjM-unsplash-320x202.jpg 320w, https:\/\/balticwind.eu\/wp-content\/uploads\/2024\/07\/sterling-lanier-g_g6JLB9GjM-unsplash-700x441.jpg 700w\" sizes=\"(max-width: 320px) 100vw, 320px\" \/>\n\t\n\n\n\t\t\t\t<\/a>\n\t\t\n\t\n<\/div>\n<\/li>\n\t\t\t\n\t\t\t\n\t\t\t\t\t\t\t\t\t\t\t\t\t\t\t\t\t\t\t\t\t\t\t\t\t\t\t\t\t\t\t\t\t\t\t\t\t\t\t\t\t\t\t\t\t\t\t\t\t\t\t\t\t\t\t\t\t\t\t\t\t\t\t\t\t\t\t\t<\/ul>\n\t<\/div>\n\t<div class=\"fusion-post-content post-content\"><h2 class=\"blog-shortcode-post-title entry-title\"><a href=\"https:\/\/balticwind.eu\/pl\/pieciu-europejskich-operatorow-systemow-przesylowych-rozwaza-wspolprace-w-zakresie-infrastruktury-kabli-morskich-na-morzu-polnocnym\/\">Pi\u0119ciu europejskich operator\u00f3w system\u00f3w przesy\u0142owych rozwa\u017ca wsp\u00f3\u0142prac\u0119 w zakresie infrastruktury kabli morskich na Morzu P\u00f3\u0142nocnym<\/a><\/h2><p class=\"fusion-single-line-meta\"><span class=\"vcard\" style=\"display: none;\"><span class=\"fn\"><a href=\"https:\/\/balticwind.eu\/pl\/author\/maja-moshotmail-com\/\" title=\"Wpisy od Maja Moskal\" rel=\"author\">Maja Moskal<\/a><\/span><\/span><span class=\"updated\" style=\"display:none;\">2026-04-24T17:53:37+02:00<\/span><a href=\"https:\/\/balticwind.eu\/pl\/category\/dania\/\" rel=\"category tag\">DANIA<\/a>, <a href=\"https:\/\/balticwind.eu\/pl\/category\/niemcy\/\" rel=\"category tag\">NIEMCY<\/a>, <a href=\"https:\/\/balticwind.eu\/pl\/category\/energia-wiatrowa-offshore\/\" rel=\"category tag\">OFFSHORE<\/a>, <a href=\"https:\/\/balticwind.eu\/pl\/category\/energia-wiatrowa-onshore\/\" rel=\"category tag\">ONSHORE<\/a>, <a href=\"https:\/\/balticwind.eu\/pl\/category\/opinie\/\" rel=\"category tag\">OPINIE<\/a>, <a href=\"https:\/\/balticwind.eu\/pl\/category\/projekty\/\" rel=\"category tag\">PROJEKTY<\/a>, <a href=\"https:\/\/balticwind.eu\/pl\/category\/regulatory-pl\/\" rel=\"category tag\">REGULACJE<\/a><span class=\"fusion-inline-sep\">|<\/span><\/p><\/div><div class=\"fusion-clearfix\"><\/div><\/article>\n<article id=\"blog-10-post-46016\" class=\"fusion-post-medium-alternate post-46016 post type-post status-publish format-standard has-post-thumbnail hentry category-energia-wiatrowa-offshore category-polska category-projekty\">\n<div class=\"fusion-date-and-formats\"><div class=\"fusion-date-box updated\"><span class=\"fusion-date\">24<\/span><span class=\"fusion-month-year\">04, 2026<\/span><\/div><div class=\"fusion-format-box\"><i class=\"fusion-icon-pen\" aria-hidden=\"true\"><\/i><\/div><\/div>\t<style type=\"text\/css\">\n\t\t\n\t\t\n\t\t\n\t\t\n\t\t\t<\/style>\n\n\n\t\t\t<div class=\"fusion-flexslider flexslider fusion-flexslider-loading fusion-post-slideshow\" style=\"\">\n\t\t<ul class=\"slides\">\n\t\t\t\n\t\t\t\t\t\t\t\t\t\t\t\t\t\t<li>\n\n<div  class=\"fusion-image-wrapper fusion-image-size-fixed\" aria-haspopup=\"true\">\n\t\n\t\n\t\t\t\n\t\t\t\t<a href=\"https:\/\/balticwind.eu\/pl\/blisko-1300-uczniow-z-pomorza-poznaje-morska-energetyke-wiatrowa\/\" aria-label=\"Blisko 1300 uczni\u00f3w z Pomorza poznaje morsk\u0105 energetyk\u0119 wiatrow\u0105\">\n\t\t\n\t\t\n\t\t\t\t\t<img width=\"320\" height=\"202\" src=\"https:\/\/balticwind.eu\/wp-content\/uploads\/2026\/04\/0-320x202.jpg\" class=\"attachment-blog-medium size-blog-medium wp-post-image\" alt=\"\" decoding=\"async\" loading=\"lazy\" srcset=\"https:\/\/balticwind.eu\/wp-content\/uploads\/2026\/04\/0-320x202.jpg 320w, https:\/\/balticwind.eu\/wp-content\/uploads\/2026\/04\/0-700x441.jpg 700w\" sizes=\"(max-width: 320px) 100vw, 320px\" \/>\n\t\n\n\n\t\t\t\t<\/a>\n\t\t\n\t\n<\/div>\n<\/li>\n\t\t\t\n\t\t\t\n\t\t\t\t\t\t\t\t\t\t\t\t\t\t\t\t\t\t\t\t\t\t\t\t\t\t\t\t\t\t\t\t\t\t\t\t\t\t\t\t\t\t\t\t\t\t\t\t\t\t\t\t\t\t\t\t\t\t\t\t\t\t\t\t\t\t\t\t<\/ul>\n\t<\/div>\n\t<div class=\"fusion-post-content post-content\"><h2 class=\"blog-shortcode-post-title entry-title\"><a href=\"https:\/\/balticwind.eu\/pl\/blisko-1300-uczniow-z-pomorza-poznaje-morska-energetyke-wiatrowa\/\">Blisko 1300 uczni\u00f3w z Pomorza poznaje morsk\u0105 energetyk\u0119 wiatrow\u0105<\/a><\/h2><p class=\"fusion-single-line-meta\"><span class=\"vcard\" style=\"display: none;\"><span class=\"fn\"><a href=\"https:\/\/balticwind.eu\/pl\/author\/maja-moshotmail-com\/\" title=\"Wpisy od Maja Moskal\" rel=\"author\">Maja Moskal<\/a><\/span><\/span><span class=\"updated\" style=\"display:none;\">2026-04-24T16:01:55+02:00<\/span><a href=\"https:\/\/balticwind.eu\/pl\/category\/energia-wiatrowa-offshore\/\" rel=\"category tag\">OFFSHORE<\/a>, <a href=\"https:\/\/balticwind.eu\/pl\/category\/polska\/\" rel=\"category tag\">POLSKA<\/a>, <a href=\"https:\/\/balticwind.eu\/pl\/category\/projekty\/\" rel=\"category tag\">PROJEKTY<\/a><span class=\"fusion-inline-sep\">|<\/span><\/p><\/div><div class=\"fusion-clearfix\"><\/div><\/article>\n<article id=\"blog-10-post-45996\" class=\"fusion-post-medium-alternate post-45996 post type-post status-publish format-standard has-post-thumbnail hentry category-energia-wiatrowa-offshore category-energia-wiatrowa-onshore category-opinie category-polska category-projekty category-regulatory-pl\">\n<div class=\"fusion-date-and-formats\"><div class=\"fusion-date-box updated\"><span class=\"fusion-date\">24<\/span><span class=\"fusion-month-year\">04, 2026<\/span><\/div><div class=\"fusion-format-box\"><i class=\"fusion-icon-pen\" aria-hidden=\"true\"><\/i><\/div><\/div>\t<style type=\"text\/css\">\n\t\t\n\t\t\n\t\t\n\t\t\n\t\t\t<\/style>\n\n\n\t\t\t<div class=\"fusion-flexslider flexslider fusion-flexslider-loading fusion-post-slideshow\" style=\"\">\n\t\t<ul class=\"slides\">\n\t\t\t\n\t\t\t\t\t\t\t\t\t\t\t\t\t\t<li>\n\n<div  class=\"fusion-image-wrapper fusion-image-size-fixed\" aria-haspopup=\"true\">\n\t\n\t\n\t\t\t\n\t\t\t\t<a href=\"https:\/\/balticwind.eu\/pl\/europejczycy-w-tym-polacy-przeceniaja-niezaleznosc-energetyczna-swoich-krajow-wynika-z-badania-orsted\/\" aria-label=\"Europejczycy, w tym Polacy, przeceniaj\u0105 niezale\u017cno\u015b\u0107 energetyczn\u0105 swoich kraj\u00f3w &#8211; wynika z badania \u00d8rsted\">\n\t\t\n\t\t\n\t\t\t\t\t<img width=\"320\" height=\"202\" src=\"https:\/\/balticwind.eu\/wp-content\/uploads\/2024\/07\/karsten-wurth-ZKWgoRUYuMk-unsplash-320x202.jpg\" class=\"attachment-blog-medium size-blog-medium wp-post-image\" alt=\"Source: Unsplash\" decoding=\"async\" loading=\"lazy\" srcset=\"https:\/\/balticwind.eu\/wp-content\/uploads\/2024\/07\/karsten-wurth-ZKWgoRUYuMk-unsplash-320x202.jpg 320w, https:\/\/balticwind.eu\/wp-content\/uploads\/2024\/07\/karsten-wurth-ZKWgoRUYuMk-unsplash-700x441.jpg 700w\" sizes=\"(max-width: 320px) 100vw, 320px\" \/>\n\t\n\n\n\t\t\t\t<\/a>\n\t\t\n\t\n<\/div>\n<\/li>\n\t\t\t\n\t\t\t\n\t\t\t\t\t\t\t\t\t\t\t\t\t\t\t\t\t\t\t\t\t\t\t\t\t\t\t\t\t\t\t\t\t\t\t\t\t\t\t\t\t\t\t\t\t\t\t\t\t\t\t\t\t\t\t\t\t\t\t\t\t\t\t\t\t\t\t\t<\/ul>\n\t<\/div>\n\t<div class=\"fusion-post-content post-content\"><h2 class=\"blog-shortcode-post-title entry-title\"><a href=\"https:\/\/balticwind.eu\/pl\/europejczycy-w-tym-polacy-przeceniaja-niezaleznosc-energetyczna-swoich-krajow-wynika-z-badania-orsted\/\">Europejczycy, w tym Polacy, przeceniaj\u0105 niezale\u017cno\u015b\u0107 energetyczn\u0105 swoich kraj\u00f3w &#8211; wynika z badania \u00d8rsted<\/a><\/h2><p class=\"fusion-single-line-meta\"><span class=\"vcard\" style=\"display: none;\"><span class=\"fn\"><a href=\"https:\/\/balticwind.eu\/pl\/author\/maja-moshotmail-com\/\" title=\"Wpisy od Maja Moskal\" rel=\"author\">Maja Moskal<\/a><\/span><\/span><span class=\"updated\" style=\"display:none;\">2026-04-23T11:45:49+02:00<\/span><a href=\"https:\/\/balticwind.eu\/pl\/category\/energia-wiatrowa-offshore\/\" rel=\"category tag\">OFFSHORE<\/a>, <a href=\"https:\/\/balticwind.eu\/pl\/category\/energia-wiatrowa-onshore\/\" rel=\"category tag\">ONSHORE<\/a>, <a href=\"https:\/\/balticwind.eu\/pl\/category\/opinie\/\" rel=\"category tag\">OPINIE<\/a>, <a href=\"https:\/\/balticwind.eu\/pl\/category\/polska\/\" rel=\"category tag\">POLSKA<\/a>, <a href=\"https:\/\/balticwind.eu\/pl\/category\/projekty\/\" rel=\"category tag\">PROJEKTY<\/a>, <a href=\"https:\/\/balticwind.eu\/pl\/category\/regulatory-pl\/\" rel=\"category tag\">REGULACJE<\/a><span class=\"fusion-inline-sep\">|<\/span><\/p><\/div><div class=\"fusion-clearfix\"><\/div><\/article>\n<article id=\"blog-10-post-45997\" class=\"fusion-post-medium-alternate post-45997 post type-post status-publish format-standard has-post-thumbnail hentry category-energia-wiatrowa-offshore category-energia-wiatrowa-onshore category-opinie category-polska category-projekty category-regulatory-pl\">\n<div class=\"fusion-date-and-formats\"><div class=\"fusion-date-box updated\"><span class=\"fusion-date\">24<\/span><span class=\"fusion-month-year\">04, 2026<\/span><\/div><div class=\"fusion-format-box\"><i class=\"fusion-icon-pen\" aria-hidden=\"true\"><\/i><\/div><\/div>\t<style type=\"text\/css\">\n\t\t\n\t\t\n\t\t\n\t\t\n\t\t\t<\/style>\n\n\n\t\t\t<div class=\"fusion-flexslider flexslider fusion-flexslider-loading fusion-post-slideshow\" style=\"\">\n\t\t<ul class=\"slides\">\n\t\t\t\n\t\t\t\t\t\t\t\t\t\t\t\t\t\t<li>\n\n<div  class=\"fusion-image-wrapper fusion-image-size-fixed\" aria-haspopup=\"true\">\n\t\n\t\n\t\t\t\n\t\t\t\t<a href=\"https:\/\/balticwind.eu\/pl\/tak-trudno-jak-jest-teraz-jeszcze-nie-bylo-eksperci-o-barierach-dla-ladowej-energetyki-wiatrowej-podczas-panelu-dyskusyjnego-na-europejskim-kongresie-gospodarczym-w-katowicach\/\" aria-label=\"\u201cTak trudno, jak jest teraz, jeszcze nie by\u0142o\u201d &#8211; eksperci o barierach dla l\u0105dowej energetyki wiatrowej podczas panelu dyskusyjnego na Europejskim Kongresie Gospodarczym w Katowicach\">\n\t\t\n\t\t\n\t\t\t\t\t<img width=\"320\" height=\"202\" src=\"https:\/\/balticwind.eu\/wp-content\/uploads\/2024\/12\/wind-energy-7394705_1280-320x202.jpg\" class=\"attachment-blog-medium size-blog-medium wp-post-image\" alt=\"Source: Pixabay\" decoding=\"async\" loading=\"lazy\" srcset=\"https:\/\/balticwind.eu\/wp-content\/uploads\/2024\/12\/wind-energy-7394705_1280-320x202.jpg 320w, https:\/\/balticwind.eu\/wp-content\/uploads\/2024\/12\/wind-energy-7394705_1280-700x441.jpg 700w\" sizes=\"(max-width: 320px) 100vw, 320px\" \/>\n\t\n\n\n\t\t\t\t<\/a>\n\t\t\n\t\n<\/div>\n<\/li>\n\t\t\t\n\t\t\t\n\t\t\t\t\t\t\t\t\t\t\t\t\t\t\t\t\t\t\t\t\t\t\t\t\t\t\t\t\t\t\t\t\t\t\t\t\t\t\t\t\t\t\t\t\t\t\t\t\t\t\t\t\t\t\t\t\t\t\t\t\t\t\t\t\t\t\t\t<\/ul>\n\t<\/div>\n\t<div class=\"fusion-post-content post-content\"><h2 class=\"blog-shortcode-post-title entry-title\"><a href=\"https:\/\/balticwind.eu\/pl\/tak-trudno-jak-jest-teraz-jeszcze-nie-bylo-eksperci-o-barierach-dla-ladowej-energetyki-wiatrowej-podczas-panelu-dyskusyjnego-na-europejskim-kongresie-gospodarczym-w-katowicach\/\">\u201cTak trudno, jak jest teraz, jeszcze nie by\u0142o\u201d &#8211; eksperci o barierach dla l\u0105dowej energetyki wiatrowej podczas panelu dyskusyjnego na Europejskim Kongresie Gospodarczym w Katowicach<\/a><\/h2><p class=\"fusion-single-line-meta\"><span class=\"vcard\" style=\"display: none;\"><span class=\"fn\"><a href=\"https:\/\/balticwind.eu\/pl\/author\/maja-moshotmail-com\/\" title=\"Wpisy od Maja Moskal\" rel=\"author\">Maja Moskal<\/a><\/span><\/span><span class=\"updated\" style=\"display:none;\">2026-04-23T11:55:41+02:00<\/span><a href=\"https:\/\/balticwind.eu\/pl\/category\/energia-wiatrowa-offshore\/\" rel=\"category tag\">OFFSHORE<\/a>, <a href=\"https:\/\/balticwind.eu\/pl\/category\/energia-wiatrowa-onshore\/\" rel=\"category tag\">ONSHORE<\/a>, <a href=\"https:\/\/balticwind.eu\/pl\/category\/opinie\/\" rel=\"category tag\">OPINIE<\/a>, <a href=\"https:\/\/balticwind.eu\/pl\/category\/polska\/\" rel=\"category tag\">POLSKA<\/a>, <a href=\"https:\/\/balticwind.eu\/pl\/category\/projekty\/\" rel=\"category tag\">PROJEKTY<\/a>, <a href=\"https:\/\/balticwind.eu\/pl\/category\/regulatory-pl\/\" rel=\"category tag\">REGULACJE<\/a><span class=\"fusion-inline-sep\">|<\/span><\/p><\/div><div class=\"fusion-clearfix\"><\/div><\/article>\n<\/div><\/div><\/div><style type=\"text\/css\">.fusion-body .fusion-builder-nested-column-13{width:50% !important;margin-top : 0px;margin-bottom : 20px;}.fusion-builder-nested-column-13 > .fusion-column-wrapper {padding-top : 0px !important;padding-right : 0px !important;margin-right : 3.84%;padding-bottom : 0px !important;padding-left : 0px !important;margin-left : 3.84%;}@media only screen and (max-width:1024px) {.fusion-body .fusion-builder-nested-column-13{width:100% !important;order : 0;}.fusion-builder-nested-column-13 > .fusion-column-wrapper {margin-right : 1.92%;margin-left : 1.92%;}}@media only screen and (max-width:640px) {.fusion-body .fusion-builder-nested-column-13{width:100% !important;order : 0;}.fusion-builder-nested-column-13 > .fusion-column-wrapper {margin-right : 1.92%;margin-left : 1.92%;}}<\/style><\/div><\/div><\/div><style type=\"text\/css\">.fusion-body .fusion-builder-column-20{width:100% !important;margin-top : 0px;margin-bottom : 20px;}.fusion-builder-column-20 > .fusion-column-wrapper {padding-top : 0px !important;padding-right : 0px !important;margin-right : 1.92%;padding-bottom : 0px !important;padding-left : 0px !important;margin-left : 1.92%;}@media only screen and (max-width:1024px) {.fusion-body .fusion-builder-column-20{width:100% !important;order : 0;}.fusion-builder-column-20 > .fusion-column-wrapper {margin-right : 1.92%;margin-left : 1.92%;}}@media only screen and (max-width:640px) {.fusion-body .fusion-builder-column-20{width:100% !important;order : 0;}.fusion-builder-column-20 > .fusion-column-wrapper {margin-right : 1.92%;margin-left : 1.92%;}}<\/style><\/div><\/div><style type=\"text\/css\">.fusion-body .fusion-flex-container.fusion-builder-row-12{ padding-top : 20px;margin-top : 0px;padding-right : 0px;padding-bottom : 0px;margin-bottom : 0px;padding-left : 0px;}<\/style><\/div><div class=\"fusion-fullwidth fullwidth-box fusion-builder-row-13 fusion-flex-container nonhundred-percent-fullwidth non-hundred-percent-height-scrolling\" style=\"background-color: #d1ebfb;background-position: left top;background-repeat: no-repeat;border-width: 0px 0px 0px 0px;border-color:#eaeaea;border-style:solid;\" ><div class=\"fusion-builder-row fusion-row fusion-flex-align-items-flex-start\" style=\"max-width:1289.6px;margin-left: calc(-4% \/ 2 );margin-right: calc(-4% \/ 2 );\"><div class=\"fusion-layout-column fusion_builder_column fusion-builder-column-21 fusion_builder_column_1_6 1_6 fusion-flex-column\"><div class=\"fusion-column-wrapper fusion-flex-justify-content-flex-start fusion-content-layout-column\" style=\"background-position:left top;background-repeat:no-repeat;-webkit-background-size:cover;-moz-background-size:cover;-o-background-size:cover;background-size:cover;padding: 0px 0px 0px 0px;\"><\/div><style type=\"text\/css\">.fusion-body .fusion-builder-column-21{width:16.666666666667% !important;margin-top : 0px;margin-bottom : 20px;}.fusion-builder-column-21 > .fusion-column-wrapper {padding-top : 0px !important;padding-right : 0px !important;margin-right : 11.52%;padding-bottom : 0px !important;padding-left : 0px !important;margin-left : 11.52%;}@media only screen and (max-width:1024px) {.fusion-body .fusion-builder-column-21{width:100% !important;order : 0;}.fusion-builder-column-21 > .fusion-column-wrapper {margin-right : 1.92%;margin-left : 1.92%;}}@media only screen and (max-width:640px) {.fusion-body .fusion-builder-column-21{width:100% !important;order : 0;}.fusion-builder-column-21 > .fusion-column-wrapper {margin-right : 1.92%;margin-left : 1.92%;}}<\/style><\/div><div class=\"fusion-layout-column fusion_builder_column fusion-builder-column-22 fusion_builder_column_2_3 2_3 fusion-flex-column\"><div class=\"fusion-column-wrapper fusion-flex-justify-content-flex-start fusion-content-layout-column\" style=\"background-position:left top;background-repeat:no-repeat;-webkit-background-size:cover;-moz-background-size:cover;-o-background-size:cover;background-size:cover;padding: 0px 0px 0px 0px;\"><style type=\"text\/css\">@media only screen and (max-width:1024px) {.fusion-title.fusion-title-11{margin-top:20px!important; margin-right:0px!important;margin-bottom:20px!important;margin-left:0px!important;}}@media only screen and (max-width:640px) {.fusion-title.fusion-title-11{margin-top:0px!important; margin-right:0px!important;margin-bottom:20px!important; margin-left:0px!important;}}<\/style><div class=\"fusion-title title fusion-title-11 fusion-title-center fusion-title-text fusion-title-size-three\" style=\"font-size:30px;margin-top:20px;margin-right:0px;margin-bottom:20px;margin-left:0px;\"><div class=\"title-sep-container title-sep-container-left\"><div class=\"title-sep sep-\" style=\"border-color:#eaeaea;\"><\/div><\/div><h3 class=\"title-heading-center fusion-responsive-typography-calculated\" style=\"font-family:&quot;Fira Sans&quot;;font-weight:400;margin:0;font-size:1em;--fontSize:30;line-height:1.33;\">Subscribe to our newsletter<\/h3><div class=\"title-sep-container title-sep-container-right\"><div class=\"title-sep sep-\" style=\"border-color:#eaeaea;\"><\/div><\/div><\/div><div class=\"fusion-text fusion-text-1\"><script>(function() {\n\twindow.mc4wp = window.mc4wp || {\n\t\tlisteners: [],\n\t\tforms: {\n\t\t\ton: function(evt, cb) {\n\t\t\t\twindow.mc4wp.listeners.push(\n\t\t\t\t\t{\n\t\t\t\t\t\tevent   : evt,\n\t\t\t\t\t\tcallback: cb\n\t\t\t\t\t}\n\t\t\t\t);\n\t\t\t}\n\t\t}\n\t}\n})();\n<\/script><!-- Mailchimp for WordPress v4.9.11 - https:\/\/wordpress.org\/plugins\/mailchimp-for-wp\/ --><form id=\"mc4wp-form-1\" class=\"mc4wp-form mc4wp-form-3291\" method=\"post\" data-id=\"3291\" data-name=\"Newsletter\" ><div class=\"mc4wp-form-fields\"><div style=\"display: flex; justify-content: center; flex-direction: row; flex-wrap: wrap; min-height: 55px;\">\r\n<div class=\"flex-item-left\" style=\" display: flex;\r\n      align-items: center;\r\n      justify-content: center;\r\n      text-align: center;\r\n      flex: 1;\r\n      flex-direction: column; min-height: 55px;\">\r\n<p style=\"padding-right: 10px; width: 100%;\">\r\n\t<label> \r\n\t\t<input type=\"email\" name=\"EMAIL\" placeholder=\"Your email address\" required \/>\r\n<\/label>\r\n<\/p>\r\n  <\/div>\r\n<div class=\"flex-item-right\" style=\" display: flex;\r\n      align-items: center;\r\n      justify-content: center;\r\n      text-align: center;\r\n      flex: 1;\r\n      flex-direction: column;\">\r\n<p style=\"color: #000000; width: 100%;\">\r\n  <label>\r\n\t<input type=\"submit\" value=\"Sign up\" \/>\r\n    <\/label>\r\n<\/p>\r\n  <\/div>\r\n<\/div>\r\n<\/div><label style=\"display: none !important;\">Leave this field empty if you're human: <input type=\"text\" name=\"_mc4wp_honeypot\" value=\"\" tabindex=\"-1\" autocomplete=\"off\" \/><\/label><input type=\"hidden\" name=\"_mc4wp_timestamp\" value=\"1777293565\" \/><input type=\"hidden\" name=\"_mc4wp_form_id\" value=\"3291\" \/><input type=\"hidden\" name=\"_mc4wp_form_element_id\" value=\"mc4wp-form-1\" \/><div class=\"mc4wp-response\"><\/div><\/form><!-- \/ Mailchimp for WordPress Plugin -->\n<\/div><\/div><style type=\"text\/css\">.fusion-body .fusion-builder-column-22{width:66.666666666667% !important;margin-top : 0px;margin-bottom : 20px;}.fusion-builder-column-22 > .fusion-column-wrapper {padding-top : 0px !important;padding-right : 0px !important;margin-right : 2.88%;padding-bottom : 0px !important;padding-left : 0px !important;margin-left : 2.88%;}@media only screen and (max-width:1024px) {.fusion-body .fusion-builder-column-22{width:100% !important;order : 0;margin-bottom : 0px;}.fusion-builder-column-22 > .fusion-column-wrapper {margin-right : 1.92%;margin-left : 1.92%;}}@media only screen and (max-width:640px) {.fusion-body .fusion-builder-column-22{width:100% !important;order : 0;margin-bottom : 0px;}.fusion-builder-column-22 > .fusion-column-wrapper {margin-right : 1.92%;margin-left : 1.92%;}}<\/style><\/div><div class=\"fusion-layout-column fusion_builder_column fusion-builder-column-23 fusion_builder_column_1_6 1_6 fusion-flex-column\"><div class=\"fusion-column-wrapper fusion-flex-justify-content-flex-start fusion-content-layout-column\" style=\"background-position:left top;background-repeat:no-repeat;-webkit-background-size:cover;-moz-background-size:cover;-o-background-size:cover;background-size:cover;padding: 0px 0px 0px 0px;\"><\/div><style type=\"text\/css\">.fusion-body .fusion-builder-column-23{width:16.666666666667% !important;margin-top : 0px;margin-bottom : 20px;}.fusion-builder-column-23 > .fusion-column-wrapper {padding-top : 0px !important;padding-right : 0px !important;margin-right : 11.52%;padding-bottom : 0px !important;padding-left : 0px !important;margin-left : 3.84%;}@media only screen and (max-width:1024px) {.fusion-body .fusion-builder-column-23{width:100% !important;order : 0;}.fusion-builder-column-23 > .fusion-column-wrapper {margin-right : 1.92%;margin-left : 1.92%;}}@media only screen and (max-width:640px) {.fusion-body .fusion-builder-column-23{width:100% !important;order : 0;}.fusion-builder-column-23 > .fusion-column-wrapper {margin-right : 1.92%;margin-left : 1.92%;}}<\/style><\/div><\/div><style type=\"text\/css\">.fusion-body .fusion-flex-container.fusion-builder-row-13{ padding-top : 70px;margin-top : 0px;padding-right : 0px;padding-bottom : 55px;margin-bottom : 0px;padding-left : 0px;}<\/style><\/div>\n<div class=\"fusion-fullwidth fullwidth-box fusion-builder-row-14 fusion-flex-container nonhundred-percent-fullwidth non-hundred-percent-height-scrolling fusion-no-small-visibility fusion-no-medium-visibility\" style=\"background-color: #ffffff;background-position: center center;background-repeat: no-repeat;border-width: 0px 0px 0px 0px;border-color:#eaeaea;border-style:solid;\" ><div class=\"fusion-builder-row fusion-row fusion-flex-align-items-center fusion-flex-justify-content-center\" style=\"max-width:1289.6px;margin-left: calc(-4% \/ 2 );margin-right: calc(-4% \/ 2 );\"><div class=\"fusion-layout-column fusion_builder_column fusion-builder-column-24 fusion_builder_column_2_3 2_3 fusion-flex-column\"><div class=\"fusion-column-wrapper fusion-flex-justify-content-flex-start fusion-content-layout-column\" style=\"background-position:left top;background-repeat:no-repeat;-webkit-background-size:cover;-moz-background-size:cover;-o-background-size:cover;background-size:cover;padding: 0px 0px 0px 0px;\"><div class=\"fusion-separator fusion-full-width-sep\" style=\"align-self: center;margin-left: auto;margin-right: auto;margin-bottom:10px;width:100%;max-width:100%;\"><div class=\"fusion-separator-border sep-single sep-solid\" style=\"border-color:#1f2a3b;border-top-width:12px;\"><\/div><\/div><style type=\"text\/css\">@media only screen and (max-width:1024px) {.fusion-title.fusion-title-12{margin-top:-15px!important; margin-right:0px!important;margin-bottom:20px!important;margin-left:0px!important;}}@media only screen and (max-width:640px) {.fusion-title.fusion-title-12{margin-top:0px!important; margin-right:0px!important;margin-bottom:20px!important; margin-left:0px!important;}}<\/style><div class=\"fusion-title title fusion-title-12 fusion-title-text fusion-title-size-five\" style=\"margin-top:-15px;margin-right:0px;margin-bottom:20px;margin-left:0px;\"><div class=\"title-sep-container title-sep-container-left fusion-no-large-visibility fusion-no-medium-visibility fusion-no-small-visibility\"><div class=\"title-sep sep-\" style=\"border-color:#eaeaea;\"><\/div><\/div><h5 class=\"title-heading-left fusion-responsive-typography-calculated\" style=\"margin:0;--fontSize:17;line-height:1.76;\"><h5 style=\"text-align: left;\">FEATURED<\/h5><\/h5><div class=\"title-sep-container title-sep-container-right\"><div class=\"title-sep sep-\" style=\"border-color:#eaeaea;\"><\/div><\/div><\/div><div class=\"fusion-blog-shortcode fusion-blog-shortcode-11 fusion-blog-archive fusion-blog-layout-large-alternate fusion-blog-no klasa\"><div class=\"fusion-posts-container fusion-posts-container-no\" data-pages=\"494\"><article id=\"blog-11-post-46020\" class=\"fusion-post-large-alternate post-46020 post type-post status-publish format-standard has-post-thumbnail hentry category-energia-wiatrowa-offshore category-energia-wiatrowa-onshore category-opinie category-projekty category-regulatory-pl\">\n\t<style type=\"text\/css\">\n\t\t\n\t\t\n\t\t\n\t\t\n\t\t\t<\/style>\n\n\n\t\t\t<div class=\"fusion-flexslider flexslider fusion-flexslider-loading fusion-post-slideshow\" style=\"\">\n\t\t<ul class=\"slides\">\n\t\t\t\n\t\t\t\t\t\t\t\t\t\t\t\t\t\t<li>\n\n<div  class=\"fusion-image-wrapper\" aria-haspopup=\"true\">\n\t\n\t\n\t\t\t\n\t\t\t\t<a href=\"https:\/\/balticwind.eu\/pl\/ochrona-europejskich-farm-wiatrowych-nie-ma-bezpieczenstwa-energetycznego-bez-fizycznego-zabezpieczenia-infrastruktury-energetycznej\/\" aria-label=\"Ochrona europejskich farm wiatrowych: nie ma bezpiecze\u0144stwa energetycznego bez fizycznego zabezpieczenia infrastruktury energetycznej\">\n\t\t\n\t\t\n\t\t\t\t\t<img width=\"1200\" height=\"675\" src=\"https:\/\/balticwind.eu\/wp-content\/uploads\/2026\/04\/offshore-windfarm.jpg\" class=\"attachment-full size-full wp-post-image\" alt=\"\" decoding=\"async\" loading=\"lazy\" srcset=\"https:\/\/balticwind.eu\/wp-content\/uploads\/2026\/04\/offshore-windfarm-200x113.jpg 200w, https:\/\/balticwind.eu\/wp-content\/uploads\/2026\/04\/offshore-windfarm-400x225.jpg 400w, https:\/\/balticwind.eu\/wp-content\/uploads\/2026\/04\/offshore-windfarm-600x338.jpg 600w, https:\/\/balticwind.eu\/wp-content\/uploads\/2026\/04\/offshore-windfarm-800x450.jpg 800w, https:\/\/balticwind.eu\/wp-content\/uploads\/2026\/04\/offshore-windfarm.jpg 1200w\" sizes=\"(max-width: 1024px) 100vw, (max-width: 640px) 100vw, 800px\" \/>\n\t\n\n\n\t\t\t\t<\/a>\n\t\t\n\t\n<\/div>\n<\/li>\n\t\t\t\n\t\t\t\n\t\t\t\t\t\t\t\t\t\t\t\t\t\t\t\t\t\t\t\t\t\t\t\t\t\t\t\t\t\t\t\t\t\t\t\t\t\t\t\t\t\t\t\t\t\t\t\t\t\t\t\t\t\t\t\t\t\t\t\t\t\t\t\t\t\t\t\t<\/ul>\n\t<\/div>\n\t<div class=\"fusion-date-and-formats\"><div class=\"fusion-date-box updated\"><span class=\"fusion-date\">27<\/span><span class=\"fusion-month-year\">04, 2026<\/span><\/div><div class=\"fusion-format-box\"><i class=\"fusion-icon-pen\" aria-hidden=\"true\"><\/i><\/div><\/div><div class=\"fusion-post-content post-content\"><h2 class=\"blog-shortcode-post-title entry-title\"><a href=\"https:\/\/balticwind.eu\/pl\/ochrona-europejskich-farm-wiatrowych-nie-ma-bezpieczenstwa-energetycznego-bez-fizycznego-zabezpieczenia-infrastruktury-energetycznej\/\">Ochrona europejskich farm wiatrowych: nie ma bezpiecze\u0144stwa energetycznego bez fizycznego zabezpieczenia infrastruktury energetycznej<\/a><\/h2><p class=\"fusion-single-line-meta\"><span class=\"vcard\" style=\"display: none;\"><span class=\"fn\"><a href=\"https:\/\/balticwind.eu\/pl\/author\/maja-moshotmail-com\/\" title=\"Wpisy od Maja Moskal\" rel=\"author\">Maja Moskal<\/a><\/span><\/span><span class=\"updated\" style=\"display:none;\">2026-04-24T16:04:56+02:00<\/span><a href=\"https:\/\/balticwind.eu\/pl\/category\/energia-wiatrowa-offshore\/\" rel=\"category tag\">OFFSHORE<\/a>, <a href=\"https:\/\/balticwind.eu\/pl\/category\/energia-wiatrowa-onshore\/\" rel=\"category tag\">ONSHORE<\/a>, <a href=\"https:\/\/balticwind.eu\/pl\/category\/opinie\/\" rel=\"category tag\">OPINIE<\/a>, <a href=\"https:\/\/balticwind.eu\/pl\/category\/projekty\/\" rel=\"category tag\">PROJEKTY<\/a>, <a href=\"https:\/\/balticwind.eu\/pl\/category\/regulatory-pl\/\" rel=\"category tag\">REGULACJE<\/a><span class=\"fusion-inline-sep\">|<\/span><\/p><\/div><div class=\"fusion-clearfix\"><\/div><\/article>\n<\/div><\/div><\/div><style type=\"text\/css\">.fusion-body .fusion-builder-column-24{width:66.666666666667% !important;margin-top : 0px;margin-bottom : 0px;}.fusion-builder-column-24 > .fusion-column-wrapper {padding-top : 0px !important;padding-right : 0px !important;margin-right : 2.88%;padding-bottom : 0px !important;padding-left : 0px !important;margin-left : 2.88%;}@media only screen and (max-width:1024px) {.fusion-body .fusion-builder-column-24{width:100% !important;order : 0;}.fusion-builder-column-24 > .fusion-column-wrapper {margin-right : 1.92%;margin-left : 1.92%;}}@media only screen and (max-width:640px) {.fusion-body .fusion-builder-column-24{width:100% !important;order : 0;}.fusion-builder-column-24 > .fusion-column-wrapper {margin-right : 1.92%;margin-left : 1.92%;}}<\/style><\/div><\/div><style type=\"text\/css\">.fusion-body .fusion-flex-container.fusion-builder-row-14{ padding-top : 15px;margin-top : 0px;padding-right : 0px;padding-bottom : 0px;margin-bottom : 0px;padding-left : 0px;}<\/style><\/div><div id=\"biznes\"><div class=\"fusion-fullwidth fullwidth-box fusion-builder-row-15 fusion-flex-container nonhundred-percent-fullwidth non-hundred-percent-height-scrolling\" style=\"background-color: rgba(255,255,255,0);background-position: center center;background-repeat: no-repeat;border-width: 0px 0px 0px 0px;border-color:#eaeaea;border-style:solid;\" ><div class=\"fusion-builder-row fusion-row fusion-flex-align-items-flex-start\" style=\"max-width:1289.6px;margin-left: calc(-4% \/ 2 );margin-right: calc(-4% \/ 2 );\"><div class=\"fusion-layout-column fusion_builder_column fusion-builder-column-25 fusion_builder_column_1_2 1_2 fusion-flex-column\"><div class=\"fusion-column-wrapper fusion-flex-justify-content-flex-start fusion-content-layout-column\" style=\"background-position:left top;background-repeat:no-repeat;-webkit-background-size:cover;-moz-background-size:cover;-o-background-size:cover;background-size:cover;padding: 0px 0px 0px 0px;\"><div class=\"fusion-separator fusion-full-width-sep\" style=\"align-self: center;margin-left: auto;margin-right: auto;margin-bottom:10px;width:100%;max-width:100%;\"><div class=\"fusion-separator-border sep-single sep-solid\" style=\"border-color:#1f2a3b;border-top-width:12px;\"><\/div><\/div><style type=\"text\/css\">@media only screen and (max-width:1024px) {.fusion-title.fusion-title-13{margin-top:-15px!important; margin-right:0px!important;margin-bottom:20px!important;margin-left:0px!important;}}@media only screen and (max-width:640px) {.fusion-title.fusion-title-13{margin-top:0px!important; margin-right:0px!important;margin-bottom:20px!important; margin-left:0px!important;}}<\/style><div class=\"fusion-title title fusion-title-13 fusion-title-text fusion-title-size-five\" style=\"margin-top:-15px;margin-right:0px;margin-bottom:20px;margin-left:0px;\"><div class=\"title-sep-container title-sep-container-left fusion-no-large-visibility fusion-no-medium-visibility fusion-no-small-visibility\"><div class=\"title-sep sep-\" style=\"border-color:#eaeaea;\"><\/div><\/div><h5 class=\"title-heading-left fusion-responsive-typography-calculated\" style=\"margin:0;--fontSize:17;line-height:1.76;\"><h5 style=\"text-align: left;\">DANIA<\/h5><\/h5><div class=\"title-sep-container title-sep-container-right\"><div class=\"title-sep sep-\" style=\"border-color:#eaeaea;\"><\/div><\/div><\/div><div class=\"fusion-blog-shortcode fusion-blog-shortcode-12 fusion-blog-archive fusion-blog-layout-medium-alternate fusion-blog-no\"><div class=\"fusion-posts-container fusion-posts-container-no\" data-pages=\"95\"><article id=\"blog-12-post-46026\" class=\"fusion-post-medium-alternate post-46026 post type-post status-publish format-standard has-post-thumbnail hentry category-dania category-niemcy category-energia-wiatrowa-offshore category-energia-wiatrowa-onshore category-opinie category-projekty category-regulatory-pl\">\n<div class=\"fusion-date-and-formats\"><div class=\"fusion-date-box updated\"><span class=\"fusion-date\">27<\/span><span class=\"fusion-month-year\">04, 2026<\/span><\/div><div class=\"fusion-format-box\"><i class=\"fusion-icon-pen\" aria-hidden=\"true\"><\/i><\/div><\/div>\t<style type=\"text\/css\">\n\t\t\n\t\t\n\t\t\n\t\t\n\t\t\t<\/style>\n\n\n\t\t\t<div class=\"fusion-flexslider flexslider fusion-flexslider-loading fusion-post-slideshow\" style=\"\">\n\t\t<ul class=\"slides\">\n\t\t\t\n\t\t\t\t\t\t\t\t\t\t\t\t\t\t<li>\n\n<div  class=\"fusion-image-wrapper fusion-image-size-fixed\" aria-haspopup=\"true\">\n\t\n\t\n\t\t\t\n\t\t\t\t<a href=\"https:\/\/balticwind.eu\/pl\/pieciu-europejskich-operatorow-systemow-przesylowych-rozwaza-wspolprace-w-zakresie-infrastruktury-kabli-morskich-na-morzu-polnocnym\/\" aria-label=\"Pi\u0119ciu europejskich operator\u00f3w system\u00f3w przesy\u0142owych rozwa\u017ca wsp\u00f3\u0142prac\u0119 w zakresie infrastruktury kabli morskich na Morzu P\u00f3\u0142nocnym\">\n\t\t\n\t\t\n\t\t\t\t\t<img width=\"320\" height=\"202\" src=\"https:\/\/balticwind.eu\/wp-content\/uploads\/2024\/07\/sterling-lanier-g_g6JLB9GjM-unsplash-320x202.jpg\" class=\"attachment-blog-medium size-blog-medium wp-post-image\" alt=\"\" decoding=\"async\" loading=\"lazy\" srcset=\"https:\/\/balticwind.eu\/wp-content\/uploads\/2024\/07\/sterling-lanier-g_g6JLB9GjM-unsplash-320x202.jpg 320w, https:\/\/balticwind.eu\/wp-content\/uploads\/2024\/07\/sterling-lanier-g_g6JLB9GjM-unsplash-700x441.jpg 700w\" sizes=\"(max-width: 320px) 100vw, 320px\" \/>\n\t\n\n\n\t\t\t\t<\/a>\n\t\t\n\t\n<\/div>\n<\/li>\n\t\t\t\n\t\t\t\n\t\t\t\t\t\t\t\t\t\t\t\t\t\t\t\t\t\t\t\t\t\t\t\t\t\t\t\t\t\t\t\t\t\t\t\t\t\t\t\t\t\t\t\t\t\t\t\t\t\t\t\t\t\t\t\t\t\t\t\t\t\t\t\t\t\t\t\t<\/ul>\n\t<\/div>\n\t<div class=\"fusion-post-content post-content\"><h2 class=\"blog-shortcode-post-title entry-title\"><a href=\"https:\/\/balticwind.eu\/pl\/pieciu-europejskich-operatorow-systemow-przesylowych-rozwaza-wspolprace-w-zakresie-infrastruktury-kabli-morskich-na-morzu-polnocnym\/\">Pi\u0119ciu europejskich operator\u00f3w system\u00f3w przesy\u0142owych rozwa\u017ca wsp\u00f3\u0142prac\u0119 w zakresie infrastruktury kabli morskich na Morzu P\u00f3\u0142nocnym<\/a><\/h2><p class=\"fusion-single-line-meta\"><span class=\"vcard\" style=\"display: none;\"><span class=\"fn\"><a href=\"https:\/\/balticwind.eu\/pl\/author\/maja-moshotmail-com\/\" title=\"Wpisy od Maja Moskal\" rel=\"author\">Maja Moskal<\/a><\/span><\/span><span class=\"updated\" style=\"display:none;\">2026-04-24T17:53:37+02:00<\/span><a href=\"https:\/\/balticwind.eu\/pl\/category\/dania\/\" rel=\"category tag\">DANIA<\/a>, <a href=\"https:\/\/balticwind.eu\/pl\/category\/niemcy\/\" rel=\"category tag\">NIEMCY<\/a>, <a href=\"https:\/\/balticwind.eu\/pl\/category\/energia-wiatrowa-offshore\/\" rel=\"category tag\">OFFSHORE<\/a>, <a href=\"https:\/\/balticwind.eu\/pl\/category\/energia-wiatrowa-onshore\/\" rel=\"category tag\">ONSHORE<\/a>, <a href=\"https:\/\/balticwind.eu\/pl\/category\/opinie\/\" rel=\"category tag\">OPINIE<\/a>, <a href=\"https:\/\/balticwind.eu\/pl\/category\/projekty\/\" rel=\"category tag\">PROJEKTY<\/a>, <a href=\"https:\/\/balticwind.eu\/pl\/category\/regulatory-pl\/\" rel=\"category tag\">REGULACJE<\/a><span class=\"fusion-inline-sep\">|<\/span><\/p><\/div><div class=\"fusion-clearfix\"><\/div><\/article>\n<article id=\"blog-12-post-46024\" class=\"fusion-post-medium-alternate post-46024 post type-post status-publish format-standard has-post-thumbnail hentry category-dania category-estonia-pl category-finlandia category-litwa category-lotwa category-niemcy category-energia-wiatrowa-offshore category-polska category-regulatory-pl category-szwecja\">\n<div class=\"fusion-date-and-formats\"><div class=\"fusion-date-box updated\"><span class=\"fusion-date\">24<\/span><span class=\"fusion-month-year\">04, 2026<\/span><\/div><div class=\"fusion-format-box\"><i class=\"fusion-icon-pen\" aria-hidden=\"true\"><\/i><\/div><\/div>\t<style type=\"text\/css\">\n\t\t\n\t\t\n\t\t\n\t\t\n\t\t\t<\/style>\n\n\n\t\t\t<div class=\"fusion-flexslider flexslider fusion-flexslider-loading fusion-post-slideshow\" style=\"\">\n\t\t<ul class=\"slides\">\n\t\t\t\n\t\t\t\t\t\t\t\t\t\t\t\t\t\t<li>\n\n<div  class=\"fusion-image-wrapper fusion-image-size-fixed\" aria-haspopup=\"true\">\n\t\n\t\n\t\t\t\n\t\t\t\t<a href=\"https:\/\/balticwind.eu\/pl\/europa-potrzebuje-energii-wytwarzanej-na-wlasnym-terenie-na-duza-skale-a-morska-energetyka-wiatrowa-przygotowuje-sie-do-jej-dostarczenia\/\" aria-label=\"Europa potrzebuje energii wytwarzanej na w\u0142asnym terenie na du\u017c\u0105 skal\u0119, a morska energetyka wiatrowa przygotowuje si\u0119 do jej dostarczenia\">\n\t\t\n\t\t\n\t\t\t\t\t<img width=\"320\" height=\"202\" src=\"https:\/\/balticwind.eu\/wp-content\/uploads\/2026\/04\/germany-offshore-wind-dawn-dusk-purple-pink-sky-1200x675-1-320x202.jpg\" class=\"attachment-blog-medium size-blog-medium wp-post-image\" alt=\"\" decoding=\"async\" loading=\"lazy\" srcset=\"https:\/\/balticwind.eu\/wp-content\/uploads\/2026\/04\/germany-offshore-wind-dawn-dusk-purple-pink-sky-1200x675-1-320x202.jpg 320w, https:\/\/balticwind.eu\/wp-content\/uploads\/2026\/04\/germany-offshore-wind-dawn-dusk-purple-pink-sky-1200x675-1-700x441.jpg 700w\" sizes=\"(max-width: 320px) 100vw, 320px\" \/>\n\t\n\n\n\t\t\t\t<\/a>\n\t\t\n\t\n<\/div>\n<\/li>\n\t\t\t\n\t\t\t\n\t\t\t\t\t\t\t\t\t\t\t\t\t\t\t\t\t\t\t\t\t\t\t\t\t\t\t\t\t\t\t\t\t\t\t\t\t\t\t\t\t\t\t\t\t\t\t\t\t\t\t\t\t\t\t\t\t\t\t\t\t\t\t\t\t\t\t\t<\/ul>\n\t<\/div>\n\t<div class=\"fusion-post-content post-content\"><h2 class=\"blog-shortcode-post-title entry-title\"><a href=\"https:\/\/balticwind.eu\/pl\/europa-potrzebuje-energii-wytwarzanej-na-wlasnym-terenie-na-duza-skale-a-morska-energetyka-wiatrowa-przygotowuje-sie-do-jej-dostarczenia\/\">Europa potrzebuje energii wytwarzanej na w\u0142asnym terenie na du\u017c\u0105 skal\u0119, a morska energetyka wiatrowa przygotowuje si\u0119 do jej dostarczenia<\/a><\/h2><p class=\"fusion-single-line-meta\"><span class=\"vcard\" style=\"display: none;\"><span class=\"fn\"><a href=\"https:\/\/balticwind.eu\/pl\/author\/maja-moshotmail-com\/\" title=\"Wpisy od Maja Moskal\" rel=\"author\">Maja Moskal<\/a><\/span><\/span><span class=\"updated\" style=\"display:none;\">2026-04-24T16:08:04+02:00<\/span><a href=\"https:\/\/balticwind.eu\/pl\/category\/dania\/\" rel=\"category tag\">DANIA<\/a>, <a href=\"https:\/\/balticwind.eu\/pl\/category\/estonia-pl\/\" rel=\"category tag\">ESTONIA<\/a>, <a href=\"https:\/\/balticwind.eu\/pl\/category\/finlandia\/\" rel=\"category tag\">FINLANDIA<\/a>, <a href=\"https:\/\/balticwind.eu\/pl\/category\/litwa\/\" rel=\"category tag\">LITWA<\/a>, <a href=\"https:\/\/balticwind.eu\/pl\/category\/lotwa\/\" rel=\"category tag\">\u0141OTWA<\/a>, <a href=\"https:\/\/balticwind.eu\/pl\/category\/niemcy\/\" rel=\"category tag\">NIEMCY<\/a>, <a href=\"https:\/\/balticwind.eu\/pl\/category\/energia-wiatrowa-offshore\/\" rel=\"category tag\">OFFSHORE<\/a>, <a href=\"https:\/\/balticwind.eu\/pl\/category\/polska\/\" rel=\"category tag\">POLSKA<\/a>, <a href=\"https:\/\/balticwind.eu\/pl\/category\/regulatory-pl\/\" rel=\"category tag\">REGULACJE<\/a>, <a href=\"https:\/\/balticwind.eu\/pl\/category\/szwecja\/\" rel=\"category tag\">SZWECJA<\/a><span class=\"fusion-inline-sep\">|<\/span><\/p><\/div><div class=\"fusion-clearfix\"><\/div><\/article>\n<article id=\"blog-12-post-45967\" class=\"fusion-post-medium-alternate post-45967 post type-post status-publish format-standard has-post-thumbnail hentry category-dania category-estonia-pl category-finlandia category-litwa category-lotwa category-niemcy category-energia-wiatrowa-offshore category-energia-wiatrowa-onshore category-opinie category-polska category-projekty category-regulatory-pl category-szwecja\">\n<div class=\"fusion-date-and-formats\"><div class=\"fusion-date-box updated\"><span class=\"fusion-date\">20<\/span><span class=\"fusion-month-year\">04, 2026<\/span><\/div><div class=\"fusion-format-box\"><i class=\"fusion-icon-pen\" aria-hidden=\"true\"><\/i><\/div><\/div>\t<style type=\"text\/css\">\n\t\t\n\t\t\n\t\t\n\t\t\n\t\t\t<\/style>\n\n\n\t\t\t<div class=\"fusion-flexslider flexslider fusion-flexslider-loading fusion-post-slideshow\" style=\"\">\n\t\t<ul class=\"slides\">\n\t\t\t\n\t\t\t\t\t\t\t\t\t\t\t\t\t\t<li>\n\n<div  class=\"fusion-image-wrapper fusion-image-size-fixed\" aria-haspopup=\"true\">\n\t\n\t\n\t\t\t\n\t\t\t\t<a href=\"https:\/\/balticwind.eu\/pl\/235-kluczowych-transgranicznych-projektow-energetycznych-majacych-na-celu-wzmocnienie-wzajemnych-polaczen-w-europie\/\" aria-label=\"235 kluczowych transgranicznych projekt\u00f3w energetycznych maj\u0105cych na celu wzmocnienie wzajemnych po\u0142\u0105cze\u0144 w Europie\">\n\t\t\n\t\t\n\t\t\t\t\t<img width=\"320\" height=\"202\" src=\"https:\/\/balticwind.eu\/wp-content\/uploads\/2026\/04\/PCI_List_News-320x202.jpg\" class=\"attachment-blog-medium size-blog-medium wp-post-image\" alt=\"\" decoding=\"async\" loading=\"lazy\" srcset=\"https:\/\/balticwind.eu\/wp-content\/uploads\/2026\/04\/PCI_List_News-320x202.jpg 320w, https:\/\/balticwind.eu\/wp-content\/uploads\/2026\/04\/PCI_List_News-700x441.jpg 700w\" sizes=\"(max-width: 320px) 100vw, 320px\" \/>\n\t\n\n\n\t\t\t\t<\/a>\n\t\t\n\t\n<\/div>\n<\/li>\n\t\t\t\n\t\t\t\n\t\t\t\t\t\t\t\t\t\t\t\t\t\t\t\t\t\t\t\t\t\t\t\t\t\t\t\t\t\t\t\t\t\t\t\t\t\t\t\t\t\t\t\t\t\t\t\t\t\t\t\t\t\t\t\t\t\t\t\t\t\t\t\t\t\t\t\t<\/ul>\n\t<\/div>\n\t<div class=\"fusion-post-content post-content\"><h2 class=\"blog-shortcode-post-title entry-title\"><a href=\"https:\/\/balticwind.eu\/pl\/235-kluczowych-transgranicznych-projektow-energetycznych-majacych-na-celu-wzmocnienie-wzajemnych-polaczen-w-europie\/\">235 kluczowych transgranicznych projekt\u00f3w energetycznych maj\u0105cych na celu wzmocnienie wzajemnych po\u0142\u0105cze\u0144 w Europie<\/a><\/h2><p class=\"fusion-single-line-meta\"><span class=\"vcard\" style=\"display: none;\"><span class=\"fn\"><a href=\"https:\/\/balticwind.eu\/pl\/author\/maja-moshotmail-com\/\" title=\"Wpisy od Maja Moskal\" rel=\"author\">Maja Moskal<\/a><\/span><\/span><span class=\"updated\" style=\"display:none;\">2026-04-20T10:09:23+02:00<\/span><a href=\"https:\/\/balticwind.eu\/pl\/category\/dania\/\" rel=\"category tag\">DANIA<\/a>, <a href=\"https:\/\/balticwind.eu\/pl\/category\/estonia-pl\/\" rel=\"category tag\">ESTONIA<\/a>, <a href=\"https:\/\/balticwind.eu\/pl\/category\/finlandia\/\" rel=\"category tag\">FINLANDIA<\/a>, <a href=\"https:\/\/balticwind.eu\/pl\/category\/litwa\/\" rel=\"category tag\">LITWA<\/a>, <a href=\"https:\/\/balticwind.eu\/pl\/category\/lotwa\/\" rel=\"category tag\">\u0141OTWA<\/a>, <a href=\"https:\/\/balticwind.eu\/pl\/category\/niemcy\/\" rel=\"category tag\">NIEMCY<\/a>, <a href=\"https:\/\/balticwind.eu\/pl\/category\/energia-wiatrowa-offshore\/\" rel=\"category tag\">OFFSHORE<\/a>, <a href=\"https:\/\/balticwind.eu\/pl\/category\/energia-wiatrowa-onshore\/\" rel=\"category tag\">ONSHORE<\/a>, <a href=\"https:\/\/balticwind.eu\/pl\/category\/opinie\/\" rel=\"category tag\">OPINIE<\/a>, <a href=\"https:\/\/balticwind.eu\/pl\/category\/polska\/\" rel=\"category tag\">POLSKA<\/a>, <a href=\"https:\/\/balticwind.eu\/pl\/category\/projekty\/\" rel=\"category tag\">PROJEKTY<\/a>, <a href=\"https:\/\/balticwind.eu\/pl\/category\/regulatory-pl\/\" rel=\"category tag\">REGULACJE<\/a>, <a href=\"https:\/\/balticwind.eu\/pl\/category\/szwecja\/\" rel=\"category tag\">SZWECJA<\/a><span class=\"fusion-inline-sep\">|<\/span><\/p><\/div><div class=\"fusion-clearfix\"><\/div><\/article>\n<\/div><\/div><\/div><style type=\"text\/css\">.fusion-body .fusion-builder-column-25{width:50% !important;margin-top : 0px;margin-bottom : 20px;}.fusion-builder-column-25 > .fusion-column-wrapper {padding-top : 0px !important;padding-right : 0px !important;margin-right : 3.84%;padding-bottom : 0px !important;padding-left : 0px !important;margin-left : 3.84%;}@media only screen and (max-width:1024px) {.fusion-body .fusion-builder-column-25{width:100% !important;}.fusion-builder-column-25 > .fusion-column-wrapper {margin-right : 1.92%;margin-left : 1.92%;}}@media only screen and (max-width:640px) {.fusion-body .fusion-builder-column-25{width:100% !important;}.fusion-builder-column-25 > .fusion-column-wrapper {margin-right : 1.92%;margin-left : 1.92%;}}<\/style><\/div><div class=\"fusion-layout-column fusion_builder_column fusion-builder-column-26 fusion_builder_column_1_2 1_2 fusion-flex-column\"><div class=\"fusion-column-wrapper fusion-flex-justify-content-flex-start fusion-content-layout-column\" style=\"background-position:left top;background-repeat:no-repeat;-webkit-background-size:cover;-moz-background-size:cover;-o-background-size:cover;background-size:cover;padding: 0px 0px 0px 0px;\"><div class=\"fusion-separator fusion-full-width-sep\" style=\"align-self: center;margin-left: auto;margin-right: auto;margin-bottom:10px;width:100%;max-width:100%;\"><div class=\"fusion-separator-border sep-single sep-solid\" style=\"border-color:#1f2a3b;border-top-width:12px;\"><\/div><\/div><style type=\"text\/css\">@media only screen and (max-width:1024px) {.fusion-title.fusion-title-14{margin-top:-15px!important; margin-right:0px!important;margin-bottom:20px!important;margin-left:0px!important;}}@media only screen and (max-width:640px) {.fusion-title.fusion-title-14{margin-top:0px!important; margin-right:0px!important;margin-bottom:20px!important; margin-left:0px!important;}}<\/style><div class=\"fusion-title title fusion-title-14 fusion-title-text fusion-title-size-five\" style=\"margin-top:-15px;margin-right:0px;margin-bottom:20px;margin-left:0px;\"><div class=\"title-sep-container title-sep-container-left fusion-no-large-visibility fusion-no-medium-visibility fusion-no-small-visibility\"><div class=\"title-sep sep-\" style=\"border-color:#eaeaea;\"><\/div><\/div><h5 class=\"title-heading-left fusion-responsive-typography-calculated\" style=\"margin:0;--fontSize:17;line-height:1.76;\"><h5 style=\"text-align: left;\">LITWA<\/h5><\/h5><div class=\"title-sep-container title-sep-container-right\"><div class=\"title-sep sep-\" style=\"border-color:#eaeaea;\"><\/div><\/div><\/div><div class=\"fusion-blog-shortcode fusion-blog-shortcode-13 fusion-blog-archive fusion-blog-layout-medium-alternate fusion-blog-no\"><div class=\"fusion-posts-container fusion-posts-container-no\" data-pages=\"94\"><article id=\"blog-13-post-46024\" class=\"fusion-post-medium-alternate post-46024 post type-post status-publish format-standard has-post-thumbnail hentry category-dania category-estonia-pl category-finlandia category-litwa category-lotwa category-niemcy category-energia-wiatrowa-offshore category-polska category-regulatory-pl category-szwecja\">\n<div class=\"fusion-date-and-formats\"><div class=\"fusion-date-box updated\"><span class=\"fusion-date\">24<\/span><span class=\"fusion-month-year\">04, 2026<\/span><\/div><div class=\"fusion-format-box\"><i class=\"fusion-icon-pen\" aria-hidden=\"true\"><\/i><\/div><\/div>\t<style type=\"text\/css\">\n\t\t\n\t\t\n\t\t\n\t\t\n\t\t\t<\/style>\n\n\n\t\t\t<div class=\"fusion-flexslider flexslider fusion-flexslider-loading fusion-post-slideshow\" style=\"\">\n\t\t<ul class=\"slides\">\n\t\t\t\n\t\t\t\t\t\t\t\t\t\t\t\t\t\t<li>\n\n<div  class=\"fusion-image-wrapper fusion-image-size-fixed\" aria-haspopup=\"true\">\n\t\n\t\n\t\t\t\n\t\t\t\t<a href=\"https:\/\/balticwind.eu\/pl\/europa-potrzebuje-energii-wytwarzanej-na-wlasnym-terenie-na-duza-skale-a-morska-energetyka-wiatrowa-przygotowuje-sie-do-jej-dostarczenia\/\" aria-label=\"Europa potrzebuje energii wytwarzanej na w\u0142asnym terenie na du\u017c\u0105 skal\u0119, a morska energetyka wiatrowa przygotowuje si\u0119 do jej dostarczenia\">\n\t\t\n\t\t\n\t\t\t\t\t<img width=\"320\" height=\"202\" src=\"https:\/\/balticwind.eu\/wp-content\/uploads\/2026\/04\/germany-offshore-wind-dawn-dusk-purple-pink-sky-1200x675-1-320x202.jpg\" class=\"attachment-blog-medium size-blog-medium wp-post-image\" alt=\"\" decoding=\"async\" loading=\"lazy\" srcset=\"https:\/\/balticwind.eu\/wp-content\/uploads\/2026\/04\/germany-offshore-wind-dawn-dusk-purple-pink-sky-1200x675-1-320x202.jpg 320w, https:\/\/balticwind.eu\/wp-content\/uploads\/2026\/04\/germany-offshore-wind-dawn-dusk-purple-pink-sky-1200x675-1-700x441.jpg 700w\" sizes=\"(max-width: 320px) 100vw, 320px\" \/>\n\t\n\n\n\t\t\t\t<\/a>\n\t\t\n\t\n<\/div>\n<\/li>\n\t\t\t\n\t\t\t\n\t\t\t\t\t\t\t\t\t\t\t\t\t\t\t\t\t\t\t\t\t\t\t\t\t\t\t\t\t\t\t\t\t\t\t\t\t\t\t\t\t\t\t\t\t\t\t\t\t\t\t\t\t\t\t\t\t\t\t\t\t\t\t\t\t\t\t\t<\/ul>\n\t<\/div>\n\t<div class=\"fusion-post-content post-content\"><h2 class=\"blog-shortcode-post-title entry-title\"><a href=\"https:\/\/balticwind.eu\/pl\/europa-potrzebuje-energii-wytwarzanej-na-wlasnym-terenie-na-duza-skale-a-morska-energetyka-wiatrowa-przygotowuje-sie-do-jej-dostarczenia\/\">Europa potrzebuje energii wytwarzanej na w\u0142asnym terenie na du\u017c\u0105 skal\u0119, a morska energetyka wiatrowa przygotowuje si\u0119 do jej dostarczenia<\/a><\/h2><p class=\"fusion-single-line-meta\"><span class=\"vcard\" style=\"display: none;\"><span class=\"fn\"><a href=\"https:\/\/balticwind.eu\/pl\/author\/maja-moshotmail-com\/\" title=\"Wpisy od Maja Moskal\" rel=\"author\">Maja Moskal<\/a><\/span><\/span><span class=\"updated\" style=\"display:none;\">2026-04-24T16:08:04+02:00<\/span><a href=\"https:\/\/balticwind.eu\/pl\/category\/dania\/\" rel=\"category tag\">DANIA<\/a>, <a href=\"https:\/\/balticwind.eu\/pl\/category\/estonia-pl\/\" rel=\"category tag\">ESTONIA<\/a>, <a href=\"https:\/\/balticwind.eu\/pl\/category\/finlandia\/\" rel=\"category tag\">FINLANDIA<\/a>, <a href=\"https:\/\/balticwind.eu\/pl\/category\/litwa\/\" rel=\"category tag\">LITWA<\/a>, <a href=\"https:\/\/balticwind.eu\/pl\/category\/lotwa\/\" rel=\"category tag\">\u0141OTWA<\/a>, <a href=\"https:\/\/balticwind.eu\/pl\/category\/niemcy\/\" rel=\"category tag\">NIEMCY<\/a>, <a href=\"https:\/\/balticwind.eu\/pl\/category\/energia-wiatrowa-offshore\/\" rel=\"category tag\">OFFSHORE<\/a>, <a href=\"https:\/\/balticwind.eu\/pl\/category\/polska\/\" rel=\"category tag\">POLSKA<\/a>, <a href=\"https:\/\/balticwind.eu\/pl\/category\/regulatory-pl\/\" rel=\"category tag\">REGULACJE<\/a>, <a href=\"https:\/\/balticwind.eu\/pl\/category\/szwecja\/\" rel=\"category tag\">SZWECJA<\/a><span class=\"fusion-inline-sep\">|<\/span><\/p><\/div><div class=\"fusion-clearfix\"><\/div><\/article>\n<article id=\"blog-13-post-45967\" class=\"fusion-post-medium-alternate post-45967 post type-post status-publish format-standard has-post-thumbnail hentry category-dania category-estonia-pl category-finlandia category-litwa category-lotwa category-niemcy category-energia-wiatrowa-offshore category-energia-wiatrowa-onshore category-opinie category-polska category-projekty category-regulatory-pl category-szwecja\">\n<div class=\"fusion-date-and-formats\"><div class=\"fusion-date-box updated\"><span class=\"fusion-date\">20<\/span><span class=\"fusion-month-year\">04, 2026<\/span><\/div><div class=\"fusion-format-box\"><i class=\"fusion-icon-pen\" aria-hidden=\"true\"><\/i><\/div><\/div>\t<style type=\"text\/css\">\n\t\t\n\t\t\n\t\t\n\t\t\n\t\t\t<\/style>\n\n\n\t\t\t<div class=\"fusion-flexslider flexslider fusion-flexslider-loading fusion-post-slideshow\" style=\"\">\n\t\t<ul class=\"slides\">\n\t\t\t\n\t\t\t\t\t\t\t\t\t\t\t\t\t\t<li>\n\n<div  class=\"fusion-image-wrapper fusion-image-size-fixed\" aria-haspopup=\"true\">\n\t\n\t\n\t\t\t\n\t\t\t\t<a href=\"https:\/\/balticwind.eu\/pl\/235-kluczowych-transgranicznych-projektow-energetycznych-majacych-na-celu-wzmocnienie-wzajemnych-polaczen-w-europie\/\" aria-label=\"235 kluczowych transgranicznych projekt\u00f3w energetycznych maj\u0105cych na celu wzmocnienie wzajemnych po\u0142\u0105cze\u0144 w Europie\">\n\t\t\n\t\t\n\t\t\t\t\t<img width=\"320\" height=\"202\" src=\"https:\/\/balticwind.eu\/wp-content\/uploads\/2026\/04\/PCI_List_News-320x202.jpg\" class=\"attachment-blog-medium size-blog-medium wp-post-image\" alt=\"\" decoding=\"async\" loading=\"lazy\" srcset=\"https:\/\/balticwind.eu\/wp-content\/uploads\/2026\/04\/PCI_List_News-320x202.jpg 320w, https:\/\/balticwind.eu\/wp-content\/uploads\/2026\/04\/PCI_List_News-700x441.jpg 700w\" sizes=\"(max-width: 320px) 100vw, 320px\" \/>\n\t\n\n\n\t\t\t\t<\/a>\n\t\t\n\t\n<\/div>\n<\/li>\n\t\t\t\n\t\t\t\n\t\t\t\t\t\t\t\t\t\t\t\t\t\t\t\t\t\t\t\t\t\t\t\t\t\t\t\t\t\t\t\t\t\t\t\t\t\t\t\t\t\t\t\t\t\t\t\t\t\t\t\t\t\t\t\t\t\t\t\t\t\t\t\t\t\t\t\t<\/ul>\n\t<\/div>\n\t<div class=\"fusion-post-content post-content\"><h2 class=\"blog-shortcode-post-title entry-title\"><a href=\"https:\/\/balticwind.eu\/pl\/235-kluczowych-transgranicznych-projektow-energetycznych-majacych-na-celu-wzmocnienie-wzajemnych-polaczen-w-europie\/\">235 kluczowych transgranicznych projekt\u00f3w energetycznych maj\u0105cych na celu wzmocnienie wzajemnych po\u0142\u0105cze\u0144 w Europie<\/a><\/h2><p class=\"fusion-single-line-meta\"><span class=\"vcard\" style=\"display: none;\"><span class=\"fn\"><a href=\"https:\/\/balticwind.eu\/pl\/author\/maja-moshotmail-com\/\" title=\"Wpisy od Maja Moskal\" rel=\"author\">Maja Moskal<\/a><\/span><\/span><span class=\"updated\" style=\"display:none;\">2026-04-20T10:09:23+02:00<\/span><a href=\"https:\/\/balticwind.eu\/pl\/category\/dania\/\" rel=\"category tag\">DANIA<\/a>, <a href=\"https:\/\/balticwind.eu\/pl\/category\/estonia-pl\/\" rel=\"category tag\">ESTONIA<\/a>, <a href=\"https:\/\/balticwind.eu\/pl\/category\/finlandia\/\" rel=\"category tag\">FINLANDIA<\/a>, <a href=\"https:\/\/balticwind.eu\/pl\/category\/litwa\/\" rel=\"category tag\">LITWA<\/a>, <a href=\"https:\/\/balticwind.eu\/pl\/category\/lotwa\/\" rel=\"category tag\">\u0141OTWA<\/a>, <a href=\"https:\/\/balticwind.eu\/pl\/category\/niemcy\/\" rel=\"category tag\">NIEMCY<\/a>, <a href=\"https:\/\/balticwind.eu\/pl\/category\/energia-wiatrowa-offshore\/\" rel=\"category tag\">OFFSHORE<\/a>, <a href=\"https:\/\/balticwind.eu\/pl\/category\/energia-wiatrowa-onshore\/\" rel=\"category tag\">ONSHORE<\/a>, <a href=\"https:\/\/balticwind.eu\/pl\/category\/opinie\/\" rel=\"category tag\">OPINIE<\/a>, <a href=\"https:\/\/balticwind.eu\/pl\/category\/polska\/\" rel=\"category tag\">POLSKA<\/a>, <a href=\"https:\/\/balticwind.eu\/pl\/category\/projekty\/\" rel=\"category tag\">PROJEKTY<\/a>, <a href=\"https:\/\/balticwind.eu\/pl\/category\/regulatory-pl\/\" rel=\"category tag\">REGULACJE<\/a>, <a href=\"https:\/\/balticwind.eu\/pl\/category\/szwecja\/\" rel=\"category tag\">SZWECJA<\/a><span class=\"fusion-inline-sep\">|<\/span><\/p><\/div><div class=\"fusion-clearfix\"><\/div><\/article>\n<article id=\"blog-13-post-45876\" class=\"fusion-post-medium-alternate post-45876 post type-post status-publish format-standard has-post-thumbnail hentry category-dania category-estonia-pl category-finlandia category-litwa category-lotwa category-niemcy category-energia-wiatrowa-offshore category-energia-wiatrowa-onshore category-opinie category-polska category-regulatory-pl category-szwecja category-top-news-pl\">\n<div class=\"fusion-date-and-formats\"><div class=\"fusion-date-box updated\"><span class=\"fusion-date\">25<\/span><span class=\"fusion-month-year\">03, 2026<\/span><\/div><div class=\"fusion-format-box\"><i class=\"fusion-icon-pen\" aria-hidden=\"true\"><\/i><\/div><\/div>\t<style type=\"text\/css\">\n\t\t\n\t\t\n\t\t\n\t\t\n\t\t\t<\/style>\n\n\n\t\t\t<div class=\"fusion-flexslider flexslider fusion-flexslider-loading fusion-post-slideshow\" style=\"\">\n\t\t<ul class=\"slides\">\n\t\t\t\n\t\t\t\t\t\t\t\t\t\t\t\t\t\t<li>\n\n<div  class=\"fusion-image-wrapper fusion-image-size-fixed\" aria-haspopup=\"true\">\n\t\n\t\n\t\t\t\n\t\t\t\t<a href=\"https:\/\/balticwind.eu\/pl\/oswiadczenie-przewodniczacej-von-der-leyen-podczas-wspolnej-konferencji-prasowej-z-prezydentem-costa-po-posiedzeniu-rady-europejskiej-w-marcu-2026-r\/\" aria-label=\"O\u015bwiadczenie przewodnicz\u0105cej von der Leyen podczas wsp\u00f3lnej konferencji prasowej z prezydentem Cost\u0105 po posiedzeniu Rady Europejskiej w marcu 2026 r.\">\n\t\t\n\t\t\n\t\t\t\t\t<img width=\"320\" height=\"202\" src=\"https:\/\/balticwind.eu\/wp-content\/uploads\/2026\/03\/P-069317_00-10_03-MED-665987-320x202.jpg\" class=\"attachment-blog-medium size-blog-medium wp-post-image\" alt=\"\" decoding=\"async\" loading=\"lazy\" srcset=\"https:\/\/balticwind.eu\/wp-content\/uploads\/2026\/03\/P-069317_00-10_03-MED-665987-320x202.jpg 320w, https:\/\/balticwind.eu\/wp-content\/uploads\/2026\/03\/P-069317_00-10_03-MED-665987-700x441.jpg 700w\" sizes=\"(max-width: 320px) 100vw, 320px\" \/>\n\t\n\n\n\t\t\t\t<\/a>\n\t\t\n\t\n<\/div>\n<\/li>\n\t\t\t\n\t\t\t\n\t\t\t\t\t\t\t\t\t\t\t\t\t\t\t\t\t\t\t\t\t\t\t\t\t\t\t\t\t\t\t\t\t\t\t\t\t\t\t\t\t\t\t\t\t\t\t\t\t\t\t\t\t\t\t\t\t\t\t\t\t\t\t\t\t\t\t\t<\/ul>\n\t<\/div>\n\t<div class=\"fusion-post-content post-content\"><h2 class=\"blog-shortcode-post-title entry-title\"><a href=\"https:\/\/balticwind.eu\/pl\/oswiadczenie-przewodniczacej-von-der-leyen-podczas-wspolnej-konferencji-prasowej-z-prezydentem-costa-po-posiedzeniu-rady-europejskiej-w-marcu-2026-r\/\">O\u015bwiadczenie przewodnicz\u0105cej von der Leyen podczas wsp\u00f3lnej konferencji prasowej z prezydentem Cost\u0105 po posiedzeniu Rady Europejskiej w marcu 2026 r.<\/a><\/h2><p class=\"fusion-single-line-meta\"><span class=\"vcard\" style=\"display: none;\"><span class=\"fn\"><a href=\"https:\/\/balticwind.eu\/pl\/author\/maja-moshotmail-com\/\" title=\"Wpisy od Maja Moskal\" rel=\"author\">Maja Moskal<\/a><\/span><\/span><span class=\"updated\" style=\"display:none;\">2026-03-25T08:16:34+01:00<\/span><a href=\"https:\/\/balticwind.eu\/pl\/category\/dania\/\" rel=\"category tag\">DANIA<\/a>, <a href=\"https:\/\/balticwind.eu\/pl\/category\/estonia-pl\/\" rel=\"category tag\">ESTONIA<\/a>, <a href=\"https:\/\/balticwind.eu\/pl\/category\/finlandia\/\" rel=\"category tag\">FINLANDIA<\/a>, <a href=\"https:\/\/balticwind.eu\/pl\/category\/litwa\/\" rel=\"category tag\">LITWA<\/a>, <a href=\"https:\/\/balticwind.eu\/pl\/category\/lotwa\/\" rel=\"category tag\">\u0141OTWA<\/a>, <a href=\"https:\/\/balticwind.eu\/pl\/category\/niemcy\/\" rel=\"category tag\">NIEMCY<\/a>, <a href=\"https:\/\/balticwind.eu\/pl\/category\/energia-wiatrowa-offshore\/\" rel=\"category tag\">OFFSHORE<\/a>, <a href=\"https:\/\/balticwind.eu\/pl\/category\/energia-wiatrowa-onshore\/\" rel=\"category tag\">ONSHORE<\/a>, <a href=\"https:\/\/balticwind.eu\/pl\/category\/opinie\/\" rel=\"category tag\">OPINIE<\/a>, <a href=\"https:\/\/balticwind.eu\/pl\/category\/polska\/\" rel=\"category tag\">POLSKA<\/a>, <a href=\"https:\/\/balticwind.eu\/pl\/category\/regulatory-pl\/\" rel=\"category tag\">REGULACJE<\/a>, <a href=\"https:\/\/balticwind.eu\/pl\/category\/szwecja\/\" rel=\"category tag\">SZWECJA<\/a>, <a href=\"https:\/\/balticwind.eu\/pl\/category\/top-news-pl\/\" rel=\"category tag\">TOP NEWS<\/a><span class=\"fusion-inline-sep\">|<\/span><\/p><\/div><div class=\"fusion-clearfix\"><\/div><\/article>\n<\/div><\/div><\/div><style type=\"text\/css\">.fusion-body .fusion-builder-column-26{width:50% !important;margin-top : 0px;margin-bottom : 20px;}.fusion-builder-column-26 > .fusion-column-wrapper {padding-top : 0px !important;padding-right : 0px !important;margin-right : 3.84%;padding-bottom : 0px !important;padding-left : 0px !important;margin-left : 3.84%;}@media only screen and (max-width:1024px) {.fusion-body .fusion-builder-column-26{width:100% !important;}.fusion-builder-column-26 > .fusion-column-wrapper {margin-right : 1.92%;margin-left : 1.92%;}}@media only screen and (max-width:640px) {.fusion-body .fusion-builder-column-26{width:100% !important;}.fusion-builder-column-26 > .fusion-column-wrapper {margin-right : 1.92%;margin-left : 1.92%;}}<\/style><\/div><\/div><style type=\"text\/css\">.fusion-body .fusion-flex-container.fusion-builder-row-15{ padding-top : 30px;margin-top : 0px;padding-right : 0px;padding-bottom : 0px;margin-bottom : 0px;padding-left : 0px;}<\/style><\/div><\/div><div id=\"biznes\"><div class=\"fusion-fullwidth fullwidth-box fusion-builder-row-16 fusion-flex-container nonhundred-percent-fullwidth non-hundred-percent-height-scrolling\" style=\"background-color: rgba(255,255,255,0);background-position: center center;background-repeat: no-repeat;border-width: 0px 0px 0px 0px;border-color:#eaeaea;border-style:solid;\" ><div class=\"fusion-builder-row fusion-row fusion-flex-align-items-flex-start\" style=\"max-width:1289.6px;margin-left: calc(-4% \/ 2 );margin-right: calc(-4% \/ 2 );\"><div class=\"fusion-layout-column fusion_builder_column fusion-builder-column-27 fusion_builder_column_1_2 1_2 fusion-flex-column\"><div class=\"fusion-column-wrapper fusion-flex-justify-content-flex-start fusion-content-layout-column\" style=\"background-position:left top;background-repeat:no-repeat;-webkit-background-size:cover;-moz-background-size:cover;-o-background-size:cover;background-size:cover;padding: 0px 0px 0px 0px;\"><div class=\"fusion-separator fusion-full-width-sep\" style=\"align-self: center;margin-left: auto;margin-right: auto;margin-bottom:10px;width:100%;max-width:100%;\"><div class=\"fusion-separator-border sep-single sep-solid\" style=\"border-color:#1f2a3b;border-top-width:12px;\"><\/div><\/div><style type=\"text\/css\">@media only screen and (max-width:1024px) {.fusion-title.fusion-title-15{margin-top:-15px!important; margin-right:0px!important;margin-bottom:20px!important;margin-left:0px!important;}}@media only screen and (max-width:640px) {.fusion-title.fusion-title-15{margin-top:0px!important; margin-right:0px!important;margin-bottom:20px!important; margin-left:0px!important;}}<\/style><div class=\"fusion-title title fusion-title-15 fusion-title-text fusion-title-size-five\" style=\"margin-top:-15px;margin-right:0px;margin-bottom:20px;margin-left:0px;\"><div class=\"title-sep-container title-sep-container-left fusion-no-large-visibility fusion-no-medium-visibility fusion-no-small-visibility\"><div class=\"title-sep sep-\" style=\"border-color:#eaeaea;\"><\/div><\/div><h5 class=\"title-heading-left fusion-responsive-typography-calculated\" style=\"margin:0;--fontSize:17;line-height:1.76;\"><h5 style=\"text-align: left;\">NIEMCY<\/h5><\/h5><div class=\"title-sep-container title-sep-container-right\"><div class=\"title-sep sep-\" style=\"border-color:#eaeaea;\"><\/div><\/div><\/div><div class=\"fusion-blog-shortcode fusion-blog-shortcode-14 fusion-blog-archive fusion-blog-layout-medium-alternate fusion-blog-no\"><div class=\"fusion-posts-container fusion-posts-container-no\" data-pages=\"146\"><article id=\"blog-14-post-46026\" class=\"fusion-post-medium-alternate post-46026 post type-post status-publish format-standard has-post-thumbnail hentry category-dania category-niemcy category-energia-wiatrowa-offshore category-energia-wiatrowa-onshore category-opinie category-projekty category-regulatory-pl\">\n<div class=\"fusion-date-and-formats\"><div class=\"fusion-date-box updated\"><span class=\"fusion-date\">27<\/span><span class=\"fusion-month-year\">04, 2026<\/span><\/div><div class=\"fusion-format-box\"><i class=\"fusion-icon-pen\" aria-hidden=\"true\"><\/i><\/div><\/div>\t<style type=\"text\/css\">\n\t\t\n\t\t\n\t\t\n\t\t\n\t\t\t<\/style>\n\n\n\t\t\t<div class=\"fusion-flexslider flexslider fusion-flexslider-loading fusion-post-slideshow\" style=\"\">\n\t\t<ul class=\"slides\">\n\t\t\t\n\t\t\t\t\t\t\t\t\t\t\t\t\t\t<li>\n\n<div  class=\"fusion-image-wrapper fusion-image-size-fixed\" aria-haspopup=\"true\">\n\t\n\t\n\t\t\t\n\t\t\t\t<a href=\"https:\/\/balticwind.eu\/pl\/pieciu-europejskich-operatorow-systemow-przesylowych-rozwaza-wspolprace-w-zakresie-infrastruktury-kabli-morskich-na-morzu-polnocnym\/\" aria-label=\"Pi\u0119ciu europejskich operator\u00f3w system\u00f3w przesy\u0142owych rozwa\u017ca wsp\u00f3\u0142prac\u0119 w zakresie infrastruktury kabli morskich na Morzu P\u00f3\u0142nocnym\">\n\t\t\n\t\t\n\t\t\t\t\t<img width=\"320\" height=\"202\" src=\"https:\/\/balticwind.eu\/wp-content\/uploads\/2024\/07\/sterling-lanier-g_g6JLB9GjM-unsplash-320x202.jpg\" class=\"attachment-blog-medium size-blog-medium wp-post-image\" alt=\"\" decoding=\"async\" loading=\"lazy\" srcset=\"https:\/\/balticwind.eu\/wp-content\/uploads\/2024\/07\/sterling-lanier-g_g6JLB9GjM-unsplash-320x202.jpg 320w, https:\/\/balticwind.eu\/wp-content\/uploads\/2024\/07\/sterling-lanier-g_g6JLB9GjM-unsplash-700x441.jpg 700w\" sizes=\"(max-width: 320px) 100vw, 320px\" \/>\n\t\n\n\n\t\t\t\t<\/a>\n\t\t\n\t\n<\/div>\n<\/li>\n\t\t\t\n\t\t\t\n\t\t\t\t\t\t\t\t\t\t\t\t\t\t\t\t\t\t\t\t\t\t\t\t\t\t\t\t\t\t\t\t\t\t\t\t\t\t\t\t\t\t\t\t\t\t\t\t\t\t\t\t\t\t\t\t\t\t\t\t\t\t\t\t\t\t\t\t<\/ul>\n\t<\/div>\n\t<div class=\"fusion-post-content post-content\"><h2 class=\"blog-shortcode-post-title entry-title\"><a href=\"https:\/\/balticwind.eu\/pl\/pieciu-europejskich-operatorow-systemow-przesylowych-rozwaza-wspolprace-w-zakresie-infrastruktury-kabli-morskich-na-morzu-polnocnym\/\">Pi\u0119ciu europejskich operator\u00f3w system\u00f3w przesy\u0142owych rozwa\u017ca wsp\u00f3\u0142prac\u0119 w zakresie infrastruktury kabli morskich na Morzu P\u00f3\u0142nocnym<\/a><\/h2><p class=\"fusion-single-line-meta\"><span class=\"vcard\" style=\"display: none;\"><span class=\"fn\"><a href=\"https:\/\/balticwind.eu\/pl\/author\/maja-moshotmail-com\/\" title=\"Wpisy od Maja Moskal\" rel=\"author\">Maja Moskal<\/a><\/span><\/span><span class=\"updated\" style=\"display:none;\">2026-04-24T17:53:37+02:00<\/span><a href=\"https:\/\/balticwind.eu\/pl\/category\/dania\/\" rel=\"category tag\">DANIA<\/a>, <a href=\"https:\/\/balticwind.eu\/pl\/category\/niemcy\/\" rel=\"category tag\">NIEMCY<\/a>, <a href=\"https:\/\/balticwind.eu\/pl\/category\/energia-wiatrowa-offshore\/\" rel=\"category tag\">OFFSHORE<\/a>, <a href=\"https:\/\/balticwind.eu\/pl\/category\/energia-wiatrowa-onshore\/\" rel=\"category tag\">ONSHORE<\/a>, <a href=\"https:\/\/balticwind.eu\/pl\/category\/opinie\/\" rel=\"category tag\">OPINIE<\/a>, <a href=\"https:\/\/balticwind.eu\/pl\/category\/projekty\/\" rel=\"category tag\">PROJEKTY<\/a>, <a href=\"https:\/\/balticwind.eu\/pl\/category\/regulatory-pl\/\" rel=\"category tag\">REGULACJE<\/a><span class=\"fusion-inline-sep\">|<\/span><\/p><\/div><div class=\"fusion-clearfix\"><\/div><\/article>\n<article id=\"blog-14-post-46024\" class=\"fusion-post-medium-alternate post-46024 post type-post status-publish format-standard has-post-thumbnail hentry category-dania category-estonia-pl category-finlandia category-litwa category-lotwa category-niemcy category-energia-wiatrowa-offshore category-polska category-regulatory-pl category-szwecja\">\n<div class=\"fusion-date-and-formats\"><div class=\"fusion-date-box updated\"><span class=\"fusion-date\">24<\/span><span class=\"fusion-month-year\">04, 2026<\/span><\/div><div class=\"fusion-format-box\"><i class=\"fusion-icon-pen\" aria-hidden=\"true\"><\/i><\/div><\/div>\t<style type=\"text\/css\">\n\t\t\n\t\t\n\t\t\n\t\t\n\t\t\t<\/style>\n\n\n\t\t\t<div class=\"fusion-flexslider flexslider fusion-flexslider-loading fusion-post-slideshow\" style=\"\">\n\t\t<ul class=\"slides\">\n\t\t\t\n\t\t\t\t\t\t\t\t\t\t\t\t\t\t<li>\n\n<div  class=\"fusion-image-wrapper fusion-image-size-fixed\" aria-haspopup=\"true\">\n\t\n\t\n\t\t\t\n\t\t\t\t<a href=\"https:\/\/balticwind.eu\/pl\/europa-potrzebuje-energii-wytwarzanej-na-wlasnym-terenie-na-duza-skale-a-morska-energetyka-wiatrowa-przygotowuje-sie-do-jej-dostarczenia\/\" aria-label=\"Europa potrzebuje energii wytwarzanej na w\u0142asnym terenie na du\u017c\u0105 skal\u0119, a morska energetyka wiatrowa przygotowuje si\u0119 do jej dostarczenia\">\n\t\t\n\t\t\n\t\t\t\t\t<img width=\"320\" height=\"202\" src=\"https:\/\/balticwind.eu\/wp-content\/uploads\/2026\/04\/germany-offshore-wind-dawn-dusk-purple-pink-sky-1200x675-1-320x202.jpg\" class=\"attachment-blog-medium size-blog-medium wp-post-image\" alt=\"\" decoding=\"async\" loading=\"lazy\" srcset=\"https:\/\/balticwind.eu\/wp-content\/uploads\/2026\/04\/germany-offshore-wind-dawn-dusk-purple-pink-sky-1200x675-1-320x202.jpg 320w, https:\/\/balticwind.eu\/wp-content\/uploads\/2026\/04\/germany-offshore-wind-dawn-dusk-purple-pink-sky-1200x675-1-700x441.jpg 700w\" sizes=\"(max-width: 320px) 100vw, 320px\" \/>\n\t\n\n\n\t\t\t\t<\/a>\n\t\t\n\t\n<\/div>\n<\/li>\n\t\t\t\n\t\t\t\n\t\t\t\t\t\t\t\t\t\t\t\t\t\t\t\t\t\t\t\t\t\t\t\t\t\t\t\t\t\t\t\t\t\t\t\t\t\t\t\t\t\t\t\t\t\t\t\t\t\t\t\t\t\t\t\t\t\t\t\t\t\t\t\t\t\t\t\t<\/ul>\n\t<\/div>\n\t<div class=\"fusion-post-content post-content\"><h2 class=\"blog-shortcode-post-title entry-title\"><a href=\"https:\/\/balticwind.eu\/pl\/europa-potrzebuje-energii-wytwarzanej-na-wlasnym-terenie-na-duza-skale-a-morska-energetyka-wiatrowa-przygotowuje-sie-do-jej-dostarczenia\/\">Europa potrzebuje energii wytwarzanej na w\u0142asnym terenie na du\u017c\u0105 skal\u0119, a morska energetyka wiatrowa przygotowuje si\u0119 do jej dostarczenia<\/a><\/h2><p class=\"fusion-single-line-meta\"><span class=\"vcard\" style=\"display: none;\"><span class=\"fn\"><a href=\"https:\/\/balticwind.eu\/pl\/author\/maja-moshotmail-com\/\" title=\"Wpisy od Maja Moskal\" rel=\"author\">Maja Moskal<\/a><\/span><\/span><span class=\"updated\" style=\"display:none;\">2026-04-24T16:08:04+02:00<\/span><a href=\"https:\/\/balticwind.eu\/pl\/category\/dania\/\" rel=\"category tag\">DANIA<\/a>, <a href=\"https:\/\/balticwind.eu\/pl\/category\/estonia-pl\/\" rel=\"category tag\">ESTONIA<\/a>, <a href=\"https:\/\/balticwind.eu\/pl\/category\/finlandia\/\" rel=\"category tag\">FINLANDIA<\/a>, <a href=\"https:\/\/balticwind.eu\/pl\/category\/litwa\/\" rel=\"category tag\">LITWA<\/a>, <a href=\"https:\/\/balticwind.eu\/pl\/category\/lotwa\/\" rel=\"category tag\">\u0141OTWA<\/a>, <a href=\"https:\/\/balticwind.eu\/pl\/category\/niemcy\/\" rel=\"category tag\">NIEMCY<\/a>, <a href=\"https:\/\/balticwind.eu\/pl\/category\/energia-wiatrowa-offshore\/\" rel=\"category tag\">OFFSHORE<\/a>, <a href=\"https:\/\/balticwind.eu\/pl\/category\/polska\/\" rel=\"category tag\">POLSKA<\/a>, <a href=\"https:\/\/balticwind.eu\/pl\/category\/regulatory-pl\/\" rel=\"category tag\">REGULACJE<\/a>, <a href=\"https:\/\/balticwind.eu\/pl\/category\/szwecja\/\" rel=\"category tag\">SZWECJA<\/a><span class=\"fusion-inline-sep\">|<\/span><\/p><\/div><div class=\"fusion-clearfix\"><\/div><\/article>\n<article id=\"blog-14-post-45981\" class=\"fusion-post-medium-alternate post-45981 post type-post status-publish format-standard has-post-thumbnail hentry category-niemcy category-energia-wiatrowa-offshore category-polska category-projekty\">\n<div class=\"fusion-date-and-formats\"><div class=\"fusion-date-box updated\"><span class=\"fusion-date\">22<\/span><span class=\"fusion-month-year\">04, 2026<\/span><\/div><div class=\"fusion-format-box\"><i class=\"fusion-icon-pen\" aria-hidden=\"true\"><\/i><\/div><\/div>\t<style type=\"text\/css\">\n\t\t\n\t\t\n\t\t\n\t\t\n\t\t\t<\/style>\n\n\n\t\t\t<div class=\"fusion-flexslider flexslider fusion-flexslider-loading fusion-post-slideshow\" style=\"\">\n\t\t<ul class=\"slides\">\n\t\t\t\n\t\t\t\t\t\t\t\t\t\t\t\t\t\t<li>\n\n<div  class=\"fusion-image-wrapper fusion-image-size-fixed\" aria-haspopup=\"true\">\n\t\n\t\n\t\t\t\n\t\t\t\t<a href=\"https:\/\/balticwind.eu\/pl\/baltyk-2-i-3-postepy-w-przygotowaniu-elementow-do-instalacji\/\" aria-label=\"Ba\u0142tyk 2 i 3: post\u0119py w przygotowaniu element\u00f3w do instalacji\u00a0\">\n\t\t\n\t\t\n\t\t\t\t\t<img width=\"320\" height=\"202\" src=\"https:\/\/balticwind.eu\/wp-content\/uploads\/2026\/04\/Topside_B3_wyjazd-z-hali-2-320x202.jpg\" class=\"attachment-blog-medium size-blog-medium wp-post-image\" alt=\"\" decoding=\"async\" loading=\"lazy\" srcset=\"https:\/\/balticwind.eu\/wp-content\/uploads\/2026\/04\/Topside_B3_wyjazd-z-hali-2-320x202.jpg 320w, https:\/\/balticwind.eu\/wp-content\/uploads\/2026\/04\/Topside_B3_wyjazd-z-hali-2-700x441.jpg 700w\" sizes=\"(max-width: 320px) 100vw, 320px\" \/>\n\t\n\n\n\t\t\t\t<\/a>\n\t\t\n\t\n<\/div>\n<\/li>\n\t\t\t\n\t\t\t\n\t\t\t\t\t\t\t\t\t\t\t\t\t\t\t\t\t\t\t\t\t\t\t\t\t\t\t\t\t\t\t\t\t\t\t\t\t\t\t\t\t\t\t\t\t\t\t\t\t\t\t\t\t\t\t\t\t\t\t\t\t\t\t\t\t\t\t\t<\/ul>\n\t<\/div>\n\t<div class=\"fusion-post-content post-content\"><h2 class=\"blog-shortcode-post-title entry-title\"><a href=\"https:\/\/balticwind.eu\/pl\/baltyk-2-i-3-postepy-w-przygotowaniu-elementow-do-instalacji\/\">Ba\u0142tyk 2 i 3: post\u0119py w przygotowaniu element\u00f3w do instalacji\u00a0<\/a><\/h2><p class=\"fusion-single-line-meta\"><span class=\"vcard\" style=\"display: none;\"><span class=\"fn\"><a href=\"https:\/\/balticwind.eu\/pl\/author\/maja-moshotmail-com\/\" title=\"Wpisy od Maja Moskal\" rel=\"author\">Maja Moskal<\/a><\/span><\/span><span class=\"updated\" style=\"display:none;\">2026-04-22T08:59:53+02:00<\/span><a href=\"https:\/\/balticwind.eu\/pl\/category\/niemcy\/\" rel=\"category tag\">NIEMCY<\/a>, <a href=\"https:\/\/balticwind.eu\/pl\/category\/energia-wiatrowa-offshore\/\" rel=\"category tag\">OFFSHORE<\/a>, <a href=\"https:\/\/balticwind.eu\/pl\/category\/polska\/\" rel=\"category tag\">POLSKA<\/a>, <a href=\"https:\/\/balticwind.eu\/pl\/category\/projekty\/\" rel=\"category tag\">PROJEKTY<\/a><span class=\"fusion-inline-sep\">|<\/span><\/p><\/div><div class=\"fusion-clearfix\"><\/div><\/article>\n<\/div><\/div><\/div><style type=\"text\/css\">.fusion-body .fusion-builder-column-27{width:50% !important;margin-top : 0px;margin-bottom : 20px;}.fusion-builder-column-27 > .fusion-column-wrapper {padding-top : 0px !important;padding-right : 0px !important;margin-right : 3.84%;padding-bottom : 0px !important;padding-left : 0px !important;margin-left : 3.84%;}@media only screen and (max-width:1024px) {.fusion-body .fusion-builder-column-27{width:100% !important;}.fusion-builder-column-27 > .fusion-column-wrapper {margin-right : 1.92%;margin-left : 1.92%;}}@media only screen and (max-width:640px) {.fusion-body .fusion-builder-column-27{width:100% !important;}.fusion-builder-column-27 > .fusion-column-wrapper {margin-right : 1.92%;margin-left : 1.92%;}}<\/style><\/div><div class=\"fusion-layout-column fusion_builder_column fusion-builder-column-28 fusion_builder_column_1_2 1_2 fusion-flex-column\"><div class=\"fusion-column-wrapper fusion-flex-justify-content-flex-start fusion-content-layout-column\" style=\"background-position:left top;background-repeat:no-repeat;-webkit-background-size:cover;-moz-background-size:cover;-o-background-size:cover;background-size:cover;padding: 0px 0px 0px 0px;\"><div class=\"fusion-separator fusion-full-width-sep\" style=\"align-self: center;margin-left: auto;margin-right: auto;margin-bottom:10px;width:100%;max-width:100%;\"><div class=\"fusion-separator-border sep-single sep-solid\" style=\"border-color:#1f2a3b;border-top-width:12px;\"><\/div><\/div><style type=\"text\/css\">@media only screen and (max-width:1024px) {.fusion-title.fusion-title-16{margin-top:-15px!important; margin-right:0px!important;margin-bottom:20px!important;margin-left:0px!important;}}@media only screen and (max-width:640px) {.fusion-title.fusion-title-16{margin-top:0px!important; margin-right:0px!important;margin-bottom:20px!important; margin-left:0px!important;}}<\/style><div class=\"fusion-title title fusion-title-16 fusion-title-text fusion-title-size-five\" style=\"margin-top:-15px;margin-right:0px;margin-bottom:20px;margin-left:0px;\"><div class=\"title-sep-container title-sep-container-left fusion-no-large-visibility fusion-no-medium-visibility fusion-no-small-visibility\"><div class=\"title-sep sep-\" style=\"border-color:#eaeaea;\"><\/div><\/div><h5 class=\"title-heading-left fusion-responsive-typography-calculated\" style=\"margin:0;--fontSize:17;line-height:1.76;\"><h5 style=\"text-align: left;\">POLSKA<\/h5><\/h5><div class=\"title-sep-container title-sep-container-right\"><div class=\"title-sep sep-\" style=\"border-color:#eaeaea;\"><\/div><\/div><\/div><div class=\"fusion-blog-shortcode fusion-blog-shortcode-15 fusion-blog-archive fusion-blog-layout-medium-alternate fusion-blog-no\"><div class=\"fusion-posts-container fusion-posts-container-no\" data-pages=\"287\"><article id=\"blog-15-post-46024\" class=\"fusion-post-medium-alternate post-46024 post type-post status-publish format-standard has-post-thumbnail hentry category-dania category-estonia-pl category-finlandia category-litwa category-lotwa category-niemcy category-energia-wiatrowa-offshore category-polska category-regulatory-pl category-szwecja\">\n<div class=\"fusion-date-and-formats\"><div class=\"fusion-date-box updated\"><span class=\"fusion-date\">24<\/span><span class=\"fusion-month-year\">04, 2026<\/span><\/div><div class=\"fusion-format-box\"><i class=\"fusion-icon-pen\" aria-hidden=\"true\"><\/i><\/div><\/div>\t<style type=\"text\/css\">\n\t\t\n\t\t\n\t\t\n\t\t\n\t\t\t<\/style>\n\n\n\t\t\t<div class=\"fusion-flexslider flexslider fusion-flexslider-loading fusion-post-slideshow\" style=\"\">\n\t\t<ul class=\"slides\">\n\t\t\t\n\t\t\t\t\t\t\t\t\t\t\t\t\t\t<li>\n\n<div  class=\"fusion-image-wrapper fusion-image-size-fixed\" aria-haspopup=\"true\">\n\t\n\t\n\t\t\t\n\t\t\t\t<a href=\"https:\/\/balticwind.eu\/pl\/europa-potrzebuje-energii-wytwarzanej-na-wlasnym-terenie-na-duza-skale-a-morska-energetyka-wiatrowa-przygotowuje-sie-do-jej-dostarczenia\/\" aria-label=\"Europa potrzebuje energii wytwarzanej na w\u0142asnym terenie na du\u017c\u0105 skal\u0119, a morska energetyka wiatrowa przygotowuje si\u0119 do jej dostarczenia\">\n\t\t\n\t\t\n\t\t\t\t\t<img width=\"320\" height=\"202\" src=\"https:\/\/balticwind.eu\/wp-content\/uploads\/2026\/04\/germany-offshore-wind-dawn-dusk-purple-pink-sky-1200x675-1-320x202.jpg\" class=\"attachment-blog-medium size-blog-medium wp-post-image\" alt=\"\" decoding=\"async\" loading=\"lazy\" srcset=\"https:\/\/balticwind.eu\/wp-content\/uploads\/2026\/04\/germany-offshore-wind-dawn-dusk-purple-pink-sky-1200x675-1-320x202.jpg 320w, https:\/\/balticwind.eu\/wp-content\/uploads\/2026\/04\/germany-offshore-wind-dawn-dusk-purple-pink-sky-1200x675-1-700x441.jpg 700w\" sizes=\"(max-width: 320px) 100vw, 320px\" \/>\n\t\n\n\n\t\t\t\t<\/a>\n\t\t\n\t\n<\/div>\n<\/li>\n\t\t\t\n\t\t\t\n\t\t\t\t\t\t\t\t\t\t\t\t\t\t\t\t\t\t\t\t\t\t\t\t\t\t\t\t\t\t\t\t\t\t\t\t\t\t\t\t\t\t\t\t\t\t\t\t\t\t\t\t\t\t\t\t\t\t\t\t\t\t\t\t\t\t\t\t<\/ul>\n\t<\/div>\n\t<div class=\"fusion-post-content post-content\"><h2 class=\"blog-shortcode-post-title entry-title\"><a href=\"https:\/\/balticwind.eu\/pl\/europa-potrzebuje-energii-wytwarzanej-na-wlasnym-terenie-na-duza-skale-a-morska-energetyka-wiatrowa-przygotowuje-sie-do-jej-dostarczenia\/\">Europa potrzebuje energii wytwarzanej na w\u0142asnym terenie na du\u017c\u0105 skal\u0119, a morska energetyka wiatrowa przygotowuje si\u0119 do jej dostarczenia<\/a><\/h2><p class=\"fusion-single-line-meta\"><span class=\"vcard\" style=\"display: none;\"><span class=\"fn\"><a href=\"https:\/\/balticwind.eu\/pl\/author\/maja-moshotmail-com\/\" title=\"Wpisy od Maja Moskal\" rel=\"author\">Maja Moskal<\/a><\/span><\/span><span class=\"updated\" style=\"display:none;\">2026-04-24T16:08:04+02:00<\/span><a href=\"https:\/\/balticwind.eu\/pl\/category\/dania\/\" rel=\"category tag\">DANIA<\/a>, <a href=\"https:\/\/balticwind.eu\/pl\/category\/estonia-pl\/\" rel=\"category tag\">ESTONIA<\/a>, <a href=\"https:\/\/balticwind.eu\/pl\/category\/finlandia\/\" rel=\"category tag\">FINLANDIA<\/a>, <a href=\"https:\/\/balticwind.eu\/pl\/category\/litwa\/\" rel=\"category tag\">LITWA<\/a>, <a href=\"https:\/\/balticwind.eu\/pl\/category\/lotwa\/\" rel=\"category tag\">\u0141OTWA<\/a>, <a href=\"https:\/\/balticwind.eu\/pl\/category\/niemcy\/\" rel=\"category tag\">NIEMCY<\/a>, <a href=\"https:\/\/balticwind.eu\/pl\/category\/energia-wiatrowa-offshore\/\" rel=\"category tag\">OFFSHORE<\/a>, <a href=\"https:\/\/balticwind.eu\/pl\/category\/polska\/\" rel=\"category tag\">POLSKA<\/a>, <a href=\"https:\/\/balticwind.eu\/pl\/category\/regulatory-pl\/\" rel=\"category tag\">REGULACJE<\/a>, <a href=\"https:\/\/balticwind.eu\/pl\/category\/szwecja\/\" rel=\"category tag\">SZWECJA<\/a><span class=\"fusion-inline-sep\">|<\/span><\/p><\/div><div class=\"fusion-clearfix\"><\/div><\/article>\n<article id=\"blog-15-post-46016\" class=\"fusion-post-medium-alternate post-46016 post type-post status-publish format-standard has-post-thumbnail hentry category-energia-wiatrowa-offshore category-polska category-projekty\">\n<div class=\"fusion-date-and-formats\"><div class=\"fusion-date-box updated\"><span class=\"fusion-date\">24<\/span><span class=\"fusion-month-year\">04, 2026<\/span><\/div><div class=\"fusion-format-box\"><i class=\"fusion-icon-pen\" aria-hidden=\"true\"><\/i><\/div><\/div>\t<style type=\"text\/css\">\n\t\t\n\t\t\n\t\t\n\t\t\n\t\t\t<\/style>\n\n\n\t\t\t<div class=\"fusion-flexslider flexslider fusion-flexslider-loading fusion-post-slideshow\" style=\"\">\n\t\t<ul class=\"slides\">\n\t\t\t\n\t\t\t\t\t\t\t\t\t\t\t\t\t\t<li>\n\n<div  class=\"fusion-image-wrapper fusion-image-size-fixed\" aria-haspopup=\"true\">\n\t\n\t\n\t\t\t\n\t\t\t\t<a href=\"https:\/\/balticwind.eu\/pl\/blisko-1300-uczniow-z-pomorza-poznaje-morska-energetyke-wiatrowa\/\" aria-label=\"Blisko 1300 uczni\u00f3w z Pomorza poznaje morsk\u0105 energetyk\u0119 wiatrow\u0105\">\n\t\t\n\t\t\n\t\t\t\t\t<img width=\"320\" height=\"202\" src=\"https:\/\/balticwind.eu\/wp-content\/uploads\/2026\/04\/0-320x202.jpg\" class=\"attachment-blog-medium size-blog-medium wp-post-image\" alt=\"\" decoding=\"async\" loading=\"lazy\" srcset=\"https:\/\/balticwind.eu\/wp-content\/uploads\/2026\/04\/0-320x202.jpg 320w, https:\/\/balticwind.eu\/wp-content\/uploads\/2026\/04\/0-700x441.jpg 700w\" sizes=\"(max-width: 320px) 100vw, 320px\" \/>\n\t\n\n\n\t\t\t\t<\/a>\n\t\t\n\t\n<\/div>\n<\/li>\n\t\t\t\n\t\t\t\n\t\t\t\t\t\t\t\t\t\t\t\t\t\t\t\t\t\t\t\t\t\t\t\t\t\t\t\t\t\t\t\t\t\t\t\t\t\t\t\t\t\t\t\t\t\t\t\t\t\t\t\t\t\t\t\t\t\t\t\t\t\t\t\t\t\t\t\t<\/ul>\n\t<\/div>\n\t<div class=\"fusion-post-content post-content\"><h2 class=\"blog-shortcode-post-title entry-title\"><a href=\"https:\/\/balticwind.eu\/pl\/blisko-1300-uczniow-z-pomorza-poznaje-morska-energetyke-wiatrowa\/\">Blisko 1300 uczni\u00f3w z Pomorza poznaje morsk\u0105 energetyk\u0119 wiatrow\u0105<\/a><\/h2><p class=\"fusion-single-line-meta\"><span class=\"vcard\" style=\"display: none;\"><span class=\"fn\"><a href=\"https:\/\/balticwind.eu\/pl\/author\/maja-moshotmail-com\/\" title=\"Wpisy od Maja Moskal\" rel=\"author\">Maja Moskal<\/a><\/span><\/span><span class=\"updated\" style=\"display:none;\">2026-04-24T16:01:55+02:00<\/span><a href=\"https:\/\/balticwind.eu\/pl\/category\/energia-wiatrowa-offshore\/\" rel=\"category tag\">OFFSHORE<\/a>, <a href=\"https:\/\/balticwind.eu\/pl\/category\/polska\/\" rel=\"category tag\">POLSKA<\/a>, <a href=\"https:\/\/balticwind.eu\/pl\/category\/projekty\/\" rel=\"category tag\">PROJEKTY<\/a><span class=\"fusion-inline-sep\">|<\/span><\/p><\/div><div class=\"fusion-clearfix\"><\/div><\/article>\n<article id=\"blog-15-post-45996\" class=\"fusion-post-medium-alternate post-45996 post type-post status-publish format-standard has-post-thumbnail hentry category-energia-wiatrowa-offshore category-energia-wiatrowa-onshore category-opinie category-polska category-projekty category-regulatory-pl\">\n<div class=\"fusion-date-and-formats\"><div class=\"fusion-date-box updated\"><span class=\"fusion-date\">24<\/span><span class=\"fusion-month-year\">04, 2026<\/span><\/div><div class=\"fusion-format-box\"><i class=\"fusion-icon-pen\" aria-hidden=\"true\"><\/i><\/div><\/div>\t<style type=\"text\/css\">\n\t\t\n\t\t\n\t\t\n\t\t\n\t\t\t<\/style>\n\n\n\t\t\t<div class=\"fusion-flexslider flexslider fusion-flexslider-loading fusion-post-slideshow\" style=\"\">\n\t\t<ul class=\"slides\">\n\t\t\t\n\t\t\t\t\t\t\t\t\t\t\t\t\t\t<li>\n\n<div  class=\"fusion-image-wrapper fusion-image-size-fixed\" aria-haspopup=\"true\">\n\t\n\t\n\t\t\t\n\t\t\t\t<a href=\"https:\/\/balticwind.eu\/pl\/europejczycy-w-tym-polacy-przeceniaja-niezaleznosc-energetyczna-swoich-krajow-wynika-z-badania-orsted\/\" aria-label=\"Europejczycy, w tym Polacy, przeceniaj\u0105 niezale\u017cno\u015b\u0107 energetyczn\u0105 swoich kraj\u00f3w &#8211; wynika z badania \u00d8rsted\">\n\t\t\n\t\t\n\t\t\t\t\t<img width=\"320\" height=\"202\" src=\"https:\/\/balticwind.eu\/wp-content\/uploads\/2024\/07\/karsten-wurth-ZKWgoRUYuMk-unsplash-320x202.jpg\" class=\"attachment-blog-medium size-blog-medium wp-post-image\" alt=\"Source: Unsplash\" decoding=\"async\" loading=\"lazy\" srcset=\"https:\/\/balticwind.eu\/wp-content\/uploads\/2024\/07\/karsten-wurth-ZKWgoRUYuMk-unsplash-320x202.jpg 320w, https:\/\/balticwind.eu\/wp-content\/uploads\/2024\/07\/karsten-wurth-ZKWgoRUYuMk-unsplash-700x441.jpg 700w\" sizes=\"(max-width: 320px) 100vw, 320px\" \/>\n\t\n\n\n\t\t\t\t<\/a>\n\t\t\n\t\n<\/div>\n<\/li>\n\t\t\t\n\t\t\t\n\t\t\t\t\t\t\t\t\t\t\t\t\t\t\t\t\t\t\t\t\t\t\t\t\t\t\t\t\t\t\t\t\t\t\t\t\t\t\t\t\t\t\t\t\t\t\t\t\t\t\t\t\t\t\t\t\t\t\t\t\t\t\t\t\t\t\t\t<\/ul>\n\t<\/div>\n\t<div class=\"fusion-post-content post-content\"><h2 class=\"blog-shortcode-post-title entry-title\"><a href=\"https:\/\/balticwind.eu\/pl\/europejczycy-w-tym-polacy-przeceniaja-niezaleznosc-energetyczna-swoich-krajow-wynika-z-badania-orsted\/\">Europejczycy, w tym Polacy, przeceniaj\u0105 niezale\u017cno\u015b\u0107 energetyczn\u0105 swoich kraj\u00f3w &#8211; wynika z badania \u00d8rsted<\/a><\/h2><p class=\"fusion-single-line-meta\"><span class=\"vcard\" style=\"display: none;\"><span class=\"fn\"><a href=\"https:\/\/balticwind.eu\/pl\/author\/maja-moshotmail-com\/\" title=\"Wpisy od Maja Moskal\" rel=\"author\">Maja Moskal<\/a><\/span><\/span><span class=\"updated\" style=\"display:none;\">2026-04-23T11:45:49+02:00<\/span><a href=\"https:\/\/balticwind.eu\/pl\/category\/energia-wiatrowa-offshore\/\" rel=\"category tag\">OFFSHORE<\/a>, <a href=\"https:\/\/balticwind.eu\/pl\/category\/energia-wiatrowa-onshore\/\" rel=\"category tag\">ONSHORE<\/a>, <a href=\"https:\/\/balticwind.eu\/pl\/category\/opinie\/\" rel=\"category tag\">OPINIE<\/a>, <a href=\"https:\/\/balticwind.eu\/pl\/category\/polska\/\" rel=\"category tag\">POLSKA<\/a>, <a href=\"https:\/\/balticwind.eu\/pl\/category\/projekty\/\" rel=\"category tag\">PROJEKTY<\/a>, <a href=\"https:\/\/balticwind.eu\/pl\/category\/regulatory-pl\/\" rel=\"category tag\">REGULACJE<\/a><span class=\"fusion-inline-sep\">|<\/span><\/p><\/div><div class=\"fusion-clearfix\"><\/div><\/article>\n<\/div><\/div><\/div><style type=\"text\/css\">.fusion-body .fusion-builder-column-28{width:50% !important;margin-top : 0px;margin-bottom : 20px;}.fusion-builder-column-28 > .fusion-column-wrapper {padding-top : 0px !important;padding-right : 0px !important;margin-right : 3.84%;padding-bottom : 0px !important;padding-left : 0px !important;margin-left : 3.84%;}@media only screen and (max-width:1024px) {.fusion-body .fusion-builder-column-28{width:100% !important;}.fusion-builder-column-28 > .fusion-column-wrapper {margin-right : 1.92%;margin-left : 1.92%;}}@media only screen and (max-width:640px) {.fusion-body .fusion-builder-column-28{width:100% !important;}.fusion-builder-column-28 > .fusion-column-wrapper {margin-right : 1.92%;margin-left : 1.92%;}}<\/style><\/div><\/div><style type=\"text\/css\">.fusion-body .fusion-flex-container.fusion-builder-row-16{ padding-top : 30px;margin-top : 0px;padding-right : 0px;padding-bottom : 0px;margin-bottom : 0px;padding-left : 0px;}<\/style><\/div><\/div><div id=\"biznes\"><div class=\"fusion-fullwidth fullwidth-box fusion-builder-row-17 fusion-flex-container nonhundred-percent-fullwidth non-hundred-percent-height-scrolling\" style=\"background-color: rgba(255,255,255,0);background-position: center center;background-repeat: no-repeat;border-width: 0px 0px 0px 0px;border-color:#eaeaea;border-style:solid;\" ><div class=\"fusion-builder-row fusion-row fusion-flex-align-items-flex-start\" style=\"max-width:1289.6px;margin-left: calc(-4% \/ 2 );margin-right: calc(-4% \/ 2 );\"><div class=\"fusion-layout-column fusion_builder_column fusion-builder-column-29 fusion_builder_column_1_2 1_2 fusion-flex-column\"><div class=\"fusion-column-wrapper fusion-flex-justify-content-flex-start fusion-content-layout-column\" style=\"background-position:left top;background-repeat:no-repeat;-webkit-background-size:cover;-moz-background-size:cover;-o-background-size:cover;background-size:cover;padding: 0px 0px 0px 0px;\"><div class=\"fusion-separator fusion-full-width-sep\" style=\"align-self: center;margin-left: auto;margin-right: auto;margin-bottom:10px;width:100%;max-width:100%;\"><div class=\"fusion-separator-border sep-single sep-solid\" style=\"border-color:#1f2a3b;border-top-width:12px;\"><\/div><\/div><style type=\"text\/css\">@media only screen and (max-width:1024px) {.fusion-title.fusion-title-17{margin-top:-15px!important; margin-right:0px!important;margin-bottom:20px!important;margin-left:0px!important;}}@media only screen and (max-width:640px) {.fusion-title.fusion-title-17{margin-top:0px!important; margin-right:0px!important;margin-bottom:20px!important; margin-left:0px!important;}}<\/style><div class=\"fusion-title title fusion-title-17 fusion-title-text fusion-title-size-five\" style=\"margin-top:-15px;margin-right:0px;margin-bottom:20px;margin-left:0px;\"><div class=\"title-sep-container title-sep-container-left fusion-no-large-visibility fusion-no-medium-visibility fusion-no-small-visibility\"><div class=\"title-sep sep-\" style=\"border-color:#eaeaea;\"><\/div><\/div><h5 class=\"title-heading-left fusion-responsive-typography-calculated\" style=\"margin:0;--fontSize:17;line-height:1.76;\"><h5 style=\"text-align: left;\">SZWECJA<\/h5><\/h5><div class=\"title-sep-container title-sep-container-right\"><div class=\"title-sep sep-\" style=\"border-color:#eaeaea;\"><\/div><\/div><\/div><div class=\"fusion-blog-shortcode fusion-blog-shortcode-16 fusion-blog-archive fusion-blog-layout-medium-alternate fusion-blog-no\"><div class=\"fusion-posts-container fusion-posts-container-no\" data-pages=\"82\"><article id=\"blog-16-post-46024\" class=\"fusion-post-medium-alternate post-46024 post type-post status-publish format-standard has-post-thumbnail hentry category-dania category-estonia-pl category-finlandia category-litwa category-lotwa category-niemcy category-energia-wiatrowa-offshore category-polska category-regulatory-pl category-szwecja\">\n<div class=\"fusion-date-and-formats\"><div class=\"fusion-date-box updated\"><span class=\"fusion-date\">24<\/span><span class=\"fusion-month-year\">04, 2026<\/span><\/div><div class=\"fusion-format-box\"><i class=\"fusion-icon-pen\" aria-hidden=\"true\"><\/i><\/div><\/div>\t<style type=\"text\/css\">\n\t\t\n\t\t\n\t\t\n\t\t\n\t\t\t<\/style>\n\n\n\t\t\t<div class=\"fusion-flexslider flexslider fusion-flexslider-loading fusion-post-slideshow\" style=\"\">\n\t\t<ul class=\"slides\">\n\t\t\t\n\t\t\t\t\t\t\t\t\t\t\t\t\t\t<li>\n\n<div  class=\"fusion-image-wrapper fusion-image-size-fixed\" aria-haspopup=\"true\">\n\t\n\t\n\t\t\t\n\t\t\t\t<a href=\"https:\/\/balticwind.eu\/pl\/europa-potrzebuje-energii-wytwarzanej-na-wlasnym-terenie-na-duza-skale-a-morska-energetyka-wiatrowa-przygotowuje-sie-do-jej-dostarczenia\/\" aria-label=\"Europa potrzebuje energii wytwarzanej na w\u0142asnym terenie na du\u017c\u0105 skal\u0119, a morska energetyka wiatrowa przygotowuje si\u0119 do jej dostarczenia\">\n\t\t\n\t\t\n\t\t\t\t\t<img width=\"320\" height=\"202\" src=\"https:\/\/balticwind.eu\/wp-content\/uploads\/2026\/04\/germany-offshore-wind-dawn-dusk-purple-pink-sky-1200x675-1-320x202.jpg\" class=\"attachment-blog-medium size-blog-medium wp-post-image\" alt=\"\" decoding=\"async\" loading=\"lazy\" srcset=\"https:\/\/balticwind.eu\/wp-content\/uploads\/2026\/04\/germany-offshore-wind-dawn-dusk-purple-pink-sky-1200x675-1-320x202.jpg 320w, https:\/\/balticwind.eu\/wp-content\/uploads\/2026\/04\/germany-offshore-wind-dawn-dusk-purple-pink-sky-1200x675-1-700x441.jpg 700w\" sizes=\"(max-width: 320px) 100vw, 320px\" \/>\n\t\n\n\n\t\t\t\t<\/a>\n\t\t\n\t\n<\/div>\n<\/li>\n\t\t\t\n\t\t\t\n\t\t\t\t\t\t\t\t\t\t\t\t\t\t\t\t\t\t\t\t\t\t\t\t\t\t\t\t\t\t\t\t\t\t\t\t\t\t\t\t\t\t\t\t\t\t\t\t\t\t\t\t\t\t\t\t\t\t\t\t\t\t\t\t\t\t\t\t<\/ul>\n\t<\/div>\n\t<div class=\"fusion-post-content post-content\"><h2 class=\"blog-shortcode-post-title entry-title\"><a href=\"https:\/\/balticwind.eu\/pl\/europa-potrzebuje-energii-wytwarzanej-na-wlasnym-terenie-na-duza-skale-a-morska-energetyka-wiatrowa-przygotowuje-sie-do-jej-dostarczenia\/\">Europa potrzebuje energii wytwarzanej na w\u0142asnym terenie na du\u017c\u0105 skal\u0119, a morska energetyka wiatrowa przygotowuje si\u0119 do jej dostarczenia<\/a><\/h2><p class=\"fusion-single-line-meta\"><span class=\"vcard\" style=\"display: none;\"><span class=\"fn\"><a href=\"https:\/\/balticwind.eu\/pl\/author\/maja-moshotmail-com\/\" title=\"Wpisy od Maja Moskal\" rel=\"author\">Maja Moskal<\/a><\/span><\/span><span class=\"updated\" style=\"display:none;\">2026-04-24T16:08:04+02:00<\/span><a href=\"https:\/\/balticwind.eu\/pl\/category\/dania\/\" rel=\"category tag\">DANIA<\/a>, <a href=\"https:\/\/balticwind.eu\/pl\/category\/estonia-pl\/\" rel=\"category tag\">ESTONIA<\/a>, <a href=\"https:\/\/balticwind.eu\/pl\/category\/finlandia\/\" rel=\"category tag\">FINLANDIA<\/a>, <a href=\"https:\/\/balticwind.eu\/pl\/category\/litwa\/\" rel=\"category tag\">LITWA<\/a>, <a href=\"https:\/\/balticwind.eu\/pl\/category\/lotwa\/\" rel=\"category tag\">\u0141OTWA<\/a>, <a href=\"https:\/\/balticwind.eu\/pl\/category\/niemcy\/\" rel=\"category tag\">NIEMCY<\/a>, <a href=\"https:\/\/balticwind.eu\/pl\/category\/energia-wiatrowa-offshore\/\" rel=\"category tag\">OFFSHORE<\/a>, <a href=\"https:\/\/balticwind.eu\/pl\/category\/polska\/\" rel=\"category tag\">POLSKA<\/a>, <a href=\"https:\/\/balticwind.eu\/pl\/category\/regulatory-pl\/\" rel=\"category tag\">REGULACJE<\/a>, <a href=\"https:\/\/balticwind.eu\/pl\/category\/szwecja\/\" rel=\"category tag\">SZWECJA<\/a><span class=\"fusion-inline-sep\">|<\/span><\/p><\/div><div class=\"fusion-clearfix\"><\/div><\/article>\n<article id=\"blog-16-post-45967\" class=\"fusion-post-medium-alternate post-45967 post type-post status-publish format-standard has-post-thumbnail hentry category-dania category-estonia-pl category-finlandia category-litwa category-lotwa category-niemcy category-energia-wiatrowa-offshore category-energia-wiatrowa-onshore category-opinie category-polska category-projekty category-regulatory-pl category-szwecja\">\n<div class=\"fusion-date-and-formats\"><div class=\"fusion-date-box updated\"><span class=\"fusion-date\">20<\/span><span class=\"fusion-month-year\">04, 2026<\/span><\/div><div class=\"fusion-format-box\"><i class=\"fusion-icon-pen\" aria-hidden=\"true\"><\/i><\/div><\/div>\t<style type=\"text\/css\">\n\t\t\n\t\t\n\t\t\n\t\t\n\t\t\t<\/style>\n\n\n\t\t\t<div class=\"fusion-flexslider flexslider fusion-flexslider-loading fusion-post-slideshow\" style=\"\">\n\t\t<ul class=\"slides\">\n\t\t\t\n\t\t\t\t\t\t\t\t\t\t\t\t\t\t<li>\n\n<div  class=\"fusion-image-wrapper fusion-image-size-fixed\" aria-haspopup=\"true\">\n\t\n\t\n\t\t\t\n\t\t\t\t<a href=\"https:\/\/balticwind.eu\/pl\/235-kluczowych-transgranicznych-projektow-energetycznych-majacych-na-celu-wzmocnienie-wzajemnych-polaczen-w-europie\/\" aria-label=\"235 kluczowych transgranicznych projekt\u00f3w energetycznych maj\u0105cych na celu wzmocnienie wzajemnych po\u0142\u0105cze\u0144 w Europie\">\n\t\t\n\t\t\n\t\t\t\t\t<img width=\"320\" height=\"202\" src=\"https:\/\/balticwind.eu\/wp-content\/uploads\/2026\/04\/PCI_List_News-320x202.jpg\" class=\"attachment-blog-medium size-blog-medium wp-post-image\" alt=\"\" decoding=\"async\" loading=\"lazy\" srcset=\"https:\/\/balticwind.eu\/wp-content\/uploads\/2026\/04\/PCI_List_News-320x202.jpg 320w, https:\/\/balticwind.eu\/wp-content\/uploads\/2026\/04\/PCI_List_News-700x441.jpg 700w\" sizes=\"(max-width: 320px) 100vw, 320px\" \/>\n\t\n\n\n\t\t\t\t<\/a>\n\t\t\n\t\n<\/div>\n<\/li>\n\t\t\t\n\t\t\t\n\t\t\t\t\t\t\t\t\t\t\t\t\t\t\t\t\t\t\t\t\t\t\t\t\t\t\t\t\t\t\t\t\t\t\t\t\t\t\t\t\t\t\t\t\t\t\t\t\t\t\t\t\t\t\t\t\t\t\t\t\t\t\t\t\t\t\t\t<\/ul>\n\t<\/div>\n\t<div class=\"fusion-post-content post-content\"><h2 class=\"blog-shortcode-post-title entry-title\"><a href=\"https:\/\/balticwind.eu\/pl\/235-kluczowych-transgranicznych-projektow-energetycznych-majacych-na-celu-wzmocnienie-wzajemnych-polaczen-w-europie\/\">235 kluczowych transgranicznych projekt\u00f3w energetycznych maj\u0105cych na celu wzmocnienie wzajemnych po\u0142\u0105cze\u0144 w Europie<\/a><\/h2><p class=\"fusion-single-line-meta\"><span class=\"vcard\" style=\"display: none;\"><span class=\"fn\"><a href=\"https:\/\/balticwind.eu\/pl\/author\/maja-moshotmail-com\/\" title=\"Wpisy od Maja Moskal\" rel=\"author\">Maja Moskal<\/a><\/span><\/span><span class=\"updated\" style=\"display:none;\">2026-04-20T10:09:23+02:00<\/span><a href=\"https:\/\/balticwind.eu\/pl\/category\/dania\/\" rel=\"category tag\">DANIA<\/a>, <a href=\"https:\/\/balticwind.eu\/pl\/category\/estonia-pl\/\" rel=\"category tag\">ESTONIA<\/a>, <a href=\"https:\/\/balticwind.eu\/pl\/category\/finlandia\/\" rel=\"category tag\">FINLANDIA<\/a>, <a href=\"https:\/\/balticwind.eu\/pl\/category\/litwa\/\" rel=\"category tag\">LITWA<\/a>, <a href=\"https:\/\/balticwind.eu\/pl\/category\/lotwa\/\" rel=\"category tag\">\u0141OTWA<\/a>, <a href=\"https:\/\/balticwind.eu\/pl\/category\/niemcy\/\" rel=\"category tag\">NIEMCY<\/a>, <a href=\"https:\/\/balticwind.eu\/pl\/category\/energia-wiatrowa-offshore\/\" rel=\"category tag\">OFFSHORE<\/a>, <a href=\"https:\/\/balticwind.eu\/pl\/category\/energia-wiatrowa-onshore\/\" rel=\"category tag\">ONSHORE<\/a>, <a href=\"https:\/\/balticwind.eu\/pl\/category\/opinie\/\" rel=\"category tag\">OPINIE<\/a>, <a href=\"https:\/\/balticwind.eu\/pl\/category\/polska\/\" rel=\"category tag\">POLSKA<\/a>, <a href=\"https:\/\/balticwind.eu\/pl\/category\/projekty\/\" rel=\"category tag\">PROJEKTY<\/a>, <a href=\"https:\/\/balticwind.eu\/pl\/category\/regulatory-pl\/\" rel=\"category tag\">REGULACJE<\/a>, <a href=\"https:\/\/balticwind.eu\/pl\/category\/szwecja\/\" rel=\"category tag\">SZWECJA<\/a><span class=\"fusion-inline-sep\">|<\/span><\/p><\/div><div class=\"fusion-clearfix\"><\/div><\/article>\n<article id=\"blog-16-post-45876\" class=\"fusion-post-medium-alternate post-45876 post type-post status-publish format-standard has-post-thumbnail hentry category-dania category-estonia-pl category-finlandia category-litwa category-lotwa category-niemcy category-energia-wiatrowa-offshore category-energia-wiatrowa-onshore category-opinie category-polska category-regulatory-pl category-szwecja category-top-news-pl\">\n<div class=\"fusion-date-and-formats\"><div class=\"fusion-date-box updated\"><span class=\"fusion-date\">25<\/span><span class=\"fusion-month-year\">03, 2026<\/span><\/div><div class=\"fusion-format-box\"><i class=\"fusion-icon-pen\" aria-hidden=\"true\"><\/i><\/div><\/div>\t<style type=\"text\/css\">\n\t\t\n\t\t\n\t\t\n\t\t\n\t\t\t<\/style>\n\n\n\t\t\t<div class=\"fusion-flexslider flexslider fusion-flexslider-loading fusion-post-slideshow\" style=\"\">\n\t\t<ul class=\"slides\">\n\t\t\t\n\t\t\t\t\t\t\t\t\t\t\t\t\t\t<li>\n\n<div  class=\"fusion-image-wrapper fusion-image-size-fixed\" aria-haspopup=\"true\">\n\t\n\t\n\t\t\t\n\t\t\t\t<a href=\"https:\/\/balticwind.eu\/pl\/oswiadczenie-przewodniczacej-von-der-leyen-podczas-wspolnej-konferencji-prasowej-z-prezydentem-costa-po-posiedzeniu-rady-europejskiej-w-marcu-2026-r\/\" aria-label=\"O\u015bwiadczenie przewodnicz\u0105cej von der Leyen podczas wsp\u00f3lnej konferencji prasowej z prezydentem Cost\u0105 po posiedzeniu Rady Europejskiej w marcu 2026 r.\">\n\t\t\n\t\t\n\t\t\t\t\t<img width=\"320\" height=\"202\" src=\"https:\/\/balticwind.eu\/wp-content\/uploads\/2026\/03\/P-069317_00-10_03-MED-665987-320x202.jpg\" class=\"attachment-blog-medium size-blog-medium wp-post-image\" alt=\"\" decoding=\"async\" loading=\"lazy\" srcset=\"https:\/\/balticwind.eu\/wp-content\/uploads\/2026\/03\/P-069317_00-10_03-MED-665987-320x202.jpg 320w, https:\/\/balticwind.eu\/wp-content\/uploads\/2026\/03\/P-069317_00-10_03-MED-665987-700x441.jpg 700w\" sizes=\"(max-width: 320px) 100vw, 320px\" \/>\n\t\n\n\n\t\t\t\t<\/a>\n\t\t\n\t\n<\/div>\n<\/li>\n\t\t\t\n\t\t\t\n\t\t\t\t\t\t\t\t\t\t\t\t\t\t\t\t\t\t\t\t\t\t\t\t\t\t\t\t\t\t\t\t\t\t\t\t\t\t\t\t\t\t\t\t\t\t\t\t\t\t\t\t\t\t\t\t\t\t\t\t\t\t\t\t\t\t\t\t<\/ul>\n\t<\/div>\n\t<div class=\"fusion-post-content post-content\"><h2 class=\"blog-shortcode-post-title entry-title\"><a href=\"https:\/\/balticwind.eu\/pl\/oswiadczenie-przewodniczacej-von-der-leyen-podczas-wspolnej-konferencji-prasowej-z-prezydentem-costa-po-posiedzeniu-rady-europejskiej-w-marcu-2026-r\/\">O\u015bwiadczenie przewodnicz\u0105cej von der Leyen podczas wsp\u00f3lnej konferencji prasowej z prezydentem Cost\u0105 po posiedzeniu Rady Europejskiej w marcu 2026 r.<\/a><\/h2><p class=\"fusion-single-line-meta\"><span class=\"vcard\" style=\"display: none;\"><span class=\"fn\"><a href=\"https:\/\/balticwind.eu\/pl\/author\/maja-moshotmail-com\/\" title=\"Wpisy od Maja Moskal\" rel=\"author\">Maja Moskal<\/a><\/span><\/span><span class=\"updated\" style=\"display:none;\">2026-03-25T08:16:34+01:00<\/span><a href=\"https:\/\/balticwind.eu\/pl\/category\/dania\/\" rel=\"category tag\">DANIA<\/a>, <a href=\"https:\/\/balticwind.eu\/pl\/category\/estonia-pl\/\" rel=\"category tag\">ESTONIA<\/a>, <a href=\"https:\/\/balticwind.eu\/pl\/category\/finlandia\/\" rel=\"category tag\">FINLANDIA<\/a>, <a href=\"https:\/\/balticwind.eu\/pl\/category\/litwa\/\" rel=\"category tag\">LITWA<\/a>, <a href=\"https:\/\/balticwind.eu\/pl\/category\/lotwa\/\" rel=\"category tag\">\u0141OTWA<\/a>, <a href=\"https:\/\/balticwind.eu\/pl\/category\/niemcy\/\" rel=\"category tag\">NIEMCY<\/a>, <a href=\"https:\/\/balticwind.eu\/pl\/category\/energia-wiatrowa-offshore\/\" rel=\"category tag\">OFFSHORE<\/a>, <a href=\"https:\/\/balticwind.eu\/pl\/category\/energia-wiatrowa-onshore\/\" rel=\"category tag\">ONSHORE<\/a>, <a href=\"https:\/\/balticwind.eu\/pl\/category\/opinie\/\" rel=\"category tag\">OPINIE<\/a>, <a href=\"https:\/\/balticwind.eu\/pl\/category\/polska\/\" rel=\"category tag\">POLSKA<\/a>, <a href=\"https:\/\/balticwind.eu\/pl\/category\/regulatory-pl\/\" rel=\"category tag\">REGULACJE<\/a>, <a href=\"https:\/\/balticwind.eu\/pl\/category\/szwecja\/\" rel=\"category tag\">SZWECJA<\/a>, <a href=\"https:\/\/balticwind.eu\/pl\/category\/top-news-pl\/\" rel=\"category tag\">TOP NEWS<\/a><span class=\"fusion-inline-sep\">|<\/span><\/p><\/div><div class=\"fusion-clearfix\"><\/div><\/article>\n<\/div><\/div><\/div><style type=\"text\/css\">.fusion-body .fusion-builder-column-29{width:50% !important;margin-top : 0px;margin-bottom : 20px;}.fusion-builder-column-29 > .fusion-column-wrapper {padding-top : 0px !important;padding-right : 0px !important;margin-right : 3.84%;padding-bottom : 0px !important;padding-left : 0px !important;margin-left : 3.84%;}@media only screen and (max-width:1024px) {.fusion-body .fusion-builder-column-29{width:100% !important;}.fusion-builder-column-29 > .fusion-column-wrapper {margin-right : 1.92%;margin-left : 1.92%;}}@media only screen and (max-width:640px) {.fusion-body .fusion-builder-column-29{width:100% !important;}.fusion-builder-column-29 > .fusion-column-wrapper {margin-right : 1.92%;margin-left : 1.92%;}}<\/style><\/div><div class=\"fusion-layout-column fusion_builder_column fusion-builder-column-30 fusion_builder_column_1_2 1_2 fusion-flex-column\"><div class=\"fusion-column-wrapper fusion-flex-justify-content-flex-start fusion-content-layout-column\" style=\"background-position:left top;background-repeat:no-repeat;-webkit-background-size:cover;-moz-background-size:cover;-o-background-size:cover;background-size:cover;padding: 0px 0px 0px 0px;\"><div class=\"fusion-separator fusion-full-width-sep\" style=\"align-self: center;margin-left: auto;margin-right: auto;margin-bottom:10px;width:100%;max-width:100%;\"><div class=\"fusion-separator-border sep-single sep-solid\" style=\"border-color:#1f2a3b;border-top-width:12px;\"><\/div><\/div><style type=\"text\/css\">@media only screen and (max-width:1024px) {.fusion-title.fusion-title-18{margin-top:-15px!important; margin-right:0px!important;margin-bottom:20px!important;margin-left:0px!important;}}@media only screen and (max-width:640px) {.fusion-title.fusion-title-18{margin-top:0px!important; margin-right:0px!important;margin-bottom:20px!important; margin-left:0px!important;}}<\/style><div class=\"fusion-title title fusion-title-18 fusion-title-text fusion-title-size-five\" style=\"margin-top:-15px;margin-right:0px;margin-bottom:20px;margin-left:0px;\"><div class=\"title-sep-container title-sep-container-left fusion-no-large-visibility fusion-no-medium-visibility fusion-no-small-visibility\"><div class=\"title-sep sep-\" style=\"border-color:#eaeaea;\"><\/div><\/div><h5 class=\"title-heading-left fusion-responsive-typography-calculated\" style=\"margin:0;--fontSize:17;line-height:1.76;\"><h5 style=\"text-align: left;\">FINLANDIA<\/h5><\/h5><div class=\"title-sep-container title-sep-container-right\"><div class=\"title-sep sep-\" style=\"border-color:#eaeaea;\"><\/div><\/div><\/div><div class=\"fusion-blog-shortcode fusion-blog-shortcode-17 fusion-blog-archive fusion-blog-layout-medium-alternate fusion-blog-no\"><div class=\"fusion-posts-container fusion-posts-container-no\" data-pages=\"73\"><article id=\"blog-17-post-46024\" class=\"fusion-post-medium-alternate post-46024 post type-post status-publish format-standard has-post-thumbnail hentry category-dania category-estonia-pl category-finlandia category-litwa category-lotwa category-niemcy category-energia-wiatrowa-offshore category-polska category-regulatory-pl category-szwecja\">\n<div class=\"fusion-date-and-formats\"><div class=\"fusion-date-box updated\"><span class=\"fusion-date\">24<\/span><span class=\"fusion-month-year\">04, 2026<\/span><\/div><div class=\"fusion-format-box\"><i class=\"fusion-icon-pen\" aria-hidden=\"true\"><\/i><\/div><\/div>\t<style type=\"text\/css\">\n\t\t\n\t\t\n\t\t\n\t\t\n\t\t\t<\/style>\n\n\n\t\t\t<div class=\"fusion-flexslider flexslider fusion-flexslider-loading fusion-post-slideshow\" style=\"\">\n\t\t<ul class=\"slides\">\n\t\t\t\n\t\t\t\t\t\t\t\t\t\t\t\t\t\t<li>\n\n<div  class=\"fusion-image-wrapper fusion-image-size-fixed\" aria-haspopup=\"true\">\n\t\n\t\n\t\t\t\n\t\t\t\t<a href=\"https:\/\/balticwind.eu\/pl\/europa-potrzebuje-energii-wytwarzanej-na-wlasnym-terenie-na-duza-skale-a-morska-energetyka-wiatrowa-przygotowuje-sie-do-jej-dostarczenia\/\" aria-label=\"Europa potrzebuje energii wytwarzanej na w\u0142asnym terenie na du\u017c\u0105 skal\u0119, a morska energetyka wiatrowa przygotowuje si\u0119 do jej dostarczenia\">\n\t\t\n\t\t\n\t\t\t\t\t<img width=\"320\" height=\"202\" src=\"https:\/\/balticwind.eu\/wp-content\/uploads\/2026\/04\/germany-offshore-wind-dawn-dusk-purple-pink-sky-1200x675-1-320x202.jpg\" class=\"attachment-blog-medium size-blog-medium wp-post-image\" alt=\"\" decoding=\"async\" loading=\"lazy\" srcset=\"https:\/\/balticwind.eu\/wp-content\/uploads\/2026\/04\/germany-offshore-wind-dawn-dusk-purple-pink-sky-1200x675-1-320x202.jpg 320w, https:\/\/balticwind.eu\/wp-content\/uploads\/2026\/04\/germany-offshore-wind-dawn-dusk-purple-pink-sky-1200x675-1-700x441.jpg 700w\" sizes=\"(max-width: 320px) 100vw, 320px\" \/>\n\t\n\n\n\t\t\t\t<\/a>\n\t\t\n\t\n<\/div>\n<\/li>\n\t\t\t\n\t\t\t\n\t\t\t\t\t\t\t\t\t\t\t\t\t\t\t\t\t\t\t\t\t\t\t\t\t\t\t\t\t\t\t\t\t\t\t\t\t\t\t\t\t\t\t\t\t\t\t\t\t\t\t\t\t\t\t\t\t\t\t\t\t\t\t\t\t\t\t\t<\/ul>\n\t<\/div>\n\t<div class=\"fusion-post-content post-content\"><h2 class=\"blog-shortcode-post-title entry-title\"><a href=\"https:\/\/balticwind.eu\/pl\/europa-potrzebuje-energii-wytwarzanej-na-wlasnym-terenie-na-duza-skale-a-morska-energetyka-wiatrowa-przygotowuje-sie-do-jej-dostarczenia\/\">Europa potrzebuje energii wytwarzanej na w\u0142asnym terenie na du\u017c\u0105 skal\u0119, a morska energetyka wiatrowa przygotowuje si\u0119 do jej dostarczenia<\/a><\/h2><p class=\"fusion-single-line-meta\"><span class=\"vcard\" style=\"display: none;\"><span class=\"fn\"><a href=\"https:\/\/balticwind.eu\/pl\/author\/maja-moshotmail-com\/\" title=\"Wpisy od Maja Moskal\" rel=\"author\">Maja Moskal<\/a><\/span><\/span><span class=\"updated\" style=\"display:none;\">2026-04-24T16:08:04+02:00<\/span><a href=\"https:\/\/balticwind.eu\/pl\/category\/dania\/\" rel=\"category tag\">DANIA<\/a>, <a href=\"https:\/\/balticwind.eu\/pl\/category\/estonia-pl\/\" rel=\"category tag\">ESTONIA<\/a>, <a href=\"https:\/\/balticwind.eu\/pl\/category\/finlandia\/\" rel=\"category tag\">FINLANDIA<\/a>, <a href=\"https:\/\/balticwind.eu\/pl\/category\/litwa\/\" rel=\"category tag\">LITWA<\/a>, <a href=\"https:\/\/balticwind.eu\/pl\/category\/lotwa\/\" rel=\"category tag\">\u0141OTWA<\/a>, <a href=\"https:\/\/balticwind.eu\/pl\/category\/niemcy\/\" rel=\"category tag\">NIEMCY<\/a>, <a href=\"https:\/\/balticwind.eu\/pl\/category\/energia-wiatrowa-offshore\/\" rel=\"category tag\">OFFSHORE<\/a>, <a href=\"https:\/\/balticwind.eu\/pl\/category\/polska\/\" rel=\"category tag\">POLSKA<\/a>, <a href=\"https:\/\/balticwind.eu\/pl\/category\/regulatory-pl\/\" rel=\"category tag\">REGULACJE<\/a>, <a href=\"https:\/\/balticwind.eu\/pl\/category\/szwecja\/\" rel=\"category tag\">SZWECJA<\/a><span class=\"fusion-inline-sep\">|<\/span><\/p><\/div><div class=\"fusion-clearfix\"><\/div><\/article>\n<article id=\"blog-17-post-45967\" class=\"fusion-post-medium-alternate post-45967 post type-post status-publish format-standard has-post-thumbnail hentry category-dania category-estonia-pl category-finlandia category-litwa category-lotwa category-niemcy category-energia-wiatrowa-offshore category-energia-wiatrowa-onshore category-opinie category-polska category-projekty category-regulatory-pl category-szwecja\">\n<div class=\"fusion-date-and-formats\"><div class=\"fusion-date-box updated\"><span class=\"fusion-date\">20<\/span><span class=\"fusion-month-year\">04, 2026<\/span><\/div><div class=\"fusion-format-box\"><i class=\"fusion-icon-pen\" aria-hidden=\"true\"><\/i><\/div><\/div>\t<style type=\"text\/css\">\n\t\t\n\t\t\n\t\t\n\t\t\n\t\t\t<\/style>\n\n\n\t\t\t<div class=\"fusion-flexslider flexslider fusion-flexslider-loading fusion-post-slideshow\" style=\"\">\n\t\t<ul class=\"slides\">\n\t\t\t\n\t\t\t\t\t\t\t\t\t\t\t\t\t\t<li>\n\n<div  class=\"fusion-image-wrapper fusion-image-size-fixed\" aria-haspopup=\"true\">\n\t\n\t\n\t\t\t\n\t\t\t\t<a href=\"https:\/\/balticwind.eu\/pl\/235-kluczowych-transgranicznych-projektow-energetycznych-majacych-na-celu-wzmocnienie-wzajemnych-polaczen-w-europie\/\" aria-label=\"235 kluczowych transgranicznych projekt\u00f3w energetycznych maj\u0105cych na celu wzmocnienie wzajemnych po\u0142\u0105cze\u0144 w Europie\">\n\t\t\n\t\t\n\t\t\t\t\t<img width=\"320\" height=\"202\" src=\"https:\/\/balticwind.eu\/wp-content\/uploads\/2026\/04\/PCI_List_News-320x202.jpg\" class=\"attachment-blog-medium size-blog-medium wp-post-image\" alt=\"\" decoding=\"async\" loading=\"lazy\" srcset=\"https:\/\/balticwind.eu\/wp-content\/uploads\/2026\/04\/PCI_List_News-320x202.jpg 320w, https:\/\/balticwind.eu\/wp-content\/uploads\/2026\/04\/PCI_List_News-700x441.jpg 700w\" sizes=\"(max-width: 320px) 100vw, 320px\" \/>\n\t\n\n\n\t\t\t\t<\/a>\n\t\t\n\t\n<\/div>\n<\/li>\n\t\t\t\n\t\t\t\n\t\t\t\t\t\t\t\t\t\t\t\t\t\t\t\t\t\t\t\t\t\t\t\t\t\t\t\t\t\t\t\t\t\t\t\t\t\t\t\t\t\t\t\t\t\t\t\t\t\t\t\t\t\t\t\t\t\t\t\t\t\t\t\t\t\t\t\t<\/ul>\n\t<\/div>\n\t<div class=\"fusion-post-content post-content\"><h2 class=\"blog-shortcode-post-title entry-title\"><a href=\"https:\/\/balticwind.eu\/pl\/235-kluczowych-transgranicznych-projektow-energetycznych-majacych-na-celu-wzmocnienie-wzajemnych-polaczen-w-europie\/\">235 kluczowych transgranicznych projekt\u00f3w energetycznych maj\u0105cych na celu wzmocnienie wzajemnych po\u0142\u0105cze\u0144 w Europie<\/a><\/h2><p class=\"fusion-single-line-meta\"><span class=\"vcard\" style=\"display: none;\"><span class=\"fn\"><a href=\"https:\/\/balticwind.eu\/pl\/author\/maja-moshotmail-com\/\" title=\"Wpisy od Maja Moskal\" rel=\"author\">Maja Moskal<\/a><\/span><\/span><span class=\"updated\" style=\"display:none;\">2026-04-20T10:09:23+02:00<\/span><a href=\"https:\/\/balticwind.eu\/pl\/category\/dania\/\" rel=\"category tag\">DANIA<\/a>, <a href=\"https:\/\/balticwind.eu\/pl\/category\/estonia-pl\/\" rel=\"category tag\">ESTONIA<\/a>, <a href=\"https:\/\/balticwind.eu\/pl\/category\/finlandia\/\" rel=\"category tag\">FINLANDIA<\/a>, <a href=\"https:\/\/balticwind.eu\/pl\/category\/litwa\/\" rel=\"category tag\">LITWA<\/a>, <a href=\"https:\/\/balticwind.eu\/pl\/category\/lotwa\/\" rel=\"category tag\">\u0141OTWA<\/a>, <a href=\"https:\/\/balticwind.eu\/pl\/category\/niemcy\/\" rel=\"category tag\">NIEMCY<\/a>, <a href=\"https:\/\/balticwind.eu\/pl\/category\/energia-wiatrowa-offshore\/\" rel=\"category tag\">OFFSHORE<\/a>, <a href=\"https:\/\/balticwind.eu\/pl\/category\/energia-wiatrowa-onshore\/\" rel=\"category tag\">ONSHORE<\/a>, <a href=\"https:\/\/balticwind.eu\/pl\/category\/opinie\/\" rel=\"category tag\">OPINIE<\/a>, <a href=\"https:\/\/balticwind.eu\/pl\/category\/polska\/\" rel=\"category tag\">POLSKA<\/a>, <a href=\"https:\/\/balticwind.eu\/pl\/category\/projekty\/\" rel=\"category tag\">PROJEKTY<\/a>, <a href=\"https:\/\/balticwind.eu\/pl\/category\/regulatory-pl\/\" rel=\"category tag\">REGULACJE<\/a>, <a href=\"https:\/\/balticwind.eu\/pl\/category\/szwecja\/\" rel=\"category tag\">SZWECJA<\/a><span class=\"fusion-inline-sep\">|<\/span><\/p><\/div><div class=\"fusion-clearfix\"><\/div><\/article>\n<article id=\"blog-17-post-45962\" class=\"fusion-post-medium-alternate post-45962 post type-post status-publish format-standard has-post-thumbnail hentry category-finlandia category-energia-wiatrowa-offshore category-energia-wiatrowa-onshore category-opinie category-projekty category-regulatory-pl category-top-news-pl\">\n<div class=\"fusion-date-and-formats\"><div class=\"fusion-date-box updated\"><span class=\"fusion-date\">20<\/span><span class=\"fusion-month-year\">04, 2026<\/span><\/div><div class=\"fusion-format-box\"><i class=\"fusion-icon-pen\" aria-hidden=\"true\"><\/i><\/div><\/div>\t<style type=\"text\/css\">\n\t\t\n\t\t\n\t\t\n\t\t\n\t\t\t<\/style>\n\n\n\t\t\t<div class=\"fusion-flexslider flexslider fusion-flexslider-loading fusion-post-slideshow\" style=\"\">\n\t\t<ul class=\"slides\">\n\t\t\t\n\t\t\t\t\t\t\t\t\t\t\t\t\t\t<li>\n\n<div  class=\"fusion-image-wrapper fusion-image-size-fixed\" aria-haspopup=\"true\">\n\t\n\t\n\t\t\t\n\t\t\t\t<a href=\"https:\/\/balticwind.eu\/pl\/finlandia-dysponuje-obecnie-ponad-10-gw-mocy-energii-wiatrowej-i-slonecznej\/\" aria-label=\"Finlandia dysponuje obecnie ponad 10 GW mocy energii wiatrowej i s\u0142onecznej\">\n\t\t\n\t\t\n\t\t\t\t\t<img width=\"320\" height=\"202\" src=\"https:\/\/balticwind.eu\/wp-content\/uploads\/2024\/12\/wind-power-7436584_1280-320x202.jpg\" class=\"attachment-blog-medium size-blog-medium wp-post-image\" alt=\"Source: Pixabay\" decoding=\"async\" loading=\"lazy\" srcset=\"https:\/\/balticwind.eu\/wp-content\/uploads\/2024\/12\/wind-power-7436584_1280-320x202.jpg 320w, https:\/\/balticwind.eu\/wp-content\/uploads\/2024\/12\/wind-power-7436584_1280-700x441.jpg 700w\" sizes=\"(max-width: 320px) 100vw, 320px\" \/>\n\t\n\n\n\t\t\t\t<\/a>\n\t\t\n\t\n<\/div>\n<\/li>\n\t\t\t\n\t\t\t\n\t\t\t\t\t\t\t\t\t\t\t\t\t\t\t\t\t\t\t\t\t\t\t\t\t\t\t\t\t\t\t\t\t\t\t\t\t\t\t\t\t\t\t\t\t\t\t\t\t\t\t\t\t\t\t\t\t\t\t\t\t\t\t\t\t\t\t\t<\/ul>\n\t<\/div>\n\t<div class=\"fusion-post-content post-content\"><h2 class=\"blog-shortcode-post-title entry-title\"><a href=\"https:\/\/balticwind.eu\/pl\/finlandia-dysponuje-obecnie-ponad-10-gw-mocy-energii-wiatrowej-i-slonecznej\/\">Finlandia dysponuje obecnie ponad 10 GW mocy energii wiatrowej i s\u0142onecznej<\/a><\/h2><p class=\"fusion-single-line-meta\"><span class=\"vcard\" style=\"display: none;\"><span class=\"fn\"><a href=\"https:\/\/balticwind.eu\/pl\/author\/maja-moshotmail-com\/\" title=\"Wpisy od Maja Moskal\" rel=\"author\">Maja Moskal<\/a><\/span><\/span><span class=\"updated\" style=\"display:none;\">2026-04-20T10:05:26+02:00<\/span><a href=\"https:\/\/balticwind.eu\/pl\/category\/finlandia\/\" rel=\"category tag\">FINLANDIA<\/a>, <a href=\"https:\/\/balticwind.eu\/pl\/category\/energia-wiatrowa-offshore\/\" rel=\"category tag\">OFFSHORE<\/a>, <a href=\"https:\/\/balticwind.eu\/pl\/category\/energia-wiatrowa-onshore\/\" rel=\"category tag\">ONSHORE<\/a>, <a href=\"https:\/\/balticwind.eu\/pl\/category\/opinie\/\" rel=\"category tag\">OPINIE<\/a>, <a href=\"https:\/\/balticwind.eu\/pl\/category\/projekty\/\" rel=\"category tag\">PROJEKTY<\/a>, <a href=\"https:\/\/balticwind.eu\/pl\/category\/regulatory-pl\/\" rel=\"category tag\">REGULACJE<\/a>, <a href=\"https:\/\/balticwind.eu\/pl\/category\/top-news-pl\/\" rel=\"category tag\">TOP NEWS<\/a><span class=\"fusion-inline-sep\">|<\/span><\/p><\/div><div class=\"fusion-clearfix\"><\/div><\/article>\n<\/div><\/div><\/div><style type=\"text\/css\">.fusion-body .fusion-builder-column-30{width:50% !important;margin-top : 0px;margin-bottom : 20px;}.fusion-builder-column-30 > .fusion-column-wrapper {padding-top : 0px !important;padding-right : 0px !important;margin-right : 3.84%;padding-bottom : 0px !important;padding-left : 0px !important;margin-left : 3.84%;}@media only screen and (max-width:1024px) {.fusion-body .fusion-builder-column-30{width:100% !important;}.fusion-builder-column-30 > .fusion-column-wrapper {margin-right : 1.92%;margin-left : 1.92%;}}@media only screen and (max-width:640px) {.fusion-body .fusion-builder-column-30{width:100% !important;}.fusion-builder-column-30 > .fusion-column-wrapper {margin-right : 1.92%;margin-left : 1.92%;}}<\/style><\/div><\/div><style type=\"text\/css\">.fusion-body .fusion-flex-container.fusion-builder-row-17{ padding-top : 30px;margin-top : 0px;padding-right : 0px;padding-bottom : 0px;margin-bottom : 0px;padding-left : 0px;}<\/style><\/div><\/div><div id=\"biznes\"><div class=\"fusion-fullwidth fullwidth-box fusion-builder-row-18 fusion-flex-container nonhundred-percent-fullwidth non-hundred-percent-height-scrolling\" style=\"background-color: rgba(255,255,255,0);background-position: center center;background-repeat: no-repeat;border-width: 0px 0px 0px 0px;border-color:#eaeaea;border-style:solid;\" ><div class=\"fusion-builder-row fusion-row fusion-flex-align-items-flex-start\" style=\"max-width:1289.6px;margin-left: calc(-4% \/ 2 );margin-right: calc(-4% \/ 2 );\"><div class=\"fusion-layout-column fusion_builder_column fusion-builder-column-31 fusion_builder_column_1_2 1_2 fusion-flex-column\"><div class=\"fusion-column-wrapper fusion-flex-justify-content-flex-start fusion-content-layout-column\" style=\"background-position:left top;background-repeat:no-repeat;-webkit-background-size:cover;-moz-background-size:cover;-o-background-size:cover;background-size:cover;padding: 0px 0px 0px 0px;\"><div class=\"fusion-separator fusion-full-width-sep\" style=\"align-self: center;margin-left: auto;margin-right: auto;margin-bottom:10px;width:100%;max-width:100%;\"><div class=\"fusion-separator-border sep-single sep-solid\" style=\"border-color:#1f2a3b;border-top-width:12px;\"><\/div><\/div><style type=\"text\/css\">@media only screen and (max-width:1024px) {.fusion-title.fusion-title-19{margin-top:-15px!important; margin-right:0px!important;margin-bottom:20px!important;margin-left:0px!important;}}@media only screen and (max-width:640px) {.fusion-title.fusion-title-19{margin-top:0px!important; margin-right:0px!important;margin-bottom:20px!important; margin-left:0px!important;}}<\/style><div class=\"fusion-title title fusion-title-19 fusion-title-text fusion-title-size-five\" style=\"margin-top:-15px;margin-right:0px;margin-bottom:20px;margin-left:0px;\"><div class=\"title-sep-container title-sep-container-left fusion-no-large-visibility fusion-no-medium-visibility fusion-no-small-visibility\"><div class=\"title-sep sep-\" style=\"border-color:#eaeaea;\"><\/div><\/div><h5 class=\"title-heading-left fusion-responsive-typography-calculated\" style=\"margin:0;--fontSize:17;line-height:1.76;\"><h5 style=\"text-align: left;\">Dania<\/h5><\/h5><div class=\"title-sep-container title-sep-container-right\"><div class=\"title-sep sep-\" style=\"border-color:#eaeaea;\"><\/div><\/div><\/div><div class=\"fusion-blog-shortcode fusion-blog-shortcode-18 fusion-blog-archive fusion-blog-layout-medium-alternate fusion-blog-no\"><div class=\"fusion-posts-container fusion-posts-container-no\" data-pages=\"57\"><article id=\"blog-18-post-46024\" class=\"fusion-post-medium-alternate post-46024 post type-post status-publish format-standard has-post-thumbnail hentry category-dania category-estonia-pl category-finlandia category-litwa category-lotwa category-niemcy category-energia-wiatrowa-offshore category-polska category-regulatory-pl category-szwecja\">\n<div class=\"fusion-date-and-formats\"><div class=\"fusion-date-box updated\"><span class=\"fusion-date\">24<\/span><span class=\"fusion-month-year\">04, 2026<\/span><\/div><div class=\"fusion-format-box\"><i class=\"fusion-icon-pen\" aria-hidden=\"true\"><\/i><\/div><\/div>\t<style type=\"text\/css\">\n\t\t\n\t\t\n\t\t\n\t\t\n\t\t\t<\/style>\n\n\n\t\t\t<div class=\"fusion-flexslider flexslider fusion-flexslider-loading fusion-post-slideshow\" style=\"\">\n\t\t<ul class=\"slides\">\n\t\t\t\n\t\t\t\t\t\t\t\t\t\t\t\t\t\t<li>\n\n<div  class=\"fusion-image-wrapper fusion-image-size-fixed\" aria-haspopup=\"true\">\n\t\n\t\n\t\t\t\n\t\t\t\t<a href=\"https:\/\/balticwind.eu\/pl\/europa-potrzebuje-energii-wytwarzanej-na-wlasnym-terenie-na-duza-skale-a-morska-energetyka-wiatrowa-przygotowuje-sie-do-jej-dostarczenia\/\" aria-label=\"Europa potrzebuje energii wytwarzanej na w\u0142asnym terenie na du\u017c\u0105 skal\u0119, a morska energetyka wiatrowa przygotowuje si\u0119 do jej dostarczenia\">\n\t\t\n\t\t\n\t\t\t\t\t<img width=\"320\" height=\"202\" src=\"https:\/\/balticwind.eu\/wp-content\/uploads\/2026\/04\/germany-offshore-wind-dawn-dusk-purple-pink-sky-1200x675-1-320x202.jpg\" class=\"attachment-blog-medium size-blog-medium wp-post-image\" alt=\"\" decoding=\"async\" loading=\"lazy\" srcset=\"https:\/\/balticwind.eu\/wp-content\/uploads\/2026\/04\/germany-offshore-wind-dawn-dusk-purple-pink-sky-1200x675-1-320x202.jpg 320w, https:\/\/balticwind.eu\/wp-content\/uploads\/2026\/04\/germany-offshore-wind-dawn-dusk-purple-pink-sky-1200x675-1-700x441.jpg 700w\" sizes=\"(max-width: 320px) 100vw, 320px\" \/>\n\t\n\n\n\t\t\t\t<\/a>\n\t\t\n\t\n<\/div>\n<\/li>\n\t\t\t\n\t\t\t\n\t\t\t\t\t\t\t\t\t\t\t\t\t\t\t\t\t\t\t\t\t\t\t\t\t\t\t\t\t\t\t\t\t\t\t\t\t\t\t\t\t\t\t\t\t\t\t\t\t\t\t\t\t\t\t\t\t\t\t\t\t\t\t\t\t\t\t\t<\/ul>\n\t<\/div>\n\t<div class=\"fusion-post-content post-content\"><h2 class=\"blog-shortcode-post-title entry-title\"><a href=\"https:\/\/balticwind.eu\/pl\/europa-potrzebuje-energii-wytwarzanej-na-wlasnym-terenie-na-duza-skale-a-morska-energetyka-wiatrowa-przygotowuje-sie-do-jej-dostarczenia\/\">Europa potrzebuje energii wytwarzanej na w\u0142asnym terenie na du\u017c\u0105 skal\u0119, a morska energetyka wiatrowa przygotowuje si\u0119 do jej dostarczenia<\/a><\/h2><p class=\"fusion-single-line-meta\"><span class=\"vcard\" style=\"display: none;\"><span class=\"fn\"><a href=\"https:\/\/balticwind.eu\/pl\/author\/maja-moshotmail-com\/\" title=\"Wpisy od Maja Moskal\" rel=\"author\">Maja Moskal<\/a><\/span><\/span><span class=\"updated\" style=\"display:none;\">2026-04-24T16:08:04+02:00<\/span><a href=\"https:\/\/balticwind.eu\/pl\/category\/dania\/\" rel=\"category tag\">DANIA<\/a>, <a href=\"https:\/\/balticwind.eu\/pl\/category\/estonia-pl\/\" rel=\"category tag\">ESTONIA<\/a>, <a href=\"https:\/\/balticwind.eu\/pl\/category\/finlandia\/\" rel=\"category tag\">FINLANDIA<\/a>, <a href=\"https:\/\/balticwind.eu\/pl\/category\/litwa\/\" rel=\"category tag\">LITWA<\/a>, <a href=\"https:\/\/balticwind.eu\/pl\/category\/lotwa\/\" rel=\"category tag\">\u0141OTWA<\/a>, <a href=\"https:\/\/balticwind.eu\/pl\/category\/niemcy\/\" rel=\"category tag\">NIEMCY<\/a>, <a href=\"https:\/\/balticwind.eu\/pl\/category\/energia-wiatrowa-offshore\/\" rel=\"category tag\">OFFSHORE<\/a>, <a href=\"https:\/\/balticwind.eu\/pl\/category\/polska\/\" rel=\"category tag\">POLSKA<\/a>, <a href=\"https:\/\/balticwind.eu\/pl\/category\/regulatory-pl\/\" rel=\"category tag\">REGULACJE<\/a>, <a href=\"https:\/\/balticwind.eu\/pl\/category\/szwecja\/\" rel=\"category tag\">SZWECJA<\/a><span class=\"fusion-inline-sep\">|<\/span><\/p><\/div><div class=\"fusion-clearfix\"><\/div><\/article>\n<article id=\"blog-18-post-45967\" class=\"fusion-post-medium-alternate post-45967 post type-post status-publish format-standard has-post-thumbnail hentry category-dania category-estonia-pl category-finlandia category-litwa category-lotwa category-niemcy category-energia-wiatrowa-offshore category-energia-wiatrowa-onshore category-opinie category-polska category-projekty category-regulatory-pl category-szwecja\">\n<div class=\"fusion-date-and-formats\"><div class=\"fusion-date-box updated\"><span class=\"fusion-date\">20<\/span><span class=\"fusion-month-year\">04, 2026<\/span><\/div><div class=\"fusion-format-box\"><i class=\"fusion-icon-pen\" aria-hidden=\"true\"><\/i><\/div><\/div>\t<style type=\"text\/css\">\n\t\t\n\t\t\n\t\t\n\t\t\n\t\t\t<\/style>\n\n\n\t\t\t<div class=\"fusion-flexslider flexslider fusion-flexslider-loading fusion-post-slideshow\" style=\"\">\n\t\t<ul class=\"slides\">\n\t\t\t\n\t\t\t\t\t\t\t\t\t\t\t\t\t\t<li>\n\n<div  class=\"fusion-image-wrapper fusion-image-size-fixed\" aria-haspopup=\"true\">\n\t\n\t\n\t\t\t\n\t\t\t\t<a href=\"https:\/\/balticwind.eu\/pl\/235-kluczowych-transgranicznych-projektow-energetycznych-majacych-na-celu-wzmocnienie-wzajemnych-polaczen-w-europie\/\" aria-label=\"235 kluczowych transgranicznych projekt\u00f3w energetycznych maj\u0105cych na celu wzmocnienie wzajemnych po\u0142\u0105cze\u0144 w Europie\">\n\t\t\n\t\t\n\t\t\t\t\t<img width=\"320\" height=\"202\" src=\"https:\/\/balticwind.eu\/wp-content\/uploads\/2026\/04\/PCI_List_News-320x202.jpg\" class=\"attachment-blog-medium size-blog-medium wp-post-image\" alt=\"\" decoding=\"async\" loading=\"lazy\" srcset=\"https:\/\/balticwind.eu\/wp-content\/uploads\/2026\/04\/PCI_List_News-320x202.jpg 320w, https:\/\/balticwind.eu\/wp-content\/uploads\/2026\/04\/PCI_List_News-700x441.jpg 700w\" sizes=\"(max-width: 320px) 100vw, 320px\" \/>\n\t\n\n\n\t\t\t\t<\/a>\n\t\t\n\t\n<\/div>\n<\/li>\n\t\t\t\n\t\t\t\n\t\t\t\t\t\t\t\t\t\t\t\t\t\t\t\t\t\t\t\t\t\t\t\t\t\t\t\t\t\t\t\t\t\t\t\t\t\t\t\t\t\t\t\t\t\t\t\t\t\t\t\t\t\t\t\t\t\t\t\t\t\t\t\t\t\t\t\t<\/ul>\n\t<\/div>\n\t<div class=\"fusion-post-content post-content\"><h2 class=\"blog-shortcode-post-title entry-title\"><a href=\"https:\/\/balticwind.eu\/pl\/235-kluczowych-transgranicznych-projektow-energetycznych-majacych-na-celu-wzmocnienie-wzajemnych-polaczen-w-europie\/\">235 kluczowych transgranicznych projekt\u00f3w energetycznych maj\u0105cych na celu wzmocnienie wzajemnych po\u0142\u0105cze\u0144 w Europie<\/a><\/h2><p class=\"fusion-single-line-meta\"><span class=\"vcard\" style=\"display: none;\"><span class=\"fn\"><a href=\"https:\/\/balticwind.eu\/pl\/author\/maja-moshotmail-com\/\" title=\"Wpisy od Maja Moskal\" rel=\"author\">Maja Moskal<\/a><\/span><\/span><span class=\"updated\" style=\"display:none;\">2026-04-20T10:09:23+02:00<\/span><a href=\"https:\/\/balticwind.eu\/pl\/category\/dania\/\" rel=\"category tag\">DANIA<\/a>, <a href=\"https:\/\/balticwind.eu\/pl\/category\/estonia-pl\/\" rel=\"category tag\">ESTONIA<\/a>, <a href=\"https:\/\/balticwind.eu\/pl\/category\/finlandia\/\" rel=\"category tag\">FINLANDIA<\/a>, <a href=\"https:\/\/balticwind.eu\/pl\/category\/litwa\/\" rel=\"category tag\">LITWA<\/a>, <a href=\"https:\/\/balticwind.eu\/pl\/category\/lotwa\/\" rel=\"category tag\">\u0141OTWA<\/a>, <a href=\"https:\/\/balticwind.eu\/pl\/category\/niemcy\/\" rel=\"category tag\">NIEMCY<\/a>, <a href=\"https:\/\/balticwind.eu\/pl\/category\/energia-wiatrowa-offshore\/\" rel=\"category tag\">OFFSHORE<\/a>, <a href=\"https:\/\/balticwind.eu\/pl\/category\/energia-wiatrowa-onshore\/\" rel=\"category tag\">ONSHORE<\/a>, <a href=\"https:\/\/balticwind.eu\/pl\/category\/opinie\/\" rel=\"category tag\">OPINIE<\/a>, <a href=\"https:\/\/balticwind.eu\/pl\/category\/polska\/\" rel=\"category tag\">POLSKA<\/a>, <a href=\"https:\/\/balticwind.eu\/pl\/category\/projekty\/\" rel=\"category tag\">PROJEKTY<\/a>, <a href=\"https:\/\/balticwind.eu\/pl\/category\/regulatory-pl\/\" rel=\"category tag\">REGULACJE<\/a>, <a href=\"https:\/\/balticwind.eu\/pl\/category\/szwecja\/\" rel=\"category tag\">SZWECJA<\/a><span class=\"fusion-inline-sep\">|<\/span><\/p><\/div><div class=\"fusion-clearfix\"><\/div><\/article>\n<article id=\"blog-18-post-45876\" class=\"fusion-post-medium-alternate post-45876 post type-post status-publish format-standard has-post-thumbnail hentry category-dania category-estonia-pl category-finlandia category-litwa category-lotwa category-niemcy category-energia-wiatrowa-offshore category-energia-wiatrowa-onshore category-opinie category-polska category-regulatory-pl category-szwecja category-top-news-pl\">\n<div class=\"fusion-date-and-formats\"><div class=\"fusion-date-box updated\"><span class=\"fusion-date\">25<\/span><span class=\"fusion-month-year\">03, 2026<\/span><\/div><div class=\"fusion-format-box\"><i class=\"fusion-icon-pen\" aria-hidden=\"true\"><\/i><\/div><\/div>\t<style type=\"text\/css\">\n\t\t\n\t\t\n\t\t\n\t\t\n\t\t\t<\/style>\n\n\n\t\t\t<div class=\"fusion-flexslider flexslider fusion-flexslider-loading fusion-post-slideshow\" style=\"\">\n\t\t<ul class=\"slides\">\n\t\t\t\n\t\t\t\t\t\t\t\t\t\t\t\t\t\t<li>\n\n<div  class=\"fusion-image-wrapper fusion-image-size-fixed\" aria-haspopup=\"true\">\n\t\n\t\n\t\t\t\n\t\t\t\t<a href=\"https:\/\/balticwind.eu\/pl\/oswiadczenie-przewodniczacej-von-der-leyen-podczas-wspolnej-konferencji-prasowej-z-prezydentem-costa-po-posiedzeniu-rady-europejskiej-w-marcu-2026-r\/\" aria-label=\"O\u015bwiadczenie przewodnicz\u0105cej von der Leyen podczas wsp\u00f3lnej konferencji prasowej z prezydentem Cost\u0105 po posiedzeniu Rady Europejskiej w marcu 2026 r.\">\n\t\t\n\t\t\n\t\t\t\t\t<img width=\"320\" height=\"202\" src=\"https:\/\/balticwind.eu\/wp-content\/uploads\/2026\/03\/P-069317_00-10_03-MED-665987-320x202.jpg\" class=\"attachment-blog-medium size-blog-medium wp-post-image\" alt=\"\" decoding=\"async\" loading=\"lazy\" srcset=\"https:\/\/balticwind.eu\/wp-content\/uploads\/2026\/03\/P-069317_00-10_03-MED-665987-320x202.jpg 320w, https:\/\/balticwind.eu\/wp-content\/uploads\/2026\/03\/P-069317_00-10_03-MED-665987-700x441.jpg 700w\" sizes=\"(max-width: 320px) 100vw, 320px\" \/>\n\t\n\n\n\t\t\t\t<\/a>\n\t\t\n\t\n<\/div>\n<\/li>\n\t\t\t\n\t\t\t\n\t\t\t\t\t\t\t\t\t\t\t\t\t\t\t\t\t\t\t\t\t\t\t\t\t\t\t\t\t\t\t\t\t\t\t\t\t\t\t\t\t\t\t\t\t\t\t\t\t\t\t\t\t\t\t\t\t\t\t\t\t\t\t\t\t\t\t\t<\/ul>\n\t<\/div>\n\t<div class=\"fusion-post-content post-content\"><h2 class=\"blog-shortcode-post-title entry-title\"><a href=\"https:\/\/balticwind.eu\/pl\/oswiadczenie-przewodniczacej-von-der-leyen-podczas-wspolnej-konferencji-prasowej-z-prezydentem-costa-po-posiedzeniu-rady-europejskiej-w-marcu-2026-r\/\">O\u015bwiadczenie przewodnicz\u0105cej von der Leyen podczas wsp\u00f3lnej konferencji prasowej z prezydentem Cost\u0105 po posiedzeniu Rady Europejskiej w marcu 2026 r.<\/a><\/h2><p class=\"fusion-single-line-meta\"><span class=\"vcard\" style=\"display: none;\"><span class=\"fn\"><a href=\"https:\/\/balticwind.eu\/pl\/author\/maja-moshotmail-com\/\" title=\"Wpisy od Maja Moskal\" rel=\"author\">Maja Moskal<\/a><\/span><\/span><span class=\"updated\" style=\"display:none;\">2026-03-25T08:16:34+01:00<\/span><a href=\"https:\/\/balticwind.eu\/pl\/category\/dania\/\" rel=\"category tag\">DANIA<\/a>, <a href=\"https:\/\/balticwind.eu\/pl\/category\/estonia-pl\/\" rel=\"category tag\">ESTONIA<\/a>, <a href=\"https:\/\/balticwind.eu\/pl\/category\/finlandia\/\" rel=\"category tag\">FINLANDIA<\/a>, <a href=\"https:\/\/balticwind.eu\/pl\/category\/litwa\/\" rel=\"category tag\">LITWA<\/a>, <a href=\"https:\/\/balticwind.eu\/pl\/category\/lotwa\/\" rel=\"category tag\">\u0141OTWA<\/a>, <a href=\"https:\/\/balticwind.eu\/pl\/category\/niemcy\/\" rel=\"category tag\">NIEMCY<\/a>, <a href=\"https:\/\/balticwind.eu\/pl\/category\/energia-wiatrowa-offshore\/\" rel=\"category tag\">OFFSHORE<\/a>, <a href=\"https:\/\/balticwind.eu\/pl\/category\/energia-wiatrowa-onshore\/\" rel=\"category tag\">ONSHORE<\/a>, <a href=\"https:\/\/balticwind.eu\/pl\/category\/opinie\/\" rel=\"category tag\">OPINIE<\/a>, <a href=\"https:\/\/balticwind.eu\/pl\/category\/polska\/\" rel=\"category tag\">POLSKA<\/a>, <a href=\"https:\/\/balticwind.eu\/pl\/category\/regulatory-pl\/\" rel=\"category tag\">REGULACJE<\/a>, <a href=\"https:\/\/balticwind.eu\/pl\/category\/szwecja\/\" rel=\"category tag\">SZWECJA<\/a>, <a href=\"https:\/\/balticwind.eu\/pl\/category\/top-news-pl\/\" rel=\"category tag\">TOP NEWS<\/a><span class=\"fusion-inline-sep\">|<\/span><\/p><\/div><div class=\"fusion-clearfix\"><\/div><\/article>\n<\/div><\/div><\/div><style type=\"text\/css\">.fusion-body .fusion-builder-column-31{width:50% !important;margin-top : 0px;margin-bottom : 20px;}.fusion-builder-column-31 > .fusion-column-wrapper {padding-top : 0px !important;padding-right : 0px !important;margin-right : 3.84%;padding-bottom : 0px !important;padding-left : 0px !important;margin-left : 3.84%;}@media only screen and (max-width:1024px) {.fusion-body .fusion-builder-column-31{width:100% !important;}.fusion-builder-column-31 > .fusion-column-wrapper {margin-right : 1.92%;margin-left : 1.92%;}}@media only screen and (max-width:640px) {.fusion-body .fusion-builder-column-31{width:100% !important;}.fusion-builder-column-31 > .fusion-column-wrapper {margin-right : 1.92%;margin-left : 1.92%;}}<\/style><\/div><div class=\"fusion-layout-column fusion_builder_column fusion-builder-column-32 fusion_builder_column_1_2 1_2 fusion-flex-column\"><div class=\"fusion-column-wrapper fusion-flex-justify-content-flex-start fusion-content-layout-column\" style=\"background-position:left top;background-repeat:no-repeat;-webkit-background-size:cover;-moz-background-size:cover;-o-background-size:cover;background-size:cover;padding: 0px 0px 0px 0px;\"><div class=\"fusion-separator fusion-full-width-sep\" style=\"align-self: center;margin-left: auto;margin-right: auto;margin-bottom:10px;width:100%;max-width:100%;\"><div class=\"fusion-separator-border sep-single sep-solid\" style=\"border-color:#1f2a3b;border-top-width:12px;\"><\/div><\/div><style type=\"text\/css\">@media only screen and (max-width:1024px) {.fusion-title.fusion-title-20{margin-top:-15px!important; margin-right:0px!important;margin-bottom:20px!important;margin-left:0px!important;}}@media only screen and (max-width:640px) {.fusion-title.fusion-title-20{margin-top:0px!important; margin-right:0px!important;margin-bottom:20px!important; margin-left:0px!important;}}<\/style><div class=\"fusion-title title fusion-title-20 fusion-title-text fusion-title-size-five\" style=\"margin-top:-15px;margin-right:0px;margin-bottom:20px;margin-left:0px;\"><div class=\"title-sep-container title-sep-container-left fusion-no-large-visibility fusion-no-medium-visibility fusion-no-small-visibility\"><div class=\"title-sep sep-\" style=\"border-color:#eaeaea;\"><\/div><\/div><h5 class=\"title-heading-left fusion-responsive-typography-calculated\" style=\"margin:0;--fontSize:17;line-height:1.76;\"><h5 style=\"text-align: left;\">ESTONIA<\/h5><\/h5><div class=\"title-sep-container title-sep-container-right\"><div class=\"title-sep sep-\" style=\"border-color:#eaeaea;\"><\/div><\/div><\/div><div class=\"fusion-blog-shortcode fusion-blog-shortcode-19 fusion-blog-archive fusion-blog-layout-medium-alternate fusion-blog-no\"><div class=\"fusion-posts-container fusion-posts-container-no\" data-pages=\"69\"><article id=\"blog-19-post-46024\" class=\"fusion-post-medium-alternate post-46024 post type-post status-publish format-standard has-post-thumbnail hentry category-dania category-estonia-pl category-finlandia category-litwa category-lotwa category-niemcy category-energia-wiatrowa-offshore category-polska category-regulatory-pl category-szwecja\">\n<div class=\"fusion-date-and-formats\"><div class=\"fusion-date-box updated\"><span class=\"fusion-date\">24<\/span><span class=\"fusion-month-year\">04, 2026<\/span><\/div><div class=\"fusion-format-box\"><i class=\"fusion-icon-pen\" aria-hidden=\"true\"><\/i><\/div><\/div>\t<style type=\"text\/css\">\n\t\t\n\t\t\n\t\t\n\t\t\n\t\t\t<\/style>\n\n\n\t\t\t<div class=\"fusion-flexslider flexslider fusion-flexslider-loading fusion-post-slideshow\" style=\"\">\n\t\t<ul class=\"slides\">\n\t\t\t\n\t\t\t\t\t\t\t\t\t\t\t\t\t\t<li>\n\n<div  class=\"fusion-image-wrapper fusion-image-size-fixed\" aria-haspopup=\"true\">\n\t\n\t\n\t\t\t\n\t\t\t\t<a href=\"https:\/\/balticwind.eu\/pl\/europa-potrzebuje-energii-wytwarzanej-na-wlasnym-terenie-na-duza-skale-a-morska-energetyka-wiatrowa-przygotowuje-sie-do-jej-dostarczenia\/\" aria-label=\"Europa potrzebuje energii wytwarzanej na w\u0142asnym terenie na du\u017c\u0105 skal\u0119, a morska energetyka wiatrowa przygotowuje si\u0119 do jej dostarczenia\">\n\t\t\n\t\t\n\t\t\t\t\t<img width=\"320\" height=\"202\" src=\"https:\/\/balticwind.eu\/wp-content\/uploads\/2026\/04\/germany-offshore-wind-dawn-dusk-purple-pink-sky-1200x675-1-320x202.jpg\" class=\"attachment-blog-medium size-blog-medium wp-post-image\" alt=\"\" decoding=\"async\" loading=\"lazy\" srcset=\"https:\/\/balticwind.eu\/wp-content\/uploads\/2026\/04\/germany-offshore-wind-dawn-dusk-purple-pink-sky-1200x675-1-320x202.jpg 320w, https:\/\/balticwind.eu\/wp-content\/uploads\/2026\/04\/germany-offshore-wind-dawn-dusk-purple-pink-sky-1200x675-1-700x441.jpg 700w\" sizes=\"(max-width: 320px) 100vw, 320px\" \/>\n\t\n\n\n\t\t\t\t<\/a>\n\t\t\n\t\n<\/div>\n<\/li>\n\t\t\t\n\t\t\t\n\t\t\t\t\t\t\t\t\t\t\t\t\t\t\t\t\t\t\t\t\t\t\t\t\t\t\t\t\t\t\t\t\t\t\t\t\t\t\t\t\t\t\t\t\t\t\t\t\t\t\t\t\t\t\t\t\t\t\t\t\t\t\t\t\t\t\t\t<\/ul>\n\t<\/div>\n\t<div class=\"fusion-post-content post-content\"><h2 class=\"blog-shortcode-post-title entry-title\"><a href=\"https:\/\/balticwind.eu\/pl\/europa-potrzebuje-energii-wytwarzanej-na-wlasnym-terenie-na-duza-skale-a-morska-energetyka-wiatrowa-przygotowuje-sie-do-jej-dostarczenia\/\">Europa potrzebuje energii wytwarzanej na w\u0142asnym terenie na du\u017c\u0105 skal\u0119, a morska energetyka wiatrowa przygotowuje si\u0119 do jej dostarczenia<\/a><\/h2><p class=\"fusion-single-line-meta\"><span class=\"vcard\" style=\"display: none;\"><span class=\"fn\"><a href=\"https:\/\/balticwind.eu\/pl\/author\/maja-moshotmail-com\/\" title=\"Wpisy od Maja Moskal\" rel=\"author\">Maja Moskal<\/a><\/span><\/span><span class=\"updated\" style=\"display:none;\">2026-04-24T16:08:04+02:00<\/span><a href=\"https:\/\/balticwind.eu\/pl\/category\/dania\/\" rel=\"category tag\">DANIA<\/a>, <a href=\"https:\/\/balticwind.eu\/pl\/category\/estonia-pl\/\" rel=\"category tag\">ESTONIA<\/a>, <a href=\"https:\/\/balticwind.eu\/pl\/category\/finlandia\/\" rel=\"category tag\">FINLANDIA<\/a>, <a href=\"https:\/\/balticwind.eu\/pl\/category\/litwa\/\" rel=\"category tag\">LITWA<\/a>, <a href=\"https:\/\/balticwind.eu\/pl\/category\/lotwa\/\" rel=\"category tag\">\u0141OTWA<\/a>, <a href=\"https:\/\/balticwind.eu\/pl\/category\/niemcy\/\" rel=\"category tag\">NIEMCY<\/a>, <a href=\"https:\/\/balticwind.eu\/pl\/category\/energia-wiatrowa-offshore\/\" rel=\"category tag\">OFFSHORE<\/a>, <a href=\"https:\/\/balticwind.eu\/pl\/category\/polska\/\" rel=\"category tag\">POLSKA<\/a>, <a href=\"https:\/\/balticwind.eu\/pl\/category\/regulatory-pl\/\" rel=\"category tag\">REGULACJE<\/a>, <a href=\"https:\/\/balticwind.eu\/pl\/category\/szwecja\/\" rel=\"category tag\">SZWECJA<\/a><span class=\"fusion-inline-sep\">|<\/span><\/p><\/div><div class=\"fusion-clearfix\"><\/div><\/article>\n<article id=\"blog-19-post-45967\" class=\"fusion-post-medium-alternate post-45967 post type-post status-publish format-standard has-post-thumbnail hentry category-dania category-estonia-pl category-finlandia category-litwa category-lotwa category-niemcy category-energia-wiatrowa-offshore category-energia-wiatrowa-onshore category-opinie category-polska category-projekty category-regulatory-pl category-szwecja\">\n<div class=\"fusion-date-and-formats\"><div class=\"fusion-date-box updated\"><span class=\"fusion-date\">20<\/span><span class=\"fusion-month-year\">04, 2026<\/span><\/div><div class=\"fusion-format-box\"><i class=\"fusion-icon-pen\" aria-hidden=\"true\"><\/i><\/div><\/div>\t<style type=\"text\/css\">\n\t\t\n\t\t\n\t\t\n\t\t\n\t\t\t<\/style>\n\n\n\t\t\t<div class=\"fusion-flexslider flexslider fusion-flexslider-loading fusion-post-slideshow\" style=\"\">\n\t\t<ul class=\"slides\">\n\t\t\t\n\t\t\t\t\t\t\t\t\t\t\t\t\t\t<li>\n\n<div  class=\"fusion-image-wrapper fusion-image-size-fixed\" aria-haspopup=\"true\">\n\t\n\t\n\t\t\t\n\t\t\t\t<a href=\"https:\/\/balticwind.eu\/pl\/235-kluczowych-transgranicznych-projektow-energetycznych-majacych-na-celu-wzmocnienie-wzajemnych-polaczen-w-europie\/\" aria-label=\"235 kluczowych transgranicznych projekt\u00f3w energetycznych maj\u0105cych na celu wzmocnienie wzajemnych po\u0142\u0105cze\u0144 w Europie\">\n\t\t\n\t\t\n\t\t\t\t\t<img width=\"320\" height=\"202\" src=\"https:\/\/balticwind.eu\/wp-content\/uploads\/2026\/04\/PCI_List_News-320x202.jpg\" class=\"attachment-blog-medium size-blog-medium wp-post-image\" alt=\"\" decoding=\"async\" loading=\"lazy\" srcset=\"https:\/\/balticwind.eu\/wp-content\/uploads\/2026\/04\/PCI_List_News-320x202.jpg 320w, https:\/\/balticwind.eu\/wp-content\/uploads\/2026\/04\/PCI_List_News-700x441.jpg 700w\" sizes=\"(max-width: 320px) 100vw, 320px\" \/>\n\t\n\n\n\t\t\t\t<\/a>\n\t\t\n\t\n<\/div>\n<\/li>\n\t\t\t\n\t\t\t\n\t\t\t\t\t\t\t\t\t\t\t\t\t\t\t\t\t\t\t\t\t\t\t\t\t\t\t\t\t\t\t\t\t\t\t\t\t\t\t\t\t\t\t\t\t\t\t\t\t\t\t\t\t\t\t\t\t\t\t\t\t\t\t\t\t\t\t\t<\/ul>\n\t<\/div>\n\t<div class=\"fusion-post-content post-content\"><h2 class=\"blog-shortcode-post-title entry-title\"><a href=\"https:\/\/balticwind.eu\/pl\/235-kluczowych-transgranicznych-projektow-energetycznych-majacych-na-celu-wzmocnienie-wzajemnych-polaczen-w-europie\/\">235 kluczowych transgranicznych projekt\u00f3w energetycznych maj\u0105cych na celu wzmocnienie wzajemnych po\u0142\u0105cze\u0144 w Europie<\/a><\/h2><p class=\"fusion-single-line-meta\"><span class=\"vcard\" style=\"display: none;\"><span class=\"fn\"><a href=\"https:\/\/balticwind.eu\/pl\/author\/maja-moshotmail-com\/\" title=\"Wpisy od Maja Moskal\" rel=\"author\">Maja Moskal<\/a><\/span><\/span><span class=\"updated\" style=\"display:none;\">2026-04-20T10:09:23+02:00<\/span><a href=\"https:\/\/balticwind.eu\/pl\/category\/dania\/\" rel=\"category tag\">DANIA<\/a>, <a href=\"https:\/\/balticwind.eu\/pl\/category\/estonia-pl\/\" rel=\"category tag\">ESTONIA<\/a>, <a href=\"https:\/\/balticwind.eu\/pl\/category\/finlandia\/\" rel=\"category tag\">FINLANDIA<\/a>, <a href=\"https:\/\/balticwind.eu\/pl\/category\/litwa\/\" rel=\"category tag\">LITWA<\/a>, <a href=\"https:\/\/balticwind.eu\/pl\/category\/lotwa\/\" rel=\"category tag\">\u0141OTWA<\/a>, <a href=\"https:\/\/balticwind.eu\/pl\/category\/niemcy\/\" rel=\"category tag\">NIEMCY<\/a>, <a href=\"https:\/\/balticwind.eu\/pl\/category\/energia-wiatrowa-offshore\/\" rel=\"category tag\">OFFSHORE<\/a>, <a href=\"https:\/\/balticwind.eu\/pl\/category\/energia-wiatrowa-onshore\/\" rel=\"category tag\">ONSHORE<\/a>, <a href=\"https:\/\/balticwind.eu\/pl\/category\/opinie\/\" rel=\"category tag\">OPINIE<\/a>, <a href=\"https:\/\/balticwind.eu\/pl\/category\/polska\/\" rel=\"category tag\">POLSKA<\/a>, <a href=\"https:\/\/balticwind.eu\/pl\/category\/projekty\/\" rel=\"category tag\">PROJEKTY<\/a>, <a href=\"https:\/\/balticwind.eu\/pl\/category\/regulatory-pl\/\" rel=\"category tag\">REGULACJE<\/a>, <a href=\"https:\/\/balticwind.eu\/pl\/category\/szwecja\/\" rel=\"category tag\">SZWECJA<\/a><span class=\"fusion-inline-sep\">|<\/span><\/p><\/div><div class=\"fusion-clearfix\"><\/div><\/article>\n<article id=\"blog-19-post-45876\" class=\"fusion-post-medium-alternate post-45876 post type-post status-publish format-standard has-post-thumbnail hentry category-dania category-estonia-pl category-finlandia category-litwa category-lotwa category-niemcy category-energia-wiatrowa-offshore category-energia-wiatrowa-onshore category-opinie category-polska category-regulatory-pl category-szwecja category-top-news-pl\">\n<div class=\"fusion-date-and-formats\"><div class=\"fusion-date-box updated\"><span class=\"fusion-date\">25<\/span><span class=\"fusion-month-year\">03, 2026<\/span><\/div><div class=\"fusion-format-box\"><i class=\"fusion-icon-pen\" aria-hidden=\"true\"><\/i><\/div><\/div>\t<style type=\"text\/css\">\n\t\t\n\t\t\n\t\t\n\t\t\n\t\t\t<\/style>\n\n\n\t\t\t<div class=\"fusion-flexslider flexslider fusion-flexslider-loading fusion-post-slideshow\" style=\"\">\n\t\t<ul class=\"slides\">\n\t\t\t\n\t\t\t\t\t\t\t\t\t\t\t\t\t\t<li>\n\n<div  class=\"fusion-image-wrapper fusion-image-size-fixed\" aria-haspopup=\"true\">\n\t\n\t\n\t\t\t\n\t\t\t\t<a href=\"https:\/\/balticwind.eu\/pl\/oswiadczenie-przewodniczacej-von-der-leyen-podczas-wspolnej-konferencji-prasowej-z-prezydentem-costa-po-posiedzeniu-rady-europejskiej-w-marcu-2026-r\/\" aria-label=\"O\u015bwiadczenie przewodnicz\u0105cej von der Leyen podczas wsp\u00f3lnej konferencji prasowej z prezydentem Cost\u0105 po posiedzeniu Rady Europejskiej w marcu 2026 r.\">\n\t\t\n\t\t\n\t\t\t\t\t<img width=\"320\" height=\"202\" src=\"https:\/\/balticwind.eu\/wp-content\/uploads\/2026\/03\/P-069317_00-10_03-MED-665987-320x202.jpg\" class=\"attachment-blog-medium size-blog-medium wp-post-image\" alt=\"\" decoding=\"async\" loading=\"lazy\" srcset=\"https:\/\/balticwind.eu\/wp-content\/uploads\/2026\/03\/P-069317_00-10_03-MED-665987-320x202.jpg 320w, https:\/\/balticwind.eu\/wp-content\/uploads\/2026\/03\/P-069317_00-10_03-MED-665987-700x441.jpg 700w\" sizes=\"(max-width: 320px) 100vw, 320px\" \/>\n\t\n\n\n\t\t\t\t<\/a>\n\t\t\n\t\n<\/div>\n<\/li>\n\t\t\t\n\t\t\t\n\t\t\t\t\t\t\t\t\t\t\t\t\t\t\t\t\t\t\t\t\t\t\t\t\t\t\t\t\t\t\t\t\t\t\t\t\t\t\t\t\t\t\t\t\t\t\t\t\t\t\t\t\t\t\t\t\t\t\t\t\t\t\t\t\t\t\t\t<\/ul>\n\t<\/div>\n\t<div class=\"fusion-post-content post-content\"><h2 class=\"blog-shortcode-post-title entry-title\"><a href=\"https:\/\/balticwind.eu\/pl\/oswiadczenie-przewodniczacej-von-der-leyen-podczas-wspolnej-konferencji-prasowej-z-prezydentem-costa-po-posiedzeniu-rady-europejskiej-w-marcu-2026-r\/\">O\u015bwiadczenie przewodnicz\u0105cej von der Leyen podczas wsp\u00f3lnej konferencji prasowej z prezydentem Cost\u0105 po posiedzeniu Rady Europejskiej w marcu 2026 r.<\/a><\/h2><p class=\"fusion-single-line-meta\"><span class=\"vcard\" style=\"display: none;\"><span class=\"fn\"><a href=\"https:\/\/balticwind.eu\/pl\/author\/maja-moshotmail-com\/\" title=\"Wpisy od Maja Moskal\" rel=\"author\">Maja Moskal<\/a><\/span><\/span><span class=\"updated\" style=\"display:none;\">2026-03-25T08:16:34+01:00<\/span><a href=\"https:\/\/balticwind.eu\/pl\/category\/dania\/\" rel=\"category tag\">DANIA<\/a>, <a href=\"https:\/\/balticwind.eu\/pl\/category\/estonia-pl\/\" rel=\"category tag\">ESTONIA<\/a>, <a href=\"https:\/\/balticwind.eu\/pl\/category\/finlandia\/\" rel=\"category tag\">FINLANDIA<\/a>, <a href=\"https:\/\/balticwind.eu\/pl\/category\/litwa\/\" rel=\"category tag\">LITWA<\/a>, <a href=\"https:\/\/balticwind.eu\/pl\/category\/lotwa\/\" rel=\"category tag\">\u0141OTWA<\/a>, <a href=\"https:\/\/balticwind.eu\/pl\/category\/niemcy\/\" rel=\"category tag\">NIEMCY<\/a>, <a href=\"https:\/\/balticwind.eu\/pl\/category\/energia-wiatrowa-offshore\/\" rel=\"category tag\">OFFSHORE<\/a>, <a href=\"https:\/\/balticwind.eu\/pl\/category\/energia-wiatrowa-onshore\/\" rel=\"category tag\">ONSHORE<\/a>, <a href=\"https:\/\/balticwind.eu\/pl\/category\/opinie\/\" rel=\"category tag\">OPINIE<\/a>, <a href=\"https:\/\/balticwind.eu\/pl\/category\/polska\/\" rel=\"category tag\">POLSKA<\/a>, <a href=\"https:\/\/balticwind.eu\/pl\/category\/regulatory-pl\/\" rel=\"category tag\">REGULACJE<\/a>, <a href=\"https:\/\/balticwind.eu\/pl\/category\/szwecja\/\" rel=\"category tag\">SZWECJA<\/a>, <a href=\"https:\/\/balticwind.eu\/pl\/category\/top-news-pl\/\" rel=\"category tag\">TOP NEWS<\/a><span class=\"fusion-inline-sep\">|<\/span><\/p><\/div><div class=\"fusion-clearfix\"><\/div><\/article>\n<\/div><\/div><\/div><style type=\"text\/css\">.fusion-body .fusion-builder-column-32{width:50% !important;margin-top : 0px;margin-bottom : 20px;}.fusion-builder-column-32 > .fusion-column-wrapper {padding-top : 0px !important;padding-right : 0px !important;margin-right : 3.84%;padding-bottom : 0px !important;padding-left : 0px !important;margin-left : 3.84%;}@media only screen and (max-width:1024px) {.fusion-body .fusion-builder-column-32{width:100% !important;}.fusion-builder-column-32 > .fusion-column-wrapper {margin-right : 1.92%;margin-left : 1.92%;}}@media only screen and (max-width:640px) {.fusion-body .fusion-builder-column-32{width:100% !important;}.fusion-builder-column-32 > .fusion-column-wrapper {margin-right : 1.92%;margin-left : 1.92%;}}<\/style><\/div><\/div><style type=\"text\/css\">.fusion-body .fusion-flex-container.fusion-builder-row-18{ padding-top : 30px;margin-top : 0px;padding-right : 0px;padding-bottom : 0px;margin-bottom : 0px;padding-left : 0px;}<\/style><\/div><\/div><div class=\"fusion-fullwidth fullwidth-box fusion-builder-row-19 fusion-flex-container nonhundred-percent-fullwidth non-hundred-percent-height-scrolling fusion-no-small-visibility fusion-no-medium-visibility\" style=\"background-color: rgba(255,255,255,0);background-position: center center;background-repeat: no-repeat;border-width: 0px 0px 0px 0px;border-color:#eaeaea;border-style:solid;\" ><div class=\"fusion-builder-row fusion-row fusion-flex-align-items-flex-start\" style=\"max-width:1289.6px;margin-left: calc(-4% \/ 2 );margin-right: calc(-4% \/ 2 );\"><div class=\"fusion-layout-column fusion_builder_column fusion-builder-column-33 fusion_builder_column_1_1 1_1 fusion-flex-column\"><div class=\"fusion-column-wrapper fusion-flex-justify-content-flex-start fusion-content-layout-column\" style=\"background-position:left top;background-repeat:no-repeat;-webkit-background-size:cover;-moz-background-size:cover;-o-background-size:cover;background-size:cover;padding: 0px 0px 0px 0px;\"><div class=\"fusion-builder-row fusion-builder-row-inner fusion-row fusion-flex-align-items-flex-start\" style=\"width:104% !important;max-width:104% !important;margin-left: calc(-4% \/ 2 );margin-right: calc(-4% \/ 2 );\"><div class=\"fusion-layout-column fusion_builder_column_inner fusion-builder-nested-column-14 fusion_builder_column_inner_1_2 1_2 fusion-flex-column\"><div class=\"fusion-column-wrapper fusion-flex-justify-content-flex-start fusion-content-layout-column\" style=\"background-position:left top;background-repeat:no-repeat;-webkit-background-size:cover;-moz-background-size:cover;-o-background-size:cover;background-size:cover;padding: 0px 0px 0px 0px;\"><div class=\"fusion-separator fusion-full-width-sep\" style=\"align-self: center;margin-left: auto;margin-right: auto;margin-bottom:10px;width:100%;max-width:100%;\"><div class=\"fusion-separator-border sep-single sep-solid\" style=\"border-color:#1f2a3b;border-top-width:12px;\"><\/div><\/div><style type=\"text\/css\">@media only screen and (max-width:1024px) {.fusion-title.fusion-title-21{margin-top:-15px!important; margin-right:0px!important;margin-bottom:20px!important;margin-left:0px!important;}}@media only screen and (max-width:640px) {.fusion-title.fusion-title-21{margin-top:0px!important; margin-right:0px!important;margin-bottom:20px!important; margin-left:0px!important;}}.fusion-title.fusion-title-text.fusion-title-21 a{color:#8cbcda}.fusion-title.fusion-title-text.fusion-title-21 a:hover{color:rgba(209,235,251,0.63)}<\/style><div class=\"fusion-title title fusion-title-21 fusion-title-text fusion-title-size-five\" style=\"margin-top:-15px;margin-right:0px;margin-bottom:20px;margin-left:0px;\"><div class=\"title-sep-container title-sep-container-left fusion-no-large-visibility fusion-no-medium-visibility fusion-no-small-visibility\"><div class=\"title-sep sep-\" style=\"border-color:#eaeaea;\"><\/div><\/div><h5 class=\"title-heading-left fusion-responsive-typography-calculated\" style=\"margin:0;--fontSize:17;line-height:1.76;\"><a href=\"https:\/\/balticwind.eu\/projects\/\" class=\"awb-custom-text-color awb-custom-text-hover-color\" target=\"_self\"><h5 style=\"text-align: left;\">REGULATORY<\/h5><\/a><\/h5><div class=\"title-sep-container title-sep-container-right\"><div class=\"title-sep sep-\" style=\"border-color:#eaeaea;\"><\/div><\/div><\/div><div class=\"fusion-blog-shortcode fusion-blog-shortcode-20 fusion-blog-archive fusion-blog-layout-medium-alternate fusion-blog-no\"><div class=\"fusion-posts-container fusion-posts-container-no\" data-pages=\"122\"><article id=\"blog-20-post-46026\" class=\"fusion-post-medium-alternate post-46026 post type-post status-publish format-standard has-post-thumbnail hentry category-dania category-niemcy category-energia-wiatrowa-offshore category-energia-wiatrowa-onshore category-opinie category-projekty category-regulatory-pl\">\n<div class=\"fusion-date-and-formats\"><div class=\"fusion-date-box updated\"><span class=\"fusion-date\">27<\/span><span class=\"fusion-month-year\">04, 2026<\/span><\/div><div class=\"fusion-format-box\"><i class=\"fusion-icon-pen\" aria-hidden=\"true\"><\/i><\/div><\/div>\t<style type=\"text\/css\">\n\t\t\n\t\t\n\t\t\n\t\t\n\t\t\t<\/style>\n\n\n\t\t\t<div class=\"fusion-flexslider flexslider fusion-flexslider-loading fusion-post-slideshow\" style=\"\">\n\t\t<ul class=\"slides\">\n\t\t\t\n\t\t\t\t\t\t\t\t\t\t\t\t\t\t<li>\n\n<div  class=\"fusion-image-wrapper fusion-image-size-fixed\" aria-haspopup=\"true\">\n\t\n\t\n\t\t\t\n\t\t\t\t<a href=\"https:\/\/balticwind.eu\/pl\/pieciu-europejskich-operatorow-systemow-przesylowych-rozwaza-wspolprace-w-zakresie-infrastruktury-kabli-morskich-na-morzu-polnocnym\/\" aria-label=\"Pi\u0119ciu europejskich operator\u00f3w system\u00f3w przesy\u0142owych rozwa\u017ca wsp\u00f3\u0142prac\u0119 w zakresie infrastruktury kabli morskich na Morzu P\u00f3\u0142nocnym\">\n\t\t\n\t\t\n\t\t\t\t\t<img width=\"320\" height=\"202\" src=\"https:\/\/balticwind.eu\/wp-content\/uploads\/2024\/07\/sterling-lanier-g_g6JLB9GjM-unsplash-320x202.jpg\" class=\"attachment-blog-medium size-blog-medium wp-post-image\" alt=\"\" decoding=\"async\" loading=\"lazy\" srcset=\"https:\/\/balticwind.eu\/wp-content\/uploads\/2024\/07\/sterling-lanier-g_g6JLB9GjM-unsplash-320x202.jpg 320w, https:\/\/balticwind.eu\/wp-content\/uploads\/2024\/07\/sterling-lanier-g_g6JLB9GjM-unsplash-700x441.jpg 700w\" sizes=\"(max-width: 320px) 100vw, 320px\" \/>\n\t\n\n\n\t\t\t\t<\/a>\n\t\t\n\t\n<\/div>\n<\/li>\n\t\t\t\n\t\t\t\n\t\t\t\t\t\t\t\t\t\t\t\t\t\t\t\t\t\t\t\t\t\t\t\t\t\t\t\t\t\t\t\t\t\t\t\t\t\t\t\t\t\t\t\t\t\t\t\t\t\t\t\t\t\t\t\t\t\t\t\t\t\t\t\t\t\t\t\t<\/ul>\n\t<\/div>\n\t<div class=\"fusion-post-content post-content\"><h2 class=\"blog-shortcode-post-title entry-title\"><a href=\"https:\/\/balticwind.eu\/pl\/pieciu-europejskich-operatorow-systemow-przesylowych-rozwaza-wspolprace-w-zakresie-infrastruktury-kabli-morskich-na-morzu-polnocnym\/\">Pi\u0119ciu europejskich operator\u00f3w system\u00f3w przesy\u0142owych rozwa\u017ca wsp\u00f3\u0142prac\u0119 w zakresie infrastruktury kabli morskich na Morzu P\u00f3\u0142nocnym<\/a><\/h2><p class=\"fusion-single-line-meta\"><span class=\"vcard\" style=\"display: none;\"><span class=\"fn\"><a href=\"https:\/\/balticwind.eu\/pl\/author\/maja-moshotmail-com\/\" title=\"Wpisy od Maja Moskal\" rel=\"author\">Maja Moskal<\/a><\/span><\/span><span class=\"updated\" style=\"display:none;\">2026-04-24T17:53:37+02:00<\/span><a href=\"https:\/\/balticwind.eu\/pl\/category\/dania\/\" rel=\"category tag\">DANIA<\/a>, <a href=\"https:\/\/balticwind.eu\/pl\/category\/niemcy\/\" rel=\"category tag\">NIEMCY<\/a>, <a href=\"https:\/\/balticwind.eu\/pl\/category\/energia-wiatrowa-offshore\/\" rel=\"category tag\">OFFSHORE<\/a>, <a href=\"https:\/\/balticwind.eu\/pl\/category\/energia-wiatrowa-onshore\/\" rel=\"category tag\">ONSHORE<\/a>, <a href=\"https:\/\/balticwind.eu\/pl\/category\/opinie\/\" rel=\"category tag\">OPINIE<\/a>, <a href=\"https:\/\/balticwind.eu\/pl\/category\/projekty\/\" rel=\"category tag\">PROJEKTY<\/a>, <a href=\"https:\/\/balticwind.eu\/pl\/category\/regulatory-pl\/\" rel=\"category tag\">REGULACJE<\/a><span class=\"fusion-inline-sep\">|<\/span><\/p><\/div><div class=\"fusion-clearfix\"><\/div><\/article>\n<article id=\"blog-20-post-46024\" class=\"fusion-post-medium-alternate post-46024 post type-post status-publish format-standard has-post-thumbnail hentry category-dania category-estonia-pl category-finlandia category-litwa category-lotwa category-niemcy category-energia-wiatrowa-offshore category-polska category-regulatory-pl category-szwecja\">\n<div class=\"fusion-date-and-formats\"><div class=\"fusion-date-box updated\"><span class=\"fusion-date\">24<\/span><span class=\"fusion-month-year\">04, 2026<\/span><\/div><div class=\"fusion-format-box\"><i class=\"fusion-icon-pen\" aria-hidden=\"true\"><\/i><\/div><\/div>\t<style type=\"text\/css\">\n\t\t\n\t\t\n\t\t\n\t\t\n\t\t\t<\/style>\n\n\n\t\t\t<div class=\"fusion-flexslider flexslider fusion-flexslider-loading fusion-post-slideshow\" style=\"\">\n\t\t<ul class=\"slides\">\n\t\t\t\n\t\t\t\t\t\t\t\t\t\t\t\t\t\t<li>\n\n<div  class=\"fusion-image-wrapper fusion-image-size-fixed\" aria-haspopup=\"true\">\n\t\n\t\n\t\t\t\n\t\t\t\t<a href=\"https:\/\/balticwind.eu\/pl\/europa-potrzebuje-energii-wytwarzanej-na-wlasnym-terenie-na-duza-skale-a-morska-energetyka-wiatrowa-przygotowuje-sie-do-jej-dostarczenia\/\" aria-label=\"Europa potrzebuje energii wytwarzanej na w\u0142asnym terenie na du\u017c\u0105 skal\u0119, a morska energetyka wiatrowa przygotowuje si\u0119 do jej dostarczenia\">\n\t\t\n\t\t\n\t\t\t\t\t<img width=\"320\" height=\"202\" src=\"https:\/\/balticwind.eu\/wp-content\/uploads\/2026\/04\/germany-offshore-wind-dawn-dusk-purple-pink-sky-1200x675-1-320x202.jpg\" class=\"attachment-blog-medium size-blog-medium wp-post-image\" alt=\"\" decoding=\"async\" loading=\"lazy\" srcset=\"https:\/\/balticwind.eu\/wp-content\/uploads\/2026\/04\/germany-offshore-wind-dawn-dusk-purple-pink-sky-1200x675-1-320x202.jpg 320w, https:\/\/balticwind.eu\/wp-content\/uploads\/2026\/04\/germany-offshore-wind-dawn-dusk-purple-pink-sky-1200x675-1-700x441.jpg 700w\" sizes=\"(max-width: 320px) 100vw, 320px\" \/>\n\t\n\n\n\t\t\t\t<\/a>\n\t\t\n\t\n<\/div>\n<\/li>\n\t\t\t\n\t\t\t\n\t\t\t\t\t\t\t\t\t\t\t\t\t\t\t\t\t\t\t\t\t\t\t\t\t\t\t\t\t\t\t\t\t\t\t\t\t\t\t\t\t\t\t\t\t\t\t\t\t\t\t\t\t\t\t\t\t\t\t\t\t\t\t\t\t\t\t\t<\/ul>\n\t<\/div>\n\t<div class=\"fusion-post-content post-content\"><h2 class=\"blog-shortcode-post-title entry-title\"><a href=\"https:\/\/balticwind.eu\/pl\/europa-potrzebuje-energii-wytwarzanej-na-wlasnym-terenie-na-duza-skale-a-morska-energetyka-wiatrowa-przygotowuje-sie-do-jej-dostarczenia\/\">Europa potrzebuje energii wytwarzanej na w\u0142asnym terenie na du\u017c\u0105 skal\u0119, a morska energetyka wiatrowa przygotowuje si\u0119 do jej dostarczenia<\/a><\/h2><p class=\"fusion-single-line-meta\"><span class=\"vcard\" style=\"display: none;\"><span class=\"fn\"><a href=\"https:\/\/balticwind.eu\/pl\/author\/maja-moshotmail-com\/\" title=\"Wpisy od Maja Moskal\" rel=\"author\">Maja Moskal<\/a><\/span><\/span><span class=\"updated\" style=\"display:none;\">2026-04-24T16:08:04+02:00<\/span><a href=\"https:\/\/balticwind.eu\/pl\/category\/dania\/\" rel=\"category tag\">DANIA<\/a>, <a href=\"https:\/\/balticwind.eu\/pl\/category\/estonia-pl\/\" rel=\"category tag\">ESTONIA<\/a>, <a href=\"https:\/\/balticwind.eu\/pl\/category\/finlandia\/\" rel=\"category tag\">FINLANDIA<\/a>, <a href=\"https:\/\/balticwind.eu\/pl\/category\/litwa\/\" rel=\"category tag\">LITWA<\/a>, <a href=\"https:\/\/balticwind.eu\/pl\/category\/lotwa\/\" rel=\"category tag\">\u0141OTWA<\/a>, <a href=\"https:\/\/balticwind.eu\/pl\/category\/niemcy\/\" rel=\"category tag\">NIEMCY<\/a>, <a href=\"https:\/\/balticwind.eu\/pl\/category\/energia-wiatrowa-offshore\/\" rel=\"category tag\">OFFSHORE<\/a>, <a href=\"https:\/\/balticwind.eu\/pl\/category\/polska\/\" rel=\"category tag\">POLSKA<\/a>, <a href=\"https:\/\/balticwind.eu\/pl\/category\/regulatory-pl\/\" rel=\"category tag\">REGULACJE<\/a>, <a href=\"https:\/\/balticwind.eu\/pl\/category\/szwecja\/\" rel=\"category tag\">SZWECJA<\/a><span class=\"fusion-inline-sep\">|<\/span><\/p><\/div><div class=\"fusion-clearfix\"><\/div><\/article>\n<article id=\"blog-20-post-45996\" class=\"fusion-post-medium-alternate post-45996 post type-post status-publish format-standard has-post-thumbnail hentry category-energia-wiatrowa-offshore category-energia-wiatrowa-onshore category-opinie category-polska category-projekty category-regulatory-pl\">\n<div class=\"fusion-date-and-formats\"><div class=\"fusion-date-box updated\"><span class=\"fusion-date\">24<\/span><span class=\"fusion-month-year\">04, 2026<\/span><\/div><div class=\"fusion-format-box\"><i class=\"fusion-icon-pen\" aria-hidden=\"true\"><\/i><\/div><\/div>\t<style type=\"text\/css\">\n\t\t\n\t\t\n\t\t\n\t\t\n\t\t\t<\/style>\n\n\n\t\t\t<div class=\"fusion-flexslider flexslider fusion-flexslider-loading fusion-post-slideshow\" style=\"\">\n\t\t<ul class=\"slides\">\n\t\t\t\n\t\t\t\t\t\t\t\t\t\t\t\t\t\t<li>\n\n<div  class=\"fusion-image-wrapper fusion-image-size-fixed\" aria-haspopup=\"true\">\n\t\n\t\n\t\t\t\n\t\t\t\t<a href=\"https:\/\/balticwind.eu\/pl\/europejczycy-w-tym-polacy-przeceniaja-niezaleznosc-energetyczna-swoich-krajow-wynika-z-badania-orsted\/\" aria-label=\"Europejczycy, w tym Polacy, przeceniaj\u0105 niezale\u017cno\u015b\u0107 energetyczn\u0105 swoich kraj\u00f3w &#8211; wynika z badania \u00d8rsted\">\n\t\t\n\t\t\n\t\t\t\t\t<img width=\"320\" height=\"202\" src=\"https:\/\/balticwind.eu\/wp-content\/uploads\/2024\/07\/karsten-wurth-ZKWgoRUYuMk-unsplash-320x202.jpg\" class=\"attachment-blog-medium size-blog-medium wp-post-image\" alt=\"Source: Unsplash\" decoding=\"async\" loading=\"lazy\" srcset=\"https:\/\/balticwind.eu\/wp-content\/uploads\/2024\/07\/karsten-wurth-ZKWgoRUYuMk-unsplash-320x202.jpg 320w, https:\/\/balticwind.eu\/wp-content\/uploads\/2024\/07\/karsten-wurth-ZKWgoRUYuMk-unsplash-700x441.jpg 700w\" sizes=\"(max-width: 320px) 100vw, 320px\" \/>\n\t\n\n\n\t\t\t\t<\/a>\n\t\t\n\t\n<\/div>\n<\/li>\n\t\t\t\n\t\t\t\n\t\t\t\t\t\t\t\t\t\t\t\t\t\t\t\t\t\t\t\t\t\t\t\t\t\t\t\t\t\t\t\t\t\t\t\t\t\t\t\t\t\t\t\t\t\t\t\t\t\t\t\t\t\t\t\t\t\t\t\t\t\t\t\t\t\t\t\t<\/ul>\n\t<\/div>\n\t<div class=\"fusion-post-content post-content\"><h2 class=\"blog-shortcode-post-title entry-title\"><a href=\"https:\/\/balticwind.eu\/pl\/europejczycy-w-tym-polacy-przeceniaja-niezaleznosc-energetyczna-swoich-krajow-wynika-z-badania-orsted\/\">Europejczycy, w tym Polacy, przeceniaj\u0105 niezale\u017cno\u015b\u0107 energetyczn\u0105 swoich kraj\u00f3w &#8211; wynika z badania \u00d8rsted<\/a><\/h2><p class=\"fusion-single-line-meta\"><span class=\"vcard\" style=\"display: none;\"><span class=\"fn\"><a href=\"https:\/\/balticwind.eu\/pl\/author\/maja-moshotmail-com\/\" title=\"Wpisy od Maja Moskal\" rel=\"author\">Maja Moskal<\/a><\/span><\/span><span class=\"updated\" style=\"display:none;\">2026-04-23T11:45:49+02:00<\/span><a href=\"https:\/\/balticwind.eu\/pl\/category\/energia-wiatrowa-offshore\/\" rel=\"category tag\">OFFSHORE<\/a>, <a href=\"https:\/\/balticwind.eu\/pl\/category\/energia-wiatrowa-onshore\/\" rel=\"category tag\">ONSHORE<\/a>, <a href=\"https:\/\/balticwind.eu\/pl\/category\/opinie\/\" rel=\"category tag\">OPINIE<\/a>, <a href=\"https:\/\/balticwind.eu\/pl\/category\/polska\/\" rel=\"category tag\">POLSKA<\/a>, <a href=\"https:\/\/balticwind.eu\/pl\/category\/projekty\/\" rel=\"category tag\">PROJEKTY<\/a>, <a href=\"https:\/\/balticwind.eu\/pl\/category\/regulatory-pl\/\" rel=\"category tag\">REGULACJE<\/a><span class=\"fusion-inline-sep\">|<\/span><\/p><\/div><div class=\"fusion-clearfix\"><\/div><\/article>\n<article id=\"blog-20-post-45997\" class=\"fusion-post-medium-alternate post-45997 post type-post status-publish format-standard has-post-thumbnail hentry category-energia-wiatrowa-offshore category-energia-wiatrowa-onshore category-opinie category-polska category-projekty category-regulatory-pl\">\n<div class=\"fusion-date-and-formats\"><div class=\"fusion-date-box updated\"><span class=\"fusion-date\">24<\/span><span class=\"fusion-month-year\">04, 2026<\/span><\/div><div class=\"fusion-format-box\"><i class=\"fusion-icon-pen\" aria-hidden=\"true\"><\/i><\/div><\/div>\t<style type=\"text\/css\">\n\t\t\n\t\t\n\t\t\n\t\t\n\t\t\t<\/style>\n\n\n\t\t\t<div class=\"fusion-flexslider flexslider fusion-flexslider-loading fusion-post-slideshow\" style=\"\">\n\t\t<ul class=\"slides\">\n\t\t\t\n\t\t\t\t\t\t\t\t\t\t\t\t\t\t<li>\n\n<div  class=\"fusion-image-wrapper fusion-image-size-fixed\" aria-haspopup=\"true\">\n\t\n\t\n\t\t\t\n\t\t\t\t<a href=\"https:\/\/balticwind.eu\/pl\/tak-trudno-jak-jest-teraz-jeszcze-nie-bylo-eksperci-o-barierach-dla-ladowej-energetyki-wiatrowej-podczas-panelu-dyskusyjnego-na-europejskim-kongresie-gospodarczym-w-katowicach\/\" aria-label=\"\u201cTak trudno, jak jest teraz, jeszcze nie by\u0142o\u201d &#8211; eksperci o barierach dla l\u0105dowej energetyki wiatrowej podczas panelu dyskusyjnego na Europejskim Kongresie Gospodarczym w Katowicach\">\n\t\t\n\t\t\n\t\t\t\t\t<img width=\"320\" height=\"202\" src=\"https:\/\/balticwind.eu\/wp-content\/uploads\/2024\/12\/wind-energy-7394705_1280-320x202.jpg\" class=\"attachment-blog-medium size-blog-medium wp-post-image\" alt=\"Source: Pixabay\" decoding=\"async\" loading=\"lazy\" srcset=\"https:\/\/balticwind.eu\/wp-content\/uploads\/2024\/12\/wind-energy-7394705_1280-320x202.jpg 320w, https:\/\/balticwind.eu\/wp-content\/uploads\/2024\/12\/wind-energy-7394705_1280-700x441.jpg 700w\" sizes=\"(max-width: 320px) 100vw, 320px\" \/>\n\t\n\n\n\t\t\t\t<\/a>\n\t\t\n\t\n<\/div>\n<\/li>\n\t\t\t\n\t\t\t\n\t\t\t\t\t\t\t\t\t\t\t\t\t\t\t\t\t\t\t\t\t\t\t\t\t\t\t\t\t\t\t\t\t\t\t\t\t\t\t\t\t\t\t\t\t\t\t\t\t\t\t\t\t\t\t\t\t\t\t\t\t\t\t\t\t\t\t\t<\/ul>\n\t<\/div>\n\t<div class=\"fusion-post-content post-content\"><h2 class=\"blog-shortcode-post-title entry-title\"><a href=\"https:\/\/balticwind.eu\/pl\/tak-trudno-jak-jest-teraz-jeszcze-nie-bylo-eksperci-o-barierach-dla-ladowej-energetyki-wiatrowej-podczas-panelu-dyskusyjnego-na-europejskim-kongresie-gospodarczym-w-katowicach\/\">\u201cTak trudno, jak jest teraz, jeszcze nie by\u0142o\u201d &#8211; eksperci o barierach dla l\u0105dowej energetyki wiatrowej podczas panelu dyskusyjnego na Europejskim Kongresie Gospodarczym w Katowicach<\/a><\/h2><p class=\"fusion-single-line-meta\"><span class=\"vcard\" style=\"display: none;\"><span class=\"fn\"><a href=\"https:\/\/balticwind.eu\/pl\/author\/maja-moshotmail-com\/\" title=\"Wpisy od Maja Moskal\" rel=\"author\">Maja Moskal<\/a><\/span><\/span><span class=\"updated\" style=\"display:none;\">2026-04-23T11:55:41+02:00<\/span><a href=\"https:\/\/balticwind.eu\/pl\/category\/energia-wiatrowa-offshore\/\" rel=\"category tag\">OFFSHORE<\/a>, <a href=\"https:\/\/balticwind.eu\/pl\/category\/energia-wiatrowa-onshore\/\" rel=\"category tag\">ONSHORE<\/a>, <a href=\"https:\/\/balticwind.eu\/pl\/category\/opinie\/\" rel=\"category tag\">OPINIE<\/a>, <a href=\"https:\/\/balticwind.eu\/pl\/category\/polska\/\" rel=\"category tag\">POLSKA<\/a>, <a href=\"https:\/\/balticwind.eu\/pl\/category\/projekty\/\" rel=\"category tag\">PROJEKTY<\/a>, <a href=\"https:\/\/balticwind.eu\/pl\/category\/regulatory-pl\/\" rel=\"category tag\">REGULACJE<\/a><span class=\"fusion-inline-sep\">|<\/span><\/p><\/div><div class=\"fusion-clearfix\"><\/div><\/article>\n<\/div><\/div><\/div><style type=\"text\/css\">.fusion-body .fusion-builder-nested-column-14{width:50% !important;margin-top : 0px;margin-bottom : 20px;}.fusion-builder-nested-column-14 > .fusion-column-wrapper {padding-top : 0px !important;padding-right : 0px !important;margin-right : 3.84%;padding-bottom : 0px !important;padding-left : 0px !important;margin-left : 3.84%;}@media only screen and (max-width:1024px) {.fusion-body .fusion-builder-nested-column-14{width:100% !important;order : 0;}.fusion-builder-nested-column-14 > .fusion-column-wrapper {margin-right : 1.92%;margin-left : 1.92%;}}@media only screen and (max-width:640px) {.fusion-body .fusion-builder-nested-column-14{width:100% !important;order : 0;}.fusion-builder-nested-column-14 > .fusion-column-wrapper {margin-right : 1.92%;margin-left : 1.92%;}}<\/style><\/div><div class=\"fusion-layout-column fusion_builder_column_inner fusion-builder-nested-column-15 fusion_builder_column_inner_1_2 1_2 fusion-flex-column\"><div class=\"fusion-column-wrapper fusion-flex-justify-content-flex-start fusion-content-layout-column\" style=\"background-position:left top;background-repeat:no-repeat;-webkit-background-size:cover;-moz-background-size:cover;-o-background-size:cover;background-size:cover;padding: 0px 0px 0px 0px;\"><div class=\"fusion-separator fusion-full-width-sep\" style=\"align-self: center;margin-left: auto;margin-right: auto;margin-bottom:10px;width:100%;max-width:100%;\"><div class=\"fusion-separator-border sep-single sep-solid\" style=\"border-color:#1f2a3b;border-top-width:12px;\"><\/div><\/div><style type=\"text\/css\">@media only screen and (max-width:1024px) {.fusion-title.fusion-title-22{margin-top:-15px!important; margin-right:0px!important;margin-bottom:20px!important;margin-left:0px!important;}}@media only screen and (max-width:640px) {.fusion-title.fusion-title-22{margin-top:0px!important; margin-right:0px!important;margin-bottom:20px!important; margin-left:0px!important;}}.fusion-title.fusion-title-text.fusion-title-22 a{color:#8cbcda}.fusion-title.fusion-title-text.fusion-title-22 a:hover{color:rgba(209,235,251,0.63)}<\/style><div class=\"fusion-title title fusion-title-22 fusion-title-text fusion-title-size-five\" style=\"margin-top:-15px;margin-right:0px;margin-bottom:20px;margin-left:0px;\"><div class=\"title-sep-container title-sep-container-left fusion-no-large-visibility fusion-no-medium-visibility fusion-no-small-visibility\"><div class=\"title-sep sep-\" style=\"border-color:#eaeaea;\"><\/div><\/div><h5 class=\"title-heading-left fusion-responsive-typography-calculated\" style=\"margin:0;--fontSize:17;line-height:1.76;\"><a href=\"https:\/\/balticwind.eu\/projects\/\" class=\"awb-custom-text-color awb-custom-text-hover-color\" target=\"_self\"><h5 style=\"text-align: left;\">PROJEKTY<\/h5><\/a><\/h5><div class=\"title-sep-container title-sep-container-right\"><div class=\"title-sep sep-\" style=\"border-color:#eaeaea;\"><\/div><\/div><\/div><div class=\"fusion-blog-shortcode fusion-blog-shortcode-21 fusion-blog-archive fusion-blog-layout-medium-alternate fusion-blog-no\"><div class=\"fusion-posts-container fusion-posts-container-no\" data-pages=\"245\"><article id=\"blog-21-post-46026\" class=\"fusion-post-medium-alternate post-46026 post type-post status-publish format-standard has-post-thumbnail hentry category-dania category-niemcy category-energia-wiatrowa-offshore category-energia-wiatrowa-onshore category-opinie category-projekty category-regulatory-pl\">\n<div class=\"fusion-date-and-formats\"><div class=\"fusion-date-box updated\"><span class=\"fusion-date\">27<\/span><span class=\"fusion-month-year\">04, 2026<\/span><\/div><div class=\"fusion-format-box\"><i class=\"fusion-icon-pen\" aria-hidden=\"true\"><\/i><\/div><\/div>\t<style type=\"text\/css\">\n\t\t\n\t\t\n\t\t\n\t\t\n\t\t\t<\/style>\n\n\n\t\t\t<div class=\"fusion-flexslider flexslider fusion-flexslider-loading fusion-post-slideshow\" style=\"\">\n\t\t<ul class=\"slides\">\n\t\t\t\n\t\t\t\t\t\t\t\t\t\t\t\t\t\t<li>\n\n<div  class=\"fusion-image-wrapper fusion-image-size-fixed\" aria-haspopup=\"true\">\n\t\n\t\n\t\t\t\n\t\t\t\t<a href=\"https:\/\/balticwind.eu\/pl\/pieciu-europejskich-operatorow-systemow-przesylowych-rozwaza-wspolprace-w-zakresie-infrastruktury-kabli-morskich-na-morzu-polnocnym\/\" aria-label=\"Pi\u0119ciu europejskich operator\u00f3w system\u00f3w przesy\u0142owych rozwa\u017ca wsp\u00f3\u0142prac\u0119 w zakresie infrastruktury kabli morskich na Morzu P\u00f3\u0142nocnym\">\n\t\t\n\t\t\n\t\t\t\t\t<img width=\"320\" height=\"202\" src=\"https:\/\/balticwind.eu\/wp-content\/uploads\/2024\/07\/sterling-lanier-g_g6JLB9GjM-unsplash-320x202.jpg\" class=\"attachment-blog-medium size-blog-medium wp-post-image\" alt=\"\" decoding=\"async\" loading=\"lazy\" srcset=\"https:\/\/balticwind.eu\/wp-content\/uploads\/2024\/07\/sterling-lanier-g_g6JLB9GjM-unsplash-320x202.jpg 320w, https:\/\/balticwind.eu\/wp-content\/uploads\/2024\/07\/sterling-lanier-g_g6JLB9GjM-unsplash-700x441.jpg 700w\" sizes=\"(max-width: 320px) 100vw, 320px\" \/>\n\t\n\n\n\t\t\t\t<\/a>\n\t\t\n\t\n<\/div>\n<\/li>\n\t\t\t\n\t\t\t\n\t\t\t\t\t\t\t\t\t\t\t\t\t\t\t\t\t\t\t\t\t\t\t\t\t\t\t\t\t\t\t\t\t\t\t\t\t\t\t\t\t\t\t\t\t\t\t\t\t\t\t\t\t\t\t\t\t\t\t\t\t\t\t\t\t\t\t\t<\/ul>\n\t<\/div>\n\t<div class=\"fusion-post-content post-content\"><h2 class=\"blog-shortcode-post-title entry-title\"><a href=\"https:\/\/balticwind.eu\/pl\/pieciu-europejskich-operatorow-systemow-przesylowych-rozwaza-wspolprace-w-zakresie-infrastruktury-kabli-morskich-na-morzu-polnocnym\/\">Pi\u0119ciu europejskich operator\u00f3w system\u00f3w przesy\u0142owych rozwa\u017ca wsp\u00f3\u0142prac\u0119 w zakresie infrastruktury kabli morskich na Morzu P\u00f3\u0142nocnym<\/a><\/h2><p class=\"fusion-single-line-meta\"><span class=\"vcard\" style=\"display: none;\"><span class=\"fn\"><a href=\"https:\/\/balticwind.eu\/pl\/author\/maja-moshotmail-com\/\" title=\"Wpisy od Maja Moskal\" rel=\"author\">Maja Moskal<\/a><\/span><\/span><span class=\"updated\" style=\"display:none;\">2026-04-24T17:53:37+02:00<\/span><a href=\"https:\/\/balticwind.eu\/pl\/category\/dania\/\" rel=\"category tag\">DANIA<\/a>, <a href=\"https:\/\/balticwind.eu\/pl\/category\/niemcy\/\" rel=\"category tag\">NIEMCY<\/a>, <a href=\"https:\/\/balticwind.eu\/pl\/category\/energia-wiatrowa-offshore\/\" rel=\"category tag\">OFFSHORE<\/a>, <a href=\"https:\/\/balticwind.eu\/pl\/category\/energia-wiatrowa-onshore\/\" rel=\"category tag\">ONSHORE<\/a>, <a href=\"https:\/\/balticwind.eu\/pl\/category\/opinie\/\" rel=\"category tag\">OPINIE<\/a>, <a href=\"https:\/\/balticwind.eu\/pl\/category\/projekty\/\" rel=\"category tag\">PROJEKTY<\/a>, <a href=\"https:\/\/balticwind.eu\/pl\/category\/regulatory-pl\/\" rel=\"category tag\">REGULACJE<\/a><span class=\"fusion-inline-sep\">|<\/span><\/p><\/div><div class=\"fusion-clearfix\"><\/div><\/article>\n<article id=\"blog-21-post-46016\" class=\"fusion-post-medium-alternate post-46016 post type-post status-publish format-standard has-post-thumbnail hentry category-energia-wiatrowa-offshore category-polska category-projekty\">\n<div class=\"fusion-date-and-formats\"><div class=\"fusion-date-box updated\"><span class=\"fusion-date\">24<\/span><span class=\"fusion-month-year\">04, 2026<\/span><\/div><div class=\"fusion-format-box\"><i class=\"fusion-icon-pen\" aria-hidden=\"true\"><\/i><\/div><\/div>\t<style type=\"text\/css\">\n\t\t\n\t\t\n\t\t\n\t\t\n\t\t\t<\/style>\n\n\n\t\t\t<div class=\"fusion-flexslider flexslider fusion-flexslider-loading fusion-post-slideshow\" style=\"\">\n\t\t<ul class=\"slides\">\n\t\t\t\n\t\t\t\t\t\t\t\t\t\t\t\t\t\t<li>\n\n<div  class=\"fusion-image-wrapper fusion-image-size-fixed\" aria-haspopup=\"true\">\n\t\n\t\n\t\t\t\n\t\t\t\t<a href=\"https:\/\/balticwind.eu\/pl\/blisko-1300-uczniow-z-pomorza-poznaje-morska-energetyke-wiatrowa\/\" aria-label=\"Blisko 1300 uczni\u00f3w z Pomorza poznaje morsk\u0105 energetyk\u0119 wiatrow\u0105\">\n\t\t\n\t\t\n\t\t\t\t\t<img width=\"320\" height=\"202\" src=\"https:\/\/balticwind.eu\/wp-content\/uploads\/2026\/04\/0-320x202.jpg\" class=\"attachment-blog-medium size-blog-medium wp-post-image\" alt=\"\" decoding=\"async\" loading=\"lazy\" srcset=\"https:\/\/balticwind.eu\/wp-content\/uploads\/2026\/04\/0-320x202.jpg 320w, https:\/\/balticwind.eu\/wp-content\/uploads\/2026\/04\/0-700x441.jpg 700w\" sizes=\"(max-width: 320px) 100vw, 320px\" \/>\n\t\n\n\n\t\t\t\t<\/a>\n\t\t\n\t\n<\/div>\n<\/li>\n\t\t\t\n\t\t\t\n\t\t\t\t\t\t\t\t\t\t\t\t\t\t\t\t\t\t\t\t\t\t\t\t\t\t\t\t\t\t\t\t\t\t\t\t\t\t\t\t\t\t\t\t\t\t\t\t\t\t\t\t\t\t\t\t\t\t\t\t\t\t\t\t\t\t\t\t<\/ul>\n\t<\/div>\n\t<div class=\"fusion-post-content post-content\"><h2 class=\"blog-shortcode-post-title entry-title\"><a href=\"https:\/\/balticwind.eu\/pl\/blisko-1300-uczniow-z-pomorza-poznaje-morska-energetyke-wiatrowa\/\">Blisko 1300 uczni\u00f3w z Pomorza poznaje morsk\u0105 energetyk\u0119 wiatrow\u0105<\/a><\/h2><p class=\"fusion-single-line-meta\"><span class=\"vcard\" style=\"display: none;\"><span class=\"fn\"><a href=\"https:\/\/balticwind.eu\/pl\/author\/maja-moshotmail-com\/\" title=\"Wpisy od Maja Moskal\" rel=\"author\">Maja Moskal<\/a><\/span><\/span><span class=\"updated\" style=\"display:none;\">2026-04-24T16:01:55+02:00<\/span><a href=\"https:\/\/balticwind.eu\/pl\/category\/energia-wiatrowa-offshore\/\" rel=\"category tag\">OFFSHORE<\/a>, <a href=\"https:\/\/balticwind.eu\/pl\/category\/polska\/\" rel=\"category tag\">POLSKA<\/a>, <a href=\"https:\/\/balticwind.eu\/pl\/category\/projekty\/\" rel=\"category tag\">PROJEKTY<\/a><span class=\"fusion-inline-sep\">|<\/span><\/p><\/div><div class=\"fusion-clearfix\"><\/div><\/article>\n<article id=\"blog-21-post-45996\" class=\"fusion-post-medium-alternate post-45996 post type-post status-publish format-standard has-post-thumbnail hentry category-energia-wiatrowa-offshore category-energia-wiatrowa-onshore category-opinie category-polska category-projekty category-regulatory-pl\">\n<div class=\"fusion-date-and-formats\"><div class=\"fusion-date-box updated\"><span class=\"fusion-date\">24<\/span><span class=\"fusion-month-year\">04, 2026<\/span><\/div><div class=\"fusion-format-box\"><i class=\"fusion-icon-pen\" aria-hidden=\"true\"><\/i><\/div><\/div>\t<style type=\"text\/css\">\n\t\t\n\t\t\n\t\t\n\t\t\n\t\t\t<\/style>\n\n\n\t\t\t<div class=\"fusion-flexslider flexslider fusion-flexslider-loading fusion-post-slideshow\" style=\"\">\n\t\t<ul class=\"slides\">\n\t\t\t\n\t\t\t\t\t\t\t\t\t\t\t\t\t\t<li>\n\n<div  class=\"fusion-image-wrapper fusion-image-size-fixed\" aria-haspopup=\"true\">\n\t\n\t\n\t\t\t\n\t\t\t\t<a href=\"https:\/\/balticwind.eu\/pl\/europejczycy-w-tym-polacy-przeceniaja-niezaleznosc-energetyczna-swoich-krajow-wynika-z-badania-orsted\/\" aria-label=\"Europejczycy, w tym Polacy, przeceniaj\u0105 niezale\u017cno\u015b\u0107 energetyczn\u0105 swoich kraj\u00f3w &#8211; wynika z badania \u00d8rsted\">\n\t\t\n\t\t\n\t\t\t\t\t<img width=\"320\" height=\"202\" src=\"https:\/\/balticwind.eu\/wp-content\/uploads\/2024\/07\/karsten-wurth-ZKWgoRUYuMk-unsplash-320x202.jpg\" class=\"attachment-blog-medium size-blog-medium wp-post-image\" alt=\"Source: Unsplash\" decoding=\"async\" loading=\"lazy\" srcset=\"https:\/\/balticwind.eu\/wp-content\/uploads\/2024\/07\/karsten-wurth-ZKWgoRUYuMk-unsplash-320x202.jpg 320w, https:\/\/balticwind.eu\/wp-content\/uploads\/2024\/07\/karsten-wurth-ZKWgoRUYuMk-unsplash-700x441.jpg 700w\" sizes=\"(max-width: 320px) 100vw, 320px\" \/>\n\t\n\n\n\t\t\t\t<\/a>\n\t\t\n\t\n<\/div>\n<\/li>\n\t\t\t\n\t\t\t\n\t\t\t\t\t\t\t\t\t\t\t\t\t\t\t\t\t\t\t\t\t\t\t\t\t\t\t\t\t\t\t\t\t\t\t\t\t\t\t\t\t\t\t\t\t\t\t\t\t\t\t\t\t\t\t\t\t\t\t\t\t\t\t\t\t\t\t\t<\/ul>\n\t<\/div>\n\t<div class=\"fusion-post-content post-content\"><h2 class=\"blog-shortcode-post-title entry-title\"><a href=\"https:\/\/balticwind.eu\/pl\/europejczycy-w-tym-polacy-przeceniaja-niezaleznosc-energetyczna-swoich-krajow-wynika-z-badania-orsted\/\">Europejczycy, w tym Polacy, przeceniaj\u0105 niezale\u017cno\u015b\u0107 energetyczn\u0105 swoich kraj\u00f3w &#8211; wynika z badania \u00d8rsted<\/a><\/h2><p class=\"fusion-single-line-meta\"><span class=\"vcard\" style=\"display: none;\"><span class=\"fn\"><a href=\"https:\/\/balticwind.eu\/pl\/author\/maja-moshotmail-com\/\" title=\"Wpisy od Maja Moskal\" rel=\"author\">Maja Moskal<\/a><\/span><\/span><span class=\"updated\" style=\"display:none;\">2026-04-23T11:45:49+02:00<\/span><a href=\"https:\/\/balticwind.eu\/pl\/category\/energia-wiatrowa-offshore\/\" rel=\"category tag\">OFFSHORE<\/a>, <a href=\"https:\/\/balticwind.eu\/pl\/category\/energia-wiatrowa-onshore\/\" rel=\"category tag\">ONSHORE<\/a>, <a href=\"https:\/\/balticwind.eu\/pl\/category\/opinie\/\" rel=\"category tag\">OPINIE<\/a>, <a href=\"https:\/\/balticwind.eu\/pl\/category\/polska\/\" rel=\"category tag\">POLSKA<\/a>, <a href=\"https:\/\/balticwind.eu\/pl\/category\/projekty\/\" rel=\"category tag\">PROJEKTY<\/a>, <a href=\"https:\/\/balticwind.eu\/pl\/category\/regulatory-pl\/\" rel=\"category tag\">REGULACJE<\/a><span class=\"fusion-inline-sep\">|<\/span><\/p><\/div><div class=\"fusion-clearfix\"><\/div><\/article>\n<article id=\"blog-21-post-45997\" class=\"fusion-post-medium-alternate post-45997 post type-post status-publish format-standard has-post-thumbnail hentry category-energia-wiatrowa-offshore category-energia-wiatrowa-onshore category-opinie category-polska category-projekty category-regulatory-pl\">\n<div class=\"fusion-date-and-formats\"><div class=\"fusion-date-box updated\"><span class=\"fusion-date\">24<\/span><span class=\"fusion-month-year\">04, 2026<\/span><\/div><div class=\"fusion-format-box\"><i class=\"fusion-icon-pen\" aria-hidden=\"true\"><\/i><\/div><\/div>\t<style type=\"text\/css\">\n\t\t\n\t\t\n\t\t\n\t\t\n\t\t\t<\/style>\n\n\n\t\t\t<div class=\"fusion-flexslider flexslider fusion-flexslider-loading fusion-post-slideshow\" style=\"\">\n\t\t<ul class=\"slides\">\n\t\t\t\n\t\t\t\t\t\t\t\t\t\t\t\t\t\t<li>\n\n<div  class=\"fusion-image-wrapper fusion-image-size-fixed\" aria-haspopup=\"true\">\n\t\n\t\n\t\t\t\n\t\t\t\t<a href=\"https:\/\/balticwind.eu\/pl\/tak-trudno-jak-jest-teraz-jeszcze-nie-bylo-eksperci-o-barierach-dla-ladowej-energetyki-wiatrowej-podczas-panelu-dyskusyjnego-na-europejskim-kongresie-gospodarczym-w-katowicach\/\" aria-label=\"\u201cTak trudno, jak jest teraz, jeszcze nie by\u0142o\u201d &#8211; eksperci o barierach dla l\u0105dowej energetyki wiatrowej podczas panelu dyskusyjnego na Europejskim Kongresie Gospodarczym w Katowicach\">\n\t\t\n\t\t\n\t\t\t\t\t<img width=\"320\" height=\"202\" src=\"https:\/\/balticwind.eu\/wp-content\/uploads\/2024\/12\/wind-energy-7394705_1280-320x202.jpg\" class=\"attachment-blog-medium size-blog-medium wp-post-image\" alt=\"Source: Pixabay\" decoding=\"async\" loading=\"lazy\" srcset=\"https:\/\/balticwind.eu\/wp-content\/uploads\/2024\/12\/wind-energy-7394705_1280-320x202.jpg 320w, https:\/\/balticwind.eu\/wp-content\/uploads\/2024\/12\/wind-energy-7394705_1280-700x441.jpg 700w\" sizes=\"(max-width: 320px) 100vw, 320px\" \/>\n\t\n\n\n\t\t\t\t<\/a>\n\t\t\n\t\n<\/div>\n<\/li>\n\t\t\t\n\t\t\t\n\t\t\t\t\t\t\t\t\t\t\t\t\t\t\t\t\t\t\t\t\t\t\t\t\t\t\t\t\t\t\t\t\t\t\t\t\t\t\t\t\t\t\t\t\t\t\t\t\t\t\t\t\t\t\t\t\t\t\t\t\t\t\t\t\t\t\t\t<\/ul>\n\t<\/div>\n\t<div class=\"fusion-post-content post-content\"><h2 class=\"blog-shortcode-post-title entry-title\"><a href=\"https:\/\/balticwind.eu\/pl\/tak-trudno-jak-jest-teraz-jeszcze-nie-bylo-eksperci-o-barierach-dla-ladowej-energetyki-wiatrowej-podczas-panelu-dyskusyjnego-na-europejskim-kongresie-gospodarczym-w-katowicach\/\">\u201cTak trudno, jak jest teraz, jeszcze nie by\u0142o\u201d &#8211; eksperci o barierach dla l\u0105dowej energetyki wiatrowej podczas panelu dyskusyjnego na Europejskim Kongresie Gospodarczym w Katowicach<\/a><\/h2><p class=\"fusion-single-line-meta\"><span class=\"vcard\" style=\"display: none;\"><span class=\"fn\"><a href=\"https:\/\/balticwind.eu\/pl\/author\/maja-moshotmail-com\/\" title=\"Wpisy od Maja Moskal\" rel=\"author\">Maja Moskal<\/a><\/span><\/span><span class=\"updated\" style=\"display:none;\">2026-04-23T11:55:41+02:00<\/span><a href=\"https:\/\/balticwind.eu\/pl\/category\/energia-wiatrowa-offshore\/\" rel=\"category tag\">OFFSHORE<\/a>, <a href=\"https:\/\/balticwind.eu\/pl\/category\/energia-wiatrowa-onshore\/\" rel=\"category tag\">ONSHORE<\/a>, <a href=\"https:\/\/balticwind.eu\/pl\/category\/opinie\/\" rel=\"category tag\">OPINIE<\/a>, <a href=\"https:\/\/balticwind.eu\/pl\/category\/polska\/\" rel=\"category tag\">POLSKA<\/a>, <a href=\"https:\/\/balticwind.eu\/pl\/category\/projekty\/\" rel=\"category tag\">PROJEKTY<\/a>, <a href=\"https:\/\/balticwind.eu\/pl\/category\/regulatory-pl\/\" rel=\"category tag\">REGULACJE<\/a><span class=\"fusion-inline-sep\">|<\/span><\/p><\/div><div class=\"fusion-clearfix\"><\/div><\/article>\n<\/div><\/div><\/div><style type=\"text\/css\">.fusion-body .fusion-builder-nested-column-15{width:50% !important;margin-top : 0px;margin-bottom : 20px;}.fusion-builder-nested-column-15 > .fusion-column-wrapper {padding-top : 0px !important;padding-right : 0px !important;margin-right : 3.84%;padding-bottom : 0px !important;padding-left : 0px !important;margin-left : 3.84%;}@media only screen and (max-width:1024px) {.fusion-body .fusion-builder-nested-column-15{width:100% !important;order : 0;}.fusion-builder-nested-column-15 > .fusion-column-wrapper {margin-right : 1.92%;margin-left : 1.92%;}}@media only screen and (max-width:640px) {.fusion-body .fusion-builder-nested-column-15{width:100% !important;order : 0;}.fusion-builder-nested-column-15 > .fusion-column-wrapper {margin-right : 1.92%;margin-left : 1.92%;}}<\/style><\/div><\/div><\/div><style type=\"text\/css\">.fusion-body .fusion-builder-column-33{width:100% !important;margin-top : 0px;margin-bottom : 20px;}.fusion-builder-column-33 > .fusion-column-wrapper {padding-top : 0px !important;padding-right : 0px !important;margin-right : 1.92%;padding-bottom : 0px !important;padding-left : 0px !important;margin-left : 1.92%;}@media only screen and (max-width:1024px) {.fusion-body .fusion-builder-column-33{width:100% !important;order : 0;}.fusion-builder-column-33 > .fusion-column-wrapper {margin-right : 1.92%;margin-left : 1.92%;}}@media only screen and (max-width:640px) {.fusion-body .fusion-builder-column-33{width:100% !important;order : 0;}.fusion-builder-column-33 > .fusion-column-wrapper {margin-right : 1.92%;margin-left : 1.92%;}}<\/style><\/div><\/div><style type=\"text\/css\">.fusion-body .fusion-flex-container.fusion-builder-row-19{ padding-top : 20px;margin-top : 0px;padding-right : 0px;padding-bottom : 0px;margin-bottom : 0px;padding-left : 0px;}<\/style><\/div><\/p>\n","protected":false},"excerpt":{"rendered":"<p>no<\/p>\n","protected":false},"author":1,"featured_media":0,"parent":0,"menu_order":0,"comment_status":"closed","ping_status":"closed","template":"100-width.php","meta":[],"acf":[],"_links":{"self":[{"href":"https:\/\/balticwind.eu\/pl\/wp-json\/wp\/v2\/pages\/38517"}],"collection":[{"href":"https:\/\/balticwind.eu\/pl\/wp-json\/wp\/v2\/pages"}],"about":[{"href":"https:\/\/balticwind.eu\/pl\/wp-json\/wp\/v2\/types\/page"}],"author":[{"embeddable":true,"href":"https:\/\/balticwind.eu\/pl\/wp-json\/wp\/v2\/users\/1"}],"replies":[{"embeddable":true,"href":"https:\/\/balticwind.eu\/pl\/wp-json\/wp\/v2\/comments?post=38517"}],"version-history":[{"count":0,"href":"https:\/\/balticwind.eu\/pl\/wp-json\/wp\/v2\/pages\/38517\/revisions"}],"wp:attachment":[{"href":"https:\/\/balticwind.eu\/pl\/wp-json\/wp\/v2\/media?parent=38517"}],"curies":[{"name":"wp","href":"https:\/\/api.w.org\/{rel}","templated":true}]}}