{"id":4340,"date":"2021-07-12T15:50:01","date_gmt":"2021-07-12T13:50:01","guid":{"rendered":"https:\/\/balticwind.eu\/wiadomosci-biznesowe-dotyczace-offshore\/"},"modified":"2021-07-12T15:50:02","modified_gmt":"2021-07-12T13:50:02","slug":"wiadomosci-biznesowe-dotyczace-offshore","status":"publish","type":"page","link":"https:\/\/balticwind.eu\/pl\/wiadomosci-biznesowe-dotyczace-offshore\/","title":{"rendered":"Wiadomo\u015bci biznesowe dotycz\u0105ce offshore"},"content":{"rendered":"<p><div class=\"fusion-fullwidth fullwidth-box fusion-builder-row-1 fusion-flex-container klaska nonhundred-percent-fullwidth non-hundred-percent-height-scrolling\" style=\"background-color: rgba(255,255,255,0);background-position: center center;background-repeat: no-repeat;border-width: 0px 0px 0px 0px;border-color:#eaeaea;border-style:solid;\" ><div class=\"fusion-builder-row fusion-row fusion-flex-align-items-flex-start\" style=\"max-width:1289.6px;margin-left: calc(-4% \/ 2 );margin-right: calc(-4% \/ 2 );\"><div class=\"fusion-layout-column fusion_builder_column fusion-builder-column-0 fusion_builder_column_1_1 1_1 fusion-flex-column\"><div class=\"fusion-column-wrapper fusion-flex-justify-content-flex-start fusion-content-layout-column\" style=\"background-position:left top;background-repeat:no-repeat;-webkit-background-size:cover;-moz-background-size:cover;-o-background-size:cover;background-size:cover;padding: -20px 0px 0px 0px;\"><style type=\"text\/css\">@media only screen and (max-width:1024px) {.fusion-title.fusion-title-1{margin-top:20px!important; margin-right:0px!important;margin-bottom:20px!important;margin-left:0px!important;}}@media only screen and (max-width:640px) {.fusion-title.fusion-title-1{margin-top:0px!important; margin-right:0px!important;margin-bottom:20px!important; margin-left:0px!important;}}<\/style><div class=\"fusion-title title fusion-title-1 fusion-title-center fusion-title-text fusion-title-size-one\" style=\"font-size:30px;margin-top:20px;margin-right:0px;margin-bottom:20px;margin-left:0px;\"><div class=\"title-sep-container title-sep-container-left\"><div class=\"title-sep sep-\" style=\"border-color:#eaeaea;\"><\/div><\/div><h1 class=\"title-heading-center fusion-responsive-typography-calculated\" style=\"margin:0;font-size:1em;letter-spacing:5px;--fontSize:30;line-height:1.2;\">WIADOMO\u015aCI O BIZNESIE OFFSHORE<\/h1><div class=\"title-sep-container title-sep-container-right\"><div class=\"title-sep sep-\" style=\"border-color:#eaeaea;\"><\/div><\/div><\/div><\/div><style type=\"text\/css\">.fusion-body .fusion-builder-column-0{width:100% !important;margin-top : -20px;margin-bottom : 0px;}.fusion-builder-column-0 > .fusion-column-wrapper {padding-top : -20px !important;padding-right : 0px !important;margin-right : 1.92%;padding-bottom : 0px !important;padding-left : 0px !important;margin-left : 1.92%;}@media only screen and (max-width:1024px) {.fusion-body .fusion-builder-column-0{width:100% !important;order : 0;}.fusion-builder-column-0 > .fusion-column-wrapper {margin-right : 1.92%;margin-left : 1.92%;}}@media only screen and (max-width:640px) {.fusion-body .fusion-builder-column-0{width:100% !important;order : 0;}.fusion-builder-column-0 > .fusion-column-wrapper {margin-right : 1.92%;margin-left : 1.92%;}}<\/style><\/div><\/div><style type=\"text\/css\">.fusion-body .fusion-flex-container.fusion-builder-row-1{ padding-top : 0px;margin-top : -30px;padding-right : 0px;padding-bottom : 0px;margin-bottom : 0px;padding-left : 0px;}<\/style><\/div><div class=\"fusion-fullwidth fullwidth-box fusion-builder-row-2 fusion-flex-container nonhundred-percent-fullwidth non-hundred-percent-height-scrolling fusion-no-small-visibility fusion-no-medium-visibility\" style=\"background-color: #d1ebfb;background-position: left top;background-repeat: no-repeat;border-width: 0px 0px 0px 0px;border-color:#eaeaea;border-style:solid;\" ><div class=\"fusion-builder-row fusion-row fusion-flex-align-items-center fusion-flex-align-content-center fusion-flex-justify-content-center\" style=\"max-width:1289.6px;margin-left: calc(-4% \/ 2 );margin-right: calc(-4% \/ 2 );\"><div class=\"fusion-layout-column fusion_builder_column fusion-builder-column-1 fusion_builder_column_1_6 1_6 fusion-flex-column fusion-flex-align-self-flex-start fusion-column-no-min-height\"><div class=\"fusion-column-wrapper fusion-flex-justify-content-flex-start fusion-content-layout-column\" style=\"background-position:left top;background-repeat:no-repeat;-webkit-background-size:cover;-moz-background-size:cover;-o-background-size:cover;background-size:cover;padding: 0px 0px 0px 0px;\"><\/div><style type=\"text\/css\">.fusion-body .fusion-builder-column-1{width:16.666666666667% !important;margin-top : 0px;margin-bottom : 0px;}.fusion-builder-column-1 > .fusion-column-wrapper {padding-top : 0px !important;padding-right : 0px !important;margin-right : 7.68%;padding-bottom : 0px !important;padding-left : 0px !important;margin-left : 11.52%;}@media only screen and (max-width:1024px) {.fusion-body .fusion-builder-column-1{width:100% !important;order : 0;}.fusion-builder-column-1 > .fusion-column-wrapper {margin-right : 1.92%;margin-left : 1.92%;}}@media only screen and (max-width:640px) {.fusion-body .fusion-builder-column-1{width:100% !important;order : 0;}.fusion-builder-column-1 > .fusion-column-wrapper {margin-right : 1.92%;margin-left : 1.92%;}}<\/style><\/div><div class=\"fusion-layout-column fusion_builder_column fusion-builder-column-2 fusion_builder_column_2_3 2_3 fusion-flex-column fusion-animated\" data-animationType=\"fadeInLeft\" data-animationDuration=\"0.6\" data-animationOffset=\"100%\"><div class=\"fusion-column-wrapper fusion-flex-justify-content-flex-start fusion-content-layout-column\" style=\"background-position:center center;background-repeat:no-repeat;-webkit-background-size:cover;-moz-background-size:cover;-o-background-size:cover;background-size:cover;border-width: 12px 0px 0px 0px;border-color:#1f2a3b;border-style:solid;padding: 2% 2% 2% 2%;\"><style type=\"text\/css\">@media only screen and (max-width:1024px) {.fusion-title.fusion-title-2{margin-top:-25px!important; margin-right:35px!important;margin-bottom:10px!important;margin-left:-5px!important;}}@media only screen and (max-width:640px) {.fusion-title.fusion-title-2{margin-top:0px!important; margin-right:0px!important;margin-bottom:20px!important; margin-left:0px!important;}}<\/style><div class=\"fusion-title title fusion-title-2 fusion-title-text fusion-title-size-five\" style=\"margin-top:-25px;margin-right:35px;margin-bottom:10px;margin-left:-5px;\"><div class=\"title-sep-container title-sep-container-left fusion-no-large-visibility fusion-no-medium-visibility fusion-no-small-visibility\"><div class=\"title-sep sep-\" style=\"border-color:#eaeaea;\"><\/div><\/div><h5 class=\"title-heading-left fusion-responsive-typography-calculated\" style=\"margin:0;--fontSize:17;line-height:1.76;\"><h5 style=\"text-align: left;\">NAJLEPSZE WIADOMO\u015aCI BIZNESOWE Z BRAN\u017bY OFFSHORE<\/h5><\/h5><div class=\"title-sep-container title-sep-container-right\"><div class=\"title-sep sep-\" style=\"border-color:#eaeaea;\"><\/div><\/div><\/div><div class=\"fusion-post-slider fusion-flexslider fusion-flexslider-loading flexslider-posts\"><ul class=\"slides\"><li><a href=\"https:\/\/balticwind.eu\/pl\/partnerstwo-medialne-reuters-events-rozbudowa-portow-w-celu-wdrozenia-morskiej-energetyki-wiatrowej-na-duza-skale\/\" aria-label=\"Partnerstwo medialne: Reuters Events: Rozbudowa port\u00f3w w celu wdro\u017cenia morskiej energetyki wiatrowej na du\u017c\u0105 skal\u0119\"><img decoding=\"async\" width=\"600\" height=\"400\" class=\"wp-image-28678\" src=\"https:\/\/balticwind.eu\/wp-content\/uploads\/2023\/08\/Reuters-Events-Expanding-Ports.png\" alt=\"Reuters Events Expanding Ports\" srcset=\"https:\/\/balticwind.eu\/wp-content\/uploads\/2023\/08\/Reuters-Events-Expanding-Ports-200x133.png 200w, https:\/\/balticwind.eu\/wp-content\/uploads\/2023\/08\/Reuters-Events-Expanding-Ports-400x267.png 400w, https:\/\/balticwind.eu\/wp-content\/uploads\/2023\/08\/Reuters-Events-Expanding-Ports.png 600w\" sizes=\"(max-width: 1024px) 100vw, (max-width: 640px) 100vw, 600px\" \/><\/a><div class=\"slide-excerpt\"><h2><a href=\"https:\/\/balticwind.eu\/pl\/partnerstwo-medialne-reuters-events-rozbudowa-portow-w-celu-wdrozenia-morskiej-energetyki-wiatrowej-na-duza-skale\/\">Partnerstwo medialne: Reuters Events: Rozbudowa port\u00f3w w celu wdro\u017cenia morskiej energetyki wiatrowej na du\u017c\u0105 skal\u0119<\/a><\/h2><\/div><\/li><li><a href=\"https:\/\/balticwind.eu\/pl\/perigus-energy-uruchamia-park-sloneczny-83-mwp-wewnatrz-czynnej-zagrody-dla-danieli\/\" aria-label=\"Perigus Energy uruchamia park s\u0142oneczny 8,3 MWp wewn\u0105trz czynnej zagrody dla danieli\"><img decoding=\"async\" width=\"2400\" height=\"1563\" class=\"wp-image-48200\" src=\"https:\/\/balticwind.eu\/wp-content\/uploads\/2026\/09\/perigus-energy-wildpark-solar-park-deer-enclosure-soetern.jpg\" alt=\"\" srcset=\"https:\/\/balticwind.eu\/wp-content\/uploads\/2026\/09\/perigus-energy-wildpark-solar-park-deer-enclosure-soetern-200x130.jpg 200w, https:\/\/balticwind.eu\/wp-content\/uploads\/2026\/09\/perigus-energy-wildpark-solar-park-deer-enclosure-soetern-400x261.jpg 400w, https:\/\/balticwind.eu\/wp-content\/uploads\/2026\/09\/perigus-energy-wildpark-solar-park-deer-enclosure-soetern-600x391.jpg 600w, https:\/\/balticwind.eu\/wp-content\/uploads\/2026\/09\/perigus-energy-wildpark-solar-park-deer-enclosure-soetern-800x521.jpg 800w, https:\/\/balticwind.eu\/wp-content\/uploads\/2026\/09\/perigus-energy-wildpark-solar-park-deer-enclosure-soetern-1200x782.jpg 1200w, https:\/\/balticwind.eu\/wp-content\/uploads\/2026\/09\/perigus-energy-wildpark-solar-park-deer-enclosure-soetern.jpg 2400w\" sizes=\"(max-width: 1024px) 100vw, (max-width: 640px) 100vw, 800px\" \/><\/a><div class=\"slide-excerpt\"><h2><a href=\"https:\/\/balticwind.eu\/pl\/perigus-energy-uruchamia-park-sloneczny-83-mwp-wewnatrz-czynnej-zagrody-dla-danieli\/\">Perigus Energy uruchamia park s\u0142oneczny 8,3 MWp wewn\u0105trz czynnej zagrody dla danieli<\/a><\/h2><\/div><\/li><li><a href=\"https:\/\/balticwind.eu\/pl\/berliner-stadtwerke-przejmuje-od-juwi-projekt-wiatrowy-diehlo-west-o-mocy-12-mw\/\" aria-label=\"Berliner Stadtwerke przejmuje od JUWI projekt wiatrowy Diehlo-West o mocy 12 MW\"><img decoding=\"async\" width=\"1600\" height=\"900\" class=\"wp-image-48191\" src=\"https:\/\/balticwind.eu\/wp-content\/uploads\/2026\/09\/onshore-wind-turbines-brandenburg-diehlo-west-germany.jpg\" alt=\"\" srcset=\"https:\/\/balticwind.eu\/wp-content\/uploads\/2026\/09\/onshore-wind-turbines-brandenburg-diehlo-west-germany-200x113.jpg 200w, https:\/\/balticwind.eu\/wp-content\/uploads\/2026\/09\/onshore-wind-turbines-brandenburg-diehlo-west-germany-400x225.jpg 400w, https:\/\/balticwind.eu\/wp-content\/uploads\/2026\/09\/onshore-wind-turbines-brandenburg-diehlo-west-germany-600x338.jpg 600w, https:\/\/balticwind.eu\/wp-content\/uploads\/2026\/09\/onshore-wind-turbines-brandenburg-diehlo-west-germany-800x450.jpg 800w, https:\/\/balticwind.eu\/wp-content\/uploads\/2026\/09\/onshore-wind-turbines-brandenburg-diehlo-west-germany-1200x675.jpg 1200w, https:\/\/balticwind.eu\/wp-content\/uploads\/2026\/09\/onshore-wind-turbines-brandenburg-diehlo-west-germany.jpg 1600w\" sizes=\"(max-width: 1024px) 100vw, (max-width: 640px) 100vw, 800px\" \/><\/a><div class=\"slide-excerpt\"><h2><a href=\"https:\/\/balticwind.eu\/pl\/berliner-stadtwerke-przejmuje-od-juwi-projekt-wiatrowy-diehlo-west-o-mocy-12-mw\/\">Berliner Stadtwerke przejmuje od JUWI projekt wiatrowy Diehlo-West o mocy 12 MW<\/a><\/h2><\/div><\/li><li><a href=\"https:\/\/balticwind.eu\/pl\/waskim-gardlem-jest-siec-co-kolejki-przylaczeniowe-w-europie-oznaczaja-dla-baltyckiego-wiatru\/\" aria-label=\"W\u0105skim gard\u0142em jest sie\u0107: co kolejki przy\u0142\u0105czeniowe w Europie oznaczaj\u0105 dla ba\u0142tyckiego wiatru\"><img decoding=\"async\" width=\"1600\" height=\"900\" class=\"wp-image-48203\" src=\"https:\/\/balticwind.eu\/wp-content\/uploads\/2026\/09\/high-voltage-transmission-grid-bottleneck-baltic-wind.jpg\" alt=\"\" srcset=\"https:\/\/balticwind.eu\/wp-content\/uploads\/2026\/09\/high-voltage-transmission-grid-bottleneck-baltic-wind-200x113.jpg 200w, https:\/\/balticwind.eu\/wp-content\/uploads\/2026\/09\/high-voltage-transmission-grid-bottleneck-baltic-wind-400x225.jpg 400w, https:\/\/balticwind.eu\/wp-content\/uploads\/2026\/09\/high-voltage-transmission-grid-bottleneck-baltic-wind-600x338.jpg 600w, https:\/\/balticwind.eu\/wp-content\/uploads\/2026\/09\/high-voltage-transmission-grid-bottleneck-baltic-wind-800x450.jpg 800w, https:\/\/balticwind.eu\/wp-content\/uploads\/2026\/09\/high-voltage-transmission-grid-bottleneck-baltic-wind-1200x675.jpg 1200w, https:\/\/balticwind.eu\/wp-content\/uploads\/2026\/09\/high-voltage-transmission-grid-bottleneck-baltic-wind.jpg 1600w\" sizes=\"(max-width: 1024px) 100vw, (max-width: 640px) 100vw, 800px\" \/><\/a><div class=\"slide-excerpt\"><h2><a href=\"https:\/\/balticwind.eu\/pl\/waskim-gardlem-jest-siec-co-kolejki-przylaczeniowe-w-europie-oznaczaja-dla-baltyckiego-wiatru\/\">W\u0105skim gard\u0142em jest sie\u0107: co kolejki przy\u0142\u0105czeniowe w Europie oznaczaj\u0105 dla ba\u0142tyckiego wiatru<\/a><\/h2><\/div><\/li><\/ul><\/div><\/div><style type=\"text\/css\">.fusion-body .fusion-builder-column-2{width:66.666666666667% !important;margin-top : 0px;margin-bottom : 20px;}.fusion-builder-column-2 > .fusion-column-wrapper {padding-top : 2% !important;padding-right : 2% !important;margin-right : 2.88%;padding-bottom : 2% !important;padding-left : 2% !important;margin-left : 2.88%;}@media only screen and (max-width:1024px) {.fusion-body .fusion-builder-column-2{width:100% !important;order : 0;}.fusion-builder-column-2 > .fusion-column-wrapper {margin-right : 1.92%;margin-left : 1.92%;}}@media only screen and (max-width:640px) {.fusion-body .fusion-builder-column-2{width:100% !important;order : 0;}.fusion-builder-column-2 > .fusion-column-wrapper {margin-right : 1.92%;margin-left : 1.92%;}}<\/style><\/div><div class=\"fusion-layout-column fusion_builder_column fusion-builder-column-3 fusion_builder_column_1_6 1_6 fusion-flex-column fusion-animated\" data-animationType=\"fadeInRight\" data-animationDuration=\"0.6\" data-animationOffset=\"100%\"><div class=\"fusion-column-wrapper fusion-flex-justify-content-flex-start fusion-content-layout-column\" style=\"background-position:left top;background-repeat:no-repeat;-webkit-background-size:cover;-moz-background-size:cover;-o-background-size:cover;background-size:cover;padding: 10px 0px 0px 0px;\"><\/div><style type=\"text\/css\">.fusion-body .fusion-builder-column-3{width:16.666666666667% !important;margin-top : 0px;margin-bottom : 0px;}.fusion-builder-column-3 > .fusion-column-wrapper {padding-top : 10px !important;padding-right : 0px !important;margin-right : 11.52%;padding-bottom : 0px !important;padding-left : 0px !important;margin-left : 11.52%;}@media only screen and (max-width:1024px) {.fusion-body .fusion-builder-column-3{width:100% !important;order : 0;}.fusion-builder-column-3 > .fusion-column-wrapper {margin-right : 1.92%;margin-left : 1.92%;}}@media only screen and (max-width:640px) {.fusion-body .fusion-builder-column-3{width:100% !important;order : 0;}.fusion-builder-column-3 > .fusion-column-wrapper {margin-right : 1.92%;margin-left : 1.92%;}}<\/style><\/div><\/div><style type=\"text\/css\">.fusion-body .fusion-flex-container.fusion-builder-row-2{ padding-top : 20px;margin-top : 0px;padding-right : 0px;padding-bottom : 0px;margin-bottom : 0px;padding-left : 0px;}@media only screen and (max-width:1024px) {.fusion-body .fusion-flex-container.fusion-builder-row-2{ padding-top : 80px;}}<\/style><\/div><div class=\"fusion-fullwidth fullwidth-box fusion-builder-row-3 fusion-flex-container nonhundred-percent-fullwidth non-hundred-percent-height-scrolling\" style=\"background-color: rgba(255,255,255,0);background-position: center center;background-repeat: no-repeat;border-width: 0px 0px 0px 0px;border-color:#eaeaea;border-style:solid;\" ><div class=\"fusion-builder-row fusion-row fusion-flex-align-items-flex-start\" style=\"max-width:1289.6px;margin-left: calc(-4% \/ 2 );margin-right: calc(-4% \/ 2 );\"><div class=\"fusion-layout-column fusion_builder_column fusion-builder-column-4 fusion_builder_column_1_1 1_1 fusion-flex-column\"><div class=\"fusion-column-wrapper fusion-flex-justify-content-flex-start fusion-content-layout-column\" style=\"background-position:left top;background-repeat:no-repeat;-webkit-background-size:cover;-moz-background-size:cover;-o-background-size:cover;background-size:cover;padding: 0px 0px 0px 0px;\"><div class=\"fusion-builder-row fusion-builder-row-inner fusion-row fusion-flex-align-items-flex-start\" style=\"width:104% !important;max-width:104% !important;margin-left: calc(-4% \/ 2 );margin-right: calc(-4% \/ 2 );\"><div class=\"fusion-layout-column fusion_builder_column_inner fusion-builder-nested-column-0 fusion_builder_column_inner_2_3 2_3 fusion-flex-column\"><div class=\"fusion-column-wrapper fusion-flex-justify-content-flex-start fusion-content-layout-column\" style=\"background-position:left top;background-repeat:no-repeat;-webkit-background-size:cover;-moz-background-size:cover;-o-background-size:cover;background-size:cover;padding: 0px 0px 0px 0px;\"><div class=\"fusion-separator\" style=\"align-self: center;margin-left: auto;margin-right: auto;margin-bottom:10px;width:100%;max-width:80%;\"><div class=\"fusion-separator-border sep-single sep-solid\" style=\"border-color:#1f2a3b;border-top-width:12px;\"><\/div><\/div><style type=\"text\/css\">@media only screen and (max-width:1024px) {.fusion-title.fusion-title-3{margin-top:-15px!important; margin-right:5px!important;margin-bottom:20px!important;margin-left:75px!important;}}@media only screen and (max-width:640px) {.fusion-title.fusion-title-3{margin-top:0px!important; margin-right:0px!important;margin-bottom:20px!important; margin-left:0px!important;}}<\/style><div class=\"fusion-title title fusion-title-3 fusion-title-text fusion-title-size-five\" style=\"margin-top:-15px;margin-right:5px;margin-bottom:20px;margin-left:75px;\"><div class=\"title-sep-container title-sep-container-left fusion-no-large-visibility fusion-no-medium-visibility fusion-no-small-visibility\"><div class=\"title-sep sep-\" style=\"border-color:#eaeaea;\"><\/div><\/div><h5 class=\"title-heading-left fusion-responsive-typography-calculated\" style=\"margin:0;--fontSize:17;line-height:1.76;\"><h5 style=\"text-align: left;\">WIADOMO\u015aCI O BIZNESIE OFFSHORE<\/h5><\/h5><div class=\"title-sep-container title-sep-container-right\"><div class=\"title-sep sep-\" style=\"border-color:#eaeaea;\"><\/div><\/div><\/div><div class=\"fusion-blog-shortcode fusion-blog-shortcode-1 fusion-blog-archive fusion-blog-layout-medium-alternate fusion-blog-pagination\"><div class=\"fusion-posts-container fusion-posts-container-pagination\" data-pages=\"297\"><article id=\"blog-1-post-28679\" class=\"fusion-post-medium-alternate fusion-sticky post-28679 post type-post status-publish format-standard has-post-thumbnail hentry category-energia-wiatrowa-offshore category-wydarzenie\">\n<div class=\"fusion-date-and-formats\"><div class=\"fusion-date-box updated\"><span class=\"fusion-date\">9<\/span><span class=\"fusion-month-year\">08, 2023<\/span><\/div><div class=\"fusion-format-box\"><i class=\"fusion-icon-pen\" aria-hidden=\"true\"><\/i><\/div><\/div>\t<style type=\"text\/css\">\n\t\t\n\t\t\n\t\t\n\t\t\n\t\t\t<\/style>\n\n\n\t\t\t<div class=\"fusion-flexslider flexslider fusion-flexslider-loading fusion-post-slideshow\" style=\"\">\n\t\t<ul class=\"slides\">\n\t\t\t\n\t\t\t\t\t\t\t\t\t\t\t\t\t\t<li>\n\n<div  class=\"fusion-image-wrapper fusion-image-size-fixed\" aria-haspopup=\"true\">\n\t\n\t\n\t\t\t\n\t\t\t\t<a href=\"https:\/\/balticwind.eu\/pl\/partnerstwo-medialne-reuters-events-rozbudowa-portow-w-celu-wdrozenia-morskiej-energetyki-wiatrowej-na-duza-skale\/\" aria-label=\"Partnerstwo medialne: Reuters Events: Rozbudowa port\u00f3w w celu wdro\u017cenia morskiej energetyki wiatrowej na du\u017c\u0105 skal\u0119\">\n\t\t\n\t\t\n\t\t\t\t\t<img decoding=\"async\" width=\"320\" height=\"202\" src=\"https:\/\/balticwind.eu\/wp-content\/uploads\/2023\/08\/Reuters-Events-Expanding-Ports-320x202.png\" class=\"attachment-blog-medium size-blog-medium wp-post-image\" alt=\"Reuters Events Expanding Ports\" \/>\n\t\n\n\n\t\t\t\t<\/a>\n\t\t\n\t\n<\/div>\n<\/li>\n\t\t\t\n\t\t\t\n\t\t\t\t\t\t\t\t\t\t\t\t\t\t\t\t\t\t\t\t\t\t\t\t\t\t\t\t\t\t\t\t\t\t\t\t\t\t\t\t\t\t\t\t\t\t\t\t\t\t\t\t\t\t\t\t\t\t\t\t\t\t\t\t\t\t\t\t<\/ul>\n\t<\/div>\n\t<div class=\"fusion-post-content post-content\"><h2 class=\"blog-shortcode-post-title entry-title\">Partnerstwo medialne: Reuters Events: Rozbudowa port\u00f3w w celu wdro\u017cenia morskiej energetyki wiatrowej na du\u017c\u0105 skal\u0119<\/h2><p class=\"fusion-single-line-meta\"><span class=\"vcard\" style=\"display: none;\"><span class=\"fn\"><a href=\"https:\/\/balticwind.eu\/pl\/author\/baltic-wind\/\" title=\"Wpisy od Baltic Wind\" rel=\"author\">Baltic Wind<\/a><\/span><\/span><span class=\"updated\" style=\"display:none;\">2023-08-11T08:43:41+02:00<\/span><a href=\"https:\/\/balticwind.eu\/pl\/category\/energia-wiatrowa-offshore\/\" rel=\"category tag\">OFFSHORE<\/a>, <a href=\"https:\/\/balticwind.eu\/pl\/category\/wydarzenie\/\" rel=\"category tag\">WYDARZENIE<\/a><span class=\"fusion-inline-sep\">|<\/span><\/p><div class=\"fusion-post-content-container\"><p>Europejskie rz\u0105dy zobowi\u0105za\u0142y si\u0119 do dostarczenia 160 GW morskiej energii wiatrowej w ci\u0105gu nast\u0119pnej dekady. Spe\u0142nienie tych ambicji wymaga 6,5 mld euro inwestycji w infrastruktur\u0119 portow\u0105 do 2030 r. W odpowiedzi na te zapowiedzi porty stwierdzaj\u0105, \u017ce b\u0119d\u0105 musia\u0142y rozwija\u0107 swoj\u0105 [...]<\/p><\/div><\/div><div class=\"fusion-clearfix\"><\/div><div class=\"fusion-meta-info\"><div class=\"fusion-alignright\"><a class=\"fusion-read-more\" href=\"https:\/\/balticwind.eu\/pl\/partnerstwo-medialne-reuters-events-rozbudowa-portow-w-celu-wdrozenia-morskiej-energetyki-wiatrowej-na-duza-skale\/\" aria-label=\"More on Partnerstwo medialne: Reuters Events: Rozbudowa port\u00f3w w celu wdro\u017cenia morskiej energetyki wiatrowej na du\u017c\u0105 skal\u0119\">Czytaj wi\u0119cej<\/a><\/div><\/div><\/article>\n<article id=\"blog-1-post-48215\" class=\"fusion-post-medium-alternate post-48215 post type-post status-publish format-standard has-post-thumbnail hentry category-niemcy category-technologia-pl\">\n<div class=\"fusion-date-and-formats\"><div class=\"fusion-date-box updated\"><span class=\"fusion-date\">4<\/span><span class=\"fusion-month-year\">09, 2026<\/span><\/div><div class=\"fusion-format-box\"><i class=\"fusion-icon-pen\" aria-hidden=\"true\"><\/i><\/div><\/div>\t<style type=\"text\/css\">\n\t\t\n\t\t\n\t\t\n\t\t\n\t\t\t<\/style>\n\n\n\t\t\t<div class=\"fusion-flexslider flexslider fusion-flexslider-loading fusion-post-slideshow\" style=\"\">\n\t\t<ul class=\"slides\">\n\t\t\t\n\t\t\t\t\t\t\t\t\t\t\t\t\t\t<li>\n\n<div  class=\"fusion-image-wrapper fusion-image-size-fixed\" aria-haspopup=\"true\">\n\t\n\t\n\t\t\t\n\t\t\t\t<a href=\"https:\/\/balticwind.eu\/pl\/perigus-energy-uruchamia-park-sloneczny-83-mwp-wewnatrz-czynnej-zagrody-dla-danieli\/\" aria-label=\"Perigus Energy uruchamia park s\u0142oneczny 8,3 MWp wewn\u0105trz czynnej zagrody dla danieli\">\n\t\t\n\t\t\n\t\t\t\t\t<img decoding=\"async\" width=\"320\" height=\"202\" src=\"https:\/\/balticwind.eu\/wp-content\/uploads\/2026\/09\/perigus-energy-wildpark-solar-park-deer-enclosure-soetern-320x202.jpg\" class=\"attachment-blog-medium size-blog-medium wp-post-image\" alt=\"\" srcset=\"https:\/\/balticwind.eu\/wp-content\/uploads\/2026\/09\/perigus-energy-wildpark-solar-park-deer-enclosure-soetern-320x202.jpg 320w, https:\/\/balticwind.eu\/wp-content\/uploads\/2026\/09\/perigus-energy-wildpark-solar-park-deer-enclosure-soetern-700x441.jpg 700w\" sizes=\"(max-width: 320px) 100vw, 320px\" \/>\n\t\n\n\n\t\t\t\t<\/a>\n\t\t\n\t\n<\/div>\n<\/li>\n\t\t\t\n\t\t\t\n\t\t\t\t\t\t\t\t\t\t\t\t\t\t\t\t\t\t\t\t\t\t\t\t\t\t\t\t\t\t\t\t\t\t\t\t\t\t\t\t\t\t\t\t\t\t\t\t\t\t\t\t\t\t\t\t\t\t\t\t\t\t\t\t\t\t\t\t<\/ul>\n\t<\/div>\n\t<div class=\"fusion-post-content post-content\"><h2 class=\"blog-shortcode-post-title entry-title\">Perigus Energy uruchamia park s\u0142oneczny 8,3 MWp wewn\u0105trz czynnej zagrody dla danieli<\/h2><p class=\"fusion-single-line-meta\"><span class=\"vcard\" style=\"display: none;\"><span class=\"fn\"><a href=\"https:\/\/balticwind.eu\/pl\/author\/baltic-wind\/\" title=\"Wpisy od Baltic Wind\" rel=\"author\">Baltic Wind<\/a><\/span><\/span><span class=\"updated\" style=\"display:none;\">2026-09-04T12:32:07+02:00<\/span><a href=\"https:\/\/balticwind.eu\/pl\/category\/niemcy\/\" rel=\"category tag\">NIEMCY<\/a>, <a href=\"https:\/\/balticwind.eu\/pl\/category\/technologia-pl\/\" rel=\"category tag\">TECHNOLOGIA<\/a><span class=\"fusion-inline-sep\">|<\/span><\/p><div class=\"fusion-post-content-container\"><p>Perigus Energy przy\u0142\u0105czy\u0142a park s\u0142oneczny o mocy 8,3 MWp zbudowany wewn\u0105trz zagrody dla danieli o powierzchni 6,9 hektara w Kraju Saary, z modu\u0142ami uniesionymi na tyle wysoko, \u017ce stado pasie si\u0119 pod nimi.<\/p><\/div><\/div><div class=\"fusion-clearfix\"><\/div><div class=\"fusion-meta-info\"><div class=\"fusion-alignright\"><a class=\"fusion-read-more\" href=\"https:\/\/balticwind.eu\/pl\/perigus-energy-uruchamia-park-sloneczny-83-mwp-wewnatrz-czynnej-zagrody-dla-danieli\/\" aria-label=\"More on Perigus Energy uruchamia park s\u0142oneczny 8,3 MWp wewn\u0105trz czynnej zagrody dla danieli\">Czytaj wi\u0119cej<\/a><\/div><\/div><\/article>\n<article id=\"blog-1-post-48214\" class=\"fusion-post-medium-alternate post-48214 post type-post status-publish format-standard has-post-thumbnail hentry category-niemcy category-projekty\">\n<div class=\"fusion-date-and-formats\"><div class=\"fusion-date-box updated\"><span class=\"fusion-date\">4<\/span><span class=\"fusion-month-year\">09, 2026<\/span><\/div><div class=\"fusion-format-box\"><i class=\"fusion-icon-pen\" aria-hidden=\"true\"><\/i><\/div><\/div>\t<style type=\"text\/css\">\n\t\t\n\t\t\n\t\t\n\t\t\n\t\t\t<\/style>\n\n\n\t\t\t<div class=\"fusion-flexslider flexslider fusion-flexslider-loading fusion-post-slideshow\" style=\"\">\n\t\t<ul class=\"slides\">\n\t\t\t\n\t\t\t\t\t\t\t\t\t\t\t\t\t\t<li>\n\n<div  class=\"fusion-image-wrapper fusion-image-size-fixed\" aria-haspopup=\"true\">\n\t\n\t\n\t\t\t\n\t\t\t\t<a href=\"https:\/\/balticwind.eu\/pl\/berliner-stadtwerke-przejmuje-od-juwi-projekt-wiatrowy-diehlo-west-o-mocy-12-mw\/\" aria-label=\"Berliner Stadtwerke przejmuje od JUWI projekt wiatrowy Diehlo-West o mocy 12 MW\">\n\t\t\n\t\t\n\t\t\t\t\t<img decoding=\"async\" width=\"320\" height=\"202\" src=\"https:\/\/balticwind.eu\/wp-content\/uploads\/2026\/09\/onshore-wind-turbines-brandenburg-diehlo-west-germany-320x202.jpg\" class=\"attachment-blog-medium size-blog-medium wp-post-image\" alt=\"\" srcset=\"https:\/\/balticwind.eu\/wp-content\/uploads\/2026\/09\/onshore-wind-turbines-brandenburg-diehlo-west-germany-320x202.jpg 320w, https:\/\/balticwind.eu\/wp-content\/uploads\/2026\/09\/onshore-wind-turbines-brandenburg-diehlo-west-germany-700x441.jpg 700w\" sizes=\"(max-width: 320px) 100vw, 320px\" \/>\n\t\n\n\n\t\t\t\t<\/a>\n\t\t\n\t\n<\/div>\n<\/li>\n\t\t\t\n\t\t\t\n\t\t\t\t\t\t\t\t\t\t\t\t\t\t\t\t\t\t\t\t\t\t\t\t\t\t\t\t\t\t\t\t\t\t\t\t\t\t\t\t\t\t\t\t\t\t\t\t\t\t\t\t\t\t\t\t\t\t\t\t\t\t\t\t\t\t\t\t<\/ul>\n\t<\/div>\n\t<div class=\"fusion-post-content post-content\"><h2 class=\"blog-shortcode-post-title entry-title\">Berliner Stadtwerke przejmuje od JUWI projekt wiatrowy Diehlo-West o mocy 12 MW<\/h2><p class=\"fusion-single-line-meta\"><span class=\"vcard\" style=\"display: none;\"><span class=\"fn\"><a href=\"https:\/\/balticwind.eu\/pl\/author\/baltic-wind\/\" title=\"Wpisy od Baltic Wind\" rel=\"author\">Baltic Wind<\/a><\/span><\/span><span class=\"updated\" style=\"display:none;\">2026-09-04T12:32:06+02:00<\/span><a href=\"https:\/\/balticwind.eu\/pl\/category\/niemcy\/\" rel=\"category tag\">NIEMCY<\/a>, <a href=\"https:\/\/balticwind.eu\/pl\/category\/projekty\/\" rel=\"category tag\">PROJEKTY<\/a><span class=\"fusion-inline-sep\">|<\/span><\/p><div class=\"fusion-post-content-container\"><p>Berliner Stadtwerke kupi\u0142y od JUWI sp\u00f3\u0142k\u0119 celow\u0105 farmy wiatrowej Diehlo-West o mocy 12 MW pod Eisenh\u00fcttenstadt, zwi\u0119kszaj\u0105c w\u0142asne moce wytw\u00f3rcze do 178,5 MW.<\/p><\/div><\/div><div class=\"fusion-clearfix\"><\/div><div class=\"fusion-meta-info\"><div class=\"fusion-alignright\"><a class=\"fusion-read-more\" href=\"https:\/\/balticwind.eu\/pl\/berliner-stadtwerke-przejmuje-od-juwi-projekt-wiatrowy-diehlo-west-o-mocy-12-mw\/\" aria-label=\"More on Berliner Stadtwerke przejmuje od JUWI projekt wiatrowy Diehlo-West o mocy 12 MW\">Czytaj wi\u0119cej<\/a><\/div><\/div><\/article>\n<article id=\"blog-1-post-48207\" class=\"fusion-post-medium-alternate post-48207 post type-post status-publish format-standard has-post-thumbnail hentry category-editors-choice-pl category-litwa category-lotwa category-niemcy category-polska category-regulatory-pl category-technologia-pl\">\n<div class=\"fusion-date-and-formats\"><div class=\"fusion-date-box updated\"><span class=\"fusion-date\">3<\/span><span class=\"fusion-month-year\">09, 2026<\/span><\/div><div class=\"fusion-format-box\"><i class=\"fusion-icon-pen\" aria-hidden=\"true\"><\/i><\/div><\/div>\t<style type=\"text\/css\">\n\t\t\n\t\t\n\t\t\n\t\t\n\t\t\t<\/style>\n\n\n\t\t\t<div class=\"fusion-flexslider flexslider fusion-flexslider-loading fusion-post-slideshow\" style=\"\">\n\t\t<ul class=\"slides\">\n\t\t\t\n\t\t\t\t\t\t\t\t\t\t\t\t\t\t<li>\n\n<div  class=\"fusion-image-wrapper fusion-image-size-fixed\" aria-haspopup=\"true\">\n\t\n\t\n\t\t\t\n\t\t\t\t<a href=\"https:\/\/balticwind.eu\/pl\/waskim-gardlem-jest-siec-co-kolejki-przylaczeniowe-w-europie-oznaczaja-dla-baltyckiego-wiatru\/\" aria-label=\"W\u0105skim gard\u0142em jest sie\u0107: co kolejki przy\u0142\u0105czeniowe w Europie oznaczaj\u0105 dla ba\u0142tyckiego wiatru\">\n\t\t\n\t\t\n\t\t\t\t\t<img decoding=\"async\" width=\"320\" height=\"202\" src=\"https:\/\/balticwind.eu\/wp-content\/uploads\/2026\/09\/high-voltage-transmission-grid-bottleneck-baltic-wind-320x202.jpg\" class=\"attachment-blog-medium size-blog-medium wp-post-image\" alt=\"\" srcset=\"https:\/\/balticwind.eu\/wp-content\/uploads\/2026\/09\/high-voltage-transmission-grid-bottleneck-baltic-wind-320x202.jpg 320w, https:\/\/balticwind.eu\/wp-content\/uploads\/2026\/09\/high-voltage-transmission-grid-bottleneck-baltic-wind-700x441.jpg 700w\" sizes=\"(max-width: 320px) 100vw, 320px\" \/>\n\t\n\n\n\t\t\t\t<\/a>\n\t\t\n\t\n<\/div>\n<\/li>\n\t\t\t\n\t\t\t\n\t\t\t\t\t\t\t\t\t\t\t\t\t\t\t\t\t\t\t\t\t\t\t\t\t\t\t\t\t\t\t\t\t\t\t\t\t\t\t\t\t\t\t\t\t\t\t\t\t\t\t\t\t\t\t\t\t\t\t\t\t\t\t\t\t\t\t\t<\/ul>\n\t<\/div>\n\t<div class=\"fusion-post-content post-content\"><h2 class=\"blog-shortcode-post-title entry-title\">W\u0105skim gard\u0142em jest sie\u0107: co kolejki przy\u0142\u0105czeniowe w Europie oznaczaj\u0105 dla ba\u0142tyckiego wiatru<\/h2><p class=\"fusion-single-line-meta\"><span class=\"vcard\" style=\"display: none;\"><span class=\"fn\"><a href=\"https:\/\/balticwind.eu\/pl\/author\/baltic-wind\/\" title=\"Wpisy od Baltic Wind\" rel=\"author\">Baltic Wind<\/a><\/span><\/span><span class=\"updated\" style=\"display:none;\">2026-09-03T11:48:52+02:00<\/span><a href=\"https:\/\/balticwind.eu\/pl\/category\/editors-choice-pl\/\" rel=\"category tag\">EDITOR'S CHOICE<\/a>, <a href=\"https:\/\/balticwind.eu\/pl\/category\/litwa\/\" rel=\"category tag\">LITWA<\/a>, <a href=\"https:\/\/balticwind.eu\/pl\/category\/lotwa\/\" rel=\"category tag\">\u0141OTWA<\/a>, <a href=\"https:\/\/balticwind.eu\/pl\/category\/niemcy\/\" rel=\"category tag\">NIEMCY<\/a>, <a href=\"https:\/\/balticwind.eu\/pl\/category\/polska\/\" rel=\"category tag\">POLSKA<\/a>, <a href=\"https:\/\/balticwind.eu\/pl\/category\/regulatory-pl\/\" rel=\"category tag\">REGULACJE<\/a>, <a href=\"https:\/\/balticwind.eu\/pl\/category\/technologia-pl\/\" rel=\"category tag\">TECHNOLOGIA<\/a><span class=\"fusion-inline-sep\">|<\/span><\/p><div class=\"fusion-post-content-container\"><p>Kiedy\u015b najtrudniejsze by\u0142y pozwolenia. Dzi\u015b s\u0105 nim przewody: 72 TWh ograniczonej produkcji w Europie, 800 GW w kolejkach przy\u0142\u0105czeniowych i ba\u0142tycka hybryda przed punktem decyzyjnym.<\/p><\/div><\/div><div class=\"fusion-clearfix\"><\/div><div class=\"fusion-meta-info\"><div class=\"fusion-alignright\"><a class=\"fusion-read-more\" href=\"https:\/\/balticwind.eu\/pl\/waskim-gardlem-jest-siec-co-kolejki-przylaczeniowe-w-europie-oznaczaja-dla-baltyckiego-wiatru\/\" aria-label=\"More on W\u0105skim gard\u0142em jest sie\u0107: co kolejki przy\u0142\u0105czeniowe w Europie oznaczaj\u0105 dla ba\u0142tyckiego wiatru\">Czytaj wi\u0119cej<\/a><\/div><\/div><\/article>\n<article id=\"blog-1-post-48198\" class=\"fusion-post-medium-alternate post-48198 post type-post status-publish format-standard has-post-thumbnail hentry category-energia-wiatrowa-onshore category-regulatory-pl\">\n<div class=\"fusion-date-and-formats\"><div class=\"fusion-date-box updated\"><span class=\"fusion-date\">3<\/span><span class=\"fusion-month-year\">09, 2026<\/span><\/div><div class=\"fusion-format-box\"><i class=\"fusion-icon-pen\" aria-hidden=\"true\"><\/i><\/div><\/div>\t<style type=\"text\/css\">\n\t\t\n\t\t\n\t\t\n\t\t\n\t\t\t<\/style>\n\n\n\t\t\t<div class=\"fusion-flexslider flexslider fusion-flexslider-loading fusion-post-slideshow\" style=\"\">\n\t\t<ul class=\"slides\">\n\t\t\t\n\t\t\t\t\t\t\t\t\t\t\t\t\t\t<li>\n\n<div  class=\"fusion-image-wrapper fusion-image-size-fixed\" aria-haspopup=\"true\">\n\t\n\t\n\t\t\t\n\t\t\t\t<a href=\"https:\/\/balticwind.eu\/pl\/piec-lat-od-pozwolenia-do-pierwszej-energii-energiequelle-uruchamia-turbine-42-mw-w-krummensee\/\" aria-label=\"Pi\u0119\u0107 lat od pozwolenia do pierwszej energii: Energiequelle uruchamia turbin\u0119 4,2 MW w Krummensee\">\n\t\t\n\t\t\n\t\t\t\t\t<img decoding=\"async\" width=\"320\" height=\"202\" src=\"https:\/\/balticwind.eu\/wp-content\/uploads\/2026\/09\/energiequelle-enercon-turbine-krummensee-brandenburg-320x202.jpg\" class=\"attachment-blog-medium size-blog-medium wp-post-image\" alt=\"\" srcset=\"https:\/\/balticwind.eu\/wp-content\/uploads\/2026\/09\/energiequelle-enercon-turbine-krummensee-brandenburg-320x202.jpg 320w, https:\/\/balticwind.eu\/wp-content\/uploads\/2026\/09\/energiequelle-enercon-turbine-krummensee-brandenburg-700x441.jpg 700w\" sizes=\"(max-width: 320px) 100vw, 320px\" \/>\n\t\n\n\n\t\t\t\t<\/a>\n\t\t\n\t\n<\/div>\n<\/li>\n\t\t\t\n\t\t\t\n\t\t\t\t\t\t\t\t\t\t\t\t\t\t\t\t\t\t\t\t\t\t\t\t\t\t\t\t\t\t\t\t\t\t\t\t\t\t\t\t\t\t\t\t\t\t\t\t\t\t\t\t\t\t\t\t\t\t\t\t\t\t\t\t\t\t\t\t<\/ul>\n\t<\/div>\n\t<div class=\"fusion-post-content post-content\"><h2 class=\"blog-shortcode-post-title entry-title\">Pi\u0119\u0107 lat od pozwolenia do pierwszej energii: Energiequelle uruchamia turbin\u0119 4,2 MW w Krummensee<\/h2><p class=\"fusion-single-line-meta\"><span class=\"vcard\" style=\"display: none;\"><span class=\"fn\"><a href=\"https:\/\/balticwind.eu\/pl\/author\/baltic-wind\/\" title=\"Wpisy od Baltic Wind\" rel=\"author\">Baltic Wind<\/a><\/span><\/span><span class=\"updated\" style=\"display:none;\">2026-09-03T09:43:50+02:00<\/span><a href=\"https:\/\/balticwind.eu\/pl\/category\/energia-wiatrowa-onshore\/\" rel=\"category tag\">ONSHORE<\/a>, <a href=\"https:\/\/balticwind.eu\/pl\/category\/regulatory-pl\/\" rel=\"category tag\">REGULACJE<\/a><span class=\"fusion-inline-sep\">|<\/span><\/p><div class=\"fusion-post-content-container\"><p>Energiequelle uruchomi\u0142a turbin\u0119 Enercon o mocy 4,2 MW w Krummensee w Brandenburgii, pi\u0119\u0107 lat po wydaniu pozwolenia i po sporze prawnym, kt\u00f3ry omal nie doprowadzi\u0142 do jego wyga\u015bni\u0119cia.<\/p><\/div><\/div><div class=\"fusion-clearfix\"><\/div><div class=\"fusion-meta-info\"><div class=\"fusion-alignright\"><a class=\"fusion-read-more\" href=\"https:\/\/balticwind.eu\/pl\/piec-lat-od-pozwolenia-do-pierwszej-energii-energiequelle-uruchamia-turbine-42-mw-w-krummensee\/\" aria-label=\"More on Pi\u0119\u0107 lat od pozwolenia do pierwszej energii: Energiequelle uruchamia turbin\u0119 4,2 MW w Krummensee\">Czytaj wi\u0119cej<\/a><\/div><\/div><\/article>\n<article id=\"blog-1-post-48189\" class=\"fusion-post-medium-alternate post-48189 post type-post status-publish format-standard has-post-thumbnail hentry category-editors-choice-pl category-niemcy category-energia-wiatrowa-onshore category-regulatory-pl\">\n<div class=\"fusion-date-and-formats\"><div class=\"fusion-date-box updated\"><span class=\"fusion-date\">2<\/span><span class=\"fusion-month-year\">09, 2026<\/span><\/div><div class=\"fusion-format-box\"><i class=\"fusion-icon-pen\" aria-hidden=\"true\"><\/i><\/div><\/div>\t<style type=\"text\/css\">\n\t\t\n\t\t\n\t\t\n\t\t\n\t\t\t<\/style>\n\n\n\t\t\t<div class=\"fusion-flexslider flexslider fusion-flexslider-loading fusion-post-slideshow\" style=\"\">\n\t\t<ul class=\"slides\">\n\t\t\t\n\t\t\t\t\t\t\t\t\t\t\t\t\t\t<li>\n\n<div  class=\"fusion-image-wrapper fusion-image-size-fixed\" aria-haspopup=\"true\">\n\t\n\t\n\t\t\t\n\t\t\t\t<a href=\"https:\/\/balticwind.eu\/pl\/przekontraktowane-i-niezbudowane-czego-niemieckie-aukcje-wiatrowe-ucza-rynki-baltyckie\/\" aria-label=\"Przekontraktowane i niezbudowane: czego niemieckie aukcje wiatrowe ucz\u0105 rynki ba\u0142tyckie\">\n\t\t\n\t\t\n\t\t\t\t\t<img decoding=\"async\" width=\"320\" height=\"202\" src=\"https:\/\/balticwind.eu\/wp-content\/uploads\/2026\/09\/onshore-wind-turbines-auction-economics-germany-320x202.jpg\" class=\"attachment-blog-medium size-blog-medium wp-post-image\" alt=\"\" srcset=\"https:\/\/balticwind.eu\/wp-content\/uploads\/2026\/09\/onshore-wind-turbines-auction-economics-germany-320x202.jpg 320w, https:\/\/balticwind.eu\/wp-content\/uploads\/2026\/09\/onshore-wind-turbines-auction-economics-germany-700x441.jpg 700w\" sizes=\"(max-width: 320px) 100vw, 320px\" \/>\n\t\n\n\n\t\t\t\t<\/a>\n\t\t\n\t\n<\/div>\n<\/li>\n\t\t\t\n\t\t\t\n\t\t\t\t\t\t\t\t\t\t\t\t\t\t\t\t\t\t\t\t\t\t\t\t\t\t\t\t\t\t\t\t\t\t\t\t\t\t\t\t\t\t\t\t\t\t\t\t\t\t\t\t\t\t\t\t\t\t\t\t\t\t\t\t\t\t\t\t<\/ul>\n\t<\/div>\n\t<div class=\"fusion-post-content post-content\"><h2 class=\"blog-shortcode-post-title entry-title\">Przekontraktowane i niezbudowane: czego niemieckie aukcje wiatrowe ucz\u0105 rynki ba\u0142tyckie<\/h2><p class=\"fusion-single-line-meta\"><span class=\"vcard\" style=\"display: none;\"><span class=\"fn\"><a href=\"https:\/\/balticwind.eu\/pl\/author\/baltic-wind\/\" title=\"Wpisy od Baltic Wind\" rel=\"author\">Baltic Wind<\/a><\/span><\/span><span class=\"updated\" style=\"display:none;\">2026-09-02T07:23:35+02:00<\/span><a href=\"https:\/\/balticwind.eu\/pl\/category\/editors-choice-pl\/\" rel=\"category tag\">EDITOR'S CHOICE<\/a>, <a href=\"https:\/\/balticwind.eu\/pl\/category\/niemcy\/\" rel=\"category tag\">NIEMCY<\/a>, <a href=\"https:\/\/balticwind.eu\/pl\/category\/energia-wiatrowa-onshore\/\" rel=\"category tag\">ONSHORE<\/a>, <a href=\"https:\/\/balticwind.eu\/pl\/category\/regulatory-pl\/\" rel=\"category tag\">REGULACJE<\/a><span class=\"fusion-inline-sep\">|<\/span><\/p><div class=\"fusion-post-content-container\"><p>Niemieckie aukcje dla wiatru na l\u0105dzie s\u0105 przekontraktowane 2,6-krotnie i rozstrzygaj\u0105 si\u0119 po rekordowo niskich cenach. Zwyci\u0119zc\u00f3w \u0142\u0105cz\u0105 zabezpieczone dostawy turbin i przy\u0142\u0105cza, a prawdziwe ograniczenie le\u017cy mi\u0119dzy wygran\u0105 a pierwszym fundamentem.<\/p><\/div><\/div><div class=\"fusion-clearfix\"><\/div><div class=\"fusion-meta-info\"><div class=\"fusion-alignright\"><a class=\"fusion-read-more\" href=\"https:\/\/balticwind.eu\/pl\/przekontraktowane-i-niezbudowane-czego-niemieckie-aukcje-wiatrowe-ucza-rynki-baltyckie\/\" aria-label=\"More on Przekontraktowane i niezbudowane: czego niemieckie aukcje wiatrowe ucz\u0105 rynki ba\u0142tyckie\">Czytaj wi\u0119cej<\/a><\/div><\/div><\/article>\n<article id=\"blog-1-post-48183\" class=\"fusion-post-medium-alternate post-48183 post type-post status-publish format-standard has-post-thumbnail hentry category-energia-wiatrowa-offshore category-polska category-projekty\">\n<div class=\"fusion-date-and-formats\"><div class=\"fusion-date-box updated\"><span class=\"fusion-date\">2<\/span><span class=\"fusion-month-year\">09, 2026<\/span><\/div><div class=\"fusion-format-box\"><i class=\"fusion-icon-pen\" aria-hidden=\"true\"><\/i><\/div><\/div>\t<style type=\"text\/css\">\n\t\t\n\t\t\n\t\t\n\t\t\n\t\t\t<\/style>\n\n\n\t\t\t<div class=\"fusion-flexslider flexslider fusion-flexslider-loading fusion-post-slideshow\" style=\"\">\n\t\t<ul class=\"slides\">\n\t\t\t\n\t\t\t\t\t\t\t\t\t\t\t\t\t\t<li>\n\n<div  class=\"fusion-image-wrapper fusion-image-size-fixed\" aria-haspopup=\"true\">\n\t\n\t\n\t\t\t\n\t\t\t\t<a href=\"https:\/\/balticwind.eu\/pl\/czternascie-transformatorow-dotarlo-na-plac-budowy-baltiki-2-po-szesciomiesiecznym-transporcie-z-turcji\/\" aria-label=\"Czterna\u015bcie transformator\u00f3w dotar\u0142o na plac budowy Baltiki 2 po sze\u015bciomiesi\u0119cznym transporcie z Turcji\">\n\t\t\n\t\t\n\t\t\t\t\t<img decoding=\"async\" width=\"320\" height=\"202\" src=\"https:\/\/balticwind.eu\/wp-content\/uploads\/2026\/09\/power-transformers-substation-baltica-2-poland-320x202.jpg\" class=\"attachment-blog-medium size-blog-medium wp-post-image\" alt=\"\" srcset=\"https:\/\/balticwind.eu\/wp-content\/uploads\/2026\/09\/power-transformers-substation-baltica-2-poland-320x202.jpg 320w, https:\/\/balticwind.eu\/wp-content\/uploads\/2026\/09\/power-transformers-substation-baltica-2-poland-700x441.jpg 700w\" sizes=\"(max-width: 320px) 100vw, 320px\" \/>\n\t\n\n\n\t\t\t\t<\/a>\n\t\t\n\t\n<\/div>\n<\/li>\n\t\t\t\n\t\t\t\n\t\t\t\t\t\t\t\t\t\t\t\t\t\t\t\t\t\t\t\t\t\t\t\t\t\t\t\t\t\t\t\t\t\t\t\t\t\t\t\t\t\t\t\t\t\t\t\t\t\t\t\t\t\t\t\t\t\t\t\t\t\t\t\t\t\t\t\t<\/ul>\n\t<\/div>\n\t<div class=\"fusion-post-content post-content\"><h2 class=\"blog-shortcode-post-title entry-title\">Czterna\u015bcie transformator\u00f3w dotar\u0142o na plac budowy Baltiki 2 po sze\u015bciomiesi\u0119cznym transporcie z Turcji<\/h2><p class=\"fusion-single-line-meta\"><span class=\"vcard\" style=\"display: none;\"><span class=\"fn\"><a href=\"https:\/\/balticwind.eu\/pl\/author\/baltic-wind\/\" title=\"Wpisy od Baltic Wind\" rel=\"author\">Baltic Wind<\/a><\/span><\/span><span class=\"updated\" style=\"display:none;\">2026-09-02T07:18:53+02:00<\/span><a href=\"https:\/\/balticwind.eu\/pl\/category\/energia-wiatrowa-offshore\/\" rel=\"category tag\">OFFSHORE<\/a>, <a href=\"https:\/\/balticwind.eu\/pl\/category\/polska\/\" rel=\"category tag\">POLSKA<\/a>, <a href=\"https:\/\/balticwind.eu\/pl\/category\/projekty\/\" rel=\"category tag\">PROJEKTY<\/a><span class=\"fusion-inline-sep\">|<\/span><\/p><div class=\"fusion-post-content-container\"><p>Grupa COLI zako\u0144czy\u0142a sze\u015bciomiesi\u0119czny transport 14 transformator\u00f3w mocy z tureckiej fabryki GE Vernova na l\u0105dowy plac budowy farmy Baltica 2, wykorzystuj\u0105c trzy statki, dwa porty i tymczasowe konstrukcje na zbyt s\u0142abych mostach.<\/p><\/div><\/div><div class=\"fusion-clearfix\"><\/div><div class=\"fusion-meta-info\"><div class=\"fusion-alignright\"><a class=\"fusion-read-more\" href=\"https:\/\/balticwind.eu\/pl\/czternascie-transformatorow-dotarlo-na-plac-budowy-baltiki-2-po-szesciomiesiecznym-transporcie-z-turcji\/\" aria-label=\"More on Czterna\u015bcie transformator\u00f3w dotar\u0142o na plac budowy Baltiki 2 po sze\u015bciomiesi\u0119cznym transporcie z Turcji\">Czytaj wi\u0119cej<\/a><\/div><\/div><\/article>\n<article id=\"blog-1-post-48177\" class=\"fusion-post-medium-alternate post-48177 post type-post status-publish format-standard has-post-thumbnail hentry category-energia-wiatrowa-onshore category-regulatory-pl category-top-news-pl\">\n<div class=\"fusion-date-and-formats\"><div class=\"fusion-date-box updated\"><span class=\"fusion-date\">2<\/span><span class=\"fusion-month-year\">09, 2026<\/span><\/div><div class=\"fusion-format-box\"><i class=\"fusion-icon-pen\" aria-hidden=\"true\"><\/i><\/div><\/div>\t<style type=\"text\/css\">\n\t\t\n\t\t\n\t\t\n\t\t\n\t\t\t<\/style>\n\n\n\t\t\t<div class=\"fusion-flexslider flexslider fusion-flexslider-loading fusion-post-slideshow\" style=\"\">\n\t\t<ul class=\"slides\">\n\t\t\t\n\t\t\t\t\t\t\t\t\t\t\t\t\t\t<li>\n\n<div  class=\"fusion-image-wrapper fusion-image-size-fixed\" aria-haspopup=\"true\">\n\t\n\t\n\t\t\t\n\t\t\t\t<a href=\"https:\/\/balticwind.eu\/pl\/europa-na-kursie-rekordowego-roku-88-gw-nowych-mocy-wiatrowych-w-pierwszym-polroczu-2026\/\" aria-label=\"Europa na kursie rekordowego roku. 8,8 GW nowych mocy wiatrowych w pierwszym p\u00f3\u0142roczu 2026\">\n\t\t\n\t\t\n\t\t\t\t\t<img decoding=\"async\" width=\"320\" height=\"202\" src=\"https:\/\/balticwind.eu\/wp-content\/uploads\/2026\/09\/wind-farm-germany-europe-record-installations-2026-320x202.jpg\" class=\"attachment-blog-medium size-blog-medium wp-post-image\" alt=\"\" srcset=\"https:\/\/balticwind.eu\/wp-content\/uploads\/2026\/09\/wind-farm-germany-europe-record-installations-2026-320x202.jpg 320w, https:\/\/balticwind.eu\/wp-content\/uploads\/2026\/09\/wind-farm-germany-europe-record-installations-2026-700x441.jpg 700w\" sizes=\"(max-width: 320px) 100vw, 320px\" \/>\n\t\n\n\n\t\t\t\t<\/a>\n\t\t\n\t\n<\/div>\n<\/li>\n\t\t\t\n\t\t\t\n\t\t\t\t\t\t\t\t\t\t\t\t\t\t\t\t\t\t\t\t\t\t\t\t\t\t\t\t\t\t\t\t\t\t\t\t\t\t\t\t\t\t\t\t\t\t\t\t\t\t\t\t\t\t\t\t\t\t\t\t\t\t\t\t\t\t\t\t<\/ul>\n\t<\/div>\n\t<div class=\"fusion-post-content post-content\"><h2 class=\"blog-shortcode-post-title entry-title\">Europa na kursie rekordowego roku. 8,8 GW nowych mocy wiatrowych w pierwszym p\u00f3\u0142roczu 2026<\/h2><p class=\"fusion-single-line-meta\"><span class=\"vcard\" style=\"display: none;\"><span class=\"fn\"><a href=\"https:\/\/balticwind.eu\/pl\/author\/baltic-wind\/\" title=\"Wpisy od Baltic Wind\" rel=\"author\">Baltic Wind<\/a><\/span><\/span><span class=\"updated\" style=\"display:none;\">2026-09-02T07:17:30+02:00<\/span><a href=\"https:\/\/balticwind.eu\/pl\/category\/energia-wiatrowa-onshore\/\" rel=\"category tag\">ONSHORE<\/a>, <a href=\"https:\/\/balticwind.eu\/pl\/category\/regulatory-pl\/\" rel=\"category tag\">REGULACJE<\/a>, <a href=\"https:\/\/balticwind.eu\/pl\/category\/top-news-pl\/\" rel=\"category tag\">TOP NEWS<\/a><span class=\"fusion-inline-sep\">|<\/span><\/p><div class=\"fusion-post-content-container\"><p>W pierwszym p\u00f3\u0142roczu 2026 roku Europa zainstalowa\u0142a 8,8 GW nowych mocy wiatrowych, o 30% wi\u0119cej ni\u017c rok wcze\u015bniej. WindEurope prognozuje 24 GW w ca\u0142ym roku, ale ostrzega, \u017ce spadaj\u0105ca liczba pozwole\u0144 poza Niemcami mo\u017ce zatrzyma\u0107 to tempo.<\/p><\/div><\/div><div class=\"fusion-clearfix\"><\/div><div class=\"fusion-meta-info\"><div class=\"fusion-alignright\"><a class=\"fusion-read-more\" href=\"https:\/\/balticwind.eu\/pl\/europa-na-kursie-rekordowego-roku-88-gw-nowych-mocy-wiatrowych-w-pierwszym-polroczu-2026\/\" aria-label=\"More on Europa na kursie rekordowego roku. 8,8 GW nowych mocy wiatrowych w pierwszym p\u00f3\u0142roczu 2026\">Czytaj wi\u0119cej<\/a><\/div><\/div><\/article>\n<article id=\"blog-1-post-48171\" class=\"fusion-post-medium-alternate post-48171 post type-post status-publish format-standard has-post-thumbnail hentry category-editors-choice-pl category-niemcy category-energia-wiatrowa-onshore category-polska\">\n<div class=\"fusion-date-and-formats\"><div class=\"fusion-date-box updated\"><span class=\"fusion-date\">1<\/span><span class=\"fusion-month-year\">09, 2026<\/span><\/div><div class=\"fusion-format-box\"><i class=\"fusion-icon-pen\" aria-hidden=\"true\"><\/i><\/div><\/div>\t<style type=\"text\/css\">\n\t\t\n\t\t\n\t\t\n\t\t\n\t\t\t<\/style>\n\n\n\t\t\t<div class=\"fusion-flexslider flexslider fusion-flexslider-loading fusion-post-slideshow\" style=\"\">\n\t\t<ul class=\"slides\">\n\t\t\t\n\t\t\t\t\t\t\t\t\t\t\t\t\t\t<li>\n\n<div  class=\"fusion-image-wrapper fusion-image-size-fixed\" aria-haspopup=\"true\">\n\t\n\t\n\t\t\t\n\t\t\t\t<a href=\"https:\/\/balticwind.eu\/pl\/wiatr-na-ladzie-kosztuje-82-centa-zgody-nadal-kosztuja-lata\/\" aria-label=\"Wiatr na l\u0105dzie kosztuje 8,2 centa. Zgody nadal kosztuj\u0105 lata\">\n\t\t\n\t\t\n\t\t\t\t\t<img decoding=\"async\" width=\"320\" height=\"202\" src=\"https:\/\/balticwind.eu\/wp-content\/uploads\/2026\/09\/onshore-wind-turbines-permitting-poland-germany-320x202.jpg\" class=\"attachment-blog-medium size-blog-medium wp-post-image\" alt=\"\" srcset=\"https:\/\/balticwind.eu\/wp-content\/uploads\/2026\/09\/onshore-wind-turbines-permitting-poland-germany-320x202.jpg 320w, https:\/\/balticwind.eu\/wp-content\/uploads\/2026\/09\/onshore-wind-turbines-permitting-poland-germany-700x441.jpg 700w\" sizes=\"(max-width: 320px) 100vw, 320px\" \/>\n\t\n\n\n\t\t\t\t<\/a>\n\t\t\n\t\n<\/div>\n<\/li>\n\t\t\t\n\t\t\t\n\t\t\t\t\t\t\t\t\t\t\t\t\t\t\t\t\t\t\t\t\t\t\t\t\t\t\t\t\t\t\t\t\t\t\t\t\t\t\t\t\t\t\t\t\t\t\t\t\t\t\t\t\t\t\t\t\t\t\t\t\t\t\t\t\t\t\t\t<\/ul>\n\t<\/div>\n\t<div class=\"fusion-post-content post-content\"><h2 class=\"blog-shortcode-post-title entry-title\">Wiatr na l\u0105dzie kosztuje 8,2 centa. Zgody nadal kosztuj\u0105 lata<\/h2><p class=\"fusion-single-line-meta\"><span class=\"vcard\" style=\"display: none;\"><span class=\"fn\"><a href=\"https:\/\/balticwind.eu\/pl\/author\/baltic-wind\/\" title=\"Wpisy od Baltic Wind\" rel=\"author\">Baltic Wind<\/a><\/span><\/span><span class=\"updated\" style=\"display:none;\">2026-09-01T06:17:57+02:00<\/span><a href=\"https:\/\/balticwind.eu\/pl\/category\/editors-choice-pl\/\" rel=\"category tag\">EDITOR'S CHOICE<\/a>, <a href=\"https:\/\/balticwind.eu\/pl\/category\/niemcy\/\" rel=\"category tag\">NIEMCY<\/a>, <a href=\"https:\/\/balticwind.eu\/pl\/category\/energia-wiatrowa-onshore\/\" rel=\"category tag\">ONSHORE<\/a>, <a href=\"https:\/\/balticwind.eu\/pl\/category\/polska\/\" rel=\"category tag\">POLSKA<\/a><span class=\"fusion-inline-sep\">|<\/span><\/p><div class=\"fusion-post-content-container\"><p>Z niemieckich danych wynika, \u017ce nowy wiatr na l\u0105dzie kosztuje 8,2 centa za kWh wobec gazu dro\u017cszego trzy do czterech razy. Aukcje s\u0105 nadsubskrybowane, kapita\u0142 czeka. W\u0105skim gard\u0142em sta\u0142y si\u0119 procedury.<\/p><\/div><\/div><div class=\"fusion-clearfix\"><\/div><div class=\"fusion-meta-info\"><div class=\"fusion-alignright\"><a class=\"fusion-read-more\" href=\"https:\/\/balticwind.eu\/pl\/wiatr-na-ladzie-kosztuje-82-centa-zgody-nadal-kosztuja-lata\/\" aria-label=\"More on Wiatr na l\u0105dzie kosztuje 8,2 centa. Zgody nadal kosztuj\u0105 lata\">Czytaj wi\u0119cej<\/a><\/div><\/div><\/article>\n<article id=\"blog-1-post-48165\" class=\"fusion-post-medium-alternate post-48165 post type-post status-publish format-standard has-post-thumbnail hentry category-energia-wiatrowa-offshore category-technologia-pl\">\n<div class=\"fusion-date-and-formats\"><div class=\"fusion-date-box updated\"><span class=\"fusion-date\">1<\/span><span class=\"fusion-month-year\">09, 2026<\/span><\/div><div class=\"fusion-format-box\"><i class=\"fusion-icon-pen\" aria-hidden=\"true\"><\/i><\/div><\/div>\t<style type=\"text\/css\">\n\t\t\n\t\t\n\t\t\n\t\t\n\t\t\t<\/style>\n\n\n\t\t\t<div class=\"fusion-flexslider flexslider fusion-flexslider-loading fusion-post-slideshow\" style=\"\">\n\t\t<ul class=\"slides\">\n\t\t\t\n\t\t\t\t\t\t\t\t\t\t\t\t\t\t<li>\n\n<div  class=\"fusion-image-wrapper fusion-image-size-fixed\" aria-haspopup=\"true\">\n\t\n\t\n\t\t\t\n\t\t\t\t<a href=\"https:\/\/balticwind.eu\/pl\/subsea-cable-assets-uruchamia-wynajem-karuzel-kablowych-o-pojemnosci-4-i-6-tys-ton\/\" aria-label=\"Subsea Cable Assets uruchamia wynajem karuzel kablowych o pojemno\u015bci 4 i 6 tys. ton\">\n\t\t\n\t\t\n\t\t\t\t\t<img decoding=\"async\" width=\"320\" height=\"202\" src=\"https:\/\/balticwind.eu\/wp-content\/uploads\/2026\/09\/subsea-cable-carousel-offshore-wind-supply-chain-320x202.jpg\" class=\"attachment-blog-medium size-blog-medium wp-post-image\" alt=\"\" srcset=\"https:\/\/balticwind.eu\/wp-content\/uploads\/2026\/09\/subsea-cable-carousel-offshore-wind-supply-chain-320x202.jpg 320w, https:\/\/balticwind.eu\/wp-content\/uploads\/2026\/09\/subsea-cable-carousel-offshore-wind-supply-chain-700x441.jpg 700w\" sizes=\"(max-width: 320px) 100vw, 320px\" \/>\n\t\n\n\n\t\t\t\t<\/a>\n\t\t\n\t\n<\/div>\n<\/li>\n\t\t\t\n\t\t\t\n\t\t\t\t\t\t\t\t\t\t\t\t\t\t\t\t\t\t\t\t\t\t\t\t\t\t\t\t\t\t\t\t\t\t\t\t\t\t\t\t\t\t\t\t\t\t\t\t\t\t\t\t\t\t\t\t\t\t\t\t\t\t\t\t\t\t\t\t<\/ul>\n\t<\/div>\n\t<div class=\"fusion-post-content post-content\"><h2 class=\"blog-shortcode-post-title entry-title\">Subsea Cable Assets uruchamia wynajem karuzel kablowych o pojemno\u015bci 4 i 6 tys. ton<\/h2><p class=\"fusion-single-line-meta\"><span class=\"vcard\" style=\"display: none;\"><span class=\"fn\"><a href=\"https:\/\/balticwind.eu\/pl\/author\/baltic-wind\/\" title=\"Wpisy od Baltic Wind\" rel=\"author\">Baltic Wind<\/a><\/span><\/span><span class=\"updated\" style=\"display:none;\">2026-09-01T06:16:52+02:00<\/span><a href=\"https:\/\/balticwind.eu\/pl\/category\/energia-wiatrowa-offshore\/\" rel=\"category tag\">OFFSHORE<\/a>, <a href=\"https:\/\/balticwind.eu\/pl\/category\/technologia-pl\/\" rel=\"category tag\">TECHNOLOGIA<\/a><span class=\"fusion-inline-sep\">|<\/span><\/p><div class=\"fusion-post-content-container\"><p>Subsea Cable Assets rozpoczyna wynajem karuzel kablowych. Na start dwa systemy o pojemno\u015bci 4 tys. i 6 tys. ton, ju\u017c zakontraktowane przez europejskiego klienta.<\/p><\/div><\/div><div class=\"fusion-clearfix\"><\/div><div class=\"fusion-meta-info\"><div class=\"fusion-alignright\"><a class=\"fusion-read-more\" href=\"https:\/\/balticwind.eu\/pl\/subsea-cable-assets-uruchamia-wynajem-karuzel-kablowych-o-pojemnosci-4-i-6-tys-ton\/\" aria-label=\"More on Subsea Cable Assets uruchamia wynajem karuzel kablowych o pojemno\u015bci 4 i 6 tys. ton\">Czytaj wi\u0119cej<\/a><\/div><\/div><\/article>\n<article id=\"blog-1-post-48159\" class=\"fusion-post-medium-alternate post-48159 post type-post status-publish format-standard has-post-thumbnail hentry category-litwa category-projekty category-technologia-pl\">\n<div class=\"fusion-date-and-formats\"><div class=\"fusion-date-box updated\"><span class=\"fusion-date\">1<\/span><span class=\"fusion-month-year\">09, 2026<\/span><\/div><div class=\"fusion-format-box\"><i class=\"fusion-icon-pen\" aria-hidden=\"true\"><\/i><\/div><\/div>\t<style type=\"text\/css\">\n\t\t\n\t\t\n\t\t\n\t\t\n\t\t\t<\/style>\n\n\n\t\t\t<div class=\"fusion-flexslider flexslider fusion-flexslider-loading fusion-post-slideshow\" style=\"\">\n\t\t<ul class=\"slides\">\n\t\t\t\n\t\t\t\t\t\t\t\t\t\t\t\t\t\t<li>\n\n<div  class=\"fusion-image-wrapper fusion-image-size-fixed\" aria-haspopup=\"true\">\n\t\n\t\n\t\t\t\n\t\t\t\t<a href=\"https:\/\/balticwind.eu\/pl\/port-w-klajpedzie-opracowal-koncepcje-jednostki-bunkrujacej-zielony-metanol\/\" aria-label=\"Port w K\u0142ajpedzie opracowa\u0142 koncepcj\u0119 jednostki bunkruj\u0105cej zielony metanol\">\n\t\t\n\t\t\n\t\t\t\t\t<img decoding=\"async\" width=\"320\" height=\"202\" src=\"https:\/\/balticwind.eu\/wp-content\/uploads\/2026\/09\/port-of-klaipeda-green-methanol-bunkering-vessel-320x202.jpg\" class=\"attachment-blog-medium size-blog-medium wp-post-image\" alt=\"\" srcset=\"https:\/\/balticwind.eu\/wp-content\/uploads\/2026\/09\/port-of-klaipeda-green-methanol-bunkering-vessel-320x202.jpg 320w, https:\/\/balticwind.eu\/wp-content\/uploads\/2026\/09\/port-of-klaipeda-green-methanol-bunkering-vessel-700x441.jpg 700w\" sizes=\"(max-width: 320px) 100vw, 320px\" \/>\n\t\n\n\n\t\t\t\t<\/a>\n\t\t\n\t\n<\/div>\n<\/li>\n\t\t\t\n\t\t\t\n\t\t\t\t\t\t\t\t\t\t\t\t\t\t\t\t\t\t\t\t\t\t\t\t\t\t\t\t\t\t\t\t\t\t\t\t\t\t\t\t\t\t\t\t\t\t\t\t\t\t\t\t\t\t\t\t\t\t\t\t\t\t\t\t\t\t\t\t<\/ul>\n\t<\/div>\n\t<div class=\"fusion-post-content post-content\"><h2 class=\"blog-shortcode-post-title entry-title\">Port w K\u0142ajpedzie opracowa\u0142 koncepcj\u0119 jednostki bunkruj\u0105cej zielony metanol<\/h2><p class=\"fusion-single-line-meta\"><span class=\"vcard\" style=\"display: none;\"><span class=\"fn\"><a href=\"https:\/\/balticwind.eu\/pl\/author\/baltic-wind\/\" title=\"Wpisy od Baltic Wind\" rel=\"author\">Baltic Wind<\/a><\/span><\/span><span class=\"updated\" style=\"display:none;\">2026-09-01T06:16:06+02:00<\/span><a href=\"https:\/\/balticwind.eu\/pl\/category\/litwa\/\" rel=\"category tag\">LITWA<\/a>, <a href=\"https:\/\/balticwind.eu\/pl\/category\/projekty\/\" rel=\"category tag\">PROJEKTY<\/a>, <a href=\"https:\/\/balticwind.eu\/pl\/category\/technologia-pl\/\" rel=\"category tag\">TECHNOLOGIA<\/a><span class=\"fusion-inline-sep\">|<\/span><\/p><div class=\"fusion-post-content-container\"><p>Zarz\u0105d Portu Morskiego w K\u0142ajpedzie zako\u0144czy\u0142 prace nad koncepcj\u0105 jednostki bunkruj\u0105cej zielony metanol o pojemno\u015bci 800 ton wraz z analiz\u0105 ba\u0142tyckiego popytu na paliwa alternatywne.<\/p><\/div><\/div><div class=\"fusion-clearfix\"><\/div><div class=\"fusion-meta-info\"><div class=\"fusion-alignright\"><a class=\"fusion-read-more\" href=\"https:\/\/balticwind.eu\/pl\/port-w-klajpedzie-opracowal-koncepcje-jednostki-bunkrujacej-zielony-metanol\/\" aria-label=\"More on Port w K\u0142ajpedzie opracowa\u0142 koncepcj\u0119 jednostki bunkruj\u0105cej zielony metanol\">Czytaj wi\u0119cej<\/a><\/div><\/div><\/article>\n<\/div><div class=\"pagination clearfix\"><span class=\"current\">1<\/span><a href=\"https:\/\/balticwind.eu\/pl\/wp-json\/wp\/v2\/pages\/4340\/page\/2\/\" class=\"inactive\">2<\/a><a class=\"pagination-next\" rel=\"next\" href=\"https:\/\/balticwind.eu\/pl\/wp-json\/wp\/v2\/pages\/4340\/page\/2\/\"><span class=\"page-text\">Kolejny<\/span><span class=\"page-next\"><\/span><\/a><\/div><div class=\"fusion-clearfix\"><\/div><\/div><div class=\"fusion-separator\" style=\"align-self: center;margin-left: auto;margin-right: auto;margin-bottom:10px;width:100%;max-width:80%;\"><div class=\"fusion-separator-border sep-single sep-solid\" style=\"border-color:#1f2a3b;border-top-width:12px;\"><\/div><\/div><\/div><style type=\"text\/css\">.fusion-body .fusion-builder-nested-column-0{width:66.666666666667% !important;margin-top : 0px;margin-bottom : 20px;}.fusion-builder-nested-column-0 > .fusion-column-wrapper {padding-top : 0px !important;padding-right : 0px !important;margin-right : 2.88%;padding-bottom : 0px !important;padding-left : 0px !important;margin-left : 2.88%;}@media only screen and (max-width:1024px) {.fusion-body .fusion-builder-nested-column-0{width:100% !important;order : 0;}.fusion-builder-nested-column-0 > .fusion-column-wrapper {margin-right : 1.92%;margin-left : 1.92%;}}@media only screen and (max-width:640px) {.fusion-body .fusion-builder-nested-column-0{width:100% !important;order : 0;}.fusion-builder-nested-column-0 > .fusion-column-wrapper {margin-right : 1.92%;margin-left : 1.92%;}}<\/style><\/div><\/div><\/div><style type=\"text\/css\">.fusion-body .fusion-builder-column-4{width:100% !important;margin-top : 0px;margin-bottom : 20px;}.fusion-builder-column-4 > .fusion-column-wrapper {padding-top : 0px !important;padding-right : 0px !important;margin-right : 1.92%;padding-bottom : 0px !important;padding-left : 0px !important;margin-left : 1.92%;}@media only screen and (max-width:1024px) {.fusion-body .fusion-builder-column-4{width:100% !important;order : 0;}.fusion-builder-column-4 > .fusion-column-wrapper {margin-right : 1.92%;margin-left : 1.92%;}}@media only screen and (max-width:640px) {.fusion-body .fusion-builder-column-4{width:100% !important;order : 0;}.fusion-builder-column-4 > .fusion-column-wrapper {margin-right : 1.92%;margin-left : 1.92%;}}<\/style><\/div><\/div><style type=\"text\/css\">.fusion-body .fusion-flex-container.fusion-builder-row-3{ padding-top : 20px;margin-top : 0px;padding-right : 0px;padding-bottom : 0px;margin-bottom : 0px;padding-left : 0px;}<\/style><\/div><div class=\"fusion-fullwidth fullwidth-box fusion-builder-row-4 fusion-flex-container nonhundred-percent-fullwidth non-hundred-percent-height-scrolling\" style=\"background-color: #d1ebfb;background-position: center center;background-repeat: no-repeat;border-width: 0px 0px 0px 0px;border-color:#eaeaea;border-style:solid;\" ><div class=\"fusion-builder-row fusion-row fusion-flex-align-items-flex-start\" style=\"max-width:1289.6px;margin-left: calc(-4% \/ 2 );margin-right: calc(-4% \/ 2 );\"><div class=\"fusion-layout-column fusion_builder_column fusion-builder-column-5 fusion_builder_column_1_2 1_2 fusion-flex-column\"><div class=\"fusion-column-wrapper fusion-flex-justify-content-flex-start fusion-content-layout-column\" style=\"background-position:left top;background-repeat:no-repeat;-webkit-background-size:cover;-moz-background-size:cover;-o-background-size:cover;background-size:cover;padding: 0px 0px 0px 0px;\"><div class=\"fusion-separator\" style=\"align-self: center;margin-left: auto;margin-right: auto;margin-bottom:10px;width:100%;max-width:110%;\"><div class=\"fusion-separator-border sep-single sep-solid\" style=\"border-color:#1f2a3b;border-top-width:12px;\"><\/div><\/div><style type=\"text\/css\">@media only screen and (max-width:1024px) {.fusion-title.fusion-title-4{margin-top:-15px!important; margin-right:5px!important;margin-bottom:20px!important;margin-left:-5px!important;}}@media only screen and (max-width:640px) {.fusion-title.fusion-title-4{margin-top:0px!important; margin-right:0px!important;margin-bottom:20px!important; margin-left:0px!important;}}<\/style><div class=\"fusion-title title fusion-title-4 fusion-title-text fusion-title-size-five\" style=\"margin-top:-15px;margin-right:5px;margin-bottom:20px;margin-left:-5px;\"><div class=\"title-sep-container title-sep-container-left fusion-no-large-visibility fusion-no-medium-visibility fusion-no-small-visibility\"><div class=\"title-sep sep-\" style=\"border-color:#eaeaea;\"><\/div><\/div><h5 class=\"title-heading-left fusion-responsive-typography-calculated\" style=\"margin:0;--fontSize:17;line-height:1.76;\"><h5 style=\"text-align: left;\">WI\u0118CEJ AKTUALNO\u015aCI<\/h5><\/h5><div class=\"title-sep-container title-sep-container-right\"><div class=\"title-sep sep-\" style=\"border-color:#eaeaea;\"><\/div><\/div><\/div><div class=\"fusion-blog-shortcode fusion-blog-shortcode-2 fusion-blog-archive fusion-blog-layout-medium-alternate fusion-blog-no\"><div class=\"fusion-posts-container fusion-posts-container-no\" data-pages=\"1483\"><article id=\"blog-2-post-28679\" class=\"fusion-post-medium-alternate fusion-sticky post-28679 post type-post status-publish format-standard has-post-thumbnail hentry category-energia-wiatrowa-offshore category-wydarzenie\">\n<div class=\"fusion-date-and-formats\"><div class=\"fusion-date-box updated\"><span class=\"fusion-date\">9<\/span><span class=\"fusion-month-year\">08, 2023<\/span><\/div><div class=\"fusion-format-box\"><i class=\"fusion-icon-pen\" aria-hidden=\"true\"><\/i><\/div><\/div>\t<style type=\"text\/css\">\n\t\t\n\t\t\n\t\t\n\t\t\n\t\t\t<\/style>\n\n\n\t\t\t<div class=\"fusion-flexslider flexslider fusion-flexslider-loading fusion-post-slideshow\" style=\"\">\n\t\t<ul class=\"slides\">\n\t\t\t\n\t\t\t\t\t\t\t\t\t\t\t\t\t\t<li>\n\n<div  class=\"fusion-image-wrapper fusion-image-size-fixed\" aria-haspopup=\"true\">\n\t\n\t\n\t\t\t\n\t\t\t\t<a href=\"https:\/\/balticwind.eu\/pl\/partnerstwo-medialne-reuters-events-rozbudowa-portow-w-celu-wdrozenia-morskiej-energetyki-wiatrowej-na-duza-skale\/\" aria-label=\"Partnerstwo medialne: Reuters Events: Rozbudowa port\u00f3w w celu wdro\u017cenia morskiej energetyki wiatrowej na du\u017c\u0105 skal\u0119\">\n\t\t\n\t\t\n\t\t\t\t\t<img decoding=\"async\" width=\"320\" height=\"202\" src=\"https:\/\/balticwind.eu\/wp-content\/uploads\/2023\/08\/Reuters-Events-Expanding-Ports-320x202.png\" class=\"attachment-blog-medium size-blog-medium wp-post-image\" alt=\"Reuters Events Expanding Ports\" \/>\n\t\n\n\n\t\t\t\t<\/a>\n\t\t\n\t\n<\/div>\n<\/li>\n\t\t\t\n\t\t\t\n\t\t\t\t\t\t\t\t\t\t\t\t\t\t\t\t\t\t\t\t\t\t\t\t\t\t\t\t\t\t\t\t\t\t\t\t\t\t\t\t\t\t\t\t\t\t\t\t\t\t\t\t\t\t\t\t\t\t\t\t\t\t\t\t\t\t\t\t<\/ul>\n\t<\/div>\n\t<div class=\"fusion-post-content post-content\"><h2 class=\"blog-shortcode-post-title entry-title\">Partnerstwo medialne: Reuters Events: Rozbudowa port\u00f3w w celu wdro\u017cenia morskiej energetyki wiatrowej na du\u017c\u0105 skal\u0119<\/h2><p class=\"fusion-single-line-meta\"><span class=\"vcard\" style=\"display: none;\"><span class=\"fn\"><a href=\"https:\/\/balticwind.eu\/pl\/author\/baltic-wind\/\" title=\"Wpisy od Baltic Wind\" rel=\"author\">Baltic Wind<\/a><\/span><\/span><span class=\"updated\" style=\"display:none;\">2023-08-11T08:43:41+02:00<\/span><a href=\"https:\/\/balticwind.eu\/pl\/category\/energia-wiatrowa-offshore\/\" rel=\"category tag\">OFFSHORE<\/a>, <a href=\"https:\/\/balticwind.eu\/pl\/category\/wydarzenie\/\" rel=\"category tag\">WYDARZENIE<\/a><span class=\"fusion-inline-sep\">|<\/span><\/p><\/div><div class=\"fusion-clearfix\"><\/div><\/article>\n<article id=\"blog-2-post-48215\" class=\"fusion-post-medium-alternate post-48215 post type-post status-publish format-standard has-post-thumbnail hentry category-niemcy category-technologia-pl\">\n<div class=\"fusion-date-and-formats\"><div class=\"fusion-date-box updated\"><span class=\"fusion-date\">4<\/span><span class=\"fusion-month-year\">09, 2026<\/span><\/div><div class=\"fusion-format-box\"><i class=\"fusion-icon-pen\" aria-hidden=\"true\"><\/i><\/div><\/div>\t<style type=\"text\/css\">\n\t\t\n\t\t\n\t\t\n\t\t\n\t\t\t<\/style>\n\n\n\t\t\t<div class=\"fusion-flexslider flexslider fusion-flexslider-loading fusion-post-slideshow\" style=\"\">\n\t\t<ul class=\"slides\">\n\t\t\t\n\t\t\t\t\t\t\t\t\t\t\t\t\t\t<li>\n\n<div  class=\"fusion-image-wrapper fusion-image-size-fixed\" aria-haspopup=\"true\">\n\t\n\t\n\t\t\t\n\t\t\t\t<a href=\"https:\/\/balticwind.eu\/pl\/perigus-energy-uruchamia-park-sloneczny-83-mwp-wewnatrz-czynnej-zagrody-dla-danieli\/\" aria-label=\"Perigus Energy uruchamia park s\u0142oneczny 8,3 MWp wewn\u0105trz czynnej zagrody dla danieli\">\n\t\t\n\t\t\n\t\t\t\t\t<img decoding=\"async\" width=\"320\" height=\"202\" src=\"https:\/\/balticwind.eu\/wp-content\/uploads\/2026\/09\/perigus-energy-wildpark-solar-park-deer-enclosure-soetern-320x202.jpg\" class=\"attachment-blog-medium size-blog-medium wp-post-image\" alt=\"\" srcset=\"https:\/\/balticwind.eu\/wp-content\/uploads\/2026\/09\/perigus-energy-wildpark-solar-park-deer-enclosure-soetern-320x202.jpg 320w, https:\/\/balticwind.eu\/wp-content\/uploads\/2026\/09\/perigus-energy-wildpark-solar-park-deer-enclosure-soetern-700x441.jpg 700w\" sizes=\"(max-width: 320px) 100vw, 320px\" \/>\n\t\n\n\n\t\t\t\t<\/a>\n\t\t\n\t\n<\/div>\n<\/li>\n\t\t\t\n\t\t\t\n\t\t\t\t\t\t\t\t\t\t\t\t\t\t\t\t\t\t\t\t\t\t\t\t\t\t\t\t\t\t\t\t\t\t\t\t\t\t\t\t\t\t\t\t\t\t\t\t\t\t\t\t\t\t\t\t\t\t\t\t\t\t\t\t\t\t\t\t<\/ul>\n\t<\/div>\n\t<div class=\"fusion-post-content post-content\"><h2 class=\"blog-shortcode-post-title entry-title\">Perigus Energy uruchamia park s\u0142oneczny 8,3 MWp wewn\u0105trz czynnej zagrody dla danieli<\/h2><p class=\"fusion-single-line-meta\"><span class=\"vcard\" style=\"display: none;\"><span class=\"fn\"><a href=\"https:\/\/balticwind.eu\/pl\/author\/baltic-wind\/\" title=\"Wpisy od Baltic Wind\" rel=\"author\">Baltic Wind<\/a><\/span><\/span><span class=\"updated\" style=\"display:none;\">2026-09-04T12:32:07+02:00<\/span><a href=\"https:\/\/balticwind.eu\/pl\/category\/niemcy\/\" rel=\"category tag\">NIEMCY<\/a>, <a href=\"https:\/\/balticwind.eu\/pl\/category\/technologia-pl\/\" rel=\"category tag\">TECHNOLOGIA<\/a><span class=\"fusion-inline-sep\">|<\/span><\/p><\/div><div class=\"fusion-clearfix\"><\/div><\/article>\n<article id=\"blog-2-post-48214\" class=\"fusion-post-medium-alternate post-48214 post type-post status-publish format-standard has-post-thumbnail hentry category-niemcy category-projekty\">\n<div class=\"fusion-date-and-formats\"><div class=\"fusion-date-box updated\"><span class=\"fusion-date\">4<\/span><span class=\"fusion-month-year\">09, 2026<\/span><\/div><div class=\"fusion-format-box\"><i class=\"fusion-icon-pen\" aria-hidden=\"true\"><\/i><\/div><\/div>\t<style type=\"text\/css\">\n\t\t\n\t\t\n\t\t\n\t\t\n\t\t\t<\/style>\n\n\n\t\t\t<div class=\"fusion-flexslider flexslider fusion-flexslider-loading fusion-post-slideshow\" style=\"\">\n\t\t<ul class=\"slides\">\n\t\t\t\n\t\t\t\t\t\t\t\t\t\t\t\t\t\t<li>\n\n<div  class=\"fusion-image-wrapper fusion-image-size-fixed\" aria-haspopup=\"true\">\n\t\n\t\n\t\t\t\n\t\t\t\t<a href=\"https:\/\/balticwind.eu\/pl\/berliner-stadtwerke-przejmuje-od-juwi-projekt-wiatrowy-diehlo-west-o-mocy-12-mw\/\" aria-label=\"Berliner Stadtwerke przejmuje od JUWI projekt wiatrowy Diehlo-West o mocy 12 MW\">\n\t\t\n\t\t\n\t\t\t\t\t<img decoding=\"async\" width=\"320\" height=\"202\" src=\"https:\/\/balticwind.eu\/wp-content\/uploads\/2026\/09\/onshore-wind-turbines-brandenburg-diehlo-west-germany-320x202.jpg\" class=\"attachment-blog-medium size-blog-medium wp-post-image\" alt=\"\" srcset=\"https:\/\/balticwind.eu\/wp-content\/uploads\/2026\/09\/onshore-wind-turbines-brandenburg-diehlo-west-germany-320x202.jpg 320w, https:\/\/balticwind.eu\/wp-content\/uploads\/2026\/09\/onshore-wind-turbines-brandenburg-diehlo-west-germany-700x441.jpg 700w\" sizes=\"(max-width: 320px) 100vw, 320px\" \/>\n\t\n\n\n\t\t\t\t<\/a>\n\t\t\n\t\n<\/div>\n<\/li>\n\t\t\t\n\t\t\t\n\t\t\t\t\t\t\t\t\t\t\t\t\t\t\t\t\t\t\t\t\t\t\t\t\t\t\t\t\t\t\t\t\t\t\t\t\t\t\t\t\t\t\t\t\t\t\t\t\t\t\t\t\t\t\t\t\t\t\t\t\t\t\t\t\t\t\t\t<\/ul>\n\t<\/div>\n\t<div class=\"fusion-post-content post-content\"><h2 class=\"blog-shortcode-post-title entry-title\">Berliner Stadtwerke przejmuje od JUWI projekt wiatrowy Diehlo-West o mocy 12 MW<\/h2><p class=\"fusion-single-line-meta\"><span class=\"vcard\" style=\"display: none;\"><span class=\"fn\"><a href=\"https:\/\/balticwind.eu\/pl\/author\/baltic-wind\/\" title=\"Wpisy od Baltic Wind\" rel=\"author\">Baltic Wind<\/a><\/span><\/span><span class=\"updated\" style=\"display:none;\">2026-09-04T12:32:06+02:00<\/span><a href=\"https:\/\/balticwind.eu\/pl\/category\/niemcy\/\" rel=\"category tag\">NIEMCY<\/a>, <a href=\"https:\/\/balticwind.eu\/pl\/category\/projekty\/\" rel=\"category tag\">PROJEKTY<\/a><span class=\"fusion-inline-sep\">|<\/span><\/p><\/div><div class=\"fusion-clearfix\"><\/div><\/article>\n<\/div><\/div><\/div><style type=\"text\/css\">.fusion-body .fusion-builder-column-5{width:50% !important;margin-top : 0px;margin-bottom : 20px;}.fusion-builder-column-5 > .fusion-column-wrapper {padding-top : 0px !important;padding-right : 0px !important;margin-right : 3.84%;padding-bottom : 0px !important;padding-left : 0px !important;margin-left : 3.84%;}@media only screen and (max-width:1024px) {.fusion-body .fusion-builder-column-5{width:100% !important;}.fusion-builder-column-5 > .fusion-column-wrapper {margin-right : 1.92%;margin-left : 1.92%;}}@media only screen and (max-width:640px) {.fusion-body .fusion-builder-column-5{width:100% !important;}.fusion-builder-column-5 > .fusion-column-wrapper {margin-right : 1.92%;margin-left : 1.92%;}}<\/style><\/div><div class=\"fusion-layout-column fusion_builder_column fusion-builder-column-6 fusion_builder_column_1_2 1_2 fusion-flex-column\"><div class=\"fusion-column-wrapper fusion-flex-justify-content-flex-start fusion-content-layout-column\" style=\"background-position:left top;background-repeat:no-repeat;-webkit-background-size:cover;-moz-background-size:cover;-o-background-size:cover;background-size:cover;padding: 0px 0px 0px 0px;\"><div class=\"fusion-separator\" style=\"align-self: center;margin-left: auto;margin-right: auto;margin-bottom:10px;width:100%;max-width:110%;\"><div class=\"fusion-separator-border sep-single sep-solid\" style=\"border-color:#1f2a3b;border-top-width:12px;\"><\/div><\/div><style type=\"text\/css\">@media only screen and (max-width:1024px) {.fusion-title.fusion-title-5{margin-top:-15px!important; margin-right:5px!important;margin-bottom:20px!important;margin-left:-5px!important;}}@media only screen and (max-width:640px) {.fusion-title.fusion-title-5{margin-top:0px!important; margin-right:0px!important;margin-bottom:20px!important; margin-left:0px!important;}}<\/style><div class=\"fusion-title title fusion-title-5 fusion-title-text fusion-title-size-five\" style=\"margin-top:-15px;margin-right:5px;margin-bottom:20px;margin-left:-5px;\"><div class=\"title-sep-container title-sep-container-left fusion-no-large-visibility fusion-no-medium-visibility fusion-no-small-visibility\"><div class=\"title-sep sep-\" style=\"border-color:#eaeaea;\"><\/div><\/div><h5 class=\"title-heading-left fusion-responsive-typography-calculated\" style=\"margin:0;--fontSize:17;line-height:1.76;\"><h5 style=\"text-align: left;\">WI\u0118CEJ AKTUALNO\u015aCI<\/h5><\/h5><div class=\"title-sep-container title-sep-container-right\"><div class=\"title-sep sep-\" style=\"border-color:#eaeaea;\"><\/div><\/div><\/div><div class=\"fusion-blog-shortcode fusion-blog-shortcode-3 fusion-blog-archive fusion-blog-layout-medium-alternate fusion-blog-no\"><div class=\"fusion-posts-container fusion-posts-container-no\" data-pages=\"1483\"><article id=\"blog-3-post-28679\" class=\"fusion-post-medium-alternate fusion-sticky post-28679 post type-post status-publish format-standard has-post-thumbnail hentry category-energia-wiatrowa-offshore category-wydarzenie\">\n<div class=\"fusion-date-and-formats\"><div class=\"fusion-date-box updated\"><span class=\"fusion-date\">9<\/span><span class=\"fusion-month-year\">08, 2023<\/span><\/div><div class=\"fusion-format-box\"><i class=\"fusion-icon-pen\" aria-hidden=\"true\"><\/i><\/div><\/div>\t<style type=\"text\/css\">\n\t\t\n\t\t\n\t\t\n\t\t\n\t\t\t<\/style>\n\n\n\t\t\t<div class=\"fusion-flexslider flexslider fusion-flexslider-loading fusion-post-slideshow\" style=\"\">\n\t\t<ul class=\"slides\">\n\t\t\t\n\t\t\t\t\t\t\t\t\t\t\t\t\t\t<li>\n\n<div  class=\"fusion-image-wrapper fusion-image-size-fixed\" aria-haspopup=\"true\">\n\t\n\t\n\t\t\t\n\t\t\t\t<a href=\"https:\/\/balticwind.eu\/pl\/partnerstwo-medialne-reuters-events-rozbudowa-portow-w-celu-wdrozenia-morskiej-energetyki-wiatrowej-na-duza-skale\/\" aria-label=\"Partnerstwo medialne: Reuters Events: Rozbudowa port\u00f3w w celu wdro\u017cenia morskiej energetyki wiatrowej na du\u017c\u0105 skal\u0119\">\n\t\t\n\t\t\n\t\t\t\t\t<img decoding=\"async\" width=\"320\" height=\"202\" src=\"https:\/\/balticwind.eu\/wp-content\/uploads\/2023\/08\/Reuters-Events-Expanding-Ports-320x202.png\" class=\"attachment-blog-medium size-blog-medium wp-post-image\" alt=\"Reuters Events Expanding Ports\" \/>\n\t\n\n\n\t\t\t\t<\/a>\n\t\t\n\t\n<\/div>\n<\/li>\n\t\t\t\n\t\t\t\n\t\t\t\t\t\t\t\t\t\t\t\t\t\t\t\t\t\t\t\t\t\t\t\t\t\t\t\t\t\t\t\t\t\t\t\t\t\t\t\t\t\t\t\t\t\t\t\t\t\t\t\t\t\t\t\t\t\t\t\t\t\t\t\t\t\t\t\t<\/ul>\n\t<\/div>\n\t<div class=\"fusion-post-content post-content\"><h2 class=\"blog-shortcode-post-title entry-title\">Partnerstwo medialne: Reuters Events: Rozbudowa port\u00f3w w celu wdro\u017cenia morskiej energetyki wiatrowej na du\u017c\u0105 skal\u0119<\/h2><p class=\"fusion-single-line-meta\"><span class=\"vcard\" style=\"display: none;\"><span class=\"fn\"><a href=\"https:\/\/balticwind.eu\/pl\/author\/baltic-wind\/\" title=\"Wpisy od Baltic Wind\" rel=\"author\">Baltic Wind<\/a><\/span><\/span><span class=\"updated\" style=\"display:none;\">2023-08-11T08:43:41+02:00<\/span><a href=\"https:\/\/balticwind.eu\/pl\/category\/energia-wiatrowa-offshore\/\" rel=\"category tag\">OFFSHORE<\/a>, <a href=\"https:\/\/balticwind.eu\/pl\/category\/wydarzenie\/\" rel=\"category tag\">WYDARZENIE<\/a><span class=\"fusion-inline-sep\">|<\/span><\/p><\/div><div class=\"fusion-clearfix\"><\/div><\/article>\n<article id=\"blog-3-post-48215\" class=\"fusion-post-medium-alternate post-48215 post type-post status-publish format-standard has-post-thumbnail hentry category-niemcy category-technologia-pl\">\n<div class=\"fusion-date-and-formats\"><div class=\"fusion-date-box updated\"><span class=\"fusion-date\">4<\/span><span class=\"fusion-month-year\">09, 2026<\/span><\/div><div class=\"fusion-format-box\"><i class=\"fusion-icon-pen\" aria-hidden=\"true\"><\/i><\/div><\/div>\t<style type=\"text\/css\">\n\t\t\n\t\t\n\t\t\n\t\t\n\t\t\t<\/style>\n\n\n\t\t\t<div class=\"fusion-flexslider flexslider fusion-flexslider-loading fusion-post-slideshow\" style=\"\">\n\t\t<ul class=\"slides\">\n\t\t\t\n\t\t\t\t\t\t\t\t\t\t\t\t\t\t<li>\n\n<div  class=\"fusion-image-wrapper fusion-image-size-fixed\" aria-haspopup=\"true\">\n\t\n\t\n\t\t\t\n\t\t\t\t<a href=\"https:\/\/balticwind.eu\/pl\/perigus-energy-uruchamia-park-sloneczny-83-mwp-wewnatrz-czynnej-zagrody-dla-danieli\/\" aria-label=\"Perigus Energy uruchamia park s\u0142oneczny 8,3 MWp wewn\u0105trz czynnej zagrody dla danieli\">\n\t\t\n\t\t\n\t\t\t\t\t<img decoding=\"async\" width=\"320\" height=\"202\" src=\"https:\/\/balticwind.eu\/wp-content\/uploads\/2026\/09\/perigus-energy-wildpark-solar-park-deer-enclosure-soetern-320x202.jpg\" class=\"attachment-blog-medium size-blog-medium wp-post-image\" alt=\"\" srcset=\"https:\/\/balticwind.eu\/wp-content\/uploads\/2026\/09\/perigus-energy-wildpark-solar-park-deer-enclosure-soetern-320x202.jpg 320w, https:\/\/balticwind.eu\/wp-content\/uploads\/2026\/09\/perigus-energy-wildpark-solar-park-deer-enclosure-soetern-700x441.jpg 700w\" sizes=\"(max-width: 320px) 100vw, 320px\" \/>\n\t\n\n\n\t\t\t\t<\/a>\n\t\t\n\t\n<\/div>\n<\/li>\n\t\t\t\n\t\t\t\n\t\t\t\t\t\t\t\t\t\t\t\t\t\t\t\t\t\t\t\t\t\t\t\t\t\t\t\t\t\t\t\t\t\t\t\t\t\t\t\t\t\t\t\t\t\t\t\t\t\t\t\t\t\t\t\t\t\t\t\t\t\t\t\t\t\t\t\t<\/ul>\n\t<\/div>\n\t<div class=\"fusion-post-content post-content\"><h2 class=\"blog-shortcode-post-title entry-title\">Perigus Energy uruchamia park s\u0142oneczny 8,3 MWp wewn\u0105trz czynnej zagrody dla danieli<\/h2><p class=\"fusion-single-line-meta\"><span class=\"vcard\" style=\"display: none;\"><span class=\"fn\"><a href=\"https:\/\/balticwind.eu\/pl\/author\/baltic-wind\/\" title=\"Wpisy od Baltic Wind\" rel=\"author\">Baltic Wind<\/a><\/span><\/span><span class=\"updated\" style=\"display:none;\">2026-09-04T12:32:07+02:00<\/span><a href=\"https:\/\/balticwind.eu\/pl\/category\/niemcy\/\" rel=\"category tag\">NIEMCY<\/a>, <a href=\"https:\/\/balticwind.eu\/pl\/category\/technologia-pl\/\" rel=\"category tag\">TECHNOLOGIA<\/a><span class=\"fusion-inline-sep\">|<\/span><\/p><\/div><div class=\"fusion-clearfix\"><\/div><\/article>\n<article id=\"blog-3-post-48214\" class=\"fusion-post-medium-alternate post-48214 post type-post status-publish format-standard has-post-thumbnail hentry category-niemcy category-projekty\">\n<div class=\"fusion-date-and-formats\"><div class=\"fusion-date-box updated\"><span class=\"fusion-date\">4<\/span><span class=\"fusion-month-year\">09, 2026<\/span><\/div><div class=\"fusion-format-box\"><i class=\"fusion-icon-pen\" aria-hidden=\"true\"><\/i><\/div><\/div>\t<style type=\"text\/css\">\n\t\t\n\t\t\n\t\t\n\t\t\n\t\t\t<\/style>\n\n\n\t\t\t<div class=\"fusion-flexslider flexslider fusion-flexslider-loading fusion-post-slideshow\" style=\"\">\n\t\t<ul class=\"slides\">\n\t\t\t\n\t\t\t\t\t\t\t\t\t\t\t\t\t\t<li>\n\n<div  class=\"fusion-image-wrapper fusion-image-size-fixed\" aria-haspopup=\"true\">\n\t\n\t\n\t\t\t\n\t\t\t\t<a href=\"https:\/\/balticwind.eu\/pl\/berliner-stadtwerke-przejmuje-od-juwi-projekt-wiatrowy-diehlo-west-o-mocy-12-mw\/\" aria-label=\"Berliner Stadtwerke przejmuje od JUWI projekt wiatrowy Diehlo-West o mocy 12 MW\">\n\t\t\n\t\t\n\t\t\t\t\t<img decoding=\"async\" width=\"320\" height=\"202\" src=\"https:\/\/balticwind.eu\/wp-content\/uploads\/2026\/09\/onshore-wind-turbines-brandenburg-diehlo-west-germany-320x202.jpg\" class=\"attachment-blog-medium size-blog-medium wp-post-image\" alt=\"\" srcset=\"https:\/\/balticwind.eu\/wp-content\/uploads\/2026\/09\/onshore-wind-turbines-brandenburg-diehlo-west-germany-320x202.jpg 320w, https:\/\/balticwind.eu\/wp-content\/uploads\/2026\/09\/onshore-wind-turbines-brandenburg-diehlo-west-germany-700x441.jpg 700w\" sizes=\"(max-width: 320px) 100vw, 320px\" \/>\n\t\n\n\n\t\t\t\t<\/a>\n\t\t\n\t\n<\/div>\n<\/li>\n\t\t\t\n\t\t\t\n\t\t\t\t\t\t\t\t\t\t\t\t\t\t\t\t\t\t\t\t\t\t\t\t\t\t\t\t\t\t\t\t\t\t\t\t\t\t\t\t\t\t\t\t\t\t\t\t\t\t\t\t\t\t\t\t\t\t\t\t\t\t\t\t\t\t\t\t<\/ul>\n\t<\/div>\n\t<div class=\"fusion-post-content post-content\"><h2 class=\"blog-shortcode-post-title entry-title\">Berliner Stadtwerke przejmuje od JUWI projekt wiatrowy Diehlo-West o mocy 12 MW<\/h2><p class=\"fusion-single-line-meta\"><span class=\"vcard\" style=\"display: none;\"><span class=\"fn\"><a href=\"https:\/\/balticwind.eu\/pl\/author\/baltic-wind\/\" title=\"Wpisy od Baltic Wind\" rel=\"author\">Baltic Wind<\/a><\/span><\/span><span class=\"updated\" style=\"display:none;\">2026-09-04T12:32:06+02:00<\/span><a href=\"https:\/\/balticwind.eu\/pl\/category\/niemcy\/\" rel=\"category tag\">NIEMCY<\/a>, <a href=\"https:\/\/balticwind.eu\/pl\/category\/projekty\/\" rel=\"category tag\">PROJEKTY<\/a><span class=\"fusion-inline-sep\">|<\/span><\/p><\/div><div class=\"fusion-clearfix\"><\/div><\/article>\n<\/div><\/div><\/div><style type=\"text\/css\">.fusion-body .fusion-builder-column-6{width:50% !important;margin-top : 0px;margin-bottom : 20px;}.fusion-builder-column-6 > .fusion-column-wrapper {padding-top : 0px !important;padding-right : 0px !important;margin-right : 3.84%;padding-bottom : 0px !important;padding-left : 0px !important;margin-left : 3.84%;}@media only screen and (max-width:1024px) {.fusion-body .fusion-builder-column-6{width:100% !important;}.fusion-builder-column-6 > .fusion-column-wrapper {margin-right : 1.92%;margin-left : 1.92%;}}@media only screen and (max-width:640px) {.fusion-body .fusion-builder-column-6{width:100% !important;}.fusion-builder-column-6 > .fusion-column-wrapper {margin-right : 1.92%;margin-left : 1.92%;}}<\/style><\/div><\/div><style type=\"text\/css\">.fusion-body .fusion-flex-container.fusion-builder-row-4{ padding-top : 15px;margin-top : 0px;padding-right : 0px;padding-bottom : 15px;margin-bottom : 0px;padding-left : 0px;}<\/style><\/div><div class=\"fusion-fullwidth fullwidth-box fusion-builder-row-5 fusion-flex-container nonhundred-percent-fullwidth non-hundred-percent-height-scrolling\" style=\"background-color: #ffffff;background-position: left top;background-repeat: no-repeat;border-width: 0px 0px 0px 0px;border-color:#eaeaea;border-style:solid;\" ><div class=\"fusion-builder-row fusion-row fusion-flex-align-items-flex-start\" style=\"max-width:1289.6px;margin-left: calc(-4% \/ 2 );margin-right: calc(-4% \/ 2 );\"><div class=\"fusion-layout-column fusion_builder_column fusion-builder-column-7 fusion_builder_column_1_6 1_6 fusion-flex-column fusion-no-small-visibility\"><div class=\"fusion-column-wrapper fusion-flex-justify-content-flex-start fusion-content-layout-column\" style=\"background-position:left top;background-repeat:no-repeat;-webkit-background-size:cover;-moz-background-size:cover;-o-background-size:cover;background-size:cover;padding: 0px 0px 0px 0px;\"><\/div><style type=\"text\/css\">.fusion-body .fusion-builder-column-7{width:16.666666666667% !important;margin-top : 0px;margin-bottom : 20px;}.fusion-builder-column-7 > .fusion-column-wrapper {padding-top : 0px !important;padding-right : 0px !important;margin-right : 11.52%;padding-bottom : 0px !important;padding-left : 0px !important;margin-left : 11.52%;}@media only screen and (max-width:1024px) {.fusion-body .fusion-builder-column-7{width:100% !important;}.fusion-builder-column-7 > .fusion-column-wrapper {margin-right : 1.92%;margin-left : 1.92%;}}@media only screen and (max-width:640px) {.fusion-body .fusion-builder-column-7{width:100% !important;}.fusion-builder-column-7 > .fusion-column-wrapper {margin-right : 1.92%;margin-left : 1.92%;}}<\/style><\/div><div class=\"fusion-layout-column fusion_builder_column fusion-builder-column-8 fusion_builder_column_2_3 2_3 fusion-flex-column\"><div class=\"fusion-column-wrapper fusion-flex-justify-content-flex-start fusion-content-layout-column\" style=\"background-position:left top;background-repeat:no-repeat;-webkit-background-size:cover;-moz-background-size:cover;-o-background-size:cover;background-size:cover;padding: 0px 0px 0px 0px;\"><style type=\"text\/css\">@media only screen and (max-width:1024px) {.fusion-title.fusion-title-6{margin-top:20px!important; margin-right:0px!important;margin-bottom:20px!important;margin-left:0px!important;}}@media only screen and (max-width:640px) {.fusion-title.fusion-title-6{margin-top:0px!important; margin-right:0px!important;margin-bottom:20px!important; margin-left:0px!important;}}<\/style><div class=\"fusion-title title fusion-title-6 fusion-title-center fusion-title-text fusion-title-size-three\" style=\"font-size:30px;margin-top:20px;margin-right:0px;margin-bottom:20px;margin-left:0px;\"><div class=\"title-sep-container title-sep-container-left\"><div class=\"title-sep sep-\" style=\"border-color:#eaeaea;\"><\/div><\/div><h3 class=\"title-heading-center fusion-responsive-typography-calculated\" style=\"font-family:&quot;Fira Sans&quot;;font-weight:400;margin:0;font-size:1em;--fontSize:30;line-height:1.33;\">Zapisz si\u0119 do naszego Newslettera<\/h3><div class=\"title-sep-container title-sep-container-right\"><div class=\"title-sep sep-\" style=\"border-color:#eaeaea;\"><\/div><\/div><\/div><style>.fusion-form-932 .fusion-form-tooltip .fusion-form-tooltip-content{color:#ffffff !important;background-color:#333333 !important;border-color:#333333 !important;}<\/style><div class=\"fusion-form fusion-form-builder fusion-form-form-wrapper fusion-form-932\" data-form-id=\"932\"><form action=\"https:\/\/balticwind.eu\/pl\/berliner-stadtwerke-przejmuje-od-juwi-projekt-wiatrowy-diehlo-west-o-mocy-12-mw\/\" method=\"get\" class=\"fusion-form fusion-form-932\"><div class=\"fusion-fullwidth fullwidth-box fusion-builder-row-5-1 fusion-flex-container nonhundred-percent-fullwidth non-hundred-percent-height-scrolling\" style=\"background-color: rgba(255,255,255,0);background-position: center center;background-repeat: no-repeat;border-width: 0px 0px 0px 0px;border-color:#eaeaea;border-style:solid;\" ><div class=\"fusion-builder-row fusion-row fusion-flex-align-items-center\" style=\"width:104% !important;max-width:104% !important;margin-left: calc(-4% \/ 2 );margin-right: calc(-4% \/ 2 );\"><div class=\"fusion-layout-column fusion_builder_column fusion-builder-column-9 fusion_builder_column_2_3 2_3 fusion-flex-column\"><div class=\"fusion-column-wrapper fusion-flex-justify-content-flex-start fusion-content-layout-column\" style=\"background-position:left top;background-repeat:no-repeat;-webkit-background-size:cover;-moz-background-size:cover;-o-background-size:cover;background-size:cover;padding: 0px 0px 0px 0px;\"><div class=\"fusion-form-field fusion-form-email-field fusion-form-label-above\" data-form-id=\"932\"><input type=\"email\" name=\"email\" id=\"email\" value=\"\"  class=\"fusion-form-input\" required=\"true\" aria-required=\"true\" placeholder=\"Wprowad\u017a sw\u00f3j e-mail*\" data-holds-private-data=\"false\"\/><\/div><\/div><style type=\"text\/css\">.fusion-body .fusion-builder-column-9{width:66.666666666667% !important;margin-top : 0px;margin-bottom : 0px;}.fusion-builder-column-9 > .fusion-column-wrapper {padding-top : 0px !important;padding-right : 0px !important;margin-right : 2.88%;padding-bottom : 0px !important;padding-left : 0px !important;margin-left : 2.88%;}@media only screen and (max-width:1024px) {.fusion-body .fusion-builder-column-9{width:100% !important;order : 0;}.fusion-builder-column-9 > .fusion-column-wrapper {margin-right : 1.92%;margin-left : 1.92%;}}@media only screen and (max-width:640px) {.fusion-body .fusion-builder-column-9{width:100% !important;order : 0;}.fusion-builder-column-9 > .fusion-column-wrapper {margin-right : 1.92%;margin-left : 1.92%;}}<\/style><\/div><div class=\"fusion-layout-column fusion_builder_column fusion-builder-column-10 fusion_builder_column_1_3 1_3 fusion-flex-column\"><div class=\"fusion-column-wrapper fusion-flex-justify-content-flex-start fusion-content-layout-column\" style=\"background-position:left top;background-repeat:no-repeat;-webkit-background-size:cover;-moz-background-size:cover;-o-background-size:cover;background-size:cover;padding: 0px 0px 0px 0px;\"><div class=\"fusion-form-field fusion-form-submit-field fusion-form-label-above\" data-form-id=\"932\"><input type=\"hidden\" value=\"krzysztof.bulski@balticwind.eu\" name=\"fusion_form_email\" \/><input type=\"hidden\" value=\"Baltic Wind\" name=\"fusion_form_email_from\" \/><input type=\"hidden\" value=\"wordpress@balticwind.eu\" name=\"fusion_form_email_from_id\" \/><input type=\"hidden\" value=\"Newsletter Form\" name=\"fusion_form_email_subject\" \/><input type=\"hidden\" value=\"0\" name=\"fusion_form_email_subject_encode\" \/><div ><style type=\"text\/css\">.fusion-button.button-1 {border-radius:2px;}<\/style><button type=\"submit\" class=\"fusion-button button-flat button-xlarge button-default button-1 fusion-button-span-yes  form-form-submit button-default\" data-form-number=\"932\" tabindex=\"\"><span class=\"fusion-button-text\">WY\u015aLIJ<\/span><\/button><\/div><\/div><\/div><style type=\"text\/css\">.fusion-body .fusion-builder-column-10{width:33.333333333333% !important;margin-top : 0px;margin-bottom : 0px;}.fusion-builder-column-10 > .fusion-column-wrapper {padding-top : 0px !important;padding-right : 0px !important;margin-right : 5.76%;padding-bottom : 0px !important;padding-left : 0px !important;margin-left : 5.76%;}@media only screen and (max-width:1024px) {.fusion-body .fusion-builder-column-10{width:100% !important;order : 0;}.fusion-builder-column-10 > .fusion-column-wrapper {margin-right : 1.92%;margin-left : 1.92%;}}@media only screen and (max-width:640px) {.fusion-body .fusion-builder-column-10{width:100% !important;order : 0;}.fusion-builder-column-10 > .fusion-column-wrapper {margin-right : 1.92%;margin-left : 1.92%;}}<\/style><\/div><div class=\"fusion-layout-column fusion_builder_column fusion-builder-column-11 fusion_builder_column_1_1 1_1 fusion-flex-column\"><div class=\"fusion-column-wrapper fusion-flex-justify-content-flex-start fusion-content-layout-column\" style=\"background-position:left top;background-repeat:no-repeat;-webkit-background-size:cover;-moz-background-size:cover;-o-background-size:cover;background-size:cover;padding: 0px 0px 0px 0px;\"><div class=\"form-submission-notices\" id=\"fusion-notices-1\"><div class=\"fusion-alert alert success alert-success fusion-alert-center fusion-form-response fusion-form-response-success fusion-alert-capitalize alert-dismissable\" style=\"background-color:#dff0d8;color:rgba(92,163,64,1);border-color:rgba(92,163,64,1);border-width:1px;\"><button type=\"button\" class=\"close toggle-alert\" data-dismiss=\"alert\" aria-hidden=\"true\">&times;<\/button><div class=\"fusion-alert-content-wrapper\"><span class=\"alert-icon\"><i class=\"fa-lg fa fa-check-circle\" aria-hidden=\"true\"><\/i><\/span><span class=\"fusion-alert-content\">Dzi\u0119kujemy za wys\u0142anie wiadomo\u015bci.<\/span><\/div><\/div><div class=\"fusion-alert alert error alert-danger fusion-alert-center fusion-form-response fusion-form-response-error fusion-alert-capitalize alert-dismissable\" style=\"background-color:#f2dede;color:rgba(166,66,66,1);border-color:rgba(166,66,66,1);border-width:1px;\"><button type=\"button\" class=\"close toggle-alert\" data-dismiss=\"alert\" aria-hidden=\"true\">&times;<\/button><div class=\"fusion-alert-content-wrapper\"><span class=\"alert-icon\"><i class=\"fa-lg fa fa-exclamation-triangle\" aria-hidden=\"true\"><\/i><\/span><span class=\"fusion-alert-content\">Wyst\u0105pi\u0142 b\u0142\u0105d, spr\u00f3buj ponownie.<\/span><\/div><\/div><\/div><\/div><style type=\"text\/css\">.fusion-body .fusion-builder-column-11{width:100% !important;margin-top : 20px;margin-bottom : 0px;}.fusion-builder-column-11 > .fusion-column-wrapper {padding-top : 0px !important;padding-right : 0px !important;margin-right : 1.92%;padding-bottom : 0px !important;padding-left : 0px !important;margin-left : 1.92%;}@media only screen and (max-width:1024px) {.fusion-body .fusion-builder-column-11{width:100% !important;order : 0;}.fusion-builder-column-11 > .fusion-column-wrapper {margin-right : 1.92%;margin-left : 1.92%;}}@media only screen and (max-width:640px) {.fusion-body .fusion-builder-column-11{width:100% !important;order : 0;}.fusion-builder-column-11 > .fusion-column-wrapper {margin-right : 1.92%;margin-left : 1.92%;}}<\/style><\/div><\/div><style type=\"text\/css\">.fusion-body .fusion-flex-container.fusion-builder-row-5-1{ padding-top : 0px;margin-top : 0;padding-right : 0px;padding-bottom : 0px;margin-bottom : 0;padding-left : 0px;}<\/style><\/div><input type=\"hidden\" name=\"fusion_privacy_store_ip_ua\" value=\"false\"><input type=\"hidden\" name=\"fusion_privacy_expiration_interval\" value=\"48\"><input type=\"hidden\" name=\"privacy_expiration_action\" value=\"anonymize\"><\/form><\/div><script>var formCreatorConfig_932 = {\"form_id\":\"932\",\"form_post_id\":932,\"post_id\":48214,\"form_type\":\"database_email\",\"confirmation_type\":\"message\",\"redirect_url\":\"\",\"field_labels\":{\"email\":\"\"},\"field_logics\":{\"email\":\"\"}};<\/script><\/div><style type=\"text\/css\">.fusion-body .fusion-builder-column-8{width:66.666666666667% !important;margin-top : 0px;margin-bottom : 20px;}.fusion-builder-column-8 > .fusion-column-wrapper {padding-top : 0px !important;padding-right : 0px !important;margin-right : 2.88%;padding-bottom : 0px !important;padding-left : 0px !important;margin-left : 2.88%;}@media only screen and (max-width:1024px) {.fusion-body .fusion-builder-column-8{width:100% !important;margin-bottom : 0px;}.fusion-builder-column-8 > .fusion-column-wrapper {margin-right : 1.92%;margin-left : 1.92%;}}@media only screen and (max-width:640px) {.fusion-body .fusion-builder-column-8{width:100% !important;margin-bottom : 0px;}.fusion-builder-column-8 > .fusion-column-wrapper {margin-right : 1.92%;margin-left : 1.92%;}}<\/style><\/div><div class=\"fusion-layout-column fusion_builder_column fusion-builder-column-12 fusion_builder_column_1_6 1_6 fusion-flex-column fusion-no-small-visibility\"><div class=\"fusion-column-wrapper fusion-flex-justify-content-flex-start fusion-content-layout-column\" style=\"background-position:left top;background-repeat:no-repeat;-webkit-background-size:cover;-moz-background-size:cover;-o-background-size:cover;background-size:cover;padding: 0px 0px 0px 0px;\"><\/div><style type=\"text\/css\">.fusion-body .fusion-builder-column-12{width:16.666666666667% !important;margin-top : 0px;margin-bottom : 20px;}.fusion-builder-column-12 > .fusion-column-wrapper {padding-top : 0px !important;padding-right : 0px !important;margin-right : 11.52%;padding-bottom : 0px !important;padding-left : 0px !important;margin-left : 11.52%;}@media only screen and (max-width:1024px) {.fusion-body .fusion-builder-column-12{width:100% !important;}.fusion-builder-column-12 > .fusion-column-wrapper {margin-right : 1.92%;margin-left : 1.92%;}}@media only screen and (max-width:640px) {.fusion-body .fusion-builder-column-12{width:100% !important;}.fusion-builder-column-12 > .fusion-column-wrapper {margin-right : 1.92%;margin-left : 1.92%;}}<\/style><\/div><\/div><style type=\"text\/css\">.fusion-body .fusion-flex-container.fusion-builder-row-5{ padding-top : 80px;margin-top : 0px;padding-right : 0px;padding-bottom : 55px;margin-bottom : 0px;padding-left : 0px;}<\/style><\/div><\/p>\n","protected":false},"excerpt":{"rendered":"","protected":false},"author":1,"featured_media":0,"parent":0,"menu_order":0,"comment_status":"closed","ping_status":"closed","template":"100-width.php","meta":{"footnotes":""},"class_list":["post-4340","page","type-page","status-publish","hentry"],"acf":[],"_links":{"self":[{"href":"https:\/\/balticwind.eu\/pl\/wp-json\/wp\/v2\/pages\/4340","targetHints":{"allow":["GET"]}}],"collection":[{"href":"https:\/\/balticwind.eu\/pl\/wp-json\/wp\/v2\/pages"}],"about":[{"href":"https:\/\/balticwind.eu\/pl\/wp-json\/wp\/v2\/types\/page"}],"author":[{"embeddable":true,"href":"https:\/\/balticwind.eu\/pl\/wp-json\/wp\/v2\/users\/1"}],"replies":[{"embeddable":true,"href":"https:\/\/balticwind.eu\/pl\/wp-json\/wp\/v2\/comments?post=4340"}],"version-history":[{"count":0,"href":"https:\/\/balticwind.eu\/pl\/wp-json\/wp\/v2\/pages\/4340\/revisions"}],"wp:attachment":[{"href":"https:\/\/balticwind.eu\/pl\/wp-json\/wp\/v2\/media?parent=4340"}],"curies":[{"name":"wp","href":"https:\/\/api.w.org\/{rel}","templated":true}]}}