{"id":4447,"date":"2021-07-12T19:52:37","date_gmt":"2021-07-12T17:52:37","guid":{"rendered":"https:\/\/balticwind.eu\/niemcy\/"},"modified":"2025-02-05T10:59:47","modified_gmt":"2025-02-05T09:59:47","slug":"niemcy","status":"publish","type":"page","link":"https:\/\/balticwind.eu\/pl\/niemcy\/","title":{"rendered":"Niemcy"},"content":{"rendered":"<p><div class=\"fusion-fullwidth fullwidth-box fusion-builder-row-1 fusion-flex-container klaska nonhundred-percent-fullwidth non-hundred-percent-height-scrolling fusion-no-small-visibility fusion-no-medium-visibility\" style=\"background-color: rgba(255,255,255,0);background-position: center center;background-repeat: no-repeat;border-width: 0px 0px 0px 0px;border-color:#eaeaea;border-style:solid;\" ><div class=\"fusion-builder-row fusion-row fusion-flex-align-items-flex-start\" style=\"max-width:1289.6px;margin-left: calc(-4% \/ 2 );margin-right: calc(-4% \/ 2 );\"><div class=\"fusion-layout-column fusion_builder_column fusion-builder-column-0 fusion_builder_column_1_1 1_1 fusion-flex-column\"><div class=\"fusion-column-wrapper fusion-flex-justify-content-flex-start fusion-content-layout-column\" style=\"background-position:left top;background-repeat:no-repeat;-webkit-background-size:cover;-moz-background-size:cover;-o-background-size:cover;background-size:cover;padding: -20px 0px 0px 0px;\"><style type=\"text\/css\">@media only screen and (max-width:1024px) {.fusion-title.fusion-title-1{margin-top:20px!important; margin-right:0px!important;margin-bottom:20px!important;margin-left:0px!important;}}@media only screen and (max-width:640px) {.fusion-title.fusion-title-1{margin-top:0px!important; margin-right:0px!important;margin-bottom:20px!important; margin-left:0px!important;}}<\/style><div class=\"fusion-title title fusion-title-1 fusion-title-center fusion-title-text fusion-title-size-one\" style=\"font-size:30px;margin-top:20px;margin-right:0px;margin-bottom:20px;margin-left:0px;\"><div class=\"title-sep-container title-sep-container-left\"><div class=\"title-sep sep-\" style=\"border-color:#eaeaea;\"><\/div><\/div><h1 class=\"title-heading-center fusion-responsive-typography-calculated\" style=\"margin:0;font-size:1em;letter-spacing:5px;--fontSize:30;line-height:1.2;\">NIEMCY<\/h1><div class=\"title-sep-container title-sep-container-right\"><div class=\"title-sep sep-\" style=\"border-color:#eaeaea;\"><\/div><\/div><\/div><\/div><style type=\"text\/css\">.fusion-body .fusion-builder-column-0{width:100% !important;margin-top : -20px;margin-bottom : 0px;}.fusion-builder-column-0 > .fusion-column-wrapper {padding-top : -20px !important;padding-right : 0px !important;margin-right : 1.92%;padding-bottom : 0px !important;padding-left : 0px !important;margin-left : 1.92%;}@media only screen and (max-width:1024px) {.fusion-body .fusion-builder-column-0{width:100% !important;order : 0;}.fusion-builder-column-0 > .fusion-column-wrapper {margin-right : 1.92%;margin-left : 1.92%;}}@media only screen and (max-width:640px) {.fusion-body .fusion-builder-column-0{width:100% !important;order : 0;}.fusion-builder-column-0 > .fusion-column-wrapper {margin-right : 1.92%;margin-left : 1.92%;}}<\/style><\/div><\/div><style type=\"text\/css\">.fusion-body .fusion-flex-container.fusion-builder-row-1{ padding-top : 0px;margin-top : -30px;padding-right : 0px;padding-bottom : 0px;margin-bottom : 0px;padding-left : 0px;}<\/style><\/div><div class=\"fusion-fullwidth fullwidth-box fusion-builder-row-2 fusion-flex-container klaska nonhundred-percent-fullwidth non-hundred-percent-height-scrolling fusion-no-large-visibility\" style=\"background-color: rgba(255,255,255,0);background-position: center center;background-repeat: no-repeat;border-width: 0px 0px 0px 0px;border-color:#eaeaea;border-style:solid;\" ><div class=\"fusion-builder-row fusion-row fusion-flex-align-items-flex-start\" style=\"max-width:1289.6px;margin-left: calc(-4% \/ 2 );margin-right: calc(-4% \/ 2 );\"><div class=\"fusion-layout-column fusion_builder_column fusion-builder-column-1 fusion_builder_column_1_1 1_1 fusion-flex-column\"><div class=\"fusion-column-wrapper fusion-flex-justify-content-flex-start fusion-content-layout-column\" style=\"background-position:left top;background-repeat:no-repeat;-webkit-background-size:cover;-moz-background-size:cover;-o-background-size:cover;background-size:cover;padding: 0px 0px 0px 0px;\"><div class=\"fusion-separator\" style=\"align-self: center;margin-left: auto;margin-right: auto;margin-bottom:10px;width:100%;max-width:80%;\"><div class=\"fusion-separator-border sep-single sep-solid\" style=\"border-color:#1f2a3b;border-top-width:12px;\"><\/div><\/div><style type=\"text\/css\">@media only screen and (max-width:1024px) {.fusion-title.fusion-title-2{margin-top:20px!important; margin-right:0px!important;margin-bottom:20px!important;margin-left:0px!important;}}@media only screen and (max-width:640px) {.fusion-title.fusion-title-2{margin-top:0px!important; margin-right:0px!important;margin-bottom:20px!important; margin-left:0px!important;}}<\/style><div class=\"fusion-title title fusion-title-2 fusion-title-center fusion-title-text fusion-title-size-two\" style=\"font-size:22px;margin-top:20px;margin-right:0px;margin-bottom:20px;margin-left:0px;\"><div class=\"title-sep-container title-sep-container-left\"><div class=\"title-sep sep-\" style=\"border-color:#eaeaea;\"><\/div><\/div><h2 class=\"title-heading-center fusion-responsive-typography-calculated\" style=\"margin:0;font-size:1em;letter-spacing:5px;--fontSize:22;line-height:1.00;\">NIEMCY<\/h2><div class=\"title-sep-container title-sep-container-right\"><div class=\"title-sep sep-\" style=\"border-color:#eaeaea;\"><\/div><\/div><\/div><\/div><style type=\"text\/css\">.fusion-body .fusion-builder-column-1{width:100% !important;margin-top : 0px;margin-bottom : 0px;}.fusion-builder-column-1 > .fusion-column-wrapper {padding-top : 0px !important;padding-right : 0px !important;margin-right : 1.92%;padding-bottom : 0px !important;padding-left : 0px !important;margin-left : 1.92%;}@media only screen and (max-width:1024px) {.fusion-body .fusion-builder-column-1{width:100% !important;order : 0;}.fusion-builder-column-1 > .fusion-column-wrapper {margin-right : 1.92%;margin-left : 1.92%;}}@media only screen and (max-width:640px) {.fusion-body .fusion-builder-column-1{width:100% !important;order : 0;}.fusion-builder-column-1 > .fusion-column-wrapper {margin-right : 1.92%;margin-left : 1.92%;}}<\/style><\/div><\/div><style type=\"text\/css\">.fusion-body .fusion-flex-container.fusion-builder-row-2{ padding-top : 20px;margin-top : 5px;padding-right : 0px;padding-bottom : 0px;margin-bottom : 0px;padding-left : 0px;}<\/style><\/div><div class=\"fusion-fullwidth fullwidth-box fusion-builder-row-3 fusion-flex-container nonhundred-percent-fullwidth non-hundred-percent-height-scrolling fusion-no-small-visibility fusion-no-medium-visibility\" style=\"background-color: #ffffff;background-position: left top;background-repeat: no-repeat;border-width: 0px 0px 0px 0px;border-color:#eaeaea;border-style:solid;\" ><div class=\"fusion-builder-row fusion-row fusion-flex-align-items-center fusion-flex-align-content-center fusion-flex-justify-content-center\" style=\"max-width:1289.6px;margin-left: calc(-4% \/ 2 );margin-right: calc(-4% \/ 2 );\"><div class=\"fusion-layout-column fusion_builder_column fusion-builder-column-2 fusion_builder_column_4_5 4_5 fusion-flex-column fusion-animated\" data-animationType=\"fadeInLeft\" data-animationDuration=\"0.6\" data-animationOffset=\"100%\"><div class=\"fusion-column-wrapper fusion-flex-justify-content-flex-start fusion-content-layout-column\" style=\"background-position:center center;background-repeat:no-repeat;-webkit-background-size:cover;-moz-background-size:cover;-o-background-size:cover;background-size:cover;border-width: 12px 0px 0px 0px;border-color:#1f2a3b;border-style:solid;padding: 2% 0% 0% 0%;\"><style type=\"text\/css\">@media only screen and (max-width:1024px) {.fusion-title.fusion-title-3{margin-top:-25px!important; margin-right:0px!important;margin-bottom:10px!important;margin-left:0px!important;}}@media only screen and (max-width:640px) {.fusion-title.fusion-title-3{margin-top:0px!important; margin-right:0px!important;margin-bottom:20px!important; margin-left:0px!important;}}<\/style><div class=\"fusion-title title fusion-title-3 fusion-title-text fusion-title-size-five\" style=\"margin-top:-25px;margin-right:0px;margin-bottom:10px;margin-left:0px;\"><div class=\"title-sep-container title-sep-container-left fusion-no-large-visibility fusion-no-medium-visibility fusion-no-small-visibility\"><div class=\"title-sep sep-\" style=\"border-color:#eaeaea;\"><\/div><\/div><h5 class=\"title-heading-left fusion-responsive-typography-calculated\" style=\"margin:0;--fontSize:17;line-height:1.76;\"><h5 style=\"text-align: left;\">WYB\u00d3R REDAKCJI<\/h5><\/h5><div class=\"title-sep-container title-sep-container-right\"><div class=\"title-sep sep-\" style=\"border-color:#eaeaea;\"><\/div><\/div><\/div><div class=\"fusion-blog-shortcode fusion-blog-shortcode-1 fusion-blog-archive fusion-blog-layout-large-alternate fusion-blog-no klasa\"><div class=\"fusion-posts-container fusion-posts-container-no fusion-no-meta-info\" data-pages=\"545\"><article id=\"blog-1-post-48207\" class=\"fusion-post-large-alternate post-48207 post type-post status-publish format-standard has-post-thumbnail hentry category-editors-choice-pl category-litwa category-lotwa category-niemcy category-polska category-regulatory-pl category-technologia-pl\">\n\t<style type=\"text\/css\">\n\t\t\n\t\t\n\t\t\n\t\t\n\t\t\t<\/style>\n\n\n\t\t\t<div class=\"fusion-flexslider flexslider fusion-flexslider-loading fusion-post-slideshow\" style=\"\">\n\t\t<ul class=\"slides\">\n\t\t\t\n\t\t\t\t\t\t\t\t\t\t\t\t\t\t<li>\n\n<div  class=\"fusion-image-wrapper\" aria-haspopup=\"true\">\n\t\n\t\n\t\t\t\n\t\t\t\t<a href=\"https:\/\/balticwind.eu\/pl\/waskim-gardlem-jest-siec-co-kolejki-przylaczeniowe-w-europie-oznaczaja-dla-baltyckiego-wiatru\/\" aria-label=\"W\u0105skim gard\u0142em jest sie\u0107: co kolejki przy\u0142\u0105czeniowe w Europie oznaczaj\u0105 dla ba\u0142tyckiego wiatru\">\n\t\t\n\t\t\n\t\t\t\t\t<img decoding=\"async\" width=\"1600\" height=\"900\" src=\"https:\/\/balticwind.eu\/wp-content\/uploads\/2026\/09\/high-voltage-transmission-grid-bottleneck-baltic-wind.jpg\" class=\"attachment-full size-full wp-post-image\" alt=\"\" srcset=\"https:\/\/balticwind.eu\/wp-content\/uploads\/2026\/09\/high-voltage-transmission-grid-bottleneck-baltic-wind-200x113.jpg 200w, https:\/\/balticwind.eu\/wp-content\/uploads\/2026\/09\/high-voltage-transmission-grid-bottleneck-baltic-wind-400x225.jpg 400w, https:\/\/balticwind.eu\/wp-content\/uploads\/2026\/09\/high-voltage-transmission-grid-bottleneck-baltic-wind-600x338.jpg 600w, https:\/\/balticwind.eu\/wp-content\/uploads\/2026\/09\/high-voltage-transmission-grid-bottleneck-baltic-wind-800x450.jpg 800w, https:\/\/balticwind.eu\/wp-content\/uploads\/2026\/09\/high-voltage-transmission-grid-bottleneck-baltic-wind-1200x675.jpg 1200w, https:\/\/balticwind.eu\/wp-content\/uploads\/2026\/09\/high-voltage-transmission-grid-bottleneck-baltic-wind.jpg 1600w\" sizes=\"(max-width: 1024px) 100vw, (max-width: 640px) 100vw, 1200px\" \/>\n\t\n\n\n\t\t\t\t<\/a>\n\t\t\n\t\n<\/div>\n<\/li>\n\t\t\t\n\t\t\t\n\t\t\t\t\t\t\t\t\t\t\t\t\t\t\t\t\t\t\t\t\t\t\t\t\t\t\t\t\t\t\t\t\t\t\t\t\t\t\t\t\t\t\t\t\t\t\t\t\t\t\t\t\t\t\t\t\t\t\t\t\t\t\t\t\t\t\t\t<\/ul>\n\t<\/div>\n\t<div class=\"fusion-date-and-formats\"><div class=\"fusion-date-box updated\"><span class=\"fusion-date\">3<\/span><span class=\"fusion-month-year\">09, 2026<\/span><\/div><div class=\"fusion-format-box\"><i class=\"fusion-icon-pen\" aria-hidden=\"true\"><\/i><\/div><\/div><div class=\"fusion-post-content post-content\"><h2 class=\"blog-shortcode-post-title entry-title\"><a href=\"https:\/\/balticwind.eu\/pl\/waskim-gardlem-jest-siec-co-kolejki-przylaczeniowe-w-europie-oznaczaja-dla-baltyckiego-wiatru\/\">W\u0105skim gard\u0142em jest sie\u0107: co kolejki przy\u0142\u0105czeniowe w Europie oznaczaj\u0105 dla ba\u0142tyckiego wiatru<\/a><\/h2><\/div><div class=\"fusion-clearfix\"><\/div><\/article>\n<\/div><\/div><\/div><style type=\"text\/css\">.fusion-body .fusion-builder-column-2{width:80% !important;margin-top : 0px;margin-bottom : 20px;}.fusion-builder-column-2 > .fusion-column-wrapper {padding-top : 2% !important;padding-right : 0% !important;margin-right : 2.4%;padding-bottom : 0% !important;padding-left : 0% !important;margin-left : 2.4%;}@media only screen and (max-width:1024px) {.fusion-body .fusion-builder-column-2{width:100% !important;order : 0;}.fusion-builder-column-2 > .fusion-column-wrapper {margin-right : 1.92%;margin-left : 1.92%;}}@media only screen and (max-width:640px) {.fusion-body .fusion-builder-column-2{width:100% !important;order : 0;}.fusion-builder-column-2 > .fusion-column-wrapper {margin-right : 1.92%;margin-left : 1.92%;}}<\/style><\/div><\/div><style type=\"text\/css\">.fusion-body .fusion-flex-container.fusion-builder-row-3{ padding-top : 20px;margin-top : 0px;padding-right : 0px;padding-bottom : 0px;margin-bottom : 0px;padding-left : 0px;}@media only screen and (max-width:1024px) {.fusion-body .fusion-flex-container.fusion-builder-row-3{ padding-top : 80px;}}<\/style><\/div><div class=\"fusion-fullwidth fullwidth-box fusion-builder-row-4 fusion-flex-container nonhundred-percent-fullwidth non-hundred-percent-height-scrolling fusion-no-large-visibility\" style=\"background-color: #ffffff;background-position: left top;background-repeat: no-repeat;border-width: 0px 0px 0px 0px;border-color:#eaeaea;border-style:solid;\" ><div class=\"fusion-builder-row fusion-row fusion-flex-align-items-center fusion-flex-align-content-center fusion-flex-justify-content-center\" style=\"max-width:1289.6px;margin-left: calc(-4% \/ 2 );margin-right: calc(-4% \/ 2 );\"><div class=\"fusion-layout-column fusion_builder_column fusion-builder-column-3 fusion_builder_column_1_1 1_1 fusion-flex-column fusion-animated\" data-animationType=\"fadeInLeft\" data-animationDuration=\"0.6\" data-animationOffset=\"100%\"><div class=\"fusion-column-wrapper fusion-flex-justify-content-flex-start fusion-content-layout-column\" style=\"background-position:center center;background-repeat:no-repeat;-webkit-background-size:cover;-moz-background-size:cover;-o-background-size:cover;background-size:cover;border-width: 1px 1px 1px 1px;border-color:#b6babe;border-style:solid;padding: 4% 4% 0% 4%;\"><div class=\"fusion-blog-shortcode fusion-blog-shortcode-2 fusion-blog-archive fusion-blog-layout-large fusion-blog-no klasa\"><div class=\"fusion-posts-container fusion-posts-container-no fusion-no-meta-info\" data-pages=\"544\"><article id=\"blog-2-post-48189\" class=\"fusion-post-large post-48189 post type-post status-publish format-standard has-post-thumbnail hentry category-editors-choice-pl category-niemcy category-energia-wiatrowa-onshore category-regulatory-pl\">\n\t<style type=\"text\/css\">\n\t\t\n\t\t\n\t\t\n\t\t\n\t\t\t<\/style>\n\n\n\t\t\t<div class=\"fusion-flexslider flexslider fusion-flexslider-loading fusion-post-slideshow\" style=\"\">\n\t\t<ul class=\"slides\">\n\t\t\t\n\t\t\t\t\t\t\t\t\t\t\t\t\t\t<li>\n\n<div  class=\"fusion-image-wrapper\" aria-haspopup=\"true\">\n\t\n\t\n\t\t\t\n\t\t\t\t<a href=\"https:\/\/balticwind.eu\/pl\/przekontraktowane-i-niezbudowane-czego-niemieckie-aukcje-wiatrowe-ucza-rynki-baltyckie\/\" aria-label=\"Przekontraktowane i niezbudowane: czego niemieckie aukcje wiatrowe ucz\u0105 rynki ba\u0142tyckie\">\n\t\t\n\t\t\n\t\t\t\t\t<img decoding=\"async\" width=\"1600\" height=\"900\" src=\"https:\/\/balticwind.eu\/wp-content\/uploads\/2026\/09\/onshore-wind-turbines-auction-economics-germany.jpg\" class=\"attachment-full size-full wp-post-image\" alt=\"\" srcset=\"https:\/\/balticwind.eu\/wp-content\/uploads\/2026\/09\/onshore-wind-turbines-auction-economics-germany-200x113.jpg 200w, https:\/\/balticwind.eu\/wp-content\/uploads\/2026\/09\/onshore-wind-turbines-auction-economics-germany-400x225.jpg 400w, https:\/\/balticwind.eu\/wp-content\/uploads\/2026\/09\/onshore-wind-turbines-auction-economics-germany-600x338.jpg 600w, https:\/\/balticwind.eu\/wp-content\/uploads\/2026\/09\/onshore-wind-turbines-auction-economics-germany-800x450.jpg 800w, https:\/\/balticwind.eu\/wp-content\/uploads\/2026\/09\/onshore-wind-turbines-auction-economics-germany-1200x675.jpg 1200w, https:\/\/balticwind.eu\/wp-content\/uploads\/2026\/09\/onshore-wind-turbines-auction-economics-germany.jpg 1600w\" sizes=\"(max-width: 1024px) 100vw, (max-width: 640px) 100vw, 1200px\" \/>\n\t\n\n\n\t\t\t\t<\/a>\n\t\t\n\t\n<\/div>\n<\/li>\n\t\t\t\n\t\t\t\n\t\t\t\t\t\t\t\t\t\t\t\t\t\t\t\t\t\t\t\t\t\t\t\t\t\t\t\t\t\t\t\t\t\t\t\t\t\t\t\t\t\t\t\t\t\t\t\t\t\t\t\t\t\t\t\t\t\t\t\t\t\t\t\t\t\t\t\t<\/ul>\n\t<\/div>\n\t<div class=\"fusion-post-content post-content\"><h2 class=\"blog-shortcode-post-title entry-title\"><a href=\"https:\/\/balticwind.eu\/pl\/przekontraktowane-i-niezbudowane-czego-niemieckie-aukcje-wiatrowe-ucza-rynki-baltyckie\/\">Przekontraktowane i niezbudowane: czego niemieckie aukcje wiatrowe ucz\u0105 rynki ba\u0142tyckie<\/a><\/h2><\/div><div class=\"fusion-clearfix\"><\/div><\/article>\n<\/div><\/div><\/div><style type=\"text\/css\">.fusion-body .fusion-builder-column-3{width:100% !important;margin-top : 0px;margin-bottom : 20px;}.fusion-builder-column-3 > .fusion-column-wrapper {padding-top : 4% !important;padding-right : 4% !important;margin-right : 1.92%;padding-bottom : 0% !important;padding-left : 4% !important;margin-left : 1.92%;}@media only screen and (max-width:1024px) {.fusion-body .fusion-builder-column-3{width:100% !important;order : 0;}.fusion-builder-column-3 > .fusion-column-wrapper {margin-right : 1.92%;margin-left : 1.92%;}}@media only screen and (max-width:640px) {.fusion-body .fusion-builder-column-3{width:100% !important;order : 0;}.fusion-builder-column-3 > .fusion-column-wrapper {margin-right : 1.92%;margin-left : 1.92%;}}<\/style><\/div><\/div><style type=\"text\/css\">.fusion-body .fusion-flex-container.fusion-builder-row-4{ padding-top : 0px;margin-top : 0px;padding-right : 0px;padding-bottom : 0px;margin-bottom : 0px;padding-left : 0px;}@media only screen and (max-width:1024px) {.fusion-body .fusion-flex-container.fusion-builder-row-4{ padding-top : 80px;}}<\/style><\/div><div class=\"fusion-fullwidth fullwidth-box fusion-builder-row-5 fusion-flex-container nonhundred-percent-fullwidth non-hundred-percent-height-scrolling fusion-no-large-visibility\" style=\"background-color: rgba(255,255,255,0);background-position: center center;background-repeat: no-repeat;border-width: 0px 0px 0px 0px;border-color:#eaeaea;border-style:solid;\" ><div class=\"fusion-builder-row fusion-row fusion-flex-align-items-flex-start\" style=\"max-width:1289.6px;margin-left: calc(-4% \/ 2 );margin-right: calc(-4% \/ 2 );\"><div class=\"fusion-layout-column fusion_builder_column fusion-builder-column-4 fusion_builder_column_1_1 1_1 fusion-flex-column\"><div class=\"fusion-column-wrapper fusion-flex-justify-content-flex-start fusion-content-layout-column\" style=\"background-position:left top;background-repeat:no-repeat;-webkit-background-size:cover;-moz-background-size:cover;-o-background-size:cover;background-size:cover;padding: 0px 0px 0px 0px;\"><div class=\"fusion-recent-posts fusion-recent-posts-1 avada-container layout-thumbnails-on-side layout-columns-1 fusion-recent-posts-infinite fusion-recent-posts-load-more klasa\" data-pages=\"37\"><section class=\"fusion-columns columns fusion-columns-1 columns-1\"><article class=\"post fusion-column column col col-lg-12 col-md-12 col-sm-12 fusion-animated\" data-animationType=\"fadeInDown\" data-animationDuration=\"0.6\" data-animationOffset=\"100%\"><div class=\"fusion-flexslider fusion-flexslider-loading flexslider floated-slideshow flexslider-hover-type-zoomout\"><ul class=\"slides\"><li><a href=\"https:\/\/balticwind.eu\/pl\/przekontraktowane-i-niezbudowane-czego-niemieckie-aukcje-wiatrowe-ucza-rynki-baltyckie\/\" aria-label=\"Przekontraktowane i niezbudowane: czego niemieckie aukcje wiatrowe ucz\u0105 rynki ba\u0142tyckie\" class=\"hover-type-zoomout\"><img decoding=\"async\" width=\"177\" height=\"142\" src=\"https:\/\/balticwind.eu\/wp-content\/uploads\/2026\/09\/onshore-wind-turbines-auction-economics-germany-177x142.jpg\" class=\"attachment-portfolio-five size-portfolio-five\" alt=\"\" \/><\/a><\/li><\/ul><\/div><div class=\"recent-posts-content\"><span class=\"vcard\" style=\"display: none;\"><span class=\"fn\"><a href=\"https:\/\/balticwind.eu\/pl\/author\/baltic-wind\/\" title=\"Wpisy od Baltic Wind\" rel=\"author\">Baltic Wind<\/a><\/span><\/span><span class=\"updated\" style=\"display:none;\">2026-09-02T07:23:35+02:00<\/span><h4 class=\"entry-title\"><a style=\"color: #1f2a3b !important;\" href=\"https:\/\/balticwind.eu\/pl\/przekontraktowane-i-niezbudowane-czego-niemieckie-aukcje-wiatrowe-ucza-rynki-baltyckie\/\">Przekontraktowane i niezbudowane: czego niemieckie aukcje wiatrowe ucz\u0105 rynki ba\u0142tyckie<\/a><\/h4><p class=\"meta\"><span class=\"vcard\" style=\"display: none;\"><span class=\"fn\"><a href=\"https:\/\/balticwind.eu\/pl\/author\/baltic-wind\/\" title=\"Wpisy od Baltic Wind\" rel=\"author\">Baltic Wind<\/a><\/span><\/span><span class=\"updated\" style=\"display:none;\">2026-09-02T07:23:35+02:00<\/span><a href=\"https:\/\/balticwind.eu\/pl\/category\/editors-choice-pl\/\" rel=\"category tag\">EDITOR'S CHOICE<\/a>, <a href=\"https:\/\/balticwind.eu\/pl\/category\/niemcy\/\" rel=\"category tag\">NIEMCY<\/a>, <a href=\"https:\/\/balticwind.eu\/pl\/category\/energia-wiatrowa-onshore\/\" rel=\"category tag\">ONSHORE<\/a>, <a href=\"https:\/\/balticwind.eu\/pl\/category\/regulatory-pl\/\" rel=\"category tag\">REGULACJE<\/a><span class=\"fusion-inline-sep\">|<\/span><\/p><\/div><\/article><article class=\"post fusion-column column col col-lg-12 col-md-12 col-sm-12 fusion-animated\" data-animationType=\"fadeInDown\" data-animationDuration=\"0.6\" data-animationOffset=\"100%\"><div class=\"fusion-flexslider fusion-flexslider-loading flexslider floated-slideshow flexslider-hover-type-zoomout\"><ul class=\"slides\"><li><a href=\"https:\/\/balticwind.eu\/pl\/wiatr-na-ladzie-kosztuje-82-centa-zgody-nadal-kosztuja-lata\/\" aria-label=\"Wiatr na l\u0105dzie kosztuje 8,2 centa. Zgody nadal kosztuj\u0105 lata\" class=\"hover-type-zoomout\"><img decoding=\"async\" width=\"177\" height=\"142\" src=\"https:\/\/balticwind.eu\/wp-content\/uploads\/2026\/09\/onshore-wind-turbines-permitting-poland-germany-177x142.jpg\" class=\"attachment-portfolio-five size-portfolio-five\" alt=\"\" \/><\/a><\/li><\/ul><\/div><div class=\"recent-posts-content\"><span class=\"vcard\" style=\"display: none;\"><span class=\"fn\"><a href=\"https:\/\/balticwind.eu\/pl\/author\/baltic-wind\/\" title=\"Wpisy od Baltic Wind\" rel=\"author\">Baltic Wind<\/a><\/span><\/span><span class=\"updated\" style=\"display:none;\">2026-09-01T06:17:57+02:00<\/span><h4 class=\"entry-title\"><a style=\"color: #1f2a3b !important;\" href=\"https:\/\/balticwind.eu\/pl\/wiatr-na-ladzie-kosztuje-82-centa-zgody-nadal-kosztuja-lata\/\">Wiatr na l\u0105dzie kosztuje 8,2 centa. Zgody nadal kosztuj\u0105 lata<\/a><\/h4><p class=\"meta\"><span class=\"vcard\" style=\"display: none;\"><span class=\"fn\"><a href=\"https:\/\/balticwind.eu\/pl\/author\/baltic-wind\/\" title=\"Wpisy od Baltic Wind\" rel=\"author\">Baltic Wind<\/a><\/span><\/span><span class=\"updated\" style=\"display:none;\">2026-09-01T06:17:57+02:00<\/span><a href=\"https:\/\/balticwind.eu\/pl\/category\/editors-choice-pl\/\" rel=\"category tag\">EDITOR'S CHOICE<\/a>, <a href=\"https:\/\/balticwind.eu\/pl\/category\/niemcy\/\" rel=\"category tag\">NIEMCY<\/a>, <a href=\"https:\/\/balticwind.eu\/pl\/category\/energia-wiatrowa-onshore\/\" rel=\"category tag\">ONSHORE<\/a>, <a href=\"https:\/\/balticwind.eu\/pl\/category\/polska\/\" rel=\"category tag\">POLSKA<\/a><span class=\"fusion-inline-sep\">|<\/span><\/p><\/div><\/article><article class=\"post fusion-column column col col-lg-12 col-md-12 col-sm-12 fusion-animated\" data-animationType=\"fadeInDown\" data-animationDuration=\"0.6\" data-animationOffset=\"100%\"><div class=\"fusion-flexslider fusion-flexslider-loading flexslider floated-slideshow flexslider-hover-type-zoomout\"><ul class=\"slides\"><li><a href=\"https:\/\/balticwind.eu\/pl\/dlaczego-kolejne-megawaty-ladowej-energetyki-wiatrowej-powstaja-na-juz-istniejacych-terenach\/\" aria-label=\"Dlaczego kolejne megawaty l\u0105dowej energetyki wiatrowej powstaj\u0105 na ju\u017c istniej\u0105cych terenach\" class=\"hover-type-zoomout\"><img decoding=\"async\" width=\"177\" height=\"142\" src=\"https:\/\/balticwind.eu\/wp-content\/uploads\/2026\/08\/onshore-wind-farm-repowering-existing-site-177x142.jpg\" class=\"attachment-portfolio-five size-portfolio-five\" alt=\"\" \/><\/a><\/li><\/ul><\/div><div class=\"recent-posts-content\"><span class=\"vcard\" style=\"display: none;\"><span class=\"fn\"><a href=\"https:\/\/balticwind.eu\/pl\/author\/baltic-wind\/\" title=\"Wpisy od Baltic Wind\" rel=\"author\">Baltic Wind<\/a><\/span><\/span><span class=\"updated\" style=\"display:none;\">2026-08-30T11:35:00+02:00<\/span><h4 class=\"entry-title\"><a style=\"color: #1f2a3b !important;\" href=\"https:\/\/balticwind.eu\/pl\/dlaczego-kolejne-megawaty-ladowej-energetyki-wiatrowej-powstaja-na-juz-istniejacych-terenach\/\">Dlaczego kolejne megawaty l\u0105dowej energetyki wiatrowej powstaj\u0105 na ju\u017c istniej\u0105cych terenach<\/a><\/h4><p class=\"meta\"><span class=\"vcard\" style=\"display: none;\"><span class=\"fn\"><a href=\"https:\/\/balticwind.eu\/pl\/author\/baltic-wind\/\" title=\"Wpisy od Baltic Wind\" rel=\"author\">Baltic Wind<\/a><\/span><\/span><span class=\"updated\" style=\"display:none;\">2026-08-30T11:35:00+02:00<\/span><a href=\"https:\/\/balticwind.eu\/pl\/category\/editors-choice-pl\/\" rel=\"category tag\">EDITOR'S CHOICE<\/a>, <a href=\"https:\/\/balticwind.eu\/pl\/category\/niemcy\/\" rel=\"category tag\">NIEMCY<\/a>, <a href=\"https:\/\/balticwind.eu\/pl\/category\/energia-wiatrowa-onshore\/\" rel=\"category tag\">ONSHORE<\/a>, <a href=\"https:\/\/balticwind.eu\/pl\/category\/polska\/\" rel=\"category tag\">POLSKA<\/a>, <a href=\"https:\/\/balticwind.eu\/pl\/category\/szwecja\/\" rel=\"category tag\">SZWECJA<\/a><span class=\"fusion-inline-sep\">|<\/span><\/p><\/div><\/article><article class=\"post fusion-column column col col-lg-12 col-md-12 col-sm-12 fusion-animated\" data-animationType=\"fadeInDown\" data-animationDuration=\"0.6\" data-animationOffset=\"100%\"><div class=\"fusion-flexslider fusion-flexslider-loading flexslider floated-slideshow flexslider-hover-type-zoomout\"><ul class=\"slides\"><li><a href=\"https:\/\/balticwind.eu\/pl\/magazyny-energii-staja-sie-druga-polowa-rozbudowy-wiatru-w-niemczech-i-na-baltyku\/\" aria-label=\"Magazyny energii staj\u0105 si\u0119 drug\u0105 po\u0142ow\u0105 rozbudowy wiatru w Niemczech i na Ba\u0142tyku\" class=\"hover-type-zoomout\"><img decoding=\"async\" width=\"177\" height=\"142\" src=\"https:\/\/balticwind.eu\/wp-content\/uploads\/2026\/08\/electricity-substation-grid-flexibility-storage-177x142.jpg\" class=\"attachment-portfolio-five size-portfolio-five\" alt=\"\" \/><\/a><\/li><\/ul><\/div><div class=\"recent-posts-content\"><span class=\"vcard\" style=\"display: none;\"><span class=\"fn\"><a href=\"https:\/\/balticwind.eu\/pl\/author\/baltic-wind\/\" title=\"Wpisy od Baltic Wind\" rel=\"author\">Baltic Wind<\/a><\/span><\/span><span class=\"updated\" style=\"display:none;\">2026-08-28T07:39:31+02:00<\/span><h4 class=\"entry-title\"><a style=\"color: #1f2a3b !important;\" href=\"https:\/\/balticwind.eu\/pl\/magazyny-energii-staja-sie-druga-polowa-rozbudowy-wiatru-w-niemczech-i-na-baltyku\/\">Magazyny energii staj\u0105 si\u0119 drug\u0105 po\u0142ow\u0105 rozbudowy wiatru w Niemczech i na Ba\u0142tyku<\/a><\/h4><p class=\"meta\"><span class=\"vcard\" style=\"display: none;\"><span class=\"fn\"><a href=\"https:\/\/balticwind.eu\/pl\/author\/baltic-wind\/\" title=\"Wpisy od Baltic Wind\" rel=\"author\">Baltic Wind<\/a><\/span><\/span><span class=\"updated\" style=\"display:none;\">2026-08-28T07:39:31+02:00<\/span><a href=\"https:\/\/balticwind.eu\/pl\/category\/editors-choice-pl\/\" rel=\"category tag\">EDITOR'S CHOICE<\/a>, <a href=\"https:\/\/balticwind.eu\/pl\/category\/lotwa\/\" rel=\"category tag\">\u0141OTWA<\/a>, <a href=\"https:\/\/balticwind.eu\/pl\/category\/niemcy\/\" rel=\"category tag\">NIEMCY<\/a>, <a href=\"https:\/\/balticwind.eu\/pl\/category\/technologia-pl\/\" rel=\"category tag\">TECHNOLOGIA<\/a><span class=\"fusion-inline-sep\">|<\/span><\/p><\/div><\/article><article class=\"post fusion-column column col col-lg-12 col-md-12 col-sm-12 fusion-animated\" data-animationType=\"fadeInDown\" data-animationDuration=\"0.6\" data-animationOffset=\"100%\"><div class=\"fusion-flexslider fusion-flexslider-loading flexslider floated-slideshow flexslider-hover-type-zoomout\"><ul class=\"slides\"><li><a href=\"https:\/\/balticwind.eu\/pl\/perigus-energy-przejmuje-od-abo-energy-pozwolony-projekt-wiatrowy-olpe-rehringhausen-o-mocy-21-mw\/\" aria-label=\"Perigus Energy przejmuje od ABO Energy pozwolony projekt wiatrowy Olpe-Rehringhausen o mocy 21 MW\" class=\"hover-type-zoomout\"><img decoding=\"async\" width=\"177\" height=\"142\" src=\"https:\/\/balticwind.eu\/wp-content\/uploads\/2026\/08\/perigus-energy-wind-turbine-olpe-rehringhausen-177x142.jpg\" class=\"attachment-portfolio-five size-portfolio-five\" alt=\"\" \/><\/a><\/li><\/ul><\/div><div class=\"recent-posts-content\"><span class=\"vcard\" style=\"display: none;\"><span class=\"fn\"><a href=\"https:\/\/balticwind.eu\/pl\/author\/baltic-wind\/\" title=\"Wpisy od Baltic Wind\" rel=\"author\">Baltic Wind<\/a><\/span><\/span><span class=\"updated\" style=\"display:none;\">2026-08-28T07:35:46+02:00<\/span><h4 class=\"entry-title\"><a style=\"color: #1f2a3b !important;\" href=\"https:\/\/balticwind.eu\/pl\/perigus-energy-przejmuje-od-abo-energy-pozwolony-projekt-wiatrowy-olpe-rehringhausen-o-mocy-21-mw\/\">Perigus Energy przejmuje od ABO Energy pozwolony projekt wiatrowy Olpe-Rehringhausen o mocy 21 MW<\/a><\/h4><p class=\"meta\"><span class=\"vcard\" style=\"display: none;\"><span class=\"fn\"><a href=\"https:\/\/balticwind.eu\/pl\/author\/baltic-wind\/\" title=\"Wpisy od Baltic Wind\" rel=\"author\">Baltic Wind<\/a><\/span><\/span><span class=\"updated\" style=\"display:none;\">2026-08-28T07:35:46+02:00<\/span><a href=\"https:\/\/balticwind.eu\/pl\/category\/niemcy\/\" rel=\"category tag\">NIEMCY<\/a>, <a href=\"https:\/\/balticwind.eu\/pl\/category\/energia-wiatrowa-onshore\/\" rel=\"category tag\">ONSHORE<\/a>, <a href=\"https:\/\/balticwind.eu\/pl\/category\/projekty\/\" rel=\"category tag\">PROJEKTY<\/a><span class=\"fusion-inline-sep\">|<\/span><\/p><\/div><\/article><article class=\"post fusion-column column col col-lg-12 col-md-12 col-sm-12 fusion-animated\" data-animationType=\"fadeInDown\" data-animationDuration=\"0.6\" data-animationOffset=\"100%\"><div class=\"fusion-flexslider fusion-flexslider-loading flexslider floated-slideshow flexslider-hover-type-zoomout\"><ul class=\"slides\"><li><a href=\"https:\/\/balticwind.eu\/pl\/energetyka-odnawialna-to-31-tys-miejsc-pracy-w-metropolii-hamburskiej\/\" aria-label=\"Energetyka odnawialna to 31 tys. miejsc pracy w metropolii hamburskiej\" class=\"hover-type-zoomout\"><img decoding=\"async\" width=\"177\" height=\"142\" src=\"https:\/\/balticwind.eu\/wp-content\/uploads\/2026\/08\/wind-farm-germany-hamburg-renewables-cluster-177x142.jpg\" class=\"attachment-portfolio-five size-portfolio-five\" alt=\"\" \/><\/a><\/li><\/ul><\/div><div class=\"recent-posts-content\"><span class=\"vcard\" style=\"display: none;\"><span class=\"fn\"><a href=\"https:\/\/balticwind.eu\/pl\/author\/baltic-wind\/\" title=\"Wpisy od Baltic Wind\" rel=\"author\">Baltic Wind<\/a><\/span><\/span><span class=\"updated\" style=\"display:none;\">2026-08-28T07:33:59+02:00<\/span><h4 class=\"entry-title\"><a style=\"color: #1f2a3b !important;\" href=\"https:\/\/balticwind.eu\/pl\/energetyka-odnawialna-to-31-tys-miejsc-pracy-w-metropolii-hamburskiej\/\">Energetyka odnawialna to 31 tys. miejsc pracy w metropolii hamburskiej<\/a><\/h4><p class=\"meta\"><span class=\"vcard\" style=\"display: none;\"><span class=\"fn\"><a href=\"https:\/\/balticwind.eu\/pl\/author\/baltic-wind\/\" title=\"Wpisy od Baltic Wind\" rel=\"author\">Baltic Wind<\/a><\/span><\/span><span class=\"updated\" style=\"display:none;\">2026-08-28T07:33:59+02:00<\/span><a href=\"https:\/\/balticwind.eu\/pl\/category\/niemcy\/\" rel=\"category tag\">NIEMCY<\/a>, <a href=\"https:\/\/balticwind.eu\/pl\/category\/energia-wiatrowa-offshore\/\" rel=\"category tag\">OFFSHORE<\/a>, <a href=\"https:\/\/balticwind.eu\/pl\/category\/energia-wiatrowa-onshore\/\" rel=\"category tag\">ONSHORE<\/a><span class=\"fusion-inline-sep\">|<\/span><\/p><\/div><\/article><article class=\"post fusion-column column col col-lg-12 col-md-12 col-sm-12 fusion-animated\" data-animationType=\"fadeInDown\" data-animationDuration=\"0.6\" data-animationOffset=\"100%\"><div class=\"fusion-flexslider fusion-flexslider-loading flexslider floated-slideshow flexslider-hover-type-zoomout\"><ul class=\"slides\"><li><a href=\"https:\/\/balticwind.eu\/pl\/capcora-poprowadzi-sprzedaz-portfela-projektow-sowitec-o-mocy-32-gw\/\" aria-label=\"Capcora poprowadzi sprzeda\u017c portfela projekt\u00f3w SOWITEC o mocy 32 GW\" class=\"hover-type-zoomout\"><img decoding=\"async\" width=\"177\" height=\"142\" src=\"https:\/\/balticwind.eu\/wp-content\/uploads\/2026\/08\/capcora-mandated-sale-sowitec-wind-project-portfolio-177x142.jpg\" class=\"attachment-portfolio-five size-portfolio-five\" alt=\"\" \/><\/a><\/li><\/ul><\/div><div class=\"recent-posts-content\"><span class=\"vcard\" style=\"display: none;\"><span class=\"fn\"><a href=\"https:\/\/balticwind.eu\/pl\/author\/baltic-wind\/\" title=\"Wpisy od Baltic Wind\" rel=\"author\">Baltic Wind<\/a><\/span><\/span><span class=\"updated\" style=\"display:none;\">2026-08-27T06:10:07+02:00<\/span><h4 class=\"entry-title\"><a style=\"color: #1f2a3b !important;\" href=\"https:\/\/balticwind.eu\/pl\/capcora-poprowadzi-sprzedaz-portfela-projektow-sowitec-o-mocy-32-gw\/\">Capcora poprowadzi sprzeda\u017c portfela projekt\u00f3w SOWITEC o mocy 32 GW<\/a><\/h4><p class=\"meta\"><span class=\"vcard\" style=\"display: none;\"><span class=\"fn\"><a href=\"https:\/\/balticwind.eu\/pl\/author\/baltic-wind\/\" title=\"Wpisy od Baltic Wind\" rel=\"author\">Baltic Wind<\/a><\/span><\/span><span class=\"updated\" style=\"display:none;\">2026-08-27T06:10:07+02:00<\/span><a href=\"https:\/\/balticwind.eu\/pl\/category\/niemcy\/\" rel=\"category tag\">NIEMCY<\/a>, <a href=\"https:\/\/balticwind.eu\/pl\/category\/energia-wiatrowa-onshore\/\" rel=\"category tag\">ONSHORE<\/a>, <a href=\"https:\/\/balticwind.eu\/pl\/category\/projekty\/\" rel=\"category tag\">PROJEKTY<\/a><span class=\"fusion-inline-sep\">|<\/span><\/p><\/div><\/article><article class=\"post fusion-column column col col-lg-12 col-md-12 col-sm-12 fusion-animated\" data-animationType=\"fadeInDown\" data-animationDuration=\"0.6\" data-animationOffset=\"100%\"><div class=\"fusion-flexslider fusion-flexslider-loading flexslider floated-slideshow flexslider-hover-type-zoomout\"><ul class=\"slides\"><li><a href=\"https:\/\/balticwind.eu\/pl\/deutsche-windguard-przekracza-gigawat-mocy-w-technicznym-zarzadzaniu-eksploatacja\/\" aria-label=\"Deutsche WindGuard przekracza gigawat mocy w technicznym zarz\u0105dzaniu eksploatacj\u0105\" class=\"hover-type-zoomout\"><img decoding=\"async\" width=\"177\" height=\"142\" src=\"https:\/\/balticwind.eu\/wp-content\/uploads\/2026\/08\/deutsche-windguard-one-gigawatt-technical-operations-management-177x142.jpg\" class=\"attachment-portfolio-five size-portfolio-five\" alt=\"\" \/><\/a><\/li><\/ul><\/div><div class=\"recent-posts-content\"><span class=\"vcard\" style=\"display: none;\"><span class=\"fn\"><a href=\"https:\/\/balticwind.eu\/pl\/author\/baltic-wind\/\" title=\"Wpisy od Baltic Wind\" rel=\"author\">Baltic Wind<\/a><\/span><\/span><span class=\"updated\" style=\"display:none;\">2026-08-26T13:11:49+02:00<\/span><h4 class=\"entry-title\"><a style=\"color: #1f2a3b !important;\" href=\"https:\/\/balticwind.eu\/pl\/deutsche-windguard-przekracza-gigawat-mocy-w-technicznym-zarzadzaniu-eksploatacja\/\">Deutsche WindGuard przekracza gigawat mocy w technicznym zarz\u0105dzaniu eksploatacj\u0105<\/a><\/h4><p class=\"meta\"><span class=\"vcard\" style=\"display: none;\"><span class=\"fn\"><a href=\"https:\/\/balticwind.eu\/pl\/author\/baltic-wind\/\" title=\"Wpisy od Baltic Wind\" rel=\"author\">Baltic Wind<\/a><\/span><\/span><span class=\"updated\" style=\"display:none;\">2026-08-26T13:11:49+02:00<\/span><a href=\"https:\/\/balticwind.eu\/pl\/category\/niemcy\/\" rel=\"category tag\">NIEMCY<\/a>, <a href=\"https:\/\/balticwind.eu\/pl\/category\/energia-wiatrowa-onshore\/\" rel=\"category tag\">ONSHORE<\/a>, <a href=\"https:\/\/balticwind.eu\/pl\/category\/technologia-pl\/\" rel=\"category tag\">TECHNOLOGIA<\/a><span class=\"fusion-inline-sep\">|<\/span><\/p><\/div><\/article><article class=\"post fusion-column column col col-lg-12 col-md-12 col-sm-12 fusion-animated\" data-animationType=\"fadeInDown\" data-animationDuration=\"0.6\" data-animationOffset=\"100%\"><div class=\"fusion-flexslider fusion-flexslider-loading flexslider floated-slideshow flexslider-hover-type-zoomout\"><ul class=\"slides\"><li><a href=\"https:\/\/balticwind.eu\/pl\/tunel-pod-laba-dla-suedlink-gotowy-niemieckie-korytarze-przesylowe-blisko-uruchomienia\/\" aria-label=\"Tunel pod \u0141ab\u0105 dla SuedLink gotowy. Niemieckie korytarze przesy\u0142owe blisko uruchomienia\" class=\"hover-type-zoomout\"><img decoding=\"async\" width=\"177\" height=\"142\" src=\"https:\/\/balticwind.eu\/wp-content\/uploads\/2026\/08\/suedlink-elbe-tunnel-complete-german-hvdc-corridors-2027-2028-177x142.jpg\" class=\"attachment-portfolio-five size-portfolio-five\" alt=\"\" \/><\/a><\/li><\/ul><\/div><div class=\"recent-posts-content\"><span class=\"vcard\" style=\"display: none;\"><span class=\"fn\"><a href=\"https:\/\/balticwind.eu\/pl\/author\/baltic-wind\/\" title=\"Wpisy od Baltic Wind\" rel=\"author\">Baltic Wind<\/a><\/span><\/span><span class=\"updated\" style=\"display:none;\">2026-08-24T11:12:12+02:00<\/span><h4 class=\"entry-title\"><a style=\"color: #1f2a3b !important;\" href=\"https:\/\/balticwind.eu\/pl\/tunel-pod-laba-dla-suedlink-gotowy-niemieckie-korytarze-przesylowe-blisko-uruchomienia\/\">Tunel pod \u0141ab\u0105 dla SuedLink gotowy. Niemieckie korytarze przesy\u0142owe blisko uruchomienia<\/a><\/h4><p class=\"meta\"><span class=\"vcard\" style=\"display: none;\"><span class=\"fn\"><a href=\"https:\/\/balticwind.eu\/pl\/author\/baltic-wind\/\" title=\"Wpisy od Baltic Wind\" rel=\"author\">Baltic Wind<\/a><\/span><\/span><span class=\"updated\" style=\"display:none;\">2026-08-24T11:12:12+02:00<\/span><a href=\"https:\/\/balticwind.eu\/pl\/category\/niemcy\/\" rel=\"category tag\">NIEMCY<\/a>, <a href=\"https:\/\/balticwind.eu\/pl\/category\/energia-wiatrowa-onshore\/\" rel=\"category tag\">ONSHORE<\/a>, <a href=\"https:\/\/balticwind.eu\/pl\/category\/regulatory-pl\/\" rel=\"category tag\">REGULACJE<\/a><span class=\"fusion-inline-sep\">|<\/span><\/p><\/div><\/article><article class=\"post fusion-column column col col-lg-12 col-md-12 col-sm-12 fusion-animated\" data-animationType=\"fadeInDown\" data-animationDuration=\"0.6\" data-animationOffset=\"100%\"><div class=\"fusion-flexslider fusion-flexslider-loading flexslider floated-slideshow flexslider-hover-type-zoomout\"><ul class=\"slides\"><li><a href=\"https:\/\/balticwind.eu\/pl\/przyrost-mocy-wiatrowej-w-niemczech-w-gore-o-53-proc-offshore-wraca-do-sieci\/\" aria-label=\"Przyrost mocy wiatrowej w Niemczech w g\u00f3r\u0119 o 53 proc. Offshore wraca do sieci\" class=\"hover-type-zoomout\"><img decoding=\"async\" width=\"177\" height=\"142\" src=\"https:\/\/balticwind.eu\/wp-content\/uploads\/2026\/08\/german-wind-additions-3948-mw-january-july-2026-offshore-rebound-177x142.jpg\" class=\"attachment-portfolio-five size-portfolio-five\" alt=\"\" \/><\/a><\/li><\/ul><\/div><div class=\"recent-posts-content\"><span class=\"vcard\" style=\"display: none;\"><span class=\"fn\"><a href=\"https:\/\/balticwind.eu\/pl\/author\/baltic-wind\/\" title=\"Wpisy od Baltic Wind\" rel=\"author\">Baltic Wind<\/a><\/span><\/span><span class=\"updated\" style=\"display:none;\">2026-08-24T11:11:53+02:00<\/span><h4 class=\"entry-title\"><a style=\"color: #1f2a3b !important;\" href=\"https:\/\/balticwind.eu\/pl\/przyrost-mocy-wiatrowej-w-niemczech-w-gore-o-53-proc-offshore-wraca-do-sieci\/\">Przyrost mocy wiatrowej w Niemczech w g\u00f3r\u0119 o 53 proc. Offshore wraca do sieci<\/a><\/h4><p class=\"meta\"><span class=\"vcard\" style=\"display: none;\"><span class=\"fn\"><a href=\"https:\/\/balticwind.eu\/pl\/author\/baltic-wind\/\" title=\"Wpisy od Baltic Wind\" rel=\"author\">Baltic Wind<\/a><\/span><\/span><span class=\"updated\" style=\"display:none;\">2026-08-24T11:11:53+02:00<\/span><a href=\"https:\/\/balticwind.eu\/pl\/category\/niemcy\/\" rel=\"category tag\">NIEMCY<\/a>, <a href=\"https:\/\/balticwind.eu\/pl\/category\/energia-wiatrowa-offshore\/\" rel=\"category tag\">OFFSHORE<\/a>, <a href=\"https:\/\/balticwind.eu\/pl\/category\/energia-wiatrowa-onshore\/\" rel=\"category tag\">ONSHORE<\/a><span class=\"fusion-inline-sep\">|<\/span><\/p><\/div><\/article><article class=\"post fusion-column column col col-lg-12 col-md-12 col-sm-12 fusion-animated\" data-animationType=\"fadeInDown\" data-animationDuration=\"0.6\" data-animationOffset=\"100%\"><div class=\"fusion-flexslider fusion-flexslider-loading flexslider floated-slideshow flexslider-hover-type-zoomout\"><ul class=\"slides\"><li><a href=\"https:\/\/balticwind.eu\/pl\/niemiecki-pakiet-sieciowo-mocowy-pod-prawnym-ostrzalem-z-kilku-stron\/\" aria-label=\"Niemiecki pakiet sieciowo-mocowy pod prawnym ostrza\u0142em z kilku stron\" class=\"hover-type-zoomout\"><img decoding=\"async\" width=\"177\" height=\"142\" src=\"https:\/\/balticwind.eu\/wp-content\/uploads\/2026\/08\/germany-grid-capacity-package-constitutional-eu-law-challenges-177x142.jpg\" class=\"attachment-portfolio-five size-portfolio-five\" alt=\"\" \/><\/a><\/li><\/ul><\/div><div class=\"recent-posts-content\"><span class=\"vcard\" style=\"display: none;\"><span class=\"fn\"><a href=\"https:\/\/balticwind.eu\/pl\/author\/baltic-wind\/\" title=\"Wpisy od Baltic Wind\" rel=\"author\">Baltic Wind<\/a><\/span><\/span><span class=\"updated\" style=\"display:none;\">2026-08-24T11:11:31+02:00<\/span><h4 class=\"entry-title\"><a style=\"color: #1f2a3b !important;\" href=\"https:\/\/balticwind.eu\/pl\/niemiecki-pakiet-sieciowo-mocowy-pod-prawnym-ostrzalem-z-kilku-stron\/\">Niemiecki pakiet sieciowo-mocowy pod prawnym ostrza\u0142em z kilku stron<\/a><\/h4><p class=\"meta\"><span class=\"vcard\" style=\"display: none;\"><span class=\"fn\"><a href=\"https:\/\/balticwind.eu\/pl\/author\/baltic-wind\/\" title=\"Wpisy od Baltic Wind\" rel=\"author\">Baltic Wind<\/a><\/span><\/span><span class=\"updated\" style=\"display:none;\">2026-08-24T11:11:31+02:00<\/span><a href=\"https:\/\/balticwind.eu\/pl\/category\/niemcy\/\" rel=\"category tag\">NIEMCY<\/a>, <a href=\"https:\/\/balticwind.eu\/pl\/category\/regulatory-pl\/\" rel=\"category tag\">REGULACJE<\/a><span class=\"fusion-inline-sep\">|<\/span><\/p><\/div><\/article><article class=\"post fusion-column column col col-lg-12 col-md-12 col-sm-12 fusion-animated\" data-animationType=\"fadeInDown\" data-animationDuration=\"0.6\" data-animationOffset=\"100%\"><div class=\"fusion-flexslider fusion-flexslider-loading flexslider floated-slideshow flexslider-hover-type-zoomout\"><ul class=\"slides\"><li><a href=\"https:\/\/balticwind.eu\/pl\/enbw-konczy-montaz-turbin-na-najwiekszej-niemieckiej-farmie-morskiej\/\" aria-label=\"EnBW ko\u0144czy monta\u017c turbin na najwi\u0119kszej niemieckiej farmie morskiej\" class=\"hover-type-zoomout\"><img decoding=\"async\" width=\"177\" height=\"142\" src=\"https:\/\/balticwind.eu\/wp-content\/uploads\/2026\/08\/enbw-he-dreiht-all-64-turbines-installed-germany-largest-offshore-177x142.jpg\" class=\"attachment-portfolio-five size-portfolio-five\" alt=\"\" \/><\/a><\/li><\/ul><\/div><div class=\"recent-posts-content\"><span class=\"vcard\" style=\"display: none;\"><span class=\"fn\"><a href=\"https:\/\/balticwind.eu\/pl\/author\/baltic-wind\/\" title=\"Wpisy od Baltic Wind\" rel=\"author\">Baltic Wind<\/a><\/span><\/span><span class=\"updated\" style=\"display:none;\">2026-08-24T11:09:08+02:00<\/span><h4 class=\"entry-title\"><a style=\"color: #1f2a3b !important;\" href=\"https:\/\/balticwind.eu\/pl\/enbw-konczy-montaz-turbin-na-najwiekszej-niemieckiej-farmie-morskiej\/\">EnBW ko\u0144czy monta\u017c turbin na najwi\u0119kszej niemieckiej farmie morskiej<\/a><\/h4><p class=\"meta\"><span class=\"vcard\" style=\"display: none;\"><span class=\"fn\"><a href=\"https:\/\/balticwind.eu\/pl\/author\/baltic-wind\/\" title=\"Wpisy od Baltic Wind\" rel=\"author\">Baltic Wind<\/a><\/span><\/span><span class=\"updated\" style=\"display:none;\">2026-08-24T11:09:08+02:00<\/span><a href=\"https:\/\/balticwind.eu\/pl\/category\/niemcy\/\" rel=\"category tag\">NIEMCY<\/a>, <a href=\"https:\/\/balticwind.eu\/pl\/category\/energia-wiatrowa-offshore\/\" rel=\"category tag\">OFFSHORE<\/a>, <a href=\"https:\/\/balticwind.eu\/pl\/category\/projekty\/\" rel=\"category tag\">PROJEKTY<\/a><span class=\"fusion-inline-sep\">|<\/span><\/p><\/div><\/article><article class=\"post fusion-column column col col-lg-12 col-md-12 col-sm-12 fusion-animated\" data-animationType=\"fadeInDown\" data-animationDuration=\"0.6\" data-animationOffset=\"100%\"><div class=\"fusion-flexslider fusion-flexslider-loading flexslider floated-slideshow flexslider-hover-type-zoomout\"><ul class=\"slides\"><li><a href=\"https:\/\/balticwind.eu\/pl\/niemiecka-branza-offshore-naciska-na-kontrakty-roznicowe-po-aukcji-bez-ofert\/\" aria-label=\"Niemiecka bran\u017ca offshore naciska na kontrakty r\u00f3\u017cnicowe po aukcji bez ofert\" class=\"hover-type-zoomout\"><img decoding=\"async\" width=\"177\" height=\"142\" src=\"https:\/\/balticwind.eu\/wp-content\/uploads\/2026\/08\/germany-windseeg-amendment-contracts-for-difference-zero-bid-round-177x142.jpg\" class=\"attachment-portfolio-five size-portfolio-five\" alt=\"\" \/><\/a><\/li><\/ul><\/div><div class=\"recent-posts-content\"><span class=\"vcard\" style=\"display: none;\"><span class=\"fn\"><a href=\"https:\/\/balticwind.eu\/pl\/author\/baltic-wind\/\" title=\"Wpisy od Baltic Wind\" rel=\"author\">Baltic Wind<\/a><\/span><\/span><span class=\"updated\" style=\"display:none;\">2026-08-24T11:08:45+02:00<\/span><h4 class=\"entry-title\"><a style=\"color: #1f2a3b !important;\" href=\"https:\/\/balticwind.eu\/pl\/niemiecka-branza-offshore-naciska-na-kontrakty-roznicowe-po-aukcji-bez-ofert\/\">Niemiecka bran\u017ca offshore naciska na kontrakty r\u00f3\u017cnicowe po aukcji bez ofert<\/a><\/h4><p class=\"meta\"><span class=\"vcard\" style=\"display: none;\"><span class=\"fn\"><a href=\"https:\/\/balticwind.eu\/pl\/author\/baltic-wind\/\" title=\"Wpisy od Baltic Wind\" rel=\"author\">Baltic Wind<\/a><\/span><\/span><span class=\"updated\" style=\"display:none;\">2026-08-24T11:08:45+02:00<\/span><a href=\"https:\/\/balticwind.eu\/pl\/category\/niemcy\/\" rel=\"category tag\">NIEMCY<\/a>, <a href=\"https:\/\/balticwind.eu\/pl\/category\/energia-wiatrowa-offshore\/\" rel=\"category tag\">OFFSHORE<\/a>, <a href=\"https:\/\/balticwind.eu\/pl\/category\/regulatory-pl\/\" rel=\"category tag\">REGULACJE<\/a><span class=\"fusion-inline-sep\">|<\/span><\/p><\/div><\/article><article class=\"post fusion-column column col col-lg-12 col-md-12 col-sm-12 fusion-animated\" data-animationType=\"fadeInDown\" data-animationDuration=\"0.6\" data-animationOffset=\"100%\"><div class=\"fusion-flexslider fusion-flexslider-loading flexslider floated-slideshow flexslider-hover-type-zoomout\"><ul class=\"slides\"><li><a href=\"https:\/\/balticwind.eu\/pl\/analiza-iwr-nowy-kurs-niemieckiej-polityki-energetycznej-oznacza-wyzsze-ceny-pradu\/\" aria-label=\"Analiza IWR: nowy kurs niemieckiej polityki energetycznej oznacza wy\u017csze ceny pr\u0105du\" class=\"hover-type-zoomout\"><img decoding=\"async\" width=\"177\" height=\"142\" src=\"https:\/\/balticwind.eu\/wp-content\/uploads\/2026\/08\/iwr-analysis-german-energy-policy-higher-power-prices-177x142.jpg\" class=\"attachment-portfolio-five size-portfolio-five\" alt=\"\" \/><\/a><\/li><\/ul><\/div><div class=\"recent-posts-content\"><span class=\"vcard\" style=\"display: none;\"><span class=\"fn\"><a href=\"https:\/\/balticwind.eu\/pl\/author\/baltic-wind\/\" title=\"Wpisy od Baltic Wind\" rel=\"author\">Baltic Wind<\/a><\/span><\/span><span class=\"updated\" style=\"display:none;\">2026-08-24T10:35:09+02:00<\/span><h4 class=\"entry-title\"><a style=\"color: #1f2a3b !important;\" href=\"https:\/\/balticwind.eu\/pl\/analiza-iwr-nowy-kurs-niemieckiej-polityki-energetycznej-oznacza-wyzsze-ceny-pradu\/\">Analiza IWR: nowy kurs niemieckiej polityki energetycznej oznacza wy\u017csze ceny pr\u0105du<\/a><\/h4><p class=\"meta\"><span class=\"vcard\" style=\"display: none;\"><span class=\"fn\"><a href=\"https:\/\/balticwind.eu\/pl\/author\/baltic-wind\/\" title=\"Wpisy od Baltic Wind\" rel=\"author\">Baltic Wind<\/a><\/span><\/span><span class=\"updated\" style=\"display:none;\">2026-08-24T10:35:09+02:00<\/span><a href=\"https:\/\/balticwind.eu\/pl\/category\/niemcy\/\" rel=\"category tag\">NIEMCY<\/a>, <a href=\"https:\/\/balticwind.eu\/pl\/category\/opinie\/\" rel=\"category tag\">OPINIE<\/a>, <a href=\"https:\/\/balticwind.eu\/pl\/category\/regulatory-pl\/\" rel=\"category tag\">REGULACJE<\/a><span class=\"fusion-inline-sep\">|<\/span><\/p><\/div><\/article><article class=\"post fusion-column column col col-lg-12 col-md-12 col-sm-12 fusion-animated\" data-animationType=\"fadeInDown\" data-animationDuration=\"0.6\" data-animationOffset=\"100%\"><div class=\"fusion-flexslider fusion-flexslider-loading flexslider floated-slideshow flexslider-hover-type-zoomout\"><ul class=\"slides\"><li><a href=\"https:\/\/balticwind.eu\/pl\/debata-online-bwo-o-reformie-ets-i-stalowym-lancuchu-dostaw-morskiej-energetyki-wiatrowej\/\" aria-label=\"Debata online BWO o reformie ETS i stalowym \u0142a\u0144cuchu dostaw morskiej energetyki wiatrowej\" class=\"hover-type-zoomout\"><img decoding=\"async\" width=\"177\" height=\"142\" src=\"https:\/\/balticwind.eu\/wp-content\/uploads\/2026\/08\/bwo-online-talk-ets-revision-offshore-wind-steel-supply-chain-177x142.jpg\" class=\"attachment-portfolio-five size-portfolio-five\" alt=\"\" \/><\/a><\/li><\/ul><\/div><div class=\"recent-posts-content\"><span class=\"vcard\" style=\"display: none;\"><span class=\"fn\"><a href=\"https:\/\/balticwind.eu\/pl\/author\/baltic-wind\/\" title=\"Wpisy od Baltic Wind\" rel=\"author\">Baltic Wind<\/a><\/span><\/span><span class=\"updated\" style=\"display:none;\">2026-08-24T10:34:39+02:00<\/span><h4 class=\"entry-title\"><a style=\"color: #1f2a3b !important;\" href=\"https:\/\/balticwind.eu\/pl\/debata-online-bwo-o-reformie-ets-i-stalowym-lancuchu-dostaw-morskiej-energetyki-wiatrowej\/\">Debata online BWO o reformie ETS i stalowym \u0142a\u0144cuchu dostaw morskiej energetyki wiatrowej<\/a><\/h4><p class=\"meta\"><span class=\"vcard\" style=\"display: none;\"><span class=\"fn\"><a href=\"https:\/\/balticwind.eu\/pl\/author\/baltic-wind\/\" title=\"Wpisy od Baltic Wind\" rel=\"author\">Baltic Wind<\/a><\/span><\/span><span class=\"updated\" style=\"display:none;\">2026-08-24T10:34:39+02:00<\/span><a href=\"https:\/\/balticwind.eu\/pl\/category\/event-pl\/\" rel=\"category tag\">EVENT<\/a>, <a href=\"https:\/\/balticwind.eu\/pl\/category\/niemcy\/\" rel=\"category tag\">NIEMCY<\/a>, <a href=\"https:\/\/balticwind.eu\/pl\/category\/energia-wiatrowa-offshore\/\" rel=\"category tag\">OFFSHORE<\/a><span class=\"fusion-inline-sep\">|<\/span><\/p><\/div><\/article><\/section><div class=\"fusion-infinite-scroll-trigger\"><\/div><div class=\"pagination infinite-scroll clearfix\" style=\"display:none;\"><span class=\"current\">1<\/span><a href=\"https:\/\/balticwind.eu\/pl\/wp-json\/wp\/v2\/pages\/4447\/page\/2\/\" class=\"inactive\">2<\/a><a class=\"pagination-next\" rel=\"next\" href=\"https:\/\/balticwind.eu\/pl\/wp-json\/wp\/v2\/pages\/4447\/page\/2\/\"><span class=\"page-text\">Kolejny<\/span><span class=\"page-next\"><\/span><\/a><\/div><div class=\"fusion-clearfix\"><\/div><button class=\"fusion-load-more-button fusion-blog-button fusion-clearfix\">Load More Posts<\/button><\/div><\/div><style type=\"text\/css\">.fusion-body .fusion-builder-column-4{width:100% !important;margin-top : 0px;margin-bottom : 20px;}.fusion-builder-column-4 > .fusion-column-wrapper {padding-top : 0px !important;padding-right : 0px !important;margin-right : 1.92%;padding-bottom : 0px !important;padding-left : 0px !important;margin-left : 1.92%;}@media only screen and (max-width:1024px) {.fusion-body .fusion-builder-column-4{width:100% !important;order : 0;}.fusion-builder-column-4 > .fusion-column-wrapper {margin-right : 1.92%;margin-left : 1.92%;}}@media only screen and (max-width:640px) {.fusion-body .fusion-builder-column-4{width:100% !important;order : 0;}.fusion-builder-column-4 > .fusion-column-wrapper {margin-right : 1.92%;margin-left : 1.92%;}}<\/style><\/div><\/div><style type=\"text\/css\">.fusion-body .fusion-flex-container.fusion-builder-row-5{ padding-top : 0px;margin-top : 0px;padding-right : 0px;padding-bottom : 0px;margin-bottom : 0px;padding-left : 0px;}<\/style><\/div><div class=\"fusion-fullwidth fullwidth-box fusion-builder-row-6 fusion-flex-container nonhundred-percent-fullwidth non-hundred-percent-height-scrolling fusion-no-small-visibility fusion-no-medium-visibility\" style=\"background-color: #ffffff;background-position: center center;background-repeat: no-repeat;border-width: 0px 0px 0px 0px;border-color:#eaeaea;border-style:solid;\" ><div class=\"fusion-builder-row fusion-row fusion-flex-align-items-flex-start\" style=\"max-width:1289.6px;margin-left: calc(-4% \/ 2 );margin-right: calc(-4% \/ 2 );\"><div class=\"fusion-layout-column fusion_builder_column fusion-builder-column-5 fusion_builder_column_1_1 1_1 fusion-flex-column\"><div class=\"fusion-column-wrapper fusion-flex-justify-content-flex-start fusion-content-layout-column\" style=\"background-position:left top;background-repeat:no-repeat;-webkit-background-size:cover;-moz-background-size:cover;-o-background-size:cover;background-size:cover;padding: 0px 0px 0px 0px;\"><div class=\"fusion-builder-row fusion-builder-row-inner fusion-row fusion-flex-align-items-flex-start\" style=\"width:104% !important;max-width:104% !important;margin-left: calc(-4% \/ 2 );margin-right: calc(-4% \/ 2 );\"><div class=\"fusion-layout-column fusion_builder_column_inner fusion-builder-nested-column-0 fusion_builder_column_inner_2_3 2_3 fusion-flex-column\"><div class=\"fusion-column-wrapper fusion-flex-justify-content-flex-start fusion-content-layout-column\" style=\"background-position:left top;background-repeat:no-repeat;-webkit-background-size:cover;-moz-background-size:cover;-o-background-size:cover;background-size:cover;padding: 0px 0px 0px 0px;\"><div class=\"fusion-separator fusion-full-width-sep\" style=\"align-self: center;margin-left: auto;margin-right: auto;margin-bottom:10px;width:100%;max-width:100%;\"><div class=\"fusion-separator-border sep-single sep-solid\" style=\"border-color:#1f2a3b;border-top-width:12px;\"><\/div><\/div><style type=\"text\/css\">@media only screen and (max-width:1024px) {.fusion-title.fusion-title-4{margin-top:-15px!important; margin-right:0px!important;margin-bottom:20px!important;margin-left:0px!important;}}@media only screen and (max-width:640px) {.fusion-title.fusion-title-4{margin-top:0px!important; margin-right:0px!important;margin-bottom:20px!important; margin-left:0px!important;}}<\/style><div class=\"fusion-title title fusion-title-4 fusion-title-text fusion-title-size-five\" style=\"margin-top:-15px;margin-right:0px;margin-bottom:20px;margin-left:0px;\"><div class=\"title-sep-container title-sep-container-left fusion-no-large-visibility fusion-no-medium-visibility fusion-no-small-visibility\"><div class=\"title-sep sep-\" style=\"border-color:#eaeaea;\"><\/div><\/div><h5 class=\"title-heading-left fusion-responsive-typography-calculated\" style=\"margin:0;--fontSize:17;line-height:1.76;\"><h5 style=\"text-align: left;\">NAJNOWSZE ARTYKU\u0141Y<\/h5><\/h5><div class=\"title-sep-container title-sep-container-right\"><div class=\"title-sep sep-\" style=\"border-color:#eaeaea;\"><\/div><\/div><\/div><div class=\"fusion-blog-shortcode fusion-blog-shortcode-3 fusion-blog-archive fusion-blog-layout-medium-alternate fusion-blog-infinite\"><div class=\"fusion-posts-container fusion-posts-container-infinite fusion-posts-container-load-more\" data-pages=\"37\"><article id=\"blog-3-post-48189\" class=\"fusion-post-medium-alternate post-48189 post type-post status-publish format-standard has-post-thumbnail hentry category-editors-choice-pl category-niemcy category-energia-wiatrowa-onshore category-regulatory-pl\">\n<div class=\"fusion-date-and-formats\"><div class=\"fusion-date-box updated\"><span class=\"fusion-date\">2<\/span><span class=\"fusion-month-year\">09, 2026<\/span><\/div><div class=\"fusion-format-box\"><i class=\"fusion-icon-pen\" aria-hidden=\"true\"><\/i><\/div><\/div>\t<style type=\"text\/css\">\n\t\t\n\t\t\n\t\t\n\t\t\n\t\t\t<\/style>\n\n\n\t\t\t<div class=\"fusion-flexslider flexslider fusion-flexslider-loading fusion-post-slideshow\" style=\"\">\n\t\t<ul class=\"slides\">\n\t\t\t\n\t\t\t\t\t\t\t\t\t\t\t\t\t\t<li>\n\n<div  class=\"fusion-image-wrapper fusion-image-size-fixed\" aria-haspopup=\"true\">\n\t\n\t\n\t\t\t\n\t\t\t\t<a href=\"https:\/\/balticwind.eu\/pl\/przekontraktowane-i-niezbudowane-czego-niemieckie-aukcje-wiatrowe-ucza-rynki-baltyckie\/\" aria-label=\"Przekontraktowane i niezbudowane: czego niemieckie aukcje wiatrowe ucz\u0105 rynki ba\u0142tyckie\">\n\t\t\n\t\t\n\t\t\t\t\t<img decoding=\"async\" width=\"320\" height=\"202\" src=\"https:\/\/balticwind.eu\/wp-content\/uploads\/2026\/09\/onshore-wind-turbines-auction-economics-germany-320x202.jpg\" class=\"attachment-blog-medium size-blog-medium wp-post-image\" alt=\"\" srcset=\"https:\/\/balticwind.eu\/wp-content\/uploads\/2026\/09\/onshore-wind-turbines-auction-economics-germany-320x202.jpg 320w, https:\/\/balticwind.eu\/wp-content\/uploads\/2026\/09\/onshore-wind-turbines-auction-economics-germany-700x441.jpg 700w\" sizes=\"(max-width: 320px) 100vw, 320px\" \/>\n\t\n\n\n\t\t\t\t<\/a>\n\t\t\n\t\n<\/div>\n<\/li>\n\t\t\t\n\t\t\t\n\t\t\t\t\t\t\t\t\t\t\t\t\t\t\t\t\t\t\t\t\t\t\t\t\t\t\t\t\t\t\t\t\t\t\t\t\t\t\t\t\t\t\t\t\t\t\t\t\t\t\t\t\t\t\t\t\t\t\t\t\t\t\t\t\t\t\t\t<\/ul>\n\t<\/div>\n\t<div class=\"fusion-post-content post-content\"><h2 class=\"blog-shortcode-post-title entry-title\"><a href=\"https:\/\/balticwind.eu\/pl\/przekontraktowane-i-niezbudowane-czego-niemieckie-aukcje-wiatrowe-ucza-rynki-baltyckie\/\">Przekontraktowane i niezbudowane: czego niemieckie aukcje wiatrowe ucz\u0105 rynki ba\u0142tyckie<\/a><\/h2><p class=\"fusion-single-line-meta\"><span class=\"vcard\" style=\"display: none;\"><span class=\"fn\"><a href=\"https:\/\/balticwind.eu\/pl\/author\/baltic-wind\/\" title=\"Wpisy od Baltic Wind\" rel=\"author\">Baltic Wind<\/a><\/span><\/span><span class=\"updated\" style=\"display:none;\">2026-09-02T07:23:35+02:00<\/span><a href=\"https:\/\/balticwind.eu\/pl\/category\/editors-choice-pl\/\" rel=\"category tag\">EDITOR'S CHOICE<\/a>, <a href=\"https:\/\/balticwind.eu\/pl\/category\/niemcy\/\" rel=\"category tag\">NIEMCY<\/a>, <a href=\"https:\/\/balticwind.eu\/pl\/category\/energia-wiatrowa-onshore\/\" rel=\"category tag\">ONSHORE<\/a>, <a href=\"https:\/\/balticwind.eu\/pl\/category\/regulatory-pl\/\" rel=\"category tag\">REGULACJE<\/a><span class=\"fusion-inline-sep\">|<\/span><\/p><div class=\"fusion-post-content-container\"><p>Niemieckie aukcje dla wiatru na l\u0105dzie s\u0105 przekontraktowane 2,6-krotnie i rozstrzygaj\u0105 si\u0119 po rekordowo niskich cenach. Zwyci\u0119zc\u00f3w \u0142\u0105cz\u0105 zabezpieczone dostawy turbin i przy\u0142\u0105cza, a prawdziwe ograniczenie le\u017cy mi\u0119dzy wygran\u0105 a pierwszym fundamentem.<\/p><\/div><\/div><div class=\"fusion-clearfix\"><\/div><\/article>\n<article id=\"blog-3-post-48171\" class=\"fusion-post-medium-alternate post-48171 post type-post status-publish format-standard has-post-thumbnail hentry category-editors-choice-pl category-niemcy category-energia-wiatrowa-onshore category-polska\">\n<div class=\"fusion-date-and-formats\"><div class=\"fusion-date-box updated\"><span class=\"fusion-date\">1<\/span><span class=\"fusion-month-year\">09, 2026<\/span><\/div><div class=\"fusion-format-box\"><i class=\"fusion-icon-pen\" aria-hidden=\"true\"><\/i><\/div><\/div>\t<style type=\"text\/css\">\n\t\t\n\t\t\n\t\t\n\t\t\n\t\t\t<\/style>\n\n\n\t\t\t<div class=\"fusion-flexslider flexslider fusion-flexslider-loading fusion-post-slideshow\" style=\"\">\n\t\t<ul class=\"slides\">\n\t\t\t\n\t\t\t\t\t\t\t\t\t\t\t\t\t\t<li>\n\n<div  class=\"fusion-image-wrapper fusion-image-size-fixed\" aria-haspopup=\"true\">\n\t\n\t\n\t\t\t\n\t\t\t\t<a href=\"https:\/\/balticwind.eu\/pl\/wiatr-na-ladzie-kosztuje-82-centa-zgody-nadal-kosztuja-lata\/\" aria-label=\"Wiatr na l\u0105dzie kosztuje 8,2 centa. Zgody nadal kosztuj\u0105 lata\">\n\t\t\n\t\t\n\t\t\t\t\t<img decoding=\"async\" width=\"320\" height=\"202\" src=\"https:\/\/balticwind.eu\/wp-content\/uploads\/2026\/09\/onshore-wind-turbines-permitting-poland-germany-320x202.jpg\" class=\"attachment-blog-medium size-blog-medium wp-post-image\" alt=\"\" srcset=\"https:\/\/balticwind.eu\/wp-content\/uploads\/2026\/09\/onshore-wind-turbines-permitting-poland-germany-320x202.jpg 320w, https:\/\/balticwind.eu\/wp-content\/uploads\/2026\/09\/onshore-wind-turbines-permitting-poland-germany-700x441.jpg 700w\" sizes=\"(max-width: 320px) 100vw, 320px\" \/>\n\t\n\n\n\t\t\t\t<\/a>\n\t\t\n\t\n<\/div>\n<\/li>\n\t\t\t\n\t\t\t\n\t\t\t\t\t\t\t\t\t\t\t\t\t\t\t\t\t\t\t\t\t\t\t\t\t\t\t\t\t\t\t\t\t\t\t\t\t\t\t\t\t\t\t\t\t\t\t\t\t\t\t\t\t\t\t\t\t\t\t\t\t\t\t\t\t\t\t\t<\/ul>\n\t<\/div>\n\t<div class=\"fusion-post-content post-content\"><h2 class=\"blog-shortcode-post-title entry-title\"><a href=\"https:\/\/balticwind.eu\/pl\/wiatr-na-ladzie-kosztuje-82-centa-zgody-nadal-kosztuja-lata\/\">Wiatr na l\u0105dzie kosztuje 8,2 centa. Zgody nadal kosztuj\u0105 lata<\/a><\/h2><p class=\"fusion-single-line-meta\"><span class=\"vcard\" style=\"display: none;\"><span class=\"fn\"><a href=\"https:\/\/balticwind.eu\/pl\/author\/baltic-wind\/\" title=\"Wpisy od Baltic Wind\" rel=\"author\">Baltic Wind<\/a><\/span><\/span><span class=\"updated\" style=\"display:none;\">2026-09-01T06:17:57+02:00<\/span><a href=\"https:\/\/balticwind.eu\/pl\/category\/editors-choice-pl\/\" rel=\"category tag\">EDITOR'S CHOICE<\/a>, <a href=\"https:\/\/balticwind.eu\/pl\/category\/niemcy\/\" rel=\"category tag\">NIEMCY<\/a>, <a href=\"https:\/\/balticwind.eu\/pl\/category\/energia-wiatrowa-onshore\/\" rel=\"category tag\">ONSHORE<\/a>, <a href=\"https:\/\/balticwind.eu\/pl\/category\/polska\/\" rel=\"category tag\">POLSKA<\/a><span class=\"fusion-inline-sep\">|<\/span><\/p><div class=\"fusion-post-content-container\"><p>Z niemieckich danych wynika, \u017ce nowy wiatr na l\u0105dzie kosztuje 8,2 centa za kWh wobec gazu dro\u017cszego trzy do czterech razy. Aukcje s\u0105 nadsubskrybowane, kapita\u0142 czeka. W\u0105skim gard\u0142em sta\u0142y si\u0119 procedury.<\/p><\/div><\/div><div class=\"fusion-clearfix\"><\/div><\/article>\n<article id=\"blog-3-post-48147\" class=\"fusion-post-medium-alternate post-48147 post type-post status-publish format-standard has-post-thumbnail hentry category-editors-choice-pl category-niemcy category-energia-wiatrowa-onshore category-polska category-szwecja\">\n<div class=\"fusion-date-and-formats\"><div class=\"fusion-date-box updated\"><span class=\"fusion-date\">30<\/span><span class=\"fusion-month-year\">08, 2026<\/span><\/div><div class=\"fusion-format-box\"><i class=\"fusion-icon-pen\" aria-hidden=\"true\"><\/i><\/div><\/div>\t<style type=\"text\/css\">\n\t\t\n\t\t\n\t\t\n\t\t\n\t\t\t<\/style>\n\n\n\t\t\t<div class=\"fusion-flexslider flexslider fusion-flexslider-loading fusion-post-slideshow\" style=\"\">\n\t\t<ul class=\"slides\">\n\t\t\t\n\t\t\t\t\t\t\t\t\t\t\t\t\t\t<li>\n\n<div  class=\"fusion-image-wrapper fusion-image-size-fixed\" aria-haspopup=\"true\">\n\t\n\t\n\t\t\t\n\t\t\t\t<a href=\"https:\/\/balticwind.eu\/pl\/dlaczego-kolejne-megawaty-ladowej-energetyki-wiatrowej-powstaja-na-juz-istniejacych-terenach\/\" aria-label=\"Dlaczego kolejne megawaty l\u0105dowej energetyki wiatrowej powstaj\u0105 na ju\u017c istniej\u0105cych terenach\">\n\t\t\n\t\t\n\t\t\t\t\t<img decoding=\"async\" width=\"320\" height=\"202\" src=\"https:\/\/balticwind.eu\/wp-content\/uploads\/2026\/08\/onshore-wind-farm-repowering-existing-site-320x202.jpg\" class=\"attachment-blog-medium size-blog-medium wp-post-image\" alt=\"\" srcset=\"https:\/\/balticwind.eu\/wp-content\/uploads\/2026\/08\/onshore-wind-farm-repowering-existing-site-320x202.jpg 320w, https:\/\/balticwind.eu\/wp-content\/uploads\/2026\/08\/onshore-wind-farm-repowering-existing-site-700x441.jpg 700w\" sizes=\"(max-width: 320px) 100vw, 320px\" \/>\n\t\n\n\n\t\t\t\t<\/a>\n\t\t\n\t\n<\/div>\n<\/li>\n\t\t\t\n\t\t\t\n\t\t\t\t\t\t\t\t\t\t\t\t\t\t\t\t\t\t\t\t\t\t\t\t\t\t\t\t\t\t\t\t\t\t\t\t\t\t\t\t\t\t\t\t\t\t\t\t\t\t\t\t\t\t\t\t\t\t\t\t\t\t\t\t\t\t\t\t<\/ul>\n\t<\/div>\n\t<div class=\"fusion-post-content post-content\"><h2 class=\"blog-shortcode-post-title entry-title\"><a href=\"https:\/\/balticwind.eu\/pl\/dlaczego-kolejne-megawaty-ladowej-energetyki-wiatrowej-powstaja-na-juz-istniejacych-terenach\/\">Dlaczego kolejne megawaty l\u0105dowej energetyki wiatrowej powstaj\u0105 na ju\u017c istniej\u0105cych terenach<\/a><\/h2><p class=\"fusion-single-line-meta\"><span class=\"vcard\" style=\"display: none;\"><span class=\"fn\"><a href=\"https:\/\/balticwind.eu\/pl\/author\/baltic-wind\/\" title=\"Wpisy od Baltic Wind\" rel=\"author\">Baltic Wind<\/a><\/span><\/span><span class=\"updated\" style=\"display:none;\">2026-08-30T11:35:00+02:00<\/span><a href=\"https:\/\/balticwind.eu\/pl\/category\/editors-choice-pl\/\" rel=\"category tag\">EDITOR'S CHOICE<\/a>, <a href=\"https:\/\/balticwind.eu\/pl\/category\/niemcy\/\" rel=\"category tag\">NIEMCY<\/a>, <a href=\"https:\/\/balticwind.eu\/pl\/category\/energia-wiatrowa-onshore\/\" rel=\"category tag\">ONSHORE<\/a>, <a href=\"https:\/\/balticwind.eu\/pl\/category\/polska\/\" rel=\"category tag\">POLSKA<\/a>, <a href=\"https:\/\/balticwind.eu\/pl\/category\/szwecja\/\" rel=\"category tag\">SZWECJA<\/a><span class=\"fusion-inline-sep\">|<\/span><\/p><div class=\"fusion-post-content-container\"><p>Repowering i przed\u0142u\u017canie \u017cycia istniej\u0105cych farm staj\u0105 si\u0119 g\u0142\u00f3wnym \u017ar\u00f3d\u0142em nowych mocy wiatrowych na l\u0105dzie w Niemczech i krajach nordyckich, gdy procedury i sie\u0107 hamuj\u0105 nowe lokalizacje.<\/p><\/div><\/div><div class=\"fusion-clearfix\"><\/div><\/article>\n<article id=\"blog-3-post-48132\" class=\"fusion-post-medium-alternate post-48132 post type-post status-publish format-standard has-post-thumbnail hentry category-editors-choice-pl category-lotwa category-niemcy category-technologia-pl\">\n<div class=\"fusion-date-and-formats\"><div class=\"fusion-date-box updated\"><span class=\"fusion-date\">28<\/span><span class=\"fusion-month-year\">08, 2026<\/span><\/div><div class=\"fusion-format-box\"><i class=\"fusion-icon-pen\" aria-hidden=\"true\"><\/i><\/div><\/div>\t<style type=\"text\/css\">\n\t\t\n\t\t\n\t\t\n\t\t\n\t\t\t<\/style>\n\n\n\t\t\t<div class=\"fusion-flexslider flexslider fusion-flexslider-loading fusion-post-slideshow\" style=\"\">\n\t\t<ul class=\"slides\">\n\t\t\t\n\t\t\t\t\t\t\t\t\t\t\t\t\t\t<li>\n\n<div  class=\"fusion-image-wrapper fusion-image-size-fixed\" aria-haspopup=\"true\">\n\t\n\t\n\t\t\t\n\t\t\t\t<a href=\"https:\/\/balticwind.eu\/pl\/magazyny-energii-staja-sie-druga-polowa-rozbudowy-wiatru-w-niemczech-i-na-baltyku\/\" aria-label=\"Magazyny energii staj\u0105 si\u0119 drug\u0105 po\u0142ow\u0105 rozbudowy wiatru w Niemczech i na Ba\u0142tyku\">\n\t\t\n\t\t\n\t\t\t\t\t<img decoding=\"async\" width=\"320\" height=\"202\" src=\"https:\/\/balticwind.eu\/wp-content\/uploads\/2026\/08\/electricity-substation-grid-flexibility-storage-320x202.jpg\" class=\"attachment-blog-medium size-blog-medium wp-post-image\" alt=\"\" srcset=\"https:\/\/balticwind.eu\/wp-content\/uploads\/2026\/08\/electricity-substation-grid-flexibility-storage-320x202.jpg 320w, https:\/\/balticwind.eu\/wp-content\/uploads\/2026\/08\/electricity-substation-grid-flexibility-storage-700x441.jpg 700w\" sizes=\"(max-width: 320px) 100vw, 320px\" \/>\n\t\n\n\n\t\t\t\t<\/a>\n\t\t\n\t\n<\/div>\n<\/li>\n\t\t\t\n\t\t\t\n\t\t\t\t\t\t\t\t\t\t\t\t\t\t\t\t\t\t\t\t\t\t\t\t\t\t\t\t\t\t\t\t\t\t\t\t\t\t\t\t\t\t\t\t\t\t\t\t\t\t\t\t\t\t\t\t\t\t\t\t\t\t\t\t\t\t\t\t<\/ul>\n\t<\/div>\n\t<div class=\"fusion-post-content post-content\"><h2 class=\"blog-shortcode-post-title entry-title\"><a href=\"https:\/\/balticwind.eu\/pl\/magazyny-energii-staja-sie-druga-polowa-rozbudowy-wiatru-w-niemczech-i-na-baltyku\/\">Magazyny energii staj\u0105 si\u0119 drug\u0105 po\u0142ow\u0105 rozbudowy wiatru w Niemczech i na Ba\u0142tyku<\/a><\/h2><p class=\"fusion-single-line-meta\"><span class=\"vcard\" style=\"display: none;\"><span class=\"fn\"><a href=\"https:\/\/balticwind.eu\/pl\/author\/baltic-wind\/\" title=\"Wpisy od Baltic Wind\" rel=\"author\">Baltic Wind<\/a><\/span><\/span><span class=\"updated\" style=\"display:none;\">2026-08-28T07:39:31+02:00<\/span><a href=\"https:\/\/balticwind.eu\/pl\/category\/editors-choice-pl\/\" rel=\"category tag\">EDITOR'S CHOICE<\/a>, <a href=\"https:\/\/balticwind.eu\/pl\/category\/lotwa\/\" rel=\"category tag\">\u0141OTWA<\/a>, <a href=\"https:\/\/balticwind.eu\/pl\/category\/niemcy\/\" rel=\"category tag\">NIEMCY<\/a>, <a href=\"https:\/\/balticwind.eu\/pl\/category\/technologia-pl\/\" rel=\"category tag\">TECHNOLOGIA<\/a><span class=\"fusion-inline-sep\">|<\/span><\/p><div class=\"fusion-post-content-container\"><p>Wielkoskalowe magazyny rosn\u0105 razem z wiatrem w Niemczech i na Ba\u0142tyku. Co trzy r\u00f3wnoczesne budowy Kyon Energy i rekordowy rok inwestycyjny Latvenergo m\u00f3wi\u0105 o przysz\u0142o\u015bci elastyczno\u015bci.<\/p><\/div><\/div><div class=\"fusion-clearfix\"><\/div><\/article>\n<article id=\"blog-3-post-48120\" class=\"fusion-post-medium-alternate post-48120 post type-post status-publish format-standard has-post-thumbnail hentry category-niemcy category-energia-wiatrowa-onshore category-projekty\">\n<div class=\"fusion-date-and-formats\"><div class=\"fusion-date-box updated\"><span class=\"fusion-date\">28<\/span><span class=\"fusion-month-year\">08, 2026<\/span><\/div><div class=\"fusion-format-box\"><i class=\"fusion-icon-pen\" aria-hidden=\"true\"><\/i><\/div><\/div>\t<style type=\"text\/css\">\n\t\t\n\t\t\n\t\t\n\t\t\n\t\t\t<\/style>\n\n\n\t\t\t<div class=\"fusion-flexslider flexslider fusion-flexslider-loading fusion-post-slideshow\" style=\"\">\n\t\t<ul class=\"slides\">\n\t\t\t\n\t\t\t\t\t\t\t\t\t\t\t\t\t\t<li>\n\n<div  class=\"fusion-image-wrapper fusion-image-size-fixed\" aria-haspopup=\"true\">\n\t\n\t\n\t\t\t\n\t\t\t\t<a href=\"https:\/\/balticwind.eu\/pl\/perigus-energy-przejmuje-od-abo-energy-pozwolony-projekt-wiatrowy-olpe-rehringhausen-o-mocy-21-mw\/\" aria-label=\"Perigus Energy przejmuje od ABO Energy pozwolony projekt wiatrowy Olpe-Rehringhausen o mocy 21 MW\">\n\t\t\n\t\t\n\t\t\t\t\t<img decoding=\"async\" width=\"320\" height=\"202\" src=\"https:\/\/balticwind.eu\/wp-content\/uploads\/2026\/08\/perigus-energy-wind-turbine-olpe-rehringhausen-320x202.jpg\" class=\"attachment-blog-medium size-blog-medium wp-post-image\" alt=\"\" srcset=\"https:\/\/balticwind.eu\/wp-content\/uploads\/2026\/08\/perigus-energy-wind-turbine-olpe-rehringhausen-320x202.jpg 320w, https:\/\/balticwind.eu\/wp-content\/uploads\/2026\/08\/perigus-energy-wind-turbine-olpe-rehringhausen-700x441.jpg 700w\" sizes=\"(max-width: 320px) 100vw, 320px\" \/>\n\t\n\n\n\t\t\t\t<\/a>\n\t\t\n\t\n<\/div>\n<\/li>\n\t\t\t\n\t\t\t\n\t\t\t\t\t\t\t\t\t\t\t\t\t\t\t\t\t\t\t\t\t\t\t\t\t\t\t\t\t\t\t\t\t\t\t\t\t\t\t\t\t\t\t\t\t\t\t\t\t\t\t\t\t\t\t\t\t\t\t\t\t\t\t\t\t\t\t\t<\/ul>\n\t<\/div>\n\t<div class=\"fusion-post-content post-content\"><h2 class=\"blog-shortcode-post-title entry-title\"><a href=\"https:\/\/balticwind.eu\/pl\/perigus-energy-przejmuje-od-abo-energy-pozwolony-projekt-wiatrowy-olpe-rehringhausen-o-mocy-21-mw\/\">Perigus Energy przejmuje od ABO Energy pozwolony projekt wiatrowy Olpe-Rehringhausen o mocy 21 MW<\/a><\/h2><p class=\"fusion-single-line-meta\"><span class=\"vcard\" style=\"display: none;\"><span class=\"fn\"><a href=\"https:\/\/balticwind.eu\/pl\/author\/baltic-wind\/\" title=\"Wpisy od Baltic Wind\" rel=\"author\">Baltic Wind<\/a><\/span><\/span><span class=\"updated\" style=\"display:none;\">2026-08-28T07:35:46+02:00<\/span><a href=\"https:\/\/balticwind.eu\/pl\/category\/niemcy\/\" rel=\"category tag\">NIEMCY<\/a>, <a href=\"https:\/\/balticwind.eu\/pl\/category\/energia-wiatrowa-onshore\/\" rel=\"category tag\">ONSHORE<\/a>, <a href=\"https:\/\/balticwind.eu\/pl\/category\/projekty\/\" rel=\"category tag\">PROJEKTY<\/a><span class=\"fusion-inline-sep\">|<\/span><\/p><div class=\"fusion-post-content-container\"><p>Perigus Energy kupi\u0142a od ABO Energy prawa do farmy wiatrowej Olpe-Rehringhausen o mocy 21 MW. Projekt trzech turbin uzyska\u0142 pozwolenie w marcu 2026 roku.<\/p><\/div><\/div><div class=\"fusion-clearfix\"><\/div><\/article>\n<article id=\"blog-3-post-48114\" class=\"fusion-post-medium-alternate post-48114 post type-post status-publish format-standard has-post-thumbnail hentry category-niemcy category-energia-wiatrowa-offshore category-energia-wiatrowa-onshore\">\n<div class=\"fusion-date-and-formats\"><div class=\"fusion-date-box updated\"><span class=\"fusion-date\">28<\/span><span class=\"fusion-month-year\">08, 2026<\/span><\/div><div class=\"fusion-format-box\"><i class=\"fusion-icon-pen\" aria-hidden=\"true\"><\/i><\/div><\/div>\t<style type=\"text\/css\">\n\t\t\n\t\t\n\t\t\n\t\t\n\t\t\t<\/style>\n\n\n\t\t\t<div class=\"fusion-flexslider flexslider fusion-flexslider-loading fusion-post-slideshow\" style=\"\">\n\t\t<ul class=\"slides\">\n\t\t\t\n\t\t\t\t\t\t\t\t\t\t\t\t\t\t<li>\n\n<div  class=\"fusion-image-wrapper fusion-image-size-fixed\" aria-haspopup=\"true\">\n\t\n\t\n\t\t\t\n\t\t\t\t<a href=\"https:\/\/balticwind.eu\/pl\/energetyka-odnawialna-to-31-tys-miejsc-pracy-w-metropolii-hamburskiej\/\" aria-label=\"Energetyka odnawialna to 31 tys. miejsc pracy w metropolii hamburskiej\">\n\t\t\n\t\t\n\t\t\t\t\t<img decoding=\"async\" width=\"320\" height=\"202\" src=\"https:\/\/balticwind.eu\/wp-content\/uploads\/2026\/08\/wind-farm-germany-hamburg-renewables-cluster-320x202.jpg\" class=\"attachment-blog-medium size-blog-medium wp-post-image\" alt=\"\" srcset=\"https:\/\/balticwind.eu\/wp-content\/uploads\/2026\/08\/wind-farm-germany-hamburg-renewables-cluster-320x202.jpg 320w, https:\/\/balticwind.eu\/wp-content\/uploads\/2026\/08\/wind-farm-germany-hamburg-renewables-cluster-700x441.jpg 700w\" sizes=\"(max-width: 320px) 100vw, 320px\" \/>\n\t\n\n\n\t\t\t\t<\/a>\n\t\t\n\t\n<\/div>\n<\/li>\n\t\t\t\n\t\t\t\n\t\t\t\t\t\t\t\t\t\t\t\t\t\t\t\t\t\t\t\t\t\t\t\t\t\t\t\t\t\t\t\t\t\t\t\t\t\t\t\t\t\t\t\t\t\t\t\t\t\t\t\t\t\t\t\t\t\t\t\t\t\t\t\t\t\t\t\t<\/ul>\n\t<\/div>\n\t<div class=\"fusion-post-content post-content\"><h2 class=\"blog-shortcode-post-title entry-title\"><a href=\"https:\/\/balticwind.eu\/pl\/energetyka-odnawialna-to-31-tys-miejsc-pracy-w-metropolii-hamburskiej\/\">Energetyka odnawialna to 31 tys. miejsc pracy w metropolii hamburskiej<\/a><\/h2><p class=\"fusion-single-line-meta\"><span class=\"vcard\" style=\"display: none;\"><span class=\"fn\"><a href=\"https:\/\/balticwind.eu\/pl\/author\/baltic-wind\/\" title=\"Wpisy od Baltic Wind\" rel=\"author\">Baltic Wind<\/a><\/span><\/span><span class=\"updated\" style=\"display:none;\">2026-08-28T07:33:59+02:00<\/span><a href=\"https:\/\/balticwind.eu\/pl\/category\/niemcy\/\" rel=\"category tag\">NIEMCY<\/a>, <a href=\"https:\/\/balticwind.eu\/pl\/category\/energia-wiatrowa-offshore\/\" rel=\"category tag\">OFFSHORE<\/a>, <a href=\"https:\/\/balticwind.eu\/pl\/category\/energia-wiatrowa-onshore\/\" rel=\"category tag\">ONSHORE<\/a><span class=\"fusion-inline-sep\">|<\/span><\/p><div class=\"fusion-post-content-container\"><p>Badanie dla klastra Erneuerbare Energien Hamburg wskazuje oko\u0142o 31 tys. miejsc pracy i 5,3 mld euro warto\u015bci dodanej brutto, przy czym najwi\u0119kszym segmentem jest energetyka wiatrowa.<\/p><\/div><\/div><div class=\"fusion-clearfix\"><\/div><\/article>\n<article id=\"blog-3-post-48102\" class=\"fusion-post-medium-alternate post-48102 post type-post status-publish format-standard has-post-thumbnail hentry category-niemcy category-energia-wiatrowa-onshore category-projekty\">\n<div class=\"fusion-date-and-formats\"><div class=\"fusion-date-box updated\"><span class=\"fusion-date\">27<\/span><span class=\"fusion-month-year\">08, 2026<\/span><\/div><div class=\"fusion-format-box\"><i class=\"fusion-icon-pen\" aria-hidden=\"true\"><\/i><\/div><\/div>\t<style type=\"text\/css\">\n\t\t\n\t\t\n\t\t\n\t\t\n\t\t\t<\/style>\n\n\n\t\t\t<div class=\"fusion-flexslider flexslider fusion-flexslider-loading fusion-post-slideshow\" style=\"\">\n\t\t<ul class=\"slides\">\n\t\t\t\n\t\t\t\t\t\t\t\t\t\t\t\t\t\t<li>\n\n<div  class=\"fusion-image-wrapper fusion-image-size-fixed\" aria-haspopup=\"true\">\n\t\n\t\n\t\t\t\n\t\t\t\t<a href=\"https:\/\/balticwind.eu\/pl\/capcora-poprowadzi-sprzedaz-portfela-projektow-sowitec-o-mocy-32-gw\/\" aria-label=\"Capcora poprowadzi sprzeda\u017c portfela projekt\u00f3w SOWITEC o mocy 32 GW\">\n\t\t\n\t\t\n\t\t\t\t\t<img decoding=\"async\" width=\"320\" height=\"202\" src=\"https:\/\/balticwind.eu\/wp-content\/uploads\/2026\/08\/capcora-mandated-sale-sowitec-wind-project-portfolio-320x202.jpg\" class=\"attachment-blog-medium size-blog-medium wp-post-image\" alt=\"\" srcset=\"https:\/\/balticwind.eu\/wp-content\/uploads\/2026\/08\/capcora-mandated-sale-sowitec-wind-project-portfolio-320x202.jpg 320w, https:\/\/balticwind.eu\/wp-content\/uploads\/2026\/08\/capcora-mandated-sale-sowitec-wind-project-portfolio-700x441.jpg 700w\" sizes=\"(max-width: 320px) 100vw, 320px\" \/>\n\t\n\n\n\t\t\t\t<\/a>\n\t\t\n\t\n<\/div>\n<\/li>\n\t\t\t\n\t\t\t\n\t\t\t\t\t\t\t\t\t\t\t\t\t\t\t\t\t\t\t\t\t\t\t\t\t\t\t\t\t\t\t\t\t\t\t\t\t\t\t\t\t\t\t\t\t\t\t\t\t\t\t\t\t\t\t\t\t\t\t\t\t\t\t\t\t\t\t\t<\/ul>\n\t<\/div>\n\t<div class=\"fusion-post-content post-content\"><h2 class=\"blog-shortcode-post-title entry-title\"><a href=\"https:\/\/balticwind.eu\/pl\/capcora-poprowadzi-sprzedaz-portfela-projektow-sowitec-o-mocy-32-gw\/\">Capcora poprowadzi sprzeda\u017c portfela projekt\u00f3w SOWITEC o mocy 32 GW<\/a><\/h2><p class=\"fusion-single-line-meta\"><span class=\"vcard\" style=\"display: none;\"><span class=\"fn\"><a href=\"https:\/\/balticwind.eu\/pl\/author\/baltic-wind\/\" title=\"Wpisy od Baltic Wind\" rel=\"author\">Baltic Wind<\/a><\/span><\/span><span class=\"updated\" style=\"display:none;\">2026-08-27T06:10:07+02:00<\/span><a href=\"https:\/\/balticwind.eu\/pl\/category\/niemcy\/\" rel=\"category tag\">NIEMCY<\/a>, <a href=\"https:\/\/balticwind.eu\/pl\/category\/energia-wiatrowa-onshore\/\" rel=\"category tag\">ONSHORE<\/a>, <a href=\"https:\/\/balticwind.eu\/pl\/category\/projekty\/\" rel=\"category tag\">PROJEKTY<\/a><span class=\"fusion-inline-sep\">|<\/span><\/p><div class=\"fusion-post-content-container\"><p>Frankfurcka firma doradcza Capcora poprowadzi sprzeda\u017c praw do projekt\u00f3w wiatrowych o \u0142\u0105cznej mocy oko\u0142o 32 GW nale\u017c\u0105cych do niewyp\u0142acalnej grupy SOWITEC, w tym oko\u0142o 330 MW w Niemczech.<\/p><\/div><\/div><div class=\"fusion-clearfix\"><\/div><\/article>\n<article id=\"blog-3-post-48066\" class=\"fusion-post-medium-alternate post-48066 post type-post status-publish format-standard has-post-thumbnail hentry category-niemcy category-energia-wiatrowa-onshore category-technologia-pl\">\n<div class=\"fusion-date-and-formats\"><div class=\"fusion-date-box updated\"><span class=\"fusion-date\">26<\/span><span class=\"fusion-month-year\">08, 2026<\/span><\/div><div class=\"fusion-format-box\"><i class=\"fusion-icon-pen\" aria-hidden=\"true\"><\/i><\/div><\/div>\t<style type=\"text\/css\">\n\t\t\n\t\t\n\t\t\n\t\t\n\t\t\t<\/style>\n\n\n\t\t\t<div class=\"fusion-flexslider flexslider fusion-flexslider-loading fusion-post-slideshow\" style=\"\">\n\t\t<ul class=\"slides\">\n\t\t\t\n\t\t\t\t\t\t\t\t\t\t\t\t\t\t<li>\n\n<div  class=\"fusion-image-wrapper fusion-image-size-fixed\" aria-haspopup=\"true\">\n\t\n\t\n\t\t\t\n\t\t\t\t<a href=\"https:\/\/balticwind.eu\/pl\/deutsche-windguard-przekracza-gigawat-mocy-w-technicznym-zarzadzaniu-eksploatacja\/\" aria-label=\"Deutsche WindGuard przekracza gigawat mocy w technicznym zarz\u0105dzaniu eksploatacj\u0105\">\n\t\t\n\t\t\n\t\t\t\t\t<img decoding=\"async\" width=\"320\" height=\"202\" src=\"https:\/\/balticwind.eu\/wp-content\/uploads\/2026\/08\/deutsche-windguard-one-gigawatt-technical-operations-management-320x202.jpg\" class=\"attachment-blog-medium size-blog-medium wp-post-image\" alt=\"\" srcset=\"https:\/\/balticwind.eu\/wp-content\/uploads\/2026\/08\/deutsche-windguard-one-gigawatt-technical-operations-management-320x202.jpg 320w, https:\/\/balticwind.eu\/wp-content\/uploads\/2026\/08\/deutsche-windguard-one-gigawatt-technical-operations-management-700x441.jpg 700w\" sizes=\"(max-width: 320px) 100vw, 320px\" \/>\n\t\n\n\n\t\t\t\t<\/a>\n\t\t\n\t\n<\/div>\n<\/li>\n\t\t\t\n\t\t\t\n\t\t\t\t\t\t\t\t\t\t\t\t\t\t\t\t\t\t\t\t\t\t\t\t\t\t\t\t\t\t\t\t\t\t\t\t\t\t\t\t\t\t\t\t\t\t\t\t\t\t\t\t\t\t\t\t\t\t\t\t\t\t\t\t\t\t\t\t<\/ul>\n\t<\/div>\n\t<div class=\"fusion-post-content post-content\"><h2 class=\"blog-shortcode-post-title entry-title\"><a href=\"https:\/\/balticwind.eu\/pl\/deutsche-windguard-przekracza-gigawat-mocy-w-technicznym-zarzadzaniu-eksploatacja\/\">Deutsche WindGuard przekracza gigawat mocy w technicznym zarz\u0105dzaniu eksploatacj\u0105<\/a><\/h2><p class=\"fusion-single-line-meta\"><span class=\"vcard\" style=\"display: none;\"><span class=\"fn\"><a href=\"https:\/\/balticwind.eu\/pl\/author\/baltic-wind\/\" title=\"Wpisy od Baltic Wind\" rel=\"author\">Baltic Wind<\/a><\/span><\/span><span class=\"updated\" style=\"display:none;\">2026-08-26T13:11:49+02:00<\/span><a href=\"https:\/\/balticwind.eu\/pl\/category\/niemcy\/\" rel=\"category tag\">NIEMCY<\/a>, <a href=\"https:\/\/balticwind.eu\/pl\/category\/energia-wiatrowa-onshore\/\" rel=\"category tag\">ONSHORE<\/a>, <a href=\"https:\/\/balticwind.eu\/pl\/category\/technologia-pl\/\" rel=\"category tag\">TECHNOLOGIA<\/a><span class=\"fusion-inline-sep\">|<\/span><\/p><div class=\"fusion-post-content-container\"><p>Firma us\u0142ugowa z Varel nadzoruje z ca\u0142odobowej dyspozytorni ponad 1 GW mocy wiatrowej, fotowoltaicznej, hybrydowej i magazynowej w Niemczech i Holandii.<\/p><\/div><\/div><div class=\"fusion-clearfix\"><\/div><\/article>\n<article id=\"blog-3-post-48024\" class=\"fusion-post-medium-alternate post-48024 post type-post status-publish format-standard has-post-thumbnail hentry category-niemcy category-energia-wiatrowa-onshore category-regulatory-pl\">\n<div class=\"fusion-date-and-formats\"><div class=\"fusion-date-box updated\"><span class=\"fusion-date\">24<\/span><span class=\"fusion-month-year\">08, 2026<\/span><\/div><div class=\"fusion-format-box\"><i class=\"fusion-icon-pen\" aria-hidden=\"true\"><\/i><\/div><\/div>\t<style type=\"text\/css\">\n\t\t\n\t\t\n\t\t\n\t\t\n\t\t\t<\/style>\n\n\n\t\t\t<div class=\"fusion-flexslider flexslider fusion-flexslider-loading fusion-post-slideshow\" style=\"\">\n\t\t<ul class=\"slides\">\n\t\t\t\n\t\t\t\t\t\t\t\t\t\t\t\t\t\t<li>\n\n<div  class=\"fusion-image-wrapper fusion-image-size-fixed\" aria-haspopup=\"true\">\n\t\n\t\n\t\t\t\n\t\t\t\t<a href=\"https:\/\/balticwind.eu\/pl\/tunel-pod-laba-dla-suedlink-gotowy-niemieckie-korytarze-przesylowe-blisko-uruchomienia\/\" aria-label=\"Tunel pod \u0141ab\u0105 dla SuedLink gotowy. Niemieckie korytarze przesy\u0142owe blisko uruchomienia\">\n\t\t\n\t\t\n\t\t\t\t\t<img decoding=\"async\" width=\"320\" height=\"202\" src=\"https:\/\/balticwind.eu\/wp-content\/uploads\/2026\/08\/suedlink-elbe-tunnel-complete-german-hvdc-corridors-2027-2028-320x202.jpg\" class=\"attachment-blog-medium size-blog-medium wp-post-image\" alt=\"\" srcset=\"https:\/\/balticwind.eu\/wp-content\/uploads\/2026\/08\/suedlink-elbe-tunnel-complete-german-hvdc-corridors-2027-2028-320x202.jpg 320w, https:\/\/balticwind.eu\/wp-content\/uploads\/2026\/08\/suedlink-elbe-tunnel-complete-german-hvdc-corridors-2027-2028-700x441.jpg 700w\" sizes=\"(max-width: 320px) 100vw, 320px\" \/>\n\t\n\n\n\t\t\t\t<\/a>\n\t\t\n\t\n<\/div>\n<\/li>\n\t\t\t\n\t\t\t\n\t\t\t\t\t\t\t\t\t\t\t\t\t\t\t\t\t\t\t\t\t\t\t\t\t\t\t\t\t\t\t\t\t\t\t\t\t\t\t\t\t\t\t\t\t\t\t\t\t\t\t\t\t\t\t\t\t\t\t\t\t\t\t\t\t\t\t\t<\/ul>\n\t<\/div>\n\t<div class=\"fusion-post-content post-content\"><h2 class=\"blog-shortcode-post-title entry-title\"><a href=\"https:\/\/balticwind.eu\/pl\/tunel-pod-laba-dla-suedlink-gotowy-niemieckie-korytarze-przesylowe-blisko-uruchomienia\/\">Tunel pod \u0141ab\u0105 dla SuedLink gotowy. Niemieckie korytarze przesy\u0142owe blisko uruchomienia<\/a><\/h2><p class=\"fusion-single-line-meta\"><span class=\"vcard\" style=\"display: none;\"><span class=\"fn\"><a href=\"https:\/\/balticwind.eu\/pl\/author\/baltic-wind\/\" title=\"Wpisy od Baltic Wind\" rel=\"author\">Baltic Wind<\/a><\/span><\/span><span class=\"updated\" style=\"display:none;\">2026-08-24T11:12:12+02:00<\/span><a href=\"https:\/\/balticwind.eu\/pl\/category\/niemcy\/\" rel=\"category tag\">NIEMCY<\/a>, <a href=\"https:\/\/balticwind.eu\/pl\/category\/energia-wiatrowa-onshore\/\" rel=\"category tag\">ONSHORE<\/a>, <a href=\"https:\/\/balticwind.eu\/pl\/category\/regulatory-pl\/\" rel=\"category tag\">REGULACJE<\/a><span class=\"fusion-inline-sep\">|<\/span><\/p><div class=\"fusion-post-content-container\"><p>Tunel ElbX o d\u0142ugo\u015bci 5,2 km pod \u0141ab\u0105 jest gotowy. Wci\u0105ganie kabli ruszy pod koniec 2027 roku, a 700-kilometrowe po\u0142\u0105czenie wejdzie do eksploatacji z ko\u0144cem 2028.<\/p><\/div><\/div><div class=\"fusion-clearfix\"><\/div><\/article>\n<article id=\"blog-3-post-48018\" class=\"fusion-post-medium-alternate post-48018 post type-post status-publish format-standard has-post-thumbnail hentry category-niemcy category-energia-wiatrowa-offshore category-energia-wiatrowa-onshore\">\n<div class=\"fusion-date-and-formats\"><div class=\"fusion-date-box updated\"><span class=\"fusion-date\">24<\/span><span class=\"fusion-month-year\">08, 2026<\/span><\/div><div class=\"fusion-format-box\"><i class=\"fusion-icon-pen\" aria-hidden=\"true\"><\/i><\/div><\/div>\t<style type=\"text\/css\">\n\t\t\n\t\t\n\t\t\n\t\t\n\t\t\t<\/style>\n\n\n\t\t\t<div class=\"fusion-flexslider flexslider fusion-flexslider-loading fusion-post-slideshow\" style=\"\">\n\t\t<ul class=\"slides\">\n\t\t\t\n\t\t\t\t\t\t\t\t\t\t\t\t\t\t<li>\n\n<div  class=\"fusion-image-wrapper fusion-image-size-fixed\" aria-haspopup=\"true\">\n\t\n\t\n\t\t\t\n\t\t\t\t<a href=\"https:\/\/balticwind.eu\/pl\/przyrost-mocy-wiatrowej-w-niemczech-w-gore-o-53-proc-offshore-wraca-do-sieci\/\" aria-label=\"Przyrost mocy wiatrowej w Niemczech w g\u00f3r\u0119 o 53 proc. Offshore wraca do sieci\">\n\t\t\n\t\t\n\t\t\t\t\t<img decoding=\"async\" width=\"320\" height=\"202\" src=\"https:\/\/balticwind.eu\/wp-content\/uploads\/2026\/08\/german-wind-additions-3948-mw-january-july-2026-offshore-rebound-320x202.jpg\" class=\"attachment-blog-medium size-blog-medium wp-post-image\" alt=\"\" srcset=\"https:\/\/balticwind.eu\/wp-content\/uploads\/2026\/08\/german-wind-additions-3948-mw-january-july-2026-offshore-rebound-320x202.jpg 320w, https:\/\/balticwind.eu\/wp-content\/uploads\/2026\/08\/german-wind-additions-3948-mw-january-july-2026-offshore-rebound-700x441.jpg 700w\" sizes=\"(max-width: 320px) 100vw, 320px\" \/>\n\t\n\n\n\t\t\t\t<\/a>\n\t\t\n\t\n<\/div>\n<\/li>\n\t\t\t\n\t\t\t\n\t\t\t\t\t\t\t\t\t\t\t\t\t\t\t\t\t\t\t\t\t\t\t\t\t\t\t\t\t\t\t\t\t\t\t\t\t\t\t\t\t\t\t\t\t\t\t\t\t\t\t\t\t\t\t\t\t\t\t\t\t\t\t\t\t\t\t\t<\/ul>\n\t<\/div>\n\t<div class=\"fusion-post-content post-content\"><h2 class=\"blog-shortcode-post-title entry-title\"><a href=\"https:\/\/balticwind.eu\/pl\/przyrost-mocy-wiatrowej-w-niemczech-w-gore-o-53-proc-offshore-wraca-do-sieci\/\">Przyrost mocy wiatrowej w Niemczech w g\u00f3r\u0119 o 53 proc. Offshore wraca do sieci<\/a><\/h2><p class=\"fusion-single-line-meta\"><span class=\"vcard\" style=\"display: none;\"><span class=\"fn\"><a href=\"https:\/\/balticwind.eu\/pl\/author\/baltic-wind\/\" title=\"Wpisy od Baltic Wind\" rel=\"author\">Baltic Wind<\/a><\/span><\/span><span class=\"updated\" style=\"display:none;\">2026-08-24T11:11:53+02:00<\/span><a href=\"https:\/\/balticwind.eu\/pl\/category\/niemcy\/\" rel=\"category tag\">NIEMCY<\/a>, <a href=\"https:\/\/balticwind.eu\/pl\/category\/energia-wiatrowa-offshore\/\" rel=\"category tag\">OFFSHORE<\/a>, <a href=\"https:\/\/balticwind.eu\/pl\/category\/energia-wiatrowa-onshore\/\" rel=\"category tag\">ONSHORE<\/a><span class=\"fusion-inline-sep\">|<\/span><\/p><div class=\"fusion-post-content-container\"><p>Od stycznia do lipca 2026 roku Niemcy doda\u0142y 3948 MW mocy wiatrowej, o 53 proc. wi\u0119cej rok do roku, w tym 1194 MW offshore po roku bez ani jednego uruchomienia na morzu.<\/p><\/div><\/div><div class=\"fusion-clearfix\"><\/div><\/article>\n<article id=\"blog-3-post-48012\" class=\"fusion-post-medium-alternate post-48012 post type-post status-publish format-standard has-post-thumbnail hentry category-niemcy category-regulatory-pl\">\n<div class=\"fusion-date-and-formats\"><div class=\"fusion-date-box updated\"><span class=\"fusion-date\">24<\/span><span class=\"fusion-month-year\">08, 2026<\/span><\/div><div class=\"fusion-format-box\"><i class=\"fusion-icon-pen\" aria-hidden=\"true\"><\/i><\/div><\/div>\t<style type=\"text\/css\">\n\t\t\n\t\t\n\t\t\n\t\t\n\t\t\t<\/style>\n\n\n\t\t\t<div class=\"fusion-flexslider flexslider fusion-flexslider-loading fusion-post-slideshow\" style=\"\">\n\t\t<ul class=\"slides\">\n\t\t\t\n\t\t\t\t\t\t\t\t\t\t\t\t\t\t<li>\n\n<div  class=\"fusion-image-wrapper fusion-image-size-fixed\" aria-haspopup=\"true\">\n\t\n\t\n\t\t\t\n\t\t\t\t<a href=\"https:\/\/balticwind.eu\/pl\/niemiecki-pakiet-sieciowo-mocowy-pod-prawnym-ostrzalem-z-kilku-stron\/\" aria-label=\"Niemiecki pakiet sieciowo-mocowy pod prawnym ostrza\u0142em z kilku stron\">\n\t\t\n\t\t\n\t\t\t\t\t<img decoding=\"async\" width=\"320\" height=\"202\" src=\"https:\/\/balticwind.eu\/wp-content\/uploads\/2026\/08\/germany-grid-capacity-package-constitutional-eu-law-challenges-320x202.jpg\" class=\"attachment-blog-medium size-blog-medium wp-post-image\" alt=\"\" srcset=\"https:\/\/balticwind.eu\/wp-content\/uploads\/2026\/08\/germany-grid-capacity-package-constitutional-eu-law-challenges-320x202.jpg 320w, https:\/\/balticwind.eu\/wp-content\/uploads\/2026\/08\/germany-grid-capacity-package-constitutional-eu-law-challenges-700x441.jpg 700w\" sizes=\"(max-width: 320px) 100vw, 320px\" \/>\n\t\n\n\n\t\t\t\t<\/a>\n\t\t\n\t\n<\/div>\n<\/li>\n\t\t\t\n\t\t\t\n\t\t\t\t\t\t\t\t\t\t\t\t\t\t\t\t\t\t\t\t\t\t\t\t\t\t\t\t\t\t\t\t\t\t\t\t\t\t\t\t\t\t\t\t\t\t\t\t\t\t\t\t\t\t\t\t\t\t\t\t\t\t\t\t\t\t\t\t<\/ul>\n\t<\/div>\n\t<div class=\"fusion-post-content post-content\"><h2 class=\"blog-shortcode-post-title entry-title\"><a href=\"https:\/\/balticwind.eu\/pl\/niemiecki-pakiet-sieciowo-mocowy-pod-prawnym-ostrzalem-z-kilku-stron\/\">Niemiecki pakiet sieciowo-mocowy pod prawnym ostrza\u0142em z kilku stron<\/a><\/h2><p class=\"fusion-single-line-meta\"><span class=\"vcard\" style=\"display: none;\"><span class=\"fn\"><a href=\"https:\/\/balticwind.eu\/pl\/author\/baltic-wind\/\" title=\"Wpisy od Baltic Wind\" rel=\"author\">Baltic Wind<\/a><\/span><\/span><span class=\"updated\" style=\"display:none;\">2026-08-24T11:11:31+02:00<\/span><a href=\"https:\/\/balticwind.eu\/pl\/category\/niemcy\/\" rel=\"category tag\">NIEMCY<\/a>, <a href=\"https:\/\/balticwind.eu\/pl\/category\/regulatory-pl\/\" rel=\"category tag\">REGULACJE<\/a><span class=\"fusion-inline-sep\">|<\/span><\/p><div class=\"fusion-post-content-container\"><p>Niemiecki pakiet przy\u0142\u0105czeniowy mierzy si\u0119 z opini\u0105 o niekonstytucyjno\u015bci, w\u0105tpliwo\u015bciami co do zgodno\u015bci z prawem UE, ostrze\u017ceniem Bundeskartellamt i skarg\u0105 do KE na ustaw\u0119 o rynku mocy.<\/p><\/div><\/div><div class=\"fusion-clearfix\"><\/div><\/article>\n<article id=\"blog-3-post-47994\" class=\"fusion-post-medium-alternate post-47994 post type-post status-publish format-standard has-post-thumbnail hentry category-niemcy category-energia-wiatrowa-offshore category-projekty\">\n<div class=\"fusion-date-and-formats\"><div class=\"fusion-date-box updated\"><span class=\"fusion-date\">24<\/span><span class=\"fusion-month-year\">08, 2026<\/span><\/div><div class=\"fusion-format-box\"><i class=\"fusion-icon-pen\" aria-hidden=\"true\"><\/i><\/div><\/div>\t<style type=\"text\/css\">\n\t\t\n\t\t\n\t\t\n\t\t\n\t\t\t<\/style>\n\n\n\t\t\t<div class=\"fusion-flexslider flexslider fusion-flexslider-loading fusion-post-slideshow\" style=\"\">\n\t\t<ul class=\"slides\">\n\t\t\t\n\t\t\t\t\t\t\t\t\t\t\t\t\t\t<li>\n\n<div  class=\"fusion-image-wrapper fusion-image-size-fixed\" aria-haspopup=\"true\">\n\t\n\t\n\t\t\t\n\t\t\t\t<a href=\"https:\/\/balticwind.eu\/pl\/enbw-konczy-montaz-turbin-na-najwiekszej-niemieckiej-farmie-morskiej\/\" aria-label=\"EnBW ko\u0144czy monta\u017c turbin na najwi\u0119kszej niemieckiej farmie morskiej\">\n\t\t\n\t\t\n\t\t\t\t\t<img decoding=\"async\" width=\"320\" height=\"202\" src=\"https:\/\/balticwind.eu\/wp-content\/uploads\/2026\/08\/enbw-he-dreiht-all-64-turbines-installed-germany-largest-offshore-320x202.jpg\" class=\"attachment-blog-medium size-blog-medium wp-post-image\" alt=\"\" srcset=\"https:\/\/balticwind.eu\/wp-content\/uploads\/2026\/08\/enbw-he-dreiht-all-64-turbines-installed-germany-largest-offshore-320x202.jpg 320w, https:\/\/balticwind.eu\/wp-content\/uploads\/2026\/08\/enbw-he-dreiht-all-64-turbines-installed-germany-largest-offshore-700x441.jpg 700w\" sizes=\"(max-width: 320px) 100vw, 320px\" \/>\n\t\n\n\n\t\t\t\t<\/a>\n\t\t\n\t\n<\/div>\n<\/li>\n\t\t\t\n\t\t\t\n\t\t\t\t\t\t\t\t\t\t\t\t\t\t\t\t\t\t\t\t\t\t\t\t\t\t\t\t\t\t\t\t\t\t\t\t\t\t\t\t\t\t\t\t\t\t\t\t\t\t\t\t\t\t\t\t\t\t\t\t\t\t\t\t\t\t\t\t<\/ul>\n\t<\/div>\n\t<div class=\"fusion-post-content post-content\"><h2 class=\"blog-shortcode-post-title entry-title\"><a href=\"https:\/\/balticwind.eu\/pl\/enbw-konczy-montaz-turbin-na-najwiekszej-niemieckiej-farmie-morskiej\/\">EnBW ko\u0144czy monta\u017c turbin na najwi\u0119kszej niemieckiej farmie morskiej<\/a><\/h2><p class=\"fusion-single-line-meta\"><span class=\"vcard\" style=\"display: none;\"><span class=\"fn\"><a href=\"https:\/\/balticwind.eu\/pl\/author\/baltic-wind\/\" title=\"Wpisy od Baltic Wind\" rel=\"author\">Baltic Wind<\/a><\/span><\/span><span class=\"updated\" style=\"display:none;\">2026-08-24T11:09:08+02:00<\/span><a href=\"https:\/\/balticwind.eu\/pl\/category\/niemcy\/\" rel=\"category tag\">NIEMCY<\/a>, <a href=\"https:\/\/balticwind.eu\/pl\/category\/energia-wiatrowa-offshore\/\" rel=\"category tag\">OFFSHORE<\/a>, <a href=\"https:\/\/balticwind.eu\/pl\/category\/projekty\/\" rel=\"category tag\">PROJEKTY<\/a><span class=\"fusion-inline-sep\">|<\/span><\/p><div class=\"fusion-post-content-container\"><p>Wszystkie 64 turbiny Vestas o mocy 15 MW stoj\u0105 na farmie He Dreiht (960 MW) \u2014 najwi\u0119kszej w Niemczech, budowanej bez wsparcia pa\u0144stwa i opartej na korporacyjnych PPA.<\/p><\/div><\/div><div class=\"fusion-clearfix\"><\/div><\/article>\n<article id=\"blog-3-post-47988\" class=\"fusion-post-medium-alternate post-47988 post type-post status-publish format-standard has-post-thumbnail hentry category-niemcy category-energia-wiatrowa-offshore category-regulatory-pl\">\n<div class=\"fusion-date-and-formats\"><div class=\"fusion-date-box updated\"><span class=\"fusion-date\">24<\/span><span class=\"fusion-month-year\">08, 2026<\/span><\/div><div class=\"fusion-format-box\"><i class=\"fusion-icon-pen\" aria-hidden=\"true\"><\/i><\/div><\/div>\t<style type=\"text\/css\">\n\t\t\n\t\t\n\t\t\n\t\t\n\t\t\t<\/style>\n\n\n\t\t\t<div class=\"fusion-flexslider flexslider fusion-flexslider-loading fusion-post-slideshow\" style=\"\">\n\t\t<ul class=\"slides\">\n\t\t\t\n\t\t\t\t\t\t\t\t\t\t\t\t\t\t<li>\n\n<div  class=\"fusion-image-wrapper fusion-image-size-fixed\" aria-haspopup=\"true\">\n\t\n\t\n\t\t\t\n\t\t\t\t<a href=\"https:\/\/balticwind.eu\/pl\/niemiecka-branza-offshore-naciska-na-kontrakty-roznicowe-po-aukcji-bez-ofert\/\" aria-label=\"Niemiecka bran\u017ca offshore naciska na kontrakty r\u00f3\u017cnicowe po aukcji bez ofert\">\n\t\t\n\t\t\n\t\t\t\t\t<img decoding=\"async\" width=\"320\" height=\"202\" src=\"https:\/\/balticwind.eu\/wp-content\/uploads\/2026\/08\/germany-windseeg-amendment-contracts-for-difference-zero-bid-round-320x202.jpg\" class=\"attachment-blog-medium size-blog-medium wp-post-image\" alt=\"\" srcset=\"https:\/\/balticwind.eu\/wp-content\/uploads\/2026\/08\/germany-windseeg-amendment-contracts-for-difference-zero-bid-round-320x202.jpg 320w, https:\/\/balticwind.eu\/wp-content\/uploads\/2026\/08\/germany-windseeg-amendment-contracts-for-difference-zero-bid-round-700x441.jpg 700w\" sizes=\"(max-width: 320px) 100vw, 320px\" \/>\n\t\n\n\n\t\t\t\t<\/a>\n\t\t\n\t\n<\/div>\n<\/li>\n\t\t\t\n\t\t\t\n\t\t\t\t\t\t\t\t\t\t\t\t\t\t\t\t\t\t\t\t\t\t\t\t\t\t\t\t\t\t\t\t\t\t\t\t\t\t\t\t\t\t\t\t\t\t\t\t\t\t\t\t\t\t\t\t\t\t\t\t\t\t\t\t\t\t\t\t<\/ul>\n\t<\/div>\n\t<div class=\"fusion-post-content post-content\"><h2 class=\"blog-shortcode-post-title entry-title\"><a href=\"https:\/\/balticwind.eu\/pl\/niemiecka-branza-offshore-naciska-na-kontrakty-roznicowe-po-aukcji-bez-ofert\/\">Niemiecka bran\u017ca offshore naciska na kontrakty r\u00f3\u017cnicowe po aukcji bez ofert<\/a><\/h2><p class=\"fusion-single-line-meta\"><span class=\"vcard\" style=\"display: none;\"><span class=\"fn\"><a href=\"https:\/\/balticwind.eu\/pl\/author\/baltic-wind\/\" title=\"Wpisy od Baltic Wind\" rel=\"author\">Baltic Wind<\/a><\/span><\/span><span class=\"updated\" style=\"display:none;\">2026-08-24T11:08:45+02:00<\/span><a href=\"https:\/\/balticwind.eu\/pl\/category\/niemcy\/\" rel=\"category tag\">NIEMCY<\/a>, <a href=\"https:\/\/balticwind.eu\/pl\/category\/energia-wiatrowa-offshore\/\" rel=\"category tag\">OFFSHORE<\/a>, <a href=\"https:\/\/balticwind.eu\/pl\/category\/regulatory-pl\/\" rel=\"category tag\">REGULACJE<\/a><span class=\"fusion-inline-sep\">|<\/span><\/p><div class=\"fusion-post-content-container\"><p>Po aukcji offshore bez ofert projekt nowelizacji WindSeeG przewiduje 2000\u20134800 MW rocznie, dwustronne CfD i 35-letni okres eksploatacji. Bran\u017ca uwa\u017ca, \u017ce to za ma\u0142o.<\/p><\/div><\/div><div class=\"fusion-clearfix\"><\/div><\/article>\n<article id=\"blog-3-post-47964\" class=\"fusion-post-medium-alternate post-47964 post type-post status-publish format-standard has-post-thumbnail hentry category-niemcy category-opinie category-regulatory-pl\">\n<div class=\"fusion-date-and-formats\"><div class=\"fusion-date-box updated\"><span class=\"fusion-date\">24<\/span><span class=\"fusion-month-year\">08, 2026<\/span><\/div><div class=\"fusion-format-box\"><i class=\"fusion-icon-pen\" aria-hidden=\"true\"><\/i><\/div><\/div>\t<style type=\"text\/css\">\n\t\t\n\t\t\n\t\t\n\t\t\n\t\t\t<\/style>\n\n\n\t\t\t<div class=\"fusion-flexslider flexslider fusion-flexslider-loading fusion-post-slideshow\" style=\"\">\n\t\t<ul class=\"slides\">\n\t\t\t\n\t\t\t\t\t\t\t\t\t\t\t\t\t\t<li>\n\n<div  class=\"fusion-image-wrapper fusion-image-size-fixed\" aria-haspopup=\"true\">\n\t\n\t\n\t\t\t\n\t\t\t\t<a href=\"https:\/\/balticwind.eu\/pl\/analiza-iwr-nowy-kurs-niemieckiej-polityki-energetycznej-oznacza-wyzsze-ceny-pradu\/\" aria-label=\"Analiza IWR: nowy kurs niemieckiej polityki energetycznej oznacza wy\u017csze ceny pr\u0105du\">\n\t\t\n\t\t\n\t\t\t\t\t<img decoding=\"async\" width=\"320\" height=\"202\" src=\"https:\/\/balticwind.eu\/wp-content\/uploads\/2026\/08\/iwr-analysis-german-energy-policy-higher-power-prices-320x202.jpg\" class=\"attachment-blog-medium size-blog-medium wp-post-image\" alt=\"\" srcset=\"https:\/\/balticwind.eu\/wp-content\/uploads\/2026\/08\/iwr-analysis-german-energy-policy-higher-power-prices-320x202.jpg 320w, https:\/\/balticwind.eu\/wp-content\/uploads\/2026\/08\/iwr-analysis-german-energy-policy-higher-power-prices-700x441.jpg 700w\" sizes=\"(max-width: 320px) 100vw, 320px\" \/>\n\t\n\n\n\t\t\t\t<\/a>\n\t\t\n\t\n<\/div>\n<\/li>\n\t\t\t\n\t\t\t\n\t\t\t\t\t\t\t\t\t\t\t\t\t\t\t\t\t\t\t\t\t\t\t\t\t\t\t\t\t\t\t\t\t\t\t\t\t\t\t\t\t\t\t\t\t\t\t\t\t\t\t\t\t\t\t\t\t\t\t\t\t\t\t\t\t\t\t\t<\/ul>\n\t<\/div>\n\t<div class=\"fusion-post-content post-content\"><h2 class=\"blog-shortcode-post-title entry-title\"><a href=\"https:\/\/balticwind.eu\/pl\/analiza-iwr-nowy-kurs-niemieckiej-polityki-energetycznej-oznacza-wyzsze-ceny-pradu\/\">Analiza IWR: nowy kurs niemieckiej polityki energetycznej oznacza wy\u017csze ceny pr\u0105du<\/a><\/h2><p class=\"fusion-single-line-meta\"><span class=\"vcard\" style=\"display: none;\"><span class=\"fn\"><a href=\"https:\/\/balticwind.eu\/pl\/author\/baltic-wind\/\" title=\"Wpisy od Baltic Wind\" rel=\"author\">Baltic Wind<\/a><\/span><\/span><span class=\"updated\" style=\"display:none;\">2026-08-24T10:35:09+02:00<\/span><a href=\"https:\/\/balticwind.eu\/pl\/category\/niemcy\/\" rel=\"category tag\">NIEMCY<\/a>, <a href=\"https:\/\/balticwind.eu\/pl\/category\/opinie\/\" rel=\"category tag\">OPINIE<\/a>, <a href=\"https:\/\/balticwind.eu\/pl\/category\/regulatory-pl\/\" rel=\"category tag\">REGULACJE<\/a><span class=\"fusion-inline-sep\">|<\/span><\/p><div class=\"fusion-post-content-container\"><p>Analiza IWR wskazuje, \u017ce niemiecki rynek mocy, nowelizacja EEG i pakiet przy\u0142\u0105czeniowy przesuwaj\u0105 sterowanie systemem do regulowanych monopoli i podnios\u0105, a nie obni\u017c\u0105 ceny pr\u0105du.<\/p><\/div><\/div><div class=\"fusion-clearfix\"><\/div><\/article>\n<article id=\"blog-3-post-47958\" class=\"fusion-post-medium-alternate post-47958 post type-post status-publish format-standard has-post-thumbnail hentry category-event-pl category-niemcy category-energia-wiatrowa-offshore\">\n<div class=\"fusion-date-and-formats\"><div class=\"fusion-date-box updated\"><span class=\"fusion-date\">24<\/span><span class=\"fusion-month-year\">08, 2026<\/span><\/div><div class=\"fusion-format-box\"><i class=\"fusion-icon-pen\" aria-hidden=\"true\"><\/i><\/div><\/div>\t<style type=\"text\/css\">\n\t\t\n\t\t\n\t\t\n\t\t\n\t\t\t<\/style>\n\n\n\t\t\t<div class=\"fusion-flexslider flexslider fusion-flexslider-loading fusion-post-slideshow\" style=\"\">\n\t\t<ul class=\"slides\">\n\t\t\t\n\t\t\t\t\t\t\t\t\t\t\t\t\t\t<li>\n\n<div  class=\"fusion-image-wrapper fusion-image-size-fixed\" aria-haspopup=\"true\">\n\t\n\t\n\t\t\t\n\t\t\t\t<a href=\"https:\/\/balticwind.eu\/pl\/debata-online-bwo-o-reformie-ets-i-stalowym-lancuchu-dostaw-morskiej-energetyki-wiatrowej\/\" aria-label=\"Debata online BWO o reformie ETS i stalowym \u0142a\u0144cuchu dostaw morskiej energetyki wiatrowej\">\n\t\t\n\t\t\n\t\t\t\t\t<img decoding=\"async\" width=\"320\" height=\"202\" src=\"https:\/\/balticwind.eu\/wp-content\/uploads\/2026\/08\/bwo-online-talk-ets-revision-offshore-wind-steel-supply-chain-320x202.jpg\" class=\"attachment-blog-medium size-blog-medium wp-post-image\" alt=\"\" srcset=\"https:\/\/balticwind.eu\/wp-content\/uploads\/2026\/08\/bwo-online-talk-ets-revision-offshore-wind-steel-supply-chain-320x202.jpg 320w, https:\/\/balticwind.eu\/wp-content\/uploads\/2026\/08\/bwo-online-talk-ets-revision-offshore-wind-steel-supply-chain-700x441.jpg 700w\" sizes=\"(max-width: 320px) 100vw, 320px\" \/>\n\t\n\n\n\t\t\t\t<\/a>\n\t\t\n\t\n<\/div>\n<\/li>\n\t\t\t\n\t\t\t\n\t\t\t\t\t\t\t\t\t\t\t\t\t\t\t\t\t\t\t\t\t\t\t\t\t\t\t\t\t\t\t\t\t\t\t\t\t\t\t\t\t\t\t\t\t\t\t\t\t\t\t\t\t\t\t\t\t\t\t\t\t\t\t\t\t\t\t\t<\/ul>\n\t<\/div>\n\t<div class=\"fusion-post-content post-content\"><h2 class=\"blog-shortcode-post-title entry-title\"><a href=\"https:\/\/balticwind.eu\/pl\/debata-online-bwo-o-reformie-ets-i-stalowym-lancuchu-dostaw-morskiej-energetyki-wiatrowej\/\">Debata online BWO o reformie ETS i stalowym \u0142a\u0144cuchu dostaw morskiej energetyki wiatrowej<\/a><\/h2><p class=\"fusion-single-line-meta\"><span class=\"vcard\" style=\"display: none;\"><span class=\"fn\"><a href=\"https:\/\/balticwind.eu\/pl\/author\/baltic-wind\/\" title=\"Wpisy od Baltic Wind\" rel=\"author\">Baltic Wind<\/a><\/span><\/span><span class=\"updated\" style=\"display:none;\">2026-08-24T10:34:39+02:00<\/span><a href=\"https:\/\/balticwind.eu\/pl\/category\/event-pl\/\" rel=\"category tag\">EVENT<\/a>, <a href=\"https:\/\/balticwind.eu\/pl\/category\/niemcy\/\" rel=\"category tag\">NIEMCY<\/a>, <a href=\"https:\/\/balticwind.eu\/pl\/category\/energia-wiatrowa-offshore\/\" rel=\"category tag\">OFFSHORE<\/a><span class=\"fusion-inline-sep\">|<\/span><\/p><div class=\"fusion-post-content-container\"><p>BWO organizuje 26 sierpnia panel online z udzia\u0142em europos\u0142a Petera Liese, Steelwind Nordenham, Salzgitter i \u00d8rsted o wp\u0142ywie rewizji ETS na stal dla offshore.<\/p><\/div><\/div><div class=\"fusion-clearfix\"><\/div><\/article>\n<\/div><div class=\"fusion-infinite-scroll-trigger\"><\/div><div class=\"pagination infinite-scroll clearfix\" style=\"display:none;\"><span class=\"current\">1<\/span><a href=\"https:\/\/balticwind.eu\/pl\/wp-json\/wp\/v2\/pages\/4447\/page\/2\/\" class=\"inactive\">2<\/a><a class=\"pagination-next\" rel=\"next\" href=\"https:\/\/balticwind.eu\/pl\/wp-json\/wp\/v2\/pages\/4447\/page\/2\/\"><span class=\"page-text\">Kolejny<\/span><span class=\"page-next\"><\/span><\/a><\/div><div class=\"fusion-clearfix\"><\/div><button class=\"fusion-load-more-button fusion-blog-button fusion-clearfix\">Load More Posts<\/button><\/div><div class=\"fusion-separator\" style=\"align-self: center;margin-left: auto;margin-right: auto;margin-bottom:10px;width:100%;max-width:80%;\"><div class=\"fusion-separator-border sep-single sep-solid\" style=\"border-color:#1f2a3b;border-top-width:12px;\"><\/div><\/div><\/div><style type=\"text\/css\">.fusion-body .fusion-builder-nested-column-0{width:66.666666666667% !important;margin-top : 0px;margin-bottom : 20px;}.fusion-builder-nested-column-0 > .fusion-column-wrapper {padding-top : 0px !important;padding-right : 0px !important;margin-right : 2.88%;padding-bottom : 0px !important;padding-left : 0px !important;margin-left : 2.88%;}@media only screen and (max-width:1024px) {.fusion-body .fusion-builder-nested-column-0{width:100% !important;order : 0;}.fusion-builder-nested-column-0 > .fusion-column-wrapper {margin-right : 1.92%;margin-left : 1.92%;}}@media only screen and (max-width:640px) {.fusion-body .fusion-builder-nested-column-0{width:100% !important;order : 0;}.fusion-builder-nested-column-0 > .fusion-column-wrapper {margin-right : 1.92%;margin-left : 1.92%;}}<\/style><\/div><div class=\"fusion-layout-column fusion_builder_column_inner fusion-builder-nested-column-1 fusion_builder_column_inner_1_3 1_3 fusion-flex-column\"><div class=\"fusion-column-wrapper fusion-flex-justify-content-flex-start fusion-content-layout-column\" style=\"background-position:left top;background-repeat:no-repeat;-webkit-background-size:cover;-moz-background-size:cover;-o-background-size:cover;background-size:cover;padding: 0px 0px 0px 0px;\"><div class=\"fusion-separator fusion-full-width-sep\" style=\"align-self: center;margin-left: auto;margin-right: auto;margin-bottom:10px;width:100%;max-width:100%;\"><div class=\"fusion-separator-border sep-single sep-solid\" style=\"border-color:#1f2a3b;border-top-width:12px;\"><\/div><\/div><style type=\"text\/css\">@media only screen and (max-width:1024px) {.fusion-title.fusion-title-5{margin-top:20px!important; margin-right:0px!important;margin-bottom:20px!important;margin-left:0px!important;}}@media only screen and (max-width:640px) {.fusion-title.fusion-title-5{margin-top:0px!important; margin-right:0px!important;margin-bottom:20px!important; margin-left:0px!important;}}<\/style><div class=\"fusion-title title fusion-title-5 fusion-title-center fusion-title-text fusion-title-size-two\" style=\"margin-top:20px;margin-right:0px;margin-bottom:20px;margin-left:0px;\"><div class=\"title-sep-container title-sep-container-left\"><div class=\"title-sep sep-\" style=\"border-color:#eaeaea;\"><\/div><\/div><h2 class=\"title-heading-center fusion-responsive-typography-calculated\" style=\"margin:0;--fontSize:20;line-height:1.00;\">PARTNERZY STRATEGICZNI<\/h2><div class=\"title-sep-container title-sep-container-right\"><div class=\"title-sep sep-\" style=\"border-color:#eaeaea;\"><\/div><\/div><\/div><div style=\"text-align:center;\"><span class=\" fusion-imageframe imageframe-none imageframe-1 hover-type-none\" style=\"width:100%;max-width:43%;margin-top:0px;margin-bottom:20px;\"><a class=\"fusion-no-lightbox\" href=\"https:\/\/www.balticpower.pl\/\" target=\"_blank\" aria-label=\"Logo_Baltic_Power+ORLEN+NP_NEW_rgb_mono-01\" rel=\"noopener noreferrer\"><img decoding=\"async\" width=\"396\" height=\"432\" src=\"https:\/\/balticwind.eu\/wp-content\/uploads\/2023\/01\/Logo_Baltic_PowerORLENNP_NEW_rgb_mono-01.svg\" class=\"img-responsive wp-image-22344\"\/><\/a><\/span><\/div><div style=\"text-align:center;\"><span class=\" fusion-imageframe imageframe-none imageframe-2 hover-type-none\" style=\"width:100%;max-width:43%;margin-top:0px;margin-bottom:20px;\"><a class=\"fusion-no-lightbox\" href=\"https:\/\/neptun.orlen.pl\/pl\" target=\"_blank\" aria-label=\"ORLEN Neptun LOGO RGB\" rel=\"noopener noreferrer\"><img decoding=\"async\" width=\"1814\" height=\"702\" src=\"https:\/\/balticwind.eu\/wp-content\/uploads\/2023\/04\/ORLEN-Neptun-LOGO-RGB.png\" class=\"img-responsive wp-image-25362\" srcset=\"https:\/\/balticwind.eu\/wp-content\/uploads\/2023\/04\/ORLEN-Neptun-LOGO-RGB-200x77.png 200w, https:\/\/balticwind.eu\/wp-content\/uploads\/2023\/04\/ORLEN-Neptun-LOGO-RGB-400x155.png 400w, https:\/\/balticwind.eu\/wp-content\/uploads\/2023\/04\/ORLEN-Neptun-LOGO-RGB-600x232.png 600w, https:\/\/balticwind.eu\/wp-content\/uploads\/2023\/04\/ORLEN-Neptun-LOGO-RGB-800x310.png 800w, https:\/\/balticwind.eu\/wp-content\/uploads\/2023\/04\/ORLEN-Neptun-LOGO-RGB-1200x464.png 1200w, https:\/\/balticwind.eu\/wp-content\/uploads\/2023\/04\/ORLEN-Neptun-LOGO-RGB.png 1814w\" sizes=\"(max-width: 1024px) 100vw, (max-width: 640px) 100vw, 400px\" \/><\/a><\/span><\/div><div style=\"text-align:center;\"><span class=\" fusion-imageframe imageframe-none imageframe-3 hover-type-none\" style=\"width:100%;max-width:43%;margin-top:0px;margin-bottom:20px;\"><a class=\"fusion-no-lightbox\" href=\"https:\/\/pgebaltica.pl\/\" target=\"_blank\" aria-label=\"logo-PGE-BALTICA-pion-RGB\" rel=\"noopener noreferrer\"><img decoding=\"async\" width=\"777\" height=\"574\" src=\"https:\/\/balticwind.eu\/wp-content\/uploads\/2025\/02\/logo-PGE-BALTICA-pion-RGB.jpg\" class=\"img-responsive wp-image-41781\" srcset=\"https:\/\/balticwind.eu\/wp-content\/uploads\/2025\/02\/logo-PGE-BALTICA-pion-RGB-200x148.jpg 200w, https:\/\/balticwind.eu\/wp-content\/uploads\/2025\/02\/logo-PGE-BALTICA-pion-RGB-400x295.jpg 400w, https:\/\/balticwind.eu\/wp-content\/uploads\/2025\/02\/logo-PGE-BALTICA-pion-RGB-600x443.jpg 600w, https:\/\/balticwind.eu\/wp-content\/uploads\/2025\/02\/logo-PGE-BALTICA-pion-RGB.jpg 777w\" sizes=\"(max-width: 1024px) 100vw, (max-width: 640px) 100vw, 400px\" \/><\/a><\/span><\/div><div class=\"fusion-separator\" style=\"align-self: center;margin-left: auto;margin-right: auto;margin-bottom:10px;width:100%;max-width:80%;\"><\/div><div style=\"text-align:center;\"><span class=\" fusion-imageframe imageframe-none imageframe-4 hover-type-none\"><a class=\"fusion-no-lightbox\" href=\"https:\/\/balticwind.eu\/pl\/reklama\/\" target=\"_self\" aria-label=\"Bw Baner Pl 300&#215;1050\"><img decoding=\"async\" width=\"300\" height=\"1050\" src=\"https:\/\/balticwind.eu\/wp-content\/uploads\/2021\/07\/Bw-Baner-Pl-300x1050-1.png\" class=\"img-responsive wp-image-4788\" srcset=\"https:\/\/balticwind.eu\/wp-content\/uploads\/2021\/07\/Bw-Baner-Pl-300x1050-1-200x700.png 200w, https:\/\/balticwind.eu\/wp-content\/uploads\/2021\/07\/Bw-Baner-Pl-300x1050-1.png 300w\" sizes=\"(max-width: 1024px) 100vw, (max-width: 640px) 100vw, 300px\" \/><\/a><\/span><\/div><\/div><style type=\"text\/css\">.fusion-body .fusion-builder-nested-column-1{width:33.333333333333% !important;margin-top : 0px;margin-bottom : 20px;}.fusion-builder-nested-column-1 > .fusion-column-wrapper {padding-top : 0px !important;padding-right : 0px !important;margin-right : 5.76%;padding-bottom : 0px !important;padding-left : 0px !important;margin-left : 5.76%;}@media only screen and (max-width:1024px) {.fusion-body .fusion-builder-nested-column-1{width:100% !important;order : 0;}.fusion-builder-nested-column-1 > .fusion-column-wrapper {margin-right : 1.92%;margin-left : 1.92%;}}@media only screen and (max-width:640px) {.fusion-body .fusion-builder-nested-column-1{width:100% !important;order : 0;}.fusion-builder-nested-column-1 > .fusion-column-wrapper {margin-right : 1.92%;margin-left : 1.92%;}}<\/style><\/div><\/div><\/div><style type=\"text\/css\">.fusion-body .fusion-builder-column-5{width:100% !important;margin-top : 0px;margin-bottom : 20px;}.fusion-builder-column-5 > .fusion-column-wrapper {padding-top : 0px !important;padding-right : 0px !important;margin-right : 1.92%;padding-bottom : 0px !important;padding-left : 0px !important;margin-left : 1.92%;}@media only screen and (max-width:1024px) {.fusion-body .fusion-builder-column-5{width:100% !important;order : 0;}.fusion-builder-column-5 > .fusion-column-wrapper {margin-right : 1.92%;margin-left : 1.92%;}}@media only screen and (max-width:640px) {.fusion-body .fusion-builder-column-5{width:100% !important;order : 0;}.fusion-builder-column-5 > .fusion-column-wrapper {margin-right : 1.92%;margin-left : 1.92%;}}<\/style><\/div><\/div><style type=\"text\/css\">.fusion-body .fusion-flex-container.fusion-builder-row-6{ padding-top : 5px;margin-top : 0px;padding-right : 0px;padding-bottom : 0px;margin-bottom : 0px;padding-left : 0px;}<\/style><\/div><div class=\"fusion-fullwidth fullwidth-box fusion-builder-row-7 fusion-flex-container nonhundred-percent-fullwidth non-hundred-percent-height-scrolling fusion-no-large-visibility\" style=\"background-color: rgba(255,255,255,0);background-position: center center;background-repeat: no-repeat;border-width: 0px 0px 0px 0px;border-color:#eaeaea;border-style:solid;\" ><div class=\"fusion-builder-row fusion-row fusion-flex-align-items-flex-start fusion-flex-align-content-space-evenly\" style=\"max-width:1289.6px;margin-left: calc(-4% \/ 2 );margin-right: calc(-4% \/ 2 );\"><div class=\"fusion-layout-column fusion_builder_column fusion-builder-column-6 fusion_builder_column_1_1 1_1 fusion-flex-column fusion-flex-align-self-center\"><div class=\"fusion-column-wrapper fusion-flex-justify-content-center fusion-content-layout-column\" style=\"background-position:left top;background-repeat:no-repeat;-webkit-background-size:cover;-moz-background-size:cover;-o-background-size:cover;background-size:cover;padding: 20px 0px 50px 0px;\"><div class=\"fusion-separator fusion-full-width-sep\" style=\"align-self: center;margin-left: auto;margin-right: auto;margin-bottom:10px;width:100%;max-width:100%;\"><div class=\"fusion-separator-border sep-single sep-solid\" style=\"border-color:#1f2a3b;border-top-width:12px;\"><\/div><\/div><style type=\"text\/css\">@media only screen and (max-width:1024px) {.fusion-title.fusion-title-6{margin-top:20px!important; margin-right:0px!important;margin-bottom:20px!important;margin-left:0px!important;}}@media only screen and (max-width:640px) {.fusion-title.fusion-title-6{margin-top:0px!important; margin-right:0px!important;margin-bottom:20px!important; margin-left:0px!important;}}<\/style><div class=\"fusion-title title fusion-title-6 fusion-title-center fusion-title-text fusion-title-size-four\" style=\"margin-top:20px;margin-right:0px;margin-bottom:20px;margin-left:0px;\"><div class=\"title-sep-container title-sep-container-left\"><div class=\"title-sep sep-\" style=\"border-color:#eaeaea;\"><\/div><\/div><h4 class=\"title-heading-center fusion-responsive-typography-calculated\" style=\"margin:0;--fontSize:18;line-height:1.0;\">PARTNERZY STRATEGICZNI<\/h4><div class=\"title-sep-container title-sep-container-right\"><div class=\"title-sep sep-\" style=\"border-color:#eaeaea;\"><\/div><\/div><\/div><div class=\"fusion-separator\" style=\"align-self: center;margin-left: auto;margin-right: auto;margin-bottom:10px;width:100%;max-width:80%;\"><\/div><div style=\"text-align:center;\"><span class=\" fusion-imageframe imageframe-none imageframe-5 hover-type-none\" style=\"width:100%;max-width:43%;margin-top:0px;margin-bottom:20px;\"><a class=\"fusion-no-lightbox\" href=\"https:\/\/www.balticpower.pl\/\" target=\"_blank\" aria-label=\"Logo_Baltic_Power+ORLEN+NP_NEW_rgb_mono-01\" rel=\"noopener noreferrer\"><img decoding=\"async\" width=\"396\" height=\"432\" src=\"https:\/\/balticwind.eu\/wp-content\/uploads\/2023\/01\/Logo_Baltic_PowerORLENNP_NEW_rgb_mono-01.svg\" class=\"img-responsive wp-image-22344\"\/><\/a><\/span><\/div><div style=\"text-align:center;\"><span class=\" fusion-imageframe imageframe-none imageframe-6 hover-type-none\" style=\"width:100%;max-width:43%;margin-top:0px;margin-bottom:20px;\"><a class=\"fusion-no-lightbox\" href=\"https:\/\/neptun.orlen.pl\/pl\" target=\"_blank\" aria-label=\"ORLEN Neptun LOGO RGB\" rel=\"noopener noreferrer\"><img decoding=\"async\" width=\"1814\" height=\"702\" src=\"https:\/\/balticwind.eu\/wp-content\/uploads\/2023\/04\/ORLEN-Neptun-LOGO-RGB.png\" class=\"img-responsive wp-image-25362\" srcset=\"https:\/\/balticwind.eu\/wp-content\/uploads\/2023\/04\/ORLEN-Neptun-LOGO-RGB-200x77.png 200w, https:\/\/balticwind.eu\/wp-content\/uploads\/2023\/04\/ORLEN-Neptun-LOGO-RGB-400x155.png 400w, https:\/\/balticwind.eu\/wp-content\/uploads\/2023\/04\/ORLEN-Neptun-LOGO-RGB-600x232.png 600w, https:\/\/balticwind.eu\/wp-content\/uploads\/2023\/04\/ORLEN-Neptun-LOGO-RGB-800x310.png 800w, https:\/\/balticwind.eu\/wp-content\/uploads\/2023\/04\/ORLEN-Neptun-LOGO-RGB-1200x464.png 1200w, https:\/\/balticwind.eu\/wp-content\/uploads\/2023\/04\/ORLEN-Neptun-LOGO-RGB.png 1814w\" sizes=\"(max-width: 1024px) 100vw, (max-width: 640px) 100vw, 1814px\" \/><\/a><\/span><\/div><div style=\"text-align:center;\"><span class=\" fusion-imageframe imageframe-none imageframe-7 hover-type-none\" style=\"width:100%;max-width:43%;margin-top:0px;margin-bottom:20px;\"><a class=\"fusion-no-lightbox\" href=\"https:\/\/pgebaltica.pl\/\" target=\"_blank\" aria-label=\"logo-PGE-BALTICA-pion-RGB\" rel=\"noopener noreferrer\"><img decoding=\"async\" width=\"777\" height=\"574\" src=\"https:\/\/balticwind.eu\/wp-content\/uploads\/2025\/02\/logo-PGE-BALTICA-pion-RGB.jpg\" class=\"img-responsive wp-image-41781\" srcset=\"https:\/\/balticwind.eu\/wp-content\/uploads\/2025\/02\/logo-PGE-BALTICA-pion-RGB-200x148.jpg 200w, https:\/\/balticwind.eu\/wp-content\/uploads\/2025\/02\/logo-PGE-BALTICA-pion-RGB-400x295.jpg 400w, https:\/\/balticwind.eu\/wp-content\/uploads\/2025\/02\/logo-PGE-BALTICA-pion-RGB-600x443.jpg 600w, https:\/\/balticwind.eu\/wp-content\/uploads\/2025\/02\/logo-PGE-BALTICA-pion-RGB.jpg 777w\" sizes=\"(max-width: 1024px) 100vw, (max-width: 640px) 100vw, 777px\" \/><\/a><\/span><\/div><\/div><style type=\"text\/css\">.fusion-body .fusion-builder-column-6{width:100% !important;margin-top : 0px;margin-bottom : 20px;}.fusion-builder-column-6 > .fusion-column-wrapper {padding-top : 20px !important;padding-right : 0px !important;margin-right : 1.92%;padding-bottom : 50px !important;padding-left : 0px !important;margin-left : 1.92%;}@media only screen and (max-width:1024px) {.fusion-body .fusion-builder-column-6{width:100% !important;order : 0;}.fusion-builder-column-6 > .fusion-column-wrapper {margin-right : 1.92%;margin-left : 1.92%;}}@media only screen and (max-width:640px) {.fusion-body .fusion-builder-column-6{width:100% !important;order : 0;}.fusion-builder-column-6 > .fusion-column-wrapper {margin-right : 1.92%;margin-left : 1.92%;}}<\/style><\/div><\/div><style type=\"text\/css\">.fusion-body .fusion-flex-container.fusion-builder-row-7{ padding-top : 0px;margin-top : 0px;padding-right : 0px;padding-bottom : 0px;margin-bottom : 0px;padding-left : 0px;}<\/style><\/div><div class=\"fusion-fullwidth fullwidth-box fusion-builder-row-8 fusion-flex-container nonhundred-percent-fullwidth non-hundred-percent-height-scrolling\" style=\"background-color: #d1ebfb;background-position: left top;background-repeat: no-repeat;border-width: 0px 0px 0px 0px;border-color:#eaeaea;border-style:solid;\" ><div class=\"fusion-builder-row fusion-row fusion-flex-align-items-flex-start\" style=\"max-width:1289.6px;margin-left: calc(-4% \/ 2 );margin-right: calc(-4% \/ 2 );\"><div class=\"fusion-layout-column fusion_builder_column fusion-builder-column-7 fusion_builder_column_1_6 1_6 fusion-flex-column fusion-no-small-visibility\"><div class=\"fusion-column-wrapper fusion-flex-justify-content-flex-start fusion-content-layout-column\" style=\"background-position:left top;background-repeat:no-repeat;-webkit-background-size:cover;-moz-background-size:cover;-o-background-size:cover;background-size:cover;padding: 0px 0px 0px 0px;\"><\/div><style type=\"text\/css\">.fusion-body .fusion-builder-column-7{width:16.666666666667% !important;margin-top : 0px;margin-bottom : 20px;}.fusion-builder-column-7 > .fusion-column-wrapper {padding-top : 0px !important;padding-right : 0px !important;margin-right : 11.52%;padding-bottom : 0px !important;padding-left : 0px !important;margin-left : 11.52%;}@media only screen and (max-width:1024px) {.fusion-body .fusion-builder-column-7{width:100% !important;}.fusion-builder-column-7 > .fusion-column-wrapper {margin-right : 1.92%;margin-left : 1.92%;}}@media only screen and (max-width:640px) {.fusion-body .fusion-builder-column-7{width:100% !important;}.fusion-builder-column-7 > .fusion-column-wrapper {margin-right : 1.92%;margin-left : 1.92%;}}<\/style><\/div><div class=\"fusion-layout-column fusion_builder_column fusion-builder-column-8 fusion_builder_column_2_3 2_3 fusion-flex-column\"><div class=\"fusion-column-wrapper fusion-flex-justify-content-flex-start fusion-content-layout-column\" style=\"background-position:left top;background-repeat:no-repeat;-webkit-background-size:cover;-moz-background-size:cover;-o-background-size:cover;background-size:cover;padding: 0px 0px 0px 0px;\"><style type=\"text\/css\">@media only screen and (max-width:1024px) {.fusion-title.fusion-title-7{margin-top:20px!important; margin-right:0px!important;margin-bottom:20px!important;margin-left:0px!important;}}@media only screen and (max-width:640px) {.fusion-title.fusion-title-7{margin-top:0px!important; margin-right:0px!important;margin-bottom:20px!important; margin-left:0px!important;}}<\/style><div class=\"fusion-title title fusion-title-7 fusion-title-center fusion-title-text fusion-title-size-three\" style=\"font-size:30px;margin-top:20px;margin-right:0px;margin-bottom:20px;margin-left:0px;\"><div class=\"title-sep-container title-sep-container-left\"><div class=\"title-sep sep-\" style=\"border-color:#eaeaea;\"><\/div><\/div><h3 class=\"title-heading-center fusion-responsive-typography-calculated\" style=\"font-family:&quot;Fira Sans&quot;;font-weight:400;margin:0;font-size:1em;--fontSize:30;line-height:1.33;\">Zapisz si\u0119 do naszego Newslettera<\/h3><div class=\"title-sep-container title-sep-container-right\"><div class=\"title-sep sep-\" style=\"border-color:#eaeaea;\"><\/div><\/div><\/div><style>.fusion-form-932 .fusion-form-tooltip .fusion-form-tooltip-content{color:#ffffff !important;background-color:#333333 !important;border-color:#333333 !important;}<\/style><div class=\"fusion-form fusion-form-builder fusion-form-form-wrapper fusion-form-932\" data-form-id=\"932\"><form action=\"https:\/\/balticwind.eu\/pl\/debata-online-bwo-o-reformie-ets-i-stalowym-lancuchu-dostaw-morskiej-energetyki-wiatrowej\/\" method=\"get\" class=\"fusion-form fusion-form-932\"><div class=\"fusion-fullwidth fullwidth-box fusion-builder-row-8-1 fusion-flex-container nonhundred-percent-fullwidth non-hundred-percent-height-scrolling\" style=\"background-color: rgba(255,255,255,0);background-position: center center;background-repeat: no-repeat;border-width: 0px 0px 0px 0px;border-color:#eaeaea;border-style:solid;\" ><div class=\"fusion-builder-row fusion-row fusion-flex-align-items-center\" style=\"width:104% !important;max-width:104% !important;margin-left: calc(-4% \/ 2 );margin-right: calc(-4% \/ 2 );\"><div class=\"fusion-layout-column fusion_builder_column fusion-builder-column-9 fusion_builder_column_2_3 2_3 fusion-flex-column\"><div class=\"fusion-column-wrapper fusion-flex-justify-content-flex-start fusion-content-layout-column\" style=\"background-position:left top;background-repeat:no-repeat;-webkit-background-size:cover;-moz-background-size:cover;-o-background-size:cover;background-size:cover;padding: 0px 0px 0px 0px;\"><div class=\"fusion-form-field fusion-form-email-field fusion-form-label-above\" data-form-id=\"932\"><input type=\"email\" name=\"email\" id=\"email\" value=\"\"  class=\"fusion-form-input\" required=\"true\" aria-required=\"true\" placeholder=\"Wprowad\u017a sw\u00f3j e-mail*\" data-holds-private-data=\"false\"\/><\/div><\/div><style type=\"text\/css\">.fusion-body .fusion-builder-column-9{width:66.666666666667% !important;margin-top : 0px;margin-bottom : 0px;}.fusion-builder-column-9 > .fusion-column-wrapper {padding-top : 0px !important;padding-right : 0px !important;margin-right : 2.88%;padding-bottom : 0px !important;padding-left : 0px !important;margin-left : 2.88%;}@media only screen and (max-width:1024px) {.fusion-body .fusion-builder-column-9{width:100% !important;order : 0;}.fusion-builder-column-9 > .fusion-column-wrapper {margin-right : 1.92%;margin-left : 1.92%;}}@media only screen and (max-width:640px) {.fusion-body .fusion-builder-column-9{width:100% !important;order : 0;}.fusion-builder-column-9 > .fusion-column-wrapper {margin-right : 1.92%;margin-left : 1.92%;}}<\/style><\/div><div class=\"fusion-layout-column fusion_builder_column fusion-builder-column-10 fusion_builder_column_1_3 1_3 fusion-flex-column\"><div class=\"fusion-column-wrapper fusion-flex-justify-content-flex-start fusion-content-layout-column\" style=\"background-position:left top;background-repeat:no-repeat;-webkit-background-size:cover;-moz-background-size:cover;-o-background-size:cover;background-size:cover;padding: 0px 0px 0px 0px;\"><div class=\"fusion-form-field fusion-form-submit-field fusion-form-label-above\" data-form-id=\"932\"><input type=\"hidden\" value=\"krzysztof.bulski@balticwind.eu\" name=\"fusion_form_email\" \/><input type=\"hidden\" value=\"Baltic Wind\" name=\"fusion_form_email_from\" \/><input type=\"hidden\" value=\"wordpress@balticwind.eu\" name=\"fusion_form_email_from_id\" \/><input type=\"hidden\" value=\"Newsletter Form\" name=\"fusion_form_email_subject\" \/><input type=\"hidden\" value=\"0\" name=\"fusion_form_email_subject_encode\" \/><div ><style type=\"text\/css\">.fusion-button.button-1 {border-radius:2px;}<\/style><button type=\"submit\" class=\"fusion-button button-flat button-xlarge button-default button-1 fusion-button-span-yes  form-form-submit button-default\" data-form-number=\"932\" tabindex=\"\"><span class=\"fusion-button-text\">WY\u015aLIJ<\/span><\/button><\/div><\/div><\/div><style type=\"text\/css\">.fusion-body .fusion-builder-column-10{width:33.333333333333% !important;margin-top : 0px;margin-bottom : 0px;}.fusion-builder-column-10 > .fusion-column-wrapper {padding-top : 0px !important;padding-right : 0px !important;margin-right : 5.76%;padding-bottom : 0px !important;padding-left : 0px !important;margin-left : 5.76%;}@media only screen and (max-width:1024px) {.fusion-body .fusion-builder-column-10{width:100% !important;order : 0;}.fusion-builder-column-10 > .fusion-column-wrapper {margin-right : 1.92%;margin-left : 1.92%;}}@media only screen and (max-width:640px) {.fusion-body .fusion-builder-column-10{width:100% !important;order : 0;}.fusion-builder-column-10 > .fusion-column-wrapper {margin-right : 1.92%;margin-left : 1.92%;}}<\/style><\/div><div class=\"fusion-layout-column fusion_builder_column fusion-builder-column-11 fusion_builder_column_1_1 1_1 fusion-flex-column\"><div class=\"fusion-column-wrapper fusion-flex-justify-content-flex-start fusion-content-layout-column\" style=\"background-position:left top;background-repeat:no-repeat;-webkit-background-size:cover;-moz-background-size:cover;-o-background-size:cover;background-size:cover;padding: 0px 0px 0px 0px;\"><div class=\"form-submission-notices\" id=\"fusion-notices-1\"><div class=\"fusion-alert alert success alert-success fusion-alert-center fusion-form-response fusion-form-response-success fusion-alert-capitalize alert-dismissable\" style=\"background-color:#dff0d8;color:rgba(92,163,64,1);border-color:rgba(92,163,64,1);border-width:1px;\"><button type=\"button\" class=\"close toggle-alert\" data-dismiss=\"alert\" aria-hidden=\"true\">&times;<\/button><div class=\"fusion-alert-content-wrapper\"><span class=\"alert-icon\"><i class=\"fa-lg fa fa-check-circle\" aria-hidden=\"true\"><\/i><\/span><span class=\"fusion-alert-content\">Dzi\u0119kujemy za wys\u0142anie wiadomo\u015bci.<\/span><\/div><\/div><div class=\"fusion-alert alert error alert-danger fusion-alert-center fusion-form-response fusion-form-response-error fusion-alert-capitalize alert-dismissable\" style=\"background-color:#f2dede;color:rgba(166,66,66,1);border-color:rgba(166,66,66,1);border-width:1px;\"><button type=\"button\" class=\"close toggle-alert\" data-dismiss=\"alert\" aria-hidden=\"true\">&times;<\/button><div class=\"fusion-alert-content-wrapper\"><span class=\"alert-icon\"><i class=\"fa-lg fa fa-exclamation-triangle\" aria-hidden=\"true\"><\/i><\/span><span class=\"fusion-alert-content\">Wyst\u0105pi\u0142 b\u0142\u0105d, spr\u00f3buj ponownie.<\/span><\/div><\/div><\/div><\/div><style type=\"text\/css\">.fusion-body .fusion-builder-column-11{width:100% !important;margin-top : 20px;margin-bottom : 0px;}.fusion-builder-column-11 > .fusion-column-wrapper {padding-top : 0px !important;padding-right : 0px !important;margin-right : 1.92%;padding-bottom : 0px !important;padding-left : 0px !important;margin-left : 1.92%;}@media only screen and (max-width:1024px) {.fusion-body .fusion-builder-column-11{width:100% !important;order : 0;}.fusion-builder-column-11 > .fusion-column-wrapper {margin-right : 1.92%;margin-left : 1.92%;}}@media only screen and (max-width:640px) {.fusion-body .fusion-builder-column-11{width:100% !important;order : 0;}.fusion-builder-column-11 > .fusion-column-wrapper {margin-right : 1.92%;margin-left : 1.92%;}}<\/style><\/div><\/div><style type=\"text\/css\">.fusion-body .fusion-flex-container.fusion-builder-row-8-1{ padding-top : 0px;margin-top : 0;padding-right : 0px;padding-bottom : 0px;margin-bottom : 0;padding-left : 0px;}<\/style><\/div><input type=\"hidden\" name=\"fusion_privacy_store_ip_ua\" value=\"false\"><input type=\"hidden\" name=\"fusion_privacy_expiration_interval\" value=\"48\"><input type=\"hidden\" name=\"privacy_expiration_action\" value=\"anonymize\"><\/form><\/div><script>var formCreatorConfig_932 = {\"form_id\":\"932\",\"form_post_id\":932,\"post_id\":47958,\"form_type\":\"database_email\",\"confirmation_type\":\"message\",\"redirect_url\":\"\",\"field_labels\":{\"email\":\"\"},\"field_logics\":{\"email\":\"\"}};<\/script><\/div><style type=\"text\/css\">.fusion-body .fusion-builder-column-8{width:66.666666666667% !important;margin-top : 0px;margin-bottom : 20px;}.fusion-builder-column-8 > .fusion-column-wrapper {padding-top : 0px !important;padding-right : 0px !important;margin-right : 2.88%;padding-bottom : 0px !important;padding-left : 0px !important;margin-left : 2.88%;}@media only screen and (max-width:1024px) {.fusion-body .fusion-builder-column-8{width:100% !important;margin-bottom : 0px;}.fusion-builder-column-8 > .fusion-column-wrapper {margin-right : 1.92%;margin-left : 1.92%;}}@media only screen and (max-width:640px) {.fusion-body .fusion-builder-column-8{width:100% !important;margin-bottom : 0px;}.fusion-builder-column-8 > .fusion-column-wrapper {margin-right : 1.92%;margin-left : 1.92%;}}<\/style><\/div><div class=\"fusion-layout-column fusion_builder_column fusion-builder-column-12 fusion_builder_column_1_6 1_6 fusion-flex-column fusion-no-small-visibility\"><div class=\"fusion-column-wrapper fusion-flex-justify-content-flex-start fusion-content-layout-column\" style=\"background-position:left top;background-repeat:no-repeat;-webkit-background-size:cover;-moz-background-size:cover;-o-background-size:cover;background-size:cover;padding: 0px 0px 0px 0px;\"><\/div><style type=\"text\/css\">.fusion-body .fusion-builder-column-12{width:16.666666666667% !important;margin-top : 0px;margin-bottom : 20px;}.fusion-builder-column-12 > .fusion-column-wrapper {padding-top : 0px !important;padding-right : 0px !important;margin-right : 11.52%;padding-bottom : 0px !important;padding-left : 0px !important;margin-left : 11.52%;}@media only screen and (max-width:1024px) {.fusion-body .fusion-builder-column-12{width:100% !important;}.fusion-builder-column-12 > .fusion-column-wrapper {margin-right : 1.92%;margin-left : 1.92%;}}@media only screen and (max-width:640px) {.fusion-body .fusion-builder-column-12{width:100% !important;}.fusion-builder-column-12 > .fusion-column-wrapper {margin-right : 1.92%;margin-left : 1.92%;}}<\/style><\/div><\/div><style type=\"text\/css\">.fusion-body .fusion-flex-container.fusion-builder-row-8{ padding-top : 80px;margin-top : 0px;padding-right : 0px;padding-bottom : 55px;margin-bottom : 0px;padding-left : 0px;}<\/style><\/div><div id=\"biznes\"><div class=\"fusion-fullwidth fullwidth-box fusion-builder-row-9 fusion-flex-container nonhundred-percent-fullwidth non-hundred-percent-height-scrolling\" style=\"background-color: rgba(255,255,255,0);background-position: center center;background-repeat: no-repeat;border-width: 0px 0px 0px 0px;border-color:#eaeaea;border-style:solid;\" ><div class=\"fusion-builder-row fusion-row fusion-flex-align-items-flex-start\" style=\"max-width:1289.6px;margin-left: calc(-4% \/ 2 );margin-right: calc(-4% \/ 2 );\"><div class=\"fusion-layout-column fusion_builder_column fusion-builder-column-13 fusion_builder_column_1_3 1_3 fusion-flex-column\"><div class=\"fusion-column-wrapper fusion-flex-justify-content-flex-start fusion-content-layout-column\" style=\"background-position:left top;background-repeat:no-repeat;-webkit-background-size:cover;-moz-background-size:cover;-o-background-size:cover;background-size:cover;padding: 0px 0px 0px 0px;\"><div class=\"fusion-separator fusion-full-width-sep\" style=\"align-self: center;margin-left: auto;margin-right: auto;margin-bottom:10px;width:100%;max-width:100%;\"><div class=\"fusion-separator-border sep-single sep-solid\" style=\"border-color:#1f2a3b;border-top-width:12px;\"><\/div><\/div><style type=\"text\/css\">@media only screen and (max-width:1024px) {.fusion-title.fusion-title-8{margin-top:-15px!important; margin-right:0px!important;margin-bottom:20px!important;margin-left:0px!important;}}@media only screen and (max-width:640px) {.fusion-title.fusion-title-8{margin-top:0px!important; margin-right:0px!important;margin-bottom:20px!important; margin-left:0px!important;}}<\/style><div class=\"fusion-title title fusion-title-8 fusion-title-text fusion-title-size-five\" style=\"margin-top:-15px;margin-right:0px;margin-bottom:20px;margin-left:0px;\"><div class=\"title-sep-container title-sep-container-left fusion-no-large-visibility fusion-no-medium-visibility fusion-no-small-visibility\"><div class=\"title-sep sep-\" style=\"border-color:#eaeaea;\"><\/div><\/div><h5 class=\"title-heading-left fusion-responsive-typography-calculated\" style=\"margin:0;--fontSize:17;line-height:1.76;\"><h5 style=\"text-align: left;\">ESTONIA<\/h5><\/h5><div class=\"title-sep-container title-sep-container-right\"><div class=\"title-sep sep-\" style=\"border-color:#eaeaea;\"><\/div><\/div><\/div><div class=\"fusion-recent-posts fusion-recent-posts-2 avada-container layout-thumbnails-on-side layout-columns-1\"><section class=\"fusion-columns columns fusion-columns-1 columns-1\"><article class=\"post fusion-column column col col-lg-12 col-md-12 col-sm-12\"><div class=\"fusion-flexslider fusion-flexslider-loading flexslider floated-slideshow flexslider-hover-type-zoomout\"><ul class=\"slides\"><li><a href=\"https:\/\/balticwind.eu\/pl\/panele-rafowe-czujniki-nietoperzy-i-nadajniki-mew-jak-morska-energetyka-wiatrowa-gromadzi-dane-o-bioroznorodnosci\/\" aria-label=\"Panele rafowe, czujniki nietoperzy i nadajniki mew: jak morska energetyka wiatrowa gromadzi dane o bior\u00f3\u017cnorodno\u015bci\" class=\"hover-type-zoomout\"><img decoding=\"async\" width=\"177\" height=\"142\" src=\"https:\/\/balticwind.eu\/wp-content\/uploads\/2026\/08\/offshore-wind-biodiversity-evidence-nature-inclusive-design-baltic-177x142.jpg\" class=\"attachment-portfolio-five size-portfolio-five\" alt=\"\" \/><\/a><\/li><\/ul><\/div><div class=\"recent-posts-content\"><span class=\"vcard\" style=\"display: none;\"><span class=\"fn\"><a href=\"https:\/\/balticwind.eu\/pl\/author\/baltic-wind\/\" title=\"Wpisy od Baltic Wind\" rel=\"author\">Baltic Wind<\/a><\/span><\/span><span class=\"updated\" style=\"display:none;\">2026-08-27T06:13:52+02:00<\/span><h4 class=\"entry-title\"><a style=\"color: #1f2a3b !important;\" href=\"https:\/\/balticwind.eu\/pl\/panele-rafowe-czujniki-nietoperzy-i-nadajniki-mew-jak-morska-energetyka-wiatrowa-gromadzi-dane-o-bioroznorodnosci\/\">Panele rafowe, czujniki nietoperzy i nadajniki mew: jak morska energetyka wiatrowa gromadzi dane o bior\u00f3\u017cnorodno\u015bci<\/a><\/h4><p class=\"meta\"><span class=\"vcard\" style=\"display: none;\"><span class=\"fn\"><a href=\"https:\/\/balticwind.eu\/pl\/author\/baltic-wind\/\" title=\"Wpisy od Baltic Wind\" rel=\"author\">Baltic Wind<\/a><\/span><\/span><span class=\"updated\" style=\"display:none;\">2026-08-27T06:13:52+02:00<\/span><a href=\"https:\/\/balticwind.eu\/pl\/category\/editors-choice-pl\/\" rel=\"category tag\">EDITOR'S CHOICE<\/a>, <a href=\"https:\/\/balticwind.eu\/pl\/category\/estonia-pl\/\" rel=\"category tag\">Estonia<\/a>, <a href=\"https:\/\/balticwind.eu\/pl\/category\/finlandia\/\" rel=\"category tag\">FINLANDIA<\/a>, <a href=\"https:\/\/balticwind.eu\/pl\/category\/lotwa\/\" rel=\"category tag\">\u0141OTWA<\/a>, <a href=\"https:\/\/balticwind.eu\/pl\/category\/energia-wiatrowa-offshore\/\" rel=\"category tag\">OFFSHORE<\/a>, <a href=\"https:\/\/balticwind.eu\/pl\/category\/technologia-pl\/\" rel=\"category tag\">TECHNOLOGIA<\/a><span class=\"fusion-inline-sep\">|<\/span><\/p><\/div><\/article><article class=\"post fusion-column column col col-lg-12 col-md-12 col-sm-12\"><div class=\"fusion-flexslider fusion-flexslider-loading flexslider floated-slideshow flexslider-hover-type-zoomout\"><ul class=\"slides\"><li><a href=\"https:\/\/balticwind.eu\/pl\/estonski-parlament-przyjal-ustawe-o-energetyce-jadrowej-otwierajac-droge-do-pierwszej-elektrowni\/\" aria-label=\"Esto\u0144ski parlament przyj\u0105\u0142 ustaw\u0119 o energetyce j\u0105drowej, otwieraj\u0105c drog\u0119 do pierwszej elektrowni\" class=\"hover-type-zoomout\"><img decoding=\"async\" width=\"177\" height=\"142\" src=\"https:\/\/balticwind.eu\/wp-content\/uploads\/2026\/06\/estonia-nuclear-energy-safety-act-177x142.jpg\" class=\"attachment-portfolio-five size-portfolio-five\" alt=\"\" \/><\/a><\/li><\/ul><\/div><div class=\"recent-posts-content\"><span class=\"vcard\" style=\"display: none;\"><span class=\"fn\"><a href=\"https:\/\/balticwind.eu\/pl\/author\/baltic-wind\/\" title=\"Wpisy od Baltic Wind\" rel=\"author\">Baltic Wind<\/a><\/span><\/span><span class=\"updated\" style=\"display:none;\">2026-06-23T07:37:39+02:00<\/span><h4 class=\"entry-title\"><a style=\"color: #1f2a3b !important;\" href=\"https:\/\/balticwind.eu\/pl\/estonski-parlament-przyjal-ustawe-o-energetyce-jadrowej-otwierajac-droge-do-pierwszej-elektrowni\/\">Esto\u0144ski parlament przyj\u0105\u0142 ustaw\u0119 o energetyce j\u0105drowej, otwieraj\u0105c drog\u0119 do pierwszej elektrowni<\/a><\/h4><p class=\"meta\"><span class=\"vcard\" style=\"display: none;\"><span class=\"fn\"><a href=\"https:\/\/balticwind.eu\/pl\/author\/baltic-wind\/\" title=\"Wpisy od Baltic Wind\" rel=\"author\">Baltic Wind<\/a><\/span><\/span><span class=\"updated\" style=\"display:none;\">2026-06-23T07:37:39+02:00<\/span><a href=\"https:\/\/balticwind.eu\/pl\/category\/estonia-pl\/\" rel=\"category tag\">Estonia<\/a>, <a href=\"https:\/\/balticwind.eu\/pl\/category\/regulatory-pl\/\" rel=\"category tag\">REGULACJE<\/a><span class=\"fusion-inline-sep\">|<\/span><\/p><\/div><\/article><article class=\"post fusion-column column col col-lg-12 col-md-12 col-sm-12\"><div class=\"fusion-flexslider fusion-flexslider-loading flexslider floated-slideshow flexslider-hover-type-zoomout\"><ul class=\"slides\"><li><a href=\"https:\/\/balticwind.eu\/pl\/resorty-spraw-zagranicznych-panstw-baltyckich-nordyckich-i-usa-potwierdzaja-nacisk-na-bezpieczenstwo-transatlantyckie-podczas-rozmow-e-pine\/\" aria-label=\"Resorty spraw zagranicznych pa\u0144stw ba\u0142tyckich, nordyckich i USA potwierdzaj\u0105 nacisk na bezpiecze\u0144stwo transatlantyckie podczas rozm\u00f3w E-PINE\" class=\"hover-type-zoomout\"><img decoding=\"async\" width=\"177\" height=\"142\" src=\"https:\/\/balticwind.eu\/wp-content\/uploads\/2026\/06\/e-pine-baltic-nordic-us-transatlantic-security-177x142.jpg\" class=\"attachment-portfolio-five size-portfolio-five\" alt=\"\" \/><\/a><\/li><\/ul><\/div><div class=\"recent-posts-content\"><span class=\"vcard\" style=\"display: none;\"><span class=\"fn\"><a href=\"https:\/\/balticwind.eu\/pl\/author\/baltic-wind\/\" title=\"Wpisy od Baltic Wind\" rel=\"author\">Baltic Wind<\/a><\/span><\/span><span class=\"updated\" style=\"display:none;\">2026-06-12T19:18:21+02:00<\/span><h4 class=\"entry-title\"><a style=\"color: #1f2a3b !important;\" href=\"https:\/\/balticwind.eu\/pl\/resorty-spraw-zagranicznych-panstw-baltyckich-nordyckich-i-usa-potwierdzaja-nacisk-na-bezpieczenstwo-transatlantyckie-podczas-rozmow-e-pine\/\">Resorty spraw zagranicznych pa\u0144stw ba\u0142tyckich, nordyckich i USA potwierdzaj\u0105 nacisk na bezpiecze\u0144stwo transatlantyckie podczas rozm\u00f3w E-PINE<\/a><\/h4><p class=\"meta\"><span class=\"vcard\" style=\"display: none;\"><span class=\"fn\"><a href=\"https:\/\/balticwind.eu\/pl\/author\/baltic-wind\/\" title=\"Wpisy od Baltic Wind\" rel=\"author\">Baltic Wind<\/a><\/span><\/span><span class=\"updated\" style=\"display:none;\">2026-06-12T19:18:21+02:00<\/span><a href=\"https:\/\/balticwind.eu\/pl\/category\/bezpieczenstwo\/\" rel=\"category tag\">BEZPIECZE\u0143STWO<\/a>, <a href=\"https:\/\/balticwind.eu\/pl\/category\/estonia-pl\/\" rel=\"category tag\">Estonia<\/a>, <a href=\"https:\/\/balticwind.eu\/pl\/category\/lotwa\/\" rel=\"category tag\">\u0141OTWA<\/a><span class=\"fusion-inline-sep\">|<\/span><\/p><\/div><\/article><\/section><\/div><\/div><style type=\"text\/css\">.fusion-body .fusion-builder-column-13{width:33.333333333333% !important;margin-top : 0px;margin-bottom : 20px;}.fusion-builder-column-13 > .fusion-column-wrapper {padding-top : 0px !important;padding-right : 0px !important;margin-right : 5.76%;padding-bottom : 0px !important;padding-left : 0px !important;margin-left : 5.76%;}@media only screen and (max-width:1024px) {.fusion-body .fusion-builder-column-13{width:100% !important;}.fusion-builder-column-13 > .fusion-column-wrapper {margin-right : 1.92%;margin-left : 1.92%;}}@media only screen and (max-width:640px) {.fusion-body .fusion-builder-column-13{width:100% !important;}.fusion-builder-column-13 > .fusion-column-wrapper {margin-right : 1.92%;margin-left : 1.92%;}}<\/style><\/div><div class=\"fusion-layout-column fusion_builder_column fusion-builder-column-14 fusion_builder_column_1_3 1_3 fusion-flex-column\"><div class=\"fusion-column-wrapper fusion-flex-justify-content-flex-start fusion-content-layout-column\" style=\"background-position:left top;background-repeat:no-repeat;-webkit-background-size:cover;-moz-background-size:cover;-o-background-size:cover;background-size:cover;padding: 0px 0px 0px 0px;\"><div class=\"fusion-separator fusion-full-width-sep\" style=\"align-self: center;margin-left: auto;margin-right: auto;margin-bottom:10px;width:100%;max-width:100%;\"><div class=\"fusion-separator-border sep-single sep-solid\" style=\"border-color:#1f2a3b;border-top-width:12px;\"><\/div><\/div><style type=\"text\/css\">@media only screen and (max-width:1024px) {.fusion-title.fusion-title-9{margin-top:-15px!important; margin-right:0px!important;margin-bottom:20px!important;margin-left:0px!important;}}@media only screen and (max-width:640px) {.fusion-title.fusion-title-9{margin-top:0px!important; margin-right:0px!important;margin-bottom:20px!important; margin-left:0px!important;}}<\/style><div class=\"fusion-title title fusion-title-9 fusion-title-text fusion-title-size-five\" style=\"margin-top:-15px;margin-right:0px;margin-bottom:20px;margin-left:0px;\"><div class=\"title-sep-container title-sep-container-left fusion-no-large-visibility fusion-no-medium-visibility fusion-no-small-visibility\"><div class=\"title-sep sep-\" style=\"border-color:#eaeaea;\"><\/div><\/div><h5 class=\"title-heading-left fusion-responsive-typography-calculated\" style=\"margin:0;--fontSize:17;line-height:1.76;\"><h5 style=\"text-align: left;\">DANIA<\/h5><\/h5><div class=\"title-sep-container title-sep-container-right\"><div class=\"title-sep sep-\" style=\"border-color:#eaeaea;\"><\/div><\/div><\/div><div class=\"fusion-recent-posts fusion-recent-posts-3 avada-container layout-thumbnails-on-side layout-columns-1\"><section class=\"fusion-columns columns fusion-columns-1 columns-1\"><article class=\"post fusion-column column col col-lg-12 col-md-12 col-sm-12\"><div class=\"fusion-flexslider fusion-flexslider-loading flexslider floated-slideshow flexslider-hover-type-zoomout\"><ul class=\"slides\"><li><a href=\"https:\/\/balticwind.eu\/pl\/statek-serwisowy-esvagt-z-radarem-przewidujacym-ruch-kadluba-dla-bezpieczniejszych-transferow-na-turbiny\/\" aria-label=\"Statek serwisowy ESVAGT z radarem przewiduj\u0105cym ruch kad\u0142uba dla bezpieczniejszych transfer\u00f3w na turbiny\" class=\"hover-type-zoomout\"><img decoding=\"async\" width=\"177\" height=\"142\" src=\"https:\/\/balticwind.eu\/wp-content\/uploads\/2026\/08\/offshore-wind-service-vessel-turbines-north-sea-177x142.jpg\" class=\"attachment-portfolio-five size-portfolio-five\" alt=\"\" \/><\/a><\/li><\/ul><\/div><div class=\"recent-posts-content\"><span class=\"vcard\" style=\"display: none;\"><span class=\"fn\"><a href=\"https:\/\/balticwind.eu\/pl\/author\/baltic-wind\/\" title=\"Wpisy od Baltic Wind\" rel=\"author\">Baltic Wind<\/a><\/span><\/span><span class=\"updated\" style=\"display:none;\">2026-08-28T07:37:14+02:00<\/span><h4 class=\"entry-title\"><a style=\"color: #1f2a3b !important;\" href=\"https:\/\/balticwind.eu\/pl\/statek-serwisowy-esvagt-z-radarem-przewidujacym-ruch-kadluba-dla-bezpieczniejszych-transferow-na-turbiny\/\">Statek serwisowy ESVAGT z radarem przewiduj\u0105cym ruch kad\u0142uba dla bezpieczniejszych transfer\u00f3w na turbiny<\/a><\/h4><p class=\"meta\"><span class=\"vcard\" style=\"display: none;\"><span class=\"fn\"><a href=\"https:\/\/balticwind.eu\/pl\/author\/baltic-wind\/\" title=\"Wpisy od Baltic Wind\" rel=\"author\">Baltic Wind<\/a><\/span><\/span><span class=\"updated\" style=\"display:none;\">2026-08-28T07:37:14+02:00<\/span><a href=\"https:\/\/balticwind.eu\/pl\/category\/dania\/\" rel=\"category tag\">DANIA<\/a>, <a href=\"https:\/\/balticwind.eu\/pl\/category\/energia-wiatrowa-offshore\/\" rel=\"category tag\">OFFSHORE<\/a>, <a href=\"https:\/\/balticwind.eu\/pl\/category\/technologia-pl\/\" rel=\"category tag\">TECHNOLOGIA<\/a><span class=\"fusion-inline-sep\">|<\/span><\/p><\/div><\/article><article class=\"post fusion-column column col col-lg-12 col-md-12 col-sm-12\"><div class=\"fusion-flexslider fusion-flexslider-loading flexslider floated-slideshow flexslider-hover-type-zoomout\"><ul class=\"slides\"><li><a href=\"https:\/\/balticwind.eu\/pl\/orsted-wroci-do-dywidendy-od-2027-roku-po-emisji-akcji-i-sprzedazy-aktywow\/\" aria-label=\"\u00d8rsted wr\u00f3ci do dywidendy od 2027 roku po emisji akcji i sprzeda\u017cy aktyw\u00f3w\" class=\"hover-type-zoomout\"><img decoding=\"async\" width=\"177\" height=\"142\" src=\"https:\/\/balticwind.eu\/wp-content\/uploads\/2026\/08\/orsted-restores-dividend-2027-rights-issue-divestments-177x142.jpg\" class=\"attachment-portfolio-five size-portfolio-five\" alt=\"\" \/><\/a><\/li><\/ul><\/div><div class=\"recent-posts-content\"><span class=\"vcard\" style=\"display: none;\"><span class=\"fn\"><a href=\"https:\/\/balticwind.eu\/pl\/author\/baltic-wind\/\" title=\"Wpisy od Baltic Wind\" rel=\"author\">Baltic Wind<\/a><\/span><\/span><span class=\"updated\" style=\"display:none;\">2026-08-24T11:11:15+02:00<\/span><h4 class=\"entry-title\"><a style=\"color: #1f2a3b !important;\" href=\"https:\/\/balticwind.eu\/pl\/orsted-wroci-do-dywidendy-od-2027-roku-po-emisji-akcji-i-sprzedazy-aktywow\/\">\u00d8rsted wr\u00f3ci do dywidendy od 2027 roku po emisji akcji i sprzeda\u017cy aktyw\u00f3w<\/a><\/h4><p class=\"meta\"><span class=\"vcard\" style=\"display: none;\"><span class=\"fn\"><a href=\"https:\/\/balticwind.eu\/pl\/author\/baltic-wind\/\" title=\"Wpisy od Baltic Wind\" rel=\"author\">Baltic Wind<\/a><\/span><\/span><span class=\"updated\" style=\"display:none;\">2026-08-24T11:11:15+02:00<\/span><a href=\"https:\/\/balticwind.eu\/pl\/category\/dania\/\" rel=\"category tag\">DANIA<\/a>, <a href=\"https:\/\/balticwind.eu\/pl\/category\/energia-wiatrowa-offshore\/\" rel=\"category tag\">OFFSHORE<\/a><span class=\"fusion-inline-sep\">|<\/span><\/p><\/div><\/article><article class=\"post fusion-column column col col-lg-12 col-md-12 col-sm-12\"><div class=\"fusion-flexslider fusion-flexslider-loading flexslider floated-slideshow flexslider-hover-type-zoomout\"><ul class=\"slides\"><li><a href=\"https:\/\/balticwind.eu\/pl\/stillstrom-automatyzuje-obsluge-kabla-przy-ladowaniu-jednostek-na-morzu\/\" aria-label=\"Stillstrom automatyzuje obs\u0142ug\u0119 kabla przy \u0142adowaniu jednostek na morzu\" class=\"hover-type-zoomout\"><img decoding=\"async\" width=\"177\" height=\"142\" src=\"https:\/\/balticwind.eu\/wp-content\/uploads\/2026\/08\/stillstrom-automated-cable-control-offshore-vessel-charging-177x142.jpg\" class=\"attachment-portfolio-five size-portfolio-five\" alt=\"\" \/><\/a><\/li><\/ul><\/div><div class=\"recent-posts-content\"><span class=\"vcard\" style=\"display: none;\"><span class=\"fn\"><a href=\"https:\/\/balticwind.eu\/pl\/author\/baltic-wind\/\" title=\"Wpisy od Baltic Wind\" rel=\"author\">Baltic Wind<\/a><\/span><\/span><span class=\"updated\" style=\"display:none;\">2026-08-24T10:30:51+02:00<\/span><h4 class=\"entry-title\"><a style=\"color: #1f2a3b !important;\" href=\"https:\/\/balticwind.eu\/pl\/stillstrom-automatyzuje-obsluge-kabla-przy-ladowaniu-jednostek-na-morzu\/\">Stillstrom automatyzuje obs\u0142ug\u0119 kabla przy \u0142adowaniu jednostek na morzu<\/a><\/h4><p class=\"meta\"><span class=\"vcard\" style=\"display: none;\"><span class=\"fn\"><a href=\"https:\/\/balticwind.eu\/pl\/author\/baltic-wind\/\" title=\"Wpisy od Baltic Wind\" rel=\"author\">Baltic Wind<\/a><\/span><\/span><span class=\"updated\" style=\"display:none;\">2026-08-24T10:30:51+02:00<\/span><a href=\"https:\/\/balticwind.eu\/pl\/category\/dania\/\" rel=\"category tag\">DANIA<\/a>, <a href=\"https:\/\/balticwind.eu\/pl\/category\/energia-wiatrowa-offshore\/\" rel=\"category tag\">OFFSHORE<\/a>, <a href=\"https:\/\/balticwind.eu\/pl\/category\/technologia-pl\/\" rel=\"category tag\">TECHNOLOGIA<\/a><span class=\"fusion-inline-sep\">|<\/span><\/p><\/div><\/article><\/section><\/div><\/div><style type=\"text\/css\">.fusion-body .fusion-builder-column-14{width:33.333333333333% !important;margin-top : 0px;margin-bottom : 20px;}.fusion-builder-column-14 > .fusion-column-wrapper {padding-top : 0px !important;padding-right : 0px !important;margin-right : 5.76%;padding-bottom : 0px !important;padding-left : 0px !important;margin-left : 5.76%;}@media only screen and (max-width:1024px) {.fusion-body .fusion-builder-column-14{width:100% !important;}.fusion-builder-column-14 > .fusion-column-wrapper {margin-right : 1.92%;margin-left : 1.92%;}}@media only screen and (max-width:640px) {.fusion-body .fusion-builder-column-14{width:100% !important;}.fusion-builder-column-14 > .fusion-column-wrapper {margin-right : 1.92%;margin-left : 1.92%;}}<\/style><\/div><div class=\"fusion-layout-column fusion_builder_column fusion-builder-column-15 fusion_builder_column_1_3 1_3 fusion-flex-column\"><div class=\"fusion-column-wrapper fusion-flex-justify-content-flex-start fusion-content-layout-column\" style=\"background-position:left top;background-repeat:no-repeat;-webkit-background-size:cover;-moz-background-size:cover;-o-background-size:cover;background-size:cover;padding: 0px 0px 0px 0px;\"><div class=\"fusion-separator fusion-full-width-sep\" style=\"align-self: center;margin-left: auto;margin-right: auto;margin-bottom:10px;width:100%;max-width:100%;\"><div class=\"fusion-separator-border sep-single sep-solid\" style=\"border-color:#1f2a3b;border-top-width:12px;\"><\/div><\/div><style type=\"text\/css\">@media only screen and (max-width:1024px) {.fusion-title.fusion-title-10{margin-top:-15px!important; margin-right:0px!important;margin-bottom:20px!important;margin-left:0px!important;}}@media only screen and (max-width:640px) {.fusion-title.fusion-title-10{margin-top:0px!important; margin-right:0px!important;margin-bottom:20px!important; margin-left:0px!important;}}<\/style><div class=\"fusion-title title fusion-title-10 fusion-title-text fusion-title-size-five\" style=\"margin-top:-15px;margin-right:0px;margin-bottom:20px;margin-left:0px;\"><div class=\"title-sep-container title-sep-container-left fusion-no-large-visibility fusion-no-medium-visibility fusion-no-small-visibility\"><div class=\"title-sep sep-\" style=\"border-color:#eaeaea;\"><\/div><\/div><h5 class=\"title-heading-left fusion-responsive-typography-calculated\" style=\"margin:0;--fontSize:17;line-height:1.76;\"><h5 style=\"text-align: left;\">POLSKA<\/h5><\/h5><div class=\"title-sep-container title-sep-container-right\"><div class=\"title-sep sep-\" style=\"border-color:#eaeaea;\"><\/div><\/div><\/div><div class=\"fusion-recent-posts fusion-recent-posts-4 avada-container layout-thumbnails-on-side layout-columns-1\"><section class=\"fusion-columns columns fusion-columns-1 columns-1\"><article class=\"post fusion-column column col col-lg-12 col-md-12 col-sm-12\"><div class=\"fusion-flexslider fusion-flexslider-loading flexslider floated-slideshow flexslider-hover-type-zoomout\"><ul class=\"slides\"><li><a href=\"https:\/\/balticwind.eu\/pl\/waskim-gardlem-jest-siec-co-kolejki-przylaczeniowe-w-europie-oznaczaja-dla-baltyckiego-wiatru\/\" aria-label=\"W\u0105skim gard\u0142em jest sie\u0107: co kolejki przy\u0142\u0105czeniowe w Europie oznaczaj\u0105 dla ba\u0142tyckiego wiatru\" class=\"hover-type-zoomout\"><img decoding=\"async\" width=\"177\" height=\"142\" src=\"https:\/\/balticwind.eu\/wp-content\/uploads\/2026\/09\/high-voltage-transmission-grid-bottleneck-baltic-wind-177x142.jpg\" class=\"attachment-portfolio-five size-portfolio-five\" alt=\"\" \/><\/a><\/li><\/ul><\/div><div class=\"recent-posts-content\"><span class=\"vcard\" style=\"display: none;\"><span class=\"fn\"><a href=\"https:\/\/balticwind.eu\/pl\/author\/baltic-wind\/\" title=\"Wpisy od Baltic Wind\" rel=\"author\">Baltic Wind<\/a><\/span><\/span><span class=\"updated\" style=\"display:none;\">2026-09-03T11:48:52+02:00<\/span><h4 class=\"entry-title\"><a style=\"color: #1f2a3b !important;\" href=\"https:\/\/balticwind.eu\/pl\/waskim-gardlem-jest-siec-co-kolejki-przylaczeniowe-w-europie-oznaczaja-dla-baltyckiego-wiatru\/\">W\u0105skim gard\u0142em jest sie\u0107: co kolejki przy\u0142\u0105czeniowe w Europie oznaczaj\u0105 dla ba\u0142tyckiego wiatru<\/a><\/h4><p class=\"meta\"><span class=\"vcard\" style=\"display: none;\"><span class=\"fn\"><a href=\"https:\/\/balticwind.eu\/pl\/author\/baltic-wind\/\" title=\"Wpisy od Baltic Wind\" rel=\"author\">Baltic Wind<\/a><\/span><\/span><span class=\"updated\" style=\"display:none;\">2026-09-03T11:48:52+02:00<\/span><a href=\"https:\/\/balticwind.eu\/pl\/category\/editors-choice-pl\/\" rel=\"category tag\">EDITOR'S CHOICE<\/a>, <a href=\"https:\/\/balticwind.eu\/pl\/category\/litwa\/\" rel=\"category tag\">LITWA<\/a>, <a href=\"https:\/\/balticwind.eu\/pl\/category\/lotwa\/\" rel=\"category tag\">\u0141OTWA<\/a>, <a href=\"https:\/\/balticwind.eu\/pl\/category\/niemcy\/\" rel=\"category tag\">NIEMCY<\/a>, <a href=\"https:\/\/balticwind.eu\/pl\/category\/polska\/\" rel=\"category tag\">POLSKA<\/a>, <a href=\"https:\/\/balticwind.eu\/pl\/category\/regulatory-pl\/\" rel=\"category tag\">REGULACJE<\/a>, <a href=\"https:\/\/balticwind.eu\/pl\/category\/technologia-pl\/\" rel=\"category tag\">TECHNOLOGIA<\/a><span class=\"fusion-inline-sep\">|<\/span><\/p><\/div><\/article><article class=\"post fusion-column column col col-lg-12 col-md-12 col-sm-12\"><div class=\"fusion-flexslider fusion-flexslider-loading flexslider floated-slideshow flexslider-hover-type-zoomout\"><ul class=\"slides\"><li><a href=\"https:\/\/balticwind.eu\/pl\/czternascie-transformatorow-dotarlo-na-plac-budowy-baltiki-2-po-szesciomiesiecznym-transporcie-z-turcji\/\" aria-label=\"Czterna\u015bcie transformator\u00f3w dotar\u0142o na plac budowy Baltiki 2 po sze\u015bciomiesi\u0119cznym transporcie z Turcji\" class=\"hover-type-zoomout\"><img decoding=\"async\" width=\"177\" height=\"142\" src=\"https:\/\/balticwind.eu\/wp-content\/uploads\/2026\/09\/power-transformers-substation-baltica-2-poland-177x142.jpg\" class=\"attachment-portfolio-five size-portfolio-five\" alt=\"\" \/><\/a><\/li><\/ul><\/div><div class=\"recent-posts-content\"><span class=\"vcard\" style=\"display: none;\"><span class=\"fn\"><a href=\"https:\/\/balticwind.eu\/pl\/author\/baltic-wind\/\" title=\"Wpisy od Baltic Wind\" rel=\"author\">Baltic Wind<\/a><\/span><\/span><span class=\"updated\" style=\"display:none;\">2026-09-02T07:18:53+02:00<\/span><h4 class=\"entry-title\"><a style=\"color: #1f2a3b !important;\" href=\"https:\/\/balticwind.eu\/pl\/czternascie-transformatorow-dotarlo-na-plac-budowy-baltiki-2-po-szesciomiesiecznym-transporcie-z-turcji\/\">Czterna\u015bcie transformator\u00f3w dotar\u0142o na plac budowy Baltiki 2 po sze\u015bciomiesi\u0119cznym transporcie z Turcji<\/a><\/h4><p class=\"meta\"><span class=\"vcard\" style=\"display: none;\"><span class=\"fn\"><a href=\"https:\/\/balticwind.eu\/pl\/author\/baltic-wind\/\" title=\"Wpisy od Baltic Wind\" rel=\"author\">Baltic Wind<\/a><\/span><\/span><span class=\"updated\" style=\"display:none;\">2026-09-02T07:18:53+02:00<\/span><a href=\"https:\/\/balticwind.eu\/pl\/category\/energia-wiatrowa-offshore\/\" rel=\"category tag\">OFFSHORE<\/a>, <a href=\"https:\/\/balticwind.eu\/pl\/category\/polska\/\" rel=\"category tag\">POLSKA<\/a>, <a href=\"https:\/\/balticwind.eu\/pl\/category\/projekty\/\" rel=\"category tag\">PROJEKTY<\/a><span class=\"fusion-inline-sep\">|<\/span><\/p><\/div><\/article><article class=\"post fusion-column column col col-lg-12 col-md-12 col-sm-12\"><div class=\"fusion-flexslider fusion-flexslider-loading flexslider floated-slideshow flexslider-hover-type-zoomout\"><ul class=\"slides\"><li><a href=\"https:\/\/balticwind.eu\/pl\/wiatr-na-ladzie-kosztuje-82-centa-zgody-nadal-kosztuja-lata\/\" aria-label=\"Wiatr na l\u0105dzie kosztuje 8,2 centa. Zgody nadal kosztuj\u0105 lata\" class=\"hover-type-zoomout\"><img decoding=\"async\" width=\"177\" height=\"142\" src=\"https:\/\/balticwind.eu\/wp-content\/uploads\/2026\/09\/onshore-wind-turbines-permitting-poland-germany-177x142.jpg\" class=\"attachment-portfolio-five size-portfolio-five\" alt=\"\" \/><\/a><\/li><\/ul><\/div><div class=\"recent-posts-content\"><span class=\"vcard\" style=\"display: none;\"><span class=\"fn\"><a href=\"https:\/\/balticwind.eu\/pl\/author\/baltic-wind\/\" title=\"Wpisy od Baltic Wind\" rel=\"author\">Baltic Wind<\/a><\/span><\/span><span class=\"updated\" style=\"display:none;\">2026-09-01T06:17:57+02:00<\/span><h4 class=\"entry-title\"><a style=\"color: #1f2a3b !important;\" href=\"https:\/\/balticwind.eu\/pl\/wiatr-na-ladzie-kosztuje-82-centa-zgody-nadal-kosztuja-lata\/\">Wiatr na l\u0105dzie kosztuje 8,2 centa. Zgody nadal kosztuj\u0105 lata<\/a><\/h4><p class=\"meta\"><span class=\"vcard\" style=\"display: none;\"><span class=\"fn\"><a href=\"https:\/\/balticwind.eu\/pl\/author\/baltic-wind\/\" title=\"Wpisy od Baltic Wind\" rel=\"author\">Baltic Wind<\/a><\/span><\/span><span class=\"updated\" style=\"display:none;\">2026-09-01T06:17:57+02:00<\/span><a href=\"https:\/\/balticwind.eu\/pl\/category\/editors-choice-pl\/\" rel=\"category tag\">EDITOR'S CHOICE<\/a>, <a href=\"https:\/\/balticwind.eu\/pl\/category\/niemcy\/\" rel=\"category tag\">NIEMCY<\/a>, <a href=\"https:\/\/balticwind.eu\/pl\/category\/energia-wiatrowa-onshore\/\" rel=\"category tag\">ONSHORE<\/a>, <a href=\"https:\/\/balticwind.eu\/pl\/category\/polska\/\" rel=\"category tag\">POLSKA<\/a><span class=\"fusion-inline-sep\">|<\/span><\/p><\/div><\/article><\/section><\/div><\/div><style type=\"text\/css\">.fusion-body .fusion-builder-column-15{width:33.333333333333% !important;margin-top : 0px;margin-bottom : 20px;}.fusion-builder-column-15 > .fusion-column-wrapper {padding-top : 0px !important;padding-right : 0px !important;margin-right : 5.76%;padding-bottom : 0px !important;padding-left : 0px !important;margin-left : 5.76%;}@media only screen and (max-width:1024px) {.fusion-body .fusion-builder-column-15{width:100% !important;}.fusion-builder-column-15 > .fusion-column-wrapper {margin-right : 1.92%;margin-left : 1.92%;}}@media only screen and (max-width:640px) {.fusion-body .fusion-builder-column-15{width:100% !important;}.fusion-builder-column-15 > .fusion-column-wrapper {margin-right : 1.92%;margin-left : 1.92%;}}<\/style><\/div><div class=\"fusion-layout-column fusion_builder_column fusion-builder-column-16 fusion_builder_column_1_3 1_3 fusion-flex-column\"><div class=\"fusion-column-wrapper fusion-flex-justify-content-flex-start fusion-content-layout-column\" style=\"background-position:left top;background-repeat:no-repeat;-webkit-background-size:cover;-moz-background-size:cover;-o-background-size:cover;background-size:cover;padding: 0px 0px 0px 0px;\"><div class=\"fusion-separator fusion-full-width-sep\" style=\"align-self: center;margin-left: auto;margin-right: auto;margin-bottom:10px;width:100%;max-width:100%;\"><div class=\"fusion-separator-border sep-single sep-solid\" style=\"border-color:#1f2a3b;border-top-width:12px;\"><\/div><\/div><style type=\"text\/css\">@media only screen and (max-width:1024px) {.fusion-title.fusion-title-11{margin-top:-15px!important; margin-right:0px!important;margin-bottom:20px!important;margin-left:0px!important;}}@media only screen and (max-width:640px) {.fusion-title.fusion-title-11{margin-top:0px!important; margin-right:0px!important;margin-bottom:20px!important; margin-left:0px!important;}}<\/style><div class=\"fusion-title title fusion-title-11 fusion-title-text fusion-title-size-five\" style=\"margin-top:-15px;margin-right:0px;margin-bottom:20px;margin-left:0px;\"><div class=\"title-sep-container title-sep-container-left fusion-no-large-visibility fusion-no-medium-visibility fusion-no-small-visibility\"><div class=\"title-sep sep-\" style=\"border-color:#eaeaea;\"><\/div><\/div><h5 class=\"title-heading-left fusion-responsive-typography-calculated\" style=\"margin:0;--fontSize:17;line-height:1.76;\"><h5 style=\"text-align: left;\">REGULACJE<\/h5><\/h5><div class=\"title-sep-container title-sep-container-right\"><div class=\"title-sep sep-\" style=\"border-color:#eaeaea;\"><\/div><\/div><\/div><div class=\"fusion-recent-posts fusion-recent-posts-5 avada-container layout-thumbnails-on-side layout-columns-1\"><section class=\"fusion-columns columns fusion-columns-1 columns-1\"><article class=\"post fusion-column column col col-lg-12 col-md-12 col-sm-12\"><div class=\"fusion-flexslider fusion-flexslider-loading flexslider floated-slideshow flexslider-hover-type-zoomout\"><ul class=\"slides\"><li><a href=\"https:\/\/balticwind.eu\/pl\/waskim-gardlem-jest-siec-co-kolejki-przylaczeniowe-w-europie-oznaczaja-dla-baltyckiego-wiatru\/\" aria-label=\"W\u0105skim gard\u0142em jest sie\u0107: co kolejki przy\u0142\u0105czeniowe w Europie oznaczaj\u0105 dla ba\u0142tyckiego wiatru\" class=\"hover-type-zoomout\"><img decoding=\"async\" width=\"177\" height=\"142\" src=\"https:\/\/balticwind.eu\/wp-content\/uploads\/2026\/09\/high-voltage-transmission-grid-bottleneck-baltic-wind-177x142.jpg\" class=\"attachment-portfolio-five size-portfolio-five\" alt=\"\" \/><\/a><\/li><\/ul><\/div><div class=\"recent-posts-content\"><span class=\"vcard\" style=\"display: none;\"><span class=\"fn\"><a href=\"https:\/\/balticwind.eu\/pl\/author\/baltic-wind\/\" title=\"Wpisy od Baltic Wind\" rel=\"author\">Baltic Wind<\/a><\/span><\/span><span class=\"updated\" style=\"display:none;\">2026-09-03T11:48:52+02:00<\/span><h4 class=\"entry-title\"><a style=\"color: #1f2a3b !important;\" href=\"https:\/\/balticwind.eu\/pl\/waskim-gardlem-jest-siec-co-kolejki-przylaczeniowe-w-europie-oznaczaja-dla-baltyckiego-wiatru\/\">W\u0105skim gard\u0142em jest sie\u0107: co kolejki przy\u0142\u0105czeniowe w Europie oznaczaj\u0105 dla ba\u0142tyckiego wiatru<\/a><\/h4><p class=\"meta\"><span class=\"vcard\" style=\"display: none;\"><span class=\"fn\"><a href=\"https:\/\/balticwind.eu\/pl\/author\/baltic-wind\/\" title=\"Wpisy od Baltic Wind\" rel=\"author\">Baltic Wind<\/a><\/span><\/span><span class=\"updated\" style=\"display:none;\">2026-09-03T11:48:52+02:00<\/span><a href=\"https:\/\/balticwind.eu\/pl\/category\/editors-choice-pl\/\" rel=\"category tag\">EDITOR'S CHOICE<\/a>, <a href=\"https:\/\/balticwind.eu\/pl\/category\/litwa\/\" rel=\"category tag\">LITWA<\/a>, <a href=\"https:\/\/balticwind.eu\/pl\/category\/lotwa\/\" rel=\"category tag\">\u0141OTWA<\/a>, <a href=\"https:\/\/balticwind.eu\/pl\/category\/niemcy\/\" rel=\"category tag\">NIEMCY<\/a>, <a href=\"https:\/\/balticwind.eu\/pl\/category\/polska\/\" rel=\"category tag\">POLSKA<\/a>, <a href=\"https:\/\/balticwind.eu\/pl\/category\/regulatory-pl\/\" rel=\"category tag\">REGULACJE<\/a>, <a href=\"https:\/\/balticwind.eu\/pl\/category\/technologia-pl\/\" rel=\"category tag\">TECHNOLOGIA<\/a><span class=\"fusion-inline-sep\">|<\/span><\/p><\/div><\/article><article class=\"post fusion-column column col col-lg-12 col-md-12 col-sm-12\"><div class=\"fusion-flexslider fusion-flexslider-loading flexslider floated-slideshow flexslider-hover-type-zoomout\"><ul class=\"slides\"><li><a href=\"https:\/\/balticwind.eu\/pl\/piec-lat-od-pozwolenia-do-pierwszej-energii-energiequelle-uruchamia-turbine-42-mw-w-krummensee\/\" aria-label=\"Pi\u0119\u0107 lat od pozwolenia do pierwszej energii: Energiequelle uruchamia turbin\u0119 4,2 MW w Krummensee\" class=\"hover-type-zoomout\"><img decoding=\"async\" width=\"177\" height=\"142\" src=\"https:\/\/balticwind.eu\/wp-content\/uploads\/2026\/09\/energiequelle-enercon-turbine-krummensee-brandenburg-177x142.jpg\" class=\"attachment-portfolio-five size-portfolio-five\" alt=\"\" \/><\/a><\/li><\/ul><\/div><div class=\"recent-posts-content\"><span class=\"vcard\" style=\"display: none;\"><span class=\"fn\"><a href=\"https:\/\/balticwind.eu\/pl\/author\/baltic-wind\/\" title=\"Wpisy od Baltic Wind\" rel=\"author\">Baltic Wind<\/a><\/span><\/span><span class=\"updated\" style=\"display:none;\">2026-09-03T09:43:50+02:00<\/span><h4 class=\"entry-title\"><a style=\"color: #1f2a3b !important;\" href=\"https:\/\/balticwind.eu\/pl\/piec-lat-od-pozwolenia-do-pierwszej-energii-energiequelle-uruchamia-turbine-42-mw-w-krummensee\/\">Pi\u0119\u0107 lat od pozwolenia do pierwszej energii: Energiequelle uruchamia turbin\u0119 4,2 MW w Krummensee<\/a><\/h4><p class=\"meta\"><span class=\"vcard\" style=\"display: none;\"><span class=\"fn\"><a href=\"https:\/\/balticwind.eu\/pl\/author\/baltic-wind\/\" title=\"Wpisy od Baltic Wind\" rel=\"author\">Baltic Wind<\/a><\/span><\/span><span class=\"updated\" style=\"display:none;\">2026-09-03T09:43:50+02:00<\/span><a href=\"https:\/\/balticwind.eu\/pl\/category\/energia-wiatrowa-onshore\/\" rel=\"category tag\">ONSHORE<\/a>, <a href=\"https:\/\/balticwind.eu\/pl\/category\/regulatory-pl\/\" rel=\"category tag\">REGULACJE<\/a><span class=\"fusion-inline-sep\">|<\/span><\/p><\/div><\/article><article class=\"post fusion-column column col col-lg-12 col-md-12 col-sm-12\"><div class=\"fusion-flexslider fusion-flexslider-loading flexslider floated-slideshow flexslider-hover-type-zoomout\"><ul class=\"slides\"><li><a href=\"https:\/\/balticwind.eu\/pl\/przekontraktowane-i-niezbudowane-czego-niemieckie-aukcje-wiatrowe-ucza-rynki-baltyckie\/\" aria-label=\"Przekontraktowane i niezbudowane: czego niemieckie aukcje wiatrowe ucz\u0105 rynki ba\u0142tyckie\" class=\"hover-type-zoomout\"><img decoding=\"async\" width=\"177\" height=\"142\" src=\"https:\/\/balticwind.eu\/wp-content\/uploads\/2026\/09\/onshore-wind-turbines-auction-economics-germany-177x142.jpg\" class=\"attachment-portfolio-five size-portfolio-five\" alt=\"\" \/><\/a><\/li><\/ul><\/div><div class=\"recent-posts-content\"><span class=\"vcard\" style=\"display: none;\"><span class=\"fn\"><a href=\"https:\/\/balticwind.eu\/pl\/author\/baltic-wind\/\" title=\"Wpisy od Baltic Wind\" rel=\"author\">Baltic Wind<\/a><\/span><\/span><span class=\"updated\" style=\"display:none;\">2026-09-02T07:23:35+02:00<\/span><h4 class=\"entry-title\"><a style=\"color: #1f2a3b !important;\" href=\"https:\/\/balticwind.eu\/pl\/przekontraktowane-i-niezbudowane-czego-niemieckie-aukcje-wiatrowe-ucza-rynki-baltyckie\/\">Przekontraktowane i niezbudowane: czego niemieckie aukcje wiatrowe ucz\u0105 rynki ba\u0142tyckie<\/a><\/h4><p class=\"meta\"><span class=\"vcard\" style=\"display: none;\"><span class=\"fn\"><a href=\"https:\/\/balticwind.eu\/pl\/author\/baltic-wind\/\" title=\"Wpisy od Baltic Wind\" rel=\"author\">Baltic Wind<\/a><\/span><\/span><span class=\"updated\" style=\"display:none;\">2026-09-02T07:23:35+02:00<\/span><a href=\"https:\/\/balticwind.eu\/pl\/category\/editors-choice-pl\/\" rel=\"category tag\">EDITOR'S CHOICE<\/a>, <a href=\"https:\/\/balticwind.eu\/pl\/category\/niemcy\/\" rel=\"category tag\">NIEMCY<\/a>, <a href=\"https:\/\/balticwind.eu\/pl\/category\/energia-wiatrowa-onshore\/\" rel=\"category tag\">ONSHORE<\/a>, <a href=\"https:\/\/balticwind.eu\/pl\/category\/regulatory-pl\/\" rel=\"category tag\">REGULACJE<\/a><span class=\"fusion-inline-sep\">|<\/span><\/p><\/div><\/article><\/section><\/div><\/div><style type=\"text\/css\">.fusion-body .fusion-builder-column-16{width:33.333333333333% !important;margin-top : 0px;margin-bottom : 20px;}.fusion-builder-column-16 > .fusion-column-wrapper {padding-top : 0px !important;padding-right : 0px !important;margin-right : 5.76%;padding-bottom : 0px !important;padding-left : 0px !important;margin-left : 5.76%;}@media only screen and (max-width:1024px) {.fusion-body .fusion-builder-column-16{width:100% !important;}.fusion-builder-column-16 > .fusion-column-wrapper {margin-right : 1.92%;margin-left : 1.92%;}}@media only screen and (max-width:640px) {.fusion-body .fusion-builder-column-16{width:100% !important;}.fusion-builder-column-16 > .fusion-column-wrapper {margin-right : 1.92%;margin-left : 1.92%;}}<\/style><\/div><div class=\"fusion-layout-column fusion_builder_column fusion-builder-column-17 fusion_builder_column_1_3 1_3 fusion-flex-column\"><div class=\"fusion-column-wrapper fusion-flex-justify-content-flex-start fusion-content-layout-column\" style=\"background-position:left top;background-repeat:no-repeat;-webkit-background-size:cover;-moz-background-size:cover;-o-background-size:cover;background-size:cover;padding: 0px 0px 0px 0px;\"><div class=\"fusion-separator fusion-full-width-sep\" style=\"align-self: center;margin-left: auto;margin-right: auto;margin-bottom:10px;width:100%;max-width:100%;\"><div class=\"fusion-separator-border sep-single sep-solid\" style=\"border-color:#1f2a3b;border-top-width:12px;\"><\/div><\/div><style type=\"text\/css\">@media only screen and (max-width:1024px) {.fusion-title.fusion-title-12{margin-top:-15px!important; margin-right:0px!important;margin-bottom:20px!important;margin-left:0px!important;}}@media only screen and (max-width:640px) {.fusion-title.fusion-title-12{margin-top:0px!important; margin-right:0px!important;margin-bottom:20px!important; margin-left:0px!important;}}<\/style><div class=\"fusion-title title fusion-title-12 fusion-title-text fusion-title-size-five\" style=\"margin-top:-15px;margin-right:0px;margin-bottom:20px;margin-left:0px;\"><div class=\"title-sep-container title-sep-container-left fusion-no-large-visibility fusion-no-medium-visibility fusion-no-small-visibility\"><div class=\"title-sep sep-\" style=\"border-color:#eaeaea;\"><\/div><\/div><h5 class=\"title-heading-left fusion-responsive-typography-calculated\" style=\"margin:0;--fontSize:17;line-height:1.76;\"><h5 style=\"text-align: left;\">OPINIE<\/h5><\/h5><div class=\"title-sep-container title-sep-container-right\"><div class=\"title-sep sep-\" style=\"border-color:#eaeaea;\"><\/div><\/div><\/div><div class=\"fusion-recent-posts fusion-recent-posts-6 avada-container layout-thumbnails-on-side layout-columns-1\"><section class=\"fusion-columns columns fusion-columns-1 columns-1\"><article class=\"post fusion-column column col col-lg-12 col-md-12 col-sm-12\"><div class=\"fusion-flexslider fusion-flexslider-loading flexslider floated-slideshow flexslider-hover-type-zoomout\"><ul class=\"slides\"><li><a href=\"https:\/\/balticwind.eu\/pl\/local-content-w-polskim-offshore-od-deklaracji-do-zamowienia\/\" aria-label=\"Local content w polskim offshore: od deklaracji do zam\u00f3wienia\" class=\"hover-type-zoomout\"><img decoding=\"async\" width=\"177\" height=\"142\" src=\"https:\/\/balticwind.eu\/wp-content\/uploads\/2026\/08\/local-content-polish-offshore-wind-pledge-to-purchase-order-177x142.jpg\" class=\"attachment-portfolio-five size-portfolio-five\" alt=\"\" \/><\/a><\/li><\/ul><\/div><div class=\"recent-posts-content\"><span class=\"vcard\" style=\"display: none;\"><span class=\"fn\"><a href=\"https:\/\/balticwind.eu\/pl\/author\/baltic-wind\/\" title=\"Wpisy od Baltic Wind\" rel=\"author\">Baltic Wind<\/a><\/span><\/span><span class=\"updated\" style=\"display:none;\">2026-08-24T10:42:41+02:00<\/span><h4 class=\"entry-title\"><a style=\"color: #1f2a3b !important;\" href=\"https:\/\/balticwind.eu\/pl\/local-content-w-polskim-offshore-od-deklaracji-do-zamowienia\/\">Local content w polskim offshore: od deklaracji do zam\u00f3wienia<\/a><\/h4><p class=\"meta\"><span class=\"vcard\" style=\"display: none;\"><span class=\"fn\"><a href=\"https:\/\/balticwind.eu\/pl\/author\/baltic-wind\/\" title=\"Wpisy od Baltic Wind\" rel=\"author\">Baltic Wind<\/a><\/span><\/span><span class=\"updated\" style=\"display:none;\">2026-08-24T10:42:41+02:00<\/span><a href=\"https:\/\/balticwind.eu\/pl\/category\/editors-choice-pl\/\" rel=\"category tag\">EDITOR'S CHOICE<\/a>, <a href=\"https:\/\/balticwind.eu\/pl\/category\/opinie\/\" rel=\"category tag\">OPINIE<\/a>, <a href=\"https:\/\/balticwind.eu\/pl\/category\/polska\/\" rel=\"category tag\">POLSKA<\/a><span class=\"fusion-inline-sep\">|<\/span><\/p><\/div><\/article><article class=\"post fusion-column column col col-lg-12 col-md-12 col-sm-12\"><div class=\"fusion-flexslider fusion-flexslider-loading flexslider floated-slideshow flexslider-hover-type-zoomout\"><ul class=\"slides\"><li><a href=\"https:\/\/balticwind.eu\/pl\/analiza-iwr-nowy-kurs-niemieckiej-polityki-energetycznej-oznacza-wyzsze-ceny-pradu\/\" aria-label=\"Analiza IWR: nowy kurs niemieckiej polityki energetycznej oznacza wy\u017csze ceny pr\u0105du\" class=\"hover-type-zoomout\"><img decoding=\"async\" width=\"177\" height=\"142\" src=\"https:\/\/balticwind.eu\/wp-content\/uploads\/2026\/08\/iwr-analysis-german-energy-policy-higher-power-prices-177x142.jpg\" class=\"attachment-portfolio-five size-portfolio-five\" alt=\"\" \/><\/a><\/li><\/ul><\/div><div class=\"recent-posts-content\"><span class=\"vcard\" style=\"display: none;\"><span class=\"fn\"><a href=\"https:\/\/balticwind.eu\/pl\/author\/baltic-wind\/\" title=\"Wpisy od Baltic Wind\" rel=\"author\">Baltic Wind<\/a><\/span><\/span><span class=\"updated\" style=\"display:none;\">2026-08-24T10:35:09+02:00<\/span><h4 class=\"entry-title\"><a style=\"color: #1f2a3b !important;\" href=\"https:\/\/balticwind.eu\/pl\/analiza-iwr-nowy-kurs-niemieckiej-polityki-energetycznej-oznacza-wyzsze-ceny-pradu\/\">Analiza IWR: nowy kurs niemieckiej polityki energetycznej oznacza wy\u017csze ceny pr\u0105du<\/a><\/h4><p class=\"meta\"><span class=\"vcard\" style=\"display: none;\"><span class=\"fn\"><a href=\"https:\/\/balticwind.eu\/pl\/author\/baltic-wind\/\" title=\"Wpisy od Baltic Wind\" rel=\"author\">Baltic Wind<\/a><\/span><\/span><span class=\"updated\" style=\"display:none;\">2026-08-24T10:35:09+02:00<\/span><a href=\"https:\/\/balticwind.eu\/pl\/category\/niemcy\/\" rel=\"category tag\">NIEMCY<\/a>, <a href=\"https:\/\/balticwind.eu\/pl\/category\/opinie\/\" rel=\"category tag\">OPINIE<\/a>, <a href=\"https:\/\/balticwind.eu\/pl\/category\/regulatory-pl\/\" rel=\"category tag\">REGULACJE<\/a><span class=\"fusion-inline-sep\">|<\/span><\/p><\/div><\/article><article class=\"post fusion-column column col col-lg-12 col-md-12 col-sm-12\"><div class=\"fusion-flexslider fusion-flexslider-loading flexslider floated-slideshow flexslider-hover-type-zoomout\"><ul class=\"slides\"><li><a href=\"https:\/\/balticwind.eu\/pl\/turbiny-wiatrowe-a-zdrowie-co-naprawde-mowia-dowody\/\" aria-label=\"Turbiny wiatrowe a zdrowie: co naprawd\u0119 m\u00f3wi\u0105 dowody\" class=\"hover-type-zoomout\"><img decoding=\"async\" width=\"177\" height=\"142\" src=\"https:\/\/balticwind.eu\/wp-content\/uploads\/2026\/08\/wind-turbines-and-health-what-the-evidence-actually-says-177x142.jpg\" class=\"attachment-portfolio-five size-portfolio-five\" alt=\"\" \/><\/a><\/li><\/ul><\/div><div class=\"recent-posts-content\"><span class=\"vcard\" style=\"display: none;\"><span class=\"fn\"><a href=\"https:\/\/balticwind.eu\/pl\/author\/baltic-wind\/\" title=\"Wpisy od Baltic Wind\" rel=\"author\">Baltic Wind<\/a><\/span><\/span><span class=\"updated\" style=\"display:none;\">2026-08-04T15:45:27+02:00<\/span><h4 class=\"entry-title\"><a style=\"color: #1f2a3b !important;\" href=\"https:\/\/balticwind.eu\/pl\/turbiny-wiatrowe-a-zdrowie-co-naprawde-mowia-dowody\/\">Turbiny wiatrowe a zdrowie: co naprawd\u0119 m\u00f3wi\u0105 dowody<\/a><\/h4><p class=\"meta\"><span class=\"vcard\" style=\"display: none;\"><span class=\"fn\"><a href=\"https:\/\/balticwind.eu\/pl\/author\/baltic-wind\/\" title=\"Wpisy od Baltic Wind\" rel=\"author\">Baltic Wind<\/a><\/span><\/span><span class=\"updated\" style=\"display:none;\">2026-08-04T15:45:27+02:00<\/span><a href=\"https:\/\/balticwind.eu\/pl\/category\/editors-choice-pl\/\" rel=\"category tag\">EDITOR'S CHOICE<\/a>, <a href=\"https:\/\/balticwind.eu\/pl\/category\/opinie\/\" rel=\"category tag\">OPINIE<\/a>, <a href=\"https:\/\/balticwind.eu\/pl\/category\/polska\/\" rel=\"category tag\">POLSKA<\/a><span class=\"fusion-inline-sep\">|<\/span><\/p><\/div><\/article><\/section><\/div><\/div><style type=\"text\/css\">.fusion-body .fusion-builder-column-17{width:33.333333333333% !important;margin-top : 0px;margin-bottom : 20px;}.fusion-builder-column-17 > .fusion-column-wrapper {padding-top : 0px !important;padding-right : 0px !important;margin-right : 5.76%;padding-bottom : 0px !important;padding-left : 0px !important;margin-left : 5.76%;}@media only screen and (max-width:1024px) {.fusion-body .fusion-builder-column-17{width:100% !important;}.fusion-builder-column-17 > .fusion-column-wrapper {margin-right : 1.92%;margin-left : 1.92%;}}@media only screen and (max-width:640px) {.fusion-body .fusion-builder-column-17{width:100% !important;}.fusion-builder-column-17 > .fusion-column-wrapper {margin-right : 1.92%;margin-left : 1.92%;}}<\/style><\/div><div class=\"fusion-layout-column fusion_builder_column fusion-builder-column-18 fusion_builder_column_1_3 1_3 fusion-flex-column\"><div class=\"fusion-column-wrapper fusion-flex-justify-content-flex-start fusion-content-layout-column\" style=\"background-position:left top;background-repeat:no-repeat;-webkit-background-size:cover;-moz-background-size:cover;-o-background-size:cover;background-size:cover;padding: 0px 0px 0px 0px;\"><div class=\"fusion-separator fusion-full-width-sep\" style=\"align-self: center;margin-left: auto;margin-right: auto;margin-bottom:10px;width:100%;max-width:100%;\"><div class=\"fusion-separator-border sep-single sep-solid\" style=\"border-color:#1f2a3b;border-top-width:12px;\"><\/div><\/div><style type=\"text\/css\">@media only screen and (max-width:1024px) {.fusion-title.fusion-title-13{margin-top:-15px!important; margin-right:0px!important;margin-bottom:20px!important;margin-left:0px!important;}}@media only screen and (max-width:640px) {.fusion-title.fusion-title-13{margin-top:0px!important; margin-right:0px!important;margin-bottom:20px!important; margin-left:0px!important;}}<\/style><div class=\"fusion-title title fusion-title-13 fusion-title-text fusion-title-size-five\" style=\"margin-top:-15px;margin-right:0px;margin-bottom:20px;margin-left:0px;\"><div class=\"title-sep-container title-sep-container-left fusion-no-large-visibility fusion-no-medium-visibility fusion-no-small-visibility\"><div class=\"title-sep sep-\" style=\"border-color:#eaeaea;\"><\/div><\/div><h5 class=\"title-heading-left fusion-responsive-typography-calculated\" style=\"margin:0;--fontSize:17;line-height:1.76;\"><h5 style=\"text-align: left;\">PROJEKTY<\/h5><\/h5><div class=\"title-sep-container title-sep-container-right\"><div class=\"title-sep sep-\" style=\"border-color:#eaeaea;\"><\/div><\/div><\/div><div class=\"fusion-recent-posts fusion-recent-posts-7 avada-container layout-thumbnails-on-side layout-columns-1\"><section class=\"fusion-columns columns fusion-columns-1 columns-1\"><article class=\"post fusion-column column col col-lg-12 col-md-12 col-sm-12\"><div class=\"fusion-flexslider fusion-flexslider-loading flexslider floated-slideshow flexslider-hover-type-zoomout\"><ul class=\"slides\"><li><a href=\"https:\/\/balticwind.eu\/pl\/czternascie-transformatorow-dotarlo-na-plac-budowy-baltiki-2-po-szesciomiesiecznym-transporcie-z-turcji\/\" aria-label=\"Czterna\u015bcie transformator\u00f3w dotar\u0142o na plac budowy Baltiki 2 po sze\u015bciomiesi\u0119cznym transporcie z Turcji\" class=\"hover-type-zoomout\"><img decoding=\"async\" width=\"177\" height=\"142\" src=\"https:\/\/balticwind.eu\/wp-content\/uploads\/2026\/09\/power-transformers-substation-baltica-2-poland-177x142.jpg\" class=\"attachment-portfolio-five size-portfolio-five\" alt=\"\" \/><\/a><\/li><\/ul><\/div><div class=\"recent-posts-content\"><span class=\"vcard\" style=\"display: none;\"><span class=\"fn\"><a href=\"https:\/\/balticwind.eu\/pl\/author\/baltic-wind\/\" title=\"Wpisy od Baltic Wind\" rel=\"author\">Baltic Wind<\/a><\/span><\/span><span class=\"updated\" style=\"display:none;\">2026-09-02T07:18:53+02:00<\/span><h4 class=\"entry-title\"><a style=\"color: #1f2a3b !important;\" href=\"https:\/\/balticwind.eu\/pl\/czternascie-transformatorow-dotarlo-na-plac-budowy-baltiki-2-po-szesciomiesiecznym-transporcie-z-turcji\/\">Czterna\u015bcie transformator\u00f3w dotar\u0142o na plac budowy Baltiki 2 po sze\u015bciomiesi\u0119cznym transporcie z Turcji<\/a><\/h4><p class=\"meta\"><span class=\"vcard\" style=\"display: none;\"><span class=\"fn\"><a href=\"https:\/\/balticwind.eu\/pl\/author\/baltic-wind\/\" title=\"Wpisy od Baltic Wind\" rel=\"author\">Baltic Wind<\/a><\/span><\/span><span class=\"updated\" style=\"display:none;\">2026-09-02T07:18:53+02:00<\/span><a href=\"https:\/\/balticwind.eu\/pl\/category\/energia-wiatrowa-offshore\/\" rel=\"category tag\">OFFSHORE<\/a>, <a href=\"https:\/\/balticwind.eu\/pl\/category\/polska\/\" rel=\"category tag\">POLSKA<\/a>, <a href=\"https:\/\/balticwind.eu\/pl\/category\/projekty\/\" rel=\"category tag\">PROJEKTY<\/a><span class=\"fusion-inline-sep\">|<\/span><\/p><\/div><\/article><article class=\"post fusion-column column col col-lg-12 col-md-12 col-sm-12\"><div class=\"fusion-flexslider fusion-flexslider-loading flexslider floated-slideshow flexslider-hover-type-zoomout\"><ul class=\"slides\"><li><a href=\"https:\/\/balticwind.eu\/pl\/port-w-klajpedzie-opracowal-koncepcje-jednostki-bunkrujacej-zielony-metanol\/\" aria-label=\"Port w K\u0142ajpedzie opracowa\u0142 koncepcj\u0119 jednostki bunkruj\u0105cej zielony metanol\" class=\"hover-type-zoomout\"><img decoding=\"async\" width=\"177\" height=\"142\" src=\"https:\/\/balticwind.eu\/wp-content\/uploads\/2026\/09\/port-of-klaipeda-green-methanol-bunkering-vessel-177x142.jpg\" class=\"attachment-portfolio-five size-portfolio-five\" alt=\"\" \/><\/a><\/li><\/ul><\/div><div class=\"recent-posts-content\"><span class=\"vcard\" style=\"display: none;\"><span class=\"fn\"><a href=\"https:\/\/balticwind.eu\/pl\/author\/baltic-wind\/\" title=\"Wpisy od Baltic Wind\" rel=\"author\">Baltic Wind<\/a><\/span><\/span><span class=\"updated\" style=\"display:none;\">2026-09-01T06:16:06+02:00<\/span><h4 class=\"entry-title\"><a style=\"color: #1f2a3b !important;\" href=\"https:\/\/balticwind.eu\/pl\/port-w-klajpedzie-opracowal-koncepcje-jednostki-bunkrujacej-zielony-metanol\/\">Port w K\u0142ajpedzie opracowa\u0142 koncepcj\u0119 jednostki bunkruj\u0105cej zielony metanol<\/a><\/h4><p class=\"meta\"><span class=\"vcard\" style=\"display: none;\"><span class=\"fn\"><a href=\"https:\/\/balticwind.eu\/pl\/author\/baltic-wind\/\" title=\"Wpisy od Baltic Wind\" rel=\"author\">Baltic Wind<\/a><\/span><\/span><span class=\"updated\" style=\"display:none;\">2026-09-01T06:16:06+02:00<\/span><a href=\"https:\/\/balticwind.eu\/pl\/category\/litwa\/\" rel=\"category tag\">LITWA<\/a>, <a href=\"https:\/\/balticwind.eu\/pl\/category\/projekty\/\" rel=\"category tag\">PROJEKTY<\/a>, <a href=\"https:\/\/balticwind.eu\/pl\/category\/technologia-pl\/\" rel=\"category tag\">TECHNOLOGIA<\/a><span class=\"fusion-inline-sep\">|<\/span><\/p><\/div><\/article><article class=\"post fusion-column column col col-lg-12 col-md-12 col-sm-12\"><div class=\"fusion-flexslider fusion-flexslider-loading flexslider floated-slideshow flexslider-hover-type-zoomout\"><ul class=\"slides\"><li><a href=\"https:\/\/balticwind.eu\/pl\/port-w-klajpedzie-rozpoczyna-budowe-najwiekszej-rozbudowy-w-swojej-historii\/\" aria-label=\"Port w K\u0142ajpedzie rozpoczyna budow\u0119 najwi\u0119kszej rozbudowy w swojej historii\" class=\"hover-type-zoomout\"><img decoding=\"async\" width=\"177\" height=\"142\" src=\"https:\/\/balticwind.eu\/wp-content\/uploads\/2026\/08\/klaipeda-port-southern-expansion-baltic-sea-177x142.jpg\" class=\"attachment-portfolio-five size-portfolio-five\" alt=\"\" \/><\/a><\/li><\/ul><\/div><div class=\"recent-posts-content\"><span class=\"vcard\" style=\"display: none;\"><span class=\"fn\"><a href=\"https:\/\/balticwind.eu\/pl\/author\/baltic-wind\/\" title=\"Wpisy od Baltic Wind\" rel=\"author\">Baltic Wind<\/a><\/span><\/span><span class=\"updated\" style=\"display:none;\">2026-08-29T09:38:01+02:00<\/span><h4 class=\"entry-title\"><a style=\"color: #1f2a3b !important;\" href=\"https:\/\/balticwind.eu\/pl\/port-w-klajpedzie-rozpoczyna-budowe-najwiekszej-rozbudowy-w-swojej-historii\/\">Port w K\u0142ajpedzie rozpoczyna budow\u0119 najwi\u0119kszej rozbudowy w swojej historii<\/a><\/h4><p class=\"meta\"><span class=\"vcard\" style=\"display: none;\"><span class=\"fn\"><a href=\"https:\/\/balticwind.eu\/pl\/author\/baltic-wind\/\" title=\"Wpisy od Baltic Wind\" rel=\"author\">Baltic Wind<\/a><\/span><\/span><span class=\"updated\" style=\"display:none;\">2026-08-29T09:38:01+02:00<\/span><a href=\"https:\/\/balticwind.eu\/pl\/category\/litwa\/\" rel=\"category tag\">LITWA<\/a>, <a href=\"https:\/\/balticwind.eu\/pl\/category\/projekty\/\" rel=\"category tag\">PROJEKTY<\/a>, <a href=\"https:\/\/balticwind.eu\/pl\/category\/top-news-pl\/\" rel=\"category tag\">TOP NEWS<\/a><span class=\"fusion-inline-sep\">|<\/span><\/p><\/div><\/article><\/section><\/div><\/div><style type=\"text\/css\">.fusion-body .fusion-builder-column-18{width:33.333333333333% !important;margin-top : 0px;margin-bottom : 20px;}.fusion-builder-column-18 > .fusion-column-wrapper {padding-top : 0px !important;padding-right : 0px !important;margin-right : 5.76%;padding-bottom : 0px !important;padding-left : 0px !important;margin-left : 5.76%;}@media only screen and (max-width:1024px) {.fusion-body .fusion-builder-column-18{width:100% !important;}.fusion-builder-column-18 > .fusion-column-wrapper {margin-right : 1.92%;margin-left : 1.92%;}}@media only screen and (max-width:640px) {.fusion-body .fusion-builder-column-18{width:100% !important;}.fusion-builder-column-18 > .fusion-column-wrapper {margin-right : 1.92%;margin-left : 1.92%;}}<\/style><\/div><\/div><style type=\"text\/css\">.fusion-body .fusion-flex-container.fusion-builder-row-9{ padding-top : 30px;margin-top : 0px;padding-right : 0px;padding-bottom : 0px;margin-bottom : 0px;padding-left : 0px;}<\/style><\/div><\/div><\/p>\n","protected":false},"excerpt":{"rendered":"","protected":false},"author":4,"featured_media":0,"parent":0,"menu_order":0,"comment_status":"closed","ping_status":"closed","template":"100-width.php","meta":{"footnotes":""},"class_list":["post-4447","page","type-page","status-publish","hentry"],"acf":[],"_links":{"self":[{"href":"https:\/\/balticwind.eu\/pl\/wp-json\/wp\/v2\/pages\/4447","targetHints":{"allow":["GET"]}}],"collection":[{"href":"https:\/\/balticwind.eu\/pl\/wp-json\/wp\/v2\/pages"}],"about":[{"href":"https:\/\/balticwind.eu\/pl\/wp-json\/wp\/v2\/types\/page"}],"author":[{"embeddable":true,"href":"https:\/\/balticwind.eu\/pl\/wp-json\/wp\/v2\/users\/4"}],"replies":[{"embeddable":true,"href":"https:\/\/balticwind.eu\/pl\/wp-json\/wp\/v2\/comments?post=4447"}],"version-history":[{"count":0,"href":"https:\/\/balticwind.eu\/pl\/wp-json\/wp\/v2\/pages\/4447\/revisions"}],"wp:attachment":[{"href":"https:\/\/balticwind.eu\/pl\/wp-json\/wp\/v2\/media?parent=4447"}],"curies":[{"name":"wp","href":"https:\/\/api.w.org\/{rel}","templated":true}]}}